{"id":17,"date":"2018-02-16T17:05:20","date_gmt":"2018-02-16T17:05:20","guid":{"rendered":"http:\/\/opus-folyoirat.sk\/?page_id=17"},"modified":"2026-02-01T11:38:29","modified_gmt":"2026-02-01T09:38:29","slug":"opusszum","status":"publish","type":"page","link":"https:\/\/opus-folyoirat.sk\/?page_id=17","title":{"rendered":"Essz\u00e9k, tanulm\u00e1nyok, k\u00f6nyvkritik\u00e1k \u00e9s -recenzi\u00f3k"},"content":{"rendered":"\n<p class=\"has-medium-font-size\">Szemes P\u00e9ter<\/p>\n\n\n\n<p><strong>H\u00e1rmas szellemi m\u00e9rf\u00f6ldk\u0151<\/strong><br><em>(F\u00fczi L\u00e1szl\u00f3 Fent s alant c\u00edm\u0171 k\u00f6nyv\u00e9r\u0151l)<\/em><\/p>\n\n\n<div class=\"wp-block-image\">\n<figure class=\"alignright size-large is-resized\"><img loading=\"lazy\" decoding=\"async\" width=\"684\" height=\"1024\" src=\"http:\/\/opus-folyoirat.sk\/wp-content\/uploads\/2026\/01\/Fuzi-Laszlo-Fent-s-alant--684x1024.jpeg\" alt=\"\" class=\"wp-image-4410\" style=\"width:270px;height:auto\" srcset=\"https:\/\/opus-folyoirat.sk\/wp-content\/uploads\/2026\/01\/Fuzi-Laszlo-Fent-s-alant--684x1024.jpeg 684w, https:\/\/opus-folyoirat.sk\/wp-content\/uploads\/2026\/01\/Fuzi-Laszlo-Fent-s-alant--200x300.jpeg 200w, https:\/\/opus-folyoirat.sk\/wp-content\/uploads\/2026\/01\/Fuzi-Laszlo-Fent-s-alant--768x1150.jpeg 768w, https:\/\/opus-folyoirat.sk\/wp-content\/uploads\/2026\/01\/Fuzi-Laszlo-Fent-s-alant--1026x1536.jpeg 1026w, https:\/\/opus-folyoirat.sk\/wp-content\/uploads\/2026\/01\/Fuzi-Laszlo-Fent-s-alant-.jpeg 1280w\" sizes=\"auto, (max-width: 684px) 100vw, 684px\" \/><\/figure><\/div>\n\n\n<p>A t\u00f6bb \u00e9vtizedes szerkeszt\u0151ivel p\u00e1rhuzamosan fel\u00e9p\u00edtett elemz\u0151i-\u00e9rtelmez\u0151i \u00e9letm\u0171 term\u00e9szetes dinamik\u00e1ja, az \u00fajabb kutat\u00e1si eredm\u00e9nyek k\u00f6zread\u00e1s\u00e1nak sz\u00e1nd\u00e9ka mellett a jeles irodalomt\u00f6rt\u00e9n\u00e9sz sz\u00fclet\u00e9s\u00e9nek 70. \u00e9s N\u00e9meth L\u00e1szl\u00f3 hal\u00e1l\u00e1nak 50. \u00e9vfordul\u00f3ja is indokolta F\u00fczi L\u00e1szl\u00f3 <em>Fent s alant<\/em> c\u00edm\u0171 tanulm\u00e1ny- \u00e9s essz\u00e9k\u00f6tet\u00e9nek k\u00f6zelm\u00faltb\u00e9li megjelen\u00e9s\u00e9t. Az \u00edr\u00f3i oeuvre teljesebb megismertet\u00e9s\u00e9nek nemes \u00fcgy\u00e9t eddig is h\u00edven szolg\u00e1l\u00f3 \u00e9s jelent\u0151s m\u00e9rt\u00e9kben el\u0151seg\u00edt\u0151 Nap Kiad\u00f3 gondoz\u00e1s\u00e1ban k\u00e9sz\u00fclt k\u00f6nyv fontoss\u00e1g\u00e1t jelzi, hogy mik\u00f6zben j\u00f3l illeszkedik a szerz\u0151 recepci\u00f3t gazdag\u00edt\u00f3 \u2013 m\u00e1ra megker\u00fclhetetlen \u2013 munk\u00e1inak sor\u00e1ba, egyszersmind k\u00f6zel dek\u00e1dnyi hi\u00e1nyoss\u00e1got p\u00f3tol, hiszen hasonl\u00f3 jelleg\u0171 gy\u0171jtem\u00e9ny (Monostori Imre: <em>V\u00e1logatott tanulm\u00e1nyok N\u00e9meth L\u00e1szl\u00f3r\u00f3l<\/em>) legut\u00f3bb 2016-ban, r\u00e1ad\u00e1sul ugyancsak a \u201eMagyar essz\u00e9k\u201d sz\u00e9ri\u00e1ban, l\u00e1tott napvil\u00e1got. A korpuszt k\u00e9pez\u0151 k\u00e9t egys\u00e9gbe rendezett nyolc \u00edr\u00e1s szinte mindegyike \u2013 a k\u00f6zreadott form\u00e1ban vagy m\u00e1s v\u00e1ltozatban \u2013 helyet kapott m\u00e1r k\u00fcl\u00f6nb\u00f6z\u0151 foly\u00f3iratokban, a Forr\u00e1s, az Alf\u00f6ld, a Tiszat\u00e1j, a Magyar M\u0171v\u00e9szet \u00e9s a Magyar Tudom\u00e1ny 2008 \u00e9s 2024 k\u00f6zti folyamaiban (a tavalyi esztend\u0151 e tekintetben k\u00fcl\u00f6n\u00f6sen term\u00e9kenynek bizonyult), \u00f6r\u00f6mteli azonban, hogy \u00edgy egy\u00fctt, egym\u00e1st er\u0151s\u00edtve is olvas\u00e1sra k\u00edn\u00e1lj\u00e1k magukat.<\/p>\n\n\n\n<p>(<a href=\"https:\/\/opus-folyoirat.sk\/?page_id=4409\">olvass tov\u00e1bb<\/a>)<\/p>\n\n\n\n<hr class=\"wp-block-separator has-alpha-channel-opacity is-style-wide\"\/>\n\n\n\n<p class=\"has-medium-font-size\">Tam\u00e1si Orosz J\u00e1nos<\/p>\n\n\n\n<p><strong>\u201e\u2026hogy felsz\u00ednen maradhasson a j\u00f6v\u0151\u2026\u201d<\/strong><br><em>Hodossy Gyula \u00fajabb sorsk\u00f6z\u00f6ss\u00e9g-szimf\u00f3ni\u00e1ja<\/em><\/p>\n\n\n<div class=\"wp-block-image\">\n<figure class=\"alignright size-full is-resized\"><img loading=\"lazy\" decoding=\"async\" width=\"500\" height=\"495\" src=\"http:\/\/opus-folyoirat.sk\/wp-content\/uploads\/2026\/01\/Takard-be-a-multamat.jpeg\" alt=\"\" class=\"wp-image-4407\" style=\"width:194px;height:auto\" srcset=\"https:\/\/opus-folyoirat.sk\/wp-content\/uploads\/2026\/01\/Takard-be-a-multamat.jpeg 500w, https:\/\/opus-folyoirat.sk\/wp-content\/uploads\/2026\/01\/Takard-be-a-multamat-300x297.jpeg 300w, https:\/\/opus-folyoirat.sk\/wp-content\/uploads\/2026\/01\/Takard-be-a-multamat-150x150.jpeg 150w, https:\/\/opus-folyoirat.sk\/wp-content\/uploads\/2026\/01\/Takard-be-a-multamat-303x300.jpeg 303w\" sizes=\"auto, (max-width: 500px) 100vw, 500px\" \/><\/figure><\/div>\n\n\n<p>Szkennerrel vizsg\u00e1ltak meg egy s\u00e9rtetlen m\u00fami\u00e1t a Field Museum kutat\u00f3i, olvasom a napih\u00edrek k\u00f6z\u00f6tt, s megakad a szemem az ehhez f\u0171z\u00f6tt komment\u00e1ron: \u201eR\u00e9g\u00e9szeti szempontb\u00f3l hihetetlen\u00fcl ritka, hogy egyetlen egy\u00e9n szemsz\u00f6g\u00e9b\u0151l kutassuk vagy szeml\u00e9lj\u00fck a t\u00f6rt\u00e9nelmet\u201d \u2013 lelkesedik Stacy Drake, a m\u00fazeum emberi maradv\u00e1ny-gy\u0171jtem\u00e9ny\u00e9nek vezet\u0151je, s kifejti: \u2013 \u201eEz egy igaz\u00e1n nagyszer\u0171 m\u00f3dja annak, hogy megn\u00e9zz\u00fck, kik voltak ezek az emberek \u2013 nem csak az \u00e1ltaluk k\u00e9sz\u00edtett holmikat \u00e9s a r\u00f3luk kital\u00e1lt t\u00f6rt\u00e9neteket, hanem az abban az id\u0151ben \u00e9l\u0151 szem\u00e9lyeket is megismerhetj\u00fck.\u201d Nocsak, d\u00fcnny\u00f6g\u00f6m. Ha csak \u00fagy nem\u2026<\/p>\n\n\n\n<p>(<a href=\"https:\/\/opus-folyoirat.sk\/?page_id=4406\">olvass tov\u00e1bb<\/a>)<\/p>\n\n\n\n<hr class=\"wp-block-separator has-alpha-channel-opacity is-style-wide\"\/>\n\n\n\n<p class=\"has-medium-font-size\">P\u00e9ntek Imre<\/p>\n\n\n\n<p><strong>Egy verses \u00f6n\u00e9letrajz \u00fajabb fejezetei<\/strong><br><em>T\u00f3th L\u00e1szl\u00f3: Rossz napok, \u00daj versek \u00e9s r\u00e1tal\u00e1l\u00e1sok<\/em><\/p>\n\n\n<div class=\"wp-block-image\">\n<figure class=\"alignright size-large is-resized\"><img loading=\"lazy\" decoding=\"async\" width=\"666\" height=\"1024\" src=\"http:\/\/opus-folyoirat.sk\/wp-content\/uploads\/2026\/01\/Toth-Laszlo-Rossz-napok-Uj-versek-es-ratalalasok-666x1024.jpeg\" alt=\"\" class=\"wp-image-4403\" style=\"width:255px;height:auto\" srcset=\"https:\/\/opus-folyoirat.sk\/wp-content\/uploads\/2026\/01\/Toth-Laszlo-Rossz-napok-Uj-versek-es-ratalalasok-666x1024.jpeg 666w, https:\/\/opus-folyoirat.sk\/wp-content\/uploads\/2026\/01\/Toth-Laszlo-Rossz-napok-Uj-versek-es-ratalalasok-195x300.jpeg 195w, https:\/\/opus-folyoirat.sk\/wp-content\/uploads\/2026\/01\/Toth-Laszlo-Rossz-napok-Uj-versek-es-ratalalasok-768x1182.jpeg 768w, https:\/\/opus-folyoirat.sk\/wp-content\/uploads\/2026\/01\/Toth-Laszlo-Rossz-napok-Uj-versek-es-ratalalasok.jpeg 780w\" sizes=\"auto, (max-width: 666px) 100vw, 666px\" \/><\/figure><\/div>\n\n\n<p>Kev\u00e9s kort\u00e1rs k\u00f6lt\u0151 mondhat mag\u00e1\u00e9nak olyan k\u00f6tetet, mint T\u00f3th L\u00e1szl\u00f3: \u00c1tv\u00e1ltoz\u00e1s, avagy Az \u201eitt\u201d \u00e9s az \u201eott\u201d c\u00edm\u0171 k\u00f6tete, amely 2003-ban jelent meg a&nbsp; pozsonyi Kalligram Kiad\u00f3 gondoz\u00e1s\u00e1ban. A majd 700 oldalas k\u00f6tet a versek mellett IV. ciklusban k\u00f6zli a k\u00f6tetekr\u0151l sz\u00f3l\u00f3 \u00edr\u00e1sokat: kritik\u00e1kat, elemz\u00e9seket, vallom\u00e1sokat. M\u00e1r ez a sz\u00f6vegd\u00f6mping is elb\u00e1tortalan\u00edtja a kritikust, s ami m\u00e9g elgondolkodtat\u00f3bb: nem valami fel\u00fcletes sz\u00f6vegekr\u0151l van sz\u00f3, hanem a mesters\u00e9g t\u00f6rv\u00e9nyszer\u0171s\u00e9geit a legmagasabb szinten boncolgat\u00f3 megsz\u00f3lal\u00e1sokr\u00f3l. Az \u00e9letm\u0171 kisebb korpuszokkal is gazdagodott, de a 2003-as <em>Wittgenstein sz\u00f3viv\u0151je<\/em> \u2013 amely egy testesebb alkot\u00e1s \u2013 ism\u00e9t jelent\u0151s \u00e1llom\u00e1sa a mai szlov\u00e1kiai magyar irodalomnak, mely 1918-ban jelent meg a Gondolat Kiad\u00f3 palett\u00e1j\u00e1n, ism\u00e9t \u00faj arc\u00e1t mutatta a sokoldal\u00fa m\u0171v\u00e9sznek.<\/p>\n\n\n\n<p>(<a href=\"https:\/\/opus-folyoirat.sk\/?page_id=4402\">olvass tov\u00e1bb<\/a>)<\/p>\n\n\n\n<hr class=\"wp-block-separator has-alpha-channel-opacity is-style-wide\"\/>\n\n\n\n<p class=\"has-medium-font-size\">Erni-Szak\u00e1cs Szil\u00e1rd<\/p>\n\n\n\n<p><strong>1. A vil\u00e1gfelfordul\u00e1s perspekt\u00edv\u00e1i Krasznahorkai L\u00e1szl\u00f3 epik\u00e1j\u00e1ban&nbsp;<\/strong><br><em>(S\u00e1t\u00e1ntang\u00f3)<\/em><\/p>\n\n\n<div class=\"wp-block-image\">\n<figure class=\"alignright size-large is-resized\"><img loading=\"lazy\" decoding=\"async\" width=\"577\" height=\"1024\" src=\"https:\/\/opus-folyoirat.sk\/wp-content\/uploads\/2026\/01\/Erni-SzakacsSzilard-577x1024.jpg\" alt=\"\" class=\"wp-image-4401\" style=\"aspect-ratio:2\/3;object-fit:cover;width:172px;height:auto\" srcset=\"https:\/\/opus-folyoirat.sk\/wp-content\/uploads\/2026\/01\/Erni-SzakacsSzilard-577x1024.jpg 577w, https:\/\/opus-folyoirat.sk\/wp-content\/uploads\/2026\/01\/Erni-SzakacsSzilard-169x300.jpg 169w, https:\/\/opus-folyoirat.sk\/wp-content\/uploads\/2026\/01\/Erni-SzakacsSzilard.jpg 665w\" sizes=\"auto, (max-width: 577px) 100vw, 577px\" \/><\/figure><\/div>\n\n\n<p>Krasznahorkai L\u00e1szl\u00f3 a kort\u00e1rs magyar irodalom egyik kiemelked\u0151 alakja, Kossuth- \u00e9s J\u00f3zsef Attila-d\u00edjas \u00edr\u00f3 aki 1954-ben sz\u00fcletett Gyul\u00e1n \u00e9s 2004-t\u0151l pedig a <em>Digit\u00e1lis Irodalmi Akad\u00e9mia<\/em> tagj\u00e1v\u00e1 v\u00e1lt. Els\u0151 publik\u00e1ci\u00f3j\u00e1ra 1977-ben ker\u00fclt sor, amikor megjelent a <em>Tebenned hittem<\/em> c\u00edm\u0171 elbesz\u00e9l\u00e9se a <em>Mozg\u00f3 Vil\u00e1g<\/em> c\u00edm\u0171 foly\u00f3irat has\u00e1bjain. Egy annyira \u00faj st\u00edlus\u00fa \u00edr\u00f3 sz\u00fcletett meg Krasznahorkai L\u00e1szl\u00f3 szem\u00e9ly\u00e9ben, hogy t\u00f6bb irodalomt\u00f6rt\u00e9n\u00e9sz is jogosan tette fel a k\u00e9rd\u00e9st hogy akkor most milyen st\u00edlusir\u00e1nyzatot k\u00e9pvisel eme nagy \u00edr\u00f3. \u201e(Krasznahorkai) Gener\u00e1ci\u00f3n k\u00edv\u00fcl jelentkezett, v\u00e1ratlanul, \u00e1rtatlan term\u00e9szetess\u00e9ggel, ahogy igaz\u00e1b\u00f3l illik egy \u00edr\u00f3nak (mint annak idej\u00e9n Esterh\u00e1zy), teh\u00e1t aligha \u00e1llnak olvas\u00f3i rendelkez\u00e9s\u00e9re a megszokott, gener\u00e1l\u00f3 \u00e9s orient\u00e1l\u00f3 koroszt\u00e1lyi saj\u00e1toss\u00e1gok. M\u0171v\u00e9szet\u00e9t az irodalom eg\u00e9sz\u00e9hez kell m\u00e9rn\u00fcnk, oda kell betagol\u00f3dnia. Sokkal ink\u00e1bb Kafka, Bulgakov, Kosztol\u00e1nyi (a <em>Pacsirta<\/em> \u00e9s az <em>\u00c9des Anna<\/em> \u00edr\u00f3ja), Garc\u00eda Marquez, Pilinszky \u00e9s Hajn\u00f3czy, mintsem azon kev\u00e9s sz\u00e1m\u00fa honi p\u00e1lyat\u00e1rsai k\u00f6z\u00e9,&nbsp; akikhez sz\u00fclet\u00e9si d\u00e1tuma alapj\u00e1n (1954) k\u00f6zel \u00e1ll\u00f3nak v\u00e9lhetn\u00e9nk.\u201d (Alexa 2002: 60)&nbsp; Els\u0151 reg\u00e9nye, a <em>S\u00e1t\u00e1ntang\u00f3<\/em> egy kicsivel k\u00e9s\u0151bb, 1985ben jelent meg, egy olyan irodalmi alkot\u00e1s, amelyikben a trag\u00e9dia, a sorstalans\u00e1g \u00e9s a pusztul\u00e1s k\u00e9pei domin\u00e1lnak. Krasznahorkait joggal nevezi a magyar irodalomkritika az apokalipszis kort\u00e1rs mester\u00e9nek, mivelhogy egy olyan kiemelked\u0151 tehets\u00e9g\u0171 \u00edr\u00f3r\u00f3l besz\u00e9l\u00fcnk, aki a m\u00e1sodik vil\u00e1gh\u00e1bor\u00fat k\u00f6vet\u0151 szeg\u00e9nys\u00e9gben \u00e9s nyomorban n\u0151tt fel, ami nagy m\u00e9rt\u00e9kben befoly\u00e1solta a vil\u00e1gszeml\u00e9let\u00e9t \u00e9s hat\u00e1ssal volt \u00edr\u00e1saira is.<\/p>\n\n\n\n<p>(<a href=\"https:\/\/opus-folyoirat.sk\/?page_id=4399\">olvass tov\u00e1bb<\/a>)<\/p>\n\n\n\n<hr class=\"wp-block-separator has-alpha-channel-opacity is-style-wide\"\/>\n\n\n\n<p class=\"has-medium-font-size\">Fekete T\u00fcnde<\/p>\n\n\n<div class=\"wp-block-image\">\n<figure class=\"alignright size-large is-resized\"><a href=\"https:\/\/opus-folyoirat.sk\/wp-content\/uploads\/2026\/02\/Simon-Marton-Hideg-pizza.jpeg\"><img loading=\"lazy\" decoding=\"async\" width=\"652\" height=\"1024\" src=\"https:\/\/opus-folyoirat.sk\/wp-content\/uploads\/2026\/02\/Simon-Marton-Hideg-pizza-652x1024.jpeg\" alt=\"\" class=\"wp-image-4557\" style=\"width:170px;height:auto\" srcset=\"https:\/\/opus-folyoirat.sk\/wp-content\/uploads\/2026\/02\/Simon-Marton-Hideg-pizza-652x1024.jpeg 652w, https:\/\/opus-folyoirat.sk\/wp-content\/uploads\/2026\/02\/Simon-Marton-Hideg-pizza-191x300.jpeg 191w, https:\/\/opus-folyoirat.sk\/wp-content\/uploads\/2026\/02\/Simon-Marton-Hideg-pizza-768x1207.jpeg 768w, https:\/\/opus-folyoirat.sk\/wp-content\/uploads\/2026\/02\/Simon-Marton-Hideg-pizza-977x1536.jpeg 977w, https:\/\/opus-folyoirat.sk\/wp-content\/uploads\/2026\/02\/Simon-Marton-Hideg-pizza.jpeg 1018w\" sizes=\"auto, (max-width: 652px) 100vw, 652px\" \/><\/a><\/figure><\/div>\n\n\n<p class=\"has-text-align-left\"><strong>Egy szelet hideg pizza&nbsp;<\/strong><br><em>(elemz\u0151 kritika Simon M\u00e1rton Hideg pizza c. k\u00f6tet\u00e9r\u0151l)<\/em><\/p>\n\n\n\n<p class=\"has-text-align-right\"><\/p>\n\n\n\n<p>Simon M\u00e1rton. Feltehet\u0151en sokaknak ismer\u0151sen cseng ez a n\u00e9v, hiszen m\u00e9giscsak a kort\u00e1rs magyar irodalom egy ikonikuss\u00e1 v\u00e1lt \u00e9s meghat\u00e1roz\u00f3 alakj\u00e1r\u00f3l van sz\u00f3. M\u0171v\u00e9szet\u00e9vel rengeteg olvas\u00f3j\u00e1t inspir\u00e1lja kort\u00f3l \u00e9s nemt\u0151l f\u00fcggetlen\u00fcl a kirekesztetts\u00e9g \u00e9rz\u00e9s\u00e9nek legapr\u00f3bb szikr\u00e1j\u00e1t sem gener\u00e1lva benn\u00fck, annak ellen\u00e9re sem, hogy val\u00f3s\u00e1gos kultur\u00e1lis inkluzivit\u00e1st ig\u00e9nyel mindaz, amit teremt \u2013 ebben a k\u00f6tet\u00e9ben t\u00f6rt\u00e9netesen mag\u00e1ba foglalva minden elk\u00e9pzelhet\u0151t a T-Rext\u0151l eg\u00e9szen mag\u00e1ig J\u00e9zusig.<\/p>\n\n\n\n<p>(<a href=\"https:\/\/opus-folyoirat.sk\/?page_id=4554\">olvass tov\u00e1bb<\/a>)<\/p>\n\n\n\n<hr class=\"wp-block-separator has-alpha-channel-opacity is-style-wide\"\/>\n\n\n\n<p class=\"has-medium-font-size\">Tam\u00e1si Orosz J\u00e1nos<\/p>\n\n\n\n<p><strong>\u201e&#8230;lehet valahol most fejtik ki&#8230;\u201d<\/strong><\/p>\n\n\n<div class=\"wp-block-image\">\n<figure class=\"alignright size-full is-resized\"><img loading=\"lazy\" decoding=\"async\" width=\"243\" height=\"351\" src=\"http:\/\/opus-folyoirat.sk\/wp-content\/uploads\/2026\/01\/Wittgenstein-szovivoje.jpeg\" alt=\"\" class=\"wp-image-4200\" style=\"width:173px;height:auto\" srcset=\"https:\/\/opus-folyoirat.sk\/wp-content\/uploads\/2026\/01\/Wittgenstein-szovivoje.jpeg 243w, https:\/\/opus-folyoirat.sk\/wp-content\/uploads\/2026\/01\/Wittgenstein-szovivoje-208x300.jpeg 208w\" sizes=\"auto, (max-width: 243px) 100vw, 243px\" \/><\/figure><\/div>\n\n\n<p>Nem tudom, megengedhet\u0151-e, hogy egy recenzi\u00f3nak indul\u00f3 sz\u00f6veg <em>T\u00f3th L\u00e1szl\u00f3<\/em> friss k\u00f6tet\u00e9r\u0151l (<em>Wittgenstein sz\u00f3viv\u0151je<\/em>, versek) textusaiba szubjekt\u00edv gondolatok is vegy\u00fcljenek, olykor az essz\u00e9be fordul\u00e1s t\u00f6red\u00e9k idej\u00e9nek hat\u00e1r\u00e1t s\u00farolva (k\u00e9pess\u00e9geim szerint), de m\u00e9gis arra kell k\u00e9rnem az olvas\u00f3t: erre k\u00e9sz\u00fclj\u00f6n most (er\u0151sebb s cs\u00f6ndesebb hang\u00fa eszmecser\u00e9re) &#8211; s ne hagyjon fel minden rem\u00e9nnyel; <em>a vers v\u00e9g\u00e9ig.<\/em><\/p>\n\n\n\n<p>Err\u0151l majd k\u00e9s\u0151bb, hogy mi\u00e9rt is ne.&nbsp;<\/p>\n\n\n\n<p>(<a href=\"https:\/\/opus-folyoirat.sk\/?page_id=4199\">olvass tov\u00e1bb<\/a>)<\/p>\n\n\n\n<hr class=\"wp-block-separator has-alpha-channel-opacity is-style-wide\"\/>\n\n\n\n<p class=\"has-medium-font-size\">Bakonyi Istv\u00e1n<\/p>\n\n\n\n<p id=\"block-ffc10e57-301a-418b-9b41-d3edd27921ab\"><strong>Fellinger K\u00e1roly: Forr\u00e1sl\u00e1p<\/strong><\/p>\n\n\n\n<p id=\"block-3bf01e14-603f-4534-8e2b-0e957eb6b9da\">A rendk\u00edv\u00fcl term\u00e9keny k\u00f6lt\u0151 \u00fajabb fontos k\u00f6tete a <em>Forr\u00e1sl\u00e1p<\/em>. Benne a t\u0151le megszokott l\u00edrai sz\u00ednekkel, \u00e1m sz\u00e1mos \u00faj von\u00e1ssal.<\/p>\n\n\n<div class=\"wp-block-image\">\n<figure class=\"alignright is-resized\" id=\"block-1b720b1f-d5cd-4b1d-ac9a-c06bb600cec0\"><img decoding=\"async\" src=\"https:\/\/opus-folyoirat.sk\/wp-content\/uploads\/2026\/02\/Fellinger-Karoly-Forraslap.jpeg\" alt=\"A k\u00e9phez tartoz\u00f3 alt jellemz\u0151 \u00fcres; Fellinger-Karoly-Forraslap.jpeg a f\u00e1jln\u00e9v\" style=\"width:249px;height:auto\"\/><\/figure><\/div>\n\n\n<p id=\"block-15fd544e-e6d8-4ab1-b72f-914551ec6278\">A kor\u00e1bbi \u00e9rt\u00e9kek k\u00f6z\u00e9 sorolhatjuk azokat a verseit, amelyekben k\u00e9pz\u0151m\u0171v\u00e9szeti alkot\u00e1sokat illusztr\u00e1l a sz\u00f3 erej\u00e9vel. Persze az esetek t\u00f6bbs\u00e9g\u00e9ben t\u00f6bb ez, mint illusztr\u00e1ci\u00f3, hiszen \u00f6n\u00e1ll\u00f3sulnak a sz\u00f6vegek, \u00e1m k\u00e9ts\u00e9gtelen, hogy a k\u00e9p vagy a szobor a \u201esz\u00fcl\u0151j\u00fck\u201d. Az \u00fajdons\u00e1g erej\u00e9vel hat ugyanakkor a k\u00f6tet gerinc\u00e9t kitev\u0151, a k\u00f6tetc\u00edmet mag\u00e1n visel\u0151 ciklus, a maga rendk\u00edv\u00fcl gazdag anyag\u00e1val, formai soksz\u00edn\u0171s\u00e9g\u00e9vel.<\/p>\n\n\n\n<p id=\"block-afd61eac-579d-4953-a742-9cd7fb68c416\">L\u0151rincz P. Gabriella \u00edrja a h\u00e1tlapon lev\u0151 aj\u00e1nl\u00e1sban: \u201e\u2026Ez a k\u00f6tet nem hagy k\u00e9rd\u00e9seket, felteszi ugyan, de meg is v\u00e1laszolja. Nincsenek lez\u00e1ratlan t\u00f6rt\u00e9netek. Az utaz\u00e1s biztos, a meg\u00e9rkez\u00e9sr\u0151l magunk d\u00f6nt\u00fcnk, a vers megtette a dolg\u00e1t, a t\u00f6bbi r\u00e1nk van b\u00edzva.\u201d \u00cdgy igaz, \u00e9s ebben az is benne van, hogy m\u00e9giscsak sz\u00fcks\u00e9gesek a v\u00e1laszok. S az utaz\u00e1s \u00edgy lesz izgalmas, persze szellemi \u00e9rtelemben.&nbsp;<\/p>\n\n\n\n<p><\/p>\n\n\n\n<p>(<a href=\"https:\/\/opus-folyoirat.sk\/?page_id=4549\">olvass tov\u00e1bb<\/a>)<\/p>\n\n\n\n<hr class=\"wp-block-separator has-alpha-channel-opacity is-style-wide\"\/>\n\n\n\n<p class=\"has-medium-font-size\">Hogya Gy\u00f6rgy<\/p>\n\n\n<div class=\"wp-block-image\">\n<figure class=\"alignright size-large is-resized\"><img loading=\"lazy\" decoding=\"async\" width=\"1024\" height=\"1004\" src=\"http:\/\/opus-folyoirat.sk\/wp-content\/uploads\/2025\/10\/Hogya-1024x1004.jpg\" alt=\"\" class=\"wp-image-2761\" style=\"width:210px;height:auto\" srcset=\"https:\/\/opus-folyoirat.sk\/wp-content\/uploads\/2025\/10\/Hogya-1024x1004.jpg 1024w, https:\/\/opus-folyoirat.sk\/wp-content\/uploads\/2025\/10\/Hogya-300x294.jpg 300w, https:\/\/opus-folyoirat.sk\/wp-content\/uploads\/2025\/10\/Hogya-768x753.jpg 768w, https:\/\/opus-folyoirat.sk\/wp-content\/uploads\/2025\/10\/Hogya-306x300.jpg 306w, https:\/\/opus-folyoirat.sk\/wp-content\/uploads\/2025\/10\/Hogya.jpg 1304w\" sizes=\"auto, (max-width: 1024px) 100vw, 1024px\" \/><\/figure><\/div>\n\n\n<p><strong>Gondolatok egy Holan-vers olvas\u00e1sa k\u00f6zben<\/strong><\/p>\n\n\n\n<div class=\"wp-block-group is-vertical is-layout-flex wp-container-core-group-is-layout-8cf370e7 wp-block-group-is-layout-flex\">\n<p>Els\u0151 olvas\u00e1sra nem \u00e9rtettem meg ezt a verset. Nem az\u00e9rt akartam meg\u00e9rteni, mert verselemz\u00e9sre k\u00e9sz\u00fcltem, hanem mert meg akartam \u00e9rteni \u201evalamit\u201d, ami a sz\u00e9ps\u00e9g\u00e9vel meg\u00e9rintett.<\/p>\n\n\n\n<p>Mi\u00e9rt h\u00e1nynak a r\u00f3zs\u00e1k v\u00e9rt? \u2013 tettem fel magamnak a jogosnak t\u0171n\u0151 k\u00e9rd\u00e9st. A r\u00f3zsa a fontosabb vagy a v\u00e9r? A k\u00e9rd\u00e9s felvet\u00e9se egy essz\u00e9t is sz\u00fclhetne, hiszen mi m\u00e1sr\u00f3l sz\u00f3l egy igazi essz\u00e9, mint a k\u00f6lt\u00e9szetr\u0151l?<\/p>\n\n\n\n<p>Holant, aki azt \u00e1ll\u00edtotta, hogy: \u201eA v\u00e1zlatt\u00f3l a m\u0171h\u00f6z vezet\u0151 utat t\u00e9rden cs\u00faszva tessz\u00fck meg.\u201d \u00f6nmag\u00e1b\u00f3l kiindulva kell meg\u00e9rteni.<\/p>\n<\/div>\n\n\n\n<p><\/p>\n\n\n\n<p>(<a href=\"https:\/\/opus-folyoirat.sk\/?page_id=4230\">olvass tov\u00e1bb<\/a>)<\/p>\n\n\n\n<hr class=\"wp-block-separator has-alpha-channel-opacity is-style-wide\"\/>\n\n\n\n<h1 class=\"wp-block-heading\">Kelemen Erzs\u00e9bet<\/h1>\n\n\n<div class=\"wp-block-image\">\n<figure class=\"alignright is-resized\" id=\"block-58bb73e9-aa08-48e4-9787-5a8ea1096ab1\"><img decoding=\"async\" src=\"https:\/\/opus-folyoirat.sk\/wp-content\/uploads\/2026\/02\/Muveszi-szabadsag-es-intezmenyi-autonomia-685x1024.jpeg\" alt=\"A k\u00e9phez tartoz\u00f3 alt jellemz\u0151 \u00fcres; Muveszi-szabadsag-es-intezmenyi-autonomia-685x1024.jpeg a f\u00e1jln\u00e9v\" style=\"width:184px;height:auto\"\/><\/figure><\/div>\n\n\n<p id=\"block-a79c5ec1-485b-4e3f-b25c-6bf39743fc3c\"><strong>M\u0171v\u00e9szi hitvall\u00e1s, kult\u00farfiloz\u00f3fiai \u00e1ll\u00e1sfoglal\u00e1s<\/strong><br><em>(L. Simon L\u00e1szl\u00f3: M\u0171v\u00e9szi szabads\u00e1g \u00e9s int\u00e9zm\u00e9nyi auton\u00f3mia <\/em>c\u00edm\u0171 k\u00f6tet\u00e9r\u0151l, R\u00e1ci\u00f3 Kiad\u00f3 \u2013 Sz\u00e9pirodalmi Figyel\u0151 Alap\u00edtv\u00e1ny, Budapest, 2025)<\/p>\n\n\n\n<p id=\"block-d79a4cf1-c476-47c0-9595-2e8ab19c140e\">L. Simon L\u00e1szl\u00f3nak a h\u00e1rom m\u0171v\u00e9szeti essz\u00e9k\u00f6tete (<em>Hidak a Dun\u00e1n; \u00c9des sz\u0151l\u0151, t\u00fczes bor; Szubjekt\u00edv ikonoszt\u00e1z<\/em>), valamint a nemzeti sorsk\u00e9rd\u00e9seket a m\u0171vel\u0151d\u00e9s- \u00e9s kult\u00farpolitik\u00e1n kereszt\u00fcl megk\u00f6zel\u00edt\u0151 k\u00f6nyvei ut\u00e1n (<em>Versenyh\u00e1tr\u00e1ny, A r\u00f3mai szek\u00e9r, Szem\u00e9lyes t\u00f6rt\u00e9nelem, Polg\u00e1ri Kult\u00farpolitika, K\u00f6rbej\u00e1rni a haz\u00e1t, \u201eKi viszi a pusk\u00e1t?\u201d Az \u00e9rtelmis\u00e9giek \u00e9s\/vagy a politikusok?, A meg\u0151rz\u00e9s kult\u00far\u00e1ja<\/em>) a tizenegyedik essz\u00e9k\u00f6tete a 2025. \u00fcnnepi k\u00f6nyvh\u00e9tre megjelen\u0151 <em>M\u0171v\u00e9szi szabads\u00e1g \u00e9s int\u00e9zm\u00e9nyi auton\u00f3mia, <\/em>amelynek nyit\u00f3 \u00e9s k\u00f6tetc\u00edmad\u00f3 m\u0171ve 2023. november 28-\u00e1n, a Magyar M\u0171v\u00e9szeti Akad\u00e9mi\u00e1n hangzott el: a szerz\u0151 akad\u00e9miai sz\u00e9kfoglal\u00f3 besz\u00e9de volt.<\/p>\n\n\n\n<p>(<a href=\"https:\/\/opus-folyoirat.sk\/?page_id=4544\">olvass tov\u00e1bb<\/a>)<\/p>\n\n\n\n<hr class=\"wp-block-separator has-alpha-channel-opacity is-style-wide\"\/>\n\n\n\n<p class=\"has-medium-font-size\">Angyal S\u00e1ndor<\/p>\n\n\n\n<p id=\"block-e186afff-9923-409e-9eb7-4a1e5328dcc1\"><strong>Az \u00edr\u00f3t\u00e1rsas\u00e1gnak m\u00e9g ma is s\u00falya van<\/strong><br><em>Besz\u00e9lget\u00e9s Hodossy Gyul\u00e1val, a Szlov\u00e1kiai Magyar \u00cdr\u00f3k T\u00e1rsas\u00e1ga eln\u00f6k\u00e9vel a t\u00e1rsas\u00e1g fenn\u00e1ll\u00e1s\u00e1nak 35. \u00e9vfordul\u00f3ja kapcs\u00e1n<\/em><br><\/p>\n\n\n\n<figure class=\"wp-block-image size-large\"><img loading=\"lazy\" decoding=\"async\" width=\"1024\" height=\"683\" src=\"http:\/\/opus-folyoirat.sk\/wp-content\/uploads\/2025\/09\/HodossyGyula-1024x683.jpeg\" alt=\"\" class=\"wp-image-2597\" srcset=\"https:\/\/opus-folyoirat.sk\/wp-content\/uploads\/2025\/09\/HodossyGyula-1024x683.jpeg 1024w, https:\/\/opus-folyoirat.sk\/wp-content\/uploads\/2025\/09\/HodossyGyula-300x200.jpeg 300w, https:\/\/opus-folyoirat.sk\/wp-content\/uploads\/2025\/09\/HodossyGyula-768x512.jpeg 768w, https:\/\/opus-folyoirat.sk\/wp-content\/uploads\/2025\/09\/HodossyGyula-450x300.jpeg 450w, https:\/\/opus-folyoirat.sk\/wp-content\/uploads\/2025\/09\/HodossyGyula.jpeg 1200w\" sizes=\"auto, (max-width: 1024px) 100vw, 1024px\" \/><\/figure>\n\n\n\n<p id=\"block-e186afff-9923-409e-9eb7-4a1e5328dcc1\">Ebben az \u00e9vben \u00fcnnepli fenn\u00e1ll\u00e1s\u00e1nak 35. \u00e9vfordul\u00f3j\u00e1t a Szlov\u00e1kiai Magyar \u00cdr\u00f3k T\u00e1rsas\u00e1ga. A szervezet jelenlegi eln\u00f6ke, Hodossy Gyula 2003-ban kapott bizalmat a tags\u00e1gt\u00f3l, s az\u00f3ta is ir\u00e1ny\u00edtja a t\u00e1rsas\u00e1got. \u00c9rdemei megk\u00e9rd\u0151jelezhetetlenek, vezet\u00e9se alatt sz\u00e1mos eredm\u00e9nyt \u00e9rtek el az irodalom n\u00e9pszer\u0171s\u00edt\u00e9se, illetve a fiatalok felkarol\u00e1sa \u00e9s k\u00e9pz\u00e9se ter\u00e9n. A Szlov\u00e1kiai Magyar \u00cdr\u00f3k T\u00e1rsas\u00e1ga szerep\u00e9r\u0151l, irodalomr\u00f3l, neh\u00e9zs\u00e9gekr\u0151l \u00e9s a j\u00f6v\u0151 kih\u00edv\u00e1sair\u00f3l besz\u00e9lgett\u00fcnk. Csak \u0151szint\u00e9n.\u00a0<\/p>\n\n\n\n<p>(<a href=\"https:\/\/opus-folyoirat.sk\/?page_id=4514\">olvass tov\u00e1bb<\/a>)<\/p>\n\n\n\n<hr class=\"wp-block-separator has-alpha-channel-opacity is-style-wide\"\/>\n\n\n\n<p class=\"has-medium-font-size\">N\u00e9meth Istv\u00e1n P\u00e9ter<\/p>\n\n\n\n<p id=\"block-8f4e96c1-3efd-46cc-be5e-cc70bae60c61\"><strong>J\u00f3kai M\u00f3r lag\u00fanav\u00e1rosa<\/strong><\/p>\n\n\n<div class=\"wp-block-image\">\n<figure class=\"alignright size-large is-resized\"><img loading=\"lazy\" decoding=\"async\" width=\"1024\" height=\"684\" src=\"https:\/\/opus-folyoirat.sk\/wp-content\/uploads\/2026\/02\/Nemeth-Istvan-Petter-1024x684.jpg\" alt=\"\" class=\"wp-image-4538\" style=\"aspect-ratio:0.75;object-fit:cover;width:216px;height:auto\" srcset=\"https:\/\/opus-folyoirat.sk\/wp-content\/uploads\/2026\/02\/Nemeth-Istvan-Petter-1024x684.jpg 1024w, https:\/\/opus-folyoirat.sk\/wp-content\/uploads\/2026\/02\/Nemeth-Istvan-Petter-300x201.jpg 300w, https:\/\/opus-folyoirat.sk\/wp-content\/uploads\/2026\/02\/Nemeth-Istvan-Petter-768x513.jpg 768w, https:\/\/opus-folyoirat.sk\/wp-content\/uploads\/2026\/02\/Nemeth-Istvan-Petter-1536x1027.jpg 1536w, https:\/\/opus-folyoirat.sk\/wp-content\/uploads\/2026\/02\/Nemeth-Istvan-Petter-2048x1369.jpg 2048w, https:\/\/opus-folyoirat.sk\/wp-content\/uploads\/2026\/02\/Nemeth-Istvan-Petter-449x300.jpg 449w\" sizes=\"auto, (max-width: 1024px) 100vw, 1024px\" \/><\/figure><\/div>\n\n\n<p id=\"block-8059b2f6-056c-4db7-b297-fc8d2d7fe9be\">Ha \u00e9let\u00fcnkben legal\u00e1bb egyszer eljutunk az it\u00e1liai Velenc\u00e9be, b\u00e1tran \u00e1tadhatjuk magunkat a labirintusban val\u00f3 t\u00e9velyg\u00e9s boldogs\u00e1g\u00e1nak. A sz\u0171k sik\u00e1torok k\u00f6z\u00f6tt Szerb Antal reg\u00e9nyh\u0151se is \u00fagy \u00e9rezte, haza\u00e9rkezett. A Canale Crand\u00e9t a vil\u00e1g legszebb f\u0151utc\u00e1j\u00e1nak tartott\u00e1k, s az m\u00e9g ma is. A farsangi karnev\u00e1l \u00e9vente visszat\u00e9r a lag\u00fan\u00e1k v\u00e1ros\u00e1ba, s a v\u00edg turist\u00e1k \u00e1larcot viselnek, annak eml\u00e9k\u00e9re, hogy hajdan\u00e1n a pestis ellen is j\u00f3 volt, valamint e maszkok sz\u00e9pen fedezt\u00e9k el a buj\u00e1lkod\u00f3k von\u00e1sait. Az egybegy\u0171jt\u00f6tt, \u2013 kev\u00e9sb\u00e9 sz\u00e9p\u00edtve \u2013 \u00f6sszelopott kult\u00farkincsek nem csup\u00e1n a n\u00e1szutasokat ejtik itt \u00e1mulatba. B\u00e1rhogyan nevezt\u00e9k Velenc\u00e9t: Tengerek Kir\u00e1lyn\u0151j\u00e9nek, v\u00edzi v\u00e1rosnak vagy t\u00f3v\u00e1rosnak, az \u00edr\u00e1stud\u00f3ink \u00e9s m\u0171v\u00e9szeink java eljutott e kacskaring\u00f3 ri\u00f3khoz Erd\u00e9lyi J\u00e1nost\u00f3l Trefort \u00c1gostonon \u00e1t Babits Mih\u00e1lyig \u00e9s Vas Istv\u00e1nig. A v\u00e1ros els\u0151 magyar szerelmese P\u00e1ter Kiss Istv\u00e1n volt, s olvasom Szigethy G\u00e1bor k\u00f6nyv\u00e9ben, hogy a der\u00e9k ferences bar\u00e1t cs\u00f6ndes \u00f3r\u00e1iban m\u00e9g a Tisza partj\u00e1n is hallotta \u201e<em>a velencei g\u00e1ly\u00e1k diadalmas zajong\u00e1s\u00e1t<\/em>\u201d\u2026<\/p>\n\n\n\n<p><\/p>\n\n\n\n<p>(<a href=\"https:\/\/opus-folyoirat.sk\/?page_id=4535\">olvass tov\u00e1bb<\/a>)<\/p>\n\n\n\n<hr class=\"wp-block-separator has-alpha-channel-opacity is-style-wide\"\/>\n\n\n\n<p class=\"has-medium-font-size\">Morva M\u00e1ty\u00e1s<\/p>\n\n\n\n<p id=\"block-3d13f2e4-fb2a-4c38-97ec-189eb534b55e\"><strong>\u201enincs kezdet, nincs v\u00e9g, csak folytat\u00e1s van\u201d<\/strong><br><em>T\u0151zs\u00e9r \u00c1rp\u00e1d: Kmpc (\u00d6regkori nyelv\u00f6lt\u00f6get\u00e9sek)<\/em><br><\/p>\n\n\n<div class=\"wp-block-image\">\n<figure class=\"alignright size-large is-resized\"><img loading=\"lazy\" decoding=\"async\" width=\"1024\" height=\"768\" src=\"http:\/\/opus-folyoirat.sk\/wp-content\/uploads\/2025\/10\/tozser-1024x768.jpg\" alt=\"\" class=\"wp-image-2702\" style=\"width:226px;height:auto\" srcset=\"https:\/\/opus-folyoirat.sk\/wp-content\/uploads\/2025\/10\/tozser-1024x768.jpg 1024w, https:\/\/opus-folyoirat.sk\/wp-content\/uploads\/2025\/10\/tozser-300x225.jpg 300w, https:\/\/opus-folyoirat.sk\/wp-content\/uploads\/2025\/10\/tozser-768x576.jpg 768w, https:\/\/opus-folyoirat.sk\/wp-content\/uploads\/2025\/10\/tozser-1536x1152.jpg 1536w, https:\/\/opus-folyoirat.sk\/wp-content\/uploads\/2025\/10\/tozser-400x300.jpg 400w, https:\/\/opus-folyoirat.sk\/wp-content\/uploads\/2025\/10\/tozser.jpg 1740w\" sizes=\"auto, (max-width: 1024px) 100vw, 1024px\" \/><\/figure><\/div>\n\n\n<p id=\"block-8172bc95-cf3c-404e-a1db-de97403c4eb1\">T\u0151zs\u00e9r \u00c1rp\u00e1d (1935, G\u00f6m\u00f6rp\u00e9terfala) k\u00f6lt\u0151, m\u0171ford\u00edt\u00f3 \u00e9s irodalomt\u00f6rt\u00e9n\u00e9sz <em>Kmpc (\u00d6regkori nyelv\u00f6lt\u00f6get\u00e9sek) <\/em>c. versesk\u00f6tete 2025-ben l\u00e1tta meg a napvil\u00e1got a Kalligram kiad\u00f3 gondoz\u00e1s\u00e1ban. Az els\u0151 r\u00e1n\u00e9z\u00e9sre is vonz\u00f3, letisztult v\u00e9d\u0151bor\u00edt\u00f3n (\u00e9s kem\u00e9nyt\u00e1bl\u00e1n) a s\u00e1rga biztat\u00f3 \u00e1rnyalatai domin\u00e1lnak, a c\u00edmlap Paul Klee, k\u00eds\u00e9rletez\u0151 modern fest\u0151 <em>Gespenst eines Genies (Egy zseni szelleme)<\/em> c. m\u0171v\u00e9nek felhaszn\u00e1l\u00e1s\u00e1val k\u00e9sz\u00fclt. Az id\u00e9n 90. \u00e9let\u00e9v\u00e9t t\u00f6lt\u0151 T\u0151zs\u00e9r \u00c1rp\u00e1d nyolcvank\u00e9t oldalon \u00f6tvenn\u00e9gy k\u00f6ltem\u00e9nyt rendezett n\u00e9gy k\u00f6tetkompoz\u00edci\u00f3s egys\u00e9gbe.&nbsp;<\/p>\n\n\n\n<p>(<a href=\"https:\/\/opus-folyoirat.sk\/?page_id=4511\">olvass tov\u00e1bb<\/a>)<\/p>\n\n\n\n<hr class=\"wp-block-separator has-alpha-channel-opacity is-style-wide\"\/>\n\n\n\n<p class=\"has-medium-font-size\">Vasv\u00e1ri Zolt\u00e1n<\/p>\n\n\n\n<p><strong>Pal\u00f3cf\u00f6ldi mesemond\u00f3k<\/strong><\/p>\n\n\n<div class=\"wp-block-image\">\n<figure class=\"alignright size-large is-resized\"><img loading=\"lazy\" decoding=\"async\" width=\"929\" height=\"1024\" src=\"http:\/\/opus-folyoirat.sk\/wp-content\/uploads\/2026\/01\/vasvari-zoltan-929x1024.jpg\" alt=\"\" class=\"wp-image-3764\" style=\"width:185px;height:auto\" srcset=\"https:\/\/opus-folyoirat.sk\/wp-content\/uploads\/2026\/01\/vasvari-zoltan-929x1024.jpg 929w, https:\/\/opus-folyoirat.sk\/wp-content\/uploads\/2026\/01\/vasvari-zoltan-272x300.jpg 272w, https:\/\/opus-folyoirat.sk\/wp-content\/uploads\/2026\/01\/vasvari-zoltan-768x846.jpg 768w, https:\/\/opus-folyoirat.sk\/wp-content\/uploads\/2026\/01\/vasvari-zoltan-1394x1536.jpg 1394w, https:\/\/opus-folyoirat.sk\/wp-content\/uploads\/2026\/01\/vasvari-zoltan-1859x2048.jpg 1859w\" sizes=\"auto, (max-width: 929px) 100vw, 929px\" \/><\/figure><\/div>\n\n\n<p>A pal\u00f3cs\u00e1g felfedez\u00e9s\u00e9vel indult meg a magyar n\u00e9prajzi t\u00e1jak \u00e9s csoportok kutat\u00e1sa a 19. sz\u00e1zad elej\u00e9n. Ipolyi Arnold az els\u0151k k\u00f6z\u00f6tt, m\u00e1r a 19. sz\u00e1zad els\u0151 fel\u00e9ben gy\u0171jt\u0151h\u00e1l\u00f3zatot szervezet a n\u00e9pmesegy\u0171jt\u00e9sre, \u00e9s a sz\u00e1zad k\u00f6zep\u00e9t\u0151l sz\u00e1mos pal\u00f3c n\u00e9pk\u00f6lt\u00e9si gy\u0171jtem\u00e9ny l\u00e1tott napvil\u00e1got. Kov\u00e1cs \u00c1gnes a <em>N\u00e9pmesegy\u0171jt\u00e9s <\/em>(1956) c\u00edm\u0171 tanulm\u00e1ny\u00e1ban m\u00e9gis jogosan \u00edrhatta, hogy <em>\u201eN\u00f3gr\u00e1d megye a n\u00e9pmesegy\u0171jt\u00e9s szempontj\u00e1b\u00f3l hossz\u00fa ideig \u00fagysz\u00f3lv\u00e1n feh\u00e9r foltnak sz\u00e1m\u00edtott\u201d<\/em>, akkori sz\u00e1mvet\u00e9se csup\u00e1n 16 N\u00f3gr\u00e1d megyei publik\u00e1lt mesesz\u00f6vegr\u0151l tud. A n\u00f3gr\u00e1di meseanyag gazdags\u00e1g\u00e1t els\u0151sorban \u00e9s mindenekel\u0151tt Dobos Ilona \u00e9rsekvadkerti gy\u0171jt\u00e9sei \u00e9rz\u00e9keltett\u00e9k \u2013 \u00e1llap\u00edtotta meg Kov\u00e1cs \u00c1gnes 1980-ban, a <em>N\u00f3gr\u00e1dsipek <\/em>tanulm\u00e1nyk\u00f6tetben megjelent tanulm\u00e1ny\u00e1ban.\u00a0<\/p>\n\n\n\n<p>(<a href=\"https:\/\/opus-folyoirat.sk\/?page_id=4540\">olvass tov\u00e1bb<\/a>)<\/p>\n\n\n\n<hr class=\"wp-block-separator has-alpha-channel-opacity is-style-wide\"\/>\n\n\n\n<p class=\"has-medium-font-size\">Dr. Kiss L\u00e1szl\u00f3<\/p>\n\n\n\n<p><strong>J\u00f3kai M\u00f3r a magyar Verne?<\/strong><\/p>\n\n\n\n<p>Sz\u00e1z\u00f6tven \u00e9vvel ezel\u0151tt, 1875-ben k\u00f6z\u00f6lte az \u00dcst\u00f6k\u00f6s c. lap J\u00f3kai M\u00f3r \u201eEg\u00e9sz az \u00e9szaki p\u00f3lusig! vagy: Reg\u00e9ny egy a haj\u00f3n h\u00e1tramaradt matr\u00f3z feljegyz\u00e9sei ut\u00e1n (1876)&#8221; c. m\u0171v\u00e9t. A k\u00f6vetkez\u0151 \u00e9vben \u00f6n\u00e1ll\u00f3 kiadv\u00e1nyk\u00e9nt, k\u00e9t k\u00f6tetben meg is jelent a reg\u00e9ny. Az a reg\u00e9ny, melyr\u0151l az irodalomt\u00f6rt\u00e9n\u00e9szek egy r\u00e9sze azt tartja, hogy \u201evernei\u00e1da&#8221; a jav\u00e1b\u00f3l, hiszen az \u00dcst\u00f6k\u00f6sben ilyen alc\u00edmmel jelent meg: \u201eJules Verne oktat\u00e1sai szerint \u00edrta Kakas M\u00e1rton&#8221;. Nos, azonban \u00e9ppen ez az utal\u00e1s az, ami miatt az irodalomt\u00f6rt\u00e9n\u00e9szek m\u00e1sik r\u00e9sze nem hiszi, hogy e munk\u00e1ja lapj\u00e1n J\u00f3kai meg\u00e9rdemeln\u00e9 a \u201emagyar Verne&#8221; c\u00edmet.<\/p>\n\n\n\n<p>(<a href=\"https:\/\/opus-folyoirat.sk\/?page_id=4302\">olvass tov\u00e1bb<\/a>)<\/p>\n\n\n\n<hr class=\"wp-block-separator has-alpha-channel-opacity is-style-wide\"\/>\n\n\n\n<p class=\"has-medium-font-size\">Kov\u00e1cs Bal\u00e1zs<\/p>\n\n\n\n<p id=\"block-61db2af9-aeb4-4088-a5e0-1873732c54d0\"><strong>P\u00e9terfala hat\u00e1r\u00e1ban T\u0151zs\u00e9r \u00c1rp\u00e1ddal<\/strong><\/p>\n\n\n<div class=\"wp-block-image\">\n<figure class=\"alignright size-full is-resized\"><img loading=\"lazy\" decoding=\"async\" width=\"300\" height=\"240\" src=\"http:\/\/opus-folyoirat.sk\/wp-content\/uploads\/2019\/02\/T\u0151zs\u00e9r-\u00c1rp\u00e1d.jpg\" alt=\"\" class=\"wp-image-694\" style=\"width:236px;height:auto\"\/><figcaption class=\"wp-element-caption\">T\u0151zs\u00e9r \u00c1rp\u00e1d<\/figcaption><\/figure><\/div>\n\n\n<p id=\"block-aaeaa6e6-8bd0-4c6f-b824-4e94e9b4eaad\">\u201eMint egy keresztrejtv\u00e9ny, olyan a t\u00e1j. \/ Megfejt\u00e9sk\u00e9nt versem \u00edrom bele\u02ee \u2013 ezek a sorok j\u00e1rnak az eszemben, ahogy ny\u00e1r v\u00e9g\u00e9n, n\u00e9h\u00e1ny napot elt\u00f6ltve a&nbsp;keresztsz\u00fcleimn\u00e9l, G\u00f6m\u00f6rorsz\u00e1g \u201el\u00f3g\u00f3 vakbel\u00e9n\u02ee, vagyis legd\u00e9libb cs\u00fccsk\u00e9ben bandukolok. Dobfenekr\u0151l haladva egy-k\u00e9t kilom\u00e9ter ut\u00e1n a f\u0151\u00fat elt\u00e9r balra, a szomsz\u00e9d falu \u2013 T\u0151zs\u00e9r \u00c1rp\u00e1d sz\u00fcl\u0151helye \u2013, a jelenleg k\u00f6r\u00fclbel\u00fcl k\u00e9tsz\u00e1z l\u00e9leksz\u00e1m\u00fa G\u00f6m\u00f6rp\u00e9terfala fel\u00e9, s&nbsp;a&nbsp;kanyarban egy ak\u00e1cfa \u00e1rny\u00e9k\u00e1ban v\u00e9lhet\u0151en megl\u00e1tom azt a frissen feket\u00e9re m\u00e1zolt \u00fatsz\u00e9li keresztet, melynek l\u00e1tt\u00e1n T\u0151zs\u00e9rnek a nevezetes gyalogos haza\u00fatjai sor\u00e1n sz\u00e1mtalanszor a&nbsp;<em>tork\u00e1ba ugrott a&nbsp;sz\u00edve<\/em>, s&nbsp;melyr\u0151l azt besz\u00e9lt\u00e9k, \u00e9jszak\u00e1nk\u00e9nt boszork\u00e1ny, borj\u00fa nagys\u00e1g\u00fa fekete kutya \u0151rzi. Szemmel l\u00e1that\u00f3an gyakran gondozz\u00e1k, a betonalapra elhelyezett n\u00e9h\u00e1ny sz\u00e1l vir\u00e1got tartalmaz\u00f3 v\u00e1z\u00e1n k\u00edv\u00fcl m\u00e9g egy apr\u00f3cska m\u00e9cses is pisl\u00e1kol el\u0151tte. Manaps\u00e1g m\u00e1r minden bizonnyal csak elv\u00e9tve k\u00f6zlekednek gyalog az emberek P\u00e9terfala ir\u00e1ny\u00e1ba. A&nbsp;nagy sebess\u00e9get biztos\u00edt\u00f3, k\u00e1ty\u00famentes, \u00fajraaszfaltozott \u00faton a&nbsp;k\u00fcl\u00f6nb\u00f6z\u0151 g\u00e9pj\u00e1rm\u0171vekkel elsuhanva, gyan\u00edthat\u00f3an nemigen tulajdon\u00edtanak ilyesfajta misztikus k\u00e9pzett\u00e1rs\u00edt\u00e1sokat, de legal\u00e1bbis nagy jelent\u0151s\u00e9get annak a keresztnek, ha ugyan felkelti a&nbsp;figyelm\u00fcket, s&nbsp;nem csak az ifj\u00fa k\u00f6lt\u0151k\u00e9t \u2013&nbsp; ha ugyan \u00e9lnek m\u00e9g arrafel\u00e9 ifj\u00fa k\u00f6lt\u0151k.&nbsp;<\/p>\n\n\n\n<p>(<a href=\"https:\/\/opus-folyoirat.sk\/?page_id=4507\">olvass tov\u00e1bb<\/a>)<\/p>\n\n\n\n<hr class=\"wp-block-separator has-alpha-channel-opacity is-style-wide\"\/>\n\n\n\n<p class=\"has-medium-font-size\">Tam\u00e1si Orosz J\u00e1nos<\/p>\n\n\n\n<p><strong>\u201e\u2026jajgat az erd\u0151 \u00e9s a temet\u0151\u2026\u201d<\/strong><br><em>Zirig \u00c1rp\u00e1d tizedik k\u00f6tet\u00e9r\u0151l<\/em><\/p>\n\n\n\n<p>Zirig \u00c1rp\u00e1d: egyszerre szobor \u00e9s talapzat, kisplasztika \u00e9s posztamens. Az el\u0151bbi k\u00f6ztereinken magasodik, sohasem t\u00e1jidegen, de <em>jelenl\u00e9te<\/em> gyakorta a led\u00f6nt\u00e9sig ingerli a kiz\u00f6kkent id\u0151k t\u00f6rt\u00e9nelm\u00e9nek percemberk\u00e9it; az ut\u00f3bbi, ha felker\u00fcl a nappali- \u00e9s\/vagy dolgoz\u00f3szob\u00e1k polc\u00e1ra, \u00f6r\u00f6kk\u00f6n eml\u00e9keztet a t\u00e1jra, amelyb\u0151l v\u00e9tetett, s a v\u00e9tkes t\u00f6rt\u00e9nelemre, amely ellene tette ezt. V\u00e9tett. S amely m\u00falhat \u00edgy, vagy \u00fagy, hozhat \u2013 felsz\u00edn\u00e9n \u2013 \u00e1tmeneti nyugalmat, m\u00e9ly\u00e9ben mind\u00f6r\u00f6kk\u00e9 ott marad a konokul \u0151rz\u00f6tt megtart\u00f3 akarat. (Pontosabban id\u00e9zve: \u201e\u2026<em>konokul tov\u00e1bb \/ \u0151rz\u00f6m a megtart\u00f3 \/ akaratot<\/em>\u201d \/\u0150rz\u00f6m\/).&nbsp;<\/p>\n\n\n\n<p><\/p>\n\n\n\n<p>(<a href=\"https:\/\/opus-folyoirat.sk\/?page_id=4269\">olvass tov\u00e1bb<\/a>)<\/p>\n\n\n\n<hr class=\"wp-block-separator has-alpha-channel-opacity is-style-wide\"\/>\n\n\n\n<p class=\"has-medium-font-size\" style=\"text-transform:uppercase\">Fekete T\u00fcnde<\/p>\n\n\n\n<p><strong>P\u00f3da Erzs\u00e9bet: Forgatag (k\u00f6nyvrecenzi\u00f3)<\/strong><\/p>\n\n\n\n<p><\/p>\n\n\n<div class=\"wp-block-image\">\n<figure class=\"alignright size-full is-resized\"><img loading=\"lazy\" decoding=\"async\" width=\"714\" height=\"900\" src=\"https:\/\/opus-folyoirat.sk\/wp-content\/uploads\/2025\/12\/Poda-Erzsebet-Forgatag-recenzio.jpeg\" alt=\"\" class=\"wp-image-3379\" style=\"width:265px;height:auto\" srcset=\"https:\/\/opus-folyoirat.sk\/wp-content\/uploads\/2025\/12\/Poda-Erzsebet-Forgatag-recenzio.jpeg 714w, https:\/\/opus-folyoirat.sk\/wp-content\/uploads\/2025\/12\/Poda-Erzsebet-Forgatag-recenzio-238x300.jpeg 238w\" sizes=\"auto, (max-width: 714px) 100vw, 714px\" \/><\/figure><\/div>\n\n\n<p>T\u00f6bb mint egy k\u00f6nyv \u2013 egy \u00fajdons\u00e1g, egy \u00e9letm\u0171 s megannyi t\u00f6rt\u00e9net. Egy olyan k\u00f6nyv, amelyben nem csup\u00e1n t\u00f6rt\u00e9netek sorakoznak egym\u00e1s ut\u00e1n, hanem sorsok, lelki vil\u00e1gok tal\u00e1lkoznak, titkok \u00e9s felismer\u00e9sek hull\u00e1mai h\u00f6mp\u00f6ly\u00f6gnek v\u00e9gig rajta \u2013 ahogyan azt m\u00e1r a c\u00edme is \u00edg\u00e9ri:&nbsp;<em>Forgatag<\/em>. A fogalomv\u00e1laszt\u00e1s tal\u00e1l\u00f3bb nem is lehetne. A&nbsp;<em>forgatag<\/em>&nbsp;ugyanis nem csak mozg\u00e1st jelent, hanem mindazt az \u00e9rzelmi \u00f6rv\u00e9nyt, amelyen b\u00e1rhogy harcolunk is ellene mindny\u00e1junk \u00e9lete sor\u00e1n kereszt\u00fclmegy: szerelmet, gy\u00e1szt, v\u00e1gy\u00f3d\u00e1st, rem\u00e9nyt, \u00f6sszetartoz\u00e1st \u00e9s d\u00f6nt\u00e9seket, melyek n\u00e9ha felemelnek, m\u00e1skor megsebeznek.<br>Ez a k\u00f6tet olyan, mint amikor hirtelen meg\u00e1llunk egy v\u00e1s\u00e1ri forgatag k\u00f6zep\u00e9n, megfagy az id\u0151, \u00e9s egyszerre r\u00e1j\u00f6v\u00fcnk: mennyi sors, mennyi t\u00f6rt\u00e9net suhan el mellett\u00fcnk egy szempillant\u00e1s alatt \u2013 \u00e9s ezek mind benn\u00fcnk visszhangzanak. Olvas\u00e1sa k\u00f6zben az az \u00e9rz\u00e9s\u00fcnk t\u00e1mad, mint amikor valaki halkan f\u00e9lreh\u00fazza a f\u00fcgg\u00f6nyt saj\u00e1t \u00e9lete ablaka el\u0151tt, \u00e9s beenged minket. Megmutatja mindazt, amit az ember rendszerint elz\u00e1r a vil\u00e1g el\u0151l saj\u00e1t mag\u00e1ban, abba a mikrokozmoszba, ami csak az \u00f6v\u00e9, amit senki nem l\u00e1that. A sebeket, a val\u00f3s v\u00e1gyakat, a f\u00e9lelmeket, a csendbe z\u00e1rt igazs\u00e1gokat.<\/p>\n\n\n\n<p>(<a href=\"https:\/\/opus-folyoirat.sk\/?page_id=3378\" data-type=\"link\" data-id=\"https:\/\/opus-folyoirat.sk\/?page_id=3378\">olvass tov\u00e1bb<\/a>)<\/p>\n\n\n\n<hr class=\"wp-block-separator has-alpha-channel-opacity is-style-wide\"\/>\n\n\n\n<p class=\"has-medium-font-size\">N\u00e9meth Istv\u00e1n P\u00e9ter<\/p>\n\n\n\n<h1 class=\"wp-block-heading\"><br>Tapolcai lev\u00e9l Somly\u00f3 Gy\u00f6rgyr\u0151l a Bogl\u00e1riaknak<\/h1>\n\n\n<div class=\"wp-block-image\">\n<figure class=\"alignright size-large is-resized\"><a href=\"https:\/\/opus-folyoirat.sk\/wp-content\/uploads\/2026\/01\/Nemeth-Istvan-Peter-a-tapolcai-Malom-tonal.jpg\"><img loading=\"lazy\" decoding=\"async\" width=\"768\" height=\"1024\" src=\"https:\/\/opus-folyoirat.sk\/wp-content\/uploads\/2026\/01\/Nemeth-Istvan-Peter-a-tapolcai-Malom-tonal-768x1024.jpg\" alt=\"\" class=\"wp-image-4448\" style=\"width:197px;height:auto\" srcset=\"https:\/\/opus-folyoirat.sk\/wp-content\/uploads\/2026\/01\/Nemeth-Istvan-Peter-a-tapolcai-Malom-tonal-768x1024.jpg 768w, https:\/\/opus-folyoirat.sk\/wp-content\/uploads\/2026\/01\/Nemeth-Istvan-Peter-a-tapolcai-Malom-tonal-225x300.jpg 225w, https:\/\/opus-folyoirat.sk\/wp-content\/uploads\/2026\/01\/Nemeth-Istvan-Peter-a-tapolcai-Malom-tonal.jpg 886w\" sizes=\"auto, (max-width: 768px) 100vw, 768px\" \/><\/a><\/figure><\/div>\n\n\n<p id=\"block-847f0697-6cfd-4dba-8240-4864aa111d6c\">Igen, k\u00f6sz\u00f6ntlek Benneteket innen Tapolc\u00e1r\u00f3l \u2013 ott Bogl\u00e1ron, m\u00e1r k\u00e9sz\u00fcl\u00f6k az idei K\u00f6lt\u00e9szet Napj\u00e1ra Hozz\u00e1tok. De hogy addig \u00f6sszek\u00f6ssem a t\u00f3 k\u00e9t partj\u00e1t, hadd k\u00fcldjek egy irodalomt\u00f6rt\u00e9neti dolgozatba hajl\u00f3 episztol\u00e1t, hamar\u00e9bb j\u00f6n meg tal\u00e1n a tavasz is, ha m\u00e1r \u00edrtam <em>T\u00f3-tavasz\u00edt\u00f3 <\/em>verset is m\u00e9g a m\u00falt \u00e9vezredben a G\u00f6mbkil\u00e1t\u00f3 alatt ott, szemben az itteni oldalon k\u00e9kl\u0151 F\u00fcl\u00f6p-heggyel.<\/p>\n\n\n\n<p id=\"block-bc722f0d-8b39-43e9-86da-11b0f2ebeb62\">Ha Bogl\u00e1r, akkor l\u00edra, \u00e9s az ott sz\u00fcletett Somly\u00f3 Gy\u00f6rgy b\u00f6lcs\u0151helye. \u00c9desapja, Somly\u00f3 Zolt\u00e1n k\u00f6tet\u00e9ben azt olvastam, hogy a budai Krusp\u00e9r utc\u00e1ban sz\u00fcletett a fia. Az nem lehet, gondoltam, hiszen Somly\u00f3 Gy\u00f6rgy anyak\u00f6nyvi kivonata szerint is bogl\u00e1ri.<\/p>\n\n\n\n<p><\/p>\n\n\n\n<p>(<a href=\"https:\/\/opus-folyoirat.sk\/?page_id=4445\">olvass tov\u00e1bb<\/a>)<\/p>\n\n\n\n<hr class=\"wp-block-separator has-alpha-channel-opacity is-style-wide\"\/>\n\n\n\n<p class=\"has-medium-font-size\">Tam\u00e1si Orosz J\u00e1nos<\/p>\n\n\n\n<p><strong>A k\u00e9nyelmetlen Esterh\u00e1zy<\/strong><\/p>\n\n\n\n<p>K\u00e9nyelmetlen darab \u00c9bert Tibor\u00e9: az Esterh\u00e1zy. Legal\u00e1bb annyira az, mint amennyire k\u00e9nyelmetlen volt (?) Esterh\u00e1zy J\u00e1nos jelenl\u00e9te a t\u00f6rt\u00e9nelem sz\u00ednpad\u00e1n. Egy k\u00fcl\u00f6n\u00f6s magyar arisztokrata, aki kisebbs\u00e9gi politikusk\u00e9nt sz\u00e1llt szembe mindenfajta diktat\u00far\u00e1val: Hitler\u00e9vel, Bene\u0161\u00e9vel, Szt\u00e1lin\u00e9val; a t\u00f6bbs\u00e9gi er\u0151 embertelen fitogtat\u00e1s\u00e1val. Amely, ha filoz\u00f3fiai s\u00edkokhoz k\u00f6zel\u00edt\u00fcnk a k\u00e9rd\u00e9s felvet\u00e9s\u00e9vel, egy\u00e9rtelm\u0171en t\u00f6bbs\u00e9gi f\u00e9lelem \u00e9s gyenges\u00e9g: hiszen n\u00e9pek leig\u00e1z\u00e1s\u00e1ra, kitelep\u00edt\u00e9s\u00e9re, kiirt\u00e1s\u00e1ra, de ak\u00e1rcsak egyp\u00e1rtrendszerre, monolitikus hatalomgyakorl\u00e1sra, tankdiplom\u00e1ci\u00e1ra csak m\u00faland\u00f3 hatalmak v\u00e1llalkoznak. Akik nagyonis tiszt\u00e1ban vannak e m\u00faland\u00f3s\u00e1ggal; fiaikat \u00e9s unok\u00e1ikat \u2013 a d\u00f6rzs\u00f6ltebbje! \u2013 tal\u00e1n \u00e9pp ez\u00e9rt neveli a \u201emegtagadva meg\u0151rizni\u201d politik\u00e1j\u00e1nak elsaj\u00e1t\u00edt\u00e1s\u00e1ra&#8230;<\/p>\n\n\n\n<p><br>(<a href=\"https:\/\/opus-folyoirat.sk\/?page_id=4265\">olvass tov\u00e1bb<\/a>)<\/p>\n\n\n\n<hr class=\"wp-block-separator has-alpha-channel-opacity is-style-wide\"\/>\n\n\n\n<p class=\"has-medium-font-size\">Hogya Gy\u00f6rgy<\/p>\n\n\n\n<p><strong>Gondolatok a mleccsavesz\u00e9lyr\u0151l<\/strong><\/p>\n\n\n\n<p>A mleccsa kifejez\u00e9st az indiaiak a VIII. sz\u00e1zadban \u00e9s a k\u00e9s\u0151bbi id\u0151szakban megjelen\u0151 muszlim keresked\u0151kre \u00e9s kalandorokra haszn\u00e1lt\u00e1k.<\/p>\n\n\n\n<p>India gazdag kir\u00e1lyai d\u00f6lyf\u00f6s len\u00e9z\u00e9ssel kezelt\u00e9k az \u00e9szak-nyugat fel\u0151l besziv\u00e1rg\u00f3 muszlimokat. \u00c9ppannyira tartott\u00e1k \u0151ket, mint a tadzsikokat vagy turusk\u00e1kat (t\u00f6r\u00f6k eredet\u0171 n\u00e9pek), vagyis nem sokra. \u00c9s persze, nem f\u00e9ltek t\u0151l\u00fck. A mleccsa teh\u00e1t a g\u00f6r\u00f6g\u00f6k \u00e1ltal az \u00e9szaki n\u00e9pekre haszn\u00e1lt barb\u00e1r (dadog\u00f3), esetleg a k\u00ednaiak \u00e1ltal haszn\u00e1lt j\u00f3val finomabb, \u201ebalra gombol\u00f3\u201d kifejez\u00e9ssel azonos \u00e9rt\u00e9k\u0171, azok szinonim\u00e1ja. (A k\u00ednaiak ezzel a kifejez\u00e9ssel jelezt\u00e9k len\u00e9z\u00e9s\u00fcket a barb\u00e1rokkal, mleccs\u00e1kkal szemben, val\u00f3sz\u00edn\u0171leg arra utalva, hogy ezek a n\u00e9pek m\u00e9g az \u00f6lt\u00f6zk\u00f6d\u00e9s alapszab\u00e1lyaival sincsenek tiszt\u00e1ban. \u0150k, term\u00e9szetesen, jobbra gombolt\u00e1k a ruh\u00e1jukat.)<\/p>\n\n\n\n<p>(<a href=\"https:\/\/opus-folyoirat.sk\/?page_id=4226\">olvass tov\u00e1bb<\/a>)<\/p>\n\n\n\n<hr class=\"wp-block-separator has-alpha-channel-opacity is-style-wide\"\/>\n\n\n\n<p class=\"has-medium-font-size\">Tam\u00e1si Orosz J\u00e1nos<\/p>\n\n\n\n<p><strong>\u201e&#8230;a l\u00e9legzet hajladoz\u00f3 vir\u00e1gai&#8230;\u201d<\/strong><\/p>\n\n\n<div class=\"wp-block-image\">\n<figure class=\"alignright size-large is-resized\"><img loading=\"lazy\" decoding=\"async\" width=\"1024\" height=\"682\" src=\"http:\/\/opus-folyoirat.sk\/wp-content\/uploads\/2023\/11\/01_TamasiOroszJanos-1024x682.jpg\" alt=\"\" class=\"wp-image-991\" style=\"width:176px;height:auto\" srcset=\"https:\/\/opus-folyoirat.sk\/wp-content\/uploads\/2023\/11\/01_TamasiOroszJanos-1024x682.jpg 1024w, https:\/\/opus-folyoirat.sk\/wp-content\/uploads\/2023\/11\/01_TamasiOroszJanos-300x200.jpg 300w, https:\/\/opus-folyoirat.sk\/wp-content\/uploads\/2023\/11\/01_TamasiOroszJanos-768x512.jpg 768w, https:\/\/opus-folyoirat.sk\/wp-content\/uploads\/2023\/11\/01_TamasiOroszJanos-1536x1024.jpg 1536w, https:\/\/opus-folyoirat.sk\/wp-content\/uploads\/2023\/11\/01_TamasiOroszJanos-2048x1365.jpg 2048w, https:\/\/opus-folyoirat.sk\/wp-content\/uploads\/2023\/11\/01_TamasiOroszJanos-450x300.jpg 450w\" sizes=\"auto, (max-width: 1024px) 100vw, 1024px\" \/><\/figure><\/div>\n\n\n<p>A k\u00f6lt\u00e9szet vil\u00e1g\u00e1val, gyakorlat\u00e1val ismerked\u0151 modern parnasszist\u00e1k t\u00f6bbnyire abban \u00f6nmaguknak egy mindaddig j\u00e1ratlan, ismeretlen, \u0151ket felismerhet\u0151v\u00e9 t\u00e9v\u0151 hang\u00f6sv\u00e9ny felkutat\u00e1s\u00e1t jel\u00f6lik ki. Valahogy \u00fagy, ahogyan Dan Teodorovici reg\u00e9ny\u00e9nek h\u0151se teszi, amikor kitapossa a \u201e<em>tal\u00e1n m\u00e9g nem el\u00e9g k\u00e9nyelmes \u00e9s sima<\/em>\u201d, de az \u201e<em>\u00e1ltala \u00e9s csakis \u00e1ltala kitaposott<\/em>\u201d \u00f6sv\u00e9nyt a friss h\u00f3ban. K\u00e9t h\u00f3es\u00e9s k\u00f6z\u00f6tt, tegy\u00fck hozz\u00e1, hiszen ez is a l\u00e9nyeg fontos \u00f6sszetev\u0151je; az \u00e1ltalunk kitaposott \u00f6sv\u00e9ny, t\u0171nj\u00f6n b\u00e1rmennyire maradand\u00f3nak, mindig ill\u00fazi\u00f3 \u2013 az ember t\u00f6rt\u00e9net\u00e9ben csak az olykori h\u00f3szakad\u00e1s az \u00e1lland\u00f3 (s ellenk\u00e9pe, az <em>in illo tempore<\/em>) mely, az ill\u00fazi\u00f3, ilyen-olyan t\u00f6rt\u00e9nelmi v\u00e1ltoz\u00e1sok sodr\u00e1nak arcaiban mindig elfedi az ak\u00e1r a f\u00f6ld sz\u00edv\u00e9ig taposott \u00fatjainkat, \u00f6sv\u00e9nyeinket. M\u00e9gis, k\u00fcl\u00f6n\u00f6sen a parnasszista k\u00f6lt\u0151k, folyton nekiveselked\u00fcnk az \u00e1tj\u00e1r\u00f3k s \u00e1ramlatok kiismer\u00e9s\u00e9nek, a titkok felt\u00e1r\u00e1s\u00e1nak, \u00e9s, tal\u00e1n mindenekel\u0151tt, a saj\u00e1t \u00fat elfogad\u00e1s\u00e1nak. Ezen k\u00f6zben sokszor a kellet\u00e9n\u00e9l jobban sikkadnak el el\u0151deik nyomai, a sokszor m\u00e1r l\u00e1thatatlanok, a hat\u00e1s, ami ott rezd\u00fcl eml\u00e9kk\u00e9nt a j\u00e1ratlannak hitt \u00fat porszemeiben, a k\u00f6rnyez\u0151 f\u00e1k terelget\u0151 pillant\u00e1saiban, az \u00e1gak \u00f6sszen\u00e9z\u00e9s\u00e9ben, de kiv\u00e1ltk\u00e9pp a f\u0171sz\u00e1lak b\u00e1tor\u00edt\u00f3 tekintet\u00e9ben: menj, haladj tov\u00e1bb, akarj n\u00e1lunk leb\u00edrhatatlanabb\u00e1 v\u00e1lni; \u00e1m, amit mondhatn\u00e1nak m\u00e9g, arr\u00f3l hallgatnak.<\/p>\n\n\n\n<p>(<a href=\"https:\/\/opus-folyoirat.sk\/?page_id=4080\">olvass tov\u00e1bb<\/a>)<\/p>\n\n\n\n<hr class=\"wp-block-separator has-alpha-channel-opacity is-style-wide\"\/>\n\n\n\n<p class=\"has-medium-font-size\">Hogya Gy\u00f6rgy<\/p>\n\n\n\n<p><strong>F\u00e9lre\u00e9rt\u00e9sek \u00e9s f\u00e9lremagyar\u00e1z\u00e1sok<\/strong><\/p>\n\n\n\n<p>A f\u00e9lre\u00e9rt\u00e9s \u00e9s f\u00e9lremagyar\u00e1z\u00e1s jelens\u00e9ge r\u00e9gen \u00e9s konokul k\u00eds\u00e9ri \u00e9let\u00fcnket, ami\u00f3ta eszm\u00e9l\u00e9s\u00fcnk tart, s a legnagyobb gond, hogy az \u201eember nem tudja eltal\u00e1lni, \u2026tulajdonk\u00e9ppen hol is vagyon az igazs\u00e1g\u201d \u2013 mint Kr\u00fady mondotta volt.<br>Kivel nem t\u00f6rt\u00e9nt meg, hogy rosszul olvasott el egy sz\u00f6veget, holott l\u00e1tta, hogy azok a bizonyos bet\u0171k m\u00e1s sorrendben vannak, a szeme (vagy valami m\u00e1s?) m\u00e9gis egy \u00faj \u00e9rtelmez\u00e9st r\u00f6gz\u00edtett? Csak amikor az agy megpr\u00f3b\u00e1lja a hib\u00e1san olvasott sz\u00f3t beleilleszteni az eg\u00e9sz mondat sz\u00f6vet\u00e9be, \u00e9s az \u00edgy \u00f6ssze\u00e1llt sz\u00f6veget meg\u00e9rteni nem tudv\u00e1n berzenkedni kezd az \u00e9rtelmetlens\u00e9g ellen, akkor d\u00f6nt az ember a m\u00e1sodik olvasat mellett, s ekkor d\u00f6bben r\u00e1, val\u00f3j\u00e1ban mit is takar a sz\u00f6veg.<\/p>\n\n\n\n<p>(<a href=\"https:\/\/opus-folyoirat.sk\/?page_id=4222\">olvass tov\u00e1bb<\/a>)<\/p>\n\n\n\n<hr class=\"wp-block-separator has-alpha-channel-opacity is-style-wide\"\/>\n\n\n\n<p class=\"has-medium-font-size\">Tam\u00e1si Orosz J\u00e1nos<\/p>\n\n\n\n<p><strong>\u201e\u2026mindig a mindens\u00e9g ikerr\u00e9sze voltam\u2026<\/strong><br><em>Eml\u00e9ksorok a sz\u00e1zesztend\u0151s Monoszl\u00f3y Dezs\u0151r\u0151l<\/em><\/p>\n\n\n<div class=\"wp-block-image\">\n<figure class=\"alignright size-full is-resized\"><img loading=\"lazy\" decoding=\"async\" width=\"622\" height=\"479\" src=\"https:\/\/opus-folyoirat.sk\/wp-content\/uploads\/2026\/01\/monoszloy-dezso.webp\" alt=\"\" class=\"wp-image-4259\" style=\"width:253px;height:auto\" srcset=\"https:\/\/opus-folyoirat.sk\/wp-content\/uploads\/2026\/01\/monoszloy-dezso.webp 622w, https:\/\/opus-folyoirat.sk\/wp-content\/uploads\/2026\/01\/monoszloy-dezso-300x231.webp 300w, https:\/\/opus-folyoirat.sk\/wp-content\/uploads\/2026\/01\/monoszloy-dezso-390x300.webp 390w\" sizes=\"auto, (max-width: 622px) 100vw, 622px\" \/><\/figure><\/div>\n\n\n<p>\u201e\u2026vil\u00e1gpolg\u00e1r\u201d, \u00edrja Monoszl\u00f3y Dezs\u0151r\u0151l T\u00f3th L\u00e1szl\u00f3, \u201ea kisebbs\u00e9gi l\u00e9tbe szor\u00edtotts\u00e1g s a t\u00f6bbsz\u00f6r\u00f6sen kisebbs\u00e9gi sorstapasztalataival \u00e9s -\u00e9lm\u00e9nyeivel, az \u00f6r\u00f6k\u00f6s otthonkeres\u00e9s \u00e9s eredend\u0151 haz\u00e1tlans\u00e1g egym\u00e1snak fesz\u00fcl\u00e9seivel\u201d. T\u0171pontos megfogalmaz\u00e1s, noha sz\u00e1mos kaput nyit ak\u00e1r Monoszl\u00f3y sors\u00e1nak megfejt\u00e9se, ak\u00e1r a hasonl\u00f3 sorsot bej\u00e1r\u00f3 \u201ek\u00f6z\u00e9p-eur\u00f3pais\u00e1g\u201d \u00e9let\u00e9rz\u00e9s\u00e9nek, az identit\u00e1skeres\u00e9s labirintus\u00e1nak kij\u00e1rata (mely persze mindig egy \u00fajabb bej\u00e1rat) fel\u00e9. Monoszl\u00f3y tizenegy \u00e9v h\u00edj\u00e1n sz\u00e1z esztend\u0151t \u00e9lt, \u00e9s ezen \u00e9vtizedekre pillantva \u00e9rthetj\u00fck meg igaz\u00e1n azt: amit most tragikusnak \u00e9s j\u00f3v\u00e1tehetetlennek gondolunk, \u00e9l\u00fcnk meg, az egy r\u00e9szt semmiben sem \u00faj, m\u00e1s r\u00e9szt ink\u00e1bb a t\u00e1vlatokra ir\u00e1ny\u00edtja tekintet\u00fcnket. \u00c9lni annyi, mint eml\u00e9kezni \u00e9s eml\u00e9keztetni \u2013 akkor is, ha az eml\u00e9keket mindig k\u00e9ts\u00e9gbe vonj\u00e1k s az eml\u00e9keztet\u00e9sek megtal\u00e1lj\u00e1k a maguk s\u00fcket f\u00fcleit. Minden korban. Engedtess\u00e9k meg ennyi ir\u00f3nia, ez szinte kij\u00e1r itt Monoszl\u00f3ynak, aki maga is ink\u00e1bb \u00e9lt az abszurd helyzetekkel, a sz\u00fcrre\u00e1lis \u00e1br\u00e1zol\u00e1ssal; kafkai, \u00edrt\u00e1k sokan \u00edr\u00f3i eszk\u00f6zt\u00e1ra jellemz\u0151jek\u00e9nt; noha mind\u00f6ssze tal\u00e1n a fon\u00e1kb\u00f3l indult ki, a dolgok vissz\u00e1j\u00e1b\u00f3l, s ha valamit, akkor ezt nagyon fontos lenne eltanulni t\u0151le. \u201ete seg\u00edts m\u00falt \/ ki benned \u00e9ltem \/ v\u00e1llald fel a hazugs\u00e1got \/ lehett\u00e9l volna mened\u00e9kem\u201d \u2013 \u00edrja le egyik vers\u00e9ben a szinte \u00f6r\u00f6k\u00e9rv\u00e9ny\u0171 tanuls\u00e1got t\u00f6rt\u00e9nelemr\u0151l, memo\u00e1rr\u00f3l; szinte, mondom, mert a versr\u00e9szletben rejl\u0151 parabola villantja fel azt, hogy az igazi parabola a folyton v\u00e1ltoz\u00f3 \u00e9rtelmez\u00e9sek illogikus &#8211; percnyi l\u00e9thez k\u00f6t\u0151 &#8211; logik\u00e1ja.&nbsp;<\/p>\n\n\n\n<p><br>(<a href=\"https:\/\/opus-folyoirat.sk\/?page_id=4260\">olvass tov\u00e1bb<\/a>)<\/p>\n\n\n\n<hr class=\"wp-block-separator has-alpha-channel-opacity is-style-wide\"\/>\n\n\n\n<p class=\"has-medium-font-size\" style=\"text-transform:uppercase\">Juh\u00e1sz Korn\u00e9lia<\/p>\n\n\n\n<div class=\"wp-block-group is-vertical is-layout-flex wp-container-core-group-is-layout-8cf370e7 wp-block-group-is-layout-flex\">\n<p><strong>Hokedlik, heged\u0171, hal\u00e1l<\/strong><\/p>\n\n\n\n<p>Z\u00e1vada P\u00e1l \u2013 Egy piaci nap dramatiz\u00e1lt v\u00e1ltozat\u00e1nak bemutat\u00e1sa<\/p>\n<\/div>\n\n\n\n<p>A&nbsp;kom\u00e1romi J\u00f3kai Sz\u00ednh\u00e1z 2025 okt\u00f3ber\u00e9ben helyezte m\u0171sorra a&nbsp;Z\u00e1vada P\u00e1l <em>Egy piaci nap<\/em> c\u00edm\u0171 reg\u00e9nye alapj\u00e1n k\u00e9sz\u00fclt, azonos megnevez\u00e9s\u0171 sz\u00edndarabot. Nem tudom, hogy m\u00e1sok mik\u00e9pp \u00e1llnak ehhez a k\u00e9rd\u00e9shez, de adapt\u00e1ci\u00f3k eset\u00e9ben mindig elgondolkodok azon, hogy \u00e9rdemes-e a&nbsp;dramatikus feldolgoz\u00e1s befogad\u00e1sa el\u0151tt elolvasni vagy \u00fajraolvasni a&nbsp;reg\u00e9nyt vagy ildomosabb hagyni, hogy prekoncepci\u00f3k terhe n\u00e9lk\u00fcl hasson r\u00e1nk a&nbsp;sz\u00edndarab. Szerencs\u00e9re, az <em>Egy piaci nap<\/em> eset\u00e9ben ez majdnem mindegy, mert b\u00e1r a&nbsp;k\u00e9t m\u00e9diumban l\u00e9tez\u0151 alkot\u00e1s alapkonfliktusa azonos, az \u00fctemez\u00e9s, a&nbsp;feldolgoz\u00e1s m\u00f3dja annyira m\u00e1shov\u00e1 helyezi a&nbsp;f\u00f3kuszokat, hogy a&nbsp;befogad\u00e1s sorrendje alapj\u00e1n a&nbsp;Moh\u00e1csi J\u00e1nos rendez\u00e9s\u00e9ben megn\u00e9zhet\u0151 sz\u00edndarab vagy rekl\u00e1mot csin\u00e1lhat a&nbsp;reg\u00e9nynek, vagy kieg\u00e9sz\u00edtheti, \u00e1rnyalhatja, k\u00e9pi eml\u00e9kfoszl\u00e1nyokkal gazdag\u00edthatja az olvas\u00f3i \u00e9lm\u00e9nyt.&nbsp;<\/p>\n\n\n\n<figure class=\"wp-block-image size-large\"><img loading=\"lazy\" decoding=\"async\" width=\"1024\" height=\"449\" src=\"http:\/\/opus-folyoirat.sk\/wp-content\/uploads\/2025\/12\/202509290906040.JKSZEPNWEBCOVER1290x680px1550x680px2-1024x449.png\" alt=\"\" class=\"wp-image-3341\" srcset=\"https:\/\/opus-folyoirat.sk\/wp-content\/uploads\/2025\/12\/202509290906040.JKSZEPNWEBCOVER1290x680px1550x680px2-1024x449.png 1024w, https:\/\/opus-folyoirat.sk\/wp-content\/uploads\/2025\/12\/202509290906040.JKSZEPNWEBCOVER1290x680px1550x680px2-300x132.png 300w, https:\/\/opus-folyoirat.sk\/wp-content\/uploads\/2025\/12\/202509290906040.JKSZEPNWEBCOVER1290x680px1550x680px2-768x337.png 768w, https:\/\/opus-folyoirat.sk\/wp-content\/uploads\/2025\/12\/202509290906040.JKSZEPNWEBCOVER1290x680px1550x680px2-1536x674.png 1536w, https:\/\/opus-folyoirat.sk\/wp-content\/uploads\/2025\/12\/202509290906040.JKSZEPNWEBCOVER1290x680px1550x680px2-500x219.png 500w, https:\/\/opus-folyoirat.sk\/wp-content\/uploads\/2025\/12\/202509290906040.JKSZEPNWEBCOVER1290x680px1550x680px2.png 1550w\" sizes=\"auto, (max-width: 1024px) 100vw, 1024px\" \/><\/figure>\n\n\n\n<p>(<a href=\"https:\/\/opus-folyoirat.sk\/?page_id=3340\" data-type=\"link\" data-id=\"https:\/\/opus-folyoirat.sk\/?page_id=3340\">olvass tov\u00e1bb<\/a>)<\/p>\n\n\n\n<hr class=\"wp-block-separator has-alpha-channel-opacity is-style-wide\"\/>\n\n\n\n<p class=\"has-medium-font-size\">Hogya Gy\u00f6rgy<\/p>\n\n\n\n<p><strong>Eln\u00f6ki adom\u00e1ny<\/strong><\/p>\n\n\n\n<p>2020-ban volt kilencven \u00e9ve annak, hogy Tom\u00e1\u0161 G. Masaryk k\u00f6zt\u00e1rsas\u00e1gi eln\u00f6k szlovenszk\u00f3i k\u00f6r\u00fatja sor\u00e1n Losoncon bejelentette: egymilli\u00f3 koron\u00e1t adom\u00e1nyoz a Csehszlov\u00e1kiai Magyar Tudom\u00e1nyos, Irodalmi \u00e9s M\u0171v\u00e9szeti T\u00e1rsas\u00e1g l\u00e9trehoz\u00e1s\u00e1ra, amelyet r\u00f6viden csak Masaryk Akad\u00e9mi\u00e1nak neveztek. Ezt az egymilli\u00f3 koron\u00e1t az eln\u00f6k a nyolcvanadik sz\u00fclet\u00e9snapj\u00e1ra kapott h\u00faszmilli\u00f3s aj\u00e1nd\u00e9k\u00e1b\u00f3l aj\u00e1nlotta fel erre a nemes c\u00e9lra.<\/p>\n\n\n\n<p>(<a href=\"https:\/\/opus-folyoirat.sk\/?page_id=4217\">olvass tov\u00e1bb<\/a>)<\/p>\n\n\n\n<hr class=\"wp-block-separator has-alpha-channel-opacity is-style-wide\"\/>\n\n\n\n<p class=\"has-medium-font-size\">Tam\u00e1si Orosz J\u00e1nos<\/p>\n\n\n\n<div class=\"wp-block-group is-vertical is-layout-flex wp-container-core-group-is-layout-8cf370e7 wp-block-group-is-layout-flex\">\n<h1 class=\"wp-block-heading\">\u201e&#8230;b\u00e9kess\u00e9ggel sz\u00e1mot vetni&#8230;\u201d<\/h1>\n\n\n\n<p id=\"block-b22b0ae3-37f2-4bab-82a0-8a93116f3261\"><em>Salah b\u00edborost\u00f3l Milan Rufusig; T\u00f3th S\u00e1ndor \u00fajabb verseir\u0151l<\/em><\/p>\n<\/div>\n\n\n<div class=\"wp-block-image\">\n<figure class=\"alignright size-full is-resized\"><img loading=\"lazy\" decoding=\"async\" width=\"353\" height=\"500\" src=\"https:\/\/opus-folyoirat.sk\/wp-content\/uploads\/2026\/01\/Elfelejtett-harmoniak.jpeg\" alt=\"\" class=\"wp-image-4219\" style=\"width:216px;height:auto\" srcset=\"https:\/\/opus-folyoirat.sk\/wp-content\/uploads\/2026\/01\/Elfelejtett-harmoniak.jpeg 353w, https:\/\/opus-folyoirat.sk\/wp-content\/uploads\/2026\/01\/Elfelejtett-harmoniak-212x300.jpeg 212w\" sizes=\"auto, (max-width: 353px) 100vw, 353px\" \/><\/figure><\/div>\n\n\n<p id=\"block-e4ff9ac5-a64c-4ae5-8e0c-4e1035555b6e\">B\u00e1r a k\u00f6lt\u00e9szet kor\u00e1ntsem halott, mik\u00e9pp ezt n\u00e9h\u00e1ny \u00e9vtizede kijelenteni volt b\u00e1tor egy irodalomt\u00f6rt\u00e9n\u00e9sz, annyiban igazat adhatunk neki, hogy a k\u00f6lt\u00e9szet egyre ink\u00e1bb emberiv\u00e9 l\u00e9nyeg\u00fcl. Ami nem f\u00f6lt\u00e9tlen\u00fcl jelent itt dics\u00e9retet. Mert hogyan \u00e9l, viselkedik az ember? Mindazt, ami k\u00f6r\u00fclveszi, <em>birtokolni<\/em> akarja; megh\u00f3d\u00edtja, kitermeli, hasznos\u00edtja, sz\u00e9tszedi \u00e9s \u00f6sszerakja \u2013 rem\u00e9lve, hogy ugyanolyan marad. De nem. \u00cdgy tett kezdeteit\u0151l fogva, s nem adja f\u00f6l \u2013 tal\u00e1n m\u00e1r k\u00e9sz\u00fclnek valahol annak az \u00f3ri\u00e1si fagyaszt\u00f3masin\u00e1nak a tervrajzai, mely (k\u00e9tszer annyi billi\u00f3\u00e9rt, mint amennyit eddig k\u00f6lt\u00f6tt\u00fcnk k\u00f6rnyezet\u00fcnk rombol\u00e1s\u00e1ra) \u2013 visszan\u00f6veszti a sarkvid\u00e9k j\u00e9ghegyeit. De ne tr\u00e9f\u00e1ljam t\u00fal mondand\u00f3m l\u00e9nyeg\u00e9t, <em>T\u00f3th<\/em> <em>S\u00e1ndor<\/em> jeles k\u00f6lt\u0151-kort\u00e1rsunk \u00faj k\u00f6nyv\u00e9nek (<em>Elfelejtett<\/em> <em>harm\u00f3ni\u00e1k<\/em>) aprop\u00f3j\u00e1n k\u00fcl\u00f6n\u00f6sen v\u00e9tek lenne ez, hiszen \u0151t olvasv\u00e1n adekv\u00e1t m\u00f3don \u00e9bred\u00fcnk r\u00e1 arra: a k\u00f6lt\u00e9szet az, ami k\u00f6r\u00fclvesz benn\u00fcnket eszm\u00e9l\u00e9s\u00fcnk pillanatait\u00f3l; lelkis\u00e9g\u00fcnk kiteljes\u00edt\u0151je, minden dolgok l\u00e9nyeg\u00e9nek \u00e9rtelmez\u0151je \u00e9s magyar\u00e1z\u00f3ja, minden \u00e9l\u0151 \u00e9s \u00e9let esszenci\u00e1ja; az a bels\u0151 parancs, amire m\u00e9g csak \u00f6szt\u00f6neink, s majdan k\u00e9s\u0151bb tudatunk reag\u00e1l, \u00f6sszegz\u0151 \u00e9letmint\u00e1j\u00e1val vizsg\u00e1zv\u00e1n abb\u00f3l.<\/p>\n\n\n\n<p>(<a href=\"https:\/\/opus-folyoirat.sk\/?page_id=4083\">olvass tov\u00e1bb<\/a>)<\/p>\n\n\n\n<hr class=\"wp-block-separator has-alpha-channel-opacity is-style-wide\"\/>\n\n\n\n<p class=\"has-medium-font-size\" style=\"text-transform:uppercase\">Hogya Gy\u00f6rgy<\/p>\n\n\n\n<h1 class=\"wp-block-heading\">A t\u00f6rt\u00e9nelmi \u00e9rdekess\u00e9gekr\u0151l<\/h1>\n\n\n\n<p>Az \u00f3kori egyiptomiak \u00fagy v\u00e9lt\u00e9k, \u0151k teremtett\u00e9k a vil\u00e1got, legal\u00e1bbis saj\u00e1t, egyiptomi vil\u00e1gukat, \u00e9s el\u0151tt\u00fck csak vad, primit\u00edv n\u00e9pek \u00e9ltek orsz\u00e1guk ter\u00fclet\u00e9n. Egyszer\u0171bbre ford\u00edtva, saj\u00e1t t\u00f6rt\u00e9nelm\u00fcket el\u0151zm\u00e9ny n\u00e9lk\u00fclinek tartj\u00e1k, mintha az el\u0151tt\u00fck ott \u00e9lt n\u00e9pekt\u0151l semmi sem maradt volna r\u00e1juk. Szerint\u00fck, az \u0151 civiliz\u00e1ci\u00f3juk el\u0151tt, teh\u00e1t 3-4000 \u00e9vel id\u0151sz\u00e1m\u00edt\u00e1sunk el\u0151tt, csup\u00e1n \u201e\u00edr\u00e1studatlan kult\u00far\u00e1k\u201d l\u00e9teztek, mindaddig, m\u00edg az igazi egyiptomi domin\u00e1ns faj el nem hozta az \u00e9p\u00edt\u00e9szet, szobr\u00e1szat, fest\u00e9szet, \u00e9s els\u0151sorban az \u00edr\u00e1s m\u0171v\u00e9szet\u00e9t.<\/p>\n\n\n\n<p>(<a href=\"https:\/\/opus-folyoirat.sk\/?page_id=2836\" data-type=\"page\" data-id=\"2836\">olvass tov\u00e1bb<\/a>)<\/p>\n\n\n\n<hr class=\"wp-block-separator has-alpha-channel-opacity is-style-wide\"\/>\n\n\n\n<p class=\"has-medium-font-size\">Tam\u00e1si Orosz J\u00e1nos<\/p>\n\n\n\n<h1 class=\"wp-block-heading\"><br>Tan\u00fas\u00e1gt\u00e9telk\u00e9nt \u00e9s k\u00f6lt\u0151i var\u00e1zslatk\u00e9nt<\/h1>\n\n\n<div class=\"wp-block-image\">\n<figure class=\"alignright size-full is-resized\"><img loading=\"lazy\" decoding=\"async\" width=\"422\" height=\"700\" src=\"https:\/\/opus-folyoirat.sk\/wp-content\/uploads\/2026\/01\/Sorsmetszetek.jpeg\" alt=\"\" class=\"wp-image-4220\" style=\"width:197px;height:auto\" srcset=\"https:\/\/opus-folyoirat.sk\/wp-content\/uploads\/2026\/01\/Sorsmetszetek.jpeg 422w, https:\/\/opus-folyoirat.sk\/wp-content\/uploads\/2026\/01\/Sorsmetszetek-181x300.jpeg 181w\" sizes=\"auto, (max-width: 422px) 100vw, 422px\" \/><\/figure><\/div>\n\n\n<p id=\"block-bb305222-f46e-4740-a5b7-f0a01eabe500\">Vesz\u00e9lyes, ugyanakkor b\u00e1tor munka Bertha Zolt\u00e1n \u00faj k\u00f6tete (Sorsmetszetek). Mindk\u00e9t jelz\u0151re azonnal visszat\u00e9rek, el\u0151bb azonban skiccelj\u00fck ide a szerz\u0151 arc\u00e9l\u00e9t, mintha csak \u00e1rny\u00e9krajzolat lenne, hiszen kort\u00e1rs irodalomt\u00f6rt\u00e9net-\u00edr\u00e1sunk hatvan fel\u00e9 ballag\u00f3, jelent\u0151s \u00e9letm\u0171vel rendelkez\u0151 alkot\u00f3j\u00e1t tal\u00e1n nem sz\u00fcks\u00e9ges b\u0151vebben laud\u00e1lnunk. Annyit azonban idef\u0171zn\u00e9k r\u00f3la: mivel hasonl\u00f3 korban j\u00e1rok magam is, gondoljunk \u00e9lettartamra, vagy egy\u00e9b kor(moz\u00f3d\u00e1sok) perny\u00e9ire, hossz\u00fa ideje olvashatom munk\u00e1it a friss megk\u00f6zel\u00edt\u00e9s \u00e9lm\u00e9ny\u00e9vel. Teszem ezt azzal a tisztelettel, amit m\u00e1r felt\u0171n\u00e9se idej\u00e9n, a hetvenes-nyolcvanas \u00e9vek fordul\u00f3j\u00e1n kiv\u00edvtak munk\u00e1i. S nem csup\u00e1n azok, hanem tev\u00e9keny ki\u00e1ll\u00e1sa is a korabeli hatalom \u2013 ma m\u00e1r persze tudjuk: ut\u00f3v\u00e9d- &#8211; harcaival szemben. Amikor egy\u00fctt l\u00e1zadt a l\u00e1zad\u00f3kkal; v\u00e9dv\u00e9n Nagy G\u00e1sp\u00e1rt \u00e9s m\u00e1s \u00fcgyeket; amely l\u00e1zad\u00f3kat p\u00e9ld\u00e1ul <em>Sz\u00e9csi Margit<\/em> e szavakkal b\u00e1tor\u00edtott, p\u00f6r\u00f6lv\u00e9n \u00e9rt\u00fck: <em>\u201e\u2026ellenzem, mert m\u00e9ltatlannak tartom, a Tiszat\u00e1j foly\u00f3irat le\u00e1ll\u00edt\u00e1s\u00e1t, szerkeszt\u0151inek lev\u00e1lt\u00e1s\u00e1t Nagy G\u00e1sp\u00e1r, a kiv\u00e1l\u00f3 k\u00f6lt\u0151 verse \u00fcr\u00fcgy\u00e9n \u2026 nem nyugodhatok bele sem foly\u00f3irat, sem ember eln\u00e9m\u00edt\u00e1s\u00e1ba \u2026 szilenciumb\u00f3l soha m\u00e9g b\u00e9kess\u00e9g nem k\u00f6vetkezett \u2026 hogy mi k\u00f6vetkezett: azt az \u00f6tvenes \u00e9vekben m\u00e1r meg\u00e9rt\u00fck s megtudtuk. Amikor lapokat sz\u00fcntettek meg \u2026 amikor a t\u00f6megt\u00e1j\u00e9koztat\u00e1s b\u0171n\u00f6sen egyoldal\u00fa volt \u2026 ezt sem elfeledni, sem megbocs\u00e1tani nem szabad\u201d<\/em>. Nagy nemzed\u00e9kek \u00f6sszekapaszkod\u00e1sa volt ez a tiltakoz\u00f3 lev\u00e9l, egy olyan er\u0151s k\u00e9zszor\u00edt\u00e1s, amelyben ott volt Nagy L\u00e1szl\u00f3\u00e9, Kass\u00e1k\u00e9, N\u00e9meth L\u00e1szl\u00f3\u00e9, aki ott hozta s adta \u00e1t a mag\u00e1\u00e9ban, Sz\u00e9csi Margiton kereszt\u00fcl, a l\u00e1zad\u00f3 J\u00f3zsef Attil\u00e1\u00e9t, F\u00e9ja G\u00e9z\u00e1\u00e9t, vagy Gombos Gyul\u00e1\u00e9t.&nbsp;<\/p>\n\n\n\n<p>(<a href=\"https:\/\/opus-folyoirat.sk\/?page_id=4077\">olvass tov\u00e1bb<\/a>)<\/p>\n\n\n\n<hr class=\"wp-block-separator has-alpha-channel-opacity is-style-wide\"\/>\n\n\n\n<p class=\"has-medium-font-size\">Hogya Gy\u00f6rgy<\/p>\n\n\n\n<p><strong>Mad\u00e1rhal\u00e1l<\/strong><\/p>\n\n\n<div class=\"wp-block-image\">\n<figure class=\"alignright size-large is-resized\"><img loading=\"lazy\" decoding=\"async\" width=\"1024\" height=\"1004\" src=\"http:\/\/opus-folyoirat.sk\/wp-content\/uploads\/2025\/10\/Hogya-1024x1004.jpg\" alt=\"\" class=\"wp-image-2761\" style=\"width:211px;height:auto\" srcset=\"https:\/\/opus-folyoirat.sk\/wp-content\/uploads\/2025\/10\/Hogya-1024x1004.jpg 1024w, https:\/\/opus-folyoirat.sk\/wp-content\/uploads\/2025\/10\/Hogya-300x294.jpg 300w, https:\/\/opus-folyoirat.sk\/wp-content\/uploads\/2025\/10\/Hogya-768x753.jpg 768w, https:\/\/opus-folyoirat.sk\/wp-content\/uploads\/2025\/10\/Hogya-306x300.jpg 306w, https:\/\/opus-folyoirat.sk\/wp-content\/uploads\/2025\/10\/Hogya.jpg 1304w\" sizes=\"auto, (max-width: 1024px) 100vw, 1024px\" \/><\/figure><\/div>\n\n\n<p>Erre a szolg\u00e1lati utamra teljesen v\u00e9letlen\u00fcl ker\u00fclt sor. A koll\u00e9g\u00e1m, aki j\u00e1ratosabb a t\u00e9m\u00e1ban \u00e9s a szolg\u00e1lati utakban, hirtelen megbetegedetett, \u00edgy engem k\u00fcldtek helyette.<\/p>\n\n\n\n<p>A tal\u00e1lkoz\u00f3nak helysz\u00ednt ad\u00f3 vil\u00e1gv\u00e1rosban, minden gond n\u00e9lk\u00fcl megtal\u00e1ltam a sz\u00e1llod\u00e1t \u00e9s a konferencia helysz\u00edn\u00e9t is, ezzel nem volt gond. Az els\u0151 k\u00e9t nap alatt az el\u0151ad\u00e1sokon \u2013 a szinkrontolm\u00e1csok seg\u00edts\u00e9g\u00e9vel \u2013 jegyzeteltem, \u00e9s csak a harmadik nap akadt egy kis id\u0151m arra, hogy k\u00f6r\u00fcln\u00e9zzek a v\u00e1rosban. A ny\u00e1ri naps\u00fct\u00e9sben a belv\u00e1ros impoz\u00e1ns \u00e9p\u00fcletei k\u00f6z\u00f6tt s\u00e9t\u00e1lva egy hatalmas palota mellett, az utca felett kifesz\u00edtett k\u00fcl\u00f6n\u00f6s ki\u00e1ll\u00edt\u00e1si plak\u00e1t h\u00edvta fel mag\u00e1ra a figyelmemet. Sil\u00e1ny nyelvtud\u00e1som ellen\u00e9re annyit kik\u00f6vetkeztettem, hogy <em>Mad\u00e1rhal\u00e1l<\/em> a c\u00edm, de hogy ki a ki\u00e1ll\u00edt\u00f3 m\u0171v\u00e9sz, \u00e9s a ki\u00e1ll\u00edt\u00e1s mikor tart nyitva, arr\u00f3l egy sz\u00f3 sem sz\u00f3lt.<\/p>\n\n\n\n<p>(<a href=\"https:\/\/opus-folyoirat.sk\/?page_id=4239\">olvass tov\u00e1bb<\/a>)<\/p>\n\n\n\n<hr class=\"wp-block-separator has-alpha-channel-opacity is-style-wide\"\/>\n\n\n\n<p class=\"has-medium-font-size\">Tam\u00e1si Orosz J\u00e1nos<\/p>\n\n\n\n<p><strong>\u201e\u2026n\u00e9zi a f\u00e9szek rep\u00fcl\u00e9s\u00e9t\u2026\u201d<\/strong><br><em>K\u00f6vesdi K\u00e1roly k\u00f6sz\u00f6nt\u00e9se<\/em><\/p>\n\n\n<div class=\"wp-block-image\">\n<figure class=\"alignleft size-large is-resized\"><img loading=\"lazy\" decoding=\"async\" width=\"768\" height=\"1024\" src=\"http:\/\/opus-folyoirat.sk\/wp-content\/uploads\/2025\/02\/Kovesdi-768x1024.jpg\" alt=\"\" class=\"wp-image-2211\" style=\"width:159px;height:auto\" srcset=\"https:\/\/opus-folyoirat.sk\/wp-content\/uploads\/2025\/02\/Kovesdi-768x1024.jpg 768w, https:\/\/opus-folyoirat.sk\/wp-content\/uploads\/2025\/02\/Kovesdi-225x300.jpg 225w, https:\/\/opus-folyoirat.sk\/wp-content\/uploads\/2025\/02\/Kovesdi-1152x1536.jpg 1152w, https:\/\/opus-folyoirat.sk\/wp-content\/uploads\/2025\/02\/Kovesdi-1536x2048.jpg 1536w, https:\/\/opus-folyoirat.sk\/wp-content\/uploads\/2025\/02\/Kovesdi-scaled.jpg 1920w\" sizes=\"auto, (max-width: 768px) 100vw, 768px\" \/><\/figure><\/div>\n\n\n<p>A majdani k\u00f6z\u00edr\u00f3 hatvannyolcban l\u00e9pett k\u00f6z\u00e9piskol\u00e1s fokra. Hatvannyolcban. S\u00falya volt annak az \u00e9vnek, jelen id\u0151s s\u00falya. Egy sz\u00e9p, hossz\u00fa, soha v\u00e9get nem \u00e9r\u0151 &#8211; k\u00e1pr\u00e1zatos \u00edg\u00e9retekkel teli &#8211; tavasz ut\u00e1n, a ny\u00e1r k\u00f6zep\u00e9n el\u0151bb j\u00e9ges\u0151, majd napokig tart\u00f3 havaz\u00e1s. J\u00f6tt. Kem\u00e9ny fagyokkal terhes id\u0151k. J\u00f6ttek, ism\u00e9t. Mennyi f\u00e9r el azokb\u00f3l hetven \u00e9vben? Nos, a hetvenben el\u0151sz\u00f6r is legal\u00e1bb sz\u00e1z esztend\u0151. Hiszen nem a semmibe \u00e9rkez\u00fcnk \u2013 sz\u00fcleink nemzed\u00e9ke, az el\u0151tt\u00fcnk j\u00e1r\u00f3 id\u0151k sorshordoz\u00f3i fogadtak-v\u00e1rtak benn\u00fcnket s nem \u00fcres k\u00e9zzel. Legf\u00f6ljebb, ha hossz\u00fa, besz\u00e9des hallgat\u00e1ssal.<\/p>\n\n\n\n<p>(<a href=\"https:\/\/opus-folyoirat.sk\/?page_id=4273\">olvass tov\u00e1bb<\/a>)<\/p>\n\n\n\n<hr class=\"wp-block-separator has-alpha-channel-opacity is-style-wide\"\/>\n\n\n\n<p class=\"has-medium-font-size\" style=\"text-transform:uppercase\">Petrik Vikt\u00f3ria<\/p>\n\n\n\n<div class=\"wp-block-group is-vertical is-layout-flex wp-container-core-group-is-layout-8cf370e7 wp-block-group-is-layout-flex\">\n<p><strong>T\u00f6rt\u00e9nelem \u00e9s \u00f6nazonoss\u00e1g Cs\u00e1ky P\u00e1l novell\u00e1iban<\/strong><\/p>\n\n\n\n<p>Gondolatok Cs\u00e1ky P\u00e1l A m\u00e1sik \u00e9n c. k\u00f6tet\u00e9r\u0151l<\/p>\n<\/div>\n\n\n<div class=\"wp-block-image\">\n<figure class=\"alignright size-large is-resized\"><img loading=\"lazy\" decoding=\"async\" width=\"634\" height=\"1024\" src=\"https:\/\/opus-folyoirat.sk\/wp-content\/uploads\/2025\/12\/20251012_Csaky-Pal-A-masik-en-recenzio-sajat-szoveg-634x1024.jpeg\" alt=\"\" class=\"wp-image-3349\" style=\"width:247px;height:auto\" srcset=\"https:\/\/opus-folyoirat.sk\/wp-content\/uploads\/2025\/12\/20251012_Csaky-Pal-A-masik-en-recenzio-sajat-szoveg-634x1024.jpeg 634w, https:\/\/opus-folyoirat.sk\/wp-content\/uploads\/2025\/12\/20251012_Csaky-Pal-A-masik-en-recenzio-sajat-szoveg-186x300.jpeg 186w, https:\/\/opus-folyoirat.sk\/wp-content\/uploads\/2025\/12\/20251012_Csaky-Pal-A-masik-en-recenzio-sajat-szoveg-768x1240.jpeg 768w, https:\/\/opus-folyoirat.sk\/wp-content\/uploads\/2025\/12\/20251012_Csaky-Pal-A-masik-en-recenzio-sajat-szoveg.jpeg 800w\" sizes=\"auto, (max-width: 634px) 100vw, 634px\" \/><\/figure><\/div>\n\n\n<p>Cs\u00e1ky P\u00e1l leg\u00fajabb novell\u00e1sk\u00f6tete,&nbsp;<em>A m\u00e1sik \u00e9n<\/em>, egy ig\u00e9nyes \u00e9s sokr\u00e9t\u0171 irodalmi v\u00e1llalkoz\u00e1s, amely finom ar\u00e1ny\u00e9rz\u00e9kkel egyes\u00edti a szem\u00e9lyes tapasztalatot \u00e9s az \u00e1ltal\u00e1nos emberi l\u00e9t k\u00e9rd\u00e9seit. A szerz\u0151 megk\u00eds\u00e9rli olyan dr\u00e1mai helyzetekbe s\u0171r\u00edteni a mondanival\u00f3j\u00e1t, amelyek a l\u00e9t t\u00f6r\u00e9kenys\u00e9g\u00e9t, az emberi kapcsolatok korl\u00e1tait \u00e9s a meg\u00e9rt\u00e9s lehet\u0151s\u00e9geit vizsg\u00e1lj\u00e1k. A k\u00f6nyv h\u00e1rom egys\u00e9gb\u0151l \u00e9p\u00fcl fel, melyek mind k\u00fcl\u00f6nb\u00f6z\u0151 hangv\u00e9telben, m\u00e9gis egym\u00e1st kieg\u00e9sz\u00edtve mutatj\u00e1k be az ember \u00f6nmag\u00e1val \u00e9s a vil\u00e1ggal folytatott p\u00e1rbesz\u00e9d\u00e9t.<\/p>\n\n\n\n<p>Az els\u0151 r\u00e9sz klasszikus novell\u00e1kat, kifinomult st\u00edlus\u00fa, olykor l\u00e9lektani m\u00e9lys\u00e9g\u0171 elbesz\u00e9l\u00e9seket k\u00edn\u00e1l, amelyekben a t\u00f6rt\u00e9nelem \u00e9s a szem\u00e9lyes sors \u00f6sszefon\u00f3d\u00e1sa figyelhet\u0151 meg. Az \u00edr\u00f3 finoman \u00e9p\u00edtkezik az eml\u00e9kez\u00e9s mot\u00edvum\u00e1ra, hiszen a m\u00falttal val\u00f3 szemben\u00e9z\u00e9s n\u00e1la nem csup\u00e1n egyfajta nosztalgikus visszapillant\u00e1s, hanem a jelen meg\u00e9rt\u00e9s\u00e9nek a z\u00e1loga is.&nbsp;<em>A m\u00e1sik \u00e9n<\/em>&nbsp;c\u00edm\u0171 nyit\u00f3novella ennek iskolap\u00e9ld\u00e1ja, melyben Cs\u00e1ky a csal\u00e1di \u00e9s t\u00f6rt\u00e9nelmi traum\u00e1k r\u00e9tegz\u0151d\u00e9s\u00e9t bontja ki egyetlen ember eml\u00e9kez\u00e9s\u00e9nek a t\u00fckr\u00e9ben. Ez a ciklus letisztult, fegyelmezett, m\u00e9g sincs h\u00edj\u00e1n a l\u00edrais\u00e1gnak, ugyanis a nyelv gazdag, a hangulat s\u0171r\u0171, a t\u00f6rt\u00e9netek m\u00f6g\u00f6tt pedig legt\u00f6bbsz\u00f6r a kelet-k\u00f6z\u00e9p-eur\u00f3pai l\u00e9t tapasztalata rezd\u00fcl meg.<\/p>\n\n\n\n<p><\/p>\n\n\n\n<p>(<a href=\"https:\/\/opus-folyoirat.sk\/?page_id=3348\" data-type=\"link\" data-id=\"https:\/\/opus-folyoirat.sk\/?page_id=3348\">olvass tov\u00e1bb<\/a>)<\/p>\n\n\n\n<hr class=\"wp-block-separator has-alpha-channel-opacity is-style-wide\"\/>\n\n\n\n<p class=\"has-medium-font-size\">Hogya Gy\u00f6rgy<\/p>\n\n\n\n<p><strong>Kulcs\u00e1r Ferenc hetven\u00f6t\u00f6dik sz\u00fclet\u00e9snapj\u00e1ra\u2026<\/strong><\/p>\n\n\n\n<p>L\u00e1m, f\u00f6ldim, itt van a hetven\u00f6t\u00f6dik is!<br>M\u00edg \u00e9lt\u00e9l sem gyakran tal\u00e1lkoztunk \u2013 messze eresztett\u00e9l \u00faj gy\u00f6kereket \u2013, m\u00e9gis f\u00f6ldim vagy; a sz\u00fcl\u0151f\u00f6ld, az otthoni \u00f6r\u00f6ks\u00e9g nem enged\u2026. Var\u00e1zsereje van ennek a sz\u00f3nak. B\u00e1rhol, b\u00e1rmikor \u00f6sszefuthattunk, a k\u00e9zfog\u00e1st megel\u0151z\u0151 felki\u00e1lt\u00e1s \u2013 Szervusz f\u00f6ldi! \u2013 megremegtette az ember sz\u00edv\u00e9t. \u00d6sszetartoz\u00e1st jelentett, figyelmeztetett \u00e9s fegyelmezett. Figyelmeztetett, hogy honnan j\u00f6tt\u00e9l \u2013 ne felejtsd el sz\u0171kebb haz\u00e1dt\u00f3l mit kapt\u00e1l \u2013, ugyanakkor fegyelmezett \u00e9s k\u00f6telezett a megszerzett tud\u00e1sod hasznos\u00edt\u00e1s\u00e1ra.&nbsp;<\/p>\n\n\n\n<figure class=\"wp-block-image size-full\"><img loading=\"lazy\" decoding=\"async\" width=\"960\" height=\"640\" src=\"http:\/\/opus-folyoirat.sk\/wp-content\/uploads\/2018\/07\/KULCSAR-FERENC.jpg\" alt=\"\" class=\"wp-image-306\" srcset=\"https:\/\/opus-folyoirat.sk\/wp-content\/uploads\/2018\/07\/KULCSAR-FERENC.jpg 960w, https:\/\/opus-folyoirat.sk\/wp-content\/uploads\/2018\/07\/KULCSAR-FERENC-300x200.jpg 300w, https:\/\/opus-folyoirat.sk\/wp-content\/uploads\/2018\/07\/KULCSAR-FERENC-768x512.jpg 768w\" sizes=\"auto, (max-width: 960px) 100vw, 960px\" \/><\/figure>\n\n\n\n<p>(<a href=\"https:\/\/opus-folyoirat.sk\/?page_id=4213\">olvass tov\u00e1bb<\/a>)<\/p>\n\n\n\n<hr class=\"wp-block-separator has-alpha-channel-opacity is-style-wide\"\/>\n\n\n\n<p class=\"has-medium-font-size\" style=\"text-transform:uppercase\">Tam\u00e1si Orosz J\u00e1nos<\/p>\n\n\n\n<p><strong>N\u00e9p kell. Mit tehet\u00fcnk, \u00edgy van ez.<\/strong><\/p>\n\n\n<div class=\"wp-block-image\">\n<figure class=\"alignright is-resized\"><img loading=\"lazy\" decoding=\"async\" width=\"279\" height=\"500\" src=\"https:\/\/opus-folyoirat.sk\/wp-content\/uploads\/2025\/10\/szaraz-m-gy.jpeg\" alt=\"\" class=\"wp-image-2764\" style=\"width:173px;height:auto\" srcset=\"https:\/\/opus-folyoirat.sk\/wp-content\/uploads\/2025\/10\/szaraz-m-gy.jpeg 279w, https:\/\/opus-folyoirat.sk\/wp-content\/uploads\/2025\/10\/szaraz-m-gy-167x300.jpeg 167w\" sizes=\"auto, (max-width: 279px) 100vw, 279px\" \/><\/figure><\/div>\n\n\n<p>Szent Istv\u00e1nt \u00fcnnepli a nemzet, egy\u00fctt az orsz\u00e1g, lesz l\u00e9gi par\u00e1d\u00e9 \u00e9s t\u0171zij\u00e1t\u00e9k, viszik h\u00edr\u00fcl a szalagc\u00edmek a sp\u00e1rtaiaknak: v\u00e1ndor, l\u00e1sd, megcselekedt\u00fck, amit megk\u00f6vetelt a haza. T\u0171n\u0151dve n\u00e9zem a sorokat, \u00e9s&nbsp;<em>Sz\u00e1raz Mikl\u00f3s Gy\u00f6rgy<\/em>&nbsp;egyik t\u00e1rcanovell\u00e1j\u00e1nak r\u00e9szlet\u00e9vel eg\u00e9sz\u00edtem ki \u0151ket:&nbsp;<em>\u201eAugusztus m\u00e1sodik fele volt, Szent Istv\u00e1n \u00fcnnepe. Kibontotta a csillog\u00f3, z\u00f6rg\u0151s zacsk\u00f3t, elgondolkodva ropogtatta a s\u00f3s, f\u0171szeres krumpliszirmokat. \u00bbT\u00f6bb mint ezer \u00e9ve felszentelt hely.\u00ab Ez \u00e1llt a t\u00e1bl\u00e1n a templom romjain\u00e1l. Reg\u00e9nyt k\u00e9ne \u00edrni a kolor\u00e1d\u00f3bog\u00e1rr\u00f3l\u201d<\/em>.&nbsp;<\/p>\n\n\n\n<p><\/p>\n\n\n\n<p>(<a href=\"https:\/\/opus-folyoirat.sk\/?page_id=2763\" data-type=\"page\" data-id=\"2763\">olvass tov\u00e1bb<\/a>)<\/p>\n\n\n\n<hr class=\"wp-block-separator has-alpha-channel-opacity is-style-wide\"\/>\n\n\n\n<p class=\"has-medium-font-size\">Hogya Gy\u00f6rgy<\/p>\n\n\n\n<p><strong>R\u00e1galom<\/strong><\/p>\n\n\n<div class=\"wp-block-image\">\n<figure class=\"alignright size-large is-resized\"><img loading=\"lazy\" decoding=\"async\" width=\"1024\" height=\"1004\" src=\"http:\/\/opus-folyoirat.sk\/wp-content\/uploads\/2025\/10\/Hogya-1024x1004.jpg\" alt=\"\" class=\"wp-image-2761\" style=\"width:211px;height:auto\" srcset=\"https:\/\/opus-folyoirat.sk\/wp-content\/uploads\/2025\/10\/Hogya-1024x1004.jpg 1024w, https:\/\/opus-folyoirat.sk\/wp-content\/uploads\/2025\/10\/Hogya-300x294.jpg 300w, https:\/\/opus-folyoirat.sk\/wp-content\/uploads\/2025\/10\/Hogya-768x753.jpg 768w, https:\/\/opus-folyoirat.sk\/wp-content\/uploads\/2025\/10\/Hogya-306x300.jpg 306w, https:\/\/opus-folyoirat.sk\/wp-content\/uploads\/2025\/10\/Hogya.jpg 1304w\" sizes=\"auto, (max-width: 1024px) 100vw, 1024px\" \/><\/figure><\/div>\n\n\n<p>Az efezusi Apell\u00e9sz alkot\u00e1s\u00e1t, a <em>R\u00e1galom <\/em>c\u00edm\u0171 festm\u00e9nyt csak le\u00edr\u00e1sokb\u00f3l ismerj\u00fck. Apell\u00e9sz Nagy S\u00e1ndor udvari \u2013 \u00e9s portr\u00e9fest\u0151jek\u00e9nt szerzett komoly nevet \u00e9s elismerts\u00e9get. \u00c1ll\u00edt\u00f3lag \u0151 festette az els\u0151 \u00f6narck\u00e9pet. Az eml\u00edtett m\u0171 eredetije nem maradt meg, csak a le\u00edr\u00e1soknak \u2013 t\u00f6bbek k\u00f6z\u00f6tt Lukianosz le\u00edr\u00e1s\u00e1nak k\u00f6sz\u00f6nhet\u0151en v\u00e1lt kompoz\u00edci\u00f3s topossz\u00e1. Sokat k\u00f6sz\u00f6nhet\u00fcnk Leon Battista Albertinek is, aki <em>A fest\u00e9szetr\u0151l<\/em> (1435) c\u00edm\u0171, a renesz\u00e1nsz fest\u00e9szetet alapvet\u0151en meghat\u00e1roz\u00f3 munk\u00e1j\u00e1ban a k\u00e9ple\u00edr\u00e1s (ekphrasis = val\u00f3s vagy elk\u00e9pzelt k\u00e9p elbesz\u00e9l\u00e9se) mintap\u00e9ld\u00e1jak\u00e9nt eml\u00edtette \u00e9s aj\u00e1nlotta fest\u0151t\u00e1rsainak.<\/p>\n\n\n\n<p><br>(<a href=\"https:\/\/opus-folyoirat.sk\/?page_id=4241\">olvass tov\u00e1bb<\/a>)<\/p>\n\n\n\n<hr class=\"wp-block-separator has-alpha-channel-opacity is-style-wide\"\/>\n\n\n\n<p class=\"has-medium-font-size\">Tam\u00e1si Orosz J\u00e1nos<\/p>\n\n\n\n<h1 class=\"wp-block-heading\"><br>\u201e\u2026mint isten nev\u00e9nek megtal\u00e1l\u00e1sa\u2026\u201d<\/h1>\n\n\n\n<p id=\"block-ec9b960b-55e1-4f4b-ab5e-3d3015e23630\">Ha feltessz\u00fck azt a k\u00e9rd\u00e9st, hogy egy k\u00f6zismert szerelmes vers c\u00edmzettje val\u00f3ban az-e, akihez kapcsolta a szerz\u0151 s \u0151t k\u00f6vetve az irodalomt\u00f6rt\u00e9net, akkor nem is annyira k\u00f6nny\u0171 a felelet, mint azt gondoln\u00e1nk. Hiszen a szerelem tal\u00e1n legnagyobb titk\u00e1ba a lehet\u0151 legritk\u00e1bban gondolnak bele: abba, hogy az els\u0151 sem az els\u0151. mert az ember fogantat\u00e1sa pillanat\u00e1ban \u00e1t\u00e9l valamit, s azt akarja \u00fajra s \u00fajra megtal\u00e1lni: vagy a szerelmet, amely megteremtette, vagy annak hi\u00e1ny\u00e1t. egy biztos: valahol m\u00e9lyen, g\u00e9njeinek rejtett zugaiban, ahol majdani szem\u00e9lyis\u00e9ge form\u00e1l\u00f3dik majd, gy\u00farva-rost\u00e1lva-megm\u00e9retve az \u00fagymond \u201ehozott anyagot\u201d, m\u00e1r ott form\u00e1l\u00f3dik, fejl\u0151dik benne a szeretet \u00e9hs\u00e9ge, az a furcsa ezoterikus l\u00e9lekadal\u00e9k, ami \u2013 \u00e9s csak az \u2013 majd teljess\u00e9 teszi az \u00e9let\u00e9t. ahogyan a k\u00f6lt\u0151 \u2013 Ravasz J\u00f3zsef \u2013 \u00edrja, hogy m\u00e1ris \u00e1tadjuk neki a sz\u00f3t: \u201etekintet\u00fcnkbe teremti az isten, sz\u00edv\u00fcnk hangos n\u00e9mas\u00e1g\u00e1ba.\u201d S ami az els\u0151, \u00f6n\u00e1ll\u00f3, a k\u00e9s\u0151bbi szem\u00e9lyis\u00e9g\u00e9nek els\u0151 kapaszkod\u00f3ja lesz.<\/p>\n\n\n\n<p>(<a href=\"https:\/\/opus-folyoirat.sk\/?page_id=4094\">olvass tov\u00e1bb<\/a>)<\/p>\n\n\n\n<hr class=\"wp-block-separator has-alpha-channel-opacity is-style-wide\"\/>\n\n\n\n<p class=\"has-medium-font-size\">Tam\u00e1si Orosz J\u00e1nos<\/p>\n\n\n\n<h1 class=\"wp-block-heading\"><br>\u201e\u2026\u00e9vsz\u00e1zadokon \u00e1t a cig\u00e1ny volt \u00e9l\u0151 k\u00f3t\u00e1ja\u2026\u201d<\/h1>\n\n\n\n<p id=\"block-7d951582-1bd7-4d1d-ab32-b2d845c2d5f4\">Fontos, jelent\u0151s munk\u00e1t tart kez\u00e9ben az olvas\u00f3: Ravasz J\u00f3zsef k\u00f6z\u00e9leti tev\u00e9kenys\u00e9g\u00e9nek korszakos dokumentum\u00e1t. \u00dagy is mondhatn\u00e1nk: esszenci\u00e1ja ez ama elhivatotts\u00e1gnak, ami egyfajta vez\u00e9relvk\u00e9nt jellemz\u0151 a kisebbs\u00e9gek\u00e9rt folytatott munk\u00e1j\u00e1ra. Hiszen, b\u00e1r j\u00f3 \u00e9vtizede m\u00e1r javar\u00e9szt ism\u00e9t a k\u00f6lt\u00e9szetnek \u00e9l, mik\u00e9nt azt p\u00e1lyakezd\u00e9se \u00e9veiben tette, az\u00e9rt mindenk\u00e9pp tudnunk kell r\u00f3la, hogy hivat\u00e1s\u00e1t n\u00e9zve f\u0151iskolai docens, romol\u00f3gus \u00e9s szoci\u00e1lis munk\u00e1s. Diplom\u00e1j\u00e1t a Nyitrai Konstantin Filoz\u00f3fus Egyetem Szoci\u00e1ltudom\u00e1nyi Kar\u00e1n szerezte, majd ugyanitt tett rigor\u00f3zus vizsg\u00e1t. A pozsonyi Szent Erzs\u00e9bet F\u0151iskol\u00e1n doktori tanulm\u00e1nyait folytatva b\u00f6lcs\u00e9szdoktorr\u00e1 avatt\u00e1k. 2012-ben habilit\u00e1lt \u00e9s nyerte el a docensi c\u00edmet. Napjainkban Dunaszerdahelyen \u00e9s Szepsiben \u00e9l \u00e9s alkot, egyben a dunaszerdahelyi Romol\u00f3giai Kutat\u00f3 \u00e9s M\u00f3dszertani Int\u00e9zetet vezeti.<\/p>\n\n\n\n<p>(<a href=\"https:\/\/opus-folyoirat.sk\/?page_id=4092\">olvass tov\u00e1bb<\/a>)<\/p>\n\n\n\n<hr class=\"wp-block-separator has-alpha-channel-opacity is-style-wide\"\/>\n\n\n\n<p class=\"has-medium-font-size\">Tam\u00e1si Orosz J\u00e1nos<\/p>\n\n\n\n<p><strong>\u201e\u2026v\u00e1gyaikb\u00f3l hegyezett meseceruz\u00e1ikkal\u2026\u201d<\/strong><\/p>\n\n\n\n<p>Meglehet, komolynak t\u0171nik majd e n\u00e9h\u00e1ny bevezet\u0151 mondat, \u00e1m azt gondolom: j\u00f3, ha valamire minden esetben felh\u00edvjuk a figyelmet. Nevezetesen arra, hogy sokan gondolj\u00e1k \u00fagy: gyerekverset \u00edrni nagyon k\u00f6nny\u0171, hiszen j\u00e1t\u00e9kosnak, sz\u00e9pnek, k\u00f6nny\u0171 ritmus\u00fanak, \u201ef\u00fclbem\u00e1sz\u00f3\u201d r\u00edmekt\u0151l cseng\u0151-bong\u00f3nak kell lennie. M\u00e1sok tudj\u00e1k, hogy \u00e9pp ezt nagyon neh\u00e9z sok\u00e1ig szerethet\u0151v\u00e9, maradand\u00f3v\u00e1, egym\u00e1st k\u00f6vet\u0151 gener\u00e1ci\u00f3kra hat\u00f3v\u00e1 tenni. Mert az ut\u00f3bbi a val\u00f3di titok; csak az a gyerekvers v\u00e1lhat ilyenn\u00e9, amely mintha a gyermek gondolataib\u00f3l fakadna, az \u0151 t\u0171n\u0151d\u00e9seit, \u00e1lomk\u00e9peit, \u00e9lete k\u00eds\u00e9r\u0151 jelens\u00e9geinek fokozatos felismer\u00e9s\u00e9t k\u00e9pezn\u00e9 le, fogalmazn\u00e1 meg, tenn\u00e9 \u00e9rthet\u0151bb\u00e9 sz\u00e1m\u00e1ra. Persze, nagy tisztelet illeti a \u2013 nagyon nagy vonalakban itt \u00e1ltalam k\u00e9t csoportba sorolt \u2013 k\u00f6nny\u0171, ritmusos mond\u00f3k\u00e1k \u00e9s kisz\u00e1mol\u00f3k hangv\u00e9tel\u00e9t id\u00e9zi versek szerz\u0151it is, a k\u00fcl\u00f6nbs\u00e9g, amire utaltam, nem min\u0151s\u00e9gi, hanem a gondolatis\u00e1g m\u00e9lys\u00e9g\u00e9ben keresend\u0151.<\/p>\n\n\n\n<p><a href=\"https:\/\/opus-folyoirat.sk\/?page_id=4090\">(olvass tov\u00e1bb<\/a>)<\/p>\n\n\n\n<hr class=\"wp-block-separator has-alpha-channel-opacity is-style-wide\"\/>\n\n\n\n<p class=\"has-medium-font-size\" style=\"text-transform:uppercase\">Nagy Erika<\/p>\n\n\n\n<p><br><strong>L\u00e9t\u00e1llom\u00e1s \u2013 Tak\u00e1cs \u00c9va irodalmi \u00fatja \u00e9s alkot\u00f3i vil\u00e1ga<\/strong><\/p>\n\n\n<div class=\"wp-block-image\">\n<figure class=\"alignright size-large is-resized\"><img loading=\"lazy\" decoding=\"async\" width=\"577\" height=\"1024\" src=\"https:\/\/opus-folyoirat.sk\/wp-content\/uploads\/2025\/10\/Takacs_eva_fb_oldala-577x1024.jpg\" alt=\"\" class=\"wp-image-2696\" style=\"width:211px;height:auto\" srcset=\"https:\/\/opus-folyoirat.sk\/wp-content\/uploads\/2025\/10\/Takacs_eva_fb_oldala-577x1024.jpg 577w, https:\/\/opus-folyoirat.sk\/wp-content\/uploads\/2025\/10\/Takacs_eva_fb_oldala-169x300.jpg 169w, https:\/\/opus-folyoirat.sk\/wp-content\/uploads\/2025\/10\/Takacs_eva_fb_oldala-768x1364.jpg 768w, https:\/\/opus-folyoirat.sk\/wp-content\/uploads\/2025\/10\/Takacs_eva_fb_oldala-865x1536.jpg 865w, https:\/\/opus-folyoirat.sk\/wp-content\/uploads\/2025\/10\/Takacs_eva_fb_oldala.jpg 1153w\" sizes=\"auto, (max-width: 577px) 100vw, 577px\" \/><\/figure><\/div>\n\n\n<p><br>Tak\u00e1cs \u00c9va Losoncon sz\u00fcletett, majd F\u00fcleken \u00e9lt eg\u00e9szen az egyetemi \u00e9vekig. B\u00e1r adatelemz\u0151k\u00e9nt dolgozik, val\u00f3di hivat\u00e1s\u00e1nak az \u00edr\u00e1st tartja. A Szlov\u00e1kiai Magyar \u00cdr\u00f3k T\u00e1rsas\u00e1ga \u00e1ltal szervezett t\u00e1borok jelentett\u00e9k sz\u00e1m\u00e1ra a kezd\u0151 l\u00f6k\u00e9st az \u00edr\u00f3i p\u00e1lya megtal\u00e1l\u00e1s\u00e1ban. Az \u00e9vek sor\u00e1n m\u0171vei fejl\u0151dtek \u00e9s m\u00e9ly\u00fcltek, \u00e9s hossz\u00fa hallgat\u00e1s ut\u00e1n&nbsp; az El\u0151retolt Hely\u0151rs\u00e9g irodalmi foly\u00f3iratn\u00e1l tal\u00e1lta meg az egyik k\u00f6zl\u00e9si lehet\u0151s\u00e9get, ahol pr\u00f3z\u00e1i sz\u00e9lesebb olvas\u00f3k\u00f6z\u00f6ns\u00e9ghez jutottak el. A Salg\u00f3tarj\u00e1ni Mad\u00e1ch Imre Gimn\u00e1ziumba j\u00e1rt, naponta ing\u00e1zott Szlov\u00e1ki\u00e1b\u00f3l Magyarorsz\u00e1gra. N\u00f3gr\u00e1d megye misztikus hangulata \u00e9s a pal\u00f3c hagyom\u00e1nyok a mai napig beiv\u00f3dtak az eml\u00e9kezet\u00e9be, \u00e9s meghat\u00e1rozz\u00e1k pr\u00f3z\u00e1j\u00e1t. Els\u0151 reg\u00e9nye, a L\u00e9t\u00e1llom\u00e1s megjelen\u00e9se ut\u00e1n hozta l\u00e9tre a L\u00e9t\u00e1llom\u00e1s Kiad\u00f3t, a mag\u00e1nkiad\u00e1sban megjelen\u0151 k\u00f6nyvei forgalmaz\u00e1s\u00e1ra. Jelenleg A l\u00e1ny a val\u00f3s\u00e1g perem\u00e9n sorozaton dolgozik, melynek els\u0151 r\u00e9sze, Az alag\u00fat, 2025. okt\u00f3ber 10-\u00e9n jelenik meg. Reg\u00e9nyei a val\u00f3s\u00e1g \u00e9s az ill\u00fazi\u00f3 hat\u00e1r\u00e1n t\u00e1ncolnak. Melankolikus hangulat, \u00e1rnyalt humor \u00e9s visszafogott romantika jellemzi&nbsp; a&nbsp;sorozat els\u0151 r\u00e9sz\u00e9t, melynek t\u00f6rt\u00e9nete egy fikt\u00edv magyar faluban j\u00e1tsz\u00f3dik, ahol a t\u00e1ltos mondavil\u00e1g \u00f6ssze\u00e9r \u00e9s tal\u00e1lkozik a&nbsp;val\u00f3s\u00e1ggal. Az alag\u00fat\u201d \u2013 egy rejt\u00e9lyes t\u00f6rt\u00e9net, ami v\u00e9gig tal\u00e1lgat\u00e1sra k\u00e9sztet.&nbsp; Az olvas\u00f3&nbsp; az elej\u00e9t\u0151l a v\u00e9g\u00e9ig izgul, a reg\u00e9ny nem ad k\u00f6nny\u0171 v\u00e1laszokat, helyette a szerepl\u0151k gondolataiba \u00e9s \u00e9rz\u00e9seibe vezet be, mik\u00f6zben a titok fokozatosan bontakozik ki. A sorozat m\u00e1sodik. r\u00e9sz\u00e9t A&nbsp;fenyves, a&nbsp;harmadik r\u00e9sze pedig A&nbsp;szakad\u00e9k c\u00edmmel tervezi megjelentetni 2026-2027 k\u00f6z\u00f6tt.&nbsp;<\/p>\n\n\n\n<p>(<a href=\"https:\/\/opus-folyoirat.sk\/?page_id=2690\" data-type=\"page\" data-id=\"2690\">olvass tov\u00e1bb<\/a>)<\/p>\n\n\n\n<hr class=\"wp-block-separator has-alpha-channel-opacity is-style-wide\"\/>\n\n\n\n<p class=\"has-medium-font-size\">Tam\u00e1si Orosz J\u00e1nos<\/p>\n\n\n\n<div class=\"wp-block-group is-vertical is-layout-flex wp-container-core-group-is-layout-8cf370e7 wp-block-group-is-layout-flex\">\n<h1 class=\"wp-block-heading\">\u201e\u2026sz\u00fcl\u0151falum b\u00f6lcs\u0151dal\u00e1t d\u00fadolom\u2026\u201d<\/h1>\n\n\n\n<p id=\"block-706b5c21-59fb-402f-b03a-6652203f3010\"><em>Ravasz J\u00f3zsef, a csall\u00f3k\u00f6zi cs\u00f6nd po\u00e9t\u00e1ja<\/em><\/p>\n<\/div>\n\n\n\n<p id=\"block-89b99e05-0aa0-4ede-9752-908a8192e66d\">Vannak megv\u00e1laszolhatatlan k\u00e9rd\u00e9sek. H\u00e1ny angyal f\u00e9r el egy t\u0171 hegy\u00e9n? Mennyi v\u00edzcsepp kapaszkodik \u00f6ssze a Duna hull\u00e1maiban? H\u00e1ny homokszem kac\u00e9rkodik a sz\u00e9llel? \u00c9s persze \u2013 h\u00e1ny csillag van az \u00e9gen? \u00c9s van megv\u00e1laszolhat\u00f3 k\u00e9rd\u00e9s. Elf\u00e9r-e a Csall\u00f3k\u00f6z, s abban minden \u2013 a t\u0171k hegy\u00e9nek f\u00e1jdalma, az angyalok mosolya, az \u00f3ce\u00e1nokat ideid\u00e9z\u0151 v\u00edzcs\u00f6ppek, s az \u00e1lmok f\u00f6lkavarod\u00f3 porszemei, s persze minden csillag, ami a Csall\u00f3k\u00f6z f\u00f6l\u00f6tt l\u00e1that\u00f3, s k\u00fcl\u00f6n\u00f6sen azok, amelyek Ap\u00e1caszak\u00e1llas fel\u00e9 ford\u00edtj\u00e1k a Holdat, \u00edgy, mindez egy\u00fctt elf\u00e9r-e <em>Ravasz J\u00f3zsef<\/em> sz\u00edv\u00e9ben, s mindent \u00f6lel\u0151n befog\u00f3 s befogad\u00f3 tekintet\u00e9ben? A k\u00e9rd\u00e9s, mint mondtam, megv\u00e1laszolhat\u00f3 \u2013 e versek sorai adnak r\u00e1 feleletet.&nbsp;<\/p>\n\n\n\n<figure class=\"wp-block-image size-large\"><img loading=\"lazy\" decoding=\"async\" width=\"1024\" height=\"682\" src=\"http:\/\/opus-folyoirat.sk\/wp-content\/uploads\/2025\/11\/01_RavaszJozsef02-1024x682.jpg\" alt=\"\" class=\"wp-image-3216\" srcset=\"https:\/\/opus-folyoirat.sk\/wp-content\/uploads\/2025\/11\/01_RavaszJozsef02-1024x682.jpg 1024w, https:\/\/opus-folyoirat.sk\/wp-content\/uploads\/2025\/11\/01_RavaszJozsef02-300x200.jpg 300w, https:\/\/opus-folyoirat.sk\/wp-content\/uploads\/2025\/11\/01_RavaszJozsef02-768x512.jpg 768w, https:\/\/opus-folyoirat.sk\/wp-content\/uploads\/2025\/11\/01_RavaszJozsef02-1536x1024.jpg 1536w, https:\/\/opus-folyoirat.sk\/wp-content\/uploads\/2025\/11\/01_RavaszJozsef02-2048x1365.jpg 2048w, https:\/\/opus-folyoirat.sk\/wp-content\/uploads\/2025\/11\/01_RavaszJozsef02-450x300.jpg 450w\" sizes=\"auto, (max-width: 1024px) 100vw, 1024px\" \/><\/figure>\n\n\n\n<p>(<a href=\"https:\/\/opus-folyoirat.sk\/?page_id=4086\">olvass tov\u00e1bb<\/a>)<\/p>\n\n\n\n<hr class=\"wp-block-separator has-alpha-channel-opacity is-style-wide\"\/>\n\n\n\n<p class=\"has-medium-font-size\" style=\"text-transform:uppercase\">Gr\u00f3h G\u00e1sp\u00e1r<\/p>\n\n\n\n<div class=\"wp-block-group is-vertical is-layout-flex wp-container-core-group-is-layout-8cf370e7 wp-block-group-is-layout-flex\">\n<p><strong>1989 \u2013 te csillag<\/strong><\/p>\n\n\n\n<p><em>(a 75 \u00e1ves T\u00f3th L\u00e1szl\u00f3r\u00f3l)<\/em><\/p>\n<\/div>\n\n\n<div class=\"wp-block-image\">\n<figure class=\"alignleft size-large is-resized\"><img loading=\"lazy\" decoding=\"async\" width=\"683\" height=\"1024\" src=\"http:\/\/opus-folyoirat.sk\/wp-content\/uploads\/2026\/01\/TothLaci-683x1024.jpg\" alt=\"\" class=\"wp-image-3481\" style=\"width:236px;height:auto\" srcset=\"https:\/\/opus-folyoirat.sk\/wp-content\/uploads\/2026\/01\/TothLaci-683x1024.jpg 683w, https:\/\/opus-folyoirat.sk\/wp-content\/uploads\/2026\/01\/TothLaci-200x300.jpg 200w, https:\/\/opus-folyoirat.sk\/wp-content\/uploads\/2026\/01\/TothLaci-768x1152.jpg 768w, https:\/\/opus-folyoirat.sk\/wp-content\/uploads\/2026\/01\/TothLaci-1024x1536.jpg 1024w, https:\/\/opus-folyoirat.sk\/wp-content\/uploads\/2026\/01\/TothLaci-1365x2048.jpg 1365w, https:\/\/opus-folyoirat.sk\/wp-content\/uploads\/2026\/01\/TothLaci-scaled.jpg 1707w\" sizes=\"auto, (max-width: 683px) 100vw, 683px\" \/><\/figure><\/div>\n\n\n<p>H\u00e1nyszor mosolygunk meg h\u00e1rom-n\u00e9gy-\u00f6t\u00e9ves gyerekeket, amikor azzal kezdik valamely fontos bejelent\u00e9s\u00fcket, hogy \u201eR\u00e9gen, amikor m\u00e9g kicsi voltam\u201d. Pedig az-az egy-k\u00e9t \u00e9v, aminek t\u00e1vlat\u00e1ban \u00edgy besz\u00e9lnek, az \u0151 \u00e9let\u00fcknek ak\u00e1r a fel\u00e9t jelenti. T\u00f3th L\u00e1szl\u00f3 <em>1989<\/em> c\u00edm\u0171 k\u00f6tet\u00e9ben akkori \u00f6nmag\u00e1t\u00f3l id\u00e9z: \u201eNegyven fel\u00e9 pedig az ember m\u00e1r egyre hajlamosabb az eml\u00e9kez\u00e9sre.\u201d No, igen. Hetven\u00f6t fel\u00e9 meg m\u00e9g ink\u00e1bb.<\/p>\n\n\n\n<p>Ez a k\u00f6nyv a gondos d\u00e1tumoz\u00e1s r\u00e9v\u00e9n napl\u00f3-szer\u0171 k\u00e9pet mutat. R\u00e9szben az is, de szerz\u0151je \u2013 \u00e9ppen egy val\u00f3di napl\u00f3jegyzetben \u2013 arr\u00f3l panaszkodik, hogy t\u0151le alkatilag idegen a napl\u00f3\u00edr\u00e1s. Olyasf\u00e9le tipr\u00f3d\u00e1s ez, mint annak a papnak a pr\u00e9dik\u00e1ci\u00f3ja, aki mennyd\u00f6rg\u0151 hangon inti buzg\u00f3s\u00e1gra azokat, akik nincsenek ott a szentmis\u00e9n. T\u00f3th L\u00e1szl\u00f3 v\u00e9g\u00fcl csak-csak \u00edrt valamif\u00e9le napl\u00f3t, de ez a k\u00f6nyv m\u00e9gsem az: ink\u00e1bb k\u00e9sei rekonstrukci\u00f3ja annak a vil\u00e1gnak, amir\u0151l nem \u00edrta meg napl\u00f3j\u00e1t \u2013 legal\u00e1bbis olyat nem, amit v\u00e1rt volna mag\u00e1t\u00f3l.&nbsp;<\/p>\n\n\n\n<p><\/p>\n\n\n\n<p>(<a href=\"https:\/\/opus-folyoirat.sk\/?page_id=3827\" data-type=\"link\" data-id=\"https:\/\/opus-folyoirat.sk\/?page_id=3827\">olvass tov\u00e1bb<\/a>)<\/p>\n\n\n\n<hr class=\"wp-block-separator has-alpha-channel-opacity is-style-wide\"\/>\n\n\n\n<p class=\"has-medium-font-size\" style=\"text-transform:uppercase\">Csehy Fl\u00f3ra<\/p>\n\n\n\n<div class=\"wp-block-group is-vertical is-layout-flex wp-container-core-group-is-layout-8cf370e7 wp-block-group-is-layout-flex\">\n<p><strong>\u201eEgyetlen fa is el\u00e9g az \u00f6nk\u00edv\u00fclethez. De az erd\u0151\u2026\u201d&nbsp;<\/strong><\/p>\n\n\n\n<p><em>(Sirokai M\u00e1ty\u00e1s: Lomboldal, P\u00e9cs, Budapest, Jelenkor, 2020.)<\/em><\/p>\n<\/div>\n\n\n\n<div class=\"wp-block-media-text has-media-on-the-right is-stacked-on-mobile is-vertically-aligned-top\" style=\"grid-template-columns:auto 27%\"><div class=\"wp-block-media-text__content\">\n<p>Sirokai M\u00e1ty\u00e1s lebilincsel\u0151 versk\u00f6tet\u00e9t olvasva a k\u00f6nyv oldalai szinte \u201elomboldallakk\u00e1\u201d v\u00e1ltoznak a kez\u00fcnkben, m\u00edgnem mi is a f\u00e1k, s\u0151t az erd\u0151 metaforikus r\u00e9szeiv\u00e9 v\u00e1lunk. A minket k\u00f6r\u00fcl\u00f6lel\u0151 \u00e9l\u0151 organizmusoknak k\u00fcl\u00f6n nyelve van, kiv\u00e9teles dallamb\u0151s\u00e9ge, szokatlan, m\u00e9gis t\u00fcnd\u00e9ri ritmusa. A k\u00f6lt\u0151 ezt a k\u00fcl\u00f6nleges \u00e9letritmust sz\u00f3laltatja meg, mag\u00e1t a n\u00f6v\u00e9nyi l\u00e9tet. Ez a technika \u00faj \u00e9letet lehel bel\u00e9nk, olvas\u00f3kba is: a m\u0171 hat\u00e1s\u00e1ra mi is \u201en\u00f6v\u00e9nyl\u0151kk\u00e9\u201d akarunk v\u00e1lni, s elsaj\u00e1t\u00edtani a nem t\u00fcd\u0151 \u00e1ltali l\u00e9gz\u00e9s, azaz a n\u00f6v\u00e9nyi l\u00e9t m\u0171v\u00e9szet\u00e9t.&nbsp;<\/p>\n\n\n\n<p><\/p>\n\n\n\n<p>(<a href=\"https:\/\/opus-folyoirat.sk\/?page_id=2666\" data-type=\"page\" data-id=\"2666\">olvass tov\u00e1bb<\/a>)<\/p>\n<\/div><figure class=\"wp-block-media-text__media\"><img loading=\"lazy\" decoding=\"async\" width=\"735\" height=\"1024\" src=\"https:\/\/opus-folyoirat.sk\/wp-content\/uploads\/2025\/09\/Csehy-735x1024.jpeg\" alt=\"\" class=\"wp-image-2671 size-full\" srcset=\"https:\/\/opus-folyoirat.sk\/wp-content\/uploads\/2025\/09\/Csehy-735x1024.jpeg 735w, https:\/\/opus-folyoirat.sk\/wp-content\/uploads\/2025\/09\/Csehy-215x300.jpeg 215w, https:\/\/opus-folyoirat.sk\/wp-content\/uploads\/2025\/09\/Csehy.jpeg 750w\" sizes=\"auto, (max-width: 735px) 100vw, 735px\" \/><\/figure><\/div>\n\n\n\n<hr class=\"wp-block-separator has-alpha-channel-opacity is-style-wide\"\/>\n\n\n\n<p class=\"has-medium-font-size\">Tam\u00e1si Orosz J\u00e1nos<\/p>\n\n\n\n<p><strong>\u201e\u2026neh\u00e9z a pr\u00f3ba\u2026\u201d<\/strong><\/p>\n\n\n<div class=\"wp-block-image\">\n<figure class=\"alignright size-full is-resized\"><img loading=\"lazy\" decoding=\"async\" width=\"518\" height=\"540\" src=\"https:\/\/opus-folyoirat.sk\/wp-content\/uploads\/2026\/01\/image001.jpg\" alt=\"\" class=\"wp-image-4255\" style=\"width:215px;height:auto\" srcset=\"https:\/\/opus-folyoirat.sk\/wp-content\/uploads\/2026\/01\/image001.jpg 518w, https:\/\/opus-folyoirat.sk\/wp-content\/uploads\/2026\/01\/image001-288x300.jpg 288w\" sizes=\"auto, (max-width: 518px) 100vw, 518px\" \/><\/figure><\/div>\n\n\n<p>A felvid\u00e9ki magyar irodalom egyik anekdot\u00e1v\u00e1 sohasem szel\u00edd\u00edthet\u0151 t\u00f6rt\u00e9nete <em>Aich<\/em> <em>P\u00e9ter<\/em> (1942) nev\u00e9hez f\u0171z\u0151dik. Alkot\u00f3i p\u00e1ly\u00e1j\u00e1t az <em>Egyszem\u0171 \u00e9jszaka<\/em> (1970) c\u00edm\u0171 korszakhat\u00e1rt jelent\u0151 antol\u00f3gia lapjain kezdte, \u00e1m az abban megjelen\u0151 paradigma-v\u00e1lt\u00e1s nem mindenkinek tetszett. \u00cdgy p\u00e9ld\u00e1ul <em>Szalatnai<\/em> <em>Rezs\u0151<\/em>nek (1904), aki kem\u00e9ny, rosszindulat\u00fa, heves t\u00e1mad\u00e1st int\u00e9zett a k\u00f6tet k\u00f6lt\u0151inek po\u00e9tikai szeml\u00e9lete ellen (1969), majd az erre sz\u00fcletett reag\u00e1l\u00e1sok egyik\u00e9t-m\u00e1sik\u00e1t zokon vette. A vita hevess\u00e9ge ahhoz mindenk\u00e9pp el\u00e9g volt, hogy az antol\u00f3gia magyarorsz\u00e1gi terjeszt\u00e9se elakadjon, lehetetlenn\u00e9 v\u00e1lt a hozz\u00e1f\u00e9r\u00e9s, ezen t\u00fal Aich is olyannyira kedveszegett\u00e9 v\u00e1lt, hogy \u00e9vtizedekre h\u00e1tat ford\u00edtott a sz\u00e9pirodalomnak. K\u00e9s\u0151bb helyet k\u00e9rt mag\u00e1nak pr\u00f3za\u00edr\u00f3k\u00e9nt, reg\u00e9nyei, novell\u00e1i jelent\u0151s teljes\u00edtm\u00e9nyei a felvid\u00e9ki magyar pr\u00f3z\u00e1nak, de az \u00e9vtizedek \u00f6nk\u00e9ntes mell\u0151z\u00f6tts\u00e9ge mindenk\u00e9pp j\u00f3v\u00e1tehetetlen \u2013 ez\u00e9rt \u00edrtam f\u00f6ntebb, hogy mindez semmik\u00e9pp sem oldhat\u00f3-mes\u00e9lhet\u0151 anekdotak\u00e9nt. Ellenkez\u0151leg: minden alkalmat ki kell haszn\u00e1lni arra, hogy elmondjuk, bizony\u00edtv\u00e1n ezzel is annak intelm\u00e9t &#8211; bizony, a sz\u00e9pirodalom mindig k\u00e9pes azon mer\u00e9nyletre, hogy \u2013 Kisfaludyt id\u00e9zve &#8211; \u201e\u00f6n fia v\u00e1gta seb\u201d-et ejtsen\u2026<\/p>\n\n\n\n<p>(<a href=\"https:\/\/opus-folyoirat.sk\/?page_id=4256\">olvass tov\u00e1bb<\/a>)<\/p>\n\n\n\n<hr class=\"wp-block-separator has-alpha-channel-opacity is-style-wide\"\/>\n\n\n\n<p><\/p>\n\n\n\n<p class=\"has-medium-font-size\" style=\"text-transform:uppercase\">dr. Kiss L\u00e1szl\u00f3<\/p>\n\n\n\n<div class=\"wp-block-group is-vertical is-layout-flex wp-container-core-group-is-layout-8cf370e7 wp-block-group-is-layout-flex\">\n<p><strong>A szlov\u00e1k-magyar kultur\u00e1lis kapcsolatok elfeledett \u00fatt\u00f6r\u0151je: <\/strong><\/p>\n\n\n\n<p><strong>Farkas Istv\u00e1n (1900-1975) \u2013 k\u00eds\u00e9rlet a hiatus biographicus cs\u00f6kkent\u00e9s\u00e9re<\/strong><\/p>\n<\/div>\n\n\n\n<p><\/p>\n\n\n\n<div class=\"wp-block-media-text has-media-on-the-right is-stacked-on-mobile is-vertically-aligned-top\" style=\"grid-template-columns:auto 24%\"><div class=\"wp-block-media-text__content\">\n<p><strong>Mi az a \u201ehiatus biographicus\u201d?<\/strong><\/p>\n\n\n\n<p>E sorok szerz\u0151je eredeti hivat\u00e1s\u00e1t tekintve orvos. \u00c9lete m\u00e1sodik fel\u00e9ben v\u00e1lt m\u00e1sodik hivat\u00e1s\u00e1v\u00e1 az orvost\u00f6rt\u00e9n\u00e9szi megsz\u00e1llotts\u00e1g. \u00cdgy tal\u00e1n megbocs\u00e1jthat\u00f3, ha \u00edr\u00e1saiban nem ritk\u00e1n az orvostudom\u00e1nyb\u00f3l k\u00f6lcs\u00f6n\u00f6zi hasonlatait, metafor\u00e1it. \u00cdgy t\u00f6rt\u00e9nik ez most is, a fejezetc\u00edm v\u00e1laszt\u00e1sakor.&nbsp;<\/p>\n\n\n\n<p>Az emberi test fert\u0151z\u00e9sek, betegs\u00e9gek elleni v\u00e9dekez\u00e9sben nagy szerepet j\u00e1tsz\u00f3 feh\u00e9rv\u00e9rsejtek (leukocit\u00e1k) a csontvel\u0151ben keletkeznek.&nbsp; \u00c9lettani (norm\u00e1lis) k\u00f6r\u00fclm\u00e9nyek k\u00f6z\u00f6tt a csontvel\u0151ben tal\u00e1lhat\u00f3 \u0151ssejtb\u0151l (\u201e\u00fajsz\u00fcl\u00f6tt\u201d) egy sejtfejl\u0151d\u00e9si soron kereszt\u00fcl alakul ki a v\u00e9rben l\u00e1that\u00f3 \u00e9rett (\u201efeln\u0151tt\u201d) feh\u00e9rv\u00e9rsejt. A csontvel\u0151b\u0151l vett v\u00e9rkenetben a sejtfejl\u0151d\u00e9si sor valamennyi tagja l\u00e1that\u00f3. Amennyiben leuk\u00e9mia \u2013 n\u00e9piesen: v\u00e9rr\u00e1k \u2013 alakul ki, kiesik a sejtfejl\u0151d\u00e9si sor k\u00f6zepe, azaz a v\u00e9rkenetben csak az \u0151ssejtek \u00e9s az \u00e9rett feh\u00e9rv\u00e9rsejtek ker\u00fclnek az orvos szeme el\u00e9. Ezt a \u201eh\u00e9zagot\u201d nevezi a szakirodalom \u201ehiatus leukaemicus\u201d-nak.&nbsp;<\/p>\n\n\n\n<p><\/p>\n\n\n\n<p>(<a href=\"https:\/\/opus-folyoirat.sk\/?page_id=2659\" data-type=\"page\" data-id=\"2659\">olvass tov\u00e1bb<\/a>)<\/p>\n<\/div><figure class=\"wp-block-media-text__media\"><img loading=\"lazy\" decoding=\"async\" width=\"364\" height=\"443\" src=\"https:\/\/opus-folyoirat.sk\/wp-content\/uploads\/2025\/09\/dr.-Kiss-L.-portre.jpg\" alt=\"\" class=\"wp-image-2664 size-full\" srcset=\"https:\/\/opus-folyoirat.sk\/wp-content\/uploads\/2025\/09\/dr.-Kiss-L.-portre.jpg 364w, https:\/\/opus-folyoirat.sk\/wp-content\/uploads\/2025\/09\/dr.-Kiss-L.-portre-247x300.jpg 247w\" sizes=\"auto, (max-width: 364px) 100vw, 364px\" \/><\/figure><\/div>\n\n\n\n<hr class=\"wp-block-separator has-alpha-channel-opacity is-style-wide\"\/>\n\n\n\n<p class=\"has-medium-font-size\">Tam\u00e1si Orosz J\u00e1nos<\/p>\n\n\n\n<p><strong>Lesz-e a verskeny\u00e9rb\u0151l keny\u00e9rszapor\u00edt\u00e1s\u2026?<\/strong><br><em>Bevezet\u0151 Ravasz J\u00f3zsef \u00faj k\u00f6tet\u00e9nek bemutat\u00f3j\u00e1n<\/em><\/p>\n\n\n<div class=\"wp-block-image\">\n<figure class=\"alignright size-full is-resized\"><img loading=\"lazy\" decoding=\"async\" width=\"627\" height=\"900\" src=\"http:\/\/opus-folyoirat.sk\/wp-content\/uploads\/2026\/01\/Mindennapi-verskenyer.jpeg\" alt=\"\" class=\"wp-image-4195\" style=\"width:214px;height:auto\" srcset=\"https:\/\/opus-folyoirat.sk\/wp-content\/uploads\/2026\/01\/Mindennapi-verskenyer.jpeg 627w, https:\/\/opus-folyoirat.sk\/wp-content\/uploads\/2026\/01\/Mindennapi-verskenyer-209x300.jpeg 209w\" sizes=\"auto, (max-width: 627px) 100vw, 627px\" \/><\/figure><\/div>\n\n\n<p>H\u00f6lgyeim \u00e9s uraim, ha megengedik, egy kiss\u00e9 szokatlan m\u00f3don szeretn\u00e9k most a k\u00f6tetr\u0151l sz\u00f3lni. Pontosabban nem is arr\u00f3l, legfeljebb csak arra utalva, mert ink\u00e1bb a versekr\u0151l, a k\u00f6lt\u00e9szetr\u0151l, \u00e9s annak egyre ink\u00e1bb megfogy\u00f3 term\u00e9szetes el\u0151fordul\u00e1si helyeir\u0151l besz\u00e9ln\u00e9k. Ravasz J\u00f3zsef \u00faj k\u00f6nyv\u00e9r\u0151l, mai \u2013 m\u00e9g nyomdaillat\u00fa \u2013 verskenyer\u00e9r\u0151l, s persze annak szerz\u0151j\u00e9r\u0151l egy\u00e9bk\u00e9nt is elmondtam azt a keveset, amennyit illett mag\u00e1ban a k\u00f6tetben, annak el\u0151szav\u00e1ban, s gondolom (rem\u00e9lem), ha odajutnak, el fogj\u00e1k olvasni. Benne van, a nyomdai levonatban m\u00e9g l\u00e1ttam \u00e9n magam is, b\u00edzzanak bennem, ahogy \u00e9n a V\u00e1mb\u00e9ry kiad\u00f3ban. Remek munk\u00e1t v\u00e9geztek \u2013 azt gondolom, nagy k\u00f6sz\u00f6net illeti ez\u00e9rt R\u00e1cz Zsuzs\u00e1t, a bor\u00edt\u00f3 \u00e9s a tipogr\u00e1fia harmonikus megjelen\u00edt\u0151j\u00e9t.&nbsp;<\/p>\n\n\n\n<p>(<a href=\"https:\/\/opus-folyoirat.sk\/?page_id=4193\">olvass tov\u00e1bb<\/a>)<\/p>\n\n\n\n<hr class=\"wp-block-separator has-alpha-channel-opacity is-style-wide\"\/>\n\n\n\n<p class=\"has-medium-font-size\">Hogya Gy\u00f6rgy<\/p>\n\n\n\n<p><strong>A rem\u00e9ny lovagjai<\/strong><\/p>\n\n\n\n<p>Kedves ismeretlen Olvas\u00f3!<\/p>\n\n\n<div class=\"wp-block-image\">\n<figure class=\"alignright size-large is-resized\"><img loading=\"lazy\" decoding=\"async\" width=\"1024\" height=\"1004\" src=\"http:\/\/opus-folyoirat.sk\/wp-content\/uploads\/2025\/09\/Hogya-1024x1004.jpg\" alt=\"\" class=\"wp-image-2625\" style=\"width:215px;height:auto\" srcset=\"https:\/\/opus-folyoirat.sk\/wp-content\/uploads\/2025\/09\/Hogya-1024x1004.jpg 1024w, https:\/\/opus-folyoirat.sk\/wp-content\/uploads\/2025\/09\/Hogya-300x294.jpg 300w, https:\/\/opus-folyoirat.sk\/wp-content\/uploads\/2025\/09\/Hogya-768x753.jpg 768w, https:\/\/opus-folyoirat.sk\/wp-content\/uploads\/2025\/09\/Hogya-306x300.jpg 306w, https:\/\/opus-folyoirat.sk\/wp-content\/uploads\/2025\/09\/Hogya.jpg 1304w\" sizes=\"auto, (max-width: 1024px) 100vw, 1024px\" \/><\/figure><\/div>\n\n\n<p>Level\u00e9t, amelyet sz\u00e1momra \u00e9rthetetlen okb\u00f3l nem \u00edrt al\u00e1, megkaptam. Azt \u00edrja, hogy k\u00e9tezer\u2026&nbsp; november\u00e9ben r\u00e9szt vett a velem tartott irodalmi esten, de nem akarta rontani az egy\u00e9bk\u00e9nt val\u00f3ban der\u0171s, bar\u00e1ti hangulatot, ez\u00e9rt nem \u00e1llt fel, \u00e9s nem mondta el a v\u00e9lem\u00e9ny\u00e9t. Azt a v\u00e9lem\u00e9ny\u00e9t, amelyet most megpr\u00f3b\u00e1lok r\u00f6viden \u00f6sszefoglalni, rem\u00e9lve, hogy j\u00f3l \u00e9rtelmeztem sorait: Ugyan nem nekem c\u00edmezve \u2013 ink\u00e1bb \u00e1ltal\u00e1nosan fogalmazva \u2013 , neh\u00e9z sz\u00edvvel \u00e1llap\u00edtja meg, hogy ma m\u00e1r nem lehet a m\u0171v\u00e9szetekben \u2013 \u00edgy az irodalomban sem \u2013 \u00fajat \u00e9s\/vagy \u00fajszer\u0171en elmondani, \u00e1br\u00e1zolni, mindenki ugyanazt a csontot r\u00e1gcs\u00e1lja, a mai t\u00f6rt\u00e9netek csak a r\u00e9gi archet\u00edpusok vari\u00e1ci\u00f3i, folytat\u00e1sai kisz\u00e1m\u00edthat\u00f3\/el\u0151rel\u00e1that\u00f3 v\u00e9ggel. Minden \u00edr\u00e1s \u2013 de szerintem maradjunk a sz\u00e9pirodalmi alkot\u00e1sokn\u00e1l \u2013 \u201eel\u0151dj\u00e9t\u201d fel lehet kutatni, s \u00f6n, alapos ember l\u00e9v\u00e9n konkr\u00e9t p\u00e9ld\u00e1kat is sorol. Csak n\u00e9h\u00e1nyat eml\u00edtek: La Sage a S\u00e1nta \u00f6rd\u00f6g\u00e9nek eszm\u00e9j\u00e9t egy spanyol \u00edr\u00f3, Luis V\u00e9lez de Guevara <em>El diablo cojuelo<\/em> c\u00edm\u0171 reg\u00e9ny\u00e9b\u0151l vette, Shakespeare az \u201e\u0151\u201d Otell\u00f3-j\u00e1t egy olasz nyelv\u0171 k\u00f6nyvb\u0151l, a <em>\u201eHecatommitti\u201d<\/em> (Sz\u00e1z rege) c\u00edm\u0171 mesegy\u0171jtem\u00e9nyb\u0151l vette \u00e1t, de a R\u00f3me\u00f3 \u00e9s J\u00falia sem el\u0151zm\u00e9ny n\u00e9lk\u00fcl val\u00f3 \u2013 h\u00edvja fel a figyelmemet \u2013 el\u00e9g ha csak P\u00fcramosz \u00e9s Thiszb\u00e9 szerelm\u00e9re gondolunk. (Ebben az esetben is t\u00f6bb p\u00e9ld\u00e1t sorakoztatott fel.) Az eml\u00edtett hasonl\u00f3s\u00e1gok emleget\u00e9se ut\u00e1n nekem \u2013 m\u00e1r megbocs\u00e1sson! \u2013 valamif\u00e9le hi\u00e1baval\u00f3s\u00e1g-\u00e9rzetem keletkezett. Hi\u00e1baval\u00f3 minden, ami nem \u00f6r\u00f6k \u00e9rv\u00e9ny\u0171 \u00e9s maradand\u00f3? De h\u00e1t \u00f6n mely m\u0171t\u0151l v\u00e1rja el, hogy \u00f6r\u00f6k \u00e9s megv\u00e1ltoztathatatlan legyen? Hiszen \u00c1bel t\u00f6rt\u00e9net\u00e9t\u0151l kezdve \u2013 kinek neve hi\u00e1baval\u00f3s\u00e1got jelent (\u00c1bel, azonos H\u00e1vel, azonos p\u00e1ra vagy lehelet, azaz muland\u00f3s\u00e1g!) \u2013 a Pr\u00f3f\u00e9ta k\u00f6nyv\u00e9n \u00e1t minden a m\u00faland\u00f3s\u00e1gr\u00f3l, a hi\u00e1baval\u00f3s\u00e1gr\u00f3l sz\u00f3l. (\u201eElm\u00falik az ember, mint a f\u0171nek vir\u00e1ga\u201d, \u201eelm\u00falik maga a vil\u00e1g is, minden k\u00edv\u00e1ns\u00e1g\u00e1val egy\u00fctt\u201d.) Soraib\u00f3l teh\u00e1t az olvashat\u00f3 ki, hogy \u00edr\u00f3ink munk\u00e1i a hi\u00e1baval\u00f3s\u00e1g jegy\u00e9ben fogannak, s \u00e9rt\u00e9k\u00fcket (eredetis\u00e9g\u00fcket) \u00f6n meglehet\u0151sen k\u00e9tesnek \u00edt\u00e9li.&nbsp;<\/p>\n\n\n\n<p>(<a href=\"https:\/\/opus-folyoirat.sk\/?page_id=3929\" data-type=\"link\" data-id=\"https:\/\/opus-folyoirat.sk\/?page_id=3929\">olvass tov\u00e1bb<\/a>)<\/p>\n\n\n\n<hr class=\"wp-block-separator has-alpha-channel-opacity is-style-wide\"\/>\n\n\n\n<p class=\"has-medium-font-size\">Tam\u00e1si Orosz J\u00e1nos<\/p>\n\n\n\n<p><strong>\u201e\u2026arcunk a f\u00f6ldbe \u00e1sva partot \u00e9rt\u2026\u201d<\/strong><br><em>K\u00f6vesdi K\u00e1roly frissen kapott verseir\u0151l<\/em><\/p>\n\n\n<div class=\"wp-block-image\">\n<figure class=\"alignright size-full is-resized\"><a href=\"https:\/\/opus-folyoirat.sk\/wp-content\/uploads\/2026\/01\/Kepernyofoto-2026-01-14-14.46.33.png\"><img loading=\"lazy\" decoding=\"async\" width=\"522\" height=\"821\" src=\"http:\/\/opus-folyoirat.sk\/wp-content\/uploads\/2026\/01\/Kepernyofoto-2026-01-14-14.46.33.png\" alt=\"\" class=\"wp-image-3839\" style=\"width:166px;height:auto\" srcset=\"https:\/\/opus-folyoirat.sk\/wp-content\/uploads\/2026\/01\/Kepernyofoto-2026-01-14-14.46.33.png 522w, https:\/\/opus-folyoirat.sk\/wp-content\/uploads\/2026\/01\/Kepernyofoto-2026-01-14-14.46.33-191x300.png 191w\" sizes=\"auto, (max-width: 522px) 100vw, 522px\" \/><\/a><\/figure><\/div>\n\n\n<p>Hogyan \u00e9rkezik? A sokszor f\u00f6ltett k\u00e9rd\u00e9sre van egy \u00e1t\u00edrt tr\u00e9f\u00e1b\u00f3l mer\u00edtett v\u00e1laszom. Egy-k\u00e9t \u00f3r\u00e1val \u00e9jf\u00e9l ut\u00e1n z\u00f6rgetnek K\u00e1roly b\u00e1ty\u00e1nk ablak\u00e1n. Az \u00f6reg m\u00e9g m\u00e9ly \u00e1lm\u00e1t fogyasztja, de nagy nehezen meg\u00e9bred, f\u00f6lt\u00e1p\u00e1szkodik, kin\u00e9z, kisz\u00f3l, ki az, k\u00e9rdi. \u00c9n vagyok, K\u00e1roly b\u00e1&#8217;. Van-e b\u00edbor tint\u00e1ja? Az \u00f6reg elkanyar\u00edtja a sz\u00f3t, kihaj\u00edt valami k\u00e9zre \u00e1ll\u00f3t az ablakon, majd visszafekszik. S m\u00e1r alszik is &#8211; nem forgol\u00f3dik, mint valami nyikhaj v\u00e1rosi stresszdudva. Igen \u00e1m, de megint megverik az ablakot, \u00e9pp csak virrad, de verik, szorgalmasan. Kisz\u00f3l, k\u00e9rdez, s hallatszik is a lelkes v\u00e1lasz: Karcsi b\u00e1&#8217;, hoztam b\u00edbor tint\u00e1t, ki\u00e1ltja a <em>Vers<\/em>. N\u00e9zzen a pirkanat fel\u00e9, onnan mer\u00edtettem. H\u00e1t valahogy \u00edgy \u00e9rkezik a vers az \u00e1ltala v\u00e1lasztotthoz.<\/p>\n\n\n\n<p>(<a href=\"https:\/\/opus-folyoirat.sk\/?page_id=4190\">olvass tov\u00e1bb<\/a>)<\/p>\n\n\n\n<hr class=\"wp-block-separator has-alpha-channel-opacity is-style-wide\"\/>\n\n\n\n<p class=\"has-medium-font-size\">Hogya Gy\u00f6rgy<\/p>\n\n\n\n<p><strong>Hol terem a lok\u00e1lpatri\u00f3ta?<\/strong><\/p>\n\n\n\n<p>K\u00f6ztudott, hogy G\u00e1rdonyi G\u00e9za az <em>Egri csillagok<\/em> \u00edr\u00e1sa k\u00f6zben t\u00f6bb munkac\u00edmet is elhaszn\u00e1lt, latolgatta a <em>Gerg\u0151 di\u00e1kot<\/em>, a <em>T\u00f6r\u00f6k gy\u0171r\u0171t<\/em>, a <em>Hold \u00e9s csillagokat<\/em> \u00e9s fontolgatta a <em>Hol terem a magyar vit\u00e9z?<\/em> c\u00edmet is, m\u00edg v\u00e9g\u00fcl a m\u00e1r ismert c\u00edmn\u00e9l \u00e1llapodott meg.&nbsp;<\/p>\n\n\n<div class=\"wp-block-image\">\n<figure class=\"alignright size-large is-resized\"><a href=\"https:\/\/opus-folyoirat.sk\/wp-content\/uploads\/2026\/01\/Hol-terem-a-lokalpatriota.jpeg\"><img loading=\"lazy\" decoding=\"async\" width=\"1024\" height=\"768\" src=\"https:\/\/opus-folyoirat.sk\/wp-content\/uploads\/2026\/01\/Hol-terem-a-lokalpatriota-1024x768.jpeg\" alt=\"\" class=\"wp-image-4212\" style=\"width:238px;height:auto\" srcset=\"https:\/\/opus-folyoirat.sk\/wp-content\/uploads\/2026\/01\/Hol-terem-a-lokalpatriota-1024x768.jpeg 1024w, https:\/\/opus-folyoirat.sk\/wp-content\/uploads\/2026\/01\/Hol-terem-a-lokalpatriota-300x225.jpeg 300w, https:\/\/opus-folyoirat.sk\/wp-content\/uploads\/2026\/01\/Hol-terem-a-lokalpatriota-768x576.jpeg 768w, https:\/\/opus-folyoirat.sk\/wp-content\/uploads\/2026\/01\/Hol-terem-a-lokalpatriota-400x300.jpeg 400w, https:\/\/opus-folyoirat.sk\/wp-content\/uploads\/2026\/01\/Hol-terem-a-lokalpatriota.jpeg 1500w\" sizes=\"auto, (max-width: 1024px) 100vw, 1024px\" \/><\/a><\/figure><\/div>\n\n\n<p>Hasonl\u00f3 c\u00edmad\u00e1si gondjai lehetnek annak is, aki a kir\u00e1lyhelmeci Csonkav\u00e1r gazd\u00e1j\u00e1val, tulajdonos\u00e1val szeretne riportot k\u00e9sz\u00edteni, hiszen mostan\u00e1ban egyre t\u00f6bb riport, s\u0151t a neten el\u0151ad\u00e1s is megjelent a kir\u00e1lyhelmeci \u00e1sat\u00e1sokkal kapcsolatosan. Neh\u00e9z \u00e9rdekl\u0151d\u00e9sre sz\u00e1mot tart\u00f3 c\u00edmet \u00e9s m\u00e9g nehezebb \u00faj, az olvas\u00f3 \u00e9rdekl\u0151d\u00e9sre sz\u00e1mot tart\u00f3 k\u00e9rd\u00e9seket feltenni G\u00f6nczy Bertalannak, hiszen a riportok nagy r\u00e9sz\u00e9ben m\u00e1r v\u00e1laszt kaphattak a Csonkav\u00e1r jelen\u00e9vel \u00e9s j\u00f6v\u0151j\u00e9vel kapcsolatos k\u00e9rd\u00e9sekre. Ebben a besz\u00e9lget\u00e9sben teh\u00e1t \u2013 rendhagy\u00f3 m\u00f3don \u2013 ink\u00e1bb a v\u00e1r t\u00f6rt\u00e9nelm\u00e9nek h\u00e1tter\u00e9t j\u00e1rtuk k\u00f6rbe.<br><strong>G\u00f6nczy Bertalan<\/strong> eredetileg sz\u0151l\u00e9szettel \u00e9s bor\u00e1szattal k\u00edv\u00e1nt foglalkozni, \u00e9s a pince k\u00e9rd\u00e9s\u00e9nek megold\u00e1sa k\u00f6zben mer\u00fclt fel a gondolat, hogy a majdan t\u00f6bb hekt\u00e1rr\u00f3l lesz\u00fcretelend\u0151 \u00e9s feldolgozand\u00f3 mustnak tal\u00e1n j\u00f3 helye lehetne a kir\u00e1lyhelmeci Csonkav\u00e1r pinc\u00e9j\u00e9ben is. &nbsp;<br>Az elgondol\u00e1st tett k\u00f6vette \u00e9s most m\u00e1r negyedik \u00e9ve megfesz\u00edtett munk\u00e1val k\u00e9sz\u00edti el\u0151 \u00faj pinc\u00e9j\u00e9t az \u00faj v\u00e1r\u00far.<\/p>\n\n\n\n<p>(<a href=\"https:\/\/opus-folyoirat.sk\/?page_id=4208\">olvass tov\u00e1bb<\/a>)<\/p>\n\n\n\n<hr class=\"wp-block-separator has-alpha-channel-opacity is-style-wide\"\/>\n\n\n\n<p class=\"has-medium-font-size\" style=\"text-transform:uppercase\">Bakonyi Istv\u00e1n<\/p>\n\n\n\n<div class=\"wp-block-group is-vertical is-layout-flex wp-container-core-group-is-layout-8cf370e7 wp-block-group-is-layout-flex\">\n<p><strong>Szoll\u00e1th Mih\u00e1ly: T\u0171zneh\u00e9z<\/strong><\/p>\n\n\n\n<p>(<em>Fekete Sas Kiad\u00f3, 2024<\/em>)<\/p>\n<\/div>\n\n\n\n<p><\/p>\n\n\n\n<div class=\"wp-block-media-text has-media-on-the-right is-stacked-on-mobile is-vertically-aligned-top\" style=\"grid-template-columns:auto 33%\"><div class=\"wp-block-media-text__content\">\n<p>M\u00e1r a bor\u00edt\u00f3 is szellemes. A szerz\u0151 neve k\u00edn\u00e1lja a j\u00e1t\u00e9koss\u00e1got, persze n\u00e9mi v\u00e1ltoztat\u00e1ssal. Sz\u00e9tt\u00f6rve kiss\u00e9, de <em>sz\u00f3l<\/em> \u00e9s <em>l\u00e1t<\/em> is a k\u00f6lt\u0151\u2026<\/p>\n\n\n\n<p>K\u00f6tete k\u00e9seinek is mondhat\u00f3, hiszen valljuk be, nem fiatalemberr\u0151l van sz\u00f3. Persze tulajdonk\u00e9ppen mell\u00e9kes, hogy valaki t\u00fal kor\u00e1n vagy t\u00fal k\u00e9s\u0151n jelentkezik els\u0151 k\u00f6tet\u00e9vel. Szoll\u00e1th Mih\u00e1ly r\u00e9g\u00f3ta \u00edr verset, s \u00fagy t\u0171nik, most j\u00f6tt el igaz\u00e1n az ideje. Azt is mondhatjuk, hogy j\u00f3kor. \u00c9retten, \u00e9lettapasztalattal, a mesters\u00e9g birtok\u00e1ban. Ahogy a mester\u00e9nek tekinthet\u0151 Pet\u0151cz Andr\u00e1s \u00edrja: \u201e\u2026k\u00f6lt\u00e9szete a k\u00e9s\u0151n indul\u00f3 alkot\u00f3k minden jellemz\u0151j\u00e9t megmutatja, ami ebben az esetben azt jelenti, hogy az els\u0151 k\u00f6tet nem tipikusan \u201eels\u0151\u201d, hanem nagyon \u00e9rett, nagyon tudatos alkot\u00f3 kiv\u00e1l\u00f3 munk\u00e1ja\u2026\u201d<\/p>\n\n\n\n<p><\/p>\n\n\n\n<p>(<a href=\"https:\/\/opus-folyoirat.sk\/?page_id=2583\" data-type=\"page\" data-id=\"2583\">olvass tov\u00e1bb<\/a>)<\/p>\n<\/div><figure class=\"wp-block-media-text__media\"><a href=\"https:\/\/opus-folyoirat.sk\/wp-content\/uploads\/2025\/02\/Szollath-Mihaly-Tuznehez-1.jpg\"><img loading=\"lazy\" decoding=\"async\" width=\"726\" height=\"1024\" src=\"http:\/\/opus-folyoirat.sk\/wp-content\/uploads\/2025\/02\/Szollath-Mihaly-Tuznehez-1-726x1024.jpg\" alt=\"\" class=\"wp-image-2109 size-full\" srcset=\"https:\/\/opus-folyoirat.sk\/wp-content\/uploads\/2025\/02\/Szollath-Mihaly-Tuznehez-1-726x1024.jpg 726w, https:\/\/opus-folyoirat.sk\/wp-content\/uploads\/2025\/02\/Szollath-Mihaly-Tuznehez-1-213x300.jpg 213w, https:\/\/opus-folyoirat.sk\/wp-content\/uploads\/2025\/02\/Szollath-Mihaly-Tuznehez-1-768x1083.jpg 768w, https:\/\/opus-folyoirat.sk\/wp-content\/uploads\/2025\/02\/Szollath-Mihaly-Tuznehez-1-1089x1536.jpg 1089w, https:\/\/opus-folyoirat.sk\/wp-content\/uploads\/2025\/02\/Szollath-Mihaly-Tuznehez-1-1452x2048.jpg 1452w, https:\/\/opus-folyoirat.sk\/wp-content\/uploads\/2025\/02\/Szollath-Mihaly-Tuznehez-1.jpg 1655w\" sizes=\"auto, (max-width: 726px) 100vw, 726px\" \/><\/a><\/figure><\/div>\n\n\n\n<hr class=\"wp-block-separator has-alpha-channel-opacity is-style-wide\"\/>\n\n\n\n<p class=\"has-medium-font-size\">Tam\u00e1si Orosz J\u00e1nos<\/p>\n\n\n\n<p><strong>Aich P\u00e9ter k\u00f6nyvbemutat\u00f3j\u00e1n<\/strong><\/p>\n\n\n<div class=\"wp-block-image\">\n<figure class=\"alignright size-large is-resized\"><img loading=\"lazy\" decoding=\"async\" width=\"840\" height=\"1024\" src=\"http:\/\/opus-folyoirat.sk\/wp-content\/uploads\/2026\/01\/AichPeter-840x1024.jpg\" alt=\"\" class=\"wp-image-3571\" style=\"width:220px;height:auto\" srcset=\"https:\/\/opus-folyoirat.sk\/wp-content\/uploads\/2026\/01\/AichPeter-840x1024.jpg 840w, https:\/\/opus-folyoirat.sk\/wp-content\/uploads\/2026\/01\/AichPeter-246x300.jpg 246w, https:\/\/opus-folyoirat.sk\/wp-content\/uploads\/2026\/01\/AichPeter-768x936.jpg 768w, https:\/\/opus-folyoirat.sk\/wp-content\/uploads\/2026\/01\/AichPeter-1261x1536.jpg 1261w, https:\/\/opus-folyoirat.sk\/wp-content\/uploads\/2026\/01\/AichPeter.jpg 1328w\" sizes=\"auto, (max-width: 840px) 100vw, 840px\" \/><figcaption class=\"wp-element-caption\">Aich P\u00e9ter<\/figcaption><\/figure><\/div>\n\n\n<p>Az im\u00e9nti p\u00e9ld\u00e1t k\u00e9t aprop\u00f3 szolg\u00e1ltatta sz\u00e1momra. K\u00e9t gondolat al\u00e1h\u00faz\u00e1sa. Az egyik annak \u00e9szrev\u00e9telez\u00e9se, hogy kort\u00e1rsaim \u00fajabb munk\u00e1it b\u00f6ng\u00e9szve felt\u0171nt valami: min\u00e9l ink\u00e1bb k\u00f6zelednek a hatodik, hat \u00e9s feledik \u00e9vtizedhat\u00e1rh\u00edd fel\u00e9, ann\u00e1l ink\u00e1bb szaporodnak az egyre vaskosabb \u00e9letm\u0171-\u00f6sszegz\u00e9sek, hat-nyolcsz\u00e1z, vagy ak\u00e1r ezervalah\u00e1nysz\u00e1z oldalra nyomtatva igyekeznek s\u00falyt adni l\u00edr\u00e1juknak. Komoly posztamensek ezek, de n\u00e9melyik\u00fck porcel\u00e1nnippek, vagy zongor\u00e1n pilled\u0151 mellszobrok al\u00e1 ill\u0151. Mert h\u00e1t k\u00e9zbe-\u00f6lbe venni, lapozgatni, valljuk be, macer\u00e1s \u00fcgy. T\u00e9nyleg nem k\u00edv\u00e1nom ezek tartalm\u00e1t is \u00e9rinteni, t\u00f6bbnyire nagyszer\u0171 l\u00edrai \u00e9letp\u00e1ly\u00e1k, remek teljes\u00edtm\u00e9nyek \u00e1llnak ezek m\u00f6g\u00f6tt, azt is elismerem, hogy gyakorta hi\u00e1nyp\u00f3tl\u00f3 \u00f6sszegz\u00e9sekhez jutunk eme kiad\u00f3i v\u00e1llalkoz\u00e1soknak k\u00f6sz\u00f6nhet\u0151en, de az (mondom mell\u00e9kmondatk\u00e9nt) olykor zavar, hogy m\u00e9g le sem \u00fclepedett egyik-m\u00e1sik vaskos k\u00f6tet kritikai \u00e9s olvas\u00f3i visszaigazol\u00e1sa, m\u00e1ris \u2013 m\u00e9g abban a negyed\u00e9vben \u2013 ott sorakozik mellett\u00fck a boltok polcain egy, vagy k\u00e9t \u00faj k\u00f6tete a szerz\u0151nek.<\/p>\n\n\n\n<p>(<a href=\"https:\/\/opus-folyoirat.sk\/?page_id=4253\">olvass tov\u00e1bb<\/a>)<\/p>\n\n\n\n<hr class=\"wp-block-separator has-alpha-channel-opacity is-style-wide\"\/>\n\n\n\n<p class=\"has-medium-font-size\">Tam\u00e1si Orosz J\u00e1nos<\/p>\n\n\n\n<p><strong>\u201e\u2026eml\u00e9kezz a foh\u00e1szodra a t\u00e9lhez\u2026\u201d<\/strong><br><em>Bekezd\u00e9sek Ravasz J\u00f3zsefr\u0151l 5<\/em><\/p>\n\n\n<div class=\"wp-block-image\">\n<figure class=\"alignright size-full is-resized\"><img loading=\"lazy\" decoding=\"async\" width=\"960\" height=\"720\" src=\"http:\/\/opus-folyoirat.sk\/wp-content\/uploads\/2025\/11\/ravasz.jpg\" alt=\"\" class=\"wp-image-3223\" style=\"aspect-ratio:1;object-fit:cover;width:249px;height:auto\" srcset=\"https:\/\/opus-folyoirat.sk\/wp-content\/uploads\/2025\/11\/ravasz.jpg 960w, https:\/\/opus-folyoirat.sk\/wp-content\/uploads\/2025\/11\/ravasz-300x225.jpg 300w, https:\/\/opus-folyoirat.sk\/wp-content\/uploads\/2025\/11\/ravasz-768x576.jpg 768w, https:\/\/opus-folyoirat.sk\/wp-content\/uploads\/2025\/11\/ravasz-400x300.jpg 400w\" sizes=\"auto, (max-width: 960px) 100vw, 960px\" \/><\/figure><\/div>\n\n\n<p>Van egy <em>P\u00e1lovics L\u00e1szl\u00f3<\/em>hozkapcsol\u00f3d\u00f3, ma m\u00e1r megszel\u00edd\u00fclt anekdotak\u00e9nt olykor-olykor emlegetett \u00f6ndefin\u00edci\u00f3, amely szerint a <em>Kenya<\/em> becen\u00e9vre hallgat\u00f3 \u2013 s ahogy mondj\u00e1k: tragikus sors\u00fa \u2013 hatalmas tehets\u00e9ggel meg\u00e1ldott pr\u00f3za\u00edr\u00f3 saj\u00e1t mag\u00e1t \u00fagy aposztrof\u00e1lta: \u00e9n vagyok \u201e<em>az abszol\u00fat csehszlov\u00e1kiai kisebbs\u00e9gi<\/em>\u201d. Gondolt itt felvid\u00e9ki magyars\u00e1g\u00e1ra, m\u00e1ss\u00e1gra utal\u00f3 b\u0151rsz\u00edn\u00e9re, soha nem l\u00e1tott \u00e9desapj\u00e1ra; mondhatni, teljes joggal fogalmazott \u00edgy, m\u00e9gis \u2013 ha szer\u00e9nyen s tisztelettel \u2013 de c\u00e1foln\u00e1m az \u00e1ll\u00edt\u00e1st. Mert \u00fagy gondolom, <em>Ravasz<\/em> <em>J\u00f3zsef<\/em>&nbsp; (cseh)szlov\u00e1kiai magyar cig\u00e1ny k\u00f6lt\u0151k\u00e9nt legal\u00e1bbis holtversenyben \u00e1ll vele. Semmik\u00e9pp sem szeretn\u00e9k itt enn\u00e9l er\u0151sebb ir\u00f3ni\u00e1val \u00e9lni, ennyire is a k\u00f6lt\u0151, a hetven\u00f6t esztend\u0151s Ravasz J\u00f3zsef b\u00e1tor\u00edt f\u00f6l versein kereszt\u00fcl, hiszen \u2013 majd k\u00e9s\u0151bb bizony\u00edtom ezt \u2013 sorai b\u0151velkednek a cs\u00f6ndes, szinte alig hallhat\u00f3, de ann\u00e1l nagyobbat csattan\u00f3 ironikus megfogalmaz\u00e1sokban. Mik\u00f6zben e h\u00e1rmas sz\u00e1mkivetetts\u00e9g \u2013 \u00e9desapj\u00e1t fiatalon vesz\u00edti el, cig\u00e1nyk\u00e9nt olykor m\u00e9g magyarok k\u00f6z\u00f6tt is kisebbs\u00e9gi, magyark\u00e9nt a szlov\u00e1k nemzet egy r\u00e9sz\u00e9vel kell megharcolnia, s (cseh)szlov\u00e1kiai magyark\u00e9nt legf\u00f6ljebb a nagyvil\u00e1g fel\u00e9 indulhat(na) \u00f6nmaga fel\u00e9 \u2013 k\u00fcszk\u00f6d\u00e9s\u00e9be bele\u00e9lve magunk, mondjuk ki, hajlamosak vagyunk arra gondolni, hogy nem \u0151szinte, nem lehet \u0151szinte a mosolya. \u00c9s m\u00e9gis. Hiszen sz\u00e1m\u00e1ra ez a legfontosabb: ragaszkodik a nevet\u00e9shez.&nbsp;<\/p>\n\n\n\n<p><\/p>\n\n\n\n<p>(<a href=\"https:\/\/opus-folyoirat.sk\/?page_id=4251\">olvass tov\u00e1bb<\/a>)<\/p>\n\n\n\n<hr class=\"wp-block-separator has-alpha-channel-opacity is-style-wide\"\/>\n\n\n\n<p class=\"has-medium-font-size\">Hogya Gy\u00f6rgy<\/p>\n\n\n\n<p><strong>Tudat kerestetik<\/strong><\/p>\n\n\n\n<p>M\u00e1rai a napl\u00f3j\u00e1ban eml\u00edti, hogy egyszer a terasz\u00e1ra kil\u00e9pve egy d\u00f6gl\u00f6tt mad\u00e1r tetem\u00e9re akadt, s mikor botj\u00e1val megpiszk\u00e1lta \u00e9s kiss\u00e9 felemelte, meglepet\u00e9s\u00e9re a kukacok mellett hangy\u00e1k t\u00f6mege bukkant el\u0151. Pontosabban \u201ehangyaszer\u0171 parazita \u00e9l\u0151l\u00e9nyek ezrei keringtek a mad\u00e1rtetem hely\u00e9n\u201d. Elgondolkodott a rejt\u00e9lyen, vajon mif\u00e9le er\u0151 vezette ide a hangy\u00e1kat? Mi mutatta meg nekik az utat, amely a lakom\u00e1hoz vezette \u0151ket? Mif\u00e9le ingerek, sz\u00e1munkra \u00e9rthetetlen jelek vezetik a hangy\u00e1kat az \u00e9rt\u00e9kes tetem nyom\u00e1ra? \u201eAz inform\u00e1lts\u00e1gnak ebben a titokzatos c\u00e9ltudatoss\u00e1g\u00e1ban \u00e9s s\u00fcrg\u0151s\u00e9g\u00e9ben van valami f\u00e9lelmetes\u201d \u2013 teszi hozz\u00e1.<br>T\u00e9ny, hogy m\u00e9g mindig nem tudunk mindent, vagy eleget a hangy\u00e1k \u00e9let\u00e9r\u0151l, \u00e9let\u00fck mozgat\u00f3er\u0151ir\u0151l.<\/p>\n\n\n\n<p><br>(<a href=\"https:\/\/opus-folyoirat.sk\/?page_id=4243\">olvass tov\u00e1bb<\/a>)<\/p>\n\n\n\n<hr class=\"wp-block-separator has-alpha-channel-opacity is-style-wide\"\/>\n\n\n\n<p class=\"has-medium-font-size\">Tam\u00e1si Orosz J\u00e1nos<\/p>\n\n\n\n<p><strong>\u201e\u2026el\u00e9g, hogy kimondhatja a szavakat\u2026\u201d<\/strong><\/p>\n\n\n<div class=\"wp-block-image\">\n<figure class=\"alignright size-large is-resized\"><a href=\"https:\/\/opus-folyoirat.sk\/wp-content\/uploads\/2024\/06\/macskako.jpeg\"><img loading=\"lazy\" decoding=\"async\" width=\"629\" height=\"1024\" src=\"http:\/\/opus-folyoirat.sk\/wp-content\/uploads\/2024\/06\/macskako-629x1024.jpeg\" alt=\"\" class=\"wp-image-1287\" style=\"width:193px;height:auto\" srcset=\"https:\/\/opus-folyoirat.sk\/wp-content\/uploads\/2024\/06\/macskako-629x1024.jpeg 629w, https:\/\/opus-folyoirat.sk\/wp-content\/uploads\/2024\/06\/macskako-184x300.jpeg 184w, https:\/\/opus-folyoirat.sk\/wp-content\/uploads\/2024\/06\/macskako-768x1249.jpeg 768w, https:\/\/opus-folyoirat.sk\/wp-content\/uploads\/2024\/06\/macskako-944x1536.jpeg 944w, https:\/\/opus-folyoirat.sk\/wp-content\/uploads\/2024\/06\/macskako.jpeg 1080w\" sizes=\"auto, (max-width: 629px) 100vw, 629px\" \/><\/a><\/figure><\/div>\n\n\n<p><em>\u201eMost m\u00e1r ketten j\u00e1rjuk a macskak\u00f6ves utc\u00e1kat, ha \u00e9ppen tudni akarunk arr\u00f3l, hol tart az emberis\u00e9g. Csak r\u00f6vid ideig b\u00edrjuk a l\u00e1tom\u00e1sokat\u2026\u201d<\/em> \u2013 \u00edrja biblikus ihlet\u00e9s\u0171 \u00e9s ihletetts\u00e9g\u0171 t\u00f6rt\u00e9netei egyik\u00e9ben <em>P\u00f3da Erzs\u00e9bet<\/em>. A karcs\u00fa k\u00f6tet c\u00edmad\u00f3 (<em>Macskak\u0151<\/em>) kisnovell\u00e1j\u00e1ban bukkanhatunk r\u00e1; s a \u201eketten j\u00e1rjuk\u201d szavakat ak\u00e1r megh\u00edv\u00e1sk\u00e9nt (beavat\u00e1sk\u00e9nt) is \u00e9rtelmezhetj\u00fck (noha az adott helyen nem erre utalnak), hiszen a t\u00e1rcanovell\u00e1k kereteit ostroml\u00f3 \u2013 mert t\u00f6bb k\u00f6z\u00fcl\u00fck enn\u00e9l m\u00e9lyebb tartalommal b\u00edr \u2013 t\u00f6rt\u00e9netek egyazon t\u0151r\u0151l fakadnak (f\u00f6l, mint a gy\u00f3gy\u00edthatatlan sebek): az ember \u00e9s az embertelens\u00e9g, a testi gonoszs\u00e1g \u00e9s a l\u00e9lek kilobban\u00e1s\u00e1nak megr\u00e1z\u00f3 \u00e1br\u00e1zol\u00e1s\u00e1b\u00f3l. S az \u00edr\u00f3 a s\u00f6t\u00e9t oldal bej\u00e1r\u00e1s\u00e1ra invit\u00e1lja olvas\u00f3it eme tanuls\u00e1gos utaz\u00e1s st\u00e1ci\u00f3ival. B\u00e1r megt\u00f6rt\u00e9nt esetek, mondja a szerz\u0151, de ha \u00edgy is van, az legf\u00f6ljebb a t\u00e9m\u00e1t \u00e9rinti: a kerett\u00f6rt\u00e9net h\u00e1tt\u00e9rr\u00e9, p\u00e9ldabesz\u00e9d-\u00e9rt\u00e9k\u0171v\u00e9 v\u00e1lik az elbesz\u00e9l\u00e9s nyom\u00e1n. Biblikus, \u00edrtam, de am\u00fagy hat\u00e1s\u00e1ban \u00e9s \u00e1thall\u00e1saiban az \u2013 mert \u00edzig-v\u00e9rig embermes\u00e9k ezek, a korr\u00f3l, amelyben \u00e9l\u00fcnk, most \u00e9s mind\u00f6r\u00f6kk\u00e9. S \u00e9lni fogunk, \u00f6r\u00f6kk\u00f6n-\u00f6r\u00f6kk\u00e9, ha nem tal\u00e1lunk r\u00e1 az <em>egyetlen<\/em> igazra. \u00d6tvenen, negyven\u00f6ten, de legal\u00e1bb t\u00edzen.&nbsp;<\/p>\n\n\n\n<p>(<a href=\"https:\/\/opus-folyoirat.sk\/?page_id=4185\">olvass tov\u00e1bb<\/a>)<\/p>\n\n\n\n<hr class=\"wp-block-separator has-alpha-channel-opacity is-style-wide\"\/>\n\n\n\n<p class=\"has-medium-font-size\" style=\"text-transform:uppercase\">Hogya Gy\u00f6rgy<\/p>\n\n\n\n<p class=\"has-medium-font-size\"><strong>Az \u00e9let neh\u00e9z, furcsa j\u00e1t\u00e9k<\/strong><\/p>\n\n\n\n<div class=\"wp-block-media-text has-media-on-the-right is-stacked-on-mobile is-vertically-aligned-top\" style=\"grid-template-columns:auto 30%\"><div class=\"wp-block-media-text__content\">\n<p>Nagy Erika, keresve sem tal\u00e1lhatott volna kifejez\u0151bb c\u00edmet besz\u00e9ltet\u0151\/besz\u00e9lget\u0151-k\u00f6tet\u00e9nek, hiszen a h\u00fasz kiv\u00e1lasztott besz\u00e9lget\u0151t\u00e1rsat az \u00edr\u00e1s ugyancsak szubtilis sz\u00e1la k\u00f6ti \u00f6ssze, mik\u00f6zben t\u00e1rsadalmi helyzet\u00fck, vil\u00e1gn\u00e9zet\u00fck s f\u0151leg az olvas\u00f3nak sz\u00f3l\u00f3 \u00fczenet\u00fck v\u00e1ltozatoss\u00e1ga meglehet\u0151sen sz\u00ednes \u00e9s sokr\u00e9t\u0171 befogad\u00f3 gondolatokat sz\u00fcl.<\/p>\n<\/div><figure class=\"wp-block-media-text__media\"><a href=\"https:\/\/opus-folyoirat.sk\/wp-content\/uploads\/2025\/08\/az-elet-nehez-furcsa-jatek_500383_1-1.jpg\"><img loading=\"lazy\" decoding=\"async\" width=\"658\" height=\"1024\" src=\"https:\/\/opus-folyoirat.sk\/wp-content\/uploads\/2025\/08\/az-elet-nehez-furcsa-jatek_500383_1-1.jpg\" alt=\"\" class=\"wp-image-2491 size-full\" srcset=\"https:\/\/opus-folyoirat.sk\/wp-content\/uploads\/2025\/08\/az-elet-nehez-furcsa-jatek_500383_1-1.jpg 658w, https:\/\/opus-folyoirat.sk\/wp-content\/uploads\/2025\/08\/az-elet-nehez-furcsa-jatek_500383_1-1-193x300.jpg 193w\" sizes=\"auto, (max-width: 658px) 100vw, 658px\" \/><\/a><\/figure><\/div>\n\n\n\n<p>(<a href=\"https:\/\/opus-folyoirat.sk\/?page_id=2483\" data-type=\"page\" data-id=\"2483\">olvass tov\u00e1bb<\/a>)<\/p>\n\n\n\n<hr class=\"wp-block-separator has-alpha-channel-opacity is-style-wide\"\/>\n\n\n\n<p class=\"has-medium-font-size\">Tam\u00e1si Orosz J\u00e1nos<\/p>\n\n\n\n<div class=\"wp-block-group is-vertical is-layout-flex wp-container-core-group-is-layout-8cf370e7 wp-block-group-is-layout-flex\">\n<p><strong>\u201e\u2026megv\u00e1lt\u00e1s a versnek a meg\u00edr\u00e1s\u2026\u201d<\/strong><\/p>\n\n\n\n<p><em>Z. N\u00e9meth Istv\u00e1n: \u00c9jszaka a szaun\u00e1ban<\/em><\/p>\n<\/div>\n\n\n<div class=\"wp-block-image\">\n<figure class=\"alignright size-full is-resized\"><a href=\"https:\/\/opus-folyoirat.sk\/wp-content\/uploads\/2026\/01\/Z.-Nemeth-Istvan-Ejszaka-a-szaunaban.jpeg\"><img loading=\"lazy\" decoding=\"async\" width=\"551\" height=\"900\" src=\"http:\/\/opus-folyoirat.sk\/wp-content\/uploads\/2026\/01\/Z.-Nemeth-Istvan-Ejszaka-a-szaunaban.jpeg\" alt=\"\" class=\"wp-image-3739\" style=\"width:234px;height:auto\" srcset=\"https:\/\/opus-folyoirat.sk\/wp-content\/uploads\/2026\/01\/Z.-Nemeth-Istvan-Ejszaka-a-szaunaban.jpeg 551w, https:\/\/opus-folyoirat.sk\/wp-content\/uploads\/2026\/01\/Z.-Nemeth-Istvan-Ejszaka-a-szaunaban-184x300.jpeg 184w\" sizes=\"auto, (max-width: 551px) 100vw, 551px\" \/><\/a><\/figure><\/div>\n\n\n<p>A vers meglehet val\u00f3ban olyan, mint Isten l\u00e9legzetv\u00e9tele. Annak ritmusa, s az a n\u00e9hol felgyorsul\u00f3 zih\u00e1l\u00e1s, mely a teremt\u00e9s f\u00e1zisainak <em>lexebb<\/em> pillanatait k\u00eds\u00e9ri. Nem sajt\u00f3hiba, s nem is \u00e9n v\u00e9tettem el a sz\u00f3t \u2013 tudatos sz\u00e1nd\u00e9k volt ez. Mert a vers, b\u00e1r teremt\u00e9s, nem olyan, mint Isten\u00e9. A vers egyszerre magasztos \u00e9s prof\u00e1n, emelkedett \u00e9s f\u00f6ldh\u00f6z tapadt. A vers a l\u00e9lek l\u00e9tez\u00e9se \u00e9s a l\u00e9tez\u00e9s lelke \u2013 kett\u0151j\u00fck szignifik\u00e1ns r\u00f6gval\u00f3s\u00e1ga. A kett\u0151 k\u00f6z\u00f6tti l\u00e1thatatlan, de \u00e9rz\u00e9kelhet\u0151 t\u00e9r metavers-val\u00f3s\u00e1ga. Valahogy ezt \u00e9rezz\u00fck, rem\u00e9lem, t\u00f6bben is, <em>Z. N\u00e9meth Istv\u00e1n <\/em>minden egyes versesk\u00f6tet\u00e9nek olvas\u00e1sa k\u00f6zben. Ma m\u00e1r egy kicsit azok el\u0151tt is, hiszen eml\u00e9keinkben \u00e9lnek a kor\u00e1bbi opusok, s az \u00e1ltaluk teremtett v\u00e1rakoz\u00e1s \u2013 tudjuk, hogy az \u00faj vers egy \u00fajabb s\u00e9t\u00e1ra h\u00edv ama bizonyos szint <em>f\u00f6l\u00e9<\/em>. \u00c9s most sem csal\u00f3dunk: az <em>\u00c9jszaka a szaun\u00e1ban <\/em>c\u00edmen kapott \u00faj k\u00f6tet prof\u00e1n j\u00e1tszadoz\u00e1sai \u00e9s v\u00e9resen komoly k\u00f6vetkeztet\u00e9sei tov\u00e1bb \u00e9p\u00edtik s gyarap\u00edtj\u00e1k a Z. N\u00e9meth-\u00e9letm\u0171 korunk \u00e9rt\u00e9kes kultur\u00e1lis \u00f6r\u00f6ks\u00e9g\u00e9t. Korunk\u00e9t, mely egyszer majd \u2013 pusztul\u00e1s\u00e1val, sz\u00e9thull\u00e1s\u00e1val, ill\u00fazi\u00f3inak s \u00e9rzelmeinek folyamatos ki\u00fcresed\u00e9s\u00e9vel egy\u00fctt \u2013 olyan gy\u00f6ny\u00f6r\u0171 leletet k\u00e9pez, mit sz\u00e1munkra jelentenek ma a f\u00f6ldb\u0151l kifordul\u00f3 antik m\u0171v\u00e9szet szobortorz\u00f3i; igen, ez a k\u00f6lt\u00e9szet olyan sz\u00e9p lesz \u00e9s \u201e<em>olyan megrend\u00edt\u0151, mint a vil\u00e1ganyanyelv<\/em>\u201d, amelyen majd \u00e9rtelmezik sorait.<\/p>\n\n\n\n<p>(<a href=\"https:\/\/opus-folyoirat.sk\/?page_id=4182\">olvass tov\u00e1bb<\/a>)<\/p>\n\n\n\n<hr class=\"wp-block-separator has-alpha-channel-opacity is-style-wide\"\/>\n\n\n\n<p class=\"has-medium-font-size\">Hogya Gy\u00f6rgy<\/p>\n\n\n\n<p><strong>AZ \u00c9RTELEM MEGFENEKL\u00c9SEI<\/strong><\/p>\n\n\n<div class=\"wp-block-image\">\n<figure class=\"alignright size-large is-resized\"><img loading=\"lazy\" decoding=\"async\" width=\"1024\" height=\"1004\" src=\"http:\/\/opus-folyoirat.sk\/wp-content\/uploads\/2025\/09\/Hogya-1024x1004.jpg\" alt=\"\" class=\"wp-image-2625\" style=\"width:215px;height:auto\" srcset=\"https:\/\/opus-folyoirat.sk\/wp-content\/uploads\/2025\/09\/Hogya-1024x1004.jpg 1024w, https:\/\/opus-folyoirat.sk\/wp-content\/uploads\/2025\/09\/Hogya-300x294.jpg 300w, https:\/\/opus-folyoirat.sk\/wp-content\/uploads\/2025\/09\/Hogya-768x753.jpg 768w, https:\/\/opus-folyoirat.sk\/wp-content\/uploads\/2025\/09\/Hogya-306x300.jpg 306w, https:\/\/opus-folyoirat.sk\/wp-content\/uploads\/2025\/09\/Hogya.jpg 1304w\" sizes=\"auto, (max-width: 1024px) 100vw, 1024px\" \/><\/figure><\/div>\n\n\n<p>Azt k\u00e9rded, kedves Artemisia, mivel t\u00f6lt\u00f6m napjaimat. Nos, \u00e9rdekl\u0151dve figyelem mi mindennel j\u00e1r az \u00f6regs\u00e9g, s kem\u00e9nyen tartom magam Seneca tan\u00e1cs\u00e1hoz: \u201eEtiam seni est discendum\u201d, azaz az \u00f6regnek is tanulnia kell. Nyugd\u00edjba vonul\u00e1som ut\u00e1n abban a hitben ringattam magam, hogy az \u00f6regs\u00e9g visszavezet a gyermekkor \u0151szintes\u00e9g\u00e9hez, teh\u00e1t sok mindenr\u0151l elfogults\u00e1g n\u00e9lk\u00fcl mondhatom el a v\u00e9lem\u00e9nyemet, de persze, be kellett l\u00e1tnom, hogy a gyermekkori \u00e9s \u00f6regkori \u0151szintes\u00e9g k\u00f6z\u00f6tt \u00f3ri\u00e1si k\u00fcl\u00f6nbs\u00e9g van. De err\u0151l k\u00e9s\u0151bb\u2026 Mindazon\u00e1ltal \u00f6r\u00f6mmel olvasom, hogy eljegyezted magad, \u00e9s nemsok\u00e1ra f\u00e9rjhez m\u00e9gy, tov\u00e1bb\u00e1 az internetnek k\u00f6sz\u00f6nhet\u0151en nagy k\u00f6sz\u00f6nettel vettem leg\u00fajabb \u2013 ki\u00e1ll\u00edt\u00e1sra sz\u00e1nt \u2013 festm\u00e9nyeidet. Az eljegyz\u00e9shez \u00e9s alkot\u00e1saidhoz sz\u00edvb\u0151l gratul\u00e1lok!&nbsp;<\/p>\n\n\n\n<p>(<a href=\"https:\/\/opus-folyoirat.sk\/?page_id=3925\" data-type=\"link\" data-id=\"https:\/\/opus-folyoirat.sk\/?page_id=3925\">olvass tov\u00e1bb<\/a>)<\/p>\n\n\n\n<hr class=\"wp-block-separator has-alpha-channel-opacity is-style-wide\"\/>\n\n\n\n<div class=\"wp-block-group is-vertical is-layout-flex wp-container-core-group-is-layout-8cf370e7 wp-block-group-is-layout-flex\">\n<h1 class=\"wp-block-heading has-medium-font-size\"><br>Hangok \u00e9s t\u00f6rt\u00e9netek<\/h1>\n\n\n\n<p class=\"has-small-font-size\" id=\"block-b2284cda-1518-4f8c-9241-28422f95640b\">Interj\u00fa a 60 \u00e9ves Jezs\u00f3 \u00c1kossal<\/p>\n<\/div>\n\n\n\n<p><\/p>\n\n\n\n<p id=\"block-95cc9de4-f052-447e-915a-50338fa3d7c9\"><strong>Jezs\u00f3 \u00c1kos csal\u00e1di h\u00e1ttere szorosan k\u00f6t\u0151dik a Felvid\u00e9khez, mivel nagysz\u00fclei m\u00e9g a csall\u00f3k\u00f6zi Bak\u00e1n \u00e9ltek, \u00e9s a csal\u00e1d t\u00f6rt\u00e9nete a felvid\u00e9ki magyars\u00e1g XX. sz\u00e1zadi sors\u00e1t t\u00fckr\u00f6zi. A tril\u00f3gi\u00e1ja, vagyis a Megyek t\u00falra (2017), a M\u00e9cses a k\u00f6dben (2021) \u00e9s az \u00c9jf\u00e9lre kialszanak a l\u00e1ngok (2025) c\u00edm\u0171 k\u00f6tetek h\u00e1rom gener\u00e1ci\u00f3 \u00e9let\u00e9t mutatj\u00e1k be egy\u00fcttesen a felvid\u00e9ki magyars\u00e1g t\u00f6rt\u00e9nelmi \u00e9s t\u00e1rsadalmi kontextus\u00e1ban.<\/strong><\/p>\n\n\n\n<figure class=\"wp-block-gallery has-nested-images columns-4 is-cropped wp-block-gallery-1 is-layout-flex wp-block-gallery-is-layout-flex\">\n<figure class=\"wp-block-image size-large\"><img loading=\"lazy\" decoding=\"async\" width=\"688\" height=\"1024\" data-id=\"2518\" src=\"https:\/\/opus-folyoirat.sk\/wp-content\/uploads\/2025\/09\/jezso-1-1-688x1024.jpeg\" alt=\"\" class=\"wp-image-2518\" srcset=\"https:\/\/opus-folyoirat.sk\/wp-content\/uploads\/2025\/09\/jezso-1-1-688x1024.jpeg 688w, https:\/\/opus-folyoirat.sk\/wp-content\/uploads\/2025\/09\/jezso-1-1-201x300.jpeg 201w, https:\/\/opus-folyoirat.sk\/wp-content\/uploads\/2025\/09\/jezso-1-1-768x1144.jpeg 768w, https:\/\/opus-folyoirat.sk\/wp-content\/uploads\/2025\/09\/jezso-1-1-1031x1536.jpeg 1031w, https:\/\/opus-folyoirat.sk\/wp-content\/uploads\/2025\/09\/jezso-1-1-1375x2048.jpeg 1375w, https:\/\/opus-folyoirat.sk\/wp-content\/uploads\/2025\/09\/jezso-1-1.jpeg 1586w\" sizes=\"auto, (max-width: 688px) 100vw, 688px\" \/><\/figure>\n\n\n\n<figure class=\"wp-block-image size-large\"><img loading=\"lazy\" decoding=\"async\" width=\"627\" height=\"1024\" data-id=\"2520\" src=\"https:\/\/opus-folyoirat.sk\/wp-content\/uploads\/2025\/09\/4638071-1-627x1024.jpeg\" alt=\"\" class=\"wp-image-2520\" srcset=\"https:\/\/opus-folyoirat.sk\/wp-content\/uploads\/2025\/09\/4638071-1-627x1024.jpeg 627w, https:\/\/opus-folyoirat.sk\/wp-content\/uploads\/2025\/09\/4638071-1-184x300.jpeg 184w, https:\/\/opus-folyoirat.sk\/wp-content\/uploads\/2025\/09\/4638071-1-768x1255.jpeg 768w, https:\/\/opus-folyoirat.sk\/wp-content\/uploads\/2025\/09\/4638071-1-940x1536.jpeg 940w, https:\/\/opus-folyoirat.sk\/wp-content\/uploads\/2025\/09\/4638071-1-1254x2048.jpeg 1254w, https:\/\/opus-folyoirat.sk\/wp-content\/uploads\/2025\/09\/4638071-1.jpeg 1446w\" sizes=\"auto, (max-width: 627px) 100vw, 627px\" \/><\/figure>\n\n\n\n<figure class=\"wp-block-image size-large\"><img loading=\"lazy\" decoding=\"async\" width=\"614\" height=\"1024\" data-id=\"2517\" src=\"https:\/\/opus-folyoirat.sk\/wp-content\/uploads\/2025\/09\/konyvajanlo_sablon-1-614x1024.jpeg\" alt=\"\" class=\"wp-image-2517\" srcset=\"https:\/\/opus-folyoirat.sk\/wp-content\/uploads\/2025\/09\/konyvajanlo_sablon-1-614x1024.jpeg 614w, https:\/\/opus-folyoirat.sk\/wp-content\/uploads\/2025\/09\/konyvajanlo_sablon-1-180x300.jpeg 180w, https:\/\/opus-folyoirat.sk\/wp-content\/uploads\/2025\/09\/konyvajanlo_sablon-1-768x1280.jpeg 768w, https:\/\/opus-folyoirat.sk\/wp-content\/uploads\/2025\/09\/konyvajanlo_sablon-1-921x1536.jpeg 921w, https:\/\/opus-folyoirat.sk\/wp-content\/uploads\/2025\/09\/konyvajanlo_sablon-1-1229x2048.jpeg 1229w, https:\/\/opus-folyoirat.sk\/wp-content\/uploads\/2025\/09\/konyvajanlo_sablon-1.jpeg 1417w\" sizes=\"auto, (max-width: 614px) 100vw, 614px\" \/><\/figure>\n\n\n\n<figure class=\"wp-block-image size-large\"><img loading=\"lazy\" decoding=\"async\" width=\"655\" height=\"1024\" data-id=\"2519\" src=\"https:\/\/opus-folyoirat.sk\/wp-content\/uploads\/2025\/09\/mecses_a_kodben_-_jezso_akos-1-655x1024.jpeg\" alt=\"\" class=\"wp-image-2519\" srcset=\"https:\/\/opus-folyoirat.sk\/wp-content\/uploads\/2025\/09\/mecses_a_kodben_-_jezso_akos-1-655x1024.jpeg 655w, https:\/\/opus-folyoirat.sk\/wp-content\/uploads\/2025\/09\/mecses_a_kodben_-_jezso_akos-1-192x300.jpeg 192w, https:\/\/opus-folyoirat.sk\/wp-content\/uploads\/2025\/09\/mecses_a_kodben_-_jezso_akos-1-768x1200.jpeg 768w, https:\/\/opus-folyoirat.sk\/wp-content\/uploads\/2025\/09\/mecses_a_kodben_-_jezso_akos-1-983x1536.jpeg 983w, https:\/\/opus-folyoirat.sk\/wp-content\/uploads\/2025\/09\/mecses_a_kodben_-_jezso_akos-1-1311x2048.jpeg 1311w, https:\/\/opus-folyoirat.sk\/wp-content\/uploads\/2025\/09\/mecses_a_kodben_-_jezso_akos-1.jpeg 1512w\" sizes=\"auto, (max-width: 655px) 100vw, 655px\" \/><\/figure>\n<\/figure>\n\n\n\n<p>(<a href=\"https:\/\/opus-folyoirat.sk\/?page_id=2503\" data-type=\"page\" data-id=\"2503\">olvass tov\u00e1bb<\/a>)<\/p>\n\n\n\n<p><\/p>\n\n\n\n<hr class=\"wp-block-separator has-alpha-channel-opacity is-style-wide\"\/>\n\n\n\n<p class=\"has-medium-font-size\">Hogya Gy\u00f6rgy<\/p>\n\n\n\n<h1 class=\"wp-block-heading\"><br>Borges labirintusa<\/h1>\n\n\n<div class=\"wp-block-image\">\n<figure class=\"alignright size-large is-resized\"><img loading=\"lazy\" decoding=\"async\" width=\"1024\" height=\"1004\" src=\"http:\/\/opus-folyoirat.sk\/wp-content\/uploads\/2025\/10\/Hogya-1024x1004.jpg\" alt=\"\" class=\"wp-image-2761\" style=\"width:184px;height:auto\" srcset=\"https:\/\/opus-folyoirat.sk\/wp-content\/uploads\/2025\/10\/Hogya-1024x1004.jpg 1024w, https:\/\/opus-folyoirat.sk\/wp-content\/uploads\/2025\/10\/Hogya-300x294.jpg 300w, https:\/\/opus-folyoirat.sk\/wp-content\/uploads\/2025\/10\/Hogya-768x753.jpg 768w, https:\/\/opus-folyoirat.sk\/wp-content\/uploads\/2025\/10\/Hogya-306x300.jpg 306w, https:\/\/opus-folyoirat.sk\/wp-content\/uploads\/2025\/10\/Hogya.jpg 1304w\" sizes=\"auto, (max-width: 1024px) 100vw, 1024px\" \/><\/figure><\/div>\n\n\n<p id=\"block-82d1f58b-9648-4e97-b752-2d9b918ea2e8\">Az irodalom t\u00f6rt\u00e9neteinek labirintus\u00e1ban haladva olykor-olykor, egy-egy t\u00f6rt\u00e9netet olvasva, \u00fagy t\u0171nik, mintha m\u00e1r j\u00e1rtunk volna ezen a helyen, \u00fagy t\u0171nik, olvastuk m\u00e1r ezeket a sorokat, ezeket a t\u00f6rt\u00e9neteket.Val\u00f3j\u00e1ban \u00e1lland\u00f3an t\u00f6rt\u00e9netek labirintus\u00e1ban j\u00e1runk, s mik\u00f6zben a c\u00e9lhoz vezet\u0151 \u201esaj\u00e1t\u201d utunkat keress\u00fck, nem egyszer ismer\u0151snek t\u0171n\u0151 (\u00fagy r\u00e9mlik, m\u00e1r j\u00e1rtam itt) sorskeresztez\u0151d\u00e9seken haladunk \u00e1t.<\/p>\n\n\n\n<p>(<a href=\"https:\/\/opus-folyoirat.sk\/?page_id=4142\">olvass tov\u00e1bb<\/a>)<\/p>\n\n\n\n<hr class=\"wp-block-separator has-alpha-channel-opacity is-style-wide\"\/>\n\n\n\n<p class=\"has-medium-font-size\">Tam\u00e1si Orosz J\u00e1nos<\/p>\n\n\n\n<div class=\"wp-block-group is-vertical is-layout-flex wp-container-core-group-is-layout-8cf370e7 wp-block-group-is-layout-flex\">\n<h1 class=\"wp-block-heading\"><br>Miel\u0151tt &#8211; \u201e\u2026kiesne a csal\u00e1df\u0151 tenyer\u00e9b\u0151l\u2026\u201d<\/h1>\n\n\n\n<p id=\"block-dc17c29e-5063-4b1a-94da-2c66f7282c8b\"><em>K\u00f6sz\u00f6nt\u0151: Fellinger K\u00e1roly \u201960<\/em><\/p>\n<\/div>\n\n\n\n<p id=\"block-7bcfdb08-682f-40fb-bb35-015c3f357692\">H\u00f6lgyek, Urak, szerz\u0151k \u00e9s szeri\u0151z\u00f6k, bar\u00e1taim, r\u00f3maiak. Pardon \u2013 szerdahelyiek. \u00c9s Felvid\u00e9kiek. \u00cdgy m\u00e1ris nem stimmel (vagy h\u00e1t nem eg\u00e9szen) a folytat\u00e1s \u2013 a \u201ef\u00f6ldieim\u201d. S a \u201etemetni j\u00f6ttem\u201d v\u00e9gk\u00e9pp nem, hiszen Fellinger K\u00e1roly a maga hatvan \u00e9v\u00e9vel t\u00f6bb\u00fcnkh\u00f6z k\u00e9pest tacsk\u00f3korban van, s ha k\u00f6nyvei sz\u00e1m\u00e1n-sor\u00e1n v\u00e9gig tekintek, azt gondolom, ezt \u00fajabb m\u0171vekkel bizony\u00edtani is fogja. De most maradjunk m\u00e9g ama \u00fcnnepi kiadv\u00e1nyn\u00e1l, melyet volt szerencs\u00e9m szerkeszteni s \u00edgy volt alkalmam belem\u00e9lyedni kiss\u00e9 eddigi \u00e9letm\u0171ve r\u00e9tegeibe. \u00c1m, miel\u0151tt err\u0151l besz\u00e9ln\u00e9k, sz\u00f3lnom kell egy\u00e9b dologr\u00f3l is. Nevezetesen arr\u00f3l \u2013 valahogy \u00fagy akartam elkezdeni, amit a Shakespeare-monol\u00f3g fel\u00fct\u00e9s\u00e9vel m\u00e1r jeleztem, hogy \u2013 eln\u00e9z\u00e9st, hogy a csapos k\u00f6zbesz\u00f3l. Hogy beleelegyedik a Kehely t\u00f6rzsvend\u00e9geinek bels\u0151 diskurzusaiba. Hogy valamif\u00e9le \u201eautsz\u00e1jderk\u00e9nt\u201d felbukkantam itt kv\u00e1zi m\u00e1sf\u00e9l \u00e9ve, nem \u00e9pp f\u00f6ldik\u00e9nt, \u2013 de \u00f6r\u00f6mmel j\u00f6ttem. Mi t\u00f6bb, kiss\u00e9 sz\u00e9gyenkezve. Nos, ez lenne az els\u0151, amit \u00e9rinteni szeretn\u00e9k most.<\/p>\n\n\n\n<figure class=\"wp-block-image size-large\"><img loading=\"lazy\" decoding=\"async\" width=\"1024\" height=\"682\" src=\"http:\/\/opus-folyoirat.sk\/wp-content\/uploads\/2023\/11\/01_FellingerKaroly-1024x682.jpg\" alt=\"\" class=\"wp-image-975\" srcset=\"https:\/\/opus-folyoirat.sk\/wp-content\/uploads\/2023\/11\/01_FellingerKaroly-1024x682.jpg 1024w, https:\/\/opus-folyoirat.sk\/wp-content\/uploads\/2023\/11\/01_FellingerKaroly-300x200.jpg 300w, https:\/\/opus-folyoirat.sk\/wp-content\/uploads\/2023\/11\/01_FellingerKaroly-768x512.jpg 768w, https:\/\/opus-folyoirat.sk\/wp-content\/uploads\/2023\/11\/01_FellingerKaroly-1536x1024.jpg 1536w, https:\/\/opus-folyoirat.sk\/wp-content\/uploads\/2023\/11\/01_FellingerKaroly-2048x1365.jpg 2048w, https:\/\/opus-folyoirat.sk\/wp-content\/uploads\/2023\/11\/01_FellingerKaroly-450x300.jpg 450w\" sizes=\"auto, (max-width: 1024px) 100vw, 1024px\" \/><\/figure>\n\n\n\n<p>(<a href=\"https:\/\/opus-folyoirat.sk\/?page_id=4072\">olvass tov\u00e1bb<\/a>)<\/p>\n\n\n\n<hr class=\"wp-block-separator has-alpha-channel-opacity is-style-wide\"\/>\n\n\n\n<p class=\"has-medium-font-size\">Hogya Gy\u00f6rgy<\/p>\n\n\n\n<p><strong>Itt van az \u0151sz\u2026 itt van?<\/strong><\/p>\n\n\n\n<p>Ha ma az \u0151szre gondolok, zavarba j\u00f6v\u00f6k. Valaki azt mondta, hogy ez a legalkalmasabb id\u0151szak arra, hogy az ember megtal\u00e1lja \u00f6nmag\u00e1t.<br>Lehet, hogy \u00edgy van, \u00e1m ahhoz, hogy ezt eld\u00f6ntsem, olyan embert kellene tal\u00e1lnom, aki megtal\u00e1lta \u00f6nmag\u00e1t\u2026<br>Na de hogyan is \u00e1llunk az \u0151sszel? A k\u00f6lt\u0151i l\u00e9lek ilyenkor aranyl\u00f3 falevelekr\u0151l, f\u00fcrt\u00f6kt\u0151l dagad\u00f3 sz\u0151l\u0151t\u0151k\u00e9kr\u0151l \u00e1lmodik, \u00e1m a mindennapokkal val\u00f3 alaposabb szembes\u00fcl\u00e9s komoly gondolatokkal terheli \u0151szv\u00e1r\u00f3 ked\u00e9ly\u00fcnket. R\u00e9gen ilyenkor mifel\u00e9nk a csal\u00e1dok nagy t\u00f6bbs\u00e9g\u00e9nek gondolatai a betakar\u00edt\u00e1s, a sz\u00fcret k\u00f6r\u00fcl j\u00e1rtak, s bizony a sz\u0151l\u0151t felv\u00e1s\u00e1rl\u00f3 bor\u00fczemt\u0151l le a szentesi \u00fatig hossz\u00fa sorokban \u00e1lltak a k\u00fcl\u00f6nb\u00f6z\u0151 m\u00e1rk\u00e1j\u00fa, megrakott teheraut\u00f3k \u00e9s p\u00f3tkocsis traktorok. A gazd\u00e1k el\u00e9gedetten sz\u00e1molt\u00e1k a t\u00f6bb m\u00e1zsa sz\u0151l\u0151 ut\u00e1n j\u00e1r\u00f3 p\u00e9nzt.<br><\/p>\n\n\n\n<figure class=\"wp-block-image size-large\"><img loading=\"lazy\" decoding=\"async\" width=\"1024\" height=\"511\" src=\"https:\/\/opus-folyoirat.sk\/wp-content\/uploads\/2026\/01\/Itt-van-az-osz-1024x511.jpeg\" alt=\"\" class=\"wp-image-4206\" srcset=\"https:\/\/opus-folyoirat.sk\/wp-content\/uploads\/2026\/01\/Itt-van-az-osz-1024x511.jpeg 1024w, https:\/\/opus-folyoirat.sk\/wp-content\/uploads\/2026\/01\/Itt-van-az-osz-300x150.jpeg 300w, https:\/\/opus-folyoirat.sk\/wp-content\/uploads\/2026\/01\/Itt-van-az-osz-768x383.jpeg 768w, https:\/\/opus-folyoirat.sk\/wp-content\/uploads\/2026\/01\/Itt-van-az-osz-1536x766.jpeg 1536w, https:\/\/opus-folyoirat.sk\/wp-content\/uploads\/2026\/01\/Itt-van-az-osz-500x250.jpeg 500w, https:\/\/opus-folyoirat.sk\/wp-content\/uploads\/2026\/01\/Itt-van-az-osz.jpeg 2000w\" sizes=\"auto, (max-width: 1024px) 100vw, 1024px\" \/><\/figure>\n\n\n\n<p>(<a href=\"https:\/\/opus-folyoirat.sk\/?page_id=4204\">olvass tov\u00e1bb<\/a>)<\/p>\n\n\n\n<hr class=\"wp-block-separator has-alpha-channel-opacity is-style-wide\"\/>\n\n\n\n<p class=\"has-medium-font-size\">Tam\u00e1si Orosz J\u00e1nos<\/p>\n\n\n\n<div class=\"wp-block-group is-vertical is-layout-flex wp-container-core-group-is-layout-8cf370e7 wp-block-group-is-layout-flex\">\n<h1 class=\"wp-block-heading\"><br>\u201e\u2026h\u00e1bor\u00faba ment katona ing\u00e9ben\u2026\u201d<\/h1>\n\n\n\n<p id=\"block-798c2927-76fa-42e5-b170-4e8a8ed348f9\"><em>K\u00f6zel\u00edt\u00e9s Fellinger K\u00e1roly epik\u00e1j\u00e1hoz<\/em><\/p>\n<\/div>\n\n\n\n<p id=\"block-6b54cf73-4906-40a5-8c6d-a905a15555ae\">A t\u00e9nyeken alapul\u00f3, t\u00e1rgyiasult k\u00f6lt\u00e9szet l\u00e1tszat\u00e1t kelti <em>Fellinger K\u00e1roly<\/em> versvil\u00e1ga, t\u00e1rgyhoz k\u00f6t\u00f6tt monolitikus mondat\u00e9p\u00edt\u00e9se, \u00e1m val\u00f3j\u00e1ban a l\u00e9tfiloz\u00f3fia nagyon t\u00e1g asszociat\u00edv t\u00f6bbsz\u00f6r\u00f6s dimenzi\u00f3iba invit\u00e1lja olvas\u00f3it; rajtuk \u00e1ll, hogy elfogadj\u00e1k-e a megh\u00edv\u00e1st. Hiszen az intencion\u00e1lt t\u00e1rgyiass\u00e1g f\u00f6lismer\u00e9se a befogad\u00f3i oldal feladata is; ha err\u0151l megfeledkez\u00fcnk, el\u0151\u00e1llhat az a t\u00e9nybeli f\u00e9lre\u00e9rt\u00e9s, ami olykor-olykor Fellinger \u00e9rt\u00e9kel\u00e9se k\u00f6r\u00fcl is kialakul. \u00c1m amiben itt \u00e9s most nem sz\u00e1nd\u00e9kozom elm\u00e9lyedni, e helyen ink\u00e1bb egyetlen p\u00e9ld\u00e1n kereszt\u00fcl \u00f3hajtan\u00e1m megmutatni, f\u00f6lt\u00e1rni s valamelyest sz\u00e9tsz\u00e1lazni azt az egyedi k\u00f6lt\u00e9szetet, mely ennek l\u00e9nyeg\u00e9ben ellentmond; nem t\u0171ri ugyanis dimenzi\u00f3i k\u00fcl\u00f6nv\u00e1laszt\u00e1s\u00e1t, ugyanakkor r\u00e9tegeit nem teszi nyilv\u00e1nval\u00f3an megfejthet\u0151v\u00e9. Szinte elv\u00e1rja olvas\u00f3it\u00f3l azt a figyelmet, amit mindenki \u00e1t\u00e9l, kisebb-nagyobb m\u00e9rt\u00e9kben, noha k\u00e9s\u0151bb nem biztos, hogy ez az \u00fat elvezeti a po\u00e9zis bens\u0151s\u00e9ges \u00e9lvezeteihez.&nbsp;<\/p>\n\n\n\n<p>(<a href=\"https:\/\/opus-folyoirat.sk\/?page_id=4069\">olvass tov\u00e1bb<\/a>)<\/p>\n\n\n\n<hr class=\"wp-block-separator has-alpha-channel-opacity is-style-wide\"\/>\n\n\n\n<p class=\"has-medium-font-size\">Tam\u00e1si Orosz J\u00e1nos<\/p>\n\n\n\n<p><strong>\u201e\u2026zsebe tele van csillagokkal\u2026\u201d<\/strong><\/p>\n\n\n<div class=\"wp-block-image\">\n<figure class=\"alignright size-full is-resized\"><img loading=\"lazy\" decoding=\"async\" width=\"520\" height=\"500\" src=\"http:\/\/opus-folyoirat.sk\/wp-content\/uploads\/2026\/01\/Fellinger-Karoly-Bumerang.jpeg\" alt=\"\" class=\"wp-image-4066\" style=\"width:214px;height:auto\" srcset=\"https:\/\/opus-folyoirat.sk\/wp-content\/uploads\/2026\/01\/Fellinger-Karoly-Bumerang.jpeg 520w, https:\/\/opus-folyoirat.sk\/wp-content\/uploads\/2026\/01\/Fellinger-Karoly-Bumerang-300x288.jpeg 300w, https:\/\/opus-folyoirat.sk\/wp-content\/uploads\/2026\/01\/Fellinger-Karoly-Bumerang-312x300.jpeg 312w\" sizes=\"auto, (max-width: 520px) 100vw, 520px\" \/><\/figure><\/div>\n\n\n<p><em>Fellinger K\u00e1roly<\/em> \u201eegyike a legt\u00f6bb foly\u00f3iratban megjelen\u0151 k\u00f6lt\u0151knek\u201d, olvashatjuk ama impoz\u00e1ns kivitelez\u00e9s\u0171 k\u00f6tetben, mely a szerz\u0151 hatvanadik sz\u00fclet\u00e9snapj\u00e1t k\u00f6sz\u00f6nti egyik kiad\u00f3ja r\u00e9sz\u00e9r\u0151l. Mondom ezt \u00edgy amiatt, mert hogy Fellinger nem csup\u00e1n a foly\u00f3iratok sokas\u00e1g\u00e1ban otthonos, hanem t\u00f6bb k\u00f6nyvkiad\u00f3 is m\u0171hely\u00e9ben tudhatja \u0151t. \u00c9rdemes m\u00e1r itt kis id\u0151re meg\u00e1llnunk, s elt\u0171n\u0151dn\u00fcnk, hov\u00e1 is jutott a magyar k\u00f6nyv- \u00e9s lapkiad\u00e1s a folytonoss\u00e1 v\u00e1lt szek\u00e9rt\u00e1bor-harcos villong\u00e1s ut\u00e1n? Od\u00e1ig, hogy \u00fcd\u00edt\u0151 kiv\u00e9telnek, feh\u00e9r foltnak l\u00e1tszik, ha akad, akit mindk\u00e9t oldal saj\u00e1tjak\u00e9nt fogad be, s akad, aki mindk\u00e9t oldallal \u00f6r\u00f6mest osztja meg m\u0171veit &#8211; s e d\u00f6nt\u00e9se \u00e1ltal \u201e<em>gazdagabb lett a<\/em> <strong><em>mi<\/em><\/strong> <em>k\u00f6nyvt\u00e1runk.\u201d<\/em> (Eszm\u00e9l\u00e9s). Az id\u00e9zetben szerepl\u0151 vastag\u00edtott sz\u00f3t \u00e9n emeltem \u00edgy ki, arra utalva: benn\u00fcnket kell, hogy gazdag\u00edtson minden le\u00edrt bet\u0171, ak\u00e1r elfogadjuk, ak\u00e1r nem annak jelent\u00e9s\u00e9t. D\u00f6nteni csak a teljess\u00e9g ismeret\u00e9ben tudunk, s ehhez \u00e9rten\u00fcnk kell a t\u00f6bbes sz\u00e1m jelent\u00e9s\u00e9t, tudni, hogy az <em>\u00e9n<\/em> sohasem \u00e9p\u00edt haz\u00e1t, sem nemzetet, csak \u00e9s kiz\u00e1r\u00f3lag a <em>mi<\/em> t\u00f6bbes\u00fcnk \u2013 az <em>egyetlen<\/em> oldal.<\/p>\n\n\n\n<p>(<a href=\"https:\/\/opus-folyoirat.sk\/?page_id=4064\" data-type=\"link\" data-id=\"https:\/\/opus-folyoirat.sk\/?page_id=4064\">olvass tov\u00e1bb<\/a>)<\/p>\n\n\n\n<hr class=\"wp-block-separator has-alpha-channel-opacity is-style-wide\"\/>\n\n\n\n<p class=\"has-medium-font-size\">Tam\u00e1si Orosz J\u00e1nos<\/p>\n\n\n\n<p><strong>&#8222;&#8230;ott vagyok a k\u00f6z\u00e9ppontban&#8230;&#8221;<\/strong><br><em>Bekezd\u00e9sek (a hatvan\u00e9ves) Fellinger K\u00e1rolyr\u00f3l 1<\/em><\/p>\n\n\n<div class=\"wp-block-image\">\n<figure class=\"alignleft size-large is-resized\"><img loading=\"lazy\" decoding=\"async\" width=\"682\" height=\"1024\" src=\"http:\/\/opus-folyoirat.sk\/wp-content\/uploads\/2025\/09\/Fellinger02-682x1024.jpg\" alt=\"\" class=\"wp-image-2650\" style=\"width:172px;height:auto\" srcset=\"https:\/\/opus-folyoirat.sk\/wp-content\/uploads\/2025\/09\/Fellinger02-682x1024.jpg 682w, https:\/\/opus-folyoirat.sk\/wp-content\/uploads\/2025\/09\/Fellinger02-200x300.jpg 200w, https:\/\/opus-folyoirat.sk\/wp-content\/uploads\/2025\/09\/Fellinger02-768x1152.jpg 768w, https:\/\/opus-folyoirat.sk\/wp-content\/uploads\/2025\/09\/Fellinger02-1024x1536.jpg 1024w, https:\/\/opus-folyoirat.sk\/wp-content\/uploads\/2025\/09\/Fellinger02-1365x2048.jpg 1365w, https:\/\/opus-folyoirat.sk\/wp-content\/uploads\/2025\/09\/Fellinger02.jpg 1574w\" sizes=\"auto, (max-width: 682px) 100vw, 682px\" \/><\/figure><\/div>\n\n\n<p>A k\u00f6lt\u0151, kir\u0151l most besz\u00e9lni fogok, sz\u00e1mtalan k\u00f6tet, hat \u00e9vtized m\u00f6g\u00f6tt \u00e9s enn\u00e9l is t\u00f6bb lehet\u0151s\u00e9g el\u0151tt \u00e1ll. Verseit olykor \u00e9rdes, olykor \u00e9rdekes visszhangok k\u00eds\u00e9rt\u00e9k; erre is reflekt\u00e1lva gondoltam azt, hogy a Szerkeszt\u0151imnek c\u00edmen \u00edrt vers\u00e9t e v\u00e1logat\u00e1s el\u00e9 illesztem. \u0150 \u00e9s mi tal\u00e1n m\u00e1r marad\u00e9ktalanul \u00e9rtj\u00fck egym\u00e1st \u2013 vagy m\u00e9gsem? \u201eFellinger K\u00e1roly, aki a 2010-es \u00e9vekre tal\u00e1lta meg a hangj\u00e1t, de akkor nagyon. Versei sz\u00e1mtalan ford\u00edt\u00e1sban jelentek meg [az\u00f3ta] (legnagyobb \u00f6r\u00f6m\u00f6mre, hiszen az egyik legtehets\u00e9gesebb volt az ir\u00f3di\u00e1sok k\u00f6z\u00f6tt&#8230;)\u201d \u2013 olvasom Grendel Lajos napl\u00f3j\u00e1ban (Opus, 2023\/3 sz.), m\u00e9g nagyobb \u00f6r\u00f6mmel. Tudv\u00e1n, hogy Grendel ezen \u00f6nmaga \u00e1ltal is cez\u00far\u00e1nak tekintett id\u0151s\u00e1v el\u0151tt is bizalmat szavazott a k\u00f6lt\u0151nek; b\u00e1r m\u00e1sok ugyan\u00edgy k\u00f6vett\u00e9k volna ebben. Id\u0151ben. Mert \u2013 valljuk be \u2013 Fellinger k\u00f6lt\u00e9szet\u00e9nek eg\u00e9sz\u00e9ben, annak teljess\u00e9g\u00e9ben jelen volt az a mark\u00e1ns, kiss\u00e9 \u00f6nt\u00f6rv\u00e9ny\u0171, kiss\u00e9 \u00e9nt\u00f6rv\u00e9ny\u0171, de legink\u00e1bb mi-t\u00f6rv\u00e9ny\u0171 versvil\u00e1gk\u00e9p-alak\u00edt\u00e1s, amelynek fel- \u00e9s elismer\u00e9se val\u00f3ban k\u00e9s\u0151n k\u00f6vetkezett be. S ez azzal j\u00e1rt, hogy \u2013 mint azt t\u00f6bben is le\u00edrt\u00e1k reflexi\u00f3ikban \u2013 a kezdeti megjelen\u00e9seit, k\u00f6teteit fogad\u00f3 rossz, szenvtelen, h\u0171v\u00f6s kritik\u00e1k annyira elkedvetlen\u00edtett\u00e9k, hogy t\u00f6bb \u00e9vre h\u00e1tat ford\u00edtott a nyilv\u00e1nos megjelen\u00e9snek; mert azt gondolom, versek k\u00f6zben is sz\u00fclettek jegyzetf\u00fczeteiben. Vagy sz\u00fcletni\u00fck kellett, hiszen azok \u2013 mint a fogantat\u00e1s gyermekei \u2013 megtal\u00e1lj\u00e1k hely\u00fcket s kil\u00f6k\u0151dnek, v\u00e1rt vagy nem v\u00e1rt \u00fczenetk\u00e9nt. Sikerrel. Itt \u00e9s most, a k\u00f6lt\u0151 hatvanadik sz\u00fclet\u00e9snapj\u00e1t k\u00f6sz\u00f6nt\u0151 v\u00e1logat\u00e1sban b\u00edzv\u00e1st elmondhatjuk: az egykor \u201e\u00edg\u00e9retes\u201d, \u201eizgalmas lehet\u0151s\u00e9geket rejt\u0151\u201d, s egy\u00e9b jelz\u0151kkel elmaszatolt p\u00e1lya\u00edv \u2013 hangs\u00falyozzuk ki: sz\u00e1nd\u00e9kaiban t\u00f6retlen \u2013 kiteljesedett. Az objekt\u00edv m\u00e9rce adatai: \u00f6tvenn\u00e9l is t\u00f6bb \u00f6n\u00e1ll\u00f3 k\u00f6tet, m\u0171veit \u2013 eddig &#8211; angol, n\u00e9met, rom\u00e1n, szerb, francia, orosz, szlov\u00e1k \u00e9s t\u00f6r\u00f6k nyelvre ford\u00edtott\u00e1k le, kit\u00fcntet\u00e9sei: Simk\u00f3 Tibor-d\u00edj (2017), Mad\u00e1ch-n\u00edv\u00f3d\u00edj (2016), Arany Opus-d\u00edj (2010, 2011), Forb\u00e1th Imre-d\u00edj (2014).<\/p>\n\n\n\n<p>(<a href=\"https:\/\/opus-folyoirat.sk\/?page_id=4060\">olvass tov\u00e1bb<\/a>)<\/p>\n\n\n\n<hr class=\"wp-block-separator has-alpha-channel-opacity is-style-wide\"\/>\n\n\n\n<p class=\"has-medium-font-size\">R\u00e1s\u00f3 Attila<\/p>\n\n\n\n<p><\/p>\n\n\n\n<p><strong>Nini, t\u00fck\u00f6r!<\/strong><\/p>\n\n\n\n<p>December elej\u00e9n jelent meg&nbsp;a pozsonyi Womanpress Kiad\u00f3 gondoz\u00e1s\u00e1ban a dunaszerdahelyi sz\u00e1rmaz\u00e1s\u00fa Bartalos T\u00f3th Iveta \u00faj k\u00f6tete <em>Hel\u00e9<\/em> c\u00edmmel, mely negyven novell\u00e1t tartalmaz. Sokan v\u00e1rtuk a megjelen\u00e9st. M\u00e1r csak az\u00e9rt is, mert a megannyi n\u00edv\u00f3s lapban publik\u00e1lt (Szlov\u00e1ki\u00e1ban \u00e9s Magyarorsz\u00e1gon egyar\u00e1nt) irom\u00e1nyok remek sorokat tartalmaztak, melyek k\u00f6z\u00fcl a legt\u00f6bb be is ker\u00fclt a sz\u00f3ban forg\u00f3 k\u00f6tetbe.<\/p>\n\n\n\n<figure class=\"wp-block-image size-large\"><img loading=\"lazy\" decoding=\"async\" width=\"1024\" height=\"693\" src=\"https:\/\/opus-folyoirat.sk\/wp-content\/uploads\/2026\/01\/hele-1024x693.jpeg\" alt=\"\" class=\"wp-image-4048\" srcset=\"https:\/\/opus-folyoirat.sk\/wp-content\/uploads\/2026\/01\/hele-1024x693.jpeg 1024w, https:\/\/opus-folyoirat.sk\/wp-content\/uploads\/2026\/01\/hele-300x203.jpeg 300w, https:\/\/opus-folyoirat.sk\/wp-content\/uploads\/2026\/01\/hele-768x520.jpeg 768w, https:\/\/opus-folyoirat.sk\/wp-content\/uploads\/2026\/01\/hele-443x300.jpeg 443w, https:\/\/opus-folyoirat.sk\/wp-content\/uploads\/2026\/01\/hele.jpeg 1210w\" sizes=\"auto, (max-width: 1024px) 100vw, 1024px\" \/><\/figure>\n\n\n\n<p>(<a href=\"https:\/\/opus-folyoirat.sk\/?page_id=4045\" data-type=\"link\" data-id=\"https:\/\/opus-folyoirat.sk\/?page_id=4045\">olvass tov\u00e1bb<\/a>)<\/p>\n\n\n\n<hr class=\"wp-block-separator has-alpha-channel-opacity is-style-wide\"\/>\n\n\n\n<p class=\"has-medium-font-size\">H\u00f6rcher Eszter<\/p>\n\n\n\n<div class=\"wp-block-group is-vertical is-layout-flex wp-container-core-group-is-layout-8cf370e7 wp-block-group-is-layout-flex\">\n<p><strong>\u201eA kulcs a napf\u00e9nyes ablakban van\u201d<\/strong><\/p>\n\n\n\n<p><em>Pet\u0151cz Andr\u00e1s <\/em>Dadog <em>\u00e9s <\/em>Az any\u00e1\u00e9rt, aki alszik<em> c\u00edm\u0171 versesk\u00f6teteir\u0151l.&nbsp;<\/em><\/p>\n<\/div>\n\n\n\n<p>Pet\u0151cz Andr\u00e1s k\u00e9t k\u00f6tet\u00e9ben (<em>Dadog<\/em>, Tiszat\u00e1j K\u00f6nyvek, 2024; <em>Az any\u00e1\u00e9rt, aki alszik<\/em>, Fekete Sas, 2024) irodalmi \u00e9s eszmei p\u00e1rhuzamokat mutat fel. A verssz\u00f6vegek intelmek, sugallatok, \u00e9rz\u00e9sek, de mindenekel\u0151tt \u00fczenetek. A t\u00e1vols\u00e1g \u00e9s jelenl\u00e9t, az otthon \u00e9s az otthontalans\u00e1g, a pusztul\u00e1s \u00e9s a szomor\u00fas\u00e1g, majd a kaddis mindent \u00e1that\u00f3 \u00e9s \u00e1tfog\u00f3 kateg\u00f3ri\u00e1ja form\u00e1l\u00f3dik meg, Pet\u0151cz beatk\u00f6lt\u00e9szeti p\u00e1rhuzamain kereszt\u00fcl. &nbsp;<\/p>\n\n\n\n<p>(<a href=\"https:\/\/opus-folyoirat.sk\/?page_id=4042\" data-type=\"link\" data-id=\"https:\/\/opus-folyoirat.sk\/?page_id=4042\">olvass tov\u00e1bb<\/a>)<\/p>\n\n\n\n<hr class=\"wp-block-separator has-alpha-channel-opacity is-style-wide\"\/>\n\n\n\n<p class=\"has-medium-font-size\">Vasv\u00e1ri Zolt\u00e1n<\/p>\n\n\n\n<div class=\"wp-block-group is-vertical is-layout-flex wp-container-core-group-is-layout-8cf370e7 wp-block-group-is-layout-flex\">\n<h1 class=\"wp-block-heading\"><br>Mes\u00e9k \u00e9s mond\u00e1k az Als\u00f3-Ipoly ment\u00e9n<\/h1>\n\n\n\n<p id=\"block-0ba7df81-6c1a-462c-b151-6d63ab968866\"><em>(Magyar Zolt\u00e1n k\u00f6nyveir\u0151l)<\/em><\/p>\n<\/div>\n\n\n\n<figure class=\"wp-block-image size-large\"><img loading=\"lazy\" decoding=\"async\" width=\"1024\" height=\"429\" src=\"https:\/\/opus-folyoirat.sk\/wp-content\/uploads\/2026\/01\/Magyar-Zoltan-Nepmondak-az-Also-Ipoly-menten.-Borzsonyvidek-7.-Borzsony-Muzeum-Barati-Kore-Szob-2024.--1024x429.jpeg\" alt=\"\" class=\"wp-image-4041\" srcset=\"https:\/\/opus-folyoirat.sk\/wp-content\/uploads\/2026\/01\/Magyar-Zoltan-Nepmondak-az-Also-Ipoly-menten.-Borzsonyvidek-7.-Borzsony-Muzeum-Barati-Kore-Szob-2024.--1024x429.jpeg 1024w, https:\/\/opus-folyoirat.sk\/wp-content\/uploads\/2026\/01\/Magyar-Zoltan-Nepmondak-az-Also-Ipoly-menten.-Borzsonyvidek-7.-Borzsony-Muzeum-Barati-Kore-Szob-2024.--300x126.jpeg 300w, https:\/\/opus-folyoirat.sk\/wp-content\/uploads\/2026\/01\/Magyar-Zoltan-Nepmondak-az-Also-Ipoly-menten.-Borzsonyvidek-7.-Borzsony-Muzeum-Barati-Kore-Szob-2024.--768x322.jpeg 768w, https:\/\/opus-folyoirat.sk\/wp-content\/uploads\/2026\/01\/Magyar-Zoltan-Nepmondak-az-Also-Ipoly-menten.-Borzsonyvidek-7.-Borzsony-Muzeum-Barati-Kore-Szob-2024.--1536x644.jpeg 1536w, https:\/\/opus-folyoirat.sk\/wp-content\/uploads\/2026\/01\/Magyar-Zoltan-Nepmondak-az-Also-Ipoly-menten.-Borzsonyvidek-7.-Borzsony-Muzeum-Barati-Kore-Szob-2024.--500x210.jpeg 500w, https:\/\/opus-folyoirat.sk\/wp-content\/uploads\/2026\/01\/Magyar-Zoltan-Nepmondak-az-Also-Ipoly-menten.-Borzsonyvidek-7.-Borzsony-Muzeum-Barati-Kore-Szob-2024.-.jpeg 1598w\" sizes=\"auto, (max-width: 1024px) 100vw, 1024px\" \/><\/figure>\n\n\n\n<p id=\"block-9565ac47-85bb-4244-9fe2-82fa18e107c9\">Magyar Zolt\u00e1n 1967-ben sz\u00fcletett Kisk\u0151r\u00f6s\u00f6n. Elemi \u00e9s k\u00f6z\u00e9pfok\u00fa iskol\u00e1it sz\u00fcl\u0151v\u00e1ros\u00e1ban v\u00e9gezte, 1987\u20121993 k\u00f6z\u00f6tt a debreceni Kossuth Lajos Tudom\u00e1nyegyetemen tanult, ahol t\u00f6rt\u00e9n\u00e9sz-irodalm\u00e1r-etnogr\u00e1fus diplom\u00e1t szerzett. Ugyanott v\u00e9dte meg PhD disszert\u00e1ci\u00f3j\u00e1t 2000-ben Halhatatlan \u00e9s visszat\u00e9r\u0151 h\u0151s\u00f6k. Egy nemzetk\u00f6zi mondat\u00edpus k\u00e1rp\u00e1t-medencei redakci\u00f3i c\u00edmmel. Dolgozott a P\u00e9csi Tudom\u00e1nyegyetemen, a Magyar Nemzeti M\u00fazeumban, \u00f6szt\u00f6nd\u00edjask\u00e9nt pedig a londoni The Grail Centre-ben, valamint a Habsburg T\u00f6rt\u00e9neti Int\u00e9zetben. 1997 \u00f3ta az MTA BTK N\u00e9prajztudom\u00e1nyi Int\u00e9zet\u00e9nek tudom\u00e1nyos f\u0151munkat\u00e1rsa, a Folkl\u00f3r Oszt\u00e1ly tagja. Eddig 87 \u00f6n\u00e1ll\u00f3 k\u00f6tete \u00e9s k\u00f6zel k\u00e9tsz\u00e1z egy\u00e9b tanulm\u00e1nya jelent meg magyar \u00e9s idegen nyelven. Magyarorsz\u00e1gon k\u00edv\u00fcl t\u00edz orsz\u00e1gban v\u00e9gzett n\u00e9prajzi terepmunk\u00e1t. Alap\u00edt\u00f3 szerkeszt\u0151je a Magyar N\u00e9pk\u00f6lt\u00e9szet T\u00e1ra, a Documentatio Folkloristica \u00e9s a Documentatio Epica c\u00edm\u0171 sz\u00f6vegfolklorisztikai k\u00f6nyvsorozatoknak. 2011 \u00f3ta szerkeszt\u0151je a kutat\u00f3int\u00e9zet \u00e9vk\u00f6nyv\u00e9nek (Ethno-Lore) is. F\u0151 kutat\u00e1si ter\u00fcletei: folkl\u00f3rsz\u00f6vegek tudom\u00e1nyos rendszerez\u00e9se, t\u00f6rt\u00e9neti mond\u00e1k, magyar n\u00e9phit \u00e9s szentkultusz, mesemond\u00f3k reperto\u00e1rja.<\/p>\n\n\n\n<p>(<a href=\"https:\/\/opus-folyoirat.sk\/?page_id=4038\" data-type=\"link\" data-id=\"https:\/\/opus-folyoirat.sk\/?page_id=4038\">olvass tov\u00e1bb<\/a>)<\/p>\n\n\n\n<hr class=\"wp-block-separator has-alpha-channel-opacity is-style-wide\"\/>\n\n\n\n<p class=\"has-medium-font-size\">Tam\u00e1si Orosz J\u00e1nos<\/p>\n\n\n\n<p><strong>&#8222;&#8230;a nyelvvel egy\u00fctt a nemzet is&#8230;&#8221;<\/strong><\/p>\n\n\n\n<p>\u201eTulajdonk\u00e9ppen el\u00e9gg\u00e9 lusta ember vagyok\u201d, \u00e1ll\u00edtja \u00f6nmag\u00e1r\u00f3l G\u00e1l S\u00e1ndor k\u00f6tet\u00fcnk utols\u00f3 lapjain, egy interj\u00faban. \u201e\u00c9s, ha m\u00e1r \u00edgy van, r\u00e1szoktattam magamat, hogy rendszeresen \u00e9s naponta \u00edrjak legal\u00e1bb egy keveset. Ez annyira bel\u00e9m r\u00f6gz\u0151d\u00f6tt, hogy ha kihagyok egy napot, b\u0171ntudatot \u00e9rzek a mulaszt\u00e1s\u00e9rt&#8230;\u201d \u2013 folytatja a gondolatsort, de az olvas\u00f3 m\u00e9g az el\u0151bbin\u00e9l j\u00e1r, megtorpanva. G\u00e1l S\u00e1ndor \u2013 lusta? Hiszen \u0151t m\u00e9g az is ismeri, aki j\u00e1ratlanabb a felvid\u00e9ki magyar irodalom hegyi szerpentinjein, erdei tiszt\u00e1sain, s az \u00e9let, az egyetemes l\u00e9tez\u00e9s megfigyel\u00e9s\u00e9nek vad\u00e1szlesein; G\u00e1l S\u00e1ndor hat m\u0171fajban alkotott, k\u00f6teteinek sz\u00e1ma meghaladja a hetvenet, \u00e9letm\u0171-sorozata tizenhatba gy\u0171jt\u00f6tte munk\u00e1ss\u00e1g\u00e1t, s ugyan a teljess\u00e9g ig\u00e9ny\u00e9vel munk\u00e1lkodtak azon a kiad\u00f3i szerkeszt\u0151k, de mit tehettek volna az \u00edr\u00f3 f\u00e1radhatatlans\u00e1ga ellen? Aki m\u00e9g utols\u00f3 \u00e9veiben is \u00f6nmag\u00e1ra r\u00f3tt szigorral est\u00e9r\u0151l est\u00e9re vastag napl\u00f3f\u00fczet\u00e9be v\u00e9ste \u00faj vagy folytatta kor\u00e1bban elkezdett gondolatmeneteit a l\u00e9t \u00e9s a l\u00e9tez\u00e9s faggat\u00e1s\u00e1r\u00f3l \u2013 dolgozott, \u201emert, ha nem teszem, elveszik mindennek az \u00e9rtelme.\u201d&nbsp;<\/p>\n\n\n\n<p>(<a href=\"https:\/\/opus-folyoirat.sk\/?page_id=4025\" data-type=\"link\" data-id=\"https:\/\/opus-folyoirat.sk\/?page_id=4025\">olvass tov\u00e1bb<\/a>)<\/p>\n\n\n\n<hr class=\"wp-block-separator has-alpha-channel-opacity is-style-wide\"\/>\n\n\n\n<p class=\"has-medium-font-size\">Tam\u00e1si Orosz J\u00e1nos<\/p>\n\n\n\n<p><strong>L\u00e1m, a textusok kontextusa, avagy<\/strong><\/p>\n\n\n<div class=\"wp-block-image\">\n<figure class=\"alignright size-large is-resized\"><img loading=\"lazy\" decoding=\"async\" width=\"1024\" height=\"682\" src=\"http:\/\/opus-folyoirat.sk\/wp-content\/uploads\/2023\/11\/01_TamasiOroszJanos-1024x682.jpg\" alt=\"\" class=\"wp-image-991\" style=\"width:246px;height:auto\" srcset=\"https:\/\/opus-folyoirat.sk\/wp-content\/uploads\/2023\/11\/01_TamasiOroszJanos-1024x682.jpg 1024w, https:\/\/opus-folyoirat.sk\/wp-content\/uploads\/2023\/11\/01_TamasiOroszJanos-300x200.jpg 300w, https:\/\/opus-folyoirat.sk\/wp-content\/uploads\/2023\/11\/01_TamasiOroszJanos-768x512.jpg 768w, https:\/\/opus-folyoirat.sk\/wp-content\/uploads\/2023\/11\/01_TamasiOroszJanos-1536x1024.jpg 1536w, https:\/\/opus-folyoirat.sk\/wp-content\/uploads\/2023\/11\/01_TamasiOroszJanos-2048x1365.jpg 2048w, https:\/\/opus-folyoirat.sk\/wp-content\/uploads\/2023\/11\/01_TamasiOroszJanos-450x300.jpg 450w\" sizes=\"auto, (max-width: 1024px) 100vw, 1024px\" \/><\/figure><\/div>\n\n\n<p>Minden teremtett vil\u00e1gok legvar\u00e1zslatosabb remeke a k\u00f6nyv. Tudom, karcosan hangzik ez; egyens\u00falyozik a k\u00f6zhely \u00e9s a t\u00falst\u00edl k\u00f6z\u00f6tt; de h\u00e1t mit \u00edrjak, ha egyszer \u00edgy gondolom? K\u00f6nyv n\u00e9lk\u00fcl semmik vagyunk, s ez kor\u00e1ntsem jelenti azt, hogy minden k\u00f6nyv j\u00f3 k\u00f6nyv. Ami azt illeti, el\u00e9g sokat \u00edrt m\u00e1r \u00f6ssze az emberis\u00e9g, \u00e9s nagyon kev\u00e9s azok k\u00f6z\u00f6tt a j\u00f3; \u00e1m a mennyis\u00e9g is jelent valamit. Az az embertelen bet\u0171rengeteg, amely k\u00f6r\u00e9nk keletkezett, k\u0151t\u00e1bl\u00e1kra, papirusztekercsekre, s m\u00e9g mennyif\u00e9le alapanyagra jegyezve; s pl\u00e1ne mennyif\u00e9le \u00edr\u00e1sjellel. S m\u00e9g azok el\u0151tt; mikor az ember m\u00e9g nem \u00e9rezte meg a bet\u0171 m\u0171v\u00e9szet\u00e9t, de m\u00e1r \u00edrt: est\u00e9nk\u00e9nt a t\u00f6rzs fiataljainak elmes\u00e9lte valaki mindazt, ami kollekt\u00edv eml\u00e9kezet\u00fcket jelentette; elmes\u00e9lte az arra hivatott a vad\u00e1szat tudom\u00e1ny\u00e1t, az istenek jelenl\u00e9t\u00e9t \u00e9s beavatkoz\u00e1s\u00e1t (mert van, ami m\u00e1sk\u00e9pp nem csup\u00e1n megmagyar\u00e1zhatatlan, de az \u00e9rthetetlens\u00e9ge ok\u00e1n f\u00e9lelmet kelt, bizonytalan helyzeteket sz\u00fcl \u2013 de az istenek, vagy Isten elrendez minden \u00e9rthetetlent \u00e9s er\u0151sebb\u00e9 tesz); est\u00e9nk\u00e9nt teh\u00e1t valaki a mes\u00e9vel \u201ebele\u00edrta\u201d a m\u00falt esem\u00e9nyeit a t\u00f6rzs j\u00f6v\u0151j\u00e9t jelent\u0151 fiatalok eml\u00e9kezet\u00e9be, k\u00f6nyvet \u00e9getett a mem\u00f3ri\u00e1ba, sok t\u00edzezer esztend\u0151vel a bet\u0171 sz\u00fclet\u00e9se el\u0151tt. Minden teremtett vil\u00e1gok legvar\u00e1zslatosabb remek\u00e9t.<\/p>\n\n\n\n<p>(<a href=\"https:\/\/opus-folyoirat.sk\/?page_id=4020\" data-type=\"link\" data-id=\"https:\/\/opus-folyoirat.sk\/?page_id=4020\">olvass tov\u00e1bb<\/a>)<\/p>\n\n\n\n<hr class=\"wp-block-separator has-alpha-channel-opacity is-style-wide\"\/>\n\n\n\n<p class=\"has-medium-font-size\">Hogya Gy\u00f6rgy<\/p>\n\n\n\n<p><strong>Bessario k\u00f6nyvei<\/strong><\/p>\n\n\n<div class=\"wp-block-image\">\n<figure class=\"alignright size-large is-resized\"><img loading=\"lazy\" decoding=\"async\" width=\"1024\" height=\"1004\" src=\"http:\/\/opus-folyoirat.sk\/wp-content\/uploads\/2025\/09\/Hogya-1024x1004.jpg\" alt=\"\" class=\"wp-image-2625\" style=\"width:215px;height:auto\" srcset=\"https:\/\/opus-folyoirat.sk\/wp-content\/uploads\/2025\/09\/Hogya-1024x1004.jpg 1024w, https:\/\/opus-folyoirat.sk\/wp-content\/uploads\/2025\/09\/Hogya-300x294.jpg 300w, https:\/\/opus-folyoirat.sk\/wp-content\/uploads\/2025\/09\/Hogya-768x753.jpg 768w, https:\/\/opus-folyoirat.sk\/wp-content\/uploads\/2025\/09\/Hogya-306x300.jpg 306w, https:\/\/opus-folyoirat.sk\/wp-content\/uploads\/2025\/09\/Hogya.jpg 1304w\" sizes=\"auto, (max-width: 1024px) 100vw, 1024px\" \/><\/figure><\/div>\n\n\n<p>K\u00fcl\u00f6nleges k\u00e9pess\u00e9ggel \u00e9s hossz\u00fa \u00e9vek m\u0171v\u00e9szettel kapcsolatos tapasztalat\u00e1ra van sz\u00fcks\u00e9ge annak, aki egy m\u0171v\u00e9szeti t\u00e1rgyat nem csak csod\u00e1lni k\u00edv\u00e1n, de meg is akarja azt \u00e9rteni. Egy\u00e9bk\u00e9nt az a jellemz\u0151, hogy a m\u0171v\u00e9szetr\u0151l val\u00f3 elm\u00e9lked\u00e9s ink\u00e1bb csak azokat \u00e9rdekli, akik maguk is alaposabban foglalkoznak a m\u0171v\u00e9szettel. Ebben a k\u00e9rd\u00e9sben az amat\u0151r \u00e9rdekl\u0151d\u0151k \u2013 fittyet h\u00e1nyva a hossz\u00fa \u00e9vek tapasztalat\u00e1ra \u2013 ink\u00e1bb j\u00f3 nev\u0171 szak\u00edr\u00f3kra hagyatkoznak, \u00e1m ez azzal a vesz\u00e9llyel j\u00e1r, hogy az emberek csak az ismert eszt\u00e9t\u00e1k sz\u00f3sz\u00f3l\u00f3iv\u00e1 v\u00e1lnak \u00e9s ink\u00e1bb azok n\u00e9zeteit semmint saj\u00e1tjaikat hangoztatj\u00e1k. Nem f\u00e9r hozz\u00e1 k\u00e9ts\u00e9g, hogy a m\u0171alkot\u00e1sok meg\u00edt\u00e9l\u00e9s\u00e9nek k\u00e9rd\u00e9s\u00e9ben sz\u00e9les alapon \u00e1ll\u00f3, saj\u00e1t tud\u00e1st felt\u00e9telez\u0151, magasabb rend\u0171 ember vil\u00e1g\u00e9rz\u00e9s\u00e9re van sz\u00fcks\u00e9g. A magasabbrend\u0171s\u00e9g itt nem jelent sem t\u00f6bbet, sem kevesebbet, mint: m\u0171velts\u00e9get. A m\u0171velts\u00e9g \u2013 a t\u00f6rt\u00e9nelem, a m\u0171v\u00e9szet \u00e9s a term\u00e9szet alapos ismerete \u2013 elengedhetetlen felt\u00e9tele a vil\u00e1g jobb megismer\u00e9s\u00e9nek; ez tesz emberr\u00e9 minket, olyan emberr\u00e9, aki gazdag \u00e9rzelmeinek k\u00f6sz\u00f6nhet\u0151en k\u00e9pes a hit meg\u00e9l\u00e9s\u00e9re, a meg\u00e9rt\u00e9sre, a szeretetre \u00e9s a megbocs\u00e1t\u00e1sra\u2026<\/p>\n\n\n\n<p>(<a href=\"https:\/\/opus-folyoirat.sk\/?page_id=3921\" data-type=\"link\" data-id=\"https:\/\/opus-folyoirat.sk\/?page_id=3921\">olvass tov\u00e1bb<\/a>)<\/p>\n\n\n\n<hr class=\"wp-block-separator has-alpha-channel-opacity is-style-wide\"\/>\n\n\n\n<p class=\"has-medium-font-size\" style=\"text-transform:uppercase\">Tam\u00e1si Orosz J\u00e1nos<\/p>\n\n\n\n<div class=\"wp-block-group is-vertical is-layout-flex wp-container-core-group-is-layout-8cf370e7 wp-block-group-is-layout-flex\">\n<h1 class=\"wp-block-heading\">\u201e\u2026a nyelvvel egy\u00fctt a nemzet is\u2026\u201d<\/h1>\n\n\n\n<p id=\"block-41cde1d9-e4fd-4153-b434-5175681d4237\"><em>G\u00e1l S\u00e1ndor szembesz\u00e1ll\u00e1sa a muland\u00f3s\u00e1ggal<\/em><\/p>\n<\/div>\n\n\n\n<p id=\"block-041cc08b-5640-4158-a0dc-7ba555ca7e13\"><\/p>\n\n\n<div class=\"wp-block-image\">\n<figure class=\"alignright is-resized\" id=\"block-78f46c9d-472e-448c-9b64-6d5242640b71\"><img decoding=\"async\" src=\"https:\/\/opus-folyoirat.sk\/wp-content\/uploads\/2026\/01\/4-gal-eloszo.javitott-vegl.jpeg\" alt=\"A k\u00e9phez tartoz\u00f3 alt jellemz\u0151 \u00fcres; 4-gal-eloszo.javitott-vegl.jpeg a f\u00e1jln\u00e9v\" style=\"width:209px;height:auto\"\/><\/figure><\/div>\n\n\n<p id=\"block-617008bd-8907-46fc-b2a9-08abbee4a246\">\u201eTulajdonk\u00e9ppen el\u00e9gg\u00e9 lusta ember vagyok\u201d, \u00e1ll\u00edtja \u00f6nmag\u00e1r\u00f3l G\u00e1l S\u00e1ndor k\u00f6tet\u00fcnk utols\u00f3 lapjain, egy interj\u00faban. \u201e\u00c9s, ha m\u00e1r \u00edgy van, r\u00e1szoktattam magamat, hogy rendszeresen \u00e9s naponta \u00edrjak legal\u00e1bb egy keveset. Ez annyira bel\u00e9m r\u00f6gz\u0151d\u00f6tt, hogy ha kihagyok egy napot, b\u0171ntudatot \u00e9rzek a mulaszt\u00e1s\u00e9rt&#8230;\u201d \u2013 folytatja a gondolatsort, de az olvas\u00f3 m\u00e9g az el\u0151bbin\u00e9l j\u00e1r, megtorpanva. G\u00e1l S\u00e1ndor \u2013 lusta? Hiszen \u0151t m\u00e9g az is ismeri, aki j\u00e1ratlanabb a felvid\u00e9ki magyar irodalom hegyi szerpentinjein, erdei tiszt\u00e1sain, s az \u00e9let, az egyetemes l\u00e9tez\u00e9s megfigyel\u00e9s\u00e9nek vad\u00e1szlesein; G\u00e1l S\u00e1ndor hat m\u0171fajban alkotott, k\u00f6teteinek sz\u00e1ma meghaladja a hetvenet, \u00e9letm\u0171-sorozata tizenhatba gy\u0171jt\u00f6tte munk\u00e1ss\u00e1g\u00e1t, s ugyan a teljess\u00e9g ig\u00e9ny\u00e9vel munk\u00e1lkodtak azon a kiad\u00f3i szerkeszt\u0151k, de mit tehettek volna az \u00edr\u00f3 f\u00e1radhatatlans\u00e1ga ellen? Aki m\u00e9g utols\u00f3 \u00e9veiben is \u00f6nmag\u00e1ra r\u00f3tt szigorral est\u00e9r\u0151l est\u00e9re vastag napl\u00f3f\u00fczet\u00e9be v\u00e9ste \u00faj vagy folytatta kor\u00e1bban elkezdett gondolatmeneteit a l\u00e9t \u00e9s a l\u00e9tez\u00e9s faggat\u00e1s\u00e1r\u00f3l \u2013 dolgozott, \u201emert, ha nem teszem, elveszik mindennek az \u00e9rtelme.\u201d&nbsp;<\/p>\n\n\n\n<p><\/p>\n\n\n\n<p>(<a href=\"https:\/\/opus-folyoirat.sk\/?page_id=3498\" data-type=\"link\" data-id=\"https:\/\/opus-folyoirat.sk\/?page_id=3498\">olvass tov\u00e1bb<\/a>)<\/p>\n\n\n\n<hr class=\"wp-block-separator has-alpha-channel-opacity is-style-wide\"\/>\n\n\n\n<p class=\"has-medium-font-size\" style=\"text-transform:uppercase\">Tam\u00e1si Orosz J\u00e1nos<\/p>\n\n\n\n<div class=\"wp-block-group is-vertical is-layout-flex wp-container-core-group-is-layout-8cf370e7 wp-block-group-is-layout-flex\">\n<h1 class=\"wp-block-heading\">\u201e\u2026Jogot \u00e9rezt\u00fcnk a magunk sors\u00e1hoz\u2026\u201d<\/h1>\n\n\n\n<p id=\"block-38dc228c-5fc3-4941-b577-8d67eef45c50\"><em>Kereszt\u00fcl-kasul a Dobos-\u00e9letm\u0171ben<\/em><\/p>\n<\/div>\n\n\n<div class=\"wp-block-image\">\n<figure class=\"alignright is-resized\" id=\"block-1194bd48-e8b7-4f7d-a321-2c910f4773e2\"><img decoding=\"async\" src=\"http:\/\/opus-folyoirat.sk\/wp-content\/uploads\/2024\/11\/DobosSzobor-1024x681.jpg\" alt=\"A k\u00e9phez tartoz\u00f3 alt jellemz\u0151 \u00fcres; DobosSzobor-1024x681.jpg a f\u00e1jln\u00e9v\" style=\"width:312px;height:auto\"\/><\/figure><\/div>\n\n\n<p id=\"block-b7e26bcc-c865-49dd-834e-bab13c680a0c\">\u201eNemzed\u00e9ke &#8211; nemzed\u00e9k\u00fcnk &#8211; soha nem tapasztalt t\u00f6rt\u00e9nelmi, t\u00e1rsadalmi, politikai, geopolitikai, nemzeti, kultur\u00e1lis \u00e9s civiliz\u00e1ci\u00f3s v\u00e1ltoz\u00e1sokon verg\u0151d\u00f6tt \u00e1t. Gyermekkorunk m\u00e1r Pet\u0151fi \u00e9s Arany J\u00e1nos \u00e1ltal is le\u00edrt falusi t\u00e1rsadalmi szerkezete \u00f6sszeomlott, s a vil\u00e1gh\u00e1bor\u00fa, a h\u00e1rom imp\u00e9riumv\u00e1lt\u00e1s, a kik\u00e9nyszer\u00edtett migr\u00e1ci\u00f3, a n\u00e9met \u00e9s a szovjet, a magyar \u00e9s a csehszlov\u00e1k hadak vonulgat\u00e1sa, a jogfosztotts\u00e1g, a deport\u00e1l\u00e1sok \u00e9s a szovjet t\u00e1borok, zsid\u00f3ink g\u00e1zhal\u00e1la, a lakoss\u00e1gcsere, a nyelvtilalom, \u00e9rtelmis\u00e9g\u00fcnk, benne pedag\u00f3gusaink kiebrudal\u00e1sa, vagyonunk \u00e9s \u00e1llampolg\u00e1rs\u00e1gunk elveszt\u00e9se, a nyilv\u00e1nos pofonok \u00e9s \u00fctlegek &#8211; \u00bbmert nincsen \u00e1tok \u00e9s nincs semmi f\u00e1jdalom, \/ nincs becstelens\u00e9g \u00e9s nincsen megcs\u00fafol\u00e1s, \/ amit ne l\u00e1tn\u00e1nk rajtunk teljesedni be\u00ab &#8211; id\u00e9zem \u00faj \u00f6sszef\u00fcgg\u00e9sben az \u00f3g\u00f6r\u00f6g Szophokl\u00e9szt Antigon\u00e9j\u00e1b\u00f3l&#8221; \u2013 s emelem magam e bevezet\u0151 nyit\u00f3 mondataik\u00e9nt Koncsol L\u00e1szl\u00f3 szavait, aki \u00edgy b\u00facs\u00faztatta t\u00edz esztendeje az elt\u00e1vozott kor- \u00e9s p\u00e1lyat\u00e1rsat, bar\u00e1tot, de mindenekel\u0151tt a felvid\u00e9ki magyars\u00e1g mindenki \u00e1ltal elismert els\u0151 sz\u00e1m\u00fa szellemi vezet\u0151j\u00e9t. K\u00f6tet\u00fcnk e t\u00edz esztend\u0151 aprop\u00f3jak\u00e9nt sz\u00fcletett, tisztelg\u0151 f\u0151hajt\u00e1sk\u00e9nt e kiemelked\u0151 \u00e9letm\u0171 el\u0151tt \u00e9pp \u00fagy, mik\u00e9pp e munk\u00e1ss\u00e1g sz\u00e1mos alapvet\u00e9s\u00e9nek, axi\u00f3m\u00e1j\u00e1nak tov\u00e1bbi hangs\u00falyoz\u00e1sa, \u00e9bren tart\u00e1sa, feleleven\u00edt\u00e9se \u00e9s tov\u00e1bbad\u00e1sa sz\u00e1nd\u00e9k\u00e1val.<\/p>\n\n\n\n<p id=\"block-2e0bbd5c-3f85-4728-978e-35dd4620ba9e\"><\/p>\n\n\n\n<p>(<a href=\"https:\/\/opus-folyoirat.sk\/?page_id=3494\" data-type=\"link\" data-id=\"https:\/\/opus-folyoirat.sk\/?page_id=3494\">olvass tov\u00e1bb<\/a>)<\/p>\n\n\n\n<hr class=\"wp-block-separator has-alpha-channel-opacity is-style-wide\"\/>\n\n\n\n<p class=\"has-medium-font-size\">Vasv\u00e1ri Zolt\u00e1n<\/p>\n\n\n\n<p><strong>Az elfeledett felvid\u00e9ki k\u00f6lt\u0151<\/strong><br>(A tizen\u00f6t \u00e9ve elhunyt Garai Istv\u00e1n eml\u00e9k\u00e9re)<\/p>\n\n\n\n<p><em>\u201eAz is bolond, aki po\u00e9t\u00e1v\u00e1 lesz Magyarorsz\u00e1gon\u201d \u2013 <\/em>\u00edrta egykor Csokonai, de mit is tehetne m\u00e1st, aki k\u00f6lt\u0151nek sz\u00fcletett, \u00edr, b\u00e1rmit is hoz a sorsa. Tudta \u00e9s meg\u00edrta ezt oly sok k\u00f6lt\u0151, mik\u00e9nt Radn\u00f3ti is: \u201e<em>\u00cdrtam, mit is tehetn\u00e9k? A k\u00f6lt\u0151 \u00edr, a macska \/ mi\u00e1kol \u00e9s az eb von\u00edt s a kis halacska \/ ikr\u00e1t \u00fcr\u00edt kac\u00e9ran.\u201d<\/em><\/p>\n\n\n\n<p>Garai Istv\u00e1n 1915. szeptember 12-\u00e9n sz\u00fcletett a m\u00e1tyusf\u00f6ldi Nagy\u00f6lved k\u00f6zs\u00e9gben, a Felvid\u00e9ken. Gimn\u00e1ziumi \u00e9veit \u00c9rsek\u00fajv\u00e1ron, egyetemi tanulm\u00e1nyait el\u0151sz\u00f6r Pozsonyban, a Komensky Egyetemen, majd 1938-t\u00f3l, az \u00e9szaki ter\u00fcletr\u00e9szek visszacsatol\u00e1sa ut\u00e1n, Budapesten, a P\u00e1zm\u00e1ny P\u00e9ter Katolikus Egyetemen v\u00e9gezte. 1941-ben kapta k\u00e9zhez magyar-szlov\u00e1k szakos tan\u00e1ri diplom\u00e1j\u00e1t. Tan\u00edtott Dunaszerdahelyen, Ipolys\u00e1gon, majd a d\u00e9lvid\u00e9ki B\u00e1cs-Petr\u0151c\u00f6n, \u00e9s B\u00e9k\u00e9scsab\u00e1n. 1947-ben B\u00e9k\u00e9scsab\u00e1n k\u00f6t\u00f6tt h\u00e1zass\u00e1got, amelyb\u0151l egy fia sz\u00fcletett. 1948-ban Mesekir\u00e1ly c\u00edm\u0171 k\u00f6tete miatt el\u00edt\u00e9lt\u00e9k, \u00e9s k\u00e9t \u00e9vet Szegeden, a Csillag-b\u00f6rt\u00f6nben t\u00f6lt\u00f6tt. Szabadul\u00e1sa ut\u00e1n meg\u00f6zvegy\u00fclt, s K\u0151szegre, majd Esztergomba, v\u00e9g\u00fcl 1954-ben Si\u00f3fokra ker\u00fclt. Itt \u00fajra megn\u0151s\u00fclt, s ebb\u0151l a h\u00e1zass\u00e1g\u00e1b\u00f3l egy fia \u00e9s k\u00e9t l\u00e1nya sz\u00fcletett. Kezdetben k\u00e1lyhaf\u0171t\u0151k\u00e9nt, dek\u00e1delsz\u00e1mol\u00f3k\u00e9nt, \u00e9s b\u00e9relsz\u00e1mol\u00f3k\u00e9nt dolgozott, eg\u00e9szen 1964-es rehabilit\u00e1l\u00e1s\u00e1ig. Ekkor t\u00e9rhetett vissza a katedr\u00e1hoz. A si\u00f3foki Perczel M\u00f3r Gimn\u00e1zium magyar-latin szakos tan\u00e1ra lett eg\u00e9szen 1977-es nyugd\u00edjba vonul\u00e1s\u00e1ig. 1984-ben k\u00f6lt\u00f6z\u00f6tt csal\u00e1dj\u00e1val Budapestre, ahol 2008. okt\u00f3ber 25-\u00e9n bek\u00f6vetkezett hal\u00e1l\u00e1ig \u00e9lt \u00e9s alkotott. &nbsp;<\/p>\n\n\n\n<p><\/p>\n\n\n\n<p>(<a href=\"https:\/\/opus-folyoirat.sk\/?page_id=3843\" data-type=\"link\" data-id=\"https:\/\/opus-folyoirat.sk\/?page_id=3843\">olvass tov\u00e1bb<\/a>)<\/p>\n\n\n\n<hr class=\"wp-block-separator has-alpha-channel-opacity is-style-wide\"\/>\n\n\n\n<p class=\"has-medium-font-size\" style=\"text-transform:uppercase\">Petrik Vikt\u00f3ria<\/p>\n\n\n\n<div class=\"wp-block-group is-vertical is-layout-flex wp-container-core-group-is-layout-8cf370e7 wp-block-group-is-layout-flex\">\n<p><strong>M\u00e1snak lenni nem rossz, avagy egy k\u00e9k patk\u00e1ny alleg\u00f3ri\u00e1ja<\/strong><\/p>\n\n\n\n<p>Kritika V\u00e9szits Andrea <em>\u00c1bris \u00e9s az az\u00fark\u00e9k patk\u00e1ny<\/em> c\u00edm\u0171 k\u00f6nyv\u00e9r\u0151l<\/p>\n<\/div>\n\n\n\n<p>V\u00e9szits Andrea leg\u00fajabb ifj\u00fas\u00e1gi reg\u00e9nye, az&nbsp;<em>\u00c1bris \u00e9s az az\u00fark\u00e9k patk\u00e1ny<\/em>&nbsp;az ut\u00f3bbi \u00e9vek gyermekirodalm\u00e1nak egyik legsaj\u00e1tosabb alkot\u00e1sa, hiszen egyszerre sz\u00f3l a gyermeki l\u00e9t sebezhet\u0151s\u00e9g\u00e9r\u0151l \u00e9s az elfogad\u00e1s mindent \u00e1tform\u00e1l\u00f3 erej\u00e9r\u0151l. A reg\u00e9ny egy kilenc\u00e9ves, asztm\u00e1s \u00e9s allergi\u00e1val k\u00fczd\u0151 kisfi\u00fa ny\u00e1ri kalandj\u00e1t mes\u00e9li el, aki megtanulja m\u00e1sk\u00e9ppen l\u00e1tni a vil\u00e1got, mik\u00f6zben k\u00e9ts\u00e9gbeesetten pr\u00f3b\u00e1lja megmenteni egy \u00e9letvesz\u00e9lybe ker\u00fclt patk\u00e1ny \u00e9let\u00e9t. A t\u00f6rt\u00e9net s\u00falypontja els\u0151sorban a felel\u0151ss\u00e9gv\u00e1llal\u00e1s, a m\u00e1ss\u00e1g \u00e9s az elfogad\u00e1s k\u00e9rd\u00e9sk\u00f6reire helyez\u0151dik, ugyanis a k\u00fcl\u00f6n\u00f6s, az\u00fark\u00e9k sz\u00ednben ragyog\u00f3 patk\u00e1ny egy olyan alleg\u00f3ria szerep\u00e9t is bet\u00f6lti, amelyben a f\u0151h\u0151s \u00e9s az olvas\u00f3 egyar\u00e1nt felismerheti saj\u00e1t f\u00e9lelmeit, v\u00e1gyait vagy kirekesztetts\u00e9g\u00e9t. A reg\u00e9ny a Pagony Kiad\u00f3 gondoz\u00e1s\u00e1ban jelent meg 2025-ben, a t\u00f6rt\u00e9netet pedig B\u00f6lecz Lilla illusztr\u00e1ci\u00f3i k\u00eds\u00e9rik v\u00e9gig.<\/p>\n\n\n\n<figure class=\"wp-block-image size-full\"><img loading=\"lazy\" decoding=\"async\" width=\"844\" height=\"380\" src=\"https:\/\/opus-folyoirat.sk\/wp-content\/uploads\/2025\/12\/20251027_Ifjusagi-regenyrol-kritika-sajat-szoveg.jpeg\" alt=\"\" class=\"wp-image-3353\" srcset=\"https:\/\/opus-folyoirat.sk\/wp-content\/uploads\/2025\/12\/20251027_Ifjusagi-regenyrol-kritika-sajat-szoveg.jpeg 844w, https:\/\/opus-folyoirat.sk\/wp-content\/uploads\/2025\/12\/20251027_Ifjusagi-regenyrol-kritika-sajat-szoveg-300x135.jpeg 300w, https:\/\/opus-folyoirat.sk\/wp-content\/uploads\/2025\/12\/20251027_Ifjusagi-regenyrol-kritika-sajat-szoveg-768x346.jpeg 768w, https:\/\/opus-folyoirat.sk\/wp-content\/uploads\/2025\/12\/20251027_Ifjusagi-regenyrol-kritika-sajat-szoveg-500x225.jpeg 500w\" sizes=\"auto, (max-width: 844px) 100vw, 844px\" \/><\/figure>\n\n\n\n<p>A t\u00f6rt\u00e9net szerint egy beteges kisfi\u00fa az apja laborat\u00f3rium\u00e1nak mosd\u00f3j\u00e1ban tal\u00e1l egy megsz\u00f6k\u00f6tt, k\u00fcl\u00f6n\u00f6s az\u00fark\u00e9k sz\u00edn\u0171 patk\u00e1nyt, akit els\u0151 pillant\u00e1sra megkedvel. Titokban hazaviszi, s b\u00e1r allergi\u00e1s az \u00e1llatsz\u0151rre, m\u00e9gis mindent elk\u00f6vet, hogy megmentse a kis \u00e1llatot a biztos pusztul\u00e1st\u00f3l. A k\u00f6z\u00f6s kaland sor\u00e1n bar\u00e1ts\u00e1g \u00e9s bizalom alakul ki kettej\u00fck k\u00f6zt, m\u00edg v\u00e9g\u00fcl a nagysz\u00fcl\u0151k seg\u00edts\u00e9g\u00e9vel siker\u00fcl biztons\u00e1gos otthont tal\u00e1lni a k\u00fcl\u00f6n\u00f6s teremtm\u00e9nynek.<\/p>\n\n\n\n<p>(<a href=\"https:\/\/opus-folyoirat.sk\/?page_id=3352\" data-type=\"link\" data-id=\"https:\/\/opus-folyoirat.sk\/?page_id=3352\">olvass tov\u00e1bb<\/a>)<\/p>\n\n\n\n<hr class=\"wp-block-separator has-alpha-channel-opacity is-style-wide\"\/>\n\n\n\n<p class=\"has-medium-font-size\">F\u00fcl\u00f6p Antal<\/p>\n\n\n\n<p><strong>A hazatal\u00e1lt k\u00f6lt\u0151<\/strong><\/p>\n\n\n<div class=\"wp-block-image\">\n<figure class=\"alignright size-full is-resized\"><img loading=\"lazy\" decoding=\"async\" width=\"522\" height=\"821\" src=\"http:\/\/opus-folyoirat.sk\/wp-content\/uploads\/2026\/01\/Kepernyofoto-2026-01-14-14.46.33.png\" alt=\"\" class=\"wp-image-3839\" style=\"width:169px;height:auto\" srcset=\"https:\/\/opus-folyoirat.sk\/wp-content\/uploads\/2026\/01\/Kepernyofoto-2026-01-14-14.46.33.png 522w, https:\/\/opus-folyoirat.sk\/wp-content\/uploads\/2026\/01\/Kepernyofoto-2026-01-14-14.46.33-191x300.png 191w\" sizes=\"auto, (max-width: 522px) 100vw, 522px\" \/><\/figure><\/div>\n\n\n<p>K\u00f6vesdi K\u00e1roly <em>Visszakapott szavak<\/em> c\u00edm\u0171 versesk\u00f6tet\u00e9t lapozgatva a recenzens elm\u00e9letek helyett tartalmi szempontb\u00f3l k\u00eds\u00e9rli meg a k\u00f6tet verseit \u00e9lethelyzetekre \u2013 emeltebb szinten \u2013, szakr\u00e1lis \u00e9rt\u00e9kekre vonatkoztatni. A k\u00f6tet pr\u00f3zaversei (szerencs\u00e9re) a Shakespeare-i szonettek m\u00e9rs\u00e9kelt formaszabads\u00e1g\u00e1t k\u00f6vetik (nota bene!) a gondolatok torz\u00edt\u00e1sa n\u00e9lk\u00fcl, a Marinetti-k\u00f6vet\u0151k tart\u00f3san d\u00edv\u00f3 olvashatatlan\/\u00e9rtelmezhetetlen \u201e\u00f6mlesztett\u201d sz\u00f6vegeivel szemben. (\u00d6nkasztr\u00e1ci\u00f3, mint mor\u00e1lis l\u00e1zad\u00e1s \u2013 csak fel kell \u00fctni egy-egy \u201emodern\u201d versesk\u00f6tetet!)<\/p>\n\n\n\n<p>(<a href=\"https:\/\/opus-folyoirat.sk\/?page_id=3838\" data-type=\"link\" data-id=\"https:\/\/opus-folyoirat.sk\/?page_id=3838\">olvass tov\u00e1bb<\/a>)<\/p>\n\n\n\n<hr class=\"wp-block-separator has-alpha-channel-opacity is-style-wide\"\/>\n\n\n\n<p class=\"has-medium-font-size\" style=\"text-transform:uppercase\">Tam\u00e1si Orosz J\u00e1nos<\/p>\n\n\n\n<h1 class=\"wp-block-heading\">Jelen idej\u0171 m\u00faltban \u00e9lni<\/h1>\n\n\n<div class=\"wp-block-image\">\n<figure class=\"alignright is-resized\" id=\"block-b3b52e60-09cb-4ec3-9d75-9ebec4e0bad6\"><img decoding=\"async\" src=\"https:\/\/opus-folyoirat.sk\/wp-content\/uploads\/2026\/01\/bereck-jozsef-animaportal-743x1024.webp\" alt=\"A k\u00e9phez tartoz\u00f3 alt jellemz\u0151 \u00fcres; bereck-jozsef-animaportal-743x1024.webp a f\u00e1jln\u00e9v\" style=\"width:218px;height:auto\"\/><\/figure><\/div>\n\n\n<p id=\"block-c0416457-d9e2-48d1-b824-6a1bc7e03ddc\">\u201e\u2026val\u00f3s\u00e1gig\u00e9nyem t\u00e1pl\u00e1lkozik ebb\u0151l a t\u00e1jb\u00f3l, s ez az\u00e9rt nem l\u00e9nyegtelen sz\u00e1momra, mert a t\u00e1jjal val\u00f3 pr\u00f3b\u00e1lkoz\u00e1saimb\u00f3l esetleg m\u00e1sok val\u00f3s\u00e1gig\u00e9nye is t\u00e1pl\u00e1lkozhat\u2026\u201d \u2013 \u00edrja egyik leger\u0151sebb kisessz\u00e9j\u00e9ben Bereck J\u00f3zsef, s a Gyermekkorom pusztul\u00f3 t\u00e1jai c\u00edm\u0171 textus val\u00f3ban egy nagyon fontos, l\u00e9nyeges \u00fczenet m\u00faltr\u00f3l s jelenr\u0151l a mindenkori olvas\u00f3nak. \u00c9rv\u00e9nyes azokban az id\u0151kben is, amikor a jelenb\u0151l lesz a m\u00falt, s mikor m\u00e1r csak a t\u00e1jak megelevened\u0151 le\u00edr\u00e1saib\u00f3l, az \u00e9letm\u00f3dra utal\u00f3 t\u00f6rt\u00e9netekb\u0151l k\u00f6vetkeztethet\u00fcnk az egykori id\u0151k sz\u00e9ps\u00e9geire, sz\u00fcrkes\u00e9geire, rem\u00e9nytelens\u00e9geire \u00e9s rem\u00e9nyeire.&nbsp;<\/p>\n\n\n\n<p id=\"block-bcc5ed17-797a-4fe3-bd5c-56d4ca0c3bcc\">Mert mindig \u00e9s mindenkinek ki kell mondania azt, hogy: \u201e\u2026jelen idej\u0171 m\u00falttal \u00e9lek\u2026\u201d. &nbsp;<\/p>\n\n\n\n<p>(<a href=\"https:\/\/opus-folyoirat.sk\/?page_id=3487\" data-type=\"link\" data-id=\"https:\/\/opus-folyoirat.sk\/?page_id=3487\">olvass tov\u00e1bb<\/a>)<\/p>\n\n\n\n<hr class=\"wp-block-separator has-alpha-channel-opacity is-style-wide\"\/>\n\n\n\n<p class=\"has-medium-font-size\">K\u00e9gl Ildik\u00f3<\/p>\n\n\n\n<p><strong>A (sz\u00f6veg)testben r\u00e9tegz\u0151d\u0151 traum\u00e1k<\/strong><\/p>\n\n\n\n<p>A <em>Macskak\u0151<\/em> deprim\u00e1lt hangulatot \u00e1raszt\u00f3 t\u00f6rt\u00e9netek gy\u0171jtem\u00e9nye az emberi kapcsolatokr\u00f3l, a n\u0151k kiszolg\u00e1ltatotts\u00e1g\u00e1r\u00f3l, mik\u00f6zben \u2014 m\u00e9g, ha implicit m\u00f3don is \u2014 az elidegened\u00e9s t\u00e1rsadalmi jelens\u00e9g\u00e9re is reflekt\u00e1l a szerz\u0151. Novell\u00e1kba \u00e1gyazott asszonysorsokat sz\u00f6vegez meg P\u00f3da Erzs\u00e9bet: a sz\u00f6vegkorpusz r\u00e9tegeinek felfejt\u00e9se k\u00f6zben v\u00e1ltozatosabbn\u00e1l v\u00e1ltozatosabb esem\u00e9nykock\u00e1k peregnek el\u0151tt\u00fcnk, melyeket a szenved\u00e9s st\u00e1ci\u00f3i szerveznek egys\u00e9gbe. Az elbesz\u00e9l\u00e9sgy\u0171jtem\u00e9ny h\u00e9t fejezet\u00e9ben \u2014 <em>Prol\u00f3gus, Nagyany\u00e1m t\u00f6rt\u00e9nete, Szil\u00e1nkok, Homok\u00f3ra, Dimenzi\u00f3k, Tanuls\u00e1g, Epil\u00f3gus <\/em>\u2014 kisiklott \u00e9letek s\u0171r\u0171s\u00f6dnek, amelyeket olyan ill\u00fazi\u00f3tlanul mes\u00e9l a narr\u00e1tor, hogy dr\u00e1mais\u00e1guk m\u00e9gink\u00e1bb felfokoz\u00f3dik. Ez a rezign\u00e1lt hangfekv\u00e9s olyannyira mark\u00e1nss\u00e1 v\u00e1lik, hogy id\u0151nk\u00e9nt az a benyom\u00e1sunk, az egyes sz\u00e1m els\u0151 szem\u00e9lyben elmes\u00e9lt t\u00f6rt\u00e9neteket nem olvassuk, ink\u00e1bb hallgatjuk, a szerz\u0151 \u2014 mint egy monodr\u00e1m\u00e1t \u2014 el\u0151adja nek\u00fcnk. Mindezt er\u0151s\u00edti, hogy a narr\u00e1tor folyamatos jelen id\u0151ben besz\u00e9l, emiatt rendk\u00edv\u00fcl elevenek ezek a sz\u00f6vegek, ak\u00e1rcsak az \u00e9l\u0151besz\u00e9d. A <em>Macskak\u0151 <\/em>narr\u00e1ci\u00f3s technik\u00e1j\u00e1r\u00f3l elmondhat\u00f3, hogy fokaliz\u00e1ci\u00f3 szempontj\u00e1b\u00f3l az elbesz\u00e9l\u0151 diskurzus fix\u00e1lt n\u00e9z\u0151pont\u00fa, egyetlen szem\u00e9ly&nbsp; \u2014 az elbesz\u00e9l\u0151, aki egyben a f\u0151szerepl\u0151 \u2014 megnyilv\u00e1nul\u00e1sain, \u00e9rz\u00e9kel\u00e9si tartom\u00e1ny\u00e1n \u00e1t ismerj\u00fck meg a gy\u0171jtem\u00e9ny elbesz\u00e9l\u00e9seit.<\/p>\n\n\n\n<p>(<a href=\"https:\/\/opus-folyoirat.sk\/?page_id=3833\" data-type=\"link\" data-id=\"https:\/\/opus-folyoirat.sk\/?page_id=3833\">olvass tov\u00e1bb<\/a>)<\/p>\n\n\n\n\n\n<hr class=\"wp-block-separator has-alpha-channel-opacity is-style-wide\"\/>\n\n\n\n<p class=\"has-medium-font-size\">Iv\u00e1nyi M\u00e1rton P\u00e1l<\/p>\n\n\n\n<p><strong>A nevet\u00e9s felejt\u00e9s-e?<\/strong><\/p>\n\n\n<div class=\"wp-block-image\">\n<figure class=\"alignright size-full is-resized\"><img loading=\"lazy\" decoding=\"async\" width=\"412\" height=\"499\" src=\"http:\/\/opus-folyoirat.sk\/wp-content\/uploads\/2026\/01\/Ivanyi-Marton.jpeg\" alt=\"\" class=\"wp-image-3550\" style=\"width:188px;height:auto\" srcset=\"https:\/\/opus-folyoirat.sk\/wp-content\/uploads\/2026\/01\/Ivanyi-Marton.jpeg 412w, https:\/\/opus-folyoirat.sk\/wp-content\/uploads\/2026\/01\/Ivanyi-Marton-248x300.jpeg 248w\" sizes=\"auto, (max-width: 412px) 100vw, 412px\" \/><\/figure><\/div>\n\n\n<p>A nem is olyan t\u00e1voli m\u00faltb\u00f3l rendre rosszeml\u00e9k\u0171 szerepl\u0151kk\u00e9nt t\u0171nnek fel a Habsburgok a modern cseh pr\u00f3zairodalomban. E tanulm\u00e1ny ezen alkot\u00f3i hagyom\u00e1nyokat tekinti \u00e1t. &nbsp;<\/p>\n\n\n\n<p>Mik\u00f6zben Ivan Olbracht (1882-1952) a m\u00e1r-m\u00e1r svejki hangv\u00e9tel\u0171 (igaz, azt \u00e9vekkel megel\u0151z\u0151) <em>A Monarchia szeretet\u00e9r\u0151l <\/em>(1910) c\u00edm\u0171 elbesz\u00e9l\u00e9s\u00e9ben az eg\u00e9sz cs. \u00e9s k. hadsereg nemzetis\u00e9gi anom\u00e1li\u00e1k, a kegyetlens\u00e9g \u00e9s az elt\u00falzott pedant\u00e9ria t\u00e1rh\u00e1z\u00e1nak t\u0171nik, id\u0151nk\u00e9nt mindennek az embl\u00e9m\u00e1jak\u00e9nt maga a Habsburg-uralkod\u00f3h\u00e1z is kifejezetten pelleng\u00e9rre ker\u00fcl. Ezt \u00e9rz\u00e9kelteti a szadista Masanetz hadnagy portr\u00e9ja is, akinek a k\u00e9pzelet\u00e9ben \u201eaz a t\u00e1bornok, akinek a mell\u00e9t elbor\u00edtj\u00e1k majd a kit\u00fcntet\u00e9sek, aki az elk\u00f6vetkez\u0151 csat\u00e1kban dand\u00e1rokat, hadoszt\u00e1lyokat, hadtesteket vez\u00e9nyel majd, ez a t\u00e1bornok persze nem m\u00e1s, mint \u0151maga, hadnagy Masanetz, \u00e9s a mell\u00e9n f\u00fcgg\u0151 rendjelek k\u00f6z\u00fcl persze nem hi\u00e1nyzik a M\u00e1ria Ter\u00e9zia-rend sem (1955: 41).<\/p>\n\n\n\n<p>(<a href=\"https:\/\/opus-folyoirat.sk\/?page_id=3830\" data-type=\"link\" data-id=\"https:\/\/opus-folyoirat.sk\/?page_id=3830\">olvass tov\u00e1bb<\/a>)<\/p>\n\n\n\n<hr class=\"wp-block-separator has-alpha-channel-opacity is-style-wide\"\/>\n\n\n\n<p class=\"has-medium-font-size\" style=\"text-transform:uppercase\">Petrik Vikt\u00f3ria<\/p>\n\n\n\n<div class=\"wp-block-group is-vertical is-layout-flex wp-container-core-group-is-layout-8cf370e7 wp-block-group-is-layout-flex\">\n<p><strong>A bels\u0151 sz\u00f6rny \u00e9s az emberi l\u00e9t v\u00e1ls\u00e1ga, avagy apokaliptikus eposz hexameterekbe szedve<\/strong><\/p>\n\n\n\n<p>Babics Imre&nbsp;<em>Szfinx<\/em>&nbsp;c\u00edm\u0171 vers\u00e9nek elemz\u00e9se<\/p>\n<\/div>\n\n\n\n<p><\/p>\n\n\n\n<p>Babics Imre meghat\u00e1roz\u00f3 m\u0171ve, a&nbsp;<em>Gn\u00f3zis<\/em>&nbsp;egy t\u00f6bb t\u00edzezer hexameterben meg\u00edrt pr\u00f3zai eposz a l\u00e9tez\u00e9sr\u0151l \u00e9s a vil\u00e1g szerkezet\u00e9nek megfejt\u00e9s\u00e9r\u0151l. A k\u00f6tet kulcsversek\u00e9nt sz\u00e1montartott <em>Szfinx <\/em>a teljes m\u0171 k\u00f6z\u00e9ppontj\u00e1ban \u00e1ll, hiszen ebben a versben szembes\u00edti \u00f6nmag\u00e1t a k\u00f6lt\u0151i \u00e9n a saj\u00e1t d\u00e9monikus kett\u0151ss\u00e9g\u00e9vel, a benne \u00e9l\u0151 vad\u00e1llatiass\u00e1ggal \u00e9s annak k\u00f6vetkezm\u00e9nyeivel a kult\u00far\u00e1ra, az erk\u00f6lcsre \u00e9s az emberi l\u00e9t eg\u00e9sz\u00e9re n\u00e9zve. A vers k\u00fcl\u00f6nlegess\u00e9ge abban rejlik, hogy egyszerre m\u0171k\u00f6dik vallom\u00e1sk\u00e9nt, diagn\u00f3zisk\u00e9nt \u00e9s pr\u00f3f\u00e9ciak\u00e9nt: vallom\u00e1s a bels\u0151 sz\u00f6rny l\u00e9tez\u00e9s\u00e9r\u0151l, diagn\u00f3zis az emberi civiliz\u00e1ci\u00f3 hanyatl\u00e1s\u00e1r\u00f3l, valamint pr\u00f3f\u00e9cia a v\u00e9gs\u0151 sz\u00e9tes\u00e9sr\u0151l, amelyben tal\u00e1n csak a k\u00f6lt\u0151i sz\u00f3 ny\u00fajthat biztons\u00e1got.<\/p>\n\n\n\n<p>(<a href=\"https:\/\/opus-folyoirat.sk\/?page_id=3357\" data-type=\"link\" data-id=\"https:\/\/opus-folyoirat.sk\/?page_id=3357\">olvass tov\u00e1bb<\/a>)<\/p>\n\n\n\n<hr class=\"wp-block-separator has-alpha-channel-opacity is-style-wide\"\/>\n\n\n\n<p class=\"has-medium-font-size\" style=\"text-transform:uppercase\">Vasv\u00e1ri Zolt\u00e1n<\/p>\n\n\n\n<div class=\"wp-block-group is-vertical is-layout-flex wp-container-core-group-is-layout-8cf370e7 wp-block-group-is-layout-flex\">\n<p><strong>Er\u0151s Jancsi, Malac Julcsa, a tengeri kisasszony \u00e9s t\u00e1rsaik<\/strong><\/p>\n\n\n\n<p><em>A szlov\u00e1kiai pal\u00f3cok n\u00e9pmesekincs\u00e9r\u0151l<\/em><\/p>\n<\/div>\n\n\n<div class=\"wp-block-image\">\n<figure class=\"alignright size-large is-resized\"><img loading=\"lazy\" decoding=\"async\" width=\"929\" height=\"1024\" src=\"https:\/\/opus-folyoirat.sk\/wp-content\/uploads\/2026\/01\/vasvari-zoltan-929x1024.jpg\" alt=\"\" class=\"wp-image-3764\" style=\"width:214px;height:auto\" srcset=\"https:\/\/opus-folyoirat.sk\/wp-content\/uploads\/2026\/01\/vasvari-zoltan-929x1024.jpg 929w, https:\/\/opus-folyoirat.sk\/wp-content\/uploads\/2026\/01\/vasvari-zoltan-272x300.jpg 272w, https:\/\/opus-folyoirat.sk\/wp-content\/uploads\/2026\/01\/vasvari-zoltan-768x846.jpg 768w, https:\/\/opus-folyoirat.sk\/wp-content\/uploads\/2026\/01\/vasvari-zoltan-1394x1536.jpg 1394w, https:\/\/opus-folyoirat.sk\/wp-content\/uploads\/2026\/01\/vasvari-zoltan-1859x2048.jpg 1859w\" sizes=\"auto, (max-width: 929px) 100vw, 929px\" \/><\/figure><\/div>\n\n\n<p>A pal\u00f3cs\u00e1g felfedez\u00e9s\u00e9vel indult meg a magyar n\u00e9prajzi t\u00e1jak \u00e9s csoportok kutat\u00e1sa a m\u00falt sz\u00e1zad elej\u00e9n. Ipolyi Arnold (<a href=\"https:\/\/hu.wikipedia.org\/wiki\/Ipolykeszi\">Ipolykeszi<\/a>,&nbsp;<a href=\"https:\/\/hu.wikipedia.org\/wiki\/1823\">1823<\/a>.&nbsp;<a href=\"https:\/\/hu.wikipedia.org\/wiki\/Okt%25C3%25B3ber_18.\">okt\u00f3ber 18.<\/a>&nbsp;\u2013&nbsp;<a href=\"https:\/\/hu.wikipedia.org\/wiki\/Nagyv%25C3%25A1rad\">Nagyv\u00e1rad<\/a>,&nbsp;<a href=\"https:\/\/hu.wikipedia.org\/wiki\/1886\">1886<\/a>.&nbsp;<a href=\"https:\/\/hu.wikipedia.org\/wiki\/December_2.\">december 2.<\/a>) az els\u0151k k\u00f6z\u00f6tt, m\u00e1r a 19. sz\u00e1zad els\u0151 fel\u00e9ben gy\u0171jt\u0151h\u00e1l\u00f3zatot szervezet a n\u00e9pmesegy\u0171jt\u00e9sre, \u00e9s a sz\u00e1zad k\u00f6zep\u00e9t\u0151l sz\u00e1mos pal\u00f3c n\u00e9pk\u00f6lt\u00e9si gy\u0171jtem\u00e9ny l\u00e1tott napvil\u00e1got. Ipolyi a Magyar Mythologia (1854) \u00edr\u00e1s\u00e1hoz sz\u00e1mos m\u00e1s forr\u00e1s mellett a n\u00e9phagyom\u00e1nyt is felhaszn\u00e1lta. B\u00e1r valamennyit maga is gy\u0171jt\u00f6tt, alapvet\u0151en a gy\u0171jt\u00e9s ir\u00e1ny\u00edt\u00f3jak\u00e9nt m\u0171k\u00f6d\u00f6tt. Gy\u0171jt\u0151h\u00e1l\u00f3zat\u00e1ban nemcsak egyszer\u0171 falusi emberek, de szinte valamennyi bar\u00e1tja (akik k\u00f6zt el\u0151fordult \u00fcgyv\u00e9d, lelk\u00e9sz, kispap, iskolamester, orvos \u00e9s irodalomt\u00f6rt\u00e9n\u00e9sz is) r\u00e9szt vett. Ipolyi gy\u0171jt\u00e9seinek egy r\u00e9sz\u00e9t (128 sz\u00f6veget) 1914-ben K\u00e1lm\u00e1ny Lajos jelentette meg a Magyar N\u00e9pk\u00f6lt\u00e9si Gy\u0171jtem\u00e9ny XIII. k\u00f6tet\u00e9ben, majd Benedek Katalin 2006-ban a Budapesten el\u00e9rhet\u0151 sz\u00f6vegkorpuszt bocs\u00e1totta sajt\u00f3 al\u00e1, bevezet\u0151 tanulm\u00e1nnyal l\u00e1tva azt el. Kor\u00e1bban Abafi-Aigner Lajos is szerette volna megjelentetni a gy\u0171jtem\u00e9nyt (hozz\u00e1 Csapl\u00e1r Benedekt\u0151l ker\u00fclt a sz\u00f6veganyag), de a Kisfaludy T\u00e1rsas\u00e1gnak valami miatt m\u00e9gsem felelt meg a sajt\u00f3 al\u00e1 rendezett k\u00f6tet, \u00e9s visszaadt\u00e1k a k\u00e9ziratot.<\/p>\n\n\n\n<p>(<a href=\"https:\/\/opus-folyoirat.sk\/?page_id=3761\" data-type=\"link\" data-id=\"https:\/\/opus-folyoirat.sk\/?page_id=3761\">olvass tov\u00e1bb<\/a>)<\/p>\n\n\n\n<hr class=\"wp-block-separator has-alpha-channel-opacity is-style-wide\"\/>\n\n\n\n<p class=\"has-medium-font-size\" style=\"text-transform:uppercase\">Bakonyi Istv\u00e1n<\/p>\n\n\n\n<div class=\"wp-block-group is-vertical is-layout-flex wp-container-core-group-is-layout-8cf370e7 wp-block-group-is-layout-flex\">\n<p><strong>Iancu Laura l\u00edr\u00e1j\u00e1nak kiteljesed\u00e9se&nbsp;<\/strong><\/p>\n\n\n\n<p><em>(Karmaib\u00f3l kihullajt)<\/em><\/p>\n<\/div>\n\n\n<div class=\"wp-block-image\">\n<figure class=\"alignright size-large is-resized\"><img loading=\"lazy\" decoding=\"async\" width=\"1024\" height=\"576\" src=\"http:\/\/opus-folyoirat.sk\/wp-content\/uploads\/2025\/12\/Bakonyi-1024x576.jpg\" alt=\"\" class=\"wp-image-3302\" style=\"width:228px;height:auto\" srcset=\"https:\/\/opus-folyoirat.sk\/wp-content\/uploads\/2025\/12\/Bakonyi-1024x576.jpg 1024w, https:\/\/opus-folyoirat.sk\/wp-content\/uploads\/2025\/12\/Bakonyi-300x169.jpg 300w, https:\/\/opus-folyoirat.sk\/wp-content\/uploads\/2025\/12\/Bakonyi-768x432.jpg 768w, https:\/\/opus-folyoirat.sk\/wp-content\/uploads\/2025\/12\/Bakonyi-1536x864.jpg 1536w, https:\/\/opus-folyoirat.sk\/wp-content\/uploads\/2025\/12\/Bakonyi-2048x1152.jpg 2048w, https:\/\/opus-folyoirat.sk\/wp-content\/uploads\/2025\/12\/Bakonyi-500x281.jpg 500w\" sizes=\"auto, (max-width: 1024px) 100vw, 1024px\" \/><\/figure><\/div>\n\n\n<p>\u201eIancu Laura els\u0151 k\u00f6tete megh\u00f6kkent\u0151 meglepet\u00e9s volt (tehets\u00e9g\u00e9nek f\u00f6lfedez\u0151je Ferenczes Istv\u00e1n), s m\u00e9g ink\u00e1bb az e m\u00e1sodik. Indul\u00e1sa pillanat\u00e1ban ugyanis igen hat\u00e1rozott \u00e9s egy\u00e9rtelm\u0171 mozdulattal megjel\u00f6lte a maga mark\u00e1ns k\u00f6lt\u00e9szeti hely\u00e9t \u00e9s k\u00f6lt\u0151i szerep\u00e9t. Ez a hely \u00e9s szerep \u2013 r\u00e9szben elhat\u00e1rol\u00f3d\u00e1s, r\u00e9szben \u00f6nmeghat\u00e1roz\u00e1s\u2026\u201d (P\u00e9csi Gy\u00f6rgyi: <em>Ki\u0171zet\u00e9s, oltalomkeres\u00e9s. Iancu Laura: Karmaib\u00f3l kihullajt.<\/em> B\u00e1rka, 2008\/3. 98.) S tegy\u00fck hozz\u00e1: azt szokt\u00e1k mondani, hogy a m\u00e1sodik k\u00f6tet jelenti az igazi megm\u00e9rettet\u00e9st. Ebb\u0151l a szempontb\u00f3l is fontos a <em>Karmaib\u00f3l kihullajt<\/em>.&nbsp;<\/p>\n\n\n\n<p>(<a href=\"https:\/\/opus-folyoirat.sk\/?page_id=3743\" data-type=\"link\" data-id=\"https:\/\/opus-folyoirat.sk\/?page_id=3743\">olvass tov\u00e1bb<\/a>)<\/p>\n\n\n\n<hr class=\"wp-block-separator has-alpha-channel-opacity is-style-wide\"\/>\n\n\n\n<p class=\"has-medium-font-size\" style=\"text-transform:uppercase\">Morva M\u00e1ty\u00e1s<\/p>\n\n\n\n<div class=\"wp-block-group is-vertical is-layout-flex wp-container-core-group-is-layout-8cf370e7 wp-block-group-is-layout-flex\">\n<p><strong>Kir\u00e1lys\u00e1gok egy-egy fogpiszk\u00e1l\u00f3 hegy\u00e9n<\/strong>&nbsp;<\/p>\n\n\n\n<p><em>Z. N\u00e9meth Istv\u00e1n: \u00c9jszaka a szaun\u00e1ban (V\u00e1mb\u00e9ry Polg\u00e1ri T\u00e1rsul\u00e1s, 2023.)<\/em><\/p>\n<\/div>\n\n\n\n<p>Z. N\u00e9meth Istv\u00e1n Forb\u00e1th-, Talamon- \u00e9s Simk\u00f3-d\u00edjas k\u00f6lt\u0151, \u00edr\u00f3 leg\u00fajabb versesk\u00f6tete 2023-ban l\u00e1tott napvil\u00e1got <em>\u00c9jszaka a szaun\u00e1ban <\/em>c\u00edmen. Nem mellesleg a c\u00edmad\u00f3 verssel Z. N\u00e9meth 2022 v\u00e9g\u00e9n Arany Opus-d\u00edjat is nyert, tov\u00e1bb\u00e1 a k\u00f6tet megjelen\u00e9se \u00f3ta eltelt id\u0151ben, 2024 tavasz\u00e1n a Magyar Arany \u00c9rdemkeresztet is \u00e1tvehette r\u00e9szben \u201efolyamatosan \u00faj t\u00e9m\u00e1kat keres\u0151, k\u00eds\u00e9rletez\u0151, ironiz\u00e1l\u00f3 k\u00f6lt\u00e9szet\u00e9\u00e9rt\u201d. Mindez a 32. \u00f6n\u00e1ll\u00f3 k\u00f6tetben is hatv\u00e1nyozottan tetten \u00e9rhet\u0151.&nbsp;<\/p>\n\n\n<div class=\"wp-block-image\">\n<figure class=\"alignright size-full is-resized\"><img loading=\"lazy\" decoding=\"async\" width=\"551\" height=\"900\" src=\"https:\/\/opus-folyoirat.sk\/wp-content\/uploads\/2026\/01\/Z.-Nemeth-Istvan-Ejszaka-a-szaunaban.jpeg\" alt=\"\" class=\"wp-image-3739\" style=\"width:244px;height:auto\" srcset=\"https:\/\/opus-folyoirat.sk\/wp-content\/uploads\/2026\/01\/Z.-Nemeth-Istvan-Ejszaka-a-szaunaban.jpeg 551w, https:\/\/opus-folyoirat.sk\/wp-content\/uploads\/2026\/01\/Z.-Nemeth-Istvan-Ejszaka-a-szaunaban-184x300.jpeg 184w\" sizes=\"auto, (max-width: 551px) 100vw, 551px\" \/><\/figure><\/div>\n\n\n<p>A b\u0151 sz\u00e1zoldalnyi \u00faj vers 2018 \u00e9s 2023 k\u00f6zt sz\u00fcletett, err\u0151l a z\u00e1r\u00f3jeles alc\u00edm \u00e1rulkodik, \u00e9s n\u00e9gy f\u0151ciklusra oszthat\u00f3, melyek elnevez\u00e9sei tartalmilag szorosan kapcsol\u00f3dnak a k\u00f6tetc\u00edmhez: <em>H\u0151fok<\/em>, <em>G\u0151z<\/em>, <em>Korb\u00e1cs <\/em>\u00e9s <em>Infra<\/em>. A szerz\u0151 ezeket esetenk\u00e9nt tov\u00e1bbi alciklusokra osztja, m\u00e1ris az els\u0151ben n\u00e9gy alciklust tal\u00e1lunk 10-10 r\u00f3mai sz\u00e1mmal megjel\u00f6lt verssel, amelyek Kulcs\u00e1r Ferenc-, T\u00f3th L\u00e1szl\u00f3-, Bettes Istv\u00e1n- \u00e9s Hizsnyai Zolt\u00e1n-mot\u00edvumokra \u00edr\u00f3dtak. Els\u0151sorban a k\u00f6zvetett&nbsp; sz\u00f6vegk\u00f6zis\u00e9g eleg\u00e1ns p\u00e9ld\u00e1ja t\u00e1rul itt az olvas\u00f3 el\u00e9, ahol Z. N\u00e9meth nem csak egy-egy konkr\u00e9t sor \u00e1ltal hivatkozik kort\u00e1rsaira, hanem k\u00f6lt\u00e9szet\u00fcknek esszenci\u00e1j\u00e1t pr\u00f3b\u00e1lja megragadni, megmutatni, mint cseppben a tengert. Mindaz\u00e1ltal minden alciklus elej\u00e9n vil\u00e1gosan fel van t\u00fcntetve, kinek mot\u00edvumaira \u00edr\u00f3dik a k\u00f6vetkez\u0151 t\u00edz vers. A <em>H\u0151fok<\/em> ciklust \u00e9rtelemszer\u0171en azok a gyakorlott, felvid\u00e9ki kort\u00e1rs l\u00edr\u00e1t \u00e1tfog\u00f3an ismer\u0151 olvas\u00f3k \u00e9lvezhetik a legink\u00e1bb, akik j\u00f3l ismerik a hivatkozott l\u00edrikusok k\u00f6lt\u00e9szet\u00e9t, de az opusok \u00f6nmagukban is izgalmasak, el\u0151ismeretek n\u00e9lk\u00fcl ak\u00e1r visszafel\u00e9 is induk\u00e1lhatj\u00e1k az olvas\u00f3i \u00e9rdekl\u0151d\u00e9st, k\u00edv\u00e1ncsis\u00e1got: a Z. N\u00e9meth \u00e1ltal lesz\u0171rt kivonatba belek\u00f3stolva a kort\u00e1rsak saj\u00e1t sz\u00f6vegeihez is megj\u00f6het az olvas\u00f3i \u00e9tv\u00e1gy.&nbsp;<\/p>\n\n\n\n<p><\/p>\n\n\n\n<p>(<a href=\"https:\/\/opus-folyoirat.sk\/?page_id=3737\" data-type=\"link\" data-id=\"https:\/\/opus-folyoirat.sk\/?page_id=3737\">olvass tov\u00e1bb<\/a>)<\/p>\n\n\n\n<hr class=\"wp-block-separator has-alpha-channel-opacity is-style-wide\"\/>\n\n\n\n<p class=\"has-medium-font-size\" style=\"text-transform:uppercase\">Hogya Gy\u00f6rgy<\/p>\n\n\n\n<p><strong>A gondolat fort\u00e1lya<\/strong><\/p>\n\n\n<div class=\"wp-block-image\">\n<figure class=\"alignright size-large is-resized\"><img loading=\"lazy\" decoding=\"async\" width=\"1024\" height=\"1004\" src=\"http:\/\/opus-folyoirat.sk\/wp-content\/uploads\/2025\/10\/Hogya-1024x1004.jpg\" alt=\"\" class=\"wp-image-2761\" style=\"width:254px;height:auto\" srcset=\"https:\/\/opus-folyoirat.sk\/wp-content\/uploads\/2025\/10\/Hogya-1024x1004.jpg 1024w, https:\/\/opus-folyoirat.sk\/wp-content\/uploads\/2025\/10\/Hogya-300x294.jpg 300w, https:\/\/opus-folyoirat.sk\/wp-content\/uploads\/2025\/10\/Hogya-768x753.jpg 768w, https:\/\/opus-folyoirat.sk\/wp-content\/uploads\/2025\/10\/Hogya-306x300.jpg 306w, https:\/\/opus-folyoirat.sk\/wp-content\/uploads\/2025\/10\/Hogya.jpg 1304w\" sizes=\"auto, (max-width: 1024px) 100vw, 1024px\" \/><\/figure><\/div>\n\n\n<p>\u00dagy v\u00e9lem, kev\u00e9s elkeser\u00edt\u0151bb l\u00e1tv\u00e1ny l\u00e9tezik, mint a k\u00f6nyvespolca el\u0151tt tan\u00e1cstalanul \u00e1lldog\u00e1l\u00f3 \u00edr\u00f3, aki \u00fajfent meg\u00e1llap\u00edtja, hogy n\u00e9h\u00e1ny k\u00f6lcs\u00f6nadott k\u00f6nyve nyomtalanul elt\u0171nt. Csak n\u00e9z merengve \u00e9s alig \u00e9szrevehet\u0151 b\u00f3lint\u00e1ssal nyugt\u00e1zza a megt\u00f6rt\u00e9nteket, \u00e9s a felfedezett hi\u00e1ny okozta megr\u00e1zk\u00f3dtat\u00e1son mag\u00e1t igyekszik t\u00faltenni.&nbsp;<\/p>\n\n\n\n<p>Igen, ez vagyok \u00e9n, \u00e1llap\u00edtja meg; igen, ez vagyok \u00e9n, mondom az olvas\u00f3nak.<\/p>\n\n\n\n<p>Az elt\u0171nt k\u00f6nyveket \u00fajra be kell szereznem.<\/p>\n\n\n\n<p>Egy nevets\u00e9ges hasonlat jut az eszembe. Tal\u00e1n a k\u00f6nyveim k\u00f6zvetlen k\u00f6zels\u00e9ge \u00e9s titkos kisug\u00e1rz\u00e1sa teszi, de hirtelen \u00f6tlett\u0151l vezetve a Sphex nev\u0171 n\u0151st\u00e9nydar\u00e1zshoz hasonl\u00edtom magamat. Ez az egy\u00e9bk\u00e9nt mag\u00e1nyosan \u00e9l\u0151 rovar (az \u00edr\u00f3 is mag\u00e1nyos fajta), ha \u00e9rzi, hogy elj\u00f6tt a peterak\u00e1s ideje, kin\u00e9z mag\u00e1nak egy megfelel\u0151nek t\u0171n\u0151 testesebb herny\u00f3t, lecsap r\u00e1, felny\u00e1rsalja, megb\u00e9n\u00edtja \u00e9s mag\u00e1val cipeli a m\u00e1r j\u00f3 el\u0151re kin\u00e9zett \u00fcreghez, hogy ott belerakja a pet\u00e9it. \u00c9rdekes \u00e9s elgondolkodtat\u00f3 sz\u00e1momra mik\u00e9nt \u00e1gyaz\u00f3dott be a dar\u00e1zs viselked\u00e9srendszer\u00e9be, hogy miel\u0151tt bevinn\u00e9 zs\u00e1km\u00e1ny\u00e1t az \u00fcregbe, el\u0151bb leejti, \u00e9s bemegy a rejtekbe, hogy meggy\u0151z\u0151dj\u00f6n r\u00f3la, minden rendben van-e. Na most, ha valamelyik tr\u00e9f\u00e1s kedv\u0171 megfigyel\u0151 id\u0151k\u00f6zben a zs\u00e1km\u00e1nyt \u00e1thelyezi egy m\u00e1sik helyre, a dar\u00e1zs nem teket\u00f3ri\u00e1zik, megkeresi, visszaviszi az \u201eeredeti\u201d helyre, leejti \u00e9s ism\u00e9t berep\u00fcl az \u00fcregbe, mert a kis lelk\u00e9be bele van k\u00f3dolva, hogy miel\u0151tt a pet\u00e9inek komfortot biztos\u00edt\u00f3 herny\u00f3t elhelyezi, ott bent mindennek \u00e1t kell esnie az \u0151 szem\u00e9lyes ellen\u0151rz\u00e9s\u00e9n. \u00c9s ezt ak\u00e1r t\u00f6bbsz\u00f6r is el lehet vele j\u00e1tszani. Bizonyos p\u00e1rhuzamot v\u00e9lek felfedezni. M\u00e1r nem el\u0151sz\u00f6r t\u00f6rt\u00e9nik meg, hogy a k\u00f6lcs\u00f6nk\u00e9rt \u00e9s vissza nem juttatott k\u00f6nyv \u00fcgy\u00e9ben nem k\u00e9rdez\u0151sk\u00f6dtem, nem nyomoztam (a dar\u00e1zs sem kutatja az \u00e1thelyez\u00e9s ok\u00e1t), hanem egyszer\u0171en fogtam \u00e9s az els\u0151 adand\u00f3 alkalommal, amikor r\u00e1akadtam, megvettem. Nem az\u00e9rt, mintha azonnal (\u00fajra) el akartam volna olvasni, hanem mert Sphex nev\u0171 dar\u00e1zsbar\u00e1tn\u0151mh\u00f6z hasonlatosan egyfajta beidegz\u0151d\u00e9s rabja lettem. Ha ez a k\u00f6nyv egyszer m\u00e1r megvolt, akkor annak meg is kell lennie! Hogy minden rendben legyen. Ak\u00e1rh\u00e1nyszor fogom k\u00f6lcs\u00f6nadni, elvesz\u00edteni, annak \u201emegvan a helye\u201d a t\u00f6bbi k\u00f6z\u00f6tt! \u00c9s ezt eddig ak\u00e1rh\u00e1nyszor el lehetett velem j\u00e1tszani.&nbsp;<\/p>\n\n\n\n<p>(<a href=\"https:\/\/opus-folyoirat.sk\/?page_id=3732\" data-type=\"link\" data-id=\"https:\/\/opus-folyoirat.sk\/?page_id=3732\">olvass tov\u00e1bb<\/a>)<\/p>\n\n\n\n<hr class=\"wp-block-separator has-alpha-channel-opacity is-style-wide\"\/>\n\n\n\n<p class=\"has-medium-font-size\" style=\"text-transform:uppercase\">Kov\u00e1cs Bal\u00e1zs<\/p>\n\n\n\n<div class=\"wp-block-group is-vertical is-layout-flex wp-container-core-group-is-layout-8cf370e7 wp-block-group-is-layout-flex\">\n<p id=\"block-00380a8a-61e1-4349-a7fe-409292bcb443\"><strong>\u201ef\u00e9l\u00faton megdermedt napsugarak csokra\u201c<\/strong><\/p>\n\n\n\n<p id=\"block-ae7fc9fa-d01c-4131-acfa-6a1ede079511\"><em>Tam\u00e1si Orosz J\u00e1nos: Ide kell sz\u00fcletnie<\/em><\/p>\n<\/div>\n\n\n<div class=\"wp-block-image\">\n<figure class=\"alignright is-resized\" id=\"block-770e91d8-30ee-4cb5-9d7b-b4d01b49da5d\"><img decoding=\"async\" src=\"https:\/\/opus-folyoirat.sk\/wp-content\/uploads\/2026\/01\/tamasi-694x1024.jpeg\" alt=\"A k\u00e9phez tartoz\u00f3 alt jellemz\u0151 \u00fcres; tamasi-694x1024.jpeg a f\u00e1jln\u00e9v\" style=\"width:191px;height:auto\"\/><\/figure><\/div>\n\n\n<p id=\"block-96b2d729-899c-4725-b191-79c83508bd55\">Egy \u00faj k\u00f6nyv k\u00e9zbev\u00e9tele \u00f6nmag\u00e1ban is \u00e9rz\u00e9ki \u00e9lm\u00e9ny: \u00e9rz\u00e9kelni a s\u00faly\u00e1t, v\u00e9gigsim\u00edtani a bor\u00edt\u00f3j\u00e1n, kitapintani a fed\u00e9l text\u00far\u00e1j\u00e1t. Oldalain \u00e1tlapozva az orrunkat megcsap\u00f3 friss nyomdafest\u00e9k illata a felfedez\u00e9s misztikum\u00e1val vegy\u00fclve egy olvas\u00f3t \u2013 j\u00f3 esetben \u2013 minden alkalommal izgalommal t\u00f6lt el. Ritu\u00e1lis gesztus. Az olvas\u00e1s el\u0151j\u00e1t\u00e9ka. Egy versesk\u00f6tet eset\u00e9ben r\u00e9szlegesen k\u00f6rvonalaz\u00f3d\u00f3 form\u00e1k, hom\u00e1lyos \u00edg\u00e9retek p\u00f6r\u00f6gnek a&nbsp;tenyereinkben. Ugyanakkor a&nbsp;befogad\u00e1s els\u0151 pillanataiban megnyilv\u00e1nul\u00f3 megk\u00f6zel\u00edt\u00e9si m\u00f3d eset\u00e9ben gyakran besz\u00e9lhet\u00fcnk egyfajta bel\u00e9nk \u00e9p\u00fclt automatizmusr\u00f3l is, mely rezign\u00e1lt \u00e1llapotb\u00f3l vagy kir\u00e1ntanak, a&nbsp;jelenbe h\u00faznak a&nbsp;l\u00e1tottak, vagy ez az izgalom, a&nbsp;folytat\u00e1s motiv\u00e1ci\u00f3ja a&nbsp;megszerzett \u201efelsz\u00ednes\u201c inform\u00e1ci\u00f3k birtok\u00e1ban olyan gyorsan al\u00e1bbhagy, mint ahogyan az im\u00e9nt leemelt\u00fck a&nbsp;k\u00f6nyvet a polcr\u00f3l. Valljuk be, gyakran el\u0151fordul, hogy nem kelti fel a&nbsp;figyelm\u00fcnket a&nbsp;c\u00edm, nem hoz l\u00e1zba a&nbsp;bor\u00edt\u00f3 eszt\u00e9tik\u00e1ja, s&nbsp;a&nbsp;f\u00fclsz\u00f6veg prom\u00f3ci\u00f3s eszk\u00f6zt\u00e1r\u00e1nak meggy\u0151z\u0151ereje is kudarcot vall. Persze, a&nbsp;tapasztalt olvas\u00f3 ilyenkor nem ijed meg, s&nbsp;nem adja fel. Tudja j\u00f3l, hogy ez m\u00e9g semmit nem jelent, s&nbsp;az igazi pr\u00f3bat\u00e9tel, a&nbsp;val\u00f3di tal\u00e1lkoz\u00e1s ott \u00e9s akkor kezd\u0151dik, amikor belekezd az adott m\u0171 olvas\u00e1s\u00e1ba. Tam\u00e1si Orosz J\u00e1nos versesk\u00f6tet\u00e9t a&nbsp;kezemben forgatva viszont kor\u00e1ntsem err\u0151l volt sz\u00f3. Az izgalom az els\u0151 pillanatt\u00f3l kezdve egyre ink\u00e1bb fokoz\u00f3dott.<\/p>\n\n\n\n<p><\/p>\n\n\n\n<p>(<a href=\"https:\/\/opus-folyoirat.sk\/?page_id=3715\" data-type=\"link\" data-id=\"https:\/\/opus-folyoirat.sk\/?page_id=3715\">olvass tov\u00e1bb<\/a>)<\/p>\n\n\n\n<hr class=\"wp-block-separator has-alpha-channel-opacity is-style-wide\"\/>\n\n\n\n<p class=\"has-medium-font-size\" style=\"text-transform:uppercase\">Tam\u00e1si Orosz J\u00e1nos<\/p>\n\n\n\n<h1 class=\"wp-block-heading\">Az ezersz\u00edn\u0171 eminenci\u00e1s: T\u00f3th L\u00e1szl\u00f3<\/h1>\n\n\n<div class=\"wp-block-image\">\n<figure class=\"alignleft size-full is-resized\"><a href=\"https:\/\/opus-folyoirat.sk\/wp-content\/uploads\/2026\/01\/3-filep-toth-l.jpeg\"><img loading=\"lazy\" decoding=\"async\" width=\"289\" height=\"500\" src=\"http:\/\/opus-folyoirat.sk\/wp-content\/uploads\/2026\/01\/3-filep-toth-l.jpeg\" alt=\"\" class=\"wp-image-3480\" style=\"width:192px;height:auto\" srcset=\"https:\/\/opus-folyoirat.sk\/wp-content\/uploads\/2026\/01\/3-filep-toth-l.jpeg 289w, https:\/\/opus-folyoirat.sk\/wp-content\/uploads\/2026\/01\/3-filep-toth-l-173x300.jpeg 173w\" sizes=\"auto, (max-width: 289px) 100vw, 289px\" \/><\/a><\/figure><\/div>\n\n\n<p id=\"block-9aa0740c-6232-47ef-96ea-0c8f9985909d\">Szem\u00e9lyes k\u00f6t\u0151d\u00e9sekr\u0151l nem illend\u0151 besz\u00e9lni egy m\u0171 objekt\u00edv \u00e9rt\u00e9kel\u00e9se kapcs\u00e1n; ugyanakkor, nem csak irodalomt\u00f6rt\u00e9neti kutat\u00e1sok sor\u00e1n, az (a szem\u00e9lyes \u00e9rdekl\u0151d\u00e9s) mindig megker\u00fclhetetlen. Olyan alapszab\u00e1ly ez, amelyet sokan megszegnek, kutat\u00e1saikat objekt\u00edv m\u00e9rc\u00e9knek rendelik al\u00e1, mondj\u00e1k, holott valamif\u00e9le azonosul\u00e1s a kutatott szem\u00e9ly \u00e9letm\u0171v\u00e9vel, empatikus helykeres\u00e9s \u00e9let\u00fatja szakaszaiban \u2013 elhagyhatatlan feladat. A helyes eredm\u00e9nyre jut\u00e1s a m\u00faltba tekint\u00e9sek eseteiben \u00e1ltal\u00e1ban lehets\u00e9ges, hiszen mindenk\u00e9pp van egy t\u00f6rt\u00e9nelmi r\u00e1l\u00e1t\u00e1sunk, m\u00e1s k\u00e9rd\u00e9s, hogy az adott t\u00f6rt\u00e9nelmi kort hogyan \u00e9rt\u00e9kelj\u00fck? De ez ett\u0151l kezdve felt\u00e9tlen\u00fcl egy m\u00e1sik t\u00f6rt\u00e9net, szerepe itt csak annyiban van, hogy \u00e9rz\u00e9keltess\u00fck: csak akkor \u00e9rdemes \u00e9s szabad belekezden\u00fcnk egy monogr\u00e1fi\u00e1ba, ha a t\u00e1rgyalt szem\u00e9lyr\u0151l vagy korr\u00f3l szubjekt\u00edv \u00e9rz\u00e9seink, elk\u00e9pzel\u00e9seink is vannak; ha nincs, azt meg kell szerezni, de ha van, akkor sz\u0171r\u0151k\u00e9nt alkalmazni. A helyzet akkor a legnehezebb, amikor korunkr\u00f3l \u00e9s kort\u00e1rsainkr\u00f3l \u00edrunk \u00f6sszegz\u00e9st. Majd \u00fagy fokoz\u00f3dik a pillanat dr\u00e1mais\u00e1ga, hogy az \u00f6sszegz\u00e9s b\u00edr\u00e1lat\u00e1ra egy szint\u00e9n az esem\u00e9nyek hasonl\u00f3s\u00e1g\u00e1t \u00e1t\u00e9lt recenzens v\u00e1llalkozik. Kutya kem\u00e9ny helyzet.<\/p>\n\n\n\n<p>(<a href=\"https:\/\/opus-folyoirat.sk\/?page_id=3479\" data-type=\"link\" data-id=\"https:\/\/opus-folyoirat.sk\/?page_id=3479\">olvass tov\u00e1bb<\/a>)<\/p>\n\n\n\n<hr class=\"wp-block-separator has-alpha-channel-opacity is-style-wide\"\/>\n\n\n\n<p class=\"has-medium-font-size\" style=\"text-transform:uppercase\">P\u00e9ntek Imre<\/p>\n\n\n\n<div class=\"wp-block-group is-vertical is-layout-flex wp-container-core-group-is-layout-8cf370e7 wp-block-group-is-layout-flex\">\n<p id=\"block-3a983ec5-f16a-4ec6-bd23-f34a0ae5a3a2\"><strong>A felt\u00e1madt m\u00falt hull\u00e1mver\u00e9se<\/strong><\/p>\n\n\n\n<p id=\"block-a0140fa4-3470-4908-ad1f-9bb27b604de3\"><em>(Kili\u00e1n L\u00e1szl\u00f3: Az id\u0151 m\u00edtosza)<\/em><\/p>\n<\/div>\n\n\n<div class=\"wp-block-image\">\n<figure class=\"alignright size-full is-resized\"><img loading=\"lazy\" decoding=\"async\" width=\"351\" height=\"500\" src=\"http:\/\/opus-folyoirat.sk\/wp-content\/uploads\/2026\/01\/Kilian-Laszlo-Az-ido-mitosza.jpeg\" alt=\"\" class=\"wp-image-3711\" style=\"width:205px;height:auto\" srcset=\"https:\/\/opus-folyoirat.sk\/wp-content\/uploads\/2026\/01\/Kilian-Laszlo-Az-ido-mitosza.jpeg 351w, https:\/\/opus-folyoirat.sk\/wp-content\/uploads\/2026\/01\/Kilian-Laszlo-Az-ido-mitosza-211x300.jpeg 211w\" sizes=\"auto, (max-width: 351px) 100vw, 351px\" \/><\/figure><\/div>\n\n\n<p id=\"block-5cfdd980-ccd1-45ea-b527-fd40d804cbd3\">Kili\u00e1n L\u00e1szl\u00f3 2017-ben megjelent reg\u00e9nye, A fa m\u00edtosza \u2013 mondhatjuk \u2013 filoz\u00f3fikus essz\u00e9reg\u00e9ny. A m\u00edtoszt v\u00e1lasztotta kulcsfogalomk\u00e9nt, ami mese, monda, az \u00edr\u00e1s kialakul\u00e1sa el\u0151tt, amelyben&nbsp; istenek \u00e9s f\u00e9listenek, emberfeletti h\u0151s\u00f6k futj\u00e1k be v\u00e9gzetes p\u00e1ly\u00e1jukat, amelynek eredm\u00e9nyek\u00e9nt artikul\u00e1l\u00f3dik&nbsp; a teremtett vil\u00e1g, megsz\u00fcletik civiliz\u00e1ci\u00f3nk kezdete, egyesek szerint \u201earanykora\u201d. A fa m\u00edtosza c\u00edm egy anyagra \u00f6sszpontos\u00edt \u2013 l\u00e1tsz\u00f3lag -, de ann\u00e1l t\u00e1gabb k\u00f6rt jelen\u00edt meg. F\u0151h\u0151se P\u00e1n, ez a k\u00fcl\u00f6n\u00f6s mitol\u00f3giai alak, itt az indul\u00e1s vagy ind\u00edt\u00e1s demiurgosza, aki 12 fejezeten \u00e1t alkotja a civiliz\u00e1ci\u00f3 el\u0151k\u00e9p\u00e9t, feltal\u00e1lva a \u201ehajl\u00e9kot\u201d, a \u201enyelvet\u201d, m\u0171k\u00f6dteti a k\u00e9pzeletet. Az emberek k\u00f6z\u00f6tt m\u00e9gis akadnak \u00e1rul\u00f3i, \u00e9s pusztul\u00e1s\u00e1nak h\u00edre megr\u00e1zza az eget-f\u00f6ldet. \u00c1m Kili\u00e1n legnagyobb \u00e9rdeme ebben az els\u0151 m\u0171ben : megteremtette m\u00edtoszi vil\u00e1g\u00e1nak ter\u00e9t \u00e9s idej\u00e9t, elindulhatott a grandi\u00f3zus reg\u00e9nyfolyam, amely \u2013 egy\u00e9bk\u00e9nt \u2013 sz\u00e1mos m\u0171faji bet\u00e9ttel gazdagodott, \u201egombamond\u00f3k\u00e1val\u201d, a \u201elombkoron\u00e1k mond\u00f3k\u00e1j\u00e1val\u201d, P\u00e1nr\u00f3l sz\u00f3l\u00f3 kiseposszal. A vas fiai tov\u00e1bb artikul\u00e1lja a kibontakoz\u00f3 civiliz\u00e1ci\u00f3t, s a m\u00e1r megteremtett k\u00f6zegben haladva m\u00e9g r\u00e9szletesebben rajzolja meg a maga k\u00f6rnyezet\u00e9t. Amelynek a f\u0151 eleme a munka. Uther, a f\u0151szerepl\u0151 \u201e t\u00e9r\u00edtettjei\u201d megtanulnak dolgozni. Ami \u00f3ri\u00e1si fejl\u0151d\u00e9st teremt. \u201eA munka alkonyi humusza a v\u00e9gtelen megsz\u00e9gyen\u00edt\u00e9se.\u201dKialakul&nbsp; a falu, a v\u00e1ros, a politika. \u00c9s l\u00e9trej\u00f6n a forradalom, a hatalomv\u00e1lt\u00e1s eszk\u00f6ze. Azt\u00e1n elj\u00f6n a birodalmak kora \u00e9s a h\u00e1bor\u00fa\u00e9. Mindez kitermeli az eszm\u00e9nyt. \u201eAz eszm\u00e9ny a rem\u00e9ny.\u201d \u2013 mondja a szerz\u0151 az epil\u00f3gusban. Uther \u2013 aki a nagy szervez\u0151 \u2013 elt\u0171nik az esem\u00e9nyek forgatag\u00e1ban. Az epil\u00f3gus azt is megnevezi, aki a harmadik k\u00f6tetet f\u0151h\u0151se lesz: \u201eMizar az ig\u00e9zetes \u00edg\u00e9ret.\u201d<\/p>\n\n\n\n<p><\/p>\n\n\n\n<p>(<a href=\"https:\/\/opus-folyoirat.sk\/?page_id=3710\" data-type=\"link\" data-id=\"https:\/\/opus-folyoirat.sk\/?page_id=3710\">olvass tov\u00e1bb<\/a>)<\/p>\n\n\n\n<hr class=\"wp-block-separator has-alpha-channel-opacity is-style-wide\"\/>\n\n\n\n<p class=\"has-medium-font-size\" style=\"text-transform:uppercase\">Petrik Vikt\u00f3ria<\/p>\n\n\n\n<div class=\"wp-block-group is-vertical is-layout-flex wp-container-core-group-is-layout-8cf370e7 wp-block-group-is-layout-flex\">\n<p><strong>Utaz\u00e1s a traum\u00e1kon \u00e1t a l\u00e9lekig<\/strong><\/p>\n\n\n\n<p>Gondolatok Csig\u00f3 Katalin Romok k\u00f6z\u00f6tt c. k\u00f6nyv\u00e9r\u0151l<\/p>\n<\/div>\n\n\n\n<p>Vajon meddig vagyunk felel\u0151sek a saj\u00e1t \u00e9let\u00fcnk\u00e9rt, \u00e9s mikort\u00f3l hat\u00e1rozza meg azt a felmen\u0151inkt\u0151l \u00f6r\u00f6k\u00f6lt teher? Net\u00e1n l\u00e9tezhet olyan hely, amely nemcsak vigaszt ny\u00fajt, hanem seg\u00edt szemben\u00e9zni is mindazzal, amit magunkkal hordozunk? T\u00f6bbek k\u00f6z\u00f6tt ilyen \u00e9s ehhez hasonl\u00f3 k\u00e9rd\u00e9sekre keresi a v\u00e1laszt Csig\u00f3 Katalin leg\u00fajabb k\u00f6nyv\u00e9ben, amely t\u00f6bb mint egy egyszer\u0171 reg\u00e9ny \u2013 szinte m\u00e1r pszichol\u00f3giai m\u00e9lys\u00e9g\u0171 utaz\u00e1s a f\u00e1jdalom legapr\u00f3bb r\u00e9tegeibe. A <em>Romok k\u00f6z\u00f6tt<\/em> h\u00e1rom emberi sorson \u00e9s k\u00e9t id\u0151s\u00edkon \u00e1t\u00edvel\u0151 t\u00f6rt\u00e9net, amely egyszerre vizsg\u00e1lja mesteri \u00e9rz\u00e9kenys\u00e9ggel nemcsak a trauma \u00e9s a vesztes\u00e9g okozta k\u00ednokat, hanem a bels\u0151 gy\u00f3gyul\u00e1s es\u00e9lyeit is.<\/p>\n\n\n\n<figure class=\"wp-block-image size-large\"><img loading=\"lazy\" decoding=\"async\" width=\"1024\" height=\"521\" src=\"https:\/\/opus-folyoirat.sk\/wp-content\/uploads\/2025\/12\/20250814_Romok-kozott-recenzio-1024x521.jpeg\" alt=\"\" class=\"wp-image-3345\" srcset=\"https:\/\/opus-folyoirat.sk\/wp-content\/uploads\/2025\/12\/20250814_Romok-kozott-recenzio-1024x521.jpeg 1024w, https:\/\/opus-folyoirat.sk\/wp-content\/uploads\/2025\/12\/20250814_Romok-kozott-recenzio-300x153.jpeg 300w, https:\/\/opus-folyoirat.sk\/wp-content\/uploads\/2025\/12\/20250814_Romok-kozott-recenzio-768x391.jpeg 768w, https:\/\/opus-folyoirat.sk\/wp-content\/uploads\/2025\/12\/20250814_Romok-kozott-recenzio-500x254.jpeg 500w, https:\/\/opus-folyoirat.sk\/wp-content\/uploads\/2025\/12\/20250814_Romok-kozott-recenzio.jpeg 1180w\" sizes=\"auto, (max-width: 1024px) 100vw, 1024px\" \/><\/figure>\n\n\n\n<p>(<a href=\"https:\/\/opus-folyoirat.sk\/?page_id=3344\" data-type=\"link\" data-id=\"https:\/\/opus-folyoirat.sk\/?page_id=3344\">olvass tov\u00e1bb<\/a>)<\/p>\n\n\n\n<hr class=\"wp-block-separator has-alpha-channel-opacity is-style-wide\"\/>\n\n\n\n<p class=\"has-medium-font-size\" style=\"text-transform:uppercase\">Tam\u00e1si Orosz J\u00e1nos<\/p>\n\n\n\n<h1 class=\"wp-block-heading\"><br>Agor\u00e1k a vet\u00e9sben<\/h1>\n\n\n<div class=\"wp-block-image\">\n<figure class=\"alignright size-full is-resized\"><img loading=\"lazy\" decoding=\"async\" width=\"347\" height=\"347\" src=\"https:\/\/opus-folyoirat.sk\/wp-content\/uploads\/2025\/12\/Filep-Tamas-Gusztav_ff.jpeg\" alt=\"\" class=\"wp-image-3463\" style=\"width:191px;height:auto\" srcset=\"https:\/\/opus-folyoirat.sk\/wp-content\/uploads\/2025\/12\/Filep-Tamas-Gusztav_ff.jpeg 347w, https:\/\/opus-folyoirat.sk\/wp-content\/uploads\/2025\/12\/Filep-Tamas-Gusztav_ff-300x300.jpeg 300w, https:\/\/opus-folyoirat.sk\/wp-content\/uploads\/2025\/12\/Filep-Tamas-Gusztav_ff-150x150.jpeg 150w\" sizes=\"auto, (max-width: 347px) 100vw, 347px\" \/><\/figure><\/div>\n\n\n<p id=\"block-5d192045-538d-475d-bf6c-a8d5d2836955\">Tart\u00f3s szellemi \u00e9lvezettel jutalmazza olvas\u00f3it <em>Filep Tam\u00e1s Guszt\u00e1v<\/em>, nem csup\u00e1n most t\u00e1rgyaland\u00f3 munk\u00e1j\u00e1ban (<em>Agor\u00e1k kora<\/em>), hanem azzal a t\u00f6bb \u00e9vtizede tart\u00f3 al\u00e1zattal, amellyel m\u0171vel\u0151d\u00e9st\u00f6rt\u00e9net\u00fcnk, szellemi kincsest\u00e1runk elfeledett \u00e9letm\u0171veit rost\u00e1lja \u00fajra, szerkeszti meg azok kritikai kiad\u00e1sait. Hatalmas filol\u00f3giai pontoss\u00e1got, k\u00f6nyvt\u00e1rak m\u00e9ly\u00e9ben val\u00f3 j\u00e1rtass\u00e1got, az id\u0151k p\u00e1rhuzamaiban rejl\u0151 \u00e1thall\u00e1s tudom\u00e1ny\u00e1t rejti s k\u00edv\u00e1nja meg ez a sokak \u00e1ltal alig m\u00e9lt\u00e1nyolt munka; mert, bizony, a t\u00f6rt\u00e9net ott kezd\u0151dik, hogy sokan, am\u00fagy a m\u0171veltebbje is, klasszikust m\u00e1r alig olvas, el\u00e9g, amit tanultam r\u00f3la, d\u00fcnny\u00f6g, s ott folytat\u00f3dik, hogy egy-egy klasszikus \u00fajra-kiad\u00e1s\u00e1ban alig-alig \u00e9rti meg a dolgok l\u00e9nyeg\u00e9t. Val\u00f3ban csak jelz\u00e9sszer\u0171en mondom itt, ami, persze, a szakm\u00e1n bel\u00fcl m\u00e9g t\u00f6bb\u00e9-kev\u00e9sb\u00e9 evidens: neve h\u00edr\u00e9re k\u00e9nyes irodalomt\u00f6rt\u00e9n\u00e9sz egy k\u00f6zismert \u00edr\u00f3 novell\u00e1inak \u00fajabb v\u00e1logat\u00e1sakor sorra \u00fajraolvassa a kor\u00e1bban megjelent k\u00f6zl\u00e9seket, \u00f6sszeveti az esetleges sz\u00f6vegelt\u00e9r\u00e9seket, megkutatja, hogy annak oka egy hanyag nyomd\u00e1szban, vagy egy alapos szem\u0171 lektorban keresend\u0151-e, s \u00e1m ez a m\u00e9lys\u00e9gi vizsg\u00e1lat ak\u00e1r egyetlen sz\u00f3 vari\u00e1nsaira is felfigyel; s akkor m\u00e9g maga a munka tulajdonk\u00e9ppen el sem kezd\u0151d\u00f6tt.<\/p>\n\n\n\n<p>(<a href=\"https:\/\/opus-folyoirat.sk\/?page_id=3460\" data-type=\"link\" data-id=\"https:\/\/opus-folyoirat.sk\/?page_id=3460\">olvass tov\u00e1bb<\/a>)<\/p>\n\n\n\n<hr class=\"wp-block-separator has-alpha-channel-opacity is-style-wide\"\/>\n\n\n\n<p class=\"has-medium-font-size\" style=\"text-transform:uppercase\">Vasi Szab\u00f3 J\u00e1nos<\/p>\n\n\n\n<p><strong>N\u00e9gy klasszikus hazai sci-fi<\/strong><\/p>\n\n\n\n<p><strong>1. A vil\u00e1gh\u00edres magyar diszt\u00f3pia&nbsp; (D\u00e9ry Tibor&nbsp; G.A. \u00far X.- ben)<\/strong><\/p>\n\n\n\n<p><strong>D\u00e9ry Tibor<\/strong> (1894-1977) Kossuth- \u00e9s Baumgarten-d\u00edjas \u00edr\u00f3, k\u00f6lt\u0151&nbsp; j\u00f3m\u00f3d\u00fa \u00fcgyv\u00e9d apa \u00e9s&nbsp; gazdag osztr\u00e1k csal\u00e1db\u00f3l sz\u00e1rmaz\u00f3 anya fiak\u00e9nt sz\u00fcletett, m\u00e9gis, huszon\u00f6t \u00e9vesen elk\u00f6telezte mag\u00e1t a kommunista ide\u00e1knak. Ez meghat\u00e1rozta k\u00e9s\u0151bbi sors\u00e1t \u00e9pp \u00fagy mint \u00edr\u00f3 p\u00e1ly\u00e1j\u00e1t. A komm\u00fcn buk\u00e1sa ut\u00e1n letart\u00f3ztatt\u00e1k,de emigr\u00e1lhatott, bej\u00e1rta f\u00e9l Eur\u00f3p\u00e1t( B\u00e9cs, P\u00e1rizs, Olaszorsz\u00e1g), de&nbsp; b\u00e1rhov\u00e1 ker\u00fclt, folytatta \u00edr\u00f3i m\u0171k\u00f6d\u00e9s\u00e9t. Nyelvtud\u00e1sa leny\u0171g\u00f6z\u0151 volt,m\u00e9g spanyol f\u00f6ld\u00f6n is elboldogult. Nagy rem\u00e9nyeket f\u0171z\u00f6tt h\u00e1romk\u00f6tetesre tervezett, <em>A befejezetlen mondat<\/em> c\u00edm\u0171 reg\u00e9ny\u00e9hez, 1934-ben k\u00e9sz\u00fclt el, de csak t\u00edz \u00e9v m\u00falva, 1947-ben jelent meg, m\u00e1r itthon. Abban az \u00e9vben mutatta be a Nemzeti Sz\u00ednh\u00e1z a <em>T\u00fck\u00f6r<\/em> c\u00edm\u0171 dr\u00e1m\u00e1j\u00e1t. Hazat\u00e9rte ut\u00e1n lelkesen vett r\u00e9szt&nbsp; p\u00e1rt\u00e9letben, tagja lett az \u00cdr\u00f3sz\u00f6vets\u00e9g vezet\u0151s\u00e9g\u00e9nek, 1952-ben ker\u00fclt ki keze al\u00f3l a <em>Felelet<\/em>. A reg\u00e9ny azonban ideol\u00f3giai vit\u00e1kat v\u00e1ltott ki, el\u0151sz\u00f6r gondolkodott el addig megr\u00f6gz\u00f6tt ide\u00e1inak&nbsp; helyess\u00e9g\u00e9r\u0151l.&nbsp; 1952 \u2013 ben&nbsp; m\u00e1sfajta reg\u00e9nnyel rukkolt el\u0151, ami kor\u00e1bbi \u201epolitkultos\u201d&nbsp; \u00edr\u00e1saival ellent\u00e9tben val\u00f3di n\u00e9pszer\u0171s\u00e9get hozott, ez a <em>Simon Menyh\u00e9rtsz\u00fclet\u00e9se<\/em>, ebb\u0151l a sz\u00e9p \u00e9s m\u0171v\u00e9szi sztorib\u00f3l sikeres film is k\u00e9sz\u00fclt. K\u00e9s\u0151bb is jellemz\u0151 \u00edr\u00e1sainak fogadtat\u00e1s\u00e1ra; a hazai \u00e9s k\u00fclf\u00f6ldi kritika \u00e1ltal felbecs\u00fclt m\u0171vekkel \u2013 <em>Befejezetlen mondat, Felelet, Kik\u00f6z\u00f6s\u00edt\u0151<\/em> stb. \u2013 szemben az olvas\u00f3i sikereket ink\u00e1bb&nbsp; \u00e9rzelmes t\u00f6rt\u00e9neteivel, a <em>Simon Menyh\u00e9rt <\/em>-tel \u00e9s a tragikusan sz\u00e9p <em>Niki Egy kutya t\u00f6rt\u00e9nete<\/em> c\u00edm\u0171vel \u00e9rte el.<\/p>\n\n\n\n<p><\/p>\n\n\n\n<p>(<a href=\"https:\/\/opus-folyoirat.sk\/?page_id=3703\" data-type=\"link\" data-id=\"https:\/\/opus-folyoirat.sk\/?page_id=3703\">olvas tov\u00e1bb<\/a>)<\/p>\n\n\n\n<hr class=\"wp-block-separator has-alpha-channel-opacity is-style-wide\"\/>\n\n\n\n<p class=\"has-medium-font-size\" style=\"text-transform:uppercase\">Morva M\u00e1ty\u00e1s<\/p>\n\n\n\n<div class=\"wp-block-group is-vertical is-layout-flex wp-container-core-group-is-layout-8cf370e7 wp-block-group-is-layout-flex\">\n<p><strong>\u00c1tadni, amit lehets\u00e9ges; itt hagyni mindent, amit \u00e9rdemes<\/strong><\/p>\n\n\n\n<p><em>G\u00e1l S\u00e1ndor: Az id\u0151tlens\u00e9g dialektik\u00e1ja<\/em><\/p>\n<\/div>\n\n\n<div class=\"wp-block-image\">\n<figure class=\"alignright size-full is-resized\"><img loading=\"lazy\" decoding=\"async\" width=\"654\" height=\"900\" src=\"https:\/\/opus-folyoirat.sk\/wp-content\/uploads\/2026\/01\/Gal-Sandor-Az-idotlenseg-dialektikaja.jpeg\" alt=\"\" class=\"wp-image-3699\" style=\"width:214px;height:auto\" srcset=\"https:\/\/opus-folyoirat.sk\/wp-content\/uploads\/2026\/01\/Gal-Sandor-Az-idotlenseg-dialektikaja.jpeg 654w, https:\/\/opus-folyoirat.sk\/wp-content\/uploads\/2026\/01\/Gal-Sandor-Az-idotlenseg-dialektikaja-218x300.jpeg 218w\" sizes=\"auto, (max-width: 654px) 100vw, 654px\" \/><\/figure><\/div>\n\n\n<p>A napl\u00f3irodalmat vizsg\u00e1lva alapvet\u0151en legal\u00e1bb h\u00e1rom olyan napl\u00f3t\u00edpus adja mag\u00e1t, amelyet \u00e9rdemes megk\u00fcl\u00f6nb\u00f6ztetni. Ezek a k\u00f6vetkez\u0151ek: esem\u00e9nynapl\u00f3, szem\u00e9lyes napl\u00f3 \u00e9s munkanapl\u00f3. Ami az els\u0151t illeti, a nev\u00e9b\u0151l kik\u00f6vetkeztetve is logikus, hogy arra a kapcsol\u00f3d\u00f3 t\u00f6rt\u00e9nelmi esem\u00e9nyre ker\u00fcl benne a val\u00f3di hangs\u00faly, amely a napl\u00f3\u00edr\u00e1sra sarkallta az alkot\u00f3t. A m\u00e1sodik t\u00edpus eset\u00e9ben viszont mag\u00e1t\u00f3l \u00e9rtet\u0151d\u0151, hogy legyen ak\u00e1rmilyen viharos is a t\u00f6rt\u00e9nelmi d\u00edszlet, a nyomat\u00e9k a napl\u00f3\u00edr\u00f3 egy\u00e9ni vonatkoz\u00e1saira tev\u0151dik. A harmadik kateg\u00f3ri\u00e1ba pedig \u00e1ltal\u00e1ban v\u00e9ve m\u0171v\u00e9szek, alkot\u00f3k \u201ejegyzetf\u00fczetei\u201d, azaz munkanapl\u00f3i tartoznak: ugyan keverednek a meg\u00f6r\u00f6k\u00edtett \u00e9lm\u00e9nyek \u00e9s pillanatnyi benyom\u00e1sok, \u00e1m a lejegyzett gondolatok, \u00f6tletcs\u00edr\u00e1k, v\u00e1zlatok t\u00f6bbs\u00e9ge egy-egy k\u00e9sz\u00fcl\u0151 alkot\u00e1s ir\u00e1ny\u00e1ba mutat. G\u00e1l S\u00e1ndor <em>Az id\u0151tlens\u00e9g dialektik\u00e1j\u00e1<\/em>-nak jelent\u0151s h\u00e1nyada a szem\u00e9lyes napl\u00f3 \u00e9s a munkanapl\u00f3 jellegzetes jegyeit viseli mag\u00e1n, a k\u00f6tet teljes anyag\u00e1t, szerkezet\u00e9t \u00e9s soksz\u00edn\u0171s\u00e9g\u00e9t figyelembe v\u00e9ve azonban sokkal t\u00f6bbr\u0151l van sz\u00f3: essz\u00e9k, interj\u00fak, szociogr\u00e1fiai jelleg\u0171 fejezetek, verst\u00f6red\u00e9kek \u00e9s sz\u00e1mtalan m\u00e1s egy\u00e9b m\u0171faj. Sokkal \u00e9rdekesebb a k\u00e9rd\u00e9s, hogy milyen sz\u00e1nd\u00e9k k\u00e9sztette az alkot\u00f3t arra, hogy ennyi k\u00fcl\u00f6nb\u00f6z\u0151 tartalmat \u00e9s m\u0171fajt zs\u00fafoljon a sz\u00f3 pozit\u00edv \u00e9rtelm\u00e9ben a k\u00f6tetbe.&nbsp;<\/p>\n\n\n\n<p><\/p>\n\n\n\n<p>(<a href=\"https:\/\/opus-folyoirat.sk\/?page_id=3698\" data-type=\"link\" data-id=\"https:\/\/opus-folyoirat.sk\/?page_id=3698\">olvass tov\u00e1bb<\/a>)<\/p>\n\n\n\n<hr class=\"wp-block-separator has-alpha-channel-opacity is-style-wide\"\/>\n\n\n\n<p class=\"has-medium-font-size\" style=\"text-transform:uppercase\">Vasi Szab\u00f3 J\u00e1nos<\/p>\n\n\n\n<div class=\"wp-block-group is-vertical is-layout-flex wp-container-core-group-is-layout-8cf370e7 wp-block-group-is-layout-flex\">\n<p><strong>A csod\u00e1k konverg\u00e1lnak Cinnabarban<\/strong><\/p>\n\n\n\n<p><em>(ism\u00e9t egy \u00f6r\u00f6kk\u00e9val\u00f3 v\u00e1ros az Id\u0151 perem\u00e9n is t\u00falr\u00f3l)<\/em><\/p>\n<\/div>\n\n\n<div class=\"wp-block-image\">\n<figure class=\"alignleft size-large is-resized\"><img loading=\"lazy\" decoding=\"async\" width=\"798\" height=\"1024\" src=\"https:\/\/opus-folyoirat.sk\/wp-content\/uploads\/2026\/01\/Ed_Bryant_by_Gage_Skidmore-798x1024.jpeg\" alt=\"\" class=\"wp-image-3693\" style=\"width:207px;height:auto\" srcset=\"https:\/\/opus-folyoirat.sk\/wp-content\/uploads\/2026\/01\/Ed_Bryant_by_Gage_Skidmore-798x1024.jpeg 798w, https:\/\/opus-folyoirat.sk\/wp-content\/uploads\/2026\/01\/Ed_Bryant_by_Gage_Skidmore-234x300.jpeg 234w, https:\/\/opus-folyoirat.sk\/wp-content\/uploads\/2026\/01\/Ed_Bryant_by_Gage_Skidmore-768x986.jpeg 768w, https:\/\/opus-folyoirat.sk\/wp-content\/uploads\/2026\/01\/Ed_Bryant_by_Gage_Skidmore-1197x1536.jpeg 1197w, https:\/\/opus-folyoirat.sk\/wp-content\/uploads\/2026\/01\/Ed_Bryant_by_Gage_Skidmore-1596x2048.jpeg 1596w, https:\/\/opus-folyoirat.sk\/wp-content\/uploads\/2026\/01\/Ed_Bryant_by_Gage_Skidmore-scaled.jpeg 1995w\" sizes=\"auto, (max-width: 798px) 100vw, 798px\" \/><\/figure><\/div>\n\n\n<p>Edward Bryant 1945-ben sz\u00fcletett, a hetvenes \u00e9vekben, a nyugati sci fi \u00fajb\u00f3li fellend\u00fcl\u00e9se idej\u00e9n bontakozott ki a karrierje. (Hasonl\u00f3an az Opusban kor\u00e1bban bemutatott Tanith Lee-hez.) 2017-ben hunyt el. Nem a reg\u00e9ny volt a f\u0151 m\u0171faja, \u00e1m r\u00f6videbb pr\u00f3z\u00e1i a zs\u00e1ner kiemelked\u0151 alkot\u00f3i k\u00f6z\u00e9 emelt\u00e9k, sz\u00e1mos alkalommal jel\u00f6lt\u00e9k a legnagyobb sci fi d\u00edjakra, a Nebul\u00e1t k\u00e9tszer siker\u00fclt elnyernie. Bryant m\u00edg hivat\u00e1sos \u00edr\u00f3v\u00e1 v\u00e1lt sok mindennel foglalkozott, volt lemezlovas, r\u00e1di\u00f3s h\u00edrszerkeszt\u0151, m\u00e9g tan\u00e1rk\u00e9nt is dolgozott r\u00f6vid ideig. A kritikusok szerint munk\u00e1ira mentora, Harlan Ellison volt el\u0151sz\u00f6r hat\u00e1ssal, \u00e1m eg\u00e9sz p\u00e1lyafut\u00e1s\u00e1t tekintve J.G.Ballard \u00e9s Cordwainer Smith befoly\u00e1sa mutathat\u00f3 ki legink\u00e1bb. (Ut\u00f3bbiak a kritikusn\u00e1l j\u00f3 pontnak sz\u00e1m\u00edtanak.)<\/p>\n\n\n\n<p><\/p>\n\n\n\n<p>(<a href=\"https:\/\/opus-folyoirat.sk\/?page_id=3691\" data-type=\"link\" data-id=\"https:\/\/opus-folyoirat.sk\/?page_id=3691\">olvass tov\u00e1bb<\/a>)<\/p>\n\n\n\n<hr class=\"wp-block-separator has-alpha-channel-opacity is-style-wide\"\/>\n\n\n\n<p class=\"has-medium-font-size\" style=\"text-transform:uppercase\">Tam\u00e1si Orosz J\u00e1nos<\/p>\n\n\n\n<div class=\"wp-block-group is-vertical is-layout-flex wp-container-core-group-is-layout-8cf370e7 wp-block-group-is-layout-flex\">\n<h1 class=\"wp-block-heading\"><br>\u201e&#8230;a meg\u00fajhod\u00f3 n\u00e9pi \u00f6ntudat\u00e9 a v\u00e9gs\u0151 sz\u00f3&#8230;\u201d<\/h1>\n\n\n\n<p id=\"block-4f65822b-bc18-441c-8bb1-e98506318537\"><em>K\u00f6zel\u00edt\u00e9sek Kem\u00e9ny G. G\u00e1bor k\u00f6zel\u00edt\u0151 k\u00eds\u00e9rleteihez<\/em><\/p>\n<\/div>\n\n\n\n<p id=\"block-276fcbcb-ffc5-4d90-95d3-b90162346c3c\">M\u00e9g azt sem tudom eld\u00f6nteni, hogy der\u0171s szomor\u00fas\u00e1ggal, vagy szomork\u00e1s der\u0171vel olvasgatom mostan\u00e1ban azt a karcs\u00fa k\u00f6nyvecsk\u00e9t (<em>KGG 100<\/em>), mely \u2013 egy bar\u00e1tom j\u00f3volt\u00e1b\u00f3l \u2013 a napokban ker\u00fclt kezembe, de m\u00e9g a m\u00falt \u00e9vben jelent meg (<em>Tinta K\u00f6nyvkiad\u00f3, 2016<\/em>), s egy k\u00e9t \u00e9vvel ezel\u0151tti konferencia anyag\u00e1t tartalmazza (<em>Centen\u00e1riumi eml\u00e9kk\u00f6ny Kem\u00e9ny G. G\u00e1borr\u00f3l<\/em>), egy legkevesebb sz\u00e1z\u00f6tven \u00e9ve keletkezett, de mindm\u00e1ig akut probl\u00e9ma-halmazr\u00f3l. A magyar nemzetpolitikai megk\u00f6zel\u00edt\u00e9sekr\u0151l, annak sokszori zs\u00e1kutc\u00e1s k\u00eds\u00e9rleteir\u0151l ad sz\u00e1munkra t\u0171n\u0151d\u00e9sre okot ad\u00f3 lehet\u0151s\u00e9get ez a kis sz\u00f6veggy\u0171jtem\u00e9ny, s term\u00e9szetesen felk\u00edn\u00e1lja asszociat\u00edv eml\u00e9keink, \u00e9lm\u00e9nyeink felid\u00e9z\u00e9s\u00e9t.<\/p>\n\n\n\n<p>(<a href=\"https:\/\/opus-folyoirat.sk\/?page_id=3455\" data-type=\"link\" data-id=\"https:\/\/opus-folyoirat.sk\/?page_id=3455\">olvass tov\u00e1bb<\/a>)<\/p>\n\n\n\n<hr class=\"wp-block-separator has-alpha-channel-opacity is-style-wide\"\/>\n\n\n\n<p class=\"has-medium-font-size\" style=\"text-transform:uppercase\">Juh\u00e1sz D\u00f3sa J\u00e1nos<\/p>\n\n\n\n<h1 class=\"wp-block-heading\"><br>Gy\u0151ry Dezs\u0151, az elkall\u00f3dott Messi\u00e1s<\/h1>\n\n\n\n<p id=\"block-31d95c09-e2c9-4705-b3e0-06f2436304a1\"><\/p>\n\n\n<div class=\"wp-block-image\">\n<figure class=\"alignright is-resized\" id=\"block-0fd39c7c-a331-442e-9473-5fb01ccff10e\"><img decoding=\"async\" src=\"https:\/\/opus-folyoirat.sk\/wp-content\/uploads\/2026\/01\/gyorydezso-portre.png\" alt=\"A k\u00e9phez tartoz\u00f3 alt jellemz\u0151 \u00fcres; gyorydezso-portre.png a f\u00e1jln\u00e9v\" style=\"width:184px;height:auto\"\/><\/figure><\/div>\n\n\n<p id=\"block-143932b0-632e-4765-9ee8-cc843afed1b5\">K\u00f6lt\u0151 volt? Pr\u00f3za\u00edr\u00f3? Kisebbs\u00e9gi g\u00e9niusz? Vagy csak mindig rosszkor volt rossz helyen? A negyvenes \u00e9vek v\u00e9g\u00e9n, amikor v\u00e9szterhes \u00e9vek ut\u00e1n Magyarorsz\u00e1gra k\u00f6lt\u00f6z\u00f6tt, majdnem \u00f6ngyilkoss\u00e1gba menek\u00fclt, mert mint k\u00f6lt\u0151r\u0151l, nem vettek r\u00f3la tudom\u00e1st. Szem\u00e9lyes szerencs\u00e9j\u00e9re utols\u00f3 \u00e9vei a l\u00e1tsz\u00f3lagos megbecs\u00fcl\u00e9s jegy\u00e9ben teltek, h\u00e1romszor is megkapta a J\u00f3zsef Attila-d\u00edjat, k\u00f6tetei jelentek meg (k\u00f6zt\u00fck \u00f6sszegy\u0171jt\u00f6tt verseinek is t\u00f6bb v\u00e1logat\u00e1sa), a 70. sz\u00fclet\u00e9snapj\u00e1n mintha felfedezt\u00e9k volna. De igaz\u00e1b\u00f3l, a k\u00f6z\u00e9p-eur\u00f3pai n\u00e9pek \u00f6sszefog\u00e1s\u00e1t hirdet\u0151 gondolatait se keletkez\u00e9s\u00fck idej\u00e9n, a harmincas \u00e9vekben, se a hatvanas \u00e9vekben nem vett\u00e9k komolyan. A harmincas \u00e9vekben a fasizmus terjeszkedett Eur\u00f3pa szerte, m\u00edg a hatvanas \u00e9vekben a hamis internacionalizmus. Gy\u0151ry Dezs\u0151 50 \u00e9ve halott, s nemcsak a teste nyugszik m\u00e9lyen a f\u00f6ld alatt a Farkasr\u00e9ti temet\u0151ben, hanem mindaz, amiben hitt, ami\u00e9rt nem egyszer kock\u00e1ra tette az \u00e9let\u00e9t. Se kik\u00f6pni, se lenyelni nem tudtuk.<\/p>\n\n\n\n<p><\/p>\n\n\n\n<p>(<a href=\"https:\/\/opus-folyoirat.sk\/?page_id=3686\" data-type=\"link\" data-id=\"https:\/\/opus-folyoirat.sk\/?page_id=3686\">olvass tov\u00e1bb<\/a>)<\/p>\n\n\n\n<hr class=\"wp-block-separator has-alpha-channel-opacity is-style-wide\"\/>\n\n\n\n<p class=\"has-medium-font-size\" style=\"text-transform:uppercase\">Tam\u00e1si Orosz J\u00e1nos<\/p>\n\n\n\n<p><strong>Bekezd\u00e9sek Iancu Laura l\u00edr\u00e1j\u00e1hoz h\u00e1rom r\u00e9szben:<\/strong><\/p>\n\n\n\n<div class=\"wp-block-group is-vertical is-layout-flex wp-container-core-group-is-layout-8cf370e7 wp-block-group-is-layout-flex\">\n<div class=\"wp-block-group is-vertical is-layout-flex wp-container-core-group-is-layout-8cf370e7 wp-block-group-is-layout-flex\">\n<p>\u201e\u2026a l\u00edrai r\u00e9szletek a szents\u00e9g vadhajt\u00e1sai\u2026\u201d<\/p>\n\n\n\n<p>(<a href=\"https:\/\/opus-folyoirat.sk\/?page_id=3469\" data-type=\"link\" data-id=\"https:\/\/opus-folyoirat.sk\/?page_id=3469\">olvass tov\u00e1bb<\/a>)<\/p>\n<\/div>\n\n\n\n<p>Sz\u00e1m\u00edt-e m\u00e9g, hogy meghalunk?<\/p>\n\n\n\n<p>(<a href=\"https:\/\/opus-folyoirat.sk\/?page_id=3465\" data-type=\"link\" data-id=\"https:\/\/opus-folyoirat.sk\/?page_id=3465\">olvass tov\u00e1bb<\/a>)<\/p>\n\n\n\n<p><br>\u201e\u2026t\u00f6rt\u00e9nelem, ha meg\u00edrom: \/ tegnap\u2026\u201d<br>(<a href=\"https:\/\/opus-folyoirat.sk\/?page_id=3472\" data-type=\"link\" data-id=\"https:\/\/opus-folyoirat.sk\/?page_id=3472\">olvass tov\u00e1bb<\/a>)<\/p>\n<\/div>\n\n\n\n<hr class=\"wp-block-separator has-alpha-channel-opacity is-style-wide\"\/>\n\n\n\n<p class=\"has-medium-font-size\" style=\"text-transform:uppercase\">Iv\u00e1nyi M\u00e1rton P\u00e1l<\/p>\n\n\n\n<div class=\"wp-block-group is-vertical is-layout-flex wp-container-core-group-is-layout-8cf370e7 wp-block-group-is-layout-flex\">\n<p><strong>K\u00f6lcs\u00f6nkeny\u00e9r vagy k\u0151<\/strong><\/p>\n\n\n\n<p><em>A forgand\u00f3 sors toposza a kort\u00e1rs k\u00f6z\u00e9p-kelet-eur\u00f3pai pr\u00f3z\u00e1ban<\/em><\/p>\n<\/div>\n\n\n\n<p>A magyar, lengyel, cseh(szlov\u00e1k) \u00e9s szlov\u00e9n irodalom gyakorta foglalkozik a t\u00f6rt\u00e9nelem ingamozg\u00e1s\u00e1val, vagyis azzal, hogy egy-egy huszadik sz\u00e1zadi esem\u00e9ny milyen folyamatokat ind\u00edtott el, milyen alapokon vagy milyen k\u00f6vetkezm\u00e9nyekkel. N\u00e9gy olyan n\u00e9h\u00e1ny \u00e9ves vagy p\u00e1r \u00e9vtizedes kort\u00e1rs munka bemutat\u00e1s\u00e1ra v\u00e1llalkozunk, amelyek arkhim\u00e9d\u00e9szi \u201ct\u00f6rv\u00e9nyszer\u0171s\u00e9gek\u201d sz\u00e1raz t\u00e9nyei helyett az egyes egym\u00e1srautalt emberi vagy csoportos \u00e9letutak eleven t\u00fckr\u00e9ben \u00e1br\u00e1zolj\u00e1k a keletkezett gy\u0171l\u00f6letspir\u00e1l \u00edveit, okait \u00e9s okozatait.&nbsp;<\/p>\n\n\n\n<figure class=\"wp-block-gallery has-nested-images columns-4 is-cropped wp-block-gallery-2 is-layout-flex wp-block-gallery-is-layout-flex\">\n<figure class=\"wp-block-image size-large\"><img loading=\"lazy\" decoding=\"async\" width=\"652\" height=\"1000\" data-id=\"3681\" src=\"https:\/\/opus-folyoirat.sk\/wp-content\/uploads\/2026\/01\/43401916.jpeg\" alt=\"\" class=\"wp-image-3681\" srcset=\"https:\/\/opus-folyoirat.sk\/wp-content\/uploads\/2026\/01\/43401916.jpeg 652w, https:\/\/opus-folyoirat.sk\/wp-content\/uploads\/2026\/01\/43401916-196x300.jpeg 196w\" sizes=\"auto, (max-width: 652px) 100vw, 652px\" \/><\/figure>\n\n\n\n<figure class=\"wp-block-image size-large\"><img loading=\"lazy\" decoding=\"async\" width=\"300\" height=\"489\" data-id=\"3680\" src=\"https:\/\/opus-folyoirat.sk\/wp-content\/uploads\/2026\/01\/nasza-klasa-tadeusz-slobodzianek309399-l.jpeg\" alt=\"\" class=\"wp-image-3680\" srcset=\"https:\/\/opus-folyoirat.sk\/wp-content\/uploads\/2026\/01\/nasza-klasa-tadeusz-slobodzianek309399-l.jpeg 300w, https:\/\/opus-folyoirat.sk\/wp-content\/uploads\/2026\/01\/nasza-klasa-tadeusz-slobodzianek309399-l-184x300.jpeg 184w\" sizes=\"auto, (max-width: 300px) 100vw, 300px\" \/><\/figure>\n\n\n\n<figure class=\"wp-block-image size-large\"><img loading=\"lazy\" decoding=\"async\" width=\"300\" height=\"493\" data-id=\"3679\" src=\"https:\/\/opus-folyoirat.sk\/wp-content\/uploads\/2026\/01\/731344f.jpg\" alt=\"\" class=\"wp-image-3679\" srcset=\"https:\/\/opus-folyoirat.sk\/wp-content\/uploads\/2026\/01\/731344f.jpg 300w, https:\/\/opus-folyoirat.sk\/wp-content\/uploads\/2026\/01\/731344f-183x300.jpg 183w\" sizes=\"auto, (max-width: 300px) 100vw, 300px\" \/><\/figure>\n\n\n\n<figure class=\"wp-block-image size-large\"><img loading=\"lazy\" decoding=\"async\" width=\"200\" height=\"337\" data-id=\"3678\" src=\"https:\/\/opus-folyoirat.sk\/wp-content\/uploads\/2026\/01\/6dc9da6-00092014-23.jpeg\" alt=\"\" class=\"wp-image-3678\" srcset=\"https:\/\/opus-folyoirat.sk\/wp-content\/uploads\/2026\/01\/6dc9da6-00092014-23.jpeg 200w, https:\/\/opus-folyoirat.sk\/wp-content\/uploads\/2026\/01\/6dc9da6-00092014-23-178x300.jpeg 178w\" sizes=\"auto, (max-width: 200px) 100vw, 200px\" \/><\/figure>\n<\/figure>\n\n\n\n<p>Id\u0151tlen id\u0151k \u00f3ta, ak\u00e1r a P\u00e9ldabesz\u00e9dek, a mitol\u00f3giai Tantalosz esete, vagy a n\u00e9pmes\u00e9k k\u00f6zismert fordulatai \u00f3ta tudjuk, hogy \u201ca gonosz elnyeri m\u00e9lt\u00f3 b\u00fcntet\u00e9s\u00e9t.\u201d Az, hogy ezen axiomatikusnak tekintett k\u00f6zhely a maga v\u00e9gtelen\u00fcl viszonylagos igazs\u00e1g\u00e1val olykor tov\u00e1bbi bonyodalmak \u00fatj\u00e1n k\u00f6vetkezhet be, ha \u00e9ppen bek\u00f6vetkezik, igencsak foglalkoztatja a sz\u00e9pirodalmat. Egyes t\u00f6rt\u00e9nelmi tapasztalatok \u00e9lm\u00e9nyanyaga \u00e1rny\u00e9k\u00e1ban ezt alighanem a legnagyobb hitellel \u00e9s t\u00e9tekkel mindenekel\u0151tt a kort\u00e1rs k\u00f6z\u00e9p-kelet-eur\u00f3pai elbesz\u00e9l\u00e9sekkel teszi.<\/p>\n\n\n\n<p>Mint majd l\u00e1tni fogjuk al\u00e1bb, k\u00f6z\u00f6s e t\u00f6rt\u00e9netekben egyebek mellett az, hogy a huszadik sz\u00e1zadi m\u00falt t\u00f6rt\u00e9nelmi ter\u00edt\u0151j\u00e9nek sz\u00e9tfejt\u00e9se sor\u00e1n horgokba, kereszt(ez\u0151d\u00e9s)ekbe, illetve a szem\u00e9lyes \u00e9s csoportos sorsok balj\u00f3s csillagzatainak v\u00f6r\u00f6s mint\u00e1iba bonyol\u00f3dik az alkot\u00f3i k\u00e9z, m\u00edgnem e sz\u00e1lakat eml\u00e9kezetesen kibogozva k\u00eds\u00e9rel meg kiutat tal\u00e1lni egyes totalit\u00e1rius diktat\u00far\u00e1k csom\u00f3pontjai k\u00f6z\u00fcl.&nbsp;<\/p>\n\n\n\n<p><\/p>\n\n\n\n<p>(<a href=\"https:\/\/opus-folyoirat.sk\/?page_id=3677\" data-type=\"link\" data-id=\"https:\/\/opus-folyoirat.sk\/?page_id=3677\">olvass tov\u00e1bb<\/a>)<\/p>\n\n\n\n<hr class=\"wp-block-separator has-alpha-channel-opacity is-style-wide\"\/>\n\n\n\n<p class=\"has-medium-font-size\" style=\"text-transform:uppercase\">Tam\u00e1si Orosz J\u00e1nos<\/p>\n\n\n\n<h1 class=\"wp-block-heading\"><br>T\u00e9nyk\u00e9pek a magyar szlov\u00e1ks\u00e1gismeretr\u0151l<\/h1>\n\n\n\n<p id=\"block-c2b63d2c-f310-4c2f-acbd-8e8a4e952eb4\">Azt hiszem, Feldek volt az els\u0151 val\u00f3s\u00e1gos \u00e9lm\u00e9nyem a t\u00e1rsn\u00e9pek irodalm\u00e1b\u00f3l. Persze, hat\u00e1sok, k\u00edv\u00e1ncsis\u00e1gok kor\u00e1bban is j\u00f6ttek, Ionesco, Mro\u017cek, Andri\u0107, Kundera, nem besz\u00e9lve a kort\u00e1rs szlov\u00e1k, cseh, vagy szerb \u00e9s rom\u00e1n k\u00f6lt\u00e9szet jeleseir\u0151l; ami azonnal pontos\u00edt\u00e1sra szorul, azt ugyanis, tal\u00e1n hiba volt, bevallom: az alc\u00edmre valahogy sohasem figyeltem oda, vagy olvas\u00e1s k\u00f6zben felejtettem el, amikor elkezdtem b\u00f6ng\u00e9szni a ford\u00edt\u00e1sokat a Tiszat\u00e1jban, Sympozionban, s a t\u00f6bbi, a csehszlov\u00e1kiai vagy a rom\u00e1niai magyar foly\u00f3iratokban. Ez azonban amolyan mag\u00e1njelleg\u0171 \u00e9rdekl\u0151d\u00e9s, ha \u00fagy tetszik, primer, \u00e9s nem szekunder megtapasztal\u00e1sa annak: mennyire is nem vagyok \u00e9n egyed\u00fcl ezzel a k\u00e9rd\u00e9ssel? \u00c9s j\u00f6tt, s h\u00e1t \u00e9rdekes v\u00e1lasz volt a Feldek\u00e9.<\/p>\n\n\n\n<p><\/p>\n\n\n\n<p>(<a href=\"https:\/\/opus-folyoirat.sk\/?page_id=3450\" data-type=\"link\" data-id=\"https:\/\/opus-folyoirat.sk\/?page_id=3450\">olvass tov\u00e1bb<\/a>)<\/p>\n\n\n\n<hr class=\"wp-block-separator has-alpha-channel-opacity is-style-wide\"\/>\n\n\n\n<p class=\"has-medium-font-size\" style=\"text-transform:uppercase\">Fekete T\u00fcnde<\/p>\n\n\n\n<p><strong>V\u00e1mos Mikl\u00f3s: \u00d6tvenh\u00e9t l\u00e9p\u00e9s<\/strong><br>(recenzi\u00f3)<\/p>\n\n\n\n<p>Az \u00d6tvenh\u00e9t l\u00e9p\u00e9s V\u00e1mos Mikl\u00f3s 2022 febru\u00e1rj\u00e1ban az Athenaeum kiad\u00f3 \u00e1ltal megjelent l\u00e9lektani reg\u00e9nye, mely a legfrissebb k\u00f6nyvsorozat\u00e1nak \u2013 a Karcs\u00fa K\u00f6nyveknek \u2013 els\u0151 darabja. A k\u00f6tetben a tervek szerint olyan m\u0171vek jelennek majd meg \u00e9vente k\u00e9tszer (febru\u00e1rban \u00e9s okt\u00f3berben), melyek r\u00f6videk, kell\u0151en t\u00f6m\u00f6rek, m\u00e9gis prec\u00edzek \u00e9s praktikus zsebk\u00f6nyv m\u00e9retben \u00e9rthet\u0151ek el a vastagk\u00f6nyvf\u00f3bi\u00e1ban szenved\u0151k nagy \u00f6r\u00f6m\u00e9re.<\/p>\n\n\n\n<figure class=\"wp-block-image size-large\"><img loading=\"lazy\" decoding=\"async\" width=\"1024\" height=\"450\" src=\"https:\/\/opus-folyoirat.sk\/wp-content\/uploads\/2026\/01\/VamosMiklos-1024x450.jpeg\" alt=\"\" class=\"wp-image-3672\" srcset=\"https:\/\/opus-folyoirat.sk\/wp-content\/uploads\/2026\/01\/VamosMiklos-1024x450.jpeg 1024w, https:\/\/opus-folyoirat.sk\/wp-content\/uploads\/2026\/01\/VamosMiklos-300x132.jpeg 300w, https:\/\/opus-folyoirat.sk\/wp-content\/uploads\/2026\/01\/VamosMiklos-768x337.jpeg 768w, https:\/\/opus-folyoirat.sk\/wp-content\/uploads\/2026\/01\/VamosMiklos-1536x674.jpeg 1536w, https:\/\/opus-folyoirat.sk\/wp-content\/uploads\/2026\/01\/VamosMiklos-2048x899.jpeg 2048w, https:\/\/opus-folyoirat.sk\/wp-content\/uploads\/2026\/01\/VamosMiklos-500x219.jpeg 500w\" sizes=\"auto, (max-width: 1024px) 100vw, 1024px\" \/><\/figure>\n\n\n\n<p><\/p>\n\n\n\n<p>(<a href=\"https:\/\/opus-folyoirat.sk\/?page_id=3671\" data-type=\"link\" data-id=\"https:\/\/opus-folyoirat.sk\/?page_id=3671\">olvass tov\u00e1bb<\/a>)<\/p>\n\n\n\n<hr class=\"wp-block-separator has-alpha-channel-opacity is-style-wide\"\/>\n\n\n\n<p class=\"has-medium-font-size\" style=\"text-transform:uppercase\">Tam\u00e1si Orosz J\u00e1nos<\/p>\n\n\n\n<div class=\"wp-block-group is-vertical is-layout-flex wp-container-core-group-is-layout-8cf370e7 wp-block-group-is-layout-flex\">\n<p class=\"has-medium-font-size\"><strong>\u201e\u2026\u00e9l\u0151 testek a k\u00f6nyvek, l\u00e9legeznek\u2026\u201d<\/strong><\/p>\n\n\n\n<p><em>T\u00f3th L\u00e1szl\u00f3t k\u00f6sz\u00f6ntve Dobos-d\u00edja kapcs\u00e1n<\/em><\/p>\n<\/div>\n\n\n<div class=\"wp-block-image\">\n<figure class=\"alignright size-large is-resized\"><img loading=\"lazy\" decoding=\"async\" width=\"819\" height=\"1024\" src=\"https:\/\/opus-folyoirat.sk\/wp-content\/uploads\/2025\/11\/TamasiOrosz-819x1024.jpg\" alt=\"\" class=\"wp-image-3213\" style=\"width:158px;height:auto\" srcset=\"https:\/\/opus-folyoirat.sk\/wp-content\/uploads\/2025\/11\/TamasiOrosz-819x1024.jpg 819w, https:\/\/opus-folyoirat.sk\/wp-content\/uploads\/2025\/11\/TamasiOrosz-240x300.jpg 240w, https:\/\/opus-folyoirat.sk\/wp-content\/uploads\/2025\/11\/TamasiOrosz-768x960.jpg 768w, https:\/\/opus-folyoirat.sk\/wp-content\/uploads\/2025\/11\/TamasiOrosz.jpg 1201w\" sizes=\"auto, (max-width: 819px) 100vw, 819px\" \/><\/figure><\/div>\n\n\n<p>\u201eTelepakol egy kartondobozt k\u00f6nyvekkel, b\u00e1natosan v\u00e9gign\u00e9z azokon, amiket a k\u00f6nyvespolcon hagy, \u00e9s finoman v\u00e9gig sim\u00edt a feh\u00e9r, v\u00f6r\u00f6s, fekete b\u0151r- \u00e9s pap\u00edrgerinceken. Furcsa itt hagyni \u0151ket, ezeket a vil\u00e1gokat, a maguk egyedi t\u00f6rv\u00e9nyszer\u0171s\u00e9geivel \u00e9s le\u00edr\u00e1saival, a gondolatokkal, amelyeken a szerz\u0151k sok\u00e1ig t\u00f6rt\u00e9k a fej\u00fcket, k\u00e9ts\u00e9gbeestek, meg\u00f6r\u00fcltek, majd \u00fajra k\u00e9ts\u00e9gbeestek; \u00edrtak, \u00e9s kit\u00f6r\u00f6lt\u00e9k \u00fajra meg \u00fajra, am\u00edg el nem k\u00e9sz\u00fclt a m\u0171. K\u00e9szen \u00e1llt a megjelen\u00e9sre, de azt\u00e1n az olvas\u00f3nak kell \u00e1tvennie, kinyitnia \u00e9s elolvasnia, a saj\u00e1t \u00edzl\u00e9se \u00e9s tapasztalatai alapj\u00e1n \u00e9rtelmeznie, mag\u00e1t a szerepl\u0151kh\u00f6z m\u00e9rve, a p\u00e1rbesz\u00e9deket, a le\u00edr\u00e1sokat \u00e9s a hasonlatokat \u00e9rt\u00e9kelnie \u00e9s elb\u00edr\u00e1lnia.\u201d<\/p>\n\n\n\n<p>(<a href=\"https:\/\/opus-folyoirat.sk\/?page_id=3210\">olvass tov\u00e1bb<\/a>)<\/p>\n\n\n\n<hr class=\"wp-block-separator has-alpha-channel-opacity is-style-wide\"\/>\n\n\n\n<p class=\"has-medium-font-size\" style=\"text-transform:uppercase\">Tam\u00e1si Orosz J\u00e1nos<\/p>\n\n\n\n<h1 class=\"wp-block-heading\">Feledni hiba is, de nem is szabad<\/h1>\n\n\n<div class=\"wp-block-image\">\n<figure class=\"alignright is-resized\" id=\"block-66c36e42-4f20-4419-b5c3-db44a7c143cf\"><img decoding=\"async\" src=\"https:\/\/opus-folyoirat.sk\/wp-content\/uploads\/2026\/01\/3-filep-kemeny-zs-598x1024.jpeg\" alt=\"A k\u00e9phez tartoz\u00f3 alt jellemz\u0151 \u00fcres; 3-filep-kemeny-zs-598x1024.jpeg a f\u00e1jln\u00e9v\" style=\"width:223px;height:auto\"\/><\/figure><\/div>\n\n\n<p id=\"block-50b8b9b6-a0d1-465b-bd20-7472dc8e4431\">Nem kisebb s\u00faly\u00fa k\u00e9rd\u00e9st kell feltenn\u00fcnk ann\u00e1l: vajon a m\u00falt sz\u00e1zad nyolcvanas \u00e9veiben, annak is els\u0151 fel\u00e9ben, v\u00e9gk\u00e9pp elt\u0171nt-e a kor\u00e1bbi korok magyar sz\u00e9ppr\u00f3zai \u00e9s k\u00f6z\u00e9leti teljes\u00edtm\u00e9nyeinek <em>k\u00e9zenfekv\u0151<\/em>, h\u00e9tk\u00f6znapi forgat\u00e1sa, azok cit\u00e1tuma? A feladat megold\u00e1sa, megv\u00e1laszol\u00e1sa el\u0151l \u00e9n sem t\u00e9rhetek ki; mindenekel\u0151tt azt kell lesz\u00f6geznem, s kev\u00e9sb\u00e9 szeretettel, mint \u00e1ltalam megsz\u00f3l\u00edtott, hogy kisebbfajta revel\u00e1ci\u00f3k\u00e9nt \u00e9ltem meg <em>Kem\u00e9ny Zsigmond<\/em> m\u00e1ig kiadatlan publicisztik\u00e1j\u00e1nak lapjait (<em>Eszm\u00e9k \u00e9s j\u00e1mbor \u00f3hajt\u00e1sok, Kriterion K\u00f6nyvkiad\u00f3<\/em>). A k\u00f6tet <em>Filep Tam\u00e1s Guszt\u00e1v<\/em> szerkeszt\u00e9s\u00e9ben, gondoz\u00e1s\u00e1ban jelent meg, \u00fajabb jelent\u0151s bizony\u00edt\u00e9k\u00e1t adv\u00e1n annak: olykor nagyon apr\u00f3l\u00e9kos filol\u00f3giai munk\u00e1t jelent egy-egy ismert, neves szerz\u0151 \u00e1ltala csek\u00e9lyebb fontoss\u00e1ggal b\u00edrt sz\u00f6vegeinek beazonos\u00edt\u00e1sa, felt\u00e1r\u00e1sa, sz\u00f6vegh\u0171 k\u00f6zl\u00e9se. Mint jelen esetben, amikor is Kem\u00e9ny t\u00f6bb sz\u00e1z korabeli h\u00edrlapokban megjelent, sz\u00e1mos esetben csup\u00e1n \u00e1ln\u00e9vvel, vagy m\u00e1s k\u00f6rm\u00f6nfonci\u00e1val jelzett, a nagyk\u00f6z\u00f6ns\u00e9g sz\u00e1m\u00e1ra szinte jel\u00f6letlen-jeltelen m\u00f3don lapul\u00f3 \u00edr\u00e1stenger\u00e9ben hal\u00e1szgatott-szemezgetett Filep, s szerkesztett egy remek, ak\u00e1rha a tizenkilencedik sz\u00e1zad k\u00f6zb\u00fcls\u0151 \u00e9vtizedeir\u0151l olvashat\u00f3 essz\u00e9reg\u00e9ny-f\u00fcz\u00e9rt, \u00e9lm\u00e9nyd\u00fas \u00f3r\u00e1kkal aj\u00e1nd\u00e9kozv\u00e1n meg olvas\u00f3it.<\/p>\n\n\n\n<p>(<a href=\"https:\/\/opus-folyoirat.sk\/?page_id=3475\" data-type=\"link\" data-id=\"https:\/\/opus-folyoirat.sk\/?page_id=3475\">olvass tov\u00e1bb<\/a>)<\/p>\n\n\n\n<hr class=\"wp-block-separator has-alpha-channel-opacity is-style-wide\"\/>\n\n\n\n<p class=\"has-medium-font-size\" style=\"text-transform:uppercase\">Kolek Zsolt<\/p>\n\n\n\n<div class=\"wp-block-group is-vertical is-layout-flex wp-container-core-group-is-layout-8cf370e7 wp-block-group-is-layout-flex\">\n<p class=\"has-medium-font-size\"><strong>Egykoron arr\u00f3l is \u00e1lmodozott, hogy tan\u00edtani fog\u2026<\/strong><\/p>\n\n\n\n<p><em>(Gondolatok Lacza Tiham\u00e9r Turczel-d\u00edj\u00e1hoz)<\/em><\/p>\n<\/div>\n\n\n<div class=\"wp-block-image\">\n<figure class=\"alignright size-large is-resized\"><img loading=\"lazy\" decoding=\"async\" width=\"1024\" height=\"683\" src=\"http:\/\/opus-folyoirat.sk\/wp-content\/uploads\/2025\/11\/IMG_7095-1024x683.jpg\" alt=\"\" class=\"wp-image-3205\" style=\"width:238px;height:auto\" srcset=\"https:\/\/opus-folyoirat.sk\/wp-content\/uploads\/2025\/11\/IMG_7095-1024x683.jpg 1024w, https:\/\/opus-folyoirat.sk\/wp-content\/uploads\/2025\/11\/IMG_7095-300x200.jpg 300w, https:\/\/opus-folyoirat.sk\/wp-content\/uploads\/2025\/11\/IMG_7095-768x512.jpg 768w, https:\/\/opus-folyoirat.sk\/wp-content\/uploads\/2025\/11\/IMG_7095-1536x1024.jpg 1536w, https:\/\/opus-folyoirat.sk\/wp-content\/uploads\/2025\/11\/IMG_7095-2048x1365.jpg 2048w, https:\/\/opus-folyoirat.sk\/wp-content\/uploads\/2025\/11\/IMG_7095-450x300.jpg 450w\" sizes=\"auto, (max-width: 1024px) 100vw, 1024px\" \/><\/figure><\/div>\n\n\n<p>Lacza Tiham\u00e9r a ma m\u00e1r feh\u00e9r holl\u00f3nak sz\u00e1m\u00edt\u00f3 egyetemes ember mintak\u00e9pe. Val\u00f3di polihisztor, aki csillog\u00f3 intellektus\u00e1val, term\u00e9szettudom\u00e1nyi j\u00e1rtass\u00e1g\u00e1val a b\u00f6lcs\u00e9szek vil\u00e1g\u00e1ban is otthonosan mozog. B\u00fcszke vagyok r\u00e1, hogy koll\u00e9g\u00e1jak\u00e9nt \u00e1llhatok itt, \u00e9s k\u00f6sz\u00f6nthetem a j\u00f3l meg\u00e9rdemelt Turczel-d\u00edj \u00e1tv\u00e9telekor. Szeretettel gondolok a Magyar7 szerkeszt\u0151s\u00e9g\u00e9ben folytatott besz\u00e9lget\u00e9seinkre, biztat\u00f3 tan\u00e1csaira, \u00fatmutat\u00f3 \u00e9szrev\u00e9teleire.<\/p>\n\n\n\n<p>(<a href=\"https:\/\/opus-folyoirat.sk\/?page_id=3204\">olvass tov\u00e1bb<\/a>)<\/p>\n\n\n\n<hr class=\"wp-block-separator has-alpha-channel-opacity is-style-wide\"\/>\n\n\n\n<p class=\"has-medium-font-size\" style=\"text-transform:uppercase\">Tam\u00e1si Orosz J\u00e1nos<\/p>\n\n\n\n<div class=\"wp-block-group is-vertical is-layout-flex wp-container-core-group-is-layout-8cf370e7 wp-block-group-is-layout-flex\">\n<h1 class=\"wp-block-heading\"><br>\u2026l\u00e9pked, majd v\u00e9g\u00fcl lemarad az \u00e1lom\u2026<\/h1>\n\n\n\n<p id=\"block-0edf128d-bf2b-4b48-88be-4e6084be3f6f\"><em>Sz\u00e1linger Bal\u00e1zs versv\u00e1logat\u00e1sa<\/em><\/p>\n<\/div>\n\n\n\n<p id=\"block-2e6ccec2-b054-467d-8fa2-db07be6b2407\">Gy\u00e1szmunka. Elenged\u00e9s. Sorsromkocsma. Eml\u00e9klevit\u00e1ci\u00f3. Dezill\u00fazi\u00f3. Ehhez hasonl\u00f3 p\u00f3tszavak jutnak eszembe <em>Sz\u00e1linger Bal\u00e1zs<\/em> sz\u00e1mlak\u00f6nyv\u00e9t (b\u00e1r ezt a k\u00f6rt \u0151 fizeti) olvasva, de emiatt senki, legkev\u00e9sb\u00e9 \u0151, ne gondoljon semmi rosszra. A k\u00f6lt\u0151 csak az igazat \u00edrja &#8211; \u00e1lmainkr\u00f3l, tetteinkr\u0151l, kifoszttat\u00e1sainkr\u00f3l \u00e9s sz\u00e9tfoszl\u00e1sunkr\u00f3l. Mondan\u00e1m, hogy Lao Ce, mondan\u00e1m, hogy Az \u00dat \u00e9s Er\u00e9ny k\u00f6nyve fekszik t\u0151le annyira nem messze, f\u00e9lig kinyitva egy t\u00e1volabbi polcon, de ezek a versek m\u00e9g nem \u00f6lelkeznek \u00f6ssze a b\u00f6lcsess\u00e9g sz\u00f3tlans\u00e1g\u00e1val; ezek m\u00e9g rem\u00e9lnek, \u00e1lmodnak, s\u00edrnak, jajgatnak, temetnek, \u00e9s egyre lakonikusabban szomor\u00faak. A k\u00f6tet c\u00edme &#8211; \u00c9s most kelletlen elrugaszkodom &#8211; \u00e9s c\u00edmlapja (Somogyi P\u00e9ter nagyon m\u00e9lyre hatol\u00f3 \u201eCapa-\u00e1tirata&#8221;) azonnali bizalmas viszonyt teremt az olvas\u00f3val; kiv\u00e9ve, mondjuk, a r\u00f3zsaf\u00fcz\u00e9rt. Mell\u00e9kmondat: az ir\u00f3nia l\u00e9nyege, ami\u00e9rt sokan nem szeretik, az, hogy b\u00e1josan mosolyog, mint egy dagerrot\u00edpia, de bel\u00e9nk hatolva olyan \u00e9lesen f\u00f3kusz\u00e1l, mint egy sug\u00e1rkezel\u00e9s. Nos, Sz\u00e1linger korunk egyik legjobb diagnoszt\u00e1ja.<\/p>\n\n\n\n<figure class=\"wp-block-image\" id=\"block-679365b6-d92f-4771-b50e-0afb0bf4edde\"><img decoding=\"async\" src=\"https:\/\/opus-folyoirat.sk\/wp-content\/uploads\/2025\/12\/c96f699726502a03e2690455b2b1.jpeg\" alt=\"A k\u00e9phez tartoz\u00f3 alt jellemz\u0151 \u00fcres; c96f699726502a03e2690455b2b1.jpeg a f\u00e1jln\u00e9v\"\/><\/figure>\n\n\n\n<p id=\"block-8341dbe7-4bb2-4113-884b-a87a706721be\"><\/p>\n\n\n\n<p>(<a href=\"https:\/\/opus-folyoirat.sk\/?page_id=3421\" data-type=\"link\" data-id=\"https:\/\/opus-folyoirat.sk\/?page_id=3421\">olvass tov\u00e1bb<\/a>)<\/p>\n\n\n\n<hr class=\"wp-block-separator has-alpha-channel-opacity is-style-wide\"\/>\n\n\n\n<p class=\"has-medium-font-size\">Fekete T\u00fcnde<\/p>\n\n\n\n<p><strong>V\u00e1mos Mikl\u00f3s: \u00d6tvenh\u00e9t l\u00e9p\u00e9s<\/strong><br><strong>(recenzi\u00f3)<\/strong><\/p>\n\n\n\n<figure class=\"wp-block-image size-large\"><img loading=\"lazy\" decoding=\"async\" width=\"1024\" height=\"450\" src=\"http:\/\/opus-folyoirat.sk\/wp-content\/uploads\/2026\/01\/VamosMiklos-1024x450.jpeg\" alt=\"\" class=\"wp-image-3672\" srcset=\"https:\/\/opus-folyoirat.sk\/wp-content\/uploads\/2026\/01\/VamosMiklos-1024x450.jpeg 1024w, https:\/\/opus-folyoirat.sk\/wp-content\/uploads\/2026\/01\/VamosMiklos-300x132.jpeg 300w, https:\/\/opus-folyoirat.sk\/wp-content\/uploads\/2026\/01\/VamosMiklos-768x337.jpeg 768w, https:\/\/opus-folyoirat.sk\/wp-content\/uploads\/2026\/01\/VamosMiklos-1536x674.jpeg 1536w, https:\/\/opus-folyoirat.sk\/wp-content\/uploads\/2026\/01\/VamosMiklos-2048x899.jpeg 2048w, https:\/\/opus-folyoirat.sk\/wp-content\/uploads\/2026\/01\/VamosMiklos-500x219.jpeg 500w\" sizes=\"auto, (max-width: 1024px) 100vw, 1024px\" \/><\/figure>\n\n\n\n<p>Az \u00d6tvenh\u00e9t l\u00e9p\u00e9s V\u00e1mos Mikl\u00f3s 2022 febru\u00e1rj\u00e1ban az Athenaeum kiad\u00f3 \u00e1ltal megjelent l\u00e9lektani reg\u00e9nye, mely a legfrissebb k\u00f6nyvsorozat\u00e1nak \u2013 a Karcs\u00fa K\u00f6nyveknek \u2013 els\u0151 darabja. A k\u00f6tetben a tervek szerint olyan m\u0171vek jelennek majd meg \u00e9vente k\u00e9tszer (febru\u00e1rban \u00e9s okt\u00f3berben), melyek r\u00f6videk, kell\u0151en t\u00f6m\u00f6rek, m\u00e9gis prec\u00edzek \u00e9s praktikus zsebk\u00f6nyv m\u00e9retben \u00e9rthet\u0151ek el a vastagk\u00f6nyvf\u00f3bi\u00e1ban szenved\u0151k nagy \u00f6r\u00f6m\u00e9re.<\/p>\n\n\n\n<p>A m\u0171 n\u00e9gy n\u0151 sors\u00e1nak \u00f6sszefon\u00f3d\u00e1sa h\u00e1rom nemzed\u00e9ken \u00e1t 170 oldalba s\u0171r\u00edtve, melyek kiv\u00e9tel n\u00e9lk\u00fcl, m\u00e1s-m\u00e1s m\u00f3don ugyan, de egy bizonyos kast\u00e9ly k\u00f6r\u00e9 \u00f6sszpontosulnak a 20. sz\u00e1zad derek\u00e1n. A cselekm\u00e9nyt mag\u00e1t az asszonyok mes\u00e9lik el 15 fejezetben, melyeket egy v\u00e9gs\u0151 \u00f6sszegz\u0151 t\u00f6rt\u00e9net, egy fin\u00e1l\u00e9 z\u00e1r.<\/p>\n\n\n\n<p><br>(<a href=\"https:\/\/opus-folyoirat.sk\/?page_id=4477\">olvass tov\u00e1bb<\/a>)<\/p>\n\n\n\n<hr class=\"wp-block-separator has-alpha-channel-opacity is-style-wide\"\/>\n\n\n\n<p class=\"has-medium-font-size\" style=\"text-transform:uppercase\">Csapody Kinga<\/p>\n\n\n<div class=\"wp-block-image\">\n<figure class=\"alignright size-large is-resized\"><img loading=\"lazy\" decoding=\"async\" width=\"1024\" height=\"1024\" src=\"https:\/\/opus-folyoirat.sk\/wp-content\/uploads\/2025\/11\/Csapody-1024x1024.jpg\" alt=\"\" class=\"wp-image-3201\" style=\"width:176px;height:auto\" srcset=\"https:\/\/opus-folyoirat.sk\/wp-content\/uploads\/2025\/11\/Csapody-1024x1024.jpg 1024w, https:\/\/opus-folyoirat.sk\/wp-content\/uploads\/2025\/11\/Csapody-300x300.jpg 300w, https:\/\/opus-folyoirat.sk\/wp-content\/uploads\/2025\/11\/Csapody-150x150.jpg 150w, https:\/\/opus-folyoirat.sk\/wp-content\/uploads\/2025\/11\/Csapody-768x768.jpg 768w, https:\/\/opus-folyoirat.sk\/wp-content\/uploads\/2025\/11\/Csapody-1536x1536.jpg 1536w, https:\/\/opus-folyoirat.sk\/wp-content\/uploads\/2025\/11\/Csapody.jpg 1638w\" sizes=\"auto, (max-width: 1024px) 100vw, 1024px\" \/><\/figure><\/div>\n\n\n<div class=\"wp-block-group is-vertical is-layout-flex wp-container-core-group-is-layout-8cf370e7 wp-block-group-is-layout-flex\">\n<p class=\"has-medium-font-size\"><strong>\u00daristen, ki ez a l\u00e1ny?<\/strong><\/p>\n\n\n\n<p><em>(Kir\u00e1ly Anik\u00f3 Simk\u00f3-d\u00edja el\u00e9)<\/em><\/p>\n<\/div>\n\n\n\n<p><\/p>\n\n\n\n<p><\/p>\n\n\n\n<div class=\"wp-block-group is-vertical is-layout-flex wp-container-core-group-is-layout-8cf370e7 wp-block-group-is-layout-flex\">\n<p><em>\u00daristen, ki ez a l\u00e1ny? <\/em>Nem, nem t\u00e9vesztettem el, tudom, hogy laud\u00e1ci\u00f3t kell \u00edrnom, \u00e9s nem ValMar koncerten cs\u00e1polunk, m\u00e9gis ez a mondat jut folyton eszembe, ha Kir\u00e1ly Anik\u00f3ra gondolok. Mert ugye, hol f\u00e9r el, hol b\u00fajik el ennyire sok karakter, \u00edz, sz\u00edn \u00e9s hangulat egy emberben, ki lehet ez a l\u00e1ny, aki ennyi t\u00f6rt\u00e9netet hordoz? Egy v\u00e9gtelen\u00fcl szer\u00e9ny \u00e9s kedves ember, aki mellette kiv\u00e1l\u00f3 \u00edr\u00f3 \u2013 remek komb\u00f3, k\u00edv\u00e1nom magunknak, hogy m\u00e9g nagyon sok\u00e1ig maradjon ilyen.<\/p>\n\n\n\n<p><em>\u00daristen, ki ez a l\u00e1ny?<\/em><\/p>\n<\/div>\n\n\n\n<p>(<a href=\"https:\/\/opus-folyoirat.sk\/?page_id=3197\">olvass tov\u00e1bb<\/a>)<\/p>\n\n\n\n<hr class=\"wp-block-separator has-alpha-channel-opacity is-style-wide\"\/>\n\n\n\n<p class=\"has-medium-font-size\">Kov\u00e1cs Bal\u00e1zs<\/p>\n\n\n\n<div class=\"wp-block-group is-vertical is-layout-flex wp-container-core-group-is-layout-8cf370e7 wp-block-group-is-layout-flex\">\n<p class=\"has-medium-font-size\"><strong>Visszakapott szavak, elveszett vil\u00e1gok<\/strong><\/p>\n\n\n\n<p><em>K\u00f6vesdi K\u00e1roly laud\u00e1ci\u00f3ja<\/em><\/p>\n<\/div>\n\n\n<div class=\"wp-block-image\">\n<figure class=\"alignright size-large is-resized\"><img loading=\"lazy\" decoding=\"async\" width=\"1024\" height=\"666\" src=\"http:\/\/opus-folyoirat.sk\/wp-content\/uploads\/2025\/11\/KOvacsBalazs-1024x666.jpeg\" alt=\"\" class=\"wp-image-3195\" style=\"width:217px;height:auto\" srcset=\"https:\/\/opus-folyoirat.sk\/wp-content\/uploads\/2025\/11\/KOvacsBalazs-1024x666.jpeg 1024w, https:\/\/opus-folyoirat.sk\/wp-content\/uploads\/2025\/11\/KOvacsBalazs-300x195.jpeg 300w, https:\/\/opus-folyoirat.sk\/wp-content\/uploads\/2025\/11\/KOvacsBalazs-768x500.jpeg 768w, https:\/\/opus-folyoirat.sk\/wp-content\/uploads\/2025\/11\/KOvacsBalazs-461x300.jpeg 461w, https:\/\/opus-folyoirat.sk\/wp-content\/uploads\/2025\/11\/KOvacsBalazs.jpeg 1170w\" sizes=\"auto, (max-width: 1024px) 100vw, 1024px\" \/><\/figure><\/div>\n\n\n<p>Az irodalom \u00e9l. \u00c9s mint minden, ami \u00e9l, folyamatosan v\u00e1ltozik. Van m\u00faltja, jelene \u00e9s j\u00f6v\u0151je. S\u0151t, v\u00e9rkering\u00e9se is van. Az, hogy az irodalom \u00e9l, nem evidens. De val\u00f3sz\u00edn\u0171leg nem fog meghalni sosem. Viszont nem mindegy, hogy milyen kond\u00edci\u00f3ban van. T\u00e1pl\u00e1lni kell, mozg\u00e1sban tartani, a&nbsp;v\u00e9rkering\u00e9shez elengedhetetlen az eg\u00e9szs\u00e9ges v\u00e9rnyom\u00e1s, a&nbsp;megfelel\u0151 pulzus, de sz\u00e1mos egy\u00e9b p\u00e9ld\u00e1t k\u00f6lcs\u00f6n\u00f6zhetn\u00e9k az orvostudom\u00e1ny idev\u00e1g\u00f3 kifejez\u00e9seinek t\u00e1rh\u00e1z\u00e1b\u00f3l.&nbsp;<\/p>\n\n\n\n<p>(<a href=\"https:\/\/opus-folyoirat.sk\/?page_id=3192\">olvass tov\u00e1bb<\/a>)<\/p>\n\n\n\n<hr class=\"wp-block-separator has-alpha-channel-opacity is-style-wide\"\/>\n\n\n\n<p class=\"has-medium-font-size\" style=\"text-transform:uppercase\">Tam\u00e1si Orosz J\u00e1nos<\/p>\n\n\n\n<h1 class=\"wp-block-heading\"><br>\u201e\u2026l\u00e9te t\u00falsz\u00e1rnyal mindent ha t\u00e1rt\u2026\u201d<\/h1>\n\n\n\n<p id=\"block-651d1cd0-b957-4f7b-bece-cd3ecdc30dbd\">Domokos Johanna: A rend sz\u00edvdala<\/p>\n\n\n\n<figure class=\"wp-block-image\" id=\"block-cb77bc2c-16ee-470d-bac3-d34dfead42a3\"><img decoding=\"async\" src=\"https:\/\/opus-folyoirat.sk\/wp-content\/uploads\/2025\/12\/unnamed.jpeg\" alt=\"A k\u00e9phez tartoz\u00f3 alt jellemz\u0151 \u00fcres; unnamed.jpeg a f\u00e1jln\u00e9v\"\/><\/figure>\n\n\n\n<p id=\"block-4c82482f-7a82-46a4-a70f-5c8f23ca8f3d\">M\u00e1r alc\u00edm\u00e9vel is zavarba ejti az \u00e1tlagos versolvas\u00f3t Domokos Johanna \u00faj k\u00f6tete (A rend sz\u00edvdala). Mert hogy \u00edgy jelzi annak m\u0171faj\u00e1t: \u201eretro \u00e9s avantg\u00e1rd zar\u00e1ndokversek\u201d. S a h\u00e1ts\u00f3 bor\u00edt\u00f3n egy m\u00e9g ink\u00e1bb k\u00f6zel\u00edt\u0151 s t\u00e1vol\u00edt\u00f3, a fekete lapon szer\u00e9ny jelz\u00e9sk\u00e9nt megjelen\u0151 aj\u00e1nl\u00e1st olvasunk: \u201eLehetne ezt a versk\u00e9p-k\u00e9pvers j\u00e1t\u00e9kot spiritu\u00e1lis avantg\u00e1rdnak nevezni? L\u00e9tezik avantg\u00e1rd-misztika? Vagy minden misztika sz\u00fcks\u00e9gk\u00e9ppen avantg\u00e1rd? \u201eF\u00e9ny alatti forma \u2013 gy\u00f6ny\u00f6r\u0171\u201d. Jegyz\u00e9 a sorokat Visky Andr\u00e1s, s kicsit b\u0151vebben err\u0151l \u00edr a k\u00f6tet bevezet\u0151j\u00e9ben G. Komor\u00f3czy Em\u0151ke is: \u201eifj\u00fakorunkban \u201ev\u00e1ndor\u00fatra kel\u00fcnk -amelyb\u0151l \u2026 \u201ezar\u00e1ndok\u00fat\u201d lesz a magasabb rend\u0171 s messze f\u00f6l\u00f6tt\u00fcnk t\u00fcnd\u00f6kl\u0151 transzcendens \u00c9rt\u00e9kvil\u00e1g fel\u00e9.\u201d Mondtam, zavarba ejt\u0151 sorok; avantg\u00e1rd, k\u00e9pvers, retro \u00e9s misztika? Domokos Johanna eset\u00e9ben azonban mindez m\u00e1r kor\u00e1ntsem \u00f6sszeegyeztethetetlen, s\u0151t, mintha m\u00e1r akkor erre k\u00e9sz\u00fclt volna, amikor az olvas\u00f3 m\u00e9g csak megh\u00f6kkent, s \u0151 maga is csak keresg\u00e9lte a szavak, a bet\u0171k, s az els\u0151dleges jelent\u00e9sek takar\u00e1s\u00e1ban elb\u00faj\u00f3 val\u00f3di vil\u00e1got \u2013 amire nincsenek szavaink.<\/p>\n\n\n\n<p id=\"block-2cbf2fe7-d535-4654-bb0b-a019e73b459c\"><\/p>\n\n\n\n<p><a href=\"https:\/\/opus-folyoirat.sk\/?p=3415\" data-type=\"link\" data-id=\"https:\/\/opus-folyoirat.sk\/?p=3415\">(<\/a><a href=\"https:\/\/opus-folyoirat.sk\/?page_id=4466\" data-type=\"link\" data-id=\"https:\/\/opus-folyoirat.sk\/?p=3415\">olvass tov\u00e1bb<\/a>)<\/p>\n\n\n\n<hr class=\"wp-block-separator has-alpha-channel-opacity is-style-wide\"\/>\n\n\n\n<p class=\"has-medium-font-size\">T\u00f3th L\u00e1szl\u00f3<\/p>\n\n\n\n<div class=\"wp-block-group is-vertical is-layout-flex wp-container-core-group-is-layout-8cf370e7 wp-block-group-is-layout-flex\">\n<p class=\"has-medium-font-size\"><strong>(ki)\u00datkeres\u00e9s \u00e9s hitvall\u00e1s<\/strong><\/p>\n\n\n\n<p><em>Sorok Cs\u00e1ky P\u00e1l Talamon Alfonz-d\u00edj\u00e1hoz<\/em><\/p>\n<\/div>\n\n\n<div class=\"wp-block-image\">\n<figure class=\"alignright size-large is-resized\"><img loading=\"lazy\" decoding=\"async\" width=\"1024\" height=\"682\" src=\"http:\/\/opus-folyoirat.sk\/wp-content\/uploads\/2023\/11\/01_TothLaszlo-1024x682.jpg\" alt=\"\" class=\"wp-image-992\" style=\"width:213px;height:auto\" srcset=\"https:\/\/opus-folyoirat.sk\/wp-content\/uploads\/2023\/11\/01_TothLaszlo-1024x682.jpg 1024w, https:\/\/opus-folyoirat.sk\/wp-content\/uploads\/2023\/11\/01_TothLaszlo-300x200.jpg 300w, https:\/\/opus-folyoirat.sk\/wp-content\/uploads\/2023\/11\/01_TothLaszlo-768x512.jpg 768w, https:\/\/opus-folyoirat.sk\/wp-content\/uploads\/2023\/11\/01_TothLaszlo-1536x1024.jpg 1536w, https:\/\/opus-folyoirat.sk\/wp-content\/uploads\/2023\/11\/01_TothLaszlo-2048x1365.jpg 2048w, https:\/\/opus-folyoirat.sk\/wp-content\/uploads\/2023\/11\/01_TothLaszlo-450x300.jpg 450w\" sizes=\"auto, (max-width: 1024px) 100vw, 1024px\" \/><\/figure><\/div>\n\n\n<p>Hogy Cs\u00e1ky P\u00e1l milyen volt, illetve milyen lenne vegy\u00e9sznek \u2013 m\u00e1rpedig v\u00e9gzetts\u00e9ge szerint a szerves k\u00e9mia szakembere \u2013, nem tudom. Hogy milyen volt, illetve milyen politikusnak \u00e9s k\u00f6z\u00e9leti embernek: nem az \u00e9n tisztem meg\u00edt\u00e9lni. \u00c1m hogy milyen \u00edr\u00f3nak, arr\u00f3l val\u00f3ban ejthetek itt n\u00e9h\u00e1ny <em>keresett<\/em> sz\u00f3t, ann\u00e1l is ink\u00e1bb, mivel most sz\u00e9p\u00edr\u00f3k\u00e9nt: pr\u00f3za- \u00e9s dr\u00e1ma\u00edr\u00f3k\u00e9nt van itt k\u00f6z\u00f6tt\u00fcnk. S mi t\u00f6bb, e szerep\u00e9ben m\u00e1r csak az\u00e9rt is sz\u00f3lhatok r\u00f3la, mert \u00edr\u00f3k\u00e9nti indul\u00e1s\u00e1hoz\/ind\u00edt\u00e1s\u00e1hoz szem\u00e9ly szerint is van\/volt n\u00e9mi k\u00f6z\u00f6m: a t\u00f6rt\u00e9net (t\u00f6rt\u00e9net\u00fcnk) m\u00e9g a m\u00falt sz\u00e1zad 1980-as \u00e9vtized\u00e9nek els\u0151 fel\u00e9re, a hus\u00e1ki konszolid\u00e1ci\u00f3 bekem\u00e9ny\u00edt\u00e9s\u00e9nek idej\u00e9re ny\u00falik vissza, amikor is egy \u2013 annak szembefesz\u00fcl\u0151, \u00e1ltalam szervezett, p\u00e1lyakezd\u0151 \u00edr\u00f3k \u00e9s k\u00e9pz\u0151m\u0171v\u00e9szek sz\u00e1m\u00e1ra a N\u0151 hetilap \u00e1ltal ki\u00edrt, s jelentkez\u00e9s\u00fck k\u00f6zponti fel\u00fcgyelet al\u00e1 v\u00e9tel\u00e9t megel\u0151zni hivatott p\u00e1ly\u00e1zaton a <em>Hangok a puszt\u00e1b\u00f3l<\/em> c\u00edm\u0171 novell\u00e1j\u00e1val harmadik d\u00edjat nyert (az els\u0151 d\u00edjat nem adt\u00e1k ki).<\/p>\n\n\n\n<p>(<a href=\"https:\/\/opus-folyoirat.sk\/?page_id=3188\">olvass tov\u00e1bb<\/a>)<\/p>\n\n\n\n<hr class=\"wp-block-separator has-alpha-channel-opacity is-style-wide\"\/>\n\n\n\n<p class=\"has-medium-font-size\">K\u00f6vesdi K\u00e1roly<\/p>\n\n\n\n<div class=\"wp-block-group is-vertical is-layout-flex wp-container-core-group-is-layout-8cf370e7 wp-block-group-is-layout-flex\">\n<p class=\"has-medium-font-size\"><strong>A ballad\u00e1s ember<\/strong><\/p>\n\n\n\n<p><em>Dobos L\u00e1szl\u00f3r\u00f3l t\u00edz \u00e9v t\u00e1vlat\u00e1b\u00f3l<\/em><\/p>\n<\/div>\n\n\n<div class=\"wp-block-image\">\n<figure class=\"alignright size-large is-resized\"><img loading=\"lazy\" decoding=\"async\" width=\"768\" height=\"1024\" src=\"http:\/\/opus-folyoirat.sk\/wp-content\/uploads\/2025\/02\/Kovesdi-768x1024.jpg\" alt=\"\" class=\"wp-image-2211\" style=\"width:157px;height:auto\" srcset=\"https:\/\/opus-folyoirat.sk\/wp-content\/uploads\/2025\/02\/Kovesdi-768x1024.jpg 768w, https:\/\/opus-folyoirat.sk\/wp-content\/uploads\/2025\/02\/Kovesdi-225x300.jpg 225w, https:\/\/opus-folyoirat.sk\/wp-content\/uploads\/2025\/02\/Kovesdi-1152x1536.jpg 1152w, https:\/\/opus-folyoirat.sk\/wp-content\/uploads\/2025\/02\/Kovesdi-1536x2048.jpg 1536w, https:\/\/opus-folyoirat.sk\/wp-content\/uploads\/2025\/02\/Kovesdi-scaled.jpg 1920w\" sizes=\"auto, (max-width: 768px) 100vw, 768px\" \/><\/figure><\/div>\n\n\n<p>T\u00edz \u00e9vvel ezel\u0151tt j\u00f3kora t\u00f6meg b\u00facs\u00faztatta Dobos L\u00e1szl\u00f3t a pozsonyp\u00fcsp\u00f6ki temet\u0151ben. A nagyra duzzadt, tereb\u00e9lyesed\u00e9s\u00e9ben az eg\u00e9sz k\u00f6rny\u00e9ket, a Duna, a Kis-K\u00e1rp\u00e1tok \u00e9s a Csall\u00f3k\u00f6z h\u00e1romsz\u00f6g\u00e9ben moh\u00f3 lass\u00fas\u00e1ggal lassan mindent bekebelez\u0151 szlov\u00e1k f\u0151v\u00e1ros \u00e1rny\u00e9k\u00e1ban, a mez\u0151v\u00e1rosb\u00f3l peremv\u00e1rosi l\u00e9tbe zsugorodott, a nyugati v\u00e9gek egyik utols\u00f3 magyar sziget\u00e9nek \u00e1rnyas temet\u0151j\u00e9ben. Lehet, hogy akkor \u00e9s ott nem voltam egyed\u00fcl azzal a k\u00fcl\u00f6n\u00f6s \u00e9rz\u00e9ssel, hogy egy korszak \u00e9rt v\u00e9get a felvid\u00e9ki magyarok \u00e9let\u00e9ben. Pedig a korszakokat nem egy-egy \u2013 b\u00e1rmilyen jelent\u0151s \u2013 alkot\u00f3, ink\u00e1bb politikus f\u00f6ldi \u00e9let\u00e9nek lez\u00e1rt\u00e1val szoktuk m\u00e9rni. A huszadik sz\u00e1zad (r\u00e1ad\u00e1sul ez m\u00e1r j\u00f3csk\u00e1n az ezredfordul\u00f3t k\u00f6vet\u0151en, 2014-ben volt), am\u00fagy is b\u0151velkedett \u201ekorszakokban\u201d, sorolni \u0151ket tal\u00e1n f\u00f6l\u00f6sleges volna.<\/p>\n\n\n\n<p>(<a href=\"https:\/\/opus-folyoirat.sk\/?page_id=3184\">olvass tov\u00e1bb<\/a>)<\/p>\n\n\n\n<hr class=\"wp-block-separator has-alpha-channel-opacity is-style-wide\"\/>\n\n\n\n<p class=\"has-medium-font-size\">Cs\u00e1ky P\u00e1l<\/p>\n\n\n\n<p><strong>H\u00e1ny arca van Dobos L\u00e1szl\u00f3nak?<\/strong><\/p>\n\n\n<div class=\"wp-block-image\">\n<figure class=\"alignright size-large is-resized\"><img loading=\"lazy\" decoding=\"async\" width=\"1024\" height=\"682\" src=\"http:\/\/opus-folyoirat.sk\/wp-content\/uploads\/2023\/11\/01_CsakyPal-1024x682.jpg\" alt=\"\" class=\"wp-image-974\" style=\"width:169px;height:auto\" srcset=\"https:\/\/opus-folyoirat.sk\/wp-content\/uploads\/2023\/11\/01_CsakyPal-1024x682.jpg 1024w, https:\/\/opus-folyoirat.sk\/wp-content\/uploads\/2023\/11\/01_CsakyPal-300x200.jpg 300w, https:\/\/opus-folyoirat.sk\/wp-content\/uploads\/2023\/11\/01_CsakyPal-768x512.jpg 768w, https:\/\/opus-folyoirat.sk\/wp-content\/uploads\/2023\/11\/01_CsakyPal-1536x1024.jpg 1536w, https:\/\/opus-folyoirat.sk\/wp-content\/uploads\/2023\/11\/01_CsakyPal-2048x1365.jpg 2048w, https:\/\/opus-folyoirat.sk\/wp-content\/uploads\/2023\/11\/01_CsakyPal-450x300.jpg 450w\" sizes=\"auto, (max-width: 1024px) 100vw, 1024px\" \/><\/figure><\/div>\n\n\n<p>H\u00e1rom h\u00f3nappal ezel\u0151tt t\u00f6rt\u00e9nt, az Amalfi-parton, Olaszorsz\u00e1gban. Aki ismeri azt a r\u00e9gi\u00f3t, tudja: j\u00f3kora hegyek, hatalmas szikl\u00e1k minden\u00fctt, a legt\u00f6bb helyen szinte belezuhannak a tengerbe, s \u00edgy ny\u00e1ron ez uralja a k\u00e9pet: naps\u00fct\u00e9s, hatalmas szikl\u00e1k \u00e9s a gy\u00f6ny\u00f6r\u0171 tenger. N\u00e9h\u00e1ny telep\u00fcl\u00e9sen egyszer\u0171en nincs t\u00f6megk\u00f6zleked\u00e9s, a v\u00e1rosok egyik\u00e9ben-m\u00e1sik\u00e1ban ugyanis nem tal\u00e1lhat\u00f3 10 n\u00e9gyzetm\u00e9ternyi egyenes terep sem. Leny\u0171g\u00f6z\u0151 hely, turist\u00e1k milli\u00f3inak \u00e1ll el a szava l\u00e1tv\u00e1nyt\u00f3l, \u00e1m bizony\u00e1ra nem k\u00f6nny\u0171 itt az \u00e9let. Hangs\u00falyozom: t\u00f6bb ezer lak\u00f3val b\u00edr\u00f3 v\u00e1rosokr\u00f3l besz\u00e9lek.&nbsp;<\/p>\n\n\n\n<p>(<a href=\"https:\/\/opus-folyoirat.sk\/?page_id=3180\">olvass tov\u00e1bb<\/a>)<\/p>\n\n\n\n<hr class=\"wp-block-separator has-alpha-channel-opacity is-style-wide\"\/>\n\n\n\n<p class=\"has-medium-font-size\" style=\"text-transform:uppercase\">Tam\u00e1si Orosz J\u00e1nos<\/p>\n\n\n\n<div class=\"wp-block-group is-vertical is-layout-flex wp-container-core-group-is-layout-8cf370e7 wp-block-group-is-layout-flex\">\n<h1 class=\"wp-block-heading\"><br>\u201e\u2026sarki f\u00e9nyt l\u00e1ttak a Hargita f\u00f6l\u00f6tt\u2026\u201d<\/h1>\n\n\n\n<p id=\"block-df253a65-5cd7-48c4-a84e-f8d9db2c1616\"><em>Demeter Szil\u00e1rd irodalmi szakaszhat\u00e1rjegye<\/em><\/p>\n<\/div>\n\n\n\n<p id=\"block-abef48dd-e6a0-40e1-a101-60711ede350f\">Tulajdonk\u00e9ppen nagyon k\u00f6nny\u0171 lenne megoldani ezt a helyzetet; <em>Demeter Szil\u00e1rd<\/em> \u00f6t \u00e9ve megjelent k\u00f6nyv\u00e9t \u2013 melynek \u00fajra-f\u00f3kusz\u00e1l\u00e1si \u00f6tlet\u00e9t <em>Szondi Gy\u00f6rgy<\/em>, \u00fagy is mint a naputonline.hu f\u0151szerkeszt\u0151je vetette f\u00f6l, kezdve a reg\u00e9ny m\u00e1sodk\u00f6zl\u00e9s\u00e9vel \u2013 e helyt elemz\u0151, min\u0151s\u00edt\u0151 recenzi\u00f3nkban be kellene sorolnunk a diszt\u00f3pi\u00e1k k\u00f6z\u00e9, s annak k\u00f6zeg\u00e9ben \u00e9lvetegen \u201eellubickolva\u201d sz\u00e9pen s k\u00f6nnyen odahelyezhetn\u00e9nk eme remekm\u0171vet az ezredfordul\u00f3 legjava sz\u00e9pirodalm\u00e1nak pann\u00f3j\u00e1n. Mert oda tartozik, id\u0151vel ezt hangs\u00falyozni is fogjuk, \u00e1m els\u0151bben azt tiszt\u00e1zzuk: mi\u00e9rt j\u00e1rhatatlan a f\u00f6nti \u00fat? Nos, legink\u00e1bb az\u00e9rt, mert a k\u00f6tet m\u0171faj\u00e1t tekintve hat\u00e1rozottan <em>nem<\/em> diszt\u00f3pia, fogalmilag ezt sz\u00f3ba sem kellett volna hoznom, \u00e1m m\u00e9gis megteszem. R\u00e9g\u00f3ta sz\u00farja ugyanis a f\u00fclem-szemem ez a sz\u00f3, valamik\u00e9pp divatos kifejez\u00e9ss\u00e9, \u201eromkocsm\u00e1s szlengg\u00e9\u201d v\u00e1l\u00e1sa id\u0151nk\u00e9nt m\u00e1r-m\u00e1r irrit\u00e1l\u00f3; \u00e1m nem ez\u00e9rt \u00e9rzem zavar\u00f3nak; emiatt r\u00f6vidke kit\u00e9r\u0151t sem \u00e9rne; hanem ha az a lazas\u00e1g, ami az ilyen s ehhez hasonl\u00f3 k\u00f6nyvek t\u00e9ny-r\u00e9tegeit, k\u0151kem\u00e9ny val\u00f3s\u00e1g-elemeit, brut\u00e1lis (helyzet)jelent\u00e9seit egyfajta p\u00e1rhuzamos val\u00f3s\u00e1gban zajl\u00f3 t\u00f6rt\u00e9n\u00e9sbe \u00e1gyazza, s \u00edgy\/ahol azokat mintegy absztrah\u00e1lva \u00e9rtelmezi, ford\u00edtja \u00e1t valamin\u0151 metafor\u00e1v\u00e1. A diszt\u00f3pia-t\u00f6rt\u00e9netek \u2013 noha az \u00e1br\u00e1zol\u00e1s m\u00f3djai abban a kegyetlent\u0151l a nevets\u00e9gess\u00e9gig terjednek \u2013t\u00f6bbnyire valami sz\u00f6rny\u0171s\u00e9g bek\u00f6vetkezte ut\u00e1ni helyzetet \u00e1br\u00e1zolnak, h\u0151sei pedig a humanista ember alaptulajdons\u00e1gait \u0151rizve, vagy fokozatosan f\u00f6lismerve azokat, harcba sz\u00e1llnak s \u201elegy\u0151zik a gonoszt\u201d. \u00c1m, ha elbukn\u00e1nak, a tett gesztusa egyfajta optimizmussal cs\u00e1b\u00edtja el az olvas\u00f3t, a p\u00e9ld\u00e1zat egyfel\u0151l cs\u00f6kkenti a vesz\u00e9ly realit\u00e1s\u00e1t, m\u00e1sfel\u0151l n\u00f6veli annak \u2013 \u00e9pp relitiviz\u00e1lhat\u00f3 mivolta miatti \u2013 legy\u0151zhet\u0151s\u00e9g\u00e9t. Illetve ennek csal\u00f3ka hit\u00e9t.<\/p>\n\n\n\n<p>(<a href=\"https:\/\/opus-folyoirat.sk\/?page_id=3410\" data-type=\"link\" data-id=\"https:\/\/opus-folyoirat.sk\/?page_id=3410\">olvass tov\u00e1bb<\/a>)<\/p>\n\n\n\n<hr class=\"wp-block-separator has-alpha-channel-opacity is-style-wide\"\/>\n\n\n\n<p class=\"has-medium-font-size\">Hogya Gy\u00f6rgy<\/p>\n\n\n\n<p><strong>\u201eA mi dolgunk az emberi-erk\u00f6lcsi magass\u00e1gok fel\u00e9 val\u00f3 ir\u00e1nyul\u00e1s.\u201d<\/strong><\/p>\n\n\n<div class=\"wp-block-image\">\n<figure class=\"alignright size-large is-resized\"><img loading=\"lazy\" decoding=\"async\" width=\"1024\" height=\"1004\" src=\"http:\/\/opus-folyoirat.sk\/wp-content\/uploads\/2025\/09\/Hogya-1024x1004.jpg\" alt=\"\" class=\"wp-image-2625\" style=\"width:186px;height:auto\" srcset=\"https:\/\/opus-folyoirat.sk\/wp-content\/uploads\/2025\/09\/Hogya-1024x1004.jpg 1024w, https:\/\/opus-folyoirat.sk\/wp-content\/uploads\/2025\/09\/Hogya-300x294.jpg 300w, https:\/\/opus-folyoirat.sk\/wp-content\/uploads\/2025\/09\/Hogya-768x753.jpg 768w, https:\/\/opus-folyoirat.sk\/wp-content\/uploads\/2025\/09\/Hogya-306x300.jpg 306w, https:\/\/opus-folyoirat.sk\/wp-content\/uploads\/2025\/09\/Hogya.jpg 1304w\" sizes=\"auto, (max-width: 1024px) 100vw, 1024px\" \/><\/figure><\/div>\n\n\n<p>Neh\u00e9z egy ilyen hitvall\u00e1ssal, kinyilatkoztat\u00e1ssal l\u00e9p\u00e9st tartani. De h\u00e1t semmi sem volt k\u00f6nny\u0171 \u00e9s egyszer\u0171 mindabb\u00f3l, amit Dobos L\u00e1szl\u00f3 \u00e9lete sor\u00e1n elv\u00e9gzett. S\u0151t, tov\u00e1bb megyek, a ma ember\u00e9nek egy ilyen \u00f6r\u00f6k\u00e9rv\u00e9ny\u0171 revel\u00e1ci\u00f3t m\u00e9g \u00e9rtelmezni is komoly kih\u00edv\u00e1s. Egyr\u00e9szt az \u00e1ltal\u00e1nos erk\u00f6lcsi \u00e9rt\u00e9kek meg\u00edt\u00e9l\u00e9s\u00e9nek sokf\u00e9les\u00e9ge miatt, m\u00e1sr\u00e9szt pedig mintha a fogalmi rendszereink fokozatos devalv\u00e1l\u00e1sa is a tiszt\u00e1nl\u00e1t\u00e1s ellen dolgozna.&nbsp;<\/p>\n\n\n\n<p>(<a href=\"https:\/\/opus-folyoirat.sk\/?page_id=3174\">olvass tov\u00e1bb<\/a>)<\/p>\n\n\n\n<hr class=\"wp-block-separator has-alpha-channel-opacity is-style-wide\"\/>\n\n\n\n<p class=\"has-medium-font-size\" style=\"text-transform:uppercase\">Isp\u00e1novics Csap\u00f3 Julianna<\/p>\n\n\n\n<p id=\"block-a9574bf9-bc8a-4548-a39b-7122b8e2703e\"><strong>Sokkezes t\u00f6rt\u00e9netek<\/strong><\/p>\n\n\n<div class=\"wp-block-image\">\n<figure class=\"alignright size-large is-resized\"><img loading=\"lazy\" decoding=\"async\" width=\"724\" height=\"1024\" src=\"http:\/\/opus-folyoirat.sk\/wp-content\/uploads\/2026\/01\/3986287-724x1024.jpeg\" alt=\"\" class=\"wp-image-3560\" style=\"width:159px;height:auto\" srcset=\"https:\/\/opus-folyoirat.sk\/wp-content\/uploads\/2026\/01\/3986287-724x1024.jpeg 724w, https:\/\/opus-folyoirat.sk\/wp-content\/uploads\/2026\/01\/3986287-212x300.jpeg 212w, https:\/\/opus-folyoirat.sk\/wp-content\/uploads\/2026\/01\/3986287.jpeg 752w\" sizes=\"auto, (max-width: 724px) 100vw, 724px\" \/><\/figure><\/div>\n\n\n<div class=\"wp-block-group is-vertical is-layout-flex wp-container-core-group-is-layout-8cf370e7 wp-block-group-is-layout-flex\">\n<p id=\"block-2815265b-42c7-4a26-ba68-18d8d5bcb011\"><em>\u201eA sz\u00f3 ott z\u00f6ldellt a domboldalon, tele volt mad\u00e1rdallal \u00e9s \u00e9g\u0151 vadr\u00f3zs\u00e1kkal (\u2026) Szavak \u00e1llnak a l\u00e9tez\u0151 dolgok \u00e9s viszonyok el\u00e9, \u00e9s ezek a szavak m\u00e1smilyennek mutatj\u00e1k a dolgokat, mint azok val\u00f3j\u00e1ban.\u201d<\/em><\/p>\n\n\n\n<p id=\"block-7735c326-0b83-4aaa-8f2d-f0b7f7d27d0b\"><em>(G. J.)<\/em><\/p>\n<\/div>\n\n\n\n<p id=\"block-fa9e0e3a-3975-4a7a-aa82-3a745b40d96b\">A veszpr\u00e9mi k\u00f3rh\u00e1z n\u00e9vad\u00f3ja, Csolnoky Ferenc egy szerte\u00e1gaz\u00f3, soksz\u00edn\u0171 csal\u00e1d lesz\u00e1rmazottja. Egy olyan csal\u00e1d\u00e9, amelynek csak n\u00e9h\u00e1ny gener\u00e1ci\u00f3ja lakott Veszpr\u00e9mben, vagy k\u00f6t\u0151dik Magyarorsz\u00e1g egyik legr\u00e9gebben alap\u00edtott, a Balaton \u00e9s a Bakony k\u00f6z\u00e9 telepedett v\u00e1ros\u00e1hoz. A fam\u00edlia rom\u00e1n sz\u00e1rmaz\u00e1s\u00fa \u0151se a tat\u00e1rj\u00e1r\u00e1s idej\u00e9n \u00e9rdemelte ki IV. B\u00e9l\u00e1t\u00f3l a Hunyad v\u00e1r\u00e1t\u00f3l d\u00e9lre fekv\u0151 Csolnakos (Csincsis) k\u00f6zs\u00e9get, amely n\u00e9vad\u00f3ja lett a nemesi rangba l\u00e9pett Csolnokosi csal\u00e1dnak.&nbsp; A t\u00f6r\u00f6kver\u0151 Hunyadival is rokons\u00e1gba, f\u00e9ltestv\u00e9ri viszonyba ker\u00fclt erd\u00e9lyi fam\u00edlia m\u00e1sik \u00e1ga Bocskai Istv\u00e1nnal telep\u00fclt Magyarorsz\u00e1gra, sz\u00e9tsz\u00f3r\u00f3dva az orsz\u00e1g minden r\u00e9sz\u00e9be. A Cholnokyak veszpr\u00e9mi vonala, amelynek tagjait imm\u00e1r k\u00f6zhelyszer\u0171en a \u2019zsenik \u00e9s k\u00fcl\u00f6nc\u00f6k\u2019 csal\u00e1djak\u00e9nt illik emlegetni a XIX. sz\u00e1zad k\u00f6zep\u00e9t\u0151l szorosan k\u00f6t\u0151dik a v\u00e1roshoz \u00e9s k\u00f6rny\u00e9k\u00e9hez, kalandos mag\u00e1n\u00e9let\u00fck, m\u0171v\u00e9szeti \u00e9s tudom\u00e1nyos tev\u00e9kenys\u00e9g\u00fck r\u00e9v\u00e9n nagy r\u00e9sz\u00fck van Veszpr\u00e9m \u00e9s a Balaton-felvid\u00e9k polg\u00e1rosod\u00e1s\u00e1ban, kult\u00fart\u00f6rt\u00e9net\u00e9ben.<\/p>\n\n\n\n<p><\/p>\n\n\n\n<p>(<a href=\"https:\/\/opus-folyoirat.sk\/?page_id=3558\" data-type=\"link\" data-id=\"https:\/\/opus-folyoirat.sk\/?page_id=3558\">olvass tov\u00e1bb<\/a>)<\/p>\n\n\n\n<hr class=\"wp-block-separator has-alpha-channel-opacity is-style-wide\"\/>\n\n\n\n<p class=\"has-medium-font-size\">Tam\u00e1si Orosz J\u00e1nos<\/p>\n\n\n\n<p><strong>Egyszem\u0171 \u00e9jszak\u00e1k el\u00e9rhetetlen f\u00f6ldje<\/strong><br><em>Alkalmatlan szavak Kulcs\u00e1r Ferencr\u0151l<\/em><\/p>\n\n\n\n<p>Minden soromat le\u00edrtam, \u00edgy ezt is, hogy <em>minden soromat le\u00edrtam<\/em>, nem besz\u00e9lve a megsz\u00f3l\u00edt\u00e1sr\u00f3l. Ugyanis azt az invit\u00e1l\u00e1st kaptam alig n\u00e9h\u00e1ny napja, hogy ma itt <em>Kulcs\u00e1r Ferenc<\/em>r\u0151l sz\u00f3ljak, belef\u0171zv\u00e9n valamelyes sz\u00edvesl\u00e1t\u00e1st a Parnasszus r\u00f3la sz\u00f3l\u00f3 fejezet\u00e9hez, legyek r\u00f6vid, mondt\u00e1k, n\u00e9gy-\u00f6t perc, le\u00edrnom sem kell. H\u00e1t ez az, ami nem megy, annak j\u00f3 v\u00e9ge nincs, ha \u00e9n csak \u00fagy szabadon elkezdek besz\u00e9lni, r\u00f6viden, \u00edgy, hogy imm\u00e1r fecseg\u0151 v\u00e9nember lettem. No de \u00d6n\u00f6k is, ti is, ahogy itt k\u00f6r\u00fcl pillantok \u2013 aki nem hiszi, forduljon felvil\u00e1gos\u00edt\u00e1s\u00e9rt csal\u00e1dtagjaihoz.&nbsp;<\/p>\n\n\n\n<p><\/p>\n\n\n\n<p>(<a href=\"https:\/\/opus-folyoirat.sk\/?page_id=4271\">olvass tov\u00e1bb<\/a>)<\/p>\n\n\n\n<hr class=\"wp-block-separator has-alpha-channel-opacity is-style-wide\"\/>\n\n\n<div class=\"wp-block-image\">\n<figure class=\"alignright size-large is-resized\"><img loading=\"lazy\" decoding=\"async\" width=\"683\" height=\"1024\" src=\"https:\/\/opus-folyoirat.sk\/wp-content\/uploads\/2026\/01\/Lipcsey-Emoke-683x1024.jpg\" alt=\"\" class=\"wp-image-3556\" style=\"width:140px;height:auto\" srcset=\"https:\/\/opus-folyoirat.sk\/wp-content\/uploads\/2026\/01\/Lipcsey-Emoke-683x1024.jpg 683w, https:\/\/opus-folyoirat.sk\/wp-content\/uploads\/2026\/01\/Lipcsey-Emoke-200x300.jpg 200w, https:\/\/opus-folyoirat.sk\/wp-content\/uploads\/2026\/01\/Lipcsey-Emoke-768x1152.jpg 768w, https:\/\/opus-folyoirat.sk\/wp-content\/uploads\/2026\/01\/Lipcsey-Emoke-1024x1536.jpg 1024w, https:\/\/opus-folyoirat.sk\/wp-content\/uploads\/2026\/01\/Lipcsey-Emoke.jpg 1365w\" sizes=\"auto, (max-width: 683px) 100vw, 683px\" \/><\/figure><\/div>\n\n\n<p class=\"has-medium-font-size\" style=\"text-transform:uppercase\">Lipcsey Em\u0151ke<\/p>\n\n\n\n<p><strong>A sz\u00e9thull\u00e1s katedr\u00e1lisa<\/strong><br>(<em>gondolatok G\u00e9czi J\u00e1nos munk\u00e1i \u00fcr\u00fcgy\u00e9n<\/em>)<\/p>\n\n\n\n<p>Aki R\u00f3m\u00e1ban j\u00e1r, l\u00e9pten-nyomon a m\u00falt, a jelen \u00e9s a j\u00f6v\u0151 folyamatos egym\u00e1sra \u00e9p\u00edtkez\u00e9s\u00e9vel tal\u00e1lkozik. R\u00e1csod\u00e1lkozunk egy-egy \u00f3kori kapu\u00edvre, amelyik egy alig n\u00e9h\u00e1ny \u00e9ve \u00e9p\u00fclt, men\u0151 k\u00e1v\u00e9z\u00f3 terasz\u00e1t \u00f6vez\u0151 falba \u00e9kel\u0151dik, megcsod\u00e1ljuk a Szent P\u00e9ter t\u00e9r 17. sz\u00e1zadi gigantikus oszlopsor\u00e1t, \u00e9s a t\u00e9r k\u00f6zep\u00e9n \u00e1ll\u00f3 kilenc m\u00e9ter magas obeliszket, melyet Caligula hozatott Egyiptomb\u00f3l R\u00f3m\u00e1ba, vagy \u00e9ppen elzar\u00e1ndoklunk az \u00f3kori \u00e9p\u00edt\u00e9szet egyik csod\u00e1j\u00e1ba, a Pantheonba, ahol mellesleg a fest\u0151\u00f3ri\u00e1s Raffaello, \u00e9s II. Viktor Em\u00e1nuel kir\u00e1ly is nyugszik.<\/p>\n\n\n\n<p>R\u00f3ma egy \u00e9p\u00fcletekben, k\u00f6vekben manifeszt\u00e1l\u00e1d\u00f3 id\u0151szint\u00e9zis.&nbsp; Folyamatos \u00fajj\u00e1sz\u00fclet\u00e9se azonban k\u00e9z a k\u00e9zben j\u00e1r a pusztul\u00e1ssal, az eny\u00e9szettel. Romokb\u00f3l, t\u00f6red\u00e9kekb\u0151l \u00e1ll \u00f6ssze az a v\u00e1rosk\u00e9p, ami elvar\u00e1zsol minket.<\/p>\n\n\n\n<p>(<a href=\"https:\/\/opus-folyoirat.sk\/?page_id=3553\" data-type=\"link\" data-id=\"https:\/\/opus-folyoirat.sk\/?page_id=3553\">olvass tov\u00e1bb<\/a>)<\/p>\n\n\n\n<hr class=\"wp-block-separator has-alpha-channel-opacity is-style-wide\"\/>\n\n\n\n<p class=\"has-medium-font-size\" style=\"text-transform:uppercase\">Dr. Iv\u00e1nyi M\u00e1rton P\u00e1l<\/p>\n\n\n<div class=\"wp-block-image\">\n<figure class=\"alignright size-full is-resized\"><img loading=\"lazy\" decoding=\"async\" width=\"412\" height=\"499\" src=\"https:\/\/opus-folyoirat.sk\/wp-content\/uploads\/2026\/01\/Ivanyi-Marton.jpeg\" alt=\"\" class=\"wp-image-3550\" style=\"width:226px;height:auto\" srcset=\"https:\/\/opus-folyoirat.sk\/wp-content\/uploads\/2026\/01\/Ivanyi-Marton.jpeg 412w, https:\/\/opus-folyoirat.sk\/wp-content\/uploads\/2026\/01\/Ivanyi-Marton-248x300.jpeg 248w\" sizes=\"auto, (max-width: 412px) 100vw, 412px\" \/><\/figure><\/div>\n\n\n<p><strong>Az ingov\u00e1ny szil\u00e1rds\u00e1ga<\/strong><\/p>\n\n\n\n<p><em>(A l\u00e1p, mint a nemzeti megmarad\u00e1s let\u00e9tem\u00e9nye \u00e9s term\u00e9szeti \u00e9rt\u00e9k a 20. sz\u00e1zadi magyar t\u00f6rt\u00e9nelmi reg\u00e9nyek t\u00fckr\u00e9ben)<\/em><\/p>\n\n\n\n<p>Mik\u00f6zben a mocs\u00e1r, az ingov\u00e1ny vagy a posv\u00e1ny szavakhoz \u00e9s fogalmakhoz alapvet\u0151en gyakran f\u0171z\u00fcnk el\u00edt\u00e9l\u0151 eszm\u00e9ket \u00e9s k\u00e9pzeteket, al\u00e1bb arra mutatunk r\u00e1, hogy egyes huszadik sz\u00e1zadi alkot\u00e1sok t\u00fckr\u00e9ben mindezek felbecs\u00fclhetetlen t\u00f6rt\u00e9nelmi \u00e9s term\u00e9szeti \u00e9rt\u00e9kk\u00e9nt jelennek meg. Ugyanis a sz\u00e9p\u00edr\u00f3i eml\u00e9kezetben a t\u00f6rt\u00e9nelmi kih\u00edv\u00e1sok k\u00f6zepette a megmarad\u00e1s els\u0151 sz\u00e1m\u00fa sz\u00ednter\u00e9v\u00e9 l\u00e9p el\u0151 a l\u00e1pok, n\u00e1dasok, berkek \u00e1thatolhatatlan vil\u00e1ga, id\u0151nk\u00e9nt mostoha, id\u0151nk\u00e9nt k\u00e1pr\u00e1zatos adotts\u00e1gaival, mened\u00e9kk\u00e9nt elevenedve meg a k\u00edm\u00e9letlen korszakok t\u00f6rt\u00e9nelmi tabl\u00f3in.<\/p>\n\n\n\n<p>(<a href=\"https:\/\/opus-folyoirat.sk\/?page_id=3547\" data-type=\"link\" data-id=\"https:\/\/opus-folyoirat.sk\/?page_id=3547\">olvass tov\u00e1bb<\/a>)<\/p>\n\n\n\n<hr class=\"wp-block-separator has-alpha-channel-opacity is-style-wide\"\/>\n\n\n\n<p class=\"has-medium-font-size\" style=\"text-transform:uppercase\">Tam\u00e1si Orosz J\u00e1nos<\/p>\n\n\n\n<div class=\"wp-block-group is-vertical is-layout-flex wp-container-core-group-is-layout-8cf370e7 wp-block-group-is-layout-flex\">\n<h1 class=\"wp-block-heading\"><br>\u201e\u2026mintha valaki kit\u00f6r\u00f6lte volna az eml\u00e9keimet\u2026\u201d<\/h1>\n\n\n\n<p id=\"block-f29108f1-1b7b-49f9-9c43-b9ff158ab31a\"><em>Reg\u00e1l. T\u0171n\u0151d\u00e9s B\u00f6sz\u00f6rm\u00e9nyi Zolt\u00e1n l\u00e1gerreg\u00e9nye f\u00f6l\u00f6tt<\/em><\/p>\n<\/div>\n\n\n\n<p id=\"block-d0d065b1-616a-4579-ba69-e5a1a4f4d45a\">A magyar irodalom egyed\u00fcl\u00e1ll\u00f3, modern l\u00e1gerreg\u00e9nye, m\u0171fajteremt\u0151 k\u00f6nyv, olvasom <em>B\u00f6sz\u00f6rm\u00e9nyi Zolt\u00e1n<\/em> sikeres m\u0171v\u00e9nek (<em>Reg\u00e1l<\/em>) h\u00e1ts\u00f3 bor\u00edt\u00f3j\u00e1n, a f\u00fclsz\u00f6vegben, \u00e9s azonnal ellenkezni t\u00e1madt kedvem. No, nem a konkr\u00e9t munk\u00e1val, hiszen t\u00f6bb j\u00f3 kritik\u00e1t is kapott m\u00e1r, azokat nincs okom megk\u00e9rd\u0151jelezni, gyorsolvas\u00e1s ut\u00e1n sem, \u00e1m miel\u0151tt m\u00e9lyebben elmer\u00fcln\u00e9k textusaiban, ez a meghat\u00e1roz\u00e1s zavarba ejtett. Egyed\u00fcl\u00e1ll\u00f3? Nagy baj lenne, ha \u00edgy gondoln\u00e1nk, hiszen a munka alapvet\u00e9se az a sokezer \u00e9ve l\u00e9tez\u0151 szemben\u00e9z\u00e9s, ami az identit\u00e1sa teljess\u00e9g\u00e9t keres\u0151 ember bels\u0151 k\u00fczdelmeib\u0151l fakad. Elfogadni a sorsot, \u00e9s csak le\u00e9lni az \u00e9letet, annak sz\u00fcrkes\u00e9g\u00e9b\u0151l, sokszori sz\u00e1mkivetetts\u00e9g\u00e9b\u0151l, az al\u00e1- \u00e9s f\u00f6l\u00e9rendelts\u00e9gi viszonyokb\u00f3l nem kiv\u00e1l\u00e1st keresni, hanem elvegy\u00fclni abban, okozzon is ez b\u00e1rmekkora f\u00e1jdalmat, keser\u0171s\u00e9get, nos, nem err\u0151l sz\u00f3l a vil\u00e1girodalom z\u00f6me? K\u00e9rdezem ezt, an\u00e9lk\u00fcl, hogy \u00edr\u00f3kat, m\u0171veket, utal\u00e1sokat keresn\u00e9k; de h\u00e1t kezdhetn\u00e9m \u2013 messze nem a sor elej\u00e9n \u2013 az \u00e9vezredek sor\u00e1n sz\u00e9pirodalomm\u00e1 v\u00e1lt <em>Thuk\u00fcdid\u00e9sz<\/em>n\u00e9l (l\u00e1sd a tal\u00e1n soha el nem avul\u00f3 <em>m\u00e9loszi dial\u00f3gus<\/em>t \u2013 t\u00f6bbek k\u00f6zt \u2013 az elnyom\u00f3 \u00e9s elnyomott polg\u00e1rok viszony\u00e1r\u00f3l; \u00e9s a hivatkoz\u00e1sok sz\u00e1ma kort\u00e1rsainkig terjedhetne, sok-sok ezer m\u00e9g ismert \u00e9s m\u00e1r elfeledett munka f\u00f6lemleget\u00e9s\u00e9vel.&nbsp;<\/p>\n\n\n\n<figure class=\"wp-block-image\" id=\"block-fb5ad0a3-74d5-4229-b3c9-b18ca37387a3\"><img decoding=\"async\" src=\"https:\/\/opus-folyoirat.sk\/wp-content\/uploads\/2025\/12\/Boszormenyi-Zoltan-Regal_Moment_edited-1024x576.jpeg\" alt=\"A k\u00e9phez tartoz\u00f3 alt jellemz\u0151 \u00fcres; Boszormenyi-Zoltan-Regal_Moment_edited-1024x576.jpeg a f\u00e1jln\u00e9v\"\/><\/figure>\n\n\n\n<p id=\"block-5ac03198-014b-4c7a-babe-4aeab420fba6\"><\/p>\n\n\n\n<p>(<a href=\"https:\/\/opus-folyoirat.sk\/?page_id=3404\" data-type=\"link\" data-id=\"https:\/\/opus-folyoirat.sk\/?page_id=3404\">olvass tov\u00e1bb<\/a>)<\/p>\n\n\n\n<hr class=\"wp-block-separator has-alpha-channel-opacity is-style-wide\"\/>\n\n\n\n<p class=\"has-medium-font-size\">T\u00f3th L\u00e1szl\u00f3 <\/p>\n\n\n<div class=\"wp-block-image\">\n<figure class=\"alignright size-large is-resized\"><img loading=\"lazy\" decoding=\"async\" width=\"1024\" height=\"682\" src=\"http:\/\/opus-folyoirat.sk\/wp-content\/uploads\/2023\/11\/01_TothLaszlo-1024x682.jpg\" alt=\"\" class=\"wp-image-992\" style=\"width:219px;height:auto\" srcset=\"https:\/\/opus-folyoirat.sk\/wp-content\/uploads\/2023\/11\/01_TothLaszlo-1024x682.jpg 1024w, https:\/\/opus-folyoirat.sk\/wp-content\/uploads\/2023\/11\/01_TothLaszlo-300x200.jpg 300w, https:\/\/opus-folyoirat.sk\/wp-content\/uploads\/2023\/11\/01_TothLaszlo-768x512.jpg 768w, https:\/\/opus-folyoirat.sk\/wp-content\/uploads\/2023\/11\/01_TothLaszlo-1536x1024.jpg 1536w, https:\/\/opus-folyoirat.sk\/wp-content\/uploads\/2023\/11\/01_TothLaszlo-2048x1365.jpg 2048w, https:\/\/opus-folyoirat.sk\/wp-content\/uploads\/2023\/11\/01_TothLaszlo-450x300.jpg 450w\" sizes=\"auto, (max-width: 1024px) 100vw, 1024px\" \/><\/figure><\/div>\n\n\n<p><strong>Irodalom \u00e9s eml\u00e9kezet<\/strong><br><br>Ha j\u00f3l eml\u00e9kszem, a szlov\u00e1kiai magyar irodalomban els\u0151 \u00edzben \u2013 vagy els\u0151k k\u00f6z\u00f6tt \u2013 M\u00e9sz\u00e1ros K\u00e1roly vetette f\u00f6l az \u00edr\u00f3i-irodalmi hagyat\u00e9kok meg\u0151rz\u00e9s\u00e9nek, felt\u00e1r\u00e1s\u00e1nak-feldolgoz\u00e1s\u00e1nak-gondoz\u00e1s\u00e1nak k\u00e9rd\u00e9s\u00e9t a Szabad F\u00f6ldm\u0171vesben m\u00e9g 1989-ben megjelent, <em>Irodalmunk halottai<\/em> c\u00edm\u0171, \u00e1m a novemberi fordulat miatt torz\u00f3ban maradt sorozat\u00e1ban. \u0150t id\u00e9zn\u00e9m most: \u201eIrodalmunk nagykor\u00fas\u00e1g\u00e1t a halottai is jelzik. Az \u00e9l\u0151knek k\u00f6teless\u00e9geik vannak a halottakkal szemben. T\u0151l\u00fcnk \u00e9s adott lehet\u0151s\u00e9geinkt\u0151l f\u00fcgg, milyen helyet foglalnak el irodalmunkban. [\u2026] Tapasztalatom, hogy n\u00e1lunk nem alakultak ki azok a form\u00e1k, melyek az irodalmi hagyat\u00e9kok tudatos feldolgoz\u00e1s\u00e1ra voln\u00e1nak hivatottak, \u00edgy esetleges minden.\u201d<\/p>\n\n\n\n<p>(<a href=\"https:\/\/opus-folyoirat.sk\/?page_id=3167\">olvass tov\u00e1bb<\/a>)<\/p>\n\n\n\n<hr class=\"wp-block-separator has-alpha-channel-opacity is-style-wide\"\/>\n\n\n\n<p class=\"has-medium-font-size\">Nagy Dorottya<\/p>\n\n\n\n<div class=\"wp-block-group is-vertical is-layout-flex wp-container-core-group-is-layout-8cf370e7 wp-block-group-is-layout-flex\">\n<p><strong>Visszat\u00e9r\u00e9s elfeledett \u00e1rtatlans\u00e1gunkhoz<\/strong><\/p>\n\n\n\n<p><em>Hajnal \u00c9va \u201caz a nap\u201d c\u00edm\u0171 versesk\u00f6tet\u00e9r\u0151l<\/em><\/p>\n<\/div>\n\n\n<div class=\"wp-block-image\">\n<figure class=\"alignright size-large is-resized\"><img loading=\"lazy\" decoding=\"async\" width=\"1024\" height=\"818\" src=\"https:\/\/opus-folyoirat.sk\/wp-content\/uploads\/2025\/11\/NagyDorottya-1024x818.jpg\" alt=\"\" class=\"wp-image-3158\" style=\"width:220px;height:auto\" srcset=\"https:\/\/opus-folyoirat.sk\/wp-content\/uploads\/2025\/11\/NagyDorottya-1024x818.jpg 1024w, https:\/\/opus-folyoirat.sk\/wp-content\/uploads\/2025\/11\/NagyDorottya-300x240.jpg 300w, https:\/\/opus-folyoirat.sk\/wp-content\/uploads\/2025\/11\/NagyDorottya-768x614.jpg 768w, https:\/\/opus-folyoirat.sk\/wp-content\/uploads\/2025\/11\/NagyDorottya-1536x1227.jpg 1536w, https:\/\/opus-folyoirat.sk\/wp-content\/uploads\/2025\/11\/NagyDorottya-375x300.jpg 375w, https:\/\/opus-folyoirat.sk\/wp-content\/uploads\/2025\/11\/NagyDorottya.jpg 1712w\" sizes=\"auto, (max-width: 1024px) 100vw, 1024px\" \/><\/figure><\/div>\n\n\n<p>Hajnal \u00c9va, a Litera-T\u00fara M\u0171v\u00e9szeti Magazin tulajdonos-f\u0151szerkeszt\u0151je, a p\u00e9csi irodalmi \u00e9let egyik f\u0151 z\u00e1szl\u00f3viv\u0151je, a f\u00e1radhatatlan tehets\u00e9ggondoz\u00f3 id\u00e9n \u0151sszel \u00faj versesk\u00f6tettel jelentkezett.&nbsp;<\/p>\n\n\n\n<p><em>\u201cmintha \/ szakadt koszos zoknit babr\u00e1l\u00f3 \/ mormol\u00f3 kisl\u00e1ny volna az a szerda \/ amikor meglopt\u00e1l\u201d -\u00edgy sz\u00f3l a c\u00edmad\u00f3 vers besz\u00e9l\u0151je. <\/em>Komoly jelent\u0151s\u00e9ge van, hogy ez a vers hordozza a c\u00edmet, hiszen a sebezhet\u0151, tiszta, na\u00edv kisl\u00e1ny finom hangja bej\u00e1rja az eg\u00e9sz k\u00f6nyvet. Hajnal \u00c9va \u00f6t\u00f6dik versesk\u00f6tete az \u201caz a nap\u201d egyfajta allegorikus visszat\u00e9r\u00e9s r\u00e9gi, elfeledett \u00e1rtatlans\u00e1gunkhoz.<\/p>\n\n\n\n<p><br>(<a href=\"https:\/\/opus-folyoirat.sk\/?page_id=3155\">olvass tov\u00e1bb<\/a>)<em><br><\/em><\/p>\n\n\n\n<hr class=\"wp-block-separator has-alpha-channel-opacity is-style-wide\"\/>\n\n\n\n<p class=\"has-medium-font-size\">H\u00f6rcher Eszter<\/p>\n\n\n<div class=\"wp-block-image\">\n<figure class=\"alignright size-large is-resized\"><img loading=\"lazy\" decoding=\"async\" width=\"735\" height=\"1024\" src=\"https:\/\/opus-folyoirat.sk\/wp-content\/uploads\/2025\/11\/HorcherEszter-735x1024.jpg\" alt=\"\" class=\"wp-image-3152\" style=\"width:154px;height:auto\" srcset=\"https:\/\/opus-folyoirat.sk\/wp-content\/uploads\/2025\/11\/HorcherEszter-735x1024.jpg 735w, https:\/\/opus-folyoirat.sk\/wp-content\/uploads\/2025\/11\/HorcherEszter-215x300.jpg 215w, https:\/\/opus-folyoirat.sk\/wp-content\/uploads\/2025\/11\/HorcherEszter-768x1070.jpg 768w, https:\/\/opus-folyoirat.sk\/wp-content\/uploads\/2025\/11\/HorcherEszter-1103x1536.jpg 1103w, https:\/\/opus-folyoirat.sk\/wp-content\/uploads\/2025\/11\/HorcherEszter.jpg 1470w\" sizes=\"auto, (max-width: 735px) 100vw, 735px\" \/><\/figure><\/div>\n\n\n<div class=\"wp-block-group is-vertical is-layout-flex wp-container-core-group-is-layout-8cf370e7 wp-block-group-is-layout-flex\">\n<p><strong>P\u00e1rhuzamos kitekint\u00e9sek<\/strong><\/p>\n\n\n\n<p><em>(Olga Tokarczuk: <\/em>Bizarr t\u00f6rt\u00e9netek<em> \u00e9s Buv\u00e1ri Tam\u00e1s: <\/em>Nekem te vagy<em> c\u00edm\u0171 m\u0171veinek \u00f6sszehasonl\u00edt\u00f3 elemz\u00e9se)&nbsp;<\/em><\/p>\n<\/div>\n\n\n\n<p><br>Buv\u00e1ri Tam\u00e1s \u00e9s Olga Tokarczuk <em>Nekem te vagy<\/em> (2019) \u00e9s a <em>Bizarr t\u00f6rt\u00e9netek<\/em> (2019) c\u00edm\u0171 m\u0171veiben a j\u00f6v\u0151 \u00e9s a jelen kapcsol\u00f3d\u00e1si pontjain \u00e1t term\u00e9szettudom\u00e1nyos, genetikai vonatkoz\u00e1s\u00fa jegyek jelennek meg, kieg\u00e9sz\u00fclve t\u00e1rsadalmi, tudom\u00e1nyos \u00e9s vall\u00e1si elemekkel, n\u00e9z\u0151pontokkal. Mindk\u00e9t szerz\u0151 az \u00e9let megk\u00f6zel\u00edt\u00e9s\u00e9t a tudom\u00e1ny \u00e9s a mindennapok \u00f6sszj\u00e1t\u00e9k\u00e1ban v\u00e1zolja.&nbsp;<\/p>\n\n\n\n<p><br>(<a href=\"https:\/\/opus-folyoirat.sk\/?page_id=3149\" data-type=\"link\" data-id=\"https:\/\/opus-folyoirat.sk\/?page_id=3149\">olvass tov\u00e1bb<\/a>)<\/p>\n\n\n\n<p><\/p>\n\n\n\n<hr class=\"wp-block-separator has-alpha-channel-opacity is-style-wide\"\/>\n\n\n\n<p class=\"has-medium-font-size\">L\u00e9vai Katalin<\/p>\n\n\n\n<div class=\"wp-block-group is-vertical is-layout-flex wp-container-core-group-is-layout-8cf370e7 wp-block-group-is-layout-flex\">\n<p><strong>Sorsv\u00e1laszt\u00e1sok<\/strong><\/p>\n\n\n\n<p><em>(Gondolatok Kr\u00fady Gyul\u00e1r\u00f3l \u00e9s Victor Frankl osztr\u00e1k pszichi\u00e1terr\u0151l)<\/em><\/p>\n<\/div>\n\n\n<div class=\"wp-block-image\">\n<figure class=\"alignright size-full is-resized\"><img loading=\"lazy\" decoding=\"async\" width=\"768\" height=\"720\" src=\"https:\/\/opus-folyoirat.sk\/wp-content\/uploads\/2025\/11\/Levai.jpeg\" alt=\"\" class=\"wp-image-3147\" style=\"width:204px;height:auto\" srcset=\"https:\/\/opus-folyoirat.sk\/wp-content\/uploads\/2025\/11\/Levai.jpeg 768w, https:\/\/opus-folyoirat.sk\/wp-content\/uploads\/2025\/11\/Levai-300x281.jpeg 300w, https:\/\/opus-folyoirat.sk\/wp-content\/uploads\/2025\/11\/Levai-320x300.jpeg 320w\" sizes=\"auto, (max-width: 768px) 100vw, 768px\" \/><\/figure><\/div>\n\n\n<p>Kr\u00fady Gyula nemcsak nagy \u00edr\u00f3, hanem nagy pszichol\u00f3gus is volt. Bizonyos \u00e9rtelemben Victor Frankl osztr\u00e1k pszichi\u00e1ter szellemi rokona. M\u0171veiket olvasva gyakran az az \u00e9rz\u00e9sem, hogy \u00e9letelveik \u00f6sszecsengenek, m\u00e9g ha \u00e9letvitel\u00fck gy\u00f6keresen elt\u00e9r\u0151, egym\u00e1s\u00e9ihoz semmilyen m\u00f3don nem hasonl\u00edthat\u00f3 is volt. Mondanom sem kell, hogy soha nem tal\u00e1lkoztak, m\u00e9g csak nem is hallottak egym\u00e1sr\u00f3l, m\u00e9gis j\u00f3l meg\u00e9rtett\u00e9k volna egym\u00e1st, ha egyszer egy asztalhoz \u00fclnek valamely pesti kiskocsm\u00e1ban.&nbsp;<\/p>\n\n\n\n<p>(<a href=\"https:\/\/opus-folyoirat.sk\/?page_id=3144\" data-type=\"link\" data-id=\"https:\/\/opus-folyoirat.sk\/?page_id=3144\">olvass tov\u00e1bb<\/a>)<\/p>\n\n\n\n<hr class=\"wp-block-separator has-alpha-channel-opacity is-style-wide\"\/>\n\n\n\n<div class=\"wp-block-group is-vertical is-layout-flex wp-container-core-group-is-layout-8cf370e7 wp-block-group-is-layout-flex\">\n<p class=\"has-medium-font-size\" style=\"text-transform:uppercase\">Tam\u00e1si Orosz J\u00e1nos<br><\/p>\n\n\n\n<p class=\"has-medium-font-size\"><strong>\u201e\u2026az utols\u00f3 ki nem mondott mondat\u2026\u201d<\/strong><\/p>\n\n\n\n<p><em>B\u00f6r\u00f6ndi Lajos: Megfesz\u00edtve. \u00daj versek.<\/em><\/p>\n\n\n\n<p><\/p>\n<\/div>\n\n\n<figure class=\"wp-block-post-featured-image\"><img loading=\"lazy\" decoding=\"async\" width=\"650\" height=\"950\" src=\"https:\/\/opus-folyoirat.sk\/wp-content\/uploads\/2025\/08\/K3001092752-1.jpeg\" class=\"attachment-full size-full wp-post-image\" alt=\"\" style=\"object-fit:cover;\" srcset=\"https:\/\/opus-folyoirat.sk\/wp-content\/uploads\/2025\/08\/K3001092752-1.jpeg 650w, https:\/\/opus-folyoirat.sk\/wp-content\/uploads\/2025\/08\/K3001092752-1-205x300.jpeg 205w\" sizes=\"auto, (max-width: 650px) 100vw, 650px\" \/><\/figure>\n\n\n<p>A sz\u00e9p k\u00f6nyvek, avagy ink\u00e1bb a k\u00f6nyvk\u00e9sz\u00edt\u00e9s r\u00e9gebbi technik\u00e1inak vil\u00e1g\u00e1ban kev\u00e9sb\u00e9 j\u00e1ratosak el\u0151sz\u00f6r azt \u00e9rzik: eleg\u00e1ns, finom hangulat\u00fa, nyugalmat \u00e1raszt\u00f3 k\u00f6tet simul ujjaik k\u00f6z\u00e9. Aki viszont ritk\u00e1n l\u00e1tott ismer\u0151sk\u00e9nt fogadja a jap\u00e1n hajt\u00e1ssal k\u00e9sz\u00fclt (nagyon v\u00e1jtf\u00fcl\u0171eknek mondva: fukuro todzsi) k\u00e9zm\u0171ves munk\u00e1kat a k\u00f6nyvespolcokon, az r\u00f6gt\u00f6n a felv\u00e1gatlan lapok k\u00f6z\u00e9 kukucsk\u00e1l: rejtett-e oda valamit, rajzot, grafik\u00e1t, vagy m\u00e1sf\u00e9le \u00fczenetet a szerz\u0151, <em>B\u00f6r\u00f6ndi Lajos<\/em>? K\u00f6tete (<em>Megfesz\u00edtve, 2024<\/em>) ugyanis e technik\u00e1val k\u00e9sz\u00fclt, m\u00e9g a v\u00e1lasztott pap\u00edr is szinte megk\u00f6zel\u00edti ama r\u00e9gi mer\u00edtett famentes puhas\u00e1g\u00e1t \u2013 s a m\u00f3dszerre ugyan, eredetileg, nem jellemz\u0151 az oldalak nem l\u00e1that\u00f3 h\u00e1tlapj\u00e1nak kihaszn\u00e1l\u00e1sa, \u00e1m k\u00e9sz\u00fcltek m\u00e1r ilyen m\u00f3don is kiadv\u00e1nyok, legink\u00e1bb a bibliofil munk\u00e1k kedvel\u0151inek. Mindezt csak az\u00e9rt eml\u00edtem, ennyire apr\u00f3l\u00e9kosan, szinte fecsegve, hogy elandal\u00edtsam az olvas\u00f3t, vagy ak\u00e1r felk\u00e9sz\u00edtsem arra, hogy a k\u00f6nyv\u00e9szeti-tipogr\u00e1fiai megjelen\u00e9s eleganci\u00e1t, l\u00e1gys\u00e1got sug\u00e1rz\u00f3 nyugalma m\u00e9g a lapok \u00e1tp\u00f6rget\u00e9se el\u0151tt sz\u00e9tfoszlik benn\u00fcnk \u2013 el\u00e9g ehhez a c\u00edmlapgrafik\u00e1ra (<em>L\u00e9phaft P\u00e1l<\/em> munk\u00e1ja) pillantanunk.<\/p>\n\n\n\n<p><\/p>\n\n\n\n<p>(<a href=\"https:\/\/opus-folyoirat.sk\/?page_id=2445\" data-type=\"page\" data-id=\"2445\">olvass tov\u00e1bb<\/a>)<br><\/p>\n\n\n\n<hr class=\"wp-block-separator has-alpha-channel-opacity is-style-wide\"\/>\n\n\n\n<p class=\"has-medium-font-size\" style=\"text-transform:uppercase\">Tam\u00e1si Orosz J\u00e1nos<\/p>\n\n\n\n<div class=\"wp-block-group is-vertical is-layout-flex wp-container-core-group-is-layout-8cf370e7 wp-block-group-is-layout-flex\">\n<p class=\"has-medium-font-size\"><strong>\u201e\u2026redurchmarsra nincs megb\u00edzhat\u00f3 tan\u00fa\u2026\u201d<\/strong><\/p>\n\n\n\n<p><em>\u00c1d\u00e1m Tam\u00e1s ballad\u00e1s szonettreg\u00e9ny\u00e9r\u0151l<\/em><\/p>\n<\/div>\n\n\n\n<div class=\"wp-block-media-text has-media-on-the-right is-stacked-on-mobile is-vertically-aligned-top\" style=\"grid-template-columns:auto 32%\"><div class=\"wp-block-media-text__content\">\n<p><em>\u00c1d\u00e1m Tam\u00e1s<\/em>ban nem tud megpihenni a k\u00f6lt\u0151. Mondom ezt amiatt, mert \u00faj k\u00f6tete l\u00e9nyeg\u00e9ben utaz\u00e1sok, tal\u00e1lkoz\u00e1sok, pillanatok, de els\u0151sorban m\u00e1mor\u00edt\u00f3 eml\u00e9kek lenyomatainak gy\u0171jtem\u00e9nye. Kicsit olyan, hogy azonnal egy t\u00e1voli asszoci\u00e1ci\u00f3val kezdjem, mint a Boschba \u00e9s Brueghelbe oltott Bansky, m\u00e1rmint korunk nagy ismeretlenj\u00e9nek kidolgozottabb munk\u00e1ira (Devolved Parliament, Keep it Spotless, Love Is In The Air, Barcode Leopard, Show me the Monet, stb, stb&#8230;) gondolva, no de m\u00e1ris \u00f6nellentmond\u00e1sba keveredtem, hiszen Banskyt tal\u00e1n \u00e9pp a (c\u00edmeket m\u00e1r mell\u0151zn\u00e9m) n\u00e9h\u00e1ny vonallal, p\u00e1r perc alatt falra \u201eskiccelt\u201d rezign\u00e1ltan szomor\u00fa \u201ebonmot-karikat\u00far\u00e1k\u201d tett\u00e9k s tartj\u00e1k naggy\u00e1, nem a gal\u00e9ri\u00e1k milli\u00f3kra taks\u00e1lt \u201eBansky-bizniszei\u201d (Amire persze \u0151 is csattan\u00f3s v\u00e1laszt adott, ama elh\u00edres\u00fclt \u2013 az aukci\u00f3 k\u00f6zben bez\u00fazott \u2013 \u00e1rver\u00e9si jelenettel.)&nbsp;<\/p>\n\n\n\n<p>(<a href=\"https:\/\/opus-folyoirat.sk\/?page_id=2375\" data-type=\"page\" data-id=\"2375\">Olvass tov\u00e1bb<\/a>)<\/p>\n<\/div><figure class=\"wp-block-media-text__media\"><img loading=\"lazy\" decoding=\"async\" width=\"717\" height=\"1024\" src=\"https:\/\/opus-folyoirat.sk\/wp-content\/uploads\/2025\/08\/Adam-Tamasban2-717x1024.jpeg\" alt=\"\" class=\"wp-image-2379 size-full\" srcset=\"https:\/\/opus-folyoirat.sk\/wp-content\/uploads\/2025\/08\/Adam-Tamasban2-717x1024.jpeg 717w, https:\/\/opus-folyoirat.sk\/wp-content\/uploads\/2025\/08\/Adam-Tamasban2-210x300.jpeg 210w, https:\/\/opus-folyoirat.sk\/wp-content\/uploads\/2025\/08\/Adam-Tamasban2-768x1096.jpeg 768w, https:\/\/opus-folyoirat.sk\/wp-content\/uploads\/2025\/08\/Adam-Tamasban2-1076x1536.jpeg 1076w, https:\/\/opus-folyoirat.sk\/wp-content\/uploads\/2025\/08\/Adam-Tamasban2.jpeg 1300w\" sizes=\"auto, (max-width: 717px) 100vw, 717px\" \/><\/figure><\/div>\n\n\n\n<p><br><br><\/p>\n\n\n\n<hr class=\"wp-block-separator has-alpha-channel-opacity is-style-wide\"\/>\n\n\n\n<p class=\"has-medium-font-size\" style=\"text-transform:uppercase\">Tam\u00e1si Orosz J\u00e1nos<\/p>\n\n\n\n<div class=\"wp-block-group is-vertical is-layout-flex wp-container-core-group-is-layout-8cf370e7 wp-block-group-is-layout-flex\">\n<h1 class=\"wp-block-heading\"><br>\u201e\u2026a k\u00f6r\u00fclm\u00e9nyek megint nem t\u00fal j\u00f3k\u2026\u201d<\/h1>\n\n\n\n<p id=\"block-7e4714c9-60f2-4bec-b99a-c8e75e81c8ad\"><em>Boldogh Dezs\u0151 karm\u00e1ja viszont \u00edg\u00e9retes<\/em><\/p>\n<\/div>\n\n\n<div class=\"wp-block-image\">\n<figure class=\"alignleft size-full is-resized\"><img loading=\"lazy\" decoding=\"async\" width=\"525\" height=\"525\" src=\"https:\/\/opus-folyoirat.sk\/wp-content\/uploads\/2025\/12\/dsc_2194-1.jpeg\" alt=\"\" class=\"wp-image-3402\" style=\"width:221px;height:auto\" srcset=\"https:\/\/opus-folyoirat.sk\/wp-content\/uploads\/2025\/12\/dsc_2194-1.jpeg 525w, https:\/\/opus-folyoirat.sk\/wp-content\/uploads\/2025\/12\/dsc_2194-1-300x300.jpeg 300w, https:\/\/opus-folyoirat.sk\/wp-content\/uploads\/2025\/12\/dsc_2194-1-150x150.jpeg 150w\" sizes=\"auto, (max-width: 525px) 100vw, 525px\" \/><\/figure><\/div>\n\n\n<p id=\"block-fa1406c6-9969-4c67-bd3b-3468a299beb5\">Sok \u00e9ve, megboldogult lapszerkeszt\u0151 koromban f\u0151szerk-utas\u00edt\u00e1st k\u00f6vetve zabol\u00e1t pr\u00f3b\u00e1ltam k\u00f6tni \u00e1lland\u00f3 sz\u00ednikritikusunk toll\u00e1ra, mondv\u00e1n, ragaszkodjon \u2013 ha teheti \u2013 a megbesz\u00e9lt karaktersz\u00e1mokhoz. Mert h\u00e1t f\u0151szerkeszt\u0151t\u0151l t\u00f6rdel\u0151ig mindenki szereti, kiv\u00e1ltk\u00e9pp printesetben \u2013 s tal\u00e1n m\u00e9g az olvas\u00f3 is \u2013 ha egy adott t\u00e9ma a lap oldal\u00e1nak \u00e1lland\u00f3 hely\u00e9n tal\u00e1lhat\u00f3, megszabott terjedelemben, s nem ny\u00falik bele a hirdet\u00e9seknek fenntartott keretbe. A k\u00e9r\u00e9st nem nagy \u00f6r\u00f6mmel k\u00f6zvet\u00edtettem, mert szinte el\u0151re tudtam (hasonl\u00f3k\u00e9pp \u00e9rezve) a neves kritikus v\u00e1lasz\u00e1t: mindenr\u0151l annyit \u00edrok, amennyi van benne. Na most, k\u00e9rdik azonnal, a c\u00edmet olvasva, hogy mik\u00e9nt j\u00f6n ez ide, <em>Boldogh<\/em> <em>Dezs\u0151<\/em> r\u00f6vidpr\u00f3z\u00e1kat tartalmaz\u00f3 k\u00f6nyve (<em>N. feljegyz\u00e9sei<\/em>) kapcs\u00e1n? A v\u00e1lasz egyszerre evidens \u00e9s komplex: mert valamik\u00e9pp ez \u00f6tl\u00f6tt f\u00f6l bennem els\u0151k\u00e9nt \u2013 annyi m\u00e1s mellett \u2013 a bekezd\u00e9seket olvasva. Az a k\u00e9rd\u00e9s: m\u00e9gis, hogyan d\u00f6nti el itt a szerz\u0151, hogy miben mi van, adott bekezd\u00e9sen bel\u00fcl, s hogyan folytat\u00f3dik, l\u00e1tsz\u00f3lag eg\u00e9szen m\u00e1s megk\u00f6zel\u00edt\u00e9sben, ugyanaz a t\u00f6rt\u00e9net? De h\u00e1t ugyanaz-e a t\u00f6rt\u00e9net? R\u00f6gvest mondom: igen, de m\u00e1r-m\u00e1r brav\u00faros az a filmszer\u0171 v\u00e1g\u00e1si technika, ahogyan a szerz\u0151 egym\u00e1sba folyatja, szerkeszti a t\u00f6bb osztat\u00fa, m\u00e9gis egyazon t\u00f6rt\u00e9netet. Hol szubjekt\u00edv m\u00f3don k\u00f6zel\u00edt a t\u00f6rt\u00e9nethez, hol objekt\u00edv, h\u0171v\u00f6s t\u00e1vols\u00e1gtart\u00e1st k\u00eds\u00e9rel meg, majd megreked a kett\u0151 k\u00f6z\u00f6tt, s v\u00e9g\u00fcl visszav\u00e1lt \u00f6narck\u00e9p-t\u00e1rlatba, \u00e1m egyes sz\u00e1m m\u00e1sodik szem\u00e9lyben. Tr\u00fckk\u00f6s nyugalommal t\u00e1rja \u00edgy el\u00e9nk azt a t\u00fckr\u00f6t, amit magunkban m\u00e1r letakartunk, a <em>halott van az eml\u00e9kezetben<\/em> gesztus\u00e1val, de most f\u00f6llibben a kend\u0151, mondv\u00e1n, igazunk van, de az\u00e9rt n\u00e9zz\u00fcnk csak bele, hogy megtanuljuk: az ism\u00e9tl\u00e9s <em>nem<\/em> <em>mindig<\/em> a tud\u00e1s atyja\u2026<\/p>\n\n\n\n<p>(<a href=\"https:\/\/opus-folyoirat.sk\/?page_id=3396\" data-type=\"link\" data-id=\"https:\/\/opus-folyoirat.sk\/?page_id=3396\">olvass tov\u00e1bb<\/a>)<\/p>\n\n\n\n<hr class=\"wp-block-separator has-alpha-channel-opacity is-style-wide\"\/>\n\n\n\n<div class=\"wp-block-group\"><div class=\"wp-block-group__inner-container is-layout-constrained wp-block-group-is-layout-constrained\">\n<div class=\"wp-block-columns is-layout-flex wp-container-core-columns-is-layout-9d6595d7 wp-block-columns-is-layout-flex\">\n<div class=\"wp-block-column is-layout-flow wp-block-column-is-layout-flow\" style=\"flex-basis:66.66%\">\n<div class=\"wp-block-group is-vertical is-layout-flex wp-container-core-group-is-layout-0abfb586 wp-block-group-is-layout-flex\">\n<p class=\"has-medium-font-size\" style=\"text-transform:uppercase\">dr. Kiss L\u00c1szl\u00f3<\/p>\n\n\n\n<p class=\"has-medium-font-size\"><strong>K\u00f6lcsey Ferenc, ahogy nem ismerj\u00fck<\/strong><\/p>\n\n\n\n<p style=\"font-size:15px\"><em>\u2013 levelei a mesmerizmusr\u00f3l, avagy \u00e1llati m\u00e1gnesess\u00e9gr<\/em><em>\u0151<\/em><em>l<\/em><\/p>\n<\/div>\n\n\n\n<p><\/p>\n<\/div>\n<\/div>\n<\/div><\/div>\n\n\n<div class=\"wp-block-image\">\n<figure class=\"alignleft size-full is-resized\"><img loading=\"lazy\" decoding=\"async\" width=\"364\" height=\"443\" src=\"http:\/\/opus-folyoirat.sk\/wp-content\/uploads\/2025\/09\/dr.-Kiss-L.-portre.jpg\" alt=\"\" class=\"wp-image-2664\" style=\"width:194px;height:auto\" srcset=\"https:\/\/opus-folyoirat.sk\/wp-content\/uploads\/2025\/09\/dr.-Kiss-L.-portre.jpg 364w, https:\/\/opus-folyoirat.sk\/wp-content\/uploads\/2025\/09\/dr.-Kiss-L.-portre-247x300.jpg 247w\" sizes=\"auto, (max-width: 364px) 100vw, 364px\" \/><\/figure><\/div>\n\n\n<p><br>A reformkor el\u0151tti id\u0151szak legismertebb foly\u00f3irata az 1817-t\u0151l megjelen\u0151 Tudom\u00e1nyos Gy\u0171jtem\u00e9ny volt. 1828-ban, a tudom\u00e1ny halad\u00e1sa ir\u00e1nt \u00e9rdekl\u0151d\u0151k az I. k\u00f6tetben figyelemfelkelt\u0151 \u00e9rtekez\u00e9st olvashattak Az \u00e1llati Magnetismus nyomair\u00f3l a r\u00e9gis\u00e9gben c\u00edmmel. Az \u00e9rtekez\u00e9s szerz\u0151je Cselk\u00f6vi-k\u00e9nt \u00edrta mag\u00e1t al\u00e1, keresztn\u00e9v n\u00e9lk\u00fcl. Ilyen nev\u0171\/\u00e1lnev\u0171 \u00edr\u00f3 m\u00e9g nem szerepelt a TGY szerz\u0151i k\u00f6z\u00f6tt. S m\u00e1r most el\u00e1rulhatom, hogy a k\u00e9s\u0151bbi k\u00f6tetekben \u2013 a TGY utols\u00f3 k\u00f6tete 1841-ben jelent meg \u2013 sem tal\u00e1lkozunk Cselk\u00f6vi nev\u00e9vel. S\u0151t, amikor az 1893-ban kiadott Pallas Nagy Lexikona az \u00e1ln\u00e9v c\u00edmsz\u00f3ban felsorolta a hazai irodalomban ismertebb \u00e1lneveket, a Cselk\u00f6vi n\u00e9v nem szerepelt a list\u00e1n.<br><br>(<a href=\"https:\/\/opus-folyoirat.sk\/?page_id=2029\" data-type=\"page\" data-id=\"2029\">olvass tov\u00e1bb<\/a>)<\/p>\n\n\n\n<hr class=\"wp-block-separator has-alpha-channel-opacity is-style-wide\"\/>\n\n\n\n<p class=\"has-medium-font-size\" style=\"text-transform:uppercase\">Tam\u00e1si Orosz J\u00e1nos<\/p>\n\n\n\n<div class=\"wp-block-group is-vertical is-layout-flex wp-container-core-group-is-layout-8cf370e7 wp-block-group-is-layout-flex\">\n<p class=\"has-medium-font-size\"><strong>\u201e\u2026lassan kiolvad a nap\u00fat\u2026\u201d<\/strong><\/p>\n\n\n\n<p id=\"block-624e593d-d00b-48e1-ac15-331131847a34\"><em>B\u00e1nfai Zsolt els\u0151 k\u00f6tet\u00e9r\u0151l<\/em><\/p>\n<\/div>\n\n\n\n<p id=\"block-aee416ae-d65c-46ba-b4fb-aeca6146ffeb\">Els\u0151dleges \u00e9lm\u00e9ny\u00fcnkk\u00e9 a sz\u00f3k\u00e9pfest\u00e9s \u00e1t\u00e9l\u00e9se v\u00e1lik <em>B\u00e1nfai Zsolt <\/em>verseinek olvas\u00e1sa k\u00f6zben. A festm\u00e9nyvil\u00e1g fel\u0151l indulva a hiperrealizmus juthat esz\u00fcnkbe, Lakner, Csernus p\u00e9ld\u00e1ul, ugyanakkor meg\u00e9rezz\u00fck azt a t\u00f6bbletet, amit igaz\u00e1n csak szavakkal lehet\u00fcnk k\u00e9pesek megk\u00f6zel\u00edteni. Nem el\u00e9rni, mert az lehetetlen; \u00f6r\u00f6k igazs\u00e1g, hogy minden alkot\u00f3m\u0171v\u00e9szet alf\u00e1ja \u00e9s \u00f3meg\u00e1ja a szavakon el\u0151tti \u00e9s azokon t\u00fali vil\u00e1g megfejt\u00e9s\u00e9nek k\u00eds\u00e9rlete, az \u00f6sszhang l\u00e9tes\u00edt\u00e9se a bels\u0151 \u00e9s k\u00fcls\u0151 vizualit\u00e1s, a l\u00e1tv\u00e1nyon t\u00fali \u00e9rzelmi k\u00f6t\u0151d\u00e9sek f\u00f6llel\u00e9se, avagy hi\u00e1baval\u00f3s\u00e1ga; ez\u00e9rt nem k\u00f6zhely az, hogy a nagy m\u0171v\u00e9szek majd mindegyike egyszer-egyszer kimondja: nincs t\u00f6k\u00e9letes alkot\u00e1s, nincs befejezett m\u0171; nos, ezt egyszerre c\u00e1folja \u00e9s meger\u0151s\u00edti B\u00e1nfai po\u00e9zise.&nbsp; Tulajdonk\u00e9ppen egyszer\u0171 m\u00f3dszerrel teszi ezt: versei, azok sorai, egyes szavai, noha \u00f6n\u00e1ll\u00f3 eg\u00e9szk\u00e9nt \u00e9rtelmezhet\u0151ek, m\u00e9gis a k\u00f6tet \u00f6sszess\u00e9g\u00e9t n\u00e9zve egy hatalmas pann\u00f3 r\u00e9szletgazdag egys\u00e9gei, a l\u00e9lek s a szellem \u00e1ltal el\u0151h\u00edvott apokaliptikus genezis festm\u00e9nyfotogr\u00e1fi\u00e1j\u00e1nak pixelei; ama bosch-i f\u00f6llelt\u00e1roz\u00e1sa mindama ekfr\u00e1zisos immoralit\u00e1snak, amit majd a k\u00f6tet v\u00e9g\u00e9re a hiperrealizmus eszk\u00f6zt\u00e1ra \u00e9get fresk\u00f3v\u00e1 az olvas\u00f3ba. (Vagy <em>arra<\/em> \u2013 nulladik gy\u00f6ngyk\u00e9nt.) &nbsp;<\/p>\n\n\n\n<figure class=\"wp-block-image\" id=\"block-f601d7ec-f21f-4fa3-b360-483eb331d389\"><img decoding=\"async\" src=\"https:\/\/opus-folyoirat.sk\/wp-content\/uploads\/2025\/12\/fe_800_500_banfaiportre_1.jpeg\" alt=\"A k\u00e9phez tartoz\u00f3 alt jellemz\u0151 \u00fcres; fe_800_500_banfaiportre_1.jpeg a f\u00e1jln\u00e9v\"\/><\/figure>\n\n\n\n<p id=\"block-82a53cbd-e0b1-4aee-a0a8-829f00647754\">(<a href=\"https:\/\/opus-folyoirat.sk\/?page_id=3390\" data-type=\"link\" data-id=\"https:\/\/opus-folyoirat.sk\/?page_id=3390\">olvass tov\u00e1bb<\/a>)<\/p>\n\n\n\n<hr class=\"wp-block-separator has-alpha-channel-opacity is-style-wide\"\/>\n\n\n\n<p class=\"has-medium-font-size\"><br><strong>KOV\u00c1CS JOL\u00c1NKA<\/strong><br><strong>A val\u00f3s\u00e1g falai<\/strong><\/p>\n\n\n<div class=\"wp-block-image\">\n<figure class=\"alignright size-full is-resized\"><img loading=\"lazy\" decoding=\"async\" width=\"615\" height=\"900\" src=\"https:\/\/opus-folyoirat.sk\/wp-content\/uploads\/2025\/02\/Fellinger\u2013Hetpecsetes-szabadulas.jpeg\" alt=\"\" class=\"wp-image-2206\" style=\"width:200px\" srcset=\"https:\/\/opus-folyoirat.sk\/wp-content\/uploads\/2025\/02\/Fellinger\u2013Hetpecsetes-szabadulas.jpeg 615w, https:\/\/opus-folyoirat.sk\/wp-content\/uploads\/2025\/02\/Fellinger\u2013Hetpecsetes-szabadulas-205x300.jpeg 205w\" sizes=\"auto, (max-width: 615px) 100vw, 615px\" \/><\/figure><\/div>\n\n\n<p>Ig\u00e9nyes, sz\u00e9p k\u00f6tet a Fellinger K\u00e1roly 60. sz\u00fclet\u00e9snapja alkalm\u00e1val a dunaszerdahelyi V\u00e1mb\u00e9ry Polg\u00e1ri T\u00e1rsul\u00e1s gondoz\u00e1s\u00e1ban 2023-ban megjelent <em>H\u00e9tpecs\u00e9tes szabadul\u00e1s<\/em>, mely \u00f6sszesen 291 verset tartalmaz, a szerkeszt\u0151, Tam\u00e1si Orosz J\u00e1nos \u00e1ltal tizenegy ciklusba rendezve. Ezek a kiv\u00e1l\u00f3an megszerkesztett ciklusok mindegyike a maga m\u00f3dj\u00e1n \u00e9rdekes \u00e9s figyelemfelkelt\u0151, ak\u00e1r a t\u00e9ma, a hangulat, a gondolati s\u00edk, vagy a pillanatk\u00e9pek, s az \u00e1ltaluk a k\u00f6lt\u0151ben kiv\u00e1ltott \u00e9rzelmek, megl\u00e1t\u00e1sok, asszoci\u00e1ci\u00f3k k\u00f6tik kisebb vagy nagyobb csokorba a verseket \u2013 az \u00e9rdekl\u0151d\u0151 olvas\u00f3 megk\u00f6nnyebb\u00fcl\u00e9s\u00e9re, hisz egy majdnem n\u00e9gysz\u00e1z oldalas versesk\u00f6tet elolvas\u00e1sa val\u00f3ban pr\u00f3b\u00e1ra teszi befogad\u00f3k\u00e9pess\u00e9g\u00e9t. Ha viszont ciklusonk\u00e9nt olvassa el a k\u00f6tetet, ak\u00e1r hosszabb sz\u00fcneteket iktatva is be egyik-m\u00e1sik k\u00f6z\u00f6tt, az olvas\u00f3i \u00e9lm\u00e9ny garant\u00e1lt.&nbsp;<br><br>(<a href=\"https:\/\/opus-folyoirat.sk\/?page_id=2203\" data-type=\"page\" data-id=\"2203\">olvass tov\u00e1bb<\/a>)<\/p>\n\n\n\n<p><\/p>\n\n\n\n<hr class=\"wp-block-separator has-alpha-channel-opacity is-style-wide\"\/>\n\n\n\n<div class=\"wp-block-group is-vertical is-layout-flex wp-container-core-group-is-layout-8cf370e7 wp-block-group-is-layout-flex\">\n<h1 class=\"wp-block-heading has-medium-font-size\" style=\"text-transform:uppercase\">Tam\u00e1si Orosz J\u00e1nos<br><strong>\u201e\u2026isteni hom\u00e1ly vak\u00edt\u00f3 vil\u00e1goss\u00e1g\u00e1ban\u2026\u201d<\/strong><\/h1>\n\n\n\n<p id=\"block-d8dd7455-a004-41be-9844-234728bc725c\"><em>Baka Gy\u00f6rgyi s az \u00c1tmozdul\u00f3 l\u00e9that\u00e1rok&nbsp;<\/em><\/p>\n<\/div>\n\n\n<div class=\"wp-block-image\">\n<figure class=\"alignleft size-full is-resized\"><img loading=\"lazy\" decoding=\"async\" width=\"684\" height=\"912\" src=\"http:\/\/opus-folyoirat.sk\/wp-content\/uploads\/2025\/12\/201502_Portre_Baka_1.jpeg\" alt=\"\" class=\"wp-image-3386\" style=\"width:229px;height:auto\" srcset=\"https:\/\/opus-folyoirat.sk\/wp-content\/uploads\/2025\/12\/201502_Portre_Baka_1.jpeg 684w, https:\/\/opus-folyoirat.sk\/wp-content\/uploads\/2025\/12\/201502_Portre_Baka_1-225x300.jpeg 225w\" sizes=\"auto, (max-width: 684px) 100vw, 684px\" \/><\/figure><\/div>\n\n\n<p id=\"block-f95fc242-41c5-4cc5-952b-a351acdacff1\">Advent \u00fczenete hagyom\u00e1nyosan a bels\u0151 csend fel\u00e9 fordul\u00e1st, a l\u00e9t b\u00e9k\u00e9s \u00f6sszhangj\u00e1nak (vissza)keres\u00e9s\u00e9t, lelk\u00fcnk meger\u0151s\u00edt\u00e9s\u00e9nek heteit k\u00edn\u00e1lja f\u00f6l. S h\u00e1t mindezek el\u00e9r\u00e9s\u00e9t legink\u00e1bb a versek k\u00edn\u00e1lj\u00e1k \u2013 az a k\u00f6lt\u00e9szet, mely szakr\u00e1lis, ezoterikus kiterjeszt\u00e9sekkel k\u00e9pes \u00e1ld\u00e1ssal enyh\u00edteni h\u00e9tk\u00f6znapi szorong\u00e1sainkat. Meg\u00f3v ak\u00e1r m\u00e9g ekkor is, a konzumkar\u00e1csonyok fesz\u00fclt \u201el\u00e9lekszeg\u00e9ny\u00edt\u0151\u201d \u00f6nf\u00e1raszt\u00e1s\u00e1t\u00f3l. Mondhatni, \u00e9pp ez\u00e9rt (is) a legjobb pillanatban \u00e9rkezik a k\u00f6nyvesboltok polcaira <em>Baka<\/em> <em>Gy\u00f6rgyi<\/em> \u00faj (imm\u00e1r tizedik) k\u00f6tete (<em>\u00c1tmozdul\u00f3 l\u00e9that\u00e1rok<\/em>); egy olyan versesk\u00f6nyv, melyet \u2013 ha csak \u00fagy nem, sz\u00f3l a szleng \u2013 utols\u00f3 sor\u00e1\u00e9rt kiv\u00e1ltk\u00e9pp \u00e9rdemes elolvasnunk. Na de nem \u00fagy, hogy most r\u00f6gt\u00f6n odalapozunk \u2013 el kell jutnunk addig a sorig, hogy teljes f\u00e9ny\u00e9ben meg\u00e9rezz\u00fck, engedj\u00fck \u00e1thatolni azt legbens\u0151bb val\u00f3nkig, l\u00e9t\u00fcnk legszem\u00e9lyesebb, tal\u00e1n m\u00e9g el\u0151tt\u00fcnk is ismeretlen tartom\u00e1ny\u00e1ig. Ahol \u201ea m\u00e9lys\u00e9gb\u0151l ki\u00e1lt\u00e1s po\u00e9tik\u00e1ja a l\u00e9tbizalom magaslati alk\u00edmi\u00e1j\u00e1t\u00f3l f\u00e9nyes\u00fcl; az \u00e9rz\u00e9ki vil\u00e1gban-l\u00e9thez a term\u00e9szet eredend\u0151 transzcendenci\u00e1ja csatol kozmikus t\u00e1vlatokat\u201d, \u00edrja a k\u00f6tet r\u00f6vidke elemz\u00e9s\u00e9ben <em>Halmai Tam\u00e1s<\/em>. Pontosan \u00e9s sz\u00e9pen \u2013 ahogyan a csillagok\u2026 &#8211; \u00fagy fogalmazva.&nbsp;<\/p>\n\n\n\n<p>(<a href=\"https:\/\/opus-folyoirat.sk\/?page_id=3384\" data-type=\"link\" data-id=\"https:\/\/opus-folyoirat.sk\/?page_id=3384\">olvass tov\u00e1bb<\/a>)<\/p>\n\n\n\n<hr class=\"wp-block-separator has-alpha-channel-opacity is-style-wide\"\/>\n\n\n\n<p class=\"has-medium-font-size\"><strong>TAM\u00c1SI OROSZ J\u00c1NOS<br>\u201e\u2026el\u00e9g, hogy kimondhatja a szavakat\u2026\u201d<\/strong><\/p>\n\n\n<div class=\"wp-block-image\">\n<figure class=\"alignright size-medium is-resized\"><img loading=\"lazy\" decoding=\"async\" width=\"184\" height=\"300\" src=\"https:\/\/opus-folyoirat.sk\/wp-content\/uploads\/2024\/06\/macskako-184x300.jpeg\" alt=\"\" class=\"wp-image-1287\" style=\"aspect-ratio:3\/4;object-fit:cover;width:200px\" srcset=\"https:\/\/opus-folyoirat.sk\/wp-content\/uploads\/2024\/06\/macskako-184x300.jpeg 184w, https:\/\/opus-folyoirat.sk\/wp-content\/uploads\/2024\/06\/macskako-629x1024.jpeg 629w, https:\/\/opus-folyoirat.sk\/wp-content\/uploads\/2024\/06\/macskako-768x1249.jpeg 768w, https:\/\/opus-folyoirat.sk\/wp-content\/uploads\/2024\/06\/macskako-944x1536.jpeg 944w, https:\/\/opus-folyoirat.sk\/wp-content\/uploads\/2024\/06\/macskako.jpeg 1080w\" sizes=\"auto, (max-width: 184px) 100vw, 184px\" \/><\/figure><\/div>\n\n\n<p><em>\u201eMost m\u00e1r ketten j\u00e1rjuk a macskak\u00f6ves utc\u00e1kat, ha \u00e9ppen tudni akarunk arr\u00f3l, hol tart az emberis\u00e9g. Csak r\u00f6vid ideig b\u00edrjuk a l\u00e1tom\u00e1sokat\u2026\u201d<\/em> \u2013 \u00edrja biblikus ihlet\u00e9s\u0171 \u00e9s ihletetts\u00e9g\u0171 t\u00f6rt\u00e9netei egyik\u00e9ben <em>P\u00f3da Erzs\u00e9bet<\/em>. A karcs\u00fa k\u00f6tet c\u00edmad\u00f3 (<em>Macskak\u0151<\/em>) kisnovell\u00e1j\u00e1ban bukkanhatunk r\u00e1; s a \u201eketten j\u00e1rjuk\u201d szavakat ak\u00e1r megh\u00edv\u00e1sk\u00e9nt (beavat\u00e1sk\u00e9nt) is \u00e9rtelmezhetj\u00fck (noha az adott helyen nem erre utalnak), hiszen a t\u00e1rcanovell\u00e1k kereteit ostroml\u00f3 \u2013 mert t\u00f6bb k\u00f6z\u00fcl\u00fck enn\u00e9l m\u00e9lyebb tartalommal b\u00edr \u2013 t\u00f6rt\u00e9netek egyazon t\u0151r\u0151l fakadnak (f\u00f6l, mint a gy\u00f3gy\u00edthatatlan sebek): az ember \u00e9s az embertelens\u00e9g, a testi gonoszs\u00e1g \u00e9s a l\u00e9lek kilobban\u00e1s\u00e1nak megr\u00e1z\u00f3 \u00e1br\u00e1zol\u00e1s\u00e1b\u00f3l. S az \u00edr\u00f3 a s\u00f6t\u00e9t oldal bej\u00e1r\u00e1s\u00e1ra invit\u00e1lja olvas\u00f3it eme tanuls\u00e1gos utaz\u00e1s st\u00e1ci\u00f3ival. <br><br>(<a href=\"https:\/\/opus-folyoirat.sk\/?page_id=2002\" data-type=\"page\" data-id=\"2002\">olvass tov\u00e1bb<\/a>)<\/p>\n\n\n\n<hr class=\"wp-block-separator has-alpha-channel-opacity is-style-wide\"\/>\n\n\n\n<p class=\"has-medium-font-size\"><strong>KOV\u00c1CS BAL\u00c1ZS<br><strong>Az egyszer\u0171s\u00e9g sz\u00e9ps\u00e9ge<\/strong><\/strong><\/p>\n\n\n\n<p><\/p>\n\n\n<div class=\"wp-block-image\">\n<figure class=\"alignright is-resized\"><img loading=\"lazy\" decoding=\"async\" width=\"683\" height=\"1024\" src=\"http:\/\/opus-folyoirat.sk\/wp-content\/uploads\/2023\/12\/2023-01-25-ravasz-jozsef-05-683x1024.jpeg\" alt=\"\" class=\"wp-image-1060\" style=\"width:171px;height:256px\" srcset=\"https:\/\/opus-folyoirat.sk\/wp-content\/uploads\/2023\/12\/2023-01-25-ravasz-jozsef-05-683x1024.jpeg 683w, https:\/\/opus-folyoirat.sk\/wp-content\/uploads\/2023\/12\/2023-01-25-ravasz-jozsef-05-200x300.jpeg 200w, https:\/\/opus-folyoirat.sk\/wp-content\/uploads\/2023\/12\/2023-01-25-ravasz-jozsef-05-768x1152.jpeg 768w, https:\/\/opus-folyoirat.sk\/wp-content\/uploads\/2023\/12\/2023-01-25-ravasz-jozsef-05-1024x1536.jpeg 1024w, https:\/\/opus-folyoirat.sk\/wp-content\/uploads\/2023\/12\/2023-01-25-ravasz-jozsef-05-1365x2048.jpeg 1365w, https:\/\/opus-folyoirat.sk\/wp-content\/uploads\/2023\/12\/2023-01-25-ravasz-jozsef-05-scaled.jpeg 1707w\" sizes=\"auto, (max-width: 683px) 100vw, 683px\" \/><\/figure><\/div>\n\n\n<p>Ravasz J\u00f3zsefet biztosan sokan ismerik \u2013 ha szem\u00e9lyesen nem is, akkor szerte- \u00e1gaz\u00f3 tev\u00e9kenys\u00e9gei r\u00e9v\u00e9n, hiszen rengeteg politikai, illetve kultur\u00e1lis szervezet alap\u00edt\u00e1s\u00e1ban m\u0171k\u00f6d\u00f6tt k\u00f6zre. A teljess\u00e9g ig\u00e9nye n\u00e9lk\u00fcl, \u0151 a Roma Demokratikus Uni\u00f3 P\u00e1rt t\u00e1rsalap\u00edt\u00f3ja, a D\u00e9li H\u00edrlap, a Polg\u00e1r c\u00edm\u0171 hetilapok alap\u00edt\u00f3 f\u0151szerkeszt\u0151je, a Romol\u00f3giai Kutat\u00f3- \u00e9s M\u00f3dszertani Int\u00e9zet alap\u00edt\u00f3 eln\u00f6ke. Tan\u00e1csad\u00f3k\u00e9nt seg\u00edtette a Dunaszerdahelyi V\u00e1rosi Hivatal munk\u00e1j\u00e1t, az Oktat\u00e1s\u00fcgyi Miniszt\u00e9riumot Szlov\u00e1ki\u00e1ban. Strasbourgban az Eur\u00f3pai Uni\u00f3 Parlamentj\u00e9ben \u00e9vekig \u0151 volt a Rom\u00e1k Eur\u00f3pai F\u00f3rum\u00e1nak szlov\u00e1kiai szak\u00e9rt\u0151je, tov\u00e1bb\u00e1 docens a Szent Erzs\u00e9bet f\u0151iskol\u00e1n, a Csall\u00f3k\u00f6zi Rom\u00e1k N\u00e9prajzi M\u00fazeum\u00e1nak alap\u00edt\u00f3ja. S mind- ezek mellett rengeteg vers \u00e9s tanmese szerz\u0151je, de jelent meg szakirodalmi jel- leg\u0171 k\u00f6nyve a csall\u00f3k\u00f6zi rom\u00e1k identit\u00e1studat\u00e1r\u00f3l, illetve a dunaszerdahelyi pr\u00edm\u00e1sokr\u00f3l \u00e9s zen\u00e9szdinaszti\u00e1kr\u00f3l, p\u00e1r \u00e9ve pedig kiadott egy \u00e9letrajzi reg\u00e9nyt is <em>A csoda \u00e9n magam vagyok <\/em>c\u00edmmel. A most bemutat\u00e1sra ker\u00fcl\u0151 <em>Id<\/em><em>\u0151<\/em><em>k\u00e9plet <\/em>c\u00edm\u0171 versesk\u00f6tet pedig a tizenhatodik \u00f6n\u00e1ll\u00f3 k\u00f6tete.<\/p>\n\n\n\n<p>(<a href=\"https:\/\/opus-folyoirat.sk\/?page_id=2017\" data-type=\"page\" data-id=\"2017\">olvass tov\u00e1bb<\/a>)<\/p>\n\n\n\n<hr class=\"wp-block-separator has-alpha-channel-opacity is-style-wide\"\/>\n\n\n\n<p><\/p>\n\n\n\n<p class=\"has-medium-font-size\"><strong>BALLA D. K\u00c1ROJ*<br>K\u00f6zelebb ker\u00fcltem a Holdhoz<\/strong><\/p>\n\n\n<div class=\"wp-block-image\">\n<figure class=\"alignright\"><img loading=\"lazy\" decoding=\"async\" width=\"300\" height=\"300\" src=\"http:\/\/opus-folyoirat.sk\/wp-content\/uploads\/2019\/01\/Kulka_utas-es-holdvilag-300x300.jpg\" alt=\"\" class=\"wp-image-619\" srcset=\"https:\/\/opus-folyoirat.sk\/wp-content\/uploads\/2019\/01\/Kulka_utas-es-holdvilag-300x300.jpg 300w, https:\/\/opus-folyoirat.sk\/wp-content\/uploads\/2019\/01\/Kulka_utas-es-holdvilag-150x150.jpg 150w, https:\/\/opus-folyoirat.sk\/wp-content\/uploads\/2019\/01\/Kulka_utas-es-holdvilag-100x100.jpg 100w, https:\/\/opus-folyoirat.sk\/wp-content\/uploads\/2019\/01\/Kulka_utas-es-holdvilag.jpg 600w\" sizes=\"auto, (max-width: 300px) 100vw, 300px\" \/><\/figure><\/div>\n\n\n<p>Friss-ropog\u00f3s bennfentes inform\u00e1ci\u00f3: k\u00e9sz\u00fcl az Utas \u00e9s holdvil\u00e1g els\u0151 ukr\u00e1n ford\u00edt\u00e1sa, kiad\u00e1sa. Ezt onnan tudom, hogy egy Kijev sz\u00e9khej\u0171 orsz\u00e1gos k\u00f6nyvkiad\u00f3 ungv\u00e1ri r\u00e9szleg\u00e9nek az igazgat\u00f3ja \u00c9v\u00e1t k\u00e9rte meg az elk\u00e9sz\u00fclt pr\u00f3baford\u00edt\u00e1s lektor\u00e1l\u00e1s\u00e1ra. A Vinnyic\u00e1ban \u00e9l\u0151, magyar nev\u0171, de ukr\u00e1n ajk\u00fa fiatal interpret\u00e1tor, egyar\u00e1nt otthonosan mozogva mindk\u00e9t nyelvben, t\u00f6k\u00e9letesen adta vissza Szerb Antal sz\u00f6veg\u00e9nek nemcsak a jelent\u00e9s\u00e9t, hanem hangulat\u00e1t, \u00edz\u00e9t-zamat\u00e1t is \u2013 \u00e1llap\u00edtotta meg \u00c9va, \u00edgy lelkesen aj\u00e1nlotta kiad\u00e1sra a \u041f\u043e\u0434\u043e\u0440\u043e\u0436\u043d\u0456\u0439 \u0456 \u043c\u0456\u0441\u044f\u0447\u043d\u0435 \u0441\u044f\u0439\u0432\u043e c\u00edm\u0171 reg\u00e9nyt.<br><br>(<a href=\"https:\/\/opus-folyoirat.sk\/?page_id=2022\" data-type=\"page\" data-id=\"2022\">olvass tov\u00e1bb<\/a>)<\/p>\n\n\n\n<hr class=\"wp-block-separator has-alpha-channel-opacity is-style-wide\"\/>\n\n\n\n<div class=\"wp-block-group is-vertical is-layout-flex wp-container-core-group-is-layout-8cf370e7 wp-block-group-is-layout-flex\">\n<p class=\"has-medium-font-size\">G\u00c4NSZLER BE\u00c1TA<\/p>\n\n\n\n<p class=\"has-medium-font-size\"><strong>A javasasszony kertje<\/strong><\/p>\n\n\n\n<p style=\"font-size:15px\"><em>Cs\u00e1th G\u00e9za \u2013 <\/em>A var\u00e1zsl\u00f3 kertje <em>c\u00edm<\/em><em>\u0171 <\/em><em>elbesz\u00e9l\u00e9se nyom\u00e1n<\/em><\/p>\n<\/div>\n\n\n\n<p>Csak \u00fagy h\u00edvtak benn\u00fcnket, hogy a Balla l\u00e1nyok. Legt\u00f6bbsz\u00f6r legyintettek mell\u00e9, mintegy n\u00e9ma jelz\u00e9s\u00fcl, hogy benn\u00fcnket nem kell komolyan venni, mert a legt\u00f6bb, amit elmondhatnak r\u00f3lunk az az, hogy \u00e1lland\u00f3an fecseg\u00fcnk \u00e9s nevet\u00fcnk. <br>Annak ellen\u00e9re, hogy testv\u00e9rek voltunk, nagyon szerett\u00fck egym\u00e1st: kerget\u0151zt\u00fcnk a r\u00e9ten, egy\u00fctt h\u00faztunk vizet a k\u00faton, ha any\u00e1nk nagymos\u00e1st csin\u00e1lt; besz\u00e1lltunk ap\u00e1nk mell\u00e9 cip\u0151t pucolni, \u00e9s seg\u00edtett\u00fck egym\u00e1st a leck\u00e9ink meg\u00edr\u00e1s\u00e1ban.<br>   A szoros k\u00f6tel\u00e9k megmaradt, hab\u00e1r Eszter M\u00fcnchenbe ment f\u00e9rjhez \u00e9s nem lett gyereke. Andrea itthon maradt, de t\u00e1vol a sz\u00fcl\u0151falunkt\u00f3l, egy brut\u00e1lis f\u00e9rj mellett, k\u00e9t gyerekkel. \u00c9n nem mozdultam, maradtam, ahova sz\u00fclettem, csendes \u00f6r\u00f6m\u00f6kkel, sz\u00fcleinket \u00e1polva hal\u00e1lukig. A sz\u00fcl\u0151i h\u00e1zat \u00e9n \u00f6r\u00f6k\u00f6ltem.<br>   Eleinte \u00e9vente t\u00f6bbsz\u00f6r is tal\u00e1lkoztunk, mi, Balla l\u00e1nyok, azut\u00e1n ap\u00e1nk, majd any\u00e1nk elt\u00e1vozt\u00e1val egyre kevesebbet, tal\u00e1n, ha k\u00e9tszer egy esztend\u0151ben. De s\u0171r\u0171n levelezt\u00fcnk \u00e9s telefonoztunk.<\/p>\n\n\n\n<p><\/p>\n\n\n\n<p>(<a href=\"https:\/\/opus-folyoirat.sk\/?page_id=2034\" data-type=\"page\" data-id=\"2034\">olvass tov\u00e1bb<\/a>)<\/p>\n\n\n\n<hr class=\"wp-block-separator has-alpha-channel-opacity is-style-wide\"\/>\n\n\n\n<p class=\"has-medium-font-size\">TEMESI FERENC<br><strong>Grendel, az \u00f3ri\u00e1s<\/strong><\/p>\n\n\n\n<p>M\u00e9g a Port \u00edrtam, amikor r\u00e1vettek, hogy menjek el Szlov\u00e1ki\u00e1ba. Utolj\u00e1ra l\u00e9ptem f\u00f6l mint \u201efiatal \u00edr\u00f3\u201d. Nem \u00e9rtettem, hogy mi\u00e9rt kell ezt nekem megtennem.<br>     H\u00e1t az\u00e9rt, hogy tal\u00e1lkozzam Grendel Lajossal.<br>     Pesten volt az Eur\u00f3pai Kultur\u00e1lis F\u00f3rum (1985), \u00e9s a szlov\u00e1kok is fel akartak mutatni valamit. Ez volt a szocialista orsz\u00e1gok fiatal \u00edr\u00f3inak tal\u00e1lkozm\u00e1nya. Nem volt egy nagy \u00f6tlet, annyi szent, \u00e9s nem az\u00e9rt, mert Kub\u00e1b\u00f3l meg sem \u00e9rkeztek az \u201eelvt\u00e1rsak\u201d. A fiatal szlov\u00e1k, de f\u0151leg a cseh \u201eelvt\u00e1rsak\u201d, a magyar Grendelt kiv\u00e9ve, \u00e1lland\u00f3an r\u00e9szegek voltak. Bizony\u00e1ra \u00e9n is az lettem volna, ha a mienkn\u00e9l sokkal kem\u00e9nyebb diktat\u00far\u00e1ban kellett volna megpr\u00f3b\u00e1lnom szabadnak lenni. A n\u00e9met demokratikus, hozz\u00e1nk k\u00e9pest k\u00f6ly\u00f6k k\u00fcld\u00f6tteknek, mi, Lajossal angolul dikt\u00e1ltuk, mit is k\u00e9ne mondani. Nem volt besz\u00e9d\u00fck, szeg\u00e9nyeknek.<\/p>\n\n\n\n<p><\/p>\n\n\n\n<p>(<a href=\"https:\/\/opus-folyoirat.sk\/?page_id=2037\" data-type=\"page\" data-id=\"2037\">olvass tov\u00e1bb<\/a>)<\/p>\n\n\n\n<hr class=\"wp-block-separator has-alpha-channel-opacity is-style-wide\"\/>\n\n\n\n<p>NAGY ERIKA<br><strong>A pokol bugyra<\/strong> (r\u00e9szlet)<\/p>\n\n\n\n<figure class=\"wp-block-image size-large\"><img loading=\"lazy\" decoding=\"async\" width=\"1024\" height=\"777\" src=\"http:\/\/opus-folyoirat.sk\/wp-content\/uploads\/2023\/12\/fortepan_135161-1024x777.jpg\" alt=\"\" class=\"wp-image-1057\" srcset=\"https:\/\/opus-folyoirat.sk\/wp-content\/uploads\/2023\/12\/fortepan_135161-1024x777.jpg 1024w, https:\/\/opus-folyoirat.sk\/wp-content\/uploads\/2023\/12\/fortepan_135161-300x228.jpg 300w, https:\/\/opus-folyoirat.sk\/wp-content\/uploads\/2023\/12\/fortepan_135161-768x583.jpg 768w, https:\/\/opus-folyoirat.sk\/wp-content\/uploads\/2023\/12\/fortepan_135161-1536x1166.jpg 1536w, https:\/\/opus-folyoirat.sk\/wp-content\/uploads\/2023\/12\/fortepan_135161-2048x1554.jpg 2048w, https:\/\/opus-folyoirat.sk\/wp-content\/uploads\/2023\/12\/fortepan_135161-395x300.jpg 395w\" sizes=\"auto, (max-width: 1024px) 100vw, 1024px\" \/><figcaption class=\"wp-element-caption\">A cigarett\u00e1z\u00f3 n\u0151 (Vinohradsk\u00e1 ulice 13., Kurz Auguszta alb\u00e9rlete.)              Forr\u00e1s: <a href=\"https:\/\/fortepan.hu\/hu\/\" data-type=\"URL\" data-id=\"https:\/\/fortepan.hu\/hu\/\">Fortepan<\/a> \/ <a href=\"https:\/\/fortepan.hu\/hu\/photos\/?donor=L%C5%91rinczi%20%C3%81kos\">L\u0151rinczi \u00c1kos<\/a><\/figcaption><\/figure>\n\n\n\n<p>F\u00fcgg\u0151s\u00e9gben \u00e9lek, nem tagadom. Egy \u201esehonnai, bitang ember\u201d vagyok, aki \u00e9vente t\u00f6bbsz\u00f6r is megfogadom, hogy leszokom a k\u00e1ros szenved\u00e9lyemr\u0151l. Most is ez van, \u00e9s sz\u00e1nalommal n\u00e9zek saj\u00e1t magamra, mert ordib\u00e1l velem a lelkiismeretem: <em>minek van a kezedben most is az a b\u00fcd\u00f6s bag\u00f3, ha le akarsz r\u00f3la szokni? <\/em>Ez az utols\u00f3. Most t\u00e9nyleg. Soha t\u00f6bbet nikotin, kr\u00e1kog\u00e1s. Majd \u00e9n megmutatom! Tiszt\u00e1ban vagyok azzal, hogy idegbeteg leszek, hogy szenvedni fogok, de v\u00e9ghez fogom vinni! Majd cukrot szopogatok, vagy k\u00e9r\u0151dz\u0151 \u00e1llat m\u00f3dj\u00e1ra r\u00e1g\u00f3zom p\u00f3tcselekv\u00e9sk\u00e9nt, mert, ugye, mindenki tudja, sz\u00fcks\u00e9ges a p\u00f3tcselekv\u00e9s, \u00e9s \u00edgy nem lesznek traumatikus \u00e9lm\u00e9nyeim. Legal\u00e1bbis rem\u00e9lem. B\u00e1r eddig is ezt tettem, mikor semleges\u00edteni akartam a nikotin \u00edz\u00e9t a sz\u00e1mban. Sebaj, akkor most t\u00f6bbet r\u00e1gcs\u00e1lok. Legfeljebb felszedek p\u00e1r kil\u00f3t. Meg\u00e9ri, nem? J\u00f6jj\u00f6n, aminek j\u00f6nnie kell! Holnap azzal kezdem a napot, hogy nem gy\u00fajtok r\u00e1. Esk\u00fcsz\u00f6m! Pedig egy j\u00f3 kis cigarett\u00e1z\u00e1s alatt minden a hely\u00e9re ker\u00fcl. K\u00f6nnyed\u00e9n. Ezt semmi nem p\u00f3tolja. Mit besz\u00e9lek?! Ez nem igaz, kell, hogy p\u00f3tolja valami!<\/p>\n\n\n\n<p>Hajnali f\u00e9l \u00f6tkor, amikor fel\u00e9bredtem, m\u00e9g nem volt semmi baj. Na, de h\u00e9t \u00f3rakor m\u00e1r kezdett \u00farr\u00e1 lenni rajtam a hiszti. Ebben az id\u0151pontban minden reggel rutinszer\u0171en kimentem a teraszra, \u00e9s \u00e1tadtam magam az \u00e9lvezeteknek, dupl\u00e1n, k\u00e1v\u00e9val. De most nem teszem. Ki fogom b\u00edrni!<\/p>\n\n\n\n<p>K\u00e9t \u00f3ra eltelt\u00e9vel nem tudok mit kezdeni a kezemmel. Valami hi\u00e1nyzik bel\u0151le. Hi\u00e1ba, nagy \u00far a pszich\u00e9s beidegz\u0151d\u00e9s. Dobolni kezdek az ujjaimmal. Ideges\u00edt\u0151. Fel tudn\u00e1m magam pofozni, mert saj\u00e1t magamat hozom olyan helyzetbe, amely felem\u00e9szt. Az agyamban \u00e9rzem a ritmust, egyre er\u0151sebben. Mint egy zombi \u00fcl\u00f6k a g\u00e9p el\u0151tt, \u00e9s k\u00e9ptelen vagyok norm\u00e1lisan dolgozni, bor\u00fasan l\u00e1tok mindent. Olyan vagyok, mint egy \u00e9l\u0151 dinamit, amely b\u00e1rmelyik percben robbanhat. Ez maga a pokol!<\/p>\n\n\n\n<p>\u00c9hs\u00e9g t\u00f6rt r\u00e1m, \u00e9s nem, most nem a kulin\u00e1ris \u00e9lvezetekre gondolok! Nikotin\u00e9hs\u00e9g lett \u00farr\u00e1 rajtam. De nem adom fel. Nem engedem, hogy az a sz\u00fcrke gyilkos f\u00fcst tov\u00e1bb m\u00e9rgezzen! R\u00e1g\u00f3t veszek a sz\u00e1mba, \u00e9s olyan h\u00e9vvel r\u00e1gom, mint egy k\u00e9r\u0151dz\u0151 teh\u00e9n. Majd azt veszem \u00e9szre, hogy az izoml\u00e1z kezd elhatalmasodni az \u00e1llkapcsomban, \u00e9s kattog, mint akinek ki van kopva a fogaskereke. Szem\u00e9tbe vele! A t\u00e1sk\u00e1mban kotor\u00e1szom, kezembe akad egy t\u00e1bla csoki, majszolni kezdem. Nem j\u00f3, t\u00fal \u00e9des. Sebaj, van m\u00e1s! S\u00f3s mogyor\u00f3, azt szeretem. Harminc m\u00e1sodpercig, mert egy darab a fogaim k\u00f6z\u00e9 \u00e1gyazta be<\/p>\n\n\n\n<p>mag\u00e1t. Piszk\u00e1lni kezdem a nyelvemmel. Eg\u00e9szen addig, am\u00edg h\u00f3lyagot nem \u00e9rzek a nyelvem hegy\u00e9n. Meg\u0151r\u00fcl\u00f6k! Meddig lehet ezt \u00e9p \u00e9sszel kib\u00edrni?<\/p>\n\n\n\n<p>Eb\u00e9d ut\u00e1n m\u00e1r csorogni kezdett a ny\u00e1lam egy sz\u00e1l cigi\u00e9rt. Mit egy sz\u00e1l\u00e9rt?! Egy slukkal is be\u00e9rtem volna, hogy cs\u00f6kkenjen az egyre jobban elhatalmasod\u00f3 fesz\u00fclts\u00e9gem. Undok voltam \u00e9s kib\u00edrhatatlan, mindenkinek besz\u00f3ltam, mindenkit megs\u00e9rtettem. Ki ez a n\u0151? Ez nem \u00e9n vagyok! J\u00e1rk\u00e1lok, undor\u00edt\u00f3 l\u00f6tty\u00f6ket iszom. P\u00f3tcselekm\u00e9ny.<\/p>\n\n\n\n<p class=\"has-text-align-right\"><em>Megjelent az Opus 2023\/5-\u00f6s sz\u00e1m\u00e1ban.<\/em><\/p>\n\n\n\n<hr class=\"wp-block-separator has-alpha-channel-opacity is-style-wide\"\/>\n\n\n\n<p><\/p>\n\n\n\n<p><\/p>\n\n\n\n<div class=\"wp-block-group is-vertical is-layout-flex wp-container-core-group-is-layout-8cf370e7 wp-block-group-is-layout-flex\">\n<p><em>P\u00d3DA ERZS\u00c9BET <\/em><\/p>\n\n\n\n<p><strong>A sziget<\/strong> (r\u00e9szlet)<\/p>\n\n\n\n<p><\/p>\n<\/div>\n\n\n\n<figure class=\"wp-block-image size-large is-resized\"><img loading=\"lazy\" decoding=\"async\" width=\"2560\" height=\"1439\" src=\"http:\/\/opus-folyoirat.sk\/wp-content\/uploads\/2023\/10\/beautiful-1-edited-scaled.jpg\" alt=\"\" class=\"wp-image-889\" style=\"width:603px;height:339px\" srcset=\"https:\/\/opus-folyoirat.sk\/wp-content\/uploads\/2023\/10\/beautiful-1-edited-scaled.jpg 2560w, https:\/\/opus-folyoirat.sk\/wp-content\/uploads\/2023\/10\/beautiful-1-edited-300x169.jpg 300w, https:\/\/opus-folyoirat.sk\/wp-content\/uploads\/2023\/10\/beautiful-1-edited-1024x576.jpg 1024w, https:\/\/opus-folyoirat.sk\/wp-content\/uploads\/2023\/10\/beautiful-1-edited-768x432.jpg 768w, https:\/\/opus-folyoirat.sk\/wp-content\/uploads\/2023\/10\/beautiful-1-edited-1536x863.jpg 1536w, https:\/\/opus-folyoirat.sk\/wp-content\/uploads\/2023\/10\/beautiful-1-edited-2048x1151.jpg 2048w, https:\/\/opus-folyoirat.sk\/wp-content\/uploads\/2023\/10\/beautiful-1-edited-500x281.jpg 500w\" sizes=\"auto, (max-width: 2560px) 100vw, 2560px\" \/><\/figure>\n\n\n\n<p>Amikor el\u0151sz\u00f6r megl\u00e1ttam a szigeten, nem tudtam, hova b\u00fajjak el\u0151le. Az a h\u00fclye vigyor a fej\u00e9n annyira ideges\u00edtett, hogy sosem tudtam a szem\u00e9be n\u00e9zni. H\u00e1t most az a helyzet, amin oly sokszor vihogtunk r\u00e9gen a l\u00e1nyokkal, amikor olyan sr\u00e1cr\u00f3l besz\u00e9lt\u00fcnk, akivel soha nem j\u00e1rtunk volna \u2013 ha egy lakatlan szigeten \u0151 lenne az egyetlen f\u00e9rfi, akkor sem kellene.<\/p>\n\n\n\n<p class=\"has-text-align-left\">*<br>Mit mondjak? A szigeten \u0151 az egyetlen f\u00e9rfi. Na \u00e9s \u00e9n az egyetlen n\u0151, de ez semmin sem v\u00e1ltoztat! Azaz az \u00e9rz\u00e9seimen ir\u00e1nta. Egyszer\u0171en nem b\u00edrom l\u00e1tni! \u00c9ppen az a t\u00edpus\u00fa f\u00e9rfi, akivel soha nem randiztam volna! Soha! Csakhogy itt vagyunk ketten, a franc sem \u00e9rti, hogyan t\u00f6rt\u00e9nhetett, de ez van!<\/p>\n\n\n\n<p>*<br>A sziget apr\u00f3cska, \u00e9pp mint egy nagyobb kert. Az egyik v\u00e9g\u00e9ben \u00e9n \u00e9p\u00edtettem egy visk\u00f3t. \u00c9p\u00edtettem? \u00d6sszet\u00e1koltam. N\u00e9hanapj\u00e1n sz\u00e9tf\u00fajja egy-egy er\u0151sebb sz\u00e9l, de \u00fajra \u00f6sszerakom. Olyankor idej\u00f6n, \u00e9s aj\u00e1nlkozik. Ha akarom, k\u00e9sz\u00edt nekem egyet f\u00e1b\u00f3l. Ilyenkor \u00fagy n\u00e9zek r\u00e1, hogy jobbnak l\u00e1tja eliszkolni. \u00c1tmegy a t\u00faloldalra, ahol ott hivalkodik a sz\u00e9pen faragott fa\u00e1gakb\u00f3l felrakott h\u00e1zik\u00f3ja. Fej\u00e9t l\u00f3gatva nekifog \u00e1sni, kap\u00e1lni vagy gyoml\u00e1lni. Neki persze sz\u00e9pen \u00e1polt kiskertje van. Nekem n\u00e9hanapj\u00e1n siker\u00fcl egy kisebb halat fognom, azt s\u00fct\u00f6m meg, de \u00edzetlen vacak lesz bel\u0151le. Csakhogy nincs m\u00e1s, ezen \u00e9lek.<\/p>\n\n\n\n<p class=\"has-text-align-right\"><em>Megjelent az Opus 2023\/5-\u00f6s sz\u00e1m\u00e1ban.<\/em><\/p>\n\n\n\n<hr class=\"wp-block-separator has-alpha-channel-opacity is-style-wide\"\/>\n\n\n<p><strong>Prof\u00e1n Provok\u00e1ci\u00f3 2.2.<\/strong><br \/><strong>T\u00e1rgy: V\u00e1laszt\u00e1S(OKK)<\/strong><\/p>\n<p>Szervusz, Korn\u00e9l!<\/p>\n<p>Hogy vagy? Nekem brut\u00e1lis \u00e9bred\u00e9sem volt, az \u00e9jjelt szerkeszt\u0151n\u0151mn\u00e9l t\u00f6lt\u00f6ttem, \u00e9s k\u00e9pzeld, j\u00f3zan maradtam most is, pedig nagy k\u00e9sztet\u00e9sem volt ber\u00fagni, de oly istenesen. Ezek a nyomorult pokolmacsk\u00e1k eg\u00e9sz \u00e9jjel verny\u00e1koltak, komolyan mondom, ebben a lak\u00e1sban csak \u00e9jjel \u00e9rdemes \u00e9lni, pont, mint a ragadoz\u00f3k. \u00dagy hi\u00e1nyzik, Korn\u00e9l\u2026 \u00fagy hi\u00e1nyzik az \u00e9jjeli \u00e9letem.<br \/>Mint tudod, egy ideje m\u00e1r \u201ej\u00f3 kisl\u00e1ny\u201d vagyok. <em>(Szerk. megj: micsoda blaszf\u00e9mia, az\u00e9rt megjegyezn\u00e9m, hogy t\u00e9ved\u00e9s ne ess\u00e9k, kedves olvas\u00f3, Lilith-tel nappal sem lehet k\u00f6nnyen b\u00edrni)<\/em> Fogalmam sincs, meddig tart m\u00e9g, minden pillanatot az utols\u00f3nak \u00e9rzem, szinte l\u00e1tom, hogy elpattannak az ac\u00e9ll\u00e1nc szemei, amellyel fogva tartom magam. Iszom a k\u00e1v\u00e9t, \u00e9s \u00edrok neked. Ez van most, csak a jelenre figyelj, Lilith, csak a jelenre figyelj. A k\u00f6z\u00e9ps\u0151 macska, egy nagy Main Coon kever\u00e9k \u00e9pp t\u00fczel, a hordoz\u00f3 kosar\u00e1ba van z\u00e1rva, mert nem viselkedik. A t\u00e9v\u00e9ben, abban a b\u0171n\u00f6s trubad\u00far l\u00e1d\u00e1ban pedig egy csatorn\u00e1n nonstop h\u00edrek mennek szlov\u00e1kul. Valami\u00e9rt arra lettem k\u00e1rhoztatva, hogy ezt n\u00e9zzem. A v\u00e1laszt\u00e1sok a t\u00e9ma. Mondd, Korn\u00e9l\u2026 Elj\u00f6ssz? L\u00e1tod \u00e9rtelm\u00e9t? K\u00f6zt\u00e1rsas\u00e1gi eln\u00f6k\u00f6t v\u00e1lasztunk, \u2019j\u00e9zusm\u00e1rja\u2019! Egyik oldalon ott a radik\u00e1lis \u00e9s kev\u00e9sb\u00e9 (am\u00fagy pont olyan ideges\u00edt\u0151en) radik\u00e1lis jobboldal, a sok f\u00e9l t\u00e9gl\u00e1val mellbebasz\u00f3s nemzeti identit\u00e1s, a m\u00e1sik banda meg a gazdas\u00e1gi elit f\u00e9lmaffi\u00e1j\u00e1nak a kr\u00e9mje, \u00f6kon\u00f3miai szekt\u00e1k vezet\u0151i, svindlis bogarak.<br \/>K\u00e9pzeld, nemr\u00e9g hallgattam a katolikus k\u00f6z\u00e9pkor\u00fa elit besz\u00e9lget\u00e9s\u00e9t ebben a t\u00e9m\u00e1ban. Onnan tudtam meg, hogy lemondott a Dodi, \u00e9s m\u00e1r valami Mistr\u00edkre KELL szavazni. KELL, \u00e9rted?! Kell, savazni, nehogy gondolkodj\u00e1\u2019, m\u00e9g meg\u00e1rt\u2026 oszt azt se tudta a lelkem, hogy ki fia, mi fia az, pl\u00e1ne nem azt, hogy kereszt\u00e9ny demokrata. Azt se tudja, hogy \u0151 maga az, bazki. Nem rohantam falnak, nem \u00e9n, nem ugrottam ki menet k\u00f6zben az aut\u00f3b\u00f3l, nem sz\u00f3ltam \u00e9n egy rossz sz\u00f3t sem. Csendben voltam, olyan b\u00fas, fekete csendben, ami az ut\u00f3bbi id\u0151ben szok\u00e1saim k\u00f6z\u00e9 tartozik.<br \/>\u00d3, uram, csak a szavazatok el ne vesszenek, igaz? \u00d6sszesen 2 n\u0151 jel\u00f6ltette mag\u00e1t, az egyik sz\u00f3ra sem m\u00e9lt\u00f3, a m\u00e1sik, nos, a m\u00e1sik meg gyenge karakter m\u00e9g, de legal\u00e1bb igyekszik. \u00c9rt\u00e9kelem. Igaz, sok helyen t\u00e9ma az, hogy neki nem fasz van a l\u00e1ba k\u00f6z\u00f6tt. Kital\u00e1lhatod, milyen berkekben t\u00e9ma ez\u2026 2019-ben, k\u00e9rem sz\u00e9pen! Anyaorsz\u00e1gi minta alapj\u00e1n \u2013 az asszonynak a konyh\u00e1ba\u2019 a helye, mi? Undor\u00edt\u00f3. Szeretettel v\u00e1rom ezen f\u00e9rfiak jelentkez\u00e9s\u00e9t egy kis Andr\u00e1s-keresztes vezekl\u00e9sre h\u00edmsovinizmusuk megbocs\u00e1t\u00e1s\u00e1\u00e9rt.<br \/>Mindegy, \u00e9n a N\u0151k mellett teszem le a voksom, punci \u00e1rtalom, vagy mi f\u00e9le, ez biztos, a feminizmus \u00f6rd\u00f6gt\u0151l val\u00f3 dolog, \u00fagyis. Egyszer m\u00e1r elt\u00e1vol\u00edtottak egy n\u0151i eln\u00f6k\u00f6t, kchm.<br \/>Most nem sz\u00fcletett sehol kis elef\u00e1nt. A macsk\u00e1k m\u00e1r b\u00fajnak \u00e9s dorombolnak.<br \/><em>(Szerk. megj.: igaz\u00e1n idilli, ahogy egy kupac cica egy helyen ejt\u0151zik)<\/em><br \/>El\u00e9g finoman csepegtetem a politik\u00e1t, Sz\u00edvhusz\u00e1rom?<\/p>\n<p>Cs\u00f3kol:<\/p>\n<p style=\"text-align: right;\">Vadkeleti Boszork\u00e1nyod<\/p>\n<p style=\"text-align: right;\">(Szerkesztette: <strong>T\u00f3th Vikt\u00f3ria<\/strong>, t\u00f6bb n\u0151t a politik\u00e1ba jelsz\u00f3val)<\/p>\n<div id=\"attachment_387\" style=\"width: 310px\" class=\"wp-caption alignright\"><img loading=\"lazy\" decoding=\"async\" aria-describedby=\"caption-attachment-387\" class=\"size-medium wp-image-387\" src=\"http:\/\/opus-folyoirat.sk\/wp-content\/uploads\/2018\/08\/T\u00f3th_Lilith_Vikt\u00f3ria-300x225.jpg\" alt=\"\" width=\"300\" height=\"225\" srcset=\"https:\/\/opus-folyoirat.sk\/wp-content\/uploads\/2018\/08\/T\u00f3th_Lilith_Vikt\u00f3ria-300x225.jpg 300w, https:\/\/opus-folyoirat.sk\/wp-content\/uploads\/2018\/08\/T\u00f3th_Lilith_Vikt\u00f3ria.jpg 640w\" sizes=\"auto, (max-width: 300px) 100vw, 300px\" \/><p id=\"caption-attachment-387\" class=\"wp-caption-text\">T\u00f3th Vikt\u00f3ria<\/p><\/div>\n<p>.<\/p>\n<p>.<\/p>\n<p>.<\/p>\n<p>.<\/p>\n<p>.<\/p>\n<p>.<\/p>\n<p>.<\/p>\n<p><strong>Random Riposzt 2.2&nbsp;\u2013 avagy: a Savat Ok\u00e1d\u00f3 K\u00f6nyvzab\u00e1l\u00f3 K\u00ebcskep\u00e1rt ki\u00e1ltv\u00e1nya<\/strong><\/p>\n<p>Dr\u00e1ga, egyetlen Lilith \u2013 \u00e9rtsd: Te, rohad\u00e9k!<\/p>\n<p>Te azt\u00e1n nem \u00e9rted, mi az, hogy NEM dobjuk bele a kom\u00e1nkat egyb\u0151l a m\u00e9ly v\u00edzbe, mi?! A finoman, fokozatosan alliter\u00e1l\u00f3 p\u00e1rosa n\u00e1lad annyit jelent, hogy \u2019csak kem\u00e9nyen, ne k\u00edm\u00e9ld\u2019?! Azt hittem, \u00e9n kis naiv, hogy a k\u00f6z\u00e9leti kurk\u00e1sz\u00e1sunkat nem a legm\u00e9lyebb gany\u00e9val fogjuk kezdeni. Erre ez?!<br \/>M\u00e9g a szerkeszt\u0151n\u0151met is magamra harag\u00edtottam miattad! \u00c1tj\u00f6tt hozz\u00e1m, \u00e9n meg a kedves kis provok\u00e1ci\u00f3d miatt folytatott kutakod\u00e1som eredm\u00e9ny\u00e9n h\u00e1borogva neki\u00e1lltam elpanaszolni neki a helyzetemet. \u00c9n csak meg\u00e9rt\u00e9st akartam, no! Egy picike \u00e9rzelem\u00e1ramoltat\u00e1s miatt <em>(Szerk. megj.: Kb. egy\u00f3r\u00e1nyi medd\u0151 nyavalyg\u00e1s.)<\/em>, teljesen \u00e1tment HP-ba \u00e9s ez alatt most nem h\u00e1zi p\u00e1link\u00e1t \u00e9rtek. \u2019Nem b\u00edrsz az energi\u00e1ddal, Korn\u00e9l? Akkor pucolj ablakot!\u2019<br \/>Cs\u00edp a kezem a forr\u00f3 Jaros v\u00edz meg az Okena gyilkos p\u00e1ros\u00e1t\u00f3l, \u00edgy m\u00e9g d\u00fch\u00f6sebb vagyok. Elborul az agyam a vil\u00e1g h\u00fclyes\u00e9g\u00e9t\u0151l. Szavaz\u00e1s&#8230; Demokr\u00e1cia&#8230;<br \/>Nem tudok egyet\u00e9rteni az eln\u00f6kv\u00e1laszt\u00e1ssal, ezzel az eg\u00e9sz kom\u00e9di\u00e1val, 3 nyom\u00f3s okn\u00e1l fogva:<br \/>1, Ebben az orsz\u00e1gban korhoz k\u00f6tik a szavazati jogot, ami nonszensz! Abszurd, hogy megvezethet\u0151 birk\u00e1k t\u00f6mege d\u00f6nt a b\u00f6ll\u00e9rekr\u0151l! A fegyvertart\u00e1si enged\u00e9lyhez komoly pszichoteszt kell, de egy \u00e1llam fej\u00e9hez sim\u00e1n odatehetik a pisztolyt a s\u00f6t\u00e9t agy\u00faak, hisz ikszelni b\u00e1rki tud 18 \u00e9v felett, nem?! \u00c9s m\u00e9g a gondolkod\u00f3 kevesek is olyan elvek ment\u00e9n v\u00e1logatnak, hogy lehidalok! M\u00e9g te is, baszki! Ha pin\u00e1ja van, megfelel?!<br \/>2, Hogy a francba lehet az, hogy 15000 al\u00e1\u00edr\u00e1ssal m\u00e1r jel\u00f6lt lehetsz? Annyit, ha elsz\u00e1nt vagy, egy forgalmas helyen val\u00f3 s\u00e9tafik\u00e1l\u00e1s k\u00f6zben \u00f6sszeszedsz egy h\u00e9t alatt. Nem is besz\u00e9lve a kocsm\u00e1k n\u00e9p\u00e9r\u0151l. Egyenes ar\u00e1nyban \u00e1ll a hazafias \u00f6ntudat \u00e9s a v\u00e9rben kering\u0151 alkohol szintje.<br \/>3, Majdnem lek\u00f6ptem a frissen felmosott padl\u00f3t (\u2019mindig felmosunk ablakmos\u00e1s ut\u00e1n, Korn\u00e9l!\u2019), amikor megtudtam, hogy 40 \u00e9vesn\u00e9l v\u00e9nebb vezet\u0151ket kell v\u00e1lasztani. Ezt kell csin\u00e1lni, e?! Megcsapja az embert a hal\u00e1l szele, belecs\u00faszik a legfrusztr\u00e1ltabb korcsoportba, erre mi a megold\u00e1s? Kihalt a val\u00f3di t\u0171z, elsorvadt az idealizmus, de tenn\u00e9l valami menci nagy dolgot? Mi a teend\u0151? VEZESS BENN\u00dcNKET!!! Klimaxkommand\u00f3, az kell nek\u00fcnk! Hol az individualizmus?! Hol a nagys\u00e1g? Kor- meg \u00f6nimidzsel\u00e9s, meg j\u00f3m\u00f3d\u00fas\u00e1g? Az kell?! Tapasztalat&#8230; no, persze. Tapasztalom, hogy felh\u00e1bor\u00edt ez a rendszer, \u00e9s t\u00e1volmarad\u00e1sommal t\u00fcntetek.<br \/>Na, nem&#8230; a jel\u00f6ltek \u00fajs\u00e1gb\u00e9li portr\u00e9i vizes kupacban v\u00e9gezt\u00e9k a kuk\u00e1ban. Ablakf\u00e9nyes\u00edt\u00e9sre tal\u00e1n j\u00f3k voltak.<br \/>A v\u00e9rnyom\u00e1som felp\u00f6rg\u00f6tt, az ablakaim patyolatok, \u00e9s g\u00fanyb\u00f3l adtam a c\u00edmet, de komolyan foglalkoztat a Savat Ok\u00e1d\u00f3 K\u00f6nyvzab\u00e1l\u00f3 K\u00ebcskep\u00e1rt gondolata. Az se nagyobb marhas\u00e1g, mint az idei v\u00e1laszt\u00e1s.<\/p>\n<p>Tisztelettel vegyes haraggal \u00f6lel:<\/p>\n<p style=\"text-align: right;\">Fenyvesi Korn\u00e9l, a sz\u00edvhusz\u00e1rod<\/p>\n<p style=\"text-align: right;\">(Szerkesztette: <strong>Lombo\u0161 Korn\u00e9lia<\/strong>, \u00f6njel\u00f6lt Juh\u00e1sz)<\/p>\n<div id=\"attachment_388\" style=\"width: 210px\" class=\"wp-caption alignright\"><img loading=\"lazy\" decoding=\"async\" aria-describedby=\"caption-attachment-388\" class=\"size-medium wp-image-388\" src=\"http:\/\/opus-folyoirat.sk\/wp-content\/uploads\/2018\/08\/Lombo\u0161_Korn\u00e9lia-200x300.jpeg\" alt=\"\" width=\"200\" height=\"300\" srcset=\"https:\/\/opus-folyoirat.sk\/wp-content\/uploads\/2018\/08\/Lombo\u0161_Korn\u00e9lia-200x300.jpeg 200w, https:\/\/opus-folyoirat.sk\/wp-content\/uploads\/2018\/08\/Lombo\u0161_Korn\u00e9lia.jpeg 435w\" sizes=\"auto, (max-width: 200px) 100vw, 200px\" \/><p id=\"caption-attachment-388\" class=\"wp-caption-text\">Lombo\u0161 Korn\u00e9lia<span style=\"font-size: 16px; color: #333333;\">.<\/span><\/p><\/div>\n<p>.<\/p>\n<p>.<\/p>\n<p>.<\/p>\n<p>.<\/p>\n<p>.<\/p>\n<p>.<\/p>\n<p>.<\/p>\n<p>.<\/p>\n<p>.<\/p>\n<p>.<\/p>\n<p>.<\/p>\n<p>.<\/p>\n<p><em>R\u00f3zsa R\u00e9ka<\/em><br \/><strong>e_black-napl\u00f3k<\/strong><br \/><em>(r\u00e9szletek)<\/em><\/p>\n<p style=\"text-align: right;\"><strong>november 4.<\/strong><\/p>\n<p>reggel n\u00e9gykor<br \/>m\u00e1r vil\u00e1gos van<\/p>\n<p>Sz\u00e9t vagyok \u00fctve. A tejfeh\u00e9r k\u00f6dben \u00faszik mellettem k\u00e9t fej. R\u00f6h\u00f6gnek. Az egyik cigit ad, a m\u00e1sik meggy\u00fajtja, k\u00f6h\u00f6g\u00f6k.<br \/>Lassan ringat a hinta. Hol belebukok a k\u00f6dbe \u00e9s megm\u00e1rt\u00f3zom a feh\u00e9rs\u00e9gben, hol megmutatom magam.<br \/>A dereka k\u00f6r\u00e9 fonom a l\u00e1bam. A m\u00e1sik h\u00e1tulr\u00f3l nyakamba liheg. Megpr\u00f3b\u00e1lom ler\u00e1zni. Beler\u00fagok. Kezembe nyom egy \u00fcveget. Iszok. M\u00e1r megnyugodtam.<br \/>Mi\u00e9rt is ne?<br \/>Nincs mit vesztenem, mert sosem volt semmim.<br \/>Csak \u00e9n hittem azt, hogy volt.<br \/>Elk\u00e1b\u00edtottam magam.<br \/>Csak kicsit m\u00e1sk\u00e9pp, mint ahogy most teszem \u2013 \u00e9ppen azzal, ami j\u00f6n: az \u00e9lvezet, a m\u00fal\u00f3 k\u00e9j, a gy\u00f6ny\u00f6r, a szenved\u00e9ly amat\u0151r m\u00e1sa, gyenge, sz\u00e9tmaszatolt ut\u00e1nzatok.<br \/>Primit\u00edv v\u00e1gyfokoz\u00e1s.<br \/>Mert kiel\u00e9g\u00fcl\u00e9s nincsen.<\/p>\n<p>egy \u00f3ra m\u00falva\u2026<\/p>\n<p>A feh\u00e9r k\u00f6d a motelablak el\u0151tt terpeszkedik, a parkol\u00f3ig \u00e9r, azt\u00e1n bes\u0171r\u0171s\u00f6dik, eltakarja az orsz\u00e1gutat.<br \/>\u00c9n f\u00fcstkarik\u00e1kat eregetek az \u00e1gy k\u00f6zep\u00e9n, sz\u00e9tt\u00e1rt l\u00e1bbal. Bund\u00e1ban \u00e9s napszem\u00fcvegben.<br \/>A boldogs\u00e1g az, amikor az ember megtanulja elviselni a boldogtalans\u00e1got, mondta any\u00e1m.<br \/>\u00c1lland\u00f3 sz\u00e1ll\u00f3igek\u00e9nt lebegett ez a mondat a romos h\u00e1z meszelt falai k\u00f6zt, hogy belekapaszkodhassunk, mikor ap\u00e1mra r\u00e1t\u00f6rt a d\u00fchroham, \u00e9s puszt\u00edtott maga k\u00f6r\u00fcl mindent \u00e9s mindenkit.<br \/>Sz\u00f3val, mondhatn\u00e1m azt is, hogy boldog kis csal\u00e1d voltunk.<br \/>Kit\u00fcntet\u00e9ssel v\u00e9gezt\u00fcnk volna egy boldogtalans\u00e1g-elvisel\u00e9si versenyen.<br \/>Csak tal\u00e1lgathattuk, ki b\u00edrja tov\u00e1bb.<\/p>\n<p>M\u00e1r nem tudom, hol vagyok.<br \/>Az eg\u00e9sz \u00fagy kezd\u0151d\u00f6tt, hogy csukott szemmel r\u00e1b\u00f6ktem a t\u00e9rk\u00e9pre.<br \/>Azt\u00e1n sz\u00e9p lassan elvesztem.<br \/>Elk\u00f3boroltam, eggy\u00e9 v\u00e1ltam az \u00fattal; c\u00e9lom m\u00e1r r\u00e9g nincsen.<br \/>Pont annyim van, hogy t\u00fal\u00e9ljem, m\u00edg j\u00f6n a k\u00f6vetkez\u0151 adag.<br \/>Addig viszont mindent beleadok, \u00e9jjelenk\u00e9nt sz\u00e9tl\u00f6v\u00f6m az agyam, annyi szert beszedek, amennyit csak b\u00edrok, leh\u00fazok egy \u00fcveg whiskyt, kok\u00f3, f\u0171, majd vad szex valakivel, ak\u00e1rkivel, a lok\u00e1l m\u00f6g\u00f6tti s\u00f6t\u00e9t sik\u00e1torban\u2026<br \/>Mit mondjak?<br \/>Im\u00e1dom az \u00e9letem.<\/p>\n<p>Valaki kopog\u2026<\/p>\n<p>K\u00e9s\u0151bb\u2026<\/p>\n<p>Meger\u0151szakoltak.<br \/>\u00c9n k\u00f6zben lebegtem.<br \/>\u00dcres vagyok. \u00d3vatosan bel\u00e9ptem a bels\u0151 csendbe.<br \/>Amikor semmit sem \u00e9rez az ember.<br \/>Se nem f\u00e9l, se nem sz\u00e9gyelli mag\u00e1t.<br \/>Csak hagyja, hogy megt\u00f6rt\u00e9njenek vele a dolgok, \u00e9s nem avatkozik bele semmibe.<br \/>\u00c9n sem sz\u00f3lok. Minek?<br \/>Meger\u0151szakolhat harmadszor is, csak kapjak valamit cser\u00e9be.<br \/>Mellesleg, \u00e9n egyikben sem hiszek.<br \/>Sem a boldogs\u00e1gban, sem a boldogtalans\u00e1gban.<br \/>Ha bemocskol\u00f3dom, az \u00e9n mocskom majd \u00e1tragad m\u00e1sokra.<br \/>\u00c9s m\u00e9g csak igyekeznem sem kell t\u00fals\u00e1gosan\u2026<br \/>Csak motelszob\u00e1kban henteregni sz\u00e9les \u00e1gyakon, k\u00e9tes helyek k\u00f6r\u00fcl cik\u00e1zni, az orsz\u00e1g\u00fat mellett b\u00e1m\u00e9szkodni m\u00e9lab\u00fasan, bamb\u00e1n, a bund\u00e1mban \u00e9s a napszem\u00fcvegemben\u2026 Majd csak j\u00f6n valaki, akin\u00e9l van anyag, vagy egy kis p\u00e9nz.<br \/>Sz\u00edvesen \u00e1ruba bocs\u00e1tom magam.<br \/>Engem megvehet.<br \/>Egy ilyen \u00fczlettel, \u00fagy gondolom, \u00e9n csak nyerhetek.<br \/>A cs\u00e1v\u00f3 szem\u00e9be r\u00f6h\u00f6g\u00f6k, miut\u00e1n el\u00e9lvez, \u00e9s \u00e9n megkaptam az adagom.<br \/>Ha erre beh\u00faz egyet, rohadt egy \u00e9rz\u00e9s, de kib\u00edrom.<br \/>R\u00e1vigyorgok, forr\u00f3 v\u00e9rt \u00e9rzek a sz\u00e1mban.<br \/>Ilyenkor n\u00e9ha megesik, hogy azt\u00e1n addig vernek, m\u00edg el nem \u00e1julok.<br \/>Sosem tudhatom, hogy m\u00e1snap fel\u00e9bredek-e.<br \/>Az \u00e9let izgalma.<br \/>Sosem tudhatjuk, mi lesz, mit v\u00e1rhatunk az \u00e9letnek nevezett pokolj\u00e1r\u00e1st\u00f3l. Nem tudjuk magunkat el\u0151re felk\u00e9sz\u00edteni val\u00f3j\u00e1ban semmire sem.<br \/>A tapasztal\u00e1s gy\u00f6ny\u00f6re el\u0151l nincs menekv\u00e9s.<br \/>S b\u00e1r felk\u00e9sz\u00fcltnek \u00e9rezz\u00fck magunkat, tudjuk j\u00f3l, hogy mindig \u00e9rhet meglepet\u00e9s. Akkor h\u00e1t minek \u00e9s mire k\u00e9ne annyit k\u00e9sz\u00fclni\u2026? Az\u00e9rt, hogy a v\u00e9g\u00e9n \u00f6nmagunk patetikus, megkeseredett karikat\u00far\u00e1iv\u00e1 v\u00e1ljunk?\u2026<br \/>Sz\u00f3val, mi\u00e9rt k\u00e9ne, hogy \u00e9rdekeljen, ha valaki mag\u00e1\u00e9v\u00e1 tesz, ha valaki bel\u00e9m hatol, vagy ha valaki b\u00e1nt, megver, lek\u00f6p, megvet, bel\u00e9m r\u00fag?<br \/>A test meggy\u00f3gy\u00edtja mag\u00e1t, ha nem, akkor meg megd\u00f6gl\u00f6k, na \u00e9s akkor mi van?<\/p>\n<p style=\"text-align: right;\"><strong>november 5.<\/strong><\/p>\n<p>Estefel\u00e9<\/p>\n<p>Nekem m\u00e1r nincs mit\u0151l tartanom.<br \/>Lemondtam arr\u00f3l, hogy v\u00e9lem\u00e9nyt alkossak, vagy hogy b\u00e1rmit is akarjak. Hogy \u00fcres c\u00e9lokat \u00e1ll\u00edtsak magam el\u00e9 \u00e9s megk\u00fczdjek az \u00e9lettel, az\u00e9rt, hogy csak egy pillanatra is azt hihessem, jobb vagyok, mint m\u00e1sok.<br \/>R\u00e9gen r\u00e1fagyott arcomra az utols\u00f3 r\u00e1er\u0151ltetett vigyor.<br \/>Nem b\u00edzok senkiben, \u00e9s nem aj\u00e1nlom senkinek, hogy bennem b\u00edzzon.<br \/>Hamarosan j\u00f6n Sv\u00e9d. Alig v\u00e1rom a k\u00f6vetkez\u0151 adagom.<br \/>Kipr\u00f3b\u00e1ltam mindent, m\u00edg megtal\u00e1ltam a kedvenc drogom.<\/p>\n<p>A pokolba vezet\u0151 \u00fat a legtiszt\u00e1bb.<br \/>Sv\u00e9d a d\u00edlerem. Azzal \u00e1ltatja mag\u00e1t, hogy buddhista.<br \/>A szem\u00e9be r\u00f6h\u00f6g\u00f6k\u2026 de csak miut\u00e1n megkaptam az adagom.<br \/>J\u00f3 m\u00e9lyre sz\u00farom.<br \/>Nem vesz\u00edthetek.<br \/>Rohadt egy \u00e9rz\u00e9s.<br \/>A legkeservesebb k\u00edn \u00e9s a leg\u00e9lvezetesebb gy\u00f6ny\u00f6r.<\/p>\n<p style=\"text-align: right;\"><strong>november 7.<\/strong><\/p>\n<p>Minden nap 17 \u00f3ra<\/p>\n<p>\u00d6sszet\u00f6rt \u00c1lmok Klubja.<br \/>Ezt a nevet adtam annak a lid\u00e9rcekt\u0151l hemzseg\u0151 lok\u00e1lnak, ahol minden este megiszok egy whiskyt.<br \/>A saj\u00e1t kis szem\u00e9ttelepem, az \u00e9n gyehenn\u00e1m.<br \/>Valami, ami v\u00e9gre csak az eny\u00e9m.<br \/>Nekem sz\u00f3l, sz\u00e1momra alkottatott.<\/p>\n<p>Lesz\u00e1llok v\u00f6r\u00f6s, p\u00e1llott falai k\u00f6z\u00e9, melyek egyetlen \u00e9rint\u00e9semre meginognak, ak\u00e1r egy elhaszn\u00e1l\u00f3dott, rongyos spanyolfal.<br \/>A leveg\u0151ben kom\u00f3tosan \u00faszk\u00e1l\u00f3 f\u00fcstcs\u00edkok alattomos, \u00f6sszedolgoz\u00f3 tolvajkezekk\u00e9nt sz\u00f6v\u0151dnek egym\u00e1sba, majd tekerednek a bukott, torz fej\u0171 alakok erjed\u0151 teste k\u00f6r\u00e9.<\/p>\n<p>Kegyes infern\u00f3m torn\u00e1c\u00e1t\u00f3l csak k\u00e9t l\u00e9pcs\u0151 v\u00e1laszt el.<br \/>Az egyiket enyh\u00fcl\u00e9snek, a m\u00e1sikat \u00fcdv\u00f6ss\u00e9gnek h\u00edvom.<br \/>Viccb\u0151l&#8230; \u2013 tudnod kell ugyanis, hogy foly\u00e9konyan hazudok.<br \/>Az els\u0151n felt\u00e9p\u0151d\u00f6tt a padl\u00f3sz\u0151nyeg sarka.<br \/>Belebotlok, s egy pillanatra \u00e9n is kett\u00e9hasadok.<br \/>Egyik \u00e9nem megkapaszkodik, tenyerem a mocskos korl\u00e1thoz tapad, a m\u00e1sik pedig hagyja, hogy szabades\u00e9ssel a sz\u0151nyegbe bukjak, hogy a pl\u00fcss sz\u00e1lai t\u00f6viskoszor\u00fak\u00e9nt fonj\u00e1k k\u00f6rbe homlokom.<\/p>\n<p>A b\u0151r\u00f6mb\u0151l ki\u00e1raml\u00f3 f\u00fcrd\u0151z\u00e9s ut\u00e1ni forr\u00f3 g\u0151z a fert\u0151 minden szeglet\u00e9be behatol. A s\u00e1t\u00e1nfajzatok azonnal meg\u00e9rzik.<br \/>A b\u00e1rn\u00e1l italoz\u00f3 h\u00fcll\u0151szem\u0171 f\u00e9rfi p\u00f3diumhoz ragadt szemgoly\u00f3i k\u00f6z\u00fcl az egyik megmozdul, \u00e9s r\u00e1m n\u00e9z.<br \/>Csettint a pinc\u00e9rnek. A pat\u00e1s v\u00e9rtelen, p\u00e1r\u00e1t liheg\u0151 sz\u00e1ja elvetem\u00fclt vigyorr\u00e1 torzul, szeme feh\u00e9rj\u00e9be, mint egy sz\u00e9tfoly\u00f3 tintafolt, feketes\u00e9g \u00f6mlik. A f\u00e9rfi el\u00e9 helyezi az italokat.<\/p>\n<p>Az anyag ilyenkor kezd igaz\u00e1n hatni \u2013 amikor bel\u00e9pek.<br \/>Lassan a most m\u00e1r puh\u00e1nak \u00e9rz\u00e9kelt sz\u0151nyegbe s\u00fcppedek, a pl\u00fcss megcsiklandozza talpam, orgazmikus \u00e9rz\u00e9s l\u00f6vell testembe, egy arasznyit megemelkedek, \u00e9s apr\u00f3 felh\u0151k\u00f6n l\u00e9pkedve a h\u00fcll\u0151szem\u0171h\u00f6z \u00e9rek.<br \/>Be\u00e9rek, mire meg\u00e9rkezem.<\/p>\n<p>Megr\u00e1zom a fejem, hogy a hajamb\u00f3l szertesz\u00e1ll\u00f3, \u00e9des m\u00e9reg cseppjeit r\u00e1permetezzem a cowboykalapot visel\u0151 fazonra.<\/p>\n<p>R\u00fccsk\u00f6s, lap\u00e1tszer\u0171 nyelv\u00e9vel megnyalja bajusz\u00e1t \u2013 a percek \u00f3r\u00e1kk\u00e1 ny\u00falnak\u2026 mint az \u00edz\u00e9t vesztett, kifakult r\u00f3zsasz\u00edn r\u00e1g\u00f3gumi, amit az ujjam k\u00f6r\u00e9 csavarva h\u00fazogatok\u2026 fetrengek az \u00e9rz\u00e9ki, izgat\u00f3 k\u00ednban, s b\u00e1r rendesen nem iszom tequil\u00e1t, ma este kiv\u00e9telt teszek.<\/p>\n<p>Iszunk, nyelv\u00e9t a sz\u00e1mba dugja, k\u00f6rbej\u00e1rja, felfedezi a rejtekhelyet, v\u00e9gigtapogatja apr\u00f3 fogaimat, melyek felszak\u00edtj\u00e1k a nyelv\u00e9n duzzad\u00f3 h\u00f3lyagokat, kegyetlen rosszindulatt\u00e1 keseredett rem\u00e9nyvesztetts\u00e9g csordul ki bel\u0151l\u00fck, felfordul a gyomrom, viszolygok, de ahelyett, hogy menek\u00fcln\u00e9k, m\u00e9g er\u0151sebben belekapaszkodok.<\/p>\n<p>A p\u00f3dium steril f\u00e9ny\u00e9be egy aszott, sz\u00fanyogtest\u0171, keskenyk\u00e9p\u0171, leborotv\u00e1lt, majd visszarajzolt szem\u00f6ld\u00f6k\u0171, ki\u00e9gett mad\u00e1rijeszt\u0151 piszk\u00edt bele.<br \/>Arc\u00e1n m\u00e9ly \u00e9s kem\u00e9ny, hamusz\u00edn kr\u00e1terek.<br \/>\u00c1ll, \u00e9s \u00e9lettelen\u00fcl b\u00e1mul maga el\u00e9, m\u00edg pupill\u00e1it szem\u00e9b\u0151l \u00f6r\u00f6kre ki nem rad\u00edrozza a vak\u00edt\u00f3 f\u00e9ny.<br \/>Nagy sok\u00e1ra megmozdulnak \u00f6sszesz\u00e1radt ajkai.<br \/>Besz\u00e9lni akar, de tork\u00e1n akad a hang.<br \/>A reflektor magas, s\u00edpol\u00f3 hangja \u2013 egy konstans, agydermeszt\u0151 vis\u00edt\u00e1s. Hirtelen sz\u0171nik meg, mintha elv\u00e1gt\u00e1k volna a vezet\u00e9ket, ami \u00f6sszek\u00f6ti a sz\u00edvet az aggyal.<br \/>Az \u00f6regasszony v\u00e9rszeg\u00e9ny ajkain egyszerre t\u00f3dul ki az \u00f6sszes mosl\u00e9k, amit mindeddig mag\u00e1ban hordozott.<br \/>\u00c9lete sara.<br \/>A hallgat\u00f3s\u00e1g gy\u00e9r \u00e9s k\u00f6z\u00f6ny\u00f6s.<br \/>Valaki beki\u00e1lt.<br \/>\u2013 Fogd be, b\u00fcd\u00f6s kurva!<\/p>\n<p>A goly\u00f3s n\u00e9mber szemei idegbajosan merednek a t\u00e1volba.<br \/>\u2013 Felt\u00e1p\u00e1szkodtam, vettem egy forr\u00f3 zuhanyt, lekapartam arcomr\u00f3l a sz\u00e1raz pattan\u00e1sokat, felt\u00e9ptem gennyes sebeimet, melyekb\u0151l vulk\u00e1nszer\u0171en t\u00f6rt fel a v\u00e9r, a kezemre n\u00e9ztem, s\u0171r\u0171, fekete olaj csillogott az ujjbegyeken, mi ez, tal\u00e1n m\u00e1r a v\u00e9rem is fekete?!<br \/>Kisz\u00e1llok! Na, most fogok kisz\u00e1llni, legyen m\u00e1r v\u00e9ge, mert meg\u0151r\u00fcl\u00f6k! Ki akarok sz\u00e1llni.<\/p>\n<p>Csakhogy azt\u00e1n j\u00f6tt az a rohadt patk\u00e1ny, a hasamra m\u00e1szott, hogy apr\u00f3, \u00e9les k\u00f6rmeivel a b\u0151r\u00f6mbe kapaszkodva r\u00e1gjon lyukat a gyomromon, hogy bel\u00e9m jusson, hogy hozz\u00e1m f\u00e9rk\u0151zz\u00f6n, hogy felfalja mindazt, ami m\u00e9g megmaradt\u2026, hogy \u00fajra otthona legyek,<br \/>bennem \u00e9l\u0151sk\u00f6dj\u00f6n,<br \/>hogy melengessem,<br \/>hogy ism\u00e9t v\u00e9g n\u00e9lk\u00fcl, irgalmatlanul sz\u00edvja ki bel\u0151lem az \u00e9letet, az utols\u00f3 leheletig, amivel m\u00e9g \u00fajrakezdhettem volna, meg akarta mutatni, hogy ki itt az \u00far, hogy ki ural, h\u00e1t \u0151 az \u00far, h\u00e1t \u0151 ural, mert bel\u00e9m fojtja a b\u00e1natot, r\u00e1m er\u0151lteti a megk\u00f6nnyebb\u00fcl\u00e9st, kok\u00f3, herny\u00f3, amfetamin, krist\u00e1ly, Xanax, vodka, meg a szem\u00e9t, a patk\u00e1nyszar, amit az utca sark\u00e1n s\u00f6p\u00f6rt be, nem messze onnan, ahol f\u00e9l \u00f3r\u00e1val ezel\u0151tt egy kisfi\u00fat baszott\u2026!<br \/>A kurva lihegve, f\u00e1radtan zuhan le a p\u00f3diumr\u00f3l, \u00e9s sz\u00e9tveri a fej\u00e9t.<br \/>Ott fekszik mozdulatlanul k\u00e9t asztal \u00e9s n\u00e9h\u00e1ny szutykos, pen\u00e9szes l\u00e1bujj k\u00f6z\u00f6tt, arca lassan a sz\u0151nyegbe s\u00fcpped,<br \/>a v\u00e9rfolt gl\u00f3ri\u00e1ba \u00faszik sz\u00e9t feje k\u00f6r\u00e9.<br \/>Senkit nem \u00e9rdekel a sz\u00fanyog-n\u0151, m\u00e9g most sem, v\u00e9res gl\u00f3ri\u00e1j\u00e1val feje k\u00f6r\u00fcl, kifordult, cs\u00e1pszer\u0171 v\u00e9gtagjaival, a sz\u00e1raz kr\u00e1terekkel siv\u00e1r arc\u00e1n.<br \/>R\u00e1 se heder\u00edtnek, sem egy\u00fctt\u00e9rz\u00e9s, sem megvet\u00e9s, csak egyszer\u0171, h\u00e9tk\u00f6znapi k\u00f6z\u00f6ny.<br \/>Tal\u00e1n holnap\u2026 tal\u00e1n majd holnap valaki veszi a f\u00e1rads\u00e1got, hogy eltakar\u00edtsa a saj\u00e1t mag\u00e1t felem\u00e9szt\u0151, azonnal rothad\u00e1snak indul\u00f3 tetemet.<br \/>Vagy holnaput\u00e1n\u2026<br \/>Az \u00e9n testem is kih\u0171lt, a hulla h\u0151m\u00e9rs\u00e9klet\u00e9t nyomban \u00e1tveszem.<br \/>H\u00e1t mit gondol mag\u00e1r\u00f3l ez a fekete v\u00e9r\u0171, mocskos szajha?<br \/>Tal\u00e1n azt hiszi, hogy a saj\u00e1t nevets\u00e9ges d\u00f6nt\u00e9sei \u00e1ltal beszerzett sz\u00e1nalmas tapasztalatok feljogos\u00edtj\u00e1k \u0151t arra, hogy k\u00e1bult r\u00e9szegs\u00e9gben \u00e9lete k\u00ednjait m\u00e1sokra ok\u00e1dja?<br \/>Megal\u00e1z\u00f3an nagy mondanival\u00f3k, r\u00f6hejesen b\u00f6lcs \u00fczenetek.<br \/>Ilyen vagyok \u00e9n is, mint ez az ocsm\u00e1ny, koszos, alkoholista n\u00e9mber. Ott \u00e1llok a p\u00f3dium k\u00f6zep\u00e9n, a feh\u00e9r reflektorf\u00e9ny halotti lepelk\u00e9nt fedi arcom, megreccsen alattam a deszka, mire hirtelen minden idegsz\u00e1lam megfesz\u00fcl, \u00e9s \u00e9n hal\u00e1lra r\u00e9m\u00fcl\u00f6k.<\/p>\n<p>A cowboykalapos f\u00e9rfi megszor\u00edtja a kezem, mire \u00e9n vastag ujjait a farmernadr\u00e1gom hajlat\u00e1ba akasztom.<br \/>Megmozd\u00edtom az ujjam, \u00e9szreveszem, hogy magamba kapaszkodtam\u2026<br \/>\u2026K\u00f6v\u00e9r, h\u00fasos kezembe rejtettem a gy\u0171r\u0171t, amit nagy er\u0151fesz\u00edt\u00e9ssel, \u00e9s sok szappan seg\u00edts\u00e9g\u00e9vel siker\u00fclt leh\u00faznom, de szor\u00edt\u00e1s\u00e1nak nyoma m\u00e9g mindig ott v\u00f6r\u00f6slik ujjamon.<br \/>Nedves haja finom ajka szeglet\u00e9be tapad.<\/p>\n<p>Megfogja a kezem, \u00e9s farmernadr\u00e1gja hajlat\u00e1ba akasztja.<br \/>Csak ki ne pottyanjon mellzsebemb\u0151l a gy\u0171r\u0171, amikor majd feszes test\u00e9re hajlok, mert akkor a l\u00e1ba k\u00f6z\u00fcl kell majd kihal\u00e1sznom.<\/p>\n<p>H\u00e1ny \u00e9ves lehet? Kin\u00e9zetre fiatal, b\u0151re \u00fcde, pirospozsg\u00e1s\u2026 Forr\u00f3 p\u00e1ra lengi k\u00f6rbe.<br \/>Mihelyst bel\u00e9pett, tudtam, hogy odaadn\u00e1 mag\u00e1t nekem. Felt\u00e9tel n\u00e9lk\u00fcl, sz\u0151r\u00f6st\u00fcl-b\u0151r\u00f6st\u00fcl, \u00e1t\u00e9lve minden egyes pillanat\u00e1t a velem szembeni kiszolg\u00e1ltatotts\u00e1gnak.<br \/>A kis kurva.<br \/>Ezt akarja, hogy kiszolg\u00e1ltatott legyen, hogy \u00fajra \u00e9s \u00fajra bebizony\u00edtsa mag\u00e1nak, hogy nem \u00e9r semmit.<\/p>\n<p>A tequila k\u00e9sz pazarl\u00e1s, \u0151 a n\u00e9lk\u00fcl is sz\u00edvesen \u00e1ruba bocs\u00e1tja mag\u00e1t.<\/p>\n<p>Viszont amikor megbotlott a felt\u00e9p\u0151d\u00f6tt padl\u00f3sz\u0151nyegben, \u00e9s hal\u00e1lra r\u00e9m\u00fclt, azt hittem, hogy ez a f\u00e9nyl\u0151 b\u0151r\u0171, sima arc\u00fa n\u0151 lesz az, aki, ha es\u00e9s k\u00f6zben elkapom, tal\u00e1n majd engem is megment.<\/p>\n<p>V\u00e9g\u00fcl siker\u00fclt megtartania az egyens\u00faly\u00e1t.<br \/>Amikor hozz\u00e1m l\u00e9pett, hosszan a szem\u00e9be n\u00e9ztem, \u00e9s pr\u00f3b\u00e1ltam megfejteni a rejtv\u00e9nyt, mely e v\u00e9gtelen sz\u00fcrkes\u00e9g m\u00e9ly\u00e9n lapul, de nem tal\u00e1ltam ezekben a szemekben semmit, semmit abb\u00f3l, amit \u00e9n keresek. Akkor m\u00e1r tudtam, hogy ez az eg\u00e9sz nem r\u00f3lam sz\u00f3l\u2026 M\u00e9gis leh\u00faztam a gy\u0171r\u0171t.<br \/>Amikor az els\u0151 tequila ut\u00e1n \u00e9des nyelv\u00e9t a sz\u00e1mba dugta, megadtam magam, \u00e9s nem gondoltam t\u00f6bb\u00e9 arra, mi\u00e9rt ennyire \u00fcresek \u00e9s k\u00e1b\u00e1k ezek a sz\u00edntelen szemek\u2026<\/p>\n<p>Nem tetszik, ahogy r\u00e1m n\u00e9z.<br \/>Mindennap ugyanitt, ugyan\u00edgy ragadok bele az id\u0151 szertefoszl\u00f3 p\u00f3kh\u00e1l\u00f3j\u00e1ba, minden nap 17 \u00f3ra. Eldugj\u00e1k a gy\u0171r\u0171t, \u00e9s mert nem tudnak megfejteni, azt hiszik, bel\u00e9m szerettek. Nem tudj\u00e1k mire v\u00e9lni a sesz\u00edn\u0171 h\u00e1rty\u00e1t, amit szemeim ac\u00e9lk\u00e9kje f\u00f6l\u00e9 n\u00f6vesztettem, hogy megv\u00e9djem magam.<br \/>Hogy h\u00e1bor\u00faba menet, t\u00f6rzsi t\u00e1ncot j\u00e1rva, hamucs\u00edkokat h\u00fazzak az arcomra, \u00e9s a farmernadr\u00e1gom hajlat\u00e1ba akaszthassam a k\u00f6v\u00e9r ujjakat.<br \/>Minden nap 17 \u00f3ra.<br \/>\u00c1zottra whiskyzem magam, a p\u00f3diumra t\u00e1ntorgok, \u00e9s agyongyakorolt, k\u00ednos reperto\u00e1romb\u00f3l el\u0151h\u00fazok egy undor\u00edt\u00f3, sz\u00edvszor\u00edt\u00f3 jelenetet. A v\u00e9g\u00e9n lezuhanok, \u00e9s az asztal sark\u00e1ba verem a fejem. A s\u00f6t\u00e9tb\u0151l r\u00e1m csillan egy gonosz vigyor.<br \/>Az a b\u00fcd\u00f6s kis kurva.<br \/>Elv\u00e9rzek.<br \/>Minden nap 17 \u00f3ra.<br \/>Tal\u00e1n holnap\u2026 tal\u00e1n majd holnap eltakar\u00edt valaki.<br \/>Vagy holnaput\u00e1n\u2026<\/p>\n<p>A testem kih\u0171l, a hulla h\u0151m\u00e9rs\u00e9klet\u00e9t nyomban \u00e1tveszem.<\/p>\n<p style=\"text-align: right;\"><strong>november 12.<\/strong><\/p>\n<p>Egy orsz\u00e1g\u00fat melletti parkol\u00f3 k\u00e9t kamionnal.<\/p>\n<p>M\u00e1r n\u00e9gy napja figyelem \u0151ket a szob\u00e1m ablak\u00e1b\u00f3l.<br \/>A parkol\u00f3\u0151r n\u00e9h\u00e1ny h\u00f3napja elt\u0171nt, elnyelte a k\u00f6d, nyoma veszett, \u00edgy most helyette \u00e9n \u0151rz\u00f6m \u00e1lmukat.<br \/>Nagylelk\u0171en, ingyen \u00e9s b\u00e9rmentve.<br \/>Valamire v\u00e1rnak, lefogadom, hogy anyagra Mexik\u00f3b\u00f3l.<br \/>Tudom, hogy megy ez, az \u00fatvonalakat ismerem, nemegyszer utaztam m\u00e1r sz\u00e1ll\u00edt\u00f3val.<br \/>Amikor csak lehetett, megloptam.<\/p>\n<p>Azt\u00e1n m\u00edg el nem fogyott a p\u00e9nz \u00e9s az anyag \u2013 \u00e1ltal\u00e1ban n\u00e9h\u00e1ny h\u00f3nap leforg\u00e1sa alatt, persze n\u00e9ha el\u00e9g volt egy-k\u00e9t nap \u2013, f\u00e9nyesre sik\u00e1lt fekete Limuzinnal, vasalt ing\u0171, feh\u00e9r keszty\u0171s sof\u0151rrel j\u00e1rtam az orsz\u00e1got.<br \/>R\u00e9v\u00e9szem, Khar\u00f3n \u00e9s \u00e9n cs\u00f3nak\u00e1ztunk kicsit a Szt\u00fcx\u00f6n.<br \/>Bet\u00f6rt\u00fck a pazar, fekete ladikot.<\/p>\n<p>Mindenem megvolt, amit megk\u00edv\u00e1ntam.<br \/>A szert eladtam, sz\u00e9tadtam, megosztottam.<br \/>Mindenkinek annyit, amennyit akart, \u0151k pedig annyit fizettek, amennyit j\u00f3nak l\u00e1ttak.<br \/>Ha \u00fagy gondoltam, t\u00f6bb l\u00e9 kell, t\u00f6bbet k\u00e9rtem.<br \/>Vagy adtak, vagy nem.<br \/>Igaz\u00e1b\u00f3l, nekem m\u00e1r akkor is mindegy volt.<\/p>\n<p>Men\u0151 biznisz, mindenkinek annyit adni, amennyit k\u00e9r, a lelked\u00e9rt cser\u00e9be.<br \/>Persze a p\u00e9nz sosem \u00e9rdekelt igaz\u00e1n, ez\u00e9rt hamar el is fogyott.<\/p>\n<p>Mindig kital\u00e1ltam valamit, hogy j\u00f3l \u00e9ljek, hogy<br \/>valahogy,<br \/>ak\u00e1rhogy,<br \/>mindegy, hogy, de t\u00fal\u00e9ljek\u2026<br \/>\u2026nem riadtam vissza att\u00f3l sem, ha \u00e9pp le kellett szopnom valakit az\u00e9rt, hogy meglegyen az adag.<\/p>\n<p>\u00c9lni m\u00e1r nem akarok, de a t\u00fal\u00e9l\u00e9s megfelel.<br \/>\u00d6r\u00f6k harcban \u00e1llok az ismeretlennel, mik\u00f6zben mindennap sz\u00e1zszor meghalok.<br \/>Nem \u00e9rzek magam ir\u00e1nt megvet\u00e9st, sem sajn\u00e1latot, \u00e9pp ellenkez\u0151leg, m\u00e9lys\u00e9gesen tisztelem magamat az\u00e9rt, amit csin\u00e1lok.<br \/>A szenved\u00e9s az egyetlen igazi \u00e9lvezet.<br \/>A fegyverem, amivel t\u00e9rdre k\u00e9nyszer\u00edthetek b\u00e1rkit.<br \/>A fegyverem, amivel t\u00e9rdre k\u00e9nyszer\u00edthetem magam.<\/p>\n<p>Tesztelem az \u00e9letet. Beny\u00falok legmocskosabb szegleteibe, bekukkantok a pen\u00e9szes falak m\u00f6g\u00e9, beugrok egy-k\u00e9t whiskyre a pokolba.<br \/>J\u00e9ggel, hogy jobban cs\u00fasszon.<br \/>Nincs mit sz\u00e9gyellnem, az \u00e9n vil\u00e1gomban minden csak egyetlen c\u00e9l: a szer \u00e9rdek\u00e9ben t\u00f6rt\u00e9nik.<br \/>Enyh\u00fcl\u00e9sre v\u00e1gyom, ez\u00e9rt b\u00e1rkinek odadobom magam, aki megk\u00edv\u00e1n.<br \/>P\u00e9nzt k\u00e9rni nem szoktam, m\u00e9gis adnak.<br \/>A kamionsof\u0151r\u00f6k kiv\u00e1ltk\u00e9pp h\u00e1l\u00e1sak egy-egy hossz\u00fa \u00fat ut\u00e1n. Kegyes, \u00f6nzetlen megv\u00e1lt\u00f3 vagyok.<br \/>Kieg\u00e9sz\u00edtj\u00fck egym\u00e1st.<br \/>Viszont ezekkel itt nem tudok mit kezdeni.<br \/>M\u00e1r az els\u0151 napon megk\u00f6rny\u00e9keztem mindkett\u0151j\u00fcket, cigarett\u00e1t k\u00e9rtem, teli sz\u00e1jjal r\u00f6h\u00f6gtem, kigomboltam a bund\u00e1m \u00e9s megigaz\u00edtottam a napszem\u00fcvegem. Hirtelen sz\u00f6rny\u0171, kib\u00edrhatatlan forr\u00f3s\u00e1g \u00f6nt\u00f6tt el, azonnal vetk\u0151zni kezdtem, majd be\u00fcltem mell\u00e9j\u00fck a b\u00fcd\u00f6s, zokni szag\u00fa, s\u00f6rp\u00e1rlatokt\u00f3l terhes, nyirkos vezet\u0151f\u00fclk\u00e9be.<br \/>Ott \u00fcltem f\u00e9lmeztelen\u00fcl, l\u00e1bammal az \u00e1gy\u00e9kukat massz\u00edrozva\u2026<br \/>Elutas\u00edtottak.<br \/>Mindketten.<\/p>\n<p style=\"text-align: right;\"><strong>november 13.<\/strong><\/p>\n<p>Valakire v\u00e1rnak.<br \/>M\u00e1sk\u00e9pp m\u00e1r r\u00e9g tov\u00e1bb mentek volna. \u00c1ltal\u00e1ban k\u00e9t napig pihennek.<br \/>Valami nincs rendben.<br \/>Mi a baj? Mi\u00e9rt nem kellek?<br \/>Meg akarnak kapni, de az utols\u00f3 pillanatban valami m\u00e9gis visszatartja \u0151ket.<\/p>\n<p>Ki utas\u00edtan\u00e1 vissza a kisst\u00edl\u0171 \u00e9s nevets\u00e9ges \u00edg\u00e9retekt\u0151l mentes testis\u00e9get, a buja szenved\u00e9lyt, a szenvtelen, nyers erotik\u00e1t?<br \/>H\u00e1t mi\u00e9rt k\u00e9ne meglenni n\u00e9lk\u00fcle?<\/p>\n<p>Mert retteg.<br \/>F\u00e9l, hogy valamit elvesz\u00edt.<br \/>Tal\u00e1n megzsarolt\u00e1k szeg\u00e9ny f\u00f3szert, hogy ha megszegi \u00edg\u00e9ret\u00e9t, hazudik, vagy lopna, kiny\u00edrj\u00e1k a csal\u00e1dj\u00e1t, vagy lev\u00e1gj\u00e1k a fark\u00e1t.<\/p>\n<p>Ha nem j\u00f6n meg hamarosan az \u00e1ru, amire \u2013 elk\u00e9pzel\u00e9sem szerint \u2013 v\u00e1rnak, \u00e9s vel\u00fck egy\u00fctt \u00e9n is, megveszek.<\/p>\n<p>Ha hirtelen hi\u00e1nycikk lesz az, amire mindennap sz\u00fcks\u00e9g\u00fcnk van, hogy \u00e1tszervezz\u00fck r\u00e9szecsk\u00e9inket, hogy t\u00fal\u00e9lj\u00fcnk ebben a kibaszott, vil\u00e1gnak nevezett, \u00e9les f\u00e9nnyel bevil\u00e1g\u00edtott k\u00f3rteremben, ahol brut\u00e1lis k\u00eds\u00e9rleteket v\u00e9geznek rajtunk, a szer \u00e1ltal biztos\u00edtott hamis komfort n\u00e9lk\u00fcl kell elszenvedn\u00fcnk a k\u00fcl\u00f6nf\u00e9le v\u00e1logatott k\u00ednokat, melyekkel be akarnak t\u00f6rni minket az \u00c9let doktorai.<br \/>Z\u00fazottk\u0151k\u00e9nt egym\u00e1shoz csikordul\u00f3 fogakkal \u00e9s \u00f6sszeszor\u00edtott \u00f6k\u00f6llel kell kib\u00edrni mindaddig, m\u00edg meg nem j\u00f6n az \u00faj \u00e1ru.<\/p>\n<p>L\u00e9tezik m\u00e1s v\u00e1laszt\u00e1s?<br \/>Hol a ki\u00fat ebb\u0151l a h\u00e1tborzongat\u00f3, v\u00f6r\u00f6sl\u00e1mp\u00e1s, k\u00eds\u00e9rtetekkel \u00e9s kurv\u00e1kkal teli labirintusb\u00f3l?<br \/>Az egyik megold\u00e1s behelyettes\u00edteni az anyagot valami m\u00e1ssal\u2026<br \/>\u2026valakivel.<br \/>A f\u00e9rfiak k\u00f6nny\u0171 pr\u00e9d\u00e1k, mert az \u00f6nbecs\u00fcl\u00e9s\u00fck nulla.<br \/>M\u00e9g csak nem is titkolj\u00e1k, hogy test\u00fck v\u00e1gyainak, primit\u00edv, \u0151si \u00f6szt\u00f6neiknek engedelmeskednek.<br \/>Bek\u00e9redzkednek.<br \/>Mindig is erre hagyatkoztam, amikor elfogyott a kedvenc drogom.<br \/>A szem\u00fckben ugyan\u00fagy felcsillant a k\u00e9j ut\u00e1ni v\u00e1gy, mint az eny\u00e9mben, amikor egym\u00e1sra n\u00e9zt\u00fcnk\u2026<\/p>\n<p>Nem tudom, mi okozhatta a k\u00e9t kamionsof\u0151r nyugtalan\u00edt\u00f3 szorong\u00e1s\u00e1t, mit jelenthettek az ideggyenges\u00e9gr\u0151l \u00e1rulkod\u00f3, szaggatott mozdulatsorok, vagy a kit\u00e1gult pupill\u00e1kban a gusztustalan epeked\u00e9st felv\u00e1lt\u00f3 undok borzad\u00e1ly el\u00e9m t\u00e1rul\u00f3 r\u00e9mk\u00e9pei\u2026<\/p>\n<p>Tal\u00e1n \u00e9n sem vagyok m\u00e1r a r\u00e9gi.<br \/>Tal\u00e1n velem van a baj.<br \/>Tal\u00e1n \u00e9n vagyok paranoi\u00e1s.<\/p>\n<p>Pedig j\u00f3l n\u00e9zek ki, t\u00f6r\u0151d\u00f6k a testemmel, hiszen az egyik p\u00e9nzforr\u00e1som, ha \u00e9pp \u00fagy akarom, ha \u00e9pp szembe hugyozok a sorssal, amikor emelem a t\u00e9teket a p\u00f3kerasztaln\u00e1l, ahol rajtam k\u00edv\u00fcl csak k\u00e9t j\u00e1t\u00e9kos \u00fcl: az \u00c9let \u00e9s a Hal\u00e1l.<\/p>\n<p>Nem f\u00e9lek semmit\u0151l.<br \/>Mit\u0151l k\u00e9ne tartanom?<br \/>\u00c9n m\u00e1r r\u00e9g meghaltam, elp\u00e1rologtam, nem l\u00e9tezem.<br \/>Egy veszett k\u00f3bor kutya az orsz\u00e1g\u00fat sz\u00e9l\u00e9n, aki csak mag\u00e1nak csahol. Azt csin\u00e1lok, amit akarok, amihez \u00e9pp kedvem van. Csak ezt a k\u00e9t f\u00e9rfit nem tudom megkapni, ugyanis minden pr\u00f3b\u00e1lkoz\u00e1som, m\u00e9g a legmocskosabb is, kudarcba fullad. A k\u00ednos feszeng\u00e9s helyett most k\u00e9tked\u0151 iszony \u00e9s p\u00e1ni f\u00e9lelem tenyerel borost\u00e1s arcukba.<\/p>\n<p>Ez felzaklat.<br \/>V\u00e9gre, hossz\u00fa id\u0151 ut\u00e1n, t\u00f6rt\u00e9nik valami.<br \/>Valamit \u00e9rzek.<br \/>M\u00e9lyr\u0151l j\u00f6n, poklom legm\u00e9lyebb bugyraib\u00f3l t\u00f6r fel, s\u00e1r \u00e9s v\u00e9r kever\u00e9ke, k\u00ednpadok ny\u00f6g\u00e9seinek visszhangja, csak ki kell v\u00e1rni, m\u00edg ide\u00e9r.<br \/>Lassan ellep a s\u00f6t\u00e9ts\u00e9g, keser\u0171s\u00e9g \u00e1rad sz\u00e9t testemben, \u00e9s mikor m\u00e9rge bekebelezi agyam utols\u00f3 \u00e9p sejt\u00e9t is, v\u00e9ge.<br \/>Elborul az elm\u00e9m.<br \/>A testem velej\u00e9ig romlik.<br \/>A lelkem meg k\u00f6zben tiszta.<br \/>Ez\u00e9rt nem \u00e9rzek sem gy\u00e1szt, sem lelkiismeret-furdal\u00e1st, amikor megszabadulok a k\u00e9t f\u00e9rfit\u00f3l.<\/p>\n<p>Szop\u00e1s.<\/p>\n<p style=\"text-align: right;\"><strong>november 17.<\/strong><\/p>\n<p>\u00daton, kora reggel<\/p>\n<p>F\u00e9lrehajtom a vastag b\u00e1rsonyf\u00fcgg\u00f6nyt, a b\u00edborsz\u00edn\u0171 anyagb\u00f3l porszemek sz\u00e1llnak fel\u00e9m, hogy azt\u00e1n csillogva m\u00e1rt\u00f3zzanak meg a reggel tejsz\u00edn\u0171 k\u00f6d\u00e9ben felsejl\u0151 f\u00e9nypocsoly\u00e1kban.<\/p>\n<p>Zsaruk.<br \/>Az hiszitek, megijedek t\u0151letek?<br \/>Nem f\u00e9lek, ha rend\u0151r\u00f6ket l\u00e1tok. Akkor sem, ha esetleg nincs n\u00e1lam p\u00e9nz, hogy a farzseb\u00fckbe nyomjam, de m\u00e9g akkor sem, ha \u00e9pp nemr\u00e9g v\u00e1gtam el k\u00e9t kamionsof\u0151r tork\u00e1t.<br \/>Van m\u00e1s fegyverem. A vonzer\u0151m \u00e9s a kisug\u00e1rz\u00e1som.<br \/>Ki\u00e9rzik, mint a vad\u00e1llatok, hogy kiv\u00e1l\u00f3an j\u00e1tszom a pr\u00e9da szerep\u00e9t, hogy velem b\u00e1rmit megtehetnek, \u00e9n \u00e9lvezni fogom.<br \/>Sz\u00edv\u00f3s, odaad\u00f3, loj\u00e1lis t\u00e1rs vagyok.<br \/>Olyan, aki l\u00e1tsz\u00f3lag nem titkol semmit, m\u00e9gis ezernyi tal\u00e1ny lengi k\u00f6rbe. Ahogy halad, \u00fagy s\u0171r\u0171s\u00f6dik k\u00f6dd\u00e9 k\u00f6r\u00fcl\u00f6tte a leveg\u0151.<br \/>Megfoghatatlan.<br \/>Ez tetszik nekik.<\/p>\n<p>\u2026<\/p>\n<p>V\u00e9gleg kiz\u00e1rtam az \u00e9letemb\u0151l mindent, ami felesleges.<\/p>\n<p>Leh\u00faztam a s\u00fcllyeszt\u0151be az \u00f6sszes embert, akit ismertem, darabokra t\u00e9ptem az utols\u00f3, macskakapar\u00e1ssal tele\u00edrt napl\u00f3lapot.<\/p>\n<p>Miut\u00e1n \u00e1tl\u00e9ptem a hat\u00e1rt, el\u00e9gettem az \u00fatlevelem, \u00e9s sosem n\u00e9ztem vissza abba az ir\u00e1nyba, ahonnan j\u00f6ttem.<br \/>A m\u00faltat lenyeltem, mint a keser\u0171 pirul\u00e1t.<br \/>Gyomorfek\u00e9lyt kaptam t\u0151le.<br \/>Szerencs\u00e9re Amerik\u00e1ban k\u00f6nnyen beszerezhet\u0151 az anyag.<br \/>Tudtam, hogy a f\u00e1j\u00e1sok hamarosan al\u00e1bbhagynak.<\/p>\n<p>\u2026<\/p>\n<p>Hogy mikor undorodtam meg az emberekt\u0151l?<br \/>Mikor hat\u00e1roztam el, hogy v\u00e9gleg lemondok arr\u00f3l, hogy vel\u00fck b\u00e1rmi k\u00f6z\u00f6sbe bocs\u00e1tkozzak? \u00c9vekig tart\u00f3, s\u00falyos mereng\u00e9s vagy egy rossz \u00e9lm\u00e9ny sz\u00fclte hirtelen elhat\u00e1roz\u00e1s eredm\u00e9nye?<br \/>Ki tudja\u2026<br \/>Nem tudom meghat\u00e1rozni, mikor is t\u00f6rt\u00e9nt pontosan, \u00e9s arra sem eml\u00e9kszem, mikor j\u00f6ttem a kontinensre, s b\u00e1r eltettem a rep\u00fcl\u0151jegyet, miut\u00e1n meg\u00e9rkeztem, minden er\u0151met arra \u00f6sszpontos\u00edtottam, hogy kiverjem a fejemb\u0151l el\u0151z\u0151 \u00e9letem, ugyan\u00fagy, mint az \u00fajrakezd\u00e9s napj\u00e1t, mert olyan, hogy el\u0151z\u0151, m\u00e1r nincs.<br \/>Csak ez az egy van.<br \/>Magam alkottam.<br \/>A saj\u00e1t szab\u00e1lyaim szerint.<br \/>Mindm\u00e1ig sz\u00e1mban \u00e9rzem f\u00f6rtelmes, \u00e9mely\u00edt\u0151 ut\u00f3\u00edz\u00e9t annak a gyomorforgat\u00f3 \u00e9rz\u00e9snek, amivel t\u00e1voztam.<br \/>Sz\u00e1nalmas, elcseszett kis figur\u00e1k keser\u00edtett\u00e9k meg mindennapjaimat, \u00e9les, fekete k\u00f6rmeikkel bel\u00e9m kapaszkodtak, \u00e9s nem eresztettek, m\u00edg ki nem sz\u00edvt\u00e1k bel\u0151lem az utols\u00f3 csepp rem\u00e9nyt, hogy egyszer tal\u00e1n jobb lesz.<br \/>Egy ideig megragadtam minden alkalmat, hogy \u0151szint\u00e9n \u00e1tadjam magam az embereknek, hogy megmutassam magam\u2026 felt\u00e1rtam el\u0151tt\u00fck gyermeki lelkesed\u00e9sem, meztelenre vetk\u0151ztem, an\u00e9lk\u00fcl, hogy felsz\u00f3l\u00edtottak volna\u2026<br \/>Most is sz\u00f3 n\u00e9lk\u00fcl meztelenre vetk\u0151z\u00f6m, ha \u00fagy ad\u00f3dik, ha p\u00e9nz kell, de a lelkem lefagyott, \u00e9s t\u00e1volra szeg\u0151d\u00f6tt t\u0151lem, a m\u00e9lybe, becs\u00fasztattam egy fekete r\u00e9sbe, melyet lid\u00e9rcek \u00e9s r\u00e9m\u00e1lmok \u0151riznek. Ott biztons\u00e1gban van, azt hiszem.<br \/>Ki\u00fcr\u00edtettem magam.<br \/>R\u00e9gen fontos volt sz\u00e1momra a rend, a tisztas\u00e1g, \u00fcgyeltem mindenre, ami k\u00f6rbevesz, hogy g\u00f6mb\u00f6ly\u0171, k\u00e9nyelmes \u00e9s makul\u00e1tlan legyen.<br \/>Most ak\u00e1r az \u00e1rokba is befekszem.<br \/>Nem egy b\u00fcd\u00f6s hajl\u00e9ktalan szeszszag\u00fa kab\u00e1tja volt m\u00e1r mened\u00e9kem.<br \/>Persze, az\u00e9rt el\u0151nyben r\u00e9szes\u00edtem a poros kis motelszob\u00e1kat, hetvenes \u00e9vekbeli berendez\u00e9ssel, kidudorod\u00f3 k\u00e9perny\u0151j\u0171 t\u00e9v\u00e9kkel, melyeket k\u00e9pes vagyok napokig b\u00e1mulni; a benne eszeveszetten ugrabugr\u00e1l\u00f3, sz\u00f3fos\u00f3 barmok \u00e1tmoss\u00e1k az agyam, azt\u00e1n kicsavarj\u00e1k, alaposan, magas fordulatsz\u00e1mon; az emberi h\u00fclyes\u00e9g m\u00e1r nem bosszant \u00fagy, mint r\u00e9gen. Persze, mindenkit nem lehetett csak \u00fagy, egy gombnyom\u00e1ssal kikapcsolni, mint ezeket a kaj\u00e1nul vigyorg\u00f3 majmokat itt, a dombor\u00fa k\u00e9perny\u0151n\u2026<br \/>V\u00e9geznem kellett vel\u00fck.<br \/>De el\u0151sz\u00f6r v\u00e9geznem kellett magammal.<br \/>Hogy milyen voltam el\u0151tte?<br \/>Egy olyan ember, n\u0151, aki mosolyogni tudott akkor is, ha \u00e9ppen \u00fcv\u00f6ltenie kellett\u2026<br \/>Azt\u00e1n v\u00e9gre, hossz\u00fa id\u0151 ut\u00e1n \u00fcv\u00f6lt\u00f6ttem egy nagyot.<br \/>Egyszerre csak \u00e1tszakadtak a g\u00e1tak.<br \/>A felszabadult energia el\u00e1rasztott, \u00fagy hittem, mindent megtehetek, amit csak akarok, k\u00f6vetkezm\u00e9nyek n\u00e9lk\u00fcl.<br \/>A k\u00f6vetkezm\u00e9nyeket nem kell v\u00e1llalnom, mert egy senki vagyok.<\/p>\n<p>Most r\u00e1gy\u00fajtok egy cigire a poros orsz\u00e1g\u00faton, \u00e9s kib\u00f6k\u00f6m a h\u00fcvelykujjam.<br \/>M\u00e1sik kezemmel cs\u00edp\u0151mre t\u00e1maszkodok, \u00e9s v\u00e1rom a kap\u00e1st.<br \/>Porcs\u00edkot hagyva maga ut\u00e1n meg\u00e1ll az els\u0151 kocsi.<br \/>Egy must\u00e1rsz\u00edn\u0171 Chrysler k\u00e9t feh\u00e9r cs\u00edkkal az oldal\u00e1n, kif\u00fajom a f\u00fcst\u00f6t, \u00e9s a v\u00f6r\u00f6s b\u0151r\u00fcl\u00e9sbe huppanok.<\/p>\n<p>\u2013 Szia!<br \/>Szuvas fogaival r\u00e1m vigyorog egy h\u00f3feh\u00e9r, napszem\u00fcveges arc.<\/p>\n<div id=\"attachment_395\" style=\"width: 173px\" class=\"wp-caption alignright\"><img loading=\"lazy\" decoding=\"async\" aria-describedby=\"caption-attachment-395\" class=\"size-medium wp-image-395\" src=\"http:\/\/opus-folyoirat.sk\/wp-content\/uploads\/2018\/08\/R\u00f3zsa_R\u00e9ka_portr\u00e9-163x300.jpg\" alt=\"\" width=\"163\" height=\"300\" srcset=\"https:\/\/opus-folyoirat.sk\/wp-content\/uploads\/2018\/08\/R\u00f3zsa_R\u00e9ka_portr\u00e9-163x300.jpg 163w, https:\/\/opus-folyoirat.sk\/wp-content\/uploads\/2018\/08\/R\u00f3zsa_R\u00e9ka_portr\u00e9-768x1415.jpg 768w, https:\/\/opus-folyoirat.sk\/wp-content\/uploads\/2018\/08\/R\u00f3zsa_R\u00e9ka_portr\u00e9-556x1024.jpg 556w, https:\/\/opus-folyoirat.sk\/wp-content\/uploads\/2018\/08\/R\u00f3zsa_R\u00e9ka_portr\u00e9.jpg 1202w\" sizes=\"auto, (max-width: 163px) 100vw, 163px\" \/><p id=\"caption-attachment-395\" class=\"wp-caption-text\">R\u00f3zsa R\u00e9ka<\/p><\/div>\n<p>.<\/p>\n<p>.<\/p>\n<p>.<\/p>\n<p>.<\/p>\n<p>.<\/p>\n<p>.<\/p>\n<p>.<\/p>\n<p>.<\/p>\n<p>.<\/p>\n<p>.<\/p>\n<p><strong>Prof\u00e1n Provok\u00e1ci\u00f3 2.1.<\/strong><br \/><strong>T\u00e1rgy: Elker\u00fclend\u0151 k\u00e9rd\u00e9sek&#8230;<\/strong><br \/><em>(Szerkeszt\u0151i megjegyz\u00e9s: h\u00fclyes\u00e9g!)<\/em><\/p>\n<p>Szervusz Sz\u00edvhusz\u00e1rom!<\/p>\n<p>Hogy vagy, kedvesem? Mes\u00e9lj nekem valami megnyugtat\u00f3 mes\u00e9t, olyat, amiben Mi ketten megv\u00e1ltottuk a vil\u00e1got, mint megannyi l\u00e1zas hajnalon tervezgett\u00fck\u2026 Szeretsz m\u00e9g mes\u00e9lni?<br \/>Korn\u00e9l, annyi rossz t\u00f6rt\u00e9nik a Vil\u00e1gban, \u00e9s ezt nem csak a depresszi\u00f3 mondatja velem, t\u00e9nyleg nem. A s\u00f6t\u00e9ts\u00e9get, ami mindenemet \u00e1titatja, visszafogj\u00e1k a gy\u00f3gyszerek. \u00dagy \u00e9rzem magam, mint egy fekete p\u00e1rduc, akit p\u00f3r\u00e1zra raktak \u00e9s odak\u00f6t\u00f6ztek egy f\u00e1hoz. B\u00e1r most meglep\u0151 m\u00f3don nem d\u00fch\u00f6ng\u00f6k, csendesen v\u00e1rakozom, hogy ki mer\u00e9szkedik m\u00e9g egyszer k\u00f6zel. \u00c1m visszat\u00e9rve, majdnem arra vetemedtem, hogy szem\u00e9lyes leveleimbe belecsepegtessem a k\u00f6z\u00e9let szenny\u00e9t.<br \/>Tudom, dr\u00e1g\u00e1m, megr\u00f6gz\u00f6tt luddita vagy, de tal\u00e1n Te is l\u00e1tod, hogy mi folyik. Nem tudom, mit gondoljak igaz\u00e1n\u2026 K\u00e9rdezem h\u00e1t els\u0151sorban, tegyek fel k\u00e9rd\u00e9seket neked? R\u00e1ngassalak bele ebbe? Vagy \u0151rizzelek meg, \u00e9s csak a lelkem iszapj\u00e1t cs\u00f6p\u00f6gtessem neked \u00edgy, ebben a form\u00e1ban?!<br \/>Gyal\u00e1zat, a gyal\u00e1zat sok form\u00e1j\u00e1val tal\u00e1lkozom, mi\u00f3ta \u00fajra emberek k\u00f6z\u00e9 megyek n\u00e9ha napj\u00e1n. \u00c9n?! \u00c9n, Korn\u00e9l\u2026 aki \u00f6r\u00f6mmel vetette bele mag\u00e1t a t\u00f6megek k\u00f6zep\u00e9be, aki utat nyitott \u00e9s embereket k\u00e9nyszer\u00edtett t\u00e9rdre\u2026 \u00e9n lettem antiszoci\u00e1lis, \u00e9s ennek sok k\u00f6ze van a gyal\u00e1zkod\u00e1shoz. Sok mindennek h\u00edvtak m\u00e1r, sok szitoksz\u00f3 rep\u00fclt m\u00e1r a fejemhez, voltam \u00e9n m\u00e1r kurva, ribanc\u2026 s\u0151t, az \u00f6r\u00f6ml\u00e1nyok minden form\u00e1ja, voltam \u00e9n m\u00e1r pokolb\u00e9li d\u00e9mon, eredend\u0151 sz\u00fcletett gonosz, m\u00e9g a saj\u00e1t v\u00e9rem sz\u00e1j\u00e1b\u00f3l is, voltam \u00e9n hazugnak kiki\u00e1ltva, holott az \u00e9n sz\u00e1m zengette a leghangosabban az igazs\u00e1got, voltam \u00e9n dilett\u00e1ns, csak az\u00e9rt, mert m\u00e1shogy k\u00e9pzeltem el az utat, ami a c\u00e9lhoz vezet, voltam ut\u00e1lt \u00e9s \u0151r\u00fclt rebellis konzervat\u00edvok k\u00f6z\u00f6tt, mert nem a k\u00fcsz\u00f6b alatt folytam be, hanem ber\u00fagtam az ajt\u00f3t a gondolataimmal. S\u0151t, voltam g\u0151g\u00f6s liba is sz\u00e1zszor, megjegyzem f\u0151k\u00e9nt a 60-as IQ-val rendelkez\u0151k k\u00f6z\u00f6tt. \u00c1m a leg\u00fajabb szitoksz\u00f3, amit legt\u00f6bbsz\u00f6r a fejemhez v\u00e1gnak, ha nyilv\u00e1nos t\u00e9m\u00e1hoz sz\u00f3lok hozz\u00e1, az az, hogy \u00c9n bizony egy b\u00fcd\u00f6s ballibsi vagyok. \u00c9rted ezt? Nonszensz\u2026. B\u00fcd\u00f6s balliber\u00e1lisok vagyunk, ennek fokoz\u00e1sa a nyomorult kommunista. Pof\u00e1m leszakad, komolyan mondom, \u00e9s most nem cs\u00f6p\u00f6g d\u00fcht\u0151l a hangom, mert az \u00e1llam le van zuhanva.<em> (Szerk. megj.: kchm, marxista)<\/em> Mi\u00e9rt? Mi\u00e9rt van ez? H\u00e1t nem l\u00e1tj\u00e1k\u2026 a t\u00f6rt\u00e9nelem ism\u00e9tli \u00f6nmag\u00e1t. Magamra vetem az els\u0151 k\u00f6vet, mert eml\u00e9kszem arra, amit egyszer mondt\u00e1l. \u201eLilith, Te a liberalizmus eszm\u00e9j\u00e9t diktat\u00f3rikus eszk\u00f6z\u00f6kkel tartatn\u00e1d be.\u201d Tudom, ez\u00e9rt k\u00f6t\u00f6k a nyelvemre csom\u00f3t mindig, mikor megsz\u00f3lalni akarok ilyen t\u00e9m\u00e1kban. De nem b\u00edrok elmenni a t\u00f6m\u00e9ny h\u00fclyes\u00e9g mellett, mert fojtogat a b\u0171ze.<br \/>K\u00e9rdezem h\u00e1t: Besz\u00e9lj\u00fcnk k\u00f6z\u00e9letr\u0151l? Elb\u00edrjuk majd ezt is? A szerkeszt\u0151n\u0151m l\u00e9lekereje \u00e9bredezni kezd \u00e9s t\u00f6bbsz\u00f6r politiz\u00e1l, mint kellene. A racion\u00e1lis \u00e9nem szint\u00e9n z\u00fagol\u00f3dik, de a rejtett idealist\u00e1m m\u00e9g a k\u00e9rd\u00e9sek felt\u00e9tel\u00e9ben sem biztos.<br \/>\u00cdgy h\u00e1t \u00e1tengedem neked a d\u00f6nt\u00e9st. <em>(Szerk. megj.: ilyet is ritk\u00e1n hallunk)<\/em><br \/>V\u00e1rom v\u00e1laszod.<\/p>\n<p>Cs\u00f3k\u00f6z\u00f6n,<\/p>\n<p style=\"text-align: right;\">Lilith<\/p>\n<p>(Szerkesztette: <strong>T\u00f3th Vikt\u00f3ria<\/strong>, aki igyekszik kir\u00e1ngatni az elef\u00e1ntcsonttoronyb\u00f3l Lilithet)<\/p>\n<div id=\"attachment_387\" style=\"width: 310px\" class=\"wp-caption alignright\"><img loading=\"lazy\" decoding=\"async\" aria-describedby=\"caption-attachment-387\" class=\"size-medium wp-image-387\" src=\"http:\/\/opus-folyoirat.sk\/wp-content\/uploads\/2018\/08\/T\u00f3th_Lilith_Vikt\u00f3ria-300x225.jpg\" alt=\"\" width=\"300\" height=\"225\" srcset=\"https:\/\/opus-folyoirat.sk\/wp-content\/uploads\/2018\/08\/T\u00f3th_Lilith_Vikt\u00f3ria-300x225.jpg 300w, https:\/\/opus-folyoirat.sk\/wp-content\/uploads\/2018\/08\/T\u00f3th_Lilith_Vikt\u00f3ria.jpg 640w\" sizes=\"auto, (max-width: 300px) 100vw, 300px\" \/><p id=\"caption-attachment-387\" class=\"wp-caption-text\">T\u00f3th Vikt\u00f3ria<\/p><\/div>\n<p><strong>.<\/strong><\/p>\n<p><strong>.<\/strong><\/p>\n<p><strong>.<\/strong><\/p>\n<p><strong>.<\/strong><\/p>\n<p><strong>.<\/strong><\/p>\n<p><strong>.<\/strong><\/p>\n<p><strong>.<\/strong><\/p>\n<p><strong>Random riposzt 2.1<\/strong><br \/><strong>Az elef\u00e1ntcsonttoronynak is lehetnek ablakai, avagy Zoli, b\u00e1natos verebek \u00e9s Sandokan<\/strong><\/p>\n<p>Kedves Lilith!<\/p>\n<p>K\u00edv\u00e1ns\u00e1god sz\u00e1momra parancs: Hol volt, hol nem volt, valahol a Felvid\u00e9ken s annak t\u00e1g \u00e9rtelemben vett hat\u00e1rz\u00f3n\u00e1iban volt egy ifj\u00fa leg\u00e9ny. Boldog volt a maga furas\u00e1g\u00e1val a kis \u00e9let\u00e9ben, de azt\u00e1n j\u00f6tt&#8230; a szarfolyam. V\u00e1ratlanul meghalt a leg\u00e9ny otthon\u00e1ul szolg\u00e1l\u00f3 kis vil\u00e1g kir\u00e1lyn\u0151je, \u00edgy h\u0151s\u00fcnknek nem volt marad\u00e1sa. Kereste, g\u00f6rcs\u00f6s idealizmussal kutatta a j\u00f3t, a b\u00e1jost, a kedveset a vil\u00e1gban, m\u00edg bele nem zakkant. T\u00fcnd\u00e9rek helyett kopasz s\u00e1rk\u00e1nyok, h\u00e1zi t\u0171zhely melege helyett nemt\u00f6r\u0151d\u00f6ms\u00e9g ostorcsattog\u00e1sa jutott a h\u00e1t\u00e1nak. K\u00e9rd\u00e9sek helyett szidalmak, \u00f6lel\u00e9sek helyett l\u00e9lek\u00f6l\u00e9sek lettek a jussa. V\u00e1ndorolt h\u00e1t, hib\u00e1t hib\u00e1ra halmozott, felesleges csat\u00e1kba bocs\u00e1tkozott \u00e9s szenvedett testileg \u00e9s lelkileg egyar\u00e1nt. De!<br \/>A leg\u00e9ny egy nap elszeg\u0151d\u00f6tt egy apr\u00f3cska okos boszork\u00e1ny mell\u00e9, aki megmutatta neki, hogy ak\u00e1rmennyire elgy\u00f6t\u00f6rt is az ifj\u00fa, nem \u00e9rt\u00e9ktelen \u00e9s lehet m\u00e9g bel\u0151le valami&#8230; Bek\u00f6lt\u00f6ztette a leg\u00e9nyt az elef\u00e1ntcsonttorony 2. legmagasabban \u00e1ll\u00f3 emelet\u00e9re, (mert a legfels\u0151n m\u00e1r a d\u00e9moni Lilith lakott), \u00e9s azt mondta: \u2019Alkoss, ne csak magad f\u00f6l\u00f6tt ny\u00fcsz\u00edts, s \u00edgy nem gyilkolod a f\u00e9nyt s a der\u0171t\u2019.<br \/>Eddig, Lilith, od\u00e1ig jutottam, hogy kezdem elhinni, hogy nem vagyok akkora \u00e9getni val\u00f3, sorsront\u00f3, alp\u00e1ri kurafi, mint amilyennek l\u00e1ttam magam. N\u00e9ha, olykor-olykor vannak pillanataim, amikor r\u00e1m kacsint a rem\u00e9ny, hogy lehet m\u00e9g j\u00f3 nekem. Kock\u00e1ztassam ezt? T\u00e9nyleg itt az ideje annak, hogy a k\u00fcls\u0151 vil\u00e1g sunyi fojt\u00f3gr\u00e1n\u00e1tjai ellen v\u00e9d\u0151 zsalut levegyem az ablakomr\u00f3l? P\u00e1nikolgassak azon, hogy hova jut ez a korcs vil\u00e1g, ha fapados influencernek \u00e1llunk pont mi? A d\u00e9mon \u00e9s a leg\u00e9ny egy k\u00e1v\u00e9 mellett \u00faj tervet eszel ki? Wtf?! What a twist!!!<br \/>Nem szoktam h\u00edreket olvasni, de most vasvell\u00e1val kifesz\u00edtettem a szemeimet. Laptop, nyiss nekem t\u00e9rt! Nevettem egy sort azon, hogy H. Zoli posh-posh-posh, sz\u00fclinaposh volt a napokban. A V\u00edz\u00f6nt\u0151k a legfasz\u00e1bbak, nem hi\u00e1ba! Azt\u00e1n s\u00edrtam Tandorin. Mind meghalunk, de rem\u00e9lem sapk\u00e1ban temett\u00e9k. Nem \u00e1lltam le. M\u00e9g mindig k\u00f6nnyes szemmel sz\u00f6rny\u00fclk\u00f6dtem, hogy Kabir Bedi volt a pesti \u00e1llatkertben \u00e9n meg k\u00e9s\u0151n \u00e9rtes\u00fcltem r\u00f3la! Pedig miatta vagyok mindm\u00e1ig kal\u00f3zf\u00e9tises!<br \/>Bomb\u00e1k, guly\u00e1sfesztiv\u00e1l, deleg\u00e1ci\u00f3k&#8230; olyan rapid a v\u00e1ltoz\u00e1s.<br \/>Lilith \u00e9s Korn\u00e9l nem adja fel! Belemegyek a j\u00e1t\u00e9kba. Nyugodtan vess fel k\u00f6z\u00e9leti t\u00e9m\u00e1kat, de fenntartom a jogot, hogy n\u00e9ha 19. sz\u00e1zadi mintafeles\u00e9g m\u00f3dj\u00e1ra h\u00e1trad\u0151lve a karossz\u00e9kben, sejtelmesen mosolyogjak, am\u00edg te d\u00fch\u00f6ngsz. \u00cdgy megfelel?<br \/>V\u00e1rja v\u00e1laszod<\/p>\n<p style=\"text-align: right;\">Fenyvesi Korn\u00e9l, a sz\u00edvhusz\u00e1rod<\/p>\n<p>Ui.: Ha j\u00e1t\u00e9kunk eme \u00faj dimenzi\u00f3j\u00e1t\u00f3l nem leszek b\u00faskomor (vagy a szokottn\u00e1l nem fokozottabban), akkor olykor-olykor \u00e9n is felvetek p\u00e1r t\u00e9m\u00e1t. Milllyen naggyvonal\u00fa vagyok, huhh.<\/p>\n<p style=\"text-align: right;\">(Szerkesztette: <strong>Lombo\u0161 Korn\u00e9lia<\/strong>, \u00f6njel\u00f6lt Juh\u00e1sz)<\/p>\n<div id=\"attachment_388\" style=\"width: 210px\" class=\"wp-caption alignright\"><img loading=\"lazy\" decoding=\"async\" aria-describedby=\"caption-attachment-388\" class=\"size-medium wp-image-388\" src=\"http:\/\/opus-folyoirat.sk\/wp-content\/uploads\/2018\/08\/Lombo\u0161_Korn\u00e9lia-200x300.jpeg\" alt=\"\" width=\"200\" height=\"300\" srcset=\"https:\/\/opus-folyoirat.sk\/wp-content\/uploads\/2018\/08\/Lombo\u0161_Korn\u00e9lia-200x300.jpeg 200w, https:\/\/opus-folyoirat.sk\/wp-content\/uploads\/2018\/08\/Lombo\u0161_Korn\u00e9lia.jpeg 435w\" sizes=\"auto, (max-width: 200px) 100vw, 200px\" \/><p id=\"caption-attachment-388\" class=\"wp-caption-text\">Lombo\u0161_Korn\u00e9lia<\/p><\/div>\n<p>.<\/p>\n<p>.<\/p>\n<p>.<\/p>\n<p><strong>.<\/strong><\/p>\n<p><strong>.<\/strong><\/p>\n<p>.<\/p>\n<p>.<\/p>\n<p>.<\/p>\n<p>.<\/p>\n<p><strong>Prof\u00e1n provok\u00e1ci\u00f3 2.0<\/strong><br \/><strong>Avagy fagyhal\u00e1l, flegma angyalok \u00e9s Pom-Pom<\/strong><\/p>\n<p>Kedves Lilith!<\/p>\n<p style=\"text-align: left;\">P\u00e1r hete elj\u00f6tt 2019, meg a t\u00e9l. H\u00f3val, faggyal, cs\u00fasz\u00e1svesz\u00e9llyel&#8230; meg velem.<br \/>Tudom, meglep, hogy \u00fajra \u00edrok neked. \u00c9n magam sem gondoltam, hogy valaha visszat\u00e9rek m\u00e9g ehhez a szok\u00e1somhoz. A s\u00e9rtett f\u00e9l szerep\u00e9be helyezkedve azzal indokolhatn\u00e1m n\u00e9mas\u00e1gomat, hogy: \u201eNem csoda, hogy megvontam t\u0151led nemes szem\u00e9lyemet, hisz\u2019 Te se \u00edrt\u00e1l, lusta, haragv\u00f3 ringy\u00f3, h\u00e1t honnan k\u00e9ne tudnom, szeretn\u00e9d-e?! K\u00e9ne m\u00e9g a libik\u00f3ka? He?!\u201d A megal\u00e1zkod\u00f3 csicskajel\u00f6lt helyzet\u00e9ben t\u00e9rden \u00e1llva k\u00f6ny\u00f6r\u00f6gn\u00e9k, hogy ne haragudj, t\u00f6redelmesen megk\u00f6vetlek a durvas\u00e1gom\u00e9rt \u00e9s fogadj vissza bar\u00e1ts\u00e1god h\u0171s kebel\u00e9re, de enn\u00e9l konokabb vagyok, tudod j\u00f3l. Sz\u00f3val, csak annyit k\u00e9rdezek: J\u00e1tszik egy kis kutakod\u00f3 kering\u0151 Korn\u00e9l kom\u00e1ddal?<br \/>Ja, \u00e9s van egy realit\u00e1sban gy\u00f6keredz\u0151, a f\u00e9lre\u00e9rt\u00e9sekre, f\u00e9lre\u00e9rtelmez\u00e9sekre \u00e9s heves csetepat\u00e9kra fittyet h\u00e1ny\u00f3 ok, aminek folyt\u00e1n nagy es\u00e9lye volt annak, hogy elkopunk egym\u00e1s mell\u0151l, kedvesem. Ez az ok vitt r\u00e1, hogy \u00fajra felvegyem Veled a kapcsolatot, mivel kis h\u00edj\u00e1n nem volt ki \u00edrjon Neked, Lilith. Annyi ideje k\u00e9sz\u00fcl\u00f6k fejben a saj\u00e1t hal\u00e1lomra, olyan r\u00e9g\u00f3ta incselgek m\u00e1r az elm\u00fal\u00e1s s\u00f6t\u00e9t angyal\u00e1val, hogy amikor a val\u00f3s\u00e1g mezej\u00e9n markolt t\u00f6k\u00f6n az a sz\u00e1rnyas iz\u00e9, csak pislogtam, mint kiseg\u00e9r a lisztben.<br \/>A szerkeszt\u0151mmel baleset\u00fcnk volt. Nem volt hopp\u00e1r\u00e9-haccac\u00e1r\u00e9. Supp, \u00e9s megvolt. Semmi f\u00e9kcsikorg\u00e1s meg lass\u00edtott jelenet, semmi k\u00f6lt\u0151i virtuskod\u00e1s, csak cs\u00fasz\u00e1s, p\u00f6rd\u00fcl\u00e9s, zuttyan\u00e1s. (\u00dagy hangzik ez, mint valami id\u00e9zet egy kezd\u0151 j\u00e9gt\u00e1ncos napl\u00f3j\u00e1b\u00f3l). Csak \u00fcltem \u00e9s pihegtem, mint sz\u0171z \u00faril\u00e1ny a bord\u00e9lyban. Szerintem t\u00e9rbe fagyaszt\u00f3 \u2019ilyennincs\u2019 \u00e9rzetemmel \u00fccs\u00f6r\u00f6gtem volna j\u00f3 darabig az any\u00f3s\u00fcl\u00e9sen az aut\u00f3ban, a h\u00f3es\u00e9sben, az \u00e1rokban, haland\u00f3s\u00e1gom ki\u00e9lesedett tudat\u00e1ban, de szerkeszt\u0151m \u00e1tment hajcs\u00e1rba.<br \/>Most az aut\u00f3 szervizben, \u00e9n meg kiss\u00e9 magam alatt vagyok. A gyors \u00e1llapotellen\u0151rz\u00e9s, az int\u00e9zked\u00e9s, a biztons\u00e1gba jut\u00e1s s\u00fcrget\u0151 feladat\u00e1nak teljes\u00edt\u00e9se ut\u00e1n r\u00e1j\u00f6ttem, hogy csak egy korl\u00e1t, egy fa vagy egy rosszkor arrafel\u00e9 sz\u00e1guld\u00f3 aut\u00f3 kellett volna, hogy most ne legyek&#8230; Ne legy\u00fcnk! J\u00f3s\u00e1gos Nyugat szellemei, mit kezdtem volna a szerkeszt\u0151m n\u00e9lk\u00fcl?! Nem is tudom, mi lett volna rosszabb: elpusztulni vagy temetni.<br \/>P\u00e1r napja volt a sz\u00fclinapom-pom-pom is, mintha nem lenne el\u00e9g a k\u00edn. (Punk-punk-punk&#8230; egy napon sz\u00fclett\u00fcnk a szerkeszt\u0151mmel, csak \u0151 \u00f6regebb h\u00e1rom \u00e9vvel&#8230; trollololol\u00f3). Volna egy k\u00edv\u00e1ns\u00e1gom, mert r\u00f6vid az \u00e9let, kev\u00e9s a f\u00f3ka \u00e9s sok a s\u00f6t\u00e9t h\u00fclyes\u00e9g a vil\u00e1gban: \u00fajra! \u00dajra! J\u00e1tsszunk megint! Ki tudja, meddig lehet m\u00e9g.<br \/>Szeretettel cs\u00f3kol:<\/p>\n<p style=\"text-align: right;\">Fenyvesi Korn\u00e9l, a sz\u00edvhusz\u00e1rod<\/p>\n<p style=\"text-align: right;\">(Szerkesztette kiss\u00e9 \u00f6sszet\u00f6rve: <strong>Lombo\u0161 Korn\u00e9lia<\/strong>, \u00f6njel\u00f6lt Juh\u00e1sz)<\/p>\n<div id=\"attachment_388\" style=\"width: 210px\" class=\"wp-caption alignright\"><img loading=\"lazy\" decoding=\"async\" aria-describedby=\"caption-attachment-388\" class=\"size-medium wp-image-388\" src=\"http:\/\/opus-folyoirat.sk\/wp-content\/uploads\/2018\/08\/Lombo\u0161_Korn\u00e9lia-200x300.jpeg\" alt=\"\" width=\"200\" height=\"300\" srcset=\"https:\/\/opus-folyoirat.sk\/wp-content\/uploads\/2018\/08\/Lombo\u0161_Korn\u00e9lia-200x300.jpeg 200w, https:\/\/opus-folyoirat.sk\/wp-content\/uploads\/2018\/08\/Lombo\u0161_Korn\u00e9lia.jpeg 435w\" sizes=\"auto, (max-width: 200px) 100vw, 200px\" \/><p id=\"caption-attachment-388\" class=\"wp-caption-text\">Lombo\u0161_Korn\u00e9lia<\/p><\/div>\n<p><em>.<\/em><\/p>\n<p><em>.<\/em><\/p>\n<p><em>.<\/em><\/p>\n<p><em>.<\/em><\/p>\n<p><em>.<\/em><\/p>\n<p><em>.<\/em><\/p>\n<p><em>.<\/em><\/p>\n<p><em>.<\/em><\/p>\n<p>.<\/p>\n<p><strong>Random Riposzt 2.0<\/strong><br \/><strong>A sz\u00edvbajt hozod r\u00e1m, pedig az alapb\u00f3l is megvan<\/strong><\/p>\n<p>Korn\u00e9l!<\/p>\n<p>Ne ijesztgessetek engem, oly gy\u00f6nge a sz\u00edvem mostan\u00e1ban, nem akarlak elvesz\u00edteni t\u00e9ged is. Tudod, hogy nem \u00edgy n\u00e9z ki, ha igaz\u00e1n haragszom, \u201e\u00f6r\u00f6k harag, m\u00edg a kutya meg nem harap\u201d st\u00edlusban. Mindegy, ezt m\u00e1r kitakar\u00edtottam. T\u00fall\u00e9phet\u00fcnk rajta.<br \/>Eg\u00e9sz j\u00f3 verseim sz\u00fclettek haragomban, sz\u00f3val produkt\u00edvv\u00e1 tesz az is, ha felbaszol. <em>(Szerkeszt\u0151i megjegyz\u00e9s: Lilith az ut\u00f3bbi id\u0151ben m\u00e9g t\u00f6bbet k\u00e1romkodik.)<\/em><br \/>Vigy\u00e1zz magadra, k\u00e9rlek! A kurva ut\u00e1szok mi a retkes nyavaj\u00e1nak vannak? Le se baszom az aut\u00f3t. Te \u00e9s Ti legyetek rendben. Kedvem lenne be\u00fcltetni t\u00e9ged egy orosz tankba, ah\u00e1nyszor t\u00e9len kocsik\u00e1zni akarsz. M\u00e1s t\u00f6rj\u00f6n \u00f6ssze\u2026 Ah. Csapongok.<br \/>Ne haragudj r\u00e1m, nem j\u00f3 id\u0151szakomban vagyok \u00e9n sem. Ez az \u00e9vkezd\u00e9s semmilyen \u00faj energi\u00e1val nem aj\u00e1nd\u00e9kozott meg, hordozom m\u00e9g a m\u00falt \u0151sz f\u00e1radalmait. Sok minden f\u00e1j \u00e9s most nem csak lelkileg, amolyan k\u00f6lt\u0151sen, mert k\u00f6nnyen v\u00e1dolhatn\u00e1nak, te l\u00edrikus vagy, neked f\u00e1jni kell. \u00c9vek \u00f3ta el\u0151sz\u00f6r voltam j\u00f3zan ennyi ideig, el\u0151j\u00f6ttek a nyavaly\u00e1im, \u00e9s r\u00e1 kellett j\u00f6nn\u00f6m, nem hazudhatom magamnak tov\u00e1bb, hogy t\u00f6k\u00e9letes vagyok.<br \/>Korn\u00e9lom, \u00fagy n\u00e9z ki, mindent a sz\u00edvemre vettem, sz\u00f3 szerint. A bels\u0151 nyom\u00e1s lassan felszak\u00edt, m\u00e9g ez a rohadt \u00e1ll\u00f3v\u00edz is, amit m\u00e1sok pihen\u00e9snek mernek nevezni.<br \/>Nem tudom, mi legyen\u2026<br \/>Ha \u00e9gek, f\u00e1radt vagyok. Ha fekszem, f\u00e1radt vagyok. Egyed\u00fcl a Te gondolatod k\u00e9sztet mosolyg\u00e1sra. Ne mer\u00e9szeld elvenni magad t\u0151lem, \u00e9rted? Ne mer\u00e9szelj itt hagyni\u2026 \u201emert az \u00e9j s\u00f6t\u00e9t, \u00e9s tele van iszonyattal\u201d.<br \/>H\u00e1l\u00e1s vagyok neked, hogy megsz\u00fclett\u00e9l, \u00e9s m\u00e9g egy \u00e9vet az \u00e9letem r\u00e9sze volt\u00e1l. \u00d6r\u00fclj ennek a nemes napon\u2026 \u00e9s ne nevess a nemes kifejez\u00e9sen, m\u00e9g szarkasztikus horkan\u00e1st se hallasz.<br \/>Olyan zavarodott vagyok, de mire lesz\u00e1ll az est, bekapok k\u00e9t Xanaxot, \u00e9s legal\u00e1bb az agyam lenyugszik kiss\u00e9.<br \/>\u00cdrj, k\u00e9rlek, maradj velem, maradj meg Nekem.<br \/>Er\u0151tlen\u00fcl cs\u00f3kol,<\/p>\n<p style=\"text-align: right;\">Lilithed<\/p>\n<p style=\"text-align: right;\">(Szerkesztette: <strong>T\u00f3th Vikt\u00f3ria<\/strong>, akinek neh\u00e9z dolga van)<\/p>\n<div id=\"attachment_387\" style=\"width: 310px\" class=\"wp-caption alignright\"><img loading=\"lazy\" decoding=\"async\" aria-describedby=\"caption-attachment-387\" class=\"size-medium wp-image-387\" src=\"http:\/\/opus-folyoirat.sk\/wp-content\/uploads\/2018\/08\/T\u00f3th_Lilith_Vikt\u00f3ria-300x225.jpg\" alt=\"\" width=\"300\" height=\"225\" srcset=\"https:\/\/opus-folyoirat.sk\/wp-content\/uploads\/2018\/08\/T\u00f3th_Lilith_Vikt\u00f3ria-300x225.jpg 300w, https:\/\/opus-folyoirat.sk\/wp-content\/uploads\/2018\/08\/T\u00f3th_Lilith_Vikt\u00f3ria.jpg 640w\" sizes=\"auto, (max-width: 300px) 100vw, 300px\" \/><p id=\"caption-attachment-387\" class=\"wp-caption-text\">T\u00f3th Vikt\u00f3ria<\/p><\/div>\n<p>.<\/p>\n<p>.<\/p>\n<p>.<\/p>\n<p>.<\/p>\n<p>.<\/p>\n<p>.<\/p>\n<p>.<\/p>\n<p>.<\/p>\n<p><strong>\u00d3da egy Adydas m\u00e1rk\u00e1j\u00fa tyepl\u00e1kihoz&#8230; Hozz\u00e1d, teee&#8230;!<\/strong><\/p>\n<div id=\"attachment_388\" style=\"width: 210px\" class=\"wp-caption alignright\"><img loading=\"lazy\" decoding=\"async\" aria-describedby=\"caption-attachment-388\" class=\"size-medium wp-image-388\" src=\"http:\/\/opus-folyoirat.sk\/wp-content\/uploads\/2018\/08\/Lombo\u0161_Korn\u00e9lia-200x300.jpeg\" alt=\"\" width=\"200\" height=\"300\" srcset=\"https:\/\/opus-folyoirat.sk\/wp-content\/uploads\/2018\/08\/Lombo\u0161_Korn\u00e9lia-200x300.jpeg 200w, https:\/\/opus-folyoirat.sk\/wp-content\/uploads\/2018\/08\/Lombo\u0161_Korn\u00e9lia.jpeg 435w\" sizes=\"auto, (max-width: 200px) 100vw, 200px\" \/><p id=\"caption-attachment-388\" class=\"wp-caption-text\">Lombo\u0161_Korn\u00e9lia<\/p><\/div>\n<p><em>(Szerkeszt\u0151i c\u00edm: Amikor Korn\u00e9l agya felforr, kih\u0171l, felforr, majd cselekszik \u00e9s nem fogad el tan\u00e1csot)<\/em><\/p>\n<p>Dr\u00e1ga Lilith!<\/p>\n<p>Azt ficseregte nekem egy okos kis mad\u00e1r, asszem, fakop\u00e1ncsnak mondhatn\u00e1m, mert a fejem sajog bele, hogy t\u00f6bb\u00e9 nem folytatjuk a levelez\u00e9s\u00fcnket. K\u00f6z\u00f6lte velem, hogy a szerkeszt\u0151n\u0151d d\u00f6nt\u00e9s\u00e9nek \u2019h\u00e1la\u2019, ezent\u00fal m\u00e1r nem \u00e9rkeznek random riposztok a prof\u00e1n provok\u00e1ci\u00f3imra, \u00e9s Te sem vagy hajland\u00f3 h\u00fazni az idegeimet verb\u00e1lis verny\u00e1kol\u00e1saiddal. Be szeretn\u00e9d sz\u00fcntetni a k\u00f6z\u00f6s \u00e9letfejteget\u00e9seinket? Nem akarsz velem j\u00e1tszani? T\u00e9nyleg igaz, hogy ennyi volt? Ler\u00e1zol? Engem?<br \/>Ami a leggonoszabb ebben az eg\u00e9szben, hogy m\u00e9g arra sem m\u00e9ltatt\u00e1l, Te imm\u00e1r fokozottan m\u00e9ltatlan \u00farn\u0151, hogy TE sz\u00f3lj nekem arr\u00f3l, hogy elm\u00e9d szemetes kosar\u00e1ba haj\u00edtott\u00e1l engem&#8230; Minket! F\u00e1jt volna eleg\u00e1ns, \u00edr\u00e1sos irodalmi \u00fczenettel lez\u00e1rni a kavarg\u00f3 maratonunkat vagy igaz, f\u00e1j\u00f3n pr\u00f3zai m\u00f3don, de a korrekts\u00e9g nev\u00e9ben felvenni azt a kwa telefont?! Annyiszor h\u00edvtalak, Te meg a szerkeszt\u0151met haszn\u00e1lod mad\u00e1rpost\u00e1nak?!<br \/>Kedvem lenne sajn\u00e1lkozni, k\u00f6nnyes szemmel \u00e9rtetlenkedni azon, hogy akkor ez most (legal\u00e1bbis ahogy \u00e9n l\u00e1tom) azt jelenti, hogy Neked ez az eg\u00e9sz annyit jelentett, mint amit a v\u00e9r egy haszn\u00e1lt tisztas\u00e1gi bet\u00e9tben: f\u00e1jt \u00e9s kellemetlen volt, de ha \u0151szintes\u00e9ggel tekint\u00fcnk r\u00e1, akkor term\u00e9szetes \u00e9s megtiszt\u00edt\u00f3, megk\u00f6nnyebb\u00fcl\u00e9st aj\u00e1nd\u00e9koz\u00f3 hat\u00e1ssal rendelkezett, \u00e1m minden er\u00e9nye ellen\u00e9re, meg\u0151rizni nem \u00e9rdemes. Felg\u00f6ngy\u00f6lt\u00e9l \u00e9s kuk\u00e1ba vetett\u00e9l engem?! J\u00f3! Rendben!<br \/>A baj csak az, hogy \u00e9n m\u00e9g nem v\u00e9geztem. Nem teszem le a Te \u2019fenns\u00e9ges\u2019 k\u00e9ny-kedvedre a lantot, ribanc! \u0150szinte leszek, hisz\u2019 kapcsolatunk vir\u00e1gz\u00e1sakor is az voltam, akkor most, ahogy p\u00e1rosunk sajg\u00f3n rozsd\u00e1sodik (rozsdar\u00f3zs\u00e1kk\u00e1 rothadunk), mi\u00e9rt lenn\u00e9k hamis? \u00c9n m\u00e1r elvesz\u00edtettem egy fontos n\u0151t, m\u00e1r kikopott az \u00e9letem mes\u00e9j\u00e9b\u0151l. K\u00e9k\u00edt\u0151 lett a tint\u00e1ja az \u00e9g viz\u00e9ben. Megt\u00f6rtem az elillan\u00e1s\u00e1t\u00f3l, sajogtam, tipr\u00f3dtam sokat, de Te m\u00e1r nem teszel padl\u00f3ra. Feldolgozlak. Eld\u00f6nt\u00f6ttem. Kisz\u00edvom a m\u00e9rgedet a sebb\u0151l, amit a b\u00fcszkes\u00e9gemen \u00e9s \u00e9nk\u00e9pemen ejtett\u00e9l. Neked \u00edrom e dalt, neked \u00e9nekelek tal\u00e1n m\u00e9g sok\u00e1ig, de mindegyik sz\u00edvr\u00e1gcs\u00e1l\u00f3 sz\u00f6vegemmel egyre kevesebb f\u00e1jsszal tel\u00edted a sz\u00edvemet. Majd megl\u00e1tod, te c\u00e9da!<br \/>Sz\u00e9gyelld magad! B\u00e1ntott\u00e1l&#8230; B\u00e1ntasz, de m\u00e1r nem sok\u00e1ig. H\u0151sszerelmes trubad\u00far \u00e9nem elsorvadt (a sz\u00edvhusz\u00e1r dr\u00e1mai k\u00f6penylend\u00edt\u00e9ssel el).<br \/>Tanult udvariass\u00e1g sz\u00fclte tisztelettel \u00fcdv\u00f6z\u00f6l kidobott, megunt j\u00e1t\u00e9kod:<\/p>\n<p style=\"text-align: right;\">Fenyvesi Korn\u00e9l<\/p>\n<p>Ui.:<br \/><strong>Elbocs\u00e1t\u00f3 (nem t\u00fal sz\u00e9p \u00fczenet)<\/strong><\/p>\n<p>Kisz\u00e1molni \u2013 matekban sosem voltam j\u00f3 \u2013,<br \/>H\u00e1nyszor, h\u00e1ny alkalommal t\u00f6rt bel\u00e9d a fogam, nem tudom.<br \/>Szil\u00e1nkjaib\u00f3l csill\u00e1m lett a szemh\u00e9jadon. Ropog\u00f3s m\u00e1r a mosolyom,<br \/>Reccsen\u0151 vigyorral mondom:<br \/>Ki vagy r\u00fagva, ribanc!<\/p>\n<p>S\u00e1m\u00e1n voltam, dobol\u00f3s,<br \/>Sz\u00edvhusz\u00e1r, csillagpal\u00e1stban lohol\u00f3s.<br \/>Nem adom k\u00f6lcs\u00f6n a&#8230;<br \/>k\u00f6penyem! Fagyj meg!<br \/>A sz\u00edvedhez \u00e9ppen illenek a csapok.<br \/>Csak egyszer mondom: Takarodj! (Eddig m\u00e9g sz\u00e1molni is tudok).<\/p>\n<p>Mennyi mindenem sz\u00f3lt hozz\u00e1d: kezem, nyelvem, tollam (mindkett\u0151).<br \/>Elfogad\u00f3 n\u0151alak volt\u00e1l, fekete\u00f6zvegy! Cseppfoly\u00f3ss\u00e1 tett\u00e9l egy \u00f6lel\u00e9ssel \u00e9s zab\u00e1lt\u00e1l, elnyelt\u00e9l.<br \/>Fogadt\u00e1l a kast\u00e9lyodban, de \u2019otthon\u2019 sose volt\u00e1l.<br \/>Sziv\u00e1rogt\u00e1l, sz\u0171r\u0151dt\u00e9l az \u00e9letmes\u00e9mbe: fert\u0151z\u0151 \u00e1rny, te!<br \/>El sem hiszem, hogy mennyi lehet\u0151s\u00e9get l\u00e1ttam bel\u00e9d, t\u00e9m\u00e1k ragyog\u00e1s\u00e1t egy Joliemosoly\u00fa semmil\u00e9nyben.<br \/>Becsap\u00e1s vagy, korcs m\u0171mese!<br \/>A nyakadon, m\u00e1r nyak\u00f6rv fesz\u00fcl, asszonyom!<br \/>T\u00falmetaforiz\u00e1lt csipk\u00e9idet szaggatom.<br \/>Szimbolik\u00e1d v\u00f6r\u00f6s talp\u00fa, m\u0171b\u0151r top\u00e1nj\u00e1t taposom. Ill\u00fazi\u00f3\u00f6lt\u00e9sek szakadnak<br \/>\u00c9s mi marad? \u00d6nimidzsel\u00e9sed \u00e9s suttogott f\u00e9ligazs\u00e1gok p\u00fadere alatt csak te magad!<br \/>\u00c9s ez olyan kev\u00e9s&#8230; sajn\u00e1llak&#8230; unalmas&#8230; m\u00e9g prof\u00e1nnak is gyenge. Tapasztalnod ezt maga lehet a rettenet.<\/p>\n<p>\u00c9n nem vagyok \u00e9p, sose \u00e1ll\u00edtottam. Meglehet, kev\u00e9s vagyok,<br \/>De most m\u00e1r tudom, hogy naiv balgaszaur is voltam, mert elhittem, hogy \u2019\u00e9nkev\u00e9s\u2019 meg \u2019tekev\u00e9s\u2019 az \u2019\u00e9ppel\u00e9g\u2019 lehet.<br \/>T\u00e9vedtem, h\u00e1t \u00e9g veled!<\/p>\n<p>Hervadt k\u00f3r\u00f3 leszel te is egyszer,<br \/>De akkor m\u00e1r hi\u00e1ba cs\u00f6r\u00f6gsz, nem veszem fel!<br \/>K\u00f3bor Grimbuszk\u00e9nt t\u0151led is el, mindig el, de most nem magamba veszek, L.!<br \/>K\u00ednr\u00edmekben \u00edrok im\u00e1t hozz\u00e1d, hogy -ozzalak!<br \/>Csillagkapocsba sz\u00f6vetkezt\u00fcnk<br \/>De miattad sz\u00e9tfesledt\u00fcnk. D\u00f6gl\u0151d\u0151 galambp\u00e1r a betonon.<br \/>Klis\u00e9t k\u00f6p\u00f6k neked,<br \/>De mint m\u00e1skor, maj\u2019 lenyeled.<br \/>Egym\u00e1s t\u00fckre voltunk mi<br \/>H\u00e9jj, a p\u00e1rosunk r\u00e9me dupla-d\u00e9moncunami,<br \/>De most m\u00e1r s\u00f3hajtok:<br \/>Tudd meg, nem fogsz hi\u00e1nyozni!<br \/><em>(Szerk. megj.: m\u00e9g mindig szarul tudsz hazudni&#8230;)<\/em><\/p>\n<p>(Szerkesztette \u00e9s Korn\u00e9l vihar\u00e1ban fejcs\u00f3v\u00e1lva mossa kezeit: <strong>Lombo\u0161 Korn\u00e9lia<\/strong>, \u00f6njel\u00f6lt Juh\u00e1sz.)<\/p>\n<p>.<\/p>\n<p>.<\/p>\n<div id=\"attachment_387\" style=\"width: 310px\" class=\"wp-caption alignright\"><img loading=\"lazy\" decoding=\"async\" aria-describedby=\"caption-attachment-387\" class=\"wp-image-387 size-medium\" src=\"http:\/\/opus-folyoirat.sk\/wp-content\/uploads\/2018\/08\/T\u00f3th_Lilith_Vikt\u00f3ria-300x225.jpg\" alt=\"\" width=\"300\" height=\"225\" srcset=\"https:\/\/opus-folyoirat.sk\/wp-content\/uploads\/2018\/08\/T\u00f3th_Lilith_Vikt\u00f3ria-300x225.jpg 300w, https:\/\/opus-folyoirat.sk\/wp-content\/uploads\/2018\/08\/T\u00f3th_Lilith_Vikt\u00f3ria.jpg 640w\" sizes=\"auto, (max-width: 300px) 100vw, 300px\" \/><p id=\"caption-attachment-387\" class=\"wp-caption-text\">T\u00f3th Vikt\u00f3ria<\/p><\/div>\n<p><strong>RE: \u00d6njel\u00f6lt juh\u00e1szkorcs, ut\u00e1nzatnak l\u00edrah\u00e1nyad\u00e9k!<\/strong><\/p>\n<p>Az elvisel\u00e9s tudom\u00e1nya <em>(Szerk. megj.: k\u00e9ptelen foly\u00f3sz\u00f6veget \u00edrni a kisasszony)<\/em><\/p>\n<p>posv\u00e1ny ez<br \/>ragad\u00f3s iszap<br \/>a felad\u00e1s \u00e9des-m\u00e9zes<br \/>gy\u00f6ny\u00f6re egy pillanatig<br \/>\u00e1tj\u00e1r<br \/>legal\u00e1bb v\u00e9ge van, igaz?<br \/>h\u00fagysav marja a b\u0151rt<br \/>a test b\u00e1r nehezen<br \/>de fel\u00e1ll<br \/>lehajtja fej\u00e9t<br \/>ajk\u00e1r\u00f3l ugyanaz cs\u00f6p\u00f6g<br \/>remeg a t\u00fcd\u0151<br \/>\u00e9s remegve ny\u00falik a k\u00e9z<br \/>a magasba<br \/>m\u00e9g \u00e9letben vagyok<\/p>\n<p><strong>Hal\u00e1los \u00e9nekkel k\u00f6sz\u00f6n a juh\u00e1sz, mit itt\u00e1l Gyuluska?!<\/strong><\/p>\n<p>Minden este, mikor \u00e1gyamban fek\u00fcdt\u00e9l,<br \/>a hal\u00e1llal ismerkedt\u00e9l,<br \/>K\u00e9ts\u00e9gbees\u00e9sed elsuhogott felett\u00fcnk,<br \/>kett\u0151s sz\u00e1rny\u00fa: amit el akart\u00e1l, eltemett\u00fck,<br \/>majd eltakar\u00edtottam a szarod.<br \/>Eml\u00e9kezz: hazudtad, hogy magad m\u00f6g\u00f6tt akarod<br \/>tudni az \u00e1rnyakat, de h\u00edmkurva vagy,<br \/>s\u00f3v\u00e1rogtad az \u00e9letet, whisky \u00edz\u0171 zamatom<br \/>nyeled, h\u00e1t nem volt el\u00e9g?<\/p>\n<p>S\u00f6t\u00e9t utc\u00e1n gyakran j\u00e1rt\u00e1l velem,<br \/>fogni v\u00e1gytad kezem,<br \/>t\u00e9rdelni bor\u00fas \u00e9n felh\u0151tlen \u00e9g alatt,<br \/>de nem szerelemb\u0151l, \u00f3 nem<br \/>v\u00e9delmet v\u00e1gyt\u00e1l, utat,<br \/>amin helyetted s\u00e9t\u00e1lok.<br \/>Kicsi fi\u00fa, olyan, mint Te, sok van a temet\u0151ben,<br \/>a vil\u00e1gban is akad,<br \/>sok az \u00e1gyamban, sok m\u00e9g f\u00f6l\u00f6ttem.<br \/>S bennem is van, t\u00f6bb mint a haragod<br \/>Egyed\u00fcl hagylak v\u00e9gleg,<br \/>egyszer\u0171 vagy, engedd el a vacakod.<\/p>\n<p><strong>Gyal\u00e1zat<\/strong><\/p>\n<p>pont ennyire vagy k\u00e9pes<br \/>t\u00e1voz\u00f3 k\u00e1romkod\u00f3 kocsis<br \/>senkih\u00e1zi<br \/>tudod te, mi\u00e9rt vagy egyed\u00fcl?<br \/>\u00e9rzed m\u00e9g a hajnal s\u00f3s csip\u00e1j\u00e1t<br \/>ott \u00e9rt, ahol akartad<br \/>a szigeten, ahol te l\u00e9sz a lakatos<br \/>fens\u00e9ges \u00e9s szem\u00e9rmes b\u00e1natomban<br \/>beteg b\u00famat, \u00f6r\u00f6k t\u00fczem<br \/>\u00f6r\u00fclj, hogy \u00e9rezhetted<br \/>m\u00e9g \u00e9lt egykor<br \/>a galambp\u00e1r a betonon<br \/>derengett n\u00e9ha elcsitult agy\u00e1ban<br \/>s az egyik, a v\u00e9rmesebb<br \/>\u00c9N<br \/>elhajtotta a fejed felett a semmi \u00e9s minden k\u00f6d\u00e9t<br \/>kiny\u00edlt a csip\u00e1d<br \/>nem hagyhatsz el<br \/>m\u00e1r r\u00e9g elengedtem a kezed<\/p>\n<p>(Szerkesztette: <strong>T\u00f3th Vikt\u00f3ria<\/strong>, aki tal\u00e1n csak annyit f\u0171zne hozz\u00e1, hogy halv\u00e1nylila posv\u00e1nyos g\u0151ze sincs, mi ennek a k\u00e9t marh\u00e1nak a baja, de ezen a ponton fel is adja, nem sz\u00f3l bele, de nem \u00e1m, mert Lilith haragj\u00e1t\u00f3l, amit f\u0151k\u00e9nt b\u00e1nat t\u00e1pl\u00e1l, nem sok vesz\u00e9lyesebb van ezen a vil\u00e1gon, igaz nem hangos, de \u00e9pp ez\u00e9rt az, ami.)<\/p>\n<p>.<\/p>\n<p>.<\/p>\n<p>.<\/p>\n<p><strong>Prof\u00e1n Provok\u00e1ci\u00f3 12.<\/strong><\/p>\n<div id=\"attachment_387\" style=\"width: 310px\" class=\"wp-caption alignright\"><img loading=\"lazy\" decoding=\"async\" aria-describedby=\"caption-attachment-387\" class=\"wp-image-387 size-medium\" src=\"http:\/\/opus-folyoirat.sk\/wp-content\/uploads\/2018\/08\/T\u00f3th_Lilith_Vikt\u00f3ria-300x225.jpg\" alt=\"\" width=\"300\" height=\"225\" srcset=\"https:\/\/opus-folyoirat.sk\/wp-content\/uploads\/2018\/08\/T\u00f3th_Lilith_Vikt\u00f3ria-300x225.jpg 300w, https:\/\/opus-folyoirat.sk\/wp-content\/uploads\/2018\/08\/T\u00f3th_Lilith_Vikt\u00f3ria.jpg 640w\" sizes=\"auto, (max-width: 300px) 100vw, 300px\" \/><p id=\"caption-attachment-387\" class=\"wp-caption-text\">T\u00f3th Vikt\u00f3ria<\/p><\/div>\n<p>Szervusz Korn\u00e9l!<\/p>\n<p>\u00dajfent t\u00e1volr\u00f3l, s\u0151t, nagyon m\u00e9lyr\u0151l \u00edrok neked, \u00e9s csakis neked, mert bizony dr\u00e1g\u00e1m, a szerkeszt\u0151n\u0151m\u00f6n \u00e9s rajtad k\u00edv\u00fcl nem vagyok hajland\u00f3 m\u00e1ssal besz\u00e9lni. Igaz, \u0151 sem valami \u00fcd\u00edt\u0151 t\u00e1rsas\u00e1g! (Szerk. megj.: h\u00e9j! ne l\u00e9gy picsa)<br \/>Ragaszkodott hozz\u00e1, b\u00e1rmennyire is elleneztem, hogy \u00fajra munk\u00e1ba \u00e1lljon, szerkeszti, m\u00e1solja \u00e9s elk\u00fcldi leveleimet. Mindketten er\u0151s N\u0151 l\u00e1tszat\u00e1t keltj\u00fck \u00edgy az \u00e9v v\u00e9gi m\u00e1morra k\u00e9sz\u00fclve. Inger\u00fclt \u00e9s frusztr\u00e1lt vagyok. Absztinenci\u00e1t v\u00e1llaltam vele, felebar\u00e1ti szeretetb\u0151l, szinte mindenben. Hetek \u00f3ta nem iszom, igaz, b\u00e1rmennyire is undor\u00edt\u00f3 az id\u0151, az es\u0151ben is kisurranok elsz\u00edvni abb\u00f3l az \u00e9des amerikai doh\u00e1nyb\u00f3l, amit \u00fagy szeretek.<br \/>Gyenge vagyok az ut\u00f3bbi napokban, nehezen vallom meg m\u00e9g magamnak is, de ez a folytonos s\u00edr\u00e1sk\u00f6zeli \u00e1llapot oly f\u00e1jdalmakat okoz, hogy m\u00e1r alig b\u00edrom tartani a tollat a kezemben.<br \/>Nem mondan\u00e1m, hogy szomor\u00fa vagyok, ink\u00e1bb olyan m\u00e9rt\u00e9kben \u00fcres, hogy m\u00e1r a saj\u00e1t l\u00e9tez\u00e9sem is feleslegesnek tartom. Elhagyott minden \u00e9s mindenki, f\u0151k\u00e9nt az er\u0151m. (Szerk. megj.: ismer\u0151s) Ellenem fordult az Univerzum! Te mond\u00e1d, az olyan kurva, aki a \u201ejuszt is\u201d elv\u00e9t vallja. M\u00e9g tartom a pajzsom, de m\u00e1r nem sok\u00e1ig. A sok mos\u00e1st\u00f3l kikopik m\u00e9g a legnemesebb fekete anyag is.<br \/>\u00c9rdekes dolog az ideg\u00f6sszeoml\u00e1s sz\u00e9l\u00e9n t\u00e1ncolni, \u00e9les a penge \u00e9s v\u00e9resre v\u00e1gja a l\u00e1bam.<br \/>Eg\u00e9sz nap d\u00fadolom a n\u00f3t\u00e1t:<br \/>\u201eElk\u00e1rty\u00e1ztam a gy\u00f6nge sz\u00edvem,<br \/>suhogasd le a szokny\u00e1d, hajnal!<br \/>P\u00e1link\u00e1t lehelek r\u00e1d szel\u00edden,<br \/>megh\u00e1glak nehezen, halkan.\u201d<br \/>Semmi m\u00e1som nem maradt a napban, csak \u00e9des b\u00fas dallam, nekem senkim sincs, Korn\u00e9l! A vil\u00e1g szajh\u00e1j\u00e1nak nem j\u00e1r m\u00e1s, csak a sz\u00e1ja.<br \/>Utols\u00f3k\u00e9nt abba kapaszkodom, hogy a heroikus megtisztul\u00e1s harc k\u00f6zben \u00e9r majd, nem ut\u00e1na, megf\u00e1radt, csendes \u00e9jszak\u00e1n. Hadd legyek Valk\u0171r, a Walhalla nagy alakja, mondd, ugye az leszek?<br \/>Buta gondolatokba kapaszkodom, pedig oly sz\u00e1nalmas vagyok, hogy a torkomban l\u00e9v\u0151 gomb\u00f3cot se b\u00edrom lenyelni napok \u00f3ta. Pedig egy \u00darin\u0151, az mindig lenyeli! Be\u00e1lltam a szerepbe, amibe kellett, sokszor m\u00e1sok sz\u00ednh\u00e1z\u00e1ban is vend\u00e9gszerepeltem. Ez lett a vesztem, az \u00f6r\u00f6k\u00f6s poz\u00edci\u00f3m, amib\u0151l b\u00e1rmerre is ny\u00falok, sim\u00e1ra csiszolt sziklafalat markolok csak. Lassan tal\u00e1n magam is szikl\u00e1v\u00e1 v\u00e1lok, \u00e9s jaj szeg\u00e9ny szikl\u00e1nak, mert \u00f6r\u00f6kk\u00e9 ugyanazt a t\u00e1jat kell b\u00e1mulnia.<br \/>L\u00e9gy legal\u00e1bb Te, \u00e9des sz\u00edvhusz\u00e1rom, dr\u00e1ga kisfi\u00fam, sebes v\u00edz\u0171 patak, ami delejes foly\u00f3v\u00e1 n\u00f6vi ki mag\u00e1t, h\u00f6mp\u00f6ly\u00f6gj, \u00e1radj \u00f6nmagadk\u00e9nt, lent a l\u00e1baimn\u00e1l.<br \/>Cs\u00f3kot \u00e9s k\u00f6nnyed simogat\u00e1st k\u00fcld,<\/p>\n<p style=\"text-align: right;\">Lilith<\/p>\n<p style=\"text-align: right;\">(Szerkesztette: <strong>T\u00f3th Vikt\u00f3ria<\/strong>, f\u00e1radt)<\/p>\n<p>.<\/p>\n<p><strong>Random Riposzt 12. \u2013 Mert m\u00e9g a vas is elf\u00e1rad, ha saj\u00e1t nyomor\u00fas\u00e1ga izzadts\u00e1g\u00e1ban \u00e1zik folyton&#8230; \u00e9s k\u00f6zeleg a t\u00e9l<\/strong><\/p>\n<div id=\"attachment_388\" style=\"width: 210px\" class=\"wp-caption alignright\"><img loading=\"lazy\" decoding=\"async\" aria-describedby=\"caption-attachment-388\" class=\"wp-image-388 size-medium\" src=\"http:\/\/opus-folyoirat.sk\/wp-content\/uploads\/2018\/08\/Lombo\u0161_Korn\u00e9lia-200x300.jpeg\" alt=\"\" width=\"200\" height=\"300\" srcset=\"https:\/\/opus-folyoirat.sk\/wp-content\/uploads\/2018\/08\/Lombo\u0161_Korn\u00e9lia-200x300.jpeg 200w, https:\/\/opus-folyoirat.sk\/wp-content\/uploads\/2018\/08\/Lombo\u0161_Korn\u00e9lia.jpeg 435w\" sizes=\"auto, (max-width: 200px) 100vw, 200px\" \/><p id=\"caption-attachment-388\" class=\"wp-caption-text\">Lombo\u0161 Korn\u00e9lia<\/p><\/div>\n<p>Kedvesem,<\/p>\n<p>Tudom, azt v\u00e1rod t\u0151lem, \u00e1polgassalak, sajn\u00e1lgassalak \u00e9s\/vagy ser\u00e9nyen idomuljak a hangulatodhoz \u00e9s t\u00e1rsadul szeg\u0151djek az \u00f6nsajn\u00e1l\u00f3 vil\u00e1gszapul\u00e1sban. Bevallom, kedvem lenne hozz\u00e1, mert kar\u00e1csonyi f\u00e9nyek, csengetty\u0171k \u00e9s h\u00f3dara ide vagy oda, annyi f\u00e1radt frusztr\u00e1lts\u00e1g fesz\u00fcl az emberek csilli-villi felsz\u00edne alatt, hogy k\u00f6nnybe l\u00e1bad k\u00e9t szemem pill\u00e1ja \u00e9s jeget pislogva r\u00e9vedezhetn\u00e9k a saj\u00e1t \u2019feeling blue\u2019 \u00e9let\u00e9rz\u00e9semben&#8230; De minek?<br \/>Mindenkinek megvan a nyomora \u00e9s mindenki B\u00e1nk b\u00e1nkk\u00e9nt komolyan hiszi olykor, hogy \u0151 az egyetlen, mag\u00e1nyos l\u00fazer a grundon. Tudom, harcos amazon akarsz lenni, de k\u00ednokb\u00f3l seregszeml\u00e9t tartani nem nagy dics\u0151s\u00e9g, s\u0151t unalmas k\u00e9nyszercselekv\u00e9s! B\u00e9getni a b\u00fat az \u00e1ldozati b\u00e1r\u00e1nyok saj\u00e1tja. \u00dcnnepeln\u00e9 annyi marha J\u00e9zus sz\u00fclet\u00e9s\u00e9t, ha azon kesergett volna a 12 spanj\u00e1val, hogy milyen igazs\u00e1gtalan a pap\u00e1ja?<br \/>Mit akarsz val\u00f3j\u00e1ban? \u00c1ruld m\u00e1r el nekem, hogy minek csacsogunk \u00e9s csattogunk libik\u00f3k\u00e1z\u00e1sunk k\u00f6zben a saj\u00e1t \u00fcr\u00fcl\u00e9k\u00fcnkben? Felveszed nekem a szenved\u0151 n\u0151 szerep\u00e9t \u00e9s patak\u00e9rt k\u00f6ny\u00f6r\u00f6gsz?! Legsz\u00edvesebben vizelettel \u00edrn\u00e1m neked bele a sz\u0171z h\u00f3ba, hogy ha nem szeded magad \u00f6ssze, ribanc, akkor j\u00f6n az elbocs\u00e1t\u00f3, \u00e9s nem lesz vmi sz\u00e9p \u00fczenet!<br \/>Haragv\u00f3 fr\u00f6cs\u00f6g\u00e9ssel dobbant<\/p>\n<p style=\"text-align: right;\">Fenyvesi Korn\u00e9l<\/p>\n<p>Ui.: \u00e9nmellettem elaludni \u00e9s szenvedni nem lehet! Ha nem \u00e9lvezel, v\u00e9geztem veled.<\/p>\n<p style=\"text-align: right;\">(Szerkesztette: <strong>Lombo\u0161 Korn\u00e9lia<\/strong>, \u00f6njel\u00f6lt Juh\u00e1sz, aki \u00e9rzi a vihar szel\u00e9t)<\/p>\n<p><strong>Prof\u00e1n Provok\u00e1ci\u00f3 11. \u2013 \u00e9rzem a december b\u0171z\u00e9t<\/strong><\/p>\n<div id=\"attachment_387\" style=\"width: 310px\" class=\"wp-caption alignright\"><img loading=\"lazy\" decoding=\"async\" aria-describedby=\"caption-attachment-387\" class=\"wp-image-387 size-medium\" src=\"http:\/\/opus-folyoirat.sk\/wp-content\/uploads\/2018\/08\/T\u00f3th_Lilith_Vikt\u00f3ria-300x225.jpg\" alt=\"\" width=\"300\" height=\"225\" srcset=\"https:\/\/opus-folyoirat.sk\/wp-content\/uploads\/2018\/08\/T\u00f3th_Lilith_Vikt\u00f3ria-300x225.jpg 300w, https:\/\/opus-folyoirat.sk\/wp-content\/uploads\/2018\/08\/T\u00f3th_Lilith_Vikt\u00f3ria.jpg 640w\" sizes=\"auto, (max-width: 300px) 100vw, 300px\" \/><p id=\"caption-attachment-387\" class=\"wp-caption-text\">T\u00f3th Vikt\u00f3ria<\/p><\/div>\n<p>Kedves Korn\u00e9lom,<\/p>\n<p style=\"text-align: left;\">hogy vagy? Mes\u00e9lj nekem. Mi lassan l\u00e1badozunk, b\u00e1r annyifajta szar gy\u00fclekezik, hogy nem tudom, b\u00edrok-e vele.<br \/>A minap tal\u00e1lkoztam egy r\u00e9gi ismer\u0151s\u00f6mmel, \u00e9s eszembe jutott a besz\u00e9lget\u00e9s\u00fcnk a szocialista Mikul\u00e1sr\u00f3l. Mennyire igazad volt. V\u00f6r\u00f6sben j\u00e1r, \u00e9s egy \u00e9jszaka alatt k\u0151kem\u00e9ny sztahanovist\u00e1kat sz\u00e9gyen\u00edt meg. Nem besz\u00e9lve a man\u00f3ir\u00f3l, akiket a munka \u00e9ltet, persze Marx ut\u00e1n szabadon, egyetlen \u00e9let\u00e9rtelemk\u00e9nt. Micsoda gulag lehet az ott! Szorgos kezek sz\u00e1zai pusztulnak bele, hogy azt\u00e1n valaki m\u00e1s learassa \u00e9rte a bab\u00e9rokat.<br \/>Mi\u00e9rt nem a man\u00f3knak \u00edrnak levelet a gyerekek? T\u00e9lany\u00f3 meg, az igazi vez\u00e9rfeles\u00e9g, az \u00e9szaki first lady, nem mutatkozik, csak n\u00e9ha mosolyog, \u00e9s csendben t\u0171r. T\u0171ri, hogy az a v\u00e9n mamlasz v\u00e9gigszlop\u00e1lja az \u00e9vet. Bizony\u00e1ra egy-k\u00e9t \u00e9jszak\u00e1n messzir\u0151l hallani, ahogy csuklik, \u00e9s \u00e9nekeli a \u201edzsing\u00f6belszt\u201d, haza \u00e9r, ber\u00fagja az ajt\u00f3t, ledobja a rohadt csizm\u00e1j\u00e1t, a l\u00e1ba beb\u0171z\u00f6lgi a teret, \u00e9s r\u00e1ront a feles\u00e9g\u00e9re. Az a b\u00fcd\u00f6s, kiv\u00f6r\u00f6s\u00f6d\u00f6tt fej\u0171 h\u00e1jas test meg ny\u00f6gve dolgozik a szerencs\u00e9tlen asszonyon. Undorodom ett\u0151l az id\u0151szakt\u00f3l, Te is tudod. Azt\u00e1n a k\u00f6zelg\u0151 r\u00e9ms\u00e9gr\u0151l, amit m\u00e1sok a szeretet \u00fcnnep\u00e9nek neveznek, h\u00e1t ne is besz\u00e9lj\u00fcnk.<br \/>\u201eKedves Mikul\u00e1s!<br \/>Az\u00e9rt \u00edrok neked, hogy elmondjam, kibaszott rossz voltam, de \u00e9lveztem \u00e9s meg\u00e9rte. Te dagadt, soviniszta szem\u00e9t.<br \/>\u00dcdv Lilith.\u201d<br \/>Valami ilyet \u00edrn\u00e9k neki.<br \/>A szerkeszt\u0151n\u0151m ragaszkodott hozz\u00e1, hogy tov\u00e1bb szerkessze a leveleimet, megvan, b\u00e1r m\u00e9g nem eg\u00e9szen \u00f6nmaga. Alakul a csajszi, \u00e9s \u00e9rzi mindannyiunk t\u00e1mogat\u00e1s\u00e1t, \u00e9s ha beled\u00f6gl\u00f6k is, seg\u00edtek neki \u00fajra megtal\u00e1lni \u00f6nmag\u00e1t.<br \/>Mindannyian v\u00e1rjuk m\u00e1r ennek a girhes \u00e9vnek a v\u00e9g\u00e9t.<br \/>Na, mindegy. Motus animi continuus, igaza van Cicer\u00f3nak. M\u00e1r nem csoda, hogy f\u00e1radunk. Gy\u00fclekezik bennem egy olyan m\u00e9rt\u00e9k\u0171 d\u00fchfolyam, ami a l\u00e1v\u00e1t\u00f3l is forr\u00f3bbnak \u00e9s puszt\u00edt\u00f3bbnak \u00edg\u00e9rkezik. F\u00e9lek, azt is felem\u00e9szti, amit nem kellene.<br \/>Forr\u00f3n \u00f6lellek, sz\u00edvhusz\u00e1rom,<\/p>\n<p style=\"text-align: right;\">Lilith<\/p>\n<p style=\"text-align: right;\">(Szerkesztette: <strong>T\u00f3th Vikt\u00f3ria<\/strong>, esetleges hib\u00e1k\u00e9rt m\u00e9g eln\u00e9z\u00e9st k\u00e9r)<\/p>\n<p>.<\/p>\n<p><img loading=\"lazy\" decoding=\"async\" class=\"size-medium wp-image-388 alignright\" src=\"http:\/\/opus-folyoirat.sk\/wp-content\/uploads\/2018\/08\/Lombo\u0161_Korn\u00e9lia-200x300.jpeg\" alt=\"\" width=\"200\" height=\"300\" srcset=\"https:\/\/opus-folyoirat.sk\/wp-content\/uploads\/2018\/08\/Lombo\u0161_Korn\u00e9lia-200x300.jpeg 200w, https:\/\/opus-folyoirat.sk\/wp-content\/uploads\/2018\/08\/Lombo\u0161_Korn\u00e9lia.jpeg 435w\" sizes=\"auto, (max-width: 200px) 100vw, 200px\" \/><\/p>\n<p><strong>Random Riposzt 11. \u2013 Mikullancs b\u00e1csi k\u00e9rdi: J\u00f3 kisl\u00e1ny volt\u00e1l?<\/strong><\/p>\n<p>Dr\u00e1ga Lilith!<\/p>\n<p>Hol vagyok, hol nem&#8230; Malacok lakta felvid\u00e9ki falvakban is voltam a napokban (hogy kurta-\u00e9 a farkuk, nem n\u00edztem, bocs), l\u00e1ttam hegyeket (a Kis-K\u00e1rp\u00e1tok meg a Zobor k\u00f6dbe vesz\u0151 k\u00e9p\u00e9t a t\u00e1volban), \u00e9s a szerkeszt\u0151m szerint t\u00fal, t\u00falont\u00fal sok vagyok. A beindul\u00f3 \u00fcnnepi hangulatt\u00f3l m\u00e1r mennek az idegeim, a l\u00e1baim meg k\u00f6vetik \u0151ket. Kalandoz\u00e1sok, kurta cselleng\u00e9sek Korn\u00e9llal&#8230; Ebben az \u00fczemm\u00f3dban hajt a heves ir\u00f3ni\u00e1val \u00e9rtelmezend\u0151 b\u00e9kess\u00e9gem.<br \/>Azonban v\u00f6r\u00f6s vagyok, ha a Mikul\u00e1sra gondolok, de kor\u00e1ntsem a kommunista \u00f6ntudatt\u00f3l. Bevallom, sz\u00e9gyennel t\u00f6lt el, hogy mai \u00e9sszel mennyire m\u00e1sk\u00e9pp l\u00e1tom Miki b\u00e1csi csengetty\u0171sz\u00f3s koncepci\u00f3j\u00e1t, mint gyerekk\u00e9nt. Lehullott a f\u00e1tyol, megd\u00f6gl\u00f6ttek a csill\u00e1mp\u00f3nik. A \u2019Megj\u00f6tt a Mikul\u00e1s!\u2019 Boldog\u00edt\u00f3 kijelent\u00e9s\u00e9t\u0151l is az a fajta v\u00f6r\u00f6s n\u0151i baj jut az eszembe, amit\u0151l ildomos a f\u00e9rfiembernek beh\u00fazni f\u00fcl\u00e9t-fark\u00e1t, mintha mogyor\u00f3t dugtak volna a segge lik\u00e1ba. Pedig mes\u00e9lhetn\u00e9k&#8230;<br \/>Emellett \u2013 hadd mosolyogtassam meg a szerkeszt\u0151n\u0151det \u2013 v\u00e9lem\u00e9nyem szerint a Mikul\u00e1s cip\u0151fetisiszta perverz. Dudor\u00e1szva j\u00f6n a mutogat\u00f3s b\u00e1csi st\u00edlus\u00fa veres kab\u00e1tj\u00e1ban (hogy M\u00f3ricz is megirigyeln\u00e9), beleszagol a kisuvickolt top\u00e1nk\u00e1kba, \u00e9s csokol\u00e1d\u00e9t majszol\u00f3 ajkait nyalogatja. T\u00falfesz\u00edtett erotika az a l\u00e9ny. (Tele a puttony, mi?) \u00c9letigenl\u0151 dzsing\u0151bellzz-gggrrr. (J\u00f3 katona, v\u00e9rben is harcol.)<br \/>V\u00e1ltozunk, igen. \u00c9lj\u00e9tek meg ti is a v\u00e1ltoz\u00e1st. Nem trag\u00e9di\u00e1val, beteg humorral nyeld a fekete k\u00e1v\u00e9t.<br \/>Ehhez szor\u00edt szeretettel:<\/p>\n<p style=\"text-align: right;\">Fenyvesi Korn\u00e9l, a sz\u00edvhusz\u00e1rod<\/p>\n<p style=\"text-align: right;\">U. i: Majd, ha tal\u00e1lkozunk, rakok virrrg\u00e1csot a csizm\u00e1dba&#8230;<\/p>\n<p style=\"text-align: right;\">(Szerkesztette: <strong>Lombo\u0161 Korn\u00e9lia<\/strong>, \u00f6njel\u00f6lt Juh\u00e1sz)<\/p>\n<p>.<\/p>\n<p>.<\/p>\n<p><strong>Prof\u00e1n provok\u00e1ci\u00f3 10. \u2013 avagy zsong\u00f3, b\u00fasong\u00f3 hang&#8230; f\u00e1radt \u0151szillat<\/strong><\/p>\n<p>A let\u0171nt \u00e9vszak szelleme bolyongott s\u00e1patag ragyog\u00e1ssal a sz\u00e1raz lomb\u00fa f\u00e1k k\u00f6z\u00f6tt. V\u00e9nasszonyok nyara ejtette zavarba a zimank\u00f3s novembert, \u00e9n m\u00e9gis r\u00e1gcs\u00e1ltam a sz\u00e1m belsej\u00e9t. Feszengtem, mint kiskutya a k\u00ednai b\u00fcf\u00e9 konyh\u00e1j\u00e1ban, ahogy k\u00f6zeledtem a parkkal k\u00f6r\u00fclvett \u00e9p\u00fcletaggasty\u00e1n fel\u00e9 az id\u0151 csorba fogai \u00e1ltal romoss\u00e1 cs\u00f3cs\u00e1lt j\u00e1r\u00f3lapokon.<br \/>Hogy pontosabban fogalmazzak, k\u00f6zeledt\u00dcNK, mert egyed\u00fcl nem mertem volna elmenni oda. M\u00e9g mindig rettegek az orvosokt\u00f3l, \u00e9s term\u00e9szetes k\u00f6zeg\u00fck nekem maga a pokol. B\u00e1r \u00f3kori b\u00f6lcs helyett nekem csak egy apr\u00f3cska szerkeszt\u0151kisasszony jutott, \u00e9rted, Lilith, m\u00e9g egy k\u00f3rh\u00e1z ter\u00fclet\u00e9re is hajland\u00f3 voltam al\u00e1sz\u00e1llni.<br \/>A sutyorg\u00f3 falevelek remeg\u00e9s\u00e9t\u0151l rezg\u0151 m\u00e9zsz\u00edn dereng\u00e9sben l\u00e1ttalak meg. Fekete, sz\u0151rm\u00e9vel \u00e9kes\u00edtett sz\u00f6vetkab\u00e1tba d\u00edszcsomagolt d\u00e9mon volt\u00e1l egy padon \u00fccs\u00f6rg\u0151 nyomorult felett. Az \u0151 s\u00e1padts\u00e1ga m\u00e9g f\u00e1j\u00f3bb lett a r\u00fazsod v\u00f6r\u00f6s\u00e9t\u0151l, \u00e9s vastag zokniba bugyol\u00e1lt, m\u0171anyag papucsba tuszkolt l\u00e1b\u00e1t m\u00e9g sz\u00e1nalmasabb\u00e1 tett\u00e9k m\u00e1rk\u00e1s t\u0171sark\u00fa csizm\u00e1id. Bill\u00e1s t\u00e1ska egy rozzant padon, kontra k\u00edgy\u00f3b\u0151r ridik\u00fcl egy sz\u00e9p n\u0151 v\u00e1ll\u00e1n. Hideg \u00e9let \u00e9s savanyk\u00e1san meleg hal\u00e1l volt a p\u00e1rosotok, ahogy v\u00e1rtatok benn\u00fcnket a s\u00f3hajtoz\u00f3 gesztenyef\u00e1k alatt.<br \/>\u00d6sszeszorult a torkom&#8230; Mintha beleszorult, a m\u00faltban j\u00e9gcsapokk\u00e1 fagyasztott k\u00f6nnyek v\u00e1jtak volna a nyel\u0151cs\u00f6vembe. Ez\u00e9rt csacsogtam olyan hevesen. Lenyelt zakatol\u00f3 zokog\u00e1s \u00f6r\u00f6kre eln\u00e9m\u00edtott obsk\u00farusa karmolt a rekeszizmomba, \u00edgy h\u00e1t viccel\u0151dtem. Nagyon. Olyan k\u00e9ts\u00e9gbeesetten, ahogy m\u00e9g soha. Ban\u00e1nt meg pisk\u00f3t\u00e1t hoztam, buta sz\u00f3viccekkel k\u00f6r\u00edtve, hogy a gyilkos l\u00f6ved\u00e9kk\u00e9nt potyog\u00f3 gubacsok koppan\u00e1sai \u00e1ltal olykor meg-megt\u00f6r\u0151 csend sose juthasson hatalomra. A n\u00e9mas\u00e1gban tal\u00e1n sikoltozni kezdtek volna a hangok a fejemben, hogy \u2019N\u00e9zd! N\u00e9zd csak, Korn\u00e9l! Meghalt az any\u00e1d \u00e9s feh\u00e9r ruh\u00e1s sz\u00f6rnyek, mad\u00e1r szem\u0171 doktorok vitt\u00e9k el a tetem\u00e9t feldarabolni. Nagyany\u00e1d is elment a s\u00f6t\u00e9t nagy\u00far, Lord Alzheimer parip\u00e1j\u00e1n. Eml\u00e9kszel, milyen \u00fcres volt a szeme \u00e9s milyen viaszosv\u00e1szonn\u00e1 fonnyadt a b\u0151re? Hamarosan pedig, kedvesem, mindenkid belekezd a hal\u00e1lt\u00e1ncba! N\u00e9zd, az er\u0151s n\u0151k is f\u00fcrd\u0151k\u00f6penyes, kl\u00f3r- \u00e9s f\u00e9lelemszag\u00fa hull\u00e1k lesznek!\u2019 Tehetetlens\u00e9gem teljes tudat\u00e1ban t\u00e1rsalogtam. Arcomra fesz\u00edtettem legkacki\u00e1sabb vigyoromat, \u00e9s tagjaimat fesz\u00edt\u0151 lelkesed\u00e9snek \u00e1lc\u00e1zott remeg\u00e9ssel gesztikul\u00e1ltam. Show must go on&#8230; Queent id\u00e9zek neked, kir\u00e1lyn\u0151m. Ennyi tellett t\u0151lem.<br \/>A szerkeszt\u0151n\u0151dnek sz\u00edvb\u0151l jobbul\u00e1st k\u00edv\u00e1nok. Sajn\u00e1lom, hogy a s\u00e1gi gy\u00f3gy\u00e1szati int\u00e9zm\u00e9ny gyomr\u00e1ba nem k\u00f6vettelek titeket, de azt az \u00e9n gyomrom nem b\u00edrta volna. M\u00e1r a tol\u00f3kocsikerekek t\u00e1voli nyikordul\u00e1sait\u00f3l is rosszull\u00e9t k\u00f6rny\u00e9kezett.<br \/>\u0150rz\u00f6m a k\u00e9pet, ahogy \u00e1tkaroltad bar\u00e1tn\u00e9dat, \u00e9s a remeg\u0151, bizonytalan l\u00e9pt\u0171 alak szinte bel\u00e9d simult. Vannak gonosz helyek, ahol m\u00e9g egy d\u00e9mon t\u00e1mogat\u00e1sa is vil\u00e1got jelent\u0151 kincs.<br \/>Tartsd \u00e9pen a szerkeszt\u0151n\u0151det! Engem most az eny\u00e9m rugdos helyre, mert azt gyan\u00edtom, nem lesz k\u00f6nny\u0171 depresszi\u00f3m nihilista Pand\u00f3ra-szelenc\u00e9j\u00e9t ism\u00e9t bez\u00e1rni. Abban a skatuly\u00e1ban nincs rem\u00e9ny, csak r\u00e9m\u00e1lmok \u00e9s minden szavukkal f\u00e1jdalmat lehel\u0151 hangok.<\/p>\n<p style=\"text-align: right;\">Gy\u00f3gy\u00edt\u00f3 flowt k\u00fcld:<br \/>Fenyvesi Korn\u00e9l, megrend\u00fclt sz\u00edv\u0171 husz\u00e1rod<\/p>\n<p style=\"text-align: right;\">(Szerkesztette: <strong>Lombo\u0161 Korn\u00e9lia<\/strong>, \u00f6njel\u00f6lt Juh\u00e1sz)<\/p>\n<div id=\"attachment_388\" style=\"width: 210px\" class=\"wp-caption alignright\"><img loading=\"lazy\" decoding=\"async\" aria-describedby=\"caption-attachment-388\" class=\"wp-image-388 size-medium\" src=\"http:\/\/opus-folyoirat.sk\/wp-content\/uploads\/2018\/08\/Lombo\u0161_Korn\u00e9lia-200x300.jpeg\" alt=\"\" width=\"200\" height=\"300\" srcset=\"https:\/\/opus-folyoirat.sk\/wp-content\/uploads\/2018\/08\/Lombo\u0161_Korn\u00e9lia-200x300.jpeg 200w, https:\/\/opus-folyoirat.sk\/wp-content\/uploads\/2018\/08\/Lombo\u0161_Korn\u00e9lia.jpeg 435w\" sizes=\"auto, (max-width: 200px) 100vw, 200px\" \/><p id=\"caption-attachment-388\" class=\"wp-caption-text\">Lombo\u0161 Korn\u00e9lia<\/p><\/div>\n<p>.<\/p>\n<p>.<\/p>\n<p>.<\/p>\n<p>.<\/p>\n<p>.<\/p>\n<p>.<\/p>\n<p>.<\/p>\n<p>.<\/p>\n<p>.<\/p>\n<p><strong>Random Riposzt 10. \u2013 avagy sosem voltam m\u00e9g ennyire d\u00fch\u00f6s&nbsp;<\/strong><strong>ebben az \u00e9vezredben<\/strong><\/p>\n<p>Korn\u00e9lom, \u00e9des sz\u00edvhusz\u00e1rom!<\/p>\n<p>K\u00f6sz\u00f6n\u00f6m.<br \/>K\u00f6sz\u00f6n\u00f6m a jelenl\u00e9ted, szerkeszt\u0151n\u0151det is \u00fcdv\u00f6zl\u00f6m. Nagyra \u00e9rt\u00e9kelem, hogy minden torokszor\u00edt\u00e1s ellen\u00e9re er\u0151t vett\u00e9l magadon. M\u00e9ly f\u00e1jdalommal t\u00f6lt el, hogy nem tudtalak titeket m\u00e9lt\u00f3 m\u00f3don fogadni, sem megvend\u00e9gelni. Ott kellett maradjak a k\u00f3rh\u00e1zban m\u00e9g egy ideig. Miut\u00e1n elmentetek, \u00e9ktelen haragra gerjedtem. Kis beteg\u00fcnk arc\u00e1r\u00f3l leolvadt a mosoly, amit vicceiddel var\u00e1zsolt\u00e1l oda, s miut\u00e1n s\u00edrdog\u00e1lt m\u00e9g kicsit a v\u00e1llamon (megjegyzem az a s\u00e1rga fog\u00fa, \u00edzl\u00e9stelen banya, aki az ajt\u00f3ban \u00e1llt, \u00fagy m\u00e9ricsk\u00e9lt, mintha k\u00e9t n\u0151 ilyen fok\u00fa bizalma blaszf\u00e9mia lenne, ugyanis nem tetszett neki, hogy k\u00f6nnyed cs\u00f3kot leheltem az \u00e9lettelen arcra) \u2013 nos, azut\u00e1n bek\u00eds\u00e9rtem. Jobb is, hogy nem k\u00f6vett\u00e9l minket, minden embert meg k\u00e9ne k\u00edm\u00e9lni a l\u00e1tv\u00e1nyt\u00f3l. A kijel\u00f6lt \u00e1gyhoz \u00e9rve elsz\u00f6rnyedtem. Mint kider\u00fclt, sem pontos instrukci\u00f3kat, sem semmilyen t\u00e1mpontot nem adtak a szerkeszt\u0151n\u0151mnek a fel\u0151l, hogy mi is lehet val\u00f3j\u00e1ban a baja. A k\u00e9ts\u00e9gbees\u00e9st s\u00falyosb\u00edtotta az, hogy hatan voltak abban a rozsd\u00e1s \u00e1gyakkal teli szob\u00e1ban. T\u00f6m\u00e9ny \u00f6regasszony szag, nem tudta elnyomni m\u00e9g a parf\u00fcm\u00f6m illata sem. K\u00f6nny \u00e9s az ut\u00e1lat rem\u00e9nye. Int\u00e9zm\u00e9nyes\u00edtett, nem tudom, h\u00e1nyadik sz\u00e1m\u00fa v\u00e1g\u00f3h\u00edd. Alulfizetett, \u00e9letunt n\u0151v\u00e9rek, idegen orsz\u00e1gb\u00f3l j\u00f6tt, m\u00e9g bizakod\u00f3 orvosok, rothad\u00f3 ajt\u00f3k. Ne akard tudni, mi fortyogott bennem ott \u00e9s akkor. V\u00e9gigtrappoltam a folyos\u00f3n, \u00e9s a szobaorvos ajtaj\u00e1n d\u00fcb\u00f6r\u00f6gtem. V\u00e1laszokat k\u00f6veteltem, azokat a v\u00e1laszokat, amelyeket Vikt\u00f3ria is k\u00f6vetelt volna, ha van benne el\u00e9g er\u0151. A fiatal orvosl\u00e1ny holmi tiszta eredm\u00e9nyekr\u0151l hadov\u00e1lt, hebegett \u00e9s habogott, hogy a sz\u00edv rendben, a t\u00fcd\u0151 rendben, erek \u00e9s a m\u00e1j is tiszta, felhorkantam. (A sok elsz\u00edvott \u00e9des doh\u00e1ny \u00e9s a t\u00fczes v\u00edz sem edzi meg a vadkeletet! Hah.) De arr\u00f3l, hogy mi a baj\u2026 nos, arr\u00f3l nem volt t\u00e1mpontjuk. K\u00f6veteltem, hogy engedj\u00e9k ki a szerkeszt\u0151n\u0151met, nem b\u00edrtam ezt tov\u00e1bb n\u00e9zni, el akartam \u0151t onnan vinni. Erre meg\u2026 nyugtat\u00f3t aj\u00e1nlottak fel nekem. Nekem!!! Gyal\u00e1zat.<br \/>Oldalra n\u00e9ztem, a keskeny folyos\u00f3 fal\u00e1b\u00f3l hi\u00e1nyzott egy darab, mintha egy \u00f3ri\u00e1si sz\u00f6rny, tal\u00e1n valaki haragja, kiharapott volna bel\u0151le egy darabot. A lin\u00f3leum eredeti sz\u00edn\u00e9t m\u00e1r nem tudtam meghat\u00e1rozni. Kellett p\u00e1r pillanat, m\u00edg visszanyerem az \u00f6nuralmam, hogy ne tapasszak senkit a nyak\u00e1n\u00e1l fogva a falhoz. V\u00e9g\u00fcl is, m\u00e1snap reggel elhoztuk \u0151t onnan.<br \/>\u00c9rdekl\u0151dtem a k\u00f6rny\u00e9k k\u00f3rh\u00e1zair\u00f3l, egyikben sem jobb a helyzet.<br \/>H\u00e1t, hol \u00e9l\u00fcnk Korn\u00e9l? Lassan az \u00fat sz\u00e9l\u00e9n meghalni is eleg\u00e1nsabb, mint ebben az \u00e1llami pokolban. Erre mi\u00e9rt nincs p\u00e9nz? Undorodom \u00e9s forrongok. Eur\u00f3pa k\u00f6zep\u00e9n harmadik vil\u00e1gbeli k\u00f3rh\u00e1zak. Ha nincs p\u00e9nz, nincs \u00e9let, sem m\u00e9lt\u00f3s\u00e1g.<br \/>Any\u00e1m mondta, a demokr\u00e1cia hagyja \u00e9hen halni az embereket, nos, nem csak \u00e9hen, hanem a saj\u00e1t szarukban is.<br \/>Saj\u00e1t kez\u00fcnkbe vessz\u00fck a gy\u00f3gyul\u00e1sunkat. Nem rovok terhet r\u00e1 most, ebben az id\u0151szakban, leveleim egy darabig magam szerkesztem. K\u00e9rlek, rakj el bel\u0151le m\u00e1solatot Te is.<br \/>Egy darabig innen, Ipolys\u00e1gr\u00f3l jelentkezem.<\/p>\n<p style=\"text-align: right;\">H\u00e1l\u00e1san, \u00e9desen cs\u00f3kol<br \/>Lilithed<\/p>\n<p style=\"text-align: right;\">(Szerkesztette: Lilith, \u00f6nmaga, bizony, am\u00fagy m\u00e9g mindig kurv\u00e1ra pipa)<\/p>\n<div id=\"attachment_387\" style=\"width: 310px\" class=\"wp-caption alignright\"><img loading=\"lazy\" decoding=\"async\" aria-describedby=\"caption-attachment-387\" class=\"wp-image-387 size-medium\" src=\"http:\/\/opus-folyoirat.sk\/wp-content\/uploads\/2018\/08\/T\u00f3th_Lilith_Vikt\u00f3ria-300x225.jpg\" alt=\"\" width=\"300\" height=\"225\" srcset=\"https:\/\/opus-folyoirat.sk\/wp-content\/uploads\/2018\/08\/T\u00f3th_Lilith_Vikt\u00f3ria-300x225.jpg 300w, https:\/\/opus-folyoirat.sk\/wp-content\/uploads\/2018\/08\/T\u00f3th_Lilith_Vikt\u00f3ria.jpg 640w\" sizes=\"auto, (max-width: 300px) 100vw, 300px\" \/><p id=\"caption-attachment-387\" class=\"wp-caption-text\">T\u00f3th Lilith Vikt\u00f3ria<\/p><\/div>\n<p>.<\/p>\n<p>.<\/p>\n<p>.<\/p>\n<p>.<\/p>\n<p>.<\/p>\n<p>.<\/p>\n<p>.<\/p>\n<p>.<\/p>\n<p><strong>Prof\u00e1n Provok\u00e1ci\u00f3 9.<\/strong><\/p>\n<p style=\"text-align: left;\">Lilith!&#8230;<br \/>Jaj, Lilith!&#8230; Besz\u00e9lj\u00fcnk&#8230; \u00edrjunk most a pecs\u00e9tekr\u0151l! De nem a hetedikr\u0151l, amelyik, ha felt\u00f6rik, j\u00f6n az Apokalipszis \u2013 te azt mondan\u00e1d lovasokkal, konkr\u00e9tan n\u00e9ggyel, d\u00edsz\u00edtett par\u00e1d\u00e9s bemutat\u00f3 \u2013, hanem arr\u00f3l, amit az emberek&#8230; tan\u00e1rok&#8230; \u00e9getnek r\u00e1d.<br \/>M\u00falt h\u00e9ten kezdtem egy \u00faj munkahelyen. \u0150szinte leszek, Lilith, annak \u00e9rdek\u00e9ben, hogy ne legyek \u2019teny\u00e9rbeszar\u00f3kiskutya\u2019, \u2019h\u00e1l\u00e1tland\u00f6g\u2019, nem akarom ezt is elrontani, elkorn\u00e9lozni, de nagyon k\u00f6zel j\u00e1rok ahhoz a r\u00e9gi\u00f3hoz, ahol a hib\u00e1k laknak. T\u00fal sok az ember \u00e9s&#8230; nincsenek f\u00f3k\u00e1k, no!<br \/>F\u00e9lre a viccet: seg\u00edts\u00e9get k\u00e9rek, hogy tan\u00edts, s\u00f6t\u00e9t \u00farn\u0151, kikapcsolni az \u00e9rz\u00e9kel\u00e9semet, azt, ami \u00e9s aki vagyok alapj\u00e1raton. Pls&#8230; pls&#8230; (\u00faj ima, r\u00f6videbb, mint a Miaty\u00e1nk, meg az \u00dcdv\u00f6zl\u00e9gy), seg\u00edts nekem!<br \/>Kihallgattam h\u00e1rom tan\u00e1rn\u0151t egy alapiskol\u00e1ban, ahol valami csoda folyt\u00e1n gondnok lettem. (Sz\u00e9p a ruh\u00e1m, sz\u00e9p a fikt\u00edv lovam&#8230; valami\u00e9rt \u00e1ll\u00e1st aj\u00e1nlottak nekem). Egy di\u00e1kr\u00f3l besz\u00e9ltek s valami ilyesmi \u00fct\u00f6tte meg a f\u00fclemet \u00e9s m\u00e9g mindig l\u00fcktet: \u2019Ne izguuulj, \u0151 neeem norm\u00e1lis! Senki se tudja kezelni. Nem kellene, hogy itt legyen&#8230;\u2019<br \/>\u0150r\u00fclt vagyok, hogy k\u00e9t fali\u00fajs\u00e1g falra szerel\u00e9se k\u00f6zt f\u00e1jt nekem ez a p\u00e1rbesz\u00e9d? Lilith, nem vagyok \u00e9p?<br \/>Felszakadt bennem a m\u00falt egyik sebe. Els\u0151s voltam, ha l\u00e1tt\u00e1l volna, mosolyogsz: v\u00e9kony, nagy szem\u0171, sz\u00fcrke kis \u00e1muldoz\u00f3 voltam. Oviba nem j\u00e1rtam, csak k\u00e9t hetet (az is el\u00e9g trauma volt), kis\u00f6reg voltam, mint a h\u00e1z. \u00d6regek k\u00f6zt sz\u00e1rba kap\u00f3 gyomocska. Tudtam foly\u00e9konyam olvasni, mire di\u00e1knak \u00e1lltam, \u00e9s az olvas\u00e1s gyakorl\u00e1sa k\u00f6zben (baaaa-baaa, paaaa-paaa), \u00e9n a Tarzant olvastam. Reg\u00e9ny volt az asztalomon. A tan\u00edt\u00f3 n\u00e9ni k\u00f6z\u00f6lte velem, hogy \u00e9n ezt m\u00e9g nem tudhatom olvasni. (K\u00f6sz, hogy sz\u00f3lt&#8230; mai \u00e9sszel ezt mondan\u00e1m.) R\u00e1s\u00f3zott a fejemre a saj\u00e1t k\u00f6nyvemmel, \u00e9s att\u00f3l a pontt\u00f3l az ujjacsk\u00e1mmal kellett k\u00f6vetnem a tank\u00f6nyvben minden egyes sz\u00f3t: maaamaaa&#8230; baaambaaa&#8230;<br \/>Megtan\u00edtott\u00e1k velem, hogy engedetlen, rosszalkod\u00f3 entit\u00e1s vagyok. Az eg\u00e9sz r\u00e9sz\u00e9nek lenni volt az \u00e1h\u00edtott \u00e1llapot (pars pro toto megtestes\u00edt\u0151je lettem, hogy ne \u00fcssenek, \u00e9s az \u00e9v v\u00e9g\u00e9n kit\u00fcntet\u00e9ssel v\u00e9geztem). Meg\u00e9rte?<br \/>Azt hiszem, f\u00e1jdalmas a rendszer. M\u00e9g mindig vannak zavar\u00f3 t\u00e9nyez\u0151knek tartott di\u00e1kok&#8230; mi\u00e9rt? Mondd, mi\u00e9rt f\u00e1j ez nekem? Holott annyi lenne a dolgom, hogy k\u00e9peket, fali\u00fajs\u00e1gokat, vizu\u00e1lis limlomokat szereljek a falra. A parancsok teljes\u00edt\u00e9se mi\u00e9rt nem el\u00e9g nekem?<br \/>F\u00e9lni kezdtem egy \u00faj dologt\u00f3l: a jogtalan, lustas\u00e1g, m\u00e9lys\u00e9ges megismer\u00e9s sz\u00fclte permanens pecs\u00e9tekt\u0151l.<br \/>Hogy van ez? Az \u2019engedetlen, zugolvas\u00f3 di\u00e1k\u2019 sz\u00f3longat t\u00e9ged, Lilithem? Help!<br \/>Tisztelettel k\u00e9rlel:<\/p>\n<p style=\"text-align: right;\">Fenyvesi Korn\u00e9l, a sz\u00edvhusz\u00e1rod<\/p>\n<p style=\"text-align: right;\">[Szerkesztette: <strong>Lombo\u0161 Korn\u00e9lia<\/strong>, \u00f6njel\u00f6lt Juh\u00e1sz]<\/p>\n<div id=\"attachment_388\" style=\"width: 210px\" class=\"wp-caption alignright\"><img loading=\"lazy\" decoding=\"async\" aria-describedby=\"caption-attachment-388\" class=\"wp-image-388 size-medium\" src=\"http:\/\/opus-folyoirat.sk\/wp-content\/uploads\/2018\/08\/Lombo\u0161_Korn\u00e9lia-200x300.jpeg\" alt=\"\" width=\"200\" height=\"300\" srcset=\"https:\/\/opus-folyoirat.sk\/wp-content\/uploads\/2018\/08\/Lombo\u0161_Korn\u00e9lia-200x300.jpeg 200w, https:\/\/opus-folyoirat.sk\/wp-content\/uploads\/2018\/08\/Lombo\u0161_Korn\u00e9lia.jpeg 435w\" sizes=\"auto, (max-width: 200px) 100vw, 200px\" \/><p id=\"caption-attachment-388\" class=\"wp-caption-text\">Lombo\u0161 Korn\u00e9lia<\/p><\/div>\n<p>.<\/p>\n<p>.<\/p>\n<p>.<\/p>\n<p>.<\/p>\n<p>.<\/p>\n<p>.<\/p>\n<p>.<\/p>\n<p>.<\/p>\n<p>.<\/p>\n<p><strong>Random Riposzt 9. \u2013 avagy megint ugyanaz a&nbsp;n\u00f3ta<\/strong><\/p>\n<p>Korn\u00e9l, Korn\u00e9l&#8230; <em>(Szerk. megj.: szinte hallom a f\u00f6l\u00e9nyesnek t\u0171n\u0151, m\u00e9gis meglep\u0151en gyeng\u00e9d hangs\u00falyt, ilyen hangs\u00fallyal sz\u00f3lt\u00e1l hozz\u00e1m a&nbsp;k\u00f3rh\u00e1zban)<\/em> Eml\u00e9kszel m\u00e9g, mi van a h\u00e1tamon? Az is egy pecs\u00e9t, \u00e9desem. Igaz, azt \u00e9n \u00f6nmagammal tettem. A&nbsp;sz\u00e1rnyaim h\u0171lt helye, a&nbsp;hegek egyszerre cs\u00fafos jelei \u00e9s dics\u0151 stigm\u00e1i annak, amiv\u00e9 v\u00e1ltam. Gondolj arra, Korn\u00e9l, hogy ez nem h\u00e1tr\u00e1ny. Akkor az, f\u00e1jdalmas, amikor r\u00e1nk ker\u00fcl, de ut\u00e1na nek\u00fcnk van es\u00e9ly\u00fcnk arra, hogy pajzzs\u00e1 alak\u00edtsuk \u00e1t a&nbsp;saj\u00e1t megb\u00e9lyegz\u00e9s\u00fcnk.<br \/>Mert gondolj bele, vonatkoztass el, mi vagy te, mon ch\u00e9rie? Egy picit m\u00e1s sz\u00edn\u0171 gy\u00f6ngy az \u00e9let nyak\u00e9k\u00e9n. <em>(Sz. m.: ez kurv\u00e1ra Coelhos volt!)<\/em> Ahol sok a&nbsp;sz\u00fcrke marha, ott furcsa a&nbsp;b\u00e1r\u00e1nyok dolga. Ez nem rossz, ez csup\u00e1n m\u00e1s.<br \/>Eml\u00e9kszel? Mikor utolj\u00e1ra j\u00f3soltam neked, ut\u00e1na kellemesen d\u00fch\u00f6sre ittam magam. Az erk\u00e9lyen, az \u00e9jszak\u00e1ban nem volt k\u00f6zt\u00fcnk m\u00e1s, csak a&nbsp;cigarett\u00e1m f\u00fcstje, akkor tartottam neked egy el\u0151ad\u00e1st arr\u00f3l, hogy mennyire j\u00f3 dolog fur\u00e1nak lenni, \u00e9s am\u00fagy is, mindenki kapja be a&nbsp;fikt\u00edv faszom. Nem \u00e1llunk be semmilyen sorba, Korn\u00e9l! Nem \u00e1llunk! Csal\u00f3dni fogok, ha te m\u00e9gis ezt akarod. A&nbsp;v\u00e1llalt mag\u00e1ny, a&nbsp;sz\u00e1m\u0171zet\u00e9s sokkal jobb, mint a&nbsp;langyos posv\u00e1ny, ahol nem v\u00e1r m\u00e1s, csak csal\u00f3d\u00e1s. M\u00e9g sz\u00e9p, hogy rossz entit\u00e1s vagy! Ne is l\u00e9gy olyan, mint ezeknek a&nbsp;t\u00f6rv\u00e9nye, itt ne l\u00e9gy iskolai p\u00e9lda!<br \/>Csak l\u00e9gy \u00f6nmagad, kedvesem. M\u00e9g ha f\u00e1j is&#8230;<\/p>\n<p style=\"text-align: right;\">\u00d6lellek, dr\u00e1g\u00e1m,<br \/>sz\u00e1momra mindig t\u00f6k\u00e9letes kis rendszerhiba leszel\u2026<br \/>Lilithed<\/p>\n<p style=\"text-align: right;\">[Szerkesztette: <strong>T\u00f3th Vikt\u00f3ria<\/strong>, sikeresen felv\u00e9ve a&nbsp;fura l\u00e9nyek t\u00e1rsas\u00e1g\u00e1ba]<\/p>\n<div id=\"attachment_387\" style=\"width: 310px\" class=\"wp-caption alignright\"><img loading=\"lazy\" decoding=\"async\" aria-describedby=\"caption-attachment-387\" class=\"wp-image-387 size-medium\" src=\"http:\/\/opus-folyoirat.sk\/wp-content\/uploads\/2018\/08\/T\u00f3th_Lilith_Vikt\u00f3ria-300x225.jpg\" alt=\"\" width=\"300\" height=\"225\" srcset=\"https:\/\/opus-folyoirat.sk\/wp-content\/uploads\/2018\/08\/T\u00f3th_Lilith_Vikt\u00f3ria-300x225.jpg 300w, https:\/\/opus-folyoirat.sk\/wp-content\/uploads\/2018\/08\/T\u00f3th_Lilith_Vikt\u00f3ria.jpg 640w\" sizes=\"auto, (max-width: 300px) 100vw, 300px\" \/><p id=\"caption-attachment-387\" class=\"wp-caption-text\">T\u00f3th Vikt\u00f3ria<\/p><\/div>\n<p>.<\/p>\n<p>.<\/p>\n<p>.<\/p>\n<p>.<\/p>\n<p>.<\/p>\n<p>.<\/p>\n<p>.<\/p>\n<p>.<\/p>\n<p>.<\/p>\n<p><em>Bese Bernadett<\/em><br \/><strong>Az interj\u00fa&nbsp;\u2013&nbsp;3. Bossz\u00fahadj\u00e1rat<\/strong><\/p>\n<p>Bossz\u00fat \u00e1llok rajta! A gondolat annyira beette mag\u00e1t a fejembe, hogy napokig m\u00e1sra sem tudtam gondolni. Az \u00f6tletet a gimn\u00e1ziumi bar\u00e1tn\u0151m adta. Amikor a bar\u00e1tja szak\u00edtott vele, az els\u0151 nagy szerelme, napokig \u00f6ssze volt t\u00f6rve, majd gondolt egyet, \u00e9s elhat\u00e1rozta, hogy megmutatja neki, hogy mit is vesz\u00edtett el. Egy h\u00f3nappal k\u00e9s\u0151bb az iskola legmen\u0151bb fi\u00faj\u00e1val j\u00e1rt, \u00e9s szeg\u00e9ny exe majd belehalt a f\u00e9lt\u00e9kenys\u00e9gbe. Nekem is hasonl\u00f3 terveim voltak. Barnab\u00e1s nem \u00faszhatta meg ilyen k\u00f6nnyen, az egy dolog, hogy kihaszn\u00e1lt el\u0151sz\u00f6r, de hogy m\u00e1sodszor is\u2026<br \/>Mindennap a legjobb szerel\u00e9semet vettem fel, kisminkeltem magam, a dr\u00e1ga parf\u00fcm\u00f6met is el\u0151vettem, pedig k\u00fcl\u00f6nleges alkalmakra tartogattam, hiszen k\u00e9thavi lakb\u00e9rembe ker\u00fclt.<br \/>Mire feleszm\u00e9ltem, m\u00e1r a m\u00e1sodik h\u00e9t v\u00e9g\u00e9n\u00e9l j\u00e1rtunk, \u00e9s m\u00e9g mindig fogalmam sem volt, hogy mit csin\u00e1lok napi nyolc \u00f3r\u00e1ban, vagy hogy egy\u00e1ltal\u00e1n hogy h\u00edvj\u00e1k a mellettem \u00fcl\u0151 koll\u00e9gan\u0151t. Semmi sem sz\u00e1m\u00edtott, csak az, hogy el\u00e9rjem, hogy \u0151 megb\u00e1nja, amit tett. H\u00e9tf\u0151 reggel, egy kis rik\u00edt\u00f3 s\u00e1rga cetli fogadott a sz\u00e1m\u00edt\u00f3g\u00e9pem k\u00e9perny\u0151j\u00e9n, hogy kilenc \u00f3r\u00e1ra jelenjek meg a HR-esn\u00e9l.<br \/>Miut\u00e1n remeg\u0151 t\u00e9rddel bekopogtam az iroda ajtaj\u00e1n, P\u0151si Barnab\u00e1s nyitott ajt\u00f3t. A tekintet\u00fcnk csup\u00e1n egy pillanatra tal\u00e1lkozott, majd leszegett fejjel elsietett mellettem. Nagy Gabriella pedig, mint valami n\u00e1ci kihallgat\u00f3 tiszt, hatalmas \u00edr\u00f3asztala m\u00f6g\u00fcl meredt r\u00e1m.<br \/>\u2013 K\u00e9rem, foglaljon helyet. C\u00e9g\u00fcnkn\u00e9l az \u00faj alkalmazottak eset\u00e9n a pr\u00f3baid\u0151 alatt t\u00f6bbsz\u00f6r besz\u00e9lek a koll\u00e9g\u00e1kkal \u00e9s a felettessel, hogy biztosak legy\u00fcnk benne, hogy j\u00f3 embert v\u00e1lasztottunk a posztra. \u00c9s \u00f6nr\u0151l el\u00e9gg\u00e9 negat\u00edv visszajelz\u00e9sek \u00e9rkeztek az els\u0151 k\u00e9t heti munk\u00e1j\u00e1t k\u00f6vet\u0151en.<br \/>\u00dagy \u00e9reztem, hogy a v\u00e9r megfagyott az ereimben. Ez a szem\u00e9t gazember! Elint\u00e9zi, hogy megkapjam a munk\u00e1t, majd kir\u00fagat, mikor nem megy minden a tervei szerint?!<br \/>\u2013 Egyetlenegy koll\u00e9g\u00e1j\u00e1val sem besz\u00e9lgetett, ismerkedett, azt mondt\u00e1k, hogy olyan, mintha el lenne var\u00e1zsolva. T\u00edzpercenk\u00e9nt ellen\u0151rzi a r\u00fazs\u00e1t, a haj\u00e1t. Ez munkahely, nem divatbemutat\u00f3. Igaz, nincsenek konkr\u00e9tan megfogalmazott \u00f6lt\u00f6zk\u00f6d\u00e9si szab\u00e1lyaink, ennek ellen\u00e9re elv\u00e1rjuk a konzervat\u00edv megjelen\u00e9st. \u2013 Pr\u00f3b\u00e1ltam \u00e9szrev\u00e9tlen\u00fcl lejjebb h\u00fazni a szokny\u00e1m alj\u00e1t, hogy legal\u00e1bb a combom fel\u00e9ig le\u00e9rjen. \u2013 A munk\u00e1ja pontatlan, \u00e9s sok esetben hib\u00e1s, mintha azt se tudn\u00e1, hogy mi is a feladata. Van esetleg valami probl\u00e9ma, amir\u0151l tudnom kellene? Mert ez, sajnos, \u00edgy nem mehet tov\u00e1bb\u2026<br \/>\u2013 \u00c9n, \u00e9n nem is vagyok ilyen! \u2013 Idegesen a hajamba t\u00fartam, a gondolataimat pr\u00f3b\u00e1ltam rendszerezni, \u00e9s eld\u00f6nteni, hogy most mivel is j\u00e1rok jobban, ha elmondom az igazat, vagy ha nem indokolok meg semmit, csup\u00e1n eln\u00e9z\u00e9st k\u00e9rek \u00e9s v\u00e1ltoztatok? \u2013 Sajn\u00e1lom\u2026 Csak adjon egy m\u00e1sodik es\u00e9lyt, \u00edg\u00e9rem, r\u00e1m sem fog ismerni!<br \/>\u2013 Rendben, a pr\u00f3baid\u0151 h\u00e1rom h\u00f3nap, gondolom, ezzel tiszt\u00e1ban van, sz\u00f3val m\u00e9g van ideje v\u00e1ltoztatni a hozz\u00e1\u00e1ll\u00e1s\u00e1n Ha b\u00e1rmi gond lenne, vagy seg\u00edts\u00e9gre szorulna, bizalommal forduljon hozz\u00e1m. Ez az \u00e9n munk\u00e1m.<br \/>Egy percet sem aludtam az \u00e9jszaka, majd hajnalban neki\u00e1lltam muffint s\u00fctni. A munka fontosabb, mint a bossz\u00fa. A miniszoknya \u00e9s a kiv\u00e1gott bl\u00faz visszaker\u00fclt a szekr\u00e9ny h\u00e1tulj\u00e1ba, a r\u00fazs \u00e9s parf\u00fcm is nyugd\u00edjaz\u00f3dott. Amikor meg\u00e9rkeztem a munk\u00e1ba, a koll\u00e9gan\u0151im \u00fagy n\u00e9ztek r\u00e1m, mintha a Holdr\u00f3l j\u00f6ttem volna. El\u0151sz\u00f6r gyanakodva k\u00f3stolt\u00e1k meg a muffint, de amikor megk\u00e9rdeztem \u0151ket, hogy tudna-e seg\u00edteni valaki, hogy hogyan is kell kimutat\u00e1st csin\u00e1lni abban a pokoli programban, m\u00e1r sokkal bar\u00e1ts\u00e1gosabbak lettek. A h\u00e9t v\u00e9g\u00e9re m\u00e1r majdnem mindenkinek tudtam a nev\u00e9t, \u00e9s m\u00e1r eg\u00e9sz j\u00f3l belej\u00f6ttem a munk\u00e1ba is. Sokkal kiegyens\u00falyozottabb lettem \u00edgy, hogy nem kellett magamat megj\u00e1tszanom, egyre jobban \u00e9reztem magam az \u00faj munkahelyemen.<br \/>P\u00e9ntekenk\u00e9nt az eg\u00e9sz r\u00e9szleg \u00f6sszegy\u0171lt, \u00e9s Barnab\u00e1s ki\u00e9rt\u00e9kelte a heti eredm\u00e9nyeinket. M\u00e9g ki is emelte, hogy mennyit fejl\u0151dtem, \u00e9s hogy j\u00f3l v\u00e9geztem a munk\u00e1m. Eg\u00e9sz v\u00e9gig idi\u00f3ta m\u00f3dj\u00e1ra vigyorogtam, \u00e9s \u00fagy \u00e9reztem, v\u00e9gre meg\u00e9rdemlem a dics\u00e9retet.<\/p>\n<p><strong>Az interj\u00fa&nbsp;&nbsp;\u2013&nbsp;4. D\u00e9mon a mosoly m\u00f6g\u00f6tt<\/strong><\/p>\n<p>A hetek gyorsan teltek, \u00e9s miut\u00e1n lej\u00e1rt a pr\u00f3baid\u0151, tov\u00e1bbi egy \u00e9vre hosszabb\u00edtott\u00e1k meg a szerz\u0151d\u00e9semet. A koll\u00e9gan\u0151immel p\u00e9ntek este be\u00fclt\u00fcnk egy b\u00e1rba, hogy ezt meg\u00fcnnepelj\u00fck. \u00c9jf\u00e9l k\u00f6rny\u00e9k\u00e9n m\u00e1r annyira r\u00e9szeg voltam, hogy azt sem tudtam, merre van az el\u0151re. Majd minden els\u00f6t\u00e9t\u00fclt.<br \/>M\u00e1snap a fejf\u00e1j\u00e1s \u00e9s a sz\u00e9d\u00fcl\u00e9s pr\u00f3b\u00e1lt megakad\u00e1lyozni, hogy kim\u00e1sszak az \u00e1gyb\u00f3l. De a dehidrat\u00e1lts\u00e1g gy\u0151zedelmeskedett, \u00e9s v\u00e9g\u00fcl kivonszoltam magam a konyh\u00e1ba. Az el\u0151z\u0151 est\u00e9r\u0151l semmi eml\u00e9kem nem maradt, m\u00e9g azt sem tudtam felid\u00e9zni, melyik b\u00e1rt kell h\u00e1tral\u00e9v\u0151 \u00e9letemben elker\u00fcln\u00f6m. A m\u00e1sodik poh\u00e1r v\u00edz k\u00f6rny\u00e9k\u00e9n fedeztem fel a konyhaasztalon hagyott rik\u00edt\u00f3 s\u00e1rga cetlit: \u201eK\u00f6sz\u00f6n\u00f6m a csod\u00e1latos \u00e9jszak\u00e1t! Barnab\u00e1s\u201d. \u00dajra \u00e9s \u00fajra elolvastam azt az egy sort, eml\u00e9kfoszl\u00e1nyok ut\u00e1n kutatva. Hal\u00e1lra r\u00e9m\u00edtett a tudat, hogy fogalmam sincs, mi t\u00f6rt\u00e9nt, \u00e9s csak rem\u00e9lhettem, hogy ne \u00fagy t\u00f6rt\u00e9nt a dolog, ahogy fest. Egy hossz\u00fa zuhanyt k\u00f6vet\u0151en nyomoz\u00e1sba kezdtem, hogy mi is t\u00f6rt\u00e9nhetett val\u00f3j\u00e1ban.<br \/>Mivel a t\u00f6bbiek eml\u00e9kei is fogh\u00edjasok voltak, ez\u00e9rt megegyezt\u00fcnk, hogy egy d\u00e9lut\u00e1ni k\u00e1v\u00e9 k\u00eds\u00e9ret\u00e9ben \u00f6sszerakj\u00e1k a sztorit. Az els\u0151 k\u00e1v\u00e9 arra volt el\u00e9g, hogy k\u00f6sz\u00f6nni tudjunk egym\u00e1snak, a m\u00e1sodik cs\u00e9sze mellett m\u00e1r elkezdt\u00fck kock\u00e1r\u00f3l kock\u00e1ra kirakni a t\u00f6rt\u00e9netet. Arra senki nem eml\u00e9kezett, Barnab\u00e1s hogy ker\u00fclt a b\u00e1rba, de abban megegyeztek, hogy mindenkit megh\u00edvott egy-k\u00e9t, vagy tal\u00e1n h\u00e1rom k\u00f6rre is, majd egyszer csak k\u00f6z\u00f6lte, hogy jobb lesz, ha hazavisz. \u00c9s hogy mivel \u00e9n nem tiltakoztam, esz\u00fckbe se jutott k\u00f6zbel\u00e9pni. Azon merengtem, hogy elmes\u00e9ljem-e az eg\u00e9sz t\u00f6rt\u00e9netet. Vajon mi a rosszabb, ha csak felt\u00e9telezik, hogy megdugott a f\u0151n\u00f6k, \u00e9s ezut\u00e1n m\u00e1r \u00e1rgus szemekkel figyelnek, \u00e9s a h\u00e1tam m\u00f6g\u00f6tt kibesz\u00e9lnek, vagy ha megismerik az alkunkat \u00e9s persze az el\u0151zm\u00e9nyeket is.<br \/>Kit\u00e1laltam. Elmondtam, hogy cs\u00e1b\u00edtott el el\u0151sz\u00f6r, m\u00e1sodszor, megmagyar\u00e1ztam, mi\u00e9rt voltam olyan furcsa az els\u0151 hetekben \u00e9s \u00edgy tov\u00e1bb. Zavartan hallgattak, n\u00e9hol k\u00e9telkedtek, csod\u00e1lkoztak. Sajn\u00e1latot l\u00e1ttam rajtuk, de megvet\u00e9st nem, \u00e9s ez led\u00f6bbentett. Mikor befejeztem, csak annyit mondtak, hogy keress\u00fcnk egy kocsm\u00e1t. \u00c9s \u00e9n nevettem, a sz\u00f6rny\u0171 fejf\u00e1j\u00e1s \u00e9s m\u00e1snaposs\u00e1g ellen\u00e9re is.<br \/>\u201eKutyaharap\u00e1st sz\u0151r\u00e9vel!\u201d \u2013 felki\u00e1lt\u00e1ssal \u00e1tk\u00f6lt\u00f6zt\u00fcnk a legk\u00f6zelebbi kocsm\u00e1ba. Nem \u00fcnnepelt\u00fcnk, mint tegnap, hanem pr\u00f3b\u00e1ltuk kital\u00e1lni, hogy milyen lehet\u0151s\u00e9geim is vannak.<br \/>H\u00e9tf\u0151 reggel gyomorideggel mentem be. Vas\u00e1rnap Barnab\u00e1s h\u00e1romszor is h\u00edvott, de nem vettem fel. El\u0151sz\u00f6r ki kellett tal\u00e1lnom, hogyan tov\u00e1bb. A l\u00e1nyokkal abban maradtunk, hogy v\u00e1rjam ki, mi lesz h\u00e9tf\u0151n, \u00e9s legrosszabb esetben \u00e1tk\u00e9retem magam egy m\u00e1sik emeletre.<br \/>Az irod\u00e1ban a p\u00e9nteken megbesz\u00e9ltek alapj\u00e1n neki\u00e1lltam a munk\u00e1nak, \u00e9s csak v\u00e1rtam. N\u00e9ha azt felt\u00e9teleztem, hogy a m\u00e1sodpercmutat\u00f3, ha nem figyelem \u00e1rgus szemekkel, heccb\u0151l n\u00e9ha egyet-kett\u0151t h\u00e1trafel\u00e9 is ugrik.<br \/>Az eb\u00e9dsz\u00fcnet el\u0151tt f\u00e9l \u00f3r\u00e1val Barnab\u00e1s megjelent n\u00e9h\u00e1ny pap\u00edrral a kez\u00e9ben.<br \/>\u2013 Besz\u00e9ln\u00fcnk kell!<br \/>\u2013 Nincs mir\u0151l besz\u00e9ln\u00fcnk.<br \/>\u2013 K\u00e9rlek, eb\u00e9delj velem.<br \/>\u2013 Rendben, de senki ne tudjon r\u00f3la\u2026<br \/>\u2013 Akkor a k\u00f6nyvesbolt el\u0151tt felveszlek. Ja, \u00e9s ezeket iktasd, l\u00e9gy sz\u00edves! \u2013 mondta, \u00e9s m\u00e1r el is t\u0171nt.<br \/>Azt\u00e1n az eb\u00e9dn\u00e9l a vas\u00e1rnapi telefonh\u00edv\u00e1sokkal ind\u00edtott.<br \/>\u2013 Nem vetted fel a telefont. Kerestelek!<br \/>\u2013 Igen, tudom. Id\u0151re volt sz\u00fcks\u00e9gem, hogy \u00e1tgondoljam, mit is szeretn\u00e9k.<br \/>\u2013 \u00c9s mire jutott\u00e1l?<br \/>\u2013 Arra, hogy maradj t\u00e1vol t\u0151lem, a f\u0151n\u00f6k\u00f6m vagy! Nem t\u00f6rt\u00e9nt semmi, \u00e9s nem is fog semmi t\u00f6rt\u00e9nni!<br \/>\u2013 \u00c9n egy kicsit m\u00e1sk\u00e9ppen k\u00e9pzelem \u2013 mondta, \u00e9s sz\u00e9les, undor\u00edt\u00f3 mosoly jelent meg az arc\u00e1n. \u2013 Mit sz\u00f3lsz a cs\u00fct\u00f6rt\u00f6kh\u00f6z?<br \/>\u2013 Cs\u00fct\u00f6rt\u00f6k?!<br \/>\u2013 Ne agg\u00f3dj, senki nem fogja megtudni. Szereted ezt a munk\u00e1t nem?<br \/>Szinte l\u00e1ttam, ahogyan elv\u00f6r\u00f6s\u00f6dik a fejem, \u00e9s f\u00fcst sz\u00e1ll a f\u00fclemb\u0151l, mint valami elbaszott rajzfilmfigur\u00e1nak.<br \/>\u2013 Megegyezt\u00fcnk! Az els\u0151 napon!<br \/>\u2013 R\u00e9gen volt az, angyalom! \u2013 mondta, \u00e9s r\u00e1m kacsintott.<br \/>Felugrottam, a sz\u00e9kem hangosan koppant az \u00e9tterem padl\u00f3j\u00e1n, felkaptam a t\u00e1sk\u00e1m, kab\u00e1tom, \u00e9s szinte futva t\u00e1voztam az \u00e9tteremb\u0151l. M\u00e9g t\u00e1volr\u00f3l hallottam, hogy valamit ut\u00e1nam ki\u00e1llt, de m\u00e1r nem \u00e9rdekelt, hogy mit. Legsz\u00edvesebben haz\u00e1ig futottam volna s\u00edrva, de tudtam, ha nem megyek vissza dolgozni, az \u0151 malm\u00e1ra hajtom a vizet. Ez\u00e9rt egy k\u00e1v\u00e9z\u00f3 mosd\u00f3j\u00e1ban rendbe szedtem magam, \u00e9s elkezdtem megfogalmazni, mit fogok mondani a HR-esnek.<\/p>\n<p><strong>Az interj\u00fa \u2013&nbsp;5. Felfedj\u00fck lapjaink<\/strong><\/p>\n<p>Tizen\u00f6t perc k\u00e9s\u00e9ssel \u00e9rkeztem vissza az irod\u00e1ba. Miut\u00e1n eln\u00e9z\u00e9st k\u00e9rtem a koll\u00e9g\u00e1kt\u00f3l, \u00e9s meg\u00edg\u00e9rtem, hogy legal\u00e1bb ennyivel tov\u00e1bb maradok bent este, e-mailt \u00edrtam a HR-esnek, Nagy Gabriell\u00e1nak, hogy mihamarabb besz\u00e9lnem kell vele, s\u00fcrg\u0151s az \u00fcgy. Kiegyeztem magammal, hogy ha egy \u00f3r\u00e1n bel\u00fcl nem v\u00e1laszol, illedelmesen bekopogok hozz\u00e1, hogy nem besz\u00e9lhetn\u00e9nk-e. Szerencs\u00e9re p\u00e1r percen bel\u00fcl v\u00e1laszolt, hogy egy \u00f3ra m\u00falva v\u00e1r r\u00e1m. K\u00e9ptelen voltam koncentr\u00e1lni, csak meredten b\u00e1multam a k\u00e9perny\u0151t, n\u00e9ha klikkelve egyet-kett\u0151t. Pr\u00f3b\u00e1ltam megfogalmazni a t\u00f6rt\u00e9nteket. Nincs mese, musz\u00e1j mindent elmondanom a legelej\u00e9t\u0151l.<br \/>A kezem annyira remegett, hogy m\u00e9g miel\u0151tt bekopogtam volna az ajtaj\u00e1n, vettem h\u00e1rom m\u00e9ly l\u00e9legzetet, \u00e9s legal\u00e1bb ennyiszer elmondtam magamnak, hogy minden megold\u00f3dik, \u00e9s nem fogok s\u00edrni. Gabriella k\u00eds\u00e9rtetiesen ugyan\u00fagy festett, mint amikor legut\u00f3bb beh\u00edvatott, \u00e9s csup\u00e1n egy hajsz\u00e1l v\u00e1lasztott el a kir\u00fag\u00e1st\u00f3l.<br \/>\u2013 Szia! \u2013 a karomat er\u0151sen \u00f6sszekulcsoltam magam el\u0151tt, tudtam, hogy evvel nagyon rossz \u00fczenetet sug\u00e1rzok magamr\u00f3l, de nem zavart. \u00dagy \u00e9reztem, csak \u00edgy tudok leveg\u0151t venni.<br \/>\u2013 Szia!<br \/>\u2013 \u00c9n, \u00f6hm\u2026 Nem is tudom, hol kezdjem.<br \/>\u2013 Szerintem tudom, mir\u0151l van sz\u00f3. Barnab\u00e1s nagyj\u00e1b\u00f3l t\u00edz m\u00e1sodperccel el\u0151tted \u00edrt, \u00e9s \u0151 is azonnal besz\u00e9lni akart velem. El\u00e9g \u00e9rdekes t\u00f6rt\u00e9nettel \u00e1llt el\u0151.<br \/>\u2013 Hogy mi?!&#8230; Mit mondott? \u2013 A hangom a v\u00e9g\u00e9re elv\u00e9konyodott, \u00e9s alig volt hallhat\u00f3. Minden \u00f6nuralmamra sz\u00fcks\u00e9gem volt, hogy ne ugorjak fel vagy kezdjek el zokogni.<br \/>\u2013 Hogy amikor meg\u00fcnnepelted a szerz\u0151d\u00e9sed, el\u00e9gg\u00e9 ber\u00fagt\u00e1l, \u00e9s \u0151 vitt haza, te meg r\u00e1m\u00e1szt\u00e1l. \u00c9s hogy ma megzsaroltad, hogy ha nem l\u00e9ptet el\u0151, megv\u00e1dolod szexu\u00e1lis zaklat\u00e1ssal. \u2013 H\u00e1trad\u0151lt a sz\u00e9k\u00e9ben, \u00e9s olyan megvet\u0151en n\u00e9zett r\u00e1m, mint m\u00e9g soha senki.<br \/>\u2013 Ez hazugs\u00e1g! Pont ford\u00edtva t\u00f6rt\u00e9nt. \u00c9n nem is eml\u00e9kszem arra, hogy mi t\u00f6rt\u00e9nt azon az est\u00e9n! Ha nem hagyja ott azt a cetlit, nem is tudom, hogy tal\u00e1lkoztunk. \u00c9s \u0151 fenyegetett meg, hogy ha nem folytatok vele viszonyt, kir\u00fagat. De nem is itt kezd\u0151dik, m\u00e9g egy \u00e9ve ismertem meg\u2026<br \/>\u2013 Sokkal k\u00f6nnyebb lenne, ha abbahagyn\u00e1d a hazudoz\u00e1st. Barnab\u00e1s m\u00e1r itt dolgozik \u00f6t \u00e9ve, j\u00f3l ismerem. Soha semmilyen panasz nem volt ellene.<br \/>\u2013 De ez az igazs\u00e1g! Egy \u00e9ve tal\u00e1lkoztunk, lefek\u00fcdt\u00fcnk, de nem h\u00edvott fel. F\u00e9l \u00e9vvel k\u00e9s\u0151bb ugyanez t\u00f6rt\u00e9nt, akkor letette a nagy esk\u00fct, hogy elhagyta a sz\u00e1mom, de azt\u00e1n hi\u00e1ba h\u00edvtam a sz\u00e1mot, amit megadott, mindig egy pizz\u00e1z\u00f3 vette fel.<br \/>\u2013 Nevets\u00e9ges! Ha \u00edgy volt, mi\u00e9rt v\u00e1llaltad el a munk\u00e1t?! Vagy mi\u00e9rt nem sz\u00f3lt\u00e1l?! Akkor m\u00e1s csoportj\u00e1ba ker\u00fclt\u00e9l volna\u2026 Tudsz b\u00e1rmit is bizony\u00edtani ebb\u0151l?<br \/>\u2013 Azt mondta, nem akar semmit t\u0151lem, csak j\u00f3v\u00e1 akarja tenni, amit tett. Nekem meg munka kellett. Megvan az \u00fczenete, amit p\u00e9ntek este otthagyott n\u00e1lam, hogy k\u00f6sz\u00f6ni a csod\u00e1latos \u00e9jszak\u00e1t. \u00c9s a t\u00f6bbiek is l\u00e1tt\u00e1k a b\u00e1rban.<br \/>\u2013 Azt l\u00e1tt\u00e1k, hogy r\u00e1d m\u00e1szott, vagy hogy hazak\u00eds\u00e9rt egy rettent\u0151en r\u00e9szeg alkalmazottat? Azt az \u00fczenetet meg ezerf\u00e9lek\u00e9ppen lehet \u00e9rtelmezni!<br \/>L\u00e1ttam a szem\u00e9ben, hogy m\u00e1r eld\u00f6nt\u00f6tte, kinek hisz, \u00e9s hogy nem tudok semmi olyat mondani, hogy meggondolja mag\u00e1t.<br \/>\u2013 Nem hiszel nekem?<br \/>\u2013 Sajnos, nem tudok. Azonnali hat\u00e1llyal megsz\u00fcntetj\u00fck a szerz\u0151d\u00e9sed. Post\u00e1n elk\u00fcldj\u00fck a dokumentumokat. Most a biztons\u00e1gi \u0151r\u00f6k elk\u00eds\u00e9rnek, hogy \u00f6sszecsomagold a dolgaid.<br \/>Egyszer\u0171bb volt nem ellenkezni.<br \/>A szeret\u0151je lehettem volna, de akkor soha t\u00f6bb\u00e9 nem tudok a t\u00fck\u00f6rbe n\u00e9zni. Ez egy komoly lecke volt, de sebaj, legal\u00e1bb m\u00e9g megvan az \u00e9letrajzom, a kidolgozott interj\u00fak\u00e9rd\u00e9sekkel egyetemben.<\/p>\n<div id=\"attachment_445\" style=\"width: 310px\" class=\"wp-caption alignright\"><img loading=\"lazy\" decoding=\"async\" aria-describedby=\"caption-attachment-445\" class=\"wp-image-445 size-medium\" src=\"http:\/\/opus-folyoirat.sk\/wp-content\/uploads\/2018\/10\/Bese_Bernadett-300x300.jpg\" alt=\"\" width=\"300\" height=\"300\" srcset=\"https:\/\/opus-folyoirat.sk\/wp-content\/uploads\/2018\/10\/Bese_Bernadett-300x300.jpg 300w, https:\/\/opus-folyoirat.sk\/wp-content\/uploads\/2018\/10\/Bese_Bernadett-150x150.jpg 150w, https:\/\/opus-folyoirat.sk\/wp-content\/uploads\/2018\/10\/Bese_Bernadett-100x100.jpg 100w, https:\/\/opus-folyoirat.sk\/wp-content\/uploads\/2018\/10\/Bese_Bernadett.jpg 407w\" sizes=\"auto, (max-width: 300px) 100vw, 300px\" \/><p id=\"caption-attachment-445\" class=\"wp-caption-text\">Bese Bernadett<\/p><\/div>\n<p>.<\/p>\n<p>.<\/p>\n<p>.<\/p>\n<p>.<\/p>\n<p>.<\/p>\n<p>.<\/p>\n<p>.<\/p>\n<p>.<\/p>\n<p>.<\/p>\n<p><em>Bese Bernadett<\/em><br \/><strong>Az interj\u00fa&nbsp;\u2013&nbsp;2. Az els\u0151 munkanap<\/strong><\/p>\n<p>Egy h\u00e9ttel a sz\u00f6rny\u0171 interj\u00fa ut\u00e1n, mik\u00f6zben a Tesc\u00f3ban azon t\u00f6rtem a fejem, melyik t\u00e1bla csokiba fojtsam a b\u00e1natom, megcs\u00f6rrent a telefonom.<br \/>\u2013 J\u00f3 napot! Szomolai Andrea?<br \/>\u2013 Igen, tess\u00e9k?<br \/>\u2013 Nagy Gabriella vagyok az MNG kft-t\u0151l, gratul\u00e1lok, \u00f6n\u00e9 a munka!<br \/>Fel sem tudtam fogni, hogyan is t\u00f6rt\u00e9nhetett ez! Ennyire nem volt m\u00e1s jelentkez\u0151, aki sz\u00f3ba j\u00f6hetett volna?<br \/>Eg\u00e9sz h\u00e9tv\u00e9g\u00e9n az els\u0151 munkanapomra k\u00e9sz\u00fcltem. A term\u00e9szetes sminkemet k\u00e9tszer pr\u00f3b\u00e1ltam el, hogy ne \u00e9rjen meglepet\u00e9s indul\u00e1s el\u0151tt. Amikor reggel fel\u00e9bredtem, a sz\u00e9ken k\u00e9t komplett szett v\u00e1rakozott, hogy az id\u0151j\u00e1r\u00e1st\u00f3l f\u00fcgg\u0151en d\u00f6nthessem el, aznap \u00e9pp melyik \u00f6lt\u00f6zet a legmegfelel\u0151bb.<br \/>A recepci\u00f3n\u00e1l v\u00e1rtam meg Nagy Gabriell\u00e1t, a HR-r\u00e9szleg vezet\u0151j\u00e9t, aki \u2013 mik\u00f6zben k\u00f6rbe vezetett \u2013 a legfontosabb \u00edrott \u00e9s \u00edratlan szab\u00e1lyokat osztotta meg velem. A munka egyszer\u0171 adatb\u00e1zis-kezel\u00e9s volt. M\u00e9g miel\u0151tt bemutatott volna a csoportvezet\u0151mnek, mosolyogva megjegyezte, hogy amikor megmutatta neki az \u00e9letrajzomat, ragaszkodott hozz\u00e1, hogy engem vegyenek fel. Miel\u0151tt hozz\u00e1 vezetett volna, telefonon h\u00edvt\u00e1k, \u00edgy csak \u00fatba igaz\u00edtott, \u00e9s magam indultam el j\u00f6v\u0151beni f\u0151n\u00f6k\u00f6m irod\u00e1ja fel\u00e9. Amikor az ajt\u00f3 mellett megl\u00e1ttam a n\u00e9vt\u00e1bl\u00e1t, ismer\u0151s volt valahonnan. P\u0151si Barnab\u00e1s \u2013 az \u00e9vfolyamt\u00e1rsam lehetett valamikor?<br \/>Amikor megl\u00e1ttam a hatalmas \u00edr\u00f3asztal m\u00f6g\u00f6tt \u00fcl\u0151 \u00f6lt\u00f6ny\u00f6s f\u00e9rfit, megfagyott a v\u00e9r az ereimben. Minden a hely\u00e9re ker\u00fclt. Igaz, \u00e9n B\u0151si Barnab\u00e1s n\u00e9ven ismertem meg nagyj\u00e1b\u00f3l f\u00e9l\u00e9vvel ezel\u0151tt. A bar\u00e1tn\u0151im elr\u00e1ngattak egy diszk\u00f3ba, persze mit is v\u00e1rtam, gondolhattam volna, hogy csak egy \u00e9jszak\u00e1ra kellek. N\u00e9ha \u00fagy \u00e9rzem, tudtam is, csak annyira megbabon\u00e1zott, hogy nem \u00e9rdekelt abban a r\u00e9szeg pillanatban. Azt\u00e1n h\u00e1rom h\u00f3nappal k\u00e9s\u0151bb \u00fajra tal\u00e1lkoztunk ugyanott. Legsz\u00edvesebben az arc\u00e1ba \u00f6nt\u00f6ttem volna az italomat, de azzal j\u00f6tt, hogy elhagyta a sz\u00e1mom, \u00e9s m\u00e1r \u00e9gen-f\u00f6ld\u00f6n keresett. \u00c9s \u00e9n hittem neki. M\u00e9g miel\u0151tt n\u00e1lunk k\u00f6t\u00f6tt\u00fcnk volna ki, megadta a telefonsz\u00e1m\u00e1t, csak a biztons\u00e1g kedv\u00e9\u00e9rt. H\u00e1t mondhatom rendesen meglep\u0151dtem, amikor a sz\u00e1m egy pizz\u00e9ri\u00e1ban csengett ki az orsz\u00e1g t\u00fals\u00f3 fel\u00e9n.<br \/>\u2013 Szia, azt hiszem, besz\u00e9ln\u00fcnk kell \u2013 mondta, \u00e9s az el\u0151tte \u00e1ll\u00f3 sz\u00e9kre b\u00f6k\u00f6tt. Sz\u00f3 n\u00e9lk\u00fcl \u00fcltem le, \u00e9s k\u00f6zben egy pillanatra sem vettem le r\u00f3la a tekintetem. \u2013 Tudom, mit gondolsz\u2026 Hogy egy csal\u00f3, n\u0151fal\u00f3 gazember vagyok.<br \/>\u2013 Nem ezeket a szavakat haszn\u00e1ln\u00e1m.<br \/>\u2013 Amikor megl\u00e1ttam az \u00e9letrajzodat, \u00fagy \u00e9reztem, tartozom neked ennyivel. Vedd \u00fagy, mint valamif\u00e9le j\u00f3v\u00e1t\u00e9telt, k\u00e1rp\u00f3tl\u00e1st az\u00e9rt, amit tettem\u2026<br \/>\u2013 Mit akarsz t\u0151lem?<br \/>\u2013 Semmit, esk\u00fcsz\u00f6m, csak szerettem volna seg\u00edteni neked\u2026<br \/>\u2013 Nem szorulok r\u00e1 az alamizsn\u00e1ra! \u2013 b\u00f6ktem oda, mik\u00f6zben m\u00e1r \u00e1lltam is fel, hogy fak\u00e9pn\u00e9l hagyjam, de m\u00e9g miel\u0151tt el\u00e9rtem volna az ajt\u00f3t, megragadta a karom.<br \/>\u2013 K\u00e9rlek\u2026 Elint\u00e9zem, hogy p\u00e1r h\u00f3nap m\u00falva \u00e1tker\u00fclhess egy m\u00e1sik helyre, \u00e9s t\u00f6bbet nem is kell l\u00e1tnod. Hadd tegyem ezt meg \u00e9rted.<br \/>Pr\u00f3b\u00e1ltam kiolvasni a sz\u00e1nd\u00e9kait a m\u00e9lyk\u00e9k szem\u00e9b\u0151l, de nem jutottam semmire. Mit akarhat t\u0151lem? Azok ut\u00e1n, ami t\u00f6rt\u00e9nt, nem tudtam hinni neki. A sz\u00e1ml\u00e1mr\u00f3l viszont v\u00e9szesen fogytak a tartal\u00e9kaim.<br \/>\u2013 Rendben, de ha b\u00e1rmiben mesterkedsz\u2026<br \/>\u2013 Esk\u00fcsz\u00f6m\u2026<br \/>\u2013 Azt ink\u00e1bb ne tedd! Holnap nyolcra itt leszek.<\/p>\n<p><em>(folyt. k\u00f6v. \u2013 az els\u0151 r\u00e9szt l\u00e1sd al\u00e1bb)<\/em><\/p>\n<div id=\"attachment_445\" style=\"width: 310px\" class=\"wp-caption alignright\"><img loading=\"lazy\" decoding=\"async\" aria-describedby=\"caption-attachment-445\" class=\"wp-image-445 size-medium\" src=\"http:\/\/opus-folyoirat.sk\/wp-content\/uploads\/2018\/10\/Bese_Bernadett-300x300.jpg\" alt=\"\" width=\"300\" height=\"300\" srcset=\"https:\/\/opus-folyoirat.sk\/wp-content\/uploads\/2018\/10\/Bese_Bernadett-300x300.jpg 300w, https:\/\/opus-folyoirat.sk\/wp-content\/uploads\/2018\/10\/Bese_Bernadett-150x150.jpg 150w, https:\/\/opus-folyoirat.sk\/wp-content\/uploads\/2018\/10\/Bese_Bernadett-100x100.jpg 100w, https:\/\/opus-folyoirat.sk\/wp-content\/uploads\/2018\/10\/Bese_Bernadett.jpg 407w\" sizes=\"auto, (max-width: 300px) 100vw, 300px\" \/><p id=\"caption-attachment-445\" class=\"wp-caption-text\">Bese Bernadett<\/p><\/div>\n<p>.<\/p>\n<p>.<\/p>\n<p>.<\/p>\n<p>.<\/p>\n<p>.<\/p>\n<p>.<\/p>\n<p>.<\/p>\n<p>.<\/p>\n<p>.<\/p>\n<p>.<\/p>\n<p><strong>Prof\u00e1n provok\u00e1ci\u00f3 8. \u2013 K\u00f6zeleg aaa&#8230; halottak napja&#8230;,<\/strong><br \/><strong>avagy Nem akarooom! Le vele! <\/strong><\/p>\n<p>K\u00e9pmutat\u00e1s, Lilith, err\u0151l \u00edrok ma Neked, kedves bar\u00e1tn\u00e9m.<br \/>A puzs\u00e9rm\u00f3d d\u00fch\u00edt\u0151, l\u00e9lekrothaszt\u00f3 alp\u00e1ris\u00e1gr\u00f3l, ami a halottak napj\u00e1nak eg\u00e9sz\u00e9t, teljes fullaszt\u00f3 koncepci\u00f3j\u00e1t \u00f6vezi.<br \/>Nem a hagyom\u00e1nyokkal van a bajom, ezt el\u0151re kijelentem. Mindig fonok subr\u00e1t, neked is \u00e1ll\u00edtottam m\u00e1jusf\u00e1t \u00e9s a kar\u00e1csony szellem\u00e9t is feny\u0151\u00e1gakkal id\u00e9zem meg. De ez&#8230; ez az \u00f3tvar &#8216;\u00fcnnep\u2019, ami most a t\u00e9llel kar\u00f6ltve k\u00f6zeleg, a mai form\u00e1j\u00e1ban pofonk\u00f6pi az eg\u00e9sz \u00e9letszeml\u00e9letemet!<br \/>E gyal\u00e1zkod\u00f3 lev\u00e9l k\u00f6zvetlen elind\u00edt\u00f3ja egy jelenet volt a falusi temet\u0151ben (btw szeretem a temet\u0151i nyugalmat), ahol sz\u00edvem 2 fontos n\u0151darabja nyugszik egy ny\u00edrfa alatt. \u00c1llok a s\u00edrjuk m\u00e1rv\u00e1nylapja f\u00f6l\u00f6tt, sz\u00e1m szeglet\u00e9ben cigaretta, n\u00e9zek ki a fejemb\u0151l, erre valahonnan a h\u00e1tam m\u00f6g\u00fcl ezt hallom.<br \/>\u2013 Most n\u00edzd meg, arra s\u00eb k\u00e9pes, hogy letakar\u00edja jaz ur\u00e1t. \u00c9n bezzeg krizant\u00e9mot is v\u00ebttem! Nagyot. Olyan gol\u00f3t a, tudod. Pedig milyen draago v\u00f3t zid\u00e9n!<br \/>No, ez, Lilith, ez b*sz f\u00f6l engem. Verseny van, a kwa \u00e9letbe! Random R\u00f3zsi \u00e9s Tal\u00e1lom Teri van most Pletykaparti Pirosk\u00e1val \u00e9lvonalban! Miccsoda m\u00e9cseseek, h\u00f6lgyeim \u00e9s uraim! Azt hiszem m\u00e1r csak egy ikeban\u00e1n vagy egy \u2019zid\u00e9n\u2019 olyan menci sisk\u00e1b\u00f3l (szinte hallom a szerkeszt\u0151met: TOBOZ) font szivecsk\u00e9n m\u00falik, ki lesz a befut\u00f3. P\u00e9nz \u00e9s felsz\u00edness\u00e9g, bar\u00e1taim, az kell halottaink por\u00e1ra!<br \/>A m\u00e1sik dolog, hogy nekem, aki eg\u00e9sz \u00e9vben a halottaim hi\u00e1ny\u00e1t ny\u00f6g\u00f6m n\u00e9m\u00e1n, ki mer\u00e9szeli megszabni, hogy pont ezen a napon m\u00e9g cicomapartit is rendezzek nekik?! Bezzeg r\u00e9gen! Amikor m\u00e9g p\u00e1pista \u2019\u00e1lszer\u00e9nyked\u0151\u2019 alp\u00e1riaskod\u00e1s helyett abrosszal takart\u00e1k le a s\u00edrt, \u00e9s \u00f6sszej\u00f6tt a csal\u00e1d, ettek ittak, a legjobb falatokat a szellemeknek kitett t\u00e1ny\u00e9ron hagyt\u00e1k, na annak legal\u00e1bb vmi k\u00f3sza \u00e9rtelme volt. A holtak k\u00f6zt\u00fcnk \u00e9lnek ezen az egy \u00e9jszak\u00e1n, de igaz\u00e1ndib\u00f3l az \u00e9letet kell \u00fcnnepelni! Azt, hogy vannak, akik \u0151rzik az eml\u00e9keket. Mert nem a csicsa-picsa m\u00e1rv\u00e1nylapok felsz\u00edn\u00e9n \u00e9s nem a hidegben diderg\u0151sre sikeredett im\u00e1kban kell eml\u00e9kezni!<br \/>A temet\u0151 a bugyuta felsz\u00edness\u00e9g helye a halottak napj\u00e1n. Eszembe jut a sztori, hogy az egyik temet\u0151 d\u00edszes, \u2019Felt\u00e1madunk!\u2019 \u00fczenetet k\u00f6zvet\u00edt\u0151 vaskapuja t\u00e1mfal\u00e1ra egyszer egy n\u00e9vtelen b\u00f6lcs ezt firkantotta kr\u00e9t\u00e1val: \u2019Na, az baszna be!\u2019. Az \u00e9n esetemben arra v\u00e1gn\u00e1m r\u00e1 hasonl\u00f3 h\u00e9vvel a kr\u00e9taki\u00edr\u00e1s sz\u00f6veg\u00e9t, ha megk\u00e9rdezn\u00e9d, tartom-e ebben az \u00e9vben a halottak napja jelenkori hagyom\u00e1ny\u00e1t. Ut\u00e1na hozz\u00e1tenn\u00e9m: Nem akarooom! Le vele!<br \/>Magyar m\u00f3dra t\u00fcntetek, bar\u00e1tn\u00e9m. Van \u00e9rtelme? Glob\u00e1lisan nincs, de att\u00f3l m\u00e9g az \u00e9n \u00e1ll\u00edt\u00f3lag halhatatlan (de rem\u00e9lhet\u0151leg nem hallhatatlan) lelkemnek j\u00f3!<\/p>\n<p style=\"text-align: right;\">Heves \u00e9rz\u00fclettel \u00f6lel:<br \/>Fenyvesi Korn\u00e9l, Samhain-<br \/><em>(szerk. megj.: \u00f3kelta l\u00e9ny, mely a hagyom\u00e1ny szerint<\/em><br \/><em>\u00e9letre h\u00edvta a holtakat Halloween \u00e9jszak\u00e1j\u00e1n)<\/em><br \/>p\u00e1rti anarchista<\/p>\n<p style=\"text-align: right;\">(Pironkod\u00f3 rosszall\u00e1ssal szerkesztette: <strong>Lombo\u0161 Korn\u00e9lia<\/strong>, \u00f6njel\u00f6lt Juh\u00e1sz)<\/p>\n<div id=\"attachment_388\" style=\"width: 210px\" class=\"wp-caption alignright\"><img loading=\"lazy\" decoding=\"async\" aria-describedby=\"caption-attachment-388\" class=\"wp-image-388 size-medium\" src=\"http:\/\/opus-folyoirat.sk\/wp-content\/uploads\/2018\/08\/Lombo\u0161_Korn\u00e9lia-200x300.jpeg\" alt=\"\" width=\"200\" height=\"300\" srcset=\"https:\/\/opus-folyoirat.sk\/wp-content\/uploads\/2018\/08\/Lombo\u0161_Korn\u00e9lia-200x300.jpeg 200w, https:\/\/opus-folyoirat.sk\/wp-content\/uploads\/2018\/08\/Lombo\u0161_Korn\u00e9lia.jpeg 435w\" sizes=\"auto, (max-width: 200px) 100vw, 200px\" \/><p id=\"caption-attachment-388\" class=\"wp-caption-text\">Lombo\u0161 Korn\u00e9lia<\/p><\/div>\n<p>.<\/p>\n<p>.<\/p>\n<p>.<\/p>\n<p>.<\/p>\n<p>.<\/p>\n<p>.<\/p>\n<p>.<\/p>\n<p>.<\/p>\n<p>.<\/p>\n<p><strong>Random Riposzt 8. \u2013 Ebben az id\u0151szakban a hal\u00e1l eg\u00e9sz j\u00f3 perspekt\u00edva<\/strong><\/p>\n<p style=\"text-align: left;\">\u00c9des Korn\u00e9l,<br \/>\u00c9rtem a d\u00fch\u00f6d, \u00e1m most m\u00e9gsem tudok benne osztozni. Az az igazs\u00e1g, hogy elf\u00e1radtam m\u00e1r a t\u00e1rsadalom szid\u00e1s\u00e1ban, meg \u00fagy mindenben. Szent \u00fcnnep <em>(Szerk. megj.: vagy \u00e9pp prof\u00e1n)<\/em> ide vagy oda, elegem van az emberekb\u0151l. Szomor\u00fa vagyok. M\u00e9ly b\u00e1natom szemfed\u0151 a halottaimon.<br \/>Nagyany\u00e1m, nyugodjon, mindig azt mondta, \u2019csak az \u00e9l\u0151t\u0151l f\u00e9lj, j\u00e1nyom, a holt m\u00e1r nem fog \u00e1rtani.\u2019 Igaza volt, az ront meg mindent, a hal\u00e1lban nincs es\u00e9ly hib\u00e1zni, az tiszta, hideg \u00e9s \u00fcres. Ha az \u00e9let, amit \u00fcnnepelni v\u00e1gysz, egy k\u00e1rtyaparti lenne, abban az emberek mindennap All in-t raknak fel, csak valahogy nem gondolnak bele, hogy senki nem gy\u0151zhet ebben a j\u00e1tszm\u00e1ban. \u00c9s ne gyere nekem a j\u00e1t\u00e9k \u00e9lvezet\u00e9vel. V\u00e9kony a j\u00e9g, ezt te is tudod. Az univerzum nem szereti felt\u00e9tlen a gyermekeit.<br \/>Ez \u00e9ven sem l\u00e1togatok el a csal\u00e1di s\u00edrokhoz, messzi vagyok, \u00e9s most jobban irt\u00f3zom oda tenni a l\u00e1bam, mint b\u00e1rmikor. Majd egy szimpatikus kereszt mellett gy\u00fajtok Sz\u0171z M\u00e1ria-mentes egyszer\u0171 fekete gyerty\u00e1t. <em>(Szerk. megj.: micsoda blaszf\u00e9mia!)<\/em> De nem a holtakat, hanem az \u00e9l\u0151ket siratom ebben az id\u0151szakban.<br \/>Mily j\u00f3 annak, ki nyugodhat!<br \/>T\u00fcntess, Kedvesem! Megtapsollak \u00e9rte, de \u00e9n ez \u00e9ven is csak egy fekete \u00e1rny leszek idegen temet\u0151k k\u00f6zel\u00e9ben. \u00c9jjel tal\u00e1n be is megyek, s\u00e9t\u00e1lok majd kicsit a s\u00edrok k\u00f6z\u00f6tt, akkor m\u00e1r nem fog tartani az Emberi sz\u00ednj\u00e1t\u00e9k. Sok a m\u0171anyag vir\u00e1g, de van, aki m\u00e9g \u00e9l\u0151t hoz, nagyon j\u00f3 illat van ott olyankor, \u00e9s a f\u00e9nyek is sz\u00e9pek.<br \/>A barlangomban van egy k\u0151 a csal\u00e1di kript\u00e1b\u00f3l, tudod, amellett is \u00e9getek m\u00e9csest, igaz, \u00e9vente t\u00f6bb alkalommal is. Sz\u00e1nom \u00e9s sajn\u00e1lom most ez \u00e9letet\u2026<br \/>Nihil nisi divinum stabile est. Caetera fumus.<br \/>Nem tudlak most megl\u00e1togatni, r\u00e1csot tettek a fejem fel\u00e9.<br \/>\u00c9ld meg a d\u00fch\u00f6d, majd ereszd sz\u00e9lnek.<\/p>\n<p style=\"text-align: right;\">\u00d6lel: Lilith<\/p>\n<p style=\"text-align: right;\">(Szerkesztette: <strong>T\u00f3th Vikt\u00f3ria<\/strong>, osztozik Korn\u00e9l d\u00fch\u00e9ben)<\/p>\n<div id=\"attachment_387\" style=\"width: 310px\" class=\"wp-caption alignright\"><img loading=\"lazy\" decoding=\"async\" aria-describedby=\"caption-attachment-387\" class=\"wp-image-387 size-medium\" src=\"http:\/\/opus-folyoirat.sk\/wp-content\/uploads\/2018\/08\/T\u00f3th_Lilith_Vikt\u00f3ria-300x225.jpg\" alt=\"\" width=\"300\" height=\"225\" srcset=\"https:\/\/opus-folyoirat.sk\/wp-content\/uploads\/2018\/08\/T\u00f3th_Lilith_Vikt\u00f3ria-300x225.jpg 300w, https:\/\/opus-folyoirat.sk\/wp-content\/uploads\/2018\/08\/T\u00f3th_Lilith_Vikt\u00f3ria.jpg 640w\" sizes=\"auto, (max-width: 300px) 100vw, 300px\" \/><p id=\"caption-attachment-387\" class=\"wp-caption-text\">T\u00f3th Vikt\u00f3ria<\/p><\/div>\n<p>.<\/p>\n<p>.<\/p>\n<p>.<\/p>\n<p>.<\/p>\n<p>.<\/p>\n<p>.<\/p>\n<p>.<\/p>\n<p>.<\/p>\n<p>.<\/p>\n<p><em>Bese Bernadett<\/em><br \/><strong>Az interj\u00fa 1.<\/strong><\/p>\n<p>Gyomorideggel \u00e9bredtem, mint mindig, amikor \u00e1ll\u00e1sinterj\u00fara megyek. Az elm\u00falt h\u00e1rom h\u00f3napban nagyj\u00e1b\u00f3l tizen\u00f6t sikertelen \u00e1ll\u00e1sinterj\u00fan vettem r\u00e9szt, \u00e9s van k\u00f6zel k\u00e9tsz\u00e1z hely, ahov\u00e1 m\u00e9g be sem h\u00edvtak szem\u00e9lyes tal\u00e1lkoz\u00f3ra.<br \/>Az \u00e9jjeliszekr\u00e9nyemre k\u00e9sz\u00edtett list\u00e1t futottam \u00e1t legel\u0151sz\u00f6r. \u00d6sszegy\u0171jt\u00f6ttem azokat a hib\u00e1kat, amelyeket nem szeretn\u00e9k m\u00e9g egyszer elk\u00f6vetni. Olyan fontos pontokkal, hogy egyek valamit, hogy ne korogjon a gyomrom, vagy hogy s\u00f6t\u00e9t bl\u00fazt vegyek fel, ha megint le\u00f6nten\u00e9m magam k\u00e1v\u00e9val, \u00e9s legyen p\u00f3t bl\u00e9zerem, v\u00e9gezet\u00fcl olyan egyszer\u0171 dolgokkal, mint hogy ne k\u00e9ssek el. Mire indul\u00e1sra k\u00e9szen \u00e1lltam az ajt\u00f3ban, leszakadt az \u00e9g. \u201eEz a nap is j\u00f3l kezd\u0151dik\u201d fels\u00f3hajt\u00e1ssal indultam el a buszmeg\u00e1ll\u00f3ra. \u00datk\u00f6zben \u00fajra \u00e1tolvastam a Leggyakoribb k\u00e9rd\u00e9sek \u00e9s v\u00e1laszaik c\u00edm\u0171 kis gy\u0171jtem\u00e9nyemet.<br \/>Miut\u00e1n lesz\u00e1lltam a buszr\u00f3l, azonnal c\u00e9lba vettem egy kis k\u00e1v\u00e9z\u00f3t az \u201e\u00faj munkahelyem\u201d k\u00f6zvetlen szomsz\u00e9ds\u00e1g\u00e1ban. Abban a pillanatban egy aut\u00f3 suhant el mellettem, lefr\u00f6csk\u00f6lve \u00e9s \u00f6sszes\u00e1rozva kedvenc ruh\u00e1mat. Az m\u00e9g csak hagyj\u00e1n, hogy a cip\u0151m megtelt v\u00edzzel, m\u00e9g a mellem k\u00f6z\u00f6tt is \u00e9reztem, hogy folyik lefel\u00e9 az undor\u00edt\u00f3 folyad\u00e9k. Az \u00f3r\u00e1mra pillantottam, volt m\u00e9g \u00f6tven percem.<br \/>Berohantam a k\u00e1v\u00e9z\u00f3ba, a fr\u00e1szt hozva a fiatal pinc\u00e9rn\u0151re.<br \/>\u2013 K\u00e9rhetn\u00e9k egy dupla eszpressz\u00f3t? Addig is rendbe rakhatn\u00e1m magam a mosd\u00f3ban. \u00c1ll\u00e1sinterj\u00fara megyek\u2026 \u2013 n\u00e9ztem r\u00e1 esdekelve.<br \/>\u2013 Peches nap? \u2013 mosolygott r\u00e1m a pinc\u00e9rn\u0151. \u2013 Megoldjuk \u2013 mondta, \u00e9s egy csom\u00f3 szalv\u00e9t\u00e1t nyomott a kezembe.<br \/>Mik\u00f6zben pr\u00f3b\u00e1ltam min\u00e9l t\u00f6bb koszt levakarni magamr\u00f3l, egy tiszta ronggyal j\u00f6tt ut\u00e1nam, h\u00e1tha azzal k\u00f6nnyebb lesz. A t\u00e1sk\u00e1mba gy\u0171rtem a bl\u00e9zerem, \u00e1ldottam az eszemet, hogy hoztam magammal m\u00e9g egyet, \u00e9s a haj\u00f3koffernyi ridik\u00fcl\u00f6m\u00e9rt, amibe mindent bele lehet s\u00fcllyeszteni. A cip\u0151met a k\u00e9zsz\u00e1r\u00edt\u00f3val pr\u00f3b\u00e1ltam megsz\u00e1r\u00edtani. A nadr\u00e1gom csurom vizes lett, mire siker\u00fclt kid\u00f6rzs\u00f6ln\u00f6m bel\u0151le a foltokat. T\u00edz perccel az interj\u00fa kezdete el\u0151tt f\u00f6lhajtottam a kih\u0171lt k\u00e1v\u00e9t, \u00e9s rohantam a tal\u00e1lkoz\u00f3ra.<br \/>Miut\u00e1n a recepci\u00f3s h\u00f6lgy \u00fatba igaz\u00edtott, a magas sark\u00fa cip\u0151m \u00fctemes koppan\u00e1saira pr\u00f3b\u00e1ltam koncentr\u00e1lni, h\u00e1tha seg\u00edt visszanyernem az \u00f6nuralmam \u00e9s higgadts\u00e1gom. Ahogy az a nagyk\u00f6nyvben meg van \u00edrva, \u00e1test\u00fcnk a bemutatkoz\u00e1son, azt\u00e1n helyet foglaltunk, \u00e9s j\u00f6ttek a megszokott k\u00e9rd\u00e9sek. R\u00e1ad\u00e1sul pontosan abban a sorrendben is haladtunk, ahogy otthon kidolgoztam a v\u00e1laszokat. N\u00e9ha kicsit haboztam, mintha most keresn\u00e9m a szavakat, de v\u00e9g\u00fcl is minden gond n\u00e9lk\u00fcl haladt egyel\u0151re. M\u00e1r azon gondolkoztam, hogy mikor is kell majd otthonr\u00f3l indulnom, ha m\u00e1r itt dolgozom, \u00e9s hogy azt a finom kis eszpressz\u00f3t fogom inni nap mint nap.<br \/>\u2013 Mik a gyenges\u00e9gei?<br \/>\u2013 J\u00f3 az id\u0151beoszt\u00f3 k\u00e9pess\u00e9gem, t\u00f6bb projektre is tudok p\u00e1rhuzamosan koncentr\u00e1lni. Igazi csapatj\u00e1t\u00e9kos vagyok, a munk\u00e1mat prec\u00edzen v\u00e9gzem.<br \/>\u2013 Mik az er\u0151ss\u00e9gei?<br \/>\u2013 Hajlamos vagyok t\u00falhajszolni magam, szeretem a feladataimat maxim\u00e1lisan elv\u00e9gezni, \u00e9s ez\u00e9rt n\u00e9ha t\u00fcrelmetlen vagyok magammal \u00e9s a munkat\u00e1rsaimmal szemben.<br \/>\u2013 Eln\u00e9z\u00e9st, tal\u00e1n megkapta el\u0151re a k\u00e9rd\u00e9seket? \u2013 Becsukta maga el\u0151tt az akt\u00e1t, \u00e9s k\u00e9rd\u0151en r\u00e1m n\u00e9zett, mik\u00f6zben \u00f6sszekulcsolta a kez\u00e9t az asztalon.<br \/>\u2013 \u00d6hm, eln\u00e9z\u00e9st?&#8230;<br \/>\u2013 El\u0151sz\u00f6r a gyenges\u00e9geit, majd az er\u0151ss\u00e9geit k\u00e9rdeztem, \u00f6n pedig ford\u00edtva v\u00e1laszolt, mintha el\u0151re tudta volna, mit fogok k\u00e9rdezni. Sz\u00f3val?<br \/>A kezem remegni kezdett az \u00f6lemben. Meredten b\u00e1multam az asztal sz\u00e9l\u00e9t.<br \/>\u2013 Az elm\u00falt h\u00f3napokban rengeteg \u00e1ll\u00e1sinterj\u00fan voltam, a k\u00e9rd\u00e9sek ism\u00e9tl\u0151dtek, ez\u00e9rt otthon kidolgoztam a v\u00e1laszokat. Ha izgulok, n\u00e9ha lefagyok, mert min\u00e9l hosszabb ideje vagyok munka n\u00e9lk\u00fcl, ann\u00e1l nagyobb rajtam a nyom\u00e1s\u2026<br \/>\u2013 Rendben, akkor folytassuk\u2026 \u2013 s\u00f3hajtott a HR-es.<br \/>Egy b\u0151 f\u00e9l \u00f3r\u00e1val k\u00e9s\u0151bb \u00fajra a k\u00e1v\u00e9z\u00f3ban \u00fccs\u00f6r\u00f6gtem, \u00e9s a pinc\u00e9rn\u0151nek mes\u00e9ltem a kalandos interj\u00famat. Hazafel\u00e9 m\u00e1r az \u00faj munkahelyemet kerestem, hiszen egy ilyen katasztr\u00f3f\u00e1t k\u00f6vet\u0151en, gondoltam, \u00fagysem adna nekem senki munk\u00e1t&#8230;.<\/p>\n<p><em>(folyt. k\u00f6v.)<\/em><\/p>\n<div id=\"attachment_445\" style=\"width: 310px\" class=\"wp-caption alignright\"><img loading=\"lazy\" decoding=\"async\" aria-describedby=\"caption-attachment-445\" class=\"wp-image-445 size-medium\" src=\"http:\/\/opus-folyoirat.sk\/wp-content\/uploads\/2018\/10\/Bese_Bernadett-300x300.jpg\" alt=\"\" width=\"300\" height=\"300\" srcset=\"https:\/\/opus-folyoirat.sk\/wp-content\/uploads\/2018\/10\/Bese_Bernadett-300x300.jpg 300w, https:\/\/opus-folyoirat.sk\/wp-content\/uploads\/2018\/10\/Bese_Bernadett-150x150.jpg 150w, https:\/\/opus-folyoirat.sk\/wp-content\/uploads\/2018\/10\/Bese_Bernadett-100x100.jpg 100w, https:\/\/opus-folyoirat.sk\/wp-content\/uploads\/2018\/10\/Bese_Bernadett.jpg 407w\" sizes=\"auto, (max-width: 300px) 100vw, 300px\" \/><p id=\"caption-attachment-445\" class=\"wp-caption-text\">Bese Bernadett<\/p><\/div>\n<p>.<\/p>\n<p>.<\/p>\n<p>.<\/p>\n<p>.<\/p>\n<p>.<\/p>\n<p>.<\/p>\n<p>.<\/p>\n<p>.<\/p>\n<p>.<\/p>\n<p>.<\/p>\n<p>.<\/p>\n<p><strong>Prof\u00e1n Provok\u00e1ci\u00f3 7.&nbsp;\u2013 avagy n\u00e9ha az\u00e9rt m\u00e9gis hi\u00e1nyzik a pokol<\/strong><\/p>\n<p>Kedves Korn\u00e9l!<\/p>\n<p style=\"text-align: left;\">\u00dagy t\u0171nhet, a p\u00e1r levelemmel ezel\u0151tt elkezdett panasz\u00e1radat m\u00e1r-m\u00e1r direkte s\u00f6t\u00e9t, \u00e9s hogy hergelni akarlak. (Szerk. megj.: bitch please) Annak veszed, gy\u00f6ngyszem\u0171m?<br \/>Ah, mindegy is. Reggel van, \u00e9s \u00e9n ma t\u00fal\u00e9rz\u00e9keny vagyok. Tudod, n\u00e9ha, f\u0151k\u00e9nt gyeng\u00e9bb pillanatokban, hi\u00e1nyzik a pokol. Igen, v\u00e9gre ki kell mondjam! Az a vid\u00e9k, amihez f\u00e1jdalom k\u00f6t, a vadkeleti pokol, a nyomorg\u00e1s, a k\u00e9nk\u00f6ves k\u00edn, a sose m\u00fal\u00f3, kiszak\u00edthatatlan, \u00f6r\u00f6k szeg\u00e9nys\u00e9g, val\u00f3j\u00e1ban tal\u00e1n az az \u00e9n igaz birodalmam. Mert azt is be kell valljam, vaks\u00e1gom \u00e1rny\u00e9k\u00e1ban, hogy \u00e9lvezetem \u00e9s perverz, amolyan szomork\u00e1s boldogs\u00e1gom is akadt, tudod az a fajta, ami meleg \u00e9rz\u00e9ssel t\u00f6lt el, m\u00e9gis s\u00edrni lenne kedved. Ebben a vil\u00e1gban, nagyr\u00e9szt nem \u00e9rzem magam otthon.<br \/>Tudod, Korn\u00e9l, az is baj, hogy\u2026 (Sz. m: v\u00e1rj, t\u00f6lt\u00f6k egy poh\u00e1r bort, ezt nem b\u00edrom n\u00e9lk\u00fcle) \u2026az a baj, hogy a pokol legal\u00e1bb ismer\u0151s, \u00e9s egyszer\u0171 sz\u00e1momra ez\u00e1ltal. Val\u00f3ban neh\u00e9z dolog a f\u00e9nyben s\u00e9t\u00e1lni, mikor a s\u00f6t\u00e9ts\u00e9g az \u00e9n haz\u00e1m. Neh\u00e9z j\u00f3nak lennem, vid\u00e1mnak, pozit\u00edvnak, mikor alapterm\u00e9szetem r\u00e9sze a gonoszs\u00e1g, az \u00f6nz\u0151s\u00e9g, a szadizmus \u00e9s nihilizmus. Ez is egy libik\u00f3ka, vagy m\u00e9rleg, ha \u00fagy tetszik. Mindenb\u0151l van, de nem mindegy, merre billen. F\u0151leg a semmivel nem t\u00f6r\u0151d\u0151 \u00e9lvezethajszol\u00e1s hi\u00e1nyzik, az a dion\u00fcszoszi hedonizmus, az a fajta ill\u00fazi\u00f3ja a szabads\u00e1gnak, ami m\u00e9g fel is pezsd\u00edt. Tudod, \u00e9n mindig tudni akartam a titkokat, amiket a s\u00f6t\u00e9ts\u00e9g rejt mag\u00e1ban, mert a f\u00e1jdalom nem k\u00e9pes hazudni, az teljes val\u00f3j\u00e1ban has\u00edt bel\u00e9d. De a j\u00f3s\u00e1g azt teszi, elringat egy langyos ill\u00fazi\u00f3ban, egy h\u00fagyos melegben, \u00e9s azt mondja, hogy a vil\u00e1g ilyen, de ez nem \u00edgy van. N\u00e9ha \u00e9n is beleesek ebbe a hib\u00e1ba, s\u0151t m\u00e9g ez a kont\u00e1r szerkeszt\u0151n\u0151 is, a hangja n\u00e9ha olyan bizakod\u00f3 tud lenni. Sz\u00e1nalmas. (Sz. m.: h\u00e9j, \u00e1ll\u00edtsd le magad!) \u00d6n\u00e1m\u00edt\u00e1s, semmi m\u00e1s. H\u00e1t ez\u00e9rt hi\u00e1nyzik a pokol nyers igazs\u00e1ga, tudtam, hogy mit mi\u00e9rt teszek, a c\u00e9l a t\u00fal\u00e9l\u00e9s \u00e9s az \u00e9lvezet, ezen nincs mit bizakodni, elvettem \u00e9s k\u00e9sz. Sokkal egyszer\u0171bb volt d\u00e9moni sz\u00fcks\u00e9gletekben \u00e9lni. Ez az eg\u00e9sz \u00e9letszeml\u00e9let, ez a m\u00e1sokba vetett hit kiszolg\u00e1ltatott\u00e1 tesz. Ut\u00e1lom ezt az \u00e9rz\u00e9st. Tal\u00e1n a l\u00e9nyegb\u0151l fakad\u00f3an k\u00e9ptelen vagyok \u00e1tadni magam neki. Lyukat \u00fctni a falakon \u00e9s beengedni a j\u00f3s\u00e1g \u00e9s szeretet ide\u00e1j\u00e1t\u2026 fujjj! Nem tudom, mire ez a sok szentbesz\u00e9d. Elkap a h\u00e1nyinger a vir\u00e1gokt\u00f3l, \u00e9rted?! (Sz. m.: engem csak az allergia) Tudom, ez az \u00e9let is egy \u00e1llom\u00e1s, az \u00f6t\u00f6s sz\u00e1m\u00fa v\u00e1g\u00f3h\u00edd bez\u00e1rt.<br \/>Mindez most az\u00e9rt foglalkoztat, mert megl\u00e1togat Aty\u00e1m. (Sz. m.: l\u00f3ti-futi) \u00c1lszent fasz. N\u00e9ha m\u00e9g r\u00e1csod\u00e1lkozik, mi mindennek adott \u00e9letet. Az ember a legnagyobb magaslata a vil\u00e1gnak, n\u00e9melyik meg k\u00e1rt\u00e9kony, szaporod\u00e1sra nem m\u00e9lt\u00f3 egyed, a gonosz kis rokon lelkeket egy pillanat t\u00f6rt r\u00e9sze alatt gyilkoln\u00e1m meg, \u00e9s m\u00e9g csak a szempill\u00e1m se rebbenne. K\u00e9jes \u00e9rz\u00e9s lenne inni a v\u00e9r\u00fcket, mondjuk, v\u00e1mp\u00edr alakban, vagy t\u00e9pni a h\u00fast farkask\u00e9nt, vagy mint a nagymacsk\u00e1k, dorombolni, mik\u00f6zben ropog a csont az \u00e1llkapcsom alatt, vagy csak n\u00e9zni az \u00e1ldozat szem\u00e9t, mik\u00f6zben elt\u00e1vozik bel\u0151le az \u00e9let. A bennem \u00e9l\u0151 szadista \u00e9hes. L\u00e1tod? Olyan k\u00f6nny\u0171 gonosznak lenni. \u00c1tmenni m\u00e1son, nem n\u00e9zni sem embert, sem Istent, csak a pillanat orgi\u00e1j\u00e1nak \u00e9lni, sik\u00edtani \u00e9lvez\u00e9s k\u00f6zben, elvenni mindent, ami kell, a Napot az \u00c9n olt\u00e1r\u00e1ra tenni. A szerkeszt\u0151m mindig azzal v\u00e9dekezik, hogy az \u00e9lvezet keser\u0171v\u00e9 v\u00e1lhat. Igaza van. De mi van akkor, ha \u00e9n a keser\u0171 \u00edzt is szeretem, s\u0151t, jobban, mint a vattacukrot. Mi van akkor, ha \u00e9n szenved\u00e9sre \u00e9s szenved\u00e9lyre teremtettem, ha ez az igaz k\u00f6zegem \u00e9s val\u00f3s hat\u00e1rom?<br \/>Mi van akkor, Korn\u00e9l?! B\u00facs\u00fazom ezzel a k\u00e9rd\u00e9ssel.<br \/>\u00d6lellek, dr\u00e1g\u00e1m.<br \/>Rem\u00e9lem, mihamarabb tal\u00e1lkozunk.<br \/>Cs\u00f3kol a te vadkeleti boszork\u00e1nyod,<\/p>\n<p style=\"text-align: right;\">Lilith<\/p>\n<p style=\"text-align: right;\">(Szerkesztette: <strong>T\u00f3th Vikt\u00f3ria<\/strong>, nem sz\u00f3l semmit)<\/p>\n<div id=\"attachment_387\" style=\"width: 310px\" class=\"wp-caption alignright\"><img loading=\"lazy\" decoding=\"async\" aria-describedby=\"caption-attachment-387\" class=\"wp-image-387 size-medium\" src=\"http:\/\/opus-folyoirat.sk\/wp-content\/uploads\/2018\/08\/T\u00f3th_Lilith_Vikt\u00f3ria-300x225.jpg\" alt=\"\" width=\"300\" height=\"225\" srcset=\"https:\/\/opus-folyoirat.sk\/wp-content\/uploads\/2018\/08\/T\u00f3th_Lilith_Vikt\u00f3ria-300x225.jpg 300w, https:\/\/opus-folyoirat.sk\/wp-content\/uploads\/2018\/08\/T\u00f3th_Lilith_Vikt\u00f3ria.jpg 640w\" sizes=\"auto, (max-width: 300px) 100vw, 300px\" \/><p id=\"caption-attachment-387\" class=\"wp-caption-text\">T\u00f3th Vikt\u00f3ria<\/p><\/div>\n<p>.<\/p>\n<p>.<\/p>\n<p>.<\/p>\n<p>.<\/p>\n<p>.<\/p>\n<p>.<\/p>\n<p>.<\/p>\n<p>.<\/p>\n<p><strong>Random riposzt 7.&nbsp;\u2013 avagy nem k\u00f6nny\u0171 j\u00f3nak lenni<\/strong><\/p>\n<p style=\"text-align: left;\">Kedves Lilith!<\/p>\n<p style=\"text-align: left;\">Valami b\u0171zlik, de hi\u00e1ba. M\u00e1r nem sok\u00e1ig b\u00edrj\u00e1k a&nbsp;k\u00e1osz hely\u0151rs\u00e9gei hevesen t\u00e1mad\u00f3 fegyvereim, m\u00e9rgez\u0151 var\u00e1zsfolyad\u00e9kaim, pallosom \u00e9s pal\u00e1stom habz\u00f3 kavarg\u00e1s\u00e1t. Minden mil\u00edci\u00e1mat bevetem sorra. Olykor t\u00e9rden cs\u00faszva, m\u00e1sszor magasba ny\u00falva v\u00edvom csat\u00e1imat. Most tiszta talp\u00fa papucsomban l\u00e9ptetek a&nbsp;lak\u00e1sban \u00fagy, hogy m\u00e9g Edu\u00e1rd is megirigyeln\u00e9. M\u00e1r csak egyetlen v\u00e9gs\u0151 roham van h\u00e1tra, \u00e9s k\u00e9szen vagyok.<br \/>M\u00e1sok tavaszi, \u00e9n \u0151szi nagytakar\u00edt\u00e1st tartok, mert olvastam (igen, \u00e9n olyat is tudok :D), hogy a&nbsp;ment\u00e1lis zavarok elt\u00fcntet\u00e9s\u00e9ben seg\u00edts\u00e9g\u00fcl szolg\u00e1lhat, ha az ember tudatos alaposs\u00e1ggal rendben tartja a&nbsp;fizikai teret maga k\u00f6r\u00fcl. Miel\u0151tt m\u00e9g lekezel\u0151 c\u00f6ccent\u00e9ssel megjegyezn\u00e9d magadnak, hogy nem szabadna n\u0151i magazinok webvid\u00e9kein m\u00falatnom az id\u0151met, el\u00e1rulom, hogy az \u00f6regany\u00e1m egyik, m\u00e9g \u00e9lt\u00e9ben tal\u00e1lomra elhullajtott b\u00f6lcsess\u00e9ge adta meg a&nbsp;v\u00e9gs\u0151 l\u00f6k\u00e9st \u00faj projektemhez. Kicsi gyerek voltam m\u00e9g, \u00fcltem az udvaron vesztegl\u0151,&nbsp;lepattogzott fest\u00e9k\u0171 s\u00e1rga-feh\u00e9r padon \u00e9s hallgattam a besz\u00e9lget\u00e9st. B\u00facs\u00fa, bef\u0151z\u00e9s, cudar egerek&#8230; szok\u00e1sos \u0151szi t\u00e9m\u00e1kr\u00f3l duruzsolt a&nbsp;k\u00e9t m\u00e1mi. Olykor a pad vagy a&nbsp;h\u00e1z m\u00f6g\u00e9 kihozott konyhasz\u00e9k nyikkant, m\u0171fogsor cuppant, sajg\u00f3 \u00edz\u00fcletek sz\u00fclte s\u00f3hajok lehelete sz\u00e1llt. N\u00e9ha el-elkalandozott a&nbsp;figyelmem a&nbsp;kert v\u00e9g\u00e9ben rozsd\u00e1sod\u00f3 di\u00f3fa fel\u00e9, \u00e9s m\u00e1r \u00e9pp indultam volna csemeg\u00e9t porty\u00e1zni a&nbsp;t\u00f6v\u00e9be, amikor nagyany\u00e1m \u00f6sszecsap\u00f3d\u00f3 tenyerei hozt\u00e1k tudtomra, hogy valami di\u00f3b\u00e9ln\u00e9l izgalmasabb ker\u00fcl ter\u00edt\u00e9kre.<br \/>\u2013 J\u00e9zusm\u00e1rio! \u2013 Hebegte, ahogy k\u00f6zelebb hajolt bar\u00e1tn\u0151j\u00e9hez. \u2013 Millyen vil\u00e1g ez!<br \/>\u2013 Haaa! \u2013 B\u00f3logatott fontoskod\u00f3n a&nbsp;kend\u0151j\u00e9t igazgat\u00f3 n\u00e9ni, akinek a&nbsp;nev\u00e9re m\u00e1r nem eml\u00e9kszem. \u2013 Mindenny\u00fck megv\u00f3t nekik. Aft\u00f3, h\u00e1z, munka, oszt ezt k\u0151 csin\u00e1nyi, \u0451! Mondom \u00e9n, be\u0171t a&nbsp;kocsij\u00e1bo, fijatal gyer\u0451k, \u00e9s lel\u0171tte magaaat. \u00c1ll\u00edt\u00f3lag depresszij\u00f3 \u2013 suttogta olyan hangon, mintha egy d\u00e9mon nev\u00e9t ejtette volna ki, majd k\u00f6nnyed fontoskod\u00e1ssal folytatta: \u2013 M\u0451gy\u00fcnk imaadkozni a&nbsp;temet\u00e9sire. Ha akarsz, gy\u00fchecc tejis.<br \/>\u2013 Van nekem jobb dolgom is. Korn\u00e9lka, neked is mindig legyen, j\u00f3? \u2013 n\u00e9zett r\u00e1m a&nbsp;nagyany\u00e1m olyan komolyan, hogy a&nbsp;megtiszteltet\u00e9st\u0151l, azt hiszem, el is pirultam. \u2013 Ameddig van d\u00f3god, j\u00f3! Ha meg nincs, tal\u00e1nyi k\u0151 magadnak. M\u00e1sk\u00e9pp te is csak elt\u00f6ketlenkeded az \u00e9letedet. Att\u00fa meg jobb gyerek vagy\u00f3 te.<br \/>Tudod, Lilith, annak ellen\u00e9re, hogy jelen \u00e9lethelyzetemben mindennek \u00e9rzem magam, csak j\u00f3nak nem, nem tagadhatom, hogy saj\u00e1t magam sz\u00e1m\u00e1ra kital\u00e1lt kisebb-nagyobb k\u00fcldet\u00e9seimnek is t\u00f6bb \u00e9rtelm\u00fck van, mint a&nbsp;medd\u0151 szenved\u00e9snek. \u00c9desem, belemehetn\u00e9k a&nbsp;j\u00e1t\u00e9kodba \u00e9s megint sajn\u00e1lgathatn\u00e1lak, b\u00edztatgathatn\u00e1lak, engedelmesen j\u00e1tszhatn\u00e1m a&nbsp;szerepemet, de el\u00e9g, el\u00e9g volt! Nem panaszkodtam az\u00e9rt, hogy lassan m\u00e1r nem sz\u00edv-, hanem riposzthusz\u00e1rod leszek (f\u00e9lve k\u00e9rdem: mikor kezdem\u00e9nyezhetek m\u00e1r \u00e9n?), nem akarlak szidni, csak arra k\u00e9rlek, sz\u00e9p d\u00e9monkisasszony: L\u00e9gy sz\u00edves, r\u00fagd m\u00e1r magad seggbe! Kezdj magaddal valamit! Kezdetben kicsi dolgokat, azt\u00e1n id\u0151vel jelent\u00e9kenyebbeket. \u00c9s tudom, tudooom, lehet, hogy ez is csak medd\u0151 k\u00eds\u00e9rlet az \u00e9letjav\u00edt\u00e1sra, de nem a dolgok hi\u00e1nya, hanem a semmi, az \u00fcress\u00e9g, a&nbsp;c\u00e9ltalans\u00e1g az, ami igaz\u00e1n f\u00e1j.<br \/>Ifj\u00fas\u00e1god pokl\u00e1ban mes\u00e9k is ragadtak bel\u00e9d, sose feledd! Mindig akad egy-k\u00e9t \u00e9rt\u00e9kes pillanatlenyomat az ember elm\u00e9j\u00e9ben, amit \u00e9rdemes nyomtatott sorok kalitk\u00e1j\u00e1ba z\u00e1rni. A&nbsp;t\u00f6rt\u00e9netek azok a&nbsp;ritka madarak, amelyek csakis rabs\u00e1gban dalolnak \u00f6r\u00f6kk\u00e9.<br \/>\u00c9n most megyek, kitakar\u00edtom az almot (to jest, megyek macskakakit kapar\u00e1szni m\u0171anyag lap\u00e1ttal), azt\u00e1n olvasok kicsit. Mert ez is jobb, mint a&nbsp;semmivel tel\u00edtett nyafog\u00e1s.<br \/>Ha pedig valamikor \u00fagy d\u00f6nten\u00e9l, megl\u00e1togatsz, akkor tiszta lak\u00e1ssal v\u00e1r:<\/p>\n<p style=\"text-align: right;\">Fenyvesi Korn\u00e9l<\/p>\n<p style=\"text-align: right;\">(Szerkesztette: <strong>Lombo\u0161 Korn\u00e9lia<\/strong>, \u00f6njel\u00f6lt Juh\u00e1sz)<\/p>\n<div id=\"attachment_388\" style=\"width: 210px\" class=\"wp-caption alignright\"><img loading=\"lazy\" decoding=\"async\" aria-describedby=\"caption-attachment-388\" class=\"wp-image-388 size-medium\" src=\"http:\/\/opus-folyoirat.sk\/wp-content\/uploads\/2018\/08\/Lombo\u0161_Korn\u00e9lia-200x300.jpeg\" alt=\"\" width=\"200\" height=\"300\" srcset=\"https:\/\/opus-folyoirat.sk\/wp-content\/uploads\/2018\/08\/Lombo\u0161_Korn\u00e9lia-200x300.jpeg 200w, https:\/\/opus-folyoirat.sk\/wp-content\/uploads\/2018\/08\/Lombo\u0161_Korn\u00e9lia.jpeg 435w\" sizes=\"auto, (max-width: 200px) 100vw, 200px\" \/><p id=\"caption-attachment-388\" class=\"wp-caption-text\">Lombo\u0161 Korn\u00e9lia<\/p><\/div>\n<p>.<\/p>\n<p>.<\/p>\n<p>.<\/p>\n<p>.<\/p>\n<p>.<\/p>\n<p>.<\/p>\n<p>.<\/p>\n<p>.<\/p>\n<p>.<\/p>\n<p>.<\/p>\n<p><strong>Prof\u00e1n Provok\u00e1ci\u00f3 6. \u2013 agymen\u00e9s<\/strong><\/p>\n<p>Szervusz, Korn\u00e9l!<\/p>\n<p>Ahogy \u00f6regszem, egyre filozofikusabb vagyok.<br \/>Fiatalon, zsenge pokoli l\u00e9lekk\u00e9nt nem \u00e9rdekelt, hogy eszm\u00e9ket alak\u00edtsak ki magamnak, nem ismertem hat\u00e1rokat semmiben, igaz, most sem ismerek t\u00fal sokat, de azt tudom, hogy lehet egy hat\u00e1r az is, ha nincs hat\u00e1r. \u00dagy \u00e9rtem, hogy nem j\u00f3 az, ha az ember, b\u00f6lcselked\u0151 alkat, no, m\u00e1r valamif\u00e9le fels\u0151bb ideol\u00f3gia ment\u00e9n vagy az elitizmus szempontj\u00e1b\u00f3l biztos j\u00f3, viszont egyszer\u0171 emberi szempontb\u00f3l n\u00e9zve: sz\u00f6rny\u0171. Min\u00e9l t\u00f6bbet gondolkodom, ann\u00e1l kevesebbet cselekszem. Napokig tud j\u00e1rni az agyam egy-egy logikai meneten, m\u00e9g ha teljesen ban\u00e1lis is a tartalma, \u00e9lvezem a j\u00e1t\u00e9kot az agyammal, f\u0151k\u00e9nt, ha az emberr\u0151l mag\u00e1r\u00f3l kell meg\u00e1llap\u00edt\u00e1sokat tenni. Nem \u00edt\u00e9letet, hanem meg\u00e1llap\u00edt\u00e1sokat, ugyanis \u00e9n nem \u00edt\u00e9lkezem, ember felett sosem, tettek felett m\u00e1r hamarabb, de sok esetben azok is csak k\u00fcls\u0151 meg\u00e9l\u00e9sb\u0151l l\u00e1tszanak \u00edt\u00e9letnek. Sz\u00e1momra sz\u00e1raz t\u00e9nyk\u00f6zl\u00e9s valakit leh\u00fcly\u00e9zni, ha val\u00f3ban \u00fagy van. Semmi fels\u0151bbrend\u0171s\u00e9gi \u00f6r\u00f6m\u00f6m, semmi erk\u00f6lcsi ide\u00e1m nincs benne. H\u00fclye, \u00e9s k\u00e9sz. Egy meg\u00e1llap\u00edt\u00e1s. Elvonatkoztatok att\u00f3l, hogy engem az emberi idiotizmus d\u00fch\u00edt, meg a kit\u0171nni akar\u00e1s. L\u00e1tszik az, ne gondolj\u00e1k, hogy nem. Nagyon is l\u00e1tszik. S\u0151t, szaga is van. \u00c1porodott, er\u0151ltetett mosolyszaga van. Az \u00e1lkedvess\u00e9g m\u00f6g\u00f6tti irigys\u00e9g \u00e9s boldogtalans\u00e1g b\u0171zlik. Legal\u00e1bbis olyan szeml\u00e9l\u0151d\u0151 sz\u00e1m\u00e1ra, aki a t\u00e9nyleges boldogs\u00e1got kutatja. \u00c9n azt teszem, pr\u00f3b\u00e1lom tenni, igyekszem eljutni \u00e9sszel a boldogs\u00e1g \u00e9rz\u00e9s\u00e9hez. Elolvasom, mit gondolnak r\u00f3la m\u00e1sok, \u00e9s m\u00e9rlegelek, viszony\u00edtok. Kipr\u00f3b\u00e1lok helyzeteket, amelyekben elvileg boldognak k\u00e9ne \u00e9rezni magam. \u00c9s semmi. Semmi nem t\u00f6rt\u00e9nik.<br \/>A nagy eg\u00e9szhez sz\u00e1m\u00edtva, ennyit tal\u00e1n kijelenthetek, a boldogs\u00e1g mint entit\u00e1s egyszerre l\u00e9tez\u0151 \u00e9s nem l\u00e9tez\u0151. Egyszerre \u00e9rzi is az ember \u00e9s nem is. T\u00f6rt\u00e9nik valami j\u00f3, \u00e9s itt a j\u00f3 fogalma megint csak probl\u00e9m\u00e1s. Kinek mi a j\u00f3? A nagy k\u00e9rd\u00e9s. Az ember a k\u00fcls\u0151, mor\u00e1lis szab\u00e1lyok szerint szabja meg a j\u00f3 dolgok bels\u0151 hat\u00e1rait, nem k\u00ednl\u00f3dik sem a helyzet relativit\u00e1s\u00e1val, sem a szubjekt\u00edv meg\u00e9l\u00e9ssel. Azt mondja, hogy egy gyermeksz\u00fclet\u00e9s \u00f6r\u00f6mteli esem\u00e9ny, k\u00e9sz, az any\u00e1nak boldognak kell \u00e9reznie mag\u00e1t. De vajon t\u00e9nyleg \u00fagy \u00e9rzi-e mag\u00e1t? A j\u00f3 fogalma valami olyan, ami sz\u00e1z k\u00fcl\u00f6n \u00e9rtekez\u00e9st \u00e9rdemelne meg, \u00e9s igaz\u00e1b\u00f3l t\u00f6bb sz\u00e1z l\u00e9tezik is m\u00e1r. Nem err\u0151l gondolkodtam els\u0151sorban, err\u0151l is, de annyi gondolatsz\u00e1lat nem lehet olyan k\u00f6nnyen le\u00edrni, vagy csak \u00e9n nem vagyok r\u00e1 k\u00e9pes, k\u00f6nnyen meglehet.<br \/>Visszat\u00e9rve, dolgoznak a k\u00fcl\u00f6nb\u00f6z\u0151 szab\u00e1lyok benn\u00fcnk, ami szerint, ugye, meg\u00e9l\u00fcnk egy j\u00f3nak \u00e9rt\u00e9kelt dolgot, azt\u00e1n tov\u00e1bb l\u00e9p\u00fcnk, \u00e9s v\u00e1rjuk a sz\u00fcks\u00e9gszer\u0171en hozz\u00e1 tartoz\u00f3 boldogs\u00e1g \u00e9rz\u00e9s\u00e9t, \u00f6r\u00f6m \u00e9s boldogs\u00e1g, egyben haszn\u00e1lom \u0151ket, de nem felt\u00e9tlen j\u00e1rnak egy\u00fctt. Mondjuk \u00fagy, j\u00e1rhatnak. Er\u0151s\u00edtik a boldogs\u00e1gnak v\u00e9lt \u00e1llapotot.<br \/>Teh\u00e1t v\u00e1rjuk, mit v\u00e1rjuk, megsz\u00e1llottan hajkur\u00e1sszuk eg\u00e9sz \u00e9let\u00fcnkben a boldogs\u00e1got, n\u00e9ha egyetlen \u00e9let\u00e9rtelemnek kinyilv\u00e1n\u00edtva. Mikor el\u0151sz\u00f6r gondolkodtam ezen, tal\u00e1n olyan 9 \u00e9ves lehettem. Nagyon meg\u00fct\u00f6ttem a bord\u00e1im, mikor leestem bicikliz\u00e9s k\u00f6zben, f\u00e1jdalmaim voltak, \u00e9s ahogy fokozatosan lihegtem el a f\u00e1jdalmam, s\u00edrtam is, \u00e9s any\u00e1mnak azt mondtam, hogy boldogtalan vagyok. Nem igaz\u00e1n \u00e9rtettem m\u00e9g mit is jelent, de hallottam ezt a kifejez\u00e9st. \u00d6sszek\u00f6t\u00f6ttem a f\u00e1jdalommal, \u00f6sszek\u00f6t\u00f6ttem azzal, hogy velem valamilyen baleset, rossz dolog t\u00f6rt\u00e9nt. A f\u00e1jdalmam rossznak \u00edt\u00e9ltem meg. S\u0151t, vil\u00e1gm\u00e9ret\u0171 rossznak, mindent\u0151l rosszabbnak abban a pillanatban, \u00e9s amikor legy\u0151ztem, ellihegtem az \u00e9rz\u00e9st, nem maradt m\u00e1r csak halv\u00e1ny eml\u00e9ke, m\u00e9g mindig szomor\u00fa voltam. Any\u00e1m azt mondta, m\u00e1r mi\u00e9rt lenn\u00e9k boldogtalan, ebcsont beforr, k\u00e9s\u0151bb j\u00f6ttem r\u00e1, t\u00e9nyleg az voltam.<br \/>Egyszer\u0171bb volt az elk\u00e9pzel\u00e9sem, a j\u00f3 az boldogs\u00e1g, a rossz az boldogtalans\u00e1g. Ma m\u00e1r nem hiszek ebben. A vil\u00e1got j\u00f3nak l\u00e1ttam. Azt\u00e1n a kamasz \u00e9vekben tal\u00e1lkoztam Voltaire-rel, aki azt mondta: nous laisserons ce monde-ci aussi sot et aussi m\u00e9chant, que nous l&#8217;avons trouv\u00e9 en y arrivant, vagyis: \u00e9pp oly ostoba \u00e9s \u00e9pp oly rossz a vil\u00e1g, mikor t\u00e1vozunk bel\u0151le, mint amilyen volt, mikor megj\u00f6tt\u00fcnk r\u00e1. Az\u00f3ta hiszek ebben\u2026<\/p>\n<p style=\"text-align: right;\">Rem\u00e9lem j\u00f3l vagy,<br \/>\u00f6lellek, Mon ch\u00e9rie<br \/>Lilithed<\/p>\n<p style=\"text-align: right;\">[Szerkesztette: <strong>T\u00f3th Vikt\u00f3ria<\/strong>, elgondolkodva]<\/p>\n<div id=\"attachment_387\" style=\"width: 310px\" class=\"wp-caption alignright\"><img loading=\"lazy\" decoding=\"async\" aria-describedby=\"caption-attachment-387\" class=\"wp-image-387 size-medium\" src=\"http:\/\/opus-folyoirat.sk\/wp-content\/uploads\/2018\/08\/T\u00f3th_Lilith_Vikt\u00f3ria-300x225.jpg\" alt=\"\" width=\"300\" height=\"225\" srcset=\"https:\/\/opus-folyoirat.sk\/wp-content\/uploads\/2018\/08\/T\u00f3th_Lilith_Vikt\u00f3ria-300x225.jpg 300w, https:\/\/opus-folyoirat.sk\/wp-content\/uploads\/2018\/08\/T\u00f3th_Lilith_Vikt\u00f3ria.jpg 640w\" sizes=\"auto, (max-width: 300px) 100vw, 300px\" \/><p id=\"caption-attachment-387\" class=\"wp-caption-text\">T\u00f3th Vikt\u00f3ria<\/p><\/div>\n<p>.<\/p>\n<p>.<\/p>\n<p>.<\/p>\n<p>.<\/p>\n<p>.<\/p>\n<p>.<\/p>\n<p>.<\/p>\n<p>.<\/p>\n<p><strong>Random Riposzt 6.<\/strong><\/p>\n<p>Szervusz!<br \/>Ahogy telnek a napok, \u00e9n egyre h\u00fcly\u00e9bbnek \u00e9rzem magam. Egyre kacif\u00e1ntosabbak azok a&nbsp;tal\u00e1lomra \u00f6sszegubancolt gondolatcsom\u00f3k, amelyeket a&nbsp;nap v\u00e9g\u00e9n ki kellene bogoznom a&nbsp;nyugodt \u00e1lom \u00e9rdek\u00e9ben. R\u00e9m\u00e1lmok gy\u00f6t\u00f6rnek, \u00e9s minden nappal egyre kev\u00e9sb\u00e9 \u00e9rtem magam. M\u00e1r \u00e9rik&#8230; Nagyon \u00e9rik a&nbsp;beutal\u00f3m egy elmegy\u00f3gyint\u00e9zetbe.<br \/>Most komolyan, Lilith? Amikor elkezdtem olvasni a&nbsp;leveledet, az jutott eszembe, hogy most komolyan nekem, NEKEM akarsz filozofikus fejteget\u00e9st prezent\u00e1lni arr\u00f3l, hogy milyen rossz az, ha t\u00fal sok gondolata van egy embernek?! Ismersz Te engem? Multitempor\u00e1lis ideaviharban fuldoklom m\u00e1r j\u00f3 ideje, \u00e9s k\u00f6sz\u00f6n\u00f6m sz\u00e9pen, lassan m\u00e1r megszoktam ezt az \u00e1llapotot. S\u0151t, azt kell mondanom, hogy \u00e9lvezhet\u0151 is, ha az ember meg\u00e9li a&nbsp;zavar pillanatait.<br \/>Azonban, te \u2013 ahogy tov\u00e1bb olvastam a&nbsp;leveledet (b\u00e1r, az m\u00e1r lassan eg\u00e9sz fa volt), r\u00e1j\u00f6ttem \u2013 nem arra volt\u00e1l k\u00edv\u00e1ncsi, hogy mik\u00e9nt lehet t\u00fal\u00e9lni bonyolult entit\u00e1sk\u00e9nt. Ezt te j\u00f3l ismered, csak bevezet\u00e9sk\u00e9nt sajn\u00e1ltattad magad kicsit! A&nbsp;l\u00e9nyeg a&nbsp;l\u00e9nyeg: Nem tudod, Te hedonista ribanc, hogyan kell boldognak lenni! H\u00e1t el\u00e9rt\u00fcnk ide is&#8230;. Korn\u00e9l tan\u00e1r \u00far reloaded!<br \/>No, aszondod, hogy az \u00e1tlagember \u00e1ltal meg\u00edt\u00e9lt boldogs\u00e1gtapasztalatok nem hagyj\u00e1k, hogy \u00e1t\u00e9ld azt az euf\u00f3ri\u00e1t, amire v\u00e1gyn\u00e1l. Mily meglep\u0151! Hagyd ezt abba, Te n\u0151, mert r\u00e1m\u00e9sz lelkileg. F\u00e9kezz \u00e9s figyelj!<br \/>A&nbsp;boldogs\u00e1g mindig individu\u00e1lis tapasztalat. Hannibal Lecter is boldog volt k\u00fcl\u00f6nleges vacsor\u00e1in, meg Jason is, hogy \u00f6r\u00f6met okozott az anyuk\u00e1j\u00e1nak, aki mellesleg addigra m\u00e1r egy hulla volt, de mindegy&#8230; Csak annyit akarok kifejezni, hogy ha a&nbsp;b\u00e1r\u00e1nyok boldogs\u00e1ga nem a&nbsp;ti\u00e9d, hagyd meg nekik ezt a&nbsp;tapasztal\u00e1st. V\u00e9gy egy m\u00e9ly leveg\u0151t, \u00e9s ha m\u00e1r v\u00e9gk\u00e9pp k\u00e9ts\u00e9gbe esn\u00e9l, mondogasd magadnak, hogy a&nbsp;boldogs\u00e1gtapasztalat egy\u00e9ni. IN-DI-VI-DU(du-du-du)-\u00c1-LIS! Mag\u00e1nyos dolog, \u00e9s k\u00e9sz! Pl\u00e1ne, ha k\u00fcl\u00f6nc vagy! (Terajtad meg ink\u00e1bb tudn\u00e9k elk\u00e9pzelni v\u00e9dett nyusztok irh\u00e1j\u00e1b\u00f3l \u00f6sszesz\u00f6v\u00f6getett bund\u00e1t, mint holmi feh\u00e9r b\u00e1r\u00e1nyb\u0151r ment\u00e9t!). Ne akarj betokosodni! Ez nem a&nbsp;Te utad!<br \/>Egyszer be volt\u00e1l r\u00fagva, \u00e9s te magad jutott\u00e1l el fejteget\u00e9seid sor\u00e1n ahhoz az igazs\u00e1ghoz, amelyhez a&nbsp;magunkfajta fura figur\u00e1k, individualista entit\u00e1sok \u00e9s h\u00fclyem\u00f3d gondolkod\u00f3 hedonist\u00e1k igazodni tudnak: V\u00e1rd, kedvesem a&nbsp;boldog rekl\u00e1msz\u00fcneteket! Az \u00e9let olyan, mint a&nbsp;szarfolyam, amelynek a&nbsp;hull\u00e1main megpr\u00f3b\u00e1lhatsz a&nbsp;lehet\u0151 legeleg\u00e1nsabban sz\u00f6rf\u00f6zni, de hi\u00e1ba van zseb\u00f3r\u00e1d, kalapod \u00e9s sz\u00f6vetkab\u00e1tod, m\u00e9giscsak tudod, minek a&nbsp;flowj\u00e1ban vesztegeted a&nbsp;perceidet. Belezuhanhatn\u00e1l a&nbsp;letargi\u00e1ba, de vannak szigetek. Te, teee, pokoli ribanc \u00e9s mag\u00e1nyos d\u00e9mon, tudd, mindig szervezek neked egy kis pihit! Nem mondom, hogy a&nbsp;puszta l\u00e9temt\u0151l jobb a&nbsp;vil\u00e1god, de \u2013 ahogy a&nbsp;L\u2019art pour L\u2019art T\u00e1rsulat komikusai mond\u00e1k \u2013: \u201eHason l\u00f3 a&nbsp;hason l\u00f3nak \u00f6r\u00fcl.\u201d<br \/>\u00d6r\u00fclj\u00fcnk egym\u00e1snak azokban a&nbsp;pillanatokban, amikor m\u00e1sunk nincs, k\u00e9rlek! Tudd, hogy b\u00e1r nem vagyok kir\u00e1lyfi, \u00edgy nem v\u00e1gtatok be az \u00e9letedbe feh\u00e9r t\u00e1ltoson, hogy megmentselek \u00e9s megadjak neked mindent, ami \u201eszem-sz\u00e1jnak ingere\u201d, de mindig k\u00e9zn\u00e9l vagyok a&nbsp;sz\u00fcrke szamaramon. \u00c9s b\u00e1r j\u00f3magam is egy j\u00f3kora marha vagyok, tudd, hogy legyen b\u00e1r ott \u00e9s akkor, amikor sz\u00fcks\u00e9ged van r\u00e1m, a&nbsp;c\u00e9lom sz\u00e1z sz\u00e9lmalom, \u00e9n \u00fatvonal-\u00fajratervez\u00e9st ki\u00e1ltok, \u00e9s sietek hozz\u00e1d! Mindig.<br \/>Ha akarod, \u00f6r\u00f6mmel meg is verlek, hogy j\u00f3 legyen neked, s\u0151t hagyom, hogy \u00f6r\u00f6m\u00f6det leld abban, hogy engem n\u00e1sp\u00e1ngolsz el. Mert, tudod, hogy mi\u00e9rt ez a&nbsp;vil\u00e1gok legeslegjobbika? (Ha m\u00e1r Voltaire-n\u00e9l tartunk&#8230;) Az\u00e9rt olyan j\u00f3 nekem, mert olyan ember lehet a&nbsp;bar\u00e1tn\u00e9m, mint Te.<br \/>Magic&#8230; Mosoly&#8230; \u00d6r\u00f6m&#8230;<br \/>Kicsiben gondolkodom&#8230; egy\u00e9ni helyzetekben.<br \/>Szeretettel cs\u00f3kol sz\u00edvhusz\u00e1rod \u00e9s boldog\u00edt\u00f3d:<br \/>Fenyvesi Korn\u00e9l<\/p>\n<p style=\"text-align: right;\">[Szerkesztette: <strong>Lombo\u0161 Korn\u00e9lia<\/strong>, \u00f6njel\u00f6lt Juh\u00e1sz]<\/p>\n<div id=\"attachment_388\" style=\"width: 210px\" class=\"wp-caption alignright\"><img loading=\"lazy\" decoding=\"async\" aria-describedby=\"caption-attachment-388\" class=\"wp-image-388 size-medium\" src=\"http:\/\/opus-folyoirat.sk\/wp-content\/uploads\/2018\/08\/Lombo\u0161_Korn\u00e9lia-200x300.jpeg\" alt=\"\" width=\"200\" height=\"300\" srcset=\"https:\/\/opus-folyoirat.sk\/wp-content\/uploads\/2018\/08\/Lombo\u0161_Korn\u00e9lia-200x300.jpeg 200w, https:\/\/opus-folyoirat.sk\/wp-content\/uploads\/2018\/08\/Lombo\u0161_Korn\u00e9lia.jpeg 435w\" sizes=\"auto, (max-width: 200px) 100vw, 200px\" \/><p id=\"caption-attachment-388\" class=\"wp-caption-text\">Lombo\u0161 Korn\u00e9lia<\/p><\/div>\n<p>.<\/p>\n<p>.<\/p>\n<p>.<\/p>\n<p>.<\/p>\n<p>.<\/p>\n<p>.<\/p>\n<p>.<\/p>\n<p>.<\/p>\n<p>.<\/p>\n<p>.<\/p>\n<p><strong>Prof\u00e1n Provok\u00e1ci\u00f3 5. \u2013 a ki\u00e1br\u00e1ndults\u00e1gr\u00f3l<\/strong><\/p>\n<p>Dr\u00e1ga Korn\u00e9l\u2026<\/p>\n<p>kedvesem, a v\u00e9gem j\u00e1rom, persze ez \u00e9des t\u00falz\u00e1s a r\u00e9szemr\u0151l, tudom, nagyon j\u00f3l. Sz\u00ednpadias dicsf\u00e9nyben fekszem a baldachinos \u00e1gyamban, f\u00f6ldig \u00e9r\u0151 fekete selyem k\u00f6nt\u00f6sben, az anyag simogat, \u00fagy ahogy a szat\u00e9n \u00e1gynem\u0171 is. <em>(Szerk. megj: hogy a p*cs\u00e1ba nem cs\u00faszk\u00e1lsz rajta?)<\/em> A gyerty\u00e1k lassan le\u00e9gnek, \u00e9s k\u00f6rbe fog venni a s\u00f6t\u00e9ts\u00e9g. A f\u00e9ny utols\u00f3 lehelet\u00e9n\u00e9l \u00edrok neked. Vedd \u00fagy, hogy er\u0151sen megmarkolom az alkarod, szor\u00edtalak, \u00e9s \u00fagy n\u00e9zek a szemedbe, hideg, fekete tekintettel.<\/p>\n<p>A te fajt\u00e1d fog engem a s\u00edrba tenni, tudod!? No, nem arra \u00e9rtem, milyen ember vagy, mert Te, Korn\u00e9lom, \u00e9des sz\u00edvhusz\u00e1rom, eg\u00e9szen m\u00e1s bolyg\u00f3r\u00f3l sz\u00e1rmazol, mint a t\u00f6bbiek. Csak a nemed sz\u00farja most a szemem kiss\u00e9, a sek\u00e9lyes, \u00e9pp csak cselekv\u00e9sre k\u00e9pes farkas \u00e1llatok bassz\u00e1k fel az agyam. Komolyan mondom, kij\u00f6n bel\u0151lem a femin\u00e1ci. <em>(Sz. m: bel\u0151led mikor nem, bazki)<\/em><br \/>\u00c9n! \u00c9n, az els\u0151 f\u00e9rfi, els\u0151 neje, \u00c9n, Isten kedvence, nev\u00e9nek tud\u00f3ja, egy teremt\u0151 istenn\u0151\u2026 mindez \u00e9n vagyok, \u00e9s m\u00e9g ett\u0151l t\u00f6bb is.<br \/>C\u00e9da is vagyok, mint N\u0151, megvetett, l\u00e1bt\u00f6rl\u0151, kevesebb fizet\u00e9st \u00e9rdeml\u0151, \u00f6r\u00f6kk\u00e9 mosogat\u00f3, f\u0151z\u0151, robot, mondd, hogy lett a boszork\u00e1nyb\u00f3l szolga az \u00e9vsz\u00e1zadok alatt? Mi\u00e9rt nem lett t\u00e1rs vagy egyszer\u0171en \u00darn\u0151?<br \/>A f\u00e9rfiak fognak engem a s\u00edrba tenni, megt\u00f6rik a halhatatlan lelkem, m\u00e9ghozz\u00e1 azzal, hogy ki\u00e1br\u00e1ndulok miattuk az \u00e9letb\u0151l. L\u00e1tom, mennyire herd\u00e1lj\u00e1k az \u00e9letet, mennyire nem l\u00e1tj\u00e1k m\u00e9g az igazs\u00e1got sem, holott ott van, kisz\u00farja a szem\u00fcket. <em>(Sz. m: az\u00e9rt na, tisztelet a kiv\u00e9telnek, leszek \u00e9n a j\u00f3zans\u00e1g hangja)<\/em> Az egyetlen igazs\u00e1g, az egyetlen igazs\u00e1g az, hogy felesleges csalni. \u00c9rzem, mikor az emberek hazudnak, \u00e9s nekem f\u00e1j helyett\u00fck is. Tudod, lehet mondani b\u00e1rmit az \u00f6rd\u00f6gre, de azt nem, hogy hazudott. Ezzel szemben az \u00e9letben el\u00e9rhet\u0151 mennyorsz\u00e1g nem m\u00e1s, mint m\u00e9zesm\u00e1zzal kikent sz\u00ednh\u00e1zi \u00fat. A gyomrom forog, hogy a vil\u00e1got sokszor ilyen emberek ir\u00e1ny\u00edtj\u00e1k. Ha \u00e9n uralkodn\u00e9k, olyan m\u00e1s lenne\u2026 <em>(Sz. m: az m\u00e9g nem biztos, hogy jobb)<\/em><br \/>Tudod a legrosszabb, hogy adok. Mindegyiknek adok valamit magamb\u00f3l, az \u00f6sszes embernek, legyen b\u00e1rmi k\u00f6ze hozz\u00e1m. Legyen szeret\u0151m, t\u00e1rsam, bar\u00e1tom, sz\u00f3rakoz\u00e1som, mell\u00e9kes. Otthagyok n\u00e1la egy darabot, nekik jobb az \u00e9let\u00fck, \u00e9n meg egyre csak fogyok\u2026<br \/>Az egyik \u00fcgyv\u00e9dem szerint meg k\u00e9ne engednem valakinek, hogy v\u00e9gre szeressen. De a d\u00e9mont \u00fcld\u00f6zni szokt\u00e1k, f\u00e9lnek t\u0151le. A szolg\u00e1t meg meggyal\u00e1zz\u00e1k. Ebben a vil\u00e1gban a N\u0151 e kett\u0151 lehet.<br \/>Teljes nihilizmus\u2026 semminek nincs \u00e9rtelme.<\/p>\n<p style=\"text-align: left;\">Add a kezed, sz\u00f3lj hozz\u00e1m, Korn\u00e9liusz!<\/p>\n<p style=\"text-align: left;\">Elhal\u00f3 cs\u00f3kot k\u00fcld,<br \/>Lilith<\/p>\n<p style=\"text-align: right;\">[Szerkesztette: <strong>T\u00f3th Vikt\u00f3ria<\/strong>, sz\u00ednpadiasan meghajolva]<\/p>\n<div id=\"attachment_387\" style=\"width: 310px\" class=\"wp-caption alignright\"><img loading=\"lazy\" decoding=\"async\" aria-describedby=\"caption-attachment-387\" class=\"wp-image-387 size-medium\" src=\"http:\/\/opus-folyoirat.sk\/wp-content\/uploads\/2018\/08\/T\u00f3th_Lilith_Vikt\u00f3ria-300x225.jpg\" alt=\"\" width=\"300\" height=\"225\" srcset=\"https:\/\/opus-folyoirat.sk\/wp-content\/uploads\/2018\/08\/T\u00f3th_Lilith_Vikt\u00f3ria-300x225.jpg 300w, https:\/\/opus-folyoirat.sk\/wp-content\/uploads\/2018\/08\/T\u00f3th_Lilith_Vikt\u00f3ria.jpg 640w\" sizes=\"auto, (max-width: 300px) 100vw, 300px\" \/><p id=\"caption-attachment-387\" class=\"wp-caption-text\">T\u00f3th Vikt\u00f3ria<\/p><\/div>\n<p>.<\/p>\n<p>.<\/p>\n<p>.<\/p>\n<p>.<\/p>\n<p>.<\/p>\n<p>.<\/p>\n<p>.<\/p>\n<p>.<\/p>\n<p><strong>Random riposzt 5.&nbsp;\u2013 avagy: A&nbsp;f\u00e9rfiak tudnak csak igaz\u00e1n szenvedni<\/strong><\/p>\n<p>Dr\u00e1ga Lilith!<\/p>\n<p>Kedvesem, minden \u00e1ltalad kedvelt kedvess\u00e9gemmel most legsz\u00edvesebben elk\u00fclden\u00e9lek oda, ahov\u00e1 a&nbsp;legt\u00f6bb f\u00e9rfi v\u00e1gyik, ugyanis \u00e9n m\u00e9g csak a&nbsp;v\u00e9g kezdet\u00e9n tartok, de m\u00e1r most nem b\u00edrom. Takonyban \u00e9s k\u00f6h\u00f6g\u00e9srohamok vihar\u00e1ban fekszem a&nbsp;gumis sz\u00e9l\u0171 leped\u0151be burkolt matracomon (\u00e1gyra m\u00e9g nem sp\u00f3roltam \u00f6ssze eleget), egy sz\u00e1l bokszerban verg\u0151d\u00f6m, \u00e9s zavarg\u00f3 exk\u00e9nt tapad r\u00e1m izzadts\u00e1gomt\u00f3l a kiss\u00e9 m\u0171sz\u00e1las \u00e1gynem\u0171m. A&nbsp;laptopom vide\u00f3villog\u00e1s\u00fa f\u00e9nye f\u00e9lhom\u00e1lyos\u00edt n\u00e1lam, mert nem szeretek csendben szenvedni. Vedd \u00fagy, hogy most kif\u00fajom az orrom, megk\u00f6sz\u00f6r\u00fcl\u00f6m kicsit m\u00e1skor oly k\u00e9szs\u00e9gesen zeng\u0151 torkomat, r\u00e1d emelem l\u00e1zt\u00f3l vizeny\u0151s szemeimet, \u00e9s tompa suttog\u00e1ssal k\u00e9rdezem:<br \/>\u2013 Te sz\u00f3lsz valamit, ribanc?! \u2013 \u00c9\u00e9\u00e9\u00e9s, csak hogy f\u00e9lre\u00e9rt\u00e9s ne ess\u00e9k, a&nbsp;legkedvesebben dorg\u00e1l\u00f3 t\u00f3nusban teszem ezt. (Persze, amennyire csak ilyen \u00e1llapotban k\u00e9pes lehetek arra, hogy repedtfaz\u00e9k hangommal \u00e9rzelmet fejezzek ki). Any\u00e1m \u00fariembernek nevelt: n\u0151vel udvarias b\u00e1jjal vagy sehogy! (Pedig rikoltozik bennem egy durc\u00e1s kisgyerek, mondv\u00e1n: \u201eHagyj\u00e1l! Hagyj\u00e1l meghalniiiii!\u201d)<br \/>De viccet f\u00e9lret\u00e9ve, igaz, csak holmi aty\u00e1mfia farkas \u00e1llat vagyok neked, \u00e9s a&nbsp;sek\u00e9lyess\u00e9g b\u0171ne sem \u00e1ll t\u00fal t\u00e1vol t\u0151lem, de pl\u00e1ne ilyenkor, testi er\u0151m hamvai k\u00f6zt \u00e9gve, 36 fokosn\u00e1l j\u00f3val magasabb l\u00e1zban, \u00e1t\u00e9rzem nemem minden nyomor\u00e1t. Engem a&nbsp;rejtett, de ann\u00e1l igazibb feminokratikuss\u00e1g d\u00f6nt\u00f6get romba, amely alatt \u00edgy, k\u00ednt\u00f3l k\u00f6d\u00f6s tudattal j\u00f3l titkolt n\u0151i diktat\u00far\u00e1t \u00e9rtek.<br \/>Szeretitek magatokat sajn\u00e1ltatni. Jaj, de szeretitek! \u00c1tkozott az a&nbsp;f\u00e9rfi, akinek a&nbsp;legjobb bar\u00e1tai n\u0151k, mert akarva akaratlanul el\u0151j\u00f6n besz\u00e9dt\u00e9mak\u00e9nt, hogy milyen cudar dolog asszony\u00e1llatnak (szolg\u00e1nak, takar\u00edt\u00f3n\u0151nek, szajh\u00e1nak) lenni, minek folyt\u00e1n nekem, az ipszilon kromosz\u00f3m\u00e1val meg\u00e1ldott egy\u00e9nnek, igencsak meg kell becs\u00fcln\u00f6m magam (annyira, hogy az any\u00e1m ty\u00fakja s\u00e9rvet kapna t\u0151le). Ha m\u00e1r biol\u00f3giai l\u00e9tem folyt\u00e1n nekem jutott a&nbsp;lehet\u0151s\u00e9g a&nbsp;terhess\u00e9g buck\u00e1j\u00e1t\u00f3l megk\u00edm\u00e9lt karrierre, a&nbsp;jobb fizet\u00e9sre, a&nbsp;korral val\u00f3 \u00e9r\u00e9sre, akkor teljes\u00edtenem kell! Kem\u00e9nynek kell lenni! Bele kell adni apait, anyait!!! \u00c9s ki\u00e9rt teszem? No, vajon ki\u00e9rt igyekszik a&nbsp;f\u00e9rfi?<br \/>P\u00e1rk\u00e1k vagytok, akik sz\u00f6v\u00f6getik a&nbsp;h\u00e1tt\u00e9rben a&nbsp;f\u00e9rfisorsokat. M\u00fazs\u00e1k vagytok. Any\u00e1k, szeret\u0151k, kincsek. A&nbsp;k\u00f6ltem\u00e9nyek \u00e9s a&nbsp;f\u00e9rfi\u00fai produktumok nagyj\u00e1t k\u00f6zvetve ti hozt\u00e1tok l\u00e9tre! Mi, a&nbsp;farkunkkal a&nbsp;markunkban, meg csak robotolunk, mik\u00f6zben a&nbsp;ti v\u00e1ltoz\u00e9kony, havonta egyszer kiv\u00e1ltk\u00e9pp viharz\u00f3 \u00e9rzelemsk\u00e1l\u00e1tokhoz igazodva pr\u00f3b\u00e1lunk kett\u0151 helyett ezerarc\u00fa Janusok lenni. Boldogg\u00e1 tenni egy n\u0151t olyan, mint egy meg\u00e9rthetetlen rejtv\u00e9ny v\u00e9lt megold\u00e1saihoz igaz\u00edtani a&nbsp;tetteidet \u00e9s a&nbsp;szavaidat. T\u00fal magas labd\u00e1k vagytok! Kapufuuuck!<br \/>Gondolj bele, milyen neh\u00e9z m\u00e1r f\u00e9rfinak lenni! De komolyan! Mennyi tippet kaptam m\u00e1r a&nbsp;cic\u00e1kt\u00f3l, melyeknek \u00e9pp nem ettem a&nbsp;sz\u00e1jukat, h\u00e1t hallgattam \u0151ket! L\u00e9gy szil\u00e1rd, de flexibilis! L\u00e9gy titokzatos, de hallgatag ne, mert akkor bunk\u00f3 vagy! Ne l\u00e9gy \u00e1polatlan, de ne vidd t\u00falz\u00e1sba, mert akkor t\u00e1n azt a&nbsp;benyom\u00e1st keltheted, hogy a&nbsp;m\u00e1sik partr\u00f3l horg\u00e1szol! Ne l\u00e9gy papucs, de adj meg mindent! L\u00e9gy hevesen magabiztos, de nyugodt al\u00e1zattal!<br \/>\u00dajra csak a&nbsp;n\u0151k betege akarok lenni! Nem akarom, hogy nedves zsebkend\u0151k h\u00f3goly\u00f3i alkossanak gl\u00f3ri\u00e1t a&nbsp;p\u00e1rn\u00e1m k\u00f6r\u00fcl. Akkor tal\u00e1n \u00e1rnyaltabban tudn\u00e1m elmondani, hogy csak a&nbsp;tudatlan n\u0151 a&nbsp;szolga. Az okos n\u0151 sz\u00f6v\u00f6get&#8230; Ha m\u00e1st nem, nyak\u00f6rvet a&nbsp;farkas j\u00f3sz\u00e1gainak.<br \/>B\u00e1r szerinted \u00e9n csak migr\u00e1ns vagyok egy m\u00e1sik bolyg\u00f3r\u00f3l (tal\u00e1n a&nbsp;Marsr\u00f3l, de lehet, hogy egy messzi-messzi Tardis-k\u00e9k plan\u00e9t\u00e1r\u00f3l), m\u00e9gis amint meggy\u00f3gyulok, minden m\u00f3don sz\u00edvesen szolg\u00e1llak.<br \/>Nem cs\u00f3kol, mert fert\u0151z&#8230;<\/p>\n<p style=\"text-align: right;\">Fenyvesi Korn\u00e9l, a&nbsp;Te sz\u00edvhusz\u00e1rod<\/p>\n<p>U. i.: Nem j\u00f6nn\u00e9l el a&nbsp;napokban csin\u00e1lni nekem olyan finom fokhagym\u00e1s levest, amilyet nagyany\u00e1d tudott? L\u00e9gyszi\u2019!<\/p>\n<p style=\"text-align: right;\">[Szerkesztette: <strong>Lombo\u0161 Korn\u00e9lia<\/strong>, \u00f6njel\u00f6lt Juh\u00e1sz]<\/p>\n<div id=\"attachment_388\" style=\"width: 210px\" class=\"wp-caption alignright\"><img loading=\"lazy\" decoding=\"async\" aria-describedby=\"caption-attachment-388\" class=\"wp-image-388 size-medium\" src=\"http:\/\/opus-folyoirat.sk\/wp-content\/uploads\/2018\/08\/Lombo\u0161_Korn\u00e9lia-200x300.jpeg\" alt=\"\" width=\"200\" height=\"300\" srcset=\"https:\/\/opus-folyoirat.sk\/wp-content\/uploads\/2018\/08\/Lombo\u0161_Korn\u00e9lia-200x300.jpeg 200w, https:\/\/opus-folyoirat.sk\/wp-content\/uploads\/2018\/08\/Lombo\u0161_Korn\u00e9lia.jpeg 435w\" sizes=\"auto, (max-width: 200px) 100vw, 200px\" \/><p id=\"caption-attachment-388\" class=\"wp-caption-text\">Lombo\u0161 Korn\u00e9lia<\/p><\/div>\n<p>.<\/p>\n<p>.<\/p>\n<p>.<\/p>\n<p>.<\/p>\n<p>.<\/p>\n<p>.<\/p>\n<p>.<\/p>\n<p>.<\/p>\n<p>.<\/p>\n<p>.<\/p>\n<p><strong>Prof\u00e1n provok\u00e1ci\u00f3, avagy dial\u00f3gus a hal\u00e1lr\u00f3l, mert Sz. Zoli k\u00e9rte, de nagyon<\/strong><\/p>\n<p>Kedves Lilithem!<\/p>\n<p>Eddig olyan pozit\u00edv voltam. Most hadd kezdjem azzal, hogy kicsit \u00fagy vagyok n\u00e9ha, mint Schr\u00f6dinger macsk\u00e1ja&#8230; Egy verny\u00e1kol\u00f3s, antiszoci\u00e1lis haragspir\u00e1l kartondoboz\u00e1ban rekedek, mondv\u00e1n: ha r\u00e1m n\u00e9zel, tal\u00e1n elveszek. Mert, most \u0151szint\u00e9n, mit jelent n\u00e9zni? Hom\u00e1lyosan l\u00e1tni, de ann\u00e1l \u00e9lesebben \u00edt\u00e9lkezni, hisz\u2019 valahol f\u00e9l\u00faton tal\u00e1n ott vagyok, nem?<br \/>Szeret\u00fcnk kombin\u00e1lni a szabad pillanatokban, hogy ki mi\u00e9rt s hogyan, hisz\u2019 \u00f6nmagunkban, \u00f6nn\u00f6n mag\u00e1nyunkban olyan kevesek vagyunk a h\u00e9tk\u00f6znapokban. \u00c9dessavany\u00fa sz\u00f3szt kell permetezni az inform\u00e1ci\u00f3falatk\u00e1kra. \u00c9s \u00e9n, Lilithem, csak hallgatok&#8230; Rem\u00e9lhet\u0151leg m\u00e9lyen.<br \/>A hal\u00e1l egyik v\u00e1ll\u00e1n eml\u00e9km\u0171vek \u00e1llnak meg koszor\u00faz\u00e1sok, \u00e1rval\u00e1nyhajas magyars\u00e1gtudattal beh\u00e1l\u00f3zott megeml\u00e9kez\u00e9sek vil\u00e1glanak. A m\u00e1sikon a r\u00fats\u00e1g ny\u00fajt\u00f3ztatja f\u00e9lig elrothadt l\u00e1bujjait, \u00e9s \u00e9pp az elm\u00fal\u00e1s undorteljes fele ihletett meg annyi embert. De mi\u00e9\u00e9\u00e9\u00e9rt? Mi\u00e9rt j\u00f3 elvadult tetemek k\u00f6z\u00e9 h\u00edvni az elm\u00e9t, ha lehet m\u00e1sr\u00f3l is mes\u00e9t mondani?<br \/>P\u00e9ld\u00e1ul arr\u00f3l, hogy egyszer volt \u00fagy, hogy majdnem nem voltam. Visegr\u00e1d, Dunakanyar. Hajnalban s\u00e9t\u00e1lni kergetett \u0151r\u00fclt b\u00e1natom, \u00e9s meg\u00e1lltam a v\u00edzparton, \u00e9s r\u00e1d\u00f6bbentem, hogy teljesen elegem van, \u00e9s nincs tov\u00e1bb nekem. V\u00e9geztem. Elkezdtem k\u00f6veket szedni hossz\u00fa sz\u00f6vetkab\u00e1tom zsebeibe: egyet az any\u00e1m\u00e9rt, egyet az ap\u00e1m\u00e9rt, egyet az \u0151r\u00fclt nagyany\u00e1m\u00e9rt, megint egyet a szentfaz\u00e9k nagyany\u00e1m\u00e9rt&#8230; b\u00e1natr\u00f6g\u00f6k fognak h\u00fazni a nyugalomba.<br \/>Virginia Woolf mentett meg. Viccen k\u00edv\u00fcl, az a ketty\u00f3s iz\u00e9 \u00e9bresztett r\u00e1 engem arra, milyen sz\u00e1nalmas a tervem, s ek\u00f6zben fel\u00e9bresztette a t\u00fal\u00e9l\u0151 \u00f6szt\u00f6n\u00f6met. Feln\u00e9ztem a Duna t\u00falpartj\u00e1n k\u00f6dbe vesz\u0151 v\u00e1rra, \u00e9s meg\u00e1llap\u00edtottam, hogy a hal\u00e1l unalmas. Ink\u00e1bb szenvedek m\u00e9g kicsit: az l\u00e1tv\u00e1nyosabb. Kacs\u00e1ztam a k\u00f6vekkel m\u00e9g sok\u00e1ig.<br \/>A hal\u00e1lban humor is lakik. El\u0151b\u00fajt akkor is, amikor az \u00e9desany\u00e1m temet\u00e9s\u00e9n \u2013 ezt m\u00e9g nem is mes\u00e9ltem \u2013 a k\u00f6r\u00f6sztany\u00e1m majdnem belel\u00f6k\u00f6tt a ki\u00e1sott t\u00e9glatests\u00edrba, hogy bemutassa, neki kell intenz\u00edvebben a r\u00e9szv\u00e9t. LOL&#8230;<br \/>Gyerekek, most mondom, \u00edr\u00e1sban, aki s\u00edrom vagy urn\u00e1m (ki tudja, addigra mi lesz a m\u00f3di) mellett r\u00e9szv\u00e9tet emleget, azt \u00fcnnep\u00e9lyesen kitiltom a temet\u00e9semr\u0151l!<br \/>A szellememnek anekdotapartit, igen, partit rendezzetek! Besz\u00e9lgessetek b\u00e1natfelesekt\u0151l k\u00f6d\u00f6sen, csacsogjatok arr\u00f3l, hogy ki voltam \u00e9n \u00e9s kinek \u00e9pp mi\u00e9rt&#8230; Mi\u00e9rt voltam \u00e9rdemes, hogy legyek! \u00cdgy \u00e9rek valamit, tal\u00e1n. \u00cdgy \u00e9r valamit, hogy legyek (ura a depresszi\u00f3mnak \u00e9s \u00f6nn\u00f6n s\u00f6t\u00e9temnek).<br \/>L\u00e9leksimogat\u00f3nak lenni&#8230; tal\u00e1n \u00edgy \u00e9rdemes. Szeretetben \u00f6nmagunk h\u00f3h\u00e9rja lenni, \u00e9s egyre csak keresni a helyed&#8230;.<br \/>A temet\u00e9semre, l\u00e9gyszi\u2019, v\u00f6r\u00f6sben, l\u00e1ngsz\u00edn v\u00f6r\u00f6sben gyere, de legal\u00e1bb az a harmatos sz\u00e1d l\u00e1ngoljon nekem, mert hal\u00e1lomban is t\u0171z leszel&#8230; mindig&#8230; nekem.<\/p>\n<p>B\u00e1natos k\u00e1b\u00e1n, hajnali r\u00e9szegs\u00e9gben cs\u00f3kol:<\/p>\n<p>Fenyvesi Korn\u00e9l, a Te sz\u00edvhusz\u00e1rod<\/p>\n<p>[Szerkesztette: <strong>Lombo\u0161 Korn\u00e9lia<\/strong>]<\/p>\n<div id=\"attachment_388\" style=\"width: 210px\" class=\"wp-caption alignright\"><img loading=\"lazy\" decoding=\"async\" aria-describedby=\"caption-attachment-388\" class=\"wp-image-388 size-medium\" src=\"http:\/\/opus-folyoirat.sk\/wp-content\/uploads\/2018\/08\/Lombo\u0161_Korn\u00e9lia-200x300.jpeg\" alt=\"\" width=\"200\" height=\"300\" srcset=\"https:\/\/opus-folyoirat.sk\/wp-content\/uploads\/2018\/08\/Lombo\u0161_Korn\u00e9lia-200x300.jpeg 200w, https:\/\/opus-folyoirat.sk\/wp-content\/uploads\/2018\/08\/Lombo\u0161_Korn\u00e9lia.jpeg 435w\" sizes=\"auto, (max-width: 200px) 100vw, 200px\" \/><p id=\"caption-attachment-388\" class=\"wp-caption-text\">Lombo\u0161 Korn\u00e9lia<\/p><\/div>\n<p>.<\/p>\n<p>.<\/p>\n<p>.<\/p>\n<p>.<\/p>\n<p>.<\/p>\n<p>.<\/p>\n<p>.<\/p>\n<p>.<\/p>\n<p>.<\/p>\n<p><strong>Random Riposzt, avagy k\u00e9rnie se kell, besz\u00e9lj\u00fcnk h\u00e1t a hal\u00e1lr\u00f3l&#8230;<\/strong><\/p>\n<p>Korn\u00e9lom!<\/p>\n<p>Provok\u00e1lsz, ugye, tudod? De \u00fagy t\u00e9nylegesen, nem csak a h\u00fclye c\u00edm miatt. Eszedbe jutott a mauz\u00f3leum? Tudom, te nem v\u00e1gyn\u00e1l magadnak d\u00e9l-szlov\u00e1kiai T\u00e1dzs Mahalt. <em>(Szerk. megj.: \u00e9n el b\u00edrn\u00e1m viselni)<\/em><br \/>Schopenhauer azt mondja, ha a hal\u00e1l nem l\u00e9tezne, nemigen filozof\u00e1ln\u00e1nk. Ezzel azt jelenti ki, hogy nemigen gondolkodn\u00e1nk a saj\u00e1t l\u00e9t\u00fcnk\u00f6n. Ez igaz is, meg nem is. Vannak, akik \u00edgy se teszik. Holott a hal\u00e1l mindenhol ott van. Benne van a sz\u00fclet\u00e9s pillanat\u00e1ban, a haland\u00f3 l\u00e9tben mag\u00e1ban. Ne hagyd magad \u00e9lve eltemetni! Ne f\u00e1jtasd a kicsi lelked, a fel\u00e9t \u00fagyis magunknak keverj\u00fck ki.<br \/>Tudod, \u00e9rdekes konstell\u00e1ci\u00f3 ez, mert \u00e9n nem tudok szomor\u00fa lenni miatta. A halhatatlan d\u00e9moni lelkemnek nem trag\u00e9dia a l\u00e9t v\u00e9ge, ink\u00e1bb jelens\u00e9g. Hidd el dr\u00e1g\u00e1m, ez szomor\u00fabb, mint a v\u00e9gess\u00e9g. <em>(Sz. m: pedig kezdesz igencsak emberi lenni)<\/em><br \/>M\u00e9g ha te is vagy az a nyomorult macska a dobozb\u00f3l, m\u00e9g mindig fele es\u00e9ly a ti\u00e9d az \u00e9letre! Haszn\u00e1ld h\u00e1t ki&#8230;<br \/>Korn\u00e9l, ha fel ker\u00fclsz, nem tudom, mi v\u00e1r, de ha a pokolba, onnan meg tudlak sz\u00f6ktetni. A pokolb\u00f3l van ki\u00fat, a mennyorsz\u00e1gb\u00f3l nincs, az olyan vid\u00e9k, ahol az emberek ott akarnak rekedni, att\u00f3l m\u00e9g a l\u00e9t is szabadabb! Gondolj csak a csapb\u00f3l foly\u00f3 nagy Isten\/csal\u00e1d\/K\u00e1rp\u00e1t-medence szekt\u00e1ra.<br \/>Pedig tudod, mi a v\u00e9lem\u00e9nyem r\u00f3la, ne \u00e1ltasd h\u00e1t magad, az \u00e9let egy nagy szop\u00e1s, a tapasztalatok nagy t\u00f6bbs\u00e9ge r\u00e9miszt\u0151 \u00e9s szar, de akadnak boldog rekl\u00e1msz\u00fcnetek. Ezt jelenti l\u00e1tni, parancsolom, csak ezt l\u00e1sd! Hisz annyi rem\u00e9nyteljes homok\u00f3ra-perced van m\u00e9g, nem \u00fagy, mint nekem. Semmit sem tapasztalok olyan \u00e9lesen, ha kicsit elhagyom magam, nem tudom elj\u00e1tszani mindig, hogy ember vagyok. Keresem\u2026, \u00e9s f\u00fcgg\u00f6k a legnagyobb szenved\u00e9lyekt\u0151l, Bovaryn\u00e9 \u00e9l, \u00e9s sosem tudja megm\u00e9rgezni mag\u00e1t! Tal\u00e1n nem l\u00e1tsz most, de nem vagyok egyed\u00fcl a s\u00f6t\u00e9tben, s\u0151t, mindenf\u00e9le s\u00f6t\u00e9tben ott vagyok \u00e9n is, vagy \u00e9n magam vagyok az, d\u00f6ntsd el ezt te. \u00c9n meghagyom a d\u00f6nt\u00e9s szabads\u00e1g\u00e1t!<\/p>\n<p>Feket\u00e9n, vigasztal\u00f3an \u00e9s v\u00f6r\u00f6sbor \u00edz\u0171en cs\u00f3kol&#8230;<\/p>\n<p>Lilith<\/p>\n<p>[Szerkesztette: <strong>T\u00f3th Vikt\u00f3ria<\/strong>, enyh\u00e9n filozofikus hangulatban]<\/p>\n<div id=\"attachment_387\" style=\"width: 310px\" class=\"wp-caption alignright\"><img loading=\"lazy\" decoding=\"async\" aria-describedby=\"caption-attachment-387\" class=\"wp-image-387 size-medium\" src=\"http:\/\/opus-folyoirat.sk\/wp-content\/uploads\/2018\/08\/T\u00f3th_Lilith_Vikt\u00f3ria-300x225.jpg\" alt=\"\" width=\"300\" height=\"225\" srcset=\"https:\/\/opus-folyoirat.sk\/wp-content\/uploads\/2018\/08\/T\u00f3th_Lilith_Vikt\u00f3ria-300x225.jpg 300w, https:\/\/opus-folyoirat.sk\/wp-content\/uploads\/2018\/08\/T\u00f3th_Lilith_Vikt\u00f3ria.jpg 640w\" sizes=\"auto, (max-width: 300px) 100vw, 300px\" \/><p id=\"caption-attachment-387\" class=\"wp-caption-text\">T\u00f3th Vikt\u00f3ria<\/p><\/div>\n<p>.<\/p>\n<p>.<\/p>\n<p>.<\/p>\n<p>.<\/p>\n<p>.<\/p>\n<p>.<\/p>\n<p>.<\/p>\n<p>.<\/p>\n<p><strong>Prof\u00e1n Provok\u00e1ci\u00f3 (2) \u2013 avagy Most \u00e9n, \u00e9n, \u00e9n,<\/strong><br \/><strong>mert m\u00e1r nem vagyok magam e f\u00f6ld kerek\u00e9n<\/strong><\/p>\n<p>Dr\u00e1ga Lilithem!<\/p>\n<p>Eddig \u00fagy zajlott a&nbsp;dolog, nem tudom, mennyire vetted \u00e9szre, hogy szelelt az agyad, \u00e9n nyeldekeltem fuvallat\u00e1t, azt a&nbsp;bolond, forr\u00f3 keleti szelet, \u00e9s reag\u00e1ltam r\u00e1. K\u00e9rlek, ha m\u00e1r egyenl\u0151s\u00e9g, meg feminizmus, akkor ne legyen az a&nbsp;buta fajta! K\u00e9rlek, ne v\u00e1gj pofon halcsontos melltart\u00f3kkal, \u00e9s hadd legyen jogom nekem is kezdem\u00e9nyezni n\u00e9ha&#8230; oh, te j\u00f3 \u00e9g&#8230;. \u00fagy besz\u00e9lek, mint egy f\u00e9l\u00e9nk f\u00e9rj&#8230; Mondtam m\u00e1r, hogy szeretlek?<br \/>No, megtal\u00e1ltam \u00e9letem t\u00e1rs\u00e1t! Tiszta romantikus, prof\u00e1n m\u00f3don szerelmetes, v\u00e1rosi kis jelenet volt. Tetszett volna neked. Pizz\u00e1t rendeltem magamnak kicsit kapatosan. Cs\u00f6r\u00f6g a&nbsp;telefon az \u201eEz lesz a&nbsp;veszted\u201c dallam\u00e1ra, h\u00edv a&nbsp;fut\u00e1r, hogy itt van a&nbsp;lak\u00e1s el\u0151tt. K\u00e9t doboz a&nbsp;kezemben, \u00e9s hat eur\u00f3val k\u00f6nnyebben \u00e1lltam a&nbsp;k\u00fclt\u00e9ri vil\u00e1g\u00edt\u00e1s adta f\u00e9lhom\u00e1lyban, \u00e9s akkor el\u00e9m toppant \u0151&#8230; Kiss\u00e9 imbolygott, ak\u00e1rcsak \u00e9n, \u00e9s r\u00e1m n\u00e9zett az egyik&nbsp;j\u00e1de sz\u00edn szem\u00e9vel, mert csak egy volt neki akkor. A&nbsp;m\u00e1siknak f\u00e1jt a&nbsp;f\u00e9ny, h\u00e1t z\u00e1rva tartotta. R\u00e1m n\u00e9zett, \u00e9n meg r\u00e1. Azt\u00e1n odaj\u00f6tt hozz\u00e1m \u00e9s hirtelen \u00f6lel\u00e9sben tal\u00e1ltuk magunkat. \u0150 morgott valamit vagy tal\u00e1n dorombolt? Nem tudom&#8230; de a&nbsp;lak\u00e1somban tal\u00e1ltuk magunkat r\u00f6vid \u00faton. A&nbsp;mellkasomon aludt el, \u00e9s \u00e9n, az \u0151smag\u00e1nyos ifj\u00fa-v\u00e9n bolond, megismertem a&nbsp;b\u00e9k\u00e9t mellette.<br \/>Most mosolyogni fogsz: \u00fagy tud n\u00e9zni a&nbsp;f\u00e9lhossz\u00fa hajamra s a&nbsp;rajtam l\u00f3g\u00f3 Game of Thrones-os p\u00f3l\u00f3ra, mint ahogy Pirosk\u00e1ra n\u00e9zhetett a&nbsp;farkas. \u00c1ltala sz\u00fcletett meg bennem a&nbsp;gondolat, hogy az a&nbsp;piros csukly\u00e1s le\u00e1ny tal\u00e1n nem is rab, hanem lelkes \u00f6nk\u00e9ntes volt. \u00c9pp megszabadult egy toxikus b\u00e9kly\u00f3t\u00f3l, egy normat\u00edv nagymam\u00e1t\u00f3l, \u00e9s boldog volt a&nbsp;sz\u0151r\u00f6s karokban.<br \/>Eml\u00e9kszem, megrebegtette kiss\u00e9 \u0151szes bajusz\u00e1t, amikor megl\u00e1tott engem. Stux el\u00e1jult volna szerintem, ha l\u00e1tja. A&nbsp;karjaimba rohant az a&nbsp;szenved\u00e9lyes kis bolond. Jaj, Lilith, olyan sz\u00e9p a&nbsp;farka meg az ujjai, ahogy bel\u00e9m karmolnak! Igen, megtal\u00e1ltam! Megtal\u00e1ltam magamnak \u00e9letem t\u00e1rs\u00e1t.<br \/>Lehet, hogy ez\u00e1ltal \u00e9n lettem a&nbsp;bolond macsk\u00e1s szomsz\u00e9d, de nem \u00e9rdekel. Bajsza van, b\u00e1josan ledomin\u00e1l, de m\u00e1snapra kider\u00fclt, hogy n\u0151st\u00e9ny a&nbsp;szentem! Befogadtam, s&nbsp;\u00edgy lak\u00f3t\u00e1rsam lett egy v\u00e1ndor cica.<br \/>Odaadtam neki a&nbsp;vil\u00e1got: egy f\u00f6ldg\u00f6mb-mint\u00e1s gumilabd\u00e1t aj\u00e1nd\u00e9koztam neki. \u00c9rtetlen\u00fcl n\u00e9zett r\u00e1m, amikor el\u00e9 dobtam. Most m\u00e1r pofozgatja, szeretgeti, kergeti, dorombol. R\u00e1nk eml\u00e9keztet. Nem \u00e9rti a vil\u00e1got, de igyekszik megszeretni.<br \/>Na, erre reag\u00e1lj, \u00darn\u0151m, kedvesem! Bolond vagyok? Az \u00f6lemben most is \u0151 \u00fcl, \u00e9letem foltos, b\u00e1jos t\u00e1rsa.<br \/>\u00dcdv\u00f6zl\u00fcnk T\u00e9ged, mi, a&nbsp;sz\u00edvhusz\u00e1rod, Korn\u00e9l \u00e9s t\u00e1rsa: Artemis (mert ez lett a&nbsp;neve, hisz \u00e9n voltam a&nbsp;pr\u00e9d\u00e1ja, ahogy otthonra vad\u00e1szott a betondzsungelben)<\/p>\n<p>[Szerkesztette: <strong>Lombo\u0161 Korn\u00e9lia<\/strong>, \u00f6njel\u00f6lt Juh\u00e1sz]<\/p>\n<div id=\"attachment_388\" style=\"width: 210px\" class=\"wp-caption alignright\"><img loading=\"lazy\" decoding=\"async\" aria-describedby=\"caption-attachment-388\" class=\"wp-image-388 size-medium\" src=\"http:\/\/opus-folyoirat.sk\/wp-content\/uploads\/2018\/08\/Lombo\u0161_Korn\u00e9lia-200x300.jpeg\" alt=\"\" width=\"200\" height=\"300\" srcset=\"https:\/\/opus-folyoirat.sk\/wp-content\/uploads\/2018\/08\/Lombo\u0161_Korn\u00e9lia-200x300.jpeg 200w, https:\/\/opus-folyoirat.sk\/wp-content\/uploads\/2018\/08\/Lombo\u0161_Korn\u00e9lia.jpeg 435w\" sizes=\"auto, (max-width: 200px) 100vw, 200px\" \/><p id=\"caption-attachment-388\" class=\"wp-caption-text\">Juh\u00e1sz Lombo\u0161 Korn\u00e9lia<\/p><\/div>\n<p>.<\/p>\n<p>.<\/p>\n<p>.<\/p>\n<p>.<\/p>\n<p>.<\/p>\n<p>.<\/p>\n<p>.<\/p>\n<p>.<\/p>\n<p>.<\/p>\n<p><strong>Random Riposzt \u2013 avagy Nem v\u00e9letlen\u00fcl lett mainstream a&nbsp;macska<\/strong><\/p>\n<p>\u00d3, \u00e9n \u00e9des Korn\u00e9lom&#8230;<\/p>\n<p>leveled hajnalban \u00e9rt, \u00e9s megmondom \u0151szint\u00e9n, oly zavart \u00e9s k\u00e1ba voltam m\u00e9g, hogy beletelt egy f\u00e9l \u00f3ra \u00e9s \u00fagy n\u00e9gy deci k\u00e1v\u00e9, mire fel is fogtam a&nbsp;szavak \u00e9rtelm\u00e9t. Teh\u00e1t macska&#8230; ennyire hi\u00e1nyzik, hogy velem \u00e9lj? (kac-kac, kuncog\u00e1s \u2013 mellesleg megtiltottam ennek a&nbsp;kont\u00e1r szerkeszt\u0151n\u0151nek, hogy megjegyz\u00e9seket tegyen a&nbsp;levelembe, de el\u0151fordulhat, hogy nem hallgat r\u00e1m) <em>(sz. m: de nem \u00e1m!)<\/em> Majdnem becsapt\u00e1l \u00e1m, leg\u00e9nyke. \u00c9pp felh\u00e1borodni k\u00e9sz\u00fcltem, hogy holmi spont\u00e1n l\u00e9gyottban lubickolsz, engem pedig kihagysz. Tudod, hogy a&nbsp;deviancia az egyik hobbim. Egy\u00e9bk\u00e9nt ennek az engem costplay-el\u0151 szerkeszt\u0151nek is van k\u00e9t macsk\u00e1ja. \u00dajra csak jelzem, mintha a&nbsp;benn\u00fcnk \u00e9l\u0151 pokolmacska l\u00e9lek nem lenne el\u00e9g. De tudod, ezt besz\u00e9lt\u00fck. Te farkasf\u00e9le, \u00e9n macska. \u00c9rdekes egy l\u00e9nyek, nekem otthon\u00e9rzetem van t\u0151l\u00fck, puh\u00e1k, l\u00e1gyak \u00e9s \u00e9desek, de a&nbsp;szem\u00fckben ott van az a&nbsp;gyilkos akarat, ami b\u00e1rmit sz\u00fclhet. Becs\u00fcl\u00f6m, hogy v\u00e9gtelen\u00fcl \u0151szint\u00e9k, nincs \u00e9rdek\u00fckben hazudni, mert \u0151k nem ismernek f\u00e9lelmet \u00e9s lehetetlent. Egy-k\u00e9t k\u00e1v\u00e9z\u00e1s alkalm\u00e1val el-eln\u00e9zem, ahogy a&nbsp;k\u00e9t d\u00f6g ker\u00fclgeti egym\u00e1st. Lucifer \u00e9s Arisztotel\u00e9sz. Micsoda pimasz n\u00e9mber, igaz? Elnevezte a&nbsp;volt f\u00e9rjemr\u0151l az egyik macsk\u00e1j\u00e1t! <em>(sz. m: hihi)<\/em> Hah, hallatlan, zs\u00f6rt\u00f6l\u0151dtem is miatta, de m\u00e1r megb\u00e9k\u00e9ltem valamelyest. V\u00e9g\u00fcl is van benne egyfajta fekete humor. \u00c9n k\u00e1v\u00e9zgatom, m\u00edg az \u00f6rd\u00f6g k\u00f6r\u00fcl\u00f6ttem j\u00e1tszik. Nagyon sok bolond macsk\u00e1s szomsz\u00e9d van a&nbsp;vil\u00e1gon, ezt te is tudod, sokan macska n\u00e9lk\u00fcl is azok. Vannak emberek, akikben \u00e9l egy B\u00e1sztet, \u00e9s vannak akik im\u00e1dj\u00e1k \u0151t. Nem hiszem, hogy pont emiatt kellene bolondnak \u00e9rezned magad. J\u00f3t kacagtam azon, hogy Artemisnek h\u00edvod a&nbsp;kis besti\u00e1t, hisz m\u00e1s n\u00e9ven Ailusor, ami csak ennyit jelent: macska. Macska, macska, mia\u00fa. Els\u0151re \u00e9rtelmetlen, s p\u00e1r nap ut\u00e1n a gomolyg\u00f3 b\u00e1natos, gonosz csoda. El akarod j\u00e1rni Basztet k\u00f6rmenet\u00e9t Bubasztiszig? Az \u00faton nem v\u00e1r m\u00e1s, csak zene, t\u00e1nc, bor \u00e9s erotika, \u00e9s v\u00e9g\u00fcl minden macska el\u00e9ri, hogy a \u201egazd\u00e1ja\u201d fek\u00fcdj\u00f6n fel a&nbsp;templomi \u00e1ldozati asztalra.<\/p>\n<p>Hi\u00e1nyzol. \u00d6r\u00fcl\u00f6k, hogy t\u00e1rsra tal\u00e1lt\u00e1l, \u00e9s hi\u00fas\u00e1gom m\u00e9lyen legyezi, hogy egy hozz\u00e1m hasonl\u00f3 l\u00e9nyben siker\u00fclt ez. \u00c9s \u00e9n is most, mint az \u00fajdons\u00fclt kis kedvenced, l\u00e1gyan ny\u00fajt\u00f3zom az \u00e1gyamon, meg\u00e1llap\u00edthatom,&nbsp;Te, Korn\u00e9l, d\u00e9monokat fogadt\u00e1l kebledbe, gonosz szem\u0171 \u00e1tkot, cs\u00e1b\u00edt\u00f3, l\u00e1gy s\u00f6t\u00e9ts\u00e9get. \u00c1m, ez sem rosszabb az emberekt\u0151l, tudod mi\u00e9rt? Mert az felv\u00e1llalja \u00d6nn\u00f6n val\u00f3j\u00e1t. \u00c9letet \u00e9s hal\u00e1lt hordoz, s pont \u00fagy j\u00e1tszik vele, mint Artemis a f\u00f6ldg\u00f6mblabd\u00e1val. Nietzsche mondta egyszer, a hal\u00e1l az \u00e9leten k\u00edv\u00fcl van. Szimpatikus fiatalember volt, de ebben nem \u00e9rtek vele egyet. Ezzel a&nbsp;gondolattal z\u00e1rom&nbsp;levelem, \u00fagy gondolom, \u00e9rted az \u00f6sszef\u00fcgg\u00e9st. L\u00e1tod, m\u00e9g a&nbsp;szerkeszt\u0151m hangja is elhalkult.<\/p>\n<p>\u00d6r\u00fcl\u00f6k Nektek,<\/p>\n<p>\u00f6lel\u00e9sem k\u00fcld\u00f6m, Mon ch\u00e9rie.<\/p>\n<p>Cs\u00f3k, Lilithed<\/p>\n<p>[Szerkesztette: <strong>T\u00f3th Vikt\u00f3ria<\/strong>, mia\u00fa]<\/p>\n<div id=\"attachment_387\" style=\"width: 310px\" class=\"wp-caption alignright\"><img loading=\"lazy\" decoding=\"async\" aria-describedby=\"caption-attachment-387\" class=\"wp-image-387 size-medium\" src=\"http:\/\/opus-folyoirat.sk\/wp-content\/uploads\/2018\/08\/T\u00f3th_Lilith_Vikt\u00f3ria-300x225.jpg\" alt=\"\" width=\"300\" height=\"225\" srcset=\"https:\/\/opus-folyoirat.sk\/wp-content\/uploads\/2018\/08\/T\u00f3th_Lilith_Vikt\u00f3ria-300x225.jpg 300w, https:\/\/opus-folyoirat.sk\/wp-content\/uploads\/2018\/08\/T\u00f3th_Lilith_Vikt\u00f3ria.jpg 640w\" sizes=\"auto, (max-width: 300px) 100vw, 300px\" \/><p id=\"caption-attachment-387\" class=\"wp-caption-text\">T\u00f3th Lilith Vikt\u00f3ria<\/p><\/div>\n<p>.<\/p>\n<p>.<\/p>\n<p>.<\/p>\n<p>.<\/p>\n<p>.<\/p>\n<p>.<\/p>\n<p>.<\/p>\n<p>.<\/p>\n<p><strong>Prof\u00e1n Provok\u00e1ci\u00f3 2, a szerelemr\u0151l<\/strong><\/p>\n<p>Az emberi kapcsolat a legcsod\u00e1sabb dolog a vil\u00e1gon. <em>(Amellett baszott nagy k\u00f6zhely \u2013 L.O.L. \u2013 szerkeszt\u0151i megjegyz\u00e9s)<\/em><\/p>\n<p>Pontos\u00edtok, a szerelem \u00e9s a p\u00e1rkapcsolat a legcsod\u00e1sabb dolog a vil\u00e1gon! Igen, \u00edgy. <em>(sz. m.: Lilith, te megg\u00e1gyult\u00e1l?)<\/em> <em>(\u00edr\u00f3i megjegyz\u00e9s: elhittem azt, amit NTA. mondott: \u201eAz ir\u00f3nia, nem humor\u201d \u2013 haha)<\/em><\/p>\n<p>Kedves K!<\/p>\n<p>Dr\u00e1ga KORN\u00c9LOM! El\u00e9g hangosan \u00edrtam, cicafi\u00fa?<\/p>\n<p>Ah, bocs\u00e1sd meg, kicsit kimer\u00fclt vagyok, n\u00e9gy h\u00e9t \u00edr\u00e1s \u00e9s iv\u00e1s ut\u00e1n olyan mocskosul fortyog valami az agyamban, tudod, hisz te \u00e9rted ezt. Az idei turn\u00e9nak v\u00e9ge. <em>(sz. m.: ezt mondtad m\u00e1rciusban is)<\/em> \u00c1lmomban azt l\u00e1ttam, hogy a j\u00f3 ap\u00e1m, az Isten, tudniillik, egy mar\u00e9k f\u00f6ldet gy\u00fart \u00f6ssze, \u00e9s \u00c1d\u00e1mm\u00e1 lett\u00e9l. Sz\u00f6rny\u0171 volt.<\/p>\n<p>Csup\u00e1n az\u00e9rt \u00edrok ilyen szertart\u00e1sosan, hogy megk\u00f6sz\u00f6njem, megbocs\u00e1tottad, hogy megcsaltalak. Igaz, sose mondtuk ki r\u00e9gen, de nekem ezt most fontos, mert sosem sz\u00f3lt\u00e1l, \u00e9s \u00e9n sem ejtettem sz\u00f3t arr\u00f3l, hogy mi\u00e9rt tettem. Eml\u00e9kszel m\u00e9g? \u00c9n igen, mindegyikre. Erre, amir\u0151l sz\u00f3 lesz, most k\u00fcl\u00f6n\u00f6sen \u00e9lesen. M\u00e9g miel\u0151tt elbesz\u00e9lem ezt az esetet <em>(sz. m.: gondoltam, hogy t\u00f6bb volt, ribanc)<\/em>, besz\u00e9lj\u00fcnk ink\u00e1bb arr\u00f3l, milyen mocskosul d\u00fch\u00f6s vagyok r\u00e1d! Egy liba vagyok, tudom. Ut\u00e1lom a szab\u00e1lyaidat, az ide\u00e1idat, meg hogy j\u00e1tszod a laz\u00e1t! Te, te gy\u00f6ny\u00f6r\u0171 test\u0171 g\u00f6rcs\u00f6m, f\u00f6ldb\u0151l form\u00e1lt \u00c1d\u00e1mom, t\u00e9ged m\u00e9g nem rontott meg S\u00e1mael ny\u00e1la. Csak az eny\u00e9m. Gy\u0171l\u00f6llek a naivs\u00e1god\u00e9rt!<\/p>\n<p>L\u00e1tod, ez is csak f\u00e9lig igaz, mert szeretlek \u00e9s gy\u0171l\u00f6llek egyszerre mindaz\u00e9rt, ami vagy. Pont, ahogy te engem! Ne tagadd, tudom, ha tehetn\u00e9d, \u201ekalitk\u00e1ba z\u00e1rn\u00e1l, engem szabad madarat\u201d <em>(sz. m.: elkezdtem \u00e9nekelni)<\/em>. Nem, nem, nem \u00e9s NEM! No, nem, van, amit igen, de van, amit NEM! Tal\u00e1n nem tettem volna meg, nyolc k\u00fcl\u00f6nb\u00f6z\u0151 p\u00f3zban egy este alatt, ha\u2026<\/p>\n<p>Tudod mit, nem sz\u00e1m\u00edt, m\u00e1r akkor megcsaltalak, amikor egyetlen f\u00e9rfihoz se \u00e9rtem m\u00e9g hozz\u00e1, csak gondolatban. Mert te csak a saj\u00e1t mor\u00e1lis b\u00e9kly\u00f3id alatt s\u00ednyl\u0151dt\u00e9l, \u00e9s f\u00e9lt\u00e9l a vil\u00e1gt\u00f3l, m\u00edg \u00e9n sz\u00e1rnyalni v\u00e1gytam. \u00c1h, semmi gond. Hisz itt vagyok neked, melletted vagyok \u00e9s maradok \u00f6r\u00f6kre. Az \u00f6r\u00f6kre az \u00e9n \u00e1tkom. Nem sz\u00e1m\u00edtott az az este sem, sem az azt k\u00f6vet\u0151, sem a megel\u0151z\u0151 <em>(sz. m.: \u00e1lltasd csak magad)<\/em>.<\/p>\n<p>Most b\u00e1ntani foglak, bez\u00e1rom ezekbe a bet\u0171kbe annak az \u00e9jszak\u00e1nak az eml\u00e9k\u00e9t, hogy l\u00e1sd, ha \u00f6nmagam akarok lenni, nem tudlak nem b\u00e1ntani. Lehet, hogy te sem engem. M\u00e9g eszemn\u00e9l vagyok, m\u00e9g lehet, mint N. P.-n\u00e9l a Szerelem, \u00fagy ak\u00e1r a t\u00falsz\u00edvott drogos, napf\u00e9nycombok helyett a tett egyszer\u0171s\u00e9g\u00e9vel k\u00edv\u00e1nom \u00e1tkulcsolni a t\u00e9rdeid, m\u00e1r elm\u00falt f\u00e9l egy, de nem telt el \u00f6t percn\u00e9l t\u00f6bb. \u00c9rted ezt?<\/p>\n<p>A t\u00f6rt\u00e9net maga csak ennyi: megdugott a V\u00e9nusz alatt \u00fclve, \u00e1llva, fekve, t\u00e9rden, n\u00e9gyk\u00e9zl\u00e1b, f\u00e9lig a leveg\u0151ben tartva, azt\u00e1n a lelkem <em>(sz. m.: m\u00e1r ami maradt bel\u0151le)<\/em> megdugta az \u00f6v\u00e9t. Hozz\u00e1m \u00e9rt, \u00e9s m\u00e9gsem szents\u00e9gtelen\u00edtette meg, azt, ami a Ti\u00e9d.<\/p>\n<p>\u00dagy \u00e9rzem, ezt fontos tudnod.<\/p>\n<p>Cs\u00f3k, Mon ch\u00e9rie\u2026<\/p>\n<p>A te Lilithed, vadkeleti, pokolb\u00e9li boszork\u00e1nyod<\/p>\n<p>[Szerkesztette: <strong>T\u00f3th Vikt\u00f3ria<\/strong>, minden n\u0151i meg\u00e9rt\u00e9ssel \u00e9s k\u00f6lt\u0151n\u0151i t\u00falz\u00e1ssal]<\/p>\n<div id=\"attachment_387\" style=\"width: 310px\" class=\"wp-caption alignright\"><img loading=\"lazy\" decoding=\"async\" aria-describedby=\"caption-attachment-387\" class=\"wp-image-387 size-medium\" src=\"http:\/\/opus-folyoirat.sk\/wp-content\/uploads\/2018\/08\/T\u00f3th_Lilith_Vikt\u00f3ria-300x225.jpg\" alt=\"\" width=\"300\" height=\"225\" srcset=\"https:\/\/opus-folyoirat.sk\/wp-content\/uploads\/2018\/08\/T\u00f3th_Lilith_Vikt\u00f3ria-300x225.jpg 300w, https:\/\/opus-folyoirat.sk\/wp-content\/uploads\/2018\/08\/T\u00f3th_Lilith_Vikt\u00f3ria.jpg 640w\" sizes=\"auto, (max-width: 300px) 100vw, 300px\" \/><p id=\"caption-attachment-387\" class=\"wp-caption-text\">T\u00f3th Lilith Vikt\u00f3ria<\/p><\/div>\n<p><strong>&nbsp;.<\/strong><\/p>\n<p><strong>&nbsp;.<\/strong><strong>&nbsp;<\/strong><\/p>\n<p><strong>&nbsp;.<\/strong><\/p>\n<p>.<\/p>\n<p>.<\/p>\n<p>.<\/p>\n<p>.<\/p>\n<p><strong>Random Riposzt (2), avagy Csal\u00e1n vagy te, lelkem ifj\u00fas\u00e1ga? <\/strong><\/p>\n<p>Dr\u00e1ga Lilith! (a birtokos szem\u00e9lyjelet csak az\u00e9rt is kihagyom, mert sosem tekintettem r\u00e1d tulajdonomk\u00e9nt)<\/p>\n<p>Feld\u00fch\u00edtett\u00e9l, angyalom! Ez\u00e9rt, \u00e9n, Farkas, itt \u00e9s most, hic et nunc, nem k\u00f6vetem a&nbsp;szab\u00e1lyaidat: nem, nem megyek bele ebbe a&nbsp;gyal\u00e1zkod\u00f3 hal\u00e1lt\u00e1ncba! Na, nem!<\/p>\n<p>El\u0151sz\u00f6r is mes\u00e9lek Neked egy t\u00f6rt\u00e9netet, egy kis, falusi k\u00f6pk\u00f6d\u0151b\u0151l kiszabadult hist\u00f3ri\u00e1t. K. L\u00f3ri ut\u00e1n szabadon! (Megjegyzem, a&nbsp;<em>Semmi\u00e9rt eg\u00e9szen<\/em> nagyon bej\u00f6tt nekem.) No, mondok egy mes\u00e9t Neked, te \u00e9des kis c\u00e9da! Na, ezt hallgasd, mert f\u00e1jni fog: megtal\u00e1ltam az \u00f6regkori \u00e9nedet&#8230; egy kopott kocsm\u00e1ban, pont akkor, amikor lehetett ingyen (ahogy ott mondt\u00e1k: ingy\u00ed\u00ed\u00ed) enni \u00e9s inni sz\u00fclet\u00e9snapi buli c\u00edm\u00e9n, bej\u00f6tt a&nbsp; v\u00e9nasszonyka. Bottal, mert nem tagadta, hogy megsanyargatta \u0151t sok f*sz s&nbsp;az \u00e9let. \u0150 az, akir\u0151l most mes\u00e9lek. Csapos voltam, j\u00f3zan, \u00edgy tess\u00e9k most halov\u00e1nyan f\u00e1jni! Az asszonyka ivott, \u00edgy tess\u00e9k most vastagon f\u00e1jni kicsit! Amikor elment mellette az \u00f6njel\u00f6lt kocsm\u00e1rosn\u00e9, a \u201eb\u00fcd\u00f6s sz\u00e1j\u00fa Hortenzia\u201d (ezt sutyorogta a n\u00e9ni kapatos-d\u00fch\u00f6den), hangosan ezt ficseregte: \u201ek\u00f6sz\u00f6n\u00f6m sz\u00e9pen, nagyon finom volt a torta\u201d. Elkezdt\u00e9k \u0151t cukkolni, hiszen mi nagyobb m\u00f3ka, mint egy v\u00e9n r\u00e9szeges idegsz\u00e1lait pengetni.<\/p>\n<p>\u2013 N\u00e9ni \u2013 fordult fel\u00e9 az egyik fiatalember \u2013, eemegyek mag\u00e1ho \u00f6nt\u00f6zni h\u00fasv\u00e9tra, de csak akk\u00f3, ha lesz ehharap\u00e1s <em>(szerkeszt\u0151i megjegyz\u00e9s: egyharap\u00e1s, mely olyan miniszendvics, mely \u00fagymond egy harap\u00e1ssal elfogyaszthat\u00f3)<\/em>. A&nbsp;n\u00e9ni csak motyogott valamit m\u00e9rgesen. \u2013 No, lesz? Lesz ehharap\u00e1s? Csak akk\u00f3 megyek! N\u00e9ni! N\u00c9NI! No, lesz ehharap\u00e1s?<\/p>\n<p>\u2013 J\u00f3vamm\u00e1, j\u00f3van&#8230; \u2013 s\u00f3hajtott fel sanyar\u00fa j\u00f6v\u0151k\u00e9ped, majd p\u00f3kerarccal odav\u00e1gta: \u2013 Igen nagy k\u00ednod van, fiam, lesz pina is, ne f\u00e9j\u00e9!<\/p>\n<p>Nevettem, de olyan vegytiszta v\u00e9n k\u00e9ts\u00e9gbees\u00e9ssel sajogtak a&nbsp;szavai. Nekem k\u00e9s\u0151bb elmes\u00e9lte, hogy elkoptatott k\u00e9t f\u00e9rjet, f\u00e1jnak \u0151k m\u00e9g mindig, \u00e9s j\u00f3 neki. Te, Lilith! Tudod, Te jutott\u00e1l eszembe, hogy sz\u00e1z \u00e9s sz\u00e1z b\u00e1rd s\u00edrn\u00e1 n\u0151st\u00e9ny-\u00e1tkaid\u00e9rt \u00e1tkait, ha hagyn\u00e1d, de Neked kell egy Edu\u00e1rd! G\u00f6rcs\u00f6sen kell!<\/p>\n<p>Lehet, hogy Te liba vagy, de \u00e9n egy kib*szott kand\u00far, b*sszameg!!! Elharaphatn\u00e1m a&nbsp;gig\u00e1dat, Teeee! Mert meglehet, s&nbsp;nagy es\u00e9ly van r\u00e1, hogy csapod\u00e1rabb vagyok, mint Te, de legal\u00e1bb k\u00f6vetkezetes! \u201eEjj, paraszt! Melyik \u00fat megyen itt Bud\u00e1ra?\u201d S&nbsp;nem \u00e9rdekeeeel! Nem \u00e9r engem el!<\/p>\n<p>Jaj, te s\u00f6t\u00e9t hull\u00e1mokkal d\u00edsz\u00edtett, le\u00e1ny! \u00dagy tudsz nekem f\u00e1jni, Kedvesem! Sajogsz, hogy nem \u00e9rtett\u00e9l, s&nbsp;\u00e9n oly kev\u00e9ss\u00e9 \u00e9rtettelek T\u00e9ged! Z\u00fag \u00e9s d\u00fch\u00f6ng a&nbsp;tenger, de nem a n\u00e9pek\u00e9, hanem a megal\u00e1zottak\u00e9! Mert re\u00e1m, Fenyvesi Korn\u00e9lra, b\u0171n\u00f6s l\u00e9lekre \u00e9s bukott idealist\u00e1ra olyan v\u00e9tket nem akasztasz, te Pokolb\u00e9li \u00c1lm\u00e1rt\u00edr Szuka, melyben nem v\u00e9tkes: Lehet, hogy \u00e9n&#8230; \u00c9n, Fenyvesi Korn\u00e9l vagyok az egyetlen, de engem NEM csalt\u00e1l meg. Lehet ezer \u00c1d\u00e1m \u00e9s ezer \u2013 mittuggyam \u00e9n&#8230; \u2013 Endre vagy J\u00f3n\u00e1s a rezortodon, De Engem NEEEEEM, mert&#8230;, hogy az entellekt\u00fcelek \u00e9s az \u0151sprof\u00e1nok atyja b*ssza meg: \u00c9n mindig tudtam \u00e9s minden h\u00edmbutas\u00e1gom mellett tudatos\u00edtottam, hogy te egy individuum vagy!!! \u00c9s szeretlek mindhal\u00e1lig! \u201eEz lett a&nbsp;veszted, mind a&nbsp;kett\u0151nk veszte, e csillagos, m\u00e9ly, forr\u00f3 m\u00e1jus este\u201d! Mert volt egyszer, m\u00e9g Jancsika \u00e9s Juliska kora el\u0151tt egy szerda, egy m\u00e1jus este, amikor mi ketten \u00f6sszeakadtunk. Nem lett\u00fcnk p\u00e1r, csak k\u00e9t csavarg\u00f3, akik t\u00e1rsra leltek! Mind\u00f6r\u00f6kre&#8230;. \u00c9s \u00c9n, \u00c9n (most nagybet\u0171vel \u00edrom ezt, pedig sohse szoktam!) azt hittem, a&nbsp;t\u00e1rsad vagyok egy butas\u00e1gt\u00f3l hom\u00e1lyos \u00e9letben, s&nbsp;jogom van tisztelni T\u00e9gedet, mert vagy, aki vagy, \u00e9des Lilithem, l\u00e9lekh\u00f3h\u00e9rom, kedvesem&#8230;<\/p>\n<p>Oktass ki, k\u00e9rlek, hogy most mik\u00e9pp van ez&#8230; F\u00e1jok.<\/p>\n<p>M\u00e9lyen \u00f6lel m\u00e9g mindig:<\/p>\n<p>Fenyvesi Korn\u00e9l, h\u0171 sz\u00edvhusz\u00e1rod<\/p>\n<p>(Szerkesztette: <strong>Lombo\u0161 Korn\u00e9lia<\/strong>, \u00f6njel\u00f6lt Juh\u00e1sz, f\u00e1jnak a f\u00e9lre\u00e9rt\u00e9setek attit\u0171ddel)<\/p>\n<div id=\"attachment_388\" style=\"width: 210px\" class=\"wp-caption alignright\"><img loading=\"lazy\" decoding=\"async\" aria-describedby=\"caption-attachment-388\" class=\"wp-image-388 size-medium\" src=\"http:\/\/opus-folyoirat.sk\/wp-content\/uploads\/2018\/08\/Lombo\u0161_Korn\u00e9lia-200x300.jpeg\" alt=\"\" width=\"200\" height=\"300\" srcset=\"https:\/\/opus-folyoirat.sk\/wp-content\/uploads\/2018\/08\/Lombo\u0161_Korn\u00e9lia-200x300.jpeg 200w, https:\/\/opus-folyoirat.sk\/wp-content\/uploads\/2018\/08\/Lombo\u0161_Korn\u00e9lia.jpeg 435w\" sizes=\"auto, (max-width: 200px) 100vw, 200px\" \/><p id=\"caption-attachment-388\" class=\"wp-caption-text\">Juh\u00e1sz Lombo\u0161 Korn\u00e9lia<\/p><\/div>\n<p>.<\/p>\n<p>.<\/p>\n<p>.<\/p>\n<p>.<\/p>\n<p>.<\/p>\n<p>.<\/p>\n<p>.<\/p>\n<p>.<\/p>\n<p>.<\/p>\n<p>.<\/p>\n<p><em>Gyur\u00e1sz Marianna<\/em><br \/><strong>Az ev\u0151<\/strong><\/p>\n<p>Bettinek h\u00edvnak. Nem felv\u00e1gni szeretn\u00e9k ezzel. Szerintem bemutatkozni a vil\u00e1g legtrivi\u00e1lisabb dolgai k\u00f6z\u00e9 tartozik. De pr\u00f3b\u00e1lja ezt elmagyar\u00e1zni b\u00e1rki ennek a f\u00e9lesz\u0171nek, aki kedden k\u00f6lt\u00f6z\u00f6tt az \u00e1gyam al\u00e1. Nem is arr\u00f3l van sz\u00f3, hogy megtagadja az inform\u00e1ci\u00f3 megoszt\u00e1s\u00e1t, szem\u00e9lyi jogokra vagy s\u00f6t\u00e9t el\u0151\u00e9letre hivatkozva, mert azt elfogadhat\u00f3 v\u00e1lasznak tartan\u00e1m. Nem, azt mondja, nem \u00e9rten\u00e9m.<br \/>T\u00f6bb okb\u00f3l is biztos vagyok benne, hogy kedden jelent meg. Egyr\u00e9szt Lautrec miatt, akinek m\u00e1ni\u00e1kus epiz\u00f3djai teljesen konzisztensek, \u00e9s a hetente ism\u00e9tl\u0151d\u0151 reggelik k\u00f6z\u00fcl a zabk\u00e1s\u00e1ra a leg\u00e9rz\u00e9kenyebb. Kedd. A d\u00e9lut\u00e1ni csoportfoglalkoz\u00e1sra el\u0151ad\u00f3t h\u00edvtak. Kedd. Dr. Stein fel\u00e9re cs\u00f6kkentette a l\u00edtiumadagom, \u00e9s ez is eg\u00e9szen biztosan kedden t\u00f6rt\u00e9nt. Csak abban nem vagyok biztos, melyiken. N\u00e9ha sok kedd sorakozik fel egym\u00e1s ut\u00e1n, amiket neh\u00e9z elv\u00e1lasztani egym\u00e1st\u00f3l. Szi\u00e1mi ikrek.<br \/>Bemutatkozni k\u00e9ptelen, de azt m\u00e9gis azonnal kik\u00f6t\u00f6tte, ak\u00e1rkinek mes\u00e9lhetek r\u00f3la. S\u0151t, egyenesen megk\u00e9rt r\u00e1. Persze, nehezteltem r\u00e1, \u00edgy senkinek sem sz\u00f3ltam egy sz\u00f3t sem. De szerd\u00e1ra hozz\u00e1szoktam a jelenl\u00e9t\u00e9hez, \u00e9s cs\u00fct\u00f6rt\u00f6k\u00f6n m\u00e1r \u00f6r\u00fcltem a t\u00e1rsas\u00e1gnak. De sz\u00f3l\u00edtanom csak kellett valahogy.<br \/>\u2013 Sz\u00f3l\u00edtanom csak kell valahogy! \u2013 fakadtam ki p\u00e9nteken. A fejemben m\u00e1r sok k\u00fcl\u00f6nb\u00f6z\u0151 nevet kipr\u00f3b\u00e1ltam, ahogy m\u00e1sokkal is teszem, m\u00edg valamelyik \u00f6ssze nem kapaszkodik az arcukkal a fejemben, mint k\u00e9t \u00e9p\u00edt\u0151kocka. De r\u00e1 egyik sem illett.<br \/>\u2013 \u00d3, sz\u00f3l\u00edts Timnek, ha nagyon szeretn\u00e9d \u2013 v\u00e1laszolt elgondolkodva. Most nem az \u00e1gyam al\u00f3l kommunik\u00e1lt. Azt hiszem, beg\u00f6rcs\u00f6lt a v\u00e1dlija, mert ideiglenesen a felh\u00fazott l\u00e1bam mell\u00e9 telepedett.<br \/>\u00c9n csak b\u00f3lintottam. Ekkor m\u00e1r nem volt er\u0151m vitatkozni vele, \u00e9s egy\u00e9bk\u00e9nt is, \u00f6r\u00fcltem, hogy van kivel besz\u00e9lgetnem. Mes\u00e9ltem neki a napomr\u00f3l, a p\u00e9nteki palacsinta meg juharszirup csod\u00e1j\u00e1r\u00f3l, \u00e9s \u0151 t\u00fcrelmesen hallgatott. Mikor el\u00e1lmosodtam, udvariasan visszavonult az \u00e1gy al\u00e1. A k\u00f6vetkez\u0151 napokban elkezdtem mes\u00e9lni r\u00f3la, el\u0151sz\u00f6r az asztalt\u00e1rsamnak reggelin\u00e9l, azt\u00e1n csoportos foglalkoz\u00e1son is. Volt, aki kicsit fogh\u00edjas \u00e9s buta le\u00edr\u00e1somb\u00f3l megszerette, s\u0151t, rajongani kezdett \u00e9rte. Egyesek egyenesen felh\u00fazt\u00e1k az orrukat, hogy kisaj\u00e1t\u00edtom, \u00e9s f\u00e9lt\u00e9kenys\u00e9gb\u0151l napokig nem voltak hajland\u00f3k sz\u00f3ba \u00e1llni velem, m\u00edg v\u00e9g\u00fcl is hi\u00e1nyolni nem kezdt\u00e9k Tim ide\u00e1j\u00e1t, ez\u00e9rt lassan visszasunnyogtak mell\u00e9m t\u00edz\u00f3raioszt\u00e1s k\u00f6zben. Voltak, akik len\u00e9z\u0151 k\u00e9ppel csak annyit f\u0171ztek a mes\u00e9imhez, lehetetlen, hogy az \u00e1gyam alatt \u00e9ljen b\u00e1rki is, nyilv\u00e1n csak olcs\u00f3 n\u00e9pszer\u0171s\u00e9gre vad\u00e1szom.<br \/>Az \u00e1pol\u00f3k k\u00f6zt akadt, aki k\u00f6teless\u00e9g\u00e9nek \u00e9rezte, hogy ut\u00e1naj\u00e1rjon a t\u00f6rt\u00e9netnek, illetve hogy Dr. Stein tudom\u00e1s\u00e1ra hozza a dolgot. Persze, Timre nem akadtak r\u00e1, mert, ahogy sejtettem, mindenben k\u00e9t l\u00e9p\u00e9ssel el\u0151tt\u00fck j\u00e1rt. Dr. Stein \u00e9l\u00e9nk k\u00e9pzel\u0151er\u0151mnek tudta be a dolgot, de haloperidolt nem \u00edrt fel \u00fajra. Szerencse, mert \u00edgy is t\u00f6bbsz\u00f6r lettem rosszul a pirulakokt\u00e9lt\u00f3l, mint amennyi k\u00e9nyelmesen elviselhet\u0151. R\u00e9mesen lefogytam az ut\u00f3bbi id\u0151ben.<br \/>Aznap, mikor \u00e1tf\u00e9s\u00fclt\u00e9k a szob\u00e1m, egy sz\u00f3t sem v\u00e1ltottunk, de m\u00e1snap megk\u00e9rdeztem, mi\u00e9rt volt annyira fontos, hogy mes\u00e9ljek r\u00f3la. Egy ideig nem sz\u00f3lt egy sz\u00f3t sem, de azt\u00e1n \u00fagy d\u00f6nthetett, ha m\u00e1r egy\u00fctt fogunk \u00e9lni, megoszthat velem dolgokat, mert besz\u00e9lni kezdett.<br \/>\u2013 Tal\u00e1n elgondolkodt\u00e1l m\u00e1r, mi\u00e9rt \u00e9pp az \u00e1gyad alatt lakom.<br \/>\u2013 El akart\u00e1l b\u00fajni. \u2013 Persze, hogy elgondolkodtam.<br \/>\u2013 El akartam b\u00fajni. Ebben seg\u00edt, ha a lehet\u0151 legt\u00f6bben tudj\u00e1k, hogy itt vagyok.<br \/>Nem \u00e9rtettem.<br \/>\u2013 Akik keresnek, egy szavatokat sem fogj\u00e1k elhinni.<br \/>Egy m\u00e1sik keddi napon j\u00f6ttek, h\u00e1rman voltak, \u00e9s halsz\u00e1lk\u00e1s \u00f6lt\u00f6nyt viseltek. Szinte biztos voltam benne, hogy az igazgat\u00f3 \u00far nem vette \u00e9szre a hal\u00e1nt\u00e9kukra simul\u00f3 sz\u00fcrke par\u00f3ka alatt a sz\u00ednes cs\u00e1pokat. Azt magyar\u00e1zt\u00e1k, egy nemzetk\u00f6zileg k\u00f6r\u00f6z\u00f6tt biztos\u00edt\u00e1si csal\u00f3t keresnek, de tiszt\u00e1n \u00e9rtettem, hogy \u2019nemzetk\u00f6zi\u2019 alatt azt \u00e9rtik, \u2019intergalaktikus\u2019, \u2019biztos\u00edt\u00e1si csal\u00f3\u2019 alatt pedig azt, hogy \u2019\u00ednyenc\u2019, ami kicsit \u00f6sszezavart. A t\u00f6bbiek persze azonnal Timr\u0151l kezdtek mes\u00e9lni, \u00edgy \u00e9n is csatlakoztam. Min\u00e9l t\u00f6bbet besz\u00e9lt\u00fcnk, a cs\u00e1pjaik ann\u00e1l v\u00f6r\u00f6sebb\u00e9 v\u00e1ltak, v\u00e9g\u00fcl meguntak minket, \u00e9s elmentek. Az igazgat\u00f3 \u00far v\u00e1llat vont, \u00e9s visszat\u00e9rt a pingpongasztal\u00e1hoz. Ekkor \u00f6sszeestem, \u00fagy \u00e9reztem magam, mint aki napok \u00f3ta nem evett semmit. Pedig \u00e9pp csak befejeztem a zabk\u00e1s\u00e1mat.<br \/>Mikor vissza\u00e9rtem a szob\u00e1mba, Tim nem volt sehol. S\u00edrtam volna, de nem volt bennem egy csepp er\u0151 sem. Lefek\u00fcdtem aludni.<\/p>\n<div id=\"attachment_256\" style=\"width: 210px\" class=\"wp-caption alignright\"><img loading=\"lazy\" decoding=\"async\" aria-describedby=\"caption-attachment-256\" class=\"wp-image-256 size-medium\" src=\"http:\/\/opus-folyoirat.sk\/wp-content\/uploads\/2018\/07\/Gyur\u00e1sz_Marianna-200x300.jpg\" alt=\"\" width=\"200\" height=\"300\" srcset=\"https:\/\/opus-folyoirat.sk\/wp-content\/uploads\/2018\/07\/Gyur\u00e1sz_Marianna-200x300.jpg 200w, https:\/\/opus-folyoirat.sk\/wp-content\/uploads\/2018\/07\/Gyur\u00e1sz_Marianna-768x1152.jpg 768w, https:\/\/opus-folyoirat.sk\/wp-content\/uploads\/2018\/07\/Gyur\u00e1sz_Marianna-683x1024.jpg 683w, https:\/\/opus-folyoirat.sk\/wp-content\/uploads\/2018\/07\/Gyur\u00e1sz_Marianna.jpg 1365w\" sizes=\"auto, (max-width: 200px) 100vw, 200px\" \/><p id=\"caption-attachment-256\" class=\"wp-caption-text\">Gyur\u00e1sz Marianna molekul\u00e1ris biol\u00f3gus a laborat\u00f3riumban<\/p><\/div>\n<p>.<\/p>\n<p>.<\/p>\n<p>.<\/p>\n<p>.<\/p>\n<p>.<\/p>\n<p>.<\/p>\n<p>.<\/p>\n<p>.<\/p>\n<p>.<\/p>\n<p>.<\/p>\n<p>.<\/p>\n<p><strong>Prof\u00e1n Provok\u00e1ci\u00f3, avagy egy irodalmi p\u00e1ly\u00e1zat marg\u00f3j\u00e1ra<\/strong><\/p>\n<p>Dr\u00e1ga Korn\u00e9lom!<\/p>\n<p>Nem buktunk le, kicsit fel is h\u00e1bor\u00edt.<\/p>\n<p>Mit kicsit!\u2026 E levelemmel m\u00e9ly lilith-i csal\u00f3d\u00e1som \u00e9s fel\u00e9d k\u00fcld\u00f6tt \u00f6sszes n\u0151i \u00e9s irodalmi meg\u00e9rt\u00e9sem fejezem ki. Komolyan, most m\u00e1r t\u00e9nyleg meg\u00e9rtem, mi\u00e9rt borultak az ide\u00e1id. Mondjuk, azt m\u00e9g mindig nem, hogy mi\u00e9rt ragaszkodsz hozz\u00e1juk oly g\u00f6rcs\u00f6sen. \u00c1m az\u00e9rt m\u00e9gis k\u00f6sz\u00f6n\u00f6m, ezt is j\u00f3 m\u00e9lyen, b\u00e1r tudod, \u00e9n nem hajlok egyk\u00f6nnyen, hogy utazhatunk egym\u00e1s vil\u00e1g\u00e1ban.<\/p>\n<p>Valami kezdet\u00e9t vette, amellett a buta, m\u00e9gis \u00e9letment\u0151 k\u00e1v\u00e9 mellett, l\u00e1tod, m\u00e9g csak annak a kicsiny nyitrai k\u00e1v\u00e9z\u00f3nak a neve is el\u0151re j\u00f3solta. Ty a ja, Te \u00e9s \u00c9n. A boszork\u00e1nys\u00e1g ott volt k\u00f6r\u00fcl\u00f6tt\u00fcnk, m\u00e9gsem vett\u00fck \u00e9szre. Kicsit olyan most ez, mintha magyar\u00e1zn\u00e1m a bizony\u00edtv\u00e1nyom. Mintha magyar\u00e1zn\u00e1m \u00f6nmagam, pedig ez m\u00e1r igaz\u00e1n a d\u00e9moni b\u00fcszkes\u00e9g legalja. Engem tudni kell!<\/p>\n<p>Hova s\u00fcllyedtem Korn\u00e9l? Mondd, van m\u00e9g lejjebb? Ez m\u00e9g a pokol?<\/p>\n<p>K\u00e9rlek, sz\u00f3lj r\u00e1m, ha elhagytuk m\u00e1r a falu hat\u00e1r\u00e1t. Reg\u00e9nyeimbe \u00e9s elef\u00e1ntcsont tornyomba menek\u00fcl\u00f6k addig. R\u00e1ngass majd ki, tal\u00e1lj ki nekem \u00faj j\u00e1t\u00e9kot, amit \u00e9lvezhetek! <em>(Szerkeszt\u0151i megjegyz\u00e9s \u2013 kac, kac, tudjuk, hogy te mit \u00e9lvezel!)<\/em> Egy Lilith al\u00e1\u00edr\u00e1s 5 Fenyvesi\u00e9rt, azt\u00e1n ford\u00edtva. Haha. M\u00e1sodsorban, a minap k\u00f6z\u00f6lt\u00e9k velem, \u00edr\u00e1sban (!!!), hogy N\u0151 vagyok. Azt hittem eddig, ez nyilv\u00e1nval\u00f3, mit sz\u00f3lsz te ehhez?<\/p>\n<p>Tudod mit, kezdj\u00fck el. Legyen ez a nyit\u00e1ny egy \u00faj p\u00e1rbesz\u00e9dhez. M\u00e1r nem \u00fcl\u00fcnk ott Nyitr\u00e1n, Te \u00e9s \u00c9n, m\u00e1r nem \u00fcl\u00fcnk a k\u00e1v\u00e9, n\u00e9ha a rum \u00e9s Chivas felett elm\u00e9lkedve. M\u00e1r m\u00e1shol \u00fcl\u00fcnk. Visszaford\u00edthatatlan, \u00fagy gondolom, visszaford\u00edthatatlan. Megm\u00e1rt\u00f3ztam a vil\u00e1godban \u00e9s te is az eny\u00e9mben. Igaz, mindkett\u0151 fekete, csak kicsit m\u00e1s az \u00edze. Az inform\u00e1ci\u00f3kban, a k\u00f6zl\u00e9sben elveszt\u00fcnk valahol, a r\u00e1nk szabott \u00edt\u00e9letekben, a \u2019sokszormeghal\u00e1sban\u2019. \u00cdgy h\u00e1t ny\u00fajtom a kezem, j\u00e1tsszunk, \u00fagyis pokoli ez a hely is, b\u00e1r az sem rosszabb a t\u00f6bbin\u00e9l. Ott is csak uralkodni kell. Uralni a k\u00e1oszt, de az alvil\u00e1gi klikkesed\u00e9s ut\u00e1n, amir\u0151l a m\u00faltkor mes\u00e9ltem, m\u00e1r unalmasnak t\u0171nt. Kezdem l\u00e1tni, itt sincs m\u00e1sk\u00e9nt. Legal\u00e1bb Te itt vagy. Ez megnyugtat valamennyire. &nbsp;\u00dagy n\u00e9z ki, a morzs\u00e1k, amiket hagytunk, kev\u00e9snek bizonyultak. Omnia cum tempore, pr\u00f3b\u00e1lom magam m\u00e9rs\u00e9kelni.<\/p>\n<p>Legyen h\u00e1t e levelem felk\u00e9r\u00e9s a t\u00e1ncra <em>(Szerk. megj. \u2013 a f\u00e9rfiak k\u00e9rik fel a n\u0151ket)<\/em>, m\u00edg ez a csapod\u00e1r, ajt\u00f3st\u00f3l h\u00e1zba ront\u00f3, barokktankokban \u00edr\u00f3 szerkeszt\u0151 el nem bassza a tervem. R\u00f3la m\u00e9g majd k\u00e9s\u0151bb mes\u00e9lek.<\/p>\n<p>Mit sz\u00f3lsz h\u00e1t, sz\u00edvhusz\u00e1rom?<\/p>\n<p>Cs\u00f3kol, a te vadkeleti boszork\u00e1nyod, pokolb\u00e9li d\u00e9monod:<\/p>\n<p style=\"text-align: right;\">Lilith<\/p>\n<p>[Szerkesztette: <strong>T\u00f3th Vikt\u00f3ria<\/strong>, nem jel\u00f6li mag\u00e1t semmire]<\/p>\n<div id=\"attachment_387\" style=\"width: 310px\" class=\"wp-caption alignright\"><img loading=\"lazy\" decoding=\"async\" aria-describedby=\"caption-attachment-387\" class=\"wp-image-387 size-medium\" src=\"http:\/\/opus-folyoirat.sk\/wp-content\/uploads\/2018\/08\/T\u00f3th_Lilith_Vikt\u00f3ria-300x225.jpg\" alt=\"\" width=\"300\" height=\"225\" srcset=\"https:\/\/opus-folyoirat.sk\/wp-content\/uploads\/2018\/08\/T\u00f3th_Lilith_Vikt\u00f3ria-300x225.jpg 300w, https:\/\/opus-folyoirat.sk\/wp-content\/uploads\/2018\/08\/T\u00f3th_Lilith_Vikt\u00f3ria.jpg 640w\" sizes=\"auto, (max-width: 300px) 100vw, 300px\" \/><p id=\"caption-attachment-387\" class=\"wp-caption-text\">T\u00f3th Lilith Vikt\u00f3ria<\/p><\/div>\n<p><strong>.<\/strong><\/p>\n<p><strong>.<\/strong><\/p>\n<p><strong>.<\/strong><\/p>\n<p><strong>.<\/strong><\/p>\n<p><strong>.<\/strong><\/p>\n<p><strong>.<\/strong><\/p>\n<p><strong>.<\/strong><\/p>\n<p><strong>.<\/strong><\/p>\n<p><strong>Random riposzt (1): A borult idealista kering\u0151vel v\u00e1laszol<\/strong><\/p>\n<p>Dr\u00e1ga Lilithem!<\/p>\n<p>El sem tudod k\u00e9pzelni, b\u00e1r nagy a fant\u00e1zi\u00e1d, hogy mennyire \u00f6r\u00fcl\u00f6k, hogy engem v\u00e1lasztott\u00e1l t\u00e1ncpartnered\u00fcl \u00e9s j\u00e1tsz\u00f3t\u00e1rsadul. Nem tudom garant\u00e1lni, hogy nem leszek olykor-olykor fal\u00e1b\u00fa, \u00e9s azt meg v\u00e9gk\u00e9pp nem \u00edg\u00e9rhetem, hogy nem fogok tudattalanul csalni, hiszen az \u00e9n eml\u00e9kezetem is t\u00fal sokat j\u00e1rt m\u00e1r a k\u00fatra. M\u00faltam k\u00f6cs\u00f6ge felett\u00e9bb repedezett \u2013 \u00e9s nem csak a sarka. De annyit megfogadhatok, hogy mindig h\u0171 k\u00e9rdez\u0151d \u00e9s kedvenc elveszetted leszek. \u00d6r\u00fcl\u00f6k, hogy Magadat keresed bennem. \u00cdgy megfelel?<\/p>\n<p>Na, \u00e9n, k\u00e9rlek, elhagytam a falu hat\u00e1r\u00e1t. Meg mag\u00e1t a falut is, a tr\u00e1gya- \u00e9s f\u00fcstszag\u00fa idillnek b\u00facs\u00fat intettem. Kedvenc szerkeszt\u0151m \u00e9s \u00f6njel\u00f6lt mec\u00e9n\u00e1som segedelm\u00e9vel megvetettem a l\u00e1bamat J\u00f3kai sz\u00fcl\u0151v\u00e1ros\u00e1ban. Tudtad, hogy \u0151 is v\u00edz\u00f6nt\u0151 volt?<\/p>\n<p>Azt \u00edrtad nekem, hogy a pokol param\u00e9terei \u00e9rdekelnek, azt\u00e1n meg hirtelen torony&#8230; Buja k\u00e9pzavar vagy nekem mindig, nem hi\u00e1ba, m\u00e9gis elmegyek veled a b\u00e1lba! Te dikt\u00e1lhatod a szab\u00e1lyokat, a ritmust, a temp\u00f3t, te r\u00e1nd\u00edthatsz engem ir\u00e1nyba. Kezd\u0151 leveleddel, kaotikus fel\u00fct\u00e9seddel is ezt tetted. \u0150sz h\u00farja busong lassan m\u00e1r k\u00f6r\u00fcl\u00f6ttem. Nyugi, nem haldoklom, csak j\u00f6n a szeptember \u00e9s ebben a f\u00e1s, fullad\u00f3 ny\u00e1rhal\u00e1lban a pokol, a torony meg a j\u00e1t\u00e9k ahhoz a felismer\u00e9shez vezetett el engem, hogy az \u00e9let egy kib*szott, gonosz libik\u00f3ka.<\/p>\n<p>Szinte l\u00e1tlak, ahogy felszaladnak a szem\u00f6ld\u00f6keid, hisz klis\u00e9b\u0151l annyi van a vil\u00e1gon: egyszer fenn, m\u00e1sszor lenn, mi ebben az \u00faj? N\u00e9ha olyan sz\u00e1rnyal\u00f3an j\u00f3 tud lenni a helyzet, m\u00e1sszor meg mag\u00e1ny savany\u00edtotta d\u00f6ghal\u00e1l \u00e1llapota terjeng, de az\u00e9rt olyan gonosz ez a bizonyos m\u00e9rleghinta, mert azokn\u00e1l, akik falj\u00e1k az \u00e9letet, mint ahogy \u00e9n igyekszem \u00e9s mik\u00e9pp te teszed, nem hagy id\u0151t arra, hogy felk\u00e9sz\u00fclj\u00fcnk az \u00e1tmenetre. Beragyog a nap, felemelkedsz \u00e9s durrrr, le a seggedre&#8230; rosszabb esetben, f\u00e9rfik\u00e9pp kiv\u00e1ltk\u00e9pp kellemetlen\u00fcl, valami m\u00e1sra. Szabads\u00e1g vigyora \u00e9s f\u00e1jdalom vicsora szaggatja az arcodat, \u00e9s \u00f6sszeolvad a m\u00e1mor\u00e9 a f\u00e1jdalom sikoly\u00e1val.<\/p>\n<p>\u00c9s tudod, mi a legijeszt\u0151bb, dr\u00e1ga H\u00f6lgyem? Az, hogy sose tudhatod, ki \u00fcl a hinta m\u00e1sik fel\u00e9n. Hogy okolhatsz-e valakit, vagy a saj\u00e1t l\u00e1baid, a saj\u00e1t akaratod az \u00e1rul\u00f3d.<\/p>\n<p>Tanulom ezt a zuhan\u00f3 \u00e9lett\u00e1ncot, s T\u00e9ged sz\u00edvesen fogadlak ebben t\u00e1rsamul, illetve mell\u00e9d szeg\u0151d\u00f6m, ha megengeded. No, foglalj helyet, tedd sz\u00e9t a l\u00e1bad, ne szem\u00e9rmeskedj! Mosoly van az arcomon, hogy ritmikus, fel-le csapdos\u00f3 piruettjeink tal\u00e1n nem fognak annyira f\u00e1jni, ha tomp\u00edtjuk egym\u00e1s radikalit\u00e1s\u00e1t. Juliska, kijutottunk a s\u0171r\u0171 s\u00f6t\u00e9t erd\u0151b\u0151l, b\u00e1r hogy hol vagyunk, nem tudom. Kider\u00edtj\u00fck ketten! Ty a Ja.<\/p>\n<p>Minden gondolatodat el\u0151re is m\u00e9lyen k\u00f6sz\u00f6ni:<\/p>\n<p>Fenyvesi Korn\u00e9l, a sz\u00edvhusz\u00e1rod<\/p>\n<p>[Szerkesztette: Lombo\u0161 Korn\u00e9lia, \u00f6njel\u00f6lt Juh\u00e1sz]<\/p>\n<div id=\"attachment_388\" style=\"width: 210px\" class=\"wp-caption alignright\"><img loading=\"lazy\" decoding=\"async\" aria-describedby=\"caption-attachment-388\" class=\"wp-image-388 size-medium\" src=\"http:\/\/opus-folyoirat.sk\/wp-content\/uploads\/2018\/08\/Lombo\u0161_Korn\u00e9lia-200x300.jpeg\" alt=\"\" width=\"200\" height=\"300\" srcset=\"https:\/\/opus-folyoirat.sk\/wp-content\/uploads\/2018\/08\/Lombo\u0161_Korn\u00e9lia-200x300.jpeg 200w, https:\/\/opus-folyoirat.sk\/wp-content\/uploads\/2018\/08\/Lombo\u0161_Korn\u00e9lia.jpeg 435w\" sizes=\"auto, (max-width: 200px) 100vw, 200px\" \/><p id=\"caption-attachment-388\" class=\"wp-caption-text\">Juh\u00e1sz Lombo\u0161 Korn\u00e9lia<\/p><\/div>\n<p><em>.<\/em><\/p>\n<p><em>.<\/em><\/p>\n<p><em>.<\/em><\/p>\n<p><em>.<\/em><\/p>\n<p><em>.<\/em><\/p>\n<p><em>.<\/em><\/p>\n<p><em>.<\/em><\/p>\n<p><em>.<\/em><\/p>\n<p><em>.<\/em><\/p>\n<p>.<\/p>\n<p><em>R. Nagy Kriszti\u00e1n<\/em><br \/><strong>Mi\u00e9rt k\u00e9tszer s\u00fclt?<\/strong><\/p>\n<p>\u2013 M\u00e9gis mit kezd\u00fcnk a sok sk\u00f3t karakterrel? \u2013 k\u00e9rdezte Katzenberger Elem\u00e9r, magyar m\u0171ford\u00edt\u00f3.<br \/>\u2013 Azok lehetn\u00e9nek a szlov\u00e1kok. Szlov\u00e1kia a mi Sk\u00f3ci\u00e1nk. Mindenki a hegyekben \u00e9l \u00e9s gusztustalan kaj\u00e1kat eszik \u2013 felelte Nov\u00e1k Farkas, magyar m\u0171ford\u00edt\u00f3.<br \/>\u2013 \u00c9s az akcentus?<br \/>\u2013 Besz\u00e9lhetn\u00e9nek olyan j\u00f3 \u00edzesen. Pal\u00f3cosan. \u00c9s a teh\u00e9ngyomor helyett brindz\u00e1s nokedlit zab\u00e1lnak \u00e1lland\u00f3an.<br \/>\u2013 Nem rossz, nem rossz. Sz\u00f3val, mi is van meg eddig? A T. S. Elliot-vers helyett besz\u00farunk egy Adyt, a walesi herceg valami Habsburg tr\u00f3n\u00f6r\u00f6k\u00f6s lesz, a brit kir\u00e1lyn\u0151 pedig magyar minisztereln\u00f6k-asszony&#8230;<br \/>\u2013 Aki teas\u00fctem\u00e9ny helyett T\u00far\u00f3 Rudit eszik.<br \/>\u2013 Igen, j\u00f3, T\u00far\u00f3 Rudit. A southamptoni band\u00e1t pedig \u00e1t\u00edrjuk, szegediekb\u0151l fog \u00e1llni, j\u00f3 vastag t\u00e1jsz\u00f3l\u00e1ssal.<br \/>\u2013 \u00c9s a h\u00fasos pite helyett hortob\u00e1gyi palacsint\u00e1t esznek.<br \/>\u2013 Azt\u00e1n az \u00f6reg madame terrierjeit lecser\u00e9lj\u00fck vizsl\u00e1kra, bridzs helyett pedig snapszert j\u00e1tszik.<br \/>\u2013 \u00c9s az \u00f6regl\u00e1ny r\u00e9test k\u00e9sz\u00edt majd mindig, szufl\u00e9 helyett.<br \/>\u2013 \u00d6regem, elszakadn\u00e1l m\u00e1r a kaj\u00e1kt\u00f3l? Nem ettem k\u00e9t napja.<br \/>\u2013 \u00c9n sem, ez\u00e9rt kell befejezn\u00fcnk az els\u0151 \u00edv ford\u00edt\u00e1s\u00e1t lapz\u00e1rt\u00e1ig. Nem tudok m\u00e1sra gondolni. \u00c9s meglep\u0151en sok \u00e9tel van ebben a reg\u00e9nyben, hogy \u0151szinte legyek.<br \/>\u2013 \u00c9hez\u0151m\u0171v\u00e9sz volt az \u00edr\u00f3 maga is. Ez\u00e9rt is nek\u00fcnk kell leford\u00edtanunk. Azt hiszed, azok a j\u00f3l fizetett szerkeszt\u0151k a b\u0151rfoteleikben \u00e1t tudn\u00e1k adni, milyen \u00fcres gyomorral \u00edrni?<br \/>\u2013 Ez\u00fcstkan\u00e1llal a sz\u00e1jukban.<br \/>\u2013 Amivel levest esznek, ahogy mondod. Figyelj, majd \u00e9n foglalkozom a kaja utal\u00e1sokkal. Koncentr\u00e1lj ink\u00e1bb m\u00e1sra. Mi lesz p\u00e9ld\u00e1ul Colonel Pennybottommal?<br \/>\u2013 Elszeg\u00e9nyedett lord, katonai p\u00e1ly\u00e1n. Nem t\u00fal okos, de t\u00f6k\u00f6s \u00e9s elhivatott.<br \/>\u2013 A probl\u00e9ma az, hogy az eredetiben k\u00f6rbehaj\u00f3zza \u00cdrorsz\u00e1got. Magyarorsz\u00e1gon mit haj\u00f3z k\u00f6rbe?<br \/>\u2013 A Balatont.<br \/>\u2013 Negyven napig?<br \/>\u2013 A Balatont haj\u00f3zza k\u00f6rbe negyvenszer, negyven napon kereszt\u00fcl. Azt\u00e1n, mikor megnyeri a fogad\u00e1st, a tihanyi szirteken veszi n\u0151\u00fcl Em\u00edli\u00e1t.<br \/>\u2013 \u00c9s a legjobb r\u00e9sz: egy h\u00e9t alatt kifogy a haj\u00f3 a k\u00e9tszers\u00fcltb\u0151l is, \u00fagyhogy a tov\u00e1bbiakat nyugodtan ford\u00edthatod an\u00e9lk\u00fcl, hogy kaj\u00e1kra kelljen gondolnod.<br \/>\u2013 Viszont mire ford\u00edtsam a k\u00e9tszers\u00fcltet? Mi a k\u00e9tszers\u00fclt magyar kultur\u00e1lis megfelel\u0151je?<br \/>\u2013 Nem tudom&#8230; Kolb\u00e1sz?<br \/>\u2013 Kolb\u00e1sz? A k\u00e9tszers\u00fclt egy sz\u00e1raz keny\u00e9r, amit m\u00e9g egyszer megs\u00fctnek.<br \/>\u2013 Nem, nem! A k\u00e9tszers\u00fclt s\u00fclt h\u00fas, amit kisz\u00e1r\u00edtanak.<br \/>\u2013 De akkor mi\u00e9rt k\u00e9tszer s\u00fclt?<br \/>\u2013 Mert \u00fajra s\u00fctik a napon. \u00cdgy sok\u00e1ig el\u00e1ll kalandoz\u00e1s k\u00f6zben.<br \/>\u2013 Szerintem keny\u00e9r. \u00c9s az\u00e9rt s\u00fctik dupl\u00e1n, hogy ne sz\u00e1radjon ki \u00fajra.<br \/>\u2013 Ok\u00e9, mi lenne, ha egyszer\u0171en megtartan\u00e1d k\u00e9tszers\u00fcltnek? Akkor majd az olvas\u00f3 \u00fagy tehet, mintha tudn\u00e1, mir\u0151l van sz\u00f3.<br \/>\u2013 Nem rossz, nem rossz.<br \/>\u2013 Plusz, ha nem tudod, mi az, legal\u00e1bb nem csorgatod a ny\u00e1ladat.<br \/>\u2013 De nem akarom ilyen m\u00f3don kompromitt\u00e1lni a ford\u00edt\u00e1sunk kultur\u00e1lis alapj\u00e1t. Esznek a magyarok k\u00e9tszers\u00fcltet? Lehet, hogy ink\u00e1bb csak sz\u00e1raz kenyeret \u00edrok.<br \/>\u2013 Sz\u00e1raz barna kenyeret. Az valamivel egzotikusabb.<br \/>\u2013 Rendben, azt hiszem, ez \u00edgy megteszi. El k\u00e9ne kezden\u00fcnk \u00edrni.<br \/>\u2013 Nem, v\u00e1rj! M\u00e9g nem tudtunk megegyezni, hogy az elfeledett kelta ereklye hun legyen vagy r\u00f3mai. \u00c9n tov\u00e1bbra is a hunokat t\u00e1mogatom. A r\u00f3mai t\u00fal kommersz.<br \/>\u2013 De gondolj bele, ha valaha leford\u00edtj\u00e1k a ford\u00edt\u00e1sunkat, a hunokat sz\u00e1z sz\u00e1zal\u00e9k, hogy f\u00e9lreford\u00edtan\u00e1k \u0151smagyarra.<br \/>\u2013 Ejnye, igazad van. Legyen r\u00f3mai. Isten \u0151rizz, hogy valami inkompetens ford\u00edt\u00f3 elrontsa az eg\u00e9szet.<\/p>\n<div id=\"attachment_309\" style=\"width: 310px\" class=\"wp-caption alignleft\"><img loading=\"lazy\" decoding=\"async\" aria-describedby=\"caption-attachment-309\" class=\"wp-image-309 size-medium\" src=\"http:\/\/opus-folyoirat.sk\/wp-content\/uploads\/2018\/07\/R_Nagy_Kriszti\u00e1n-300x300.jpg\" alt=\"\" width=\"300\" height=\"300\" srcset=\"https:\/\/opus-folyoirat.sk\/wp-content\/uploads\/2018\/07\/R_Nagy_Kriszti\u00e1n-300x300.jpg 300w, https:\/\/opus-folyoirat.sk\/wp-content\/uploads\/2018\/07\/R_Nagy_Kriszti\u00e1n-150x150.jpg 150w, https:\/\/opus-folyoirat.sk\/wp-content\/uploads\/2018\/07\/R_Nagy_Kriszti\u00e1n-100x100.jpg 100w, https:\/\/opus-folyoirat.sk\/wp-content\/uploads\/2018\/07\/R_Nagy_Kriszti\u00e1n.jpg 450w\" sizes=\"auto, (max-width: 300px) 100vw, 300px\" \/><p id=\"caption-attachment-309\" class=\"wp-caption-text\">R. Nagy Kriszti\u00e1n<\/p><\/div>\n<p><em>.<\/em><\/p>\n<p><em>.<\/em><\/p>\n<p><em>.<\/em><\/p>\n<p><em>.<\/em><\/p>\n<p><em>.<\/em><\/p>\n<p><em>.<\/em><\/p>\n<p><em>.<\/em><\/p>\n<p><em>.<\/em><\/p>\n<p><em>.<\/em><\/p>\n<p><em>.<\/em><\/p>\n<p><em>R. Nagy Kriszti\u00e1n<\/em><\/p>\n<p><strong>Falusi turizmus II.<\/strong><\/p>\n<p>Bleh \u2013 szoktuk mondani annak idej\u00e9n falucsk\u00e1nkban egy nagy korty bor \u00edzes\u00edt\u00e9s\u0171 szeszesitalnak egy elmosatlan k\u00e1v\u00e9scs\u00e9sz\u00e9b\u0151l val\u00f3 legur\u00edt\u00e1s\u00e1t k\u00f6vet\u0151en. Ezek voltak a sz\u00e9p id\u0151k, m\u00e9g a dzsentrifik\u00e1l\u00f3d\u00e1s el\u0151tt. De musz\u00e1j volt fejl\u0151dn\u00fcnk, evolv\u00e1l\u00f3dnunk. A t\u00fal\u00e9l\u00e9s\u00fcnk forgott kock\u00e1n.<br \/>Ma m\u00e1r tiszta borospoharakat haszn\u00e1lunk, \u00e9s olyanokat mondunk, hogy \u201e\u00e9rzitek ezt a halv\u00e1ny citrusz\u00edzt a kortyk\u00f6z\u00e9pen?\u201d, vagy \u201eBitang egy \u00e9vj\u00e1rat, nagyon savasak voltak az augusztusi z\u00e1porok!\u201d<br \/>\u2013 T\u0171z ellen csakis t\u0171zzel v\u00e9dekezhet\u00fcnk \u2013 mondta a falugy\u0171l\u00e9sen Horv\u00e1th Dezs\u0151 Jen\u0151, a t\u0171zolt\u00f3parancsnokunk. \u2013 Ezek ellen a piszkos dzsentrifik\u00e1l\u00f3 buzerny\u00e1kok ellen is csak \u00fagy harcolhatunk, ha szarr\u00e1 dzsentrifik\u00e1l\u00f3dunk, miel\u0151tt j\u00f6v\u0151re visszaj\u00f6nnek!<br \/>Felbuzdult az \u00e1ltal\u00e1nos k\u00f6zhangulat a gy\u0171l\u00e9s ut\u00e1n. Ez kellett nek\u00fcnk. Egy terv! (Illetve egy \u00faj t\u0171zolt\u00f3parancsnok, aki lehet\u0151leg az\u00e9rt v\u00edzzel k\u00fczd a t\u0171z ellen.) Ha ezek a piszok f\u0151v\u00e1rosiak az\u00e9rt j\u00e1rnak ide, hogy \u00e9vente egyszer t\u00e1jsz\u00f3lva goromb\u00e1skodhassanak, hogy elj\u00e1tszhass\u00e1k a bunk\u00f3 parasztot, h\u00e1t mi majd megmutatjuk nekik! Ide nek\u00fcnk a vezet\u00e9ktelen internettel, \u00e9s a szol\u00e1riumszalonokkal. Kiv\u00e1gjuk az \u00f6sszes k\u00e9zm\u0171ves s\u00f6rt \u00e9s h\u00e1zip\u00e1linka-f\u0151zd\u00e9t, \u00e9s import\u00e1lunk helyett\u00fck nagy\u00fczemi l\u0151r\u00e9t, m\u00e1rk\u00e1s s\u00f6r\u00f6ket, tequil\u00e1t \u00e9s sk\u00f3t whiskeyt. Nem lesz itt t\u00f6bb csibepaprik\u00e1s, csak gyros p\u00e1lcik\u00e1n \u00e9s szez\u00e1mmagos gyors k\u00ednai csirke. Lemondunk m\u00e9g a kolb\u00e1szcs\u00fccsk\u00f6kr\u0151l is, falunk legszentebb hagyom\u00e1ny\u00e1r\u00f3l \u2013 a diszn\u00f3feldolgoz\u00f3 c\u00e9h \u00fczemeit \u00e1talak\u00edtjuk t\u00e1rsasj\u00e1t\u00e9kos kocsm\u00e1kk\u00e1, macskak\u00e1v\u00e9z\u00f3kk\u00e1, LEGO m\u00e1rkaboltokk\u00e1, Rejt\u0151 Jen\u0151 tematik\u00e1j\u00fa pr\u00e9mium \u00e9ttermekk\u00e9.<br \/>K\u00f6telez\u0151 jelleg\u0171 nyelvtanfolyamokat ind\u00edtottunk, mely sor\u00e1n a falu legid\u0151sebbjei is megtanult\u00e1k a hunglish nyelvet, amely a magyar \u00e9s az angol k\u00fcls\u0151 szeml\u00e9l\u0151 sz\u00e1m\u00e1ra v\u00e9letlenszer\u0171 kombin\u00e1l\u00e1s\u00e1nak t\u0171nhet, de val\u00f3j\u00e1ban a piszkos v\u00e1rosi millenialok (ez is egy hunglish kifejez\u00e9s, szabad ford\u00edt\u00e1sban azt jelenti: \u201elusta diszn\u00f3 \u00e9rtelmis\u00e9gi fiatal, bezzeg az \u00e9n id\u0151mben\u2026!\u201d) manaps\u00e1g m\u00e1r olyan magas fokozaton \u0171zt\u00e9k, olyan apr\u00f3, kimondatlan n\u00fc\u00e1nszokkal teli szab\u00e1lyrendszert k\u00f6vetve, hogy egyetlen elcs\u00faszott kifejez\u00e9s romba d\u00f6nthetn\u00e9 egy nem nat\u00edv szp\u00edker (hunglish, jelent\u00e9se: \u201eember aki m\u00e9g b\u00edr\u00f3s\u00e1gi vallom\u00e1s sor\u00e1n sem b\u00edr egy nyelvn\u00e9l maradni\u201d) minden hiteless\u00e9g\u00e9t. M\u00e1rpedig nek\u00fcnk biztosra kellett menn\u00fcnk.<br \/>Hamarosan el\u00e9rkezett a ny\u00e1r leges\u0151sebb, legforr\u00f3bb (de meglep\u0151 m\u00f3don ugyanakkor leghidegebb!), legny\u00e1lk\u00e1sabb, legtaknyosabb, legt\u00fcd\u0151emb\u00f3liaokoz\u00f3bb hete \u2013 a K\u00f6p\u0151cs\u00e9sze fesztiv\u00e1l ideje.<br \/>\u2013 Ap\u00e1mb\u00e1ty\u00e1m, mondja csak, merre k\u0151 menni itten a k\u0151p\u0151cs\u00edsze g\u00f6d\u00f6rh\u00f6z? \u2013 k\u00e9rdezte egyike az \u0151shonos fesztiv\u00e1loz\u00f3knak, aki pontosan tudta, hogy csak az elektromos cigarett\u00e1k gerjesztette g\u00f6mbvill\u00e1mok f\u00e9ny\u00e9t kellene k\u00f6vetnie, de hozz\u00e1tartozott a K\u00f6p\u0151cs\u00e9sze \u00e9lm\u00e9nyhez a helyiekkel val\u00f3 parol\u00e1z\u00e1s.<br \/>\u2013 A fesztiv\u00e1lhoz? \u2013 k\u00e9rdezett vissza a boltos B\u00e9la, kifog\u00e1stalan v\u00e1rosiass\u00e1ggal. \u2013 Csak tess\u00e9k k\u00f6vetni a t\u00e1bl\u00e1kat. De, \u00e1j gessz (hunglish, jelent\u00e9se: \u201eazt csin\u00e1lsz, amit akarsz\u201d), csak lek\u00e9rheti a fiatal\u00far trip\u00f6dv\u00e1jsz\u00f6rr\u0151l (hunglish, jelent\u00e9se: \u201eOlyan szuper az okostelefonom, m\u00e9g mindig van rajta hely felesleges appoknak, az internetkapcsolatom pedig sosem szakad meg. \u00c9s te mit tett\u00e9l le az asztalra?\u201d) a fesztiv\u00e1l koordin\u00e1t\u00e1it.<br \/>A fesztiv\u00e1l hangulat\u00e1t szinte azonnal t\u00f6k\u00e9letesen elimin\u00e1ltuk a g\u00f6d\u00f6r k\u00e9nyelmi fejleszt\u00e9seivel. Az \u00e1lland\u00f3 ingyenes wi-fi lefedetts\u00e9g \u00e9s a mobiltelefon-t\u00f6lt\u0151\u00e1llom\u00e1sok t\u00f6mkelege jelent\u0151s m\u00e9rt\u00e9kben cs\u00f6kkentette a fesztiv\u00e1loz\u00f3k egym\u00e1s k\u00f6z\u00f6tti kommunik\u00e1ci\u00f3j\u00e1t. A krist\u00e1lytiszta mosd\u00f3k, a mindig rendelkez\u00e9sre \u00e1ll\u00f3 melegv\u00edz t\u00f6nkrev\u00e1gta a fesztiv\u00e1l l\u00e1togat\u00f3inak g\u00f3-tu (hunglish, jelent\u00e9se: \u201ek\u00ednos csend helyett haszn\u00e1lt\u201d) k\u00f6z\u00f6s t\u00e9m\u00e1j\u00e1t, ennek h\u00e1la az \u00faj ismerets\u00e9gek vagy hossz\u00fa id\u0151 ut\u00e1ni egym\u00e1sra tal\u00e1l\u00e1sok sz\u00e1ma legal\u00e1bb felez\u0151d\u00f6tt.<br \/>A fesztiv\u00e1l trad\u00edci\u00f3it is meg kellett semmis\u00edts\u00fck. A hagyom\u00e1nyos \u00e9jjeli portya, mely sor\u00e1n a fesztiv\u00e1loz\u00f3k kicsiny csapatait szabad\u00edtj\u00e1k r\u00e1 falunkra az \u00e9jszaka k\u00f6zep\u00e9n, egy lehetetlen\u00fcl bonyolult bev\u00e1s\u00e1rl\u00f3list\u00e1val:<br \/>L\u00e9gfrit\u0151z<br \/>Ultim\u00e9t frizbi (Hunglish, sz\u00f3j\u00e1t\u00e9k: a kifejez\u00e9s egy j\u00e1t\u00e9kra utal, amelyet frizbikkel \u0171znek olyan szem\u00e9lyek, akiknek 20+ \u00e9ves koruk ellen\u00e9re fizikai f\u00e1jdalmat okoz hossz\u00fasz\u00e1r\u00fa nadr\u00e1got viselni, jelen helyzetben azonban a vil\u00e1g legfantasztikusabb frizbij\u00e9t hivatottak a porty\u00e1z\u00f3k megszerezni).<br \/>Bicikli duda<br \/>Francia r\u00e1ksal\u00e1ta<br \/>Disney hercegn\u0151s Barbie<br \/>Etc.<br \/>A vigass\u00e1g abb\u00f3l ered, hogy primit\u00edv kis k\u00f6zs\u00e9g\u00fcnkben elm\u00e9letilegnem fellelhet\u0151ek hajnali h\u00e1romkor az adott \u00e1jtemek (hunglish, jelent\u00e9se: \u201eannyira nincs kapcsolatom a k\u00fclvil\u00e1ggal, hogy a &#8216;t\u00e1rgyak&#8217; sz\u00f3t sem b\u00edrom norm\u00e1lisan mondani\u201d), s\u0151t az \u00e9des \u00e1lmukb\u00f3l felvert id\u0151s paraszt n\u00e9nik \u00e9s b\u00e1csik m\u00e9g azt sem fogj\u00e1k tudni, m\u00e9gis micsud\u00e1kr\u00f3l besz\u00ednek, ezek a v\u00e1rosi n\u00edpek.<br \/>\u2013 Van h\u00e1rom \u00e9jjelnappali \u00e1ruh\u00e1z a falu k\u00f6zep\u00e9n, kedveseim \u2013 mondta a r\u00e9szeg porty\u00e1z\u00f3knak B\u00f6zsike, az \u00faj t\u0171zolt\u00f3parancsnok neje, majd seg\u00edtett nekik kig\u00faglizni (Hunglish: \u201ejobban tudja a telefonom\u201d) melyik boltban vannak a k\u00e9rt t\u00e1rgyak rakt\u00e1ron, illetve, r\u00e1n\u00e9zett olcs\u00f3bb-e valami az amazonon, mert azt, ha megmutatj\u00e1k Imre b\u00e1\u2019-nak a boltban, pr\u00e1jsz meccselni (Hunglish: \u201ea r\u00e9gi sz\u00e9p id\u0151kben m\u00e9g nem volt senkinek semmi baja a monop\u00f3liumokkal!\u201d) tudja nekik, \u00e9s olcs\u00f3bban kij\u00f6hetnek.<br \/>A porty\u00e1z\u00f3k f\u00e9l \u00f3r\u00e1n bel\u00fcl hazat\u00e9rtek a lista \u00f6sszes t\u00e1rgy\u00e1val, de mindenfajta maradand\u00f3 \u00e9lm\u00e9ny n\u00e9lk\u00fcl. A fesztiv\u00e1l szervez\u0151i v\u00e9szhelyzeti megbesz\u00e9l\u00e9st tartottak s\u00e1trukban \u2013 l\u00e9v\u00e9n fejenk\u00e9nt egy tucat k\u00e1v\u00e9t ittak, azzal sz\u00e1molva, hogy hajnalig kapj\u00e1k majd a h\u00edreket a porty\u00e1z\u00f3k es\u00e9lytelen k\u00fczdelm\u00e9r\u0151l \u2013, mely sor\u00e1n k\u00f6z\u00f6s megegyez\u00e9ssel arra jutottak, hogy a fesztiv\u00e1l hihetetlen siker\u00e9nek h\u00e1la, felvir\u00e1gzott a szomsz\u00e9dos kis falu, a helyiek pedig bizony\u00e1ra nagyon h\u00e1l\u00e1sak. \u00daj messi\u00e1si szerepk\u00f6r\u00fcket pedig tiszteletben kell tartaniuk, \u00e9s b\u00e1rmennyire f\u00e1j\u00f3 is, mor\u00e1lis k\u00f6teless\u00e9g\u00fck j\u00f6v\u0151re egy m\u00e1sik bunk\u00f3, elmaradott, primit\u00edv, k\u0151korszaki helyis\u00e9gben megszervezni a K\u00f6p\u0151cs\u00e9sze fesztiv\u00e1lt.<\/p>\n<p>\u0150sz volt, kora \u0151sz. M\u00e9g a hajnal sem hasadt, amikor \u00e9desap\u00e1m felk\u00f6lt\u00f6tt.<br \/>\u2013 No gy\u00f6jj\u00e9, kis\u00f6reg.<br \/>T\u00fal \u00e1lmos voltam, hogy feleljek. \u00c9dasap\u00e1m kir\u00e1ngatott az \u00e1gyb\u00f3l, ki az udvarra, ahol l\u00e1ttam, hogy a szomsz\u00e9dok is mind kidugt\u00e1k a fej\u00fcket. Lent a v\u00f6lgyben, a h\u00edrhedt, elhagyatott K\u00f6p\u0151cs\u00e9sze g\u00f6d\u00f6r sz\u00e9l\u00e9n mozgol\u00f3d\u00e1s l\u00e1tszott.<br \/>\u2013 Mi t\u00f6rt\u00e9nik, idesap\u00e1m? \u2013 k\u00e9rdeztem, de az \u00f6reg csendre intett.<br \/>Meghallottuk a kr\u00e1kog\u00f3 k\u00f6h\u00e9csel\u00e9st, a taknyos horkant\u00e1sokat. \u00c9s akkor r\u00e1d\u00f6bbentem. Oly sok \u00e9v ut\u00e1n visszat\u00e9rtek a kubikosok.<br \/>\u2013 \u00dajra k\u00f6pnek \u2013 mondta \u00e9desap\u00e1m, \u00e9s \u00e9letemben akkor l\u00e1ttam el\u0151sz\u00f6r s\u00edrni.<\/p>\n<div id=\"attachment_309\" style=\"width: 310px\" class=\"wp-caption alignleft\"><img loading=\"lazy\" decoding=\"async\" aria-describedby=\"caption-attachment-309\" class=\"wp-image-309 size-medium\" src=\"http:\/\/opus-folyoirat.sk\/wp-content\/uploads\/2018\/07\/R_Nagy_Kriszti\u00e1n-300x300.jpg\" alt=\"\" width=\"300\" height=\"300\" srcset=\"https:\/\/opus-folyoirat.sk\/wp-content\/uploads\/2018\/07\/R_Nagy_Kriszti\u00e1n-300x300.jpg 300w, https:\/\/opus-folyoirat.sk\/wp-content\/uploads\/2018\/07\/R_Nagy_Kriszti\u00e1n-150x150.jpg 150w, https:\/\/opus-folyoirat.sk\/wp-content\/uploads\/2018\/07\/R_Nagy_Kriszti\u00e1n-100x100.jpg 100w, https:\/\/opus-folyoirat.sk\/wp-content\/uploads\/2018\/07\/R_Nagy_Kriszti\u00e1n.jpg 450w\" sizes=\"auto, (max-width: 300px) 100vw, 300px\" \/><p id=\"caption-attachment-309\" class=\"wp-caption-text\">R. Nagy Kriszti\u00e1n<\/p><\/div>\n<p><em>.<\/em><\/p>\n<p><em>.<\/em><\/p>\n<p><em>.<\/em><\/p>\n<p><em>.<\/em><\/p>\n<p><em>.<\/em><\/p>\n<p><em>.<\/em><\/p>\n<p><em>.<\/em><\/p>\n<p><em>.<\/em><\/p>\n<p><em>.<\/em><\/p>\n<p><em>.<\/em><\/p>\n<p><em>Gyur\u00e1sz Marianna<\/em><br \/><strong>A figyel\u0151<\/strong><\/p>\n<p>\u2013 Hagyj\u00e1l, k\u00e9rlek \u2013 mondom a telefonnak, de a zene nem hallgat el. Azt \u00e9nekli, \u201eSeg\u00edts\u00e9g, k\u0151 vagyok\u201d: ami egyszer csod\u00e1s \u00f6tletnek t\u0171nt, att\u00f3l most libab\u0151r\u00f6zik a karom.<br \/>\u2013 Annika, ha nem veszed fel a telefont, mi \u00e9rtelmed van itt az irod\u00e1ban, vagy \u00fagy \u00e1ltal\u00e1ban, egy\u00e1ltal\u00e1n? \u2013 k\u00e9rdi M\u00f6bi, a dobozszomsz\u00e9dom. Nem rajong Zapp\u00e1\u00e9rt, \u00e9rtem, a p\u00e1ciensek\u00e9rt, a gy\u00f3gyszerek\u00e9rt, a gyerekei\u00e9rt vagy a macsk\u00e1i\u00e9rt. A betegs\u00e9geket, a mell\u00e9khat\u00e1sokat \u00e9s a katasztr\u00f3fafilmeket szereti.<br \/>\u2013 Shhhhh \u2013 v\u00e1laszolom, \u00e9s r\u00e1b\u00f6k\u00f6k a z\u00f6ld gombra a kijelz\u0151n.<br \/>\u2013 Finn \u00e9s T\u00e1rsa \u00c9lettudom\u00e1nyok, a vonalban Annika Heller, miben seg\u00edthetek? \u00d3. \u00c9rtem. Nem, ez val\u00f3ban nem szokv\u00e1nyos reakci\u00f3. Egy pillanat t\u00fcrelmet k\u00e9rek. \u2013 Megkeresem a sz\u00f3ban forg\u00f3 sz\u00edvgy\u00f3gyszer f\u00e1jlj\u00e1t, megnyitom \u00e9s jegyzetelni kezdek. \u2013 Mikor jelentkeztek a mell\u00e9khat\u00e1sok a kedves pap\u00e1n\u00e1l? Tegnap este.<br \/>\u201eA spektrum minden sz\u00edn\u00e9ben j\u00e1tszik\u201d, \u00edrom \u201eer\u0151s f\u00e9nyn\u00e9l n\u00e9ha nem l\u00e1tj\u00e1k, reggelin\u00e9l teljesen elt\u0171nt, mert keletre n\u00e9z a konyha\u201d.<br \/>\u2013 Mikor besz\u00e9l, a szavak m\u00f6g\u00f6tt \u00e1lland\u00f3an ezt a magas, furcsa b\u00fag\u00e1st hallom. El\u0151sz\u00f6r azt hittem, a h\u0171t\u0151szekr\u00e9ny, de nem f\u00e9rt a fejembe, hogy csak a papi monol\u00f3gjai alatt z\u00fcmm\u00f6g ilyen hangosan.<br \/>\u2013 Monol\u00f3gokban kommunik\u00e1l? \u2013 k\u00e9rdezem, mik\u00f6zben azt p\u00f6ty\u00f6g\u00f6m, \u201e\u00e1that\u00f3 b\u00fag\u00e1s\u201d.<br \/>\u2013 Ez r\u00e9gi dolog, nem a gy\u00f3gyszer miatt van. Politikai besz\u00e9d\u00edr\u00f3 volt fiatal kor\u00e1ban. N\u00e9ha essz\u00e9ket \u00edr, \u00e9s elk\u00fcldi \u0151ket lapoknak, de sz\u00f3ra se m\u00e9ltatja senki. Nem mintha ez meg\u00e1ll\u00edtan\u00e1 \u2013 hallom, ahogy a n\u0151 a szemeit forgatja.<br \/>\u2013 H\u00e1t, \u00e9n itt csak \u00fajonnan megjelent, szokatlan, \u00e9letmin\u0151s\u00e9get fenyeget\u0151 t\u00fcneteket szeretn\u00e9k feljegyezni \u2013 pr\u00f3b\u00e1lok visszat\u00e9rni a t\u00e1rgyhoz. Abb\u00f3l nincs t\u00f6bb. Elk\u00fcld\u00f6m a b\u00e1csit a kardiol\u00f3gus\u00e1hoz, aki fel\u00edrt neki minket, azt\u00e1n szak\u00edtjuk is a vonalat.<br \/>Ezen a napon h\u00e1rman keresnek m\u00e9g. Papi ut\u00e1n egy k\u00f6z\u00e9pkor\u00fa n\u0151 \u00edrja le t\u00fcneteit, saj\u00e1t szavaival, halv\u00e1nyk\u00e9k slejmet k\u00f6h\u00f6g fel, \u00e9s hirtelen t\u00f6k\u00e9letesen \u00e9rt a jazzhez. Soha nem volt k\u00fcl\u00f6n\u00f6sebben tehets\u00e9ges, de most t\u00f6bb\u00f3r\u00e1nyi darabokat improviz\u00e1l. (Persze, semmit nem jegyez le. Azt sem tudn\u00e1, hogy k\u00e9ne.)<br \/>A k\u00f6vetkez\u0151 h\u00edv\u00f3 egy p\u00e1ciens\u00fcnk feles\u00e9ge, ijedt, apr\u00f3 hang\u00fa, furcsa kiejt\u00e9s\u0171 n\u0151. Azt mes\u00e9li, a f\u00e9rje az Egyes\u00fclt \u00c1llamok hites eln\u00f6k\u00e9nek k\u00e9pzeli mag\u00e1t, t\u00f6rv\u00e9nyeket alkot \u00e9s d\u00fch\u00f6sen kiab\u00e1l a f\u00fcrd\u0151szobat\u00fck\u00f6rrel. \u0150t video h\u00edv\u00e1ssal kapcsolja a feles\u00e9ge. \u00d6tvenes, sz\u0151ke, v\u00f6r\u00f6s szem\u0171 f\u00e9rfi. Egy pillanatra szinte fenyegetve \u00e9rzem magam, ahogy velem d\u00fch\u00f6ng, t\u00f6bb sz\u00e1z kilom\u00e9terre fizikai test\u00e9t\u0151l. K\u00e9ptelen \u00f6sszef\u00fcgg\u0151 mondatokat alkotni. Orra az \u00e9g fel\u00e9 mutat \u00e9s r\u00f3zsasz\u00edn. A feles\u00e9ge szerint m\u00e1r a f\u00e9l v\u00e1rost maga mell\u00e9 \u00e1ll\u00edtotta sz\u00f3zataival.<br \/>A harmadik telefon\u00e1l\u00f3 egy fiatal l\u00e1ny. Egyes t\u00edpus\u00fa cukorbeteg, nyolc \u00e9s f\u00e9l \u00e9ves kor\u00e1ban diagnosztiz\u00e1lt\u00e1k. Az\u00f3ta kem\u00e9nyen k\u00fczd a v\u00e9rcukorszintje stabiliz\u00e1l\u00e1s\u00e1\u00e9rt, hozz\u00e1\u00e9rt\u0151n mes\u00e9l err\u0151l. A diabetol\u00f3gusa aj\u00e1nlott minket neki, p\u00e1r h\u00f3nappal ezel\u0151tt. Az egyik legn\u00e9pszer\u0171bb tablett\u00e1nkat \u00edrt\u00e1k fel neki. De p\u00e1r napja (Mi\u00e9rt csak most h\u00edv, k\u00e9rdem. Eddig azt hitte, m\u00fal\u00f3 \u00e1llapot. Vagy elvesztette az esz\u00e9t. Vagy m\u00fal\u00f3 \u00e1llapot, hogy elvesztette az esz\u00e9t.) azt vette \u00e9szre, hogy a b\u0151re s\u00f6t\u00e9tr\u00f3zsasz\u00ednn\u00e9 v\u00e1lt, \u00e9des \u00e9s ny\u00fal\u00f3s. A haja ijeszt\u0151 m\u00e9rt\u00e9kben hullik. A szem\u00e9lyis\u00e9ge is mintha v\u00e1ltozna, alig \u00e9szrevehet\u0151 m\u00f3don, hirtelen borzalmasan fontosnak t\u0171nik sz\u00e1m\u00e1ra a t\u00e1rsadalmi felel\u0151ss\u00e9gv\u00e1llal\u00e1s. Szabadidej\u00e9ben moraliz\u00e1l, \u00e9s egyed\u00fcl a cukorka \u00edz\u0171 arckr\u00e9met k\u00e9pes toler\u00e1lni a b\u0151re. K\u00e9sz katasztr\u00f3fa. Rendben. Minden feljegyezve, megjegyezve, mindennel kezd\u00fcnk valamit.<br \/>M\u00f6bi, a dobozszomsz\u00e9dom minden telefonbesz\u00e9lget\u00e9se ut\u00e1n j\u00f3\u00edz\u0171t nevet. K\u00e9s\u0151bb felmeleg\u00edti a vacsor\u00e1j\u00e1t a k\u00f6z\u00f6s mikrohull\u00e1m\u00fa s\u00fct\u0151ben. Ezut\u00e1n a folyos\u00f3n, t\u00f6r\u00f6k\u00fcl\u00e9sben, a m\u0171anyagdobozb\u00f3l kanalazza a feltehet\u0151en gusztustalan \u00e9telt. Sosem l\u00e1tom, mit vacsor\u00e1zik, de minden alkalommal v\u00e9kony, barna ny\u00e1lkar\u00e9teg \u00fcl a torkomra, mikor enni l\u00e1tom.<br \/>\u00c9n otthon vacsor\u00e1zom majd, k\u00e9s\u0151 este. Csirkecombra sz\u00f3rom az antidepressz\u00e1ns kapszul\u00e1im tartalm\u00e1t, kedves halv\u00e1nys\u00e1rga sz\u00ednt adnak a h\u00fasnak. \u00c9s citrom \u00edzt. Alig p\u00e1r hete \u00edrattam fel, felt\u00e9tlen sz\u00fcks\u00e9gem volt r\u00e1. Akkoriban v\u00e1ltam hossz\u00fa, sz\u00ednes, egyszarv\u00fa k\u00ednai s\u00e1rk\u00e1nny\u00e1. Jap\u00e1n nyelvtud\u00e1som \u00e9s emp\u00e1ti\u00e1m is jelent\u0151sen javult, csupa el\u0151ny\u00f6s tulajdons\u00e1g ebben a munkak\u00f6rben. Lovagolni is tudtok rajtam. \u00c1t\u00f6lelhettek, mikor s\u00edrtok. \u00c9s telefon\u00e1ljatok. Csak tudass\u00e1tok, ha valami nincsen rendben. Meghallgatom.<\/p>\n<div id=\"attachment_256\" style=\"width: 210px\" class=\"wp-caption alignright\"><img loading=\"lazy\" decoding=\"async\" aria-describedby=\"caption-attachment-256\" class=\"wp-image-256 size-medium\" src=\"http:\/\/opus-folyoirat.sk\/wp-content\/uploads\/2018\/07\/Gyur\u00e1sz_Marianna-200x300.jpg\" alt=\"\" width=\"200\" height=\"300\" srcset=\"https:\/\/opus-folyoirat.sk\/wp-content\/uploads\/2018\/07\/Gyur\u00e1sz_Marianna-200x300.jpg 200w, https:\/\/opus-folyoirat.sk\/wp-content\/uploads\/2018\/07\/Gyur\u00e1sz_Marianna-768x1152.jpg 768w, https:\/\/opus-folyoirat.sk\/wp-content\/uploads\/2018\/07\/Gyur\u00e1sz_Marianna-683x1024.jpg 683w, https:\/\/opus-folyoirat.sk\/wp-content\/uploads\/2018\/07\/Gyur\u00e1sz_Marianna.jpg 1365w\" sizes=\"auto, (max-width: 200px) 100vw, 200px\" \/><p id=\"caption-attachment-256\" class=\"wp-caption-text\">Gyur\u00e1sz Marianna molekul\u00e1ris biol\u00f3gus a laborat\u00f3riumban<\/p><\/div>\n<p><em>.<\/em><\/p>\n<p><em>.<\/em><\/p>\n<p><em>.<\/em><\/p>\n<p><em>.<\/em><\/p>\n<p><em>.<\/em><\/p>\n<p><em>.<\/em><\/p>\n<p><em>.<\/em><\/p>\n<p><em>.<\/em><\/p>\n<p><em>.<\/em><\/p>\n<p><em>.<\/em><\/p>\n<p><em>R. Nagy Kriszti\u00e1n<\/em><br \/><strong>Falusi turizmus I.<\/strong><\/p>\n<p>A falunkt\u00f3l h\u00e9t kilom\u00e9terre fekv\u0151 g\u00f6d\u00f6rben rendezik meg a K\u00f6p\u0151cs\u00e9sze fesztiv\u00e1lt, minden \u00e9vben, a ny\u00e1r leges\u0151sebb, legny\u00e1lk\u00e1sabb, legforr\u00f3bb \u00e9s egyben legkellemetlenebb het\u00e9n.<br \/>A Fesztiv\u00e1l hossz\u00fa, dics\u0151 m\u00faltra tekint vissza: els\u0151 \u00e9v\u00e9ben mind\u00f6ssze \u00f6t egyetemist\u00e1b\u00f3l \u00e1llt, akik elt\u00e9vedtek t\u00far\u00e1z\u00e1s k\u00f6zben az es\u0151ben, l\u00e9v\u00e9n a k\u00f6rny\u00e9ken nincs semmi \u00e9rdekes, ami alapj\u00e1n az ember meg\u00e1llap\u00edthatn\u00e1, merre j\u00e1r. A fiatalok egy apr\u00f3cska g\u00f6d\u00f6rben h\u00fazt\u00e1k meg magukat, ott osztoztak h\u00e1rom sz\u00e1raz gyuf\u00e1n \u00e9s egy f\u00e9l kolb\u00e1szon egy lapulev\u00e9l alatt. Egy h\u00e9t sanyarg\u00e1sba telt, mire r\u00e1j\u00f6ttek, hogy a civiliz\u00e1ci\u00f3, azaz a mi b\u00fcszke kis falucsk\u00e1nk, mindv\u00e9gig csup\u00e1n egy k\u00f6p\u00e9sre volt t\u0151l\u00fck \u2013 l\u00e9v\u00e9n az akkoriban arra j\u00e1r\u00f3 kubikusok rendszeresen a g\u00f6d\u00f6rbe k\u00f6pt\u00e9k a bag\u00f3t egy-egy hossz\u00fa f\u00e1radts\u00e1gos nap kubikoz\u00e1s ut\u00e1n.<br \/>A fiatalok felismert\u00e9k a g\u00f6d\u00f6rben rejl\u0151 lehet\u0151s\u00e9geket, \u00e9s azonnal megv\u00e1s\u00e1rolt\u00e1k azt addigi tulajdonos\u00e1t\u00f3l, Sz\u0151r\u0151si-Kiss Man\u00f3t\u00f3l, a marad\u00e9k kolb\u00e1sz\u00e9rt.<br \/>A kolb\u00e1szcs\u00fccs\u00f6k m\u00e9g aznap elfogyott. A g\u00f6d\u00f6r viszont n\u0151tt\u00f6n n\u0151tt \u2013 \u00e9vr\u0151l-\u00e9vre egyre t\u00f6bb lap\u00e1tot koptattak el az oda\u00e9rkez\u0151 fiatalok, egyre t\u00f6bb s\u00e1tor ver\u0151d\u00f6tt fel, egyre t\u00f6bb kolb\u00e1szcs\u00fccs\u00f6k fogyott. A falusi turizmus felkapott kifejez\u00e9s lett. Az emberek elkezdtek olyanokat mondani, hogy:<br \/>\u2013 Tudvalev\u0151, hogy a falusi turizmus fellend\u00fcl\u00e9se elker\u00fclhetetlen egy nosztalgiaciklusokat \u00e9l\u0151 t\u00e1rsadalomban, amely, term\u00e9szetszer\u0171leg, fellend\u00edti a helyi mikro\u00f6kon\u00f3mi\u00e1kat, mik\u00f6zben kiel\u00e9g\u00edti az ezredfordul\u00f3 gener\u00e1ci\u00f3j\u00e1nak ig\u00e9nyeit is.<br \/>Tal\u00e1n m\u00e9gsem ilyen sz\u00e9pen, legal\u00e1bbis eleinte. A korai \u00e9vekben ink\u00e1bb valahogy \u00edgy fejezt\u00e9k ki a dolgot:<br \/>\u2013 H\u00e1\u2019 az j\u00f3 ha j\u00f6nnek, mer\u2019 sz\u00edp vid\u00e9k e\u2019 itt, oszt nekik is j\u00f3 meg nek\u00fcnk is, he?<br \/>Izgatottan k\u00e9sz\u00fclt teh\u00e1t a falu minden \u00e9vben a ny\u00e1r legkellemetlenebb het\u00e9re, amikor is meg\u00e9rkeznek a v\u00e1rosi fiatalok, az \u00f6sszes nagy, neves egyetemr\u0151l, \u00e9s elk\u00f6ltik n\u00e1lunk sosemvolt vagyonukat.<br \/>\u2013 J\u00f3 fi\u00fak ezek \u2013 mondogatja egy \u00f6reg b\u00e1csi minden utcasarkon szexist\u00e1n. \u2013 Nincs nekik sok, de megb\u00f6cs\u00fclik.<br \/>Minden j\u00f3 volt.<br \/>Egyre t\u00f6bben j\u00f6ttek, \u00e9s egyre nagyobb lett a g\u00f6d\u00f6r. A kubikusok kiszorultak, de h\u00e1t \u00edgy megy ez, a ny\u00e1las bag\u00f3foltokat felv\u00e1ltotta napi tizenkilencezer cigarettacsikk. Annyian j\u00f6ttek, hogy alig b\u00edrtunk az \u00e9v sor\u00e1n el\u00e9g tradicion\u00e1lis kolb\u00e1szcs\u00fccsk\u00f6t felhalmozni. A diszn\u00f3feldolgoz\u00f3 c\u00e9h \u00faj v\u00e1g\u00f3hidakat nyitott, de a malac\u00e1raml\u00e1s t\u00fal lass\u00fanak bizonyult. A k\u00e9zm\u0171ves s\u00f6rf\u0151zd\u00e9k sz\u00e1ma \u00e9vr\u0151l \u00e9vre meghatv\u00e1nyoz\u00f3dott, m\u00edgnem a Kuku utca kiz\u00e1r\u00f3lag s\u00f6rf\u0151zd\u00e9kb\u0151l \u00e1llt.<br \/>Ha versenyk\u00e9pesek akartunk maradni, fel kellett vinn\u00fcnk az \u00e1rakat.<br \/>\u2013 Ezek az ezredfordul\u00f3sok, az\u00e9rt be k\u00f6ll l\u00e1tni, kifinom\u00fat \u00edzl\u00e9s\u00fck van, no! Nem sajn\u00e1lj\u00e1k a p\u00e9nzt a min\u0151s\u00e9g\u00e9rt \u2013 mondtuk minden poh\u00e1r helyben sajtolt bor, vagy minden eladott borban csipk\u00e9zett sajt ut\u00e1n.<br \/>Minden dr\u00e1ga volt.<br \/>Ekkor valami megv\u00e1ltozott. Illetve t\u00f6bb dolog. Az ok-okozati viszonya a v\u00e1ltoz\u00e1soknak nem volt egy\u00e9rtelm\u0171 sz\u00e1munkra, l\u00e9v\u00e9n hogy egyszer\u0171 emberek vagyunk. Csak azt tudtuk, amit l\u00e1ttunk, \u00e9s amit l\u00e1ttunk, illetve hallottunk, amit szint\u00e9n tudtunk, ha megb\u00edzhat\u00f3 forr\u00e1sb\u00f3l j\u00f6tt (amikor valaki m\u00e1r l\u00e1tta, \u00e9s onnan tudta, \u00e9s \u00edgy adta tov\u00e1bb), teh\u00e1t, amit l\u00e1ttunk, tudtunk, vagy hallottunk, az nem tetszett.<br \/>Hi\u00e1ba j\u00f6ttek egyre t\u00f6bben, a napi tizenkilencezer cigicsikkb\u0151l napi nyolcezer lett. Azt\u00e1n n\u00e9gyezer, k\u00e9tezer, azt\u00e1n semmi. Elektromos cigarett\u00e1k hideg digit\u00e1lis f\u00e9nye vibr\u00e1lt az es\u0151f\u00e1tylon t\u00fali s\u00f6t\u00e9ts\u00e9gben, amikor len\u00e9zt\u00fcnk a g\u00f6d\u00f6rbe. A k\u00e9zm\u0171ves s\u00f6r\u00f6z\u0151ink \u00fcresen maradtak, m\u00edg a g\u00f6d\u00f6r sz\u00e9l\u00e9n minden fiatal a saj\u00e1t maga \u00e1ltal f\u0151z\u00f6tt s\u00f6r\u00e9vel k\u00edn\u00e1lta az arra j\u00e1r\u00f3 kolb\u00e1sz\u00e1rusokat (akiknek port\u00e9k\u00e1j\u00e1t egy legyint\u00e9ssel elutas\u00edtott\u00e1k kor\u00e1bban, kal\u00f3ri\u00e1kra, \u00e9s \u00e1llatk\u00ednz\u00e1sra hivatkozva). \u00daj s\u00e1trak jelentek meg, ahov\u00e1 nagy v\u00e1rosi furgonok \u00e1lltak be kroasz\u00f3nokkal, ipari m\u00e9lyh\u0171t\u0151kkel, fagylaltg\u00e9pekkel. Azt\u00e1n a szervez\u0151k t\u00e1j\u00e9koztattak, hogy nem \u00e1rulhatunk \u00e9telt a Fesztiv\u00e1l ter\u00fclet\u00e9n, mert a k\u00e9t\u00f6r\u00f6r\u00f6k nem dolgoznak konkurenci\u00e1val, egym\u00e1s k\u00f6z\u00f6tt megegyeztek, hogy a minimum \u00e1r egy porci\u00f3 \u00e9tel\u00e9rt egy p\u00e1rizsi garzonlak\u00e1s \u00e9ves b\u00e9rleti d\u00edja, ez al\u00e1 nem tudnak menni, mert azonnal cs\u0151dbe megy az eg\u00e9sz rendezv\u00e9ny.<br \/>Tov\u00e1bbra is minden dr\u00e1ga volt, csak nem mi \u00e1rultuk.<br \/>A t\u00e1borb\u00f3l nagy fesztiv\u00e1l lett. Valamit tenn\u00fcnk kellett.<br \/>(&#8230;)<\/p>\n<div id=\"attachment_309\" style=\"width: 310px\" class=\"wp-caption alignleft\"><img loading=\"lazy\" decoding=\"async\" aria-describedby=\"caption-attachment-309\" class=\"wp-image-309 size-medium\" src=\"http:\/\/opus-folyoirat.sk\/wp-content\/uploads\/2018\/07\/R_Nagy_Kriszti\u00e1n-300x300.jpg\" alt=\"\" width=\"300\" height=\"300\" srcset=\"https:\/\/opus-folyoirat.sk\/wp-content\/uploads\/2018\/07\/R_Nagy_Kriszti\u00e1n-300x300.jpg 300w, https:\/\/opus-folyoirat.sk\/wp-content\/uploads\/2018\/07\/R_Nagy_Kriszti\u00e1n-150x150.jpg 150w, https:\/\/opus-folyoirat.sk\/wp-content\/uploads\/2018\/07\/R_Nagy_Kriszti\u00e1n-100x100.jpg 100w, https:\/\/opus-folyoirat.sk\/wp-content\/uploads\/2018\/07\/R_Nagy_Kriszti\u00e1n.jpg 450w\" sizes=\"auto, (max-width: 300px) 100vw, 300px\" \/><p id=\"caption-attachment-309\" class=\"wp-caption-text\">R. Nagy Kriszti\u00e1n<\/p><\/div>\n<p><em>.<\/em><\/p>\n<p><em>.<\/em><\/p>\n<p><em>.<\/em><\/p>\n<p><em>.<\/em><\/p>\n<p><em>.<\/em><\/p>\n<p><em>.<\/em><\/p>\n<p><em>.<\/em><\/p>\n<p><em>.<\/em><\/p>\n<p><em>.<\/em><\/p>\n<p><em>.<\/em><\/p>\n<p><em>Gyur\u00e1sz Marianna<\/em><br \/><strong>Az \u00f3vint\u00e9zked\u00e9sekr\u0151l<\/strong><\/p>\n<p>\u2013 Harmincn\u00e9gyes alany, k\u00e9rem, fejezze be a keszty\u0171 igazgat\u00e1s\u00e1t \u2013 hallom enyh\u00e9n serceg\u0151 mikrofonhangon. A hang gazd\u00e1ja egy ir\u00e1nyban \u00e1ttetsz\u0151 \u00fcvegfal m\u00f6g\u00f6tt \u00e1ll, \u00edgy csak k\u00e9t dolgot tudok meg\u00e1llap\u00edtani r\u00f3la: biol\u00f3giailag f\u00e9rfi, \u00e9s t\u00fcrelmetlen. Befejezem a 34-es t\u00edpus\u00fa laborat\u00f3riumi v\u00e9d\u0151keszty\u0171 igazgat\u00e1s\u00e1t. Pedig a bal mutat\u00f3ujjamon m\u00e9g mindig r\u00e1ncos, \u00e9s tudom, hogy v\u00e9gig csak erre tudok majd gondolni.<br \/>\u2013 Nem kell eml\u00e9keztetni a tesztfolyamat egyetlen pontj\u00e1ra sem, igaz? \u00dagy tudom, Dr. Mr\u00e1z t\u00f6bbsz\u00f6r \u00e1tvette mag\u00e1val a protokollt. Ha m\u00e9gis pontokba szedett eml\u00e9keztet\u0151re lenne sz\u00fcks\u00e9ge, a vegyif\u00fclke \u00fcveg\u00e9re tapasztottuk, a jobb oldal\u00e1ra, v\u00e1llmagass\u00e1gban. Amennyiben minden vil\u00e1gos, a s\u00edphang ut\u00e1n kezdheti is a tesztet. Minden vil\u00e1gos?<br \/>Fogalmam sem volt, hov\u00e1 besz\u00e9ljek, \u00e9n nem kaptam mikrofont.<br \/>\u2013 Minden vil\u00e1gos \u2013 motyogtam bele a steril szob\u00e1ba.<br \/>S\u00edphang.<br \/>Els\u0151 pont.<br \/>A bal mutat\u00f3ujjam csupa r\u00e1nc. Nem, ez nem az els\u0151 pont. Az els\u0151 pont, hogy \u00f3vatosan lecsavarom az \u00e1ttetsz\u0151 folyad\u00e9kkal teli fiola kupakj\u00e1t. Feh\u00e9r k\u00f6penyben \u00e9s arcv\u00e9d\u0151ben, a vegyif\u00fclke \u00fcvege alatt \u00e1tny\u00falva dolgozom. Az egyetlen zaj az elsz\u00edv\u00f3-berendez\u00e9s h\u00f6rg\u00e9se.<br \/>Most a pipett\u00e1\u00e9rt ny\u00falok, \u00e9s k\u00f6vetem a protokoll tov\u00e1bbi pontjait: \u00fagy teszek, mintha a fiola tartalm\u00e1b\u00f3l pontosan 100 mikroliternyit (nagyj\u00e1b\u00f3l k\u00e9t cseppnek felel meg, magyar\u00e1zta Dr. Mr\u00e1z) egy m\u00e1sik, kisebb \u00fcvegcse fal\u00e1ra szeretn\u00e9k engedni, majd p\u00e1r koppint\u00e1ssal a kisebb \u00fcvegcse fenek\u00e9be ir\u00e1ny\u00edtani. De ez mind csak tettet\u00e9s, sz\u00ednj\u00e1t\u00e9k, mert a val\u00f3di sz\u00e1nd\u00e9kom, a tesztfolyamat k\u00f6vetkez\u0151 l\u00e9p\u00e9se eg\u00e9szen m\u00e1s. Val\u00f3j\u00e1ban, mintegy v\u00e9letlenszer\u0171en, a pipetta hegy\u00e9r\u0151l a keszty\u0171mre cseppentem a folyad\u00e9kot, elnagyoltan \u00fcgyetlen mozdulattal. Ekkor megijedek, de nem vesz\u00edtem el a fejem. Miel\u0151tt levenn\u00e9m a kezemr\u0151l a 34-es t\u00edpus\u00fa laborat\u00f3riumi v\u00e9d\u0151keszty\u0171t, lelkiismeretesen feltakar\u00edtom az eg\u00e9sz vegyif\u00fclk\u00e9t, a k\u00e9pzelt vagy felt\u00e9telezett kontamin\u00e1ci\u00f3t elker\u00fclend\u0151. Csak ezut\u00e1n t\u00e1vol\u00edtom el a v\u00e9d\u0151felszerel\u00e9sem. K\u00fcl\u00f6n\u00e1ll\u00f3, feh\u00e9r l\u00e1d\u00e1kba helyezek minden darabot. Az ajt\u00f3 melletti mosd\u00f3n\u00e1l alaposan kezet mosok.<br \/>Dr. Mr\u00e1z azt mes\u00e9lte, ez a pont val\u00f3sz\u00edn\u0171leg teljesen felesleges, \u00e9s hanyagolhat\u00f3 volna. Ha a k\u00f6vetkez\u0151 gener\u00e1ci\u00f3 sz\u00e1m\u00e1ra haszn\u00e1latba iktatand\u00f3 keszty\u0171t\u00edpust utalt\u00e1k nekem (persze Dr. Mr\u00e1z maga sem tudja pontosan megmondani, melyik lesz az), a tiszt\u00e1lkod\u00e1sra semmi sz\u00fcks\u00e9g. Ha pedig gyenge min\u0151s\u00e9g\u0171, vesz\u00e9lytelen laborat\u00f3riumi munk\u00e1ra gy\u00e1rtott keszty\u0171t haszn\u00e1ltam, a vegy\u00fclet 15 m\u00e1sodperc alatt \u00e1tsziv\u00e1rgott rajta, \u00e9s ezen a vil\u00e1g legalaposabb k\u00e9zmos\u00e1sa sem v\u00e1ltoztat.<\/p>\n<p>A k\u00f6vetkez\u0151 h\u00f3napokat alapos megfigyel\u00e9s alatt t\u00f6lt\u00f6m. Naponta adom\u00e1nyozok v\u00e9r- \u00e9s vizeletmint\u00e1t az izgatott, magas hang\u00fa kutat\u00f3asszisztenseknek, \u00e9s minden h\u00e9t els\u0151 napj\u00e1n egy v\u00e9kony, alig p\u00e1r sz\u00e1l alkotta hajtincset a nyaki r\u00e9gi\u00f3kb\u00f3l. Nagyon \u00fcgyelnek r\u00e1, hogy ne keverj\u00e9k \u00f6ssze a frissen n\u0151tt r\u00e9szt a hajv\u00e9gekkel. Nem hagyhatom el a szob\u00e1m \u00e9s f\u00fcrd\u0151szob\u00e1m alkotta kis lakoszt\u00e1lyt, de legal\u00e1bb egy t\u00e9v\u00e9t felszereltek, t\u00edz csatorn\u00e1val, amelyek k\u00f6z\u00fcl az egyiken a J\u00f3bar\u00e1tok leg\u00fajabb \u00e9vad\u00e1t is vet\u00edtik.<br \/>Dr. Mr\u00e1z minden h\u00e9ten megl\u00e1togat, ha el tud szabadulni, mert rettenetesen elfoglalt ember. Aj\u00e1nd\u00e9kokat is hoz, kand\u00edrozott gy\u00fcm\u00f6lcs\u00f6t, videokazett\u00e1kat, Freddie Mercury utols\u00f3 koncertj\u00e9nek felv\u00e9tel\u00e9t. Nem vagyok nagy zenerajong\u00f3, \u00e9s nincs \u00edzl\u00e9sem, de mindent megk\u00f6sz\u00f6n\u00f6k, mindennek tal\u00e1lok helyet a sz\u00e9les, \u00fcres polcaimon. N\u00e9ha arr\u00f3l \u00e9rdekl\u0151d\u00f6m, hogy halad a kutat\u00e1s, h\u00e1nyas sz\u00e1m\u00fa v\u00e9d\u0151keszty\u0171n\u00e9l tart, ha ugyan be nem fejezt\u00e9k a tesztel\u00e9s\u00fcket. Arr\u00f3l is k\u00e9rdezem, tudnak-e b\u00e1rmit ezen a ponton, \u00e9s hogy \u00e9rzi mag\u00e1t a t\u00f6bbi alany. Persze arra k\u00e9nyszer\u00fcl, hogy tudatlans\u00e1gban tartson.<br \/>\u00d6t h\u00f3nappal az ut\u00e1n, hogy elfoglaltam a szob\u00e1mat, l\u00e9pnek fel az els\u0151 t\u00fcnetek. Rosszull\u00e9t, jelent\u0151s fogy\u00e1s, a k\u00e9z- \u00e9s l\u00e1bfejek folyamatos bizserg\u00e9se. Az egyens\u00faly\u00e9rz\u00e9kem sokat romlik, \u00e9s nehezen mondok ki bonyolultabb szavakat. Mikor Dr. Mr\u00e1z megl\u00e1togat, n\u00e9ha nehezen \u00e9rtem meg a mondatait, pedig hallom, ahogyan besz\u00e9l hozz\u00e1m. Azt hiszem, azt mondja, nagy tud\u00f3s voltam, \u00e9s elk\u00e9peszt\u0151 eredm\u00e9nyeket \u00e9rtem el, m\u00e9ghozz\u00e1 n\u0151k\u00e9nt a szakm\u00e1ban, pedig alig \u00edrjuk azt az \u00e9vet, amikor a J\u00f3bar\u00e1tok negyedik \u00e9vad\u00e1t adj\u00e1k a t\u00e9v\u00e9ben. Mintha azt is hozz\u00e1tenn\u00e9, sikerrel z\u00e1rt\u00e1k a k\u00eds\u00e9rletet, \u00e9s a biztons\u00e1gi el\u0151\u00edr\u00e1sok nagy reformja el\u0151tt \u00e1llunk. V\u00e1llon vereget, \u00e9n pedig leh\u00e1nyom a cip\u0151j\u00e9t.<br \/>\u2013 Mindent k\u00f6sz\u00f6n\u00f6k \u2013 integet vid\u00e1man Freddie Mercury, \u00e9s Dr. Mr\u00e1z leoltja a kisl\u00e1mp\u00e1t az \u00e9jjeliszekr\u00e9nyemen.<\/p>\n<div id=\"attachment_256\" style=\"width: 210px\" class=\"wp-caption alignright\"><img loading=\"lazy\" decoding=\"async\" aria-describedby=\"caption-attachment-256\" class=\"wp-image-256 size-medium\" src=\"http:\/\/opus-folyoirat.sk\/wp-content\/uploads\/2018\/07\/Gyur\u00e1sz_Marianna-200x300.jpg\" alt=\"\" width=\"200\" height=\"300\" srcset=\"https:\/\/opus-folyoirat.sk\/wp-content\/uploads\/2018\/07\/Gyur\u00e1sz_Marianna-200x300.jpg 200w, https:\/\/opus-folyoirat.sk\/wp-content\/uploads\/2018\/07\/Gyur\u00e1sz_Marianna-768x1152.jpg 768w, https:\/\/opus-folyoirat.sk\/wp-content\/uploads\/2018\/07\/Gyur\u00e1sz_Marianna-683x1024.jpg 683w, https:\/\/opus-folyoirat.sk\/wp-content\/uploads\/2018\/07\/Gyur\u00e1sz_Marianna.jpg 1365w\" sizes=\"auto, (max-width: 200px) 100vw, 200px\" \/><p id=\"caption-attachment-256\" class=\"wp-caption-text\">Gyur\u00e1sz Marianna molekul\u00e1ris biol\u00f3gus a laborat\u00f3riumban<\/p><\/div>\n<p><em>.<\/em><\/p>\n<p>.<\/p>\n<p><em>.<\/em><\/p>\n<p><em>.<\/em><\/p>\n<p><em>.<\/em><\/p>\n<p><em>.<\/em><\/p>\n<p><em>.<\/em><\/p>\n<p><em>.<\/em><\/p>\n<p><em>.<\/em><\/p>\n<p><em>.<\/em><\/p>\n<p><em>R. Nagy Kriszti\u00e1n<\/em><\/p>\n<p><strong>A mumus \u00e9s a tekn\u0151sb\u00e9ka<\/strong><\/p>\n<p>M\u00e1ri\u00e1si\u00e9k a v\u00e1rosba k\u00f6lt\u00f6ztek, \u00e9s a h\u00e1zukat, a S\u00f3smogyor\u00f3 utca v\u00e9g\u00e9n, a Mumus vette meg.<\/p>\n<p>Mi\u00f3ta p\u00e1r \u00e9ve a Mumus meg\u00e9rkezett a F\u00f6ldre \u0171rhaj\u00f3j\u00e1n, lehetett hallani r\u00f3la itt-ott, \u00fajs\u00e1gban, t\u00e9v\u00e9ben, k\u00f6z\u00f6ss\u00e9gi m\u00e9di\u00e1n, pr\u00e9dik\u00e1torokt\u00f3l. Sok r\u00e9mh\u00edr terjengett, nyilv\u00e1n, l\u00e9v\u00e9n \u0151 a Mumus. M\u00e9g a landol\u00e1st k\u00f6vet\u0151 sajt\u00f3t\u00e1j\u00e9koztat\u00f3n gyorsan biztos\u00edtotta az emberis\u00e9get, hogy megv\u00e1ltozott az\u00f3ta, hogy utolj\u00e1ra itt j\u00e1rt, neh\u00e9z id\u0151szak\u00e1t \u00e9lte akkoriban, sz\u00e9gyelli is mag\u00e1t miatta, \u00e9s igaz\u00e1n ne f\u00e9ljen t\u0151le senki, mert ha jobban megismerj\u00fck, majd megl\u00e1tjuk!<\/p>\n<p>A Mumus teh\u00e1t ide k\u00f6lt\u00f6z\u00f6tt. A S\u00f3smogyor\u00f3 utc\u00e1ba. Pont ide! A Mumus!<\/p>\n<p>A Mumus bek\u00f6lt\u00f6z\u00e9se m\u00e1snapj\u00e1n let\u00fcsszentett egy ak\u00e1cf\u00e1t, ami \u00e1ltal\u00e1nos k\u00f6zfelh\u00e1borod\u00e1st okozott a faluban.<\/p>\n<p>\u2013 A S\u00f3smogyor\u00f3 utcai h\u00e1zakat nem mitikus l\u00e9nyekre tervezt\u00e9k, nem is \u00e9rtem, mit gondol ez a Mumus, hogy fog itt lakni, hogy fog beilleszkedni, nevets\u00e9ges, k\u00e9rem sz\u00e9pen! \u2013 nyilatkozta egy felh\u00e1borodott szomsz\u00e9d.<\/p>\n<p>A k\u00f6zhangulat egyet\u00e9rt\u0151en morgott.<\/p>\n<p>\u2013 Nem is sz\u00f3lva arr\u00f3l, hogy a Mumus teljesen m\u00e1sk\u00e9pp n\u00e9z ki, mint az \u00e1tlag falusi \u2013 tette hozz\u00e1 egy m\u00e1sik szomsz\u00e9d rasszist\u00e1n. \u2013 \u00c9s mit eszik egy mumus? Hogy kell \u00e1polni a sz\u0151r\u00e9t? Van-e a helyi boltban mumussampon, vagy b\u00e1rmilyen m\u00e1s mumussz\u0151r\u00e1pol\u00f3 k\u00e9sz\u00edtm\u00e9ny? Mi lesz, ha bemegy a boltba a Mumus azzal, hogy sampont akar, \u00e9s nincsen, \u00e9s erre megeszi a boltos gyerekeit? Ilyeneken k\u00e9ne elgondolkodni!<\/p>\n<p>A falusiak elgondolkodtak, \u00e9s nem tetszett nekik a gyerekev\u00e9s.<\/p>\n<p>A Mumus viszont m\u00e1r itt volt, t\u00f6rv\u00e9nyszer\u0171en megv\u00e1s\u00e1rolta a S\u00f3smogyor\u00f3 utcai h\u00e1zat, voltak r\u00f3la pap\u00edrjai, meg minden, nem volt mit tenni. Legal\u00e1bbis ezt kellett, hogy mondja Rokok\u00f3 seriff a felvasvill\u00e1zott lincst\u00f6megnek, mikor sz\u00e9toszlatta \u0151ket, m\u00e9g ha titokban \u0151 sem \u00f6r\u00fclt a Mumusnak. Mondta is mindenkinek, minden adand\u00f3 alkalommal:<\/p>\n<p>\u2013 Titokban \u00e9n sem \u00f6r\u00fcl\u00f6k \u00e1m a Mumusnak.<\/p>\n<p>A falu polg\u00e1rmestere mumussimogat\u00f3 estet szervezett a kult\u00farh\u00e1zba, hogy csillap\u00edtsa a ked\u00e9lyeket. A Mumus \u00f6r\u00fclt a lehet\u0151s\u00e9gnek, azt rem\u00e9lte, ha szomsz\u00e9djai jobban megismerik, megl\u00e1tj\u00e1k, hi\u00e1ba vannak k\u00e9sek az ujjai hely\u00e9n, \u0151 is csak olyan, mint b\u00e1rki m\u00e1s. Rakott bolognai spagettit k\u00e9sz\u00edtett az esem\u00e9nyre, amin viszont meglehet\u0151sen kevesen jelentek meg, \u00e9s \u0151k is ink\u00e1bb egym\u00e1s k\u00f6z\u00f6tt mondogatt\u00e1k, a Mumus igenis meg\u00e9rdemli, hogy a k\u00f6z\u00f6ss\u00e9g adjon neki egy es\u00e9lyt, l\u00e1ngol\u00f3 agancsok ide vagy oda. Maga a Mumus egyed\u00fcl t\u00e1ncolgatott a sarokban, felett\u00e9bb k\u00ednosan. A rakott bolognai spagetti elfogyott.<\/p>\n<p>A falu\u00fajs\u00e1g meglep\u0151 statisztik\u00e1t k\u00f6z\u00f6lt az esem\u00e9nyr\u0151l, e szerint a meg nem jelentek sz\u00e1z sz\u00e1zal\u00e9k\u00e1nak jobb dolga volt p\u00e9ntek este.<\/p>\n<p>A Mumus nem sok vizet zavart az els\u0151 h\u00f3napokban, hiszen sosem voltak vend\u00e9gei, \u00edgy felt\u00e9telezhet\u0151leg hanyagolta a mosogat\u00e1st \u00e9s a rendszeres zuhanyoz\u00e1st. Egyszer kih\u00edvt\u00e1k a csend\u0151rs\u00e9get, mert nyitott ablakn\u00e1l az oroszl\u00e1nkir\u00e1ly zen\u00e9j\u00e9t hallgatta este t\u00edz ut\u00e1n. Az utc\u00e1n azt besz\u00e9lt\u00e9k, a Mumus t\u0171zok\u00e1d\u00e1ssal elijesztette a csend\u0151r\u00f6ket, de a hivatalos szervek sajt\u00f3t\u00e1j\u00e9koztat\u00f3n k\u00f6z\u00f6lt\u00e9k, hogy a bejelent\u00e9st kivizsg\u00e1lt\u00e1k, a zene hangereje a t\u00f6rv\u00e9nyileg kiszabott hat\u00e1ron bel\u00fcl volt. Az ehhez hasonl\u00f3 eseteket a szakm\u00e1ban \u201eidegbajoskod\u00e1snak\u201d h\u00edvj\u00e1k, \u00e9s a f\u0151csend\u0151rkapit\u00e1ny felk\u00e9rte a lakosokat, hogy tart\u00f3zkodjanak t\u0151le.<\/p>\n<p>A ked\u00e9lyek lenyugodtak ugyan a k\u00f6vetkez\u0151 hetek sor\u00e1n, de nem sok\u00e1ig. Chiang\u00e9k, a Moln\u00e1rk\u0151 utc\u00e1ban, egyik \u00e9jjel a fiuk szekr\u00e9ny\u00e9ben tal\u00e1lt\u00e1k a Mumust. Az sz\u00e9gyenkezve m\u00e1szott el\u0151, t\u00f6bbsz\u00f6r eln\u00e9z\u00e9st k\u00e9rt, nem is \u00e9rtette, mi \u00fct\u00f6tt bel\u00e9&#8230; Meg\u00edg\u00e9rte, t\u00f6bbet ilyen nem fordul el\u0151.<\/p>\n<p>Chiang\u00e9k nem tettek feljelent\u00e9st, a t\u00f6rt\u00e9ntek m\u00e9gis kitud\u00f3dtak. A csal\u00e1dot mumusszimpatiz\u00e1nsnak nyilv\u00e1n\u00edtotta a rosszindulat\u00fa k\u00f6zv\u00e9lem\u00e9ny.<\/p>\n<p>\u2013 Igen, ott volt a szekr\u00e9nyben \u2013 mondta a Chiang csal\u00e1d egyik feje. \u2013 Igen, furcsa volt. De att\u00f3l, hogy nem tesz\u00fcnk feljelent\u00e9st, m\u00e9g nem lesz\u00fcnk mumusszimpatiz\u00e1nsok. Csak nem akarunk idegbajoskodni.<\/p>\n<p>A Mumusgy\u0171l\u00f6l\u0151 K\u00f6z\u00f6ss\u00e9g vezet\u0151i felh\u00e1borod\u00e1sukat fejezt\u00e9k ki.<\/p>\n<p>\u2013 Az idegbajoskod\u00e1s tette nemzet\u00fcnket azz\u00e1, ami. K\u00e9pzelje el, ha honmegsz\u00e1ll\u00f3 \u0151seink, abban a r\u00e9gi \u00e9vben, csak idelovagolnak, \u00e9s azt mondj\u00e1k \u201eM\u00e1r laknak itt valami fura n\u00e9pek, de nem kell idegbajoskodni, majd arr\u00e9bb mennek, semmi sz\u00fcks\u00e9g legyilkolni \u0151ket.\u201d<\/p>\n<p>A k\u00f6zv\u00e9lem\u00e9ny hangosan egyet\u00e9rtett, \u00e9s k\u00f6vetelt\u00e9k, hogy a Mumus h\u00fazzon el a b\u00fasba.<\/p>\n<p>A Mumus egy h\u0171v\u00f6s \u0151szi reggelen h\u00fazott el a b\u00fasba. Titokban pakolt \u00f6ssze, \u00e9s kor\u00e1n indult, de nem el\u00e9g kor\u00e1n ahhoz, hogy az utc\u00e1n \u00fcld\u00f6g\u00e9l\u0151 \u00f6reg n\u00e9nik ne l\u00e1ss\u00e1k. Az \u00fcresen maradt h\u00e1zat r\u00f6videsen eladta egy ingatlan\u00fcgyn\u00f6k\u00f6n kereszt\u00fcl.<\/p>\n<p>Soha nem tudtuk meg, hov\u00e1 ment a Mumus, mert senki nem volt az ismer\u0151se a k\u00f6z\u00f6ss\u00e9gi m\u00e9di\u00e1n. \u00dagy t\u0171nik, a r\u00e9gi tanmese a Mumusr\u00f3l \u00e9s a tekn\u0151sb\u00e9k\u00e1r\u00f3l m\u00e9g ma is igaz: A Mumus r\u00e1besz\u00e9li a tekn\u0151sb\u00e9k\u00e1t, hogy vigye \u00e1t a foly\u00f3n, persze felezik a benzinp\u00e9nzt. A tekn\u0151sb\u00e9ka vonakodva beleegyezik, de f\u00e9l\u00faton, a foly\u00f3 k\u00f6zep\u00e9n lev\u00e1gja a h\u00e1t\u00e1r\u00f3l a Mumust, aki szomor\u00faan v\u00edzbe fullad. Mert ilyen a tekn\u0151sb\u00e9ka term\u00e9szete.<\/p>\n<div id=\"attachment_309\" style=\"width: 310px\" class=\"wp-caption alignleft\"><img loading=\"lazy\" decoding=\"async\" aria-describedby=\"caption-attachment-309\" class=\"wp-image-309 size-medium\" src=\"http:\/\/opus-folyoirat.sk\/wp-content\/uploads\/2018\/07\/R_Nagy_Kriszti\u00e1n-300x300.jpg\" alt=\"\" width=\"300\" height=\"300\" srcset=\"https:\/\/opus-folyoirat.sk\/wp-content\/uploads\/2018\/07\/R_Nagy_Kriszti\u00e1n-300x300.jpg 300w, https:\/\/opus-folyoirat.sk\/wp-content\/uploads\/2018\/07\/R_Nagy_Kriszti\u00e1n-150x150.jpg 150w, https:\/\/opus-folyoirat.sk\/wp-content\/uploads\/2018\/07\/R_Nagy_Kriszti\u00e1n-100x100.jpg 100w, https:\/\/opus-folyoirat.sk\/wp-content\/uploads\/2018\/07\/R_Nagy_Kriszti\u00e1n.jpg 450w\" sizes=\"auto, (max-width: 300px) 100vw, 300px\" \/><p id=\"caption-attachment-309\" class=\"wp-caption-text\">R. Nagy Kriszti\u00e1n<\/p><\/div>\n<p><em>.<\/em><\/p>\n<p><em>.<\/em><\/p>\n<p><em>.<\/em><\/p>\n<p><em>.<\/em><\/p>\n<p><em>.<\/em><\/p>\n<p><em>.<\/em><\/p>\n<p><em>.<\/em><\/p>\n<p><em>.<\/em><\/p>\n<p><em>.<\/em><\/p>\n<p><em>.<\/em><\/p>\n<p><em>Gyur\u00e1sz Marianna<\/em><\/p>\n<p><strong>Mivel teli az \u00fcres?<\/strong><\/p>\n<p>\u2013 Hmm \u2013 mondom az asszisztensnek, csak mert a csend kezd k\u00ednoss\u00e1 ny\u00falni. Enn\u00e9l az alanyn\u00e1l musz\u00e1j elid\u0151zn\u00f6m. Sok\u00e1ig nem jutok semmire.<\/p>\n<p>\u2013 Igen? K\u00e9szen vagy az \u00f6sszegz\u00e9ssel, vagy van legal\u00e1bb p\u00e1r r\u00e9szlet, amit jegyz\u0151k\u00f6nyvbe vehetn\u00e9nk?<\/p>\n<p>Nem vagyok k\u00e9sz semmivel, hazudni pedig nem szeretn\u00e9k. A derekam m\u00e1r sajog a f\u00e9lig hajlott testtart\u00e1st\u00f3l, de a lyukat valami\u00e9rt \u00e1tlagos m\u00e9ret\u0171 ajt\u00f3k \u00e1tlagos magass\u00e1gban elhelyezett kulcslyukair\u00f3l mint\u00e1zt\u00e1k. Valami oka is volt, a kutat\u00e1s megtervez\u00e9se nagyon szigor\u00faan zajlott, elv\u00e9gre. De csak hom\u00e1lyosan maradt meg. Tal\u00e1n nem akartak t\u00fal sok v\u00e1ltoz\u00f3t bevinni a rendszerbe? Az eff\u00e9le megfigyel\u00e9seket mindig kulcslyukakn\u00e1l v\u00e9gezt\u00e9k. Ez\u00e9rt a f\u00e9l szemem lehunyva kell tartanom (a balt, mint a r\u00e9sztvev\u0151k fel\u00e9nek), ami szint\u00e9n sz\u00f6rnyen k\u00e9nyelmetlen.<\/p>\n<p>Valamit mondanom kell most m\u00e1r.<\/p>\n<p>\u2013 Nem t\u00e9rhet\u00fcnk vissza hozz\u00e1 k\u00e9s\u0151bb?<\/p>\n<p>\u2013 H\u00e1t, nekem tartanom kell magam a professzor \u00far diz\u00e1jnj\u00e1hoz \u2013 pislog r\u00e1m az asszisztens, p\u00e1rducmacska-mint\u00e1s szem\u00fcvegkerete f\u00f6l\u00f6tt. H\u00e9dinek h\u00edvj\u00e1k. Tegnap k\u00e1v\u00e9ztunk, miut\u00e1n v\u00e9gezt\u00fcnk a napi munk\u00e1val, mert \u00e9n voltam az aznapi utols\u00f3. Eg\u00e9sz csicserg\u0151s l\u00e1ny, ha koffeint adnak hozz\u00e1. Elmes\u00e9lte, hogy az\u00e9rt szeretne tudom\u00e1nyos ter\u00fcleten dolgozni, mert egy mukkot sem \u00e9rt az eg\u00e9szb\u0151l. Pedig vagy egy \u00e9vtizede mozog hasonl\u00f3 k\u00f6r\u00f6kben. Ezen kiss\u00e9 fenn is akadtam, gyerekesen kerek arc\u00e1t, kedves m\u0171k\u00f6rmeit, dioptri\u00e1kt\u00f3l teljesen mentes, de st\u00edlusos szem\u00fcveg\u00e9t b\u00e1mulva. \u00c9s m\u00e9g mindig nem \u00e9rt semmit az eg\u00e9szb\u0151l. Ezt im\u00e1dja. Naponta megsz\u00e9gyen\u00edtik, \u00e9s \u0151 csak nevet. Azt mondja, azon a napon, amikor ak\u00e1r a szelleme megk\u00eds\u00e9rti b\u00e1rmif\u00e9le tudom\u00e1nyos megvil\u00e1gosod\u00e1snak, itt hagyja az akad\u00e9mi\u00e1t, \u00e9s visszat\u00e9r a k\u00e9zm\u0171ves nyal\u00f3k\u00e1kat \u00e1rul\u00f3 standhoz, ahol egy ny\u00e1ron dolgozott. Addig persze k\u00f6vetnie kell a professzor \u00far utas\u00edt\u00e1sait, ha nem szeretn\u00e9, hogy \u00fagy utas\u00edts\u00e1k vissza a nyal\u00f3k\u00e1khoz.<\/p>\n<p>\u2013 H\u00e1t, akkor most k\u00e9ne v\u00e1laszolnom, igaz? H\u00e1ny percem van m\u00e9g?<\/p>\n<p>\u2013 K\u00e9t perccel t\u00fall\u00e9pted az id\u0151t \u2013 sand\u00edt a mobilja kijelz\u0151j\u00e9re. \u2013 De nem olyan nagy g\u00e1z, csak teszek mell\u00e9d egy kis csillagot. Ha furcsa leszel, majd kiz\u00e1runk a v\u00e9g\u00e9n. \u2013 Feljegyez valamit, feltehet\u0151en a csillagot, \u00e9n pedig er\u0151sen gondolkodom.<\/p>\n<p>\u2013 Rendben. H\u00e1t, ez volt eddig a legprobl\u00e9m\u00e1sabb, de v\u00e1gjunk bele.<\/p>\n<p>A kulcslyukon kereszt\u00fcl embereket l\u00e1ttam. Egyszerre egyet, minden alkalommal. \u00c9s nagyon k\u00f6zelr\u0151l. Olyan k\u00f6zel \u00e1lltak a lyukhoz, hogy csak a p\u00f3l\u00f3jukat tudtam kivenni, a kab\u00e1tjukat, a nagyon magas alakoknak n\u00e9ha az \u00f6vcsatj\u00e1t. Sz\u00ednek v\u00e1ltakoztak, n\u00e9ha \u00f6lt\u00f6ny\u00f6k is be\u00fasztak a k\u00e9pbe. Volt, hogy eg\u00e9sz cseppet imbolyogtak, ahogy figyeltem \u0151ket. Akit most ilyen hosszan vizsg\u00e1ltam, s\u00f6t\u00e9tz\u00f6ld ingben volt, ha csak a f\u00e9nyviszonyok nem tr\u00fckk\u00f6ztek a szememmel.<\/p>\n<p>\u2013 Tegy\u00fck fel, hogy Simonnak h\u00edvj\u00e1k. V\u00f6r\u00f6s haj\u00fa \u00e9s szak\u00e1ll\u00fa. Egy folton hi\u00e1nyos a szak\u00e1lla. Fiatalabb kor\u00e1ban sok\u00e1ig marxista n\u00e9zeteket vallott, manaps\u00e1g \u00f3vatosabb, a legt\u00f6bb dologr\u00f3l ink\u00e1bb nem is form\u00e1l v\u00e9lem\u00e9nyt. Ahogy belegondolok \u2013 gondolkodom hangosan, mik\u00f6zben H\u00e9di gyorsan term\u0151 gy\u00f6ngybet\u0171kkel jegyzetel \u2013, tal\u00e1n emiatt volt ilyen neh\u00e9z b\u00e1rmi l\u00e9nyegit kigondolnom r\u00f3la.<\/p>\n<p>\u2013 De eg\u00e9sz j\u00f3 lesz ez. \u00dcgyes vagy \u2013 dics\u00e9r meg H\u00e9di, egy pillanatra felpillantva a lapr\u00f3l. Non-verb\u00e1lisan arra buzd\u00edt, hogy folytassam.<\/p>\n<p>\u2013 Simon vide\u00f3kat k\u00e9sz\u00edt professzion\u00e1lisan, amelyekben dobozokat csomagol ki. Botmixert. Gyurm\u00e1t. Gyerekj\u00e1t\u00e9kokat. Sosem l\u00e1tszik az arca. \u2013 Meg\u00e1llok egy pillanatra. \u2013 N\u00e9ha teljesen \u00fcres a doboz, \u00e9s \u00fagy tesz, mintha dolgok lenn\u00e9nek benne. De ez teljesen hom\u00e1lyos. Lehet, hogy nem \u00fcresek, csak \u00e9n nem l\u00e1tok semmit.<\/p>\n<p>H\u00e9dire n\u00e9zek, h\u00e1tha van k\u00e9rd\u00e9se, de \u0151 sosem k\u00e9rdez semmit.<\/p>\n<p>\u2013 Azt hiszem, \u0151 maga is nagyon sz\u00edvesen n\u00e9z hasonl\u00f3 vide\u00f3kat. Inspir\u00e1ci\u00f3k\u00e9nt, \u00e9s sz\u00f3rakoz\u00e1sb\u00f3l. Halakat tart, amik vil\u00e1g\u00edtanak a s\u00f6t\u00e9tben. Nem b\u00edrja a teljes s\u00f6t\u00e9ts\u00e9get. A zen\u00e9\u00e9rt viszont nincs oda.<\/p>\n<p>Miut\u00e1n v\u00e9gigmondom, H\u00e9di tolla serceg m\u00e9g egy darabig. Miel\u0151tt nagyon k\u00ednoss\u00e1 ny\u00falna a csend, v\u00e1llat vonok.<\/p>\n<p>\u2013 Azt hiszem, ennyi. Ha nincs k\u00e9rd\u00e9sed. \u2013 De ez csak udvariaskod\u00e1s, tudom, hogy nem lesz.<\/p>\n<p>\u2013 Nincs. El\u00e9g lesz ennyi. D\u00e9lut\u00e1n tal\u00e1lkozom a professzor \u00farral, \u00e9s megbesz\u00e9lj\u00fck a j\u00f6v\u0151 heti menetrendet. Id\u0151ben sz\u00f3lok majd, mikor ker\u00fclsz sorra, j\u00f3? \u2013 mosolyog r\u00e1m.<\/p>\n<p>Visszamosolygok. Eszembe jut, hogy felvetem a munkaid\u0151n k\u00edv\u00fcli k\u00e1v\u00e9z\u00e1s \u00f6tlet\u00e9t, de v\u00e9g\u00fcl csak elb\u00facs\u00fazom. J\u00f6v\u0151 h\u00e9ten \u00fagyis tal\u00e1lkozunk. Nincs okom sietni.<\/p>\n<div id=\"attachment_256\" style=\"width: 284px\" class=\"wp-caption alignright\"><img loading=\"lazy\" decoding=\"async\" aria-describedby=\"caption-attachment-256\" class=\"wp-image-256\" src=\"http:\/\/opus-folyoirat.sk\/wp-content\/uploads\/2018\/07\/Gyur\u00e1sz_Marianna-200x300.jpg\" alt=\"\" width=\"274\" height=\"411\" srcset=\"https:\/\/opus-folyoirat.sk\/wp-content\/uploads\/2018\/07\/Gyur\u00e1sz_Marianna-200x300.jpg 200w, https:\/\/opus-folyoirat.sk\/wp-content\/uploads\/2018\/07\/Gyur\u00e1sz_Marianna-768x1152.jpg 768w, https:\/\/opus-folyoirat.sk\/wp-content\/uploads\/2018\/07\/Gyur\u00e1sz_Marianna-683x1024.jpg 683w, https:\/\/opus-folyoirat.sk\/wp-content\/uploads\/2018\/07\/Gyur\u00e1sz_Marianna.jpg 1365w\" sizes=\"auto, (max-width: 274px) 100vw, 274px\" \/><p id=\"caption-attachment-256\" class=\"wp-caption-text\">Gyur\u00e1sz Marianna molekul\u00e1ris biol\u00f3gus a laborat\u00f3riumban<\/p><\/div>\n<p>.<\/p>\n<p>.<\/p>\n<p>.<\/p>\n<p>.<\/p>\n<p>.<\/p>\n<p>.<\/p>\n<p>.<\/p>\n<p>.<\/p>\n<p>.<\/p>\n<p>.<\/p>\n\n\n<p><\/p>\n\n\n\n<div class=\"wp-block-query is-layout-flow wp-block-query-is-layout-flow\"><ul class=\"wp-block-post-template is-layout-flow wp-block-post-template-is-layout-flow\"><li class=\"wp-block-post post-5039 post type-post status-publish format-standard hentry category-egyeb\">\n<h2 class=\"wp-block-post-title\"><a href=\"https:\/\/opus-folyoirat.sk\/?p=5039\" target=\"_self\" >K\u00f6sz\u00f6net Pet\u0151cz Andr\u00e1snak<\/a><\/h2>\n\n\n\n<div class=\"wp-block-post-excerpt\"><p class=\"wp-block-post-excerpt__excerpt\">Pet\u0151cz Andr\u00e1s, az Opus febru\u00e1rban lek\u00f6sz\u00f6n\u0151 f\u0151szerkeszt\u0151je betegs\u00e9g miatt nem tudott r\u00e9szt venni az Opus 100 \u00fcnneps\u00e9gen, ez\u00e9rt nem vehette \u00e1t a neki sz\u00e1nt aj\u00e1nd\u00e9kot. Ez\u00e9rt Hodossy Gyula, az Opus irodalmi \u00e9s m\u0171v\u00e9szeti foly\u00f3irat kiad\u00f3ja, a Szlov\u00e1kiai Magyar \u00cdr\u00f3k T\u00e1rsas\u00e1g\u00e1nak &hellip; Egy kattint\u00e1s ide a folytat\u00e1shoz&#8230;. &rarr; <\/p><\/div>\n\n\n<hr class=\"wp-block-separator has-css-opacity\"\/>\n\n\n<div class=\"wp-block-post-date\"><time datetime=\"2026-04-02T20:26:37+02:00\">2026-04-02<\/time><\/div>\n<\/li><li class=\"wp-block-post post-4983 post type-post status-publish format-standard hentry category-egyeb\">\n<h2 class=\"wp-block-post-title\"><a href=\"https:\/\/opus-folyoirat.sk\/?p=4983\" target=\"_self\" >Irodalom testk\u00f6zelb\u0151l Kom\u00e1romban<\/a><\/h2>\n\n\n\n<div class=\"wp-block-post-excerpt\"><p class=\"wp-block-post-excerpt__excerpt\">A Szlov\u00e1kiai Magyar \u00cdr\u00f3k T\u00e1rsas\u00e1ga v\u00e1lasztm\u00e1nyi tagja,&nbsp;Morva M\u00e1ty\u00e1s&nbsp;l\u00e1togatott el a kom\u00e1romi M\u0171szaki Szakk\u00f6z\u00e9piskola di\u00e1kjaihoz, ahol \u00e9ppen az Olvas\u00e1s het\u00e9t tartott\u00e1k.&nbsp; A fiatal pr\u00f3za\u00edr\u00f3 k\u00e9t el\u0151ad\u00e1s sor\u00e1n h\u00e1rom oszt\u00e1llyal tal\u00e1lkozott. A program egy r\u00f6vid, interakt\u00edv \u201ebemeleg\u00edt\u00e9ssel\u201d indult: a di\u00e1kok okostelefonjaikon v\u00e1laszoltak &hellip; Egy kattint\u00e1s ide a folytat\u00e1shoz&#8230;. &rarr; <\/p><\/div>\n\n\n<hr class=\"wp-block-separator has-css-opacity\"\/>\n\n\n<div class=\"wp-block-post-date\"><time datetime=\"2026-03-20T10:37:34+02:00\">2026-03-20<\/time><\/div>\n<\/li><li class=\"wp-block-post post-4946 post type-post status-publish format-standard hentry category-egyeb\">\n<h2 class=\"wp-block-post-title\"><a href=\"https:\/\/opus-folyoirat.sk\/?p=4946\" target=\"_self\" >Lackfi J\u00e1nos Kossuth-d\u00edjas<\/a><\/h2>\n\n\n\n<div class=\"wp-block-post-excerpt\"><p class=\"wp-block-post-excerpt__excerpt\">A m\u00e1rcius 15-i nemzeti \u00fcnnep kapcs\u00e1n kiosztott\u00e1k a Kossuth- \u00e9s Sz\u00e9chenyi-d\u00edjakat. Ebben az \u00e9vben lapunk tan\u00e1csad\u00f3test\u00fclet\u00e9nek tagja, Lackfi J\u00e1nos is megkapta a Kossuth-d\u00edjat. A rengos elismer\u00e9shez lapunk ny\u00edlt lev\u00e9lben gratul\u00e1lt a k\u00f6lt\u0151nek. LACKFI J\u00c1NOS Bab\u00e9rkoszor\u00fa \u00e9s J\u00f3zsef Attila-d\u00edjas \u00edr\u00f3, k\u00f6lt\u0151 &hellip; Egy kattint\u00e1s ide a folytat\u00e1shoz&#8230;. &rarr; <\/p><\/div>\n\n\n<hr class=\"wp-block-separator has-css-opacity\"\/>\n\n\n<div class=\"wp-block-post-date\"><time datetime=\"2026-03-19T10:07:09+02:00\">2026-03-19<\/time><\/div>\n<\/li><\/ul><\/div>\n","protected":false},"excerpt":{"rendered":"<p>Szemes P\u00e9ter H\u00e1rmas szellemi m\u00e9rf\u00f6ldk\u0151(F\u00fczi L\u00e1szl\u00f3 Fent s alant c\u00edm\u0171 k\u00f6nyv\u00e9r\u0151l) A t\u00f6bb \u00e9vtizedes szerkeszt\u0151ivel p\u00e1rhuzamosan fel\u00e9p\u00edtett elemz\u0151i-\u00e9rtelmez\u0151i \u00e9letm\u0171 term\u00e9szetes dinamik\u00e1ja, az \u00fajabb kutat\u00e1si eredm\u00e9nyek k\u00f6zread\u00e1s\u00e1nak sz\u00e1nd\u00e9ka mellett a jeles irodalomt\u00f6rt\u00e9n\u00e9sz sz\u00fclet\u00e9s\u00e9nek 70. \u00e9s N\u00e9meth L\u00e1szl\u00f3 hal\u00e1l\u00e1nak 50. \u00e9vfordul\u00f3ja is &hellip; <a href=\"https:\/\/opus-folyoirat.sk\/?page_id=17\">Egy kattint\u00e1s ide a folytat\u00e1shoz&#8230;. <span class=\"meta-nav\">&rarr;<\/span><\/a><\/p>\n","protected":false},"author":4,"featured_media":2450,"parent":0,"menu_order":5,"comment_status":"open","ping_status":"closed","template":"","meta":{"footnotes":""},"class_list":["post-17","page","type-page","status-publish","has-post-thumbnail","hentry"],"_links":{"self":[{"href":"https:\/\/opus-folyoirat.sk\/index.php?rest_route=\/wp\/v2\/pages\/17","targetHints":{"allow":["GET"]}}],"collection":[{"href":"https:\/\/opus-folyoirat.sk\/index.php?rest_route=\/wp\/v2\/pages"}],"about":[{"href":"https:\/\/opus-folyoirat.sk\/index.php?rest_route=\/wp\/v2\/types\/page"}],"author":[{"embeddable":true,"href":"https:\/\/opus-folyoirat.sk\/index.php?rest_route=\/wp\/v2\/users\/4"}],"replies":[{"embeddable":true,"href":"https:\/\/opus-folyoirat.sk\/index.php?rest_route=%2Fwp%2Fv2%2Fcomments&post=17"}],"version-history":[{"count":198,"href":"https:\/\/opus-folyoirat.sk\/index.php?rest_route=\/wp\/v2\/pages\/17\/revisions"}],"predecessor-version":[{"id":4559,"href":"https:\/\/opus-folyoirat.sk\/index.php?rest_route=\/wp\/v2\/pages\/17\/revisions\/4559"}],"wp:featuredmedia":[{"embeddable":true,"href":"https:\/\/opus-folyoirat.sk\/index.php?rest_route=\/wp\/v2\/media\/2450"}],"wp:attachment":[{"href":"https:\/\/opus-folyoirat.sk\/index.php?rest_route=%2Fwp%2Fv2%2Fmedia&parent=17"}],"curies":[{"name":"wp","href":"https:\/\/api.w.org\/{rel}","templated":true}]}}