{"id":20,"date":"2023-09-25T09:05:00","date_gmt":"2023-09-25T09:05:00","guid":{"rendered":"http:\/\/opus-folyoirat.sk\/?page_id=20"},"modified":"2026-04-09T14:02:50","modified_gmt":"2026-04-09T12:02:50","slug":"a_het_verse","status":"publish","type":"page","link":"https:\/\/opus-folyoirat.sk\/?page_id=20","title":{"rendered":"Sz\u00e9p\u00edr\u00e1s"},"content":{"rendered":"\n<p class=\"has-medium-font-size\">Juh\u00e1sz Korn\u00e9lia<\/p>\n\n\n\n<p><strong>H\u00e1rom a magyar igazs\u00e1g<\/strong><\/p>\n\n\n\n<div class=\"wp-block-group is-nowrap is-layout-flex wp-container-core-group-is-layout-ad2f72ca wp-block-group-is-layout-flex\">\n<p>B\u00e1r j\u00f3magam m\u00e9g nem vizsg\u00e1ltam meg szem\u00e9lyesen ennek a n\u00e9pcsoportnak az\u00a0\u00e9letm\u00f3dj\u00e1t, de eljutott hozz\u00e1m a h\u00edr, hogy a Proxima Kentaurin\u00a0\u00e9lnek olyan l\u00e9nyek, a f\u00f6ldi Velociraptorokhoz hasonlatos fej\u0171, l\u00f3l\u00e1bakon j\u00e1r\u00f3\u00a0Raptaurok, akiknek nem l\u00e9tezik vil\u00e1gokon innen\u00a0\u00e9s t\u00fal \u00ednycsiklandoz\u00f3bb eledel, mint a f\u00f6ldi macsk\u00e1k. Mik\u00f6zben Nessthor j\u00f3l\u00a0\u00e9rz\u00e9kelhet\u0151 \u00f6sszpontos\u00edt\u00e1ssal kapkodta tekintet\u00e9t a\u00a0Macsk\u00e9t\u00e1m monitorjai k\u00f6zt, \u00fagy feszengtem, mint egy kiscica a\u00a0Raptaurok ketrec\u00e9ben.<\/p>\n\n\n\n<div class=\"wp-block-media-text has-media-on-the-right is-stacked-on-mobile\" style=\"grid-template-columns:auto 85%\"><div class=\"wp-block-media-text__content\">\n<p><\/p>\n<\/div><figure class=\"wp-block-media-text__media\"><img loading=\"lazy\" decoding=\"async\" width=\"553\" height=\"949\" src=\"http:\/\/opus-folyoirat.sk\/wp-content\/uploads\/2023\/08\/258880550_268418075216198_2405316671551790864_n.jpg\" alt=\"Juh\u00e1sz Korn\u00e9lia\" class=\"wp-image-829 size-full\" srcset=\"https:\/\/opus-folyoirat.sk\/wp-content\/uploads\/2023\/08\/258880550_268418075216198_2405316671551790864_n.jpg 553w, https:\/\/opus-folyoirat.sk\/wp-content\/uploads\/2023\/08\/258880550_268418075216198_2405316671551790864_n-175x300.jpg 175w\" sizes=\"auto, (max-width: 553px) 100vw, 553px\" \/><\/figure><\/div>\n<\/div>\n\n\n\n<p><\/p>\n\n\n\n<p>(<a href=\"https:\/\/opus-folyoirat.sk\/?page_id=5088\">olvass tov\u00e1bb<\/a>)<\/p>\n\n\n\n<p><\/p>\n\n\n\n<hr class=\"wp-block-separator has-alpha-channel-opacity is-style-wide\"\/>\n\n\n\n<p class=\"has-medium-font-size\">Bakonyi Istv\u00e1n versei<\/p>\n\n\n\n<p><strong>A nevek<\/strong><\/p>\n\n\n\n<div class=\"wp-block-group is-nowrap is-layout-flex wp-container-core-group-is-layout-ad2f72ca wp-block-group-is-layout-flex\">\n<div class=\"wp-block-group is-vertical is-layout-flex wp-container-core-group-is-layout-8cf370e7 wp-block-group-is-layout-flex\">\n<p>Jaj, a nevek! A nevek! A nevek!<\/p>\n\n\n\n<p>A sok\u00e1ig felejthetetlenek.<\/p>\n\n\n\n<div class=\"wp-block-group is-nowrap is-layout-flex wp-container-core-group-is-layout-ad2f72ca wp-block-group-is-layout-flex\">\n<p>A nevek, a nevek, a nevek, a nevek.<\/p>\n<\/div>\n\n\n\n<p>M\u00e1r nem felejthetetlenek.<\/p>\n\n\n\n<p>Bar\u00e1tok, kedvesek, ellenfelek.<\/p>\n\n\n\n<p>A nevek, a nevek, a nevek!<\/p>\n<\/div>\n\n\n\n<figure class=\"wp-block-image is-resized\"><img loading=\"lazy\" decoding=\"async\" width=\"1024\" height=\"576\" src=\"http:\/\/opus-folyoirat.sk\/wp-content\/uploads\/2025\/12\/Bakonyi-1024x576.jpg\" alt=\"\" class=\"wp-image-3302\" style=\"width:235px;height:auto\" srcset=\"https:\/\/opus-folyoirat.sk\/wp-content\/uploads\/2025\/12\/Bakonyi-1024x576.jpg 1024w, https:\/\/opus-folyoirat.sk\/wp-content\/uploads\/2025\/12\/Bakonyi-300x169.jpg 300w, https:\/\/opus-folyoirat.sk\/wp-content\/uploads\/2025\/12\/Bakonyi-768x432.jpg 768w, https:\/\/opus-folyoirat.sk\/wp-content\/uploads\/2025\/12\/Bakonyi-1536x864.jpg 1536w, https:\/\/opus-folyoirat.sk\/wp-content\/uploads\/2025\/12\/Bakonyi-2048x1152.jpg 2048w, https:\/\/opus-folyoirat.sk\/wp-content\/uploads\/2025\/12\/Bakonyi-500x281.jpg 500w\" sizes=\"auto, (max-width: 1024px) 100vw, 1024px\" \/><\/figure>\n<\/div>\n\n\n\n<p><\/p>\n\n\n\n<p>(<a href=\"https:\/\/opus-folyoirat.sk\/?page_id=5085\">olvass tov\u00e1bb<\/a>)<\/p>\n\n\n\n<hr class=\"wp-block-separator has-alpha-channel-opacity is-style-wide\"\/>\n\n\n\n<p class=\"has-medium-font-size\">S\u00e1m\u00e1n Kata<\/p>\n\n\n\n<p><strong>Sz\u00e1nt\u00e1s<\/strong><\/p>\n\n\n\n<div class=\"wp-block-group is-nowrap is-layout-flex wp-container-core-group-is-layout-ad2f72ca wp-block-group-is-layout-flex\">\n<p>Lassan lassan pirkadni kezdett. Kinyitottam a szemem&nbsp;\u00e9s az ablakon besz\u0171r\u0151d\u0151 halov\u00e1ny dereng\u00e9sben k\u00f6r\u00fcln\u00e9ztem. Abban a pillanatban megsz\u00f3lalt az els\u0151 kakas, majd a m\u00e1sodik, v\u00e9g\u00fcl sorban sorban egym\u00e1s ut\u00e1n a k\u00f6rny\u00e9k minden kakasa egym\u00e1st t\u00falsz\u00e1rnyalva akarta k\u00f6sz\u00f6nteni a hajnalt. \u00d3vatosan felkeltem, s abban rem\u00e9nykedtem, hogy ma el\u0151bb elk\u00e9sz\u00fcl\u00f6k mint ap\u00e1m. Csendben felvettem v\u00e1szoningemet, derekamra kanyar\u00edtottam a szokny\u00e1t, s l\u00e1bujjhegyen kiosontam&nbsp;&nbsp;a konyh\u00e1ba. Ap\u00e1m akkor l\u00e9pett&nbsp;&nbsp;be az ajt\u00f3n. Rajta nem lehetett t\u00faltenni, ak\u00e1rhogy igyekeztem, mindig megel\u0151z\u00f6tt.<\/p>\n\n\n\n<div class=\"wp-block-media-text is-stacked-on-mobile\" style=\"grid-template-columns:85% auto\"><figure class=\"wp-block-media-text__media\"><img loading=\"lazy\" decoding=\"async\" width=\"886\" height=\"1181\" src=\"https:\/\/opus-folyoirat.sk\/wp-content\/uploads\/2026\/01\/SamanKata.jpg\" alt=\"\" class=\"wp-image-4120 size-full\" srcset=\"https:\/\/opus-folyoirat.sk\/wp-content\/uploads\/2026\/01\/SamanKata.jpg 886w, https:\/\/opus-folyoirat.sk\/wp-content\/uploads\/2026\/01\/SamanKata-225x300.jpg 225w, https:\/\/opus-folyoirat.sk\/wp-content\/uploads\/2026\/01\/SamanKata-768x1024.jpg 768w\" sizes=\"auto, (max-width: 886px) 100vw, 886px\" \/><\/figure><div class=\"wp-block-media-text__content\">\n<p><\/p>\n<\/div><\/div>\n<\/div>\n\n\n\n<p><\/p>\n\n\n\n<p>(<a href=\"https:\/\/opus-folyoirat.sk\/?page_id=5071\">olvass tov\u00e1bb<\/a>)<\/p>\n\n\n\n<hr class=\"wp-block-separator has-alpha-channel-opacity is-style-wide\"\/>\n\n\n\n<p class=\"has-medium-font-size\">B\u00e1lint Erika<\/p>\n\n\n\n<p><strong>Tortakr\u00e9m<\/strong><\/p>\n\n\n\n<div class=\"wp-block-group is-nowrap is-layout-flex wp-container-core-group-is-layout-ad2f72ca wp-block-group-is-layout-flex\">\n<p>A h\u0171t\u0151 ajtaj\u00e1n m\u00e1gnes, alatta r\u00e9gi, napt\u00e1rb\u00f3l kit\u00e9pett lapon k\u00e9zzel \u00edrt bejegyz\u00e9s. Egyetlen sz\u00f3:&nbsp;<em>elfogad\u00e1s<\/em>. Ezzel bocs\u00e1totta el az orvos. Mostanra a filc elmaszatol\u00f3dott, az o bet\u0171, ak\u00e1r egy sz\u00fcrke t\u00f3. De nem az. Csak egy elromlott bet\u0171. A kredenc pultj\u00e1n ott felejtett tabletta. R\u00f3zsasz\u00edn, apr\u00f3&nbsp;k\u00f6r, mint egy kicsi k\u00f6r\u00f6m. Sz\u00e9p Ir\u00e9n a tenyer\u00e9be s\u00f6pri, a fi\u00f3kba haj\u00edtja.&nbsp;K\u00e9st vesz el\u0151, f\u00e9lbev\u00e1g egy citromot. Belecs\u00edp az illat \u2013 \u00f6sszer\u00e1ndul. A k\u00e9p nem ijeszt\u0151, csak ott van, mint a f\u00e9ny a mosogat\u00f3&nbsp;sz\u00e9l\u00e9n. A kicsi az asztaln\u00e1l \u00fcl, limon\u00e1d\u00e9t iszik, r\u00e1ncolja a sz\u00e1j\u00e1t.<\/p>\n\n\n\n<div class=\"wp-block-media-text is-stacked-on-mobile\" style=\"grid-template-columns:85% auto\"><figure class=\"wp-block-media-text__media\"><img loading=\"lazy\" decoding=\"async\" width=\"1039\" height=\"1312\" src=\"https:\/\/opus-folyoirat.sk\/wp-content\/uploads\/2026\/01\/BalintErika.jpg\" alt=\"\" class=\"wp-image-3536 size-full\" srcset=\"https:\/\/opus-folyoirat.sk\/wp-content\/uploads\/2026\/01\/BalintErika.jpg 1039w, https:\/\/opus-folyoirat.sk\/wp-content\/uploads\/2026\/01\/BalintErika-238x300.jpg 238w, https:\/\/opus-folyoirat.sk\/wp-content\/uploads\/2026\/01\/BalintErika-811x1024.jpg 811w, https:\/\/opus-folyoirat.sk\/wp-content\/uploads\/2026\/01\/BalintErika-768x970.jpg 768w\" sizes=\"auto, (max-width: 1039px) 100vw, 1039px\" \/><\/figure><div class=\"wp-block-media-text__content\">\n<p><\/p>\n<\/div><\/div>\n<\/div>\n\n\n\n<p><\/p>\n\n\n\n<p>(<a href=\"https:\/\/opus-folyoirat.sk\/?page_id=5043\">olvass tov\u00e1bb<\/a>)<\/p>\n\n\n\n<hr class=\"wp-block-separator has-alpha-channel-opacity is-style-wide\"\/>\n\n\n\n<p class=\"has-medium-font-size\">Szoll\u00e1th Mih\u00e1ly<\/p>\n\n\n\n<p><strong>Egyed\u00fcl<\/strong><\/p>\n\n\n\n<div class=\"wp-block-group is-nowrap is-layout-flex wp-container-core-group-is-layout-ad2f72ca wp-block-group-is-layout-flex\">\n<div class=\"wp-block-group is-vertical is-content-justification-left is-layout-flex wp-container-core-group-is-layout-c0ca7d81 wp-block-group-is-layout-flex\">\n<p><em>Hommage \u00e0&nbsp;<\/em><em>P. A.<\/em><em><\/em><\/p>\n\n\n\n<div class=\"wp-block-group is-nowrap is-layout-flex wp-container-core-group-is-layout-ad2f72ca wp-block-group-is-layout-flex\">\n<p>Mondom, hogy a n\u0151.<\/p>\n<\/div>\n\n\n\n<p>Beketrecez, bez\u00e1r, r\u00e1d se nyitja.<\/p>\n\n\n\n<div class=\"wp-block-group is-nowrap is-layout-flex wp-container-core-group-is-layout-ad2f72ca wp-block-group-is-layout-flex\">\n<p>N\u00e9zel fel a csillagokra,<\/p>\n<\/div>\n\n\n\n<p>s azt hiszed egyed\u00fcl vagy \u2013<\/p>\n\n\n\n<div class=\"wp-block-group is-nowrap is-layout-flex wp-container-core-group-is-layout-ad2f72ca wp-block-group-is-layout-flex\">\n<div class=\"wp-block-group is-content-justification-space-between is-nowrap is-layout-flex wp-container-core-group-is-layout-0dfbf163 wp-block-group-is-layout-flex\">\n<p>pedig val\u00f3ban egyed\u00fcl vagy.<\/p>\n<\/div>\n<\/div>\n<\/div>\n\n\n\n<div class=\"wp-block-media-text has-media-on-the-right is-stacked-on-mobile\" style=\"grid-template-columns:auto 45%\"><div class=\"wp-block-media-text__content\">\n<p><\/p>\n<\/div><figure class=\"wp-block-media-text__media\"><img loading=\"lazy\" decoding=\"async\" width=\"605\" height=\"378\" src=\"http:\/\/opus-folyoirat.sk\/wp-content\/uploads\/2026\/01\/szollath1.jpg\" alt=\"\" class=\"wp-image-3619 size-full\" srcset=\"https:\/\/opus-folyoirat.sk\/wp-content\/uploads\/2026\/01\/szollath1.jpg 605w, https:\/\/opus-folyoirat.sk\/wp-content\/uploads\/2026\/01\/szollath1-300x187.jpg 300w, https:\/\/opus-folyoirat.sk\/wp-content\/uploads\/2026\/01\/szollath1-480x300.jpg 480w\" sizes=\"auto, (max-width: 605px) 100vw, 605px\" \/><\/figure><\/div>\n<\/div>\n\n\n\n<p><\/p>\n\n\n\n<p>(<a href=\"https:\/\/opus-folyoirat.sk\/?page_id=5012\">olvass tov\u00e1bb<\/a>)<\/p>\n\n\n\n<hr class=\"wp-block-separator has-alpha-channel-opacity is-style-wide\"\/>\n\n\n\n<p class=\"has-medium-font-size\">Harmatos M\u00e1ria<\/p>\n\n\n\n<p><strong>Kis szarh\u00e1zi<\/strong><\/p>\n\n\n\n<div class=\"wp-block-group is-nowrap is-layout-flex wp-container-core-group-is-layout-ad2f72ca wp-block-group-is-layout-flex\">\n<p>A gyereket n\u00e9zte. Az \u00e1gy mellett \u00e1llt. Alig lehetett l\u00e1tni. A red\u0151ny kiz\u00e1rt minden f\u00e9nyt, csak a foly\u00f3s\u00f3r\u00f3l sz\u0171r\u0151d\u00f6tt be n\u00e9mi vil\u00e1goss\u00e1g. H\u00fclye kis szarh\u00e1zi. A gyerek szuszogott, kipirult az arca, a takar\u00f3t maga mell\u00e9&nbsp;gy\u0171rte. Nyoma sem volt rajta a f\u00e9l&nbsp;\u00f3r\u00e1val kor\u00e1bbi hisztinek.&nbsp;<\/p>\n\n\n\n<div class=\"wp-block-media-text is-stacked-on-mobile\" style=\"grid-template-columns:62% auto\"><figure class=\"wp-block-media-text__media\"><img loading=\"lazy\" decoding=\"async\" width=\"682\" height=\"1024\" src=\"http:\/\/opus-folyoirat.sk\/wp-content\/uploads\/2026\/01\/Harmatos_Maria_2025Aug-682x1024.jpg\" alt=\"\" class=\"wp-image-4395 size-full\" srcset=\"https:\/\/opus-folyoirat.sk\/wp-content\/uploads\/2026\/01\/Harmatos_Maria_2025Aug-682x1024.jpg 682w, https:\/\/opus-folyoirat.sk\/wp-content\/uploads\/2026\/01\/Harmatos_Maria_2025Aug-200x300.jpg 200w, https:\/\/opus-folyoirat.sk\/wp-content\/uploads\/2026\/01\/Harmatos_Maria_2025Aug-768x1152.jpg 768w, https:\/\/opus-folyoirat.sk\/wp-content\/uploads\/2026\/01\/Harmatos_Maria_2025Aug.jpg 787w\" sizes=\"auto, (max-width: 682px) 100vw, 682px\" \/><\/figure><div class=\"wp-block-media-text__content\">\n<p><\/p>\n<\/div><\/div>\n<\/div>\n\n\n\n<p>A gyerek. Mindig csak \u00edgy h\u00edvta. Mag\u00e1ban&nbsp;\u00e9s m\u00e1sok el\u0151tt is. Nehezen mondta ki a nev\u00e9t. Eszter. Ha hivatalos helyen meg kellett adnia, figyelnie kellett, hogy ne t\u00e9vessze el. Viktor adta neki. \u0150 elfogadta. Eleget tett a f\u00e9rfi k\u00e9r\u00e9s\u00e9nek. Azt hitte, ha teljes\u00edti, akkor marad. Gondoskodik r\u00f3la. Elj\u00f6n hozz\u00e1. H\u00fclye kis szarh\u00e1zi.<\/p>\n\n\n\n<p>(<a href=\"https:\/\/opus-folyoirat.sk\/?page_id=4996\">olvass tov\u00e1bb<\/a>)<\/p>\n\n\n\n<p><\/p>\n\n\n\n<hr class=\"wp-block-separator has-alpha-channel-opacity is-style-wide\"\/>\n\n\n<div class=\"wp-block-image\">\n<figure class=\"alignright size-large is-resized\"><img loading=\"lazy\" decoding=\"async\" width=\"768\" height=\"1024\" src=\"http:\/\/opus-folyoirat.sk\/wp-content\/uploads\/2026\/01\/Nemeth-Istvan-Peter-a-tapolcai-Malom-tonal-768x1024.jpg\" alt=\"\" class=\"wp-image-4448\" style=\"width:145px;height:auto\" srcset=\"https:\/\/opus-folyoirat.sk\/wp-content\/uploads\/2026\/01\/Nemeth-Istvan-Peter-a-tapolcai-Malom-tonal-768x1024.jpg 768w, https:\/\/opus-folyoirat.sk\/wp-content\/uploads\/2026\/01\/Nemeth-Istvan-Peter-a-tapolcai-Malom-tonal-225x300.jpg 225w, https:\/\/opus-folyoirat.sk\/wp-content\/uploads\/2026\/01\/Nemeth-Istvan-Peter-a-tapolcai-Malom-tonal.jpg 886w\" sizes=\"auto, (max-width: 768px) 100vw, 768px\" \/><\/figure><\/div>\n\n\n<p class=\"has-medium-font-size\">N\u00e9meth Istv\u00e1n P\u00e9ter versei<\/p>\n\n\n\n<p><strong>A bogl\u00e1ri m\u00f3l\u00f3n, megint<\/strong><\/p>\n\n\n\n<p>T\u00f6bb mint h\u00fasz&nbsp;\u00e9ve m\u00e1r, hogy itt j\u00e1rt\u00e1l, s az\u00f3ta<br>ki sem jutott\u00e1l a bogl\u00e1ri m\u00f3l\u00f3ra:<br><br>indul az&nbsp;\u00c9szaki partnak, majd v\u00e1ratlanul<br>Fony\u00f3d kett\u0151s tufa-k\u00fapja fel\u00e9&nbsp;kanyarul.<br><\/p>\n\n\n\n<p>(<a href=\"https:\/\/opus-folyoirat.sk\/?page_id=4972\" data-type=\"link\" data-id=\"https:\/\/opus-folyoirat.sk\/?page_id=4972\">olvass tov\u00e1bb<\/a>)<\/p>\n\n\n\n<hr class=\"wp-block-separator has-alpha-channel-opacity is-style-wide\"\/>\n\n\n\n<p class=\"has-medium-font-size\">Morva M\u00e1ty\u00e1s<\/p>\n\n\n\n<p><strong>Lesi-lesi az \u00fcveg alj\u00e1t<\/strong><\/p>\n\n\n<div class=\"wp-block-image\">\n<figure class=\"alignright size-large is-resized\"><img loading=\"lazy\" decoding=\"async\" width=\"768\" height=\"1024\" src=\"http:\/\/opus-folyoirat.sk\/wp-content\/uploads\/2025\/09\/Morva_kicsi-768x1024.jpg\" alt=\"\" class=\"wp-image-2642\" style=\"width:122px;height:auto\" srcset=\"https:\/\/opus-folyoirat.sk\/wp-content\/uploads\/2025\/09\/Morva_kicsi-768x1024.jpg 768w, https:\/\/opus-folyoirat.sk\/wp-content\/uploads\/2025\/09\/Morva_kicsi-225x300.jpg 225w, https:\/\/opus-folyoirat.sk\/wp-content\/uploads\/2025\/09\/Morva_kicsi-1152x1536.jpg 1152w, https:\/\/opus-folyoirat.sk\/wp-content\/uploads\/2025\/09\/Morva_kicsi-1536x2048.jpg 1536w, https:\/\/opus-folyoirat.sk\/wp-content\/uploads\/2025\/09\/Morva_kicsi.jpg 1772w\" sizes=\"auto, (max-width: 768px) 100vw, 768px\" \/><\/figure><\/div>\n\n\n<div class=\"wp-block-group is-nowrap is-layout-flex wp-container-core-group-is-layout-ad2f72ca wp-block-group-is-layout-flex\">\n<p>Ha apa ellen kellett,&nbsp;\u00f6ssze tudtunk fogni. Hi\u00e1ba mutatta meg, mit csin\u00e1ljunk a kertben, amint nem figyelt, elszaladtunk&nbsp;\u00e9s elb\u00fajtunk h\u00e1tul a farak\u00e1s m\u00f6g\u00f6tt. Azt\u00e1n amikor sok\u00e1ig nem j\u00f6tt, elindultunk kider\u00edteni hol marad. \u0150 sem a kertben dolgozott, a di\u00f3fa m\u00f6g\u00fcl l\u00e1ttuk a konyha ablak\u00e1n \u00e1t, hogy bent \u00fcl az asztaln\u00e1l. Visszafojtott l\u00e9legzettel lop\u00f3dztunk eg\u00e9szen az ajt\u00f3ig, plafonig tekert hanger\u0151n b\u00f6mb\u00f6lt a r\u00e1di\u00f3, \u00edgy nem volt neh\u00e9z dolgunk. Addigra ap\u00e1nak m\u00e1r se h\u00edre se hamva, k\u00f6zben a szivatty\u00fa is hangosan z\u00fagni kezdett.<\/p>\n<\/div>\n\n\n\n<p><\/p>\n\n\n\n<p>(<a href=\"https:\/\/opus-folyoirat.sk\/?page_id=4966\">olvass tov\u00e1bb<\/a>)<\/p>\n\n\n\n<hr class=\"wp-block-separator has-alpha-channel-opacity is-style-wide\"\/>\n\n\n\n<p class=\"has-medium-font-size\">T\u00fcske L\u00e1szl\u00f3 versei<\/p>\n\n\n\n<p><strong>Minden pestis<\/strong><\/p>\n\n\n\n<div class=\"wp-block-group is-vertical is-content-justification-left is-layout-flex wp-container-core-group-is-layout-c0ca7d81 wp-block-group-is-layout-flex\">\n<div class=\"wp-block-group is-nowrap is-layout-flex wp-container-core-group-is-layout-ad2f72ca wp-block-group-is-layout-flex\">\n<div class=\"wp-block-group is-vertical is-layout-flex wp-container-core-group-is-layout-8cf370e7 wp-block-group-is-layout-flex\">\n<p>K\u00edv\u00e1nhatod-e szeretteid veszt\u00e9t, mikor a hajnal v\u00e9rsz\u00edn\u0171re v\u00e1lt<\/p>\n\n\n\n<div class=\"wp-block-group is-nowrap is-layout-flex wp-container-core-group-is-layout-ad2f72ca wp-block-group-is-layout-flex\">\n<p>\u00e9s a f\u00fcst \u00fagy csap fel a hegyek f\u00f6l\u00e9, mint teuton keresztesek z\u00e1szl\u00f3ja,&nbsp;<\/p>\n<\/div>\n\n\n\n<div class=\"wp-block-group is-nowrap is-layout-flex wp-container-core-group-is-layout-ad2f72ca wp-block-group-is-layout-flex\">\n<p>kik rezzen\u00e9stelen&nbsp;\u00f6lnek meg asszonyt&nbsp;\u00e9s gyermeket.<\/p>\n<\/div>\n\n\n\n<p>\u00d3, mennyi f\u00e1jdalom lobog a f\u00e1kly\u00e1kkal, mennyi kapkod\u00f3&nbsp;jaj ver&nbsp;<\/p>\n\n\n\n<p>visszhangot benned a k\u00f6vek k\u00f6z\u00f6tt dideregve,&nbsp;<\/p>\n\n\n\n<p>hol az&nbsp;\u00e9j m\u00e9g a szerelmet is fekete p\u00e1nc\u00e9lba k\u00e9nyszer\u00edti.<\/p>\n\n\n\n<p><\/p>\n<\/div>\n\n\n\n<figure class=\"wp-block-image is-resized\"><img loading=\"lazy\" decoding=\"async\" width=\"1024\" height=\"683\" src=\"http:\/\/opus-folyoirat.sk\/wp-content\/uploads\/2025\/09\/TuskeLaszlo-1-1024x683.jpg\" alt=\"\" class=\"wp-image-2534\" style=\"width:175px;height:auto\" srcset=\"https:\/\/opus-folyoirat.sk\/wp-content\/uploads\/2025\/09\/TuskeLaszlo-1-1024x683.jpg 1024w, https:\/\/opus-folyoirat.sk\/wp-content\/uploads\/2025\/09\/TuskeLaszlo-1-300x200.jpg 300w, https:\/\/opus-folyoirat.sk\/wp-content\/uploads\/2025\/09\/TuskeLaszlo-1-768x512.jpg 768w, https:\/\/opus-folyoirat.sk\/wp-content\/uploads\/2025\/09\/TuskeLaszlo-1-450x300.jpg 450w, https:\/\/opus-folyoirat.sk\/wp-content\/uploads\/2025\/09\/TuskeLaszlo-1.jpg 1386w\" sizes=\"auto, (max-width: 1024px) 100vw, 1024px\" \/><\/figure>\n<\/div>\n<\/div>\n\n\n\n<p><\/p>\n\n\n\n<p>(<a href=\"https:\/\/opus-folyoirat.sk\/?page_id=4949\">olvass tov\u00e1bb<\/a>)<\/p>\n\n\n\n<hr class=\"wp-block-separator has-alpha-channel-opacity is-style-wide\"\/>\n\n\n\n<p class=\"has-medium-font-size\">Szeder R\u00e9ka<\/p>\n\n\n<div class=\"wp-block-image\">\n<figure class=\"alignright size-large is-resized\"><img loading=\"lazy\" decoding=\"async\" width=\"1024\" height=\"681\" src=\"http:\/\/opus-folyoirat.sk\/wp-content\/uploads\/2026\/01\/SzederReka-1024x681.jpg\" alt=\"\" class=\"wp-image-4388\" style=\"aspect-ratio:0.75;object-fit:cover;width:143px;height:auto\" srcset=\"https:\/\/opus-folyoirat.sk\/wp-content\/uploads\/2026\/01\/SzederReka-1024x681.jpg 1024w, https:\/\/opus-folyoirat.sk\/wp-content\/uploads\/2026\/01\/SzederReka-300x200.jpg 300w, https:\/\/opus-folyoirat.sk\/wp-content\/uploads\/2026\/01\/SzederReka-768x511.jpg 768w, https:\/\/opus-folyoirat.sk\/wp-content\/uploads\/2026\/01\/SzederReka-451x300.jpg 451w, https:\/\/opus-folyoirat.sk\/wp-content\/uploads\/2026\/01\/SzederReka.jpg 1452w\" sizes=\"auto, (max-width: 1024px) 100vw, 1024px\" \/><\/figure><\/div>\n\n\n<p><strong>Ezek a fr\u00e1nya hat\u00e1rok<\/strong><\/p>\n\n\n\n<p>Term\u00e9szetes \u00e9s norm\u00e1lis, ha traum\u00e1k hat\u00e1s\u00e1ra m\u00e1sk\u00e9nt kezd\u00fcnk viselkedni, mint ami eddig megszokott, elv\u00e1rt volt t\u0151l\u00fcnk t\u00e1rsadalmilag, mor\u00e1lisan. Aktu\u00e1lis k\u00f6zegeinkben mindig lesznek meg\u00e9rt\u0151 \u00e9s kev\u00e9sb\u00e9 meg\u00e9rt\u0151 szem\u00e9lyek is. Szerintem pedig mindent meg lehet \u00e9rteni, l\u00e1sd a m\u00e1s \u00e9let\u00e9ben t\u00f6rt\u00e9nt t\u00f6r\u00e9seket, traum\u00e1kat elfogadni, a f\u00e1jdalomra emp\u00e1ti\u00e1val tekinteni, de j\u00f3 magyar emberhez h\u0171en, ha fogalmazhatok \u00edgy \u2013 m\u00e1rpedig igen \u2013, az\u00e9rt a l\u00f3fasznak is van v\u00e9ge.<\/p>\n\n\n\n<p>(<a href=\"https:\/\/opus-folyoirat.sk\/?page_id=4438\">olvass tov\u00e1bb<\/a>)<\/p>\n\n\n\n<hr class=\"wp-block-separator has-alpha-channel-opacity is-style-wide\"\/>\n\n\n\n<p class=\"has-medium-font-size\">Hogya Gy\u00f6rgy<\/p>\n\n\n\n<p><strong>Konnekt\u00f3m<\/strong><\/p>\n\n\n<div class=\"wp-block-image\">\n<figure class=\"alignright size-large is-resized\"><img loading=\"lazy\" decoding=\"async\" width=\"1024\" height=\"1004\" src=\"http:\/\/opus-folyoirat.sk\/wp-content\/uploads\/2025\/09\/Hogya-1024x1004.jpg\" alt=\"\" class=\"wp-image-2625\" style=\"width:171px;height:auto\" srcset=\"https:\/\/opus-folyoirat.sk\/wp-content\/uploads\/2025\/09\/Hogya-1024x1004.jpg 1024w, https:\/\/opus-folyoirat.sk\/wp-content\/uploads\/2025\/09\/Hogya-300x294.jpg 300w, https:\/\/opus-folyoirat.sk\/wp-content\/uploads\/2025\/09\/Hogya-768x753.jpg 768w, https:\/\/opus-folyoirat.sk\/wp-content\/uploads\/2025\/09\/Hogya-306x300.jpg 306w, https:\/\/opus-folyoirat.sk\/wp-content\/uploads\/2025\/09\/Hogya.jpg 1304w\" sizes=\"auto, (max-width: 1024px) 100vw, 1024px\" \/><\/figure><\/div>\n\n\n<p>Rubin doktor munk\u00e1j\u00e1nak k\u00f6sz\u00f6nhet\u0151en t\u00edz-h\u00fasz \u00e9v m\u00falva \u2014 tal\u00e1n \u2014 meg\u00e9rtj\u00fck a muslinca agy m\u0171k\u00f6d\u00e9s\u00e9t. V\u00e9lem\u00e9nye szerint az emberi agy, az emberi tudat megismer\u00e9s\u00e9hez m\u00e9g legal\u00e1bb sz\u00e1z \u00e9v kutat\u00f3munk\u00e1ra van sz\u00fcks\u00e9g. &nbsp;<\/p>\n\n\n\n<p>Mi\u00e9rt ez a nagy \u00e9rdekl\u0151d\u00e9s? A tudom\u00e1nyos \u00e9rdekl\u0151d\u00e9sen t\u00fal egy\u00e9b meggondol\u00e1sok is vez\u00e9relnek benn\u00fcnket: Bolyg\u00f3nkon k\u00e9tmilli\u00e1rd embert \u00e9rintenek az elmebetegs\u00e9gek, s ugyanakkor botr\u00e1nyosan keveset tudunk az elme betegs\u00e9geir\u0151l. \u201e \u2013 Egyetlen olyan neurol\u00f3giai betegs\u00e9g sincs, amelyr\u0151l b\u00e1rki tudn\u00e1, hogy mif\u00e9le meghib\u00e1sod\u00e1s okozza, azaz melyik idegp\u00e1ly\u00e1val, melyik szinapszissal, melyik sejttel, melyik receptorral van baj.\u201d \u2013 hangzik a tudom\u00e1nyos kijelent\u00e9s. Az agy betegs\u00e9gei m\u00e1r a k\u00f6zelj\u00f6v\u0151ben a hazai brutt\u00f3 hazai \u00f6sszterm\u00e9k h\u00fasz sz\u00e1zal\u00e9k\u00e1val terhelhetik meg a vil\u00e1ggazdas\u00e1got! \u2014 mondja egy m\u00e1sik tud\u00f3s.&nbsp;<\/p>\n\n\n\n<p>(<a href=\"https:\/\/opus-folyoirat.sk\/?page_id=3961\" data-type=\"link\" data-id=\"https:\/\/opus-folyoirat.sk\/?page_id=3961\">olvass tov\u00e1bb<\/a>)<\/p>\n\n\n\n<hr class=\"wp-block-separator has-alpha-channel-opacity is-style-wide\"\/>\n\n\n\n<p class=\"has-medium-font-size\">Mur\u00e1nyi Zita<\/p>\n\n\n\n<p><strong>v\u00e9rmez\u0151<\/strong><\/p>\n\n\n<div class=\"wp-block-image\">\n<figure class=\"alignright size-full is-resized\"><a href=\"https:\/\/opus-folyoirat.sk\/wp-content\/uploads\/2026\/01\/Muranyi.jpg\"><img loading=\"lazy\" decoding=\"async\" width=\"640\" height=\"480\" src=\"http:\/\/opus-folyoirat.sk\/wp-content\/uploads\/2026\/01\/Muranyi.jpg\" alt=\"\" class=\"wp-image-4368\" style=\"aspect-ratio:1;object-fit:cover;width:157px;height:auto\" srcset=\"https:\/\/opus-folyoirat.sk\/wp-content\/uploads\/2026\/01\/Muranyi.jpg 640w, https:\/\/opus-folyoirat.sk\/wp-content\/uploads\/2026\/01\/Muranyi-300x225.jpg 300w, https:\/\/opus-folyoirat.sk\/wp-content\/uploads\/2026\/01\/Muranyi-400x300.jpg 400w\" sizes=\"auto, (max-width: 640px) 100vw, 640px\" \/><\/a><\/figure><\/div>\n\n\n<p>bok\u00e1ig<br>\u00e9r\u0151 v\u00edzben locsolom r\u00e1d a messzes\u00e9get<br>m\u00edg \u00e9n kicsurgok bel\u0151led mint<br>f\u00e1kb\u00f3l a f\u00e1jdalom borosty\u00e1nja<br>csak n\u00e9zem a t\u00fczet amiben a naplemente<br>f\u00fcrdet m\u00e9g sosem \u00e9reztem ennyire forr\u00f3nak<br>talpam alatt a f\u00e1radt f\u00f6ldcsom\u00f3kat \u00e9s a kezed<br>amikor v\u00e9gleg elenged a falev\u00e9l-csigoly\u00e1k<br>gerincoszlopp\u00e1 rendez\u0151dnek mintha egy m\u00e1sodik t\u00f6rzset <br>a f\u00e1kon repedt nagykab\u00e1t<br>fagy tizedeli a k\u00e9rget az \u00e1gak<br>szabad idegv\u00e9gz\u0151d\u00e9sek<br>t\u00e9ged a l\u00e1ng \u00f6lt\u00f6ztet<br>mint amikor az \u00ednyembe harapok<br>\u00e9s az \u0151sz<br>v\u00f6r\u00f6sre festi a fogak k\u00f6z\u00f6tti v\u00e9rmez\u0151t.<\/p>\n\n\n\n<p>(<a href=\"https:\/\/opus-folyoirat.sk\/?page_id=4433\">olvass tov\u00e1bb<\/a>)<\/p>\n\n\n\n<hr class=\"wp-block-separator has-alpha-channel-opacity is-style-wide\"\/>\n\n\n\n<p class=\"has-medium-font-size\">Ol\u00e1h Andr\u00e1s versei<\/p>\n\n\n\n<p><strong>szemtan\u00fa<\/strong><\/p>\n\n\n<div class=\"wp-block-image\">\n<figure class=\"alignright size-large is-resized\"><img loading=\"lazy\" decoding=\"async\" width=\"682\" height=\"1024\" src=\"http:\/\/opus-folyoirat.sk\/wp-content\/uploads\/2026\/01\/Olah_Andras-682x1024.jpg\" alt=\"\" class=\"wp-image-4350\" style=\"width:143px;height:auto\" srcset=\"https:\/\/opus-folyoirat.sk\/wp-content\/uploads\/2026\/01\/Olah_Andras-682x1024.jpg 682w, https:\/\/opus-folyoirat.sk\/wp-content\/uploads\/2026\/01\/Olah_Andras-200x300.jpg 200w, https:\/\/opus-folyoirat.sk\/wp-content\/uploads\/2026\/01\/Olah_Andras-768x1152.jpg 768w, https:\/\/opus-folyoirat.sk\/wp-content\/uploads\/2026\/01\/Olah_Andras.jpg 787w\" sizes=\"auto, (max-width: 682px) 100vw, 682px\" \/><\/figure><\/div>\n\n\n<p>folyond\u00e1rk\u00e9nt<br>kapaszkodik bel\u00e9d a m\u00falt<br>mint amikor sark\u00e1ig kitaposott <br>cip\u0151dben futott\u00e1l<br>s azt\u00e1n egy elhagyott utcav\u00e9gen<br>a v\u00e9res z\u00e1szl\u00f3selyembe<br>burkolt halottak l\u00e1tt\u00e1n<br>dermedten f\u00e9lre\u00e1llt\u00e1l<br>s engedelmesen f\u00e9lre\u00e1llsz az\u00f3ta is&#8230; <br>eln\u00e9multak a templomi orgon\u00e1k <br>mindennek v\u00e9ge<br>Isten piros lapot kapott<br>\u00e9s mag\u00e1nyosan gubbaszt a cserepadon<\/p>\n\n\n\n<p>(<a href=\"https:\/\/opus-folyoirat.sk\/?page_id=4429\">olvass tov\u00e1bb<\/a>)<\/p>\n\n\n\n<hr class=\"wp-block-separator has-alpha-channel-opacity is-style-wide\"\/>\n\n\n\n<p class=\"has-medium-font-size\">Nagy Erika<\/p>\n\n\n\n<p><strong>Id\u0151s primipara<\/strong><\/p>\n\n\n<div class=\"wp-block-image\">\n<figure class=\"alignright size-large is-resized\"><img loading=\"lazy\" decoding=\"async\" width=\"1024\" height=\"682\" src=\"http:\/\/opus-folyoirat.sk\/wp-content\/uploads\/2023\/11\/01_NagyErika-1024x682.jpg\" alt=\"\" class=\"wp-image-988\" style=\"width:209px;height:auto\" srcset=\"https:\/\/opus-folyoirat.sk\/wp-content\/uploads\/2023\/11\/01_NagyErika-1024x682.jpg 1024w, https:\/\/opus-folyoirat.sk\/wp-content\/uploads\/2023\/11\/01_NagyErika-300x200.jpg 300w, https:\/\/opus-folyoirat.sk\/wp-content\/uploads\/2023\/11\/01_NagyErika-768x512.jpg 768w, https:\/\/opus-folyoirat.sk\/wp-content\/uploads\/2023\/11\/01_NagyErika-1536x1024.jpg 1536w, https:\/\/opus-folyoirat.sk\/wp-content\/uploads\/2023\/11\/01_NagyErika-2048x1365.jpg 2048w, https:\/\/opus-folyoirat.sk\/wp-content\/uploads\/2023\/11\/01_NagyErika-450x300.jpg 450w\" sizes=\"auto, (max-width: 1024px) 100vw, 1024px\" \/><\/figure><\/div>\n\n\n<p>Az Ipolyszak\u00e1llosi Medd\u0151s\u00e9gi Bet\u00e9ti T\u00e1rsas\u00e1g 2012. \u00e9vi rendhagy\u00f3 tiszt\u00faj\u00edt\u00f3 k\u00f6zgy\u0171l\u00e9s\u00e9n nem mindennapi esem\u00e9ny borzolta fel az am\u00fagy teljesen h\u00e9tk\u00f6znapi \u00e9letet \u00e9l\u0151 helybeliek mindennapi \u00e9let\u00e9t. Minden azzal kezd\u0151d\u00f6tt, hogy a harminc \u00e9ve eln\u00f6kl\u0151 Permangan\u00e1t Jol\u00e1n bejelentette, hogy azonnali hat\u00e1llyal lemond tiszts\u00e9g\u00e9r\u0151l, mivel t\u00f6bb mint h\u00e1rom \u00e9vtizede tart\u00f3 h\u00e1zass\u00e1g ut\u00e1n sz\u00edve alatt hordja els\u0151sz\u00fcl\u00f6tt magzat\u00e1t. Miut\u00e1n bizonyoss\u00e1 v\u00e1lt az \u00f6r\u00f6mteljes gyermek\u00e1ld\u00e1s, els\u0151 gondolata az volt, hogy nyilv\u00e1n a osszan tart\u00f3 \u00f6r\u00f6k\u00f6s h\u0151m\u00e9r\u0151z\u00e9s okozta higanym\u00e9rgez\u00e9s \u0171z vele tr\u00e9f\u00e1t, de hamar r\u00e1j\u00f6tt, hogy nem, hanem egy csodaszer, a Humuskus Baradla tette sz\u00e1m\u00e1ra lehet\u0151v\u00e9 azt, hogy \u00e1t\u00e9lje az \u00e1t\u00e9lhetetlennek v\u00e9lt boldogs\u00e1got. Meg egy neves, k\u00fclf\u00f6ldre emigr\u00e1lt magyar k\u00f6lt\u0151, Ts\u00fasz\u00f3 S\u00e1ndor. Arra, hogy mi k\u00f6ze van az irodalomnak Permangan\u00e1t Jol\u00e1n \u00e1ldott \u00e1llapot\u00e1hoz, egyszer\u0171 a v\u00e1lasz. Az \u00e9gvil\u00e1gon semmi. A Lumbrikus Terrestrisnek viszont ann\u00e1l ink\u00e1bb. Nem kell semmi rosszra gondolni, Jol\u00e1n asszony nem csalta meg j\u00f3ban, rosszban mellette kitart\u00f3 f\u00e9rj\u00e9t, csup\u00e1n hitt annak az embernek a pirul\u00e1j\u00e1ban, aki hossz\u00fa \u00e9veket t\u00f6lt\u00f6tt el Peruban, hogy felfedezze a var\u00e1zslatos \u00e9s misztikus Machu Picchut. Az ottani asszonyok k\u00f6r\u00e9ben akkora n\u00e9pszer\u0171s\u00e9gre tett szert szerelmes verseivel, hogy azok a l\u00e1ba el\u00e9 borulva halmozt\u00e1k el mindenf\u00e9le aj\u00e1nd\u00e9kkal.<\/p>\n\n\n\n<p>(<a href=\"https:\/\/opus-folyoirat.sk\/?page_id=3897\" data-type=\"link\" data-id=\"https:\/\/opus-folyoirat.sk\/?page_id=3897\">olvass tov\u00e1bb<\/a>)<\/p>\n\n\n\n<hr class=\"wp-block-separator has-alpha-channel-opacity is-style-wide\"\/>\n\n\n\n<p class=\"has-medium-font-size\">Fellinger K\u00e1roly<\/p>\n\n\n\n<p><strong>Hal\u00e1szh\u00e1l\u00f3<\/strong><\/p>\n\n\n\n<div class=\"wp-block-group is-vertical is-layout-flex wp-container-core-group-is-layout-8cf370e7 wp-block-group-is-layout-flex\">\n<p>Az elv\u00e1r\u00e1sok, mint a hal\u00e1szh\u00e1l\u00f3<\/p>\n\n\n\n<p>apr\u00f3 n\u00e9gyzetei. A k\u00f6lt\u0151 v\u00e1r, ki-<\/p>\n\n\n\n<p>fogja az akv\u00e1rium nem l\u00e9tez\u0151<\/p>\n\n\n\n<p>sz\u00f6rny\u00e9t, sz\u00e1j\u00e1ba r\u00e1gva a mindig<\/p>\n<\/div>\n\n\n\n<p>(<a href=\"https:\/\/opus-folyoirat.sk\/?page_id=4570\">olvass tov\u00e1bb<\/a>)<\/p>\n\n\n\n<hr class=\"wp-block-separator has-alpha-channel-opacity is-style-wide\"\/>\n\n\n\n<p class=\"has-medium-font-size\">Hogya Gy\u00f6rgy<\/p>\n\n\n\n<p><strong>REVOLVER<\/strong><\/p>\n\n\n<div class=\"wp-block-image\">\n<figure class=\"alignright size-large is-resized\"><img loading=\"lazy\" decoding=\"async\" width=\"1024\" height=\"1004\" src=\"http:\/\/opus-folyoirat.sk\/wp-content\/uploads\/2025\/09\/Hogya-1024x1004.jpg\" alt=\"\" class=\"wp-image-2625\" style=\"width:171px;height:auto\" srcset=\"https:\/\/opus-folyoirat.sk\/wp-content\/uploads\/2025\/09\/Hogya-1024x1004.jpg 1024w, https:\/\/opus-folyoirat.sk\/wp-content\/uploads\/2025\/09\/Hogya-300x294.jpg 300w, https:\/\/opus-folyoirat.sk\/wp-content\/uploads\/2025\/09\/Hogya-768x753.jpg 768w, https:\/\/opus-folyoirat.sk\/wp-content\/uploads\/2025\/09\/Hogya-306x300.jpg 306w, https:\/\/opus-folyoirat.sk\/wp-content\/uploads\/2025\/09\/Hogya.jpg 1304w\" sizes=\"auto, (max-width: 1024px) 100vw, 1024px\" \/><\/figure><\/div>\n\n\n<p>Vas\u00e1rnap reggeli hangulatban \u00fcld\u00f6g\u00e9lt\u00fcnk a konyh\u00e1ban, ahol m\u00e9g \u00e9rezni lehetett a kaka\u00f3 illat\u00e1t, l\u00e1nyaim pedig pizsam\u00e1ban \u00e9lvezt\u00e9k a sz\u00fcnid\u0151 boldog\u00edt\u00f3 \u00e9rz\u00e9s\u00e9t. \u00c1lmaikat mes\u00e9lt\u00e9k. A red\u0151ny\u00f6n kereszt\u00fcl s\u00e1rg\u00e1s cs\u00edkok lopakodtak a sz\u0151nyegre, s \u00e9n arr\u00f3l pr\u00f3b\u00e1ltam \u0151ket meggy\u0151zni, hogy \u00e1lmaik mennyire \u00f6sszef\u00fcgg\u00e9sben vannak mindazzal, amit a t\u00e9v\u00e9ben l\u00e1ttak. Komoly vita alakult ki, amely nem is arr\u00f3l sz\u00f3lt, re\u00e1lisak-e az \u00e9n \u00e9szrev\u00e9teleim, hanem ink\u00e1bb \u2013 bizonyos n\u0151i rafin\u00e1lts\u00e1ggal \u2013 arr\u00f3l, hogy betilthatom-e az esti t\u00e9v\u00e9z\u00e9st a rossz \u00e1lmok miatt. \u201eBiztosan sokat \u00e9s nehezet vacsor\u00e1ztunk\u201d \u2013 hangzott r\u00e9sz\u00fckr\u0151l a nem \u00e9ppen eredeti \u00e9rvel\u00e9s. \u201eAkkor is csak arr\u00f3l \u00e1lmodhattok, amit m\u00e1r l\u00e1ttatok\u201d \u00e9rveltem \u00e1llhatatosan. \u2013 Ha nem n\u00e9zn\u00e9tek eff\u00e9le sz\u00f6rny\u0171s\u00e9geket, \u00e1lmotokban sem forduln\u00e1nak el\u0151. Hiszen am\u00edg nem l\u00e1tt\u00e1l fantasztikus filmet nem is \u00e1lmodhatt\u00e1l uf\u00f3kr\u00f3l\u2026&nbsp;<\/p>\n\n\n\n<p>(<a href=\"https:\/\/opus-folyoirat.sk\/?page_id=4396\">olvass tov\u00e1bb<\/a>)<\/p>\n\n\n\n<hr class=\"wp-block-separator has-alpha-channel-opacity is-style-wide\"\/>\n\n\n\n<p class=\"has-medium-font-size\">Harmatos M\u00e1ria<\/p>\n\n\n\n<p><strong>Membr\u00e1n<\/strong><\/p>\n\n\n<div class=\"wp-block-image\">\n<figure class=\"alignright size-large is-resized\"><img loading=\"lazy\" decoding=\"async\" width=\"682\" height=\"1024\" src=\"https:\/\/opus-folyoirat.sk\/wp-content\/uploads\/2026\/01\/Harmatos_Maria_2025Aug-682x1024.jpg\" alt=\"\" class=\"wp-image-4395\" style=\"aspect-ratio:3\/4;object-fit:cover;width:146px;height:auto\" srcset=\"https:\/\/opus-folyoirat.sk\/wp-content\/uploads\/2026\/01\/Harmatos_Maria_2025Aug-682x1024.jpg 682w, https:\/\/opus-folyoirat.sk\/wp-content\/uploads\/2026\/01\/Harmatos_Maria_2025Aug-200x300.jpg 200w, https:\/\/opus-folyoirat.sk\/wp-content\/uploads\/2026\/01\/Harmatos_Maria_2025Aug-768x1152.jpg 768w, https:\/\/opus-folyoirat.sk\/wp-content\/uploads\/2026\/01\/Harmatos_Maria_2025Aug.jpg 787w\" sizes=\"auto, (max-width: 682px) 100vw, 682px\" \/><\/figure><\/div>\n\n\n<p>Sz\u00fcrke p\u00e9ntek reggel kezd\u0151d\u00f6tt. Felkelt a telefon \u00e9breszt\u0151j\u00e9re, elk\u00e9sz\u00edtette a k\u00e1v\u00e9t, fel\u00f6lt\u00f6z\u00f6tt, \u00f6sszeszedte a dolgait, sminkelt, kab\u00e1tot vett, \u00e9s elindult. Az els\u0151 megbesz\u00e9l\u00e9sre a kocsib\u00f3l jelentkezett be. A kihangos\u00edt\u00f3 zajsz\u0171r\u0151je nem m\u0171k\u00f6d\u00f6tt rendesen, a mikrofont megszok\u00e1sb\u00f3l automatikusan kikapcsolta. Az egyik l\u00e1mp\u00e1n\u00e1l bev\u00e1gtak el\u00e9, a f\u00e9kre taposott, k\u00e1romkodott. A kijelz\u0151re n\u00e9zett, az felismerve a hangj\u00e1t, \u00fczenetet k\u00fcld\u00f6tt, hogy n\u00e9ma a mikrofonja, k\u00edv\u00e1nja-e bekapcsolni. Hagyta elt\u0171nni az \u00e9rtes\u00edt\u00e9st. A munkahely\u00e9re bel\u00e9pve b\u00f3lintott k\u00f6sz\u00f6n\u00e9sk\u00e9ppen, \u00e9s felment az irod\u00e1j\u00e1ba. Becsukta az ajt\u00f3t, kinyitotta a laptopot, dolgozni kezdett. A gyakornok f\u00e9l \u00f3ra m\u00falva l\u00e9pett be hozz\u00e1, egy jegyz\u0151k\u00f6nyvet hozott. Letette az asztal\u00e1ra, \u0151 nem n\u00e9zett fel, biccentett, \u00e9s tov\u00e1bb g\u00e9pelt. A koll\u00e9ga p\u00e1r percig \u00e1lldog\u00e1lt az asztala el\u0151tt, azt\u00e1n motyogott valamit, hogy majd visszaj\u00f6n, meg fontos lenne, \u00e9s kih\u00e1tr\u00e1lt a szob\u00e1b\u00f3l.<\/p>\n\n\n\n<p>(<a href=\"https:\/\/opus-folyoirat.sk\/?page_id=4393\">olvass tov\u00e1bb<\/a>)<\/p>\n\n\n\n<hr class=\"wp-block-separator has-alpha-channel-opacity is-style-wide\"\/>\n\n\n\n<p class=\"has-medium-font-size\">Hogya Gy\u00f6rgy<\/p>\n\n\n\n<p><strong>Rejt\u0151zk\u00f6d\u0151<\/strong><\/p>\n\n\n<div class=\"wp-block-image\">\n<figure class=\"alignright size-large is-resized\"><img loading=\"lazy\" decoding=\"async\" width=\"1024\" height=\"1004\" src=\"http:\/\/opus-folyoirat.sk\/wp-content\/uploads\/2025\/09\/Hogya-1024x1004.jpg\" alt=\"\" class=\"wp-image-2625\" style=\"width:171px;height:auto\" srcset=\"https:\/\/opus-folyoirat.sk\/wp-content\/uploads\/2025\/09\/Hogya-1024x1004.jpg 1024w, https:\/\/opus-folyoirat.sk\/wp-content\/uploads\/2025\/09\/Hogya-300x294.jpg 300w, https:\/\/opus-folyoirat.sk\/wp-content\/uploads\/2025\/09\/Hogya-768x753.jpg 768w, https:\/\/opus-folyoirat.sk\/wp-content\/uploads\/2025\/09\/Hogya-306x300.jpg 306w, https:\/\/opus-folyoirat.sk\/wp-content\/uploads\/2025\/09\/Hogya.jpg 1304w\" sizes=\"auto, (max-width: 1024px) 100vw, 1024px\" \/><\/figure><\/div>\n\n\n<p>Az olvas\u00e1st kor\u00e1n reggel kezdte. K\u00fcl\u00f6n kis WC-k\u00f6nyvt\u00e1rat rendezett be mag\u00e1nak egy kis s\u00e1medlin \u00e9s a felette elhelyezett polcon, melyekr\u0151l kedve szerint v\u00e1logatta a r\u00e9gebben \u00e9s \u00fajonnan vett k\u00f6nyveket. N\u00e9ha esz\u00e9be jutott a kis, kalapos \u00f6regember, aki az \u00f3cskapiacon, r\u00f6gt\u00f6n a nagy vaskapu mellett, a hatalmas t\u0171zfal \u00e1rny\u00e9k\u00e1ban \u00e1rulta \u2014 vagy ahogyan \u0151 mondta: vesztegette \u2014 k\u00f6nyveit. A nagy s\u00e1rga pap\u00edrdobozokban feszesen sorakoztak Wodehouse, Mereskovszkij, Rolland, Mann, Hemingway \u00e9s a t\u00f6bbiek, m\u00edg a kis asztalk\u00e1n F\u00fclesek, Tolnaik \u00e9s egy\u00e9b \u00fajs\u00e1gok k\u00edn\u00e1lt\u00e1k magukat.<\/p>\n\n\n\n<p>De mindez r\u00e9gen t\u00f6rt\u00e9nt, az\u00f3ta nem t\u0151le v\u00e1s\u00e1rol.<\/p>\n\n\n\n<p><\/p>\n\n\n\n<p>(<a href=\"https:\/\/opus-folyoirat.sk\/?page_id=4390\">olvass tov\u00e1bb<\/a>)<\/p>\n\n\n\n<hr class=\"wp-block-separator has-alpha-channel-opacity is-style-wide\"\/>\n\n\n\n<p class=\"has-medium-font-size\">Szeder R\u00e9ka<\/p>\n\n\n\n<p><strong>Ahogyan r\u00e1d eml\u00e9kez\u00fcnk<\/strong><br><\/p>\n\n\n<div class=\"wp-block-image\">\n<figure class=\"alignright size-large is-resized\"><img loading=\"lazy\" decoding=\"async\" width=\"1024\" height=\"681\" src=\"https:\/\/opus-folyoirat.sk\/wp-content\/uploads\/2026\/01\/SzederReka-1024x681.jpg\" alt=\"\" class=\"wp-image-4388\" style=\"aspect-ratio:0.75;object-fit:cover;width:190px;height:auto\" srcset=\"https:\/\/opus-folyoirat.sk\/wp-content\/uploads\/2026\/01\/SzederReka-1024x681.jpg 1024w, https:\/\/opus-folyoirat.sk\/wp-content\/uploads\/2026\/01\/SzederReka-300x200.jpg 300w, https:\/\/opus-folyoirat.sk\/wp-content\/uploads\/2026\/01\/SzederReka-768x511.jpg 768w, https:\/\/opus-folyoirat.sk\/wp-content\/uploads\/2026\/01\/SzederReka-451x300.jpg 451w, https:\/\/opus-folyoirat.sk\/wp-content\/uploads\/2026\/01\/SzederReka.jpg 1452w\" sizes=\"auto, (max-width: 1024px) 100vw, 1024px\" \/><\/figure><\/div>\n\n\n<p>\u201eEgy nagyszer\u0171 f\u00e9rfit temett\u00fcnk ma. Egy olyan f\u00e9rfit, aki rengeteget tett a k\u00f6z\u00e9rt. Mindenki szerette, \u00e9s h\u00e1t \u0151 mindenkihez j\u00f3 volt. Kiv\u00e1l\u00f3 csal\u00e1dapa, j\u00f3 f\u00e9rj. Ezt az embert temetj\u00fck mi ma el. Lelke legyen k\u00f6nny\u0171, s legyen neki k\u00f6nny\u0171 e f\u00f6ld, ahov\u00e1 ker\u00fclt. Kedves testv\u00e9reim, most b\u00facs\u00fat vesz\u00fcnk Sz\u00e1ni Kriszti\u00e1n f\u00f6ldi tes- t\u00e9t\u0151l, de eml\u00e9ke \u00f6r\u00f6kk\u00f6n \u00f6r\u00f6kk\u00e9 \u00e9lni fog sz\u00edveinkben. Im\u00e1dkozzunk h\u00e1t ezekkel a sz\u00edvekkel, itt \u2013 mutat mellkas\u00e1ra, majd k\u00f6rbe, \u00f3vatosan, hogy ne legyen oly\u2019 heves, mint Elon \u2013, hogy Isten fogadja \u0151t be a mennyorsz\u00e1g kapuj\u00e1n \u00e1t a menny- orsz\u00e1gba, \u00e9s \u00f6r\u00f6k \u00e9letre \u00edt\u00e9lje ott, f\u00f6nn. Vigasztaljon h\u00e1t minket Isten, t\u00f6ltse ki t\u00e1tong\u00f3 lyukainkat, s \u00e1ldjon meg b\u00e9k\u00e9ben mindny\u00e1junkat, kik hisz\u00fcnk. \u00c1men.\u201d<\/p>\n\n\n\n<p>A fiatal pap leugr\u00e1lt a verand\u00e1r\u00f3l, a temet\u00e9s v\u00e9get \u00e9rt. A volt csal\u00e1dapa volt csa- l\u00e1dja borozik otthon a konyh\u00e1ban. Exneje, Erika, h\u00e1trahagyott, imm\u00e1ron feln\u0151tt gyermekei, Ferenc \u00e9s Mariett. Azt az\u00e9rt m\u00e9g tegy\u00fck hozz\u00e1, hogy Kriszti\u00e1n igen tisztess\u00e9ges kort \u00e9lt meg, nyolcvanhat \u00e9vesen t\u00e1vozott el k\u00f6z\u00fcl\u00fcnk, volt feles\u00e9ge, gyermekei anyja, pedig t\u00edz \u00e9vvel \u00e9s nyolc h\u00f3nappal volt fiatalabb n\u00e1la, ment\u00e1lis k\u00e9pess\u00e9gei pedig m\u00e9g nem kezdtek el hanyatlani. Frissen tartja mag\u00e1t, kor\u00e1hoz m\u00e9rten akt\u00edv \u00e9letet \u00e9l.<\/p>\n\n\n\n<p>(<a href=\"https:\/\/opus-folyoirat.sk\/?page_id=4385\">olvass tov\u00e1bb<\/a>)<\/p>\n\n\n\n<hr class=\"wp-block-separator has-alpha-channel-opacity is-style-wide\"\/>\n\n\n\n<p class=\"has-medium-font-size\">P\u00f3da Erzs\u00e9bet<\/p>\n\n\n\n<p><strong>Gy\u0171jtem\u00e9nyek<\/strong><\/p>\n\n\n<div class=\"wp-block-image\">\n<figure class=\"alignright size-large is-resized\"><img loading=\"lazy\" decoding=\"async\" width=\"686\" height=\"1024\" src=\"https:\/\/opus-folyoirat.sk\/wp-content\/uploads\/2026\/02\/PodaErzsebet5-686x1024.jpg\" alt=\"\" class=\"wp-image-4567\" style=\"aspect-ratio:0.75;object-fit:cover;width:182px;height:auto\" srcset=\"https:\/\/opus-folyoirat.sk\/wp-content\/uploads\/2026\/02\/PodaErzsebet5-686x1024.jpg 686w, https:\/\/opus-folyoirat.sk\/wp-content\/uploads\/2026\/02\/PodaErzsebet5-201x300.jpg 201w, https:\/\/opus-folyoirat.sk\/wp-content\/uploads\/2026\/02\/PodaErzsebet5-768x1146.jpg 768w, https:\/\/opus-folyoirat.sk\/wp-content\/uploads\/2026\/02\/PodaErzsebet5.jpg 908w\" sizes=\"auto, (max-width: 686px) 100vw, 686px\" \/><\/figure><\/div>\n\n\n<p>Bohumil Hrabal h\u0151s\u00e9vel, Pepin b\u00e1csival, a <em>S\u00f6rgy\u00e1ri capriccio<\/em> c\u00edm\u0171 filmben tal\u00e1lkoztam el\u0151sz\u00f6r \u00e9letemben. Nagyokat nevett\u00fcnk akkori bar\u00e1tommal a jeleneteken, amelyekben az \u0151t alak\u00edt\u00f3 Jarom\u00edr Hanzl\u00edk (magyar hangja Kern Andr\u00e1s) szerepelt. Az a bar\u00e1tom nagyon t\u00e1j\u00e9kozott volt, j\u00f3 csal\u00e1db\u00f3l sz\u00e1rmazott, olyasfajta sznob volt, aki ezt a v\u00e9gs\u0151kig tagadta, felmen\u0151it \u00e1lland\u00f3an kritiz\u00e1lta, \u0151 maga m\u00e9gsem tudott ebb\u0151l a besorol\u00e1sb\u00f3l kiszabadulni. Mindenesetre sok filmet megn\u00e9zt\u00fcnk, sokat csavarogtunk a v\u00e1rosban, hogy azt\u00e1n az eg\u00e9sz kapcsoltunk cs\u00fafos v\u00e9get \u00e9rjen.&nbsp;<\/p>\n\n\n\n<p><\/p>\n\n\n\n<p>(<a href=\"https:\/\/opus-folyoirat.sk\/?page_id=4564\">olvass tov\u00e1bb<\/a>)<\/p>\n\n\n\n<hr class=\"wp-block-separator has-alpha-channel-opacity is-style-wide\"\/>\n\n\n\n<p class=\"has-medium-font-size\">Hogya Gy\u00f6rgy<\/p>\n\n\n\n<p><strong>J\u00d3ZSIKA \u00c9S A K\u00d6VEK<\/strong><\/p>\n\n\n\n<div class=\"wp-block-group is-vertical is-layout-flex wp-container-core-group-is-layout-8cf370e7 wp-block-group-is-layout-flex\">\n<p>H\u00e1t persze, hogy nem \u00e9rtheted, mir\u0151l besz\u00e9lek! K\u00e9ptelens\u00e9g is lenne ezt megmagyar\u00e1zni mindazok ut\u00e1n, hogy eddig senki semmit sem tudott elfogadhat\u00f3an megmagyar\u00e1zni. Sem Kant az antin\u00f3mi\u00e1ival, sem Goethe a borosty\u00e1nba z\u00e1rt rovarjaival, sem Tagore a b\u00f3d\u00edt\u00f3 r\u00f3zsaillat\u00e1val, \u00e9s persze \u00e9n sem a h\u00fclye k\u00f6vemmel.<\/p>\n\n\n\n<p>M\u00e1rmint a vesek\u00f6vemmel\u2026<\/p>\n\n\n\n<p>De az\u00e9rt elmondom. Egyr\u00e9szt, mert nem el\u00e9g, ha egy \u00edr\u00f3 csak tisztess\u00e9ggel megfigyeli az igazs\u00e1got, n\u00e9ha tennie is kell valamit \u00e9rte, m\u00e1sr\u00e9szt pedig nagy b\u0171n lenne az igazs\u00e1g elhallgat\u00e1sa\u2026K\u00e9sz\u00fclj fel teh\u00e1t egy nagy szellem megnyilatkoz\u00e1s\u00e1ra, amely tal\u00e1n egy k\u00e9sz\u00fcl\u0151 m\u0171 kont\u00farjait t\u00e1rja el\u00e9d!<\/p>\n\n\n\n<p>Akkor, vas\u00e1rnap d\u00e9lut\u00e1n \u00e9pp lehangolt voltam, mint egy kult\u00farh\u00e1z zongor\u00e1ja, s egyik \u00edr\u00e1som felett medit\u00e1ltam, mikor kib\u00edrhatatlan f\u00e1jdalom jelentkezett a derekamban.&nbsp;<\/p>\n<\/div>\n\n\n\n<p>(<a href=\"https:\/\/opus-folyoirat.sk\/?page_id=4383\">olvass tov\u00e1bb<\/a>)<\/p>\n\n\n\n<hr class=\"wp-block-separator has-alpha-channel-opacity is-style-wide\"\/>\n\n\n\n<p class=\"has-medium-font-size\">Parragi Eszter versei<\/p>\n\n\n\n<p><strong>el<\/strong><strong>\u0151<\/strong><strong>tte-ut\u00e1na (volt egy ilyen)<\/strong><\/p>\n\n\n<div class=\"wp-block-image\">\n<figure class=\"alignright size-full is-resized\"><img loading=\"lazy\" decoding=\"async\" width=\"503\" height=\"754\" src=\"http:\/\/opus-folyoirat.sk\/wp-content\/uploads\/2026\/01\/Parragi.jpeg\" alt=\"\" class=\"wp-image-4314\" style=\"width:131px;height:auto\" srcset=\"https:\/\/opus-folyoirat.sk\/wp-content\/uploads\/2026\/01\/Parragi.jpeg 503w, https:\/\/opus-folyoirat.sk\/wp-content\/uploads\/2026\/01\/Parragi-200x300.jpeg 200w\" sizes=\"auto, (max-width: 503px) 100vw, 503px\" \/><\/figure><\/div>\n\n\n<p>a zaklatott k\u00e9t h\u00e9t itthon a szob\u00e1ban<br>eg\u00e9sz nap szoba, kimenni semmi kedv, eg\u00e9sz nap n\u00e9gy \u00f3ra van<br>el\u00e9g kin\u00e9zni a soha tavaszodni nem akar\u00f3 \u00e9gre<br>massz\u00edv, mozd\u00edthatatlan, szigor\u00fa hideg<br>k\u00e9rd\u00e9sek minden sarokban, k\u00f6r\u00fcl se n\u00e9zek ink\u00e1bb<br>ilyen k\u00f6r\u00fclm\u00e9nyek k\u00f6zt nem j\u00f3 olvasm\u00e1ny Dosztojevszkij<br><\/p>\n\n\n\n<p>(<a href=\"https:\/\/opus-folyoirat.sk\/?page_id=4379\">olvass tov\u00e1bb)<\/a><\/p>\n\n\n\n<hr class=\"wp-block-separator has-alpha-channel-opacity is-style-wide\"\/>\n\n\n\n<p class=\"has-medium-font-size\">Hogya Gy\u00f6rgy<\/p>\n\n\n\n<p><strong>J\u00e1t\u00e9k Hippokrat\u00e9sszal<\/strong><\/p>\n\n\n<div class=\"wp-block-image\">\n<figure class=\"alignright size-large is-resized\"><img loading=\"lazy\" decoding=\"async\" width=\"1024\" height=\"1004\" src=\"http:\/\/opus-folyoirat.sk\/wp-content\/uploads\/2025\/09\/Hogya-1024x1004.jpg\" alt=\"\" class=\"wp-image-2625\" style=\"width:171px;height:auto\" srcset=\"https:\/\/opus-folyoirat.sk\/wp-content\/uploads\/2025\/09\/Hogya-1024x1004.jpg 1024w, https:\/\/opus-folyoirat.sk\/wp-content\/uploads\/2025\/09\/Hogya-300x294.jpg 300w, https:\/\/opus-folyoirat.sk\/wp-content\/uploads\/2025\/09\/Hogya-768x753.jpg 768w, https:\/\/opus-folyoirat.sk\/wp-content\/uploads\/2025\/09\/Hogya-306x300.jpg 306w, https:\/\/opus-folyoirat.sk\/wp-content\/uploads\/2025\/09\/Hogya.jpg 1304w\" sizes=\"auto, (max-width: 1024px) 100vw, 1024px\" \/><\/figure><\/div>\n\n\n<div class=\"wp-block-group is-vertical is-layout-flex wp-container-core-group-is-layout-8cf370e7 wp-block-group-is-layout-flex\">\n<p>A n\u00e9gy idegen d\u00e9lel\u0151tt \u00e9rkezett a v\u00e1rosba. Idegen m\u00e1rk\u00e1j\u00fa aut\u00f3jukkal az \u00e1ruh\u00e1z el\u0151tti parkol\u00f3 betonlapjain parkoltak le, \u00e9s a v\u00f6r\u00f6s inges vezet\u0151 meg a mellette \u00fcl\u0151 fekete szokny\u00e1s n\u0151 sz\u00e1llt ki \u00e9rdekl\u0151dni. Els\u0151k\u00e9nt Vak Jancsival akadtak \u00f6ssze, aki f\u00e9nyesre koptatott kapukulcs\u00e1val a bank el\u0151tti korl\u00e1t mellett \u00e1lldog\u00e1lt. A padon \u00fcl\u0151 f\u00e9rfiak k\u00f6z\u00fcl az egyik r\u00f6gt\u00f6n fel\u00e1llt \u00e9s odament hozz\u00e1juk, s mik\u00f6zben magyar\u00e1zott, alaposan megn\u00e9zte mag\u00e1nak a n\u0151 melleit, melyek mintha megig\u00e9zt\u00e9k volna.<\/p>\n\n\n\n<p>Miut\u00e1n megtudt\u00e1k, amit akartak, a k\u00f6nyvesboltba t\u00e9rtek be, ahol t\u00f6bb k\u00f6nyvet is vettek. Egyikbe-m\u00e1sikba belelapoztak, b\u00e1r a n\u0151 ink\u00e1bb csak \u00e1tpergette a lapokat v\u00e9kony ujjai k\u00f6z\u00f6tt, s ink\u00e1bb a f\u00e9rfi volt az, akinek hosszabb id\u0151re volt sz\u00fcks\u00e9ge a d\u00f6nt\u00e9shez.<\/p>\n\n\n\n<p>\u2014 L\u00e1tod? \u2014 fordult a n\u0151h\u00f6z, \u00e9s a k\u00f6vetkez\u0151ket olvasta fel: \u2014 \u201eAz \u00e9let legnagyobb \u00f6r\u00f6me, ha valaki r\u00e1\u00e9bred, hogy \u00e9lete olyan c\u00e9lt szolg\u00e1l, amelynek \u0151 ismerte fel a nagys\u00e1g\u00e1t.\u201d<\/p>\n\n\n\n<p>\u2014 Igen \u2014 felelte a n\u0151, \u00e9s az el\u00e1rus\u00edt\u00f3n\u0151 biztat\u00f3an mosolygott r\u00e1juk. Abban a pillanatban mind a h\u00e1rman egyetlen pontra tekintettek, \u00e9s ez meleg meghitts\u00e9ggel t\u00f6lt\u00f6tte meg a helyis\u00e9get.<\/p>\n<\/div>\n\n\n\n<p>(<a href=\"https:\/\/opus-folyoirat.sk\/?page_id=4375\">olvass tov\u00e1bb<\/a>)<\/p>\n\n\n\n<hr class=\"wp-block-separator has-alpha-channel-opacity is-style-wide\"\/>\n\n\n\n<p class=\"has-medium-font-size\">Imolai Judit<\/p>\n\n\n\n<p><strong>K\u00e9ts\u00e9gek m\u00e9ly\u00e9n<\/strong><\/p>\n\n\n<div class=\"wp-block-image\">\n<figure class=\"alignright size-large is-resized\"><img loading=\"lazy\" decoding=\"async\" width=\"1024\" height=\"1024\" src=\"https:\/\/opus-folyoirat.sk\/wp-content\/uploads\/2026\/01\/ImolaiJuditPortre-1024x1024.jpeg\" alt=\"\" class=\"wp-image-4140\" style=\"width:171px;height:auto\" srcset=\"https:\/\/opus-folyoirat.sk\/wp-content\/uploads\/2026\/01\/ImolaiJuditPortre-1024x1024.jpeg 1024w, https:\/\/opus-folyoirat.sk\/wp-content\/uploads\/2026\/01\/ImolaiJuditPortre-300x300.jpeg 300w, https:\/\/opus-folyoirat.sk\/wp-content\/uploads\/2026\/01\/ImolaiJuditPortre-150x150.jpeg 150w, https:\/\/opus-folyoirat.sk\/wp-content\/uploads\/2026\/01\/ImolaiJuditPortre-768x768.jpeg 768w, https:\/\/opus-folyoirat.sk\/wp-content\/uploads\/2026\/01\/ImolaiJuditPortre.jpeg 1181w\" sizes=\"auto, (max-width: 1024px) 100vw, 1024px\" \/><\/figure><\/div>\n\n\n<p>A nappaliban a konyhaasztalon halv\u00e1ny cs\u00edkok, a red\u0151ny az alkonyat utols\u00f3 f\u00e9nys\u00e1vjait engedi be, furcs\u00e1n t\u00f6rnek meg a k\u00f6nyvkupacokon. Jegyzethalmok sorakoznak k\u00fcl\u00f6n-k\u00fcl\u00f6n csoportos\u00edtva, egy darab gy\u0171r\u00f6tt pap\u00edr zsebkend\u0151ben a faragott grafitceruz\u00e1k egym\u00e1sba tekerg\u0151z\u0151 maradv\u00e1nyai. Zita magasra tornyosul\u00f3 irodalomk\u00f6nyvei hossz\u00fa \u00e9jszak\u00e1t \u00edg\u00e9rnek.<\/p>\n\n\n\n<p>A l\u00e1ny berendezgeti a sorrendet, hogyan fogja falatonk\u00e9nt befogadni ezt a k\u00e1sahegyet. Azt\u00e1n ezzel meg is el\u00e9gedik, mint aki v\u00e9gzett, lassan fel\u00e1ll, \u00e1tn\u00e9z a szomsz\u00e9d szoba fel\u00e9. Keresztmama t\u00e1volinak t\u0171nik, a s\u00f6t\u00e9ted\u0151 f\u00e9nyeket m\u00e9g feket\u00e9bb\u00e9 teszi a sz\u00e1ja sark\u00e1ban l\u00f3g\u00f3 pipa f\u00fcstje. Ma nagyon belem\u00e9lyedt a sors vizsg\u00e1lat\u00e1ba, felv\u00e1ltva veszi kez\u00e9be a cig\u00e1nyk\u00e1rtya lapjait \u00e9s a krist\u00e1lyg\u00f6mb\u00f6t. Nem n\u00e9z kifel\u00e9, csak az el\u0151tte l\u00e9v\u0151 jelk\u00e9pekre \u00f6sszpontos\u00edt.<\/p>\n\n\n\n<p>(<a href=\"https:\/\/opus-folyoirat.sk\/?page_id=4137\">olvass tov\u00e1bb<\/a>)<\/p>\n\n\n\n<hr class=\"wp-block-separator has-alpha-channel-opacity is-style-wide\"\/>\n\n\n\n<p class=\"has-medium-font-size\">Hogya Gy\u00f6rgy<\/p>\n\n\n\n<p><strong>Istent l\u00e1tni, \u00e9s meghalni<\/strong><\/p>\n\n\n\n<p>\u2026\u00e9s amikor egy idegen h\u00e1z k\u00fcsz\u00f6b\u00e9hez \u00e9rek, mindig eszembe jut, ahogy&nbsp; Gayomart* elrejtett gy\u00e9m\u00e1ntj\u00e1t \u2014 az \u0151 lelk\u00e9t \u2014 kerestem. Az els\u0151 emberi lelket, amelyet itt, az \u00e9n sz\u00e1zadomban, az \u00e9n \u00e9letemben szerettem volna tetten \u00e9rni. Sajnos, csak \u00e1lmomban siker\u00fclt. Abban az \u00e1lmomban, amelyben egy hatalmas mad\u00e1r \u00fcld\u00f6g\u00e9lt a v\u00e1llamon \u00e9s rekedtes hangj\u00e1n azt vetette a szemre, hogy r\u00e9szeg vagyok. Pedig k\u00f6zben \u00fagy \u00e9reztem, k\u0151b\u0151l van a testem, \u00e9s k\u00e9ptelen vagyok megmozd\u00edtani ak\u00e1r a kisujjamat is.<\/p>\n\n\n\n<p>Igyekeztem az \u00e1lmot a lehet\u0151 legpontosabban lejegyezni, \u00e1m k\u00e9s\u0151bb elolvasva, ugyanazt \u00e9reztem, amit val\u00f3sz\u00edn\u0171leg te is \u00e9rzel, mik\u00f6zben ezeket a sorokat olvasod: A szavaknak \u00e9s gondolatoknak ezt a tetsz\u00e9s szerinti sorrendj\u00e9t, egy szerencs\u00e9tlen, hitehagyott l\u00e9lek synkretistikus eklektizmusa hozta l\u00e9tre.<\/p>\n\n\n\n<p><\/p>\n\n\n\n<p>(<a href=\"https:\/\/opus-folyoirat.sk\/?page_id=4371\">olvass tov\u00e1bb<\/a>)<\/p>\n\n\n\n<hr class=\"wp-block-separator has-alpha-channel-opacity is-style-wide\"\/>\n\n\n\n<p class=\"has-medium-font-size\">Mur\u00e1nyi Zita<\/p>\n\n\n<div class=\"wp-block-image\">\n<figure class=\"alignright size-full is-resized\"><a href=\"https:\/\/opus-folyoirat.sk\/wp-content\/uploads\/2026\/01\/Muranyi.jpg\"><img loading=\"lazy\" decoding=\"async\" width=\"640\" height=\"480\" src=\"https:\/\/opus-folyoirat.sk\/wp-content\/uploads\/2026\/01\/Muranyi.jpg\" alt=\"\" class=\"wp-image-4368\" style=\"width:151px;height:auto\" srcset=\"https:\/\/opus-folyoirat.sk\/wp-content\/uploads\/2026\/01\/Muranyi.jpg 640w, https:\/\/opus-folyoirat.sk\/wp-content\/uploads\/2026\/01\/Muranyi-300x225.jpg 300w, https:\/\/opus-folyoirat.sk\/wp-content\/uploads\/2026\/01\/Muranyi-400x300.jpg 400w\" sizes=\"auto, (max-width: 640px) 100vw, 640px\" \/><\/a><\/figure><\/div>\n\n\n<p><strong>ablak<\/strong><\/p>\n\n\n\n<p>\u00e9nekelj m\u00e9g valamit ahogy <br>a t\u00e9l zeng f\u00e1radt opusokat<br>a h\u00f3 olvad\u00e1s\u00e1val lassan te is <br>elvesz\u00edted a f\u00f3kuszpontokat<\/p>\n\n\n\n<p>(<a href=\"https:\/\/opus-folyoirat.sk\/?page_id=4366\">olvass tov\u00e1bb<\/a>)<\/p>\n\n\n\n<hr class=\"wp-block-separator has-alpha-channel-opacity is-style-wide\"\/>\n\n\n\n<p class=\"has-medium-font-size\">Hogya Gy\u00f6rgy<\/p>\n\n\n\n<p><strong>Hitetlen \u00e9s hiteltelen<\/strong><\/p>\n\n\n\n<p>A k\u00e9s halk pukkan\u00e1ssal k\u00eds\u00e9rve szelte \u00e1t a citrom h\u00e9j\u00e1t, v\u00e9gighaladt a rostok k\u00f6z\u00f6tt, k\u00f6zben savany\u00fa l\u00e9 fr\u00f6csk\u00f6lt el\u0151 a v\u00e1g\u00e1sb\u00f3l, majd koppan\u00e1s jelezte a v\u00e1g\u00f3deszk\u00e1n, hogy csukl\u00f3ban lefel\u00e9 kell mozd\u00edtani az imm\u00e1r csepeg\u0151 peng\u00e9t. A gy\u00fcm\u00f6lcs\u00f6t m\u00e9gsem siker\u00fcl t\u00f6k\u00e9letesen kett\u00e9szelni, a t\u00e9p\u00e9st\u0151l rec\u00e9s maradt az als\u00f3 szeg\u00e9lye.<\/p>\n\n\n\n<p>K\u00f6z\u00e9pen viszont k\u00e9t egyenl\u0151 r\u00e9szre v\u00e1gott citrommag t\u0171nt el\u0151.<\/p>\n\n\n\n<p>Egyetlen, kett\u00e9szelt citrommag.<\/p>\n\n\n\n<p><br>(<a href=\"https:\/\/opus-folyoirat.sk\/?page_id=4364\">olvass tov\u00e1bb<\/a>)<\/p>\n\n\n\n<hr class=\"wp-block-separator has-alpha-channel-opacity is-style-wide\"\/>\n\n\n\n<p class=\"has-medium-font-size\">B\u00e1lint Erika<\/p>\n\n\n<div class=\"wp-block-image\">\n<figure class=\"alignright size-large is-resized\"><img loading=\"lazy\" decoding=\"async\" width=\"1024\" height=\"768\" src=\"https:\/\/opus-folyoirat.sk\/wp-content\/uploads\/2026\/01\/balinterika3-1024x768.jpg\" alt=\"\" class=\"wp-image-4135\" style=\"width:219px;height:auto\" srcset=\"https:\/\/opus-folyoirat.sk\/wp-content\/uploads\/2026\/01\/balinterika3-1024x768.jpg 1024w, https:\/\/opus-folyoirat.sk\/wp-content\/uploads\/2026\/01\/balinterika3-300x225.jpg 300w, https:\/\/opus-folyoirat.sk\/wp-content\/uploads\/2026\/01\/balinterika3-768x576.jpg 768w, https:\/\/opus-folyoirat.sk\/wp-content\/uploads\/2026\/01\/balinterika3-400x300.jpg 400w, https:\/\/opus-folyoirat.sk\/wp-content\/uploads\/2026\/01\/balinterika3.jpg 1181w\" sizes=\"auto, (max-width: 1024px) 100vw, 1024px\" \/><\/figure><\/div>\n\n\n<p><strong>\u00c1tv\u00e1ltoz\u00e1s<\/strong><\/p>\n\n\n\n<p>Tal\u00e1lnak egy r\u00e9gi selyemruh\u00e1t. A ruh\u00e1sszekr\u00e9nyben, egy dobozban hever. Valamikor t\u00e1ncba vitt\u00e9k. Sz\u00ednh\u00e1zba. Parf\u00fcmillatot, p\u00e1rk\u00e1nyra k\u00f6ny\u00f6kl\u00e9st id\u00e9z. Az \u00f6v gy\u0171r\u00f6tt, a v\u00e1llr\u00e9szen kis reped\u00e9s. M\u00e1s id\u0151ben, m\u00e1s testre szabt\u00e1k.<\/p>\n\n\n\n<p>Felpr\u00f3b\u00e1lj\u00e1k.&nbsp;<\/p>\n\n\n\n<p>\u2013 Neked jobban \u00e1ll \u2013 mondja a l\u00e1ny.<\/p>\n\n\n\n<p>A t\u00fck\u00f6r el\u0151tt forognak. J\u00e1tszanak. Nevetnek.<\/p>\n\n\n\n<p>(<a href=\"https:\/\/opus-folyoirat.sk\/?page_id=4133\">olvass tov\u00e1bb<\/a>)<\/p>\n\n\n\n<hr class=\"wp-block-separator has-alpha-channel-opacity is-style-wide\"\/>\n\n\n\n<p class=\"has-medium-font-size\">Hogya Gy\u00f6rgy<\/p>\n\n\n<div class=\"wp-block-image\">\n<figure class=\"alignright size-large is-resized\"><img loading=\"lazy\" decoding=\"async\" width=\"1024\" height=\"1004\" src=\"http:\/\/opus-folyoirat.sk\/wp-content\/uploads\/2025\/09\/Hogya-1024x1004.jpg\" alt=\"\" class=\"wp-image-2625\" style=\"width:171px;height:auto\" srcset=\"https:\/\/opus-folyoirat.sk\/wp-content\/uploads\/2025\/09\/Hogya-1024x1004.jpg 1024w, https:\/\/opus-folyoirat.sk\/wp-content\/uploads\/2025\/09\/Hogya-300x294.jpg 300w, https:\/\/opus-folyoirat.sk\/wp-content\/uploads\/2025\/09\/Hogya-768x753.jpg 768w, https:\/\/opus-folyoirat.sk\/wp-content\/uploads\/2025\/09\/Hogya-306x300.jpg 306w, https:\/\/opus-folyoirat.sk\/wp-content\/uploads\/2025\/09\/Hogya.jpg 1304w\" sizes=\"auto, (max-width: 1024px) 100vw, 1024px\" \/><\/figure><\/div>\n\n\n<p><strong>Nem v\u00e1llalt val\u00f3s\u00e1gunk<\/strong><\/p>\n\n\n\n<div class=\"wp-block-group is-vertical is-layout-flex wp-container-core-group-is-layout-8cf370e7 wp-block-group-is-layout-flex\">\n<p>Duchamp \u2014 l\u00e9pcs\u0151n lefel\u00e9 l\u00e9peget\u0151 aktja<\/p>\n\n\n\n<p>Egy ideig ott d\u00edszelgett a sz\u00e1m\u00edt\u00f3g\u00e9pemen, mint h\u00e1tt\u00e9rk\u00e9p. Teh\u00e1t el\u00e9gszer l\u00e1ttam.<\/p>\n\n\n\n<p>Az ember nem is gondoln\u00e1, hogy meztelen n\u0151r\u0151l van sz\u00f3&#8230; ink\u00e1bb egy n\u0151 f\u0171z\u0151be k\u00e9nyszer\u00edtett teste sejlik ki a darabokra t\u00f6rt mozg\u00e1sb\u00f3l.<\/p>\n<\/div>\n\n\n\n<p>(<a href=\"https:\/\/opus-folyoirat.sk\/?page_id=3957\" data-type=\"link\" data-id=\"https:\/\/opus-folyoirat.sk\/?page_id=3957\">olvass tov\u00e1bb<\/a>)<\/p>\n\n\n\n<hr class=\"wp-block-separator has-alpha-channel-opacity is-style-wide\"\/>\n\n\n\n<p class=\"has-medium-font-size\">Fiala Ilona<\/p>\n\n\n\n<p><strong>Mobiltelefon<\/strong><\/p>\n\n\n<div class=\"wp-block-image\">\n<figure class=\"alignright size-full is-resized\"><img loading=\"lazy\" decoding=\"async\" width=\"213\" height=\"300\" src=\"http:\/\/opus-folyoirat.sk\/wp-content\/uploads\/2025\/12\/FialaIlona.jpeg\" alt=\"\" class=\"wp-image-3335\" style=\"aspect-ratio:3\/4;object-fit:cover;width:174px;height:auto\"\/><\/figure><\/div>\n\n\n<p>Jen\u0151 szeli a kilom\u00e9tereket hazafel\u00e9. Azon m\u00e9l\u00e1zik, hogy m\u00e1r nem szeret \u00fagy vezetni, mint r\u00e9gebben. \u00c9s f\u0151leg este esik nehez\u00e9re. De mit tehet? Ha egyszer be- lev\u00e1gott, m\u00e1r nem l\u00e9phet vissza. A felez\u0151vonalat figyelve folyton az a helyes, tizen\u00f6t \u00e9ves form\u00e1j\u00fa kisl\u00e1ny j\u00e1r a fej\u00e9ben. Bogi. \u00cdgy h\u00edvj\u00e1k. Nem tud szabadulni att\u00f3l, amit mondott: hogy \u0151 nem ruh\u00e1kat, hanem mobiltelefont szeretne. Hogy ruhaf\u00e9l\u00e9t rendszeresen kap a szomsz\u00e9dokt\u00f3l, rokonokt\u00f3l, ismer\u0151s\u00f6kt\u0151l. Meg j\u00e1t\u00e9kokat. Pedig azok m\u00e1r igaz\u00e1n nem kellenek neki. Ruh\u00e1t sem tud annyit viselni, amennyivel ell\u00e1tj\u00e1k. Nem akarja megs\u00e9rteni az adom\u00e1nyoz\u00f3kat, \u00edgy azt\u00e1n mindent elfogad, de m\u00e1r nem tud mit kezdeni a rengeteg ruhanem\u0171vel. Arr\u00f3l nem is besz\u00e9lve \u2013 ezt Jen\u0151 gondolja hozz\u00e1 Bogi szavaihoz \u2013, hogy az emberek szeretik \u00f6sszeszedni otthonukban az elny\u0171tt g\u00f6nc\u00f6ket (tisztelet a kiv\u00e9telnek \u2013 ezt is hozz\u00e1 kell tennie), amelyeket megmagyar\u00e1zhatatlan okok miatt sajn\u00e1lnak kidobni, \u00e9s leadj\u00e1k adom\u00e1nyk\u00e9nt.<\/p>\n\n\n\n<p><a href=\"https:\/\/opus-folyoirat.sk\/?page_id=4359\">(olvass tov\u00e1bb<\/a>)<\/p>\n\n\n\n<hr class=\"wp-block-separator has-alpha-channel-opacity is-style-wide\"\/>\n\n\n\n<p class=\"has-medium-font-size\">Hogya Gy\u00f6rgy<\/p>\n\n\n\n<p><strong>\u00c9LETRAJZ<\/strong><\/p>\n\n\n\n<div class=\"wp-block-group is-vertical is-layout-flex wp-container-core-group-is-layout-8cf370e7 wp-block-group-is-layout-flex\">\n<p><em><\/em>\u2013 Szeretn\u00e9m, ha ezt te \u00edrn\u00e1d meg \u2013 mondta a hetven\u00e9ves n\u0151k t\u00e1ntor\u00edthatatlan \u00e9s kiv\u00e9dhetetlen\u00fcl kedves hangj\u00e1n.<\/p>\n\n\n\n<p>F\u00fcl\u00f6p pedig tudta, mit jelent ez.<\/p>\n\n\n\n<p>A \u201eszeretn\u00e9m\u201d, azt jelenti, ragaszkodni fog a k\u00e9r\u00e9s\u00e9hez, mindaddig, m\u00edg meg nem gy\u0151zi \u0151t, vagy meg nem t\u00f6ri az ellen\u00e1ll\u00e1s\u00e1t. A kimondatlan \u00e9s pontosan meg nem fogalmazott \u201eezt\u201d, pedig a feladat bizalmas, senki m\u00e1sra \u00e1t nem ruh\u00e1zhat\u00f3 jelleg\u00e9t hat\u00e1rozta meg.<\/p>\n\n\n\n<p>K\u00f6r\u00fcln\u00e9zett a szob\u00e1ban, melynek b\u00fatorait gyermekkor\u00e1t\u00f3l ismerte. A falon egy (nem tudta mi\u00e9rt, de mag\u00e1ban meg volt gy\u0151z\u0151dve r\u00f3la, hogy egy k\u00f6z\u00e9pkori \u00e9s gal\u00edciai) v\u00e1ros piactere volt l\u00e1that\u00f3, nyomaszt\u00f3, kiss\u00e9 fakult sz\u00ednekkel megfestve, egy olyan v\u00e1sznon, amellyel ak\u00e1r egy eb\u00e9dl\u0151asztalt is be lehetett volna bor\u00edtani. Alatta egy r\u00e9gi, v\u00f6r\u00f6s villanyk\u00e1lyha szolg\u00e1lt mindenf\u00e9le \u00fajs\u00e1gnak, tank\u00f6nyvnek, gy\u00fcm\u00f6lcs\u00f6st\u00e1lnak \u00e9s varr\u00f3k\u00e9szletnek.<\/p>\n<\/div>\n\n\n\n<p><\/p>\n\n\n\n<p>(<a href=\"https:\/\/opus-folyoirat.sk\/?page_id=4357\">olvass tov\u00e1bb<\/a>)<\/p>\n\n\n\n<hr class=\"wp-block-separator has-alpha-channel-opacity is-style-wide\"\/>\n\n\n\n<p class=\"has-medium-font-size\">Nagy Erika<\/p>\n\n\n\n<p><strong>Nem k\u00e9rt, csak adott<\/strong><\/p>\n\n\n<div class=\"wp-block-image\">\n<figure class=\"alignright size-large is-resized\"><img loading=\"lazy\" decoding=\"async\" width=\"1024\" height=\"682\" src=\"http:\/\/opus-folyoirat.sk\/wp-content\/uploads\/2023\/11\/01_NagyErika-1024x682.jpg\" alt=\"\" class=\"wp-image-988\" style=\"width:209px;height:auto\" srcset=\"https:\/\/opus-folyoirat.sk\/wp-content\/uploads\/2023\/11\/01_NagyErika-1024x682.jpg 1024w, https:\/\/opus-folyoirat.sk\/wp-content\/uploads\/2023\/11\/01_NagyErika-300x200.jpg 300w, https:\/\/opus-folyoirat.sk\/wp-content\/uploads\/2023\/11\/01_NagyErika-768x512.jpg 768w, https:\/\/opus-folyoirat.sk\/wp-content\/uploads\/2023\/11\/01_NagyErika-1536x1024.jpg 1536w, https:\/\/opus-folyoirat.sk\/wp-content\/uploads\/2023\/11\/01_NagyErika-2048x1365.jpg 2048w, https:\/\/opus-folyoirat.sk\/wp-content\/uploads\/2023\/11\/01_NagyErika-450x300.jpg 450w\" sizes=\"auto, (max-width: 1024px) 100vw, 1024px\" \/><\/figure><\/div>\n\n\n<p>Kora reggel volt, a falu sz\u00e9p lassan \u00e9bredezett.&nbsp; Hossz\u00fa \u00e9s rendk\u00edv\u00fcl kimer\u00edt\u0151 \u00fatja v\u00e9g\u00e9n D\u00e9nes meg\u00e1llt kocsij\u00e1val a sz\u00fcl\u0151i h\u00e1z el\u0151tt, majd kisz\u00e1llt \u00e9s sz\u00e9tn\u00e9zett az ismer\u0151s t\u00e1jon. T\u00e9tov\u00e1n \u00e1llt az \u00e9p\u00fclet el\u0151tt. R\u00e9g j\u00e1rt itt.&nbsp;<\/p>\n\n\n\n<p>Hideg sz\u00e9l s\u00f6p\u00f6rt v\u00e9gig, fekete b\u0151rkab\u00e1tj\u00e1t f\u00e1z\u00f3san vonta \u00f6ssze mag\u00e1n. Nem mindennapi jelens\u00e9g volt, magas, sportos alkat\u00e1val, d\u00fas holl\u00f3fekete haj\u00e1val, meleg barna szemeivel sok n\u0151nek megdobogtatta a sz\u00edv\u00e9t.<\/p>\n\n\n\n<p>(<a href=\"https:\/\/opus-folyoirat.sk\/?page_id=3893\" data-type=\"link\" data-id=\"https:\/\/opus-folyoirat.sk\/?page_id=3893\">olvass tov\u00e1bb<\/a>)<\/p>\n\n\n\n<hr class=\"wp-block-separator has-alpha-channel-opacity is-style-wide\"\/>\n\n\n\n<p class=\"has-medium-font-size\">Hogya Gy\u00f6rgy<\/p>\n\n\n\n<p><strong>Baleset<\/strong><\/p>\n\n\n<div class=\"wp-block-image\">\n<figure class=\"alignright size-large is-resized\"><img loading=\"lazy\" decoding=\"async\" width=\"1024\" height=\"1004\" src=\"http:\/\/opus-folyoirat.sk\/wp-content\/uploads\/2025\/09\/Hogya-1024x1004.jpg\" alt=\"\" class=\"wp-image-2625\" style=\"aspect-ratio:0.75;object-fit:cover;width:144px;height:auto\" srcset=\"https:\/\/opus-folyoirat.sk\/wp-content\/uploads\/2025\/09\/Hogya-1024x1004.jpg 1024w, https:\/\/opus-folyoirat.sk\/wp-content\/uploads\/2025\/09\/Hogya-300x294.jpg 300w, https:\/\/opus-folyoirat.sk\/wp-content\/uploads\/2025\/09\/Hogya-768x753.jpg 768w, https:\/\/opus-folyoirat.sk\/wp-content\/uploads\/2025\/09\/Hogya-306x300.jpg 306w, https:\/\/opus-folyoirat.sk\/wp-content\/uploads\/2025\/09\/Hogya.jpg 1304w\" sizes=\"auto, (max-width: 1024px) 100vw, 1024px\" \/><\/figure><\/div>\n\n\n<p>B\u00e1rmennyire szerette volna, ha m\u00e1sk\u00e9nt lenn\u00e9nek a dolgok, ha \u0151 maga m\u00e1s lenne, vagy legal\u00e1bb meg\u00e9rz\u00e9sei nem nyomasztan\u00e1k, tudta, hogy ezen nem lehet v\u00e1ltoztatni.<\/p>\n\n\n\n<p>\u00c9ppen ez\u00e9rt menek\u00fclt. Menek\u00fclt a m\u00faltja el\u0151l, menek\u00fclt saj\u00e1t testi v\u00e1gyai el\u0151l a f\u00e9rfiak el\u0151l, a csal\u00e1dja el\u0151l \u00e9s az eg\u00e9sz vil\u00e1g el\u0151l. Ugyanakkor szerette meglesni a vil\u00e1got. Bekukkantott a nagyv\u00e1ros kanyarg\u00f3 utc\u00e1inak dufartjai al\u00e1, vas\u00e1rnapi szieszt\u00e1z\u00f3k \u00e9let\u00e9be, nyitott ablakokon \u00e1t kisz\u0171r\u0151d\u0151 hangokat cs\u00edpett el \u00e9s jegyzett meg, \u00e9s n\u00e9ha szerette volna meglesni saj\u00e1t mag\u00e1t is. Milyen \u00e9rdekes lenne l\u00e1tni mag\u00e1t \u00f6nkiel\u00e9g\u00edt\u00e9s k\u00f6zben! Vajon milyen lehet az arca, amikor nem tudja, m\u00e9g csaknem is sejti, hogy k\u00f6zben, mondjuk, lefilmezik?&nbsp; Vajon ott van-e mindaz a b\u00e1nat, a mag\u00e1ny a f\u00e1jdalom, amit mag\u00e1ban hordoz? \u00c9s milyen k\u00e9pet v\u00e1ghat, mikor kiel\u00e9g\u00fcl? A pillanatnyi \u00f6r\u00f6m, az el\u00e9gedetts\u00e9g vajon milyen mosolyt mesterk\u00e9l az arc\u00e1ra?<\/p>\n\n\n\n<p>\u00c1lland\u00f3an azzal a tudattal \u00e9lt, hogy \u0151t mag\u00e1t is megfigyelik.<\/p>\n\n\n\n<p><br>(<a href=\"https:\/\/opus-folyoirat.sk\/?page_id=4353\">olvass tov\u00e1bb<\/a>)<\/p>\n\n\n\n<hr class=\"wp-block-separator has-alpha-channel-opacity is-style-wide\"\/>\n\n\n\n<p class=\"has-medium-font-size\">Ol\u00e1h Andr\u00e1s<\/p>\n\n\n<div class=\"wp-block-image\">\n<figure class=\"alignright size-large is-resized\"><img loading=\"lazy\" decoding=\"async\" width=\"682\" height=\"1024\" src=\"https:\/\/opus-folyoirat.sk\/wp-content\/uploads\/2026\/01\/Olah_Andras-682x1024.jpg\" alt=\"\" class=\"wp-image-4350\" style=\"aspect-ratio:3\/4;object-fit:cover;width:156px;height:auto\" srcset=\"https:\/\/opus-folyoirat.sk\/wp-content\/uploads\/2026\/01\/Olah_Andras-682x1024.jpg 682w, https:\/\/opus-folyoirat.sk\/wp-content\/uploads\/2026\/01\/Olah_Andras-200x300.jpg 200w, https:\/\/opus-folyoirat.sk\/wp-content\/uploads\/2026\/01\/Olah_Andras-768x1152.jpg 768w, https:\/\/opus-folyoirat.sk\/wp-content\/uploads\/2026\/01\/Olah_Andras.jpg 787w\" sizes=\"auto, (max-width: 682px) 100vw, 682px\" \/><\/figure><\/div>\n\n\n<p><strong>t\u00fal\u00e9l\u0151<\/strong><\/p>\n\n\n\n<p>a sz\u00e1raz fahas\u00e1bok mosolyra <br>gy\u00faltak a kandall\u00f3ban<br>s a f\u00e9nyek testeden j\u00e1tszottak<\/p>\n\n\n\n<p>nem tudtam ki vagy<br>csak hasonl\u00edtott\u00e1l valakire<\/p>\n\n\n\n<p>az \u00e9jszaka forr\u00f3 volt \u00e9s moh\u00f3<br>a szomsz\u00e9dban kuty\u00e1k marakodtak <br>azt\u00e1n hideg lett hirtelen <br>\u00e9rthetetlen\u00fcl hideg<\/p>\n\n\n\n<p>mag\u00e1nyra \u00e9bredtem s a f\u00e1jdalomra <br>hogy ism\u00e9t csak egy t\u00fal\u00e9l\u0151 vagyok<\/p>\n\n\n\n<p>(<a href=\"https:\/\/opus-folyoirat.sk\/?page_id=4347\">olvass tov\u00e1bb<\/a>)<\/p>\n\n\n\n<hr class=\"wp-block-separator has-alpha-channel-opacity is-style-wide\"\/>\n\n\n\n<p class=\"has-medium-font-size\">Hogya Gy\u00f6rgy<\/p>\n\n\n\n<p><strong>A v\u00e1gy<\/strong><\/p>\n\n\n<div class=\"wp-block-image\">\n<figure class=\"alignright size-large is-resized\"><img loading=\"lazy\" decoding=\"async\" width=\"1024\" height=\"1004\" src=\"http:\/\/opus-folyoirat.sk\/wp-content\/uploads\/2025\/09\/Hogya-1024x1004.jpg\" alt=\"\" class=\"wp-image-2625\" style=\"aspect-ratio:0.75;object-fit:cover;width:144px;height:auto\" srcset=\"https:\/\/opus-folyoirat.sk\/wp-content\/uploads\/2025\/09\/Hogya-1024x1004.jpg 1024w, https:\/\/opus-folyoirat.sk\/wp-content\/uploads\/2025\/09\/Hogya-300x294.jpg 300w, https:\/\/opus-folyoirat.sk\/wp-content\/uploads\/2025\/09\/Hogya-768x753.jpg 768w, https:\/\/opus-folyoirat.sk\/wp-content\/uploads\/2025\/09\/Hogya-306x300.jpg 306w, https:\/\/opus-folyoirat.sk\/wp-content\/uploads\/2025\/09\/Hogya.jpg 1304w\" sizes=\"auto, (max-width: 1024px) 100vw, 1024px\" \/><\/figure><\/div>\n\n\n<p>Reggel furcsa \u00e9rz\u00e9ssel \u00e9bredt, \u00e9s eltartott egy ideig, m\u00edg rendezte a gondolatatait.&nbsp; Egyed\u00fcl van a lak\u00e1sban, feles\u00e9ge elutazott, fia az egyetemen, \u00e9s \u0151 ma \u00fcnnepli az \u00f6tvenedik sz\u00fclet\u00e9snapj\u00e1t.&nbsp; K\u00e9nyelmesen k\u00e9sz\u00fcl\u0151d\u00f6tt, legsz\u00edvesebben k\u00e9sve ment volna a munk\u00e1ba, s\u0151t mi t\u00f6bb, tal\u00e1n legjobb lett volna be sem menni, de a koll\u00e9g\u00e1ival megbesz\u00e9ltek egy kis \u00fcnneps\u00e9get, v\u00e1rhat\u00f3an aj\u00e1nd\u00e9kot is kap, \u00edgy m\u00e1r csak az illem is megk\u00edv\u00e1nta, hogy ott legyen. Borotv\u00e1lkoz\u00e1s k\u00f6zben a h\u00edreket hallgatta, de a m\u00e1r napok \u00f3ta k\u00f6r\u00f6z\u00f6tt sorozatgyilkos emleget\u00e9sekor kikapcsolta a r\u00e1di\u00f3t. M\u00e9g az id\u0151j\u00e1r\u00e1s-jelent\u00e9st sem v\u00e1rta meg. Az esti h\u00edrekb\u0151l tudta, hogy sz\u00e9p id\u0151 lesz.&nbsp;<\/p>\n\n\n\n<p>(<a href=\"https:\/\/opus-folyoirat.sk\/?page_id=4338\">olvass tov\u00e1bb<\/a>)<\/p>\n\n\n\n<hr class=\"wp-block-separator has-alpha-channel-opacity is-style-wide\"\/>\n\n\n\n<p class=\"has-medium-font-size\">Parragi Eszter<\/p>\n\n\n<div class=\"wp-block-image\">\n<figure class=\"alignright size-full is-resized\"><img loading=\"lazy\" decoding=\"async\" width=\"503\" height=\"754\" src=\"http:\/\/opus-folyoirat.sk\/wp-content\/uploads\/2026\/01\/Parragi.jpeg\" alt=\"\" class=\"wp-image-4314\" style=\"aspect-ratio:3\/4;object-fit:cover;width:137px;height:auto\" srcset=\"https:\/\/opus-folyoirat.sk\/wp-content\/uploads\/2026\/01\/Parragi.jpeg 503w, https:\/\/opus-folyoirat.sk\/wp-content\/uploads\/2026\/01\/Parragi-200x300.jpeg 200w\" sizes=\"auto, (max-width: 503px) 100vw, 503px\" \/><\/figure><\/div>\n\n\n<p><strong>n\u00e9gysoros<\/strong><\/p>\n\n\n\n<p>a kif\u00fajt p\u00e1ra alakja \u00e9s terjed\u00e9se!<br>terjed\u00e9si sebess\u00e9ge. s\u0171r\u0171s\u00e9ge. elt\u0171n\u00e9se.<br>ez voltam \u00e9n.<br>itt \u00e1lltam a zebra sz\u00e9l\u00e9n, \u00e9s sz\u00e9tf\u00fajtam magamat minden ir\u00e1nyba.<\/p>\n\n\n\n<p>(<a href=\"https:\/\/opus-folyoirat.sk\/?page_id=4344\">olvass tov\u00e1bb<\/a>)<\/p>\n\n\n\n<hr class=\"wp-block-separator has-alpha-channel-opacity is-style-wide\"\/>\n\n\n\n<p class=\"has-medium-font-size\">Hogya Gy\u00f6rgy<\/p>\n\n\n\n<p><strong>AZ \u00daT<\/strong><br><strong>I. r\u00e9sz \u2014 A K\u00e9ts\u00e9g<\/strong><\/p>\n\n\n<div class=\"wp-block-image\">\n<figure class=\"alignright size-large is-resized\"><img loading=\"lazy\" decoding=\"async\" width=\"1024\" height=\"1004\" src=\"http:\/\/opus-folyoirat.sk\/wp-content\/uploads\/2025\/09\/Hogya-1024x1004.jpg\" alt=\"\" class=\"wp-image-2625\" style=\"aspect-ratio:0.75;object-fit:cover;width:144px;height:auto\" srcset=\"https:\/\/opus-folyoirat.sk\/wp-content\/uploads\/2025\/09\/Hogya-1024x1004.jpg 1024w, https:\/\/opus-folyoirat.sk\/wp-content\/uploads\/2025\/09\/Hogya-300x294.jpg 300w, https:\/\/opus-folyoirat.sk\/wp-content\/uploads\/2025\/09\/Hogya-768x753.jpg 768w, https:\/\/opus-folyoirat.sk\/wp-content\/uploads\/2025\/09\/Hogya-306x300.jpg 306w, https:\/\/opus-folyoirat.sk\/wp-content\/uploads\/2025\/09\/Hogya.jpg 1304w\" sizes=\"auto, (max-width: 1024px) 100vw, 1024px\" \/><\/figure><\/div>\n\n\n<p>Miel\u0151tt \u00edr\u00e1sra adtam a fejemet, elhat\u00e1roztam, hogy mindaz, amit le\u00edrok, k\u00f6rnyezetemr\u0151l sz\u00f3l majd, amelyet \u2014 \u00fagy v\u00e9lem \u2014 meglehet\u0151en ismerek. Mindamellett, hogy tiszt\u00e1ban vagyok emberi gyarl\u00f3s\u00e1gommal, az egyh\u00e1z dics\u0151s\u00e9g\u00e9re elv\u00e9gzett munk\u00e1m \u00e9s hitem er\u0151t ad, hogy azokhoz sz\u00f3ljak, akik a bizonyoss\u00e1gr\u00f3l szeretn\u00e9nek hallani.<br>Bemutatkoz\u00e1sk\u00e9nt el kell \u00e1rulnom, hogy sokak \u00e1ltal megvetett, meg\u00e1tkozott \u00e9s rettenetesen f\u00e9lt ember vagyok.&nbsp;<br>Senki sem ismerheti jobban az emberi hit \u00e9s tagad\u00e1s t\u00f6retlen erej\u00e9t,&nbsp; a megalkuv\u00e1s \u00e9letreval\u00f3s\u00e1g\u00e1t, a k\u00ednz\u00e1sok f\u00e9lelemgerjeszt\u0151, embert \u00e9s lelket pr\u00f3b\u00e1l\u00f3 hat\u00e1s\u00e1t, mint \u00e9n. L\u00e1ttam hatalmas akaraterej\u0171 embereket, akik mosolyogva t\u0171rt\u00e9k a legkem\u00e9nyebb k\u00ednz\u00e1sokat, l\u00e1ttam embereket megt\u00f6rni \u00e9s s\u00edrva al\u00e1zkodni, \u00e9s l\u00e1ttam embereket, akikben a t\u00fal\u00e9l\u00e9si v\u00e1gy, az \u00e9lethez val\u00f3 ragaszkod\u00e1s mindenhez er\u0151t adott.<\/p>\n\n\n\n<p><br>(<a href=\"https:\/\/opus-folyoirat.sk\/?page_id=4340\">olvass tov\u00e1bb<\/a>)<\/p>\n\n\n\n<hr class=\"wp-block-separator has-alpha-channel-opacity is-style-wide\"\/>\n\n\n\n<p class=\"has-medium-font-size\">Mester Gy\u00f6rgyi<\/p>\n\n\n\n<p><strong>Zsuzsanna \u00e9s a v\u00e9nek<\/strong><\/p>\n\n\n<div class=\"wp-block-image\">\n<figure class=\"alignright size-full is-resized\"><img loading=\"lazy\" decoding=\"async\" width=\"295\" height=\"392\" src=\"https:\/\/opus-folyoirat.sk\/wp-content\/uploads\/2026\/01\/MesterGy.jpg\" alt=\"\" class=\"wp-image-4130\" style=\"width:152px;height:auto\" srcset=\"https:\/\/opus-folyoirat.sk\/wp-content\/uploads\/2026\/01\/MesterGy.jpg 295w, https:\/\/opus-folyoirat.sk\/wp-content\/uploads\/2026\/01\/MesterGy-226x300.jpg 226w\" sizes=\"auto, (max-width: 295px) 100vw, 295px\" \/><\/figure><\/div>\n\n\n<p>\u201e\u00d6n\u00e9 az \u00e1ll\u00e1s. H\u00e9tf\u0151n kezdhet\u201d \u2013 t\u00f6bbsz\u00f6r is el kellett olvasnia a kurta e-mail-\u00fczenetet, mivel alig mert hinni a szem\u00e9nek. Csup\u00e1n p\u00e1r h\u00f3napja v\u00e9gzett az egyetemen, ahol m\u0171v\u00e9szett\u00f6rt\u00e9netet tanult, \u00e9s most a legh\u0151bb v\u00e1gya is teljes\u00fclt: egy szobr\u00e1sz maga mell\u00e9 vette, felfogadta asszisztens\u00e9nek.<\/p>\n\n\n\n<p>A negyvenes \u00e9vei elej\u00e9n j\u00e1r\u00f3, elismert m\u0171v\u00e9sz az\u00e9rt keresett maga mell\u00e9 asszisztenst, hogy legyen, aki megrendeli sz\u00e1m\u00e1ra az alapanyagokat, int\u00e9zi a ki\u00e1ll\u00edt\u00e1sai szervez\u00e9s\u00e9t, amellett a munkav\u00e1llal\u00f3 feladatk\u00f6r\u00e9be tartozott j\u00f3 takar\u00edt\u00f3n\u0151t, kiv\u00e1l\u00f3 \u00e9telsz\u00e1ll\u00edt\u00f3t tal\u00e1lni, figyelemmel k\u00eds\u00e9rni a k\u00f6nyvel\u00e9st, \u00e9s nem utols\u00f3sorban fejben tartani \u2013 helyette \u2013 csal\u00e1dtagjai sz\u00fclet\u00e9s- \u00e9s n\u00e9vnapj\u00e1t, sz\u00fclei h\u00e1zass\u00e1gi \u00e9vfordul\u00f3j\u00e1t stb. A saj\u00e1tj\u00e1t nem kellett, aggleg\u00e9ny volt.<\/p>\n\n\n\n<p>(<a href=\"https:\/\/opus-folyoirat.sk\/?page_id=4127\">olvass tov\u00e1bb<\/a>)<\/p>\n\n\n\n<hr class=\"wp-block-separator has-alpha-channel-opacity is-style-wide\"\/>\n\n\n\n<p class=\"has-medium-font-size\">Hodossy Gyula<\/p>\n\n\n<div class=\"wp-block-image\">\n<figure class=\"alignright size-large is-resized\"><img loading=\"lazy\" decoding=\"async\" width=\"682\" height=\"1024\" src=\"http:\/\/opus-folyoirat.sk\/wp-content\/uploads\/2025\/09\/HodossyGyula-682x1024.jpg\" alt=\"\" class=\"wp-image-2598\" style=\"aspect-ratio:3\/4;object-fit:cover;width:167px;height:auto\" srcset=\"https:\/\/opus-folyoirat.sk\/wp-content\/uploads\/2025\/09\/HodossyGyula-682x1024.jpg 682w, https:\/\/opus-folyoirat.sk\/wp-content\/uploads\/2025\/09\/HodossyGyula-200x300.jpg 200w, https:\/\/opus-folyoirat.sk\/wp-content\/uploads\/2025\/09\/HodossyGyula-768x1152.jpg 768w, https:\/\/opus-folyoirat.sk\/wp-content\/uploads\/2025\/09\/HodossyGyula-1024x1536.jpg 1024w, https:\/\/opus-folyoirat.sk\/wp-content\/uploads\/2025\/09\/HodossyGyula-1365x2048.jpg 1365w, https:\/\/opus-folyoirat.sk\/wp-content\/uploads\/2025\/09\/HodossyGyula.jpg 1574w\" sizes=\"auto, (max-width: 682px) 100vw, 682px\" \/><\/figure><\/div>\n\n\n<p><strong>A megfoghatatlans\u00e1g csapd\u00e1ja<\/strong><\/p>\n\n\n\n<p><br>Folyv\u00e1st elengedem a kezed,&nbsp;<br>hogy azt\u00e1n \u00fajra, meg \u00fajra, megfoghassam,<br>hogy ujjaink t\u00e1ncolva, szorosan egym\u00e1sba fon\u00f3djanak.<br>Mint ahogy kell az \u00e9j, hogy napkelte legyen,<br>mint ahogy kell az \u00edztelen, hogy becs\u00fcljem az \u00edzeset,<br>a s\u00f3sat, az \u00e9deset, \u00fagy kell a hi\u00e1ny,<br>hogy meg\u00e9rezzem a teljess\u00e9get, a melegs\u00e9get,<br>hogy v\u00e9gre forrjon a v\u00e9rem.<\/p>\n\n\n\n<p><\/p>\n\n\n\n<p>(<a href=\"https:\/\/opus-folyoirat.sk\/?page_id=4560\">olvass tov\u00e1bb<\/a>)<\/p>\n\n\n\n<hr class=\"wp-block-separator has-alpha-channel-opacity is-style-wide\"\/>\n\n\n\n<p class=\"has-medium-font-size\">Hogya Gy\u00f6rgy<\/p>\n\n\n\n<p><strong>A s\u00edr\u00e1s<\/strong><\/p>\n\n\n<div class=\"wp-block-image\">\n<figure class=\"alignright size-large is-resized\"><img loading=\"lazy\" decoding=\"async\" width=\"1024\" height=\"1004\" src=\"http:\/\/opus-folyoirat.sk\/wp-content\/uploads\/2025\/09\/Hogya-1024x1004.jpg\" alt=\"\" class=\"wp-image-2625\" style=\"aspect-ratio:0.75;object-fit:cover;width:144px;height:auto\" srcset=\"https:\/\/opus-folyoirat.sk\/wp-content\/uploads\/2025\/09\/Hogya-1024x1004.jpg 1024w, https:\/\/opus-folyoirat.sk\/wp-content\/uploads\/2025\/09\/Hogya-300x294.jpg 300w, https:\/\/opus-folyoirat.sk\/wp-content\/uploads\/2025\/09\/Hogya-768x753.jpg 768w, https:\/\/opus-folyoirat.sk\/wp-content\/uploads\/2025\/09\/Hogya-306x300.jpg 306w, https:\/\/opus-folyoirat.sk\/wp-content\/uploads\/2025\/09\/Hogya.jpg 1304w\" sizes=\"auto, (max-width: 1024px) 100vw, 1024px\" \/><\/figure><\/div>\n\n\n<p><em>\u201eHallgass mag\u00e1noss\u00e1godban, \u00edrj \u00e9s s\u00edrj!\u201d<\/em><\/p>\n\n\n\n<div class=\"wp-block-group is-vertical is-layout-flex wp-container-core-group-is-layout-8cf370e7 wp-block-group-is-layout-flex\">\n<p>A f\u00e9rfit csak l\u00e1t\u00e1sb\u00f3l ismertem.<\/p>\n\n\n\n<p>A b\u00e9rh\u00e1z harmadik emelet\u00e9n, nem messze egym\u00e1st\u00f3l voltak a szob\u00e1ink, \u00edgy n\u00e9ha-n\u00e9ha tal\u00e1lkoztunk. Persze nem gyakran, csak ha a v\u00e9letlen \u00fagy hozta. Nem tudom, hogy h\u00edvt\u00e1k, voltak-e bar\u00e1tai, rokonai, \u00e9s besz\u00e9lgetett-e nagy ritk\u00e1n valakivel. Tal\u00e1n igen. Velem nem.<\/p>\n\n\n\n<p>Egy nap munk\u00e1ba menet, \u00e9szrevettem, hogy nyitva van az ajtaja. A r\u00e9snyire nyitott ajt\u00f3 azt juttatta eszembe, hogy valamit otthon felejtett, \u00e9s \u00e9ppen visszament \u00e9rte. Velem is meg szokott t\u00f6rt\u00e9nni.<\/p>\n\n\n\n<p>Mikor d\u00e9lut\u00e1n ism\u00e9t nyitva tal\u00e1ltam az ajt\u00f3t, furcsa v\u00e9letlennek tal\u00e1ltam.<\/p>\n<\/div>\n\n\n\n<p><\/p>\n\n\n\n<p>(<a href=\"https:\/\/opus-folyoirat.sk\/?page_id=4335\">olvass tov\u00e1bb<\/a>)<\/p>\n\n\n\n<hr class=\"wp-block-separator has-alpha-channel-opacity is-style-wide\"\/>\n\n\n\n<p class=\"has-medium-font-size\">Bittera Sophie Iman<\/p>\n\n\n\n<p><strong>A nagy fa<\/strong><\/p>\n\n\n<div class=\"wp-block-image\">\n<figure class=\"alignright size-large is-resized\"><img loading=\"lazy\" decoding=\"async\" width=\"768\" height=\"1024\" src=\"http:\/\/opus-folyoirat.sk\/wp-content\/uploads\/2026\/01\/BitteraSophie-768x1024.jpg\" alt=\"\" class=\"wp-image-4058\" style=\"width:138px;height:auto\" srcset=\"https:\/\/opus-folyoirat.sk\/wp-content\/uploads\/2026\/01\/BitteraSophie-768x1024.jpg 768w, https:\/\/opus-folyoirat.sk\/wp-content\/uploads\/2026\/01\/BitteraSophie-225x300.jpg 225w, https:\/\/opus-folyoirat.sk\/wp-content\/uploads\/2026\/01\/BitteraSophie.jpg 987w\" sizes=\"auto, (max-width: 768px) 100vw, 768px\" \/><\/figure><\/div>\n\n\n<p>R\u00e9gen, mikor m\u00e9g az \u00f6cs\u00e9mmel kicsik voltunk, elment\u00fcnk j\u00e1tszani a k\u00f6zeli erd\u0151be. Nagyon szerett\u00fcnk ott. Ha b\u00faj\u00f3csk\u00e1zni akartunk, k\u00f6nny\u0171szerrel lehetett azt is. B\u00e1r a f\u00e1k s\u0171r\u0171n n\u0151ttek, tereb\u00e9lyes lombkoron\u00e1juk b\u0151ven \u00e1tengedett annyi napf\u00e9nyt, hogy ne legyen s\u00f6t\u00e9t, \u00e9s a kistes\u00f3m ne f\u00e9ljen. Fog\u00f3csk\u00e1zni ugyanolyan j\u00f3l lehetett, a f\u00e1k k\u00f6z\u00f6tt szlalomozva ak\u00e1r \u00f3r\u00e1kig rohang\u00e1ltunk.<\/p>\n\n\n\n<p>Ezen a reggelen is \u00edgy t\u00f6rt\u00e9nt. Felkelt\u00fcnk az erd\u0151sz\u00e9li kis kunyh\u00f3nkban, fel- kaptuk foltozott ruh\u00e1inkat, \u00e9s m\u00e1r rohantunk is a rengetegbe. A reggeli rutin m\u00e1r a j\u00e1t\u00e9k r\u00e9sze volt. Aki els\u0151nek jut ki az ajt\u00f3n, az v\u00e1laszt j\u00e1t\u00e9kot. Az \u00f6cs\u00e9m\u00e9 lett az \u00e9rdem. \u201eFog\u00f3cska!\u201d \u2013 ki\u00e1ltotta gyermeki hangj\u00e1n, kezeit a leveg\u0151be emelve. Mosolyogva b\u00f3lintottam, majd felvettem a startpoz\u00edci\u00f3t, \u00e9s elkezdtem lesz\u00e1molni az \u00f6t m\u00e1sodpercnyi el\u0151ny\u00e9t. Fut\u00e1snak eredt.<\/p>\n\n\n\n<p>(<a href=\"https:\/\/opus-folyoirat.sk\/?page_id=4453\">olvass tov\u00e1bb<\/a>)<\/p>\n\n\n\n<hr class=\"wp-block-separator has-alpha-channel-opacity is-style-wide\"\/>\n\n\n\n<p class=\"has-medium-font-size\">Farkas Arnold Levente<\/p>\n\n\n\n<p><strong>rajzol a p\u00e1r\u00e1s<\/strong><\/p>\n\n\n<div class=\"wp-block-image\">\n<figure class=\"alignright size-large is-resized\"><img loading=\"lazy\" decoding=\"async\" width=\"1024\" height=\"768\" src=\"https:\/\/opus-folyoirat.sk\/wp-content\/uploads\/2026\/01\/FarkasLevente-1024x768.jpg\" alt=\"\" class=\"wp-image-4125\" style=\"width:203px;height:auto\" srcset=\"https:\/\/opus-folyoirat.sk\/wp-content\/uploads\/2026\/01\/FarkasLevente-1024x768.jpg 1024w, https:\/\/opus-folyoirat.sk\/wp-content\/uploads\/2026\/01\/FarkasLevente-300x225.jpg 300w, https:\/\/opus-folyoirat.sk\/wp-content\/uploads\/2026\/01\/FarkasLevente-768x576.jpg 768w, https:\/\/opus-folyoirat.sk\/wp-content\/uploads\/2026\/01\/FarkasLevente-400x300.jpg 400w, https:\/\/opus-folyoirat.sk\/wp-content\/uploads\/2026\/01\/FarkasLevente.jpg 1181w\" sizes=\"auto, (max-width: 1024px) 100vw, 1024px\" \/><\/figure><\/div>\n\n\n<div class=\"wp-block-group is-vertical is-layout-flex wp-container-core-group-is-layout-8cf370e7 wp-block-group-is-layout-flex\">\n<p><em>a n\u00e9vhez tartoz\u00f3<\/em><\/p>\n\n\n\n<p><br>a h\u00f3h\u00e9r hasonm\u00e1sa<\/p>\n\n\n\n<p>sok\u00e1ig nem tudta,<\/p>\n\n\n\n<p>hogy kire is hasonl\u00edt,<\/p>\n\n\n\n<p>t\u00f6rt\u00e9nt azt\u00e1n egyszer,<\/p>\n\n\n\n<p>hogy egy eur\u00f3pai nagy-<\/p>\n\n\n\n<p>v\u00e1rosban valaki r\u00e1-<\/p>\n\n\n\n<p>k\u00f6sz\u00f6nt, szabads\u00e1gon,<\/p>\n\n\n\n<p>k\u00e9rdezte az illet\u0151<\/p>\n\n\n\n<p>a hasonm\u00e1st\u00f3l, akkor<\/p>\n\n\n\n<p>az illet\u0151 megmondta<\/p>\n\n\n\n<p>a h\u00f3h\u00e9r nev\u00e9t, de<\/p>\n\n\n\n<p>a n\u00e9vhez tartoz\u00f3 foglalkoz\u00e1st<\/p>\n\n\n\n<p>nem hozta sz\u00f3ba, nem<\/p>\n\n\n\n<p>\u00e9n vagyok, mondta<\/p>\n\n\n\n<p>a h\u00f3h\u00e9r hasonm\u00e1sa, persze<\/p>\n\n\n\n<p>\u00e9n is titkoln\u00e1m, ha<\/p>\n\n\n\n<p>emberek kiv\u00e9gz\u00e9se volna<\/p>\n\n\n\n<p>a munk\u00e1m<\/p>\n<\/div>\n\n\n\n<p>(<a href=\"https:\/\/opus-folyoirat.sk\/?page_id=4123\">olvass tov\u00e1bb<\/a>)<\/p>\n\n\n\n<hr class=\"wp-block-separator has-alpha-channel-opacity is-style-wide\"\/>\n\n\n\n<p class=\"has-medium-font-size\">So\u00f3s G\u00e1bor<\/p>\n\n\n\n<p><strong>Felesleges mondatok<\/strong><\/p>\n\n\n\n<p>A mondatok ezerf\u00e9l\u00e9k lehetnek.&nbsp;<\/p>\n\n\n<div class=\"wp-block-image\">\n<figure class=\"alignright size-large is-resized\"><img loading=\"lazy\" decoding=\"async\" width=\"1024\" height=\"972\" src=\"https:\/\/opus-folyoirat.sk\/wp-content\/uploads\/2026\/02\/Soos-Gabor-1024x972.jpg\" alt=\"\" class=\"wp-image-4583\" style=\"aspect-ratio:0.75;object-fit:cover;width:209px;height:auto\" srcset=\"https:\/\/opus-folyoirat.sk\/wp-content\/uploads\/2026\/02\/Soos-Gabor-1024x972.jpg 1024w, https:\/\/opus-folyoirat.sk\/wp-content\/uploads\/2026\/02\/Soos-Gabor-300x285.jpg 300w, https:\/\/opus-folyoirat.sk\/wp-content\/uploads\/2026\/02\/Soos-Gabor-768x729.jpg 768w, https:\/\/opus-folyoirat.sk\/wp-content\/uploads\/2026\/02\/Soos-Gabor-316x300.jpg 316w, https:\/\/opus-folyoirat.sk\/wp-content\/uploads\/2026\/02\/Soos-Gabor.jpg 1406w\" sizes=\"auto, (max-width: 1024px) 100vw, 1024px\" \/><\/figure><\/div>\n\n\n<p>\u00c9bred\u00e9s ut\u00e1n vid\u00e1man hemperg\u0151z\u0151k, vagy a reggeli k\u00e1v\u00e9 nyugalm\u00e1t sz\u00ednlel\u0151k. N\u00e9melyik telefonk\u00e9nt cs\u00f6r\u00f6g bele gondolatainkba, \u00e9s akad, ami fejbever, mint egy lehull\u00f3 vadgesztenye. Az egyik \u00f6tsz\u00e1z k\u00f6bcentis motork\u00e9nt h\u00faz el mellett\u00fcnk, a m\u00e1sikban megbotlunk a busz fel\u00e9 futva. Felszisszen, ak\u00e1r a pneumatikus ajt\u00f3, a k\u00f6vetkez\u0151 pillanatban pedig mell\u00e9nk akar \u00fclni.<\/p>\n\n\n\n<p><em>May I, <\/em>k\u00e9rdezte a sz\u0151kes\u00e9g az \u00fcl\u00e9sre mutatva. P\u00e1r \u00e9vvel lehetett fiatalabb, mint \u00e9n, de ezt manaps\u00e1g neh\u00e9z meg\u00e1llap\u00edtani. Val\u00f3sz\u00edn\u0171leg mindketten a Z gener\u00e1ci\u00f3hoz tartoztunk. Zavaromban egyszerre b\u00f3lintottam, \u00e9s intettem. <em>Tetszik a k\u00f6rm\u00f6d,<\/em> folytatta, mik\u00f6zben le\u00fclt mell\u00e9m. Megk\u00f6sz\u00f6ntem, \u00e9s hozz\u00e1tettem, \u00e9pp a k\u00f6rm\u00f6st\u0151l j\u00f6v\u00f6k. A l\u00e1ny l\u00e1that\u00f3an meglep\u0151d\u00f6tt. Magyar buszon egy fick\u00f3 m\u00e9lyv\u00f6r\u00f6s k\u00f6r\u00f6mlakkal a kez\u00e9n, perfekt angols\u00e1ggal v\u00e1laszol. <em>Az \u00c1llamokb\u00f3l j\u00f6tt\u00e9l? Nem, de tanultam ott p\u00e1r \u00e9vet<\/em>. <em>Ok\u00e9<\/em>, folytatta, <em>Pearl vagyok<\/em>. <em>Krisz<\/em>, feleltem, \u00e9s azonnal visszat\u00e9rt\u00fcnk a k\u00f6r\u00f6mlakk t\u00e9m\u00e1j\u00e1ra. <em>T\u00f6k j\u00f3, hogy egyre t\u00f6bb f\u00e9rfi haszn\u00e1l lakkot. Szerintem szexi<\/em>. Fura, gondoltam, Csill, a k\u00f6rm\u00f6s\u00f6m is ezt mondta, \u00e9s hozz\u00e1tette, <em>\u00e9n a helyedben leszarn\u00e1m, ki mit sz\u00f3l, nekem bej\u00f6n ez a m\u00e9lyv\u00f6r\u00f6s. Kibaszott men\u0151.<\/em> Csill is az volt. Teli pirszinggel \u00e9s tetov\u00e1l\u00e1ssal. Els\u0151 alkalommal h\u00e1romszor jav\u00edtott ki, \u0151 nem Csilla, Csill. <em>\u00c9rted, nyugi.<\/em>&nbsp;<\/p>\n\n\n\n<p>(<a href=\"https:\/\/opus-folyoirat.sk\/?page_id=4580\">olvass tov\u00e1bb<\/a>)<\/p>\n\n\n\n<hr class=\"wp-block-separator has-alpha-channel-opacity is-style-wide\"\/>\n\n\n\n<p class=\"has-medium-font-size\">Saitos Lajos<\/p>\n\n\n<div class=\"wp-block-image\">\n<figure class=\"alignright size-full is-resized\"><a href=\"https:\/\/opus-folyoirat.sk\/wp-content\/uploads\/2026\/02\/Saitos-Lajos.jpeg\"><img loading=\"lazy\" decoding=\"async\" width=\"1024\" height=\"684\" src=\"https:\/\/opus-folyoirat.sk\/wp-content\/uploads\/2026\/02\/Saitos-Lajos.jpeg\" alt=\"\" class=\"wp-image-4578\" style=\"aspect-ratio:0.75;object-fit:cover;width:177px;height:auto\" srcset=\"https:\/\/opus-folyoirat.sk\/wp-content\/uploads\/2026\/02\/Saitos-Lajos.jpeg 1024w, https:\/\/opus-folyoirat.sk\/wp-content\/uploads\/2026\/02\/Saitos-Lajos-300x200.jpeg 300w, https:\/\/opus-folyoirat.sk\/wp-content\/uploads\/2026\/02\/Saitos-Lajos-768x513.jpeg 768w, https:\/\/opus-folyoirat.sk\/wp-content\/uploads\/2026\/02\/Saitos-Lajos-449x300.jpeg 449w\" sizes=\"auto, (max-width: 1024px) 100vw, 1024px\" \/><\/a><\/figure><\/div>\n\n\n<p><strong>M\u00e9g alszanak<\/strong><\/p>\n\n\n\n<div class=\"wp-block-group is-vertical is-layout-flex wp-container-core-group-is-layout-8cf370e7 wp-block-group-is-layout-flex\">\n<p>M\u00e9g alszanak kint a patanyomok \u2013<\/p>\n\n\n\n<p>gondtalan v\u00e1gt\u00e1nk \u00e1rv\u00e1i:<\/p>\n\n\n\n<p>\u00e9s sz\u00edv\u00fcnkben: rem\u00e9nys\u00e9g csillagai \u2013<\/p>\n\n\n\n<p>dobbannak \u2013 nyiladoznak.<\/p>\n\n\n\n<p>M\u00edg alszol \u2013 \u00e9l az \u00e1lom.<\/p>\n\n\n\n<p>Az \u00e1lom t\u00f6k\u00e9letes.<\/p>\n\n\n\n<p>S a m\u00e1snap \u2013 csup\u00e1n rezzen\u00e9snyi.<\/p>\n<\/div>\n\n\n\n<p><br>(<a href=\"https:\/\/opus-folyoirat.sk\/?page_id=4576\">olvass tov\u00e1bb<\/a>)<\/p>\n\n\n\n<hr class=\"wp-block-separator has-alpha-channel-opacity is-style-wide\"\/>\n\n\n\n<p class=\"has-medium-font-size\">Fiala Ilona<\/p>\n\n\n\n<p><strong>Legy\u0151zni a lehetetlent<\/strong><\/p>\n\n\n<div class=\"wp-block-image\">\n<figure class=\"alignright size-full is-resized\"><img loading=\"lazy\" decoding=\"async\" width=\"213\" height=\"300\" src=\"http:\/\/opus-folyoirat.sk\/wp-content\/uploads\/2025\/12\/FialaIlona.jpeg\" alt=\"\" class=\"wp-image-3335\" style=\"aspect-ratio:3\/4;object-fit:cover;width:156px;height:auto\"\/><\/figure><\/div>\n\n\n<p>\u00c1gi szinte az utols\u00f3 pillanatban sz\u00e1llt fel a vonatra. Nem tudott hamarabb szabadulni a munkahely\u00e9r\u0151l, pedig d\u00e9lut\u00e1nra szabads\u00e1got vett ki, hogy ne n\u00e9zzenek r\u00e1 g\u00f6rbe szemmel, hogyha csak kik\u00e9redzkedne. A vonat k\u00e9t \u00f3ra \u00f6t perckor indul Budapestre. \u00dagy tervezte, hogy tizenkett\u0151 ut\u00e1n nyugodtan megeb\u00e9del, megissza az eb\u00e9d ut\u00e1ni k\u00e1v\u00e9j\u00e1t, \u00e9s lassan, sz\u00e9p kom\u00f3tosan elindul a f\u0151p\u00e1lyaudvarra. Igaz, t\u00f6bb mint f\u00e9l \u00f3r\u00e1ig tart az \u00fat a v\u00e1rosi aut\u00f3busszal, majdnem f\u00e9l Pozsonyt kell \u00e1tutaznia, de ez mind belef\u00e9r, b\u0151ven lesz m\u00e9g ideje n\u00e9zel\u0151dni is a p\u00e1lyaudvaron. Amit nagyon szeret. Mindig leny\u0171g\u00f6zi az embert\u00f6meg, az ide-oda l\u00e9pked\u0151, b\u0151r\u00f6nd\u00f6ket g\u00f6rget\u0151, t\u00e9bl\u00e1bol\u00f3 utasok sokas\u00e1ga. Most erre nem ker\u00fclhetett sor, mert az eb\u00e9dr\u0151l visszat\u00e9rve meglepet\u00e9s v\u00e1rta az asztal\u00e1n: a d\u00e9lel\u0151tt elk\u00e9sz\u00edtett kimutat\u00e1sban valamilyen hib\u00e1t tal\u00e1lt a gazdas\u00e1gi oszt\u00e1ly vezet\u0151je. Ezt azonnal ki kellett jav\u00edtania. Nem nagy feladat, de amikor m\u00e1r indulna, el\u00e9gg\u00e9 ideges\u00edt\u0151. Gyorsan nekifogott, p\u00f3tolta a hi\u00e1nyoss\u00e1got, bedobta az \u00faj adatokat az excel t\u00e1bl\u00e1zatba. J\u00f3 t\u00edz perc alatt elk\u00e9sz\u00fclt. De jaj, lefagyott a nyomtat\u00f3! Most mit tegyen? Pr\u00f3b\u00e1lta \u00fajraind\u00edtani, nem reag\u00e1lt. Kikapcsolta a sz\u00e1m\u00edt\u00f3g\u00e9p\u00e9t is, majd \u00fajra bekapcsolta, de ez sem seg\u00edtett. K\u00e9ts\u00e9gbeesve indult f\u0151n\u00f6ke irod\u00e1j\u00e1ba.<\/p>\n\n\n\n<p>(<a href=\"https:\/\/opus-folyoirat.sk\/?page_id=4572\">olvass tov\u00e1bb<\/a>)<\/p>\n\n\n\n<hr class=\"wp-block-separator has-alpha-channel-opacity is-style-wide\"\/>\n\n\n\n<p class=\"has-medium-font-size\">Hogya Gy\u00f6rgy<\/p>\n\n\n\n<p><strong>A RABSZOLGA<\/strong><\/p>\n\n\n<div class=\"wp-block-image\">\n<figure class=\"alignright size-large is-resized\"><img loading=\"lazy\" decoding=\"async\" width=\"1024\" height=\"1004\" src=\"http:\/\/opus-folyoirat.sk\/wp-content\/uploads\/2025\/09\/Hogya-1024x1004.jpg\" alt=\"\" class=\"wp-image-2625\" style=\"width:180px;height:auto\" srcset=\"https:\/\/opus-folyoirat.sk\/wp-content\/uploads\/2025\/09\/Hogya-1024x1004.jpg 1024w, https:\/\/opus-folyoirat.sk\/wp-content\/uploads\/2025\/09\/Hogya-300x294.jpg 300w, https:\/\/opus-folyoirat.sk\/wp-content\/uploads\/2025\/09\/Hogya-768x753.jpg 768w, https:\/\/opus-folyoirat.sk\/wp-content\/uploads\/2025\/09\/Hogya-306x300.jpg 306w, https:\/\/opus-folyoirat.sk\/wp-content\/uploads\/2025\/09\/Hogya.jpg 1304w\" sizes=\"auto, (max-width: 1024px) 100vw, 1024px\" \/><\/figure><\/div>\n\n\n<p>A k\u0151por fojtogat\u00f3 felh\u0151 form\u00e1j\u00e1ban telepedett a felsz\u00edni b\u00e1nya m\u00e9ly\u00e9n liheg\u0151, izzad\u00f3 rabszolg\u00e1kra, belepte a sz\u00e1jukat, a szem\u00fcket \u00e9s az orrukat.&nbsp; Hekatombai\u00f3n* hav\u00e1ban j\u00e1rtak \u00e9s rettenetes h\u0151s\u00e9g k\u00ednozott mindenkit, akit a sorsa ide juttatott, ak\u00e1r \u0151r volt, ak\u00e1r rabszolga. Maga a b\u00e1nya \u2013 hossz\u00fak\u00e1s m\u00e9lyed\u00e9s, amelyet hossz\u00fa \u00e9vek alatt v\u00e9stek, faragtak ki a hegyoldalb\u00f3l \u2013, m\u00e1ra m\u00e1r el\u00e9g m\u00e9ly volt ahhoz, hogy \u00e1rny\u00e9kot is adjon, \u00e1m \u00e9szak\u2013d\u00e9li fekv\u00e9se miatt napk\u00f6zben teljesen bevil\u00e1g\u00edtotta a nap, s csak d\u00e9lut\u00e1nonk\u00e9nt takarta el \u0151ket a b\u00e1nya nyugati pereme. Kretinosz, szok\u00e1sa szerint h\u00e1t\u00e1t egy nagyobb k\u0151nek t\u00e1masztva, a szikl\u00e1k \u00e1rny\u00e9k\u00e1ban fek\u00fcdt, a letakart vizest\u00f6ml\u0151k mellett, Tr\u00fcgaiosz pedig hol v\u00e1gyakozva, hol irigykedve pillantott fel\u00e9. Nem tudta, hogy Kretinosz mi\u00f3ta, \u00e9s mi\u00e9rt van a b\u00e1ny\u00e1ban. Csontv\u00e1zszer\u0171 test\u00e9t m\u00e1r mozgatni sem tudta, s tal\u00e1n csak napok k\u00e9rd\u00e9se, hogy mikor hal meg. Id\u0151nk\u00e9nt megitatt\u00e1k, ez volt minden t\u00e1pl\u00e1l\u00e9ka. Sz\u00e1raz b\u0151re, mint a pergamen tapadt kil\u00e1tsz\u00f3 csontjaira, \u00e9s \u00e9rdekes m\u00f3don f\u00e9l arc\u00e1r\u00f3l m\u00e9g az a v\u00e9kony b\u0151rr\u00e9teg is lerohadt. Tr\u00fcgaiosz m\u00e9g nem l\u00e1tott ilyet. Rabszolgat\u00e1rs\u00e1nak f\u00e9l arc\u00e1n csak az \u00fcres, \u00f6sszesz\u00e1radt szem\u00fcreg \u00e9s a h\u00e1rtyav\u00e9kony b\u0151r\u00f6n \u00e1t\u00fct\u0151 pofacsontok l\u00e1tszottak.<\/p>\n\n\n\n<p><br>(<a href=\"https:\/\/opus-folyoirat.sk\/?page_id=4332\">olvass tov\u00e1bb<\/a>)<\/p>\n\n\n\n<hr class=\"wp-block-separator has-alpha-channel-opacity is-style-wide\"\/>\n\n\n\n<p class=\"has-medium-font-size\">Leczo Bence<\/p>\n\n\n\n<p><strong>\u00c9s a h\u00e1zam se a h\u00e1zam<\/strong><\/p>\n\n\n<div class=\"wp-block-image\">\n<figure class=\"alignright size-large is-resized\"><img loading=\"lazy\" decoding=\"async\" width=\"1024\" height=\"683\" src=\"https:\/\/opus-folyoirat.sk\/wp-content\/uploads\/2026\/01\/Leczo-1024x683.jpg\" alt=\"\" class=\"wp-image-4327\" style=\"aspect-ratio:0.75;object-fit:cover;width:173px;height:auto\" srcset=\"https:\/\/opus-folyoirat.sk\/wp-content\/uploads\/2026\/01\/Leczo-1024x683.jpg 1024w, https:\/\/opus-folyoirat.sk\/wp-content\/uploads\/2026\/01\/Leczo-300x200.jpg 300w, https:\/\/opus-folyoirat.sk\/wp-content\/uploads\/2026\/01\/Leczo-768x512.jpg 768w, https:\/\/opus-folyoirat.sk\/wp-content\/uploads\/2026\/01\/Leczo-450x300.jpg 450w, https:\/\/opus-folyoirat.sk\/wp-content\/uploads\/2026\/01\/Leczo.jpg 1181w\" sizes=\"auto, (max-width: 1024px) 100vw, 1024px\" \/><\/figure><\/div>\n\n\n<p>Sz\u00f6rny\u0171 hideg t\u00e9l volt. A sz\u00e9l \u00e9jszak\u00e1nk\u00e9nt csapdosta a ny\u00e1rikonyha ajtaj\u00e1t, alig lehetett aludni. Est\u00e9nk\u00e9nt a s\u00f6t\u00e9tben \u00fclt\u00fcnk, mert kimenni nem lehetett, anyuka \u00e9s apuka mes\u00e9ltek a gyerekkorukr\u00f3l, azt\u00e1n az eny\u00e9mr\u0151l. A pinc\u00e9ben megfagyott a krumpli meg a c\u00e9kla, \u00f6k\u00f6llel kellett sz\u00e9tverni a f\u00f6ldet \u00e9s elg\u00e9mberedett ujjakkal kikaparni a z\u00f6lds\u00e9get. Ebben anyuka volt a leg\u00fcgyesebb, de mindig engem k\u00fcldtek le. A gyerty\u00e1t a bef\u0151ttek k\u00f6z\u00e9 raktam, tetszett, ahogy furcsa \u00e1rny\u00e9kokat vet a telezs\u00fafolt polcr\u00f3l a l\u00e1ng.&nbsp;<\/p>\n\n\n\n<p><\/p>\n\n\n\n<p>(<a href=\"https:\/\/opus-folyoirat.sk\/?page_id=4325\">olvass tov\u00e1bb<\/a>)<\/p>\n\n\n\n<hr class=\"wp-block-separator has-alpha-channel-opacity is-style-wide\"\/>\n\n\n\n<p class=\"has-medium-font-size\">S\u00e1m\u00e1n Kata<\/p>\n\n\n\n<p><strong>Kit\u00e1ncoltat\u00e1s<\/strong><\/p>\n\n\n<div class=\"wp-block-image\">\n<figure class=\"alignright size-large is-resized\"><img loading=\"lazy\" decoding=\"async\" width=\"768\" height=\"1024\" src=\"https:\/\/opus-folyoirat.sk\/wp-content\/uploads\/2026\/01\/SamanKata-768x1024.jpg\" alt=\"\" class=\"wp-image-4120\" style=\"width:153px;height:auto\" srcset=\"https:\/\/opus-folyoirat.sk\/wp-content\/uploads\/2026\/01\/SamanKata-768x1024.jpg 768w, https:\/\/opus-folyoirat.sk\/wp-content\/uploads\/2026\/01\/SamanKata-225x300.jpg 225w, https:\/\/opus-folyoirat.sk\/wp-content\/uploads\/2026\/01\/SamanKata.jpg 886w\" sizes=\"auto, (max-width: 768px) 100vw, 768px\" \/><\/figure><\/div>\n\n\n<p>Most is, mint minden szombaton, izgatottan k\u00e9sz\u00fcl\u0151dtem a t\u00e1ncmulats\u00e1gra. F\u00fcrg\u00e9n megmosakodtam, tiszta ingbe b\u00fajtam, derekamra a legszebben p\u00f6rg\u0151s szokny\u00e1mat kanyar\u00edtottam. Hajamat \u00fajraf\u00e9s\u00fcltem, h\u00e1tul hossz\u00fa varkocsba fontam, s \u00edgy is a derekamig \u00e9rt.<\/p>\n\n\n\n<p>\u2013 K\u00e1t\u00f3, megj\u00f6tt\u00fcnk \u2013 z\u00f6rgettek be a l\u00e1nyok az ablakon. Bar\u00e1tn\u0151im, ak\u00e1rcsak \u00e9n, mint az illatoz\u00f3 vir\u00e1gsz\u00e1lak, frissek, \u00fcd\u00e9k voltak. Ap\u00e1m nem kis elfogults\u00e1ggal n\u00e9zte legkisebb l\u00e1ny\u00e1t \u2013 m\u00e1r tizenh\u00e9t \u00e9ves, k\u00e9sz feln\u0151tt n\u0151.<\/p>\n\n\n\n<p>Megk\u00e9rdeztem most is, mint minden alkalommal, mikorra kell itthon lennem, majd boldogan elk\u00f6sz\u00f6ntem, \u00e9s bar\u00e1tn\u0151im t\u00e1rsas\u00e1g\u00e1ban \u00fatnak indultam. Az utc\u00e1ban a f\u00fcgg\u00f6ny\u00f6k rejtek\u00e9b\u0151l t\u00f6bb k\u00edv\u00e1ncsi szemp\u00e1r figyelte vonul\u00e1sunkat. \u201eNa, vajon ki k\u00eds\u00e9ri \u0151ket haza?\u201d<\/p>\n\n\n\n<p>Mi \u00fcgyet sem vetett\u00fcnk r\u00e1juk, azt vitattuk \u00e9ppen, melyik kocsm\u00e1ba menj\u00fcnk ma este. Ismert\u00fck a leg\u00e9nyek szok\u00e1sait, tudtuk, melyikben ki tal\u00e1lhat\u00f3, a k\u00e9rd\u00e9s teh\u00e1t az volt, kivel szeretn\u00e9nk t\u00e1ncolni.<\/p>\n\n\n\n<p>(<a href=\"https:\/\/opus-folyoirat.sk\/?page_id=4117\">olvass tov\u00e1bb<\/a>)<\/p>\n\n\n\n<hr class=\"wp-block-separator has-alpha-channel-opacity is-style-wide\"\/>\n\n\n\n<p class=\"has-medium-font-size\">Hogya Gy\u00f6rgy<\/p>\n\n\n<div class=\"wp-block-image\">\n<figure class=\"alignright size-large is-resized\"><img loading=\"lazy\" decoding=\"async\" width=\"1024\" height=\"1004\" src=\"http:\/\/opus-folyoirat.sk\/wp-content\/uploads\/2025\/09\/Hogya-1024x1004.jpg\" alt=\"\" class=\"wp-image-2625\" style=\"aspect-ratio:3\/4;object-fit:cover;width:207px;height:auto\" srcset=\"https:\/\/opus-folyoirat.sk\/wp-content\/uploads\/2025\/09\/Hogya-1024x1004.jpg 1024w, https:\/\/opus-folyoirat.sk\/wp-content\/uploads\/2025\/09\/Hogya-300x294.jpg 300w, https:\/\/opus-folyoirat.sk\/wp-content\/uploads\/2025\/09\/Hogya-768x753.jpg 768w, https:\/\/opus-folyoirat.sk\/wp-content\/uploads\/2025\/09\/Hogya-306x300.jpg 306w, https:\/\/opus-folyoirat.sk\/wp-content\/uploads\/2025\/09\/Hogya.jpg 1304w\" sizes=\"auto, (max-width: 1024px) 100vw, 1024px\" \/><\/figure><\/div>\n\n\n<p><strong>S\u00fcltalmaillat \u00e9s homeoszt\u00e1zis<\/strong><\/p>\n\n\n\n<p>Az ablakn\u00e1l \u00e1llt, \u00e9s nagyanyja biztons\u00e1got jelent\u0151 szob\u00e1j\u00e1ra gondolt, amelyben a repedt platt\u00fa p\u00e9terk\u00e1lyha ontotta a meleget, mik\u00f6zben v\u00f6r\u00f6s, puffadt alm\u00e1k \u00e1rasztott\u00e1k el kellemes illatukkal a h\u00e1zat. F\u00e9lretolta a porszag\u00fa, kem\u00e9ny\u00edtett csipkef\u00fcgg\u00f6nyt, \u00e9s v\u00e1ll\u00e1val a sz\u00e1llodai szoba fal\u00e1nak t\u00e1maszkodva a nyitott ablakon kereszt\u00fcl a felszakadoz\u00f3 felh\u0151kb\u0151l szemerk\u00e9l\u0151 es\u0151cseppeket figyelte.<br>V\u00e1rt.<br>A pillanatra sz\u00e9tt\u00e1rulkoz\u00f3 naps\u00fct\u00e9sben k\u00e9t sz\u00far\u00f3s sz\u00e1rny\u00fa fecske r\u00f6ppent \u00e1t a t\u00e9ren, s az es\u0151v\u00edzt\u0151l csillog\u00f3 t\u00e9r kockak\u00f6vein, mint gondolat a szavakat, egyetlen \u00e1rny\u00e9k k\u00eds\u00e9rte \u0151ket.<\/p>\n\n\n\n<p>(<a href=\"https:\/\/opus-folyoirat.sk\/?page_id=4457\">olvass tov\u00e1bb<\/a>)<\/p>\n\n\n\n<hr class=\"wp-block-separator has-alpha-channel-opacity is-style-wide\"\/>\n\n\n\n<p class=\"has-medium-font-size\">Parragi Eszter<\/p>\n\n\n<div class=\"wp-block-image\">\n<figure class=\"alignright size-full is-resized\"><img loading=\"lazy\" decoding=\"async\" width=\"503\" height=\"754\" src=\"https:\/\/opus-folyoirat.sk\/wp-content\/uploads\/2026\/01\/Parragi.jpeg\" alt=\"\" class=\"wp-image-4314\" style=\"width:119px;height:auto\" srcset=\"https:\/\/opus-folyoirat.sk\/wp-content\/uploads\/2026\/01\/Parragi.jpeg 503w, https:\/\/opus-folyoirat.sk\/wp-content\/uploads\/2026\/01\/Parragi-200x300.jpeg 200w\" sizes=\"auto, (max-width: 503px) 100vw, 503px\" \/><\/figure><\/div>\n\n\n<p><strong>Kerti csillagn\u00e9z\u00e9s Liebenwald\u00e9ban&nbsp;<\/strong><\/p>\n\n\n\n<p>ahogy a locsol\u00e1sb\u00f3l feln\u00e9ztem, szinte r\u00e1mzuhant az \u00e9jszakai \u00e9g<br>csak tartottam a cs\u00f6vet valamerre, a v\u00edz meg folyt \u00e9s folyt<br>\u00f3 a fent!!<br>teli, tiszta, porzik<\/p>\n\n\n\n<p>&#8222;ide\u00e1lis \u00e9jszaka hull\u00f3csillagokat n\u00e9zni&#8221; mondt\u00e1k ma a r\u00e1di\u00f3ban&nbsp;<br>mert a valami el\u00e9ri a valamit<br>z\u00fag, \u00f6mlik a f\u00e9ny&nbsp;<br>a Tej\u00fat karny\u00fajt\u00e1snyira<br>szerencs\u00e9re itt alig vannak l\u00e1mp\u00e1k, Liebenwald\u00e9nak m\u00e9g vonat\u00e1llom\u00e1sa sincs<br>csak az \u00e9gi f\u00e9nybolt<br>ott az \u00d6v, az Orion, a Nagymedve, az \u00c9szak Koron\u00e1ja<br>vajon a Kismedve hol van, azt sose tal\u00e1lom<br>a Cassiopeia elny\u00fajtott W-j\u00e9t olvasom&nbsp;<br>egy nagyon r\u00e9gi fi\u00fa tan\u00edtotta egy nagyon r\u00e9gi l\u00e1nynak<br>\u00e9s ott van, lehullik egy<br>ott meg elh\u00faz egy m\u00e1sik, f\u00e9lig \u00e9rz\u00e9ki csal\u00f3d\u00e1s<\/p>\n\n\n\n<p>(<a href=\"https:\/\/opus-folyoirat.sk\/?page_id=4312\">olvass tov\u00e1bb<\/a>)<\/p>\n\n\n\n<hr class=\"wp-block-separator has-alpha-channel-opacity is-style-wide\"\/>\n\n\n\n<p class=\"has-medium-font-size\">Hogya Gy\u00f6rgy<\/p>\n\n\n<div class=\"wp-block-image\">\n<figure class=\"alignright size-large is-resized\"><img loading=\"lazy\" decoding=\"async\" width=\"1024\" height=\"1004\" src=\"http:\/\/opus-folyoirat.sk\/wp-content\/uploads\/2025\/09\/Hogya-1024x1004.jpg\" alt=\"\" class=\"wp-image-2625\" style=\"width:171px;height:auto\" srcset=\"https:\/\/opus-folyoirat.sk\/wp-content\/uploads\/2025\/09\/Hogya-1024x1004.jpg 1024w, https:\/\/opus-folyoirat.sk\/wp-content\/uploads\/2025\/09\/Hogya-300x294.jpg 300w, https:\/\/opus-folyoirat.sk\/wp-content\/uploads\/2025\/09\/Hogya-768x753.jpg 768w, https:\/\/opus-folyoirat.sk\/wp-content\/uploads\/2025\/09\/Hogya-306x300.jpg 306w, https:\/\/opus-folyoirat.sk\/wp-content\/uploads\/2025\/09\/Hogya.jpg 1304w\" sizes=\"auto, (max-width: 1024px) 100vw, 1024px\" \/><\/figure><\/div>\n\n\n<p><strong>T. a h\u00edres k\u00f6lt\u0151<\/strong><\/p>\n\n\n\n<p>T. a h\u00edres k\u00f6lt\u0151 mondta neki egy bar\u00e1ti besz\u00e9lget\u00e9s\u00fck alkalm\u00e1val: \u201eA napi penzumnak meg kell lenni.\u201d (Nulla dies sina lines \u2014 mondotta volt Apell\u00e9sz, legal\u00e1bbis Plinius szerint.) \u0150 akkor mormogott valamit az orra alatt, hogy ha te tudn\u00e1d, nekem mennyi dolgom van, mi mindent kell elint\u00e9znem\u2026!&nbsp;<\/p>\n\n\n\n<p>(<a href=\"https:\/\/opus-folyoirat.sk\/?page_id=3953\" data-type=\"link\" data-id=\"https:\/\/opus-folyoirat.sk\/?page_id=3953\">olvass tov\u00e1bb<\/a>)<\/p>\n\n\n\n<hr class=\"wp-block-separator has-alpha-channel-opacity is-style-wide\"\/>\n\n\n\n<p class=\"has-medium-font-size\">Debreczeny Gy\u00f6rgy<\/p>\n\n\n\n<p><strong>AAA<\/strong><\/p>\n\n\n<div class=\"wp-block-image\">\n<figure class=\"alignright size-large is-resized\"><img loading=\"lazy\" decoding=\"async\" width=\"473\" height=\"1024\" src=\"https:\/\/opus-folyoirat.sk\/wp-content\/uploads\/2026\/01\/Debreczeny-473x1024.jpg\" alt=\"\" class=\"wp-image-4115\" style=\"width:114px;height:auto\" srcset=\"https:\/\/opus-folyoirat.sk\/wp-content\/uploads\/2026\/01\/Debreczeny-473x1024.jpg 473w, https:\/\/opus-folyoirat.sk\/wp-content\/uploads\/2026\/01\/Debreczeny-139x300.jpg 139w, https:\/\/opus-folyoirat.sk\/wp-content\/uploads\/2026\/01\/Debreczeny.jpg 546w\" sizes=\"auto, (max-width: 473px) 100vw, 473px\" \/><\/figure><\/div>\n\n\n<p>volt nekem h\u00e1rom bet\u0171m<br>pontosabban csak egy<br>m\u00e9ghozz\u00e1 az els\u0151 az \u00e1b\u00e9c\u00e9b\u0151l<br>de az azt\u00e1n h\u00e1romszor egym\u00e1s ut\u00e1n<br>AAA<br>imhol keletkezett<br>de nem csak \u00fagy mag\u00e1t\u00f3l<br>hanem az ultrahangt\u00f3l<br>vagyis nem is att\u00f3l<br>hanem a doktorn\u0151t\u0151l<br>aki egy sz\u00e9p tavaszi napon<br>elk\u00fcld\u00f6tt hasi ultrahangra<br>\u00e9s annak sor\u00e1n der\u00fclt ki<\/p>\n\n\n\n<p>&#8230;<\/p>\n\n\n\n<p>(<a href=\"https:\/\/opus-folyoirat.sk\/?page_id=4113\">olvass tov\u00e1bb<\/a>)<\/p>\n\n\n\n<hr class=\"wp-block-separator has-alpha-channel-opacity is-style-wide\"\/>\n\n\n\n<p class=\"has-medium-font-size\">Sajtos Orsi <\/p>\n\n\n\n<p><strong>Holokauszt<\/strong><br><em>(Edith Egernek)<\/em><\/p>\n\n\n<div class=\"wp-block-image\">\n<figure class=\"alignright size-large is-resized\"><img loading=\"lazy\" decoding=\"async\" width=\"768\" height=\"1024\" src=\"http:\/\/opus-folyoirat.sk\/wp-content\/uploads\/2026\/01\/SajtosOrsi-1-768x1024.jpeg\" alt=\"\" class=\"wp-image-4294\" style=\"width:169px;height:auto\" srcset=\"https:\/\/opus-folyoirat.sk\/wp-content\/uploads\/2026\/01\/SajtosOrsi-1-768x1024.jpeg 768w, https:\/\/opus-folyoirat.sk\/wp-content\/uploads\/2026\/01\/SajtosOrsi-1-225x300.jpeg 225w, https:\/\/opus-folyoirat.sk\/wp-content\/uploads\/2026\/01\/SajtosOrsi-1-1152x1536.jpeg 1152w, https:\/\/opus-folyoirat.sk\/wp-content\/uploads\/2026\/01\/SajtosOrsi-1-1536x2048.jpeg 1536w, https:\/\/opus-folyoirat.sk\/wp-content\/uploads\/2026\/01\/SajtosOrsi-1-scaled.jpeg 1920w\" sizes=\"auto, (max-width: 768px) 100vw, 768px\" \/><\/figure><\/div>\n\n\n<p>Szil\u00e1nkokra t\u00f6rtem<br>\u00e9s f\u00f6l\u00e1lltam.<br>Pat\u00e1k d\u00fcb\u00f6r\u00f6gtek<br>tova a kozmikus k\u00f6dben. <br>M\u00f6g\u00f6tt\u00fck csonth\u00e9jukt\u00f3l <br>megfosztva hever\u0151 <br>t\u00f6rmel\u00e9kmez\u0151. <\/p>\n\n\n\n<p><\/p>\n\n\n\n<p>(<a href=\"https:\/\/opus-folyoirat.sk\/?page_id=4295\">olvass tov\u00e1bb<\/a>)<\/p>\n\n\n\n<hr class=\"wp-block-separator has-alpha-channel-opacity is-style-wide\"\/>\n\n\n\n<p class=\"has-medium-font-size\">Nagy Erika<\/p>\n\n\n\n<p><strong>Ki a h\u00f3b\u00f3l, be a z\u00f6ld kukoric\u00e1ba<\/strong><\/p>\n\n\n<div class=\"wp-block-image\">\n<figure class=\"alignright size-large is-resized\"><img loading=\"lazy\" decoding=\"async\" width=\"1024\" height=\"682\" src=\"http:\/\/opus-folyoirat.sk\/wp-content\/uploads\/2023\/11\/01_NagyErika-1024x682.jpg\" alt=\"\" class=\"wp-image-988\" style=\"width:209px;height:auto\" srcset=\"https:\/\/opus-folyoirat.sk\/wp-content\/uploads\/2023\/11\/01_NagyErika-1024x682.jpg 1024w, https:\/\/opus-folyoirat.sk\/wp-content\/uploads\/2023\/11\/01_NagyErika-300x200.jpg 300w, https:\/\/opus-folyoirat.sk\/wp-content\/uploads\/2023\/11\/01_NagyErika-768x512.jpg 768w, https:\/\/opus-folyoirat.sk\/wp-content\/uploads\/2023\/11\/01_NagyErika-1536x1024.jpg 1536w, https:\/\/opus-folyoirat.sk\/wp-content\/uploads\/2023\/11\/01_NagyErika-2048x1365.jpg 2048w, https:\/\/opus-folyoirat.sk\/wp-content\/uploads\/2023\/11\/01_NagyErika-450x300.jpg 450w\" sizes=\"auto, (max-width: 1024px) 100vw, 1024px\" \/><\/figure><\/div>\n\n\n<p>\u2026mondt\u00e1k r\u00e9gen az \u00f6regek, amikor a t\u00e9l mult\u00e1val hirtelen, szinte egyik napr\u00f3l a m\u00e1sikra j\u00f6ttek a meleg napok. \u00dagy, mint napjainkban. A minap arra j\u00f6ttem r\u00e1, hogy ez a hirtelen id\u0151v\u00e1ltoz\u00e1s akkora hat\u00e1ssal van egyes emberek j\u00f3zan \u00edt\u00e9l\u0151k\u00e9pess\u00e9g\u00e9re, hogy az m\u00e1r nevets\u00e9ges. Hogy mir\u0151l van sz\u00f3?&nbsp;<\/p>\n\n\n\n<p>A parkol\u00f3ban meg\u00e1llt egy aut\u00f3, \u00e9s lass\u00fa, f\u00e1jdalmas mozdulatokkal kil\u00e9p bel\u0151le egy k\u00f6z\u00e9pkor\u00fa n\u0151, a sof\u0151r pedig az aut\u00f3ban marad, hogy megv\u00e1rja az utas\u00e1t. Vagy f\u00e9l \u00f3ra eltelt\u00e9vel \u00fajra a parkol\u00f3 mellett haladok el, r\u00e1ismerek az akkor vissza\u00e9rkez\u0151 asszonys\u00e1gra, aki kinyitja az egyik aut\u00f3 ajtaj\u00e1t, \u00e9s szint\u00e9n neh\u00e9zkes mozdulatokkal belehuppan az \u00fcl\u00e9sbe. K\u00f6zben besz\u00e9l, mondja a mag\u00e1\u00e9t, b\u00e1r azt, hogy mit mondott, nem \u00e9rtettem. Meg valahogy nem is \u00e9rdekelt. P\u00e1r m\u00e1sodperc eltelt\u00e9vel kiv\u00e1g\u00f3dik az ajt\u00f3, \u00e9s orrhangon vis\u00edtja, hogy jaaaj\u2026m\u00e1s aut\u00f3j\u00e1ba \u00fcltem be!&nbsp;<\/p>\n\n\n\n<p>(<a href=\"https:\/\/opus-folyoirat.sk\/?page_id=3888\" data-type=\"link\" data-id=\"https:\/\/opus-folyoirat.sk\/?page_id=3888\">olvass tov\u00e1bb<\/a>)<\/p>\n\n\n\n<hr class=\"wp-block-separator has-alpha-channel-opacity is-style-wide\"\/>\n\n\n\n<p class=\"has-medium-font-size\">Kugler Viktor<\/p>\n\n\n<div class=\"wp-block-image\">\n<figure class=\"alignright size-full is-resized\"><img loading=\"lazy\" decoding=\"async\" width=\"359\" height=\"640\" src=\"https:\/\/opus-folyoirat.sk\/wp-content\/uploads\/2026\/01\/Kugler-Viktor.png\" alt=\"\" class=\"wp-image-4309\" style=\"aspect-ratio:3\/4;object-fit:cover;width:187px;height:auto\" srcset=\"https:\/\/opus-folyoirat.sk\/wp-content\/uploads\/2026\/01\/Kugler-Viktor.png 359w, https:\/\/opus-folyoirat.sk\/wp-content\/uploads\/2026\/01\/Kugler-Viktor-168x300.png 168w\" sizes=\"auto, (max-width: 359px) 100vw, 359px\" \/><\/figure><\/div>\n\n\n<p><strong>pinokki\u00f3 2. levele&nbsp;<\/strong><\/p>\n\n\n\n<p>apa, parav\u00e1n vagy, kitakarod&nbsp;<br>el\u0151lem az \u00e9letet. mikor mell\u00e9d&nbsp;<br>settenkedek \u00e9s m\u00f6g\u00e9d pillantok&nbsp;<br>a h\u00e1tadon l\u00e1tszik, hogy igaz\u00e1b\u00f3l&nbsp;<br>pajzs vagy egy kiv\u00e9gz\u0151osztag&nbsp;<br>\u00e9s k\u00f6ztem. felfogod a k\u00ednz\u00e1st,&nbsp;<br>az \u00f6ld\u00f6kl\u00e9s domborzat\u00e1t hordod<br>lapock\u00e1idon. az \u00fct\u00e9sek lil\u00e1j\u00e1nak&nbsp;<br>komplementereit csillogja szertesz\u00e9t&nbsp;<br>szemed. er\u0151t gy\u0171jtesz, magadra&nbsp;<br>szor\u00edtod szemh\u00e9jad \u00e9s n\u00f6veled&nbsp;<br>magadban szemeid klausztrof\u00f3bi\u00e1j\u00e1t.<\/p>\n\n\n\n<p>(<a href=\"https:\/\/opus-folyoirat.sk\/?page_id=4306\">olvass tov\u00e1bb<\/a>)<\/p>\n\n\n\n<hr class=\"wp-block-separator has-alpha-channel-opacity is-style-wide\"\/>\n\n\n\n<p class=\"has-medium-font-size\">Hogya Gy\u00f6rgy<\/p>\n\n\n\n<p><strong>Daszvant \u00e1rnya Fat\u00e9hpur felett&nbsp;<\/strong><\/p>\n\n\n<div class=\"wp-block-image\">\n<figure class=\"alignright size-large is-resized\"><img loading=\"lazy\" decoding=\"async\" width=\"1024\" height=\"1004\" src=\"http:\/\/opus-folyoirat.sk\/wp-content\/uploads\/2025\/09\/Hogya-1024x1004.jpg\" alt=\"\" class=\"wp-image-2625\" style=\"width:177px;height:auto\" srcset=\"https:\/\/opus-folyoirat.sk\/wp-content\/uploads\/2025\/09\/Hogya-1024x1004.jpg 1024w, https:\/\/opus-folyoirat.sk\/wp-content\/uploads\/2025\/09\/Hogya-300x294.jpg 300w, https:\/\/opus-folyoirat.sk\/wp-content\/uploads\/2025\/09\/Hogya-768x753.jpg 768w, https:\/\/opus-folyoirat.sk\/wp-content\/uploads\/2025\/09\/Hogya-306x300.jpg 306w, https:\/\/opus-folyoirat.sk\/wp-content\/uploads\/2025\/09\/Hogya.jpg 1304w\" sizes=\"auto, (max-width: 1024px) 100vw, 1024px\" \/><\/figure><\/div>\n\n\n<p>\u2014K\u00e9ts\u00e9geim vannak, hogy val\u00f3ban csak a nagy Akbar t\u00f6rt\u00e9net\u00e9t \u00edrom-e \u2014 kezdi sorait&nbsp; Ab\u00fal Fazl, a Nagy Akbar h\u0171s\u00e9ges bar\u00e1tja \u00e9s t\u00f6rt\u00e9net\u00edr\u00f3ja.&nbsp; \u2014Akbarr\u00f3l, sz\u00f3l \u00e9s m\u00e9gsem csak r\u00f3la. \u00c9rzem, hogy a mes\u00e9l\u00e9s sz\u00f6vet\u00e9be, annak sz\u00e1lai k\u00f6z\u00e9 \u00faj \u00e9s \u00fajabb sz\u00e1lak keverednek, amelyek m\u00e1r megm\u00e1s\u00edtj\u00e1k a sz\u00f6v\u0151 \u00e1ltal elk\u00e9pzelt k\u00e9pet. \u00c9s tov\u00e1bb megyek. Att\u00f3l tartok, hogy m\u00e9g ez a k\u00e9p sem teljes, m\u00e9g e m\u00f6g\u00f6tt is ott rejlik valami olyan mondanival\u00f3, amelynek tetten\u00e9r\u00e9se \u00e9s megfogalmaz\u00e1sa meghaladja k\u00e9pess\u00e9geimet.&nbsp; \u201eAin-i-Akbari\u201d c\u00edm\u0171 munk\u00e1m \u00edr\u00e1sa k\u00f6zben \u2014 annak nem egy fejezet\u00e9vel kapcsolatban \u2014alakult ki ilyesmi \u00e9rz\u00e9sem. De Allah tudja, mit mi\u00e9rt tesz, s ez\u00e9rt nyilv\u00e1n mindennek \u00edgy kellett t\u00f6rt\u00e9nnie.&nbsp;<\/p>\n\n\n\n<p>(<a href=\"https:\/\/opus-folyoirat.sk\/?page_id=3950\" data-type=\"link\" data-id=\"https:\/\/opus-folyoirat.sk\/?page_id=3950\">olvass tov\u00e1bb<\/a>)<\/p>\n\n\n\n<hr class=\"wp-block-separator has-alpha-channel-opacity is-style-wide\"\/>\n\n\n\n<p class=\"has-medium-font-size\">Koczk\u00e1s Kitty<\/p>\n\n\n\n<p><strong>A zen\u00e9l\u0151 fadoboz<\/strong><\/p>\n\n\n<div class=\"wp-block-image\">\n<figure class=\"alignright size-large is-resized\"><img loading=\"lazy\" decoding=\"async\" width=\"836\" height=\"1024\" src=\"https:\/\/opus-folyoirat.sk\/wp-content\/uploads\/2026\/01\/KoczkasKitty-836x1024.jpeg\" alt=\"\" class=\"wp-image-4452\" style=\"width:174px;height:auto\" srcset=\"https:\/\/opus-folyoirat.sk\/wp-content\/uploads\/2026\/01\/KoczkasKitty-836x1024.jpeg 836w, https:\/\/opus-folyoirat.sk\/wp-content\/uploads\/2026\/01\/KoczkasKitty-245x300.jpeg 245w, https:\/\/opus-folyoirat.sk\/wp-content\/uploads\/2026\/01\/KoczkasKitty-768x940.jpeg 768w, https:\/\/opus-folyoirat.sk\/wp-content\/uploads\/2026\/01\/KoczkasKitty.jpeg 1008w\" sizes=\"auto, (max-width: 836px) 100vw, 836px\" \/><\/figure><\/div>\n\n\n<p>Sz\u00f6rnyen hideg volt aznap is. M\u00e1r harmadnapja, r\u00e1ad\u00e1sul az a fajta, ami ellen az ember legmelegebb kab\u00e1tja is kev\u00e9s lenne, hogy melegen tartsa lassan fagyoss\u00e1 v\u00e1lt test\u00e9t. Mi bent voltunk a kis h\u00e1zik\u00f3ban, mint minden egyes d\u00e9lut\u00e1n, amikor az egyetlen foglalkoz\u00e1s az volt, hogy v\u00e1rtuk a m\u00e1snapot. \u00c9n a kicsiny kanap\u00e9n j\u00f3l betakar\u00f3zva is vacogtam, ek\u00f6zben pr\u00f3b\u00e1ltam b\u00e1rmi m\u00e1sra gondolni, mintsem arra, hogy mennyire lenn\u00e9k ink\u00e1bb egy tengerparton, vagy p\u00e9ld\u00e1ul Marokk\u00f3ban. Szemem folyton a kandall\u00f3 melletti f\u00e1kkal megrakott dobozra t\u00e9vedt. <em>Nem tehetn\u00e9k r\u00e1 a t\u0171zre, legal\u00e1bb kett\u0151t? \u2013 <\/em>egyre csak erre gondoltam, de siker\u00fclt uralkodni magamon. <em>Majd, ha \u0150 f\u00e1zni fog, rak r\u00e1.<\/em><\/p>\n\n\n\n<p>(<a href=\"https:\/\/opus-folyoirat.sk\/?page_id=4450\">olvass tov\u00e1bb<\/a>)<\/p>\n\n\n\n<hr class=\"wp-block-separator has-alpha-channel-opacity is-style-wide\"\/>\n\n\n\n<p class=\"has-medium-font-size\">Z. N\u00e9meth Istv\u00e1n<\/p>\n\n\n\n<p><strong>Egy sz\u00e9tszabdalt festm\u00e9ny \u00f6sszeragaszt\u00e1sa<\/strong><br><em>T\u0151zs\u00e9r \u00c1rp\u00e1d 90. sz\u00fclet\u00e9snapj\u00e1ra<\/em><\/p>\n\n\n\n<div class=\"wp-block-group is-vertical is-layout-flex wp-container-core-group-is-layout-8cf370e7 wp-block-group-is-layout-flex\">\n<p>I.<\/p>\n\n\n\n<p>A kan\u00e1l g\u00f6rbe, a t\u00e1ny\u00e9r foltos, a poh\u00e1r csorba.<\/p>\n\n\n\n<p>Felforr \u00e9s habzik a k\u00f6lt\u0151v\u00e9r, ak\u00e1r a must.<\/p>\n\n\n\n<p>Bele lehet inni k\u00e9tszer ugyanabba a borba?<\/p>\n\n\n\n<p>Mert a foly\u00f3 nem t\u0171r el hasonl\u00f3 inzultust.<\/p>\n\n\n\n<p>Az vagyok, akiv\u00e9 a versek meg\u00edrtak engem.<\/p>\n\n\n\n<p>A versszakok \u00f6sszefognak, sz\u00e9thullnom tilos.<\/p>\n\n\n\n<p>Sziget a hull\u00e1mz\u00f3, k\u00f6nyvt\u00e1rnyi v\u00e9gtelenben,<\/p>\n\n\n\n<p>felborzolt toll\u00fa t\u0171zmad\u00e1r, megfagyott papiros.<\/p>\n\n\n\n<p>Bele lehet \u00edrni k\u00e9tszer ugyanabba a versbe?<\/p>\n\n\n\n<p>Leonardo szak\u00e1ll\u00e1n f\u00e9lbet\u00f6rt hangjegyek.<\/p>\n\n\n\n<p>Mona Lisa, titkodba k\u00e9rlek, te vezess be.<\/p>\n\n\n\n<p>Egy megv\u00e1lt\u00f3, ki m\u00e1sodszor elj\u00f6nni restell.<\/p>\n\n\n\n<p>Ujjaidnak v\u00e9g\u00e9n hint\u00e1zom, l\u00e1sd, szenvedek.<\/p>\n\n\n\n<p>A mosolyt \u00fajrafestem, de mi lesz a testtel?<\/p>\n<\/div>\n\n\n\n<p><br>(<a href=\"https:\/\/opus-folyoirat.sk\/?page_id=4492\">olvass tov\u00e1bb<\/a>)<\/p>\n\n\n\n<hr class=\"wp-block-separator has-alpha-channel-opacity is-style-wide\"\/>\n\n\n\n<p class=\"has-medium-font-size\">T\u0151zs\u00e9r \u00c1rp\u00e1d versei<\/p>\n\n\n\n<p><strong>Nyelvist\u00e1ll\u00f3<\/strong><\/p>\n\n\n<div class=\"wp-block-image\">\n<figure class=\"alignright size-full is-resized\"><img loading=\"lazy\" decoding=\"async\" width=\"300\" height=\"240\" src=\"http:\/\/opus-folyoirat.sk\/wp-content\/uploads\/2019\/02\/T\u0151zs\u00e9r-\u00c1rp\u00e1d.jpg\" alt=\"\" class=\"wp-image-694\" style=\"width:206px;height:auto\"\/><figcaption class=\"wp-element-caption\">T\u0151zs\u00e9r \u00c1rp\u00e1d<\/figcaption><\/figure><\/div>\n\n\n<p><em>A -szer\u0171<\/em>, ez a farkcsontszer\u0171 ut\u00f3-<br>tag&nbsp;egymag\u00e1ban m\u00e1r semmit sem<br>jelent.&nbsp;R\u00e1csimpaszkodik egy-egy<br>sz\u00f3ra, ahol azt\u00e1n&nbsp;egy\u00e1ltal\u00e1n&nbsp;nem<br>vend\u00e9gk\u00e9nt viselkedik: g\u00e1tl\u00e1stala-<br>nul megv\u00e1ltoztatja a gazdasz\u00f3 je-<br>lent\u00e9s\u00e9t, s ahol csak&nbsp;lehet kelle-<br>metlenkedik. Sohasem lehet tudni,<br>hogy most \u00e9ppen milyen viszony-<br>ban van az alapsz\u00f3val, nincsenek-<br>-e haragban egym\u00e1ssal,&nbsp;lehet-e \u0151<br>-ket egybe \u00edrni avagy strajf\u00e1t, azaz<br>k\u00f6t\u0151jelet kell k\u00f6z\u00e9j\u00fck tenni, hogy<br>\u00f6ssze ne r\u00fagj\u00e1k a patk\u00f3t? A nyelv-<br>ist\u00e1ll\u00f3 \u00e9jszak\u00e1ja csupa&nbsp; bauxit,&nbsp;\u00edr-<br>ja&nbsp;a&nbsp;jeles&nbsp;k\u00f6lt\u0151,&nbsp;s&nbsp;\u0151 csak&nbsp;tudja.<\/p>\n\n\n\n<p><br>(<a href=\"https:\/\/opus-folyoirat.sk\/?page_id=4488\">olvass tov\u00e1bb<\/a>)<\/p>\n\n\n\n<hr class=\"wp-block-separator has-alpha-channel-opacity is-style-wide\"\/>\n\n\n\n<p class=\"has-medium-font-size\">Sz\u00e1raz P\u00e1l<\/p>\n\n\n<div class=\"wp-block-image\">\n<figure class=\"alignright size-large is-resized\"><img loading=\"lazy\" decoding=\"async\" width=\"682\" height=\"1024\" src=\"http:\/\/opus-folyoirat.sk\/wp-content\/uploads\/2026\/01\/SzarazPal-682x1024.jpg\" alt=\"\" class=\"wp-image-3626\" style=\"width:133px;height:auto\" srcset=\"https:\/\/opus-folyoirat.sk\/wp-content\/uploads\/2026\/01\/SzarazPal-682x1024.jpg 682w, https:\/\/opus-folyoirat.sk\/wp-content\/uploads\/2026\/01\/SzarazPal-200x300.jpg 200w, https:\/\/opus-folyoirat.sk\/wp-content\/uploads\/2026\/01\/SzarazPal-768x1152.jpg 768w, https:\/\/opus-folyoirat.sk\/wp-content\/uploads\/2026\/01\/SzarazPal.jpg 787w\" sizes=\"auto, (max-width: 682px) 100vw, 682px\" \/><\/figure><\/div>\n\n\n<p><strong>Csak \u00e1tutaz\u00f3ban<\/strong><\/p>\n\n\n\n<p>Augusztus \u00f3ta \u2013 valah\u00e1nyszor nyugtalan volt az \u00e1lma \u2013 csak r\u00e1juk gondolt. \u00c9s mert meglehet\u0151sen rossz alv\u00f3 volt; igen sokat gondolt h\u00e1rm\u00f3jukra: Jarom\u00edr\u00e1ra, Helmutra \u00e9s Robertre. Csakhogy r\u00e9gebben az eml\u00e9kez\u00e9s v\u00e9g\u00fcl is elandal\u00edtotta, \u00e1lomba ringatta, most viszont m\u00e9g nyugtalanabb\u00e1 tette.<\/p>\n\n\n\n<p>(<a href=\"https:\/\/opus-folyoirat.sk\/?page_id=4111\">olvass tov\u00e1bb<\/a>)<\/p>\n\n\n\n<hr class=\"wp-block-separator has-alpha-channel-opacity is-style-wide\"\/>\n\n\n\n<p class=\"has-medium-font-size\">Kov\u00e1cs Marianna<\/p>\n\n\n<div class=\"wp-block-image\">\n<figure class=\"alignright size-full is-resized\"><img loading=\"lazy\" decoding=\"async\" width=\"960\" height=\"960\" src=\"http:\/\/opus-folyoirat.sk\/wp-content\/uploads\/2025\/02\/Kovacs-Mariann.jpeg\" alt=\"\" class=\"wp-image-2062\" style=\"width:182px;height:auto\" srcset=\"https:\/\/opus-folyoirat.sk\/wp-content\/uploads\/2025\/02\/Kovacs-Mariann.jpeg 960w, https:\/\/opus-folyoirat.sk\/wp-content\/uploads\/2025\/02\/Kovacs-Mariann-300x300.jpeg 300w, https:\/\/opus-folyoirat.sk\/wp-content\/uploads\/2025\/02\/Kovacs-Mariann-150x150.jpeg 150w, https:\/\/opus-folyoirat.sk\/wp-content\/uploads\/2025\/02\/Kovacs-Mariann-768x768.jpeg 768w\" sizes=\"auto, (max-width: 960px) 100vw, 960px\" \/><\/figure><\/div>\n\n\n<p><strong>Med\u00e1li\u00e1k<\/strong><br><em>J\u00f3zsef Attil\u00e1nak<\/em><\/p>\n\n\n\n<p>I.<br>A Hold, a V\u00e9nusz f\u00e9nye r\u00e1ng, <br>Ez\u00fcstbe fordul\u00f3 kat\u00e1ng. <br>M\u00e9heket tapos\u00f3 pat\u00e1k, <br>Petesejt p\u00f3tl\u00f3 pasztin\u00e1k \u2013<\/p>\n\n\n\n<p>Pipacs-mez\u0151n, ha hempereg, <br>Az anyja sem ismeri meg, <br>Bossz\u00fas bar\u00e1tja b\u00fas zsebe <br>Neszesemmivel van tele.<\/p>\n\n\n\n<p><\/p>\n\n\n\n<p>(<a href=\"https:\/\/opus-folyoirat.sk\/?page_id=4299\">olvass tov\u00e1bb<\/a>)<\/p>\n\n\n\n<hr class=\"wp-block-separator has-alpha-channel-opacity is-style-wide\"\/>\n\n\n\n<p class=\"has-medium-font-size\">Szeder R\u00e9ka<\/p>\n\n\n<div class=\"wp-block-image\">\n<figure class=\"alignright size-large is-resized\"><a href=\"https:\/\/opus-folyoirat.sk\/wp-content\/uploads\/2026\/01\/SzederReka.jpg\"><img loading=\"lazy\" decoding=\"async\" width=\"1024\" height=\"681\" src=\"http:\/\/opus-folyoirat.sk\/wp-content\/uploads\/2026\/01\/SzederReka-1024x681.jpg\" alt=\"\" class=\"wp-image-4388\" style=\"aspect-ratio:0.75;object-fit:cover;width:155px;height:auto\" srcset=\"https:\/\/opus-folyoirat.sk\/wp-content\/uploads\/2026\/01\/SzederReka-1024x681.jpg 1024w, https:\/\/opus-folyoirat.sk\/wp-content\/uploads\/2026\/01\/SzederReka-300x200.jpg 300w, https:\/\/opus-folyoirat.sk\/wp-content\/uploads\/2026\/01\/SzederReka-768x511.jpg 768w, https:\/\/opus-folyoirat.sk\/wp-content\/uploads\/2026\/01\/SzederReka-451x300.jpg 451w, https:\/\/opus-folyoirat.sk\/wp-content\/uploads\/2026\/01\/SzederReka.jpg 1452w\" sizes=\"auto, (max-width: 1024px) 100vw, 1024px\" \/><\/a><\/figure><\/div>\n\n\n<p><strong>A tehets\u00e9gr\u0151l<\/strong><\/p>\n\n\n\n<p>Sok dologban elengedhetetlen egy bizonyos ism\u00e9tl\u00e9ssz\u00e1m, ak\u00e1r t\u00f6bb sz\u00e1z, ezer, hogy elsaj\u00e1t\u00edtsuk, k\u00e9pesek legy\u00fcnk egy mozdulatsor v\u00e9grehajt\u00e1s\u00e1ra. Majd valami csod\u00e1latos m\u00f3don, a neuronh\u00e1l\u00f3zatok \u00fagy m\u0171k\u00f6djenek, hogy a palett\u00e1nkb\u00f3l, legyen mondjuk az mind\u00f6ssze nyolcf\u00e9le technika, \u00e9s hatf\u00e9le ir\u00e1ny, az agyunk a pillanat t\u00f6rt r\u00e9sze alatt megv\u00e1lassza, \u00e9s tudattalanul kivitelezze a megfelel\u0151 kombin\u00e1ci\u00f3t, sikeres eredm\u00e9nnyel \u00f6tv\u00f6zve, term\u00e9szetesen.<\/p>\n\n\n\n<p>(<a href=\"https:\/\/opus-folyoirat.sk\/?page_id=4443\">olvass tov\u00e1bb<\/a>)<\/p>\n\n\n\n<hr class=\"wp-block-separator has-alpha-channel-opacity is-style-wide\"\/>\n\n\n\n<p class=\"has-medium-font-size\">Nagy Erika<\/p>\n\n\n\n<p><strong>Ez egy ilyen nap volt<\/strong><\/p>\n\n\n<div class=\"wp-block-image\">\n<figure class=\"alignright size-large is-resized\"><img loading=\"lazy\" decoding=\"async\" width=\"1024\" height=\"682\" src=\"http:\/\/opus-folyoirat.sk\/wp-content\/uploads\/2023\/11\/01_NagyErika-1024x682.jpg\" alt=\"\" class=\"wp-image-988\" style=\"width:209px;height:auto\" srcset=\"https:\/\/opus-folyoirat.sk\/wp-content\/uploads\/2023\/11\/01_NagyErika-1024x682.jpg 1024w, https:\/\/opus-folyoirat.sk\/wp-content\/uploads\/2023\/11\/01_NagyErika-300x200.jpg 300w, https:\/\/opus-folyoirat.sk\/wp-content\/uploads\/2023\/11\/01_NagyErika-768x512.jpg 768w, https:\/\/opus-folyoirat.sk\/wp-content\/uploads\/2023\/11\/01_NagyErika-1536x1024.jpg 1536w, https:\/\/opus-folyoirat.sk\/wp-content\/uploads\/2023\/11\/01_NagyErika-2048x1365.jpg 2048w, https:\/\/opus-folyoirat.sk\/wp-content\/uploads\/2023\/11\/01_NagyErika-450x300.jpg 450w\" sizes=\"auto, (max-width: 1024px) 100vw, 1024px\" \/><\/figure><\/div>\n\n\n<p>A tavaszi felmeleged\u00e9s m\u00e1r napok \u00f3ta beindult, s ez a mai nap a sz\u00f3 szoros \u00e9rtelm\u00e9ben igaz\u00e1n forr\u00f3ra, esem\u00e9nyd\u00fasra sikeredett. Reggel, a g\u00e9pem el\u0151tt \u00fclve, egy hatalmas puffan\u00e1s r\u00e1zott fel b\u00e9k\u00e9s nyugalmamb\u00f3l, majd kirohantam megn\u00e9zni, hogy mi is t\u00f6rt\u00e9nt. Szomor\u00fa l\u00e1tv\u00e1ny fogadott. H\u00e1rom aut\u00f3 futott egym\u00e1sba, egy gy\u00f6ny\u00f6r\u0171, h\u00f3feh\u00e9r Mercedes j\u00f3volt\u00e1b\u00f3l. Vagyis m\u00e1r egy cseppet sem volt gy\u00f6ny\u00f6r\u0171, fogta is a fej\u00e9t a fiatal f\u00e9rfi, miut\u00e1n kisz\u00e1llt az aut\u00f3b\u00f3l. M\u00e9g j\u00f3, hogy fogta, mert a k\u00e9nyszerb\u0151l k\u00e9t aut\u00f3 k\u00f6z\u00f6tt dekkol\u00f3 Suzuki vezet\u0151je, egy \u00edzig v\u00e9rig harcias amazon kis h\u00edj\u00e1n leharapta a nyak\u00e1r\u00f3l teste leg\u00e9kesebb r\u00e9sz\u00e9t, miut\u00e1n a v\u00e1dakkal szemben, miszerint gyorsan hajtott, hevesen tiltakozott. A n\u0151 hiszt\u00e9ri\u00e1s rohamot kapott, \u00edzes, m\u00e1tyusf\u00f6ldi kiejt\u00e9ssel \u00fcv\u00f6lt\u00f6z\u00f6tt, ami nem is volt csoda, hiszen mint kider\u00fclt, sz\u00edvbeteg, \u00e9s egy kicsi, f\u00e9ltve \u00f3vott gyermek is volt az utasok k\u00f6z\u00f6tt. A kicsi vis\u00edtott, nyilv\u00e1n nem tudta mi t\u00f6rt\u00e9nt, csak \u00e9rezte, ez nem egy term\u00e9szetes folyamat, a n\u00e9ni pedig sokkos \u00e1llapotban csak hajtogatta: azt hittem, hogy felrobbantunk\u2026<\/p>\n\n\n\n<p>(<a href=\"https:\/\/opus-folyoirat.sk\/?page_id=3885\" data-type=\"link\" data-id=\"https:\/\/opus-folyoirat.sk\/?page_id=3885\">olvass tov\u00e1bb<\/a>)<\/p>\n\n\n\n<hr class=\"wp-block-separator has-alpha-channel-opacity is-style-wide\"\/>\n\n\n\n<p class=\"has-medium-font-size\">Sajtos Orsi<\/p>\n\n\n<div class=\"wp-block-image\">\n<figure class=\"alignright size-large is-resized\"><img loading=\"lazy\" decoding=\"async\" width=\"768\" height=\"1024\" src=\"https:\/\/opus-folyoirat.sk\/wp-content\/uploads\/2026\/01\/SajtosOrsi-1-768x1024.jpeg\" alt=\"\" class=\"wp-image-4294\" style=\"width:169px;height:auto\" srcset=\"https:\/\/opus-folyoirat.sk\/wp-content\/uploads\/2026\/01\/SajtosOrsi-1-768x1024.jpeg 768w, https:\/\/opus-folyoirat.sk\/wp-content\/uploads\/2026\/01\/SajtosOrsi-1-225x300.jpeg 225w, https:\/\/opus-folyoirat.sk\/wp-content\/uploads\/2026\/01\/SajtosOrsi-1-1152x1536.jpeg 1152w, https:\/\/opus-folyoirat.sk\/wp-content\/uploads\/2026\/01\/SajtosOrsi-1-1536x2048.jpeg 1536w, https:\/\/opus-folyoirat.sk\/wp-content\/uploads\/2026\/01\/SajtosOrsi-1-scaled.jpeg 1920w\" sizes=\"auto, (max-width: 768px) 100vw, 768px\" \/><\/figure><\/div>\n\n\n<p><strong>Transzl\u00e9gz\u00e9s<\/strong><\/p>\n\n\n\n<p>Amikor nem t\u00f6rt\u00e9nik az \u00e9let, <br>Nem kapnak fel forg\u00f3szelek, <br>Aljz\u00f3szer sem \u00e9ltet:<br>El\u0151sz\u00f6r f\u00e9lsz,<br>Azt\u00e1n beletapogat\u00f3zol <br>A ritka moraj\u00fa reggel <br>H\u0171v\u00f6s k\u00f6rvonalaiba.<\/p>\n\n\n\n<p><\/p>\n\n\n\n<p>(<a href=\"https:\/\/opus-folyoirat.sk\/?page_id=4291\">olvass tov\u00e1bb<\/a>)<\/p>\n\n\n\n<hr class=\"wp-block-separator has-alpha-channel-opacity is-style-wide\"\/>\n\n\n\n<p class=\"has-medium-font-size\">Iancu Laura versei<\/p>\n\n\n<div class=\"wp-block-image\">\n<figure class=\"alignright size-large is-resized\"><img loading=\"lazy\" decoding=\"async\" width=\"773\" height=\"1024\" src=\"https:\/\/opus-folyoirat.sk\/wp-content\/uploads\/2026\/01\/Iancu-Laura-773x1024.jpg\" alt=\"\" class=\"wp-image-4110\" style=\"width:182px;height:auto\" srcset=\"https:\/\/opus-folyoirat.sk\/wp-content\/uploads\/2026\/01\/Iancu-Laura-773x1024.jpg 773w, https:\/\/opus-folyoirat.sk\/wp-content\/uploads\/2026\/01\/Iancu-Laura-226x300.jpg 226w, https:\/\/opus-folyoirat.sk\/wp-content\/uploads\/2026\/01\/Iancu-Laura-768x1018.jpg 768w, https:\/\/opus-folyoirat.sk\/wp-content\/uploads\/2026\/01\/Iancu-Laura.jpg 891w\" sizes=\"auto, (max-width: 773px) 100vw, 773px\" \/><\/figure><\/div>\n\n\n<p><br><strong>Ablakb\u00f3l<\/strong><\/p>\n\n\n\n<div class=\"wp-block-group is-vertical is-layout-flex wp-container-core-group-is-layout-8cf370e7 wp-block-group-is-layout-flex\">\n<p>akit szeretek mindig l\u00e1tom<\/p>\n\n\n\n<p>k\u00fcls\u0151 vagy bels\u0151 szememmel<\/p>\n\n\n\n<p>pog\u00e1ny istenekkel<\/p>\n\n\n\n<p>teli az \u00e9g a hat\u00e1rban<\/p>\n\n\n\n<p>de kitisztul amikor \u00e9rkezel<\/p>\n<\/div>\n\n\n\n<p>(<a href=\"https:\/\/opus-folyoirat.sk\/?page_id=4107\">olvass tov\u00e1bb<\/a>)<\/p>\n\n\n\n<hr class=\"wp-block-separator has-alpha-channel-opacity is-style-wide\"\/>\n\n\n\n<p class=\"has-medium-font-size\">Hogya Gy\u00f6rgy<\/p>\n\n\n\n<p><strong>Hal\u00e1li nyugalom<\/strong><\/p>\n\n\n<div class=\"wp-block-image\">\n<figure class=\"alignright size-large is-resized\"><img loading=\"lazy\" decoding=\"async\" width=\"1024\" height=\"1004\" src=\"http:\/\/opus-folyoirat.sk\/wp-content\/uploads\/2025\/09\/Hogya-1024x1004.jpg\" alt=\"\" class=\"wp-image-2625\" style=\"width:144px;height:auto\" srcset=\"https:\/\/opus-folyoirat.sk\/wp-content\/uploads\/2025\/09\/Hogya-1024x1004.jpg 1024w, https:\/\/opus-folyoirat.sk\/wp-content\/uploads\/2025\/09\/Hogya-300x294.jpg 300w, https:\/\/opus-folyoirat.sk\/wp-content\/uploads\/2025\/09\/Hogya-768x753.jpg 768w, https:\/\/opus-folyoirat.sk\/wp-content\/uploads\/2025\/09\/Hogya-306x300.jpg 306w, https:\/\/opus-folyoirat.sk\/wp-content\/uploads\/2025\/09\/Hogya.jpg 1304w\" sizes=\"auto, (max-width: 1024px) 100vw, 1024px\" \/><\/figure><\/div>\n\n\n<p>Szomory hal\u00e1la \u2014 V\u00e9letlen\u00fcl \u00fajra kezembe ker\u00fcl az \u201e\u00cdr\u00f3 a toronyban\u201d. Csak \u00e1tpergetem a lapokat az ujjaim k\u00f6z\u00f6tt.&nbsp; A v\u00e9g\u00e9n az a hal\u00e1li nyugalommal felsorolt esem\u00e9nysorozat teszi r\u00e1m a legnagyobb hat\u00e1st, amelynek megkompon\u00e1l\u00e1s\u00e1ra csak igazi, profi trag\u00e9dia szerz\u0151 k\u00e9pes: \u201e\u2026a v\u00e9grendeletet \u00e9rv\u00e9nytelennek min\u0151s\u00edtett\u00e9k, de k\u00fcl\u00f6nben is az els\u0151 helyen hagyom\u00e1nyozott testv\u00e9r\u00e9t g\u00e1zkarm\u00e1ban \u00e9gett\u00e9k el&#8230; <\/p>\n\n\n\n<p>(<a href=\"https:\/\/opus-folyoirat.sk\/?page_id=3947\" data-type=\"link\" data-id=\"https:\/\/opus-folyoirat.sk\/?page_id=3947\">olvass tov\u00e1bb<\/a>)<\/p>\n\n\n\n<hr class=\"wp-block-separator has-alpha-channel-opacity is-style-wide\"\/>\n\n\n\n<p class=\"has-medium-font-size\">Zirig \u00c1rp\u00e1d<\/p>\n\n\n<div class=\"wp-block-image\">\n<figure class=\"alignright size-large is-resized\"><img loading=\"lazy\" decoding=\"async\" width=\"684\" height=\"1024\" src=\"http:\/\/opus-folyoirat.sk\/wp-content\/uploads\/2025\/11\/Zirig-684x1024.jpg\" alt=\"\" class=\"wp-image-3043\" style=\"width:152px;height:auto\" srcset=\"https:\/\/opus-folyoirat.sk\/wp-content\/uploads\/2025\/11\/Zirig-684x1024.jpg 684w, https:\/\/opus-folyoirat.sk\/wp-content\/uploads\/2025\/11\/Zirig-200x300.jpg 200w, https:\/\/opus-folyoirat.sk\/wp-content\/uploads\/2025\/11\/Zirig-768x1150.jpg 768w, https:\/\/opus-folyoirat.sk\/wp-content\/uploads\/2025\/11\/Zirig-1025x1536.jpg 1025w, https:\/\/opus-folyoirat.sk\/wp-content\/uploads\/2025\/11\/Zirig-1367x2048.jpg 1367w, https:\/\/opus-folyoirat.sk\/wp-content\/uploads\/2025\/11\/Zirig-scaled.jpg 1709w\" sizes=\"auto, (max-width: 684px) 100vw, 684px\" \/><\/figure><\/div>\n\n\n<p><strong>Vel\u00fcnk p\u00e1rban j\u00e1r a gy\u00e1sz<\/strong><br><br>Hangtalan szavaimmal sz\u00f3longatlak<br>gyere, a testem megszelt keny\u00e9r.<br>Ha \u00e9hes leszel, sz\u00f3lj, gyere, egy\u00e9l.<br>Lez\u00e1rt szemedben a mindens\u00e9g,<br>a csend f\u00e1tyla leng k\u00f6r\u00fcl,<br>hamusz\u00edn\u0171 f\u00e1z\u00f3s t\u00e9lben,<br>ezt hagytad r\u00e1m \u00f6r\u00f6k\u00fcl.<br>Arcodon a hal\u00e1l \u00e1rnya,<br>az is lehet tal\u00e1n m\u00e1r az eny\u00e9m.<\/p>\n\n\n\n<p>(<a href=\"https:\/\/opus-folyoirat.sk\/?page_id=4007\" data-type=\"link\" data-id=\"https:\/\/opus-folyoirat.sk\/?page_id=4007\">olvass tov\u00e1bb<\/a>)<\/p>\n\n\n\n<hr class=\"wp-block-separator has-alpha-channel-opacity is-style-wide\"\/>\n\n\n\n<p class=\"has-medium-font-size\">Nagy Erika<\/p>\n\n\n\n<p><strong>Akaromka<\/strong><\/p>\n\n\n<div class=\"wp-block-image\">\n<figure class=\"alignright size-large is-resized\"><img loading=\"lazy\" decoding=\"async\" width=\"1024\" height=\"682\" src=\"http:\/\/opus-folyoirat.sk\/wp-content\/uploads\/2023\/11\/01_NagyErika-1024x682.jpg\" alt=\"\" class=\"wp-image-988\" style=\"width:209px;height:auto\" srcset=\"https:\/\/opus-folyoirat.sk\/wp-content\/uploads\/2023\/11\/01_NagyErika-1024x682.jpg 1024w, https:\/\/opus-folyoirat.sk\/wp-content\/uploads\/2023\/11\/01_NagyErika-300x200.jpg 300w, https:\/\/opus-folyoirat.sk\/wp-content\/uploads\/2023\/11\/01_NagyErika-768x512.jpg 768w, https:\/\/opus-folyoirat.sk\/wp-content\/uploads\/2023\/11\/01_NagyErika-1536x1024.jpg 1536w, https:\/\/opus-folyoirat.sk\/wp-content\/uploads\/2023\/11\/01_NagyErika-2048x1365.jpg 2048w, https:\/\/opus-folyoirat.sk\/wp-content\/uploads\/2023\/11\/01_NagyErika-450x300.jpg 450w\" sizes=\"auto, (max-width: 1024px) 100vw, 1024px\" \/><\/figure><\/div>\n\n\n<p>Hogy milyen egy gyerek, amelyik hisztizik az \u00fczletben, sokan tudjuk, mert \u00e1t\u00e9lt\u00fck. Nem volt k\u00f6nny\u0171 id\u0151szak, de szerencs\u00e9re magunk m\u00f6g\u00f6tt tudjuk. A gyerekeink feln\u0151ttek, az unok\u00e1k k\u00f6z\u00fcl a nagyobbik is t\u00falesett m\u00e1r rajta. A minap, az egyik \u00fczletl\u00e1ncban v\u00e1s\u00e1roltam, \u00e9s \u00e9rdekes jelenet \u00fct\u00f6tte meg a f\u00fclem. Egy kiss\u00e9 t\u00fals\u00falyos gyerek sik\u00edtva b\u00f6mb\u00f6lte, hogy \u201eanya, \u00e9n ezt akarom, vedd meg!&#8221;<\/p>\n\n\n\n<p>(<a href=\"https:\/\/opus-folyoirat.sk\/?page_id=3883\" data-type=\"link\" data-id=\"https:\/\/opus-folyoirat.sk\/?page_id=3883\">olvass tov\u00e1bb<\/a>)<\/p>\n\n\n\n<hr class=\"wp-block-separator has-alpha-channel-opacity is-style-wide\"\/>\n\n\n\n<p class=\"has-medium-font-size\">Hogya Gy\u00f6rgy<\/p>\n\n\n\n<h1 class=\"wp-block-heading\"><br>A Hold S\u00e1rk\u00e1nya fark\u00e1ba harap<\/h1>\n\n\n<div class=\"wp-block-image\">\n<figure class=\"alignright size-large is-resized\"><img loading=\"lazy\" decoding=\"async\" width=\"1024\" height=\"1004\" src=\"http:\/\/opus-folyoirat.sk\/wp-content\/uploads\/2025\/09\/Hogya-1024x1004.jpg\" alt=\"\" class=\"wp-image-2625\" style=\"width:214px;height:auto\" srcset=\"https:\/\/opus-folyoirat.sk\/wp-content\/uploads\/2025\/09\/Hogya-1024x1004.jpg 1024w, https:\/\/opus-folyoirat.sk\/wp-content\/uploads\/2025\/09\/Hogya-300x294.jpg 300w, https:\/\/opus-folyoirat.sk\/wp-content\/uploads\/2025\/09\/Hogya-768x753.jpg 768w, https:\/\/opus-folyoirat.sk\/wp-content\/uploads\/2025\/09\/Hogya-306x300.jpg 306w, https:\/\/opus-folyoirat.sk\/wp-content\/uploads\/2025\/09\/Hogya.jpg 1304w\" sizes=\"auto, (max-width: 1024px) 100vw, 1024px\" \/><\/figure><\/div>\n\n\n<p id=\"block-0d4b0bb4-0a41-4226-aa25-260c07938bf1\">A hegynek nevezett szab\u00e1lyos dombh\u00e1tat valamikor r\u00e9gen egy hatalmas, az emberi \u00e9sz sz\u00e1m\u00e1ra felfoghatatlan er\u0151 szak\u00edtotta kett\u00e9. Egy olyan er\u0151, amely m\u00e9ret\u00e9ben t\u00faln\u0151 az emberi k\u00e9pzeleten, \u00e9s csak egyszer\u0171 mes\u00e9k csod\u00e1iban t\u00fckr\u00f6z\u0151dik vissza, valahogy \u00fagy, mint a napf\u00e9ny az es\u0151cseppr\u0151l. A hegy k\u00f6zep\u00e9n egy \u00f3ri\u00e1si szurdokhoz hasonl\u00f3 hasad\u00e9kot hozott l\u00e9tre, amelyet az erre gyakorlatoz\u00f3 vad\u00e1szrep\u00fcl\u0151g\u00e9pek pil\u00f3t\u00e1i tal\u00e1l\u00f3an n\u0151 nemi szervnek neveztek el, persze k\u00f6z\u00e9rthet\u0151bb \u00e9s kedveltebb nev\u00e9t haszn\u00e1lva ennek a n\u0151i testr\u00e9sznek. A hasad\u00e9k egyik oldal\u00e1n azonban egy k\u00f6r\u00fclbel\u00fcl h\u00e1rom m\u00e9teres sugar\u00fa szab\u00e1lytalan f\u00e9lk\u00f6r alak\u00fa kiugr\u00f3 sziklap\u00e1rk\u00e1ny maradt, amely l\u00e1tv\u00e1nyosan emelkedett az alatta fekv\u0151 hatvank\u00e9t m\u00e9teres szakad\u00e9k fel\u00e9. Izgalmas hely ez a turist\u00e1k sz\u00e1m\u00e1ra, akik h\u00e1rom \u00f3r\u00e1t is k\u00e9pesek gyalogolni, hogy a szakad\u00e9k sz\u00e9l\u00e9n vonul\u00f3, a valamikori b\u00f6rt\u00f6nrabok \u00e1ltal kialak\u00edtott turista\u00f6sv\u00e9nyen felkapaszkodva elmondhass\u00e1k, megj\u00e1rt\u00e1k az \u00d6rd\u00f6gszikl\u00e1t. Tov\u00e1bb \u00fagysem mehetnek, mert b\u00e1r az \u00f6sv\u00e9ny bekanyarodik a hegy \u00e9szaki oldala fel\u00e9, s\u0151t innen aszfaltozva folytatja \u00fatj\u00e1t, a hatalmas feny\u0151f\u00e1k alatt ker\u00edt\u00e9s, kis kapu, \u00e9s rajta elhelyezett felirat jelzi, hogy mag\u00e1nter\u00fclet k\u00f6vetkezik. A t\u00e1volban l\u00e1that\u00f3 is egy lak\u00e1jos villa teteje, de idegennek m\u00e9g nem siker\u00fclt oda bejutnia.&nbsp;<\/p>\n\n\n\n<p>(<a href=\"https:\/\/opus-folyoirat.sk\/?page_id=4163\">olvass tov\u00e1bb<\/a>)<\/p>\n\n\n\n<hr class=\"wp-block-separator has-alpha-channel-opacity is-style-wide\"\/>\n\n\n\n<p class=\"has-medium-font-size\">F\u00fcl\u00f6p Antal<\/p>\n\n\n\n<p><strong>B\u00e9cs\u00fajehlyi tullianum<\/strong><\/p>\n\n\n<div class=\"wp-block-image\">\n<figure class=\"alignright size-full is-resized\"><img loading=\"lazy\" decoding=\"async\" width=\"288\" height=\"288\" src=\"http:\/\/opus-folyoirat.sk\/wp-content\/uploads\/2026\/01\/FulopAntal.jpg\" alt=\"\" class=\"wp-image-4018\" style=\"width:147px;height:auto\" srcset=\"https:\/\/opus-folyoirat.sk\/wp-content\/uploads\/2026\/01\/FulopAntal.jpg 288w, https:\/\/opus-folyoirat.sk\/wp-content\/uploads\/2026\/01\/FulopAntal-150x150.jpg 150w\" sizes=\"auto, (max-width: 288px) 100vw, 288px\" \/><\/figure><\/div>\n\n\n<p>II. R\u00e1k\u00f3czi Ferenc, a szabads\u00e1gharc mer\u00e9sz gondolat\u00e1t forgatva fej\u00e9ben, bizalm\u00e1ba fogadta Longueval kapit\u00e1nyt. Ekkorra orsz\u00e1gos h\u00edre ment: a cs\u00e1sz\u00e1r Longuevalt, a Liege-i sz\u00fclet\u00e9s\u0171 \u201emegb\u00edzhatatlan\u201d franci\u00e1t, elbocs\u00e1totta parancsnoki \u00e1ll\u00e1s\u00e1b\u00f3l. B\u00e1r a kapit\u00e1ny \u00e9vek hossz\u00fa sor\u00e1n p\u00e9ld\u00e1s h\u0171s\u00e9ggel szolg\u00e1lta a cs\u00e1sz\u00e1rt. Ez akkor senkinek, m\u00e9g R\u00e1k\u00f3czinak sem t\u0171nt fel, s mikor Longueval, \u00e1ll\u00e1s \u00e9s keny\u00e9r n\u00e9lk\u00fcl belovagolt a nagys\u00e1rosi R\u00e1k\u00f3czi-kast\u00e9ly udvar\u00e1ra, s az ajt\u00f3n\u00e1ll\u00f3, R\u00e1k\u00f3czi Ferenc sz\u00edne el\u00e9 bocs\u00e1totta, Longueval d\u00e9lceg tart\u00e1sban kezdte sajn\u00e1ltatni mag\u00e1t:<\/p>\n\n\n\n<p>(<a href=\"https:\/\/opus-folyoirat.sk\/?page_id=4016\" data-type=\"link\" data-id=\"https:\/\/opus-folyoirat.sk\/?page_id=4016\">olvass tov\u00e1bb<\/a>)<\/p>\n\n\n\n<hr class=\"wp-block-separator has-alpha-channel-opacity is-style-wide\"\/>\n\n\n\n<p class=\"has-medium-font-size\">Hogya Gy\u00f6rgy<\/p>\n\n\n\n<p><strong>A fesz\u00fclet<\/strong><\/p>\n\n\n<div class=\"wp-block-image\">\n<figure class=\"alignright size-large is-resized\"><img loading=\"lazy\" decoding=\"async\" width=\"1024\" height=\"1004\" src=\"http:\/\/opus-folyoirat.sk\/wp-content\/uploads\/2025\/09\/Hogya-1024x1004.jpg\" alt=\"\" class=\"wp-image-2625\" style=\"width:214px;height:auto\" srcset=\"https:\/\/opus-folyoirat.sk\/wp-content\/uploads\/2025\/09\/Hogya-1024x1004.jpg 1024w, https:\/\/opus-folyoirat.sk\/wp-content\/uploads\/2025\/09\/Hogya-300x294.jpg 300w, https:\/\/opus-folyoirat.sk\/wp-content\/uploads\/2025\/09\/Hogya-768x753.jpg 768w, https:\/\/opus-folyoirat.sk\/wp-content\/uploads\/2025\/09\/Hogya-306x300.jpg 306w, https:\/\/opus-folyoirat.sk\/wp-content\/uploads\/2025\/09\/Hogya.jpg 1304w\" sizes=\"auto, (max-width: 1024px) 100vw, 1024px\" \/><\/figure><\/div>\n\n\n<p>K. Sanova \u00far nemes csal\u00e1db\u00f3l sz\u00e1rmazott, s a nemesek \u00e9let\u00e9t \u00e9lte. Ebben az \u00e9letben kiv\u00e9teles szerepet j\u00e1tszott a n\u0151i nem \u00e9s a hatalom hat\u00e1rtalan tisztelete. Ami ezen t\u00fal l\u00e9tezett \u2014 ha egy\u00e1ltal\u00e1n l\u00e9tezett valami \u00e9rdemleges \u2014, az kimer\u00fclt saj\u00e1t becsv\u00e1gy\u00e1nak t\u00f6bb\u00e9 vagy ink\u00e1bb kev\u00e9sb\u00e9 kozmetik\u00e1zott csillogtat\u00e1s\u00e1ban.<\/p>\n\n\n\n<p>Saj\u00e1tos, z\u00e1rt vil\u00e1gban mozgott, amelyet t\u00e1ncos est\u00e9k, arisztokrata \u00f6sszej\u00f6vetelek \u00e9s legink\u00e1bb l\u00e1nyos h\u00e1zak jelentettek. \u00c9lm\u00e9nyeit szellemesen, j\u00f3\u00edz\u0171en \u00e9s j\u00f3csk\u00e1n kikarik\u00edrozva adta el\u0151. Csattan\u00f3val z\u00e1r\u00f3d\u00f3 t\u00f6rt\u00e9neteinek f\u0151h\u0151se term\u00e9szetesen kiv\u00e9tel n\u00e9lk\u00fcl \u0151 maga volt. V\u00e1ltakozva szerepeltek ugyan h\u00f6lgyek is a t\u00f6rt\u00e9netekben, de \u0151k csak arra szolg\u00e1ltak, hogy a sz\u00fczess\u00e9g elveszt\u00e9s\u00e9nek k\u00fcl\u00f6nb\u00f6z\u0151 fajt\u00e1it \u00e9s neh\u00e9zs\u00e9gi fokait \u00e9rz\u00e9keltess\u00e9k. Hiszen mi m\u00e1son is lehet jobban mulatni, mint \u00e1rtatlan l\u00e1nyok felavat\u00e1si cerem\u00f3ni\u00e1in! Meg kell adni, hogy az eff\u00e9le t\u00f6rt\u00e9netek \u201ekibesz\u00e9l\u00e9se\u201d \u2014 a kor p\u00e1rbajoz\u00e1si szok\u00e1sait figyelembe v\u00e9ve \u2014 meglehet\u0151sen zajos t\u00e1rsadalmi \u00e9letet jelentett, b\u00e1r Sanova \u00far nem volt h\u00edj\u00e1n sem a b\u00e1tors\u00e1gnak, sem a kardforgat\u00f3 tudom\u00e1nynak.<\/p>\n\n\n\n<p>(<a href=\"https:\/\/opus-folyoirat.sk\/?page_id=4159\">olvass tov\u00e1bb<\/a>)<\/p>\n\n\n\n<hr class=\"wp-block-separator has-alpha-channel-opacity is-style-wide\"\/>\n\n\n\n<p class=\"has-medium-font-size\">T\u00f6r\u0151 Istv\u00e1n<\/p>\n\n\n<div class=\"wp-block-image\">\n<figure class=\"alignright size-large is-resized\"><img loading=\"lazy\" decoding=\"async\" width=\"1024\" height=\"768\" src=\"https:\/\/opus-folyoirat.sk\/wp-content\/uploads\/2026\/01\/ToroIstvan-1024x768.jpg\" alt=\"\" class=\"wp-image-4013\" style=\"aspect-ratio:0.75;object-fit:cover;width:138px;height:auto\" srcset=\"https:\/\/opus-folyoirat.sk\/wp-content\/uploads\/2026\/01\/ToroIstvan-1024x768.jpg 1024w, https:\/\/opus-folyoirat.sk\/wp-content\/uploads\/2026\/01\/ToroIstvan-300x225.jpg 300w, https:\/\/opus-folyoirat.sk\/wp-content\/uploads\/2026\/01\/ToroIstvan-768x576.jpg 768w, https:\/\/opus-folyoirat.sk\/wp-content\/uploads\/2026\/01\/ToroIstvan-1536x1152.jpg 1536w, https:\/\/opus-folyoirat.sk\/wp-content\/uploads\/2026\/01\/ToroIstvan-2048x1536.jpg 2048w, https:\/\/opus-folyoirat.sk\/wp-content\/uploads\/2026\/01\/ToroIstvan-400x300.jpg 400w\" sizes=\"auto, (max-width: 1024px) 100vw, 1024px\" \/><\/figure><\/div>\n\n\n<p><strong>A dobsinai j\u00e9gbarlangban<\/strong><\/p>\n\n\n\n<div class=\"wp-block-group is-vertical is-layout-flex wp-container-core-group-is-layout-8cf370e7 wp-block-group-is-layout-flex\">\n<p>A l\u00e9pcs\u0151k m\u00f6g\u00f6tt j\u00e9gfolyam dereng,<\/p>\n\n\n\n<p>denev\u00e9r alszik, kem\u00e9ny l\u00e9pt\u00fcnk cseng,<\/p>\n\n\n\n<p>a cs\u00fcng\u0151 j\u00e9gcsap oszlopp\u00e1 megn\u0151tt,<\/p>\n\n\n\n<p>j\u00e9gkrist\u00e1ly \u0151rzi a bez\u00e1rt id\u0151t,<\/p>\n\n\n\n<p>mi lehet ott, a m\u00e9lyben lent,<\/p>\n\n\n\n<p>ahonnan hideg p\u00e1ra leng?<\/p>\n<\/div>\n\n\n\n<p>(<a href=\"https:\/\/opus-folyoirat.sk\/?page_id=4011\" data-type=\"link\" data-id=\"https:\/\/opus-folyoirat.sk\/?page_id=4011\">olvass tov\u00e1bb<\/a>)<\/p>\n\n\n\n<hr class=\"wp-block-separator has-alpha-channel-opacity is-style-wide\"\/>\n\n\n\n<p class=\"has-medium-font-size\">Cs\u00f3ka Zs\u00f3fi<\/p>\n\n\n\n<p><strong>a sz\u00e1zt\u00edz \u00e9ves hirdet\u0151t\u00e1bla [plak\u00e1tmag\u00e1ny]<\/strong><\/p>\n\n\n<div class=\"wp-block-image\">\n<figure class=\"alignright size-large is-resized\"><img loading=\"lazy\" decoding=\"async\" width=\"768\" height=\"1024\" src=\"https:\/\/opus-folyoirat.sk\/wp-content\/uploads\/2026\/01\/CsokaZsofi-768x1024.jpg\" alt=\"\" class=\"wp-image-4289\" style=\"width:164px;height:auto\" srcset=\"https:\/\/opus-folyoirat.sk\/wp-content\/uploads\/2026\/01\/CsokaZsofi-768x1024.jpg 768w, https:\/\/opus-folyoirat.sk\/wp-content\/uploads\/2026\/01\/CsokaZsofi-225x300.jpg 225w, https:\/\/opus-folyoirat.sk\/wp-content\/uploads\/2026\/01\/CsokaZsofi-1152x1536.jpg 1152w, https:\/\/opus-folyoirat.sk\/wp-content\/uploads\/2026\/01\/CsokaZsofi.jpg 1536w\" sizes=\"auto, (max-width: 768px) 100vw, 768px\" \/><\/figure><\/div>\n\n\n<p>d\u00e9dnagyany\u00e1m ezt<br>zsolt\u00e1rok a pap\u00edrkeresked\u00e9sben kaphat\u00f3k<br>a kir\u00e1lyi magyar automobil club hegyi versenye<br>r\u00e9szv\u00e9nyszal\u00e1mi t\u00e9li szal\u00e1mi tiszta sert\u00e9sh\u00fas<br><br>nagyany\u00e1m ezt<br>p\u00e1ger antal eszenyi olga f\u00f6ldindul\u00e1s<br>r\u00f3latok besz\u00e9l hozz\u00e1tok sz\u00f3l a n\u00e9pr\u00e1di\u00f3<br>l\u00e9gy az els\u0151k k\u00f6z\u00f6tt a term\u00e9nybead\u00e1si versenyben<\/p>\n\n\n\n<p><\/p>\n\n\n\n<p>(<a href=\"https:\/\/opus-folyoirat.sk\/?page_id=4286\">olvass tov\u00e1bb<\/a>)<br><\/p>\n\n\n\n<hr class=\"wp-block-separator has-alpha-channel-opacity is-style-wide\"\/>\n\n\n\n<p class=\"has-medium-font-size\">Hogya Gy\u00f6rgy<\/p>\n\n\n\n<p><strong>A Csontnyel\u0171 k\u00e9s<\/strong><\/p>\n\n\n<div class=\"wp-block-image\">\n<figure class=\"alignright size-large is-resized\"><img loading=\"lazy\" decoding=\"async\" width=\"1024\" height=\"1004\" src=\"http:\/\/opus-folyoirat.sk\/wp-content\/uploads\/2025\/09\/Hogya-1024x1004.jpg\" alt=\"\" class=\"wp-image-2625\" style=\"width:214px;height:auto\" srcset=\"https:\/\/opus-folyoirat.sk\/wp-content\/uploads\/2025\/09\/Hogya-1024x1004.jpg 1024w, https:\/\/opus-folyoirat.sk\/wp-content\/uploads\/2025\/09\/Hogya-300x294.jpg 300w, https:\/\/opus-folyoirat.sk\/wp-content\/uploads\/2025\/09\/Hogya-768x753.jpg 768w, https:\/\/opus-folyoirat.sk\/wp-content\/uploads\/2025\/09\/Hogya-306x300.jpg 306w, https:\/\/opus-folyoirat.sk\/wp-content\/uploads\/2025\/09\/Hogya.jpg 1304w\" sizes=\"auto, (max-width: 1024px) 100vw, 1024px\" \/><\/figure><\/div>\n\n\n<p>A magas vasoszlopokon \u00e1ll\u00f3 erdei h\u00e1zat sz\u00e9les, \u00e1tj\u00e1rhatatlan bokors\u00e1v v\u00e1lasztotta el a foly\u00f3t\u00f3l, a k\u00f6rnyez\u0151 \u00e1rt\u00e9ri f\u00e1k pedig eltakart\u00e1k a nem messze halad\u00f3 orsz\u00e1g\u00fatt\u00f3l is.<\/p>\n\n\n\n<p>A t\u00e1rsas\u00e1g k\u00e9t aut\u00f3val \u00e9rkezett, \u00e9s r\u00e1\u00e9r\u0151sen kezdett kipakolni. A t\u00e1sk\u00e1kat a vasl\u00e9pcs\u0151n a f\u00e9rfiak vitt\u00e9k fel, \u00edgy az asszonyok addig s\u00e9t\u00e1lni indultak. Vil\u00e1gos ruh\u00e1jukban imbolyg\u00f3 kis \u00e1llatk\u00e1kra eml\u00e9keztettek, amint a hatalmas f\u00e1k alatt \u00f3vatosan ker\u00fclgett\u00e9k a nemr\u00e9g esett es\u0151 pocsoly\u00e1it, s az erdei \u00faton t\u00e9tov\u00e1n haladva jobbra-balra pislogtak, mintha keresn\u00e9nek valamit. Azt\u00e1n \u00f6sszen\u00e9ztek \u00e9s felnevettek, cinkosan, ahogyan csak a n\u0151k tudnak.<\/p>\n\n\n\n<p>(<a href=\"https:\/\/opus-folyoirat.sk\/?page_id=4154\">olvass tov\u00e1bb<\/a>)<\/p>\n\n\n\n<hr class=\"wp-block-separator has-alpha-channel-opacity is-style-wide\"\/>\n\n\n<div class=\"wp-block-image\">\n<figure class=\"alignright size-large is-resized\"><img loading=\"lazy\" decoding=\"async\" width=\"684\" height=\"1024\" src=\"http:\/\/opus-folyoirat.sk\/wp-content\/uploads\/2025\/11\/Zirig-684x1024.jpg\" alt=\"\" class=\"wp-image-3043\" style=\"width:152px;height:auto\" srcset=\"https:\/\/opus-folyoirat.sk\/wp-content\/uploads\/2025\/11\/Zirig-684x1024.jpg 684w, https:\/\/opus-folyoirat.sk\/wp-content\/uploads\/2025\/11\/Zirig-200x300.jpg 200w, https:\/\/opus-folyoirat.sk\/wp-content\/uploads\/2025\/11\/Zirig-768x1150.jpg 768w, https:\/\/opus-folyoirat.sk\/wp-content\/uploads\/2025\/11\/Zirig-1025x1536.jpg 1025w, https:\/\/opus-folyoirat.sk\/wp-content\/uploads\/2025\/11\/Zirig-1367x2048.jpg 1367w, https:\/\/opus-folyoirat.sk\/wp-content\/uploads\/2025\/11\/Zirig-scaled.jpg 1709w\" sizes=\"auto, (max-width: 684px) 100vw, 684px\" \/><\/figure><\/div>\n\n\n<p class=\"has-medium-font-size\">Zirig \u00c1rp\u00e1d<\/p>\n\n\n\n<p><strong>Vers<br><\/strong><em>(God\u00e1ny Sanyinak aj\u00e1nlom)<br><\/em><br>Hetven \u00e9v. Menni az \u00faton.<br>Kezd\u0151nek lehet, hogy sok,<br>c\u00e9lba \u00e9rni tal\u00e1n kev\u00e9s.<br>Nem \u00e1rny\u00e9kolhatnak el t\u00e9ged<br>se felh\u0151k, zord est\u00e9k, se feled\u00e9s.<\/p>\n\n\n\n<p>(<a href=\"https:\/\/opus-folyoirat.sk\/?page_id=4003\" data-type=\"link\" data-id=\"https:\/\/opus-folyoirat.sk\/?page_id=4003\">olvass tov\u00e1bb<\/a>)<\/p>\n\n\n\n<hr class=\"wp-block-separator has-alpha-channel-opacity is-style-wide\"\/>\n\n\n\n<p class=\"has-medium-font-size\">Hogya Gy\u00f6rgy<\/p>\n\n\n\n<p><strong>Jamais vu<\/strong><\/p>\n\n\n<div class=\"wp-block-image\">\n<figure class=\"alignright size-large is-resized\"><img loading=\"lazy\" decoding=\"async\" width=\"1024\" height=\"1004\" src=\"http:\/\/opus-folyoirat.sk\/wp-content\/uploads\/2025\/09\/Hogya-1024x1004.jpg\" alt=\"\" class=\"wp-image-2625\" style=\"width:214px;height:auto\" srcset=\"https:\/\/opus-folyoirat.sk\/wp-content\/uploads\/2025\/09\/Hogya-1024x1004.jpg 1024w, https:\/\/opus-folyoirat.sk\/wp-content\/uploads\/2025\/09\/Hogya-300x294.jpg 300w, https:\/\/opus-folyoirat.sk\/wp-content\/uploads\/2025\/09\/Hogya-768x753.jpg 768w, https:\/\/opus-folyoirat.sk\/wp-content\/uploads\/2025\/09\/Hogya-306x300.jpg 306w, https:\/\/opus-folyoirat.sk\/wp-content\/uploads\/2025\/09\/Hogya.jpg 1304w\" sizes=\"auto, (max-width: 1024px) 100vw, 1024px\" \/><\/figure><\/div>\n\n\n<p>A t\u00f6rt\u00e9netet mi sem jellemezhetn\u00e9 jobban, mint egy kedves anekdota, amelynek h\u0151se egy h\u00edres tud\u00f3s, aki hegyi h\u00e1zik\u00f3j\u00e1nak ajtaj\u00e1ra egy szerencsepatk\u00f3t sz\u00f6gezett. Amikor tud\u00f3st\u00e1rsa meglehet\u0151sen k\u00e9telkedve megk\u00e9rdezte, vajon csak nem hisz az eff\u00e9le babon\u00e1kban, \u0151 azt felelte, term\u00e9szetesen nem, de bizonyos emberek biztos\u00edtott\u00e1k \u0151t afel\u0151l, hogy a szerencsepatk\u00f3k akkor is hatnak, ha az ember nem hisz benn\u00fck. Miut\u00e1n az eml\u00edtett tud\u00f3s a fizikusok n\u00e9pes \u00e9s elismert t\u00e1bor\u00e1ba tartozott, nem neh\u00e9z felfedezni a t\u00f6rt\u00e9netben a szubatomi vil\u00e1g felfedezett \u00e9s m\u00e9g fel nem fedezett titkai ir\u00e1nti m\u00e9lys\u00e9ges tiszteletet, valamint a tudom\u00e1ny, pontosabban a kvantumfizika \u00fajabb \u00e9s m\u00e9g \u00fajabb meglepet\u00e9seivel szembeni al\u00e1zatot. Mert ugye: \u201eKell az embernek \u00e9reznie, hogy egy bizonyos tekintetben titokzatos vil\u00e1gban \u00e9l, amelyikben megeshetnek \u00e9s megtapasztalhat\u00f3k soha meg nem magyar\u00e1zhat\u00f3 dolgok is\u2026\u201d \u2014 mondotta volt valamelyik m\u00e1sik tud\u00f3s\u2026 (miut\u00e1n t\u00f6bben tettek ilyen \u00e9rtelm\u0171\/tartalm\u00fa kijelent\u00e9st, az els\u0151s\u00e9g meghat\u00e1roz\u00e1s\u00e1t nem v\u00e1llalom&#8230; , rem\u00e9nytelen pr\u00f3b\u00e1lkoz\u00e1s lenne\u2026 \u00e9s felesleges) &nbsp;<\/p>\n\n\n\n<p><\/p>\n\n\n\n<p>(<a href=\"https:\/\/opus-folyoirat.sk\/?page_id=3941\" data-type=\"link\" data-id=\"https:\/\/opus-folyoirat.sk\/?page_id=3941\">olvass tov\u00e1bb<\/a>)<\/p>\n\n\n\n<hr class=\"wp-block-separator has-alpha-channel-opacity is-style-wide\"\/>\n\n\n\n<p class=\"has-medium-font-size\">Nagy Erika<\/p>\n\n\n\n<p><strong>\u00c9l\u0151 dinamit<\/strong><\/p>\n\n\n<div class=\"wp-block-image\">\n<figure class=\"alignright size-large is-resized\"><img loading=\"lazy\" decoding=\"async\" width=\"1024\" height=\"682\" src=\"http:\/\/opus-folyoirat.sk\/wp-content\/uploads\/2023\/11\/01_NagyErika-1024x682.jpg\" alt=\"\" class=\"wp-image-988\" style=\"width:209px;height:auto\" srcset=\"https:\/\/opus-folyoirat.sk\/wp-content\/uploads\/2023\/11\/01_NagyErika-1024x682.jpg 1024w, https:\/\/opus-folyoirat.sk\/wp-content\/uploads\/2023\/11\/01_NagyErika-300x200.jpg 300w, https:\/\/opus-folyoirat.sk\/wp-content\/uploads\/2023\/11\/01_NagyErika-768x512.jpg 768w, https:\/\/opus-folyoirat.sk\/wp-content\/uploads\/2023\/11\/01_NagyErika-1536x1024.jpg 1536w, https:\/\/opus-folyoirat.sk\/wp-content\/uploads\/2023\/11\/01_NagyErika-2048x1365.jpg 2048w, https:\/\/opus-folyoirat.sk\/wp-content\/uploads\/2023\/11\/01_NagyErika-450x300.jpg 450w\" sizes=\"auto, (max-width: 1024px) 100vw, 1024px\" \/><\/figure><\/div>\n\n\n<p>Gyarl\u00f3 ember vagyok, sohasem tagadom. \u00c9vente t\u00f6bbsz\u00f6r megfogadom, hogy leszokom a k\u00e1ros szenved\u00e9lyemr\u0151l. Most is ezt teszem, b\u00e1r sz\u00e1nalommal n\u00e9zek saj\u00e1t magamra, mert a&nbsp;lelkiismeretem megsz\u00f3lal: hogy akarsz leszokni, mikor most is kezedben az a b\u00fcd\u00f6s bag\u00f3?&nbsp;<\/p>\n\n\n\n<p>De most t\u00e9nyleg, ez az utols\u00f3. Soha t\u00f6bbet nikotin, kr\u00e1kog\u00e1s. Majd \u00e9n megmutatom! Tudom, hogy idegbeteg leszek, meg szenvedni fogok, de v\u00e9ghez fogom vinni! Majd cukrot szopogatok, vagy r\u00e1g\u00f3zom, mert ugye mindenki tudja, sz\u00fcks\u00e9ges a&nbsp;p\u00f3tcselekv\u00e9s, \u00e9s \u00edgy nem lesznek traumatikus \u00e9lm\u00e9nyeim. Legal\u00e1bb is rem\u00e9lem. B\u00e1r eddig is ezt tettem, mikor semleges\u00edteni akartam a&nbsp;nikotin \u00edz\u00e9t a&nbsp;sz\u00e1mban. Sebaj, akkor, most t\u00f6bbet r\u00e1gcs\u00e1lok. Legfeljebb felszedek p\u00e1r kil\u00f3t. Meg\u00e9ri, nem? J\u00f6jj\u00f6n, aminek j\u00f6nnie kell. Holnap azzal kezdem a&nbsp;napot, hogy nem gy\u00fajtok r\u00e1. Esk\u00fcsz\u00f6m.&nbsp;<\/p>\n\n\n\n<p>(<a href=\"https:\/\/opus-folyoirat.sk\/?page_id=3902\" data-type=\"link\" data-id=\"https:\/\/opus-folyoirat.sk\/?page_id=3902\">olvass tov\u00e1bb<\/a>)<\/p>\n\n\n\n<hr class=\"wp-block-separator has-alpha-channel-opacity is-style-wide\"\/>\n\n\n\n<p class=\"has-medium-font-size\">Hogya Gy\u00f6rgy<\/p>\n\n\n\n<p> <strong>A Hold S\u00e1rk\u00e1nya fark\u00e1ba harap<\/strong><\/p>\n\n\n\n<p>A hegynek nevezett szab\u00e1lyos dombh\u00e1tat valamikor r\u00e9gen egy hatalmas, az emberi \u00e9sz sz\u00e1m\u00e1ra felfoghatatlan er\u0151 szak\u00edtotta kett\u00e9. Egy olyan er\u0151, amely m\u00e9ret\u00e9ben t\u00faln\u0151 az emberi k\u00e9pzeleten, \u00e9s csak egyszer\u0171 mes\u00e9k csod\u00e1iban t\u00fckr\u00f6z\u0151dik vissza, valahogy \u00fagy, mint a napf\u00e9ny az es\u0151cseppr\u0151l. A hegy k\u00f6zep\u00e9n egy \u00f3ri\u00e1si szurdokhoz hasonl\u00f3 hasad\u00e9kot hozott l\u00e9tre, amelyet az erre gyakorlatoz\u00f3 vad\u00e1szrep\u00fcl\u0151g\u00e9pek pil\u00f3t\u00e1i tal\u00e1l\u00f3an n\u0151 nemi szervnek neveztek el, persze k\u00f6z\u00e9rthet\u0151bb \u00e9s kedveltebb nev\u00e9t haszn\u00e1lva ennek a n\u0151i testr\u00e9sznek. A hasad\u00e9k egyik oldal\u00e1n azonban egy k\u00f6r\u00fclbel\u00fcl h\u00e1rom m\u00e9teres sugar\u00fa szab\u00e1lytalan f\u00e9lk\u00f6r alak\u00fa kiugr\u00f3 sziklap\u00e1rk\u00e1ny maradt, amely l\u00e1tv\u00e1nyosan emelkedett az alatta fekv\u0151 hatvank\u00e9t m\u00e9teres szakad\u00e9k fel\u00e9. Izgalmas hely ez a turist\u00e1k sz\u00e1m\u00e1ra, akik h\u00e1rom \u00f3r\u00e1t is k\u00e9pesek gyalogolni, hogy a szakad\u00e9k sz\u00e9l\u00e9n vonul\u00f3, a valamikori b\u00f6rt\u00f6nrabok \u00e1ltal kialak\u00edtott turista\u00f6sv\u00e9nyen felkapaszkodva elmondhass\u00e1k, megj\u00e1rt\u00e1k az \u00d6rd\u00f6gszikl\u00e1t. Tov\u00e1bb \u00fagysem mehetnek, mert b\u00e1r az \u00f6sv\u00e9ny bekanyarodik a hegy \u00e9szaki oldala fel\u00e9, s\u0151t innen aszfaltozva folytatja \u00fatj\u00e1t, a hatalmas feny\u0151f\u00e1k alatt ker\u00edt\u00e9s, kis kapu, \u00e9s rajta elhelyezett felirat jelzi, hogy mag\u00e1nter\u00fclet k\u00f6vetkezik. A t\u00e1volban l\u00e1that\u00f3 is egy lak\u00e1jos villa teteje, de idegennek m\u00e9g nem siker\u00fclt oda bejutnia.&nbsp;<\/p>\n\n\n\n<p>(<a href=\"https:\/\/opus-folyoirat.sk\/?page_id=4247\">olvass tov\u00e1bb<\/a>)<\/p>\n\n\n\n<hr class=\"wp-block-separator has-alpha-channel-opacity is-style-wide\"\/>\n\n\n\n<p class=\"has-medium-font-size\">Hogya Gy\u00f6rgy<\/p>\n\n\n\n<p><strong>Asylum<\/strong><\/p>\n\n\n<div class=\"wp-block-image\">\n<figure class=\"alignright size-large is-resized\"><img loading=\"lazy\" decoding=\"async\" width=\"1024\" height=\"1004\" src=\"http:\/\/opus-folyoirat.sk\/wp-content\/uploads\/2025\/09\/Hogya-1024x1004.jpg\" alt=\"\" class=\"wp-image-2625\" style=\"width:198px;height:auto\" srcset=\"https:\/\/opus-folyoirat.sk\/wp-content\/uploads\/2025\/09\/Hogya-1024x1004.jpg 1024w, https:\/\/opus-folyoirat.sk\/wp-content\/uploads\/2025\/09\/Hogya-300x294.jpg 300w, https:\/\/opus-folyoirat.sk\/wp-content\/uploads\/2025\/09\/Hogya-768x753.jpg 768w, https:\/\/opus-folyoirat.sk\/wp-content\/uploads\/2025\/09\/Hogya-306x300.jpg 306w, https:\/\/opus-folyoirat.sk\/wp-content\/uploads\/2025\/09\/Hogya.jpg 1304w\" sizes=\"auto, (max-width: 1024px) 100vw, 1024px\" \/><\/figure><\/div>\n\n\n<p>Igen, kedves bar\u00e1tom, igazad lehet abban, hogy t\u00fal nagy feneket ker\u00edtek az \u00fcgynek, s r\u00e1ad\u00e1sul hosszasan \u00e9s k\u00f6r\u00fclm\u00e9nyesen mondom el azt, amit r\u00f6videbben, vel\u0151sebben, \u00e9s csattan\u00f3sabban is el lehetne mondani. Mindez igaz. De h\u00e1t ilyenek vagyunk mi, \u00edr\u00f3k, bar\u00e1tom! Sok besz\u00e9ddel pr\u00f3b\u00e1lunk valamif\u00e9le nagy t\u00e1rsadalmi igazs\u00e1gok nyom\u00e1ra bukkanni, s k\u00f6zben k\u00e9ptelenek vagyunk \u00e9szrevenni \u00e9s megoldani saj\u00e1t gondjainkat. Ugyanakkor az \u0151szintes\u00e9g is k\u00f6telez, \u00edgy ments\u00e9gemre m\u00e9g azt sem mondhatom, amit egy\u00e9bk\u00e9nt szoktam, tudniillik, hogy alapos embernek tartom magam, s ez a megm\u00e1s\u00edthatatlan saj\u00e1toss\u00e1gom k\u00edv\u00e1nja meg, hogy \u00f6nc\u00e9l\u00fa fejteget\u00e9seimbe figyelmedet tudom\u00e1nyos (vagy legal\u00e1bbis annak t\u0171n\u0151) elm\u00e9letekkel pr\u00f3b\u00e1ljam meg bevonni.&nbsp; \u00c9s m\u00e9g sok m\u00e1s ments\u00e9g is eszembe jut, amelyekkel megmagyar\u00e1zhatn\u00e1m ennek a t\u00f6rt\u00e9netnek a m\u00e9lyebb \u00e9s felsz\u00ednesebb s\u00edkjait, de (ebben viszont te fogsz igazat adni nekem) mind haszontalan, hiszen a felismerhetetlennek t\u0171n\u0151 \u00f6sszef\u00fcgg\u00e9sekre v\u00e9g\u00fcl is neked magadnak kell r\u00e1j\u00f6nn\u00f6d\u2026<\/p>\n\n\n\n<p>(<a href=\"https:\/\/opus-folyoirat.sk\/?page_id=3937\" data-type=\"link\" data-id=\"https:\/\/opus-folyoirat.sk\/?page_id=3937\">olvass tov\u00e1bb<\/a>)<\/p>\n\n\n\n<hr class=\"wp-block-separator has-alpha-channel-opacity is-style-wide\"\/>\n\n\n\n<p class=\"has-medium-font-size\">Nagy Erika<\/p>\n\n\n\n<p><strong>A k\u00f6z\u00f6ny gener\u00e1ci\u00f3ja<\/strong><\/p>\n\n\n<div class=\"wp-block-image\">\n<figure class=\"alignright size-large is-resized\"><img loading=\"lazy\" decoding=\"async\" width=\"1024\" height=\"682\" src=\"http:\/\/opus-folyoirat.sk\/wp-content\/uploads\/2023\/11\/01_NagyErika-1024x682.jpg\" alt=\"\" class=\"wp-image-988\" style=\"width:209px;height:auto\" srcset=\"https:\/\/opus-folyoirat.sk\/wp-content\/uploads\/2023\/11\/01_NagyErika-1024x682.jpg 1024w, https:\/\/opus-folyoirat.sk\/wp-content\/uploads\/2023\/11\/01_NagyErika-300x200.jpg 300w, https:\/\/opus-folyoirat.sk\/wp-content\/uploads\/2023\/11\/01_NagyErika-768x512.jpg 768w, https:\/\/opus-folyoirat.sk\/wp-content\/uploads\/2023\/11\/01_NagyErika-1536x1024.jpg 1536w, https:\/\/opus-folyoirat.sk\/wp-content\/uploads\/2023\/11\/01_NagyErika-2048x1365.jpg 2048w, https:\/\/opus-folyoirat.sk\/wp-content\/uploads\/2023\/11\/01_NagyErika-450x300.jpg 450w\" sizes=\"auto, (max-width: 1024px) 100vw, 1024px\" \/><\/figure><\/div>\n\n\n<p>Ugyan\u00fagy indult a nap, mint a t\u00f6bbi, k\u00e1v\u00e9, r\u00e1ntotta, a szok\u00e1sos reggeli ny\u00fczsg\u00e9s, majd rohan\u00e1s a buszra. Csendes m\u00e1jusi es\u0151 \u00e1ztatta \u00e9jszaka a f\u00f6ldet, az utc\u00e1k j\u00e1rd\u00e1in nedves pocsoly\u00e1kba gy\u0171ltek az es\u0151cseppek. A term\u00e9szet kivirult, \u00fajra\u00e9ledtek f\u00e1k, a f\u00fcvet szinte harapni lehetett. Ragyog\u00f3 lombs\u00e1trat vont a tavasz arra a parkra is, amelyen naponta \u00e1tv\u00e1gok a munk\u00e1ba menet. Ezen a reggelen \u00e9n is \u00fajult lend\u00fclettel \u00e9s energi\u00e1val vetettem bele magam az el\u0151ttem \u00e1ll\u00f3 feladatokba, agyamban kattogtak a gondolatok, teend\u0151k, mi a fontos, mit lehet elod\u00e1zni. L\u00e1ttam, hogy a term\u00e9szet \u00e9led\u00e9s\u00e9vel egy\u00fctt a gazdik is t\u00f6bb id\u0151t t\u00f6ltenek a parkban, az ebek \u00f6nfeledten szaladg\u00e1ltak, legt\u00f6bbj\u00fck p\u00f3r\u00e1zon, szagolgatt\u00e1k, jel\u00f6lgett\u00e9k, amit csak szagolni \u00e9s jel\u00f6lni lehetett.&nbsp; A kisgyermekes anyuk\u00e1k a gyerk\u0151c\u00f6kkel ballagtak a k\u00f6zeli \u00f3vod\u00e1ba, ki \u00f6r\u00f6mmel ment, ki nyafogva, okot keresve arra, hogy visszaforduljanak. Ilyenkor a sz\u00fcl\u0151k \u00e1ltal\u00e1ban tehetetlenek, mert a gyerekkel nem lehet besz\u00e9lni, meg sem hallja a szavakat. Ha r\u00e1j\u00f6n a nyafog\u00e1s id\u0151szaka, nem haszn\u00e1l semmi, s ha el is lehet terelni a figyelm\u00e9t, az csak p\u00e1r percig tart. Majd j\u00f6n az \u00fajabb b\u00f6mb\u00f6l\u00e9s.&nbsp;<\/p>\n\n\n\n<p>(<a href=\"https:\/\/opus-folyoirat.sk\/?page_id=3881\" data-type=\"link\" data-id=\"https:\/\/opus-folyoirat.sk\/?page_id=3881\">olvass tov\u00e1bb<\/a>)<\/p>\n\n\n\n<hr class=\"wp-block-separator has-alpha-channel-opacity is-style-wide\"\/>\n\n\n\n<p class=\"has-medium-font-size\">Hogya Gy\u00f6rgy<\/p>\n\n\n\n<p class=\"has-small-font-size\"><strong>A bizony\u00edt\u00e9k<\/strong><\/p>\n\n\n<div class=\"wp-block-image\">\n<figure class=\"alignright size-large is-resized\"><img loading=\"lazy\" decoding=\"async\" width=\"1024\" height=\"1004\" src=\"http:\/\/opus-folyoirat.sk\/wp-content\/uploads\/2025\/09\/Hogya-1024x1004.jpg\" alt=\"\" class=\"wp-image-2625\" style=\"width:186px;height:auto\" srcset=\"https:\/\/opus-folyoirat.sk\/wp-content\/uploads\/2025\/09\/Hogya-1024x1004.jpg 1024w, https:\/\/opus-folyoirat.sk\/wp-content\/uploads\/2025\/09\/Hogya-300x294.jpg 300w, https:\/\/opus-folyoirat.sk\/wp-content\/uploads\/2025\/09\/Hogya-768x753.jpg 768w, https:\/\/opus-folyoirat.sk\/wp-content\/uploads\/2025\/09\/Hogya-306x300.jpg 306w, https:\/\/opus-folyoirat.sk\/wp-content\/uploads\/2025\/09\/Hogya.jpg 1304w\" sizes=\"auto, (max-width: 1024px) 100vw, 1024px\" \/><\/figure><\/div>\n\n\n<p id=\"block-36318d7c-7f16-4860-a1b2-94c866c52f85\">Akkor azt hitt\u00fck, pontosan tudjuk, mit akarunk.&nbsp;<\/p>\n\n\n\n<p id=\"block-799aed32-9f3f-4738-bd56-4f49f0fa7e65\">Egy olyan f\u00e9nyk\u00e9palbumot szerett\u00fcnk volna elk\u00e9sz\u00edteni, amelyben benne lesz az orsz\u00e1g valamennyi v\u00e1ra, kast\u00e9lya, k\u00fari\u00e1ja \u00e9s v\u00e1rromja, a hozz\u00e1juk tartoz\u00f3 legjelent\u0151sebb mond\u00e1kkal, legend\u00e1kkal egy\u00fctt.<\/p>\n\n\n\n<p id=\"block-b3ab41b5-abd5-40d7-a9c1-e0234aa95680\">Meg voltunk r\u00f3la gy\u0151z\u0151dve, hogy most m\u00e1r tiszt\u00e1n l\u00e1tjuk a vil\u00e1got, el\u0151tt\u00fcnk \u00e1llnak a nagy lehet\u0151s\u00e9gek, \u00e9s \u00faj, nagy dolgokat vihet\u00fcnk v\u00e9ghez. A b\u00e1rsonyos forradalom ut\u00e1ni lelkesed\u00e9sben mi r\u00f6gt\u00f6n jelent\u0151s t\u00e1mogat\u00e1st p\u00e1ly\u00e1ztunk \u00e9s kaptunk meg erre a c\u00e9lra, \u00edgy nagyon komoly munk\u00e1ba kezdt\u00fcnk.<\/p>\n\n\n\n<p>(<a href=\"https:\/\/opus-folyoirat.sk\/?page_id=4151\">olvass tov\u00e1bb<\/a>)<\/p>\n\n\n\n<hr class=\"wp-block-separator has-alpha-channel-opacity is-style-wide\"\/>\n\n\n\n<p class=\"has-medium-font-size\">Hajd\u00fa L\u00e1szl\u00f3<\/p>\n\n\n<div class=\"wp-block-image\">\n<figure class=\"alignright size-large is-resized\"><img loading=\"lazy\" decoding=\"async\" width=\"525\" height=\"1024\" src=\"http:\/\/opus-folyoirat.sk\/wp-content\/uploads\/2025\/11\/HajduLaszlo-525x1024.jpg\" alt=\"\" class=\"wp-image-3111\" style=\"width:135px;height:auto\" srcset=\"https:\/\/opus-folyoirat.sk\/wp-content\/uploads\/2025\/11\/HajduLaszlo-525x1024.jpg 525w, https:\/\/opus-folyoirat.sk\/wp-content\/uploads\/2025\/11\/HajduLaszlo-154x300.jpg 154w, https:\/\/opus-folyoirat.sk\/wp-content\/uploads\/2025\/11\/HajduLaszlo.jpg 661w\" sizes=\"auto, (max-width: 525px) 100vw, 525px\" \/><\/figure><\/div>\n\n\n<p><strong>Maszlag<\/strong><\/p>\n\n\n\n<div class=\"wp-block-group is-vertical is-layout-flex wp-container-core-group-is-layout-8cf370e7 wp-block-group-is-layout-flex\">\n<p>Sz\u00ednleltem, mintha er\u0151sen gy\u00e1szoln\u00e9k. F\u00e1sultan hallgattam v\u00e9gig a pap besz\u00e9d\u00e9t, csak akkor \u00e9rz\u00e9keny\u00fcltem el, amikor a sorban k\u00f6vetkez\u0151r\u0151l tett eml\u00edt\u00e9st. Azt a \u201emiaty\u00e1nkot\u201d v\u00e9gig motyogtam.<\/p>\n\n\n\n<p>A k\u00fclvil\u00e1g szeme \u00e9s sz\u00e1ja el\u0151l fekete ruh\u00e1ba, fekete f\u00e1tyolba rejteztem. Csak olyan prof\u00e1n gondolat fogalmaz\u00f3dott meg bennem, megs\u00fcl\u00f6k a nyavaly\u00e1s fekete harisny\u00e1ban.<\/p>\n\n\n\n<p>\u2013 Szeg\u00e9ny asszony! Milyen fiatal m\u00e9g \u2013 hallottam ki a fals hangokat, amivel az asszonyok a f\u00e9rj\u00fcket \u00f3vt\u00e1k t\u0151lem, a f\u00e9rfiak meg k\u00e9pzeletben m\u00e1r a l\u00e1bam k\u00f6zt j\u00e1rtak.<\/p>\n\n\n\n<p>\u2013 Zsuzsika! Ha sz\u00fcks\u00e9ged van seg\u00edts\u00e9gre, csak sz\u00f3lj! \u2013 tolakodott intimszf\u00e9r\u00e1mba a szembe szomsz\u00e9d, akit az sem zavart, a feles\u00e9ge \u00e1rgus szemmel leskel\u0151dik.&nbsp; A fark\u00e1t tolta volna, de \u00fatban volt hord\u00f3hasa.<\/p>\n<\/div>\n\n\n\n<p>(<a href=\"https:\/\/opus-folyoirat.sk\/?page_id=3998\" data-type=\"link\" data-id=\"https:\/\/opus-folyoirat.sk\/?page_id=3998\">olvass tov\u00e1bb<\/a>)<\/p>\n\n\n\n<hr class=\"wp-block-separator has-alpha-channel-opacity is-style-wide\"\/>\n\n\n\n<p class=\"has-medium-font-size\">Szegedi Kov\u00e1cs Gy\u00f6rgy<\/p>\n\n\n<div class=\"wp-block-image\">\n<figure class=\"alignright size-large is-resized\"><img loading=\"lazy\" decoding=\"async\" width=\"851\" height=\"1024\" src=\"https:\/\/opus-folyoirat.sk\/wp-content\/uploads\/2026\/01\/SzegediGyuri-851x1024.jpg\" alt=\"\" class=\"wp-image-3996\" style=\"width:141px;height:auto\" srcset=\"https:\/\/opus-folyoirat.sk\/wp-content\/uploads\/2026\/01\/SzegediGyuri-851x1024.jpg 851w, https:\/\/opus-folyoirat.sk\/wp-content\/uploads\/2026\/01\/SzegediGyuri-249x300.jpg 249w, https:\/\/opus-folyoirat.sk\/wp-content\/uploads\/2026\/01\/SzegediGyuri-768x924.jpg 768w, https:\/\/opus-folyoirat.sk\/wp-content\/uploads\/2026\/01\/SzegediGyuri.jpg 1201w\" sizes=\"auto, (max-width: 851px) 100vw, 851px\" \/><\/figure><\/div>\n\n\n<p><strong>Kavicsok<\/strong><\/p>\n\n\n\n<p>Vers\u00edr\u00e1s el\u0151tt&nbsp;<br>sohase moss kezet.<\/p>\n\n\n\n<p>&nbsp; &nbsp; &nbsp; &nbsp; &nbsp; &nbsp; &nbsp; &nbsp; &nbsp; *<\/p>\n\n\n\n<p>A trad\u00edci\u00f3k falainak reped\u00e9seib\u0151l<br>\u00e9des szirupk\u00e9nt csurognak a dogm\u00e1k.<\/p>\n\n\n\n<p>(<a href=\"https:\/\/opus-folyoirat.sk\/?page_id=3993\" data-type=\"link\" data-id=\"https:\/\/opus-folyoirat.sk\/?page_id=3993\">olvass tov\u00e1bb<\/a>)<\/p>\n\n\n\n<hr class=\"wp-block-separator has-alpha-channel-opacity is-style-wide\"\/>\n\n\n\n<p class=\"has-medium-font-size\">Nyilas Attila<\/p>\n\n\n\n<p><strong>Zsolt\u00e1r<\/strong><\/p>\n\n\n<div class=\"wp-block-image\">\n<figure class=\"alignright size-large is-resized\"><img loading=\"lazy\" decoding=\"async\" width=\"768\" height=\"1024\" src=\"https:\/\/opus-folyoirat.sk\/wp-content\/uploads\/2026\/01\/Nyilas-Atilla-Nyilas-Matyas-fotoja-768x1024.jpg\" alt=\"\" class=\"wp-image-3991\" style=\"width:144px;height:auto\" srcset=\"https:\/\/opus-folyoirat.sk\/wp-content\/uploads\/2026\/01\/Nyilas-Atilla-Nyilas-Matyas-fotoja-768x1024.jpg 768w, https:\/\/opus-folyoirat.sk\/wp-content\/uploads\/2026\/01\/Nyilas-Atilla-Nyilas-Matyas-fotoja-225x300.jpg 225w, https:\/\/opus-folyoirat.sk\/wp-content\/uploads\/2026\/01\/Nyilas-Atilla-Nyilas-Matyas-fotoja-1152x1536.jpg 1152w, https:\/\/opus-folyoirat.sk\/wp-content\/uploads\/2026\/01\/Nyilas-Atilla-Nyilas-Matyas-fotoja-1536x2048.jpg 1536w, https:\/\/opus-folyoirat.sk\/wp-content\/uploads\/2026\/01\/Nyilas-Atilla-Nyilas-Matyas-fotoja-scaled.jpg 1920w\" sizes=\"auto, (max-width: 768px) 100vw, 768px\" \/><\/figure><\/div>\n\n\n<div class=\"wp-block-group is-vertical is-layout-flex wp-container-core-group-is-layout-8cf370e7 wp-block-group-is-layout-flex\">\n<p>Am\u00edg csak veled t\u00e1rsalgok, Uram,<\/p>\n\n\n\n<p>b\u00e9ke lakik a sz\u00edvemben,<\/p>\n\n\n\n<p>de ha a n\u00e9p k\u00f6z\u00e9 kell vegy\u00fcln\u00f6m,<\/p>\n\n\n\n<p>kellemetlens\u00e9gek sora \u00e9r, noha<\/p>\n\n\n\n<p>nem gy\u0171l\u00f6l\u00f6m, \u00e9s meg sem vetem.<\/p>\n\n\n\n<p>Vonakodnak elismerni igazamat,<\/p>\n\n\n\n<p>v\u00e9lt \u00e9rdekeik szerint hazudnak,<\/p>\n\n\n\n<p>\u00e1lnoks\u00e1gban telnek napjaik,<\/p>\n\n\n\n<p>elm\u00e9j\u00fckre s\u00f6t\u00e9ts\u00e9g borul,<\/p>\n\n\n\n<p>\u00faj k\u00f6zvetlens\u00e9gemre s\u00fcketek,<\/p>\n\n\n\n<p><em>torkuk nyitott, d\u00f6gletes s\u00edr.<\/em><\/p>\n<\/div>\n\n\n\n<p>(<a href=\"https:\/\/opus-folyoirat.sk\/?page_id=3989\" data-type=\"link\" data-id=\"https:\/\/opus-folyoirat.sk\/?page_id=3989\">olvass tov\u00e1bb<\/a>)<\/p>\n\n\n\n<hr class=\"wp-block-separator has-alpha-channel-opacity is-style-wide\"\/>\n\n\n\n<p class=\"has-medium-font-size\">Szoll\u00e1th Mih\u00e1ly versei<\/p>\n\n\n<div class=\"wp-block-image\">\n<figure class=\"alignright size-full is-resized\"><img loading=\"lazy\" decoding=\"async\" width=\"605\" height=\"378\" src=\"http:\/\/opus-folyoirat.sk\/wp-content\/uploads\/2025\/09\/szollath1.jpg\" alt=\"\" class=\"wp-image-2585\" style=\"width:251px;height:auto\" srcset=\"https:\/\/opus-folyoirat.sk\/wp-content\/uploads\/2025\/09\/szollath1.jpg 605w, https:\/\/opus-folyoirat.sk\/wp-content\/uploads\/2025\/09\/szollath1-300x187.jpg 300w, https:\/\/opus-folyoirat.sk\/wp-content\/uploads\/2025\/09\/szollath1-480x300.jpg 480w\" sizes=\"auto, (max-width: 605px) 100vw, 605px\" \/><\/figure><\/div>\n\n\n<p><strong>Karrier<\/strong><\/p>\n\n\n\n<p>Odateszem a h\u00edres m\u0171v\u00e9sz&nbsp;<br>fot\u00f3ja mell\u00e9 az eny\u00e9met.&nbsp;<br>Sz\u00e9pen megsim\u00edtom&nbsp;<br>a mesters\u00e9ges intelligencia&nbsp;<br>seg\u00edts\u00e9g\u00e9vel.&nbsp;<\/p>\n\n\n\n<p>Semmi az eg\u00e9sz, f\u00e9l \u00f3ra&nbsp;<br>\u00e9s m\u00e1r k\u00e9sz is vagyok.&nbsp;<br>Azt\u00e1n hagyom egy kicsit,&nbsp;<br>majd megn\u00e9zem,&nbsp;<br>az apr\u00f3 hib\u00e1kat korrig\u00e1lom.&nbsp;<\/p>\n\n\n\n<p>(<a href=\"https:\/\/opus-folyoirat.sk\/?page_id=3984\" data-type=\"link\" data-id=\"https:\/\/opus-folyoirat.sk\/?page_id=3984\">olvass tov\u00e1bb<\/a>)<\/p>\n\n\n\n<hr class=\"wp-block-separator has-alpha-channel-opacity is-style-wide\"\/>\n\n\n\n<p class=\"has-medium-font-size\">Klein T. L\u00e1szl\u00f3<\/p>\n\n\n\n<p><strong>Atala<\/strong><\/p>\n\n\n<div class=\"wp-block-image\">\n<figure class=\"alignright size-large is-resized\"><img loading=\"lazy\" decoding=\"async\" width=\"672\" height=\"1024\" src=\"https:\/\/opus-folyoirat.sk\/wp-content\/uploads\/2026\/01\/Klein-T.-Laszlo-672x1024.jpg\" alt=\"\" class=\"wp-image-3980\" style=\"width:188px;height:auto\" srcset=\"https:\/\/opus-folyoirat.sk\/wp-content\/uploads\/2026\/01\/Klein-T.-Laszlo-672x1024.jpg 672w, https:\/\/opus-folyoirat.sk\/wp-content\/uploads\/2026\/01\/Klein-T.-Laszlo-197x300.jpg 197w, https:\/\/opus-folyoirat.sk\/wp-content\/uploads\/2026\/01\/Klein-T.-Laszlo-768x1170.jpg 768w, https:\/\/opus-folyoirat.sk\/wp-content\/uploads\/2026\/01\/Klein-T.-Laszlo-1008x1536.jpg 1008w, https:\/\/opus-folyoirat.sk\/wp-content\/uploads\/2026\/01\/Klein-T.-Laszlo.jpg 1158w\" sizes=\"auto, (max-width: 672px) 100vw, 672px\" \/><\/figure><\/div>\n\n\n<p>Atala Mendezzel egy szeles d\u00e9lut\u00e1non tal\u00e1lkozom P\u00e1rizsban.<\/p>\n\n\n\n<p>Korn\u00e9l szerint konspir\u00e1ci\u00f3ra P\u00e1rizsn\u00e1l nincsen ide\u00e1lisabb hely a vil\u00e1gon. Az ember k\u00e9nyelmes figyel\u0151\u00e1ll\u00e1sba helyezkedik egy k\u00e1v\u00e9h\u00e1zi szegletben, \u00e9s ha nem csak \u00fagy bambul bele a vil\u00e1gba eme csendes szeml\u00e9l\u0151d\u00e9s k\u00f6zepette, szembetal\u00e1lkozik az \u00e9let val\u00f3dis\u00e1g\u00e1val. \u0150 \u00e9lvezi ezt, engem megr\u00e9m\u00edt minden, amire azt mondj\u00e1k: val\u00f3s\u00e1g.<\/p>\n\n\n\n<p>B\u00e9csben t\u00f6lt\u00f6tt \u00f6szt\u00f6nd\u00edjas \u00e9vei alatt ismerte meg Atal\u00e1t. Nehezen j\u00f6v\u00f6k ki ismeretlen emberekkel. Vonakodtam a tal\u00e1lkoz\u00e1st\u00f3l, amikor a telefonban Korn\u00e9l megk\u00e9rt.<\/p>\n\n\n\n<p>\u2013 Hidd el, Dezs\u0151, sz\u00fcks\u00e9ged lesz erre az utaz\u00e1sra! \u2013 mondta.<\/p>\n\n\n\n<p>Korn\u00e9l gyerekkorunk \u00f3ta nagyon meggy\u0151z\u0151 tud lenni. N\u00e9gy \u00e9vvel id\u0151sebb n\u00e1lam, \u00e9s azon t\u00fal, hogy unokatestv\u00e9rek vagyunk, Korn\u00e9llal \u00f6sszek\u00f6tnek a gyermekotthonban t\u00f6lt\u00f6tt k\u00f6z\u00f6s \u00e9vek, ahol az \u00e9let\u00fcnk maga volt a pokol.<\/p>\n\n\n\n<p>(<a href=\"https:\/\/opus-folyoirat.sk\/?page_id=3977\" data-type=\"link\" data-id=\"https:\/\/opus-folyoirat.sk\/?page_id=3977\">olvass tov\u00e1bb<\/a>)<\/p>\n\n\n\n<hr class=\"wp-block-separator has-alpha-channel-opacity is-style-wide\"\/>\n\n\n\n<p class=\"has-medium-font-size\">Nagy Erika<\/p>\n\n\n\n<p><strong>Kebelk\u00edgy\u00f3<\/strong><\/p>\n\n\n<div class=\"wp-block-image\">\n<figure class=\"alignright size-large is-resized\"><img loading=\"lazy\" decoding=\"async\" width=\"1024\" height=\"682\" src=\"http:\/\/opus-folyoirat.sk\/wp-content\/uploads\/2023\/11\/01_NagyErika-1024x682.jpg\" alt=\"\" class=\"wp-image-988\" style=\"width:190px;height:auto\" srcset=\"https:\/\/opus-folyoirat.sk\/wp-content\/uploads\/2023\/11\/01_NagyErika-1024x682.jpg 1024w, https:\/\/opus-folyoirat.sk\/wp-content\/uploads\/2023\/11\/01_NagyErika-300x200.jpg 300w, https:\/\/opus-folyoirat.sk\/wp-content\/uploads\/2023\/11\/01_NagyErika-768x512.jpg 768w, https:\/\/opus-folyoirat.sk\/wp-content\/uploads\/2023\/11\/01_NagyErika-1536x1024.jpg 1536w, https:\/\/opus-folyoirat.sk\/wp-content\/uploads\/2023\/11\/01_NagyErika-2048x1365.jpg 2048w, https:\/\/opus-folyoirat.sk\/wp-content\/uploads\/2023\/11\/01_NagyErika-450x300.jpg 450w\" sizes=\"auto, (max-width: 1024px) 100vw, 1024px\" \/><\/figure><\/div>\n\n\n<p>Minden ember m\u00e1s, egy\u00e9nenk\u00e9nt elt\u00e9r\u0151.&nbsp;M\u00e1s az \u00e1lmunk, c\u00e9lunk, szem\u00e9lyis\u00e9g\u00fcnk.&nbsp; Remek\u00fcl ki van ez tal\u00e1lva! Emberi term\u00e9szet\u00fcnkn\u00e9l fogva nem rejtj\u00fck el v\u00e9lem\u00e9ny\u00fcnket embert\u00e1rsainkr\u00f3l, besz\u00e9l\u00fcnk arr\u00f3l, hogy a m\u00e1siknak hogyan kellene viselkednie, milyen ruha \u00e1llna j\u00f3l neki, kivel nem k\u00e9ne bar\u00e1tkoznia\u2026&nbsp;<\/p>\n\n\n\n<p>(<a href=\"https:\/\/opus-folyoirat.sk\/?page_id=3877\" data-type=\"link\" data-id=\"https:\/\/opus-folyoirat.sk\/?page_id=3877\">olvass tov\u00e1bb<\/a>)<\/p>\n\n\n\n<hr class=\"wp-block-separator has-alpha-channel-opacity is-style-wide\"\/>\n\n\n\n<p class=\"has-medium-font-size\">Hogya Gy\u00f6rgy<\/p>\n\n\n\n<h1 class=\"wp-block-heading\">Kieg\u00e9sz\u00edt\u00e9sek az eml\u00e9kezet apol\u00f3gi\u00e1j\u00e1hoz<\/h1>\n\n\n<div class=\"wp-block-image\">\n<figure class=\"alignright size-large is-resized\"><img loading=\"lazy\" decoding=\"async\" width=\"1024\" height=\"1004\" src=\"http:\/\/opus-folyoirat.sk\/wp-content\/uploads\/2025\/09\/Hogya-1024x1004.jpg\" alt=\"\" class=\"wp-image-2625\" style=\"width:212px;height:auto\" srcset=\"https:\/\/opus-folyoirat.sk\/wp-content\/uploads\/2025\/09\/Hogya-1024x1004.jpg 1024w, https:\/\/opus-folyoirat.sk\/wp-content\/uploads\/2025\/09\/Hogya-300x294.jpg 300w, https:\/\/opus-folyoirat.sk\/wp-content\/uploads\/2025\/09\/Hogya-768x753.jpg 768w, https:\/\/opus-folyoirat.sk\/wp-content\/uploads\/2025\/09\/Hogya-306x300.jpg 306w, https:\/\/opus-folyoirat.sk\/wp-content\/uploads\/2025\/09\/Hogya.jpg 1304w\" sizes=\"auto, (max-width: 1024px) 100vw, 1024px\" \/><\/figure><\/div>\n\n\n<div class=\"wp-block-group is-vertical is-layout-flex wp-container-core-group-is-layout-8cf370e7 wp-block-group-is-layout-flex\">\n<div class=\"wp-block-group is-vertical is-layout-flex wp-container-core-group-is-layout-8cf370e7 wp-block-group-is-layout-flex\">\n<p id=\"block-ff47c535-b633-43e5-b045-e378d4bfc87d\">\u2014\u2014 \u2026elmer\u00fcl\u00f6k a testmeleg folyad\u00e9kkal teliengedett k\u00e1dban, lebegek a fenenagy-s\u00f6t\u00e9ts\u00e9gben, s k\u00f6r\u00f6ttem ott sejlenek, sustorognak megsz\u00f3l\u00edt\u00e1sra k\u00e9sz eml\u00e9keim.&nbsp;<\/p>\n\n\n\n<p id=\"block-3126dfd6-8a9a-496e-bfe3-07b38ee1229d\">Ezt az ingermegvon\u00e1sos k\u00eds\u00e9rletet m\u00e1r sokan elv\u00e9gezt\u00e9k, de a legelsz\u00e1ntabbak is csak p\u00e1r napig b\u00edrt\u00e1k. A cs\u00facs hat nap. Ez ut\u00f3bbi cs\u00facstart\u00f3kb\u00f3l egyesekn\u00e9l maradand\u00f3 agyi k\u00e1rosod\u00e1st okozott a teljes ingermegvon\u00e1s. Kezel\u00e9s c\u00e9lj\u00e1b\u00f3l \u00e1ltal\u00e1ban egy \u00f3r\u00e1ra fektetik be az alanyokat, \u00e1m \u00e9n enn\u00e9l j\u00f3val tov\u00e1bb szeretn\u00e9k maradni&#8230;&nbsp; Ugyanis nem kezel\u00e9s miatt vagyok itt.&nbsp;<\/p>\n\n\n\n<p id=\"block-b564e324-6ed8-4814-a3cc-99ec9237e79a\">Az \u00e9n k\u00e9rd\u00e9sem a k\u00f6vetkez\u0151: A teljes csendben, a t\u00f6k\u00e9letes s\u00f6t\u00e9tben, szag \u00e9s minden m\u00e1s k\u00fcls\u0151 inger n\u00e9lk\u00fcl megismerhetem-e, meg\u00e9rthetem-e, k\u00f6zelebb ker\u00fclhetek-e az \u00e1lmaimhoz, eml\u00e9keimhez? Van-e es\u00e9ly arra, hogy a maguk kend\u0151zetlen, agyam \u00e1ltal k\u00f6zvet\u00edtett form\u00e1j\u00e1ban \u201el\u00e1ssam\u201d ok\u00e9t, vagy mindez torzul a saj\u00e1t szeml\u00e9l\u0151d\u00e9sem f\u00e1tyl\u00e1n kereszt\u00fcl? M\u00e9g pontosabban: torzul-e ez a tapasztalat az interpret\u00e1ci\u00f3 \u00e1ltal, \u00e9s ha interpret\u00e1ci\u00f3r\u00f3l van sz\u00f3, ki vagy mi interpret\u00e1l?&nbsp;<\/p>\n<\/div>\n<\/div>\n\n\n\n<p>(<a href=\"https:\/\/opus-folyoirat.sk\/?page_id=4146\">olvass tov\u00e1bb<\/a>)<\/p>\n\n\n\n<hr class=\"wp-block-separator has-alpha-channel-opacity is-style-wide\"\/>\n\n\n\n<p class=\"has-medium-font-size\">Lazarev Oleg<\/p>\n\n\n\n<p><strong>Felt\u00e1madunk?<\/strong><\/p>\n\n\n<div class=\"wp-block-image\">\n<figure class=\"alignright size-full is-resized\"><img loading=\"lazy\" decoding=\"async\" width=\"631\" height=\"655\" src=\"https:\/\/opus-folyoirat.sk\/wp-content\/uploads\/2026\/01\/Oleg-Lazarev_1.jpg\" alt=\"\" class=\"wp-image-3975\" style=\"width:215px;height:auto\" srcset=\"https:\/\/opus-folyoirat.sk\/wp-content\/uploads\/2026\/01\/Oleg-Lazarev_1.jpg 631w, https:\/\/opus-folyoirat.sk\/wp-content\/uploads\/2026\/01\/Oleg-Lazarev_1-289x300.jpg 289w\" sizes=\"auto, (max-width: 631px) 100vw, 631px\" \/><\/figure><\/div>\n\n\n<div class=\"wp-block-group is-vertical is-layout-flex wp-container-core-group-is-layout-8cf370e7 wp-block-group-is-layout-flex\">\n<p>Ifj\u00fas\u00e1gom v\u00e1rosa Budapest<\/p>\n\n\n\n<p>r\u00e9gi-\u00faj terek \u00e9s mindig m\u00e1s<\/p>\n\n\n\n<p>a leveg\u0151 simul r\u00e1 a r\u00e9gi test<\/p>\n\n\n\n<p>ugyanazok az utc\u00e1k, a hat\u00e1s<\/p>\n\n\n\n<p>mely ujj\u00e1val megb\u00f6kve n\u00e9z:<\/p>\n\n\n\n<p>de ismer\u0151s vagy valahonnan<\/p>\n\n\n\n<p>&#8230;<\/p>\n<\/div>\n\n\n\n<p>(<a href=\"https:\/\/opus-folyoirat.sk\/?page_id=3973\" data-type=\"link\" data-id=\"https:\/\/opus-folyoirat.sk\/?page_id=3973\">olvass tov\u00e1bb<\/a>)<\/p>\n\n\n\n<hr class=\"wp-block-separator has-alpha-channel-opacity is-style-wide\"\/>\n\n\n\n<p class=\"has-medium-font-size\">Nagy Erika<\/p>\n\n\n\n<p><strong>Az \u00f6zvegy<\/strong><\/p>\n\n\n<div class=\"wp-block-image\">\n<figure class=\"alignright size-large is-resized\"><img loading=\"lazy\" decoding=\"async\" width=\"1024\" height=\"682\" src=\"http:\/\/opus-folyoirat.sk\/wp-content\/uploads\/2023\/11\/01_NagyErika-1024x682.jpg\" alt=\"\" class=\"wp-image-988\" style=\"width:176px;height:auto\" srcset=\"https:\/\/opus-folyoirat.sk\/wp-content\/uploads\/2023\/11\/01_NagyErika-1024x682.jpg 1024w, https:\/\/opus-folyoirat.sk\/wp-content\/uploads\/2023\/11\/01_NagyErika-300x200.jpg 300w, https:\/\/opus-folyoirat.sk\/wp-content\/uploads\/2023\/11\/01_NagyErika-768x512.jpg 768w, https:\/\/opus-folyoirat.sk\/wp-content\/uploads\/2023\/11\/01_NagyErika-1536x1024.jpg 1536w, https:\/\/opus-folyoirat.sk\/wp-content\/uploads\/2023\/11\/01_NagyErika-2048x1365.jpg 2048w, https:\/\/opus-folyoirat.sk\/wp-content\/uploads\/2023\/11\/01_NagyErika-450x300.jpg 450w\" sizes=\"auto, (max-width: 1024px) 100vw, 1024px\" \/><\/figure><\/div>\n\n\n<p>Meleg volt, csend \u00e9s b\u00e9kess\u00e9g. Az \u00f3ri\u00e1si gesztenyefa olyan volt sud\u00e1r \u00e1gaival, mintha az alatta \u00fcl\u0151 \u00f6reg\u00far nyugalm\u00e1t \u0151rizn\u00e9 szel\u00edd \u00e1h\u00edtattal.&nbsp;<\/p>\n\n\n\n<p>M\u00e1rton unottan, k\u00f6z\u00f6mb\u00f6s arccal \u00fclt a padon, arca visszafojtott indulatot t\u00fckr\u00f6z\u00f6tt, olyan volt, mint egy fesz\u00fclts\u00e9ggel teli izz\u00f3 k\u0151zet. \u00c9tv\u00e1gytalanul turk\u00e1lt az \u00e9telben, majd t\u00e1ny\u00e9rja mell\u00e9 tette a kanalat. R\u00e1zta a hideg, \u00e9melygett a gyomra. Valami megmagyar\u00e1zhatatlan inger k\u00f6vetkezt\u00e9ben becsukta a szemeit, \u00f6k\u00f6lbe szor\u00edtotta kezeit, majd, mint a vulk\u00e1n, kit\u00f6rt bel\u0151le hangosan &#8211; Magdus! Az els\u0151 sz\u00f3, amit napok \u00f3ta el\u0151sz\u00f6r ejtett ki a sz\u00e1j\u00e1n. Megk\u00f6nnyebb\u00fclt.<\/p>\n\n\n\n<p>(<a href=\"https:\/\/opus-folyoirat.sk\/?page_id=3899\" data-type=\"link\" data-id=\"https:\/\/opus-folyoirat.sk\/?page_id=3899\">olvass tov\u00e1bb<\/a>)<\/p>\n\n\n\n<hr class=\"wp-block-separator has-alpha-channel-opacity is-style-wide\"\/>\n\n\n\n<p class=\"has-medium-font-size\">Z. N\u00e9meth Istv\u00e1n versei<\/p>\n\n\n\n<p><strong>El, al, \u00e9l<\/strong><\/p>\n\n\n\n<p>Meggy\u0151z\u0151d\u00e9se, hogy a verset \u00fagy <em>adj\u00e1k<\/em>,<br>s amit adnak, meg kell becs\u00fclni. Ha csak napi<br>egyet, s nem f\u00e9nyes s\u00e9tap\u00e1lc\u00e1t, csak vastag<br>g\u00f6cs\u00f6rt\u00f6t, v\u00e1llat vonni \u00e9s faragni estig.<\/p>\n\n\n\n<p>Reszelni, bekenni f\u00e9nyes\u00edt\u0151 lakkal, tal\u00e1n \u00edgy<br>k\u00fcldenek m\u00e9g, hisz v\u00e9gtelen az \u00e9gi rakt\u00e1r.<br>Ha pedig nem adnak, biztosan okuk van r\u00e1,<br>tal\u00e1n most m\u00e1s fej\u00e9be hullnak a sz\u00f3tagok.<\/p>\n\n\n\n<p>(<a href=\"https:\/\/opus-folyoirat.sk\/?page_id=3918\" data-type=\"link\" data-id=\"https:\/\/opus-folyoirat.sk\/?page_id=3918\">olvass tov\u00e1bb<\/a>)<\/p>\n\n\n\n<hr class=\"wp-block-separator has-alpha-channel-opacity is-style-wide\"\/>\n\n\n\n<p class=\"has-medium-font-size\">Kartali Zsusanna<\/p>\n\n\n\n<p><strong>Borosty\u00e1n<\/strong><\/p>\n\n\n\n<div class=\"wp-block-group is-vertical is-layout-flex wp-container-core-group-is-layout-8cf370e7 wp-block-group-is-layout-flex\">\n<p>Ott tartunk, ahol sz\u00e1z \u00e9ve. Ut\u00e1ln\u00e1d<\/p>\n\n\n\n<p>te is, azt hiszem.<\/p>\n\n\n\n<p>K\u00eds\u00e9rletezt\u00e9l, t\u00fcnd\u00f6k\u00f6lt\u00e9l, ahogy<\/p>\n\n\n\n<p>egy munk\u00e1sl\u00e1nyt\u00f3l elvileg<\/p>\n\n\n\n<p>nem telik.<\/p>\n\n\n\n<p>Att\u00f3l se, akinek h\u00edres a b\u00e1tyja. Dacb\u00f3l<\/p>\n\n\n\n<p>lehett\u00e9l volna s\u00fclt realista is, \u00e1m<\/p>\n\n\n\n<p>a politika \u00e9s az izmos izmusok<\/p>\n\n\n\n<p>magukkal ragadtak a l\u00e9gbe.<\/p>\n\n\n\n<p>A vil\u00e1gmegv\u00e1lt\u00e1s olyan szexi volt!<\/p>\n<\/div>\n\n\n\n<p>(<a href=\"https:\/\/opus-folyoirat.sk\/?page_id=3971\" data-type=\"link\" data-id=\"https:\/\/opus-folyoirat.sk\/?page_id=3971\">olvass tov\u00e1bb<\/a>)<\/p>\n\n\n\n<hr class=\"wp-block-separator has-alpha-channel-opacity is-style-wide\"\/>\n\n\n\n<p class=\"has-medium-font-size\">Bittera Sophie Iman<\/p>\n\n\n\n<p><strong>Foglyok<\/strong><\/p>\n\n\n<div class=\"wp-block-image\">\n<figure class=\"alignright size-large is-resized\"><img loading=\"lazy\" decoding=\"async\" width=\"768\" height=\"1024\" src=\"https:\/\/opus-folyoirat.sk\/wp-content\/uploads\/2026\/01\/BitteraSophie-768x1024.jpg\" alt=\"\" class=\"wp-image-4058\" style=\"width:136px;height:auto\" srcset=\"https:\/\/opus-folyoirat.sk\/wp-content\/uploads\/2026\/01\/BitteraSophie-768x1024.jpg 768w, https:\/\/opus-folyoirat.sk\/wp-content\/uploads\/2026\/01\/BitteraSophie-225x300.jpg 225w, https:\/\/opus-folyoirat.sk\/wp-content\/uploads\/2026\/01\/BitteraSophie.jpg 987w\" sizes=\"auto, (max-width: 768px) 100vw, 768px\" \/><\/figure><\/div>\n\n\n<p>A vasr\u00e1cs ajtaja nagy nyikordul\u00e1ssal kiny\u00edlt a s\u00f6t\u00e9tben. De csak egy pillanatra, am\u00edg valamit be nem l\u00f6ktek. Egy zs\u00e1k. A cella m\u00e1sik v\u00e9g\u00e9b\u0151l l\u00e1nccs\u00f6rg\u00e9s hangzott fel. A rab felt\u00e1p\u00e1szkodott, \u00e9s bilincseit fesz\u00edtve n\u00e9zte a zs\u00e1kot. A haja k\u00f3cos volt. Inge v\u00e9rrel szeg\u00e9lyezett. Szem\u00e9ben kihunyt a f\u00e9ny. A helyis\u00e9gben aff\u00e9le f\u00e9lhom\u00e1ly uralkodott. Neh\u00e9z volt ak\u00e1r csak az alakokat is kivenni. Ez\u00e9rt alig vette \u00e9szre, ahogyan a zs\u00e1k enyh\u00e9n megmozdul. Majd megint, \u00e9s megint. Az eg\u00e9sz reszketni kezdett, \u0151 pedig a terem fal\u00e1hoz simult. Fogva tart\u00f3ja tal\u00e1n \u00fajabb vad\u00e1llatot k\u00fcld\u00f6tt be hozz\u00e1? Azt legut\u00f3bb legy\u0151zte. Igaz, akkor m\u00e9g nem volt bilincs minden v\u00e9gtagj\u00e1n. Viszont most ez az \u00f6tlet el\u00e9g v\u00e9gzetesnek t\u0171nt. De nem. A zs\u00e1kb\u00f3l egy v\u00e9kony alak cs\u00faszott ki. L\u00e1b\u00e1r\u00f3l sietve ler\u00e1zta a krumplisszatyor marad\u00e9k\u00e1t, majd felpattant, \u00e9s a r\u00e1csnak vetette mag\u00e1t. V\u00e9kony, de indulattal teli hangon kezdett ord\u00edtani:<\/p>\n\n\n\n<p>(<a href=\"https:\/\/opus-folyoirat.sk\/?page_id=4055\" data-type=\"link\" data-id=\"https:\/\/opus-folyoirat.sk\/?page_id=4055\">olvass tov\u00e1bb<\/a>)<\/p>\n\n\n\n<hr class=\"wp-block-separator has-alpha-channel-opacity is-style-wide\"\/>\n\n\n\n<p class=\"has-medium-font-size\">Nagy Erika<\/p>\n\n\n\n<p><strong>Bor\u00edt\u00e9k<\/strong><\/p>\n\n\n<div class=\"wp-block-image\">\n<figure class=\"alignright size-large is-resized\"><img loading=\"lazy\" decoding=\"async\" width=\"1024\" height=\"682\" src=\"http:\/\/opus-folyoirat.sk\/wp-content\/uploads\/2023\/11\/01_NagyErika-1024x682.jpg\" alt=\"\" class=\"wp-image-988\" style=\"width:176px;height:auto\" srcset=\"https:\/\/opus-folyoirat.sk\/wp-content\/uploads\/2023\/11\/01_NagyErika-1024x682.jpg 1024w, https:\/\/opus-folyoirat.sk\/wp-content\/uploads\/2023\/11\/01_NagyErika-300x200.jpg 300w, https:\/\/opus-folyoirat.sk\/wp-content\/uploads\/2023\/11\/01_NagyErika-768x512.jpg 768w, https:\/\/opus-folyoirat.sk\/wp-content\/uploads\/2023\/11\/01_NagyErika-1536x1024.jpg 1536w, https:\/\/opus-folyoirat.sk\/wp-content\/uploads\/2023\/11\/01_NagyErika-2048x1365.jpg 2048w, https:\/\/opus-folyoirat.sk\/wp-content\/uploads\/2023\/11\/01_NagyErika-450x300.jpg 450w\" sizes=\"auto, (max-width: 1024px) 100vw, 1024px\" \/><\/figure><\/div>\n\n\n<p>Ervin elviselhetetlen volt, tudta ezt maga is, de m\u00e1r az agy\u00e1ra ment, hogy pontosan kilenc h\u00f3napja \u201ehomofisz\u201c k\u00e9nytelen dolgozni. R\u00e1ad\u00e1sul k\u00f6zeleg a&nbsp;kar\u00e1csony, \u00e9s nagy a&nbsp;val\u00f3sz\u00edn\u0171s\u00e9ge annak, hogy m\u00e9g az \u00faj esztend\u0151 sem hozza meg a&nbsp;korl\u00e1tok felold\u00e1s\u00e1t. S&nbsp;ett\u0151l a&nbsp;gondolatt\u00f3l kir\u00e1zza a&nbsp;hideg. \u00dagy \u00e9rzi, ha nem j\u00f6n v\u00e1ltoz\u00e1s, meg\u0151r\u00fcl. A&nbsp;t\u00fck\u00f6r el\u0151tt a&nbsp;haj\u00e1t vizsg\u00e1lja. \u0150sz\u00fcl. Napr\u00f3l-napra \u0151sz\u00fcl. Edit az&nbsp;ajt\u00f3nak t\u00e1maszkodva figyeli. Fintorogva, sz\u00e1jat h\u00fazva m\u00e9regette a f\u00e9rj\u00e9t, de mivel napok \u00f3ta nem besz\u00e9ltek, a&nbsp;zseb\u00e9be cs\u00fasztatta a&nbsp;bor\u00edt\u00e9kot, \u00e9s sz\u00f3 n\u00e9lk\u00fcl a&nbsp;nappaliba ment. Bekapcsolta a&nbsp;t\u00e9v\u00e9t, \u00e9s unottan kapcsolgatni kezdte. Covid&#8230;covid..minden csatorn\u00e1n ez \u00f6ml\u00f6tt r\u00e1, meg az, hogy mennyi a pozit\u00edv, \u00e9s mennyi a halott. Nem akart m\u00e1r rossz h\u00edrt hallani. Elege volt. Mindenb\u0151l. A&nbsp;n\u00e9gy falb\u00f3l, a&nbsp;f\u00e9rj\u00e9b\u0151l, a&nbsp;bez\u00e1rts\u00e1gb\u00f3l. S&nbsp;m\u00e9g mindig csak \u00f6t \u00f3ra van. Nem tudott tiszt\u00e1n gondolkodni. Zaklatott volt. Besz\u00e9lnie kellene a&nbsp;f\u00e9rj\u00e9vel, de ilyen fagyos \u00e1llapotban k\u00e9ptelen volt arra, hogy az eg\u00e9sz \u00e9let\u00fcket megv\u00e1ltoztat\u00f3 k\u00e9rd\u00e9sr\u0151l besz\u00e9ljen vele. Nem tudta, hogy mit tegyen. Tal\u00e1n \u00e9let\u00e9ben el\u0151sz\u00f6r. Hirtelen felpattant, mag\u00e1ra kapta a&nbsp;kab\u00e1tot, csizm\u00e1t h\u00fazott. M\u00e1r kinyitotta az ajt\u00f3t, de megcsapta a&nbsp;hideg fuvallat \u00edgy visszament, a&nbsp;fogasr\u00f3l leemelte a&nbsp;s\u00e1lat, \u00e9s k\u00f6rbetekerte a&nbsp;nyak\u00e1n. Zseb\u00e9ben kitapogatta az aut\u00f3kulcsot. A&nbsp;h\u00e1z el\u0151tt parkol\u00f3 aut\u00f3j\u00e1ba \u00fclve azonnal beind\u00edtotta a&nbsp;motort. Csak menni akart, el\u0151re, c\u00e9ltalanul. Nem b\u00edrta m\u00e1r elviselni azt, hogy f\u00e9rje megv\u00e1ltozott. K\u00f6z\u00f6mb\u00f6ss\u00e9ge nagyon f\u00e1jt neki, pedig \u0151 mindent megtett az\u00e9rt, hogy az otthoni munka k\u00e9nyelmes, z\u00f6kken\u0151mentes legyen a sz\u00e1m\u00e1ra. Azt a&nbsp;kev\u00e9s id\u0151t, amit otthon t\u00f6lt\u00f6tt arra ford\u00edtott, hogy Ervin kedv\u00e9ben j\u00e1rjon, pedig&nbsp; rengeteget dolgozott, orvosk\u00e9nt n\u00e9ha emberfeletti er\u0151vel kellett k\u00fczdenie. S&nbsp;mivel keveset volt otthon, sz\u00e9p lassan elhideg\u00fcltek egym\u00e1st\u00f3l. Vagyis az \u0151 \u00e9rz\u00e9sei semmit sem v\u00e1ltoztak, csak sz\u00e9p lassan ellaposodtak. Vajon k\u00e9s\u0151 mindent \u00fajrakezdeni? Szeme elhom\u00e1lyosult, akaratlanul is k\u00f6nnyekkel k\u00fczd\u00f6tt. Semmit sem l\u00e1tott. Hom\u00e1ly minden\u00fctt. Majd f\u00e9ny, vak\u00edt\u00f3, \u00e9s hirtelen semmi.<\/p>\n\n\n\n<p>(<a href=\"https:\/\/opus-folyoirat.sk\/?page_id=3873\" data-type=\"link\" data-id=\"https:\/\/opus-folyoirat.sk\/?page_id=3873\">olvass tov\u00e1bb<\/a>)<\/p>\n\n\n\n<hr class=\"wp-block-separator has-alpha-channel-opacity is-style-wide\"\/>\n\n\n\n<p class=\"has-medium-font-size\">Haver M\u00e1rta<\/p>\n\n\n<div class=\"wp-block-image\">\n<figure class=\"alignright size-large is-resized\"><img loading=\"lazy\" decoding=\"async\" width=\"683\" height=\"1024\" src=\"https:\/\/opus-folyoirat.sk\/wp-content\/uploads\/2026\/01\/HaverMarta-683x1024.jpg\" alt=\"\" class=\"wp-image-4053\" style=\"aspect-ratio:3\/4;object-fit:cover;width:152px;height:auto\" srcset=\"https:\/\/opus-folyoirat.sk\/wp-content\/uploads\/2026\/01\/HaverMarta-683x1024.jpg 683w, https:\/\/opus-folyoirat.sk\/wp-content\/uploads\/2026\/01\/HaverMarta-200x300.jpg 200w, https:\/\/opus-folyoirat.sk\/wp-content\/uploads\/2026\/01\/HaverMarta-768x1151.jpg 768w, https:\/\/opus-folyoirat.sk\/wp-content\/uploads\/2026\/01\/HaverMarta.jpg 831w\" sizes=\"auto, (max-width: 683px) 100vw, 683px\" \/><\/figure><\/div>\n\n\n<p><strong>Ragyogva haldokolni<\/strong><\/p>\n\n\n\n<p>A mez\u0151 nem egy var\u00e1zslatos hely. Persze aki csup\u00e1n messzir\u0151l figyeli, vagy elhalad mellette, annak gy\u00f6ny\u00f6r\u0171 n\u00f6v\u00e9nyek sz\u00ednes sokas\u00e1ga. Egy vil\u00e1g, ahol megpihenhetsz a z\u00fcmm\u00f6g\u0151 m\u00e9hek \u00e9s a csinos pillang\u00f3k t\u00e1rsas\u00e1g\u00e1ban. Ahol a vir\u00e1gok legszebb pomp\u00e1jukban ny\u00edlnak, majd hervadnak el \u00fajra \u00e9s \u00fajra, minden \u00e9vben. De val\u00f3ban ilyen csod\u00e1latos hely ez? Mert sz\u00e1momra ink\u00e1bb maga f\u00f6ldi pokol.<\/p>\n\n\n\n<p>(<a href=\"https:\/\/opus-folyoirat.sk\/?page_id=4050\" data-type=\"link\" data-id=\"https:\/\/opus-folyoirat.sk\/?page_id=4050\">olvass tov\u00e1bb<\/a>)<\/p>\n\n\n\n<hr class=\"wp-block-separator has-alpha-channel-opacity is-style-wide\"\/>\n\n\n\n<p class=\"has-medium-font-size\">K\u00e1lnoky G\u00e9za versford\u00edt\u00e1sai<\/p>\n\n\n\n<p><strong>N\u00e9h\u00e1ny sz\u00e1mozott vers<\/strong><br><br><strong>II<\/strong><br>isten h\u00e1za el\u0151tt<br>egy n\u0151vel tal\u00e1lkoztam<br>nyak\u00e1ban kereszt kez\u00e9ben r\u00f3zsaf\u00fcz\u00e9r<br>k\u00e9rdeztem t\u0151le seg\u00edtene-e<br>mondta hogy persze hogyne<br>pedig nem tudta mit akarok<br>de term\u00e9szetesen<br>beadn\u00e1 a heroinomat?<\/p>\n\n\n\n<p><\/p>\n\n\n\n<p>(<a href=\"https:\/\/opus-folyoirat.sk\/?page_id=3871\" data-type=\"link\" data-id=\"https:\/\/opus-folyoirat.sk\/?page_id=3871\">olvass tov\u00e1bb<\/a>)<\/p>\n\n\n\n<hr class=\"wp-block-separator has-alpha-channel-opacity is-style-wide\"\/>\n\n\n\n<p class=\"has-medium-font-size\">T\u00f3th L\u00e1szl\u00f3<\/p>\n\n\n\n<p><strong>1989, avagy Egy \u00e9v a hetven\u00f6tb\u0151l<\/strong><\/p>\n\n\n<div class=\"wp-block-image\">\n<figure class=\"alignleft size-large is-resized\"><img loading=\"lazy\" decoding=\"async\" width=\"683\" height=\"1024\" src=\"http:\/\/opus-folyoirat.sk\/wp-content\/uploads\/2026\/01\/TothLaci-683x1024.jpg\" alt=\"\" class=\"wp-image-3481\" style=\"width:180px;height:auto\" srcset=\"https:\/\/opus-folyoirat.sk\/wp-content\/uploads\/2026\/01\/TothLaci-683x1024.jpg 683w, https:\/\/opus-folyoirat.sk\/wp-content\/uploads\/2026\/01\/TothLaci-200x300.jpg 200w, https:\/\/opus-folyoirat.sk\/wp-content\/uploads\/2026\/01\/TothLaci-768x1152.jpg 768w, https:\/\/opus-folyoirat.sk\/wp-content\/uploads\/2026\/01\/TothLaci-1024x1536.jpg 1024w, https:\/\/opus-folyoirat.sk\/wp-content\/uploads\/2026\/01\/TothLaci-1365x2048.jpg 1365w, https:\/\/opus-folyoirat.sk\/wp-content\/uploads\/2026\/01\/TothLaci-scaled.jpg 1707w\" sizes=\"auto, (max-width: 683px) 100vw, 683px\" \/><\/figure><\/div>\n\n\n<p>A pr\u00e1gai p\u00e1rtlap, a <em>Rud\u00e9 pr\u00e1vo<\/em> (annyi mint V\u00f6r\u00f6s Jog) mai sz\u00e1m\u00e1ban, mint n\u00e9zem, m\u00e1r \u00fajb\u00f3l Dszerdahelyen, majd h\u00e1romkolumn\u00e1s \u00f6ssze\u00e1ll\u00edt\u00e1s azokb\u00f3l az olvas\u00f3i \u2013 de tal\u00e1n ink\u00e1bb, legal\u00e1bbis t\u00falnyom\u00f3r\u00e9szt: \u201eolvas\u00f3i\u201d \u2013 levelekb\u0151l, melyek a napilap febru\u00e1r 23-i sz\u00e1m\u00e1nak <em>Kicsoda V\u00e1clav Havel<\/em> c\u00edm\u0171, az ellenz\u00e9ki \u00edr\u00f3 letart\u00f3ztat\u00e1s\u00e1t \u00e9s el\u00edt\u00e9l\u00e9s\u00e9t magyar\u00e1z\u00f3 terjedelmes \u00edr\u00e1s\u00e1ra reflekt\u00e1lnak. Igaz, a \u201esz\u00e9les k\u00f6r\u0171\u201d (b\u00e1r felt\u0171n\u0151en sz\u0171kkebl\u0171) olvas\u00f3i visszhangok tizenk\u00e9t bekezd\u00e9snyi sorol\u00e1s\u00e1b\u00f3l a szerkeszt\u0151 az els\u0151t a Havel mellett ki\u00e1ll\u00f3knak sz\u00e1nja (gondolom, hogy ne legyen v\u00e1dolhat\u00f3 az \u00fajs\u00e1g\u00edr\u00f3i etika megs\u00e9rt\u00e9s\u00e9vel), hiszen, mint \u00edrja, m\u00edg \u201eaz olvas\u00f3k t\u00f6bbs\u00e9ge azonosult a sz\u00f3ban forg\u00f3 cikk\u00fcnkkel, \u00bbakadtak olyanok is\u00ab, akik \u00bbm\u00e1s v\u00e9lem\u00e9nyen voltak\u00ab\u201d. \u00cdgy p\u00e9ld\u00e1ul az egyik\u00fck a sz\u00f3ban forg\u00f3t egy olyan ember \u201ebefeket\u00edt\u00e9s\u00e9nek\u201d tudja, akinek \u201eemberi \u00e9s m\u0171v\u00e9szi kvalit\u00e1sait az eg\u00e9sz kultur\u00e1lt vil\u00e1g elismeri\u201d. Van azonban olyan is, aki azokat a v\u00e1llalkoz\u00e1sokat id\u00e9zi f\u00f6l, melyekkel a Havel csal\u00e1d az els\u0151 k\u00f6zt\u00e1rsas\u00e1g felemelked\u00e9s\u00e9hez hozz\u00e1j\u00e1rult, \u00e9s sajn\u00e1lja, hogy \u201enem \u00f6r\u00f6k\u00f6lt\u00fcnk t\u00f6bb ilyen Havelt az els\u0151 k\u00f6zt\u00e1rsas\u00e1gb\u00f3l\u201d. Egy harmadik hozz\u00e1sz\u00f3l\u00f3 b\u00e1tor, jellemes, k\u00fcl\u00f6nlegesen \u00e9rt\u00e9kes embernek nevezi \u201eHavel urat\u201d, egy negyedik pedig, szem\u00e9lyes ismerets\u00e9g\u00fckre hivatkozva egyenesen hazugs\u00e1gnak nevezi a r\u00f3la le\u00edrtakat. Az \u00f6t\u00f6dik pedig\u2026 ja, most veszem \u00e9szre, hogy a Havel mellett ki\u00e1ll\u00f3k id\u00e9z\u00e9s\u00e9ben a <em>Rud\u00e9 pr\u00e1vo<\/em> szerkeszt\u0151inek t\u00f6bbre m\u00e1r nem futotta\u2026 Mert a t\u00f6bbi id\u00e9zet m\u00e1r v\u00f6r\u00f6s fr\u00f6cs\u00f6g\u00e9s, p\u00e1rtos mocskol\u00f3d\u00e1s, elk\u00f6telezett birkab\u00e9get\u00e9s, sz\u00f3val, minden, ami \u00e9pp azt hivatott elfeledni, hogy a val\u00f3s\u00e1gnak megfelel\u0151 k\u00e9pet alkothassanak az emberek arr\u00f3l, <em>kicsoda is V\u00e1clav Havel<\/em>\u2026 &nbsp; &nbsp;<\/p>\n\n\n\n<p>(<a href=\"https:\/\/opus-folyoirat.sk\/?page_id=4034\" data-type=\"link\" data-id=\"https:\/\/opus-folyoirat.sk\/?page_id=4034\">olvass tov\u00e1bb<\/a>)<\/p>\n\n\n\n<hr class=\"wp-block-separator has-alpha-channel-opacity is-style-wide\"\/>\n\n\n\n<p class=\"has-medium-font-size\">Grendel Lajos<\/p>\n\n\n\n<p><strong>\u00d6n\u00e9letrajzi t\u00f6red\u00e9kek<\/strong><\/p>\n\n\n\n<figure class=\"wp-block-image size-full\"><img loading=\"lazy\" decoding=\"async\" width=\"1000\" height=\"667\" src=\"http:\/\/opus-folyoirat.sk\/wp-content\/uploads\/2018\/12\/grendel_lajos-4470.jpg\" alt=\"Grendel Lajos (1948\u20132018)\" class=\"wp-image-535\" srcset=\"https:\/\/opus-folyoirat.sk\/wp-content\/uploads\/2018\/12\/grendel_lajos-4470.jpg 1000w, https:\/\/opus-folyoirat.sk\/wp-content\/uploads\/2018\/12\/grendel_lajos-4470-300x200.jpg 300w, https:\/\/opus-folyoirat.sk\/wp-content\/uploads\/2018\/12\/grendel_lajos-4470-768x512.jpg 768w\" sizes=\"auto, (max-width: 1000px) 100vw, 1000px\" \/><\/figure>\n\n\n\n<p>Wlachovsk\u00fd Karcsival akkor kezd\u0151d\u00f6tt a bar\u00e1ts\u00e1gunk, amikor 1978 nyar\u00e1n a Mad\u00e1ch K\u00f6nyvkiad\u00f3 v\u00e9gre kiszabadult a Duna-parti fabarakkokb\u00f3l (ahol most az Eurovea bev\u00e1s\u00e1rl\u00f3k\u00f6zpont \u00e1ll), \u00e9s \u00e1tk\u00f6lt\u00f6z\u00f6tt a belv\u00e1rosba, pontosabban a Tatran Kiad\u00f3nak \u2013 Pozsony egyik vezet\u0151 kiad\u00f3ja \u2013 az alb\u00e9rl\u0151je lett. \u00cdgy h\u00e1t a Tatran \u00e9s a Mad\u00e1ch egy \u00e9p\u00fcletben dolgoztak a szlov\u00e1kiai k\u00f6nyvkult\u00fara \u201efelvir\u00e1gz\u00e1sa\u201d \u00e9rdek\u00e9ben. Hogy ez a <em>felvir\u00e1gz\u00e1s<\/em> mit jelent, azt az id\u0151sebbek tudj\u00e1k. M\u00e9gis, a Mad\u00e1ch r\u00e9sz\u00e9r\u0151l ez korszakos l\u00e9p\u00e9s volt, \u00e9s nagym\u00e9rt\u00e9kben seg\u00edtette a Mad\u00e1chot az elszigetelts\u00e9ge felold\u00e1s\u00e1hoz. Ez volt a dolog pozit\u00edv oldala. A negat\u00edv oldal hamarosan jelentkezett. 1979. janu\u00e1r 1-j\u00e9n lev\u00e1ltott\u00e1k F\u00f3nod Zolt\u00e1n igazgat\u00f3t. Az \u00faj igazgat\u00f3 S\u00e1rk\u00e1ny \u00c1rp\u00e1d lett, a p\u00e1rtk\u00f6zpontb\u00f3l idedeleg\u00e1lt f\u00e9rfi, aki a k\u00f6nyvkiad\u00e1shoz \u00fagy \u00e9rtett, mint hajd\u00fa a harang\u00f6nt\u00e9shez. <em>Cser\u00e9be a nagyobb k\u00e9nyelem\u00e9rt, nagyobb cenz\u00fara is j\u00f6tt egyben. <\/em>Sz\u00f3val, mindennek megvolt az \u00e1ra. Elkezd\u0151d\u00f6tt a kiad\u00f3i \u201ejobboldal\u201d \u2013 vagy amit annak neveztek \u2013 likvid\u00e1l\u00e1sa. R\u00e1ad\u00e1sul a szlov\u00e1kiai magyar iskol\u00e1k \u00fcgye is kirobbant (a t\u00f6rt\u00e9nelmet \u00e9s a f\u00f6ldrajzot, az \u00faj elk\u00e9pzel\u00e9s szerint, csakis szlov\u00e1kul oktatt\u00e1k volna, m\u00e9ghozz\u00e1 az alapiskol\u00e1kban \u00e9s a gimn\u00e1ziumokban is). Ez ellen Duray Mikl\u00f3s \u00e9s t\u00f6bb t\u00e1rsa szervezkedett. V\u00e9get \u00e9rt teh\u00e1t az az id\u0151szak, amelyr\u0151l elmondhattuk, hogy a szlov\u00e1kiai magyars\u00e1g sz\u00e9l\u00e1rny\u00e9kban \u00e9l. 1979 fontos fordul\u00f3pont volt.<\/p>\n\n\n\n<p>(<a href=\"https:\/\/opus-folyoirat.sk\/?page_id=4030\" data-type=\"link\" data-id=\"https:\/\/opus-folyoirat.sk\/?page_id=4030\">olvass tov\u00e1bb<\/a>)<\/p>\n\n\n\n<hr class=\"wp-block-separator has-alpha-channel-opacity is-style-wide\"\/>\n\n\n\n<p class=\"has-medium-font-size\">Kiss B\u00e1lint B\u00e9la<\/p>\n\n\n<div class=\"wp-block-image\">\n<figure class=\"alignright size-large is-resized\"><img loading=\"lazy\" decoding=\"async\" width=\"683\" height=\"1024\" src=\"https:\/\/opus-folyoirat.sk\/wp-content\/uploads\/2025\/11\/kissBalintBela-683x1024.jpeg\" alt=\"\" class=\"wp-image-3164\" style=\"width:156px;height:auto\" srcset=\"https:\/\/opus-folyoirat.sk\/wp-content\/uploads\/2025\/11\/kissBalintBela-683x1024.jpeg 683w, https:\/\/opus-folyoirat.sk\/wp-content\/uploads\/2025\/11\/kissBalintBela-200x300.jpeg 200w, https:\/\/opus-folyoirat.sk\/wp-content\/uploads\/2025\/11\/kissBalintBela-768x1152.jpeg 768w, https:\/\/opus-folyoirat.sk\/wp-content\/uploads\/2025\/11\/kissBalintBela-1024x1536.jpeg 1024w, https:\/\/opus-folyoirat.sk\/wp-content\/uploads\/2025\/11\/kissBalintBela.jpeg 1365w\" sizes=\"auto, (max-width: 683px) 100vw, 683px\" \/><\/figure><\/div>\n\n\n<p><strong>A gy\u00f6ny\u00f6r nyom\u00e1ban<\/strong><\/p>\n\n\n\n<div class=\"wp-block-group is-vertical is-layout-flex wp-container-core-group-is-layout-8cf370e7 wp-block-group-is-layout-flex\">\n<div class=\"wp-block-group is-vertical is-layout-flex wp-container-core-group-is-layout-8cf370e7 wp-block-group-is-layout-flex\">\n<p>Villamoson \u00fclve,<\/p>\n\n\n\n<p>az utc\u00e1n s\u00e9t\u00e1lva,<\/p>\n\n\n\n<p>benn egy k\u00e1v\u00e9z\u00f3ban,<\/p>\n\n\n\n<p>vagy ablakb\u00f3l b\u00e1m\u00e9szkodva&nbsp;<\/p>\n\n\n\n<p>minden \u00e9ber tekintetem,<\/p>\n\n\n\n<p>mint s\u00f6t\u00e9tben a kapcsol\u00f3t,<\/p>\n\n\n\n<p>keresi a gy\u00f6ny\u00f6rt.<\/p>\n<\/div>\n<\/div>\n\n\n\n<p><\/p>\n\n\n\n<p>(<a href=\"https:\/\/opus-folyoirat.sk\/?page_id=3161\">olvass tov\u00e1bb<\/a>)<\/p>\n\n\n\n<hr class=\"wp-block-separator has-alpha-channel-opacity is-style-wide\"\/>\n\n\n<div class=\"wp-block-image\">\n<figure class=\"alignright size-large is-resized\"><img loading=\"lazy\" decoding=\"async\" width=\"754\" height=\"1024\" src=\"https:\/\/opus-folyoirat.sk\/wp-content\/uploads\/2026\/01\/KurtiLaci-754x1024.jpg\" alt=\"\" class=\"wp-image-3968\" style=\"width:148px;height:auto\" srcset=\"https:\/\/opus-folyoirat.sk\/wp-content\/uploads\/2026\/01\/KurtiLaci-754x1024.jpg 754w, https:\/\/opus-folyoirat.sk\/wp-content\/uploads\/2026\/01\/KurtiLaci-221x300.jpg 221w, https:\/\/opus-folyoirat.sk\/wp-content\/uploads\/2026\/01\/KurtiLaci-768x1043.jpg 768w, https:\/\/opus-folyoirat.sk\/wp-content\/uploads\/2026\/01\/KurtiLaci-1131x1536.jpg 1131w, https:\/\/opus-folyoirat.sk\/wp-content\/uploads\/2026\/01\/KurtiLaci-1507x2048.jpg 1507w, https:\/\/opus-folyoirat.sk\/wp-content\/uploads\/2026\/01\/KurtiLaci-scaled.jpg 1884w\" sizes=\"auto, (max-width: 754px) 100vw, 754px\" \/><\/figure><\/div>\n\n\n<p class=\"has-medium-font-size\">K\u00fcrti L\u00e1szl\u00f3<\/p>\n\n\n\n<p><strong>h\u00e1roml\u00e1b\u00fa sz\u00e9k <\/strong><\/p>\n\n\n\n<div class=\"wp-block-group is-vertical is-layout-flex wp-container-core-group-is-layout-8cf370e7 wp-block-group-is-layout-flex\">\n<p>mit mondhatn\u00e9k \u00fajat, vagy \u0151szint\u00e9bbet,<\/p>\n\n\n\n<p>tudd, hogy akarat hajt rozzant kart \u00e9s t\u00e9rdet.<\/p>\n\n\n\n<p>dermeszt a f\u00e9lelem, s\u00fajt a sz\u00e1nakoz\u00e1s,<\/p>\n\n\n\n<p>h\u00edzelg\u00e9seidt\u0151l \u00f6mleng a kis lak\u00e1s.<\/p>\n<\/div>\n\n\n\n<p>(<a href=\"https:\/\/opus-folyoirat.sk\/?page_id=3965\" data-type=\"link\" data-id=\"https:\/\/opus-folyoirat.sk\/?page_id=3965\">olvass tov\u00e1bb<\/a>)<\/p>\n\n\n\n<hr class=\"wp-block-separator has-alpha-channel-opacity is-style-wide\"\/>\n\n\n\n<p class=\"has-medium-font-size\">Tasn\u00e1di Edit versford\u00edt\u00e1sai<\/p>\n\n\n\n<p><strong>Hozz\u00e1m ne \u00e9rjen!<\/strong><\/p>\n\n\n\n<p>Es\u0151 szemerk\u00e9l<br>befel\u00e9 h\u00faz\u00f3dik az ablakban a vir\u00e1g<br>szinte sz\u00f3l: Nehogy r\u00e1m cs\u00f6ppenjen!<\/p>\n\n\n\n<p>A v\u00e1roshoz m\u00e9g nem szokott, de m\u00e1r idegen a mez\u0151kt\u0151l.<\/p>\n\n\n\n<p><\/p>\n\n\n\n<p>(<a href=\"https:\/\/opus-folyoirat.sk\/?page_id=3785\" data-type=\"link\" data-id=\"https:\/\/opus-folyoirat.sk\/?page_id=3785\">olvass tov\u00e1bb<\/a>)<\/p>\n\n\n\n<hr class=\"wp-block-separator has-alpha-channel-opacity is-style-wide\"\/>\n\n\n\n<p class=\"has-medium-font-size\">Hogya Gy\u00f6rgy<\/p>\n\n\n<div class=\"wp-block-image\">\n<figure class=\"alignright size-large is-resized\"><img loading=\"lazy\" decoding=\"async\" width=\"1024\" height=\"1004\" src=\"http:\/\/opus-folyoirat.sk\/wp-content\/uploads\/2025\/09\/Hogya-1024x1004.jpg\" alt=\"\" class=\"wp-image-2625\" style=\"width:167px;height:auto\" srcset=\"https:\/\/opus-folyoirat.sk\/wp-content\/uploads\/2025\/09\/Hogya-1024x1004.jpg 1024w, https:\/\/opus-folyoirat.sk\/wp-content\/uploads\/2025\/09\/Hogya-300x294.jpg 300w, https:\/\/opus-folyoirat.sk\/wp-content\/uploads\/2025\/09\/Hogya-768x753.jpg 768w, https:\/\/opus-folyoirat.sk\/wp-content\/uploads\/2025\/09\/Hogya-306x300.jpg 306w, https:\/\/opus-folyoirat.sk\/wp-content\/uploads\/2025\/09\/Hogya.jpg 1304w\" sizes=\"auto, (max-width: 1024px) 100vw, 1024px\" \/><\/figure><\/div>\n\n\n<p><strong>A m\u00falt s\u00f6t\u00e9t alag\u00fatja<\/strong><\/p>\n\n\n\n<p>\u00c9rtelmis\u00e9giek csoportj\u00e1t kalauzolom kisv\u00e1rosomban. F\u0151iskolai tan\u00e1rok. Lor\u00e1ntffy k\u00faria \u2013 V\u00e1rrom \u2013 H\u0151s\u00f6k tere a sorrend. A volt Katolikus K\u00f6r \u00e9p\u00fclete mellett elhaladva megeml\u00edtem M\u00e9cs L\u00e1szl\u00f3 nev\u00e9t, aki t\u00f6bb \u00e9vig hirdette itt az ig\u00e9t.&nbsp;<\/p>\n\n\n\n<p>(<a href=\"https:\/\/opus-folyoirat.sk\/?page_id=3933\" data-type=\"link\" data-id=\"https:\/\/opus-folyoirat.sk\/?page_id=3933\">olvass tov\u00e1bb<\/a>)<\/p>\n\n\n\n<hr class=\"wp-block-separator has-alpha-channel-opacity is-style-wide\"\/>\n\n\n\n<p class=\"has-medium-font-size\">Z. N\u00e9meth Istv\u00e1n<\/p>\n\n\n\n<p><strong>Utaz\u00e1s a vers k\u00f6z\u00e9ppontja fel\u00e9<\/strong><\/p>\n\n\n<div class=\"wp-block-image\">\n<figure class=\"alignright size-large is-resized\"><img loading=\"lazy\" decoding=\"async\" width=\"1024\" height=\"1019\" src=\"http:\/\/opus-folyoirat.sk\/wp-content\/uploads\/2024\/02\/ZNemethPista-1024x1019.jpeg\" alt=\"\" class=\"wp-image-1150\" style=\"width:212px;height:auto\" srcset=\"https:\/\/opus-folyoirat.sk\/wp-content\/uploads\/2024\/02\/ZNemethPista-1024x1019.jpeg 1024w, https:\/\/opus-folyoirat.sk\/wp-content\/uploads\/2024\/02\/ZNemethPista-300x300.jpeg 300w, https:\/\/opus-folyoirat.sk\/wp-content\/uploads\/2024\/02\/ZNemethPista-150x150.jpeg 150w, https:\/\/opus-folyoirat.sk\/wp-content\/uploads\/2024\/02\/ZNemethPista-768x764.jpeg 768w, https:\/\/opus-folyoirat.sk\/wp-content\/uploads\/2024\/02\/ZNemethPista-1536x1528.jpeg 1536w, https:\/\/opus-folyoirat.sk\/wp-content\/uploads\/2024\/02\/ZNemethPista-301x300.jpeg 301w, https:\/\/opus-folyoirat.sk\/wp-content\/uploads\/2024\/02\/ZNemethPista.jpeg 1635w\" sizes=\"auto, (max-width: 1024px) 100vw, 1024px\" \/><\/figure><\/div>\n\n\n<div class=\"wp-block-group is-vertical is-layout-flex wp-container-core-group-is-layout-8cf370e7 wp-block-group-is-layout-flex\">\n<p>Lobogj, l\u00e9tidegens\u00e9g<\/p>\n\n\n\n<p>dobold a ritmust<\/p>\n\n\n\n<p>l\u00e1zad\u00f3 kobold<\/p>\n\n\n\n<p>figyeld a kobzos kez\u00e9t<\/p>\n\n\n\n<p>\u00fcr\u00fclj ki, l\u00e9lek<\/p>\n\n\n\n<p>\u00fcltesd a m\u00fazs\u00e1t<\/p>\n\n\n\n<p>\u00fcnnepi lakom\u00e1hoz<\/p>\n\n\n\n<p>dion\u0171z\u00f6tt v\u00e1ndor<\/p>\n\n\n\n<p>\u00e1rva r\u00edmfarag\u00f3<\/p>\n\n\n\n<p>huncutulj f\u00fcrd\u0151zz meg<\/p>\n\n\n\n<p>hi\u00e1nyz\u00f3 l\u00e1nyszemekben<\/p>\n\n\n\n<p>lelki k\u00f6nny\u0171b\u00fav\u00e1r szakk\u00f6r<\/p>\n\n\n\n<p>&#8230;<\/p>\n<\/div>\n\n\n\n<p>(<a href=\"https:\/\/opus-folyoirat.sk\/?page_id=3912\" data-type=\"link\" data-id=\"https:\/\/opus-folyoirat.sk\/?page_id=3912\">olvass tov\u00e1bb<\/a>)<\/p>\n\n\n\n<hr class=\"wp-block-separator has-alpha-channel-opacity is-style-wide\"\/>\n\n\n<div class=\"wp-block-image\">\n<figure class=\"alignright size-large is-resized\"><img loading=\"lazy\" decoding=\"async\" width=\"694\" height=\"1024\" src=\"https:\/\/opus-folyoirat.sk\/wp-content\/uploads\/2026\/01\/Zsille_Gabor-694x1024.jpg\" alt=\"\" class=\"wp-image-3909\" style=\"width:170px;height:auto\" srcset=\"https:\/\/opus-folyoirat.sk\/wp-content\/uploads\/2026\/01\/Zsille_Gabor-694x1024.jpg 694w, https:\/\/opus-folyoirat.sk\/wp-content\/uploads\/2026\/01\/Zsille_Gabor-203x300.jpg 203w, https:\/\/opus-folyoirat.sk\/wp-content\/uploads\/2026\/01\/Zsille_Gabor-768x1133.jpg 768w, https:\/\/opus-folyoirat.sk\/wp-content\/uploads\/2026\/01\/Zsille_Gabor.jpg 1017w\" sizes=\"auto, (max-width: 694px) 100vw, 694px\" \/><\/figure><\/div>\n\n\n<p class=\"has-medium-font-size\">Zsille G\u00e1bor<\/p>\n\n\n\n<p><strong>Romantikus vers<\/strong><\/p>\n\n\n\n<p>\u00d3, ha egyszer ott \u00fclhetn\u00e9k<br>egy bizotts\u00e1gi \u00fcl\u00e9sen veled,<br>\u00e9s csak prezent\u00e1ln\u00e1l, pedig<br>a notebookodat sehol sem leled.<\/p>\n\n\n\n<p>\u00d3, ha egy\u00fctt workshopoln\u00e1nk,<br>igen, egy k\u00f6z\u00f6s workshopra v\u00e1gyom,<br>\u00e9s pozit\u00edv brainstormingra<br>a szuper trendi c\u00e9ges tany\u00e1mon.<\/p>\n\n\n\n<p>(<a href=\"https:\/\/opus-folyoirat.sk\/?page_id=3906\" data-type=\"link\" data-id=\"https:\/\/opus-folyoirat.sk\/?page_id=3906\">olvass tov\u00e1bb<\/a>)<\/p>\n\n\n\n<hr class=\"wp-block-separator has-alpha-channel-opacity is-style-wide\"\/>\n\n\n\n<p class=\"has-medium-font-size\">T\u00f6r\u00f6k N\u00e1ndor versford\u00edt\u00e1sai<\/p>\n\n\n\n<div class=\"wp-block-group is-vertical is-layout-flex wp-container-core-group-is-layout-8cf370e7 wp-block-group-is-layout-flex\">\n<p><strong>5 vers<\/strong><\/p>\n\n\n\n<p><em>(5 b\u00e1sn\u00ed)<\/em><\/p>\n<\/div>\n\n\n\n<p>A&nbsp;l\u00e1t\u00e1sban van valami megnevezhetetlen, felejthetetlen: minden napnak az ill\u00e9kony veleje eml\u00e9kezetemb\u0151l el\u0151dereng.<\/p>\n\n\n\n<p>Feh\u00e9r ladikok&nbsp;feh\u00e9r padjain emberek.<br>A sz\u00e9lben feh\u00e9r \u00e9s z\u00f6ld.<br>Vil\u00e1goss\u00e1g valahonn\u00e9t a&nbsp;r\u00e9gm\u00faltb\u00f3l.<\/p>\n\n\n\n<p>Lehet, ez m\u00e1r nem a boldogs\u00e1g, hanem a b\u00e9kess\u00e9g.<\/p>\n\n\n\n<p>(<a href=\"https:\/\/opus-folyoirat.sk\/?page_id=3865\" data-type=\"link\" data-id=\"https:\/\/opus-folyoirat.sk\/?page_id=3865\">olvass tov\u00e1bb<\/a>)<\/p>\n\n\n\n<hr class=\"wp-block-separator has-alpha-channel-opacity is-style-wide\"\/>\n\n\n\n<p class=\"has-medium-font-size\">Tasn\u00e1di Edit versford\u00edt\u00e1sai<\/p>\n\n\n\n<p><strong>Az \u00e9v fordul\u00f3j\u00e1n a haj\u00f3n<\/strong><\/p>\n\n\n\n<p>Haj\u00f3n \u00fcl\u00f6k az \u00e9v fordul\u00f3j\u00e1n.<br>T\u00e1voli havakr\u00f3l hoz h\u00edrt<br>a tengeren az els\u0151 idei sz\u00e9l.<br>R\u00e1ront a v\u00edzre ez\u00fcst kasz\u00e1val<br>mintha b\u00fazamez\u0151be v\u00e1gna<br>v\u00e9gigfut h\u00e1trahagy megannyi k\u00e9v\u00e9t \u2212<br>a hallgatag utasok gondolatait.<\/p>\n\n\n\n<p>Reszket\u00fcnk. \u00cdm az els\u0151 h\u00f3felh\u0151<br>\u00faszik odaf\u00f6nt.<br>K\u00e9rdezgetj\u00fck egym\u00e1st:<br>Havat hoz? Vagy valami m\u00e1st?<\/p>\n\n\n\n<p>(<a href=\"https:\/\/opus-folyoirat.sk\/?page_id=3772\" data-type=\"link\" data-id=\"https:\/\/opus-folyoirat.sk\/?page_id=3772\">olvass tov\u00e1bb<\/a>)<\/p>\n\n\n\n<hr class=\"wp-block-separator has-alpha-channel-opacity is-style-wide\"\/>\n\n\n\n<p class=\"has-medium-font-size\">Z. N\u00e9meth Istv\u00e1n versei<\/p>\n\n\n\n<p><strong>Angyalkamera<\/strong><\/p>\n\n\n<div class=\"wp-block-image\">\n<figure class=\"alignright size-large is-resized\"><img loading=\"lazy\" decoding=\"async\" width=\"1024\" height=\"1019\" src=\"http:\/\/opus-folyoirat.sk\/wp-content\/uploads\/2024\/02\/ZNemethPista-1024x1019.jpeg\" alt=\"\" class=\"wp-image-1150\" style=\"width:194px;height:auto\" srcset=\"https:\/\/opus-folyoirat.sk\/wp-content\/uploads\/2024\/02\/ZNemethPista-1024x1019.jpeg 1024w, https:\/\/opus-folyoirat.sk\/wp-content\/uploads\/2024\/02\/ZNemethPista-300x300.jpeg 300w, https:\/\/opus-folyoirat.sk\/wp-content\/uploads\/2024\/02\/ZNemethPista-150x150.jpeg 150w, https:\/\/opus-folyoirat.sk\/wp-content\/uploads\/2024\/02\/ZNemethPista-768x764.jpeg 768w, https:\/\/opus-folyoirat.sk\/wp-content\/uploads\/2024\/02\/ZNemethPista-1536x1528.jpeg 1536w, https:\/\/opus-folyoirat.sk\/wp-content\/uploads\/2024\/02\/ZNemethPista-301x300.jpeg 301w, https:\/\/opus-folyoirat.sk\/wp-content\/uploads\/2024\/02\/ZNemethPista.jpeg 1635w\" sizes=\"auto, (max-width: 1024px) 100vw, 1024px\" \/><\/figure><\/div>\n\n\n<p>A vil\u00e1g \u00f6sszes rezd\u00fcl\u00e9se egyetlen lemezen<br>megvehet\u0151. Keresd ki rajta tegnapi \u00e1lmaim.<br>Kit l\u00e1tsz a gy\u0171r\u00f6tt felv\u00e9teleken?<\/p>\n\n\n\n<p>Gy\u0171jtsd \u00f6ssze csokorba a rokonlelkeket.<br>Mondanak-e valamit a finom \u00e1tk\u00f6t\u00e9sek,<br>borzasztanak-e vajon az \u00fajrahangol\u00e1sok?<\/p>\n\n\n\n<p>(<a href=\"https:\/\/opus-folyoirat.sk\/?page_id=3915\" data-type=\"link\" data-id=\"https:\/\/opus-folyoirat.sk\/?page_id=3915\">olvass tov\u00e1bb<\/a>)<\/p>\n\n\n\n<hr class=\"wp-block-separator has-alpha-channel-opacity is-style-wide\"\/>\n\n\n\n<p class=\"has-medium-font-size\">T\u00f6r\u00f6k N\u00e1ndor versford\u00edt\u00e1sai<\/p>\n\n\n\n<div class=\"wp-block-group is-vertical is-layout-flex wp-container-core-group-is-layout-8cf370e7 wp-block-group-is-layout-flex\">\n<p><strong>Magamban<\/strong><\/p>\n\n\n\n<p><em>(V&nbsp;sebe)<\/em><\/p>\n<\/div>\n\n\n\n<p>A&nbsp;fi\u00fa, aki voltam, azt mondta<br>egyszer: \u201eA hal\u00e1l mindig k\u00f6zel van.\u201c<br>Mintha a&nbsp;der\u0171s \u00e9g vill\u00e1m\u00e1r\u00f3l sz\u00f3lt volna.<br>Vagy a&nbsp;ragadoz\u00f3r\u00f3l, ami oly nesztelen<br>lopakodik, hogy gallyat se reccsent.<\/p>\n\n\n\n<p>Eml\u00e9kezem r\u00e1 a&nbsp;<em>mi<\/em> erd\u0151nkben.<br>\u00d6nk\u00e9ntelen\u00fcl n\u00e9ztem k\u00f6r\u00fcl,<br>amikor biciklivel a&nbsp;f\u00e1k k\u00f6z\u00f6tt<br>cik\u00e1ztam, a sz\u00fcrke szikl\u00e1k akn\u00e1i<br>z\u00f6ld moh\u00e1ba rejtekeztek. &#8230;<\/p>\n\n\n\n<p>(<a href=\"https:\/\/opus-folyoirat.sk\/?page_id=3862\" data-type=\"link\" data-id=\"https:\/\/opus-folyoirat.sk\/?page_id=3862\">olvass tov\u00e1bb<\/a>)<\/p>\n\n\n\n<hr class=\"wp-block-separator has-alpha-channel-opacity is-style-wide\"\/>\n\n\n\n<p class=\"has-medium-font-size\">Biernaczky Szil\u00e1rd versford\u00edt\u00e1sai<\/p>\n\n\n\n<div class=\"wp-block-group is-vertical is-layout-flex wp-container-core-group-is-layout-8cf370e7 wp-block-group-is-layout-flex\">\n<p><strong>A Teremt\u0151 b\u00fcntet\u00e9se&nbsp;<\/strong><\/p>\n\n\n\n<p><em>(Penalty of Godhead)<\/em><\/p>\n<\/div>\n\n\n<div class=\"wp-block-image\">\n<figure class=\"alignright size-full is-resized\"><img loading=\"lazy\" decoding=\"async\" width=\"593\" height=\"787\" src=\"http:\/\/opus-folyoirat.sk\/wp-content\/uploads\/2026\/01\/BiernaczkySzilard.jpg\" alt=\"\" class=\"wp-image-3592\" style=\"width:187px;height:auto\" srcset=\"https:\/\/opus-folyoirat.sk\/wp-content\/uploads\/2026\/01\/BiernaczkySzilard.jpg 593w, https:\/\/opus-folyoirat.sk\/wp-content\/uploads\/2026\/01\/BiernaczkySzilard-226x300.jpg 226w\" sizes=\"auto, (max-width: 593px) 100vw, 593px\" \/><\/figure><\/div>\n\n\n<div class=\"wp-block-group is-vertical is-layout-flex wp-container-core-group-is-layout-8cf370e7 wp-block-group-is-layout-flex\">\n<p>Az \u00f6regember szalma-\u00e1gya<\/p>\n\n\n\n<p>l\u00e1ngot kapott, feler\u0151s\u00f6dve<\/p>\n\n\n\n<p>az \u00e9jszakai r\u00f6nk\u00f6kb\u0151l a harmattan<\/p>\n\n\n\n<p>t\u00fczet gy\u00fajt\u00f3 lehelet\u00e9t\u0151l. Dacolva a kor\u00e1val \u00e9s<\/p>\n\n\n\n<p>a betegs\u00e9g\u00e9vel fel\u00e1llt, \u00e9s maga ir\u00e1ny\u00edtotta<\/p>\n\n\n\n<p>f\u00fcstt\u0151l elvakulva a ment\u00e9st.  (&#8230;)<\/p>\n<\/div>\n\n\n\n<p><\/p>\n\n\n\n<p>(<a href=\"https:\/\/opus-folyoirat.sk\/?page_id=3606\" data-type=\"link\" data-id=\"https:\/\/opus-folyoirat.sk\/?page_id=3606\">olvass tov\u00e1bb<\/a>)<\/p>\n\n\n\n<hr class=\"wp-block-separator has-alpha-channel-opacity is-style-wide\"\/>\n\n\n\n<p class=\"has-medium-font-size\">Hermann Judit<\/p>\n\n\n\n<p><strong>Az \u00e1ld\u00e1s \u00edze<\/strong><\/p>\n\n\n<div class=\"wp-block-image\">\n<figure class=\"alignright size-large is-resized\"><img loading=\"lazy\" decoding=\"async\" width=\"692\" height=\"1024\" src=\"http:\/\/opus-folyoirat.sk\/wp-content\/uploads\/2026\/01\/Hermann-Judit-692x1024.jpg\" alt=\"\" class=\"wp-image-3824\" style=\"width:137px;height:auto\" srcset=\"https:\/\/opus-folyoirat.sk\/wp-content\/uploads\/2026\/01\/Hermann-Judit-692x1024.jpg 692w, https:\/\/opus-folyoirat.sk\/wp-content\/uploads\/2026\/01\/Hermann-Judit-203x300.jpg 203w, https:\/\/opus-folyoirat.sk\/wp-content\/uploads\/2026\/01\/Hermann-Judit-768x1136.jpg 768w, https:\/\/opus-folyoirat.sk\/wp-content\/uploads\/2026\/01\/Hermann-Judit-1039x1536.jpg 1039w, https:\/\/opus-folyoirat.sk\/wp-content\/uploads\/2026\/01\/Hermann-Judit.jpg 1082w\" sizes=\"auto, (max-width: 692px) 100vw, 692px\" \/><\/figure><\/div>\n\n\n<p> \u201eNe f\u00fcty\u00fclj! L\u00e1nyok nem f\u00fcty\u00fclnek, csak a zsid\u00f3 l\u00e1nyok!\u201d \u2013 hangzott a szomsz\u00e9d n\u00e9ni ablak\u00e1b\u00f3l az udvaron, ahol az odal\u00e1tsz\u00f3 templom torny\u00e1nak aur\u00e1j\u00e1ban j\u00e1tszom eg\u00e9sz gyermekkoromban. A lilasz\u0151nyeges templomba ez\u00e9rt mindig csak f\u00e9lve l\u00e9ptem be, mert azt hittem nincs jogom hozz\u00e1.<\/p>\n\n\n\n<p>A szomsz\u00e9d n\u00e9ni, j\u00e1tsz\u00f3t\u00e1rsam \u00e9desanyja, az udvar h\u00e1ts\u00f3 r\u00e9sz\u00e9n l\u00e9v\u0151 \u201e\u00fari lak\u00e1sban\u201d lakott, amihez kis m\u0171helyszer\u0171 fah\u00e1z tartozott. A fah\u00e1zban \u00e9vente m\u00e9zet pergettek, az \u00e9v t\u00f6bbi r\u00e9sz\u00e9ben az z\u00e1rva volt. A s\u00f6t\u00e9t kamr\u00e1ba a l\u00e9cek r\u00e9sein op\u00e1los s\u00e1vokban sz\u0171r\u0151d\u00f6tt \u00e1t a nap, aranysz\u00edn\u0171 porszemek csillogtak benn\u00fck, \u00e9s a leveg\u0151t valami b\u00e1rsonyos, szinte k\u00e9zzelfoghat\u00f3an s\u0171r\u0171 illat t\u00f6lt\u00f6tte be.&nbsp;<\/p>\n\n\n\n<p>(<a href=\"https:\/\/opus-folyoirat.sk\/?page_id=3860\" data-type=\"link\" data-id=\"https:\/\/opus-folyoirat.sk\/?page_id=3860\">olvass tov\u00e1bb<\/a>)<\/p>\n\n\n\n<hr class=\"wp-block-separator has-alpha-channel-opacity is-style-wide\"\/>\n\n\n\n<p class=\"has-medium-font-size\">Nagy Erika<\/p>\n\n\n\n<p><strong>Kulcs<\/strong><\/p>\n\n\n<div class=\"wp-block-image\">\n<figure class=\"alignright size-large is-resized\"><img loading=\"lazy\" decoding=\"async\" width=\"1024\" height=\"682\" src=\"http:\/\/opus-folyoirat.sk\/wp-content\/uploads\/2023\/11\/01_NagyErika-1024x682.jpg\" alt=\"\" class=\"wp-image-988\" style=\"aspect-ratio:0.75;object-fit:cover;width:175px;height:auto\" srcset=\"https:\/\/opus-folyoirat.sk\/wp-content\/uploads\/2023\/11\/01_NagyErika-1024x682.jpg 1024w, https:\/\/opus-folyoirat.sk\/wp-content\/uploads\/2023\/11\/01_NagyErika-300x200.jpg 300w, https:\/\/opus-folyoirat.sk\/wp-content\/uploads\/2023\/11\/01_NagyErika-768x512.jpg 768w, https:\/\/opus-folyoirat.sk\/wp-content\/uploads\/2023\/11\/01_NagyErika-1536x1024.jpg 1536w, https:\/\/opus-folyoirat.sk\/wp-content\/uploads\/2023\/11\/01_NagyErika-2048x1365.jpg 2048w, https:\/\/opus-folyoirat.sk\/wp-content\/uploads\/2023\/11\/01_NagyErika-450x300.jpg 450w\" sizes=\"auto, (max-width: 1024px) 100vw, 1024px\" \/><\/figure><\/div>\n\n\n<p>Egy fura n\u0151 j\u00f6tt le a l\u00e9pcs\u0151n, olyan \u00f6tven k\u00f6r\u00fcli. Zavart volt, mag\u00e1ban besz\u00e9lt, k\u00f6zben cs\u00f3v\u00e1lta a fej\u00e9t, \u00e9s a tenyer\u00e9vel nagyokat \u00fct\u00f6tt a homlok\u00e1ra. Sok az elmebeteg, gondoltam. A l\u00e9pcs\u0151n leszaladva hallottam, hogy ut\u00e1nam ki\u00e1lt. Megfordultam. Indulatosak voltak a mondatai, s mik\u00f6zben hozz\u00e1m besz\u00e9lt, hol a plafont, hol pedig a l\u00e9pcs\u0151t figyelte. Van ilyen. Eltelt egy kis id\u0151, mire meg\u00e9rtettem, hogy mit is akart t\u0151lem. Vagy legal\u00e1bbis azt gondoltam, hogy \u00e9rtem. Kiz\u00e1rta mag\u00e1t, a kulcsot a lak\u00e1s kit\u00e1rt ajtaj\u00e1ban hagyta. Bel\u00fclr\u0151l. A telefont pedig az asztalon. Csak a szemetet vitte le az udvarra, k\u00f6zben tal\u00e1lkozott a g\u00e1zszerel\u0151vel, aki tegnap jelentkezett be. De ez mell\u00e9kes, a baj megt\u00f6rt\u00e9nt. Az ajt\u00f3, amely a folyos\u00f3t a ganggal \u00f6sszek\u00f6t\u00f6tte, becsuk\u00f3dott. Nem tudom, hogy mit csin\u00e1ljak, legjobb lesz, ha kit\u00f6r\u00f6m, mondogatta halkan t\u00f6bbsz\u00f6r is, de szinte csak \u00f6nmag\u00e1nak. Azt\u00e1n megfizetem, nincs m\u00e1s v\u00e1laszt\u00e1som. Van, mondtam neki, mindig van egy jobb megold\u00e1s, csak gondolkodni kell. Nincs telefonom, nem tudok h\u00edvni senkit sem, jaj istenem, mit csin\u00e1ljak?&nbsp; Nekem van, ha tudja a sz\u00e1mot, sz\u00edvesen seg\u00edtek, aj\u00e1nlottam fel. A szeme komikus m\u00f3don kikerekedett a felcsillant lehet\u0151s\u00e9g hallat\u00e1n. K\u00f6zben az\u00e9rt azt sem rejtette v\u00e9ka al\u00e1, hogy b\u00e1r \u00e1rtatlan voltam mindenben, d\u00fch\u00edtette, hogy engem semmi sem korl\u00e1toz.<\/p>\n\n\n\n<p>(<a href=\"https:\/\/opus-folyoirat.sk\/?page_id=3858\" data-type=\"link\" data-id=\"https:\/\/opus-folyoirat.sk\/?page_id=3858\">olvass tov\u00e1bb)<\/a><\/p>\n\n\n\n<hr class=\"wp-block-separator has-alpha-channel-opacity is-style-wide\"\/>\n\n\n\n<p class=\"has-medium-font-size\">Erd\u00e9ly D\u00e1niel<\/p>\n\n\n\n<p><strong>Gonoszs\u00e1g<\/strong><\/p>\n\n\n\n<div class=\"wp-block-group is-vertical is-layout-flex wp-container-core-group-is-layout-8cf370e7 wp-block-group-is-layout-flex\">\n<p>Akkor volt gonosz, mikor m\u00e9g meg\u00e9rte gonosznak lenni<\/p>\n\n\n\n<p>A j\u00f3s\u00e1g\u00e1val volt gonosz, mert meg\u0151r\u00fcltek a k\u00f6r\u00fcl\u00f6tte \u00e9l\u0151k<\/p>\n\n\n\n<p>Meg\u0151r\u00fcltek, mert miatta nem mertek gonoszok lenni<\/p>\n\n\n\n<p>J\u00f3 gonoszok lettek azzal, hogy j\u00f3k lettek<\/p>\n\n\n\n<p>Gonoszs\u00e1g\u00e1val volt j\u00f3, mert senkinek nem kellett k\u00f6r\u00fcl\u00f6tte h\u00e1l\u00e1snak lennie<\/p>\n\n\n\n<p>Gonoszs\u00e1gb\u00f3l gonoszok lettek, hogy senki ne lehessen se h\u00e1l\u00e1s, se j\u00f3<\/p>\n\n\n\n<p>A sok gonoszs\u00e1gb\u00f3l \u00e9s h\u00e1l\u00e1tlans\u00e1gb\u00f3l n\u0151tt ki a j\u00f3s\u00e1g<\/p>\n\n\n\n<p>Mag\u00e1t\u00f3l<\/p>\n<\/div>\n\n\n\n<p>(<a href=\"https:\/\/opus-folyoirat.sk\/?page_id=3851\" data-type=\"link\" data-id=\"https:\/\/opus-folyoirat.sk\/?page_id=3851\">olvass tov\u00e1bb<\/a>)<\/p>\n\n\n\n<hr class=\"wp-block-separator has-alpha-channel-opacity is-style-wide\"\/>\n\n\n\n<p class=\"has-medium-font-size\">Tasn\u00e1di Edit versford\u00edt\u00e1sai<\/p>\n\n\n\n<p><strong>Anya \u00e9s fi\u00fa<\/strong><\/p>\n\n\n\n<p>A fi\u00fa n\u00e9zi<br>          a l\u00e9pni nem mer\u0151 any\u00e1t<br>belekarol, hogy induljon<br>\u00e9s esz\u00e9be jut a r\u00e9gen elm\u00falt:<br>          Olyan voltam egykor, mint \u0151<br>          a l\u00e1bam remeg\u0151, bizonytalan<br>          v\u00e1rtam ny\u00fajtsa a karj\u00e1t<br>          \u00f3vjon, amikor elindulok&#8230;<\/p>\n\n\n\n<p>ugyanaz az aggodalmas v\u00e1rakoz\u00e1s, ugyanaz a szeret\u0151 \u00f6sszetartoz\u00e1s<br>v\u00e1ltoztat ir\u00e1nyt kettej\u00fck k\u00f6z\u00f6tt.<\/p>\n\n\n\n<p>(<a href=\"https:\/\/opus-folyoirat.sk\/?page_id=3771\" data-type=\"link\" data-id=\"https:\/\/opus-folyoirat.sk\/?page_id=3771\">olvass tov\u00e1bb<\/a>)<\/p>\n\n\n\n<hr class=\"wp-block-separator has-alpha-channel-opacity is-style-wide\"\/>\n\n\n\n<p class=\"has-medium-font-size\">T\u00f3th L\u00e1szl\u00f3<\/p>\n\n\n\n<div class=\"wp-block-group is-vertical is-layout-flex wp-container-core-group-is-layout-8cf370e7 wp-block-group-is-layout-flex\">\n<p><strong>Feljegyz\u00e9sek, k\u00f6r\u00fclm\u00e9nyek, megfontol\u00e1sok<\/strong><\/p>\n\n\n\n<p><em>\u00d6n\u00e9let \u2013 k\u00fcln\u00e9zetb\u0151l (r\u00e9szlet)<\/em><\/p>\n<\/div>\n\n\n\n<div class=\"wp-block-group is-vertical is-layout-flex wp-container-core-group-is-layout-8cf370e7 wp-block-group-is-layout-flex\">\n<p class=\"has-text-align-right\"><em>\u201eAz \u00f6regs\u00e9gnek egy aj\u00e1nd\u00e9ka van. Vissza tudsz n\u00e9zni.\u201d&nbsp;<\/em><\/p>\n\n\n\n<p class=\"has-text-align-right\"><em>(Temesi Ferenc)<\/em><\/p>\n<\/div>\n\n\n\n<p><em>Hogyan lett \u00c9v\u00e1b\u00f3l Kati &nbsp;<\/em><\/p>\n\n\n\n<p>T. tizenh\u00e1rom \u00e9ves volt, illetve akkor m\u00e9g nem is T. volt, hanem V. (l. err\u0151l m\u00e1sutt), amikor \u2013 ki tudja, milyen ind\u00edt\u00e1sb\u00f3l-ihlet\u00e9sb\u0151l \u2013 1962. okt\u00f3ber 9-\u00e9n maga el\u00e9 tett egy fekete, kem\u00e9nyt\u00e1bl\u00e1s, nagy alak\u00fa (A\/4-es) vonalas f\u00fczetet, \u00e9s a legels\u0151 lapj\u00e1ra fel\u00edrta leges-legels\u0151 verse c\u00edm\u00e9t: <em>V\u00e9ge a sz\u00fcnid\u0151nek<\/em>, s b\u00e1r fogalma sem volt, hogy mit kellene (lehetne) err\u0151l \u2013 illetve e c\u00edm al\u00e1 \u2013 \u00edrnia, konok elhat\u00e1roz\u00e1ssal belekezdett m\u00e9gis. Ha pedig egyszer belekezdett, innent\u0151l kezdve \u2013 az \u201e\u00cdrok, \u00edrok, \u00edrogatok \/ de hi\u00e1ba \u00edrogatok, \/ \u00edr\u00e1somnak nincs hat\u00e1sa\u201d villanatnyi megvil\u00e1gosod\u00e1s\u00e1t, rem\u00e9nyt kelt\u0151 beismer\u00e9s\u00e9t k\u00f6vet\u0151 k\u00e9t-h\u00e1rom \u00e9ves megszak\u00edt\u00e1s ut\u00e1n \u2013 eg\u00e9szen \u00e9retts\u00e9giz\u0151 kor\u00e1ig ebbe r\u00f3tta a t\u0151le telhet\u0151 legszebb bet\u0171ivel az elej\u00e9n els\u0151sorban az iskol\u00e1ban bel\u00e9 (bel\u00e9j\u00fck) sulykoltakat visszhangz\u00f3 kezdetleges klapanci\u00e1it, b\u00e9keharcos, s Lenin elvt\u00e1rsunkat \u00e9s a \u201eh\u0151s kubai n\u00e9pet\u201d is meg\u00e9nekl\u0151 ny\u00f6gd\u00e9cseit. Igaz, k\u00e9s\u0151bb t\u00e9mav\u00e1laszt\u00e1s\u00e1nak b\u0151v\u00fcl\u00e9s\u00e9t m\u00e1r k\u00fcl\u00f6nb\u00f6z\u0151 l\u00e1nynevek, \u00e9ledez\u0151 nemis\u00e9ge pl\u00e1t\u00f3i s\u00f3v\u00e1rg\u00e1sai, szereppr\u00f3b\u00e1lgat\u00e1saival is form\u00e1l\u00f3d\u00f3 kialakulatlan szem\u00e9lyis\u00e9ge \u00e9des-keser\u0171 busong\u00e1sai, a vil\u00e1gban val\u00f3 jelenl\u00e9t\u00e9nek \u00f6n\u00e9rzetes ifjonci kinyilatkoztat\u00e1sai \u00e9s a legr\u00e9mesebb kamaszos filozof\u00e1lgat\u00e1sok \u00e1ri\u00e1i is jelzik.<\/p>\n\n\n\n<p><\/p>\n\n\n\n<p>(<a href=\"https:\/\/opus-folyoirat.sk\/?page_id=3847\" data-type=\"link\" data-id=\"https:\/\/opus-folyoirat.sk\/?page_id=3847\">olvass tov\u00e1bb<\/a>)<\/p>\n\n\n\n<hr class=\"wp-block-separator has-alpha-channel-opacity is-style-wide\"\/>\n\n\n\n<p class=\"has-medium-font-size\">Tasn\u00e1di Edit versford\u00edt\u00e1sai<\/p>\n\n\n\n<p><strong>Augusztusban a balkonon<\/strong><\/p>\n\n\n\n<p>Augusztusban teliholdn\u00e1l<br>nem fuldokolt volna \u00edgy a s\u00f6t\u00e9tben<br>a balkonj\u00e1n \u00fcl\u0151 f\u00e9rfi<br>nem lett volna k\u00f6nny\u00edze<br>az ajk\u00e1hoz emelt rak\u0131nak.<\/p>\n\n\n\n<p>Augusztusban teliholdn\u00e1l&nbsp;<br>nem ilyen vers \u00edr\u00f3dott volna.<\/p>\n\n\n\n<p><\/p>\n\n\n\n<p>(<a href=\"https:\/\/opus-folyoirat.sk\/?page_id=3770\" data-type=\"link\" data-id=\"https:\/\/opus-folyoirat.sk\/?page_id=3770\">olvass tov\u00e1bb<\/a>)<\/p>\n\n\n\n<hr class=\"wp-block-separator has-alpha-channel-opacity is-style-wide\"\/>\n\n\n\n<p class=\"has-medium-font-size\">Biernaczky Szil\u00e1rd versford\u00edt\u00e1sai<\/p>\n\n\n\n<div class=\"wp-block-group is-vertical is-layout-flex wp-container-core-group-is-layout-8cf370e7 wp-block-group-is-layout-flex\">\n<p><strong>A tud\u00e1s megfoszt<\/strong><\/p>\n\n\n\n<p><em>(Knowing Robs Us)<\/em><\/p>\n<\/div>\n\n\n<div class=\"wp-block-image\">\n<figure class=\"alignright size-full is-resized\"><img loading=\"lazy\" decoding=\"async\" width=\"593\" height=\"787\" src=\"http:\/\/opus-folyoirat.sk\/wp-content\/uploads\/2026\/01\/BiernaczkySzilard.jpg\" alt=\"\" class=\"wp-image-3592\" style=\"width:187px;height:auto\" srcset=\"https:\/\/opus-folyoirat.sk\/wp-content\/uploads\/2026\/01\/BiernaczkySzilard.jpg 593w, https:\/\/opus-folyoirat.sk\/wp-content\/uploads\/2026\/01\/BiernaczkySzilard-226x300.jpg 226w\" sizes=\"auto, (max-width: 593px) 100vw, 593px\" \/><\/figure><\/div>\n\n\n<div class=\"wp-block-group is-vertical is-layout-flex wp-container-core-group-is-layout-8cf370e7 wp-block-group-is-layout-flex\">\n<p>A tud\u00e1s megfoszt benn\u00fcnket a csod\u00e1lkoz\u00e1st\u00f3l.<\/p>\n\n\n\n<p>Ha nem szakadtak volna sz\u00e9t<\/p>\n\n\n\n<p>az \u0151si \u00c9jszaka f\u00e9lelmetes k\u00f6nt\u00f6sei<\/p>\n\n\n\n<p>hogy ellopj\u00e1k a mint\u00e1kat, amelyeket szarvakra k\u00e9sz\u00edtenek<\/p>\n\n\n\n<p>kutyafejen \u00e9s sz\u00e9thintett l\u00e1zad\u00e1son<\/p>\n\n\n\n<p>\u00e9jszaka egy ty\u00fak otthonos&nbsp;<\/p>\n\n\n\n<p>cs\u0151r\u00e9ben; nem adott nek\u00fcnk okot<\/p>\n\n\n\n<p>bizonyoss\u00e1gra, hogy a nap minden nap megszakad<\/p>\n\n\n\n<p>de a nap t\u00f6mbje visszat\u00e9r lefegyverezni<\/p>\n\n\n\n<p>az \u00e9jszaka fantasztikus \u00e1br\u00e1zatait \u2013<\/p>\n\n\n\n<p>minden hajnalban<\/p>\n\n\n\n<p>megkoszor\u00fazhatt\u00e1k a v\u00e1ros kapuj\u00e1ban<\/p>\n\n\n\n<p>kir\u00e1lyi dobokkal k\u00eds\u00e9rve<\/p>\n\n\n\n<p>egy megh\u00f6kkent vil\u00e1g&nbsp;<\/p>\n\n\n\n<p>csod\u00e1latos \u00fcnnep\u00e9t.<\/p>\n<\/div>\n\n\n\n<p>(<a href=\"https:\/\/opus-folyoirat.sk\/?page_id=3602\" data-type=\"link\" data-id=\"https:\/\/opus-folyoirat.sk\/?page_id=3602\">olvass tov\u00e1bb<\/a>)<\/p>\n\n\n\n<hr class=\"wp-block-separator has-alpha-channel-opacity is-style-wide\"\/>\n\n\n\n<p class=\"has-medium-font-size\">Radv\u00e1nyi Krist\u00f3f versei<\/p>\n\n\n\n<p><strong>Nem akarok<\/strong><\/p>\n\n\n\n<p>Jaj, nem akarok \u00e9n m\u00e1r szeretni,<br>\u00c9bred\u00e9s ut\u00e1n senkit sem tal\u00e1lni.<br>Ki\u00fcr\u00fclt sz\u00edvek b\u00e1ny\u00e1iban kutatni,<br>\u00dajra e f\u00e1jdalmat meg\u00e9lni.<\/p>\n\n\n\n<p>Jaj, nem akarok \u00e9n m\u00e1r \u00e9rezni,<br>Valaki miatt bel\u00fclr\u0151l meghalni.<br>Szememmel rezd\u00fcl\u00e9seit figyelni,<br>Minden pillanatban \u0151t szolg\u00e1lni.<\/p>\n\n\n\n<p>(<a href=\"https:\/\/opus-folyoirat.sk\/?page_id=3804\" data-type=\"link\" data-id=\"https:\/\/opus-folyoirat.sk\/?page_id=3804\">olvass tov\u00e1bb<\/a>)<\/p>\n\n\n\n<hr class=\"wp-block-separator has-alpha-channel-opacity is-style-wide\"\/>\n\n\n\n<p class=\"has-medium-font-size\">Hermann Judit<\/p>\n\n\n\n<p><strong>\u00cdzek \u00e9s eml\u00e9kek (r\u00e9szlet)<\/strong><\/p>\n\n\n<div class=\"wp-block-image\">\n<figure class=\"alignright size-large is-resized\"><img loading=\"lazy\" decoding=\"async\" width=\"692\" height=\"1024\" src=\"https:\/\/opus-folyoirat.sk\/wp-content\/uploads\/2026\/01\/Hermann-Judit-692x1024.jpg\" alt=\"\" class=\"wp-image-3824\" style=\"width:178px;height:auto\" srcset=\"https:\/\/opus-folyoirat.sk\/wp-content\/uploads\/2026\/01\/Hermann-Judit-692x1024.jpg 692w, https:\/\/opus-folyoirat.sk\/wp-content\/uploads\/2026\/01\/Hermann-Judit-203x300.jpg 203w, https:\/\/opus-folyoirat.sk\/wp-content\/uploads\/2026\/01\/Hermann-Judit-768x1136.jpg 768w, https:\/\/opus-folyoirat.sk\/wp-content\/uploads\/2026\/01\/Hermann-Judit-1039x1536.jpg 1039w, https:\/\/opus-folyoirat.sk\/wp-content\/uploads\/2026\/01\/Hermann-Judit.jpg 1082w\" sizes=\"auto, (max-width: 692px) 100vw, 692px\" \/><\/figure><\/div>\n\n\n<p>A r\u00f3mai hotel terasz\u00e1n, a nemzetk\u00f6zi t\u00e1rsas\u00e1g \u2019magyar asztal\u00e1n\u00e1l \u00e9n voltam egyed\u00fcl, aki nem panaszkodtam a vacsor\u00e1ra. A Nemzetk\u00f6zi Kereszt\u00e9ny Zsid\u00f3 Tan\u00e1csnak a vil\u00e1g k\u00fcl\u00f6nb\u00f6z\u0151 v\u00e1rosaiban rendezett konferenci\u00e1in, melyeken a zsid\u00f3-kereszt\u00e9ny kapcsolatrendszert val\u00f3j\u00e1ban m\u00e1r hetven \u00e9ve elemzik, az \u00e9tkez\u00e9sek \u00f6ssze\u00e1ll\u00edt\u00e1s\u00e1n\u00e1l mindig komolyan figyelnek a k\u00fcl\u00f6nb\u00f6z\u0151 felekezetek ig\u00e9nyeire. A magyar r\u00e9sztvev\u0151knek ez sokszor nincs \u00edny\u00e9re. Legt\u00f6bbsz\u00f6r hi\u00e1nyoznak ugyanis a h\u00fasok, vagy t\u00falz\u00f3an egyszer\u0171s\u00f6dik le a men\u00fc, hogy megfeleljen a k\u00fcl\u00f6nb\u00f6z\u0151 felekezeti el\u0151\u00edr\u00e1soknak. Sz\u00e1momra ayonban a meleg r\u00f3mai est\u00e9ben semmi nem lehetett rossz. Ha van az asztalon ak\u00e1r csak egy is a paradicsomban \u00fasz\u00f3 t\u00e9szt\u00e1kb\u00f3l, a f\u00e9nyesm\u00e1z\u00fa, van\u00edli\u00e1s, mandul\u00e1s pit\u00e9kb\u0151l, \u00e9s k\u00e9t asztalt bor\u00edtanak be a h\u00e1romsz\u00f6glet\u0171re szeletelt g\u00f6r\u00f6gdinny\u00e9k, m\u00e1r semmi nem lehet rossz.<\/p>\n\n\n\n<p>(<a href=\"https:\/\/opus-folyoirat.sk\/?page_id=3821\" data-type=\"link\" data-id=\"https:\/\/opus-folyoirat.sk\/?page_id=3821\">olvass tov\u00e1bb<\/a>)<\/p>\n\n\n\n<hr class=\"wp-block-separator has-alpha-channel-opacity is-style-wide\"\/>\n\n\n\n<p class=\"has-medium-font-size\">Balogh Ildik\u00f3<\/p>\n\n\n\n<p><strong>Hanna<\/strong><\/p>\n\n\n<div class=\"wp-block-image\">\n<figure class=\"alignright size-large is-resized\"><img loading=\"lazy\" decoding=\"async\" width=\"939\" height=\"1024\" src=\"http:\/\/opus-folyoirat.sk\/wp-content\/uploads\/2024\/01\/Balogh-Ildiko-939x1024.jpg\" alt=\"\" class=\"wp-image-1120\" style=\"width:205px;height:auto\" srcset=\"https:\/\/opus-folyoirat.sk\/wp-content\/uploads\/2024\/01\/Balogh-Ildiko-939x1024.jpg 939w, https:\/\/opus-folyoirat.sk\/wp-content\/uploads\/2024\/01\/Balogh-Ildiko-275x300.jpg 275w, https:\/\/opus-folyoirat.sk\/wp-content\/uploads\/2024\/01\/Balogh-Ildiko-768x838.jpg 768w, https:\/\/opus-folyoirat.sk\/wp-content\/uploads\/2024\/01\/Balogh-Ildiko-1408x1536.jpg 1408w, https:\/\/opus-folyoirat.sk\/wp-content\/uploads\/2024\/01\/Balogh-Ildiko-1877x2048.jpg 1877w\" sizes=\"auto, (max-width: 939px) 100vw, 939px\" \/><\/figure><\/div>\n\n\n<p>Egy k\u00e9s\u0151 tavaszi napon ismertem meg Han\u00e1t. Az ablakb\u00f3l l\u00e1ttam k\u00f6zeledni, egy t\u0151le sokkal fiatalabb p\u00e1r k\u00eds\u00e9ret\u00e9ben. Kellemesen csevegtek. Hana kor\u00e1hoz k\u00e9pest nagyon magas, mad\u00e1rcsont\u00fa, filigr\u00e1n n\u0151 volt. Ebben a&nbsp;korban az emberek m\u00e1r \u00f6sszet\u00f6p\u00f6r\u00f6dnek, megg\u00f6rb\u00fcl a&nbsp;h\u00e1tuk, vagy banyap\u00fapjuk lesz. Hana egyenes testtel, nyugodtan l\u00e9pkedett. Minden l\u00e9p\u00e9se tudatos, magabiztos volt. A k\u00e9nyelmes, drapp, p\u00e1ntos f\u00e9lcip\u0151be b\u00fajtatott, hossz\u00fa, v\u00e9kony l\u00e1bfeje nem t\u0171nt orm\u00f3tlannak kecses l\u00e9p\u00e9sei miatt. Cip\u0151je orr\u00e1val n\u00e9ha \u00f3vatosan arr\u00e9bb r\u00fagott egy aszmagot. Karj\u00e1n a hatvanas \u00e9vekben v\u00e1s\u00e1rolt min\u0151s\u00e9gi, megk\u00edm\u00e9lt, de kopottas, szint\u00e9n drapp sz\u00edn\u0171 retik\u00fcl. Annak pattint\u00f3s z\u00e1rj\u00e1t matatta horgolt feh\u00e9r keszty\u0171s kez\u00e9vel. A&nbsp;hatalmas, lombos f\u00e1k alatt k\u00f6zeledtek a&nbsp;plat\u00e1nokkal teli, enyh\u00e9n kanyarg\u00f3s beton\u00faton, \u00edgy t\u00f6bb szemsz\u00f6gb\u0151l megfigyelhettem mozg\u00e1s\u00e1t, alkat\u00e1t. Itt-ott a&nbsp;s\u0171r\u0171 lombozat k\u00f6zt besz\u0171r\u0151d\u00f6tt a&nbsp;gyenge napsug\u00e1r, de Hana tekintet\u00e9t \u00edgy sem l\u00e1ttam tiszt\u00e1n, kis kalapja \u00e1rnyat vetett az arc\u00e1ra. Mozg\u00e1sa kifinomult, nyugodt, gesztikul\u00e1ci\u00f3i finoman visszafogottak. Szeretem megfigyelni az embereket azel\u0151tt, miel\u0151tt bel\u00e9pnek hozz\u00e1nk az idegen ismeretlenbe, s amikor t\u00f6bbnyire m\u00e9g nem is tudj\u00e1k, mi v\u00e1r r\u00e1juk.<\/p>\n\n\n\n<p>(<a href=\"https:\/\/opus-folyoirat.sk\/?page_id=3818\" data-type=\"link\" data-id=\"https:\/\/opus-folyoirat.sk\/?page_id=3818\">olvass tov\u00e1bb<\/a>)<\/p>\n\n\n\n<hr class=\"wp-block-separator has-alpha-channel-opacity is-style-wide\"\/>\n\n\n\n<p class=\"has-medium-font-size\">Sz\u0151cs L\u00e1szl\u00f3 versei<\/p>\n\n\n\n<p><strong>A K\u00e1na\u00e1n \u00fcgy\u00e9ben<\/strong><\/p>\n\n\n\n<p>\u00dajra megny\u00edrt\u00e1k sz\u00e1rnyainkat, mint mag\u00e1t mad\u00e1rnak k\u00e9pzel\u0151 baromfit.<br>Ne sz\u00e1lljon oly magasra, ha a ketrecb\u0151l kiengedik.<br>Emberrobot lett programod e t\u00fal\u00e9rett f\u00f6ldi paradicsomban.<br>Szalagon termeled kenyered, f\u00e1radts\u00e1gt\u00f3l lebutultan.<\/p>\n\n\n\n<p>Cinikuss\u00e1 v\u00e1lt \u00e9n\u00fcnk a rekl\u00e1mok t\u00fal\u00f6lt\u00f6z\u00f6tt apostola:<br>Hirdeti hit\u00e9t, felh\u0151karcol\u00f3kra \u00e1gaskodva.<br>El\u00f6nt\u00f6tt b\u00fazamez\u0151n moss\u00e1k el s\u00edr\u00f3 \u00e1rv\u00e1k k\u00f6nnyeit.<br>L\u00e1nctalpak taposs\u00e1k a&nbsp;K\u00e1na\u00e1n meg\u00edg\u00e9rt f\u00f6ldjeit.<\/p>\n\n\n\n<p>(<a href=\"https:\/\/opus-folyoirat.sk\/?page_id=3814\" data-type=\"link\" data-id=\"https:\/\/opus-folyoirat.sk\/?page_id=3814\">olvass tov\u00e1bb<\/a>)<\/p>\n\n\n\n<hr class=\"wp-block-separator has-alpha-channel-opacity is-style-wide\"\/>\n\n\n\n<p class=\"has-medium-font-size\">Dar\u00e1zs Balogh Katalin<\/p>\n\n\n\n<p><strong>A k\u00e1lyha melege<\/strong><\/p>\n\n\n\n<p>Ha hallgattam volna nagyany\u00e1mra, nem kellett volna ott dideregn\u00fcnk. Ha id\u0151ben elmegy\u00fcnk aludni, tal\u00e1n \u00e9szre sem vett\u00fck volna, hogy elfelejtett begy\u00fajtani a k\u00e1lyh\u00e1ba. M\u00edg a&nbsp;filmet n\u00e9zt\u00fck, addig beb\u00fajtunk a pokr\u00f3cba, kellemes meleg volt. De most rendesen vacogtunk a hidegt\u0151l. Katival \u00f6sszes\u00fagtunk, most mi legyen, ki megy a nagyinak sz\u00f3lni? Kisz\u00e1mol\u00f3val d\u0151lt el, hogy \u00e9n leszek az a b\u00e1tor, aki megk\u00e9ri: var\u00e1zsoljon nek\u00fcnk v\u00e9gre meleget a szob\u00e1ba.<br><\/p>\n\n\n\n<p><\/p>\n\n\n\n<p>(<a href=\"https:\/\/opus-folyoirat.sk\/?page_id=3810\" data-type=\"link\" data-id=\"https:\/\/opus-folyoirat.sk\/?page_id=3810\">olvass tov\u00e1bb<\/a>)<\/p>\n\n\n\n<hr class=\"wp-block-separator has-alpha-channel-opacity is-style-wide\"\/>\n\n\n\n<p class=\"has-medium-font-size\">Tasn\u00e1di Edit versford\u00edt\u00e1sai<\/p>\n\n\n\n<p><strong>Egy csepp a s\u00f6t\u00e9tben<\/strong><\/p>\n\n\n\n<p>Egy kisl\u00e1ny hat-h\u00e9t \u00e9ves,<br>egy f\u00e9rfi \u00e9s egy n\u0151 kez\u00e9t fogja.<br>H\u00e1romtag\u00fa csal\u00e1d.<\/p>\n\n\n\n<p>S\u00f6t\u00e9t napszem\u00fcvege m\u00f6g\u00fcl<br>a semmibe mosolyog a n\u0151 \u00e9s a f\u00e9rfi.<br>Helyett\u00fck n\u00e9z a kisl\u00e1ny.<\/p>\n\n\n\n<p>Cseppnyi f\u00e9ny a s\u00f6t\u00e9tben.&nbsp; &nbsp;<\/p>\n\n\n\n<p><\/p>\n\n\n\n<p>(<a href=\"https:\/\/opus-folyoirat.sk\/?page_id=3769\" data-type=\"link\" data-id=\"https:\/\/opus-folyoirat.sk\/?page_id=3769\">olvass tov\u00e1bb<\/a>)<\/p>\n\n\n\n<hr class=\"wp-block-separator has-alpha-channel-opacity is-style-wide\"\/>\n\n\n\n<p class=\"has-medium-font-size\">Radv\u00e1nyi Krist\u00f3f versei<\/p>\n\n\n\n<p><strong>Csendzavar<\/strong><\/p>\n\n\n\n<p>Nem tal\u00e1lom a csendem,<br>Z\u00fag, folyik a vil\u00e1g k\u00f6r\u00fcl\u00f6ttem.<br>Kerestelek t\u00e9ged hangtalans\u00e1godban,<br>De nem tal\u00e1ltalak csak a hangzavarban.<br>A sz\u00e9l f\u00fav\u00e1s\u00e1ban, a bels\u0151 morajl\u00e1sban,<br>Zajt tal\u00e1ltam csak neh\u00e9z szavadban.<br>S\u00falyod \u00f6sszenyom, nem tal\u00e1lom<br>\u00c9n benned m\u00e1r a holnapom.<\/p>\n\n\n\n<p>(<a href=\"https:\/\/opus-folyoirat.sk\/?page_id=3803\" data-type=\"link\" data-id=\"https:\/\/opus-folyoirat.sk\/?page_id=3803\">olvass tov\u00e1bb<\/a>)<\/p>\n\n\n\n<hr class=\"wp-block-separator has-alpha-channel-opacity is-style-wide\"\/>\n\n\n\n<p class=\"has-medium-font-size\">Bakos Orsolya<\/p>\n\n\n\n<p><strong>Igaz, Anya?<\/strong><\/p>\n\n\n\n<p>Izzadt a kezem a gumikeszty\u0171ben. M\u00e1r egy \u00f3r\u00e1ja csak a&nbsp;h\u00fast szeleteltem, de szerencs\u00e9re a&nbsp;nemr\u00e9g v\u00e1s\u00e1rolt k\u00e9s megk\u00f6nny\u00edtette a dolgom. Olyan k\u00f6nnyed\u00e9n szelte kett\u00e9 a h\u00fast, mintha vajb\u00f3l lenne. Egyforma darabokra v\u00e1gtam, majd egy t\u00e1lc\u00e1ra helyeztem, sz\u00e9pen, sorban. A&nbsp;keszty\u0171ket leh\u00e1moztam kezeimr\u0151l, majd a&nbsp;t\u00e1lc\u00e1t megemeltem, \u00e9s a&nbsp;h\u0171t\u0151h\u00f6z s\u00e9t\u00e1ltam. F\u00e9l k\u00e9zzel kinyitottam az ajtaj\u00e1t, majd a&nbsp;legfels\u0151 polcra raktam.<\/p>\n\n\n\n<p>&nbsp; Halkan d\u00fadolva mosogattam. A&nbsp;v\u00f6r\u00f6s ned\u0171 m\u00e9g nem sz\u00e1radt r\u00e1 a&nbsp;k\u00e9sre teljesen, szivaccsal \u00e9s mosogat\u00f3szerrel k\u00f6nnyed\u00e9n lej\u00f6tt. Le\u00f6bl\u00edtettem a habot, majd a&nbsp;k\u00e9st megt\u00f6r\u00f6ltem \u00e9s \u00f3vatosan a&nbsp;fi\u00f3kba helyeztem. A v\u00e1g\u00f3deszka m\u00e1r a&nbsp;csepegtet\u0151n sz\u00e1radt. \u00c9szrevettem, hogy az alkarom m\u00e9g foltos maradt. S\u00f3hajtva ny\u00faltam a t\u00f6rl\u0151kend\u0151\u00e9rt, majd a&nbsp;csap al\u00e1 tartottam. Bevizezve elkezdtem a r\u00e1m sz\u00e1radt v\u00e9rt led\u00f6rzs\u00f6lni. Ez m\u00e1r nehezebben j\u00f6tt le. Annyira belemer\u00fcltem, hogy \u00e9szre sem vettem volna Alexet, ha nem csapja be maga ut\u00e1n a&nbsp;konyhaajt\u00f3t.<\/p>\n\n\n\n<p>(<a href=\"https:\/\/opus-folyoirat.sk\/?page_id=3798\" data-type=\"link\" data-id=\"https:\/\/opus-folyoirat.sk\/?page_id=3798\">olvass tov\u00e1bb<\/a>)<\/p>\n\n\n\n<hr class=\"wp-block-separator has-alpha-channel-opacity is-style-wide\"\/>\n\n\n\n<p class=\"has-medium-font-size\">Bock Ervin<\/p>\n\n\n\n<p><strong>\u00edgy, \u00fagy<\/strong><\/p>\n\n\n\n<p>\u00edgy vagy \u00fagy, de<br>\u00fagy \u00e9rkezett meg,<br>hogy nem oda k\u00e9sz\u00fclt, meg<br>\u00edgy azt\u00e1n hogyan is \u00e9rkezhetett,<br>meg k\u00fcl\u00f6nben is, legyintett,<br>mi\u00e9rt kell m\u00e9g meg\u00e9rkezni;<br>mikor jobb t\u00e1volr\u00f3l, jobb k\u00edv\u00fclr\u0151l<br>mit is?<br>igen, n\u00e9zni, k\u00f6vetni, hallgatni.<br>\u00edgy \u00e9rkezett meg, \u00e9s tudta, hogy nem.<\/p>\n\n\n\n<p>(<a href=\"https:\/\/opus-folyoirat.sk\/?page_id=3794\" data-type=\"link\" data-id=\"https:\/\/opus-folyoirat.sk\/?page_id=3794\">olvass tov\u00e1bb<\/a>)<\/p>\n\n\n\n<hr class=\"wp-block-separator has-alpha-channel-opacity is-style-wide\"\/>\n\n\n\n<p class=\"has-medium-font-size\">Durec Val\u00e9ria<\/p>\n\n\n\n<p><strong>Az exped\u00edci\u00f3<\/strong><\/p>\n\n\n<div class=\"wp-block-image\">\n<figure class=\"alignright size-large is-resized\"><img loading=\"lazy\" decoding=\"async\" width=\"768\" height=\"1024\" src=\"https:\/\/opus-folyoirat.sk\/wp-content\/uploads\/2026\/01\/DurecVali-768x1024.jpg\" alt=\"\" class=\"wp-image-3792\" style=\"width:187px;height:auto\" srcset=\"https:\/\/opus-folyoirat.sk\/wp-content\/uploads\/2026\/01\/DurecVali-768x1024.jpg 768w, https:\/\/opus-folyoirat.sk\/wp-content\/uploads\/2026\/01\/DurecVali-225x300.jpg 225w, https:\/\/opus-folyoirat.sk\/wp-content\/uploads\/2026\/01\/DurecVali-1152x1536.jpg 1152w, https:\/\/opus-folyoirat.sk\/wp-content\/uploads\/2026\/01\/DurecVali-1536x2048.jpg 1536w, https:\/\/opus-folyoirat.sk\/wp-content\/uploads\/2026\/01\/DurecVali-scaled.jpg 1920w\" sizes=\"auto, (max-width: 768px) 100vw, 768px\" \/><\/figure><\/div>\n\n\n<p>J\u00f3zsi b\u00e1ty\u00e1m \u00fagy d\u00f6nt\u00f6tt, megkeresi Attila s\u00edrj\u00e1t. T\u00f6rt\u00e9nt ez vas\u00e1rnap hajnal\u00e1n, amikor a&nbsp;pirkadat r\u00f3zsasz\u00edn sz\u00e1rnyait bontogatta az \u00e9g alj\u00e1n, maga el\u0151tt terelve az apr\u00f3 b\u00e1r\u00e1nyfelh\u0151ket a mennyei legel\u0151re. Szem\u00e9b\u0151l kit\u00f6r\u00f6lte csip\u00e1it, haj\u00e1b\u00f3l kiszedte a sz\u00e9n\u00e1t, \u00e9s \u00f3vatosan megnyitotta a cs\u0171r ajtaj\u00e1t. Megnyugv\u00e1ssal k\u00e9mlelte a h\u00e1z s\u00f6t\u00e9t ablakait, lelki szeme el\u0151tt kirajzol\u00f3dott neje h\u00f3feh\u00e9r mellkasa, mely halk szuszog\u00e1s k\u00eds\u00e9ret\u00e9ben emelgette a vaskos dunyh\u00e1t. M\u00e9ly horkant\u00e1s is felt\u00f6rt n\u00e9ha az asszony sz\u00e1j\u00e1b\u00f3l, de J\u00f3zsi b\u00e1 a szombat esti ultiz\u00e1s ut\u00e1n, v\u00e1gyaival eltelve szende Csipker\u00f3zsik\u00e1t v\u00e9lt felfedezni alv\u00f3 feles\u00e9g\u00e9ben. Az\u00e9rt biztos, ami biztos, szedett a mez\u0151n p\u00e1r sz\u00e1l vir\u00e1got, margar\u00e9t\u00e1t, pipacsot, b\u00fazavir\u00e1got, nem r\u00f3zs\u00e1t, mint a m\u00faltkor, az f\u00e1jt a kopasz fej\u00e9nek \u2013 fr\u00e1nya egy sz\u00far\u00f3s Isten alkot\u00e1sa. Szerencs\u00e9re az asszony mindig megb\u00e9k\u00e9lt, hiszen a h\u00e9t t\u00f6bbi napj\u00e1n f\u00e9rje szinte tenyer\u00e9n hordta. Ha b\u00edrta volna. Kem\u00e9ny, k\u00e9rges kezeivel igazgatta a frissen szedett zsenge csokrot, arra gondolva, most majd b\u00fcszke lesz r\u00e1 az asszony, csak vigye v\u00e9gbe a terv\u00e9t.<\/p>\n\n\n\n<p>(<a href=\"https:\/\/opus-folyoirat.sk\/?page_id=3790\" data-type=\"link\" data-id=\"https:\/\/opus-folyoirat.sk\/?page_id=3790\">olvass tov\u00e1bb<\/a>)<\/p>\n\n\n\n<hr class=\"wp-block-separator has-alpha-channel-opacity is-style-wide\"\/>\n\n\n\n<p class=\"has-medium-font-size\">Szab\u00f3 Zolt\u00e1n Attila<\/p>\n\n\n\n<p>Az \u00fcress\u00e9g\u00e9rzet k\u00fcl\u00f6nleges \u00e1llapot. A semmib\u0151l v\u00e1lik t\u00e1rsb\u00e9rl\u0151dd\u00e9. El\u0151tte nincs jele annak, hogy hozz\u00e1d k\u00e9sz\u00fcl(ne).&nbsp;<\/p>\n\n\n\n<p>Azut\u00e1n hopp, meg\u00e9rkezik, becuccol, le\u00fcl a kanap\u00e9dra, nem hagyja, hogy \u00e9lvezd az esti focimeccset, tiltja, hogy kimenj a s\u00f6r\u00e9rt; \u00e9rz\u00e9kelhet\u0151en ig\u00e9nyli a jelenl\u00e9tedet, a figyelmedet, m\u00e9gsem \u00e9rdekl\u0151dik fel\u0151led, be se mutatkozik, csak \u00fcl, kit\u00f6lti a teret, bef\u00e9szkeli mag\u00e1t a sejtjeidbe, elsz\u00edvja a leveg\u0151t, de nem az \u00f6sszest, hiszen nem meg\u00f6lni j\u00f6tt, csak enyh\u00e9n fojtogatni, m\u00e1r ha lehets\u00e9ges egy\u00e1ltal\u00e1n az ilyesmi, m\u00e1r hogy \u201evalaki\u201d csak enyh\u00e9n fojtogat (az aberr\u00e1ltak v\u00e9lem\u00e9ny\u00e9re nem vagyok k\u00edv\u00e1ncsi!); &#8230;<\/p>\n\n\n\n<p>(<a href=\"https:\/\/opus-folyoirat.sk\/?page_id=3775\" data-type=\"link\" data-id=\"https:\/\/opus-folyoirat.sk\/?page_id=3775\">olvass tov\u00e1bb<\/a>)<\/p>\n\n\n\n<hr class=\"wp-block-separator has-alpha-channel-opacity is-style-wide\"\/>\n\n\n\n<p class=\"has-medium-font-size\">Tasn\u00e1di Edit ford\u00edt\u00e1sai<\/p>\n\n\n\n<p><strong>Akkor este a Nosztalgia k\u00e1v\u00e9h\u00e1zban<\/strong><\/p>\n\n\n\n<p>Szentendr\u00e9n estefel\u00e9<br>\u00fclt\u00fcnk a Nosztalgia k\u00e1v\u00e9h\u00e1zban<br>Juh\u00e1sz P\u00e9ter, Tasn\u00e1di Edit, Beney Zsuzsa meg \u00e9n. &nbsp; &nbsp;<br>Ny\u00e1rb\u00f3l itt feledett napfoltok<br>j\u00e1tszottak az asztalon<br>kez\u00fcnkben ak\u00e1rha nekt\u00e1ros serleg<br>besz\u00e9lgett\u00fcnk sorokat keresve<br>egy bar\u00e1ts\u00e1g-vers kezdet\u00e9hez.<\/p>\n\n\n\n<p>B\u00e1r ugyanabban a v\u00e1rosban \u00e9lnek<br>ugyanazt a nyelvet besz\u00e9lik<br>egyik\u00fck se tal\u00e1lkozott m\u00e9g a m\u00e1sikkal<br>miel\u0151tt Budapestre j\u00f6ttem.<br>K\u00f6t\u0151sz\u00f3nak \u00e9reztem magam<br>amely egybeforrasztja a szavakat&nbsp;<br>egy besz\u00e9lget\u00e9s els\u0151 mondat\u00e1ban.&nbsp;<br>akkor este a Nosztalgia k\u00e1v\u00e9h\u00e1zban.<\/p>\n\n\n\n<p><\/p>\n\n\n\n<p>(olvass tov\u00e1bb)<\/p>\n\n\n\n<hr class=\"wp-block-separator has-alpha-channel-opacity is-style-wide\"\/>\n\n\n\n<p class=\"has-medium-font-size\">Fekete T\u00fcnde<\/p>\n\n\n\n<p><strong>Grecs\u00f3-f\u00e9le szomor\u00fa izgul\u00e1s, avagy menek\u00fcl\u00e9s a l\u00e1gerb\u0151l<\/strong><\/p>\n\n\n<div class=\"wp-block-image\">\n<figure class=\"alignright size-large is-resized\"><img loading=\"lazy\" decoding=\"async\" width=\"576\" height=\"1024\" src=\"http:\/\/opus-folyoirat.sk\/wp-content\/uploads\/2026\/01\/Fekete-Tunde-576x1024.jpeg\" alt=\"\" class=\"wp-image-3658\" style=\"width:155px;height:auto\" srcset=\"https:\/\/opus-folyoirat.sk\/wp-content\/uploads\/2026\/01\/Fekete-Tunde-576x1024.jpeg 576w, https:\/\/opus-folyoirat.sk\/wp-content\/uploads\/2026\/01\/Fekete-Tunde-169x300.jpeg 169w, https:\/\/opus-folyoirat.sk\/wp-content\/uploads\/2026\/01\/Fekete-Tunde-768x1365.jpeg 768w, https:\/\/opus-folyoirat.sk\/wp-content\/uploads\/2026\/01\/Fekete-Tunde-864x1536.jpeg 864w, https:\/\/opus-folyoirat.sk\/wp-content\/uploads\/2026\/01\/Fekete-Tunde.jpeg 1080w\" sizes=\"auto, (max-width: 576px) 100vw, 576px\" \/><\/figure><\/div>\n\n\n<p id=\"block-938b273e-0ea6-4d93-8e9c-f528e6b81e05\">Ha azt mondom V\u00edgsz\u00ednh\u00e1z \u00e9s <em>P\u00e1l utcai fi\u00fak,<\/em> akkor azt hiszem senki nem ig\u00e9nyel r\u00e9szletesebb magyar\u00e1zatot. E 2016-ban sz\u00ednpadra \u00e1ll\u00edtott \u00e9s bemutatott darabot nagy val\u00f3sz\u00edn\u0171s\u00e9ggel mindenki ismeri, ha nem is volt szerencs\u00e9je megtekinteni, bizony\u00e1ra m\u00e1r hallott r\u00f3la. Nos, ez a Moln\u00e1r Ferenc azonos c\u00edm\u0171 reg\u00e9ny\u00e9n alapul\u00f3 musical h\u00e1rom nagyszer\u0171 m\u0171v\u00e9sz keze munk\u00e1ja, akik k\u00f6z\u00fcl a sz\u00f6vegk\u00f6nyv\u00e9rt felel\u0151s illet\u00e9kes maga volt az elismert kort\u00e1rs \u00edr\u00f3 \u00e9s k\u00f6lt\u0151, Grecs\u00f3 Kriszti\u00e1n. Hatalmas sikert aratott ez az el\u0151ad\u00e1suk, \u00e9s az\u00f3ta is t\u00f6retlen\u00fcl sz\u00e1guld el\u0151re a sz\u00ednt\u00e1rsulat nagy \u00f6r\u00f6m\u00e9re, azonban ahogyan a k\u00f6z\u00f6ns\u00e9g sem tudja megunni \u00e9s elfelejteni, \u00fagy a szerz\u0151 sem tudott igaz\u00e1n elszakadni Nemecsek\u00e9k \u00e9s a h\u0171n szeretett Grundjuk hangulat\u00e1t\u00f3l. Sz\u00e1z sz\u00e1zal\u00e9kosan benne volt \u00e9s l\u00e1tsz\u00f3lag eg\u00e9szen 2019-ig benne is maradt ebben a munk\u00e1j\u00e1ban, ugyanis nemr\u00e9giben kiadott reg\u00e9nye, a <em>Vera <\/em>hasonl\u00f3an \u00e1br\u00e1zolja \u00e9s taglalja a gyermekkor legk\u00fcl\u00f6nf\u00e9l\u00e9bb sz\u00ednekben megfestett hangjait \u00e9s az azokhoz t\u00e1rsul\u00f3 feln\u0151tt, vagy legal\u00e1bb is feln\u0151ttszer\u0171 reakci\u00f3kat.<\/p>\n\n\n\n<p>(<a href=\"https:\/\/opus-folyoirat.sk\/?page_id=3668\" data-type=\"link\" data-id=\"https:\/\/opus-folyoirat.sk\/?page_id=3668\">olvass tov\u00e1bb<\/a>)<\/p>\n\n\n\n<hr class=\"wp-block-separator has-alpha-channel-opacity is-style-wide\"\/>\n\n\n\n<p class=\"has-medium-font-size\">D\u00e1vid D\u00f3ra<\/p>\n\n\n<div class=\"wp-block-image\">\n<figure class=\"alignright size-full is-resized\"><img loading=\"lazy\" decoding=\"async\" width=\"413\" height=\"593\" src=\"http:\/\/opus-folyoirat.sk\/wp-content\/uploads\/2026\/01\/DavidDora.jpeg\" alt=\"\" class=\"wp-image-3755\" style=\"width:159px;height:auto\" srcset=\"https:\/\/opus-folyoirat.sk\/wp-content\/uploads\/2026\/01\/DavidDora.jpeg 413w, https:\/\/opus-folyoirat.sk\/wp-content\/uploads\/2026\/01\/DavidDora-209x300.jpeg 209w\" sizes=\"auto, (max-width: 413px) 100vw, 413px\" \/><\/figure><\/div>\n\n\n<p><strong>T\u00f6red\u00e9kek<\/strong><\/p>\n\n\n\n<div class=\"wp-block-group is-vertical is-layout-flex wp-container-core-group-is-layout-8cf370e7 wp-block-group-is-layout-flex\">\n<p>Any\u00e1m temet\u00e9s\u00e9n l\u00e1ttalak el\u0151sz\u00f6r.<\/p>\n\n\n\n<p>Csontdermeszt\u0151 hideg volt, a v\u00e1roson k\u00f6d \u00fclt, \u00e9s a k\u00f6v\u00e9r es\u0151cseppek hangosan kopogtak a s\u00f6t\u00e9tsz\u00fcrke aszfalton. A leveg\u0151ben szinte \u00e9rezni lehetett a k\u00f6nnyek szag\u00e1t. A szertart\u00e1s a v\u00e9g\u00e9hez k\u00f6zeledett, a temet\u0151ben zajosak voltak a l\u00e9ptek, amelyek a pocsoly\u00e1kon gyalogoltak kereszt\u00fcl, \u00e9s amelyek min\u00e9l hamarabb szabadulni akartak a fojtogat\u00f3 k\u00f6zegb\u0151l.<\/p>\n\n\n\n<p>H\u00e1tul volt\u00e1l, egy fa lombkoron\u00e1ja takart. Eml\u00e9kszem s\u00f6t\u00e9t farmeredre, fekete pulcsidra, \u00e9s arra, hogy kezedet a zsebedbe dugva, lehajtott fejjel \u00e1llt\u00e1l. Nem figyelt\u00e9l oda a k\u00f6r\u00fcl\u00f6tted l\u00e9v\u0151kre, a l\u00e1bad alatt hever\u0151 avart rugdostad, a levelek zizeg\u00e9se megt\u00f6rte a pap szavai k\u00f6zti sz\u00fcnetek \u00fcres csendj\u00e9t.<\/p>\n<\/div>\n\n\n\n<p>(<a href=\"https:\/\/opus-folyoirat.sk\/?page_id=3758\" data-type=\"link\" data-id=\"https:\/\/opus-folyoirat.sk\/?page_id=3758\">olvass tov\u00e1bb<\/a>)<\/p>\n\n\n\n<hr class=\"wp-block-separator has-alpha-channel-opacity is-style-wide\"\/>\n\n\n\n<p class=\"has-medium-font-size\">Biernaczky Szil\u00e1rd versford\u00edt\u00e1sai<\/p>\n\n\n\n<div class=\"wp-block-group is-vertical is-layout-flex wp-container-core-group-is-layout-8cf370e7 wp-block-group-is-layout-flex\">\n<p><strong>K\u00e9rd\u00e9s&nbsp;<\/strong><\/p>\n\n\n\n<p><em>(Question)<\/em><\/p>\n<\/div>\n\n\n<div class=\"wp-block-image\">\n<figure class=\"alignright size-full is-resized\"><img loading=\"lazy\" decoding=\"async\" width=\"593\" height=\"787\" src=\"http:\/\/opus-folyoirat.sk\/wp-content\/uploads\/2026\/01\/BiernaczkySzilard.jpg\" alt=\"\" class=\"wp-image-3592\" style=\"width:187px;height:auto\" srcset=\"https:\/\/opus-folyoirat.sk\/wp-content\/uploads\/2026\/01\/BiernaczkySzilard.jpg 593w, https:\/\/opus-folyoirat.sk\/wp-content\/uploads\/2026\/01\/BiernaczkySzilard-226x300.jpg 226w\" sizes=\"auto, (max-width: 593px) 100vw, 593px\" \/><\/figure><\/div>\n\n\n<div class=\"wp-block-group is-vertical is-layout-flex wp-container-core-group-is-layout-8cf370e7 wp-block-group-is-layout-flex\">\n<p>Leereszked\u0151 napsug\u00e1r<\/p>\n\n\n\n<p>mintha Jacob l\u00e9tr\u00e1j\u00e1n&nbsp;<\/p>\n\n\n\n<p>\u00e9gi k\u00e9mlel\u0151ny\u00edl\u00e1s a tet\u0151n \u00e1tsz\u00farva<\/p>\n\n\n\n<p>n\u00e9ma padl\u00f3mhoz \u00e9s csupasz l\u00e1bamhoz.<\/p>\n\n\n\n<p>Ezek a te teremtm\u00e9nyeid<\/p>\n\n\n\n<p>ezek a zs\u00fafol\u00f3d\u00f3 porszemek<\/p>\n\n\n\n<p>tiporj\u00e1k kivil\u00e1g\u00edtott folyos\u00f3dat<\/p>\n\n\n\n<p>egy t\u00e1voli naphoz, mint doppingolt<\/p>\n\n\n\n<p>akrobatikus angyalok k\u00f6r\u00f6znek<\/p>\n\n\n\n<p>t\u0171hegyen, hogy elt\u00e9r\u00edtsenek egy kev\u00e9ss\u00e9<\/p>\n\n\n\n<p>sz\u00f3rakozott istent? Vagy \u00e9n vagyok<\/p>\n\n\n\n<p>egyed\u00fcl idegen egy f\u00e9lhom\u00e1lyos szob\u00e1ban<\/p>\n\n\n\n<p>Saj\u00e1t t\u00fal\u00e1rad\u00e1somat sz\u00f3l\u00edtottam<\/p>\n\n\n\n<p>\u00e9s r\u00e9g\u00f3ta megsz\u00e1llva sok miri\u00e1d \u00e1ltal<\/p>\n\n\n\n<p>tal\u00e1n m\u00e9gis l\u00e1thatatlan mindenben<\/p>\n\n\n\n<p>ez a k\u00f6rnyez\u0151 f\u00e9l\u00e1rny\u00e9k?<\/p>\n<\/div>\n\n\n\n<p><\/p>\n\n\n\n<p>(<a href=\"https:\/\/opus-folyoirat.sk\/?page_id=3598\" data-type=\"link\" data-id=\"https:\/\/opus-folyoirat.sk\/?page_id=3598\">olvass tov\u00e1bb<\/a>)<\/p>\n\n\n\n<hr class=\"wp-block-separator has-alpha-channel-opacity is-style-wide\"\/>\n\n\n\n<p class=\"has-medium-font-size\">Fekete T\u00fcnde<\/p>\n\n\n\n<p><strong>Egy h\u00e9tk\u00f6znapi J\u00f3zsef Attila<\/strong><\/p>\n\n\n<div class=\"wp-block-image\">\n<figure class=\"alignright size-large is-resized\"><img loading=\"lazy\" decoding=\"async\" width=\"576\" height=\"1024\" src=\"http:\/\/opus-folyoirat.sk\/wp-content\/uploads\/2026\/01\/Fekete-Tunde-576x1024.jpeg\" alt=\"\" class=\"wp-image-3658\" style=\"width:151px;height:auto\" srcset=\"https:\/\/opus-folyoirat.sk\/wp-content\/uploads\/2026\/01\/Fekete-Tunde-576x1024.jpeg 576w, https:\/\/opus-folyoirat.sk\/wp-content\/uploads\/2026\/01\/Fekete-Tunde-169x300.jpeg 169w, https:\/\/opus-folyoirat.sk\/wp-content\/uploads\/2026\/01\/Fekete-Tunde-768x1365.jpeg 768w, https:\/\/opus-folyoirat.sk\/wp-content\/uploads\/2026\/01\/Fekete-Tunde-864x1536.jpeg 864w, https:\/\/opus-folyoirat.sk\/wp-content\/uploads\/2026\/01\/Fekete-Tunde.jpeg 1080w\" sizes=\"auto, (max-width: 576px) 100vw, 576px\" \/><\/figure><\/div>\n\n\n<p id=\"block-7538d173-d258-4ca7-b36f-28b2318dc16d\">\u201eA rakod\u00f3part als\u00f3 k\u00f6v\u00e9n \u00fcltem,\/n\u00e9ztem, hogy \u00faszik el a dinnyeh\u00e9j.\u201d \u2013 vajon \u00edgy \u00faszik el az orrunk el\u0151tt \u00e9let\u00fcnk is?<\/p>\n\n\n\n<p id=\"block-0787b6e5-54ac-4d89-a81f-1a87de9d1ff8\">Egy egyszer\u0171 k\u00e9p. Egy mozdulatlan test egy k\u0151darabon, \u00e9s egy mozg\u00e1sban l\u00e9v\u0151 dinnyeh\u00e9j a v\u00edzen. M\u00e9gis mennyi minden rejlik ebben az apr\u00f3, teljesen \u00e1tlagos \u00e9s k\u00f6z\u00f6ns\u00e9ges pillanatban. A dinnyeh\u00e9j, ami tovalibben a Duna felsz\u00edn\u00e9n, nemcsak egy szem\u00e9tre vetett gy\u00fcm\u00f6lcsmarad\u00e9k, hanem valami sokkal t\u00f6bb. Az elm\u00fal\u00e1s szimb\u00f3luma. Az elszalasztott lehet\u0151s\u00e9gek\u00e9. A m\u00fal\u00f3 id\u0151\u00e9, ami nem \u00e1ll meg senki kedv\u00e9\u00e9rt \u2013 m\u00e9g egy k\u00f6lt\u0151 kedv\u00e9\u00e9rt sem, aki csendben, passz\u00edvan szeml\u00e9li, hogy minden megy tov\u00e1bb n\u00e9lk\u00fcle is. Mert vajon mi az a dinnyeh\u00e9j sz\u00e1munkra? Tal\u00e1n egy r\u00e9g elfeledett \u00e1lom, amit m\u00e9g gyermekk\u00e9nt fogalmaztunk meg. Egy c\u00e9l, ami valaha fontos volt, de a mindennapok kavarg\u00f3 \u00f6rv\u00e9nye beszippantotta. Egy szerelem, amit nem mert\u00fcnk kimondani, \u00e9s csak sodr\u00f3dott tova, ahogy a v\u00edz viszi az \u00e9let mozdulatlan sz\u00e1nd\u00e9kait.<\/p>\n\n\n\n<p><\/p>\n\n\n\n<p>(olvass tov\u00e1bb)<\/p>\n\n\n\n<hr class=\"wp-block-separator has-alpha-channel-opacity is-style-wide\"\/>\n\n\n\n<p class=\"has-medium-font-size\">Sayti Andrea<\/p>\n\n\n\n<p><strong>A l\u00f3 szeme<\/strong><\/p>\n\n\n\n<p>M\u00e9g ut\u00e1nuk integetsz, ahogy mennek lefel\u00e9 a l\u00e9pcs\u0151h\u00e1zban, de m\u00e1r nem n\u00e9znek vissza. Becsukod az ajt\u00f3t. Nagyon lass\u00fa \u00e9s finom a mozdulatod, m\u00e9gis \u00fagy \u00e9rzed, hogy az ajt\u00f3 becsuk\u00e1s\u00e1val oka vagy a t\u00e1volod\u00e1suknak. Mintha nem ford\u00edtva lenne. Mintha az ajt\u00f3 elv\u00e1gn\u00e1 azt a finom sz\u00e1lat, ami \u00f6sszek\u00f6t vel\u00fck \u00e9s ennek te lenn\u00e9l az okoz\u00f3ja azzal, hogy bekattintod az ajt\u00f3z\u00e1r nyelv\u00e9t a hely\u00e9re. Elindulsz a nappaliba, ezt is lassan teszed, mert napok \u00f3ta hasogat a cs\u00edp\u0151d, \u00e9s nem tett j\u00f3t neki a sok k\u00e9sz\u00fcl\u0151d\u00e9s. Nem foglalkozt\u00e1l vele eddig, s\u0151t igaz\u00e1b\u00f3l csak most j\u00f6ssz r\u00e1, hogy eddig is \u00e9rezted. M\u00e1sra figyelt\u00e9l mostanig: azt akartad, hogy minden t\u00f6k\u00e9letes legyen, ha v\u00e9gre elj\u00f6nnek. Ha f\u00e1j, h\u00e1t majd elm\u00falik, gondolod \u00e9s leszeded a nappaliban az asztal k\u00f6zep\u00e9n \u00e1ll\u00f3 Herendi-s\u00fctem\u00e9nyest\u00e1lat. Neh\u00e9znek t\u0171nik a t\u00e1l, pedig m\u00e1r \u00fcres, \u00e9ppen csak n\u00e9h\u00e1ny morzsa maradt benne. Hja, a Petike azt is ki akarta szedegetni, de az anyja nem engedte neki. Pedig te hagytad volna, h\u00e1t hol \u00e9rezze mag\u00e1t j\u00f3l a gyerek, ha nem a nagyanyj\u00e1n\u00e1l? De h\u00e1t a menyed m\u00e1r csak ilyen, te meg nem ellenkezel vele, r\u00e1hagyod. Mindig r\u00e1hagyod, nem akarsz te lenni a gonosz any\u00f3s. Ha a fiadnak \u0151 kellett, h\u00e1t \u0151t kapta. Egyszer mondtad csak el a v\u00e9lem\u00e9nyed, amikor m\u00e9g leg\u00e9ny kor\u00e1ban elhagyta az \u00c9vik\u00e9t. H\u00e1t azt nagyon sajn\u00e1ltad, akkor mondtad is neki, hogy ilyen rendes l\u00e1nyt nehezen fog m\u00e1sikat tal\u00e1lni. Meg is b\u00e1ntad, mert a fiad felcsattant, egy h\u00e9tig alig besz\u00e9lt veled. H\u00e1t, ha neki ez j\u00f3, neked is az.&nbsp;<\/p>\n\n\n\n\n\n<p>(<a href=\"https:\/\/opus-folyoirat.sk\/?page_id=3632\" data-type=\"link\" data-id=\"https:\/\/opus-folyoirat.sk\/?page_id=3632\">olvass tov\u00e1bb<\/a>)<\/p>\n\n\n\n<hr class=\"wp-block-separator has-alpha-channel-opacity is-style-wide\"\/>\n\n\n\n<p class=\"has-medium-font-size\">Biernaczky Szil\u00e1rd versford\u00edt\u00e1sai<\/p>\n\n\n\n<div class=\"wp-block-group is-vertical is-layout-flex wp-container-core-group-is-layout-8cf370e7 wp-block-group-is-layout-flex\">\n<p><strong>L\u00e9git\u00e1mad\u00e1s&nbsp;<\/strong><\/p>\n\n\n\n<p><em>(Air Raid)<\/em><\/p>\n<\/div>\n\n\n<div class=\"wp-block-image\">\n<figure class=\"alignright size-full is-resized\"><img loading=\"lazy\" decoding=\"async\" width=\"593\" height=\"787\" src=\"http:\/\/opus-folyoirat.sk\/wp-content\/uploads\/2026\/01\/BiernaczkySzilard.jpg\" alt=\"\" class=\"wp-image-3592\" style=\"width:187px;height:auto\" srcset=\"https:\/\/opus-folyoirat.sk\/wp-content\/uploads\/2026\/01\/BiernaczkySzilard.jpg 593w, https:\/\/opus-folyoirat.sk\/wp-content\/uploads\/2026\/01\/BiernaczkySzilard-226x300.jpg 226w\" sizes=\"auto, (max-width: 593px) 100vw, 593px\" \/><\/figure><\/div>\n\n\n<div class=\"wp-block-group is-vertical is-layout-flex wp-container-core-group-is-layout-8cf370e7 wp-block-group-is-layout-flex\">\n<p>Ilyen gyorsan j\u00f6n<\/p>\n\n\n\n<p>a hal\u00e1l madara<\/p>\n\n\n\n<p>a szovjet technol\u00f3gia gonosz erd\u0151ib\u0151l<\/p>\n\n\n\n<p>Egy f\u00e9rfi \u00e1tv\u00e1g az \u00faton<\/p>\n\n\n\n<p>hogy \u00fcdv\u00f6z\u00f6lje bar\u00e1tj\u00e1t<\/p>\n\n\n\n<p>de t\u00fal lass\u00fa.<\/p>\n\n\n\n<p>Bar\u00e1tja f\u00e9lbev\u00e1gja szav\u00e1t<\/p>\n\n\n\n<p>most m\u00e1s gondjai vannak<\/p>\n\n\n\n<p>mint d\u00e9lben<\/p>\n\n\n\n<p>egy bar\u00e1ts\u00e1gos k\u00e9zfog\u00e1s.<\/p>\n<\/div>\n\n\n\n<p><\/p>\n\n\n\n<p>(<a href=\"https:\/\/opus-folyoirat.sk\/?page_id=3594\" data-type=\"link\" data-id=\"https:\/\/opus-folyoirat.sk\/?page_id=3594\">olvass tov\u00e1bb<\/a>)<\/p>\n\n\n\n<hr class=\"wp-block-separator has-alpha-channel-opacity is-style-wide\"\/>\n\n\n\n<p>D\u00e1vid D\u00f3ra<\/p>\n\n\n<div class=\"wp-block-image\">\n<figure class=\"alignright size-full is-resized\"><img loading=\"lazy\" decoding=\"async\" width=\"413\" height=\"593\" src=\"https:\/\/opus-folyoirat.sk\/wp-content\/uploads\/2026\/01\/DavidDora.jpeg\" alt=\"\" class=\"wp-image-3755\" style=\"width:147px;height:auto\" srcset=\"https:\/\/opus-folyoirat.sk\/wp-content\/uploads\/2026\/01\/DavidDora.jpeg 413w, https:\/\/opus-folyoirat.sk\/wp-content\/uploads\/2026\/01\/DavidDora-209x300.jpeg 209w\" sizes=\"auto, (max-width: 413px) 100vw, 413px\" \/><\/figure><\/div>\n\n\n<p><strong>\u00c1lrac<\/strong><\/p>\n\n\n\n<p><br>K\u00e9s\u0151 \u0151szi d\u00e9lut\u00e1n van, \u00e9s m\u00e1r alkonyodik, amikor a&nbsp;buszra felsz\u00e1llva helyet foglalok egy id\u0151s\u00f6d\u0151 asszony mellett. A j\u00e1rm\u0171 szinte teljesen megtelik, mire a busz kihajt a meg\u00e1ll\u00f3b\u00f3l, \u00e9s a sz\u00ednes falevelekkel szeg\u00e9lyezett f\u0151\u00fatra fordul r\u00e1. Er\u0151s sz\u00e9l f\u00faj, \u00e9s az es\u0151 is r\u00e1kezd, \u00edgy a motor egyenletes b\u00fag\u00e1s\u00e1ba belekeveredik az ablakt\u00f6rl\u0151k zaja, amelyek az egyre s\u0171r\u0171s\u00f6d\u0151 cseppeket igyekeznek elt\u00fcntetni a sz\u00e9lv\u00e9d\u0151r\u0151l.<\/p>\n\n\n\n<p>(<a href=\"https:\/\/opus-folyoirat.sk\/?page_id=3752\" data-type=\"link\" data-id=\"https:\/\/opus-folyoirat.sk\/?page_id=3752\">olvass tov\u00e1bb<\/a>)<\/p>\n\n\n\n<hr class=\"wp-block-separator has-alpha-channel-opacity is-style-wide\"\/>\n\n\n\n<p class=\"has-medium-font-size\">B\u00edr\u00f3 Szabolcs<\/p>\n\n\n\n<p><strong>A pusztul\u00e1s dala<\/strong><\/p>\n\n\n<div class=\"wp-block-image\">\n<figure class=\"alignright size-large is-resized\"><img loading=\"lazy\" decoding=\"async\" width=\"1024\" height=\"683\" src=\"https:\/\/opus-folyoirat.sk\/wp-content\/uploads\/2026\/01\/Biro-Szabolcs-portre-1024x683.jpg\" alt=\"\" class=\"wp-image-3750\" style=\"width:198px;height:auto\" srcset=\"https:\/\/opus-folyoirat.sk\/wp-content\/uploads\/2026\/01\/Biro-Szabolcs-portre-1024x683.jpg 1024w, https:\/\/opus-folyoirat.sk\/wp-content\/uploads\/2026\/01\/Biro-Szabolcs-portre-300x200.jpg 300w, https:\/\/opus-folyoirat.sk\/wp-content\/uploads\/2026\/01\/Biro-Szabolcs-portre-768x512.jpg 768w, https:\/\/opus-folyoirat.sk\/wp-content\/uploads\/2026\/01\/Biro-Szabolcs-portre-1536x1024.jpg 1536w, https:\/\/opus-folyoirat.sk\/wp-content\/uploads\/2026\/01\/Biro-Szabolcs-portre-2048x1365.jpg 2048w, https:\/\/opus-folyoirat.sk\/wp-content\/uploads\/2026\/01\/Biro-Szabolcs-portre-450x300.jpg 450w\" sizes=\"auto, (max-width: 1024px) 100vw, 1024px\" \/><\/figure><\/div>\n\n\n<div class=\"wp-block-group is-vertical is-layout-flex wp-container-core-group-is-layout-8cf370e7 wp-block-group-is-layout-flex\">\n<p>Szil\u00e1rd ujjai a nyak\u00e1ban l\u00f3g\u00f3 med\u00e1llal, a kun holdsarl\u00f3val j\u00e1tszottak, mik\u00f6zben a f\u00e9rfi az \u00f6b\u00f6lben \u00e1llt, \u00e9s a tengert n\u00e9zte. Les\u00e9lt\u00e1lt eg\u00e9szen a partra kih\u00fazott hal\u00e1szcs\u00f3nakok k\u00f6z\u00e9, ahol egyszer r\u00e9gen olyan irdatlan macskajajjal \u00e9bredt, \u00e9s a gondolataiba r\u00e9vedve \u00e9lvezte, ahogy a parti f\u00f6venyt nyaldos\u00f3 hull\u00e1mok \u00fajra \u00e9s \u00fajra v\u00e9gigmosnak meztelen l\u00e1bfej\u00e9n.<\/p>\n\n\n\n<p>A v\u00e1ros a z\u00f6m\u00f6k er\u0151deivel, gy\u00f6ny\u00f6r\u0171 templomaival \u00e9s zs\u00fafolt lak\u00f3negyedeivel a h\u00e1ta m\u00f6g\u00f6tt h\u00faz\u00f3dott. M\u00e1r eg\u00e9szen kezdte megszokni az itteni h\u00e9tk\u00f6znapokat, \u00e9s elhinni, hogy ez a furcsa, az \u00f6v\u00e9t\u0151l oly t\u00e1volinak t\u0171n\u0151 vil\u00e1g hamarosan aff\u00e9le m\u00e1sodik otthona lehet.<\/p>\n\n\n\n<p>A kir\u00e1ly hetek \u00f3ta a vid\u00e9ket j\u00e1rta, a v\u00e1rost a megb\u00edzott el\u0151kel\u0151kre \u00e9s az \u00fajonnan kinevezett hely\u0151rs\u00e9re b\u00edzta. Napok teltek el a legut\u00f3bbi rendbont\u00e1s \u00f3ta, \u00e9s azt is csak h\u00e1rom r\u00e9szeg testv\u00e9r okozta, teh\u00e1t eddigre meglehet\u0151s rend uralkodott N\u00e1poly v\u00e1ros\u00e1ban. Szil\u00e1rd \u00e9s emberei aznapra kimen\u0151t kaptak, \u00edgy Zlatan \u00e9s Barab\u00e1s megc\u00e9lozt\u00e1k katon\u00e1ikkal a legk\u00f6zelebbi tavern\u00e1kat.<\/p>\n<\/div>\n\n\n\n<p>(<a href=\"https:\/\/opus-folyoirat.sk\/?page_id=3746\" data-type=\"link\" data-id=\"https:\/\/opus-folyoirat.sk\/?page_id=3746\">olvass tov\u00e1bb<\/a>)<\/p>\n\n\n\n<hr class=\"wp-block-separator has-alpha-channel-opacity is-style-wide\"\/>\n\n\n\n<p class=\"has-medium-font-size\">Kerezsi Katalin<\/p>\n\n\n\n<p><strong>M\u0171feny\u0151<\/strong><\/p>\n\n\n<div class=\"wp-block-image\">\n<figure class=\"alignright size-large is-resized\"><img loading=\"lazy\" decoding=\"async\" width=\"460\" height=\"1024\" src=\"https:\/\/opus-folyoirat.sk\/wp-content\/uploads\/2026\/01\/KerezsiKatalin-460x1024.jpg\" alt=\"\" class=\"wp-image-3730\" style=\"aspect-ratio:0.75;object-fit:cover;width:180px;height:auto\" srcset=\"https:\/\/opus-folyoirat.sk\/wp-content\/uploads\/2026\/01\/KerezsiKatalin-460x1024.jpg 460w, https:\/\/opus-folyoirat.sk\/wp-content\/uploads\/2026\/01\/KerezsiKatalin-135x300.jpg 135w, https:\/\/opus-folyoirat.sk\/wp-content\/uploads\/2026\/01\/KerezsiKatalin-691x1536.jpg 691w, https:\/\/opus-folyoirat.sk\/wp-content\/uploads\/2026\/01\/KerezsiKatalin.jpg 696w\" sizes=\"auto, (max-width: 460px) 100vw, 460px\" \/><\/figure><\/div>\n\n\n<p>H\u00e1rom napja kezd\u0151d\u00f6tt az \u00e9v v\u00e9gi z\u00e1r\u00f3 buliban. Vagy kor\u00e1bban, amikor bemutatkoztunk egym\u00e1snak? Lehet. Mindegy, k\u00e9t h\u00f3napig csak annyit tudtam r\u00f3la, hogy Erik\u00e1nak h\u00edvj\u00e1k, elv\u00e1lt, a p\u00e9nz\u00fcgy\u00f6n dolgozik, \u00e9s j\u00f3l n\u00e9z ki.&nbsp;<\/p>\n\n\n\n<p>Eml\u00e9kszem, a konyhapultnak t\u00e1maszkodva \u00e1llt, egy bord\u00f3 b\u0151rszoknya volt rajta. Nem tudom, mi m\u00e1st viselt. H\u00fa, az a szoknya! Felcs\u00faszott, l\u00e1tszottak a combjai. Nemcsak a k\u00e1v\u00e9z\u00e1shoz j\u00f6tt meg a kedvem. Kicsit zavarban voltam, az \u00faj, n\u00e9h\u00e1ny napos k\u00e1v\u00e9f\u0151z\u0151g\u00e9p gombjait pr\u00f3b\u00e1ltam \u00e9rtelmezni. <em>Seg\u00edtsek?<\/em>, k\u00e9rdezte kedvesen mosolyogva. A ki\u00edr\u00e1s szerint vizet kellett t\u00f6lteni, nem tudtam, mit, hol kellene megnyomni vagy h\u00fazni. <em>V\u00e1rj, \u00e9n m\u00e1r ismerem<\/em>, majd egy gyors mozdulattal kivette a tart\u00e1lyt, felt\u00f6lt\u00f6tte v\u00edzzel. <em>Milyet k\u00e9rsz?<\/em> Megnyomta a hossz\u00fak\u00e1v\u00e9t k\u00e9sz\u00edt\u0151 gombot, a g\u00e9p dar\u00e1lni kezdte a k\u00e1v\u00e9szemeket, K\u00c9SZ\u00dcL, \u00edrta. T\u00fck\u00f6rford\u00edt\u00e1ssal programozhatt\u00e1k, mert miut\u00e1n telecsorgott a cs\u00e9sz\u00e9m, a kijelz\u0151n megjelent az \u00c9LVEZZE. Elr\u00f6h\u00f6gtem magam, Erika is nevetett. K\u00f6zelebb hajolt, a szemembe n\u00e9zett, <em>akkor, \u00e9lvezd!<\/em><\/p>\n\n\n\n<p>(<a href=\"https:\/\/opus-folyoirat.sk\/?page_id=3727\" data-type=\"link\" data-id=\"https:\/\/opus-folyoirat.sk\/?page_id=3727\">olvass tov\u00e1bb<\/a>)<\/p>\n\n\n\n<hr class=\"wp-block-separator has-alpha-channel-opacity is-style-wide\"\/>\n\n\n\n<p class=\"has-medium-font-size\">M\u00e9sz\u00e1ros Emily<\/p>\n\n\n\n<p><strong>Nefelejcs<\/strong><\/p>\n\n\n<div class=\"wp-block-image\">\n<figure class=\"alignright size-full is-resized\"><img loading=\"lazy\" decoding=\"async\" width=\"724\" height=\"1024\" src=\"https:\/\/opus-folyoirat.sk\/wp-content\/uploads\/2026\/01\/MeszarosEmily.jpg\" alt=\"\" class=\"wp-image-3725\" style=\"width:192px;height:auto\" srcset=\"https:\/\/opus-folyoirat.sk\/wp-content\/uploads\/2026\/01\/MeszarosEmily.jpg 724w, https:\/\/opus-folyoirat.sk\/wp-content\/uploads\/2026\/01\/MeszarosEmily-212x300.jpg 212w\" sizes=\"auto, (max-width: 724px) 100vw, 724px\" \/><\/figure><\/div>\n\n\n<p>A hatalmas, \u00f6reg di\u00f3fa \u00e1rny\u00e9k\u00e1ban \u00e1llva, t\u00f6k\u00e9letes tavaszi szell\u0151 f\u00faj v\u00e9gig a fa z\u00f6ldell\u0151 levelein, mik\u00f6zben fekete szokny\u00e1mba t\u00f6rl\u00f6m idegess\u00e9gt\u0151l izzadt tenyerem. Hiszen ideges vagyok. Mi\u00e9rt ne lenn\u00e9k ideges, amikor ekkora figyelem ir\u00e1nyul r\u00e1m? Utolj\u00e1ra a tavalyi szaval\u00f3verseny j\u00e1r\u00e1si fordul\u00f3j\u00e1n voltam ekkora p\u00e1nikhelyzetben. Ott \u00e1lltam a h\u00e1romtag\u00fa zs\u0171ri el\u0151tt, vir\u00e1gos ruh\u00e1mban a versem els\u0151 szavait ism\u00e9telgetve magamban. <em>Piros tulip\u00e1n&#8230; piros tulip\u00e1n&#8230; <\/em>Most viszont a ,,piros tulip\u00e1n\u201d ism\u00e9telget\u00e9se helyett a di\u00f3fa t\u00f6v\u00e9hez helyezett feh\u00e9r nefelejcseket szugger\u00e1lom, \u00fagy, mintha az \u00e9letem m\u00falna rajta. V\u00e9g\u00fcl is ki tudja, mi v\u00e1rna r\u00e1m, ha k\u00f6rben\u00e9zn\u00e9k. K\u00e9rd\u00e9semre hamar v\u00e1laszt kapok, mivel anya biztat\u00f3an v\u00e1llamra teszi kez\u00e9t, \u00e9s r\u00e1m mosolyog, ezzel jelezve, hogy ideje lenne megmozdulnom. \u00cdgy teszek. Elszak\u00edtva tekintetem a vir\u00e1gokr\u00f3l, k\u00f6rben\u00e9zek, \u00e9s hatalmas megnyugv\u00e1s t\u00f6lt el. Anya, apa, nagysz\u00fcleim \u00e9s testv\u00e9rem mind \u00e9rdekl\u0151dve \u00e9s b\u00e1tor\u00edt\u00f3an figyelnek az \u00f6reg fa al\u00e1 ter\u00edtett pokr\u00f3cokr\u00f3l, amiket apa a padl\u00e1sr\u00f3l hozott le. Kiegyenesedek, \u00e9s megk\u00f6sz\u00f6r\u00fcl\u00f6m a torkom, ezzel b\u00e1tor\u00edtva saj\u00e1t magamat is a besz\u00e9d megkezd\u00e9s\u00e9re.<\/p>\n\n\n\n<p><\/p>\n\n\n\n<p>(<a href=\"https:\/\/opus-folyoirat.sk\/?page_id=3723\" data-type=\"link\" data-id=\"https:\/\/opus-folyoirat.sk\/?page_id=3723\">olvass tov\u00e1bb<\/a>)<\/p>\n\n\n\n<hr class=\"wp-block-separator has-alpha-channel-opacity is-style-wide\"\/>\n\n\n\n<p class=\"has-medium-font-size\" style=\"text-transform:capitalize\">Adam LaMerle<\/p>\n\n\n\n<p id=\"block-ecfb1455-2afe-4ec8-80c0-82d0967366d5\"><strong>Hajt\u00f3er\u0151<\/strong><\/p>\n\n\n<div class=\"wp-block-image\">\n<figure class=\"alignright size-large is-resized\"><img loading=\"lazy\" decoding=\"async\" width=\"683\" height=\"1024\" src=\"https:\/\/opus-folyoirat.sk\/wp-content\/uploads\/2026\/01\/AdamLaMerle-683x1024.jpg\" alt=\"\" class=\"wp-image-3722\" style=\"width:196px;height:auto\" srcset=\"https:\/\/opus-folyoirat.sk\/wp-content\/uploads\/2026\/01\/AdamLaMerle-683x1024.jpg 683w, https:\/\/opus-folyoirat.sk\/wp-content\/uploads\/2026\/01\/AdamLaMerle-200x300.jpg 200w, https:\/\/opus-folyoirat.sk\/wp-content\/uploads\/2026\/01\/AdamLaMerle-768x1152.jpg 768w, https:\/\/opus-folyoirat.sk\/wp-content\/uploads\/2026\/01\/AdamLaMerle-1024x1536.jpg 1024w, https:\/\/opus-folyoirat.sk\/wp-content\/uploads\/2026\/01\/AdamLaMerle-1365x2048.jpg 1365w, https:\/\/opus-folyoirat.sk\/wp-content\/uploads\/2026\/01\/AdamLaMerle-scaled.jpg 1707w\" sizes=\"auto, (max-width: 683px) 100vw, 683px\" \/><\/figure><\/div>\n\n\n<p id=\"block-5b18d0e4-fa6c-4610-9aa6-29fbd0afdc37\">Vegyes \u00e9rzelmekkel \u00e9rkeztem meg a&nbsp;fell\u00e9p\u00e9s\u00fcnk helysz\u00edn\u00e9re. Impoz\u00e1ns \u00e9p\u00fclet volt, modern, el\u0151ad\u00f3termekkel telet\u0171zdelt \u00e9p\u00edtm\u00e9ny, szinte pontosan olyan, mint amir\u0151l sokat \u00e1br\u00e1ndoztam, hogy egyszer ilyen helyen lesz el\u0151ad\u00e1som. A&nbsp;falak magasra t\u00f6rtek, felette a&nbsp;sz\u00fcrk\u00fcleti \u00e9g lassan k\u00e9kes, esti dereng\u00e9sbe \u00f6lt\u00f6z\u00f6tt. A&nbsp;leveg\u0151 melegen simogatta a&nbsp;b\u0151r\u00f6m, olyan ny\u00e1ri kora este volt, amit mindig is szerettem. De most nem nyugtatott meg a&nbsp;lanyh\u00e1n f\u00fajdog\u00e1l\u00f3 szell\u0151.&nbsp;<\/p>\n\n\n\n<p id=\"block-b1a24c2b-dd4a-42c8-8080-322d8f4a0196\">&nbsp; Be\u00e9rve az \u00f6lt\u00f6z\u0151kbe, ahol m\u00e1r s\u00fcrg\u00f6tt-forgott a&nbsp;t\u00f6bbi t\u00e1ncos, \u00e9s k\u00e9sz\u00fcl\u0151d\u00e9s k\u00f6zben, s\u0151t m\u00e9g az el\u0151ad\u00e1s el\u0151tt megtartott f\u0151pr\u00f3b\u00e1n is v\u00e9gig a&nbsp;bar\u00e1taimon j\u00e1rt az eszem. Agg\u00f3dtam is, mert a&nbsp;koncentr\u00e1ci\u00f3m al\u00e1bbhagyott, \u00e9s p\u00e1rszor olyan helyzetbe ker\u00fcltem, hogy hajsz\u00e1l h\u00edj\u00e1n elrontottam egy l\u00e9p\u00e9st.<\/p>\n\n\n\n<p>(<a href=\"https:\/\/opus-folyoirat.sk\/?page_id=3720\" data-type=\"link\" data-id=\"https:\/\/opus-folyoirat.sk\/?page_id=3720\">olvass tov\u00e1bb<\/a>)<\/p>\n\n\n\n<hr class=\"wp-block-separator has-alpha-channel-opacity is-style-wide\"\/>\n\n\n\n<p class=\"has-medium-font-size\">T\u00f3th Ozsvald Zsuzsa ford\u00edt\u00e1sa<\/p>\n\n\n\n<p><strong>Patchwork feh\u00e9rben * &nbsp;<\/strong><\/p>\n\n\n\n<p>A&nbsp;november az \u0151 b\u00e1rsonyos h\u00f3napja. A legszerelmetesebb. K\u00e9pl\u00e9keny, nyirkos\u2026 Mint valami&nbsp;vigasz egy jeges csap\u00e1s el\u0151tt. N\u00e9ha \u00e1ttetsz\u0151, m\u00e1skor tejszer\u0171 k\u00f6d, nedves, rozsdasz\u00edn\u0171 avarsz\u0151nyeg a parkok \u00f6sv\u00e9nyein, az arcot simogat\u00f3 h\u0171v\u00f6s leveg\u0151, de ami legink\u00e1bb leny\u0171g\u00f6zte, a k\u00f6zeli f\u00fcv\u00e9szkertben el\u00e9 t\u00e1rul\u00f3 n\u00f6v\u00e9nyzet \u00e1lomszer\u0171 kavalk\u00e1dja: a t\u00e9liz\u00f6ld met\u00e9ng levelei, a m\u00e9zs\u00e1rga krizant\u00e9mok \u00e1gy\u00e1sai, a k\u00e9k \u0151szir\u00f3zs\u00e1k, a k\u00e9s\u0151n ny\u00edl\u00f3 \u00e1rv\u00e1csk\u00e1k, szell\u0151r\u00f3zs\u00e1k, a&nbsp;K\u00edn\u00e1b\u00f3l sz\u00e1rmaz\u00f3 sisakvir\u00e1g, galagonya- \u00e9s csipkebokrok, a r\u00e9gen elvir\u00edtott lilaak\u00e1c lecs\u00fcng\u0151 \u00e1gai, a sz\u00far\u00f3s level\u0171 magyal k\u00fcl\u00f6nleges ereje \u2013 a szomork\u00e1s hangulatot \u00e1raszt\u00f3 illatok k\u00f6z\u00f6tt \u00fagy s\u00e9t\u00e1lt, ak\u00e1r egy lass\u00edtott felv\u00e9telen. A&nbsp;nap olykor kivillant a felh\u0151k m\u00f6g\u00fcl, s halv\u00e1ny sugarai sz\u00ednnel t\u00f6lt\u00f6tt\u00e9k meg a&nbsp;hervad\u00f3 n\u00f6v\u00e9nyeket.<\/p>\n\n\n\n<p><\/p>\n\n\n\n<p>(<a href=\"https:\/\/opus-folyoirat.sk\/?page_id=3637\" data-type=\"link\" data-id=\"https:\/\/opus-folyoirat.sk\/?page_id=3637\">olvasd tov\u00e1bb<\/a>)<\/p>\n\n\n\n<hr class=\"wp-block-separator has-alpha-channel-opacity is-style-wide\"\/>\n\n\n\n<p class=\"has-medium-font-size\">Lantay \u00c9va<\/p>\n\n\n<div class=\"wp-block-image\">\n<figure class=\"alignright size-full is-resized\"><img loading=\"lazy\" decoding=\"async\" width=\"225\" height=\"225\" src=\"http:\/\/opus-folyoirat.sk\/wp-content\/uploads\/2025\/02\/Lantay-Eva.jpeg\" alt=\"\" class=\"wp-image-2220\" style=\"width:168px;height:auto\" srcset=\"https:\/\/opus-folyoirat.sk\/wp-content\/uploads\/2025\/02\/Lantay-Eva.jpeg 225w, https:\/\/opus-folyoirat.sk\/wp-content\/uploads\/2025\/02\/Lantay-Eva-150x150.jpeg 150w\" sizes=\"auto, (max-width: 225px) 100vw, 225px\" \/><\/figure><\/div>\n\n\n<p><strong>ker\u00e9kp\u00e1r a parton<\/strong><\/p>\n\n\n\n<p>foly j\u00f3 parton el<br>hagy ott ker\u00e9k<br>p\u00e1r hol lehet<br>ki ott<br>hagy ta ki csap ta<\/p>\n\n\n\n<p>(<a href=\"https:\/\/opus-folyoirat.sk\/?page_id=3628\" data-type=\"link\" data-id=\"https:\/\/opus-folyoirat.sk\/?page_id=3628\">olvass tov\u00e1bb<\/a>)<\/p>\n\n\n\n<hr class=\"wp-block-separator has-alpha-channel-opacity is-style-wide\"\/>\n\n\n\n<p class=\"has-medium-font-size\">Sz\u00e1raz P\u00e1l<\/p>\n\n\n\n<p><strong>Aranyk\u0151<\/strong><\/p>\n\n\n<div class=\"wp-block-image\">\n<figure class=\"alignright size-large is-resized\"><img loading=\"lazy\" decoding=\"async\" width=\"682\" height=\"1024\" src=\"https:\/\/opus-folyoirat.sk\/wp-content\/uploads\/2026\/01\/SzarazPal-682x1024.jpg\" alt=\"\" class=\"wp-image-3626\" style=\"width:167px;height:auto\" srcset=\"https:\/\/opus-folyoirat.sk\/wp-content\/uploads\/2026\/01\/SzarazPal-682x1024.jpg 682w, https:\/\/opus-folyoirat.sk\/wp-content\/uploads\/2026\/01\/SzarazPal-200x300.jpg 200w, https:\/\/opus-folyoirat.sk\/wp-content\/uploads\/2026\/01\/SzarazPal-768x1152.jpg 768w, https:\/\/opus-folyoirat.sk\/wp-content\/uploads\/2026\/01\/SzarazPal.jpg 787w\" sizes=\"auto, (max-width: 682px) 100vw, 682px\" \/><\/figure><\/div>\n\n\n<p>A D\u00e1cia nagyon igyekezett, de \u00e9rz\u0151d\u00f6tt, hogy ak\u00e1r az embernek, neki is meger\u0151ltet\u0151 a hegymenet. A motor b\u0151g\u00f6tt \u00e9s k\u00f6h\u00f6g\u00f6tt. Misko a homlok\u00e1t r\u00e1ncolta, s a korm\u00e1nyt kem\u00e9nyen markolva figyelte az utat. Marta rajong\u00f3 szemmel n\u00e9zte f\u00e9rj\u00e9t. A sz\u00edve megtelt gyeng\u00e9ds\u00e9ggel. Milyen pomp\u00e1s, hogy v\u00e9gre elj\u00f6ttek erre az \u00fatra.&nbsp;<\/p>\n\n\n\n<p>M\u00e1r t\u00f6bb \u00f3r\u00e1ja, hogy otthonr\u00f3l elindultak, de Marta csepp f\u00e1radts\u00e1got sem \u00e9rzett. Megszokta, s\u0151t szerette az utaz\u00e1st. Az int\u00e9zet \u00e1ltal szervezett n\u00e9prajzi kutat\u00f3utak, az orsz\u00e1gban \u00e9s k\u00fclf\u00f6ld\u00f6n rendezett tudom\u00e1nyos konferenci\u00e1k, a falusi kult\u00farh\u00e1zakban tartott el\u0151ad\u00e1sok r\u00e9v\u00e9n hozz\u00e1szokott, hogy b\u00e1rmikor, b\u00e1rmilyen id\u0151ben gyorsan \u00fatra k\u00e9szen \u00e1lljon. Mozg\u00e9kony ember l\u00e9v\u00e9n, akinek a lelke mindig nyitva \u00e1ll minden \u00faj el\u0151tt, nagyra becs\u00fclte az utaz\u00e1sokat azok\u00e9rt a kis felfedez\u00e9sek\u00e9rt, amelyeket \u00f6nmag\u00e1ban, az emberekben \u00e9s a k\u00f6rnyez\u0151 vil\u00e1gban tett. Most sem tudta elrontani j\u00f3 hangulat\u00e1t sem a kimer\u00edt\u0151 \u00fat, amelyt\u0151l szinte sz\u00e9d\u00fclt, sem a hirtelen szemerk\u00e9lni kezd\u0151 es\u0151. Ann\u00e1l is kev\u00e9sb\u00e9, mert mellette volt Misko.<\/p>\n\n\n\n<p><\/p>\n\n\n\n<p>(<a href=\"https:\/\/opus-folyoirat.sk\/?page_id=3622\" data-type=\"link\" data-id=\"https:\/\/opus-folyoirat.sk\/?page_id=3622\">olvass tov\u00e1bb<\/a>)<\/p>\n\n\n\n<hr class=\"wp-block-separator has-alpha-channel-opacity is-style-wide\"\/>\n\n\n\n<p class=\"has-medium-font-size\">Fekete T\u00fcnde<\/p>\n\n\n\n<p><strong>A sz\u00ednh\u00e1z mindenki\u00e9<\/strong><\/p>\n\n\n<div class=\"wp-block-image\">\n<figure class=\"alignright size-large is-resized\"><img loading=\"lazy\" decoding=\"async\" width=\"576\" height=\"1024\" src=\"https:\/\/opus-folyoirat.sk\/wp-content\/uploads\/2026\/01\/Fekete-Tunde-576x1024.jpeg\" alt=\"\" class=\"wp-image-3658\" style=\"width:168px;height:auto\" srcset=\"https:\/\/opus-folyoirat.sk\/wp-content\/uploads\/2026\/01\/Fekete-Tunde-576x1024.jpeg 576w, https:\/\/opus-folyoirat.sk\/wp-content\/uploads\/2026\/01\/Fekete-Tunde-169x300.jpeg 169w, https:\/\/opus-folyoirat.sk\/wp-content\/uploads\/2026\/01\/Fekete-Tunde-768x1365.jpeg 768w, https:\/\/opus-folyoirat.sk\/wp-content\/uploads\/2026\/01\/Fekete-Tunde-864x1536.jpeg 864w, https:\/\/opus-folyoirat.sk\/wp-content\/uploads\/2026\/01\/Fekete-Tunde.jpeg 1080w\" sizes=\"auto, (max-width: 576px) 100vw, 576px\" \/><\/figure><\/div>\n\n\n<p>Egy \u00fajabb nap a r\u00e9gim\u00f3di sz\u00ednh\u00e1z falai k\u00f6zt. B\u00e1rmi is t\u00f6rt\u00e9nik velem az \u00e9letemben, testemmel, lelkemmel, valahogy m\u00e9gis a sz\u00ednh\u00e1z az egyetlen, amely \u00e1lland\u00f3 marad sz\u00e1momra, valami\u00e9rt mindig itt tal\u00e1lom magam. Id\u0151r\u0151l id\u0151re megfogadom, hogy kit\u00f6r\u00f6k v\u00e9gre a lehet\u0151s\u00e9gek legapr\u00f3bb jel\u00e9t sem mutat\u00f3, k\u00f6ny\u00f6rtelen\u00fcl v\u00e1ltozatlan ker\u00e9kv\u00e1g\u00e1s fojtogat\u00f3 b\u00e9kj\u00f3i k\u00f6z\u00fcl, el a kiszipolyoz\u00e1s meleg\u00e1gy\u00e1b\u00f3l. De azt\u00e1n r\u00e1j\u00f6v\u00f6k, hogy ez egyenl\u0151 a lehetetlennel, semmi m\u00e1s, csak \u00f6n\u00e1m\u00edt\u00e1s. M\u00e9gis mi m\u00e1st csin\u00e1lhatn\u00e9k ezen k\u00edv\u00fcl? M\u00e9gis mi m\u00e1s t\u00f6lten\u00e9 ki az \u00e9letemet, ha nem ez? Semmi egy\u00e9bhez nem \u00e9rtek, nem lenn\u00e9k k\u00e9pes m\u00e1sban \u00e9rdemi funkci\u00f3 bet\u00f6lt\u00e9s\u00e9re, egyszer\u0171en nincs meg bennem a potenci\u00e1l semmi m\u00e1s elsaj\u00e1t\u00edt\u00e1s\u00e1ra \u00e9s a fejl\u0151d\u00e9sre. H\u00e1t, ez jutott, ezt dobta a g\u00e9p. \u0150szint\u00e9n sz\u00f3lva, ha jobban belegondolok lehetne sokkal rosszabb, nem igaz? V\u00e9g\u00fcl is sz\u00e9p dolog a sz\u00ednh\u00e1z, a kult\u00fara b\u00f6lcs\u0151je \u2013 \u00e9s kopors\u00f3ja is ugyan, b\u00e1r ez r\u00e9szletk\u00e9rd\u00e9s. Elkalandoztam. Teh\u00e1t a sz\u00ednh\u00e1z, oh a mi otthonunk. De ez \u00e1m nem az a f\u00e9ny\u0171z\u0151 fajta, nem. K\u00f6d\u00f6s, f\u00e1tyolos f\u00e9ny\u0171, komor belt\u00e9r, ahol az ember naphosszat csak poros sz\u00e9kek k\u00f6z\u00f6tt botork\u00e1l, l\u00e1tja egy r\u00f6pke pillanatra meg-megcsillanni az \u00e9let \u00e9rtelm\u00e9nek szikr\u00e1j\u00e1t, ami a k\u00f6vetkez\u0151 m\u00e1sodpercben m\u00e1r el is illant a m\u00faland\u00f3s\u00e1g sikaml\u00f3s mezsgy\u00e9j\u00e9re l\u00e9pve. A n\u00e9z\u0151t\u00e9r kongott az \u00fcress\u00e9gt\u0151l, mint \u00e1ltal\u00e1ban. Csak a sz\u00ednpad \u00e9gett vak\u00edt\u00f3 f\u00e9nyben, \u00e9s a sz\u00edn\u00e9szek \u2013 vagy kik voltak \u0151k, annyi biztos, hogy igen nagyra voltak magukkal \u2013 hangtalan j\u00e1t\u00e9kba kezdtek. Mindig ezt csin\u00e1lt\u00e1k, minden \u00e1ldott nap. Hogy nem unj\u00e1k meg? \u0150r\u00fclet! Folyv\u00e1st ez az iszony\u00fa m\u0171vis\u00e9g a reflektorok f\u00e9ny\u00e9ben, halk neszszer\u0171 zajt ugyan hallattak, de semmi egy\u00e9b, l\u00e9nyegi k\u00f6zlend\u0151 vagy \u00e9rtelmes sz\u00f3 egy darab sem. Ki \u00e9rti ezeket&#8230;?<\/p>\n\n\n\n<p><\/p>\n\n\n\n<p>(<a href=\"https:\/\/opus-folyoirat.sk\/?page_id=3655\" data-type=\"link\" data-id=\"https:\/\/opus-folyoirat.sk\/?page_id=3655\">olvass tov\u00e1bb<\/a>)<\/p>\n\n\n\n<hr class=\"wp-block-separator has-alpha-channel-opacity is-style-wide\"\/>\n\n\n\n<p class=\"has-medium-font-size\">Szoll\u00e1th Mih\u00e1ly<\/p>\n\n\n\n<p class=\"has-medium-font-size\"><strong>Sz\u00ednk\u00e9pek a Pannon-tenger aljzat\u00e1r\u00f3l&nbsp;<\/strong><\/p>\n\n\n<div class=\"wp-block-image\">\n<figure class=\"alignright size-full is-resized\"><img loading=\"lazy\" decoding=\"async\" width=\"605\" height=\"378\" src=\"https:\/\/opus-folyoirat.sk\/wp-content\/uploads\/2026\/01\/szollath1.jpg\" alt=\"\" class=\"wp-image-3619\" style=\"width:191px;height:auto\" srcset=\"https:\/\/opus-folyoirat.sk\/wp-content\/uploads\/2026\/01\/szollath1.jpg 605w, https:\/\/opus-folyoirat.sk\/wp-content\/uploads\/2026\/01\/szollath1-300x187.jpg 300w, https:\/\/opus-folyoirat.sk\/wp-content\/uploads\/2026\/01\/szollath1-480x300.jpg 480w\" sizes=\"auto, (max-width: 605px) 100vw, 605px\" \/><\/figure><\/div>\n\n\n<p><strong>1 (k\u00e9k vir\u00e1g)<\/strong><\/p>\n\n\n\n<p>k\u00e9k vir\u00e1g ny\u00edlik e s\u00edron<br>sz\u00e1ra k\u0151lap f\u00f6l\u00e9 hajlik<br>a gy\u00f6nge \u00e1gon hajnalka<br>himb\u00e1l halv\u00e1ny pora elhull<\/p>\n\n\n\n<p>id\u0151tlen sz\u00e9lcsend percegi<br>a m\u00e9rhetetlen t\u00e1vols\u00e1g<br>lassan sz\u00fcrk\u00fcl\u0151 pollen\u00e9t<br>zene nem sz\u00f3l t\u00e1ncot nem rop<\/p>\n\n\n\n<p>m\u00e9g gondolatban sem senki<br>illetlen lenne \u2013 ki tudja<br>ki\u00e9 e s\u00edr ki fekszik itt<br>lehetn\u00e9k \u00e9n is vagy apa<\/p>\n\n\n\n<p>vagy idegen ki \u00e9lt\u00e9ben<br>holt\u00e1ban l\u00e1thatatlanul<br>rejtve maradt \u2013<\/p>\n\n\n\n<p>(<a href=\"https:\/\/opus-folyoirat.sk\/?page_id=3615\" data-type=\"link\" data-id=\"https:\/\/opus-folyoirat.sk\/?page_id=3615\">olvass tov\u00e1bb<\/a>)<\/p>\n\n\n\n<hr class=\"wp-block-separator has-alpha-channel-opacity is-style-wide\"\/>\n\n\n\n<p class=\"has-medium-font-size\">Erd\u00e9ly D\u00e1niel<\/p>\n\n\n\n<p><strong>Teljesen posztmodern vagyok,<\/strong><\/p>\n\n\n<div class=\"wp-block-image\">\n<figure class=\"alignright size-large is-resized\"><img loading=\"lazy\" decoding=\"async\" width=\"614\" height=\"1024\" src=\"http:\/\/opus-folyoirat.sk\/wp-content\/uploads\/2026\/01\/ErdelyDaniel-614x1024.jpg\" alt=\"\" class=\"wp-image-3614\" style=\"width:158px;height:auto\" srcset=\"https:\/\/opus-folyoirat.sk\/wp-content\/uploads\/2026\/01\/ErdelyDaniel-614x1024.jpg 614w, https:\/\/opus-folyoirat.sk\/wp-content\/uploads\/2026\/01\/ErdelyDaniel-180x300.jpg 180w, https:\/\/opus-folyoirat.sk\/wp-content\/uploads\/2026\/01\/ErdelyDaniel-768x1280.jpg 768w, https:\/\/opus-folyoirat.sk\/wp-content\/uploads\/2026\/01\/ErdelyDaniel-922x1536.jpg 922w, https:\/\/opus-folyoirat.sk\/wp-content\/uploads\/2026\/01\/ErdelyDaniel-1229x2048.jpg 1229w, https:\/\/opus-folyoirat.sk\/wp-content\/uploads\/2026\/01\/ErdelyDaniel-scaled.jpg 1536w\" sizes=\"auto, (max-width: 614px) 100vw, 614px\" \/><\/figure><\/div>\n\n\n<p>azaz, ahogy a szegedi b\u00f6lcs\u00e9szek fogalmaztak, posztmagyar. Itt mos k\u00e9rem minden, de minden \u00f6ssze\u00e1llt. Hollywood-i biciklilakat, szuperfinom gumib\u00f3l k\u00e9sz\u00fclt \u00fasz\u00f3szem\u00fcveg, \u00e9tel, ital, gy\u00fcm\u00f6lcs, korszer\u0171 laptop \u00e9s okostelefon. Ha a r\u00f3zsasz\u00edn n\u0151i biciklire felpattanok, pont el\u00e9rem a 11:55-\u00f6s vonatot. Bea majd utol\u00e9r vagy az \u00e1llom\u00e1son r\u00e1tal\u00e1l az \u0151rizetlen biciklij\u00e9re. A padon egy id\u0151s \u00far v\u00e1rakozik. Felrajzoltam m\u00e9g a zsebemben felejtett t\u00e1blakr\u00e9t\u00e1val a forgalmi iroda fal\u00e1ra egy szivet. Felvil\u00e1gos\u00edtanak, hogy a &#8222;be\u00e9rt&#8221; vonat mintegy 10 percet k\u00e9sni fog. K\u00f6zben elhagytuk G\u00e1t\u00e9rt. Bevillant, hogy a p\u00f6khendi Napf\u00e9ny Express t\u00f6bbsz\u00f6r nem v\u00e1rta be a z\u00f6ty\u00f6g\u0151s, \u00e9letveszelyesen elhaszn\u00e1l\u00f3dott talpf\u00e1kon lassan a c\u00e9lja fel\u00e9 botork\u00e1l\u00f3, egykocsis &#8222;vicin\u00e1list&#8221;. Mit volt mit tenni, pr\u00f3ba-szerencse, felkapaszkodtam a h\u0151s kis vonatra \u00e9s helyet fogalaltam. K\u00f6zben mesters\u00e9ges intelligencia seg\u00edts\u00e9g\u00e9vel p\u00f3l\u00f3terveket k\u00e9sz\u00edtgettem: LOVEHUNGER HUNGARY felirattal.&nbsp;<\/p>\n\n\n\n<p>(<a href=\"https:\/\/opus-folyoirat.sk\/?page_id=3611\" data-type=\"link\" data-id=\"https:\/\/opus-folyoirat.sk\/?page_id=3611\">olvass tov\u00e1bb<\/a>)<\/p>\n\n\n\n<hr class=\"wp-block-separator has-alpha-channel-opacity is-style-wide\"\/>\n\n\n\n<p class=\"has-medium-font-size\">Biernaczky Szil\u00e1rd versford\u00edt\u00e1sai<\/p>\n\n\n\n<div class=\"wp-block-group is-vertical is-layout-flex wp-container-core-group-is-layout-8cf370e7 wp-block-group-is-layout-flex\">\n<p><strong>Az els\u0151 l\u00f6v\u00e9s&nbsp;<\/strong><\/p>\n\n\n\n<p><em>(The First Shot)<\/em><\/p>\n<\/div>\n\n\n<div class=\"wp-block-image\">\n<figure class=\"alignright size-full is-resized\"><img loading=\"lazy\" decoding=\"async\" width=\"593\" height=\"787\" src=\"https:\/\/opus-folyoirat.sk\/wp-content\/uploads\/2026\/01\/BiernaczkySzilard.jpg\" alt=\"\" class=\"wp-image-3592\" style=\"width:170px;height:auto\" srcset=\"https:\/\/opus-folyoirat.sk\/wp-content\/uploads\/2026\/01\/BiernaczkySzilard.jpg 593w, https:\/\/opus-folyoirat.sk\/wp-content\/uploads\/2026\/01\/BiernaczkySzilard-226x300.jpg 226w\" sizes=\"auto, (max-width: 593px) 100vw, 593px\" \/><\/figure><\/div>\n\n\n<div class=\"wp-block-group is-vertical is-layout-flex wp-container-core-group-is-layout-8cf370e7 wp-block-group-is-layout-flex\">\n<p>Az a mag\u00e1nyos puskal\u00f6v\u00e9s, n\u00e9vtelen\u00fcl<\/p>\n\n\n\n<p>a s\u00f6t\u00e9tben, mellmagass\u00e1gban lopakodva<\/p>\n\n\n\n<p>egy ideges k\u00fclv\u00e1roson kereszt\u00fcl&nbsp;<\/p>\n\n\n\n<p>a mennyd\u00f6rg\u00e9sek szezonj\u00e1nak sz\u00fcnet\u00e9ben&nbsp;<\/p>\n\n\n\n<p>akad\u00e1lytalan rep\u00fcl \u00e9s belef\u00far\u00f3dik<\/p>\n\n\n\n<p>hat\u00e1rozottabban mint a nagyobb zajok<\/p>\n\n\n\n<p>tov\u00e1bb az eml\u00e9kezet homlok\u00e1ba.<\/p>\n<\/div>\n\n\n\n<p>(<a href=\"https:\/\/opus-folyoirat.sk\/?page_id=3589\" data-type=\"link\" data-id=\"https:\/\/opus-folyoirat.sk\/?page_id=3589\">olvass tov\u00e1bb<\/a>)<\/p>\n\n\n\n<hr class=\"wp-block-separator has-alpha-channel-opacity is-style-wide\"\/>\n\n\n\n<p class=\"has-medium-font-size\">Ferenczi \u00c1kos<\/p>\n\n\n\n<div class=\"wp-block-group is-vertical is-layout-flex wp-container-core-group-is-layout-8cf370e7 wp-block-group-is-layout-flex\">\n<p><strong>Ideje mennem<\/strong><\/p>\n\n\n\n<p><em>(Pet\u0151cz Andr\u00e1s \u2013 Az \u00f6regember c\u00edm\u0171 novell\u00e1ja alapj\u00e1n)<\/em><\/p>\n<\/div>\n\n\n<div class=\"wp-block-image\">\n<figure class=\"alignright size-full is-resized\"><img loading=\"lazy\" decoding=\"async\" width=\"920\" height=\"955\" src=\"https:\/\/opus-folyoirat.sk\/wp-content\/uploads\/2026\/01\/FerencziAkos.jpg\" alt=\"\" class=\"wp-image-3587\" style=\"width:196px;height:auto\" srcset=\"https:\/\/opus-folyoirat.sk\/wp-content\/uploads\/2026\/01\/FerencziAkos.jpg 920w, https:\/\/opus-folyoirat.sk\/wp-content\/uploads\/2026\/01\/FerencziAkos-289x300.jpg 289w, https:\/\/opus-folyoirat.sk\/wp-content\/uploads\/2026\/01\/FerencziAkos-768x797.jpg 768w\" sizes=\"auto, (max-width: 920px) 100vw, 920px\" \/><\/figure><\/div>\n\n\n<p>V\u00e1rom a d\u00e9lut\u00e1nt. Akkor j\u00f6n be a gyerek. Persze m\u00e1r nem gyerek, id\u00e9n volt a huszonnyolcadik sz\u00fclet\u00e9snapja, de nekem akkor is gyerek, am\u00edg csak \u00e9lek. Am\u00edg \u00e9lek, \u00e9s az m\u00e1r nem sok, rem\u00e9lem. Agyi infarktus \u2013 mondta az orvos. A program m\u00e9g fut bent, de a g\u00e9p m\u00e1r nem m\u0171k\u00f6dik. Azt is mondta, hogy a g\u00e9njeimben hordoztam a vesz\u00e9lyt. Sz\u00f3val ez az \u00f6r\u00f6ks\u00e9gem. \u00c9s most fekszem a k\u00f3rh\u00e1zi \u00e1gyon, pont, mint az \u00f6regember tette r\u00e9gen.<\/p>\n\n\n\n<p>Az \u00f6regember m\u00e1r elm\u00falt nyolcvan, amikor megkapta apai \u00f6r\u00f6ks\u00e9g\u00e9t, \u00e9n m\u00e9g csak hetvenn\u00e9gy vagyok. Eml\u00e9kszem, ott fek\u00fcdt az \u00e1gyon, a k\u00f3rh\u00e1zban, abban a v\u00e1rosban, ahol akkor laktunk. Most \u00e9n fekszem, de ez egy m\u00e1sik \u00e1gy, m\u00e1sik k\u00f3rh\u00e1z, m\u00e1sik v\u00e1ros, egy m\u00e1sik \u00f6regember, csak a cs\u00f6nd, ami ugyanaz. A cs\u00f6nd mindig ugyanaz.<\/p>\n\n\n\n<p>(<a href=\"https:\/\/opus-folyoirat.sk\/?page_id=3583\" data-type=\"link\" data-id=\"https:\/\/opus-folyoirat.sk\/?page_id=3583\">olvass tov\u00e1bb<\/a>)<\/p>\n\n\n\n<hr class=\"wp-block-separator has-alpha-channel-opacity is-style-wide\"\/>\n\n\n\n<p class=\"has-medium-font-size\">Hajd\u00fa L\u00e1szl\u00f3<\/p>\n\n\n\n<p><strong>Tal\u00e1lkoz\u00e1sok<\/strong> <\/p>\n\n\n<div class=\"wp-block-image\">\n<figure class=\"alignright size-large is-resized\"><img loading=\"lazy\" decoding=\"async\" width=\"525\" height=\"1024\" src=\"http:\/\/opus-folyoirat.sk\/wp-content\/uploads\/2025\/11\/HajduLaszlo-525x1024.jpg\" alt=\"\" class=\"wp-image-3111\" style=\"width:179px;height:auto\" srcset=\"https:\/\/opus-folyoirat.sk\/wp-content\/uploads\/2025\/11\/HajduLaszlo-525x1024.jpg 525w, https:\/\/opus-folyoirat.sk\/wp-content\/uploads\/2025\/11\/HajduLaszlo-154x300.jpg 154w, https:\/\/opus-folyoirat.sk\/wp-content\/uploads\/2025\/11\/HajduLaszlo.jpg 661w\" sizes=\"auto, (max-width: 525px) 100vw, 525px\" \/><\/figure><\/div>\n\n\n<div class=\"wp-block-group is-vertical is-layout-flex wp-container-core-group-is-layout-8cf370e7 wp-block-group-is-layout-flex\">\n<p>Gyerekk\u00e9nt azt gondoltam, zsid\u00f3k csak a Bibli\u00e1ban l\u00e9teznek. A hetvenes \u00e9vekben mindenki titkolta vall\u00e1s\u00e1t. T\u00e9v\u00e9t k\u00e9s\u0151bb vett\u00fcnk, moziba hat\u00e9vesen nem j\u00e1rtam, hogy h\u00e1bor\u00fas filmekben l\u00e1thassak zsid\u00f3t.<\/p>\n\n\n\n<p>\u2013 Menj\u00fcnk el a zsid\u00f3temet\u0151h\u00f6z! \u2013 sz\u00f3l\u00edtotta fel az utc\u00e1ban lak\u00f3 sr\u00e1cokat K\u00e1llai Sanyi, aki legid\u0151sebbk\u00e9nt volt a t\u00f6rzs f\u0151n\u00f6ke. G\u00f6nd\u00f6r haja alapj\u00e1n nem illett r\u00e1 az apacsok t\u00f6rzsf\u0151n\u00f6ke szerep.&nbsp;<\/p>\n\n\n\n<p>\u2013 Zsid\u00f3temet\u0151h\u00f6z? \u2013 k\u00e9rdeztem vissza elh\u0171lve. \u2013 Olyan is van?&nbsp;<\/p>\n\n\n\n<p>\u2013 Ja, fater mutatta, amikor voltunk a putriban cefr\u00e9\u00e9rt.&nbsp;<\/p>\n\n\n\n<p>A v\u00e1rosban putrinak azt a r\u00e9szt nevezt\u00e9k, ahol a cig\u00e1nyok is laktak.<\/p>\n\n\n\n<p>\u2013 Akkor csak igaz, t\u00e9nyleg kihaltak, mint a mondai h\u0151s\u00f6k \u00e9s itt vannak eltemetve \u2013 gondoltam.<\/p>\n\n\n\n<p>Mind a n\u00e9gyen, f\u00e9lmeztelen\u00fcl, indi\u00e1nnak \u00f6lt\u00f6zve levonultunk az als\u00f3v\u00e1rosba. K\u00fcl\u00f6n\u00f6s oromzat\u00fa \u00e9p\u00fclet \u00e1llt a magas t\u00e9glafallal k\u00f6rbeker\u00edtett temet\u0151 sark\u00e1ban.&nbsp;<\/p>\n<\/div>\n\n\n\n<p>(<a href=\"https:\/\/opus-folyoirat.sk\/?page_id=3578\" data-type=\"link\" data-id=\"https:\/\/opus-folyoirat.sk\/?page_id=3578\">olvass tov\u00e1bb<\/a>)<\/p>\n\n\n\n<hr class=\"wp-block-separator has-alpha-channel-opacity is-style-wide\"\/>\n\n\n\n<p class=\"has-medium-font-size\">Siska P\u00e9ter versei<\/p>\n\n\n<div class=\"wp-block-image\">\n<figure class=\"alignright size-full is-resized\"><img loading=\"lazy\" decoding=\"async\" width=\"953\" height=\"960\" src=\"https:\/\/opus-folyoirat.sk\/wp-content\/uploads\/2026\/01\/Siska-Peter.jpg\" alt=\"\" class=\"wp-image-3576\" style=\"width:187px;height:auto\" srcset=\"https:\/\/opus-folyoirat.sk\/wp-content\/uploads\/2026\/01\/Siska-Peter.jpg 953w, https:\/\/opus-folyoirat.sk\/wp-content\/uploads\/2026\/01\/Siska-Peter-298x300.jpg 298w, https:\/\/opus-folyoirat.sk\/wp-content\/uploads\/2026\/01\/Siska-Peter-150x150.jpg 150w, https:\/\/opus-folyoirat.sk\/wp-content\/uploads\/2026\/01\/Siska-Peter-768x774.jpg 768w\" sizes=\"auto, (max-width: 953px) 100vw, 953px\" \/><\/figure><\/div>\n\n\n<p><strong>Hazat\u00e9r\u00e9s<\/strong><\/p>\n\n\n\n<div class=\"wp-block-group is-vertical is-layout-flex wp-container-core-group-is-layout-8cf370e7 wp-block-group-is-layout-flex\">\n<p>Saj\u00e1t test\u00e9t<\/p>\n\n\n\n<p>a v\u00e9g fel\u0151l olvassa.<\/p>\n\n\n\n<p><em>Csak \u00edgy van \u00e9rtelme<\/em>, mondja.<\/p>\n\n\n\n<p>Mosolyog. Olyan s\u0171r\u0171<\/p>\n\n\n\n<p>a leveg\u0151. Olyan<\/p>\n\n\n\n<p>neh\u00e9z \u2013<\/p>\n<\/div>\n\n\n\n<p>(<a href=\"https:\/\/opus-folyoirat.sk\/?page_id=3573\" data-type=\"link\" data-id=\"https:\/\/opus-folyoirat.sk\/?page_id=3573\">olvass tov\u00e1bb<\/a>)<\/p>\n\n\n\n<hr class=\"wp-block-separator has-alpha-channel-opacity is-style-wide\"\/>\n\n\n\n<p class=\"has-medium-font-size\">Aich P\u00e9ter<\/p>\n\n\n\n<p><strong>Luca \u00e1lma<\/strong><\/p>\n\n\n<div class=\"wp-block-image\">\n<figure class=\"alignright size-large is-resized\"><img loading=\"lazy\" decoding=\"async\" width=\"840\" height=\"1024\" src=\"https:\/\/opus-folyoirat.sk\/wp-content\/uploads\/2026\/01\/AichPeter-840x1024.jpg\" alt=\"\" class=\"wp-image-3571\" style=\"width:212px;height:auto\" srcset=\"https:\/\/opus-folyoirat.sk\/wp-content\/uploads\/2026\/01\/AichPeter-840x1024.jpg 840w, https:\/\/opus-folyoirat.sk\/wp-content\/uploads\/2026\/01\/AichPeter-246x300.jpg 246w, https:\/\/opus-folyoirat.sk\/wp-content\/uploads\/2026\/01\/AichPeter-768x936.jpg 768w, https:\/\/opus-folyoirat.sk\/wp-content\/uploads\/2026\/01\/AichPeter-1261x1536.jpg 1261w, https:\/\/opus-folyoirat.sk\/wp-content\/uploads\/2026\/01\/AichPeter.jpg 1328w\" sizes=\"auto, (max-width: 840px) 100vw, 840px\" \/><\/figure><\/div>\n\n\n<p>Az eg\u00e9sz tulajdonk\u00e9ppen k\u00f6zhely volt, csak \u00e9ppen kisiklott, mint a vonat. Nem volt abban semmi k\u00fcl\u00f6n\u00f6s \u2013 amennyiben egy sorsd\u00f6nt\u0151 tal\u00e1lkoz\u00e1st nem tartunk l\u00e9nyegesnek. Akkoriban \u00fagy t\u0171nt, t\u00fal gyorsan ment az a vonat, h\u00e1t az\u00e9rt. \u00c9s kim\u00falt, mint egy vill\u00e1ms\u00fajtotta fa, m\u00e9g miel\u0151tt kivir\u00e1gzott volna. Pedig ahhoz id\u0151 kell. \u00dagy kezd\u0151d\u00f6tt, hogy akadt valami alkalmi elv\u00e9gezni val\u00f3, megmondt\u00e1k, kivel kell dolgozni, mit kell majd csin\u00e1lni, \u00e9s mit k\u00e9ne el\u00e9rni, s addig rendben is volt minden, m\u00edg ki nem der\u00fclt, a munkat\u00e1rs ez\u00fattal n\u0151 lesz, azzal kell kooper\u00e1lni. Na sz\u00e9p, s\u00f3hajtott \u00c1lmos, mi lesz ebb\u0151l, a konstrukt\u00edv egy\u00fcttm\u0171k\u00f6d\u00e9sr\u0151l ugyanis megvolt a maga v\u00e9lem\u00e9nye, azaz enyh\u00e9n sz\u00f3lva szkeptikus volt, ugyanis Mari nev\u0171 bar\u00e1tn\u0151j\u00e9vel szerzett tapasztalatai miatt lett f\u00f6lt\u0171n\u0151en hitetlen, k\u00e9tked\u0151 elm\u00e9let\u00e9t ilyen \u00e9rtelemben fogalmazta meg, amit ak\u00e1r negat\u00edv megk\u00fcl\u00f6nb\u00f6ztet\u00e9snek is lehetett volna \u00e9rtelmezni, ehhez j\u00e1rult, hogy eleve n\u00e9mileg \u00f6nfej\u0171en \u00e9rtelmezte a vil\u00e1got, aminek k\u00f6vetkezt\u00e9ben \u00fagy \u00e9rezte, s\u00e9rti f\u00e9rfi\u00fai egoj\u00e1t, ha ilyen kooper\u00e1ci\u00f3ra k\u00e9nyszer\u00edtik. Mindez bizony\u00e1ra bonyolult helyzetet fog teremteni, v\u00e9lekedett el\u0151rel\u00e1t\u00f3an, vagyis kiss\u00e9 elfogultan, mik\u00e9nt azt m\u00e1sok meg\u00e1llap\u00edtott\u00e1k volna, de legy\u00fcnk optimist\u00e1k, hagyta nyitva \u00c1lmos az ajt\u00f3t, miut\u00e1n kijel\u00f6lt munkat\u00e1rsn\u0151j\u00e9t szemt\u0151l szembe megl\u00e1tta. Sz\u00f3val egy n\u0151vel, tette f\u00f6l a k\u00e9rd\u00e9st v\u00e1rtn\u00e1l szigor\u00fabban Mari, ami tulajdonk\u00e9ppen nem is volt k\u00e9rd\u00e9s, sokkal ink\u00e1bb elmarasztal\u00f3 gyanakv\u00e1s, ami nem k\u00f6nny\u00edtette az am\u00fagy nem t\u00fal \u00e9p\u00fcletes helyzetet. Igaz, emiatt \u00c1lmos nem nagyon zavartatta mag\u00e1t, Marival n\u00e9mileg fel\u00fcletes volt a kapcsolata, vagy iz\u00e9 micsod\u00e1ja, ink\u00e1bb alkalmank\u00e9nt voltak egy\u00fctt, \u00e9vad szerint, mint egy sz\u00ednh\u00e1zban, ez ar\u00e1nylag j\u00f3l m\u0171k\u00f6d\u00f6tt, holott \u00c1lmosnak ilyen t\u00e9ren m\u00e1s amb\u00edci\u00f3i akadtak, de az nem csup\u00e1n rajta m\u00falt.<\/p>\n\n\n\n<p>(<a href=\"https:\/\/opus-folyoirat.sk\/?page_id=3568\" data-type=\"link\" data-id=\"https:\/\/opus-folyoirat.sk\/?page_id=3568\">olvass tov\u00e1bb<\/a>)<\/p>\n\n\n\n<hr class=\"wp-block-separator has-alpha-channel-opacity is-style-wide\"\/>\n\n\n\n<p class=\"has-medium-font-size\">Fiala Ilona<\/p>\n\n\n\n<p><strong>Azok a sz\u00edvtelen n\u0151k!<\/strong><\/p>\n\n\n<div class=\"wp-block-image\">\n<figure class=\"alignright size-full is-resized\"><img loading=\"lazy\" decoding=\"async\" width=\"213\" height=\"300\" src=\"https:\/\/opus-folyoirat.sk\/wp-content\/uploads\/2025\/12\/FialaIlona.jpeg\" alt=\"\" class=\"wp-image-3335\" style=\"width:166px;height:auto\"\/><\/figure><\/div>\n\n\n<p>Az \u00f6sszes baj a n\u0151k miatt van. Ezt minden norm\u00e1lis f\u00e9rfi megmondja. \u00c9n is. A h\u00e1zass\u00e1gom a feles\u00e9gem miatt ment t\u00f6nkre, a bar\u00e1tn\u0151m miatt lettem hajl\u00e9ktalan. B\u00e1natomban nekiv\u00e1gtam a nagyvil\u00e1gnak, Pr\u00e1g\u00e1ig meg sem \u00e1lltam. De ott is csak gy\u0171ltek a bajaim a n\u0151kkel. Git\u00e1rozgattam az utc\u00e1n naphosszat, sz\u00e9pen \u00f6sszej\u00f6tt az \u00e9lelemreval\u00f3. Elismerem, az italra is j\u00f3csk\u00e1n jutott. Ezt az egyik hajl\u00e9ktalan n\u0151 megszimatolta, \u00fagy tett, mintha bel\u00e9m szeretett volna, csak az\u00e9rt, hogy fizessek neki. \u00c9n meg j\u00f3hiszem\u0171en azt gondoltam, hogy \u00f6nzetlen\u00fcl szeret. Abban a tudatban \u00e9ltem, hogy \u00f6nsz\u00e1ntamb\u00f3l fizetem az eb\u00e9djeit, vacsor\u00e1it \u00e9s az italt. De id\u0151vel r\u00e1j\u00f6ttem, honnan f\u00faj a sz\u00e9l. Ki is adtam az \u00fatj\u00e1t. J\u00f6tt hely\u00e9be egy m\u00e1sik. Azt\u00e1n egy harmadik, negyedik&#8230; Nem is tudom, h\u00e1nyan voltak. Mind a p\u00e9nzemet akart\u00e1k. Pedig \u00e9n nagyon kedves, figyelmes voltam vel\u00fck. De \u0151k csak kihaszn\u00e1ltak. Ez\u00e9rt lettem b\u00faskomor. M\u00e1r a git\u00e1roz\u00e1s sem \u00e9rdekelt. Nem volt mib\u0151l \u00e9lnem, lop\u00e1sra k\u00e9nyszer\u00fcltem. Szinte mindig elkaptak. Az lett a v\u00e9ge, hogy h\u00e9t \u00e9v hajl\u00e9ktalankod\u00e1s ut\u00e1n kitett\u00e9k a sz\u0171r\u00f6met. Nemcsak Pr\u00e1g\u00e1b\u00f3l tiltottak ki, hanem eg\u00e9sz Csehorsz\u00e1gb\u00f3l. Megvett\u00e9k az egyir\u00e1ny\u00fa vonatjegyemet Pozsonyba, azt mondt\u00e1k, menjek, ahonnan j\u00f6ttem.<\/p>\n\n\n\n<p><\/p>\n\n\n\n<p>(<a href=\"https:\/\/opus-folyoirat.sk\/?page_id=3331\" data-type=\"link\" data-id=\"https:\/\/opus-folyoirat.sk\/?page_id=3331\">olvass tov\u00e1bb<\/a>)<\/p>\n\n\n\n<hr class=\"wp-block-separator has-alpha-channel-opacity is-style-wide\"\/>\n\n\n\n<p class=\"has-medium-font-size\">Hajnal \u00c9va versei<\/p>\n\n\n<div class=\"wp-block-image\">\n<figure class=\"alignright size-full is-resized\"><img loading=\"lazy\" decoding=\"async\" width=\"445\" height=\"384\" src=\"https:\/\/opus-folyoirat.sk\/wp-content\/uploads\/2025\/12\/Hajnal-Eva.jpg\" alt=\"\" class=\"wp-image-3328\" style=\"width:176px;height:auto\" srcset=\"https:\/\/opus-folyoirat.sk\/wp-content\/uploads\/2025\/12\/Hajnal-Eva.jpg 445w, https:\/\/opus-folyoirat.sk\/wp-content\/uploads\/2025\/12\/Hajnal-Eva-300x259.jpg 300w, https:\/\/opus-folyoirat.sk\/wp-content\/uploads\/2025\/12\/Hajnal-Eva-348x300.jpg 348w\" sizes=\"auto, (max-width: 445px) 100vw, 445px\" \/><\/figure><\/div>\n\n\n<p><strong>ink\u00e1bb<\/strong><\/p>\n\n\n\n<p>ha most szembej\u00f6nn\u00e9l a blah\u00e1n \u00e9s azt mondan\u00e1d<br><em>de j\u00f3 hogy l\u00e1tlak<br><\/em>nem hinn\u00e9k neked<\/p>\n\n\n\n<p>(<a href=\"https:\/\/opus-folyoirat.sk\/?page_id=3326\" data-type=\"link\" data-id=\"https:\/\/opus-folyoirat.sk\/?page_id=3326\">olvass tov\u00e1bb<\/a>)<\/p>\n\n\n\n<hr class=\"wp-block-separator has-alpha-channel-opacity is-style-wide\"\/>\n\n\n\n<p class=\"has-medium-font-size\">R\u00e1s\u00f3 Attila<\/p>\n\n\n<div class=\"wp-block-image\">\n<figure class=\"alignright size-large is-resized\"><img loading=\"lazy\" decoding=\"async\" width=\"768\" height=\"1024\" src=\"https:\/\/opus-folyoirat.sk\/wp-content\/uploads\/2025\/12\/RasoAttila-768x1024.jpeg\" alt=\"\" class=\"wp-image-3324\" style=\"width:132px;height:auto\" srcset=\"https:\/\/opus-folyoirat.sk\/wp-content\/uploads\/2025\/12\/RasoAttila-768x1024.jpeg 768w, https:\/\/opus-folyoirat.sk\/wp-content\/uploads\/2025\/12\/RasoAttila-225x300.jpeg 225w, https:\/\/opus-folyoirat.sk\/wp-content\/uploads\/2025\/12\/RasoAttila-1152x1536.jpeg 1152w, https:\/\/opus-folyoirat.sk\/wp-content\/uploads\/2025\/12\/RasoAttila.jpeg 1536w\" sizes=\"auto, (max-width: 768px) 100vw, 768px\" \/><\/figure><\/div>\n\n\n<p><strong>egy elm\u00fal\u00e1s b\u00e1ja<\/strong><\/p>\n\n\n\n<p>van aki megv\u00e1lik udvara<br>lehullott leveleit\u0151l \u00e9n magam<br>al\u00e1 s\u00f6pr\u00f6m a sz\u00e1raz fotoszint\u00e9zis-recepci\u00f3sokat \u00fagymond csod\u00e1jukra<br>j\u00e1rok r\u00e1juk nem l\u00e9pve<\/p>\n\n\n\n<p>(<a href=\"https:\/\/opus-folyoirat.sk\/?page_id=3321\" data-type=\"link\" data-id=\"https:\/\/opus-folyoirat.sk\/?page_id=3321\">Olvass tov\u00e1bb<\/a>)<\/p>\n\n\n\n<hr class=\"wp-block-separator has-alpha-channel-opacity is-style-wide\"\/>\n\n\n\n<p class=\"has-medium-font-size\">Nagy Dorottya versei<\/p>\n\n\n<div class=\"wp-block-image\">\n<figure class=\"alignright size-large is-resized\"><img loading=\"lazy\" decoding=\"async\" width=\"1024\" height=\"818\" src=\"https:\/\/opus-folyoirat.sk\/wp-content\/uploads\/2025\/12\/NagyDorottya-1024x818.jpg\" alt=\"\" class=\"wp-image-3318\" style=\"width:216px;height:auto\" srcset=\"https:\/\/opus-folyoirat.sk\/wp-content\/uploads\/2025\/12\/NagyDorottya-1024x818.jpg 1024w, https:\/\/opus-folyoirat.sk\/wp-content\/uploads\/2025\/12\/NagyDorottya-300x240.jpg 300w, https:\/\/opus-folyoirat.sk\/wp-content\/uploads\/2025\/12\/NagyDorottya-768x614.jpg 768w, https:\/\/opus-folyoirat.sk\/wp-content\/uploads\/2025\/12\/NagyDorottya-1536x1227.jpg 1536w, https:\/\/opus-folyoirat.sk\/wp-content\/uploads\/2025\/12\/NagyDorottya-375x300.jpg 375w, https:\/\/opus-folyoirat.sk\/wp-content\/uploads\/2025\/12\/NagyDorottya.jpg 1712w\" sizes=\"auto, (max-width: 1024px) 100vw, 1024px\" \/><\/figure><\/div>\n\n\n<p><strong>viharmadaraim<\/strong><\/p>\n\n\n\n<div class=\"wp-block-group is-vertical is-layout-flex wp-container-core-group-is-layout-8cf370e7 wp-block-group-is-layout-flex\">\n<p>ti szabads\u00e1g\u00e9rt mindent odadob\u00f3 f\u00e9rfiak<\/p>\n\n\n\n<p>titeket szeretlek \u0151r\u00fcletig szeretlek<\/p>\n\n\n\n<p>feh\u00e9r madaraim viharmadaraim<\/p>\n\n\n\n<p>szikl\u00e1k sz\u00e9l\u00e9n \u00e1lltok&nbsp;<\/p>\n\n\n\n<p>hideg v\u00edzben \u00e1lltok<\/p>\n\n\n\n<p>ti csin\u00e1ltok bel\u0151lem \u00f6r\u00f6k rabot<\/p>\n\n\n\n<p>s rabs\u00e1gomat&nbsp;<\/p>\n\n\n\n<p>nem eresztem<\/p>\n<\/div>\n\n\n\n<p>(<a href=\"https:\/\/opus-folyoirat.sk\/?page_id=3315\" data-type=\"link\" data-id=\"https:\/\/opus-folyoirat.sk\/?page_id=3315\">olvass tov\u00e1bb<\/a>)<\/p>\n\n\n\n<hr class=\"wp-block-separator has-alpha-channel-opacity is-style-wide\"\/>\n\n\n\n<div class=\"wp-block-group is-vertical is-layout-flex wp-container-core-group-is-layout-8cf370e7 wp-block-group-is-layout-flex\">\n<p class=\"has-medium-font-size\">Nagy Erika<\/p>\n\n\n\n<p><strong>Fesztiv\u00e1lok, avagy a kult\u00far\u00e1t t\u00fckr\u00f6z\u0151 gasztron\u00f3mia<\/strong><\/p>\n<\/div>\n\n\n<div class=\"wp-block-image\">\n<figure class=\"alignright size-large is-resized\"><img loading=\"lazy\" decoding=\"async\" width=\"1024\" height=\"682\" src=\"http:\/\/opus-folyoirat.sk\/wp-content\/uploads\/2023\/11\/01_NagyErika-1024x682.jpg\" alt=\"\" class=\"wp-image-988\" style=\"width:207px;height:auto\" srcset=\"https:\/\/opus-folyoirat.sk\/wp-content\/uploads\/2023\/11\/01_NagyErika-1024x682.jpg 1024w, https:\/\/opus-folyoirat.sk\/wp-content\/uploads\/2023\/11\/01_NagyErika-300x200.jpg 300w, https:\/\/opus-folyoirat.sk\/wp-content\/uploads\/2023\/11\/01_NagyErika-768x512.jpg 768w, https:\/\/opus-folyoirat.sk\/wp-content\/uploads\/2023\/11\/01_NagyErika-1536x1024.jpg 1536w, https:\/\/opus-folyoirat.sk\/wp-content\/uploads\/2023\/11\/01_NagyErika-2048x1365.jpg 2048w, https:\/\/opus-folyoirat.sk\/wp-content\/uploads\/2023\/11\/01_NagyErika-450x300.jpg 450w\" sizes=\"auto, (max-width: 1024px) 100vw, 1024px\" \/><\/figure><\/div>\n\n\n<p>Az 1936-ban megjelent Nevet\u0151 betegek c\u00edm\u0171 Karinthy Frigyes k\u00f6tetet lapozgatva ezt tal\u00e1ltam: \u201eT\u00f6bbsz\u00f6r kikukkantam a konyh\u00e1ba, s elragadtat\u00e1ssal \u00e1llap\u00edtottam meg, hogy v\u00e9gre kedvenc vacsor\u00e1m k\u00e9sz\u00fcl, ami\u00e9rt hetek \u00f3ta harcoltam hi\u00e1ba: lecs\u00f3s kolb\u00e1sz, bel\u00e9vert toj\u00e1ssal \u00e9s juht\u00far\u00f3s galuska&#8230;\u00c9l\u00e9nken l\u00e1ttam a lecs\u00f3 aranypiros lev\u00e9t, az \u00faszk\u00e1l\u00f3 kolb\u00e1szkarik\u00e1kat s a s\u00e1rga, ruganyos-kem\u00e9ny galusk\u00e1n sustorg\u00f3 cs\u00edp\u0151s juht\u00far\u00f3kupacokat.\u201d Ezt olvasva \u00f6sszecsordult a ny\u00e1l a sz\u00e1mban, \u00e9s el is hat\u00e1roztam, elk\u00e9sz\u00edtem j\u00f3magam is.<\/p>\n\n\n\n<p>(<a href=\"https:\/\/opus-folyoirat.sk\/?page_id=3048\" data-type=\"link\" data-id=\"https:\/\/opus-folyoirat.sk\/?page_id=3048\">olvass tov\u00e1bb<\/a>)<\/p>\n\n\n\n<hr class=\"wp-block-separator has-alpha-channel-opacity is-style-wide\"\/>\n\n\n\n<p class=\"has-medium-font-size\">Bakonyi Istv\u00e1n versei<\/p>\n\n\n\n<p><strong>J\u00fanius elej\u00e9n<\/strong><\/p>\n\n\n<div class=\"wp-block-image\">\n<figure class=\"alignright size-large is-resized\"><img loading=\"lazy\" decoding=\"async\" width=\"1024\" height=\"576\" src=\"http:\/\/opus-folyoirat.sk\/wp-content\/uploads\/2025\/12\/Bakonyi-1024x576.jpg\" alt=\"\" class=\"wp-image-3302\" style=\"width:183px;height:auto\" srcset=\"https:\/\/opus-folyoirat.sk\/wp-content\/uploads\/2025\/12\/Bakonyi-1024x576.jpg 1024w, https:\/\/opus-folyoirat.sk\/wp-content\/uploads\/2025\/12\/Bakonyi-300x169.jpg 300w, https:\/\/opus-folyoirat.sk\/wp-content\/uploads\/2025\/12\/Bakonyi-768x432.jpg 768w, https:\/\/opus-folyoirat.sk\/wp-content\/uploads\/2025\/12\/Bakonyi-1536x864.jpg 1536w, https:\/\/opus-folyoirat.sk\/wp-content\/uploads\/2025\/12\/Bakonyi-2048x1152.jpg 2048w, https:\/\/opus-folyoirat.sk\/wp-content\/uploads\/2025\/12\/Bakonyi-500x281.jpg 500w\" sizes=\"auto, (max-width: 1024px) 100vw, 1024px\" \/><\/figure><\/div>\n\n\n<div class=\"wp-block-group is-vertical is-layout-flex wp-container-core-group-is-layout-8cf370e7 wp-block-group-is-layout-flex\">\n<p>Eg\u00e9sz \u00e9jjel esett. Verte az ablakot.<\/p>\n\n\n\n<p>Reggel es\u0151\u00e1ztatta plak\u00e1tok.&nbsp;<\/p>\n\n\n\n<p>Lefoszl\u00f3 arcok.<\/p>\n\n\n\n<p>H\u00e1bor\u00fa, b\u00e9ke.<\/p>\n\n\n\n<p>K\u00e9retik jogd\u00edjat adni Tolsztojnak!<\/p>\n<\/div>\n\n\n\n<p>(<a href=\"https:\/\/opus-folyoirat.sk\/?page_id=3310\" data-type=\"link\" data-id=\"https:\/\/opus-folyoirat.sk\/?page_id=3310\">Olvass tov\u00e1bb<\/a>)<\/p>\n\n\n\n<hr class=\"wp-block-separator has-alpha-channel-opacity is-style-wide\"\/>\n\n\n\n<div class=\"wp-block-group is-vertical is-layout-flex wp-container-core-group-is-layout-8cf370e7 wp-block-group-is-layout-flex\">\n<p class=\"has-medium-font-size\">Z. N\u00e9meth Istv\u00e1n<\/p>\n\n\n\n<p><strong>F\u00f6ldtsuszaml\u00e1s<\/strong><\/p>\n<\/div>\n\n\n<div class=\"wp-block-image\">\n<figure class=\"alignright size-large is-resized\"><img loading=\"lazy\" decoding=\"async\" width=\"1024\" height=\"1019\" src=\"http:\/\/opus-folyoirat.sk\/wp-content\/uploads\/2024\/02\/ZNemethPista-1024x1019.jpeg\" alt=\"\" class=\"wp-image-1150\" style=\"width:181px;height:auto\" srcset=\"https:\/\/opus-folyoirat.sk\/wp-content\/uploads\/2024\/02\/ZNemethPista-1024x1019.jpeg 1024w, https:\/\/opus-folyoirat.sk\/wp-content\/uploads\/2024\/02\/ZNemethPista-300x300.jpeg 300w, https:\/\/opus-folyoirat.sk\/wp-content\/uploads\/2024\/02\/ZNemethPista-150x150.jpeg 150w, https:\/\/opus-folyoirat.sk\/wp-content\/uploads\/2024\/02\/ZNemethPista-768x764.jpeg 768w, https:\/\/opus-folyoirat.sk\/wp-content\/uploads\/2024\/02\/ZNemethPista-1536x1528.jpeg 1536w, https:\/\/opus-folyoirat.sk\/wp-content\/uploads\/2024\/02\/ZNemethPista-301x300.jpeg 301w, https:\/\/opus-folyoirat.sk\/wp-content\/uploads\/2024\/02\/ZNemethPista.jpeg 1635w\" sizes=\"auto, (max-width: 1024px) 100vw, 1024px\" \/><\/figure><\/div>\n\n\n<div class=\"wp-block-group is-vertical is-layout-flex wp-container-core-group-is-layout-8cf370e7 wp-block-group-is-layout-flex\">\n<p>S\u00e1ndor nem fut t\u00f6bb\u00e9, nem menek\u00fcl.<\/p>\n\n\n\n<p>\u00c1ll\u00e1sa van. Azaz \u00fcl\u00e9se. Egy \u00edr\u00f3asztal m\u00f6g\u00f6tt. Meg saj\u00e1t iroda. Saj\u00e1t titk\u00e1rn\u0151. Akarhat egy k\u00f6lt\u0151 enn\u00e9l t\u00f6bbet?<\/p>\n\n\n\n<p>Akarhat, de h\u00e1t az \u00e9let nem k\u00edv\u00e1ns\u00e1gm\u0171sor. Az Els\u0151 \u00c1llami Rad\u00edrgy\u00e1r munkat\u00e1rs\u00e1nak lenni igaz\u00e1n megtisztel\u0151 dolog. Nem volt k\u00f6nny\u0171 bejutni, ami azt illeti. Mindent Vilm\u00e1csk\u00e1nak k\u00f6sz\u00f6nhet. A h\u00f6lgy azt mondta, ha S\u00e1ndor meg\u00edg\u00e9ri, hogy nem \u00edr hozz\u00e1 t\u00f6bb verset, \u00e9s felhagy a vir\u00e1gcsokrok k\u00fcld\u00f6zget\u00e9s\u00e9vel, beszerzi valami j\u00f3 helyre. Ahol \u00e9pp \u00fcresed\u00e9s van.<\/p>\n<\/div>\n\n\n\n<p>(<a href=\"https:\/\/opus-folyoirat.sk\/?page_id=3017\" data-type=\"link\" data-id=\"https:\/\/opus-folyoirat.sk\/?page_id=3017\">olvass tov\u00e1bb<\/a>)<\/p>\n\n\n\n<hr class=\"wp-block-separator has-alpha-channel-opacity is-style-wide\"\/>\n\n\n\n<p><\/p>\n\n\n\n<div class=\"wp-block-group is-vertical is-layout-flex wp-container-core-group-is-layout-8cf370e7 wp-block-group-is-layout-flex\">\n<p class=\"has-medium-font-size\">Nagy Erika<\/p>\n\n\n\n<p><strong>A rem\u00e9ny kis szikr\u00e1ja<\/strong><\/p>\n<\/div>\n\n\n<div class=\"wp-block-image\">\n<figure class=\"alignright size-large is-resized\"><img loading=\"lazy\" decoding=\"async\" width=\"1024\" height=\"682\" src=\"http:\/\/opus-folyoirat.sk\/wp-content\/uploads\/2023\/11\/01_NagyErika-1024x682.jpg\" alt=\"\" class=\"wp-image-988\" style=\"width:236px;height:auto\" srcset=\"https:\/\/opus-folyoirat.sk\/wp-content\/uploads\/2023\/11\/01_NagyErika-1024x682.jpg 1024w, https:\/\/opus-folyoirat.sk\/wp-content\/uploads\/2023\/11\/01_NagyErika-300x200.jpg 300w, https:\/\/opus-folyoirat.sk\/wp-content\/uploads\/2023\/11\/01_NagyErika-768x512.jpg 768w, https:\/\/opus-folyoirat.sk\/wp-content\/uploads\/2023\/11\/01_NagyErika-1536x1024.jpg 1536w, https:\/\/opus-folyoirat.sk\/wp-content\/uploads\/2023\/11\/01_NagyErika-2048x1365.jpg 2048w, https:\/\/opus-folyoirat.sk\/wp-content\/uploads\/2023\/11\/01_NagyErika-450x300.jpg 450w\" sizes=\"auto, (max-width: 1024px) 100vw, 1024px\" \/><\/figure><\/div>\n\n\n<p>\u00c9jszaka hatalmas vihar \u00e1ztatta a k\u00f6rny\u00e9ket, m\u00e9retes pocsoly\u00e1k csillogtak az utakon. K\u00e1roly mereven b\u00e1multa az ablakb\u00f3l, amint a nap lassan felg\u00f6rd\u00fclt az \u00e9gre. Kipihentnek \u00e9rezte mag\u00e1t, felvette mag\u00e1ra a&nbsp;k\u00f6peny\u00e9t, \u00e9s kiment a&nbsp;teraszra. Szeme m\u00e9lyen \u00fcl\u0151 volt, s\u00f6t\u00e9t haj\u00e1ba \u0151sz sz\u00e1lak vegy\u00fcltek. V\u00e9kony, cserepesre sz\u00e1radt ajkait dacosan szor\u00edtotta \u00f6ssze. Mint egy szobor, a maga g\u00f6rcs\u00f6s merevs\u00e9g\u00e9vel, \u00fagy b\u00e1mult maga el\u00e9, nem pislogott, meg sem rezzent. Az \u00f6reg t\u00f6lgy tetej\u00e9n egy kismad\u00e1r v\u00e9gtelen f\u00fcttykoncerttel k\u00f6sz\u00f6nt\u00f6tte a reggelt. Mag\u00e1ba sz\u00edvta a tavaszi leveg\u0151t, kellemes \u00e9rz\u00e9s t\u00f6lt\u00f6tte el, csak a mag\u00e1ny keser\u0171 \u00edz\u00e9t \u00e9rezte a sz\u00e1j\u00e1ban.<\/p>\n\n\n\n<p>(<a href=\"https:\/\/opus-folyoirat.sk\/?p=2972\" data-type=\"link\" data-id=\"https:\/\/opus-folyoirat.sk\/?p=2972\">olvass tov\u00e1bb<\/a>)<\/p>\n\n\n\n<hr class=\"wp-block-separator has-alpha-channel-opacity is-style-wide\"\/>\n\n\n\n<p class=\"has-medium-font-size\">Fellinger K\u00e1roly<\/p>\n\n\n\n<h1 class=\"wp-block-heading\"><strong>Kajszibarack<\/strong><\/h1>\n\n\n\n<p><\/p>\n\n\n\n<div class=\"wp-block-group is-vertical is-layout-flex wp-container-core-group-is-layout-8cf370e7 wp-block-group-is-layout-flex\">\n<p id=\"block-7e929933-3d4d-4c82-8949-3ddddb005f3c\">J\u00e1nos mes\u00e9lte, gyerekkor\u00e1ban az&nbsp;<\/p>\n\n\n\n<p id=\"block-839b23d7-cb17-4b88-a771-76fd99d2d2a2\">\u00f6ccs\u00e9vel, Imr\u00e9vel elj\u00e1rt&nbsp;Madar\u00e1sz<\/p>\n\n\n\n<p id=\"block-49652ebb-d722-4b11-8cbf-cd069d71322e\">Mariska n\u00e9nihez kajszibarackot&nbsp;<\/p>\n\n\n\n<p id=\"block-f736b2ba-74a9-44eb-9eb2-4c8b8670c5ad\">szedni a magas f\u00e1r\u00f3l, kapott \u00e9rte<\/p>\n<\/div>\n\n\n\n<p><\/p>\n\n\n\n<p>(<a href=\"https:\/\/opus-folyoirat.sk\/?page_id=3564\" data-type=\"link\" data-id=\"https:\/\/opus-folyoirat.sk\/?page_id=3564\">olvass tov\u00e1bb<\/a>)<\/p>\n\n\n\n<hr class=\"wp-block-separator has-alpha-channel-opacity is-style-wide\"\/>\n\n\n\n<div class=\"wp-block-group is-vertical is-layout-flex wp-container-core-group-is-layout-8cf370e7 wp-block-group-is-layout-flex\">\n<p class=\"has-medium-font-size\">Nagy Erika<\/p>\n\n\n\n<p><strong>Ma kit ut\u00e1ljak?<\/strong><\/p>\n<\/div>\n\n\n<div class=\"wp-block-image\">\n<figure class=\"alignright size-large is-resized\"><img loading=\"lazy\" decoding=\"async\" width=\"1024\" height=\"682\" src=\"http:\/\/opus-folyoirat.sk\/wp-content\/uploads\/2023\/11\/01_NagyErika-1024x682.jpg\" alt=\"\" class=\"wp-image-988\" style=\"width:239px;height:auto\" srcset=\"https:\/\/opus-folyoirat.sk\/wp-content\/uploads\/2023\/11\/01_NagyErika-1024x682.jpg 1024w, https:\/\/opus-folyoirat.sk\/wp-content\/uploads\/2023\/11\/01_NagyErika-300x200.jpg 300w, https:\/\/opus-folyoirat.sk\/wp-content\/uploads\/2023\/11\/01_NagyErika-768x512.jpg 768w, https:\/\/opus-folyoirat.sk\/wp-content\/uploads\/2023\/11\/01_NagyErika-1536x1024.jpg 1536w, https:\/\/opus-folyoirat.sk\/wp-content\/uploads\/2023\/11\/01_NagyErika-2048x1365.jpg 2048w, https:\/\/opus-folyoirat.sk\/wp-content\/uploads\/2023\/11\/01_NagyErika-450x300.jpg 450w\" sizes=\"auto, (max-width: 1024px) 100vw, 1024px\" \/><\/figure><\/div>\n\n\n<p>Tess\u00e9k? Hozz\u00e1m sz\u00f3lt\u00e1l? Nem mondod! T\u00f6k\u00f6s csaj vagy, h\u00fa de nagyon. Csak \u00fagy a szemembe? Bele egyenesen? Ja, hogy a f\u00fclembe? A tekerv\u00e9nyes hall\u00f3j\u00e1ratba? S mindent? Az j\u00f3, legal\u00e1bb lenyugodt\u00e1l. Hogy nem? Hogy m\u00e9g mindig ott kavarog gyomrodban az eb\u00e9d? Hogy hi\u00e1ba volt minden, mert nem lett jobb? Szeg\u00e9ny\u2026&nbsp;<\/p>\n\n\n\n<p>(<a href=\"https:\/\/opus-folyoirat.sk\/?page_id=2966\" data-type=\"link\" data-id=\"https:\/\/opus-folyoirat.sk\/?page_id=2966\">olvass tov\u00e1bb<\/a>)<\/p>\n\n\n\n<hr class=\"wp-block-separator has-alpha-channel-opacity is-style-wide\"\/>\n\n\n\n<p class=\"has-medium-font-size\">Balogh Ildik\u00f3 versford\u00edt\u00e1sai<\/p>\n\n\n\n<div class=\"wp-block-group is-vertical is-layout-flex wp-container-core-group-is-layout-8cf370e7 wp-block-group-is-layout-flex\">\n<p><strong>Az \u00c9let vize<\/strong><\/p>\n\n\n\n<p><em>(\u017div\u00e1 voda)<\/em><\/p>\n<\/div>\n\n\n<div class=\"wp-block-image\">\n<figure class=\"alignright size-large is-resized\"><img loading=\"lazy\" decoding=\"async\" width=\"939\" height=\"1024\" src=\"http:\/\/opus-folyoirat.sk\/wp-content\/uploads\/2025\/11\/Balogh-Ildiko-939x1024.jpg\" alt=\"\" class=\"wp-image-3136\" style=\"width:150px;height:auto\" srcset=\"https:\/\/opus-folyoirat.sk\/wp-content\/uploads\/2025\/11\/Balogh-Ildiko-939x1024.jpg 939w, https:\/\/opus-folyoirat.sk\/wp-content\/uploads\/2025\/11\/Balogh-Ildiko-275x300.jpg 275w, https:\/\/opus-folyoirat.sk\/wp-content\/uploads\/2025\/11\/Balogh-Ildiko-768x838.jpg 768w, https:\/\/opus-folyoirat.sk\/wp-content\/uploads\/2025\/11\/Balogh-Ildiko-1408x1536.jpg 1408w, https:\/\/opus-folyoirat.sk\/wp-content\/uploads\/2025\/11\/Balogh-Ildiko-1877x2048.jpg 1877w\" sizes=\"auto, (max-width: 939px) 100vw, 939px\" \/><\/figure><\/div>\n\n\n<div class=\"wp-block-group is-vertical is-layout-flex wp-container-core-group-is-layout-8cf370e7 wp-block-group-is-layout-flex\">\n<p>A tizenharmadik szob\u00e1ban&nbsp;<\/p>\n\n\n\n<p>A tizenharmadik \u00e1gyban az ablak mellett<\/p>\n\n\n\n<p>Az \u00c9let vize elaludt<\/p>\n\n\n\n<p>T\u00e9l volt, \u00e9v v\u00e9ge<\/p>\n<\/div>\n\n\n\n<p><\/p>\n\n\n\n<div class=\"wp-block-group is-vertical is-layout-flex wp-container-core-group-is-layout-8cf370e7 wp-block-group-is-layout-flex\">\n<p>M\u00e1r nyugd\u00edjas volt&nbsp;<\/p>\n\n\n\n<p>S k\u00fcl\u00f6nf\u00e9le okokb\u00f3l<\/p>\n\n\n\n<p>Nem vette fel a nyugd\u00edjat a mes\u00e9k k\u00f6zpontj\u00e1b\u00f3l<\/p>\n\n\n\n<p>Az \u00c9let vize meghalt&nbsp;<\/p>\n\n\n\n<p>Csak \u00fagy \u00f6regs\u00e9g\u00e9ben<\/p>\n\n\n\n<p>Valaki megf\u00e9s\u00fclte megmosdatta fel\u00f6lt\u00f6ztette<\/p>\n<\/div>\n\n\n\n<p>(<a href=\"https:\/\/opus-folyoirat.sk\/?page_id=3139\" data-type=\"link\" data-id=\"https:\/\/opus-folyoirat.sk\/?page_id=3139\">olvass tov\u00e1bb<\/a>)<\/p>\n\n\n\n<hr class=\"wp-block-separator has-alpha-channel-opacity is-style-wide\"\/>\n\n\n\n<p class=\"has-medium-font-size\">Bakonyi Istv\u00e1n versei<\/p>\n\n\n\n<p><strong>N\u00e9zd<\/strong><\/p>\n\n\n<div class=\"wp-block-image\">\n<figure class=\"alignright size-large is-resized\"><img loading=\"lazy\" decoding=\"async\" width=\"1024\" height=\"576\" src=\"http:\/\/opus-folyoirat.sk\/wp-content\/uploads\/2025\/12\/Bakonyi-1024x576.jpg\" alt=\"\" class=\"wp-image-3302\" style=\"width:182px;height:auto\" srcset=\"https:\/\/opus-folyoirat.sk\/wp-content\/uploads\/2025\/12\/Bakonyi-1024x576.jpg 1024w, https:\/\/opus-folyoirat.sk\/wp-content\/uploads\/2025\/12\/Bakonyi-300x169.jpg 300w, https:\/\/opus-folyoirat.sk\/wp-content\/uploads\/2025\/12\/Bakonyi-768x432.jpg 768w, https:\/\/opus-folyoirat.sk\/wp-content\/uploads\/2025\/12\/Bakonyi-1536x864.jpg 1536w, https:\/\/opus-folyoirat.sk\/wp-content\/uploads\/2025\/12\/Bakonyi-2048x1152.jpg 2048w, https:\/\/opus-folyoirat.sk\/wp-content\/uploads\/2025\/12\/Bakonyi-500x281.jpg 500w\" sizes=\"auto, (max-width: 1024px) 100vw, 1024px\" \/><\/figure><\/div>\n\n\n<div class=\"wp-block-group is-vertical is-layout-flex wp-container-core-group-is-layout-8cf370e7 wp-block-group-is-layout-flex\">\n<p>N\u00e9zd a vil\u00e1got, mennyi borzalom.<\/p>\n\n\n\n<p>Mennyi keser, mennyi f\u00e1jdalom.<\/p>\n\n\n\n<p>Mennyi visz\u00e1ly, mennyi hordal\u00e9k.<\/p>\n\n\n\n<p>Tajt\u00e9k \u00e9s gy\u0171l\u00f6let.<\/p>\n\n\n\n<p>S a l\u00e9lek is er\u0151tlen, a test romland\u00f3.<\/p>\n<\/div>\n\n\n\n<p>(<a href=\"https:\/\/opus-folyoirat.sk\/?page_id=3305\" data-type=\"link\" data-id=\"https:\/\/opus-folyoirat.sk\/?page_id=3305\">olvass tov\u00e1bb<\/a>)<\/p>\n\n\n\n<hr class=\"wp-block-separator has-alpha-channel-opacity is-style-wide\"\/>\n\n\n\n<p class=\"has-medium-font-size\">Z. N\u00e9meth Istv\u00e1n <\/p>\n\n\n\n<p><strong>A kar\u00e1tsonyfa<\/strong><\/p>\n\n\n<div class=\"wp-block-image\">\n<figure class=\"alignright size-large is-resized\"><img loading=\"lazy\" decoding=\"async\" width=\"1024\" height=\"1019\" src=\"http:\/\/opus-folyoirat.sk\/wp-content\/uploads\/2024\/02\/ZNemethPista-1024x1019.jpeg\" alt=\"\" class=\"wp-image-1150\" style=\"width:179px;height:auto\" srcset=\"https:\/\/opus-folyoirat.sk\/wp-content\/uploads\/2024\/02\/ZNemethPista-1024x1019.jpeg 1024w, https:\/\/opus-folyoirat.sk\/wp-content\/uploads\/2024\/02\/ZNemethPista-300x300.jpeg 300w, https:\/\/opus-folyoirat.sk\/wp-content\/uploads\/2024\/02\/ZNemethPista-150x150.jpeg 150w, https:\/\/opus-folyoirat.sk\/wp-content\/uploads\/2024\/02\/ZNemethPista-768x764.jpeg 768w, https:\/\/opus-folyoirat.sk\/wp-content\/uploads\/2024\/02\/ZNemethPista-1536x1528.jpeg 1536w, https:\/\/opus-folyoirat.sk\/wp-content\/uploads\/2024\/02\/ZNemethPista-301x300.jpeg 301w, https:\/\/opus-folyoirat.sk\/wp-content\/uploads\/2024\/02\/ZNemethPista.jpeg 1635w\" sizes=\"auto, (max-width: 1024px) 100vw, 1024px\" \/><\/figure><\/div>\n\n\n<div class=\"wp-block-group is-vertical is-layout-flex wp-container-core-group-is-layout-8cf370e7 wp-block-group-is-layout-flex\">\n<p>S\u00e1ndor, mint azt m\u00e1r tudjuk,&nbsp; fut.<\/p>\n\n\n\n<p>A rendszeres testmozg\u00e1s eg\u00e9szs\u00e9ges, ezt \u0151 is tudja, \u00e1m olyan szek\u00e9r ut\u00e1n futni rendk\u00edv\u00fcl f\u00e1raszt\u00f3, amelyik nem vesz fel.<\/p>\n\n\n\n<p>Pozsonyban vagyunk, 1930. december 20-\u00e1t \u00edrjuk. Odakint igencsak havas arc\u00e1t mutatja a t\u00e9l, idebent viszont kellemesen duruzsol a kandall\u00f3. Meg a k\u00f6lt\u0151 is a sz\u00e9p l\u00e1ny f\u00fcl\u00e9be. Azt\u00e1n hirtelen kiugrik a m\u00e9regdr\u00e1ga, csinos, m\u0171b\u0151rrel bevont k\u00e9tszem\u00e9lyes fotel meghitts\u00e9g\u00e9b\u0151l, \u00e9s kedvese el\u00e9 t\u00e9rdel.<\/p>\n\n\n\n<p>\u2013 Dr\u00e1ga Alzsbeta! Engedd meg\u2026<\/p>\n<\/div>\n\n\n\n<p><\/p>\n\n\n\n<p>(<a href=\"https:\/\/opus-folyoirat.sk\/?page_id=3013\" data-type=\"link\" data-id=\"https:\/\/opus-folyoirat.sk\/?page_id=3013\">olvass tov\u00e1bb<\/a>)<\/p>\n\n\n\n<hr class=\"wp-block-separator has-alpha-channel-opacity is-style-wide\"\/>\n\n\n\n<p class=\"has-medium-font-size\">Bakonyi Istv\u00e1n versei<\/p>\n\n\n\n<p><strong>A szem<\/strong><\/p>\n\n\n<div class=\"wp-block-image\">\n<figure class=\"alignright size-large is-resized\"><img loading=\"lazy\" decoding=\"async\" width=\"1024\" height=\"576\" src=\"https:\/\/opus-folyoirat.sk\/wp-content\/uploads\/2025\/12\/Bakonyi-1024x576.jpg\" alt=\"\" class=\"wp-image-3302\" style=\"width:194px;height:auto\" srcset=\"https:\/\/opus-folyoirat.sk\/wp-content\/uploads\/2025\/12\/Bakonyi-1024x576.jpg 1024w, https:\/\/opus-folyoirat.sk\/wp-content\/uploads\/2025\/12\/Bakonyi-300x169.jpg 300w, https:\/\/opus-folyoirat.sk\/wp-content\/uploads\/2025\/12\/Bakonyi-768x432.jpg 768w, https:\/\/opus-folyoirat.sk\/wp-content\/uploads\/2025\/12\/Bakonyi-1536x864.jpg 1536w, https:\/\/opus-folyoirat.sk\/wp-content\/uploads\/2025\/12\/Bakonyi-2048x1152.jpg 2048w, https:\/\/opus-folyoirat.sk\/wp-content\/uploads\/2025\/12\/Bakonyi-500x281.jpg 500w\" sizes=\"auto, (max-width: 1024px) 100vw, 1024px\" \/><\/figure><\/div>\n\n\n<div class=\"wp-block-group is-vertical is-layout-flex wp-container-core-group-is-layout-8cf370e7 wp-block-group-is-layout-flex\">\n<div class=\"wp-block-group is-vertical is-layout-flex wp-container-core-group-is-layout-8cf370e7 wp-block-group-is-layout-flex\">\n<p>N\u00e9zem a szemeket.&nbsp;<\/p>\n\n\n\n<p>Mindegyik m\u00e1s.<\/p>\n\n\n\n<p>Pedig milyen egyszer\u0171 forma.<\/p>\n\n\n\n<p>T\u00fckre a l\u00e9leknek?<\/p>\n\n\n\n<p>T\u00fckre a sz\u00e9ps\u00e9gnek, a v\u00e1gynak.<\/p>\n\n\n\n<p>M\u00e9ly barn\u00e1j\u00e1val, tengerk\u00e9kj\u00e9vel. Z\u00f6ldj\u00e9vel.<\/p>\n\n\n\n<p>Mosoly\u00e1val, k\u00f6nnyeivel, szigor\u00e1val, biztat\u00e1s\u00e1val.<br><\/p>\n<\/div>\n\n\n\n<p>A szem a legfontosabb.<\/p>\n<\/div>\n\n\n\n<p><\/p>\n\n\n\n<p>(<a href=\"https:\/\/opus-folyoirat.sk\/?page_id=3298\" data-type=\"link\" data-id=\"https:\/\/opus-folyoirat.sk\/?page_id=3298\">olvass tov\u00e1bb<\/a>)<\/p>\n\n\n\n<hr class=\"wp-block-separator has-alpha-channel-opacity is-style-wide\"\/>\n\n\n\n<div class=\"wp-block-group is-vertical is-layout-flex wp-container-core-group-is-layout-8cf370e7 wp-block-group-is-layout-flex\">\n<p class=\"has-medium-font-size\">Nagy Erika<\/p>\n\n\n\n<p><strong>Testen \u00e9s lelken \u00fct\u00f6tt lyuk<\/strong><\/p>\n<\/div>\n\n\n<div class=\"wp-block-image\">\n<figure class=\"alignright size-large is-resized\"><img loading=\"lazy\" decoding=\"async\" width=\"1024\" height=\"682\" src=\"http:\/\/opus-folyoirat.sk\/wp-content\/uploads\/2023\/11\/01_NagyErika-1024x682.jpg\" alt=\"\" class=\"wp-image-988\" style=\"width:236px;height:auto\" srcset=\"https:\/\/opus-folyoirat.sk\/wp-content\/uploads\/2023\/11\/01_NagyErika-1024x682.jpg 1024w, https:\/\/opus-folyoirat.sk\/wp-content\/uploads\/2023\/11\/01_NagyErika-300x200.jpg 300w, https:\/\/opus-folyoirat.sk\/wp-content\/uploads\/2023\/11\/01_NagyErika-768x512.jpg 768w, https:\/\/opus-folyoirat.sk\/wp-content\/uploads\/2023\/11\/01_NagyErika-1536x1024.jpg 1536w, https:\/\/opus-folyoirat.sk\/wp-content\/uploads\/2023\/11\/01_NagyErika-2048x1365.jpg 2048w, https:\/\/opus-folyoirat.sk\/wp-content\/uploads\/2023\/11\/01_NagyErika-450x300.jpg 450w\" sizes=\"auto, (max-width: 1024px) 100vw, 1024px\" \/><\/figure><\/div>\n\n\n<p>Ma v\u00e9g\u00e9rv\u00e9nyesen bel\u00e1ttam, neh\u00e9z embernek lenni. Ezt gondolta Albert Schweitzer is, csak \u0151 m\u00e9g megtoldotta azzal, hogy \u201em\u00e1snak lenni meg nem \u00e9rdemes\u201d. S nagyon igaza van. Ma elszakad n\u00e1lam a c\u00e9rna, bel\u00e1ttam, hogy szimpla emberk\u00e9nt kev\u00e9s vagyok seg\u00edteni azokon, akik menthetetlenek. Meg m\u00e1r nem is szeretn\u00e9m felesleges dolgokra pocs\u00e9kolni a dr\u00e1ga id\u0151met. Naponta tal\u00e1lkozunk ilyen emberekkel. S\u00f3hajtoznak, fulladoznak az \u00f6nsajn\u00e1latban, hib\u00e1ztatnak, \u00e1tvernek, becsapnak, szinte \u00f6nostorozva fetrengenek saj\u00e1t pesszimizmusukban. Senki nem mentes a hull\u00e1mv\u00f6lgyekt\u0151l, de vissza kell r\u00e1z\u00f3dni az \u00e9lhet\u0151 \u00e1llapotba. \u00d6r\u00fclni kell annak, hogy s\u00fct a nap, hogy z\u00f6ld\u00fcl a term\u00e9szet, hogy csiripelnek a madarak&#8230;<\/p>\n\n\n\n<p>(<a href=\"https:\/\/opus-folyoirat.sk\/?page_id=2962\" data-type=\"link\" data-id=\"https:\/\/opus-folyoirat.sk\/?page_id=2962\">olvass tov\u00e1bb<\/a>)<\/p>\n\n\n\n<hr class=\"wp-block-separator has-alpha-channel-opacity is-style-wide\"\/>\n\n\n\n<p class=\"has-medium-font-size\">G\u00e1gyor P\u00e9ter versford\u00edt\u00e1sai<\/p>\n\n\n\n<p>Pavol Jan\u00edk<\/p>\n\n\n\n<div class=\"wp-block-group is-vertical is-layout-flex wp-container-core-group-is-layout-8cf370e7 wp-block-group-is-layout-flex\">\n<p><strong>Minden el\u0151zetes h\u00edj\u00e1n&nbsp;<\/strong><\/p>\n\n\n\n<p><em>(Bez pr\u00edpravy)<\/em><\/p>\n<\/div>\n\n\n\n<div class=\"wp-block-group is-vertical is-layout-flex wp-container-core-group-is-layout-8cf370e7 wp-block-group-is-layout-flex\">\n<p>Vers csak egy pet\u00e1k\u00e9rt<\/p>\n\n\n\n<p>legyen az val\u00f3di vert fabatka<\/p>\n\n\n\n<p>vagyis egy pet\u00e1k<\/p>\n\n\n\n<p>alatta szerelmetes \u00fczenetek halmaza<\/p>\n\n\n\n<p>\u00e9s erdei falevelek&nbsp;<\/p>\n\n\n\n<p>m\u00e1r az els\u0151 asszony&nbsp;<\/p>\n\n\n\n<p>szerelmes levele is ott volt<\/p>\n\n\n\n<p>azon az \u00e1gon<\/p>\n<\/div>\n\n\n\n<p><\/p>\n\n\n\n<p>(<a href=\"https:\/\/opus-folyoirat.sk\/?page_id=3543\" data-type=\"link\" data-id=\"https:\/\/opus-folyoirat.sk\/?page_id=3543\">olvass tov\u00e1bb<\/a>)<\/p>\n\n\n\n<hr class=\"wp-block-separator has-alpha-channel-opacity is-style-wide\"\/>\n\n\n\n<p class=\"has-medium-font-size\">Balogh Ildik\u00f3 versford\u00edt\u00e1sai<\/p>\n\n\n\n<div class=\"wp-block-group is-vertical is-layout-flex wp-container-core-group-is-layout-8cf370e7 wp-block-group-is-layout-flex\">\n<p><strong>Milan Lasica<\/strong><\/p>\n\n\n\n<p><strong>Godot nem j\u00f6n<\/strong><\/p>\n\n\n\n<p><em>(Godot nepr\u00edde)<\/em><\/p>\n<\/div>\n\n\n<div class=\"wp-block-image\">\n<figure class=\"alignright size-large is-resized\"><img loading=\"lazy\" decoding=\"async\" width=\"939\" height=\"1024\" src=\"https:\/\/opus-folyoirat.sk\/wp-content\/uploads\/2025\/11\/Balogh-Ildiko-939x1024.jpg\" alt=\"\" class=\"wp-image-3136\" style=\"width:152px;height:auto\" srcset=\"https:\/\/opus-folyoirat.sk\/wp-content\/uploads\/2025\/11\/Balogh-Ildiko-939x1024.jpg 939w, https:\/\/opus-folyoirat.sk\/wp-content\/uploads\/2025\/11\/Balogh-Ildiko-275x300.jpg 275w, https:\/\/opus-folyoirat.sk\/wp-content\/uploads\/2025\/11\/Balogh-Ildiko-768x838.jpg 768w, https:\/\/opus-folyoirat.sk\/wp-content\/uploads\/2025\/11\/Balogh-Ildiko-1408x1536.jpg 1408w, https:\/\/opus-folyoirat.sk\/wp-content\/uploads\/2025\/11\/Balogh-Ildiko-1877x2048.jpg 1877w\" sizes=\"auto, (max-width: 939px) 100vw, 939px\" \/><\/figure><\/div>\n\n\n<div class=\"wp-block-group is-vertical is-layout-flex wp-container-core-group-is-layout-8cf370e7 wp-block-group-is-layout-flex\">\n<p>Ismerem ezt az&nbsp;id\u0151tlen v\u00e1rakoz\u00e1st<\/p>\n\n\n\n<p>mikor v\u00e1rod hogy valami v\u00e1ltozzon<\/p>\n\n\n\n<p>de nem tudod pontosan mi \u00e9s mikor&nbsp;<\/p>\n\n\n\n<p>utolj\u00e1ra v\u00e1rakozol minden nap<\/p>\n\n\n\n<p>majd holnapt\u00f3l \u00fajra<\/p>\n\n\n\n<p>mintha kicser\u00e9ltek volna<\/p>\n<\/div>\n\n\n\n<p><\/p>\n\n\n\n<p>(<a href=\"https:\/\/opus-folyoirat.sk\/?page_id=3133\" data-type=\"link\" data-id=\"https:\/\/opus-folyoirat.sk\/?page_id=3133\">olvass tov\u00e1bb<\/a>)<\/p>\n\n\n\n<hr class=\"wp-block-separator has-alpha-channel-opacity is-style-wide\"\/>\n\n\n\n<p class=\"has-medium-font-size\">Sz\u00e9kelyhidi Zsolt<\/p>\n\n\n<div class=\"wp-block-image\">\n<figure class=\"alignright size-large is-resized\"><img loading=\"lazy\" decoding=\"async\" width=\"1024\" height=\"1024\" src=\"http:\/\/opus-folyoirat.sk\/wp-content\/uploads\/2025\/12\/Szekelyhidi-Zsolt-1024x1024.jpg\" alt=\"\" class=\"wp-image-3292\" style=\"width:165px;height:auto\" srcset=\"https:\/\/opus-folyoirat.sk\/wp-content\/uploads\/2025\/12\/Szekelyhidi-Zsolt-1024x1024.jpg 1024w, https:\/\/opus-folyoirat.sk\/wp-content\/uploads\/2025\/12\/Szekelyhidi-Zsolt-300x300.jpg 300w, https:\/\/opus-folyoirat.sk\/wp-content\/uploads\/2025\/12\/Szekelyhidi-Zsolt-150x150.jpg 150w, https:\/\/opus-folyoirat.sk\/wp-content\/uploads\/2025\/12\/Szekelyhidi-Zsolt-768x768.jpg 768w, https:\/\/opus-folyoirat.sk\/wp-content\/uploads\/2025\/12\/Szekelyhidi-Zsolt-1536x1536.jpg 1536w, https:\/\/opus-folyoirat.sk\/wp-content\/uploads\/2025\/12\/Szekelyhidi-Zsolt.jpg 1610w\" sizes=\"auto, (max-width: 1024px) 100vw, 1024px\" \/><\/figure><\/div>\n\n\n<p><strong>T\u00fcnet<\/strong><\/p>\n\n\n\n<div class=\"wp-block-group is-vertical is-layout-flex wp-container-core-group-is-layout-8cf370e7 wp-block-group-is-layout-flex\">\n<p>Az \u00e9leten kapni \u00f6ssze,<\/p>\n\n\n\n<p>az id\u0151k hogy teljenek,<\/p>\n\n\n\n<p>a test hov\u00e1 fogyjon,<\/p>\n\n\n\n<p>a k\u00e9z mibe fogjon.<\/p>\n<\/div>\n\n\n\n<p>(<a href=\"https:\/\/opus-folyoirat.sk\/?page_id=3289\" data-type=\"link\" data-id=\"https:\/\/opus-folyoirat.sk\/?page_id=3289\">olvass tov\u00e1bb<\/a>)<\/p>\n\n\n\n<hr class=\"wp-block-separator has-alpha-channel-opacity is-style-wide\"\/>\n\n\n\n<div class=\"wp-block-group is-vertical is-layout-flex wp-container-core-group-is-layout-8cf370e7 wp-block-group-is-layout-flex\">\n<p class=\"has-medium-font-size\">Hogya Gy\u00f6rgy<\/p>\n\n\n\n<p><strong>Barangol\u00e1sok Winckelmann szellemi er\u0151lk\u00f6d\u00e9sei k\u00f6r\u00fcl<\/strong><\/p>\n<\/div>\n\n\n<div class=\"wp-block-image\">\n<figure class=\"alignright size-large is-resized\"><img loading=\"lazy\" decoding=\"async\" width=\"1024\" height=\"1004\" src=\"http:\/\/opus-folyoirat.sk\/wp-content\/uploads\/2025\/09\/Hogya-1024x1004.jpg\" alt=\"\" class=\"wp-image-2625\" style=\"width:186px;height:auto\" srcset=\"https:\/\/opus-folyoirat.sk\/wp-content\/uploads\/2025\/09\/Hogya-1024x1004.jpg 1024w, https:\/\/opus-folyoirat.sk\/wp-content\/uploads\/2025\/09\/Hogya-300x294.jpg 300w, https:\/\/opus-folyoirat.sk\/wp-content\/uploads\/2025\/09\/Hogya-768x753.jpg 768w, https:\/\/opus-folyoirat.sk\/wp-content\/uploads\/2025\/09\/Hogya-306x300.jpg 306w, https:\/\/opus-folyoirat.sk\/wp-content\/uploads\/2025\/09\/Hogya.jpg 1304w\" sizes=\"auto, (max-width: 1024px) 100vw, 1024px\" \/><\/figure><\/div>\n\n\n<div class=\"wp-block-group is-vertical is-layout-flex wp-container-core-group-is-layout-8cf370e7 wp-block-group-is-layout-flex\">\n<p>Joachim Winckelmann \u00e9let\u00e9nek \u00edve \u00e9ppen \u00fagy t\u00f6rt meg, mint annak a diszkosznak a rep\u00fcl\u00e9si \u00edve, amelyet a Nyugati Sz\u00e9l f\u00e9lt\u00e9kenys\u00e9g\u00e9ben a sp\u00e1rtai herceg, H\u00fcakinthosz fej\u00e9hez v\u00e1gott, mikor Apoll\u00f3nnal diszkoszvet\u00e9st gyakoroltak.<\/p>\n\n\n\n<p>Joachim Winckelmann a XVIII. sz\u00e1zadb\u00f3l egy hat\u00e1rozott mozdulattal ny\u00falt h\u00e1tra, az eur\u00f3pai t\u00f6rt\u00e9nelembe, \u00e9s abb\u00f3l, amit ott tal\u00e1lt, megalkotta \u00e9lete f\u0151 m\u0171v\u00e9t, az <em>\u00d3kori m\u0171v\u00e9szet t\u00f6rt\u00e9net\u00e9t<\/em>. B\u00e1r ez eg\u00e9sz Eur\u00f3p\u00e1ban ismertt\u00e9 \u00e9s elismertt\u00e9 tette, f\u00e9l\u0151, hogy m\u0171v\u00e9nek jelent\u0151s\u00e9g\u00e9t nem foghatta fel teljes eg\u00e9sz\u00e9ben \u2013 az \u201eigazi\u201d m\u00e9ltat\u00e1s ugyanis mindig az ut\u00f3korra marad.<\/p>\n<\/div>\n\n\n\n<p>(<a href=\"https:\/\/opus-folyoirat.sk\/?page_id=3004\" data-type=\"link\" data-id=\"https:\/\/opus-folyoirat.sk\/?page_id=3004\">olvass tov\u00e1bb<\/a>)<\/p>\n\n\n\n<hr class=\"wp-block-separator has-alpha-channel-opacity is-style-wide\"\/>\n\n\n\n<div class=\"wp-block-group is-vertical is-layout-flex wp-container-core-group-is-layout-8cf370e7 wp-block-group-is-layout-flex\">\n<p>Seres Rebeka<\/p>\n\n\n\n<p><strong>\u00c1t\u00e1zik<\/strong><\/p>\n<\/div>\n\n\n<div class=\"wp-block-image\">\n<figure class=\"alignright size-full is-resized\"><img loading=\"lazy\" decoding=\"async\" width=\"955\" height=\"960\" src=\"http:\/\/opus-folyoirat.sk\/wp-content\/uploads\/2025\/11\/SeresRebeka.jpg\" alt=\"\" class=\"wp-image-3034\" style=\"width:164px;height:auto\" srcset=\"https:\/\/opus-folyoirat.sk\/wp-content\/uploads\/2025\/11\/SeresRebeka.jpg 955w, https:\/\/opus-folyoirat.sk\/wp-content\/uploads\/2025\/11\/SeresRebeka-298x300.jpg 298w, https:\/\/opus-folyoirat.sk\/wp-content\/uploads\/2025\/11\/SeresRebeka-150x150.jpg 150w, https:\/\/opus-folyoirat.sk\/wp-content\/uploads\/2025\/11\/SeresRebeka-768x772.jpg 768w\" sizes=\"auto, (max-width: 955px) 100vw, 955px\" \/><\/figure><\/div>\n\n\n<div class=\"wp-block-group is-vertical is-layout-flex wp-container-core-group-is-layout-8cf370e7 wp-block-group-is-layout-flex\">\n<p>S\u00f3 marja a szememet. Mint egy kar n\u00e9lk\u00fcli \u00f6lel\u00e9s,&nbsp;<\/p>\n\n\n\n<p>beleb\u00fajok az \u00e1ramlat rezg\u0151 l\u00fcktet\u00e9s\u00e9be.<\/p>\n\n\n\n<p>A haj\u00f3 orra ism\u00e9t belemer\u00fcl a v\u00edzbe,<\/p>\n\n\n\n<p>nem kap leveg\u0151t, l\u00e1tom, hogy fullad. &#8230;.<\/p>\n<\/div>\n\n\n\n<p><\/p>\n\n\n\n<p>(<a href=\"https:\/\/opus-folyoirat.sk\/?page_id=3036\" data-type=\"link\" data-id=\"https:\/\/opus-folyoirat.sk\/?page_id=3036\">olvass tov\u00e1bb<\/a>)<\/p>\n\n\n\n<hr class=\"wp-block-separator has-alpha-channel-opacity is-style-wide\"\/>\n\n\n\n<div class=\"wp-block-group is-vertical is-layout-flex wp-container-core-group-is-layout-8cf370e7 wp-block-group-is-layout-flex\">\n<p class=\"has-medium-font-size\">Nagy Erika<\/p>\n\n\n\n<p><strong>Szellemj\u00e1rat<\/strong><\/p>\n<\/div>\n\n\n<div class=\"wp-block-image\">\n<figure class=\"alignright size-large is-resized\"><img loading=\"lazy\" decoding=\"async\" width=\"1024\" height=\"682\" src=\"http:\/\/opus-folyoirat.sk\/wp-content\/uploads\/2023\/11\/01_NagyErika-1024x682.jpg\" alt=\"\" class=\"wp-image-988\" style=\"width:224px;height:auto\" srcset=\"https:\/\/opus-folyoirat.sk\/wp-content\/uploads\/2023\/11\/01_NagyErika-1024x682.jpg 1024w, https:\/\/opus-folyoirat.sk\/wp-content\/uploads\/2023\/11\/01_NagyErika-300x200.jpg 300w, https:\/\/opus-folyoirat.sk\/wp-content\/uploads\/2023\/11\/01_NagyErika-768x512.jpg 768w, https:\/\/opus-folyoirat.sk\/wp-content\/uploads\/2023\/11\/01_NagyErika-1536x1024.jpg 1536w, https:\/\/opus-folyoirat.sk\/wp-content\/uploads\/2023\/11\/01_NagyErika-2048x1365.jpg 2048w, https:\/\/opus-folyoirat.sk\/wp-content\/uploads\/2023\/11\/01_NagyErika-450x300.jpg 450w\" sizes=\"auto, (max-width: 1024px) 100vw, 1024px\" \/><\/figure><\/div>\n\n\n<p>\u00c9szrevettem, hogy nem vagyok egyed\u00fcl, amikor az ablakb\u00f3l b\u00e1multam a vir\u00e1goskertet, ahol piros kardvir\u00e1gok k\u00fczd\u00f6ttek a kinti forr\u00f3s\u00e1ggal. A szemk\u00f6zti h\u00e1z m\u00e1sodik emelet\u00e9n egy \u00f6reg\u00far szint\u00e9n kitart\u00f3an k\u00f6ny\u00f6k\u00f6lt als\u00f3gaty\u00e1j\u00e1ban a korl\u00e1tnak t\u00e1maszkodva, \u00e9s kihaszn\u00e1lva magaslati helyzet\u00e9t, t\u00e1vcs\u00f6v\u00f6n kereszt\u00fcl kukkolt. Perverz diszn\u00f3! A p\u00e1rk\u00e1nyon mas\u00edroz\u00f3 hangy\u00e1kat figyeltem, akik a h\u00e1tukon piriny\u00f3 morzs\u00e1kkal igyekeztek, majd elt\u0171ntek a fal hajsz\u00e1lreped\u00e9s\u00e9ben. P\u00e1r perc m\u00falva ism\u00e9t j\u00f6tt egy csapat, nem rohantak, \u00fagy viselkedtek, mintha titkos k\u00fcldet\u00e9sben lenn\u00e9nek. Nyilv\u00e1n \u00fajabb t\u00e9lire val\u00f3 ut\u00e1n kutattak. Az egyik hangya meg\u00e1llt, \u00e9s kacsintott egyet pimaszul, mint egy Casanova. Behunytam a&nbsp;szemem \u00e9s n\u00e9h\u00e1ny pillanatig z\u00e1rva tartottam. Hirtelen minden els\u00f6t\u00e9tedett, \u00e9s a&nbsp;vir\u00e1gok hely\u00e9n egy tavat l\u00e1ttam, amelynek viz\u00e9t beragyogta a&nbsp;hold aranyl\u00f3 f\u00e9nye. A&nbsp;t\u00f3 felett egy v\u00e1llig \u00e9r\u0151 fekete haj\u00fa n\u0151t l\u00e1ttam lebegni, arca s\u00e1padt volt, haja sz\u00edne&nbsp;pedig m\u00e9g jobban kiemelte b\u0151re halv\u00e1nys\u00e1g\u00e1t. Fel\u00e9m fordult, gonosz tekintet\u00e9t, cs\u00faf nyelv\u00e9t \u00fagy \u00f6lt\u00f6gette r\u00e1m, mint a b\u00e9ka, amikor elkapja \u00e9s felfalja a legyet.&nbsp; Nyelve r\u00e1m tapadt, \u00e9n kap\u00e1l\u00f3dzva kerestem fog\u00f3dzkod\u00f3t, de semmit sem tal\u00e1ltam. Csak h\u00fazta maga fel\u00e9 a testemet, amikor elkaptam egy r\u00f3zsabokor seg\u00edt\u0151 kart ny\u00fajt\u00f3 \u00e1g\u00e1t. A t\u00f6visek a kezembe f\u00far\u00f3dtak, kapaszkodtak v\u00e9rz\u0151 h\u00fasomba, nem engedtek. Csapd\u00e1ba ker\u00fcltem. \u00dcv\u00f6lt\u00f6ttem a f\u00e1jdalomt\u00f3l, de annyi er\u0151m m\u00e9g volt, hogy a n\u0151 nyelv\u00e9hez suhintsak egyet a t\u00f6vises \u00e1ggal, s mint a horg\u00e1szbot csalija, kamp\u00f3k\u00e9nt m\u00e9lyedt a d\u00e9mon rusnya nyelv\u00e9be. A v\u00e1ratlan fordulatt\u00f3l meglep\u0151dve elengedett, \u00e9s siker\u00fclt fedez\u00e9kbe b\u00fajnom. Az arca teljesen \u00e1tv\u00e1ltozott, szem\u00e9b\u0151l v\u00f6r\u00f6s l\u00e1ngcs\u00f3va t\u00f6rt fel a magasba, \u00e9s fel\u00fcv\u00f6lt\u00f6tt.<\/p>\n\n\n\n<p>(<a href=\"https:\/\/opus-folyoirat.sk\/?page_id=2958\" data-type=\"link\" data-id=\"https:\/\/opus-folyoirat.sk\/?page_id=2958\">Olvass tov\u00e1bb<\/a>)<\/p>\n\n\n\n<hr class=\"wp-block-separator has-alpha-channel-opacity is-style-wide\"\/>\n\n\n\n<p class=\"has-medium-font-size\">Durec Val\u00e9ria versford\u00edt\u00e1sai<\/p>\n\n\n\n<div class=\"wp-block-group is-vertical is-layout-flex wp-container-core-group-is-layout-8cf370e7 wp-block-group-is-layout-flex\">\n<p><strong>Vers Svetlan\u00e1nak<\/strong><\/p>\n\n\n\n<p><em>(B\u00e1se\u0148 pre Svetlanu)<\/em><\/p>\n<\/div>\n\n\n<div class=\"wp-block-image\">\n<figure class=\"alignright size-large is-resized\"><img loading=\"lazy\" decoding=\"async\" width=\"768\" height=\"1024\" src=\"https:\/\/opus-folyoirat.sk\/wp-content\/uploads\/2025\/11\/DurecVali-768x1024.jpg\" alt=\"\" class=\"wp-image-3131\" style=\"width:190px;height:auto\" srcset=\"https:\/\/opus-folyoirat.sk\/wp-content\/uploads\/2025\/11\/DurecVali-768x1024.jpg 768w, https:\/\/opus-folyoirat.sk\/wp-content\/uploads\/2025\/11\/DurecVali-225x300.jpg 225w, https:\/\/opus-folyoirat.sk\/wp-content\/uploads\/2025\/11\/DurecVali-1152x1536.jpg 1152w, https:\/\/opus-folyoirat.sk\/wp-content\/uploads\/2025\/11\/DurecVali-1536x2048.jpg 1536w, https:\/\/opus-folyoirat.sk\/wp-content\/uploads\/2025\/11\/DurecVali-scaled.jpg 1920w\" sizes=\"auto, (max-width: 768px) 100vw, 768px\" \/><\/figure><\/div>\n\n\n<div class=\"wp-block-group is-vertical is-layout-flex wp-container-core-group-is-layout-8cf370e7 wp-block-group-is-layout-flex\">\n<p>te pontosan az a&nbsp;t\u00edpus vagy<\/p>\n\n\n\n<p>aki\u00e9rt a&nbsp;f\u00e9rfiak<\/p>\n\n\n\n<p>\u00e9les\u00edtik a&nbsp;borotvapeng\u00e9t ablakot nyitnak<\/p>\n\n\n\n<p>\u00e9s v\u00e1rj\u00e1k az els\u0151 gyorsvonatot<\/p>\n<\/div>\n\n\n\n<p><\/p>\n\n\n\n<p>sokkal el\u0151r\u00e9bb vagyok<\/p>\n\n\n\n<p><\/p>\n\n\n\n<div class=\"wp-block-group is-vertical is-layout-flex wp-container-core-group-is-layout-8cf370e7 wp-block-group-is-layout-flex\">\n<p>a&nbsp;szemem behunyom feletted&nbsp;<\/p>\n\n\n\n<p>\u0151r\u00fclten a&nbsp;falakba nevetek<\/p>\n\n\n\n<p>\u00e9s m\u00e1r a&nbsp;negyedik s\u00f6rt nyitom<\/p>\n\n\n\n<p>mert tudom hogy benned<\/p>\n<\/div>\n\n\n\n<p><\/p>\n\n\n\n<p>sokkal t\u00f6bb van<\/p>\n\n\n\n<p>(<a href=\"https:\/\/opus-folyoirat.sk\/?page_id=3128\" data-type=\"link\" data-id=\"https:\/\/opus-folyoirat.sk\/?page_id=3128\">olvass tov\u00e1bb<\/a>)<\/p>\n\n\n\n<hr class=\"wp-block-separator has-alpha-channel-opacity is-style-wide\"\/>\n\n\n\n<p class=\"has-medium-font-size\">Hogya Gy\u00f6rgy<\/p>\n\n\n\n<p><strong>A csapda<\/strong><\/p>\n\n\n<div class=\"wp-block-image\">\n<figure class=\"alignright size-large is-resized\"><img loading=\"lazy\" decoding=\"async\" width=\"1024\" height=\"1004\" src=\"https:\/\/opus-folyoirat.sk\/wp-content\/uploads\/2025\/10\/Hogya-1024x1004.jpg\" alt=\"\" class=\"wp-image-2761\" style=\"width:201px;height:auto\" srcset=\"https:\/\/opus-folyoirat.sk\/wp-content\/uploads\/2025\/10\/Hogya-1024x1004.jpg 1024w, https:\/\/opus-folyoirat.sk\/wp-content\/uploads\/2025\/10\/Hogya-300x294.jpg 300w, https:\/\/opus-folyoirat.sk\/wp-content\/uploads\/2025\/10\/Hogya-768x753.jpg 768w, https:\/\/opus-folyoirat.sk\/wp-content\/uploads\/2025\/10\/Hogya-306x300.jpg 306w, https:\/\/opus-folyoirat.sk\/wp-content\/uploads\/2025\/10\/Hogya.jpg 1304w\" sizes=\"auto, (max-width: 1024px) 100vw, 1024px\" \/><\/figure><\/div>\n\n\n<div class=\"wp-block-group is-vertical is-layout-flex wp-container-core-group-is-layout-8cf370e7 wp-block-group-is-layout-flex\">\n<p><em>A csapda l\u00e9nyege, hogy olyan helyzetet teremtsenek, amib\u0151l a \u201evad\u201d nem menek\u00fclhet, nem \u00faszhatja meg sz\u00e1razon, erk\u00f6lcsileg semmik\u00e9pp\u2026, be kell s\u00e1rozni a delikvenst, lehetetlenn\u00e9 kell tenni, hogy deaktiv\u00e1lj\u00e1k a c\u00e9lcsoportban val\u00f3 tev\u00e9kenys\u00e9get.<\/em><\/p>\n\n\n\n<p>Y. atya temet\u00e9s\u00e9n a harangl\u00e1bon k\u00edv\u00e1ncsiskod\u00f3 feh\u00e9r galambot b\u00e1multam a tol\u00f3sz\u00e9kemb\u0151l. \u0150 meg a hatalmas t\u00f6meget szemrev\u00e9telezte f\u00e9lrehajtott fejjel, ahogy azt a galambok, a ty\u00fakok \u00e9s olykor a v\u00e1laszra v\u00e1r\u00f3, feleltet\u0151, undok tan\u00e1rok szokt\u00e1k.<\/p>\n\n\n\n<p>A temet\u00e9sen sok h\u00edv\u0151 jelent meg, de azt a k\u00e9t alakot, akik Y. atya hal\u00e1l\u00e1\u00e9rt feleltek, nem l\u00e1ttam.<\/p>\n\n\n\n<p>Y. atya hal\u00e1l\u00e1nak konkr\u00e9t ok\u00e1t senki sem tudja. Az orvos \u201ebiol\u00f3giai hal\u00e1lt\u201d (az \u00e9l\u0151 szervezet m\u0171k\u00f6d\u00e9s\u00e9nek visszaford\u00edthatatlan, v\u00e9gleges le\u00e1ll\u00e1s\u00e1t) \u00e1llap\u00edtott meg, ami egy nyolcvann\u00e9gy \u00e9ves \u00f6regembern\u00e9l nem meglep\u0151.<\/p>\n\n\n\n<p>Az esettel kapcsolatos meglepet\u00e9ssel \u00e9n magam, pontosabban az \u00e9n t\u00f6rt\u00e9netem szolg\u00e1lhat. Mondom ezt annak ellen\u00e9re, hogy az ut\u00f3lagos \u00e9rtelmez\u00e9sek mindig is k\u00edv\u00e1nnival\u00f3t hagynak maguk ut\u00e1n.<\/p>\n\n\n\n<p>(<a href=\"https:\/\/opus-folyoirat.sk\/?page_id=2756\" data-type=\"page\" data-id=\"2756\">olvass tov\u00e1bb<\/a>)<\/p>\n<\/div>\n\n\n\n<hr class=\"wp-block-separator has-alpha-channel-opacity is-style-wide\"\/>\n\n\n\n<p class=\"has-medium-font-size\">Jakubecz M\u00e1rta <\/p>\n\n\n\n<p><strong>Az ut\u00f3d rem\u00e9nys\u00e9ge<\/strong><\/p>\n\n\n<div class=\"wp-block-image\">\n<figure class=\"alignright size-large is-resized\"><img loading=\"lazy\" decoding=\"async\" width=\"680\" height=\"1024\" src=\"https:\/\/opus-folyoirat.sk\/wp-content\/uploads\/2025\/11\/Jakubecz-Marta-680x1024.jpg\" alt=\"\" class=\"wp-image-3088\" style=\"width:120px;height:auto\" srcset=\"https:\/\/opus-folyoirat.sk\/wp-content\/uploads\/2025\/11\/Jakubecz-Marta-680x1024.jpg 680w, https:\/\/opus-folyoirat.sk\/wp-content\/uploads\/2025\/11\/Jakubecz-Marta-199x300.jpg 199w, https:\/\/opus-folyoirat.sk\/wp-content\/uploads\/2025\/11\/Jakubecz-Marta-768x1156.jpg 768w, https:\/\/opus-folyoirat.sk\/wp-content\/uploads\/2025\/11\/Jakubecz-Marta-1020x1536.jpg 1020w, https:\/\/opus-folyoirat.sk\/wp-content\/uploads\/2025\/11\/Jakubecz-Marta-1360x2048.jpg 1360w, https:\/\/opus-folyoirat.sk\/wp-content\/uploads\/2025\/11\/Jakubecz-Marta-scaled.jpg 1700w\" sizes=\"auto, (max-width: 680px) 100vw, 680px\" \/><\/figure><\/div>\n\n\n<p>Moln\u00e1r Antal sz\u00f3rakoz\u00e1sk\u00e9ppen \u00e9s agya kikapcsol\u00e1sa v\u00e9gett gyakran csemeg\u00e9zik az apr\u00f3hirdet\u00e9sek k\u00f6z\u00f6tt. Ilyenkor azon t\u0171n\u0151dik, hogy szinte hihetetlen, milyen \u201earanyk\u00f6p\u00e9sekre\u201d \u00e9s furcsas\u00e1gokra lehet ott tal\u00e1lni. Leg\u00e9rdekesebb a <em>\u201eCserebere\u201d<\/em>, az <em>\u201eAj\u00e1nd\u00e9koz\u00e1s<\/em>\u201d \u00e9s az <em>\u201eEgy\u00e9b<\/em>\u201d rovat. Igaz, a <em>\u201eP\u00e1rkeres\u00e9s\u201d<\/em> se kutya.<\/p>\n\n\n\n<p>(<a href=\"https:\/\/opus-folyoirat.sk\/?page_id=3085\" data-type=\"link\" data-id=\"https:\/\/opus-folyoirat.sk\/?page_id=3085\">olvass tov\u00e1bb<\/a>)<\/p>\n\n\n\n<p><\/p>\n\n\n\n<hr class=\"wp-block-separator has-alpha-channel-opacity is-style-wide\"\/>\n\n\n\n<p class=\"has-medium-font-size\">Sz\u00e9kelyhidi Zsolt<\/p>\n\n\n\n<p><strong>Szomj<\/strong><\/p>\n\n\n<div class=\"wp-block-image\">\n<figure class=\"alignright size-large is-resized\"><img loading=\"lazy\" decoding=\"async\" width=\"1024\" height=\"1024\" src=\"https:\/\/opus-folyoirat.sk\/wp-content\/uploads\/2025\/12\/Szekelyhidi-Zsolt-1024x1024.jpg\" alt=\"\" class=\"wp-image-3292\" style=\"width:179px;height:auto\" srcset=\"https:\/\/opus-folyoirat.sk\/wp-content\/uploads\/2025\/12\/Szekelyhidi-Zsolt-1024x1024.jpg 1024w, https:\/\/opus-folyoirat.sk\/wp-content\/uploads\/2025\/12\/Szekelyhidi-Zsolt-300x300.jpg 300w, https:\/\/opus-folyoirat.sk\/wp-content\/uploads\/2025\/12\/Szekelyhidi-Zsolt-150x150.jpg 150w, https:\/\/opus-folyoirat.sk\/wp-content\/uploads\/2025\/12\/Szekelyhidi-Zsolt-768x768.jpg 768w, https:\/\/opus-folyoirat.sk\/wp-content\/uploads\/2025\/12\/Szekelyhidi-Zsolt-1536x1536.jpg 1536w, https:\/\/opus-folyoirat.sk\/wp-content\/uploads\/2025\/12\/Szekelyhidi-Zsolt.jpg 1610w\" sizes=\"auto, (max-width: 1024px) 100vw, 1024px\" \/><\/figure><\/div>\n\n\n<div class=\"wp-block-group is-vertical is-layout-flex wp-container-core-group-is-layout-8cf370e7 wp-block-group-is-layout-flex\">\n<p>Nincs mit inni,<\/p>\n\n\n\n<p>mondod, a v\u00edzszint<\/p>\n\n\n\n<p>apad. Mosogatsz,<\/p>\n\n\n\n<p>\u00e1ztatod le a h\u00edreket,<\/p>\n\n\n\n<p>\u00e1radozol k\u00fcls\u0151s\u00e9gekr\u0151l.<\/p>\n\n\n\n<p>Folysz el,<\/p>\n\n\n\n<p>nincs tartal\u00e9k,<\/p>\n\n\n\n<p>neked pl\u00e1ne,<\/p>\n\n\n\n<p>z\u00e1rod a csapot.<\/p>\n<\/div>\n\n\n\n<p>(<a href=\"https:\/\/opus-folyoirat.sk\/?page_id=3285\" data-type=\"link\" data-id=\"https:\/\/opus-folyoirat.sk\/?page_id=3285\">olvass tov\u00e1bb<\/a>)<\/p>\n\n\n\n<hr class=\"wp-block-separator has-alpha-channel-opacity is-style-wide\"\/>\n\n\n\n<p class=\"has-medium-font-size\">Fellinger K\u00e1roly<\/p>\n\n\n\n<div class=\"wp-block-media-text has-media-on-the-right is-stacked-on-mobile is-vertically-aligned-top\" style=\"grid-template-columns:auto 25%\"><div class=\"wp-block-media-text__content\">\n<p><strong>Lombtalan\u00edt\u00e1s<\/strong><\/p>\n\n\n\n<p><em>&nbsp; &nbsp; &nbsp; &nbsp; \/Mikola Anik\u00f3 meg nem \u00e9lt 80. sz\u00fclet\u00e9snapj\u00e1ra\/<\/em><\/p>\n\n\n\n<p>&nbsp; &nbsp; &nbsp; &nbsp; &nbsp; &nbsp; &nbsp; &nbsp; &nbsp; &nbsp; &nbsp; &nbsp; I.<\/p>\n\n\n\n<div class=\"wp-block-group is-vertical is-layout-flex wp-container-core-group-is-layout-8cf370e7 wp-block-group-is-layout-flex\">\n<p>J\u00f3n\u00e1s, a sz\u00e1nalmas, galamblelk\u0171 kis-<\/p>\n\n\n\n<p>pr\u00f3f\u00e9ta kiborul, ak\u00e1r a bili,&nbsp;<\/p>\n\n\n\n<p>hi\u00e1ba \u00edg\u00e9rte neki az Isten,&nbsp;<\/p>\n\n\n\n<p>ha Ninive lak\u00f3i nem t\u00e9rnek meg<\/p>\n\n\n\n<p>negyven nap ut\u00e1n, a v\u00e1ros elpusztul,<\/p>\n\n\n\n<p>felford\u00edttatik, s l\u00e1m, virul a n\u00e9p, ki-<\/p>\n\n\n\n<p>nevetve \u0151t, aki menek\u00fclni sem<\/p>\n\n\n\n<p>tudott a sorsa el\u0151l Tarzis fel\u00e9.<\/p>\n\n\n\n<p>Tal\u00e1n nem l\u00e1tja a Teremt\u0151, hogy a<\/p>\n\n\n\n<p>b\u00f6jtj\u00fck, megt\u00e9r\u00e9s\u00fck csup\u00e1n sz\u00ednlel\u00e9s,<\/p>\n\n\n\n<p>mi\u00e9rt nem neki hisz&nbsp;az Isten, az egy&nbsp;<\/p>\n\n\n\n<p>sz\u00e1l gyertya a napn\u00e1l is f\u00e9nyesebb a&nbsp;<\/p>\n\n\n\n<p>vaks\u00f6t\u00e9tben, amikor \u00e1tadjuk a<\/p>\n\n\n\n<p>staf\u00e9tabotot, \u00e1tadjuk magunkat<\/p>\n\n\n\n<p>a Teremt\u0151nek, meglelt hi\u00e1nyunkat&nbsp;<\/p>\n\n\n\n<p>meg a k\u00f6ztes \u00f6r\u00f6kk\u00e9val\u00f3s\u00e1gnak.<\/p>\n<\/div>\n\n\n\n<p><\/p>\n\n\n\n<p>(<a href=\"https:\/\/opus-folyoirat.sk\/?page_id=2644\" data-type=\"page\" data-id=\"2644\">olvass tov\u00e1bb<\/a>)<\/p>\n<\/div><figure class=\"wp-block-media-text__media\"><img loading=\"lazy\" decoding=\"async\" width=\"682\" height=\"1024\" src=\"https:\/\/opus-folyoirat.sk\/wp-content\/uploads\/2025\/09\/Fellinger02-682x1024.jpg\" alt=\"\" class=\"wp-image-2650 size-full\" srcset=\"https:\/\/opus-folyoirat.sk\/wp-content\/uploads\/2025\/09\/Fellinger02-682x1024.jpg 682w, https:\/\/opus-folyoirat.sk\/wp-content\/uploads\/2025\/09\/Fellinger02-200x300.jpg 200w, https:\/\/opus-folyoirat.sk\/wp-content\/uploads\/2025\/09\/Fellinger02-768x1152.jpg 768w, https:\/\/opus-folyoirat.sk\/wp-content\/uploads\/2025\/09\/Fellinger02-1024x1536.jpg 1024w, https:\/\/opus-folyoirat.sk\/wp-content\/uploads\/2025\/09\/Fellinger02-1365x2048.jpg 1365w, https:\/\/opus-folyoirat.sk\/wp-content\/uploads\/2025\/09\/Fellinger02.jpg 1574w\" sizes=\"auto, (max-width: 682px) 100vw, 682px\" \/><\/figure><\/div>\n\n\n\n<hr class=\"wp-block-separator has-alpha-channel-opacity is-style-wide\"\/>\n\n\n\n<p class=\"has-medium-font-size\">R\u00f3zsa Bogl\u00e1rka<\/p>\n\n\n\n<p class=\"has-medium-font-size\"><strong>este<\/strong><\/p>\n\n\n<div class=\"wp-block-image\">\n<figure class=\"alignright size-full is-resized\"><img loading=\"lazy\" decoding=\"async\" width=\"463\" height=\"587\" src=\"http:\/\/opus-folyoirat.sk\/wp-content\/uploads\/2025\/11\/Rozsa-Boglarka.jpg\" alt=\"\" class=\"wp-image-3096\" style=\"width:133px;height:auto\" srcset=\"https:\/\/opus-folyoirat.sk\/wp-content\/uploads\/2025\/11\/Rozsa-Boglarka.jpg 463w, https:\/\/opus-folyoirat.sk\/wp-content\/uploads\/2025\/11\/Rozsa-Boglarka-237x300.jpg 237w\" sizes=\"auto, (max-width: 463px) 100vw, 463px\" \/><\/figure><\/div>\n\n\n<div class=\"wp-block-group is-vertical is-layout-flex wp-container-core-group-is-layout-8cf370e7 wp-block-group-is-layout-flex\">\n<p>le\u00fct\u00f6ttem a szob\u00e1mban imm\u00e1r<\/p>\n\n\n\n<p>h\u00e1rom napja k\u00f6r\u00f6z\u0151 legyet<\/p>\n\n\n\n<p>z\u00f6ldesfekete teste kicsit meglapult&nbsp;<\/p>\n\n\n\n<p>sz\u00e1rnyai sz\u00e9tfesz\u00edtett \u00e1tl\u00e1tsz\u00f3 \u00edvek<\/p>\n<\/div>\n\n\n\n<p>(<a href=\"https:\/\/opus-folyoirat.sk\/?page_id=3098\" data-type=\"link\" data-id=\"https:\/\/opus-folyoirat.sk\/?page_id=3098\">olvass tov\u00e1bb<\/a>)<\/p>\n\n\n\n<hr class=\"wp-block-separator has-alpha-channel-opacity is-style-wide\"\/>\n\n\n\n<div class=\"wp-block-group is-vertical is-layout-flex wp-container-core-group-is-layout-8cf370e7 wp-block-group-is-layout-flex\">\n<p class=\"has-medium-font-size\">Hogya Gy\u00f6rgy<\/p>\n\n\n\n<p class=\"has-medium-font-size\"><strong>Az olvas\u00e1sr\u00f3l<\/strong><\/p>\n<\/div>\n\n\n<div class=\"wp-block-image\">\n<figure class=\"alignright size-large is-resized\"><img loading=\"lazy\" decoding=\"async\" width=\"1024\" height=\"1004\" src=\"http:\/\/opus-folyoirat.sk\/wp-content\/uploads\/2025\/09\/Hogya-1024x1004.jpg\" alt=\"\" class=\"wp-image-2625\" style=\"width:205px;height:auto\" srcset=\"https:\/\/opus-folyoirat.sk\/wp-content\/uploads\/2025\/09\/Hogya-1024x1004.jpg 1024w, https:\/\/opus-folyoirat.sk\/wp-content\/uploads\/2025\/09\/Hogya-300x294.jpg 300w, https:\/\/opus-folyoirat.sk\/wp-content\/uploads\/2025\/09\/Hogya-768x753.jpg 768w, https:\/\/opus-folyoirat.sk\/wp-content\/uploads\/2025\/09\/Hogya-306x300.jpg 306w, https:\/\/opus-folyoirat.sk\/wp-content\/uploads\/2025\/09\/Hogya.jpg 1304w\" sizes=\"auto, (max-width: 1024px) 100vw, 1024px\" \/><\/figure><\/div>\n\n\n<p>Kezemet lassan magam el\u00e9 ny\u00fajtom \u00e9s r\u00e1fektetem az asztal lapj\u00e1ra. A sok k\u00f6lt\u00f6zk\u00f6d\u00e9st\u0151l kopott \u00e9jjelil\u00e1mp\u00e1m f\u00e9nye er\u0151sen kirajzolja a k\u00e9zfejemen dudorod\u00f3, saj\u00e1tos mint\u00e1j\u00fa ereket.<\/p>\n\n\n\n<p>H\u00e1rom, t\u00f6bb\u00e9-kev\u00e9sb\u00e9 p\u00e1rhuzamosan fut\u00f3 eret l\u00e1tok, amint a csukl\u00f3t\u00f3l a kis- \u00e9s a gy\u0171r\u0171sujj, a gy\u0171r\u0171s- \u00e9s a k\u00f6z\u00e9ps\u0151 ujj, valamint a k\u00f6z\u00e9ps\u0151- \u00e9s a mutat\u00f3ujj k\u00f6z\u00f6tti semmi fel\u00e9 igyekszik, \u00e1m k\u00f6zvetlen\u00fcl az ujjt\u00f6vek b\u00fctykei alatt ezek az erek egy cikkcakkos vonal ment\u00e9n tal\u00e1lkoznak. Itt van v\u00e9ge a rendszernek, innen m\u00e1r visszafel\u00e9 \u00e1ramoltatj\u00e1k a v\u00e9remet. Az ujjak hajsz\u00e1lereivel t\u00e1pl\u00e1lva szed\u0151dnek \u00f6ssze \u00e9s indulnak \u201evissza\u201d a k\u00f6ny\u00f6khajlat fel\u00e9. \u00dajra \u00e9s \u00fajra. Am\u00edg a sz\u00edvem dobog.<\/p>\n\n\n\n<p>Lehets\u00e9ges, hogy az iskolai biol\u00f3gia\u00f3r\u00e1n tanultunk ezekr\u0151l az erekr\u0151l, de ma m\u00e1r semmire sem eml\u00e9kszem. S\u0151t, ha valaki puszt\u00e1n felebar\u00e1ti figyelmess\u00e9gb\u0151l fel akarna vil\u00e1gos\u00edtani arr\u00f3l, hogy a v\u00e9rell\u00e1t\u00e1st az <em>arteria radialis <\/em>\u00e9s az <em>arteria ulnaris<\/em> kett\u0151s hurka biztos\u00edtja, \u00e9rtetlen\u00fcl \u00e9s sz\u00e9gyenkezve n\u00e9zn\u00e9k r\u00e1, mint aki sohasem hallott ilyesmir\u0151l.<\/p>\n\n\n\n<p>(<a href=\"https:\/\/opus-folyoirat.sk\/?page_id=3000\" data-type=\"link\" data-id=\"https:\/\/opus-folyoirat.sk\/?page_id=3000\">olvass tov\u00e1bb<\/a>)<\/p>\n\n\n\n<hr class=\"wp-block-separator has-alpha-channel-opacity is-style-wide\"\/>\n\n\n\n<p class=\"has-medium-font-size\">Morva M\u00e1ty\u00e1s<\/p>\n\n\n\n<div class=\"wp-block-media-text has-media-on-the-right is-stacked-on-mobile is-vertically-aligned-top\" style=\"grid-template-columns:auto 28%\"><div class=\"wp-block-media-text__content\">\n<p><strong>Nyolcvan pokr\u00f3c<\/strong><\/p>\n\n\n\n<p>Tegnap b\u00facs\u00faztatt\u00e1k Ard\u00f3t. Most olvastam a Tiszti k\u00f6zl\u00f6nyben. Az intergalaktikus hadapr\u00f3d akad\u00e9mi\u00e1r\u00f3l. Eml\u00e9kszel? Mikor tejfelessz\u00e1j\u00fak\u00e9nt a seregnyi lecke mellett a csesztet\u00e9sb\u0151l sem szenvedt\u00fcnk hi\u00e1nyt. Akkor m\u00e9g nem csak a kik\u00e9pz\u0151k nyektettek szakm\u00e1nyba\u2019, de a fels\u0151s\u00f6k is. K\u00e9sz csoda, hogy nem lett valamelyik idi\u00f3ta tr\u00e9f\u00e1nak v\u00e9gzetes k\u00f6vetkezm\u00e9nye.<\/p>\n\n\n\n<p>Na \u00e9s tanrend els\u0151 \u00e9vbe\u2019? H\u00e9tv\u00e9genk\u00e9nt sem lehetett egy\u00e9b, csak a h\u00e1rom T: takar\u00edt\u00e1s, tornaj\u00e1t\u00e9k \u00e9s tanul\u00e1s. \u00c9pp nagytakar\u00edt\u00e1s zajlott, \u00edgy a tartal\u00e9kfelszerel\u00e9st is kezel\u00e9sbe kellett venni. Mell\u00e9m a csodabog\u00e1r h\u00edr\u00e9be\u2019 \u00e1ll\u00f3 K\u00f6rtv\u00e9li \u0171rregrut\u00e1t osztott\u00e1k, meg m\u00e9g nyolcvan pokr\u00f3cot. Itt a f\u00e9nyk\u00e9pe, a gy\u00e1szjelent\u00e9s\u2026 megvan a r\u00e9gi arca? \u2013 t\u00f6bbsz\u00f6r is elz\u00e1rt\u00e1k m\u00e1r addigra, mert rendre a tiltott z\u00f3n\u00e1kba\u2019 m\u00e1szk\u00e1lt.<\/p>\n\n\n\n<p><\/p>\n\n\n\n<p>(<a href=\"https:\/\/opus-folyoirat.sk\/?page_id=2638\" data-type=\"page\" data-id=\"2638\">olvass tov\u00e1bb<\/a>)<\/p>\n<\/div><figure class=\"wp-block-media-text__media\"><img loading=\"lazy\" decoding=\"async\" width=\"768\" height=\"1024\" src=\"https:\/\/opus-folyoirat.sk\/wp-content\/uploads\/2025\/09\/Morva_kicsi-768x1024.jpg\" alt=\"\" class=\"wp-image-2642 size-full\" srcset=\"https:\/\/opus-folyoirat.sk\/wp-content\/uploads\/2025\/09\/Morva_kicsi-768x1024.jpg 768w, https:\/\/opus-folyoirat.sk\/wp-content\/uploads\/2025\/09\/Morva_kicsi-225x300.jpg 225w, https:\/\/opus-folyoirat.sk\/wp-content\/uploads\/2025\/09\/Morva_kicsi-1152x1536.jpg 1152w, https:\/\/opus-folyoirat.sk\/wp-content\/uploads\/2025\/09\/Morva_kicsi-1536x2048.jpg 1536w, https:\/\/opus-folyoirat.sk\/wp-content\/uploads\/2025\/09\/Morva_kicsi.jpg 1772w\" sizes=\"auto, (max-width: 768px) 100vw, 768px\" \/><\/figure><\/div>\n\n\n\n<hr class=\"wp-block-separator has-alpha-channel-opacity is-style-wide\"\/>\n\n\n\n<p class=\"has-medium-font-size\">G\u00e1gyor P\u00e9ter versford\u00edt\u00e1sai<\/p>\n\n\n\n<p>Pavol Jan\u00edk: <\/p>\n\n\n\n<div class=\"wp-block-group is-vertical is-layout-flex wp-container-core-group-is-layout-8cf370e7 wp-block-group-is-layout-flex\">\n<p><strong>New York<\/strong><\/p>\n\n\n\n<p><em>(New York)<\/em><\/p>\n<\/div>\n\n\n\n<div class=\"wp-block-group is-vertical is-layout-flex wp-container-core-group-is-layout-8cf370e7 wp-block-group-is-layout-flex\">\n<p><br>Az \u00f6b\u00f6l v\u00edzszintes t\u00fckr\u00e9ben<\/p>\n\n\n\n<p>a v\u00e1ros szarvai l\u00e1tszanak<\/p>\n\n\n\n<p>a csillagos eget szurk\u00e1lj\u00e1k egyre.&nbsp;<\/p>\n<\/div>\n\n\n\n<p><\/p>\n\n\n\n<div class=\"wp-block-group is-vertical is-layout-flex wp-container-core-group-is-layout-8cf370e7 wp-block-group-is-layout-flex\">\n<p>F\u00e9nyek garmad\u00e1ja villog<\/p>\n\n\n\n<p>\u00e9s fennakadnak a z\u00e1tonyon<\/p>\n\n\n\n<p>a flitter-cs\u00f3nakok<\/p>\n\n\n\n<p>ideges l\u00e1baid el\u00e9 sodr\u00f3dnak<\/p>\n\n\n\n<p>ide a fed\u00e9lk\u00f6z fel\u00e9 \u00fasznak<\/p>\n\n\n\n<p>csillog\u00f3 brok\u00e1t est\u00e9lyi \u00f6lt\u00f6zetben.<\/p>\n<\/div>\n\n\n\n\n\n<p>(<a href=\"https:\/\/opus-folyoirat.sk\/?page_id=3538\" data-type=\"link\" data-id=\"https:\/\/opus-folyoirat.sk\/?page_id=3538\">olvass tov\u00e1bb<\/a>)<\/p>\n\n\n\n<hr class=\"wp-block-separator has-alpha-channel-opacity is-style-wide\"\/>\n\n\n\n<p class=\"has-medium-font-size\">Szegedi Csilla<\/p>\n\n\n\n<div class=\"wp-block-media-text has-media-on-the-right is-stacked-on-mobile is-vertically-aligned-top is-image-fill-element\" style=\"grid-template-columns:auto 27%\"><div class=\"wp-block-media-text__content\">\n<p><strong>A menet<\/strong><\/p>\n\n\n\n<div class=\"wp-block-group is-vertical is-layout-flex wp-container-core-group-is-layout-8cf370e7 wp-block-group-is-layout-flex\">\n<p>A menet a Jegesi \u00fatr\u00f3l fordult a f\u0151utc\u00e1ra.<\/p>\n\n\n\n<p>A j\u00faniusi nap m\u00e1r melegen s\u00fct\u00f6tt,<\/p>\n\n\n\n<p>a sorokban l\u00e9pteiket szapor\u00e1z\u00f3k&nbsp;<\/p>\n\n\n\n<p>m\u00e9gis kab\u00e1tot viseltek.<\/p>\n\n\n\n<p>N\u00e9h\u00e1nyuk homlok\u00e1r\u00f3l csorgott a ver\u00edt\u00e9k.<\/p>\n\n\n\n<p><\/p>\n\n\n\n<p>(<a href=\"https:\/\/opus-folyoirat.sk\/?page_id=2632\" data-type=\"page\" data-id=\"2632\">olvass tov\u00e1bb<\/a>)<\/p>\n<\/div>\n<\/div><figure class=\"wp-block-media-text__media\"><img loading=\"lazy\" decoding=\"async\" width=\"1024\" height=\"682\" src=\"https:\/\/opus-folyoirat.sk\/wp-content\/uploads\/2025\/09\/SzegediCsilla-1024x682.jpg\" alt=\"\" class=\"wp-image-2636 size-full\" style=\"object-position:63% 27%\" srcset=\"https:\/\/opus-folyoirat.sk\/wp-content\/uploads\/2025\/09\/SzegediCsilla-1024x682.jpg 1024w, https:\/\/opus-folyoirat.sk\/wp-content\/uploads\/2025\/09\/SzegediCsilla-300x200.jpg 300w, https:\/\/opus-folyoirat.sk\/wp-content\/uploads\/2025\/09\/SzegediCsilla-768x512.jpg 768w, https:\/\/opus-folyoirat.sk\/wp-content\/uploads\/2025\/09\/SzegediCsilla-450x300.jpg 450w, https:\/\/opus-folyoirat.sk\/wp-content\/uploads\/2025\/09\/SzegediCsilla.jpg 1181w\" sizes=\"auto, (max-width: 1024px) 100vw, 1024px\" \/><\/figure><\/div>\n\n\n\n<hr class=\"wp-block-separator has-alpha-channel-opacity is-style-wide\"\/>\n\n\n\n<p class=\"has-medium-font-size\">R\u00f3zsa Bogl\u00e1rka <\/p>\n\n\n<div class=\"wp-block-image\">\n<figure class=\"alignright size-full is-resized\"><img loading=\"lazy\" decoding=\"async\" width=\"463\" height=\"587\" src=\"https:\/\/opus-folyoirat.sk\/wp-content\/uploads\/2025\/11\/Rozsa-Boglarka.jpg\" alt=\"\" class=\"wp-image-3096\" style=\"width:110px;height:auto\" srcset=\"https:\/\/opus-folyoirat.sk\/wp-content\/uploads\/2025\/11\/Rozsa-Boglarka.jpg 463w, https:\/\/opus-folyoirat.sk\/wp-content\/uploads\/2025\/11\/Rozsa-Boglarka-237x300.jpg 237w\" sizes=\"auto, (max-width: 463px) 100vw, 463px\" \/><\/figure><\/div>\n\n\n<p><strong>elhagyott<\/strong><\/p>\n\n\n\n<div class=\"wp-block-group is-vertical is-layout-flex wp-container-core-group-is-layout-8cf370e7 wp-block-group-is-layout-flex\">\n<p>kinn gubbaszt<\/p>\n\n\n\n<p>tal\u00e1lt mag\u00e1nak egy meleg<\/p>\n\n\n\n<p>v\u00e9dett sarkot az erk\u00e9ly<\/p>\n\n\n\n<p>fels\u0151 r\u00e9sz\u00e9n<\/p>\n\n\n\n<p>\u0151 lakja az \u00f6v\u00e9<\/p>\n\n\n\n<p>(<a href=\"https:\/\/opus-folyoirat.sk\/?page_id=3091\" data-type=\"link\" data-id=\"https:\/\/opus-folyoirat.sk\/?page_id=3091\">olvass tov\u00e1bb<\/a>)<\/p>\n<\/div>\n\n\n\n<p><\/p>\n\n\n\n<hr class=\"wp-block-separator has-alpha-channel-opacity is-style-wide\"\/>\n\n\n\n<div class=\"wp-block-group is-vertical is-layout-flex wp-container-core-group-is-layout-8cf370e7 wp-block-group-is-layout-flex\">\n<p class=\"has-medium-font-size\">Seres Rebeka<\/p>\n\n\n\n<p><strong>a szomsz\u00e9d macsk\u00e1ja<\/strong><\/p>\n<\/div>\n\n\n\n<p><\/p>\n\n\n\n<p><\/p>\n\n\n<div class=\"wp-block-image\">\n<figure class=\"alignright size-full is-resized\"><img loading=\"lazy\" decoding=\"async\" width=\"955\" height=\"960\" src=\"https:\/\/opus-folyoirat.sk\/wp-content\/uploads\/2025\/11\/SeresRebeka.jpg\" alt=\"\" class=\"wp-image-3034\" style=\"width:174px;height:auto\" srcset=\"https:\/\/opus-folyoirat.sk\/wp-content\/uploads\/2025\/11\/SeresRebeka.jpg 955w, https:\/\/opus-folyoirat.sk\/wp-content\/uploads\/2025\/11\/SeresRebeka-298x300.jpg 298w, https:\/\/opus-folyoirat.sk\/wp-content\/uploads\/2025\/11\/SeresRebeka-150x150.jpg 150w, https:\/\/opus-folyoirat.sk\/wp-content\/uploads\/2025\/11\/SeresRebeka-768x772.jpg 768w\" sizes=\"auto, (max-width: 955px) 100vw, 955px\" \/><\/figure><\/div>\n\n\n<div class=\"wp-block-group is-vertical is-layout-flex wp-container-core-group-is-layout-8cf370e7 wp-block-group-is-layout-flex\">\n<p>a kauzalit\u00e1s a legfontosabb<\/p>\n\n\n\n<p>ahogy leejtem a l\u00e1bas fedel\u00e9t a k\u00f6v\u00f6n<\/p>\n\n\n\n<p>\u00e9s felj\u00f6n a szomsz\u00e9d<\/p>\n\n\n\n<p>hogy k\u00e9t \u00e9ve nem alszik t\u0151lem<\/p>\n\n\n\n<p>pedig nincs \u00e9jszaka<\/p>\n\n\n\n<p>\u00e9s \u00e1lmosnak se t\u0171nik<\/p>\n\n\n\n<p>\u00e9n pedig m\u00e1snap reggel<\/p>\n\n\n\n<p>\u00f3vatosan ford\u00edtom el a kulcsot a z\u00e1rban<\/p>\n\n\n\n<p>mert lehet huzat van valahol &#8230;.<\/p>\n<\/div>\n\n\n\n<p><br>(<a href=\"https:\/\/opus-folyoirat.sk\/?page_id=3031\" data-type=\"link\" data-id=\"https:\/\/opus-folyoirat.sk\/?page_id=3031\">olvass tov\u00e1bb<\/a>)<\/p>\n\n\n\n<hr class=\"wp-block-separator has-alpha-channel-opacity is-style-wide\"\/>\n\n\n\n<div class=\"wp-block-group is-vertical is-layout-flex wp-container-core-group-is-layout-8cf370e7 wp-block-group-is-layout-flex\">\n<p class=\"has-medium-font-size\">Harmatos M\u00e1ria<\/p>\n\n\n\n<p class=\"has-medium-font-size\"><strong>Kegyelem<\/strong><\/p>\n<\/div>\n\n\n<div class=\"wp-block-image\">\n<figure class=\"alignright size-large is-resized\"><img loading=\"lazy\" decoding=\"async\" width=\"682\" height=\"1024\" src=\"https:\/\/opus-folyoirat.sk\/wp-content\/uploads\/2025\/11\/Harmatos_Maria_2025Aug-682x1024.jpg\" alt=\"\" class=\"wp-image-3024\" style=\"width:144px;height:auto\" srcset=\"https:\/\/opus-folyoirat.sk\/wp-content\/uploads\/2025\/11\/Harmatos_Maria_2025Aug-682x1024.jpg 682w, https:\/\/opus-folyoirat.sk\/wp-content\/uploads\/2025\/11\/Harmatos_Maria_2025Aug-200x300.jpg 200w, https:\/\/opus-folyoirat.sk\/wp-content\/uploads\/2025\/11\/Harmatos_Maria_2025Aug-768x1152.jpg 768w, https:\/\/opus-folyoirat.sk\/wp-content\/uploads\/2025\/11\/Harmatos_Maria_2025Aug.jpg 787w\" sizes=\"auto, (max-width: 682px) 100vw, 682px\" \/><\/figure><\/div>\n\n\n<p><br>A k\u00f3rh\u00e1zi folyos\u00f3 \u00fcres, de a helyhez k\u00e9pest igaz\u00e1n bar\u00e1ts\u00e1gos. P\u00e1r \u00e9ve fel\u00faj\u00edtott\u00e1k ezt a sz\u00e1rnyat, tiszta, modern a k\u00f6rnyezet. Semmi reped\u00e9s vagy m\u00e1ll\u00f3 vakolat. A h\u00e1ts\u00f3 falon egy hatalmas ablakon \u00f6mlik be a f\u00e9ny, a falak mellett az egybefoly\u00f3 sz\u00e9kek sor\u00e1t a rendel\u0151k ajtajai szak\u00edtj\u00e1k meg. Csend van, csak egy telefon cs\u00f6r\u00f6g valahol kitart\u00f3an. M\u00e1r elm\u00falt d\u00e9l, v\u00e9ge a d\u00e9lel\u0151tti rendel\u00e9snek. Tegnapel\u0151tt j\u00e1rtam itt utolj\u00e1ra, v\u00e9rvizsg\u00e1latot csin\u00e1ltak, meg az ultrahangot. Huszon\u00f6t\u00f6dik h\u00e9t. Beny\u00falok a t\u00e1sk\u00e1mba, a kisk\u00f6nyvet tapogatom. Pont, mint k\u00e9t perccel ezel\u0151tt. Remeg a kezem. Reggel h\u00edvtak, \u00e9s k\u00e9rt\u00e9k, kett\u0151re j\u00f6jjek be. Hi\u00e1ba k\u00e9rdeztem, nem v\u00e1laszoltak, mi\u00e9rt.&nbsp;<\/p>\n\n\n\n<p>(<a href=\"https:\/\/opus-folyoirat.sk\/?page_id=3021\" data-type=\"link\" data-id=\"https:\/\/opus-folyoirat.sk\/?page_id=3021\">olvass tov\u00e1bb<\/a>)<\/p>\n\n\n\n<hr class=\"wp-block-separator has-alpha-channel-opacity is-style-wide\"\/>\n\n\n\n<p class=\"has-medium-font-size\">Farkas Arnold Levente<\/p>\n\n\n\n<pre class=\"wp-block-verse\"><strong>csak l\u00e1tszatk\u00e9nt<\/strong><br><br>f\u00f6l\u00f6sleges f\u00e9rfi, patk\u00e1ny<br>a romok k\u00f6z\u00f6tt, t\u00e9tova<br>talj\u00e1n, m\u00e1jus bolondja, de<br>erk\u00f6lcseire n\u00e9zve nem<br><br>az, megj\u00e1rtam m\u00e1r mindh\u00e1rom<br>vil\u00e1got, de a val\u00f3s\u00e1g<br>csak l\u00e1tszatk\u00e9nt mutatkozott,<br>az \u00e9g\u0151 csipkebokorban<br><br>a piros t\u0171zolt\u00f3k piros<br>telefonsz\u00e1ma, hangszerek<br>n\u00e9mas\u00e1g\u00e1t \u0151rzi a cs\u00f6nd,<br><br>utolj\u00e1ra egy kering\u0151t<br>pr\u00f3b\u00e1ltam pengetni, g\u00f6rcsbe<br>r\u00e1ndultak orosz ujjaim<br>(...)<\/pre>\n\n\n\n<p>(<a href=\"https:\/\/opus-folyoirat.sk\/?page_id=3120\" data-type=\"link\" data-id=\"https:\/\/opus-folyoirat.sk\/?page_id=3120\">olvass tov\u00e1bb<\/a>)<\/p>\n\n\n\n<hr class=\"wp-block-separator has-alpha-channel-opacity is-style-wide\"\/>\n\n\n\n<p class=\"has-medium-font-size\">Hogya Gy\u00f6rgy<\/p>\n\n\n\n<div class=\"wp-block-media-text has-media-on-the-right is-stacked-on-mobile is-vertically-aligned-top\" style=\"grid-template-columns:auto 27%\"><div class=\"wp-block-media-text__content\">\n<div class=\"wp-block-group is-vertical is-layout-flex wp-container-core-group-is-layout-8cf370e7 wp-block-group-is-layout-flex\">\n<div class=\"wp-block-group is-vertical is-layout-flex wp-container-core-group-is-layout-8cf370e7 wp-block-group-is-layout-flex\">\n<p><strong>A csapda<\/strong><\/p>\n\n\n\n<div class=\"wp-block-group is-vertical is-layout-flex wp-container-core-group-is-layout-8cf370e7 wp-block-group-is-layout-flex\">\n<p><em>A csapda l\u00e9nyege, hogy olyan helyzetet teremtsenek, amib\u0151l a \u201evad\u201d nem menek\u00fclhet, nem \u00faszhatja meg sz\u00e1razon, erk\u00f6lcsileg semmik\u00e9pp\u2026, be kell s\u00e1rozni a delikvenst, lehetetlenn\u00e9 kell tenni, hogy deaktiv\u00e1lj\u00e1k a c\u00e9lcsoportban val\u00f3 tev\u00e9kenys\u00e9get.<\/em><\/p>\n\n\n\n<p>Y. atya temet\u00e9s\u00e9n a harangl\u00e1bon k\u00edv\u00e1ncsiskod\u00f3 feh\u00e9r galambot b\u00e1multam a tol\u00f3sz\u00e9kemb\u0151l. \u0150 meg a hatalmas t\u00f6meget szemrev\u00e9telezte f\u00e9lrehajtott fejjel, ahogy azt a galambok, a ty\u00fakok \u00e9s olykor a v\u00e1laszra v\u00e1r\u00f3, feleltet\u0151, undok tan\u00e1rok szokt\u00e1k.<\/p>\n<\/div>\n<\/div>\n\n\n\n<p>(<a href=\"https:\/\/opus-folyoirat.sk\/?page_id=2620\" data-type=\"page\" data-id=\"2620\">olvass tov\u00e1bb<\/a>)<\/p>\n<\/div>\n<\/div><figure class=\"wp-block-media-text__media\"><img loading=\"lazy\" decoding=\"async\" width=\"1024\" height=\"1004\" src=\"https:\/\/opus-folyoirat.sk\/wp-content\/uploads\/2025\/09\/Hogya-1024x1004.jpg\" alt=\"\" class=\"wp-image-2625 size-full\" srcset=\"https:\/\/opus-folyoirat.sk\/wp-content\/uploads\/2025\/09\/Hogya-1024x1004.jpg 1024w, https:\/\/opus-folyoirat.sk\/wp-content\/uploads\/2025\/09\/Hogya-300x294.jpg 300w, https:\/\/opus-folyoirat.sk\/wp-content\/uploads\/2025\/09\/Hogya-768x753.jpg 768w, https:\/\/opus-folyoirat.sk\/wp-content\/uploads\/2025\/09\/Hogya-306x300.jpg 306w, https:\/\/opus-folyoirat.sk\/wp-content\/uploads\/2025\/09\/Hogya.jpg 1304w\" sizes=\"auto, (max-width: 1024px) 100vw, 1024px\" \/><\/figure><\/div>\n\n\n\n<hr class=\"wp-block-separator has-alpha-channel-opacity is-style-wide\"\/>\n\n\n\n<p class=\"has-medium-font-size\">Csat\u00f3 Anita versei<\/p>\n\n\n\n<pre class=\"wp-block-verse\"><strong>nagyany\u00e1m r\u00e9m\u00e1lmai<\/strong><br><br>\u00e9bred\u00e9s ut\u00e1n a hortenzia t\u00f6v\u00e9be <br>sz\u00f3rom nagyany\u00e1m r\u00e9m\u00e1lmait<br>tudom a k\u00e1v\u00e9zacc itt kev\u00e9s<br>nem lehet \u00e9letben tartani <br>de nyugtat az \u00f6n\u00e1m\u00edt\u00e1s hogy v\u00e9g\u00fcl is <br>ett\u0151l t\u00f6bbet nem tehetek<\/pre>\n\n\n\n<p>(<a href=\"https:\/\/opus-folyoirat.sk\/?page_id=3103\" data-type=\"link\" data-id=\"https:\/\/opus-folyoirat.sk\/?page_id=3103\">olvass tov\u00e1bb<\/a>)<\/p>\n\n\n\n<hr class=\"wp-block-separator has-alpha-channel-opacity is-style-wide\"\/>\n\n\n\n<p class=\"has-medium-font-size\">Balizs D\u00e1niel<\/p>\n\n\n\n<p><strong>Mit csin\u00e1ln\u00e9k a Holdon ha volna oxig\u00e9nem \u00e9s kaj\u00e1m de semmi m\u00e1s<\/strong><\/p>\n\n\n<div class=\"wp-block-image\">\n<figure class=\"alignright size-large is-resized\"><img loading=\"lazy\" decoding=\"async\" width=\"841\" height=\"1024\" src=\"http:\/\/opus-folyoirat.sk\/wp-content\/uploads\/2025\/12\/BalizsDaniel-841x1024.jpg\" alt=\"\" class=\"wp-image-3283\" style=\"width:132px;height:auto\" srcset=\"https:\/\/opus-folyoirat.sk\/wp-content\/uploads\/2025\/12\/BalizsDaniel-841x1024.jpg 841w, https:\/\/opus-folyoirat.sk\/wp-content\/uploads\/2025\/12\/BalizsDaniel-246x300.jpg 246w, https:\/\/opus-folyoirat.sk\/wp-content\/uploads\/2025\/12\/BalizsDaniel-768x936.jpg 768w, https:\/\/opus-folyoirat.sk\/wp-content\/uploads\/2025\/12\/BalizsDaniel-1261x1536.jpg 1261w, https:\/\/opus-folyoirat.sk\/wp-content\/uploads\/2025\/12\/BalizsDaniel-1681x2048.jpg 1681w\" sizes=\"auto, (max-width: 841px) 100vw, 841px\" \/><\/figure><\/div>\n\n\n<div class=\"wp-block-group is-vertical is-layout-flex wp-container-core-group-is-layout-8cf370e7 wp-block-group-is-layout-flex\">\n<p>csak szkafander kaja \u00e9s oxig\u00e9n<\/p>\n\n\n\n<div class=\"wp-block-group is-nowrap is-layout-flex wp-container-core-group-is-layout-ad2f72ca wp-block-group-is-layout-flex\">\n<p>a v\u00e9rem tel\u00edt\u0151dik cs\u00f6nddel<\/p>\n<\/div>\n\n\n\n<div class=\"wp-block-group is-nowrap is-layout-flex wp-container-core-group-is-layout-ad2f72ca wp-block-group-is-layout-flex\">\n<p>a s\u00f6t\u00e9t \u00e9s vil\u00e1gos oldal hat\u00e1r\u00e1n ezer kilom\u00e9teren \u00e1t b\u00e1mulhatom a hajnalt<\/p>\n<\/div>\n\n\n\n<p>a f\u00e9ny a folytonos mozg\u00e1sb\u00f3l sz\u00fcletik ahogy a s\u00f6t\u00e9ts\u00e9g is<\/p>\n\n\n\n<p>j\u00e9ggel teli barlangokba ereszkedem ahol m\u00e9g sosem s\u00fct\u00f6tt a nap<\/p>\n\n\n\n<p>a szkafanderf\u00e9ny el\u0151l ijedten gurul sz\u00e9t a sarkokba a feketes\u00e9g<\/p>\n\n\n\n<p>olyan t\u00f6rt\u00e9nik ami milli\u00e1rd \u00e9ve soha pillanat alatt m\u00falik az elm\u00falhatatlan<br><br>(<a href=\"https:\/\/opus-folyoirat.sk\/?page_id=3278\" data-type=\"link\" data-id=\"https:\/\/opus-folyoirat.sk\/?page_id=3278\">olvass tov\u00e1bb<\/a>)<\/p>\n<\/div>\n\n\n\n<hr class=\"wp-block-separator has-alpha-channel-opacity is-style-wide\"\/>\n\n\n\n<p class=\"has-medium-font-size\">Hodossy Gyula<\/p>\n\n\n\n<div class=\"wp-block-media-text has-media-on-the-right is-stacked-on-mobile is-vertically-aligned-top\" style=\"grid-template-columns:auto 26%\"><div class=\"wp-block-media-text__content\">\n<div class=\"wp-block-group is-vertical is-layout-flex wp-container-core-group-is-layout-8cf370e7 wp-block-group-is-layout-flex\">\n<p><strong>A gy\u00f3n\u00e1s kikezdhetetlen titka<\/strong><\/p>\n<\/div>\n\n\n\n<p><\/p>\n\n\n\n<div class=\"wp-block-group is-vertical is-layout-flex wp-container-core-group-is-layout-8cf370e7 wp-block-group-is-layout-flex\">\n<p>Egyszer m\u00e1sk\u00e9pp lesz minden, m\u00e9g akkor is,&nbsp;<\/p>\n\n\n\n<p>ha ide kellett sz\u00fcletn\u00fcnk, m\u00e9g akkor is,&nbsp;<\/p>\n\n\n\n<p>ha legy\u0151zt\u00fck a hal\u00e1lt, mert sokszor sz\u00fclett\u00fcnk.&nbsp;<\/p>\n\n\n\n<p>Sz\u00fclett\u00fcnk anyai m\u00e9hben, gondolatban, a szavak s\u00falya alatt,&nbsp;<\/p>\n\n\n\n<p>sz\u00fclett\u00fcnk a versben, sz\u00fclett\u00fcnk reggel, rossz \u00e1lmok ut\u00e1n,&nbsp;<\/p>\n\n\n\n<p>eml\u00e9kez\u00e9skor, eml\u00e9keink eml\u00e9keiben, a val\u00f3s\u00e1gban,&nbsp;<\/p>\n\n\n\n<p>\u00e9s a k\u00e9pzelet megterm\u00e9keny\u00edt\u0151 erej\u00e9ben.<\/p>\n\n\n\n<p><\/p>\n\n\n\n<p>(<a href=\"https:\/\/opus-folyoirat.sk\/?page_id=2594\" data-type=\"page\" data-id=\"2594\">olvass tov\u00e1bb<\/a>)&nbsp;<\/p>\n<\/div>\n<\/div><figure class=\"wp-block-media-text__media\"><img loading=\"lazy\" decoding=\"async\" width=\"682\" height=\"1024\" src=\"https:\/\/opus-folyoirat.sk\/wp-content\/uploads\/2025\/09\/HodossyGyula-682x1024.jpg\" alt=\"\" class=\"wp-image-2598 size-full\" srcset=\"https:\/\/opus-folyoirat.sk\/wp-content\/uploads\/2025\/09\/HodossyGyula-682x1024.jpg 682w, https:\/\/opus-folyoirat.sk\/wp-content\/uploads\/2025\/09\/HodossyGyula-200x300.jpg 200w, https:\/\/opus-folyoirat.sk\/wp-content\/uploads\/2025\/09\/HodossyGyula-768x1152.jpg 768w, https:\/\/opus-folyoirat.sk\/wp-content\/uploads\/2025\/09\/HodossyGyula-1024x1536.jpg 1024w, https:\/\/opus-folyoirat.sk\/wp-content\/uploads\/2025\/09\/HodossyGyula-1365x2048.jpg 1365w, https:\/\/opus-folyoirat.sk\/wp-content\/uploads\/2025\/09\/HodossyGyula.jpg 1574w\" sizes=\"auto, (max-width: 682px) 100vw, 682px\" \/><\/figure><\/div>\n\n\n\n<hr class=\"wp-block-separator has-alpha-channel-opacity is-style-wide\"\/>\n\n\n\n<p class=\"has-medium-font-size\">Feh\u00e9r Kinga versei<\/p>\n\n\n\n<p><strong>screen<\/strong><\/p>\n\n\n<div class=\"wp-block-image\">\n<figure class=\"alignright size-large is-resized\"><img loading=\"lazy\" decoding=\"async\" width=\"865\" height=\"1024\" src=\"https:\/\/opus-folyoirat.sk\/wp-content\/uploads\/2025\/11\/FeherKinga1-865x1024.jpg\" alt=\"\" class=\"wp-image-3029\" style=\"width:181px;height:auto\" srcset=\"https:\/\/opus-folyoirat.sk\/wp-content\/uploads\/2025\/11\/FeherKinga1-865x1024.jpg 865w, https:\/\/opus-folyoirat.sk\/wp-content\/uploads\/2025\/11\/FeherKinga1-254x300.jpg 254w, https:\/\/opus-folyoirat.sk\/wp-content\/uploads\/2025\/11\/FeherKinga1-768x909.jpg 768w, https:\/\/opus-folyoirat.sk\/wp-content\/uploads\/2025\/11\/FeherKinga1-1298x1536.jpg 1298w, https:\/\/opus-folyoirat.sk\/wp-content\/uploads\/2025\/11\/FeherKinga1-1731x2048.jpg 1731w\" sizes=\"auto, (max-width: 865px) 100vw, 865px\" \/><\/figure><\/div>\n\n\n<div class=\"wp-block-group is-vertical is-layout-flex wp-container-core-group-is-layout-8cf370e7 wp-block-group-is-layout-flex\">\n<p>bekapcsol\u00e1s ut\u00e1n egy olvasatlan \u00fczenetben<\/p>\n\n\n\n<p>szerelmet vall a f\u00e9rfi&nbsp;<\/p>\n\n\n\n<p>akit a n\u0151 @user155 n\u00e9ven ismer&nbsp;<\/p>\n\n\n\n<p>h\u00f3napok \u00f3ta t\u00f6k\u00e9letes a kapcsolatuk<\/p>\n\n\n\n<p>a t\u00e1vols\u00e1g nem akad\u00e1ly&nbsp;<\/p>\n\n\n\n<p>nyelvi neh\u00e9zs\u00e9gekben translator seg\u00edt &nbsp;<\/p>\n\n\n\n<p>egy kipip\u00e1lt n\u00e9gyzet jelzi a f\u00e9rfi nem robot<\/p>\n\n\n\n<p>a n\u0151 hib\u00e1tlan \u00e9s elfogadja a s\u00fctiket<\/p>\n\n\n\n<p>nem kellett bizony\u00edtsa nem ember<\/p>\n\n\n\n<p>l\u00e1tta az \u00fczenetet de nem felel egy\/robot m\u00e1r csak ilyen\/&nbsp;<\/p>\n<\/div>\n\n\n\n<p><\/p>\n\n\n\n<p>(<a href=\"https:\/\/opus-folyoirat.sk\/?page_id=3026\" data-type=\"link\" data-id=\"https:\/\/opus-folyoirat.sk\/?page_id=3026\">olvass tov\u00e1bb<\/a>)<\/p>\n\n\n\n<hr class=\"wp-block-separator has-alpha-channel-opacity is-style-wide\"\/>\n\n\n\n<p class=\"has-medium-font-size\">Juhos Rebeka<\/p>\n\n\n\n<div class=\"wp-block-media-text has-media-on-the-right is-stacked-on-mobile is-vertically-aligned-top\" style=\"grid-template-columns:auto 35%\"><div class=\"wp-block-media-text__content\">\n<p><strong>\u00c9n \u00e9s Ikarosz&nbsp;<\/strong><\/p>\n\n\n\n<div class=\"wp-block-group is-vertical is-layout-flex wp-container-core-group-is-layout-8cf370e7 wp-block-group-is-layout-flex\">\n<p>\u00dagy szerettem az embereket,<br>mint Ikarosz a napot.<br>S \u00fagy, ahogy \u0151<br>\u00e9n is zuhanni kezdtem.&nbsp;<\/p>\n<\/div>\n\n\n\n<p><\/p>\n\n\n\n<p>(<a href=\"https:\/\/opus-folyoirat.sk\/?page_id=2550\" data-type=\"page\" data-id=\"2550\">olvass tov\u00e1bb<\/a>)<\/p>\n\n\n\n<p><\/p>\n<\/div><figure class=\"wp-block-media-text__media\"><img loading=\"lazy\" decoding=\"async\" width=\"1024\" height=\"975\" src=\"https:\/\/opus-folyoirat.sk\/wp-content\/uploads\/2025\/09\/JuhosRebeka-1024x975.jpg\" alt=\"\" class=\"wp-image-2553 size-full\" srcset=\"https:\/\/opus-folyoirat.sk\/wp-content\/uploads\/2025\/09\/JuhosRebeka-1024x975.jpg 1024w, https:\/\/opus-folyoirat.sk\/wp-content\/uploads\/2025\/09\/JuhosRebeka-300x286.jpg 300w, https:\/\/opus-folyoirat.sk\/wp-content\/uploads\/2025\/09\/JuhosRebeka-768x731.jpg 768w, https:\/\/opus-folyoirat.sk\/wp-content\/uploads\/2025\/09\/JuhosRebeka-1536x1463.jpg 1536w, https:\/\/opus-folyoirat.sk\/wp-content\/uploads\/2025\/09\/JuhosRebeka-2048x1950.jpg 2048w, https:\/\/opus-folyoirat.sk\/wp-content\/uploads\/2025\/09\/JuhosRebeka-315x300.jpg 315w\" sizes=\"auto, (max-width: 1024px) 100vw, 1024px\" \/><\/figure><\/div>\n\n\n\n<hr class=\"wp-block-separator has-alpha-channel-opacity is-style-wide\"\/>\n\n\n\n<div class=\"wp-block-group is-vertical is-layout-flex wp-container-core-group-is-layout-8cf370e7 wp-block-group-is-layout-flex\">\n<p class=\"has-medium-font-size\">Hogya Gy\u00f6rgy <\/p>\n\n\n\n<p class=\"has-medium-font-size\"><strong>Az ikek<\/strong><\/p>\n<\/div>\n\n\n<div class=\"wp-block-image\">\n<figure class=\"alignright size-large is-resized\"><img loading=\"lazy\" decoding=\"async\" width=\"1024\" height=\"1004\" src=\"http:\/\/opus-folyoirat.sk\/wp-content\/uploads\/2025\/09\/Hogya-1024x1004.jpg\" alt=\"\" class=\"wp-image-2625\" style=\"width:183px;height:auto\" srcset=\"https:\/\/opus-folyoirat.sk\/wp-content\/uploads\/2025\/09\/Hogya-1024x1004.jpg 1024w, https:\/\/opus-folyoirat.sk\/wp-content\/uploads\/2025\/09\/Hogya-300x294.jpg 300w, https:\/\/opus-folyoirat.sk\/wp-content\/uploads\/2025\/09\/Hogya-768x753.jpg 768w, https:\/\/opus-folyoirat.sk\/wp-content\/uploads\/2025\/09\/Hogya-306x300.jpg 306w, https:\/\/opus-folyoirat.sk\/wp-content\/uploads\/2025\/09\/Hogya.jpg 1304w\" sizes=\"auto, (max-width: 1024px) 100vw, 1024px\" \/><\/figure><\/div>\n\n\n<div class=\"wp-block-group is-vertical is-layout-flex wp-container-core-group-is-layout-8cf370e7 wp-block-group-is-layout-flex\">\n<p><em>\u201eA primit\u00edv vall\u00e1sok \u00e9ppoly haz\u00e1tlanok, mint a felh\u0151k vagy a szelek\u2026 az \u0151sn\u00e9pek t\u00f6meglelk\u00fcletei v\u00e9letlenszer\u0171en \u00e9s ill\u00e9konyan \u00e1llnak \u00f6ssze\u2026 hogy maradnak \u2013e vagy sem, annak a bels\u0151 jelent\u00e9s\u00fckh\u00f6z semmi k\u00f6ze\u2026\u201d <\/em>Ezek a gondolatok \u2013 m\u00e1r nem tudom, hol olvastam \u2013 jutottak eszembe, amikor az ikek kis t\u00f6rzs\u00e9nek trag\u00e9di\u00e1j\u00e1r\u00f3l olvastam.<\/p>\n\n\n\n<p>Az ikek \u00c9szak-Ugand\u00e1ban \u00e9ltek, m\u00e9g valamikor a m\u00falt sz\u00e1zad elej\u00e9n.<\/p>\n<\/div>\n\n\n\n<p><a href=\"https:\/\/opus-folyoirat.sk\/?page_id=2997\" data-type=\"link\" data-id=\"https:\/\/opus-folyoirat.sk\/?page_id=2997\">(olvass tov\u00e1bb<\/a>)<\/p>\n\n\n\n<hr class=\"wp-block-separator has-alpha-channel-opacity is-style-wide\"\/>\n\n\n\n<p class=\"has-medium-font-size\">Hajd\u00fa L\u00e1szl\u00f3 novell\u00e1ja<\/p>\n\n\n\n<p><strong>Bev\u00e9geztetett<\/strong><\/p>\n\n\n<div class=\"wp-block-image\">\n<figure class=\"alignright size-large is-resized\"><img loading=\"lazy\" decoding=\"async\" width=\"525\" height=\"1024\" src=\"https:\/\/opus-folyoirat.sk\/wp-content\/uploads\/2025\/11\/HajduLaszlo-525x1024.jpg\" alt=\"\" class=\"wp-image-3111\" style=\"width:144px;height:auto\" srcset=\"https:\/\/opus-folyoirat.sk\/wp-content\/uploads\/2025\/11\/HajduLaszlo-525x1024.jpg 525w, https:\/\/opus-folyoirat.sk\/wp-content\/uploads\/2025\/11\/HajduLaszlo-154x300.jpg 154w, https:\/\/opus-folyoirat.sk\/wp-content\/uploads\/2025\/11\/HajduLaszlo.jpg 661w\" sizes=\"auto, (max-width: 525px) 100vw, 525px\" \/><\/figure><\/div>\n\n\n<div class=\"wp-block-group is-vertical is-layout-flex wp-container-core-group-is-layout-8cf370e7 wp-block-group-is-layout-flex\">\n<p>\u2013 Consummatum est \u2013 sz\u00f3lt a sz\u00e1zados, amikor bel\u00e9pett az iv\u00f3 ajtaj\u00e1n.&nbsp; A kez\u00e9ben tartott pilumot a falhoz t\u00e1masztotta. A l\u00e1ndzsa hegy\u00e9n egy szivacs marad\u00e9kai \u00e9ktelenkedtek, melyb\u0151l er\u0151s szag\u00fa folyad\u00e9k csepegett.<\/p>\n\n\n\n<p>\u2013 Barabb\u00e1s? \u2013 k\u00e9rdezte a csapos, \u00e9s egy mocskos kend\u0151vel, amit izzadt nyak\u00e1b\u00f3l vett le, lecsapkodta a legyeket a b\u00e1rdolt deszk\u00e1r\u00f3l.<\/p>\n\n\n\n<p>\u2013 A n\u00e1z\u00e1reti.<\/p>\n\n\n\n<p>A l\u00e9gi\u00f3s antaliyai bort k\u00e9rt \u00e9s sz\u00f3tlanul felhajtotta a kup\u00e1t. Ut\u00e1na egy \u00fajabb poh\u00e1rral t\u00f6lt\u00f6tt a kocsm\u00e1ros, aki nem mozdult az asztal mell\u0151l.<\/p>\n\n\n\n<p>\u2013 Jajvesz\u00e9kelt? Sikoltozott? \u2013 faggatta k\u00edv\u00e1ncsian.<\/p>\n<\/div>\n\n\n\n<p>(<a href=\"https:\/\/opus-folyoirat.sk\/?page_id=3108\" data-type=\"link\" data-id=\"https:\/\/opus-folyoirat.sk\/?page_id=3108\">olvass tov\u00e1bb<\/a>)<\/p>\n\n\n\n<hr class=\"wp-block-separator has-alpha-channel-opacity is-style-wide\"\/>\n\n\n\n<p class=\"has-medium-font-size\">Kiss B\u00e1lint B\u00e9la<\/p>\n\n\n\n<div class=\"wp-block-media-text has-media-on-the-right is-stacked-on-mobile is-vertically-aligned-top\" style=\"grid-template-columns:auto 28%\"><div class=\"wp-block-media-text__content\">\n<p><strong>A n\u00e1polyi \u00e9jjeleken<\/strong><\/p>\n\n\n\n<div class=\"wp-block-group is-vertical is-layout-flex wp-container-core-group-is-layout-8cf370e7 wp-block-group-is-layout-flex\">\n<p>I.<\/p>\n\n\n\n<p>S\u00e1rg\u00e1ba mer\u00fcl a k\u00e1ba s\u00f6t\u00e9ts\u00e9g.<\/p>\n\n\n\n<p>Cs\u00f6p\u00f6gnek fejedre a kil\u00f3gatott feh\u00e9rnem\u0171k k\u00f6nnyei.<\/p>\n\n\n\n<p>Nincs hov\u00e1 menned, m\u00e9gis m\u00e9sz<\/p>\n\n\n\n<p>az utc\u00e1k k\u00f6vein.<\/p>\n\n\n\n<p>Tolongsz az izzadt t\u00f6megben.<\/p>\n\n\n\n<p>Sodor mag\u00e1val sok elb\u0171v\u00f6l\u0151 \u00e9s visszatasz\u00edt\u00f3 alak.<\/p>\n\n\n\n<p>Idegenek k\u00f6zt vagy idegen.<\/p>\n\n\n\n<p>Sz\u00f3tlanul haladsz.<\/p>\n\n\n\n<p>Elsuhannak melletted a robog\u00f3k.<\/p>\n\n\n\n<p>T\u00f6bb sz\u00e1z z\u00e1szl\u00f3r\u00f3l figyeli l\u00e9pteid Maradona.<\/p>\n\n\n\n<p>A s\u00f6t\u00e9tben v\u00edgan r\u00e1d mosolyog<\/p>\n\n\n\n<p>egy fitt madonna.<\/p>\n\n\n\n<p>Elt\u0171nik, t\u00e1n nem is l\u00e9tezett.<\/p>\n\n\n\n<p>Most egy r\u00e1ncos, v\u00e9n banya b\u00e1mul helyette.<\/p>\n\n\n\n<p>Mint aki bolond, \u00e9nekel,<\/p>\n\n\n\n<p>egy l\u00e9p\u00e9snyire melletted.<\/p>\n\n\n\n<p><\/p>\n<\/div>\n\n\n\n<p><\/p>\n\n\n\n<p class=\"has-small-font-size\">(<a href=\"https:\/\/opus-folyoirat.sk\/?page_id=2543\" data-type=\"page\" data-id=\"2543\">olvass tov\u00e1bb<\/a>)<\/p>\n<\/div><figure class=\"wp-block-media-text__media\"><img loading=\"lazy\" decoding=\"async\" width=\"768\" height=\"1024\" src=\"https:\/\/opus-folyoirat.sk\/wp-content\/uploads\/2025\/09\/KissBalintBela-768x1024.jpg\" alt=\"\" class=\"wp-image-2546 size-full\" srcset=\"https:\/\/opus-folyoirat.sk\/wp-content\/uploads\/2025\/09\/KissBalintBela-768x1024.jpg 768w, https:\/\/opus-folyoirat.sk\/wp-content\/uploads\/2025\/09\/KissBalintBela-225x300.jpg 225w, https:\/\/opus-folyoirat.sk\/wp-content\/uploads\/2025\/09\/KissBalintBela-1152x1536.jpg 1152w, https:\/\/opus-folyoirat.sk\/wp-content\/uploads\/2025\/09\/KissBalintBela-1536x2048.jpg 1536w, https:\/\/opus-folyoirat.sk\/wp-content\/uploads\/2025\/09\/KissBalintBela-scaled.jpg 1920w\" sizes=\"auto, (max-width: 768px) 100vw, 768px\" \/><\/figure><\/div>\n\n\n\n<hr class=\"wp-block-separator has-alpha-channel-opacity is-style-wide\"\/>\n\n\n\n<p class=\"has-medium-font-size\">Z. N\u00e9meth Istv\u00e1n<\/p>\n\n\n\n<div class=\"wp-block-group is-vertical is-layout-flex wp-container-core-group-is-layout-8cf370e7 wp-block-group-is-layout-flex\">\n<p class=\"has-medium-font-size\"><strong>Elts\u00fasz\u00e1sok<\/strong><\/p>\n\n\n\n<p><em>(r\u00e9szlet egy k\u00e9sz\u00fcl\u0151 novellaf\u00fcz\u00e9rb\u0151l)<\/em><\/p>\n<\/div>\n\n\n<div class=\"wp-block-image\">\n<figure class=\"alignright size-large is-resized\"><img loading=\"lazy\" decoding=\"async\" width=\"1024\" height=\"1019\" src=\"http:\/\/opus-folyoirat.sk\/wp-content\/uploads\/2024\/02\/ZNemethPista-1024x1019.jpeg\" alt=\"\" class=\"wp-image-1150\" style=\"width:216px;height:auto\" srcset=\"https:\/\/opus-folyoirat.sk\/wp-content\/uploads\/2024\/02\/ZNemethPista-1024x1019.jpeg 1024w, https:\/\/opus-folyoirat.sk\/wp-content\/uploads\/2024\/02\/ZNemethPista-300x300.jpeg 300w, https:\/\/opus-folyoirat.sk\/wp-content\/uploads\/2024\/02\/ZNemethPista-150x150.jpeg 150w, https:\/\/opus-folyoirat.sk\/wp-content\/uploads\/2024\/02\/ZNemethPista-768x764.jpeg 768w, https:\/\/opus-folyoirat.sk\/wp-content\/uploads\/2024\/02\/ZNemethPista-1536x1528.jpeg 1536w, https:\/\/opus-folyoirat.sk\/wp-content\/uploads\/2024\/02\/ZNemethPista-301x300.jpeg 301w, https:\/\/opus-folyoirat.sk\/wp-content\/uploads\/2024\/02\/ZNemethPista.jpeg 1635w\" sizes=\"auto, (max-width: 1024px) 100vw, 1024px\" \/><\/figure><\/div>\n\n\n<div class=\"wp-block-group is-vertical is-layout-flex wp-container-core-group-is-layout-8cf370e7 wp-block-group-is-layout-flex\">\n<p>S\u00e1ndor fut.<\/p>\n\n\n\n<p>A rendszeres testmozg\u00e1s eg\u00e9szs\u00e9ges, ezt \u0151 is tudja, m\u00e9gis nagyon elege van m\u00e1r az eg\u00e9szb\u0151l.<\/p>\n\n\n\n<p>Ki nem tartozik manaps\u00e1g egy kisebb p\u00e9nz\u00f6sszeggel? Vagy egy nagyobbal? \u00c9s akkor m\u00e1r fut\u00f3p\u00e1ly\u00e1v\u00e1 kell var\u00e1zsolni a Mih\u00e1ly kapu k\u00f6rny\u00e9k\u00e9t?<\/p>\n\n\n\n<p>Pozsonyban vagyunk, 1930-at \u00edrunk, m\u00e1rcius 25-e van, kellemes sz\u00e9l f\u00fajdog\u00e1l \u00e9s s\u00fct a nap. S\u00e1ndor fut. Fiatal, sov\u00e1ny fick\u00f3, barna, oldalra f\u00e9s\u00fclt hajjal, olcs\u00f3 \u00f6lt\u00f6nyben. Huszonh\u00e1rom \u00e9ves. \u00dcld\u00f6z\u0151i j\u00f3val id\u0151sebbek, \u00e9s nincsenek t\u00fal j\u00f3 kond\u00edci\u00f3ban. Ne haragudjunk r\u00e1juk, csup\u00e1n a p\u00e9nz\u00fcket szeretn\u00e9k visszakapni. &#8230;<\/p>\n<\/div>\n\n\n\n<p>(<a href=\"https:\/\/opus-folyoirat.sk\/?page_id=3009\" data-type=\"link\" data-id=\"https:\/\/opus-folyoirat.sk\/?page_id=3009\">olvass tov\u00e1bb<\/a>)<\/p>\n\n\n\n<hr class=\"wp-block-separator has-alpha-channel-opacity is-style-wide\"\/>\n\n\n\n<p class=\"has-medium-font-size\">T\u00fcske L\u00e1szl\u00f3 versei<\/p>\n\n\n\n<div class=\"wp-block-media-text has-media-on-the-right is-stacked-on-mobile is-vertically-aligned-top\" style=\"grid-template-columns:auto 43%\"><div class=\"wp-block-media-text__content\">\n<div class=\"wp-block-group is-vertical is-layout-flex wp-container-core-group-is-layout-8cf370e7 wp-block-group-is-layout-flex\">\n<p><strong>Tea<\/strong><\/p>\n\n\n\n<p>Igen, eml\u00e9kszem Istenre.<\/p>\n\n\n\n<p>Leseg\u00edtem a kab\u00e1tj\u00e1t, j\u00f6jj\u00f6n.<\/p>\n\n\n\n<p>Te\u00e1zzon velem, k\u00e9rem,<\/p>\n\n\n\n<p>egy\u00e9bk\u00e9nt is ilyenkor szoktam.<\/p>\n\n\n\n<p>De a m\u00e1sik fotelbe tal\u00e1n,&nbsp;<\/p>\n\n\n\n<p>k\u00f6zelebb h\u00fazom a t\u0171zh\u00f6z,<\/p>\n\n\n\n<p>d\u0151lj\u00f6n nyugodtan h\u00e1tra,<\/p>\n\n\n\n<p>a meleg ma annyira j\u00f3lesik.<\/p>\n\n\n\n<p>Citrommal k\u00e9ri vagy ink\u00e1bb tejjel?&nbsp;<\/p>\n\n\n\n<p>Igen? Tejjel csak D\u00e9len szokta?<\/p>\n\n\n\n<p>Merthogy \u00fagy gazdagabb?<\/p>\n\n\n\n<p>\u00c9s itt meg, t\u00e9lid\u0151n. Meglehet.<\/p>\n\n\n\n<p>Esteledik, de ugye<\/p>\n\n\n\n<p>nem zavarja ez a f\u00e9lhom\u00e1ly?&nbsp;<\/p>\n\n\n\n<p>Nem gy\u00fajtan\u00e9k l\u00e1mp\u00e1t, s tal\u00e1n<\/p>\n\n\n\n<p>el\u00e9g is te\u00e1nk aranyl\u00f3 dereng\u00e9se,<\/p>\n\n\n\n<p>tudja m\u00e1r r\u00e9g\u00f3ta v\u00e1rtam.<\/p>\n\n\n\n<p>Hadd n\u00e9zzem a kez\u00e9t.&nbsp;<\/p>\n<\/div>\n\n\n\n<p><\/p>\n\n\n\n<p>(<a href=\"https:\/\/opus-folyoirat.sk\/?page_id=2524\" data-type=\"page\" data-id=\"2524\">olvass tov\u00e1bb<\/a>)<\/p>\n<\/div><figure class=\"wp-block-media-text__media\"><img loading=\"lazy\" decoding=\"async\" width=\"1024\" height=\"683\" src=\"https:\/\/opus-folyoirat.sk\/wp-content\/uploads\/2025\/09\/TuskeLaszlo-1-1024x683.jpg\" alt=\"\" class=\"wp-image-2534 size-full\" srcset=\"https:\/\/opus-folyoirat.sk\/wp-content\/uploads\/2025\/09\/TuskeLaszlo-1-1024x683.jpg 1024w, https:\/\/opus-folyoirat.sk\/wp-content\/uploads\/2025\/09\/TuskeLaszlo-1-300x200.jpg 300w, https:\/\/opus-folyoirat.sk\/wp-content\/uploads\/2025\/09\/TuskeLaszlo-1-768x512.jpg 768w, https:\/\/opus-folyoirat.sk\/wp-content\/uploads\/2025\/09\/TuskeLaszlo-1-450x300.jpg 450w, https:\/\/opus-folyoirat.sk\/wp-content\/uploads\/2025\/09\/TuskeLaszlo-1.jpg 1386w\" sizes=\"auto, (max-width: 1024px) 100vw, 1024px\" \/><\/figure><\/div>\n\n\n\n<hr class=\"wp-block-separator has-alpha-channel-opacity is-style-wide\"\/>\n\n\n\n<div class=\"wp-block-group is-vertical is-layout-flex wp-container-core-group-is-layout-8cf370e7 wp-block-group-is-layout-flex\">\n<p class=\"has-medium-font-size\">Lucia Bizarretov\u00e1<\/p>\n\n\n\n<p class=\"has-medium-font-size\"><strong>N\u00e9h\u00e1ny sz\u00e1mozott vers<\/strong><\/p>\n<\/div>\n\n\n\n<div class=\"wp-block-media-text has-media-on-the-right is-stacked-on-mobile\" style=\"grid-template-columns:auto 28%\"><div class=\"wp-block-media-text__content\">\n<p><strong>II<\/strong><br>isten h\u00e1za el\u0151tt<br>egy n\u0151vel tal\u00e1lkoztam<br>nyak\u00e1ban kereszt kez\u00e9ben r\u00f3zsaf\u00fcz\u00e9r<br>k\u00e9rdeztem t\u0151le seg\u00edtene-e<br>mondta hogy persze hogyne<br>pedig nem tudta mit akarok<br>de term\u00e9szetesen<br>beadn\u00e1 a heroinomat?<\/p>\n\n\n\n<p>(<a href=\"https:\/\/opus-folyoirat.sk\/?page_id=2348\" data-type=\"page\" data-id=\"2348\">olvass tov\u00e1bb<\/a>)<\/p>\n<\/div><figure class=\"wp-block-media-text__media\"><img loading=\"lazy\" decoding=\"async\" width=\"189\" height=\"266\" src=\"https:\/\/opus-folyoirat.sk\/wp-content\/uploads\/2025\/05\/Lucia-Bizarretova.jpeg\" alt=\"\" class=\"wp-image-2351 size-full\"\/><\/figure><\/div>\n\n\n\n<p><\/p>\n\n\n\n<p><\/p>\n\n\n\n<hr class=\"wp-block-separator has-alpha-channel-opacity is-style-wide\"\/>\n\n\n<div class=\"wp-block-image\">\n<figure class=\"alignright size-large is-resized\"><img loading=\"lazy\" decoding=\"async\" width=\"811\" height=\"1024\" src=\"https:\/\/opus-folyoirat.sk\/wp-content\/uploads\/2026\/01\/BalintErika-811x1024.jpg\" alt=\"\" class=\"wp-image-3536\" style=\"width:189px;height:auto\" srcset=\"https:\/\/opus-folyoirat.sk\/wp-content\/uploads\/2026\/01\/BalintErika-811x1024.jpg 811w, https:\/\/opus-folyoirat.sk\/wp-content\/uploads\/2026\/01\/BalintErika-238x300.jpg 238w, https:\/\/opus-folyoirat.sk\/wp-content\/uploads\/2026\/01\/BalintErika-768x970.jpg 768w, https:\/\/opus-folyoirat.sk\/wp-content\/uploads\/2026\/01\/BalintErika.jpg 1039w\" sizes=\"auto, (max-width: 811px) 100vw, 811px\" \/><\/figure><\/div>\n\n\n<p class=\"has-medium-font-size\">B\u00e1lint Erika<\/p>\n\n\n\n<p><strong>A koloni\u00e1l<\/strong><\/p>\n\n\n\n<p><strong>1.<\/strong><\/p>\n\n\n\n<div class=\"wp-block-group is-vertical is-layout-flex wp-container-core-group-is-layout-8cf370e7 wp-block-group-is-layout-flex\">\n<p>Hogy a hazafel\u00e9 vezet\u0151 utat ler\u00f6vid\u00edtse, Vasn\u00e9 Julajda Jol\u00e1n \u00e1tbaktat a hepehup\u00e1s t\u00e9ren.<\/p>\n\n\n\n<p>Rossz napja van megint, k\u00e9t t\u00f6m\u00f6tt cekkert cipel, majd megszakad bel\u00e9. A kar\u00e1csonyi \u00fcnnepekre v\u00e1s\u00e1rolt be, \u00f6tsz\u00e1z forintot k\u00e9rtek egy doboz toj\u00e1s\u00e9rt, a h\u00fasr\u00f3l, a keny\u00e9rr\u0151l nem is besz\u00e9lve.<\/p>\n\n\n\n<p>Ahogy \u00e1tmegy az \u00faton, nem b\u00edrja tov\u00e1bb a cipeked\u00e9st, a f\u00f6ldre z\u00f6ttyenti a k\u00e9t szatyrot, \u00f6sszed\u00f6rzs\u00f6li megg\u00e9mberedett ujjait. F\u00fajtat, mint egy t\u00falhajszolt l\u00f3, \u00e9s hogy leveg\u0151h\u00f6z jusson, kigombolja t\u00f6mzsi test\u00e9n megfesz\u00fcl\u0151 t\u00e9likab\u00e1tja legfels\u0151 gombj\u00e1t. Tekintete megakad a hengerform\u00e1j\u00fa hirdet\u0151oszlop megfakult, ny\u00e1rr\u00f3l ott maradt plak\u00e1tj\u00e1n. Egy karcs\u00fa, bikinis n\u0151 \u00e1ll a naps\u00fct\u00f6tte v\u00edzben, fej\u00e9n szalmakalap, kez\u00e9ben naptejes flakon.<\/p>\n\n\n\n<p>&#8230;<\/p>\n<\/div>\n\n\n\n<p><\/p>\n\n\n\n<p>(<a href=\"https:\/\/opus-folyoirat.sk\/?page_id=3532\" data-type=\"link\" data-id=\"https:\/\/opus-folyoirat.sk\/?page_id=3532\">olvass tov\u00e1bb<\/a>)<\/p>\n\n\n\n<hr class=\"wp-block-separator has-alpha-channel-opacity is-style-wide\"\/>\n\n\n\n<div class=\"wp-block-group is-vertical is-layout-flex wp-container-core-group-is-layout-8cf370e7 wp-block-group-is-layout-flex\">\n<p class=\"has-medium-font-size\"><br>Matus Norbert<\/p>\n\n\n\n<p class=\"has-medium-font-size\"><strong>Most<\/strong><\/p>\n<\/div>\n\n\n\n<div class=\"wp-block-media-text has-media-on-the-right is-stacked-on-mobile\" style=\"grid-template-columns:auto 30%\"><div class=\"wp-block-media-text__content\">\n<p><\/p>\n\n\n\n<p>Most \u00fajra k\u00f6rbe\u00e9r <br>Visszatal\u00e1l hozz\u00e1d <br>K\u00e9p\u00e9ben egy r\u00e9gi c\u00e9l <br>Rejti m\u00e9lyen titk\u00e1t<br><br>(<a href=\"https:\/\/opus-folyoirat.sk\/?page_id=2248\" data-type=\"page\" data-id=\"2248\">olvass tov\u00e1bb<\/a>)<\/p>\n<\/div><figure class=\"wp-block-media-text__media\"><img loading=\"lazy\" decoding=\"async\" width=\"768\" height=\"1024\" src=\"https:\/\/opus-folyoirat.sk\/wp-content\/uploads\/2025\/02\/MAtusNorbert-768x1024.jpg\" alt=\"\" class=\"wp-image-2251 size-full\" srcset=\"https:\/\/opus-folyoirat.sk\/wp-content\/uploads\/2025\/02\/MAtusNorbert-768x1024.jpg 768w, https:\/\/opus-folyoirat.sk\/wp-content\/uploads\/2025\/02\/MAtusNorbert-225x300.jpg 225w, https:\/\/opus-folyoirat.sk\/wp-content\/uploads\/2025\/02\/MAtusNorbert-1152x1536.jpg 1152w, https:\/\/opus-folyoirat.sk\/wp-content\/uploads\/2025\/02\/MAtusNorbert-1536x2048.jpg 1536w, https:\/\/opus-folyoirat.sk\/wp-content\/uploads\/2025\/02\/MAtusNorbert-rotated.jpg 1728w\" sizes=\"auto, (max-width: 768px) 100vw, 768px\" \/><\/figure><\/div>\n\n\n\n<hr class=\"wp-block-separator has-alpha-channel-opacity is-style-wide\"\/>\n\n\n\n<p class=\"has-medium-font-size\" style=\"text-transform:uppercase\">Tam\u00e1si Orosz J\u00e1nos<\/p>\n\n\n\n<p><strong>H\u00e1rom scherzo a k\u00e9sz\u00fcl\u0151 \u201e\u00f6rd\u00f6gi \u00e1rtatlans\u00e1g\u201d ciklusb\u00f3l<\/strong><\/p>\n\n\n\n<p><strong>BIMBAMBI<\/strong><\/p>\n\n\n\n<p><\/p>\n\n\n\n<div class=\"wp-block-group is-vertical is-layout-flex wp-container-core-group-is-layout-8cf370e7 wp-block-group-is-layout-flex\">\n<p>Nagy es\u0151k ut\u00e1n megyek ki oda<\/p>\n\n\n\n<p>a n\u00e9gysz\u00f6glet\u0171 kerek erd\u0151be<\/p>\n\n\n\n<p>friss antidepressz\u00e1nst szedni;<\/p>\n\n\n\n<p>ilyenkor van kap\u00e1s alig gy\u0151z\u00f6m<\/p>\n\n\n\n<p>lelni; t\u00f6rv\u00e9nyszavaz\u00e1skor is<\/p>\n\n\n\n<p>van kapunk eleget megint sz\u00f3l<\/p>\n\n\n\n<p>Apa de egy sem antidepressz\u00e1ns;<\/p>\n\n\n\n<p>\u0151 olyankor szokott \u00e1h\u00edtozni<\/p>\n\n\n\n<p>nekik r\u00e9gebben ezt m\u00e1sk\u00e9ppen<\/p>\n\n\n\n<p>mondta de Anya r\u00e1sz\u00f3lt hogy<\/p>\n\n\n\n<p>legal\u00e1bb r\u00e1m legyen; \u00e9s lett<\/p>\n\n\n\n<p>az\u00f3ta h\u00e1t csak \u00e1h\u00edtozik nekik;<\/p>\n\n\n\n<p>nekem jobban tetszett amikor<\/p>\n\n\n\n<p>m\u00e1sk\u00e9ppen mondta; azt sokkal<\/p>\n\n\n\n<p>de sokkal t\u00f6bb nyelven tudta<\/p>\n\n\n\n<p>sok friss k\u00e9tpercesbe szedni;<\/p>\n\n\n\n<p>ezek megint bevisznek benn\u00fcnket<\/p>\n\n\n\n<p>a n\u00e9gysz\u00f6glet\u0171 kerek erd\u0151be<\/p>\n\n\n\n<p>morgott ma este is j\u00f6nnek<\/p>\n\n\n\n<p>friss antidepressz\u00e1nst szedni<\/p>\n\n\n\n<p>k\u00e9rdeztem de csak legyintett;<\/p>\n\n\n\n<p>ki ne mondd sz\u00f3lt Anya \u00e9s \u0151<\/p>\n\n\n\n<p>nem mondta ki; pedig mi lesz<\/p>\n\n\n\n<p>ha j\u00f3l leszedik el\u0151ttem azt is?<\/p>\n<\/div>\n\n\n\n<p>(<a href=\"https:\/\/opus-folyoirat.sk\/?page_id=3434\" data-type=\"link\" data-id=\"https:\/\/opus-folyoirat.sk\/?page_id=3434\">olvass tov\u00e1bb<\/a>)<\/p>\n\n\n\n<hr class=\"wp-block-separator has-alpha-channel-opacity is-style-wide\"\/>\n\n\n\n<div class=\"wp-block-group is-vertical is-layout-flex wp-container-core-group-is-layout-8cf370e7 wp-block-group-is-layout-flex\">\n<p class=\"has-medium-font-size\">L\u00e1ng Eszter<br><strong>\u201ea k\u00e9k f\u00e9ny fluid \u00e9kszerfoglalat\u00e1ban\u201d&nbsp;<\/strong><\/p>\n\n\n\n<p><em>(T\u00e1blak\u00e9p G\u00e9czi J\u00e1nos 70. sz\u00fclet\u00e9snapj\u00e1ra)<\/em><\/p>\n<\/div>\n\n\n\n<p><\/p>\n\n\n\n<div class=\"wp-block-media-text has-media-on-the-right is-stacked-on-mobile is-vertically-aligned-top\" style=\"grid-template-columns:auto 30%\"><div class=\"wp-block-media-text__content\">\n<div class=\"wp-block-group is-vertical is-layout-flex wp-container-core-group-is-layout-8cf370e7 wp-block-group-is-layout-flex\">\n<p>Azt az \u0151 Murter\u00e9t, \u00e9s azt a v\u00e1rost<\/p>\n\n\n\n<p>senki n\u00e1la l\u00e1tv\u00e1nyosabban le nem \u00edrhatn\u00e1.&nbsp;<\/p>\n\n\n\n<p>B\u00e1r azt \u00e1ll\u00edtja, nem a sziget val\u00f3s\u00e1g\u00e1r\u00f3l&nbsp;<\/p>\n\n\n\n<p>besz\u00e9l, hanem arr\u00f3l, amilyennek l\u00e1tta,&nbsp;<\/p>\n\n\n\n<p>bennem az emlegetett feny\u0151fajt\u00e1kr\u00f3l \u2013&nbsp;<\/p>\n\n\n\n<p>magvaik ehet\u0151k! \u2013 fel\u00f6tlenek azok a Korond \u00e9s<\/p>\n\n\n\n<p>Szereda k\u00f6rny\u00e9ki feny\u0151f\u00e1k, melyeknek tavaszi,<\/p>\n\n\n\n<p>friss, m\u00e9g halv\u00e1nys\u00e1rga hajt\u00e1sait &nbsp;valaha minden&nbsp;<\/p>\n\n\n\n<p>\u00e9vben v\u00e9gigk\u00f3stoltam, s nem az jut eszembe,&nbsp;<\/p>\n\n\n\n<p>hogyan szikr\u00e1znak a murteri erd\u0151k <em>a k\u00e9k f\u00e9ny&nbsp;<\/em><\/p>\n\n\n\n<p><em>fluid \u00e9kszerfoglalat\u00e1ban<\/em>, csak az otthoniak&nbsp;<\/p>\n\n\n\n<p>a naps\u00fct\u00e9s \u00e1prilisi arany\u00e1ban.&nbsp;<br><\/p>\n<\/div>\n\n\n\n<p><br><\/p>\n\n\n\n<p>(<a href=\"https:\/\/opus-folyoirat.sk\/?page_id=2222\" data-type=\"page\" data-id=\"2222\">olvass tov\u00e1bb<\/a>)<\/p>\n<\/div><figure class=\"wp-block-media-text__media\"><img loading=\"lazy\" decoding=\"async\" width=\"717\" height=\"1024\" src=\"https:\/\/opus-folyoirat.sk\/wp-content\/uploads\/2025\/02\/Lang-eszeter-1-717x1024.jpeg\" alt=\"\" class=\"wp-image-2227 size-full\" srcset=\"https:\/\/opus-folyoirat.sk\/wp-content\/uploads\/2025\/02\/Lang-eszeter-1-717x1024.jpeg 717w, https:\/\/opus-folyoirat.sk\/wp-content\/uploads\/2025\/02\/Lang-eszeter-1-210x300.jpeg 210w, https:\/\/opus-folyoirat.sk\/wp-content\/uploads\/2025\/02\/Lang-eszeter-1-768x1097.jpeg 768w, https:\/\/opus-folyoirat.sk\/wp-content\/uploads\/2025\/02\/Lang-eszeter-1-1075x1536.jpeg 1075w, https:\/\/opus-folyoirat.sk\/wp-content\/uploads\/2025\/02\/Lang-eszeter-1-1434x2048.jpeg 1434w, https:\/\/opus-folyoirat.sk\/wp-content\/uploads\/2025\/02\/Lang-eszeter-1-scaled.jpeg 1792w\" sizes=\"auto, (max-width: 717px) 100vw, 717px\" \/><\/figure><\/div>\n\n\n\n<hr class=\"wp-block-separator has-alpha-channel-opacity is-style-wide\"\/>\n\n\n\n<div class=\"wp-block-group is-vertical is-layout-flex wp-container-core-group-is-layout-8cf370e7 wp-block-group-is-layout-flex\">\n<p class=\"has-medium-font-size\">Hogya Gy\u00f6rgy<\/p>\n\n\n\n<p class=\"has-medium-font-size\"><strong>Arturo Antonioni ki\u00e1ltv\u00e1nya<\/strong><\/p>\n<\/div>\n\n\n<div class=\"wp-block-image\">\n<figure class=\"alignright size-large is-resized\"><img loading=\"lazy\" decoding=\"async\" width=\"1024\" height=\"1004\" src=\"http:\/\/opus-folyoirat.sk\/wp-content\/uploads\/2025\/09\/Hogya-1024x1004.jpg\" alt=\"\" class=\"wp-image-2625\" style=\"width:164px;height:auto\" srcset=\"https:\/\/opus-folyoirat.sk\/wp-content\/uploads\/2025\/09\/Hogya-1024x1004.jpg 1024w, https:\/\/opus-folyoirat.sk\/wp-content\/uploads\/2025\/09\/Hogya-300x294.jpg 300w, https:\/\/opus-folyoirat.sk\/wp-content\/uploads\/2025\/09\/Hogya-768x753.jpg 768w, https:\/\/opus-folyoirat.sk\/wp-content\/uploads\/2025\/09\/Hogya-306x300.jpg 306w, https:\/\/opus-folyoirat.sk\/wp-content\/uploads\/2025\/09\/Hogya.jpg 1304w\" sizes=\"auto, (max-width: 1024px) 100vw, 1024px\" \/><\/figure><\/div>\n\n\n<div class=\"wp-block-group is-vertical is-layout-flex wp-container-core-group-is-layout-8cf370e7 wp-block-group-is-layout-flex\">\n<p>Ismer\u0151sen hangzik-e b\u00e1rki sz\u00e1m\u00e1ra is Arturo Antonioni olasz fest\u0151 neve? Csod\u00e1ln\u00e1m, ha igen.<\/p>\n\n\n\n<p>M\u0171v\u00e9szett\u00f6rt\u00e9n\u00e9sz \u00e9s ki\u00e1ll\u00edt\u00e1s-szervez\u0151 l\u00e9temre eddig semmit sem hallottam r\u00f3la, m\u00edg p\u00e1r \u00e9ve Velenc\u00e9ben, a fest\u0151i sz\u00e9ps\u00e9g\u0171 Canal Grande partj\u00e1n fekv\u0151 Palazzo Venier dei Leoniban nem akadt dolgom.<\/p>\n<\/div>\n\n\n\n<p><\/p>\n\n\n\n<p>(<a href=\"https:\/\/opus-folyoirat.sk\/?page_id=2992\" data-type=\"link\" data-id=\"https:\/\/opus-folyoirat.sk\/?page_id=2992\">olvass tov\u00e1bb<\/a>)<\/p>\n\n\n\n<hr class=\"wp-block-separator has-alpha-channel-opacity is-style-wide\"\/>\n\n\n\n<p class=\"has-medium-font-size\" style=\"text-transform:uppercase\">Tam\u00e1si Orosz J\u00e1nos<\/p>\n\n\n\n<p><strong><em>Gy\u00f6ngy\u00f6k egy kalocsai h\u00e1z padl\u00e1spor\u00e1ban<\/em><\/strong><\/p>\n\n\n<div class=\"wp-block-image\">\n<figure class=\"alignright size-large is-resized\"><img loading=\"lazy\" decoding=\"async\" width=\"819\" height=\"1024\" src=\"http:\/\/opus-folyoirat.sk\/wp-content\/uploads\/2025\/11\/TamasiOrosz-819x1024.jpg\" alt=\"\" class=\"wp-image-3213\" style=\"width:173px;height:auto\" srcset=\"https:\/\/opus-folyoirat.sk\/wp-content\/uploads\/2025\/11\/TamasiOrosz-819x1024.jpg 819w, https:\/\/opus-folyoirat.sk\/wp-content\/uploads\/2025\/11\/TamasiOrosz-240x300.jpg 240w, https:\/\/opus-folyoirat.sk\/wp-content\/uploads\/2025\/11\/TamasiOrosz-768x960.jpg 768w, https:\/\/opus-folyoirat.sk\/wp-content\/uploads\/2025\/11\/TamasiOrosz.jpg 1201w\" sizes=\"auto, (max-width: 819px) 100vw, 819px\" \/><\/figure><\/div>\n\n\n<p>Csirreg telefonom, n\u0151v\u00e9rem h\u00edv, azonnal gondj\u00e1ra t\u00e9rve: eml\u00e9kszel arra a kis ablakra az ajt\u00f3 f\u00f6l\u00f6tt? M\u00e1rmint, k\u00e9rdem \u00f3vatosan, ablak, ajt\u00f3 f\u00f6l\u00f6tt, hol is? Kalocs\u00e1n, te, s legyint. \u00c1tfut rajtam a jogos megszeppen\u00e9s, val\u00f3ban minap besz\u00e9lgett\u00fcnk gyerekkorunkr\u00f3l, r\u00e1csod\u00e1lkozva arra, hogy igen, mennyire igaz a sokszor hallott mond\u00e1s az est\u00e9re elfelejtett aznapi eb\u00e9dr\u0151l; mi is volt, na, mi is; de az \u00edzek egyetlen eml\u00edt\u00e9s nyom\u00e1n hatvanvalah\u00e1ny esztend\u0151vel kor\u00e1bbr\u00f3l hirtelen \u00f6sszefutnak sz\u00e1nkban. B\u00e1r nem csak eml\u00e9kek t\u00e9rnek vissza; ilyenkor egyfajta szembes\u00edt\u00e9st \u00e9l\u00fcnk \u00e1t a gyerekkorral: boldog volt-e, csakugyan? Vagy \u00e9szre sem vett\u00fck a l\u00e9lekapaszt\u00f3 korl\u00e1rm\u00e1k p\u00f3rusainkba f\u00e9szkel\u0151 l\u00e1rv\u00e1it? Nem tudom, az ilyesmi k\u00e9rd\u00e9sek az eml\u00e9kfoszl\u00e1nyok \u00e9lesed\u00e9s\u00e9vel \u00e9rkeznek; a gyermekkor mit sem tud m\u00e9g elhallgatott t\u00f6rt\u00e9n\u00e9sekr\u0151l, hirtelen cs\u00f6ndre v\u00e1lt\u00f3 szavak rejt\u0151zk\u00f6d\u0151 f\u00e9lelm\u00e9r\u0151l, \u00e9lvezi csak a napok \u00e9lm\u00e9nyeit, sz\u00edneit; igen, az a kis ablak az ajt\u00f3 f\u00f6l\u00f6tt, f\u00e9lk\u00f6r volt, tal\u00e1n M\u00e1ria-k\u00e9p, mondatja most a dereng\u0151 feleletet t\u00f6preng\u0151 eml\u00e9kezetem, de meglehet, hogy angyal \u00fclt abban az ajt\u00f3 f\u00f6l\u00f6tti kis ablakra festve, vigy\u00e1zva \u00e1lmunk. Eml\u00e9kszem r\u00e1, de csak annyira, v\u00e1laszolom h\u00e1t v\u00e9g\u00fcl n\u0151v\u00e9rem k\u00e9rd\u00e9s\u00e9re, hogy ott volt, \u00e9s j\u00f3 volt n\u00e9zni a sz\u00ednein \u00e1t \u00e9rkez\u0151 f\u00e9nycs\u00edkok dereng\u0151 meleg\u00e9t a falon.&nbsp;<\/p>\n\n\n\n<p>(<a href=\"https:\/\/opus-folyoirat.sk\/?page_id=3431\" data-type=\"link\" data-id=\"https:\/\/opus-folyoirat.sk\/?page_id=3431\">olvass tov\u00e1bb<\/a>)<\/p>\n\n\n\n<hr class=\"wp-block-separator has-alpha-channel-opacity is-style-wide\"\/>\n\n\n\n<p class=\"has-medium-font-size\"><br>Lantay \u00c9va<br><strong>Versek<\/strong><br><br><\/p>\n\n\n\n<div class=\"wp-block-media-text has-media-on-the-right is-stacked-on-mobile\" style=\"grid-template-columns:auto 29%\"><div class=\"wp-block-media-text__content\">\n<p><strong>h\u00f3 dara <\/strong><br>\u00e9s <br><strong>ker\u00e9kp\u00e1r a parton<\/strong> c. versei<\/p>\n<\/div><figure class=\"wp-block-media-text__media\"><img loading=\"lazy\" decoding=\"async\" width=\"225\" height=\"225\" src=\"https:\/\/opus-folyoirat.sk\/wp-content\/uploads\/2025\/02\/Lantay-Eva.jpeg\" alt=\"\" class=\"wp-image-2220 size-full\" srcset=\"https:\/\/opus-folyoirat.sk\/wp-content\/uploads\/2025\/02\/Lantay-Eva.jpeg 225w, https:\/\/opus-folyoirat.sk\/wp-content\/uploads\/2025\/02\/Lantay-Eva-150x150.jpeg 150w\" sizes=\"auto, (max-width: 225px) 100vw, 225px\" \/><\/figure><\/div>\n\n\n\n<p>(<a href=\"https:\/\/opus-folyoirat.sk\/?page_id=2217\" data-type=\"page\" data-id=\"2217\">olvass tov\u00e1bb<\/a>)<\/p>\n\n\n\n<p><br><\/p>\n\n\n\n<hr class=\"wp-block-separator has-alpha-channel-opacity is-style-wide\"\/>\n\n\n\n<p class=\"has-medium-font-size\">Hajnal \u00c9va<\/p>\n\n\n\n<p class=\"has-text-align-center\"><strong>Nyolc apeva<\/strong><\/p>\n\n\n\n<div class=\"wp-block-group is-vertical is-content-justification-center is-layout-flex wp-container-core-group-is-layout-4b2eccd6 wp-block-group-is-layout-flex\">\n<p>Ne<\/p>\n\n\n\n<p>n\u00e9zd a<\/p>\n\n\n\n<p>sz\u00e1lk\u00e1t, a<\/p>\n\n\n\n<p>gerend\u00e1val<\/p>\n\n\n\n<p>foglald el magad!<\/p>\n<\/div>\n\n\n\n<p><\/p>\n\n\n\n<p>(<a href=\"https:\/\/opus-folyoirat.sk\/?page_id=3528\" data-type=\"link\" data-id=\"https:\/\/opus-folyoirat.sk\/?page_id=3528\">olvass tov\u00e1bb<\/a>)<\/p>\n\n\n\n<hr class=\"wp-block-separator has-alpha-channel-opacity is-style-wide\"\/>\n\n\n<div class=\"wp-block-image\">\n<figure class=\"alignright size-large is-resized\"><img loading=\"lazy\" decoding=\"async\" width=\"1024\" height=\"1019\" src=\"http:\/\/opus-folyoirat.sk\/wp-content\/uploads\/2024\/02\/ZNemethPista-1024x1019.jpeg\" alt=\"\" class=\"wp-image-1150\" style=\"width:175px;height:auto\" srcset=\"https:\/\/opus-folyoirat.sk\/wp-content\/uploads\/2024\/02\/ZNemethPista-1024x1019.jpeg 1024w, https:\/\/opus-folyoirat.sk\/wp-content\/uploads\/2024\/02\/ZNemethPista-300x300.jpeg 300w, https:\/\/opus-folyoirat.sk\/wp-content\/uploads\/2024\/02\/ZNemethPista-150x150.jpeg 150w, https:\/\/opus-folyoirat.sk\/wp-content\/uploads\/2024\/02\/ZNemethPista-768x764.jpeg 768w, https:\/\/opus-folyoirat.sk\/wp-content\/uploads\/2024\/02\/ZNemethPista-1536x1528.jpeg 1536w, https:\/\/opus-folyoirat.sk\/wp-content\/uploads\/2024\/02\/ZNemethPista-301x300.jpeg 301w, https:\/\/opus-folyoirat.sk\/wp-content\/uploads\/2024\/02\/ZNemethPista.jpeg 1635w\" sizes=\"auto, (max-width: 1024px) 100vw, 1024px\" \/><\/figure><\/div>\n\n\n<p class=\"has-medium-font-size\">Z. N\u00e9meth Istv\u00e1n versei<\/p>\n\n\n\n<p><strong>Pontf\u00e9ny<\/strong><\/p>\n\n\n\n<div class=\"wp-block-group is-vertical is-layout-flex wp-container-core-group-is-layout-8cf370e7 wp-block-group-is-layout-flex\">\n<p>A r\u00e9t v\u00f6r\u00f6s f\u00fcv\u00e9t<\/p>\n\n\n\n<p>t\u0171tengerr\u00e9 hegyezt\u00e9k<\/p>\n\n\n\n<p>szorgalmas kezek.<\/p>\n<\/div>\n\n\n\n<p><\/p>\n\n\n\n<div class=\"wp-block-group is-vertical is-layout-flex wp-container-core-group-is-layout-8cf370e7 wp-block-group-is-layout-flex\">\n<p>Ujjad hegy\u00e9n l\u00e1ngok,<\/p>\n\n\n\n<p>\u00fcres zsebbel l\u00e9psz, a kavicsok<\/p>\n\n\n\n<p>zongorabillenty\u0171k.<\/p>\n<\/div>\n\n\n\n<p><\/p>\n\n\n\n<div class=\"wp-block-group is-vertical is-layout-flex wp-container-core-group-is-layout-8cf370e7 wp-block-group-is-layout-flex\">\n<p>Oltalmaz csillagkab\u00e1tod,<\/p>\n\n\n\n<p>\u00f3vatosan l\u00e9pkedsz, m\u00e9gis<\/p>\n\n\n\n<p>f\u00e1jni fog az \u00e1tkel\u00e9s.<\/p>\n<\/div>\n\n\n\n<p><\/p>\n\n\n\n<div class=\"wp-block-group is-vertical is-layout-flex wp-container-core-group-is-layout-8cf370e7 wp-block-group-is-layout-flex\">\n<p>P\u00e1r bar\u00e1t maradt csak<\/p>\n\n\n\n<p>talpon, p\u00e1ran \u00e9gbe sz\u00e1lltak,<\/p>\n\n\n\n<p>a t\u00f6bbi megbolondult.<\/p>\n<\/div>\n\n\n\n<p>(<a href=\"https:\/\/opus-folyoirat.sk\/?page_id=3524\" data-type=\"link\" data-id=\"https:\/\/opus-folyoirat.sk\/?page_id=3524\">olvass tov\u00e1bb<\/a>)<\/p>\n\n\n\n<hr class=\"wp-block-separator has-alpha-channel-opacity is-style-wide\"\/>\n\n\n\n<p class=\"has-medium-font-size\"><br>K\u00f6vesdi K\u00e1roly<br><strong>T\u00e9li esteled\u00e9s<\/strong><\/p>\n\n\n\n<div class=\"wp-block-group is-vertical is-layout-flex wp-container-core-group-is-layout-8cf370e7 wp-block-group-is-layout-flex\">\n<div class=\"wp-block-media-text has-media-on-the-right is-stacked-on-mobile\" style=\"grid-template-columns:auto 30%\"><div class=\"wp-block-media-text__content\">\n<div class=\"wp-block-group is-vertical is-layout-flex wp-container-core-group-is-layout-8cf370e7 wp-block-group-is-layout-flex\">\n<p>Azt hittem elt\u00e9vedt vagy sz\u00e1rnyszegett mad\u00e1r&nbsp;<\/p>\n\n\n\n<p>csapong de csak egy sz\u00e1raz falev\u00e9l sodr\u00f3dott&nbsp;<\/p>\n\n\n\n<p>\u00e1t a t\u00e9li kerten bukd\u00e1csolva hal\u00f3d\u00f3 t\u00e1ncot j\u00e1rva<\/p>\n\n\n\n<p>a h\u00f3foltok k\u00f6zt f\u00e1jdalmas sikollyal juttatva&nbsp;<\/p>\n<\/div>\n\n\n\n<p><br>(<a href=\"https:\/\/opus-folyoirat.sk\/?page_id=2212\" data-type=\"page\" data-id=\"2212\">olvass tov\u00e1bb<\/a>)<\/p>\n<\/div><figure class=\"wp-block-media-text__media\"><img loading=\"lazy\" decoding=\"async\" width=\"1920\" height=\"2560\" src=\"https:\/\/opus-folyoirat.sk\/wp-content\/uploads\/2025\/02\/Kovesdi-scaled.jpg\" alt=\"\" class=\"wp-image-2211 size-full\" srcset=\"https:\/\/opus-folyoirat.sk\/wp-content\/uploads\/2025\/02\/Kovesdi-scaled.jpg 1920w, https:\/\/opus-folyoirat.sk\/wp-content\/uploads\/2025\/02\/Kovesdi-225x300.jpg 225w, https:\/\/opus-folyoirat.sk\/wp-content\/uploads\/2025\/02\/Kovesdi-768x1024.jpg 768w, https:\/\/opus-folyoirat.sk\/wp-content\/uploads\/2025\/02\/Kovesdi-1152x1536.jpg 1152w, https:\/\/opus-folyoirat.sk\/wp-content\/uploads\/2025\/02\/Kovesdi-1536x2048.jpg 1536w\" sizes=\"auto, (max-width: 1920px) 100vw, 1920px\" \/><\/figure><\/div>\n\n\n\n<div class=\"wp-block-columns is-layout-flex wp-container-core-columns-is-layout-9d6595d7 wp-block-columns-is-layout-flex\">\n<div class=\"wp-block-column is-layout-flow wp-block-column-is-layout-flow\"><\/div>\n<\/div>\n<\/div>\n\n\n\n<hr class=\"wp-block-separator has-alpha-channel-opacity is-style-wide\"\/>\n\n\n\n<p class=\"has-medium-font-size\">Nagy Erika<\/p>\n\n\n\n<h1 class=\"wp-block-heading\"><br>A szeretet ereje<\/h1>\n\n\n<div class=\"wp-block-image\">\n<figure class=\"alignright size-large is-resized\"><img loading=\"lazy\" decoding=\"async\" width=\"1024\" height=\"682\" src=\"http:\/\/opus-folyoirat.sk\/wp-content\/uploads\/2023\/11\/01_NagyErika-1024x682.jpg\" alt=\"\" class=\"wp-image-988\" style=\"width:186px;height:auto\" srcset=\"https:\/\/opus-folyoirat.sk\/wp-content\/uploads\/2023\/11\/01_NagyErika-1024x682.jpg 1024w, https:\/\/opus-folyoirat.sk\/wp-content\/uploads\/2023\/11\/01_NagyErika-300x200.jpg 300w, https:\/\/opus-folyoirat.sk\/wp-content\/uploads\/2023\/11\/01_NagyErika-768x512.jpg 768w, https:\/\/opus-folyoirat.sk\/wp-content\/uploads\/2023\/11\/01_NagyErika-1536x1024.jpg 1536w, https:\/\/opus-folyoirat.sk\/wp-content\/uploads\/2023\/11\/01_NagyErika-2048x1365.jpg 2048w, https:\/\/opus-folyoirat.sk\/wp-content\/uploads\/2023\/11\/01_NagyErika-450x300.jpg 450w\" sizes=\"auto, (max-width: 1024px) 100vw, 1024px\" \/><\/figure><\/div>\n\n\n<div class=\"wp-block-group is-vertical is-layout-flex wp-container-core-group-is-layout-8cf370e7 wp-block-group-is-layout-flex\">\n<p id=\"block-a1b79667-1692-4ae8-ab9c-24384932c371\">H\u00e1rom napja \u00e9hezett, egy falatot sem evett. Az illemhelyek adottak voltak a fel\u00fcletes tiszt\u00e1lkod\u00e1sra, \u00edgy m\u00e9g elviselhet\u0151 volt a k\u00f6zels\u00e9ge. Le\u00fclt egy padra, arc\u00e1t a kez\u00e9be temette, melyek felfogt\u00e1k kibuggyan\u00f3 k\u00f6nnyeit. T\u00f6prengett. Mit \u00e9r ez az \u00e9let? Kivert kutyak\u00e9nt, \u00e9lelem, p\u00e9nz, lak\u00e1s n\u00e9lk\u00fcl?&nbsp;<\/p>\n\n\n\n<p id=\"block-565f74fb-daa8-4100-95d8-c306cb889ab3\">Nem volt ez mindig \u00edgy. Volt lak\u00e1s, volt csal\u00e1d, volt kereset. Olykor m\u00e9g boldogs\u00e1g is. Minden odalett. Egyik napr\u00f3l a m\u00e1sikra. \u0150 sz\u00farta el, de nagyon.<\/p>\n\n\n\n<p id=\"block-e81269a1-5f90-4e0a-b2cf-841a01297e85\">\u2013 Tess\u00e9k j\u00f3ember, vegye el \u2013 sz\u00f3lt egy \u00f6reg n\u00e9nike, s kez\u00e9ben egy h\u00faszast lobogtatott h\u0151s\u00fcnk orra el\u0151tt. &nbsp;<\/p>\n\n\n\n<p id=\"block-6dfe5edc-521f-445b-98a9-727c93bf543b\">Soha \u00e9let\u00e9ben nem \u00e9rzett ekkora megal\u00e1ztat\u00e1st, mint most. Nem szokott hozz\u00e1, hogy sajn\u00e1lj\u00e1k, hogy cs\u00f3r\u00f3nak n\u00e9zik. Pedig az. Visszavonhatatlanul. Pillanatok alatt d\u00f6nt\u00f6tt arr\u00f3l, hogy elfogadja, nincs m\u00e1s v\u00e1laszt\u00e1s. \u00c9hes volt, s az \u00e9hs\u00e9g nagy\u00far.<\/p>\n<\/div>\n\n\n\n<p><\/p>\n\n\n\n<p>(<a href=\"https:\/\/opus-folyoirat.sk\/?page_id=3517\" data-type=\"link\" data-id=\"https:\/\/opus-folyoirat.sk\/?page_id=3517\">olvass tov\u00e1bb<\/a>)<\/p>\n\n\n\n<hr class=\"wp-block-separator has-alpha-channel-opacity is-style-wide\"\/>\n\n\n\n<div class=\"wp-block-group is-vertical is-layout-flex wp-container-core-group-is-layout-8cf370e7 wp-block-group-is-layout-flex\">\n<p class=\"has-medium-font-size\">Hogya Gy\u00f6rgy <\/p>\n\n\n\n<p class=\"has-medium-font-size\"><strong>Arisztokl\u00e9sz nomosza<\/strong><\/p>\n<\/div>\n\n\n<div class=\"wp-block-image\">\n<figure class=\"alignright size-large is-resized\"><img loading=\"lazy\" decoding=\"async\" width=\"1024\" height=\"1004\" src=\"http:\/\/opus-folyoirat.sk\/wp-content\/uploads\/2025\/09\/Hogya-1024x1004.jpg\" alt=\"\" class=\"wp-image-2625\" style=\"width:181px;height:auto\" srcset=\"https:\/\/opus-folyoirat.sk\/wp-content\/uploads\/2025\/09\/Hogya-1024x1004.jpg 1024w, https:\/\/opus-folyoirat.sk\/wp-content\/uploads\/2025\/09\/Hogya-300x294.jpg 300w, https:\/\/opus-folyoirat.sk\/wp-content\/uploads\/2025\/09\/Hogya-768x753.jpg 768w, https:\/\/opus-folyoirat.sk\/wp-content\/uploads\/2025\/09\/Hogya-306x300.jpg 306w, https:\/\/opus-folyoirat.sk\/wp-content\/uploads\/2025\/09\/Hogya.jpg 1304w\" sizes=\"auto, (max-width: 1024px) 100vw, 1024px\" \/><\/figure><\/div>\n\n\n<p>Meglehet\u0151sen sok ut\u00e1naj\u00e1r\u00e1somba ker\u00fclt, m\u00edg Arisztokl\u00e9sz, ismertebb nev\u00e9n Plat\u00f3n, egy r\u00e9g\u00f3ta keresett level\u00e9re r\u00e1akadtam s azt megszereztem. No persze, nem eredeti p\u00e9ld\u00e1nyr\u00f3l van sz\u00f3, hanem t\u00f6bbsz\u00f6r\u00f6sen \u00e1t\u00edrt \u00e9s f\u00e9nym\u00e1solt v\u00e1ltozatr\u00f3l, amely siralmas \u00e1llapotban ker\u00fclt a kezembe. Szakmai k\u00f6r\u00f6kben (filoz\u00f3fia \u00e9rtelemben) ennek a lev\u00e9lnek nem tulajdon\u00edtanak nagy jelent\u0151s\u00e9get, b\u00e1r ez semmivel sem cs\u00f6kkenti t\u00f6rt\u00e9nelmi \u00e9rt\u00e9k\u00e9t. E p\u00e1r oldalon nincs sz\u00f3 sem a filoz\u00f3fia, sem a l\u00e9t \u201enagy\u201d k\u00e9rd\u00e9seir\u0151l, ink\u00e1bb a kor, pontosabban az \u00f3kor elm\u00e9lked\u0151ire nem igaz\u00e1n jellemz\u0151 m\u00f3don saj\u00e1t bels\u0151 \u00e9let\u00e9nek k\u00e9rd\u00e9seit r\u00f6gz\u00edti. Ett\u0151l f\u00fcggetlen\u00fcl a lev\u00e9l komoly \u00e9rt\u00e9ket k\u00e9pvisel.<\/p>\n\n\n\n<p>(<a href=\"https:\/\/opus-folyoirat.sk\/?page_id=2988\" data-type=\"link\" data-id=\"https:\/\/opus-folyoirat.sk\/?page_id=2988\">olvass tov\u00e1bb<\/a>)<\/p>\n\n\n\n<hr class=\"wp-block-separator has-alpha-channel-opacity is-style-wide\"\/>\n\n\n\n<p class=\"has-medium-font-size\" style=\"text-transform:capitalize\">Kov\u00e1cs Marianna<br><strong>Keserny\u00e9s \u0151szut\u00f3<\/strong><\/p>\n\n\n\n<div class=\"wp-block-group is-nowrap is-layout-flex wp-container-core-group-is-layout-ad2f72ca wp-block-group-is-layout-flex\"><\/div>\n\n\n\n<div class=\"wp-block-group is-vertical is-layout-flex wp-container-core-group-is-layout-8cf370e7 wp-block-group-is-layout-flex\">\n<div class=\"wp-block-media-text has-media-on-the-right is-stacked-on-mobile is-vertically-aligned-center\" style=\"grid-template-columns:auto 30%\"><div class=\"wp-block-media-text__content\">\n<p>m\u00e1r t\u00f6bb mint n\u00e9gy hete<br>bennem van ez a t\u00e9l<br>cs\u00faszk\u00e1l\u00e1s z\u00fazmara<br>j\u00e9ghideg<\/p>\n<\/div><figure class=\"wp-block-media-text__media\"><img loading=\"lazy\" decoding=\"async\" width=\"960\" height=\"960\" src=\"https:\/\/opus-folyoirat.sk\/wp-content\/uploads\/2025\/02\/Kovacs-Mariann.jpeg\" alt=\"\" class=\"wp-image-2062 size-full\" srcset=\"https:\/\/opus-folyoirat.sk\/wp-content\/uploads\/2025\/02\/Kovacs-Mariann.jpeg 960w, https:\/\/opus-folyoirat.sk\/wp-content\/uploads\/2025\/02\/Kovacs-Mariann-300x300.jpeg 300w, https:\/\/opus-folyoirat.sk\/wp-content\/uploads\/2025\/02\/Kovacs-Mariann-150x150.jpeg 150w, https:\/\/opus-folyoirat.sk\/wp-content\/uploads\/2025\/02\/Kovacs-Mariann-768x768.jpeg 768w\" sizes=\"auto, (max-width: 960px) 100vw, 960px\" \/><\/figure><\/div>\n<\/div>\n\n\n\n<div class=\"wp-block-group is-vertical is-layout-flex wp-container-core-group-is-layout-8cf370e7 wp-block-group-is-layout-flex\">\n<p><br>(<a href=\"https:\/\/opus-folyoirat.sk\/?page_id=1894\" data-type=\"page\" data-id=\"1894\">olvass tov\u00e1bb<\/a>)<br><br><\/p>\n\n\n\n<hr class=\"wp-block-separator has-alpha-channel-opacity is-style-wide\"\/>\n<\/div>\n\n\n\n<hr class=\"wp-block-separator has-alpha-channel-opacity is-style-wide\"\/>\n\n\n\n<p class=\"has-medium-font-size\" style=\"text-transform:uppercase\">Tam\u00e1si Orosz J\u00e1nos<\/p>\n\n\n\n<p class=\"has-medium-font-size\"><strong>El\u0151sz\u00f3tlan ut\u00f3sz\u00f3<\/strong><\/p>\n\n\n<div class=\"wp-block-image\">\n<figure class=\"alignright size-large is-resized\"><img loading=\"lazy\" decoding=\"async\" width=\"819\" height=\"1024\" src=\"http:\/\/opus-folyoirat.sk\/wp-content\/uploads\/2025\/11\/TamasiOrosz-819x1024.jpg\" alt=\"\" class=\"wp-image-3213\" style=\"width:156px;height:auto\" srcset=\"https:\/\/opus-folyoirat.sk\/wp-content\/uploads\/2025\/11\/TamasiOrosz-819x1024.jpg 819w, https:\/\/opus-folyoirat.sk\/wp-content\/uploads\/2025\/11\/TamasiOrosz-240x300.jpg 240w, https:\/\/opus-folyoirat.sk\/wp-content\/uploads\/2025\/11\/TamasiOrosz-768x960.jpg 768w, https:\/\/opus-folyoirat.sk\/wp-content\/uploads\/2025\/11\/TamasiOrosz.jpg 1201w\" sizes=\"auto, (max-width: 819px) 100vw, 819px\" \/><\/figure><\/div>\n\n\n<p>Hanyas vagy? \u00d6tvenh\u00e1rmas? Akkor mi f\u00e9lszavakb\u00f3l \u00e9rtj\u00fck egym\u00e1st. Vagy m\u00e1r f\u00e9lmondatokb\u00f3l sem. B\u00e1r ebben val\u00f3ban nem lehet\u00fcnk biztosak, hiszen nem besz\u00e9l\u00fcnk r\u00f3la. A t\u00f6bbs\u00e9g elfogadta az elfogadhatatlant \u2013 a fecseg\u0151-fr\u00f6cs\u00f6g\u0151-fullaszt\u00f3-handaband\u00e1z\u00f3 felsz\u00edn alatt megb\u00fav\u00f3 f\u00e9lregondol\u00f3 cs\u00f6ndet. Tudom, kellemetlen kezd\u00e9s ez, mondhatj\u00e1k, mi k\u00f6ze van ennek egy \u00f6nportr\u00e9-\u00f6narck\u00e9p-\u00f6nvallom\u00e1s-\u00f6n\u00e9rt\u00e9kel\u00e9s-\u00f6nvisszatekint\u00e9s antol\u00f3gia-lapjainak s v\u00e9gk\u00e9pp annak olvas\u00f3ja mi\u00e9rt \u00e9rezzen k\u00e9sztet\u00e9st egy azonnali tov\u00e1bb-lapoz\u00e1sra, de h\u00e1t engedtess\u00e9k meg sz\u00e1momra a k\u00e9sei kock\u00e1zatv\u00e1llal\u00e1s. V\u00e9lt igazs\u00e1gom kimond\u00e1sa. Mert kor\u00e1ntsem egy\u00e9rtelm\u0171 ez; van, aki el\u00e9gedett \u00e9lete fut\u00e1s\u00e1val, m\u00e1sok kev\u00e9sb\u00e9, de a vesztes\u00e9get b\u0151ven ellens\u00falyozza sz\u00e1mukra a csal\u00e1d, s a hit \u2013 a j\u00f6v\u0151be vetett hit. Amib\u0151l mindig volt elegend\u0151. Azt valahogy sohasem s\u00f6p\u00f6rt\u00e9k le a padl\u00e1sr\u00f3l, vagy f\u00f6l a verand\u00e1r\u00f3l, onnan meg pl\u00e1ne nem, ahol a papok t\u00e1ncolnak, s a firhang m\u00f6g\u00fcl kipillantva is az \u00f6tl\u00f6tt szembe \u2013 nem a l\u00e1tv\u00e1ny. Nem a val\u00f3s\u00e1g.<\/p>\n\n\n\n<p>(<a href=\"https:\/\/opus-folyoirat.sk\/?page_id=3426\" data-type=\"link\" data-id=\"https:\/\/opus-folyoirat.sk\/?page_id=3426\">olvass tov\u00e1bb<\/a>)<\/p>\n\n\n\n<hr class=\"wp-block-separator has-alpha-channel-opacity is-style-wide\"\/>\n\n\n\n<div class=\"wp-block-group is-vertical is-layout-flex wp-container-core-group-is-layout-8cf370e7 wp-block-group-is-layout-flex\">\n<p class=\"has-medium-font-size\" style=\"text-transform:uppercase\">Magyar D\u00e1niel<\/p>\n\n\n\n<p class=\"has-medium-font-size\"><strong>K\u00f6dben<\/strong><\/p>\n<\/div>\n\n\n\n<p><br>A k\u00e1v\u00e9h\u00e1z ablak\u00e1n kereszt\u00fcl figyeltem, ahogy a k\u00e9s\u0151 szeptemberi k\u00f6d sz\u00fcrk\u00e9re gletteli a s\u00e9t\u00e1l\u00f3utc\u00e1t. A telefonomon megsz\u00f3lalt az In the ghetto, Elvist\u0151l. Egy ideje, mi\u00f3ta szoci\u00e1lisan \u00e9rz\u00e9kenyebb id\u0151szakomat \u00e9lem, ez a cseng\u0151hangom. Szeretek itt \u00fcld\u00f6g\u00e9lni, a Panta Rhei falit\u00e9rk\u00e9pe mellett, te\u00e1t vagy k\u00e1v\u00e9t sz\u00fcrcs\u00f6lgetve fant\u00e1zi\u00e1lni, n\u00e9zni a szemben l\u00e9v\u0151 polcon a k\u00f6nyveket, id\u0151nk\u00e9nt odapillantani a fogason l\u00f3g\u00f3 kab\u00e1tomra, amit b\u00e1rmikor magamra kaphatok, \u00e9s kil\u00e9phetek a k\u00e9pzeletemb\u0151l a realit\u00e1sba. Sz\u00f3val cs\u00f6rg\u00f6tt a telefonom, \u00e9ppen akkor, amikor arra gondoltam, hogy milyen j\u00f3 lenne valakivel besz\u00e9lgetni, csak \u00fagy, nem valami konkr\u00e9t t\u00e9m\u00e1r\u00f3l, hanem arr\u00f3l, ami esz\u00fcnkbe jut. A testv\u00e9rem h\u00edvott, hogy tudn\u00e9k-e az unoka\u00f6cs\u00e9mre vigy\u00e1zni egy \u00f3r\u00e1t.<\/p>\n\n\n\n<p>(<a href=\"https:\/\/opus-folyoirat.sk\/?page_id=2239\" data-type=\"page\" data-id=\"2239\">olvass tov\u00e1bb<\/a>)<\/p>\n\n\n\n<hr class=\"wp-block-separator has-alpha-channel-opacity is-style-wide\"\/>\n\n\n\n<p>Hogya Gy\u00f6rgy<\/p>\n\n\n\n<p class=\"has-medium-font-size\"><strong>Alkonyi f\u00e9lhom\u00e1lyunkat&nbsp;add meg nek\u00fcnk\u2026<\/strong><\/p>\n\n\n<div class=\"wp-block-image\">\n<figure class=\"alignright size-large is-resized\"><img loading=\"lazy\" decoding=\"async\" width=\"1024\" height=\"1004\" src=\"http:\/\/opus-folyoirat.sk\/wp-content\/uploads\/2025\/09\/Hogya-1024x1004.jpg\" alt=\"\" class=\"wp-image-2625\" style=\"width:203px;height:auto\" srcset=\"https:\/\/opus-folyoirat.sk\/wp-content\/uploads\/2025\/09\/Hogya-1024x1004.jpg 1024w, https:\/\/opus-folyoirat.sk\/wp-content\/uploads\/2025\/09\/Hogya-300x294.jpg 300w, https:\/\/opus-folyoirat.sk\/wp-content\/uploads\/2025\/09\/Hogya-768x753.jpg 768w, https:\/\/opus-folyoirat.sk\/wp-content\/uploads\/2025\/09\/Hogya-306x300.jpg 306w, https:\/\/opus-folyoirat.sk\/wp-content\/uploads\/2025\/09\/Hogya.jpg 1304w\" sizes=\"auto, (max-width: 1024px) 100vw, 1024px\" \/><\/figure><\/div>\n\n\n<p>1656. j\u00falius 27-\u00e9n az amszterdami zsinag\u00f3g\u00e1ban k\u00e9rlelhetetlen szigor\u00fas\u00e1ggal k\u00f6z\u00f6s\u00edtettek ki egy fekete haj\u00fa, j\u00e1mbor fiatalembert, akinek egyetlen b\u0171ne a gondolkod\u00e1s, pontosabban a f\u00fcggetlen, avagy \u201em\u00e1sk\u00e9nt\u201d gondolkod\u00e1s volt. A kik\u00f6z\u00f6s\u00edt\u00e9s ritu\u00e1l\u00e9j\u00e1nak r\u00e9sze volt az \u00e1tok felolvas\u00e1sa is, amelyb\u0151l csak r\u00e9szleteket id\u00e9zek: (az illet\u0151 teh\u00e1t) \u201e\u2026\u00e1tok al\u00e1 vetess\u00e9k, Izrael n\u00e9p\u00e9b\u0151l kiszak\u00edtass\u00e1k\u2026\u201d\u201e\u2026ut\u00e1ljuk, el\u00e1tkozzuk \u00e9s kirekesztj\u00fck (\u0151t)\u2026\u201d \u201eLegyen \u00e1tkozott nappal \u00e9s legyen \u00e1tkozott \u00e9jjel; legyen \u00e1tkozott lefekt\u00e9ben \u00e9s legyen \u00e1tkozott felkelt\u00e9ben; \u00e1tkozott elment\u00e9ben \u00e9s \u00e1tkozott megj\u00f6tt\u00e9ben\u2026 Ezennel figyelmeztet\u00fcnk mindenkit, hogy senki se \u00e9l\u0151 sz\u00f3val ne besz\u00e9lgessen vele, se \u00edr\u00e1sban ne \u00e9rintkezz\u00e9k; hogy senki ne tegyen neki semmi szolg\u00e1latot, ne lakozz\u00e9k vele egy f\u00f6d\u00e9l alatt, ne l\u00e9pjen hozz\u00e1 n\u00e9gy r\u0151fn\u00e9l k\u00f6zelebb, s ne olvasson el semmi \u00edr\u00e1st, amelyet \u0151 dikt\u00e1lt avagy saj\u00e1t kez\u00e9vel \u00edrt.\u201d<\/p>\n\n\n\n<p>(<a href=\"https:\/\/opus-folyoirat.sk\/?page_id=2980\" data-type=\"link\" data-id=\"https:\/\/opus-folyoirat.sk\/?page_id=2980\">olvass tov\u00e1bb<\/a>)<\/p>\n\n\n\n<hr class=\"wp-block-separator has-alpha-channel-opacity is-style-wide\"\/>\n\n\n\n<p class=\"has-medium-font-size\"><br>KOCZK\u00c1S KITTY<br><strong>Gy\u00f6kereink<\/strong><\/p>\n\n\n\n<p>\u201eIdeje lenne, ha egy kicsit magadba n\u00e9zn\u00e9l!\u201d Egy mondat, melyet oly sokszor hallottunk m\u00e1r iskol\u00e1s \u00e9veink alatt a tan\u00e1rokt\u00f3l. Legt\u00f6bbsz\u00f6r m\u00e9rges hanggal k\u00f6zlik, mik\u00f6zben j\u00f3l megdorg\u00e1lnak benn\u00fcnket, mi pedig \u00e1ltal\u00e1ban elengedj\u00fck a f\u00fcl\u00fcnk mellett. \u00c9n viszont e mondatot k\u00e9pzeletben magam el\u00e9 helyeztem. Elemeztem, vizsg\u00e1ltam, \u00edzlelgettem, mint egy igaz\u00e1n j\u00f3 min\u0151s\u00e9g\u0171 bort, amit \u00e9n k\u00f3stolhatok meg legel\u0151sz\u00f6r. Azt\u00e1n lenyeltem, becsuktam a szemem, de valahogy m\u00e9gis l\u00e1ttam. L\u00e1ttam testem vonalait kirajzol\u00f3dni magam el\u0151tt, s csak \u00fagy f\u00e9nylett az engem k\u00f6r\u00fcl\u00f6lel\u0151 semmiben. Lejjebb tekintve figyeltem fel gy\u00f6kereim sokas\u00e1g\u00e1ra m\u00e9lyen a f\u00f6ldben, egyvalami pedig azonnal vil\u00e1goss\u00e1 v\u00e1lt sz\u00e1momra: \u00e9n leszek a term\u00e9s. \u00dagy d\u00f6nt\u00f6ttem, v\u00e9gign\u00e9zem h\u00e1t mindegyiket.<br><br>(<a href=\"https:\/\/opus-folyoirat.sk\/?page_id=2199\" data-type=\"page\" data-id=\"2199\">olvass tov\u00e1bb<\/a>)<br><\/p>\n\n\n\n<hr class=\"wp-block-separator has-alpha-channel-opacity is-style-wide\"\/>\n\n\n\n<p class=\"has-medium-font-size\" style=\"text-transform:uppercase\">Petrik Vikt\u00f3ria<\/p>\n\n\n\n<p><strong>N\u0151i meg\u00e9rz\u00e9s<\/strong><\/p>\n\n\n\n<p><\/p>\n\n\n\n<p>A felkel\u0151 nap sugara makacsul t\u00f6rt utat mag\u00e1nak, k\u00edm\u00e9letlen\u00fcl tolakodott be a h\u00e1zak ablakain, nem rettenve vissza att\u00f3l, hogy bef\u00e9rk\u0151zz\u00f6n az emberek egyhang\u00faan indul\u00f3 napjaiba. A reggelek mindig egyform\u00e1n kezd\u0151dtek. A v\u00edz csobog\u00e1sa a f\u00fcrd\u0151ben jelezte, hogy D\u00e1vid m\u00e1r \u00e9bren van, fogat mos \u00e9s borotv\u00e1lkozik, k\u00e9sz\u00fcl az \u00faj napra. A k\u00e1v\u00e9 illata bej\u00e1rta az eg\u00e9sz h\u00e1zat, mire Gr\u00e9ta is felkelt. Szerette ezt a megszokott ritmust. Egy olyan zen\u00e9re eml\u00e9keztette \u0151t, amelyet m\u00e1r ezerszer hallott, m\u00e9gis mindig megnyugtatta, ha \u00fajra felcsend\u00fclt. Aznap reggel a leveg\u0151ben friss keny\u00e9r \u00e9s eperlekv\u00e1r illata keringett, meg valami eg\u00e9szen apr\u00f3, m\u00e9gis kitapinthatatlan fesz\u00fclts\u00e9g. Mintha valami megv\u00e1ltozott volna. Amikor Gr\u00e9ta ott \u00e1llt az ablakn\u00e1l, k\u00e1v\u00e9scs\u00e9sz\u00e9je a kez\u00e9ben langyosodott, s ahogy a g\u0151z felsz\u00e1llt, \u00fagy kavargott benne is valami megnevezhetetlen. M\u00f6g\u00f6tte D\u00e1vid az \u00fajs\u00e1got lapozta, ugyanazzal a mozdulattal, mint mindig, a f\u00e9rfi most m\u00e9gis eg\u00e9szen m\u00e1snak t\u0171nt. Gr\u00e9ta nem \u00e9rtette. Nem volt semmi konkr\u00e9tum, nem lehetett r\u00e1mutatni, sem k\u00e9zzel megfogni. Nem voltak sem elhalkul\u00f3 szavak, sem f\u00e9lrecs\u00fasz\u00f3 tekintetek vagy megk\u00e9sve \u00e9rkez\u0151 v\u00e1laszok. D\u00e1vid nem mondott k\u00fcl\u00f6n\u00f6s dolgokat, nem j\u00e1rt m\u00e1shogyan, \u00e9s nem volt idegen parf\u00fcmillat sem az inge gall\u00e9rj\u00e1n. M\u00e9gis mintha elmozdult volna k\u00f6z\u00f6tt\u00fck valami, nem hangosan, nem ny\u00edltan, csak \u00e9ppen annyira, hogy ne lehessen figyelmen k\u00edv\u00fcl hagyni. Egyfajta s\u00faly volt a leveg\u0151ben, amelyet nem a csend, hanem valami m\u00e9lyebb, sz\u00f3tlan dolog hordozott. Mintha a mozdulatai m\u00f6g\u00f6tt valami elrejtett titok rejt\u0151zne \u2013 valami, amit ugyan D\u00e1vid nem mondott ki, de a teste, a hangja, az \u00e1rny\u00e9kai el\u00e1rult\u00e1k. Gr\u00e9ta egy ideig f\u00fcrk\u00e9szte az asztaln\u00e1l \u00fcl\u0151 f\u00e9rfit, a j\u00f3l ismert arcot \u00e9s testet, pr\u00f3b\u00e1lta meg\u00e9rteni, mi t\u00f6rt\u00e9nhetett. Hogy mi\u00e9rt t\u0171nt f\u00e9rje \u00e1rny\u00e9ka hirtelenj\u00e9ben hosszabbnak, mozdulatai kiss\u00e9 vontatottabbnak, jelenl\u00e9te idegenszer\u0171nek. Arra gondolt, hogy mindez tal\u00e1n m\u00e1r r\u00e9g\u00f3ta ott volt k\u00f6r&#8230;<br><br>(<a href=\"https:\/\/opus-folyoirat.sk\/?page_id=3373\" data-type=\"link\" data-id=\"https:\/\/opus-folyoirat.sk\/?page_id=3373\">olvass tov\u00e1bb<\/a>)<\/p>\n\n\n\n<hr class=\"wp-block-separator has-alpha-channel-opacity is-style-wide\"\/>\n\n\n\n<p class=\"has-medium-font-size\">Kiss B\u00e1lint B\u00e9la<br><strong>Visszaes\u00e9s<\/strong><\/p>\n\n\n\n<div class=\"wp-block-media-text has-media-on-the-right is-stacked-on-mobile\" style=\"grid-template-columns:auto 30%\"><div class=\"wp-block-media-text__content\">\n<p>Ujjak n\u0151ttek ujjaib\u00f3l.<br>Cukor\u00edz\u0171 volt a tenyere.<br>A pattan\u00e1sok, arc\u00e1n, h\u00e1t\u00e1n<br>Szinte \u00e9gtek. Lebegett.<\/p>\n<\/div><figure class=\"wp-block-media-text__media\"><img loading=\"lazy\" decoding=\"async\" width=\"683\" height=\"1024\" src=\"http:\/\/opus-folyoirat.sk\/wp-content\/uploads\/2024\/11\/kissBalintBela-683x1024.jpeg\" alt=\"\" class=\"wp-image-1615 size-full\" srcset=\"https:\/\/opus-folyoirat.sk\/wp-content\/uploads\/2024\/11\/kissBalintBela-683x1024.jpeg 683w, https:\/\/opus-folyoirat.sk\/wp-content\/uploads\/2024\/11\/kissBalintBela-200x300.jpeg 200w, https:\/\/opus-folyoirat.sk\/wp-content\/uploads\/2024\/11\/kissBalintBela-768x1152.jpeg 768w, https:\/\/opus-folyoirat.sk\/wp-content\/uploads\/2024\/11\/kissBalintBela-1024x1536.jpeg 1024w, https:\/\/opus-folyoirat.sk\/wp-content\/uploads\/2024\/11\/kissBalintBela.jpeg 1365w\" sizes=\"auto, (max-width: 683px) 100vw, 683px\" \/><\/figure><\/div>\n\n\n\n<p>(<a href=\"https:\/\/opus-folyoirat.sk\/?page_id=1909\" data-type=\"page\" data-id=\"1909\">olvass tov\u00e1bb<\/a>)<\/p>\n\n\n\n<hr class=\"wp-block-separator has-alpha-channel-opacity is-style-wide\"\/>\n\n\n\n<div class=\"wp-block-group is-vertical is-layout-flex wp-container-core-group-is-layout-8cf370e7 wp-block-group-is-layout-flex\">\n<div class=\"wp-block-group is-vertical is-layout-flex wp-container-core-group-is-layout-8cf370e7 wp-block-group-is-layout-flex\">\n<p class=\"has-medium-font-size\">Orosz Istv\u00e1n<\/p>\n\n\n\n<p class=\"has-medium-font-size\"><strong>N\u00e9gysorosok<\/strong><\/p>\n<\/div>\n<\/div>\n\n\n\n<div class=\"wp-block-media-text has-media-on-the-right is-stacked-on-mobile\" style=\"grid-template-columns:auto 30%\"><div class=\"wp-block-media-text__content\">\n<p>Ha elmetszed tal\u00e1lomra, b\u00e1rhol, <br>mindig lesz majd egy olyan pillanat, <br>egy \u00e1ll\u00f3k\u00e9p az id\u0151 lemez\u00e9n,<br>ahol egy ny\u00edl egy sz\u00edv ir\u00e1nt halad.<\/p>\n<\/div><figure class=\"wp-block-media-text__media\"><img loading=\"lazy\" decoding=\"async\" width=\"768\" height=\"654\" src=\"http:\/\/opus-folyoirat.sk\/wp-content\/uploads\/2024\/02\/OroszIstvan.jpeg\" alt=\"\" class=\"wp-image-1173 size-full\" srcset=\"https:\/\/opus-folyoirat.sk\/wp-content\/uploads\/2024\/02\/OroszIstvan.jpeg 768w, https:\/\/opus-folyoirat.sk\/wp-content\/uploads\/2024\/02\/OroszIstvan-300x255.jpeg 300w, https:\/\/opus-folyoirat.sk\/wp-content\/uploads\/2024\/02\/OroszIstvan-352x300.jpeg 352w\" sizes=\"auto, (max-width: 768px) 100vw, 768px\" \/><\/figure><\/div>\n\n\n\n<div class=\"wp-block-group is-vertical is-layout-flex wp-container-core-group-is-layout-8cf370e7 wp-block-group-is-layout-flex\">\n<p><br><br>(<a href=\"https:\/\/opus-folyoirat.sk\/?page_id=1914\" data-type=\"page\" data-id=\"1914\">olvass tov\u00e1bb<\/a>)<\/p>\n\n\n\n<p class=\"has-text-align-right\"><\/p>\n<\/div>\n\n\n\n<hr class=\"wp-block-separator has-alpha-channel-opacity is-style-wide\"\/>\n\n\n\n<p class=\"has-medium-font-size\">Hogya Gy\u00f6rgy<\/p>\n\n\n\n<p class=\"has-medium-font-size\"><strong>A t\u00f6rt\u00e9nelmi \u00e9rdekess\u00e9gekr\u0151l<\/strong><\/p>\n\n\n<div class=\"wp-block-image\">\n<figure class=\"alignright size-large is-resized\"><img loading=\"lazy\" decoding=\"async\" width=\"1024\" height=\"1004\" src=\"http:\/\/opus-folyoirat.sk\/wp-content\/uploads\/2025\/10\/Hogya-1024x1004.jpg\" alt=\"\" class=\"wp-image-2761\" style=\"width:180px;height:auto\" srcset=\"https:\/\/opus-folyoirat.sk\/wp-content\/uploads\/2025\/10\/Hogya-1024x1004.jpg 1024w, https:\/\/opus-folyoirat.sk\/wp-content\/uploads\/2025\/10\/Hogya-300x294.jpg 300w, https:\/\/opus-folyoirat.sk\/wp-content\/uploads\/2025\/10\/Hogya-768x753.jpg 768w, https:\/\/opus-folyoirat.sk\/wp-content\/uploads\/2025\/10\/Hogya-306x300.jpg 306w, https:\/\/opus-folyoirat.sk\/wp-content\/uploads\/2025\/10\/Hogya.jpg 1304w\" sizes=\"auto, (max-width: 1024px) 100vw, 1024px\" \/><\/figure><\/div>\n\n\n<p><br>Az \u00f3kori egyiptomiak \u00fagy v\u00e9lt\u00e9k, \u0151k teremtett\u00e9k a vil\u00e1got, legal\u00e1bbis saj\u00e1t, egyiptomi vil\u00e1gukat, \u00e9s el\u0151tt\u00fck csak vad, primit\u00edv n\u00e9pek \u00e9ltek orsz\u00e1guk ter\u00fclet\u00e9n. Egyszer\u0171bbre ford\u00edtva, saj\u00e1t t\u00f6rt\u00e9nelm\u00fcket el\u0151zm\u00e9ny n\u00e9lk\u00fclinek tartj\u00e1k, mintha az el\u0151tt\u00fck ott \u00e9lt n\u00e9pekt\u0151l semmi sem maradt volna r\u00e1juk. Szerint\u00fck, az \u0151 civiliz\u00e1ci\u00f3juk el\u0151tt, teh\u00e1t 3-4000 \u00e9vvel id\u0151sz\u00e1m\u00edt\u00e1sunk el\u0151tt, csup\u00e1n \u201e\u00edr\u00e1studatlan kult\u00far\u00e1k\u201d l\u00e9teztek, mindaddig, m\u00edg az igazi egyiptomi domin\u00e1ns faj el nem hozta az \u00e9p\u00edt\u00e9szet, szobr\u00e1szat, fest\u00e9szet, \u00e9s els\u0151sorban az \u00edr\u00e1s m\u0171v\u00e9szet\u00e9t.<\/p>\n\n\n\n<p>(<a href=\"https:\/\/opus-folyoirat.sk\/?page_id=2976\" data-type=\"link\" data-id=\"https:\/\/opus-folyoirat.sk\/?page_id=2976\">olvass tov\u00e1bb<\/a>)<\/p>\n\n\n\n<hr class=\"wp-block-separator has-alpha-channel-opacity is-style-wide\"\/>\n\n\n\n<div class=\"wp-block-group is-vertical is-layout-flex wp-container-core-group-is-layout-8cf370e7 wp-block-group-is-layout-flex\">\n<div class=\"wp-block-group is-vertical is-layout-flex wp-container-core-group-is-layout-8cf370e7 wp-block-group-is-layout-flex\">\n<p class=\"has-medium-font-size\">Balogh Ildik\u00f3<\/p>\n\n\n\n<p class=\"has-medium-font-size\"><strong>Szerelmes dal ismeretlen nyelven \u00e9s annak \u201eford\u00edt\u00e1sa\u201d<\/strong><\/p>\n<\/div>\n<\/div>\n\n\n\n<p><\/p>\n\n\n\n<p>Om halik\u00fc kerem <br>Hambal hentaid\u00fc <br>Halik\u00fc nom keram <br>Per arota mi\u00fc&#8230;<\/p>\n\n\n\n<p><\/p>\n\n\n\n<p>(<a href=\"https:\/\/opus-folyoirat.sk\/?page_id=1920\" data-type=\"page\" data-id=\"1920\">olvass tov\u00e1bb<\/a>)<\/p>\n\n\n\n<hr class=\"wp-block-separator has-alpha-channel-opacity is-style-wide\"\/>\n\n\n\n<p class=\"has-medium-font-size\">Z. N\u00e9meth Istv\u00e1n<br><strong>\u00d6narck\u00e9p l\u00e1ngokban&nbsp;<\/strong><\/p>\n\n\n\n<p>Legyen mondjuk egy hegy, <br>a hegyen szamarak.<br>Sz\u00e9l borzolja a sz\u0151r\u00fcket, <br>ahogy lemegy a nap. <br><\/p>\n\n\n\n<div class=\"wp-block-group\"><div class=\"wp-block-group__inner-container is-layout-constrained wp-block-group-is-layout-constrained\">\n<p>(<a href=\"https:\/\/opus-folyoirat.sk\/?page_id=1928\" data-type=\"page\" data-id=\"1928\">olvass tov\u00e1bb<\/a>)<\/p>\n<\/div><\/div>\n\n\n\n<hr class=\"wp-block-separator has-alpha-channel-opacity is-style-wide\"\/>\n\n\n\n<p><\/p>\n\n\n\n<p><em>Balizs D\u00e1niel<\/em><strong><br>6079 forint<\/strong><\/p>\n\n\n<div class=\"wp-block-image is-style-default\">\n<figure class=\"alignright is-resized\"><img loading=\"lazy\" decoding=\"async\" width=\"682\" height=\"1024\" src=\"http:\/\/opus-folyoirat.sk\/wp-content\/uploads\/2023\/09\/Balizs-Daniel-682x1024.jpg\" alt=\"\" class=\"wp-image-866\" style=\"width:171px;height:256px\" srcset=\"https:\/\/opus-folyoirat.sk\/wp-content\/uploads\/2023\/09\/Balizs-Daniel-682x1024.jpg 682w, https:\/\/opus-folyoirat.sk\/wp-content\/uploads\/2023\/09\/Balizs-Daniel-200x300.jpg 200w, https:\/\/opus-folyoirat.sk\/wp-content\/uploads\/2023\/09\/Balizs-Daniel-768x1153.jpg 768w, https:\/\/opus-folyoirat.sk\/wp-content\/uploads\/2023\/09\/Balizs-Daniel-1023x1536.jpg 1023w, https:\/\/opus-folyoirat.sk\/wp-content\/uploads\/2023\/09\/Balizs-Daniel-1364x2048.jpg 1364w, https:\/\/opus-folyoirat.sk\/wp-content\/uploads\/2023\/09\/Balizs-Daniel.jpg 1573w\" sizes=\"auto, (max-width: 682px) 100vw, 682px\" \/><figcaption class=\"wp-element-caption\">Balizs D\u00e1niel<\/figcaption><\/figure><\/div>\n\n\n<pre class=\"wp-block-verse has-small-font-size\">november huszonkilenc,\n\u00e1ttetsz\u0151 f\u00fcst, avarszag,\naz utc\u00e1k beton test\u00e9re\nodatapadt k\u00f6dtakar\u00f3,\nlangyos, kem\u00e9ny radi\u00e1torok, \nfojtott k\u00f6h\u00f6g\u00e9s a villamoson, \nvegyen egy zoknit, fiatalember, \nhadd f\u0151zzek levest az unok\u00e1mnak, \n6079 forint, \nk\u00e1rty\u00e1val felhaszn\u00e1lhat\u00f3 egyenleg, \nsz\u00e1mlafizet\u00e9s \u00e9s szerencsej\u00e1t\u00e9k- \nfogad\u00e1s a bank automat\u00e1in,\nk\u00e9t nap g\u00e1z, h\u00e1rom nap kaja, \nn\u00e9gy nap \u00e1ram, ha csak egy k\u00f6rte \u00e9g, \nzih\u00e1l\u00e1s \u00e9s s\u00f3hajok a kirakatok \nleg\u00f6rd\u00fclt red\u0151nyei\nel\u0151tt \u00e9s m\u00f6g\u00f6tt, \nel\u0151tt \u00e9s m\u00f6g\u00f6tt,\nfelk\u00faszik l\u00e1bunkon, mint hideg \nk\u00edgy\u00f3, az izgatott k\u00e9ts\u00e9gbees\u00e9s, \nm\u00e9g annyi \u00faj \u00f6tlet\u00fcnk akad, \n\u00f6nk\u00e9ntes b\u00f6rt\u00f6nr\u0151l \u00e1lmodunk, \nvas\u00fati \u00e1tj\u00e1r\u00f3k soromp\u00f3tlans\u00e1g\u00e1r\u00f3l, \ntizen\u00f6t emelet szabades\u00e9sr\u0151l, \nfoly\u00f3meder cs\u00f6ndes alj\u00e1r\u00f3l,\ns csak v\u00e1llat vonunk, ennyi maradt, \nhogy csak ennyi maradt,\ncsak ennyi maradt<\/pre>\n\n\n\n<div class=\"wp-block-group\"><div class=\"wp-block-group__inner-container is-layout-constrained wp-block-group-is-layout-constrained\">\n<hr class=\"wp-block-separator has-alpha-channel-opacity is-style-wide\"\/>\n<\/div><\/div>\n\n\n\n<p><\/p>\n\n\n\n<div class=\"wp-block-group is-vertical is-layout-flex wp-container-core-group-is-layout-8cf370e7 wp-block-group-is-layout-flex\">\n<p><\/p>\n\n\n\n<p><\/p>\n<\/div>\n\n\n\n<p><\/p>\n\n\n\n<p><\/p>\n\n\n\n<p><em>P\u00e9nzes T\u00edmea<\/em><\/p>\n\n\n<div class=\"wp-block-image wp-image-555 size-medium\">\n<figure class=\"alignright\"><img loading=\"lazy\" decoding=\"async\" width=\"225\" height=\"300\" src=\"http:\/\/opus-folyoirat.sk\/wp-content\/uploads\/2018\/12\/P\u00e9nzes_T\u00edmea-225x300.jpg\" alt=\"\" class=\"wp-image-555\" srcset=\"https:\/\/opus-folyoirat.sk\/wp-content\/uploads\/2018\/12\/P\u00e9nzes_T\u00edmea-225x300.jpg 225w, https:\/\/opus-folyoirat.sk\/wp-content\/uploads\/2018\/12\/P\u00e9nzes_T\u00edmea.jpg 453w\" sizes=\"auto, (max-width: 225px) 100vw, 225px\" \/><figcaption class=\"wp-element-caption\">P\u00e9nzes T\u00edmea<\/figcaption><\/figure><\/div>\n\n\n<p><strong>pictorok, ecsetek<\/strong><\/p>\n\n\n\n<p>milyen arcvon\u00e1sokat fest\u00fcnk<br>egym\u00e1sra \u00e9veink sor\u00e1n,<br>mennyi karc \u00e9s kacaj,<br>v\u00e9szterhes s j\u00e1tszi l\u00e1ng<br>bor\u00edtja id\u0151vel test\u00fcnk-lelk\u00fcnk,<br>egym\u00e1s \u00e1rnyk\u00e9pe vagy t\u00fckre lesz\u00fcnk,<br>mennyi gyeng\u00e9d \u00e9s durva<br>ecsetvon\u00e1s simul n\u00e9m\u00e1n<br>r\u00e1ncosod\u00f3 b\u0151r\u00fcnkre,<br>s jajong vagy csitul t\u0151le a b\u0151r,<br>gy\u00f3gy\u00edr lesz vagy apr\u00f3 t\u0151r?<\/p>\n\n\n\n<p>egym\u00e1s fest\u0151i \u00e9s ecsetjei vagyunk,<br>s t\u0151l\u00fcnk f\u00fcgg, sz\u00e1rnyal-e vagy<br>lehervad a dalunk,<br>hogyan h\u00fazzuk az ecsetvon\u00e1sokat,<br>sz\u00edneset rajzolunk, avagy zordat,<br>hogyan keverj\u00fck a sz\u00edneket,<br>hogyan adagolunk,<br>hogy az ecsetvon\u00e1sok alatt<br>megmaradjon a csal\u00e1dsz\u00edn alap,<br>\u00e9s nehogy v\u00e9letlen gy\u00e1szrajzot firkantsunk,<br>ink\u00e1bb egy t\u00fcnd\u00e9r \u00e1lm\u00e1t \u2013<br>veletek egy\u00fctt tanulom<br>a sz\u00ednkever\u00e9s tudom\u00e1ny\u00e1t.<\/p>\n\n\n\n<p><em>.<\/em><\/p>\n\n\n\n<p><em>.<\/em><\/p>\n\n\n\n<p>.<\/p>\n\n\n\n<p><em>Faludi \u00c1d\u00e1m<\/em><br><strong>T\u00e1jk\u00e9p t\u00e1jk\u00e9ppel<\/strong><\/p>\n\n\n\n<p>Egy t\u00e1jk\u00e9pet tettem<br>a vir\u00e1gz\u00f3 ringl\u00f3<br>\u00e1gai k\u00f6z\u00e9.<\/p>\n\n\n\n<p>A ringl\u00f3 \u00e1gai<br>megtartott\u00e1k a kartont<br>amelyikre a t\u00e1jat festette<br>egy bar\u00e1tom<br>akinek elvesztettem a nyom\u00e1t.<\/p>\n\n\n\n<p>A bar\u00e1tom egyid\u0151s velem,<br>egy l\u00e1ny a selyembl\u00fazos ny\u00e1rb\u00f3l.<br>Bodzavir\u00e1g d\u00e9delgette<br>ak\u00e1cos k\u00e9pzelet.<\/p>\n\n\n\n<p>El\u00e9rhetetlen volt,<br>k\u00e9peket festett kartonpap\u00edrra \u00e9s<br>s\u00e1rk\u00e1nyokat teny\u00e9sztett<br>a ty\u00fak\u00f3lak m\u00f6g\u00f6tt,<br>amikor ott nyaraltunk.<\/p>\n\n\n\n<p>\u00c9n cs\u00fazliztam<br>\u00e9s hantokkal dob\u00e1ltam a<br>tehervonatokat<br>\u00e9s azon mesterkedtem<br>hogy valahogyan megfoghassam<br>a bar\u00e1tom mell\u00e9t.<\/p>\n\n\n\n<p>Selyembl\u00faz alatt sejtelmes cicik.<\/p>\n\n\n\n<p>\u0150 meg azt mondta,<br>hogy nem szeretn\u00e9.<br>F\u00e9l kamasz f\u00e9l csitrivel,<br>mez\u00edtl\u00e1b, sz\u00f3dav\u00edz<br>\u00e9s kukoric\u00e1sok minden\u00fctt.<\/p>\n\n\n\n<p>Ezt el kellett mondanom<br>a vir\u00e1gz\u00f3 ringl\u00f3f\u00e1nak.<br>\u00c9s neked,<br>k\u00eds\u00e9rt\u0151 lebeg\u00e9s.<\/p>\n\n\n<div class=\"wp-block-image size-full wp-image-670\">\n<figure class=\"alignright\"><img loading=\"lazy\" decoding=\"async\" width=\"456\" height=\"612\" src=\"http:\/\/opus-folyoirat.sk\/wp-content\/uploads\/2019\/02\/Faludi_\u00c1d\u00e1m.jpg\" alt=\"\" class=\"wp-image-670\" srcset=\"https:\/\/opus-folyoirat.sk\/wp-content\/uploads\/2019\/02\/Faludi_\u00c1d\u00e1m.jpg 456w, https:\/\/opus-folyoirat.sk\/wp-content\/uploads\/2019\/02\/Faludi_\u00c1d\u00e1m-224x300.jpg 224w\" sizes=\"auto, (max-width: 456px) 100vw, 456px\" \/><figcaption class=\"wp-element-caption\">Faludi \u00c1d\u00e1m<\/figcaption><\/figure><\/div>\n\n\n<p>.<\/p>\n\n\n\n<p>.<\/p>\n\n\n\n<p>.<\/p>\n\n\n\n<p>.<\/p>\n\n\n\n<p>.<\/p>\n\n\n\n<p>.<\/p>\n\n\n\n<p>.<\/p>\n\n\n\n<p>.<\/p>\n\n\n\n<p>.<\/p>\n\n\n\n<p>.<\/p>\n\n\n\n<p>.<\/p>\n\n\n\n<p>.<\/p>\n\n\n\n<p>.<\/p>\n\n\n\n<p>.<\/p>\n\n\n\n<p><em>.<\/em><\/p>\n\n\n\n<p>.<\/p>\n\n\n\n<p>.<\/p>\n\n\n\n<p><em>Barak L\u00e1szl\u00f3<\/em><\/p>\n\n\n<div class=\"wp-block-image wp-image-589 size-full\">\n<figure class=\"alignright\"><img loading=\"lazy\" decoding=\"async\" width=\"300\" height=\"240\" src=\"http:\/\/opus-folyoirat.sk\/wp-content\/uploads\/2019\/01\/Barak_L\u00e1szl\u00f3_2.jpg\" alt=\"\" class=\"wp-image-589\"\/><figcaption class=\"wp-element-caption\">Barak L\u00e1szl\u00f3<\/figcaption><\/figure><\/div>\n\n\n<p><strong>Hamis tan\u00fa<\/strong><\/p>\n\n\n\n<p>tudom<br>az a konkr\u00e9t v\u00e1gyk\u00e9nt tolakod\u00f3 eml\u00e9k<br>nem lehet a saj\u00e1tom<br>nem az \u00e9n m\u00faltam<\/p>\n\n\n\n<p><em>a gerend\u00e1ra hurkolt k\u00f6t\u00e9l<\/em><br><em>egy ap\u00e1\u00e9<\/em><br><em>a koszor\u00fak alatt roskadoz\u00f3 ravatal<\/em><br><em>(mint lehets\u00e9ges k\u00f6vetkezm\u00e9ny)<\/em><br><em>az any\u00e1\u00e9<\/em><br><em>a kisgyermek\u00e9<\/em><\/p>\n\n\n\n<p>nem az eny\u00e9m a cselekm\u00e9ny<br>m\u00e9gis benne vagyok<br>minden r\u00e9szlet\u00e9ben<br>de nem tehetek semmit<br>mert csak \u00fagy vagyok<br>ahogy halott falev\u00e9lben a fav\u00e1g\u00f3 v\u00e9res verejt\u00e9ke<br>a b\u00facs\u00falev\u00e9len felsejl\u0151 v\u00edzjel<\/p>\n\n\n\n<p>ki lehetek m\u00e9gis?<br>ki helyett eml\u00e9kszem?<\/p>\n\n\n\n<p>egy olyan ragaszkod\u00f3 idegen lehet<br>mint a testben \u00e9szrev\u00e9tlen\u00fcl burj\u00e1nz\u00f3 elm\u00fal\u00e1s<br>akiben felismerhetetlen sz\u00e1momra az \u0151szinte tan\u00fa<\/p>\n\n\n\n<p><em>.<\/em><\/p>\n\n\n\n<p>.<\/p>\n\n\n\n<p>.<\/p>\n\n\n\n<p><em>Bodn\u00e1r Gyula<\/em><\/p>\n\n\n<div class=\"wp-block-image size-medium wp-image-668\">\n<figure class=\"alignright\"><img loading=\"lazy\" decoding=\"async\" width=\"300\" height=\"200\" src=\"http:\/\/opus-folyoirat.sk\/wp-content\/uploads\/2019\/02\/Bodn\u00e1r_Gyula-300x200.jpg\" alt=\"\" class=\"wp-image-668\" srcset=\"https:\/\/opus-folyoirat.sk\/wp-content\/uploads\/2019\/02\/Bodn\u00e1r_Gyula-300x200.jpg 300w, https:\/\/opus-folyoirat.sk\/wp-content\/uploads\/2019\/02\/Bodn\u00e1r_Gyula-768x512.jpg 768w, https:\/\/opus-folyoirat.sk\/wp-content\/uploads\/2019\/02\/Bodn\u00e1r_Gyula.jpg 1024w\" sizes=\"auto, (max-width: 300px) 100vw, 300px\" \/><figcaption class=\"wp-element-caption\">Bodn\u00e1r Gyula<\/figcaption><\/figure><\/div>\n\n\n<p><strong>Gyermekkori kaland<\/strong><\/p>\n\n\n\n<p>csup\u00e1n ki kellett<br>volna ny\u00fajtani a kezed<br>angyalt \u00e9rintesz-e<br>vagy puszta eget<br>hisz\u2019 oly hat\u00e1rozottan<br>m\u00e1szt\u00e1l<br>cing\u00e1r l\u00e1baiddal<br>piros atl\u00e9tanadr\u00e1gban<br>az \u00e9vsz\u00e1zados k\u00f6vekbe<br>kapaszkodva<br>felfele csak felfele<br>a v\u00e1r fok\u00e1ra<br>melyre<br>\u2013 b\u00e1r m\u00e1r akkor is csonka volt \u2013<br>fel\u00e1llhatt\u00e1l volna gy\u0151ztesen<br>ha puszta<br>eget tal\u00e1lsz is odafenn<br>\u00e9s sehol a menny<\/p>\n\n\n\n<p>.<\/p>\n\n\n\n<p><em>.<\/em><\/p>\n\n\n\n<p><em>.<\/em><\/p>\n\n\n\n<p><em>balla d. k\u00e1roj *<\/em><\/p>\n\n\n<div class=\"wp-block-image wp-image-522 size-medium\">\n<figure class=\"alignright\"><img loading=\"lazy\" decoding=\"async\" width=\"300\" height=\"201\" src=\"http:\/\/opus-folyoirat.sk\/wp-content\/uploads\/2018\/12\/Balla_D_K\u00e1roj-300x201.jpg\" alt=\"\" class=\"wp-image-522\" srcset=\"https:\/\/opus-folyoirat.sk\/wp-content\/uploads\/2018\/12\/Balla_D_K\u00e1roj-300x201.jpg 300w, https:\/\/opus-folyoirat.sk\/wp-content\/uploads\/2018\/12\/Balla_D_K\u00e1roj.jpg 614w\" sizes=\"auto, (max-width: 300px) 100vw, 300px\" \/><figcaption class=\"wp-element-caption\">Balla D. K\u00e1roj<\/figcaption><\/figure><\/div>\n\n\n<p><strong>l\u00e9lektest t\u00e9len, \u00e9jszaka<\/strong><\/p>\n\n\n\n<p>fedetlen testtel j\u00e1r a l\u00e9lek \u00e9jszaka<br>\u00e9s \u00e9gbe hangzik h\u00f3ba \u00e1sott jajszava<br>ak\u00e1rha lakna t\u00e1gas messzi \u00e9szakon<br>hol gyilkos indulat ragadja \u00fcst\u00f6k\u00f6n<\/p>\n\n\n\n<p>hogy sebzett \u0151z nyom\u00e1t k\u00f6vesse v\u00e9rszagon<br>s m\u00edg izzadt inge cs\u00fcng a t\u00e9li f\u00fcst\u00f6k\u00f6n<br>ak\u00e1r a cinterembe \u0171z\u00f6tt h\u0171s k\u00f6d\u00f6k<br>fedetlen teste g\u0151z\u00f6l\u00f6g \u00e9s f\u00fcst\u00f6l\u00f6g<\/p>\n\n\n\n<p>\u00e9s d\u0151l a f\u00fcst a mennybe ny\u00edlt tet\u0151k\u00f6n \u00e1t<br>halomba d\u00f6ntve l\u00e1gy viszonyt, kem\u00e9ny ar\u00e1nyt<br>sz\u00e1z isten sz\u00edvja \u00edgy a h\u00e1zak f\u00fcstjeit<br>korommal felkent gyilkos t\u00e9li \u00e9jjelen<\/p>\n\n\n\n<p>ez\u00e9rt oj \u00fcszk\u00f6s sz\u00fczek sz\u00e9p er\u00e9nye itt<br>\u00e9s nincsen v\u00e1d \u00e9s nincs ravaszdi v\u00e9delem<br>mert minden b\u0171n el\u0151re tervelt, k\u00e9szakart<br>ahogy a s\u00fajos f\u00fcst is mindent eltakart<\/p>\n\n\n\n<p>hogy b\u0151r\u00e9t mentve mentse v\u00e9sz a k\u00e1rt<br>\u00e9s \u0151r\u00fcletbe f\u00faljon minden \u00e9rtelem<br>amej a b\u0171nre olvasott feloldoz\u00e1st<br>alantas v\u00e9tke m\u00e9rt is volna jobb vagy m\u00e1s<\/p>\n\n\n\n<p>ha p\u0151re testtel j\u00e1r a l\u00e9lek \u00e9jfelen<br>\u00e9s \u00e9gre hangzik h\u00f3ba \u00e1sott jajszava<br>de \u00e9rik m\u00e1r a hajnal, kapzsi mostoha<br>hogy b\u0171n\u00f6d elveszejtse mindig, most, soha<\/p>\n\n\n\n<p class=\"has-text-align-right\"><em>* A szerz\u0151 \u00fajabb \u00edr\u00e1saiban nem haszn\u00e1l elipszilont \u00e9s nev\u00e9t is pontos j-vel \u00edrja<\/em><\/p>\n\n\n\n<p>.<\/p>\n\n\n\n<p>.<\/p>\n\n\n\n<p>.<\/p>\n\n\n\n<p><em>Forg\u00e1cs Mikl\u00f3s<\/em><\/p>\n\n\n<div class=\"wp-block-image wp-image-504 size-medium\">\n<figure class=\"alignright\"><img loading=\"lazy\" decoding=\"async\" width=\"197\" height=\"300\" src=\"http:\/\/opus-folyoirat.sk\/wp-content\/uploads\/2018\/12\/Forg\u00e1cs_Mikl\u00f3s_2-197x300.jpg\" alt=\"\" class=\"wp-image-504\" srcset=\"https:\/\/opus-folyoirat.sk\/wp-content\/uploads\/2018\/12\/Forg\u00e1cs_Mikl\u00f3s_2-197x300.jpg 197w, https:\/\/opus-folyoirat.sk\/wp-content\/uploads\/2018\/12\/Forg\u00e1cs_Mikl\u00f3s_2.jpg 500w\" sizes=\"auto, (max-width: 197px) 100vw, 197px\" \/><figcaption class=\"wp-element-caption\">Forg\u00e1cs Mikl\u00f3s<\/figcaption><\/figure><\/div>\n\n\n<p><strong>Dervisr\u00e9szv\u00e9t<\/strong><br><em>(n\u00e9h\u00e1ny rabiga)<\/em><\/p>\n\n\n\n<p><strong>1.<\/strong><br>Asztalon k\u00e9t s\u00f6r<br>Az arcunkon borosta<br>Lassan kortyolunk<\/p>\n\n\n\n<p><strong>2.<\/strong><br>Ma ne siettess!<br>Mi\u00e9rt venn\u00e9lek \u00e9szre?<br>Kital\u00e1ltalak.<\/p>\n\n\n\n<p><strong>3.<\/strong><br>B\u0151r\u00f6d takar\u00f3<br>Megb\u00e1nok v\u00e9gre mindent<br>Hol vesz\u00edtelek?<\/p>\n\n\n\n<p><strong>4.<\/strong><br>F\u00fcled kimondom<br>A sz\u00f3 ajkadon billeg<br>Fert\u0151z\u00f6tt mosoly<\/p>\n\n\n\n<p><strong>5.<\/strong><br>\u201eCsak reag\u00e1lok\u201d<br>Egy t\u00f6rt\u00e9net nem el\u00e9g<br>Szem\u00fcnk lehunyva<\/p>\n\n\n\n<p><strong>6.<\/strong><br>Nem t\u00e1j a m\u00e1mor<br>A pocsoly\u00e1k mag\u00e1nya<br>A m\u00e1mor nem t\u00e1j<\/p>\n\n\n\n<p><strong>7.<\/strong><br>Megm\u00e1szom a port<br>A nap hideg verejt\u00e9k<br>\u00c9n a por vagyok<\/p>\n\n\n\n<p><strong>8.<\/strong><br>Cs\u00f6nded leteper<br>Csak a szemh\u00e9j nyikorog<br>Eshetne folyton<\/p>\n\n\n\n<p>.<\/p>\n\n\n\n<p>.<\/p>\n\n\n\n<p>.<\/p>\n\n\n<div class=\"wp-block-image wp-image-411 size-medium\">\n<figure class=\"alignright\"><img loading=\"lazy\" decoding=\"async\" width=\"281\" height=\"300\" src=\"http:\/\/opus-folyoirat.sk\/wp-content\/uploads\/2018\/09\/Sz\u00e1szi_Zolt\u00e1n-281x300.jpg\" alt=\"\" class=\"wp-image-411\" srcset=\"https:\/\/opus-folyoirat.sk\/wp-content\/uploads\/2018\/09\/Sz\u00e1szi_Zolt\u00e1n-281x300.jpg 281w, https:\/\/opus-folyoirat.sk\/wp-content\/uploads\/2018\/09\/Sz\u00e1szi_Zolt\u00e1n.jpg 575w\" sizes=\"auto, (max-width: 281px) 100vw, 281px\" \/><figcaption class=\"wp-element-caption\">Sz\u00e1szi Zolt\u00e1n<\/figcaption><\/figure><\/div>\n\n\n<p><em>Sz\u00e1szi Zolt\u00e1n<\/em><br><strong>Vonatablak, Balaton, \u00e9szaki part<\/strong><\/p>\n\n\n\n<p>kiengedt\u00e9k a gyorsvonatot integess<br>egy cs\u00edk a v\u00edz csillog\u00e1sa<br>m\u00e9rges sz\u00fcrk\u00e9sz\u00f6ld a t\u00falpart<br>Balatonszemes<\/p>\n\n\n\n<p>az elhagyott strandon l\u00f3g\u00f3 plak\u00e1t ny\u00fajt\u00f3zik a sz\u00e9lben<br>a halv\u00e1ny domboldal mint barna kavics<br>csontv\u00e1zf\u00e1k \u00e9s bazalt alatt Latinovits<br>keresztje trikol\u00f3r<br>t\u00e9l seper haragos szelet<br>isten szeme al\u00f3l<br>csapzottan l\u00f3gott homlokomba egy vers<br>m\u00edg szememmel<br>f\u00e9nyk\u00e9peztelek<\/p>\n\n\n\n<p>\u00e9n is te is mi mind tudjuk<br>mikor elmennek a n\u0151k<br>mikor itt hagynak mint mindig<br>ahogy akkor is<br>most is esik<br>volt egy olyan micsoda ny\u00e1r<br>most a szavak azt keresik<br>hazugs\u00e1got ringattak vagy val\u00f3t<br>t\u00f6lt\u00e9s mellett h\u00edzik a s\u00e1r<\/p>\n\n\n\n<p>egy k\u0151kereszt elsuhan fak\u00f3<br>Krisztus lett a pl\u00e9h<br>h\u00e1trafel\u00e9 z\u00fadul minden<br>a sz\u00f6g f\u00e1jdalma lett\u00e9l<br>f\u00e9nyk\u00e9pezlek nem ereszt el s\u00f6t\u00e9t<br>egy percre se<br>lett\u00e9l a szemem\u00e9<br>becsukott vonatablak alatt beh\u00faz a hideg<br>t\u00fck\u00f6rfoncsor\u00e1nak adom<br>amit m\u00e9gis megl\u00e1ttam bel\u0151led<br>de ami ezen t\u00fal megmaradt azt vigyed<\/p>\n\n\n\n<p>mindj\u00e1rt F\u00fcred<br>m\u00e1r nem a D\u00e9lib\u0151l indult a vonatunk<br>meg se \u00e1ldhattalak<br>meg se \u00f6lhettelek<br>nem is \u00f6lelt\u00e9l<br>csak egy vil\u00e1gos s\u00e1rga vir\u00e1gszirom mint\u00e1s s\u00e1l<br>libeg\u00e9se \u00e9rz\u00e9keltet<br>m\u00e1r csak sziszegek<br>enn\u00e9l jobb a hal\u00e1l<br>s hogy megevett a r\u00e1k tan\u00fam lett<br>letagadni nem lehet v\u00e9gleg<br>hi\u00e1nyz\u00f3 csontjaimba p\u00f3tl\u00e1sk\u00e9nt<br>k\u00edv\u00e1ntalak t\u00e9ged<\/p>\n\n\n\n<p>mondtad mindig persze<br><em>minek iszol ha nem b\u00edrod te fasz<\/em><br><em>gyeng\u00e9k a soraid a p\u00e1link\u00e1t\u00f3l<\/em><br><em>felejteni meg hi\u00e1ba akarsz<\/em><br><em>tal\u00e1n az \u00f3cskul\u00f3 sz\u00edvben <\/em><br><em>a szik\u00e9vel kurt\u00edtott t\u00fcd\u0151dben<\/em><br><em>azt hiszed ha besz\u00edvtad hajam illat\u00e1t<\/em><br><em>azzal v\u00e9gleg a ti\u00e9d lettem<\/em><\/p>\n\n\n\n<p>kurz\u00edv id\u00e9zet lett\u00e9l<br>innom kell vagy gy\u00f3gyszert musz\u00e1j szednem<br>m\u00e1sk\u00e9pp nem b\u00edrom<br>a hidegfrontot vihart vagy h\u0151gut\u00e1t s nincs mit \u00edrnom<\/p>\n\n\n\n<p>\u00faton vagyok<br>l\u00e1tom a t\u00e1bl\u00e1t sz\u00edvk\u00f3rh\u00e1z F\u00fcred<br>h\u00e1t itt esett<br>hogy a m\u00e1j sz\u00e9thullott bokrait<br>\u00e1sv\u00e1nyvizes fr\u00f6ccsel locsol\u00f3 Hajn\u00f3czy<br>nem b\u00edrta h\u00e1t<br>a h\u00e9tk\u00f6znapot tov\u00e1bb<br>elzuhant \u00f6r\u00f6k kv\u00e1rt\u00e9ly fel\u00e9<br>s mi irigyelj\u00fck \u00e9s \u00e1ldjuk a holtakat<br>akik n\u00e9lk\u00fcl m\u00e1r nem lehet tudni a m\u00e1t<\/p>\n\n\n\n<p>hogy mi akkor a teend\u0151<br>k\u00e9rded<br>kilovagolni Perzsi\u00e1ba<br>urunk el\u00e9<\/p>\n\n\n\n<p>mert a pl\u00e9hkrisztus tudja<br>mi v\u00e9gre a sok d\u00edsz arany brok\u00e1t<br>\u00e9ben \u00e9s ez\u00fcst<br>mi mind felesleges<br>ha itt a hal\u00e1l<\/p>\n\n\n\n<p>csak egy dolog mi m\u00e9gis megmarad<br>ez a vir\u00e1g helyett t\u00e9llel koszor\u00fazott t\u00e1j<\/p>\n\n\n\n<p>Borb\u00e9ly Szil\u00e1rd pontosan<br>megrajzolta<br>ilyen lehet a halotti pompa<\/p>\n\n\n\n<p>\u00e9s te meg \u00e9n belefulladtunk a ny\u00e1rral a benzing\u0151zbe<br>a 71-es \u00fat melletti f\u00e1k t\u00f6v\u00e9n<br>mikor stoppoltunk<br>n\u00e9h\u00e1ny gomba m\u00e1r el is aludt<br>mire v\u00e9gre bed\u0151lt\u00fcnk egy alkalmi bokor al\u00e1<\/p>\n\n\n\n<p>hi\u00e1ba ez m\u00e1r F\u00fcred mindj\u00e1rt le kell sz\u00e1llni<br>a t\u00falparton Balatonszemes<br>viharral birk\u00f3zik<br>m\u00e9g gyorsan futnak szemem fel\u00e9 rekl\u00e1mpanelek<br>\u00e9letet biztos\u00edt\u00e1st k\u00edn\u00e1lnak<br>eladt\u00e1k neked p\u00e9nz\u00e9rt a f\u00e9lelmemet<\/p>\n\n\n\n<p>te tudod<br>a hal\u00e1l olyan<br>hogy ha nem lel r\u00e1m tavaszod<br>mindig j\u00e9ggel karcol\u00f3 teled leszek<\/p>\n\n\n\n<p>lass\u00fajel<br>egy tehervonat megv\u00e1rat<br>legal\u00e1bb kil\u00e1tni a v\u00edzre m\u00e9g<br>de j\u00f3<\/p>\n\n\n\n<p>a part v\u00f6r\u00f6s k\u00f6vekkel takart<br>rajta t\u00f6rt hull\u00e1mok k\u00e9klenek<br>ha nem \u00edgy lenne<br>majd kital\u00e1lom az eg\u00e9szet<br>ne f\u00e9lj nem veled<br>csak helyetted<\/p>\n\n\n\n<p>.<\/p>\n\n\n\n<p>.<\/p>\n\n\n\n<p>.<\/p>\n\n\n<div class=\"wp-block-image wp-image-489 size-medium\">\n<figure class=\"alignright\"><img loading=\"lazy\" decoding=\"async\" width=\"266\" height=\"300\" src=\"http:\/\/opus-folyoirat.sk\/wp-content\/uploads\/2018\/12\/Fellinger-266x300.jpg\" alt=\"\" class=\"wp-image-489\" srcset=\"https:\/\/opus-folyoirat.sk\/wp-content\/uploads\/2018\/12\/Fellinger-266x300.jpg 266w, https:\/\/opus-folyoirat.sk\/wp-content\/uploads\/2018\/12\/Fellinger-768x865.jpg 768w, https:\/\/opus-folyoirat.sk\/wp-content\/uploads\/2018\/12\/Fellinger-909x1024.jpg 909w\" sizes=\"auto, (max-width: 266px) 100vw, 266px\" \/><figcaption class=\"wp-element-caption\">Fellinger K\u00e1roly<\/figcaption><\/figure><\/div>\n\n\n<p><em>Fellinger K\u00e1roly<\/em><br><strong>Napraforg\u00f3k<\/strong><\/p>\n\n\n\n<p><em>Itat\u00f3s<\/em><\/p>\n\n\n\n<p>A t\u00e9l vissza\u00e9l a hal\u00e1llal,<br>mik\u00e9nt a cs\u00f6nd<br>kifordul mag\u00e1b\u00f3l,<br>\u00e9gig pottyan,<br>felemel engem,<br>ahogy a vakon sz\u00fcletett f\u00e9ny<br>elt\u0171nik a szememben, s<br>hitetlenkedve t\u0171n\u0151dik<br>t\u00f6rv\u00e9nyes \u00e1lmain az Isten.<\/p>\n\n\n\n<p><em>Hi\u00e1ba<\/em><\/p>\n\n\n\n<p>Anyai nagyap\u00e1m \u00e9desanyj\u00e1t,<br>valamikor az \u00f6tvenes \u00e9vek elej\u00e9n,<br>felravatalozt\u00e1k az \u00e1gy\u00e1ra,<br>akkor m\u00e9g nem volt a faluban<br>halottash\u00e1z, majd az im\u00e1dkoz\u00e1st<br>k\u00f6vet\u0151en, nem sokkal \u00e9jf\u00e9l el\u0151tt,<br>r\u00e1z\u00e1rt\u00e1k az ajt\u00f3t, nem tudva m\u00e9g,<br>hogy a szob\u00e1ban az \u00e1gy alatt<br>ott szunnyad a fekete macska,<br>aki reggelre megr\u00e1gja az ujjait,<br>amit\u0151l d\u00e9dnagyany\u00e1m, sz\u00fcletett<br>Ravasz Anna, m\u00e9g term\u00e9szetesebb<br>hulla lett a hozz\u00e1tartoz\u00f3k szem\u00e9ben,<br>szem\u00e9lytelen\u00fcl t\u0171rve, hogy a macsk\u00e1j\u00e1t<br>nem engedik t\u00f6bb\u00e9 h\u00e1za k\u00f6zel\u00e9be,<br>a macsk\u00e1t, aki a tenyer\u00e9b\u0151l evett,<br>s akit \u00fagy ismert, mint a varr\u00f3g\u00e9p\u00e9t.<\/p>\n\n\n\n<p><em>Eszm\u00e9l\u00e9s<\/em><\/p>\n\n\n\n<p>D\u00e9dnagyany\u00e1m szeretett parancsolgatni<br>a vele egy h\u00e1zban \u00e9l\u0151 unokatestv\u00e9r\u00e9nek,<br>aki a fest\u00e9skor nem vette le a neki kedves<br>k\u00e9peket a falr\u00f3l, nem volt sz\u00edve hozz\u00e1,<br>persze minden \u00e9vben ugyanolyan sz\u00edn\u0171re<br>m\u00e1zolta&nbsp; a falakat, megesett, hogy a<br>k\u00e9pek k\u00f6z\u00fcl is befestett p\u00e1rat, s ez\u00e9rt<br>nagyon sz\u00e9gyellte mag\u00e1t d\u00e9dnagyany\u00e1m el\u0151tt,<br>aki cser\u00e9be maga tiszt\u00edtotta meg a v\u00e1sznakat,<br>lemosva r\u00f3luk a ronda val\u00f3s\u00e1got.<\/p>\n\n\n\n<p>.<\/p>\n\n\n\n<p>.<\/p>\n\n\n\n<p>.<\/p>\n\n\n<div class=\"wp-block-image wp-image-561 size-medium\">\n<figure class=\"alignright\"><img loading=\"lazy\" decoding=\"async\" width=\"300\" height=\"200\" src=\"http:\/\/opus-folyoirat.sk\/wp-content\/uploads\/2018\/12\/Szal\u00f3czi_G\u00e9za-300x200.jpg\" alt=\"\" class=\"wp-image-561\" srcset=\"https:\/\/opus-folyoirat.sk\/wp-content\/uploads\/2018\/12\/Szal\u00f3czi_G\u00e9za-300x200.jpg 300w, https:\/\/opus-folyoirat.sk\/wp-content\/uploads\/2018\/12\/Szal\u00f3czi_G\u00e9za.jpg 600w\" sizes=\"auto, (max-width: 300px) 100vw, 300px\" \/><figcaption class=\"wp-element-caption\">Szal\u00f3czi G\u00e9za<\/figcaption><\/figure><\/div>\n\n\n<p><em>Szal\u00f3czi G\u00e9za<\/em><br><strong>[Nemtudhatni\u2026]<\/strong><\/p>\n\n\n\n<p>Nemtudhatni sas vagy viharkab\u00e1t<br>pacsirta vagy gyerekcip\u0151r\u00f6p\u00fcl<br>hogycs\u00f3karajt vagy tollas\u00e9jszak\u00e1t<br>sz\u00e1ll\u00edtasz\u00e9l a t\u00f6lgyerd\u0151 m\u00f6g\u00fcl<br>nemtudhatni od\u00fa vagy sz\u00e1j\u00fcv\u00f6lt<br>kicsavart lombos\u00e1g vagy csontrecseg<br>k\u00e9rdezettvalamit vagycsak k\u00f6z\u00f6lt<br>hogy besz\u00e9lte hozz\u00e1da rengeteg<br>lombos\u00e1gvagycsont od\u00favagysz\u00e1j<br>gyerekcip\u0151kab\u00e1t pacsirtasas<br>nemtudhatni az \u00fat sz\u00e9l\u00e9n ki\u00e1ll<br>mi\u00e1llott ribanc vagy piros pipacs.<\/p>\n\n\n\n<p>.<\/p>\n\n\n\n<p>.<\/p>\n\n\n\n<p>.<\/p>\n\n\n\n<p><em>Fekete Anna<\/em><\/p>\n\n\n<div class=\"wp-block-image wp-image-559 size-medium\">\n<figure class=\"alignright\"><img loading=\"lazy\" decoding=\"async\" width=\"300\" height=\"199\" src=\"http:\/\/opus-folyoirat.sk\/wp-content\/uploads\/2018\/12\/Fekete_Anna-300x199.jpg\" alt=\"\" class=\"wp-image-559\" srcset=\"https:\/\/opus-folyoirat.sk\/wp-content\/uploads\/2018\/12\/Fekete_Anna-300x199.jpg 300w, https:\/\/opus-folyoirat.sk\/wp-content\/uploads\/2018\/12\/Fekete_Anna-768x509.jpg 768w, https:\/\/opus-folyoirat.sk\/wp-content\/uploads\/2018\/12\/Fekete_Anna-1024x679.jpg 1024w, https:\/\/opus-folyoirat.sk\/wp-content\/uploads\/2018\/12\/Fekete_Anna.jpg 1140w\" sizes=\"auto, (max-width: 300px) 100vw, 300px\" \/><figcaption class=\"wp-element-caption\">Fekete Anna<\/figcaption><\/figure><\/div>\n\n\n<p><strong>Emigr\u00e1ns dal (XXXIX)<\/strong><\/p>\n\n\n\n<p>Idegen vagyok most. Ha megs\u00e9rtenek,<br>csak mosolygok. Nem f\u00e1j, nem v\u00e9rzik,<br>nem fojtogat. Nem \u00e9rzem, csak \u00e9rezni v\u00e9lem<br>a szavakat. Tudom\u00e1nyosan vagyok jelen:<br>\u00f6r\u00f6k\u00f6s \u00e1tutaz\u00f3ban, vend\u00e9gs\u00e9gben,<br>nem pedig jelen. Nyolc\u00e9vesen m\u00e9g<br>meg akartam halni, mikor meghallottam,<br>hogy r\u00f6vid a l\u00e1bam, \u00e9s nem viszem semmire.<br>K\u00e9s\u0151bb egy vonaton majdnem pisztolyt<br>r\u00e1ntottam, mikor lenyuszik\u00e1ztak. Az\u00f3ta minden<br>megv\u00e1ltozott. Hiszen aki nem tud magyarul,<br>annak nem lehetek az \u00fatj\u00e1ban. Nem \u00e9rhet hozz\u00e1m,<br>nem l\u00e1that meg \u2013 j\u00f3 \u00e9tv\u00e1gyat k\u00edv\u00e1n, vagy elk\u00fcld a fen\u00e9be,<br>nekem egyre megy. Nem \u00e9rzem, csak \u00e9rezni v\u00e9lem.<br>Legyen sz\u00edves, nagyon sz\u00e9pen k\u00e9rem, ism\u00e9telje meg!<br>Tal\u00e1n meg sem kell halnom, hiszen idegen vagyok,<br>nem \u00e9rtem, NEM \u00c9RTEM.<\/p>\n\n\n\n<p>.<\/p>\n\n\n\n<p>.<\/p>\n\n\n\n<p>.<\/p>\n\n\n\n<p><em>Zentai Ad\u00e9l<\/em><\/p>\n\n\n<div class=\"wp-block-image wp-image-557 size-medium\">\n<figure class=\"alignright\"><img loading=\"lazy\" decoding=\"async\" width=\"200\" height=\"300\" src=\"http:\/\/opus-folyoirat.sk\/wp-content\/uploads\/2018\/12\/Zentai_Ad\u00e9l-200x300.jpg\" alt=\"\" class=\"wp-image-557\" srcset=\"https:\/\/opus-folyoirat.sk\/wp-content\/uploads\/2018\/12\/Zentai_Ad\u00e9l-200x300.jpg 200w, https:\/\/opus-folyoirat.sk\/wp-content\/uploads\/2018\/12\/Zentai_Ad\u00e9l.jpg 546w\" sizes=\"auto, (max-width: 200px) 100vw, 200px\" \/><figcaption class=\"wp-element-caption\">Zentai Ad\u00e9l<\/figcaption><\/figure><\/div>\n\n\n<p><strong>November<\/strong><\/p>\n\n\n\n<p>Roppant, tarka paletta a vil\u00e1g,<br>rajta az id\u0151 keveri a<br>sz\u00edneket, mi \u00e1lm\u00e9lkodva n\u00e9zz\u00fck,<br>g\u00f6rbe ujjaink k\u00f6zt az ecset.<\/p>\n\n\n\n<p>Ma puncsfagylaltban f\u00fcrdik a reggel,<br>s az alkony s\u00e1rgar\u00e9pa-v\u00f6r\u00f6s,<br>az \u00e9g k\u00e9kje zsugorod\u00f3 labda,<br>n\u00e9zd, elgurul a hegyek k\u00f6z\u00f6tt.<\/p>\n\n\n\n<p>Fest\u00e9kfoltok a f\u00e1radt arcokon,<br>az ablakban t\u00f6kl\u00e1mpa mereng,<br>lehullik az \u00e9j b\u00e1rsonyk\u00f6penye,<br>s megpihennek a dolgos kezek.<\/p>\n\n\n\n<p>Roskatag h\u00e1z szob\u00e1j\u00e1nak fal\u00e1n<br>rozsd\u00e1s sz\u00f6g\u00f6n gy\u0171r\u00f6tt k\u00e9p remeg,<br>hajolj k\u00f6zel, s l\u00e1tod, rajta vagyok,<br>egymagam, ma harminc \u00e9vesen.<\/p>\n\n\n\n<p>.<\/p>\n\n\n\n<p>.<\/p>\n\n\n\n<p>.<\/p>\n\n\n\n<p><em>P\u00e9nzes T\u00edmea<\/em><\/p>\n\n\n<div class=\"wp-block-image wp-image-555 size-medium\">\n<figure class=\"alignright\"><img loading=\"lazy\" decoding=\"async\" width=\"225\" height=\"300\" src=\"http:\/\/opus-folyoirat.sk\/wp-content\/uploads\/2018\/12\/P\u00e9nzes_T\u00edmea-225x300.jpg\" alt=\"\" class=\"wp-image-555\" srcset=\"https:\/\/opus-folyoirat.sk\/wp-content\/uploads\/2018\/12\/P\u00e9nzes_T\u00edmea-225x300.jpg 225w, https:\/\/opus-folyoirat.sk\/wp-content\/uploads\/2018\/12\/P\u00e9nzes_T\u00edmea.jpg 453w\" sizes=\"auto, (max-width: 225px) 100vw, 225px\" \/><figcaption class=\"wp-element-caption\">P\u00e9nzes T\u00edmea<\/figcaption><\/figure><\/div>\n\n\n<p><strong>szavak<\/strong><\/p>\n\n\n\n<p>amikor megsz\u00fclettek,<br>j\u00f3val kevesebb sz\u00f3t haszn\u00e1ltunk<br>h\u00f3napokig, mint kor\u00e1bban,<br>de az a kev\u00e9s is b\u0151ven elegend\u0151 volt<br>annak a bens\u0151s\u00e9gess\u00e9gnek a kifejez\u00e9s\u00e9re,<br>amire szavak nem is sz\u00fcks\u00e9geltetnek.<br>amikor el\u00e9g a torokban megb\u00fav\u00f3<br>b\u00fag\u00f3 hangs\u00faly, d\u00fadol\u00e1s, mormol\u00e1s,<br>s\u0151t a teny\u00e9rben lakoz\u00f3 simogat\u00e1s,<br>bec\u00e9z\u0151 tekintet.<br>neh\u00e9z sz\u00f3ba foglalni a sz\u00f3ba foglalhatatlant,<br>milyen volt az els\u0151 megpillant\u00e1s, k\u00e9zbefog\u00e1s,<br>az els\u0151 fels\u00edr\u00e1s, g\u00fcgy\u00f6g\u00e9s, sz\u00f3tag \u00e9s sz\u00f3,<br>r\u00fagkap\u00e1l\u00e1s, fejemel\u00e9s, \u00e1tfordul\u00e1s,<br>t\u00e9rden ringat\u00f3z\u00e1s, felkapaszkod\u00e1s, fen\u00e9kre es\u00e9s.<br>t\u00f6bbet tal\u00e1n mondanom sem kell,<br>mert le\u00edrhatatlan,<br>ami a sz\u00fcl(et)\u00e9s ut\u00e1ni h\u00f3napokban t\u00f6rt\u00e9nt,<br>s ami m\u00e1r kor\u00e1bban ott cs\u00edr\u00e1zott bennem,<br>de a cs\u00edr\u00e1nak fogalma sincs r\u00fcgyr\u0151l,<br>lombkoron\u00e1r\u00f3l,<br>s a cs\u00edra hordoz\u00f3j\u00e1nak tal\u00e1n m\u00e9g kev\u00e9sb\u00e9,<br>nem is sejti, mi v\u00e1r r\u00e1,<br>s milyen madarakat vonz majd hozz\u00e1 fi\u00f3k\u00e1stul<br>a z\u00f6ldell\u0151 \u00f6r\u00f6m.<\/p>\n\n\n\n<p>.<\/p>\n\n\n\n<p>.<\/p>\n\n\n\n<p>.<\/p>\n\n\n\n<p><em>Wawruch R\u00f3za<\/em><\/p>\n\n\n<div class=\"wp-block-image wp-image-553 size-medium\">\n<figure class=\"alignright\"><img loading=\"lazy\" decoding=\"async\" width=\"168\" height=\"300\" src=\"http:\/\/opus-folyoirat.sk\/wp-content\/uploads\/2018\/12\/Wawruch_R\u00f3za-168x300.jpg\" alt=\"\" class=\"wp-image-553\" srcset=\"https:\/\/opus-folyoirat.sk\/wp-content\/uploads\/2018\/12\/Wawruch_R\u00f3za-168x300.jpg 168w, https:\/\/opus-folyoirat.sk\/wp-content\/uploads\/2018\/12\/Wawruch_R\u00f3za.jpg 537w\" sizes=\"auto, (max-width: 168px) 100vw, 168px\" \/><figcaption class=\"wp-element-caption\">Wawruch R\u00f3za<\/figcaption><\/figure><\/div>\n\n\n<p><strong>szil\u00e1nkos k\u00e9st\u00f6r\u00e9s<\/strong><\/p>\n\n\n\n<p>egy sz\u00e9p napon m\u00e9g darabjaira hullhat<br>a k\u00e9s amivel a kanszag\u00fa oroszl\u00e1nsz\u00edvek<br>v\u00f6r\u00f6sen szottyos cafatjait szoktam<br>kipiszk\u00e1lni a bakancstalpam rec\u00e9i k\u00f6z\u00fcl szinte<\/p>\n\n\n\n<p>mindegy hogy mag\u00e1t\u00f3l vagy te t\u00f6r\u00f6d el<br>elk\u00e9pzellek ahogy oda sem figyelve<br>elhaj\u00edtod szil\u00e1nkjait \u00e9s nem.k\u00e9rdezed meg<br>sz\u00fcks\u00e9gem lesz-e m\u00e9g r\u00e1 p\u00e9ld\u00e1ul<\/p>\n\n\n\n<p>mikor a sz\u00f3t\u00e1ramban a K\u00f6z\u00f6s\u00fcl\u00e9s<br>sz\u00f3cikke mell\u0151l ki akarom v\u00e1gni a portr\u00e9dat<br>mert te tal\u00e1n nem b\u00e1nod, hogy<br>r\u00f3lad az jut eszembe<br>de \u00e9n tal\u00e1n megb\u00e1nom<br>hogy arr\u00f3l te jutsz eszembe \u00e9s ennek<\/p>\n\n\n\n<p>a peng\u00e9je cir\u00f3gatta volna az \u00fct\u0151er\u00fcnket<br>ahogy a torkunk k\u00f6z\u00e9 tartom ne f\u00e9lj<br>nem mozd\u00edtom egy kicsit sem csak arra az<br>esetre kell ha t\u00fal k\u00f6zel j\u00f6nn\u00e9l<\/p>\n\n\n\n<p>.<\/p>\n\n\n\n<p>.<\/p>\n\n\n\n<p>.<\/p>\n\n\n\n<p><em>Hajtman Korn\u00e9l<\/em><\/p>\n\n\n<div class=\"wp-block-image wp-image-551 size-medium\">\n<figure class=\"alignright\"><img loading=\"lazy\" decoding=\"async\" width=\"225\" height=\"300\" src=\"http:\/\/opus-folyoirat.sk\/wp-content\/uploads\/2018\/12\/Hajtman_Korn\u00e9l-225x300.jpg\" alt=\"\" class=\"wp-image-551\" srcset=\"https:\/\/opus-folyoirat.sk\/wp-content\/uploads\/2018\/12\/Hajtman_Korn\u00e9l-225x300.jpg 225w, https:\/\/opus-folyoirat.sk\/wp-content\/uploads\/2018\/12\/Hajtman_Korn\u00e9l.jpg 400w\" sizes=\"auto, (max-width: 225px) 100vw, 225px\" \/><figcaption class=\"wp-element-caption\">Hajtman Korn\u00e9l<\/figcaption><\/figure><\/div>\n\n\n<p><strong>N\u00e9gy vers<\/strong><\/p>\n\n\n\n<p><em>zeneelm\u00e9let<\/em><\/p>\n\n\n\n<p>a teremt\u00e9s kezdet\u00e9n<br>a nagy csendben<br>megsz\u00f3lalt egy hang \u00e1ll\u00edt\u00f3lag<br>de Isten sem eml\u00e9kszik r\u00e1<br>az\u00f3ta is azon t\u00f6ri a fej\u00e9t<\/p>\n\n\n\n<p><em>otthon<\/em><\/p>\n\n\n\n<p>elindult a hossz\u00fa \u00fatra<br>elb\u00facs\u00fazott a kisz\u00e1radt k\u00fatt\u00f3l<br>a homok meg\u0151rizte l\u00e1bnyom\u00e1t<br>hogy gyermekei megtal\u00e1lj\u00e1k<br>de tenger nem \u0151rzi meg a nyomokat<\/p>\n\n\n\n<p><em>gazdags\u00e1g<\/em><\/p>\n\n\n\n<p>gyakran \u00e9hezik<br>a nagyv\u00e1ros nyomornegyed\u00e9ben<br>korg\u00f3 gyomorral \u00fcl ki<br>b\u00e1dogvisk\u00f3ja el\u00e9<br>hogy megn\u00e9zze a napnyugt\u00e1t<br>a tengeren<br>k\u00f6zben \u00f6nkiel\u00e9g\u00edt<\/p>\n\n\n\n<p><em>\u00e9letk\u00e9p<\/em><\/p>\n\n\n\n<p>A sz\u00fcrke tornyok \u00e9neklik a f\u00fcst\u00f6t<br>\u00edgy oldva egy kicsit az \u00e9g k\u00e9kj\u00e9t.<br>M\u00e1ra egy\u00e9 lett a dombokkal,<br>olyan kopasz lenne a t\u00e1j<br>er\u0151m\u0171 n\u00e9lk\u00fcl.<br>Mintha egy\u00fctt n\u0151ttek volna a h\u0171t\u0151tornyok<br>a f\u00e1kkal.<br>Nem eg\u00e9szs\u00e9gtelen itt \u00e9lni? \u2013 k\u00e9rdezett meg a<br>riporter egy arra j\u00e1r\u00f3 n\u0151t<\/p>\n\n\n\n<p>.<\/p>\n\n\n\n<p>.<\/p>\n\n\n\n<p>.<\/p>\n\n\n<div class=\"wp-block-image wp-image-663 size-medium\">\n<figure class=\"alignright\"><img loading=\"lazy\" decoding=\"async\" width=\"300\" height=\"224\" src=\"http:\/\/opus-folyoirat.sk\/wp-content\/uploads\/2019\/02\/N\u00e9meth_Zolt\u00e1n-300x224.jpg\" alt=\"\" class=\"wp-image-663\" srcset=\"https:\/\/opus-folyoirat.sk\/wp-content\/uploads\/2019\/02\/N\u00e9meth_Zolt\u00e1n-300x224.jpg 300w, https:\/\/opus-folyoirat.sk\/wp-content\/uploads\/2019\/02\/N\u00e9meth_Zolt\u00e1n-768x574.jpg 768w, https:\/\/opus-folyoirat.sk\/wp-content\/uploads\/2019\/02\/N\u00e9meth_Zolt\u00e1n-1024x765.jpg 1024w, https:\/\/opus-folyoirat.sk\/wp-content\/uploads\/2019\/02\/N\u00e9meth_Zolt\u00e1n.jpg 2000w\" sizes=\"auto, (max-width: 300px) 100vw, 300px\" \/><figcaption class=\"wp-element-caption\">N\u00e9meth Zolt\u00e1n<\/figcaption><\/figure><\/div>\n\n\n<p><em>N\u00e9meth Zolt\u00e1n<\/em><\/p>\n\n\n\n<p><strong>Madonna gyermek\u00e9vel<\/strong><\/p>\n\n\n\n<p>Az emberis\u00e9g egyik leg\u0151szint\u00e9bb pillanata<br>Amikor Michael Jackson a sark\u00e1n\u00e1l fogva<br>Kil\u00f3gatta az ablakon a csecsem\u0151t<\/p>\n\n\n\n<p>Volt egy r\u00e9s a t\u00e9rben<br>Amelyet be kellett t\u00f6lteni<\/p>\n\n\n\n<p><strong>Gyerekarc<\/strong><\/p>\n\n\n\n<p>\u00c1d\u00e1mka sz\u00fclet\u00e9se \u00f3ta<br>Tomi folyton az arcomat kaparja<br>K\u00f6rmeivel belesz\u00e1nt<br>Vonalakat, v\u00e9res foltokat<\/p>\n\n\n\n<p>Amikor azt\u00e1n a t\u00fck\u00f6rbe n\u00e9ztem<br>Megd\u00f6bbenve l\u00e1ttam<br>A sebek rajzz\u00e1 \u00e1llnak \u00f6ssze<br>Tomi a saj\u00e1t arc\u00e1t rajzolja arcomra<\/p>\n\n\n\n<p>Nem v\u00e9letlen\u00fcl mondj\u00e1k teh\u00e1t<br>Ez a kisfi\u00fa tiszta apja<br>Egyre jobban hasonl\u00edt \u00f6nre<\/p>\n\n\n\n<p><strong>Alkot\u00f3elemek<\/strong><\/p>\n\n\n\n<p>Rajtakaptam a sz\u00edvet<br>ahogy dolgozik<br>\u00e9s a beleket, gyomrot<\/p>\n\n\n\n<p>Minden emberi volt<br>emberb\u0151l<br>\u00e9s eg\u00e9szen \u00e1llati hangon<\/p>\n\n\n\n<p>de besz\u00e9lt<br>minden szerv<br>egyed\u00fcl nekem<\/p>\n\n\n\n<p>.<\/p>\n\n\n\n<p>.<\/p>\n\n\n\n<p>.<\/p>\n\n\n\n<p><em>Bari Fatima<\/em><\/p>\n\n\n<div class=\"wp-block-image wp-image-546 size-medium\">\n<figure class=\"alignright\"><img loading=\"lazy\" decoding=\"async\" width=\"240\" height=\"300\" src=\"http:\/\/opus-folyoirat.sk\/wp-content\/uploads\/2018\/12\/Bari_Fatima-240x300.jpg\" alt=\"\" class=\"wp-image-546\" srcset=\"https:\/\/opus-folyoirat.sk\/wp-content\/uploads\/2018\/12\/Bari_Fatima-240x300.jpg 240w, https:\/\/opus-folyoirat.sk\/wp-content\/uploads\/2018\/12\/Bari_Fatima-768x960.jpg 768w, https:\/\/opus-folyoirat.sk\/wp-content\/uploads\/2018\/12\/Bari_Fatima-819x1024.jpg 819w, https:\/\/opus-folyoirat.sk\/wp-content\/uploads\/2018\/12\/Bari_Fatima.jpg 1361w\" sizes=\"auto, (max-width: 240px) 100vw, 240px\" \/><figcaption class=\"wp-element-caption\">Bari Fatima<\/figcaption><\/figure><\/div>\n\n\n<p><strong>Por<\/strong><\/p>\n\n\n\n<p><strong>1.<\/strong><br>m\u00faltkor amikor kiab\u00e1ltunk azt mondta m\u00e1s vil\u00e1gban \u00e9lek<br>meg hogy neki ezt musz\u00e1j eln\u00e9znie<br>m\u00e1s nem fogja<br>\u00e9s m\u00e9g sokan csapj\u00e1k majd r\u00e1m az ajt\u00f3t<br>magyar\u00e1zhattam \u00e9n hogy nincsenek is ajt\u00f3k<\/p>\n\n\n\n<p><strong>3.<\/strong><br>ha hib\u00e1zom az \u00e9n tettem<br>s ne v\u00e9dj meg magamt\u00f3l<br>nem v\u00edzes\u00e9sre v\u00e1gyom a tapsb\u00f3l<br>nem tudom \u00e9rezni<br>patak mellett \u00e9ln\u00e9k<br>s h\u00e1zamban annyian lakn\u00e1nak<br>hogy t\u00e9r legyen<br>mindenkinek<br>azt\u00e1n eb\u00e9denk\u00e9nt k\u00f6rbe\u00fclj\u00fck az asztalt<\/p>\n\n\n\n<p><strong>4.<\/strong><br>mintha \u00e9lne ez a szoba<br>k\u00f6rbe\u00f6lel \u00e9s besz\u00e9lnek a t\u00e1rgyak<br>mi\u00e9rt csak ilyenkor \u00e9rzek<br>amikor elhagysz<\/p>\n\n\n\n<p>.<\/p>\n\n\n\n<p>.<\/p>\n\n\n\n<p>.<\/p>\n\n\n\n<p><em>balla d. k\u00e1roj *<\/em><\/p>\n\n\n<div class=\"wp-block-image wp-image-522 size-medium\">\n<figure class=\"alignright\"><img loading=\"lazy\" decoding=\"async\" width=\"300\" height=\"201\" src=\"http:\/\/opus-folyoirat.sk\/wp-content\/uploads\/2018\/12\/Balla_D_K\u00e1roj-300x201.jpg\" alt=\"\" class=\"wp-image-522\" srcset=\"https:\/\/opus-folyoirat.sk\/wp-content\/uploads\/2018\/12\/Balla_D_K\u00e1roj-300x201.jpg 300w, https:\/\/opus-folyoirat.sk\/wp-content\/uploads\/2018\/12\/Balla_D_K\u00e1roj.jpg 614w\" sizes=\"auto, (max-width: 300px) 100vw, 300px\" \/><figcaption class=\"wp-element-caption\">Balla D. K\u00e1roj<\/figcaption><\/figure><\/div>\n\n\n<p><strong>egy sehol \u00e9jszaka<\/strong><\/p>\n\n\n\n<p>az nem lehet, hogy ketten egy\u00fctt voltak \u0151rszemek<br>de nem lehettek k\u00fcl\u00f6n sem. a m\u0171szer megmutatn\u00e1<br>hogy sors\u00e1t a figyel\u00e9sre \u00e1lom hejett ki tette fel itt<br>(\u0151si erej\u00e9t a mellkas megmutatja, mintha csill\u00e1mot<br>t\u00e1rna fel a t\u00e1rna. \u00e9n l\u00e1ttam ott a v\u00edz hideg\u00e9t)<\/p>\n\n\n\n<p>\u00e9s m\u00e9gis fut, ki v\u00e1lasztani ez\u00fattal is elfelejtett. az \u00e1ll\u00f3<br>m\u00e1sikat, \u00fagy rem\u00e9li, nem tal\u00e1lja szembe k\u00e9szakarva<br>am\u00edg a v\u00e1jat rajza gy\u0171r\u00f6tt t\u00e9rk\u00e9pein v\u00e1ltozatlan<br>(hejet cser\u00e9l a sz\u00e9l a kopony\u00e1val, mintha bajnok csalna<br>a sakkban. \u00e9n hallottam ott a szenny meleg\u00e9t)<\/p>\n\n\n\n<p>\u00e1m elfogy lassan mer\u00e9sz fant\u00e1zi\u00e1ja. nem sejti<br>ki volt az, aki \u00e1tj\u00f6tt \u00e9rte a foj\u00f3n. m\u00e9gsem evez vissza<br>d\u00f6nti el. semejik ujja sem illik a cs\u00f3nakh\u00e1zi lakat vas\u00e1ba<br>(szav\u00e1t ha \u00e1llja holt\u00e1iglan, a csendnek lehet marad\u00e1sa<br>mint indi\u00e1n, ha v\u00e9rzik, feh\u00e9rek hallgat\u00e1s\u00e1t tapintottam ott)<\/p>\n\n\n\n<p>most k\u00e9tszer akkora darabokra v\u00e1gja, \u00fagy t\u0171nik, az id\u0151t<br>kapsz egy embert lek\u00fczdeni, mondt\u00e1k neki; m\u00e1r nincs jelen<br>a m\u00falt adott szava. alig l\u00e1tszik k\u00fcl\u00f6nbs\u00e9g. tudja, a hitel v\u00e9g\u00fcl<br>\u00fagyis megt\u00e9r\u00fcl (reggelre beomlik a t\u00e1rna, kih\u0171l a t\u00e1bor<br>mint halotton a seb. \u00edgy laktam be ott egy sehol \u00e9jszak\u00e1t)<\/p>\n\n\n\n<p class=\"has-text-align-right\">* <em>a szerz\u0151 \u00fajabb \u00edr\u00e1saiban nem haszn\u00e1l elipszilont, \u00edgy nev\u00e9ben sem<\/em><\/p>\n\n\n\n<p><em>.<\/em><\/p>\n\n\n\n<p><em>.<\/em><\/p>\n\n\n\n<p><em>.<\/em><\/p>\n\n\n<div class=\"wp-block-image\">\n<figure class=\"alignright\"><img loading=\"lazy\" decoding=\"async\" width=\"298\" height=\"300\" src=\"http:\/\/opus-folyoirat.sk\/wp-content\/uploads\/2018\/12\/R\u00e1s\u00f3_Attila-298x300.jpg\" alt=\"\" class=\"wp-image-525\" srcset=\"https:\/\/opus-folyoirat.sk\/wp-content\/uploads\/2018\/12\/R\u00e1s\u00f3_Attila-298x300.jpg 298w, https:\/\/opus-folyoirat.sk\/wp-content\/uploads\/2018\/12\/R\u00e1s\u00f3_Attila-150x150.jpg 150w, https:\/\/opus-folyoirat.sk\/wp-content\/uploads\/2018\/12\/R\u00e1s\u00f3_Attila-768x774.jpg 768w, https:\/\/opus-folyoirat.sk\/wp-content\/uploads\/2018\/12\/R\u00e1s\u00f3_Attila-100x100.jpg 100w, https:\/\/opus-folyoirat.sk\/wp-content\/uploads\/2018\/12\/R\u00e1s\u00f3_Attila.jpg 953w\" sizes=\"auto, (max-width: 298px) 100vw, 298px\" \/><\/figure><\/div>\n\n\n<p><em>R\u00e1s\u00f3 Attila<\/em><br><strong>az<\/strong><\/p>\n\n\n\n<p>kanap\u00e9n \u00fcl\u00f6k<br>fekv\u0151fotelben szundik\u00e1lsz<br>aktu\u00e1lis gondjaiddal<br>ike\u00e1s pl\u00e9d\u00fcnk \u00f6lel<br>liber\u00e1lis egy t\u00e1rgy ez b\u00e1rkit<br>elfogad mag\u00e1ba z\u00e1r hogy<br>v\u00e9dje meleg\u00edtse mialatt kint zajlik<br>mit sokan \u00e9letnek neveznek<\/p>\n\n\n\n<p>n\u00e9zlek pihensz<br>csend suttog \u00fcres kott\u00e1t<br>v\u00e9r\u00e1ramunk sem hallhat\u00f3<br>m\u00e9gis mennyit zakatol<br>k\u00f6lcs\u00f6n\u00f6s szeretet\u00fcnk<br>hozz\u00e1 hasonl\u00edt m\u00edg<br>meg nem t\u00f6ri valami rendelleness\u00e9g<\/p>\n\n\n\n<p>Isten dobog\u00f3 term\u00e9kei vagyunk<br>csak p\u00e1r emberb\u0151l hi\u00e1nyzik az az<br>alkatr\u00e9sz<\/p>\n\n\n\n<p>.<\/p>\n\n\n\n<p>.<\/p>\n\n\n\n<p>.<\/p>\n\n\n\n<p><em>Forg\u00e1cs Mikl\u00f3s<\/em><br><strong>minthaiku-h\u00e9t<\/strong><\/p>\n\n\n<div class=\"wp-block-image\">\n<figure class=\"alignright\"><img loading=\"lazy\" decoding=\"async\" width=\"197\" height=\"300\" src=\"http:\/\/opus-folyoirat.sk\/wp-content\/uploads\/2018\/12\/Forg\u00e1cs_Mikl\u00f3s_2-197x300.jpg\" alt=\"\" class=\"wp-image-504\" srcset=\"https:\/\/opus-folyoirat.sk\/wp-content\/uploads\/2018\/12\/Forg\u00e1cs_Mikl\u00f3s_2-197x300.jpg 197w, https:\/\/opus-folyoirat.sk\/wp-content\/uploads\/2018\/12\/Forg\u00e1cs_Mikl\u00f3s_2.jpg 500w\" sizes=\"auto, (max-width: 197px) 100vw, 197px\" \/><\/figure><\/div>\n\n\n<p><em>h\u00e9tf\u0151<\/em><br>cs\u00f6ndjeid gy\u0171jt\u00f6getem<br>nem \u00e9rtem, pedig<br>hallgat\u00e1sodban \u00e9lek<\/p>\n\n\n\n<p><em>kedd<\/em><br>cs\u00f6ndedet rakosgatom<br>\u00f6r\u00fcl\u00f6k, f\u00e9lek<br>mintha \u00e9rinten\u00e9lek<\/p>\n\n\n\n<p><em>szerda<\/em><br>cs\u00f6ndedbe kapaszkodtam<br>elestem m\u00e9gis<br>melyik\u00fcnk t\u00f6r\u00e9kenyebb<\/p>\n\n\n\n<p><em>cs\u00fct\u00f6rt\u00f6k<\/em><br>azt mondtad: \u201eh\u00fas-v\u00e9r vagyok\u201d<br>m\u00e1r fak\u00f3 az \u00e9g<br>most ugyanazt hallgatod?<\/p>\n\n\n\n<p><em>p\u00e9ntek<\/em><br>na de m\u00e9gis h\u00e1ny tonna<br>az egyh\u00f3napnyi<br>kiad\u00f3s, sz\u00edntiszta hallgat\u00e1s?<\/p>\n\n\n\n<p><em>szombat<\/em><br>ha agyonhallgatsz \u00e9ppen<br>akkor te lehet<br>hogy velem foglalkozol?<\/p>\n\n\n\n<p><em>vas\u00e1rnap<\/em><br>ha be\u00e9rem cs\u00f6ndeddel<br>\u00e9rteni fogom<br>minden fa minden k\u00e9rg\u00e9t?<\/p>\n\n\n\n<p><em>.<\/em><\/p>\n\n\n\n<p><em>.<\/em><\/p>\n\n\n\n<p><em>.<\/em><\/p>\n\n\n\n<p><em>Jung Istv\u00e1n<\/em><\/p>\n\n\n\n<p><strong>Nemversek ciklusa<\/strong><br><em>(r\u00e9szletek)<\/em><\/p>\n\n\n\n<p><strong>nemvers2<\/strong><br>pog\u00e1ny testny\u00edl\u00e1said mindig is<br>k\u00e9ptelenek lesznek a<br>v\u00e1gy transzplant\u00e1ci\u00f3j\u00e1ra<br>csak az \u00e1llati \u00f6szt\u00f6n<br>l\u00e9tjogosult<\/p>\n\n\n\n<p><strong>nemvers3<\/strong><br>a sz\u00f6k\u0151k\u00fat gy\u00f6ngy\u00f6z\u0151<br>v\u00edzt\u00fckr\u00e9ben<br>Apollinaire galambja<br>elfelejtett leszarni<br>minket milli\u00e1rdb\u00f3l az<br>egy<\/p>\n\n\n\n<p><strong>nemvers5<\/strong><br>a jel\u00f6letlen mag\u00e1ny<br>testkupac\u00e1t a<br>boncteremben m\u00e9g<br>Oidipusz szemei is<br>jel\u00f6lik formalinban<\/p>\n\n\n\n<p><strong>nemvers7<\/strong><br>az intelligens \u00e9hez\u0151<br>krumplit k\u00e9r Dant\u00e9hoz<br>egy testes v\u00f6r\u00f6s<br>Shakespeare-rel<br>\u00f6bl\u00edti le \u00e9s desszertnek<br>Csehovot csipeget<br>teli hassal veszi<br>\u00e9szre a sv\u00e9dasztalt<\/p>\n\n\n\n<p><strong>nemvers10<\/strong><br>mikor a<br>forradalom kidugta<br>a homlok\u00e1t a<br>sarkon az<br>utcai sort\u0171zben<br>csap\u00f3dott le<br>realiz\u00e1ci\u00f3ja<br>\u00e1tl\u00e1tsz\u00f3b\u00f3l<br>h\u00fass\u00e1 v\u00e1l\u00e1s\u00e1nak<\/p>\n\n\n\n<p><strong>nemvers11<\/strong><br>a cser\u00e9porgon\u00e1k<br>concerto gross\u00f3j\u00e1nak<br>er\u0151s\u00f6d\u0151 kakof\u00f3ni\u00e1ja<br>rezonanciakatasztr\u00f3f\u00e1t<br>okozhat l\u00e9t\u00fcnk<br>ill\u00fazi\u00f3j\u00e1ban<\/p>\n\n\n\n<p><strong>nemvers12<\/strong><br>zsebre tett<br>k\u00e9zzel untat\u00f3<br>es\u0151ben<br>meddig v\u00e1rjuk<br>m\u00edg valakit<br>felakasztanak?<br>\u00f6r\u00f6kk\u00f6n-\u00f6r\u00f6kk\u00e9<br>(az \u00e1men alig hallhat\u00f3)<\/p>\n\n\n\n<p><strong>nemvers16<\/strong><br>leped\u0151be csavart<br>rak\u00e9t\u00e1k t\u00e9pik<br>marokra ami<br>maradt a<br>f\u00e9lreg\u00f6rd\u00edtett<br>k\u0151b\u0151l<\/p>\n\n\n\n<p><strong>nemvers18<\/strong><br>a burokban<br>sz\u00fclet\u0151 belekre<br>sz\u00e1jkezdem\u00e9ny<br>fejl\u0151dik<br>vademberi \u00e9hs\u00e9ggel<br>a holnap testeire<\/p>\n\n\n\n<p><strong>nemvers19<\/strong><br>a falhoz<br>\u00e1ll\u00edtott rem\u00e9ny<br>utols\u00f3 k\u00edv\u00e1ns\u00e1ga<br>meghallgatni<br>a lovak \u00e1ri\u00e1j\u00e1t<br>cs\u00fasztatott<br>taktusban<\/p>\n\n\n\n<p><strong>nemvers20<\/strong><br>a d\u00e9monoknak<br>is kij\u00e1r a<br>hal\u00e1lt\u00e1nc b\u00e1r<br>lehet\u0151s\u00e9geik a<br>kering\u0151re sz\u0171k\u00fclnek<br>angol vagy b\u00e9csi<\/p>\n\n\n\n<p><strong>nemvers21<\/strong><br>a gerincedre<br>t\u00f6r\u0151<br>l\u00e1ngoszlop nem<br>szimb\u00f3luma a<br>szabads\u00e1g toll\u00e1nak<br>magad<br>l\u00e1ttad a napalmb\u00f3l<br>h\u00fazott vonalakat<\/p>\n\n\n\n<p><strong>nemvers23<\/strong><br>zs\u00edrszag\u00fa f\u00f6ldbe<br>k\u00f6lt\u00f6zve<br>figyelni a<br>f\u00e9rgek lakom\u00e1j\u00e1t nem<br>opcion\u00e1lis<br>te vagy a<br>lakoma<\/p>\n\n\n<div class=\"wp-block-image wp-image-494 size-medium\">\n<figure class=\"alignright\"><img loading=\"lazy\" decoding=\"async\" width=\"258\" height=\"300\" src=\"http:\/\/opus-folyoirat.sk\/wp-content\/uploads\/2018\/12\/Jung_Istv\u00e1n-258x300.jpg\" alt=\"\" class=\"wp-image-494\" srcset=\"https:\/\/opus-folyoirat.sk\/wp-content\/uploads\/2018\/12\/Jung_Istv\u00e1n-258x300.jpg 258w, https:\/\/opus-folyoirat.sk\/wp-content\/uploads\/2018\/12\/Jung_Istv\u00e1n.jpg 431w\" sizes=\"auto, (max-width: 258px) 100vw, 258px\" \/><figcaption class=\"wp-element-caption\">Jung Istv\u00e1n<\/figcaption><\/figure><\/div>\n\n\n<p><i>.<\/i><\/p>\n\n\n\n<p>.<\/p>\n\n\n\n<p>.<\/p>\n\n\n\n<p>.<\/p>\n\n\n\n<p>.<\/p>\n\n\n\n<p>&#8211;<\/p>\n\n\n\n<p>.<\/p>\n\n\n\n<p>.<\/p>\n\n\n\n<p>.<\/p>\n\n\n\n<p>.<\/p>\n\n\n\n<p><em>Fellinger K\u00e1roly<\/em><br><strong>Leplomb\u00e1lt mennyorsz\u00e1g<\/strong><\/p>\n\n\n\n<p><strong>3<\/strong><\/p>\n\n\n\n<p>Egy cseppben hull le a sz\u00e9l,<br>apr\u00f3 kavicsk\u00e9nt<br>helyezkedik a tanyasi<br>buszmeg\u00e1ll\u00f3ban,<br>mag\u00e1b\u00f3l kikelve<br>gy\u00f6keret ereszt a<br>bakancsom talp\u00e1ban,<br>mag\u00e1nyom ut\u00e1nozza,<br>akkor\u00e1kat nyelek,<br>mintha j\u00f3llakott volna.<\/p>\n\n\n\n<p>*<\/p>\n\n\n\n<p>Lakhat\u00f3 \u00e9gitest a m\u00falt,<br>forog a tengelye k\u00f6r\u00fcl,<br>megker\u00fclve a neki sz\u00e1nt<br>j\u00f6v\u0151t,<br>ha nem forogna,<br>elkopna.<\/p>\n\n\n\n<p>*<\/p>\n\n\n\n<p>Annyiszor voltam<br>boldog veled,<br>ah\u00e1nyszor gyerekk\u00e9nt<br>j\u00e1rni tanulva<br>elestem, f\u00f6ldre<br>huppanva,<br>mint az \u00e9rett gy\u00fcm\u00f6lcs.<\/p>\n\n\n\n<p>Az\u00f3ta&nbsp; sz\u00e9tv\u00e1ltak<br>\u00fatjaink,<br>itt g\u00f6rb\u00fcljek meg,<br>ha nem.<\/p>\n\n\n\n<p><strong>9<\/strong><\/p>\n\n\n\n<p>Menek\u00fcl a s\u00f6t\u00e9ts\u00e9g,<br>f\u00fcstbe sz\u00e1ll,<br>az eny\u00e9szet nem tud<br>maradand\u00f3t alkotni,<br>a rohan\u00e1st hintal\u00f3ra pattanva<br>\u00e9rzed csak igaz\u00e1n,<br>nyikorg\u00e1sa lebesz\u00e9lni&nbsp;pr\u00f3b\u00e1l<br>valamir\u0151l, besz\u00e9lni tan\u00edt<br>a v\u00e1lasz nyelv\u00e9n,<br>s te katon\u00e1san,<br>nyalka husz\u00e1rk\u00e9nt<br>\u00fcld\u00f6z\u0151be veszed<br>a labanc elt\u00f6k\u00e9lts\u00e9get,<br>form\u00e1ban \u00e9rzed magad,<br>a m\u00falt besoroz,<br>majd becsomagol<br>a m\u00e1ba.<\/p>\n\n\n\n<p>*<\/p>\n\n\n\n<p>A madarak ki\u00e9neklik<br>magukb\u00f3l a cs\u00f6ndet,<br>ami val\u00f3j\u00e1ban<br>nincs is,<br>csup\u00e1n egy igazol\u00e1s,<br>amikor a t\u00fck\u00f6r<br>szemben\u00e9z veled,<br>konzult\u00e1lva<br>a mereved\u0151<br>elm\u00fal\u00e1ssal,<br>a kleptom\u00e1ni\u00e1s id\u0151vel.<\/p>\n\n\n\n<p>*<\/p>\n\n\n\n<p>A posztmodern m\u0171v\u00e9szeti<br>ki\u00e1ll\u00edt\u00e1s megnyit\u00f3j\u00e1n az egyik l\u00e1togat\u00f3<br>levette a szem\u00fcveg\u00e9t,<br>majd a&nbsp;terem k\u00f6zep\u00e9re tette.<br>Mit ad \u00e9g, maga a m\u0171v\u00e9sz l\u00e9pett r\u00e1,<br>de a zsivajt\u00f3l nem vette \u00e9szre.<br>Miut\u00e1n s\u00fcrg\u0151s elfoglalts\u00e1ga miatt<br>t\u00e1vozott, a t\u00f6meg felfedezte mag\u00e1nak<br>az elt\u00f6rt szem\u00fcveget.<br>Vigy\u00e1zva n\u00e9zegett\u00e9k, ez lett a ki\u00e1ll\u00edt\u00e1s<br>legfontosabb darabja.<\/p>\n\n\n\n<p>*<\/p>\n\n\n\n<p>\u00c1lmomban hallucin\u00e1ltam,<br>lek\u00e9stem magamr\u00f3l.<\/p>\n\n\n\n<p><strong>0<\/strong><\/p>\n\n\n\n<p>Hidegen hagy<br>a t\u0171z, a&nbsp;sz\u0171z \u00f6regasszony,<br>akinek nem el\u00e9g<br>a j\u00f6v\u0151,<br>sz\u00e1mad\u00e1st akar,<br>m\u00faltja kitiszt\u00edtja<br>a b\u00faz\u00e1t,a rozsot,<br>mint valami g\u00e9p<br>egy mez\u0151gazdas\u00e1gi<br>magt\u00e1rban,<br>hogy vagy vet\u0151mag,<br>vagy keny\u00e9r legyen<br>bel\u0151le.<\/p>\n\n\n\n<p><strong>8<\/strong><\/p>\n\n\n\n<p>\u00c1tv\u00e1gni a mocsaras f\u00f6ld\u00f6n, azt\u00e1n a<br>felt\u00e1mad\u00e1s ut\u00e1n megtapasztalni<br>a mindenre nyitott<br>vaks\u00e1got. Rem\u00e9nytelen\u00fcl bizakodni<br>a j\u00f6v\u0151ben, mely a fark\u00e1ba harap,<br>ha nem fogadsz neki sz\u00f3t.<br>A szomj\u00fas\u00e1g teli v\u00f6d\u00f6r,<br>a k\u00fat fenek\u00e9t \u0151rzi:<br>feneketlen t\u00f6k\u00e9letess\u00e9g.<br>Ha ut\u00e1nozni kezded,<br>olyann\u00e1 v\u00e1lsz, mint egy kort\u00e1rs<br>k\u00f6zleked\u00e9si l\u00e1mpa.<br>B\u00e1r szor\u00edt a lehet\u0151s\u00e9g,<br>ak\u00e1r a nadr\u00e1gsz\u00edj,<br>kih\u00edzod magadb\u00f3l az \u00e1lmokat.<br>Vagy csak egy m\u00e1s vil\u00e1got,<br>ahol az \u00e1gyadnak nincs m\u00e1r hely.<\/p>\n\n\n\n<p>*<\/p>\n\n\n\n<p>A moh\u00f3s\u00e1g egy rosta<br>nyugalm\u00e1val<br>k\u00e9ts\u00e9gbe vonja<br>kincseim.<\/p>\n\n\n\n<p>T\u00edz perccel<br>el\u0151bbre h\u00fazom az \u00f3r\u00e1t,<br>hogyha elk\u00e9sem,<br>Isten megbocs\u00e1sson.<\/p>\n\n\n\n<p><strong>1<\/strong><\/p>\n\n\n\n<p>Sodr\u00f3dik az id\u0151,<br>szokny\u00e1ja al\u00e1<br>n\u0151 a gyom,<br>nyomot hagy rajta<br>az elm\u00fal\u00e1s,<br>megzsarolja a sz\u00e1mokat,<br>hogy mindent<br>kiadjanak&nbsp; magukb\u00f3l,<br>mint mikor kamaszk\u00e9nt<br>el\u00e9gettem&nbsp;verseim<br>a pinc\u00e9ben f\u00e9szkel\u0151<br>kaz\u00e1nban,<br>minek a l\u00e1ngja<br>\u00e9pp f\u00e9lren\u00e9zett,<br>akkor f\u00e9ltem el\u0151sz\u00f6r<br>a hal\u00e1lt\u00f3l,<br>v\u00e9rszagot \u00e9rezve<br>szerettem volna<br>a szem\u00e9be n\u00e9zni,<br>de a bel\u0151lem t\u00e1pl\u00e1lkoz\u00f3<br>parazita rem\u00e9ny<br>elvette az eszemet,<br>rabj\u00e1v\u00e1 tett.<\/p>\n\n\n\n<p><strong>5<\/strong><\/p>\n\n\n\n<p>A csal\u00e1di k\u00e9p k\u00f6zep\u00e9r\u0151l,<br>vigy\u00e1zva, nehogy<br>a t\u00f6bbiekbe belev\u00e1gjak,<br>lenyisszantsam<br>a kez\u00fck, a l\u00e1buk,<br>kiv\u00e1gtam magamat<br>egy \u00e9letlen oll\u00f3val,<br>majd Isten szobrot<br>k\u00e9sz\u00edttetett velem,<br>ugyanerr\u0151l a k\u00e9pr\u0151l,<br>ugyanabban a testhelyzetben, de<br>megengedve, hogy magamat<br>kihagyjam.<\/p>\n\n\n\n<p><strong>\/<\/strong><\/p>\n\n\n\n<p>F\u00e9nylik a b\u00fator,<br>\u00e9l\u0151sk\u00f6dik rajta a ragyog\u00e1s,<br>c\u00e9lszalaggal k\u00f6tik<br>\u00e1t a kezed, hogy<br>kiduzzadjanak az erek,<br>amikor v\u00e9rt<br>vesz t\u0151led a f\u00e9lelem,<br>t\u0171zolt\u00f3 s\u00e1rk\u00e1nyok<br>vigy\u00e1znak a forr\u00f3s\u00e1gban<br>a szabads\u00e1g h\u00e1z\u00e1ra,<br>ahov\u00e1 vend\u00e9gs\u00e9gbe h\u00edv<br>a f\u00fcggetlen k\u00e9pzelet,<br>b\u00e1rddal a kez\u00e9ben<br>egy walesi<br>b\u00e1rd,<br>a t\u00fck\u00f6rszem\u0171 kerub,<br>kinek tenyer\u00e9b\u0151l<br>j\u00f3sol \u00f6t\u00f3r\u00e1s<br>dokumentumfilmet<br>egy \u00e9lete utols\u00f3<br>perceit sz\u00e1ml\u00e1l\u00f3 sakkoz\u00f3.<\/p>\n\n\n\n<p><strong>7<\/strong><\/p>\n\n\n\n<p>Any\u00e1m fogatlanul<br>\u00e1ll a t\u00fck\u00f6r el\u0151tt,<br>f\u00e9s\u00fclk\u00f6dik,<br>egy ujjnyom\u00e1sra<br>megsz\u00f3lal h\u00e1rom \u00e9ves<br>d\u00e9dunok\u00e1ja:<br>mama, ne n\u00e9zz<br>a t\u00fck\u00f6rbe,<br>mert m\u00e9g nem<br>n\u0151 ki a fogad.<\/p>\n\n\n\n<p>*<\/p>\n\n\n\n<p>Isten kit\u00e9p egy lapot<br>a sors k\u00f6nyv\u00e9b\u0151l,<br>a szemetes kos\u00e1rba<br>c\u00e9loz vele.<br>Tal\u00e1n a tizedikre<br>beletal\u00e1l, \u00e1m az sem biztos,<br>hisz senki sem sz\u00e1molja<br>a tal\u00e1latokat, m\u00e9g a szabads\u00e1g sem.<br>Az utols\u00f3 lap kit\u00e9p\u00e9se ut\u00e1n<br>Isten \u00f6sszeszedi az elv\u00e9tett<br>pap\u00edrcsom\u00f3kat, a szemetes kos\u00e1rba<br>gy\u00f6m\u00f6sz\u00f6li, majd beleford\u00edtja<br>a csaknem&nbsp; teli<br>kuk\u00e1ba.<\/p>\n\n\n\n<p><strong>7<\/strong><\/p>\n\n\n\n<p>Nincs okom r\u00e1,<br>hogy szerencs\u00e9s legyek,<br>a&nbsp;vizsg\u00e1land\u00f3 fekete macsk\u00e1k<br>k\u00f6rm\u00fckkel vakargatj\u00e1k<br>a bet\u00f6rhetetlen h\u00e1ztet\u0151k<br>viszket\u0151 cserepeit.<br>Szok\u00e1sukk\u00e1 v\u00e1lik,<br>ahogy az \u00f6r\u00f6kk\u00e9val\u00f3s\u00e1gnak<br>az \u00f6ngyullad\u00e1s.<\/p>\n\n\n\n<p><strong>0<\/strong><\/p>\n\n\n\n<p>Sz\u00fcleim a h\u00fast h\u00fassal ett\u00e9k.<br>Amikor nagyon rossz voltam,<br>majdnem elcser\u00e9ltek<br>egy zs\u00e1k krumplira,<br>de azt \u00e9n sem szerettem,<br>h\u00e1t ink\u00e1bb meghagytak.<\/p>\n\n\n\n<p>*<\/p>\n\n\n\n<p>Szob\u00e1mban a<br>J\u00e9zus szobornak<br>j\u00f3 a felfog\u00e1sa,<br>felfogja a<br>szekr\u00e9ny tetej\u00e9n a port,<br>de&nbsp;talapzata<br>alatt a val\u00f3s\u00e1g<br>oly tiszta,<br>\u00e1tl\u00e1t rajta az igazs\u00e1g,<br>nem ismer irgalmat.<\/p>\n\n\n\n<p>*<\/p>\n\n\n\n<p>B\u00fcszke t\u00f6lgy volt, mondta Kira,<br>b\u00e9ke f\u0171r\u00e9szporaira,<br>angyalt l\u00e1tott, nem is egyet,<br>kik a sorst\u00f3l megijednek.<br>\u00d6reg volt m\u00e1r, vak sejtelem,<br>csaknem kisz\u00e1radt teljesen,<br>zuhan\u00e1sra k\u00e9szen, \u00f6nk\u00e9nt,<br>hal\u00e1lnak adta a t\u00f6lt\u00e9nyt.<br>Kira l\u00e1nyom most is foglya,<br>\u00e9vgy\u0171r\u0171it sz\u00e1molgatva.<br>A temet\u0151 gondnok terve,<br>h\u00e1rsf\u00e1t \u00fcltet majd, helyette.<\/p>\n\n\n<div class=\"wp-block-image wp-image-489 size-medium\">\n<figure class=\"alignright\"><img loading=\"lazy\" decoding=\"async\" width=\"266\" height=\"300\" src=\"http:\/\/opus-folyoirat.sk\/wp-content\/uploads\/2018\/12\/Fellinger-266x300.jpg\" alt=\"\" class=\"wp-image-489\" srcset=\"https:\/\/opus-folyoirat.sk\/wp-content\/uploads\/2018\/12\/Fellinger-266x300.jpg 266w, https:\/\/opus-folyoirat.sk\/wp-content\/uploads\/2018\/12\/Fellinger-768x865.jpg 768w, https:\/\/opus-folyoirat.sk\/wp-content\/uploads\/2018\/12\/Fellinger-909x1024.jpg 909w\" sizes=\"auto, (max-width: 266px) 100vw, 266px\" \/><figcaption class=\"wp-element-caption\">Fellinger K\u00e1roly<\/figcaption><\/figure><\/div>\n\n\n<p>.<\/p>\n\n\n\n<p>.<\/p>\n\n\n\n<p>.<\/p>\n\n\n\n<p>.<\/p>\n\n\n\n<p>.<\/p>\n\n\n\n<p>.<\/p>\n\n\n\n<p>.<\/p>\n\n\n\n<p>.<\/p>\n\n\n\n<p>.<\/p>\n\n\n\n<p>.<\/p>\n\n\n\n<p><em>Csik\u00f3s Attila<\/em><br><strong>Szarvasb\u0151g\u00e9s<\/strong><\/p>\n\n\n\n<p>nem j\u00f3 ami van<br>nem volt j\u00f3 soha<br>ami van nem volt m\u00e9g<br>soha<br>j\u00f3<br>a kert alj\u00e1ban<br>parlagf\u0171 barack di\u00f3<br>b\u0151gnek a szarvasok<br>a sorok k\u00f6z\u00f6tt<br>semmi \u00e9rtelem<br>tiszta dada<br>tiszta n\u00e9pmese<br>egy l\u00e1ny megy az utc\u00e1n<br>csoszog a macskak\u00f6v\u00f6n<br>a templom el\u0151tt<br>ki fog szaladni a falub\u00f3l<br>gul\u00e1cs fel\u00e9<br>a t\u00fcz\u00e9pre megy? ha<br>meg\u0151r\u00fcl az ember<br>sz\u00f6gvas l\u00e9c \u00fcveg<br>semmi nem \u00e1ll\u00edtja meg<br>a sz\u00fcks\u00e9g ink\u00e1bb csak<br>f\u00e1jdalom nem lenni<br>itt nem lenni sehol<br>ebben az \u00e9jszak\u00e1ban<br>ami ad\u00f3dik nek\u00fcnk<br>b\u0151gni menni felvonulni<br>a sorok k\u00f6zt<br>olvasni \u00fcv\u00f6lteni egyszer<br>ezerszer csoszogni \u00e1t az \u00e9jszak\u00e1n<br>piros f\u00e9ny\u0171 h\u00e1ts\u00f3l\u00e1mp\u00e1k<br>ut\u00e1n<br>szaladva<br>agancsok<br>\u00e9s gy\u00fcm\u00f6lcsf\u00e1k<br>holnapi felvir\u00e1gz\u00e1sa<br>fel\u00e9 h\u00e1tha<br>lesz aki<br>folytatja tov\u00e1bb<br>megfejti ezt a<br>\u2013 traktor z\u00f6ty\u00f6g \u00e1t szemb\u0151l \u2013<br>csendes \u0151r\u00fcletet<\/p>\n\n\n<div class=\"wp-block-image wp-image-457 size-medium\">\n<figure class=\"alignright\"><img loading=\"lazy\" decoding=\"async\" width=\"269\" height=\"300\" src=\"http:\/\/opus-folyoirat.sk\/wp-content\/uploads\/2018\/11\/Csik\u00f3s_Attila-269x300.jpg\" alt=\"\" class=\"wp-image-457\" srcset=\"https:\/\/opus-folyoirat.sk\/wp-content\/uploads\/2018\/11\/Csik\u00f3s_Attila-269x300.jpg 269w, https:\/\/opus-folyoirat.sk\/wp-content\/uploads\/2018\/11\/Csik\u00f3s_Attila-768x857.jpg 768w, https:\/\/opus-folyoirat.sk\/wp-content\/uploads\/2018\/11\/Csik\u00f3s_Attila-917x1024.jpg 917w, https:\/\/opus-folyoirat.sk\/wp-content\/uploads\/2018\/11\/Csik\u00f3s_Attila.jpg 1790w\" sizes=\"auto, (max-width: 269px) 100vw, 269px\" \/><figcaption class=\"wp-element-caption\">Csik\u00f3s Attila<\/figcaption><\/figure><\/div>\n\n\n<p><i>.<\/i><\/p>\n\n\n\n<p>.<\/p>\n\n\n\n<p>.<\/p>\n\n\n\n<p>.<\/p>\n\n\n\n<p>.<\/p>\n\n\n\n<p>.<\/p>\n\n\n\n<p>.<\/p>\n\n\n\n<p>.<\/p>\n\n\n\n<p>.<\/p>\n\n\n\n<p>.<\/p>\n\n\n\n<p><em>G\u00e9czi J\u00e1nos<\/em><br><strong>Ism\u00e9t. K\u00e9t l\u00f3r\u00f3l<\/strong><\/p>\n\n\n\n<p>Mi lett volna a k\u00e9t s\u00edr\u00f3 l\u00f3val,<br>Ha Hom\u00e9rosz \u00fagy pusztul el \u2013 vagy a po\u00e9t\u00e1k, a n\u00e9vtelenek,<br>Akik megalkott\u00e1k a nev\u00e9vel jegyzett eposzt \u2013,<br>Hogy a bet\u0171k hangy\u00e1i nem \u00e9p\u00edtik fel<br>Az Ili\u00e1sz hangyaboly\u00e1t? Mi lett volna vel\u00fck,<br>Akik halhatatlank\u00e9nt elsiratj\u00e1k a haland\u00f3 gazd\u00e1jukat,<br>Kinek harci szeker\u00e9t h\u00fazz\u00e1k az ellens\u00e9ggel szembe,<br>Akinek d\u00e1rd\u00e1ja villan\u00e1s\u00e1t sokszor l\u00e1tj\u00e1k,<br>Pajzsa mennyd\u00f6rg\u00e9s\u00e9t hallj\u00e1k.<br>Kik az \u00f6r\u00f6kl\u00e9t perem\u00e9n megtorpanva,<br>Hogy sz\u00e1jukat nem fesz\u00edti t\u00f6bb\u00e9 a zabla,<br>Al\u00e1tekintenek az elm\u00fal\u00e1s szakad\u00e9k\u00e1ba?<br>Mi lett volna vel\u00fck, akik a rettenet ellen\u00e9re is<br>Pomp\u00e1sak maradnak? Vel\u00fck, akik megsemmis\u00edthetetlenek?<br>V\u00e1gt\u00e1znak tov\u00e1bb a sz\u00f3 n\u00e9lk\u00fcli megnevezetlens\u00e9gben,<br>Ha nincsenek a g\u00f6r\u00f6g\u00f6k, akik feltal\u00e1lj\u00e1k azt a bet\u0171\u00edr\u00e1st,<br>Amelyen megsz\u00f3lal a t\u00f6rt\u00e9net\u00fck? Ha nincs<br>Akit lehet szolg\u00e1lni?<\/p>\n\n\n<div class=\"wp-block-image wp-image-447 size-medium\">\n<figure class=\"alignright\"><img loading=\"lazy\" decoding=\"async\" width=\"212\" height=\"300\" src=\"http:\/\/opus-folyoirat.sk\/wp-content\/uploads\/2018\/10\/G\u00e9czi_J\u00e1nos-212x300.jpg\" alt=\"\" class=\"wp-image-447\" srcset=\"https:\/\/opus-folyoirat.sk\/wp-content\/uploads\/2018\/10\/G\u00e9czi_J\u00e1nos-212x300.jpg 212w, https:\/\/opus-folyoirat.sk\/wp-content\/uploads\/2018\/10\/G\u00e9czi_J\u00e1nos.jpg 250w\" sizes=\"auto, (max-width: 212px) 100vw, 212px\" \/><figcaption class=\"wp-element-caption\">G\u00e9czi J\u00e1nos<\/figcaption><\/figure><\/div>\n\n\n<p>.<\/p>\n\n\n\n<p>.<\/p>\n\n\n\n<p>.<\/p>\n\n\n\n<p>.<\/p>\n\n\n\n<p>.<\/p>\n\n\n\n<p>.<\/p>\n\n\n\n<p>.<\/p>\n\n\n\n<p>.<\/p>\n\n\n\n<p>.<\/p>\n\n\n\n<p>.<\/p>\n\n\n\n<p><em>Bettes Istv\u00e1n<\/em><br><strong>K\u00f6v\u00e9r f\u00fcv\u00f6n?<\/strong><\/p>\n\n\n\n<p>Fordul \u00e9s sz\u00f3l:<br>Min dolgozol?<br>Min dolgozn\u00e9k?<br>Gondolkodom.<\/p>\n\n\n\n<p>Toldozgatom-<br>Foldozgatom<br>Egem m\u00e9rem<br>Boltozatom.<\/p>\n\n\n\n<p>Nem \u00e9rtem<br>E s\u00falyos kont\u00f3t<br>Ki passzolta<br>Le a f\u00f6ldre?<\/p>\n\n\n\n<p>Esteb\u00e9dre \u2013 d\u00e9lid\u0151ben<br>\u00c9n fizessem<br>Mind\u00f6r\u00f6kre?<\/p>\n\n\n\n<p>V\u00e1ltozn\u00e9k ink\u00e1bb<br>\u00d6k\u00f6rr\u00e9!<br>K\u00f6v\u00e9r f\u00fcv\u00f6n legel\u00e9szn\u00e9k<br>Delel\u0151ben eget n\u00e9zn\u00e9k<br>S felk\u00e9r\u0151dzn\u00e9k<br>N\u00e9h\u00e1ny verset.<\/p>\n\n\n<div class=\"wp-block-image wp-image-443 size-medium\">\n<figure class=\"alignright\"><img loading=\"lazy\" decoding=\"async\" width=\"225\" height=\"300\" src=\"http:\/\/opus-folyoirat.sk\/wp-content\/uploads\/2018\/10\/Bettes-225x300.jpg\" alt=\"\" class=\"wp-image-443\" srcset=\"https:\/\/opus-folyoirat.sk\/wp-content\/uploads\/2018\/10\/Bettes-225x300.jpg 225w, https:\/\/opus-folyoirat.sk\/wp-content\/uploads\/2018\/10\/Bettes.jpg 450w\" sizes=\"auto, (max-width: 225px) 100vw, 225px\" \/><figcaption class=\"wp-element-caption\">Bettes Istv\u00e1n<\/figcaption><\/figure><\/div>\n\n\n<p><i>.<\/i><\/p>\n\n\n\n<p>.<\/p>\n\n\n\n<p>.<\/p>\n\n\n\n<p>.<\/p>\n\n\n\n<p>.<\/p>\n\n\n\n<p>.<\/p>\n\n\n\n<p>.<\/p>\n\n\n\n<p>.<\/p>\n\n\n\n<p>.<\/p>\n\n\n\n<p>.<\/p>\n\n\n\n<p>.<\/p>\n\n\n\n<p><em>M\u00f3rotz Krisztina<\/em><br><strong>s\u00f6rt adj l\u00f3ri sz\u00f3lt bukowski<\/strong><\/p>\n\n\n\n<p>bukowski most ne rejszolj csomagod j\u00f6tt<br>a post\u00e1s r\u00f6h\u00f6gve kezembe nyomott valamit<br>t\u00e9nyleg r\u00e1\u00e9lveztem egy lucskos pin\u00e1ra de honnan<br>t\u00fal hangosan csin\u00e1lod \u00f6reg v\u00e9gy vissza add<br>a csomagot beste k\u00f6l\u00f6k ord\u00edtottam r\u00e1<br>nyomtat\u00e1sban megjelent versek voltak benne<br>a verseim<br>az \u00e9n verseim<br>az els\u0151k \u00e9rted az els\u0151 fecsk\u00e9k kis s\u00e1rga<br>\u00f6sszef\u0171z\u00f6tt f\u00fczetek az els\u0151k \u00e9rted gyere<br>vissza k\u00f6l\u00f6k adok neked bel\u0151le \u00f6r\u00f6m\u00f6mben<br>elbotlottam a k\u00f6nyvek a kis sz\u00e1zoldalas<br>f\u00fczetek a pocsoly\u00e1ba rep\u00fcltek mint sz\u00e1z<br>pity\u00f3k\u00e1s mag\u00e1t kellet\u0151<br>mad\u00e1r \u00e9s boldogan ny\u00faltam \u00e9rt\u00fck a pocs\u00e9t\u00e1ba<br>istenem de boldog voltam a pocs\u00e9t\u00e1ban<br>a varacskos diszn\u00f3 hozz\u00e1m k\u00e9pest vedlett<br>szop\u00f3s malacc\u00e1 hm k\u00e9s\u0151bb \u00edrtam<br>n\u00e9gysz\u00e1z\u00f6tvenet<\/p>\n\n\n\n<p>(eszembe jutottak borzalmas verseim<br>mikor az \u00f6tven segg\u00e9ben t\u00f6bb sz\u00e1z doll\u00e1rral<br>\u00e9s nagypof\u00e1val j\u00e1rtam) mennyi sz\u00e1z doll\u00e1r valaki<br>sz\u00e1molja ki nem akarok baroms\u00e1got \u00edrni<br>ma szeretem magam negyven m\u00faltam<\/p>\n\n\n\n<p>j\u00fanius volt \u00e9s s\u00fct\u00f6tt a nap \u00e9rted s\u00fct\u00f6tt a nap<br>\u00e9s \u00e9n a napos oldalon rep\u00fcltem ak\u00e1r egy r\u00e9szeg l\u00e9gy<br>kedvenc cseh\u00f3m fel\u00e9 az \u00f6reg koldusnak adtam<br>negyed doll\u00e1rt csak ennyi volt n\u00e1lam \u00e9s egy ceruzacsonk<br>a csontomban h\u00fasz \u00e9v f\u00e1z\u00e1sa meg az amikor bez\u00e1rk\u00f3ztam<br>a p\u00fapos n\u0151vel a k\u00f6nyvt\u00e1rba id\u0151nk\u00e9nt megh\u00faztam cs\u00fany\u00e1cska<br>segg\u00e9t de akkor ez volt csak \u00e9s h\u00e1ts\u00f3\u00e1ll\u00e1s\u00fa pina, v\u00e9kony mint<br>a fokhagyma gerezdje \u00e9s sz\u00e1raz mint a sivatag b\u0151ven \u00f6nt\u00f6ztem \u00e9s igen<br>a f\u00e1j\u00f3 t\u00f6keimmel kiolvastam az \u00f6sszes k\u00f6nyvet hogy<br>azt\u00e1n egy nagyot legyintsek \u00e9s lefingottam sekszp\u00edrt<br>s\u00fct a nap ma jegyezd fel j\u00fanius hetedike az els\u0151 k\u00f6nyvem \u00e9s<br>egy gyermekdalt d\u00fadoltam r\u00e9pa retek mogyor\u00f3 \u00e9s rengeteg<br>asszoci\u00e1ci\u00f3 ja<\/p>\n\n\n\n<p>lefingottam sekszp\u00edrt p\u00f3t az edgart hazavittem kloty\u00f3pap\u00edrnak<br>lapjai finom puh\u00e1k nem \u00e9rdesek de ma<br>s\u00fct a nap \u00e9rted s\u00fct a nap \u00e1tkozottul nem \u00e9rted mit jelent a<br>s\u00fct a nap azt mondod ez sz\u00f3ism\u00e9tl\u00e9s de az eg\u00e9sz \u00e9let sz\u00f3ism\u00e9tl\u00e9s<br>elhib\u00e1zott mondatok tengere s\u00fct a nap a parti jegeny\u00e9re ord\u00edtottam r\u00e1<br>egy m\u00e9ry poppins szer\u0171 n\u0151re azt hitte t\u00e1n<br>hogy az utca k\u00f6zep\u00e9n<br>uramisten k\u00f6lt\u0151 lettem m\u00e9g hangosabban k\u00f6lt\u0151 lettem enn\u00e9l<br>hangosabban kell k\u00f6lt\u0151 vagyok<br>lecsillapodva sem t\u00e9rtem magamhoz<\/p>\n\n\n\n<p>mondom<\/p>\n\n\n\n<p>futottam a cseh\u00f3ba h\u00e1zikab\u00e1tban<br>foszlott zsebben ceruzacsonk<br>a sarkon koldus<br>negyeddoll\u00e1ros<br>h\u00e1tamon tigris<br>agyam r\u00f6gz\u00edtette k\u00e9pek<br>a l\u00e1mpa pirosra v\u00e1ltott<br>pipacsra<br>the flower<br>vir\u00e1gok<br>f\u00e9nyek<br>l\u00e1gyak<br>nevet\u00e9sek<br>mire z\u00f6ld lett<br>kin\u0151tt a gyep<br>a f\u0171<br>a zsenge f\u00fcgg\u0151leges<br>na az a f\u0171<br>k\u00e9pzavar<br>j\u00f3 segg\u0171 csaj halad arra<br>euf\u00f3ria<br>nem<br>vagyok<br>norm\u00e1lis<br>f\u00e9k csikorog<br>a ford majdnem<br>de csak majdnem<br>boldog vagyok<\/p>\n\n\n\n<p>l\u00f3ri a csapos hallgatott lesz m\u00e9g versed<br>de a s\u00f6rt a barna habz\u00f3t<br>a m\u00e9g t\u00f6bb s\u00f6rt a m\u00e9g t\u00f6bb habz\u00f3t<br>a s\u00f6rt ber\u00fag\u00e1sig kifullad\u00e1sig \u00e9n \u00e1llom nyugi a kurv\u00e1t is<br>ingyen kapod megdolgozt\u00e1l \u00e9rte mondta sz\u00e1razon<br>este volt mire hazakecmeregtem magyar dalt \u00e9nekeltem<br>g\u00f3lya volt benne v\u00e9res l\u00e1b\u00fa amit egy t\u00f6r\u00f6k k\u00f6l\u00f6k megv\u00e1gott<br>l\u00f3ri a csapos bek\u00f6t\u00f6tte g\u00f3lya g\u00f3lya gilice<br>mit\u0151l v\u00e9res a l\u00e1bad<br>asszem ezt hallottam a kocsm\u00e1ban<\/p>\n\n\n\n<p>l\u00facia \u00edgy h\u00edvt\u00e1k a prostit akit r\u00e9szegen megl\u00e1ttam l\u00f3ri<br>ker\u00edtette valahonnan ott \u00e1llt a semmib\u0151l j\u00f6tt kurva<br>akir\u0151l nem tudtam hogy kurva mert a s\u00f6r tiszt\u00e1ra mosta<br>azt hittem k\u00f6d van \u00e9s l\u00facia szende sz\u0171z t\u00e9nyleg azt<br>hittem szende sz\u0171z l\u00facia morogtam zsid\u00f3 kurva aki<br>fekete haj\u00fa de lehet hogy olasz mellettem kopogott<br>a cip\u0151sarka az utca macskak\u00f6v\u00e9n<br>nem is volt macskak\u0151 majd megn\u00e9zem holnap futott \u00e1t egy<br>k\u00f3sza gondolat a s\u00f6r\u00e9 persze l\u00facia sz\u00e9p volt b\u0151v\u00e9r\u0171 j\u00f3pin\u00e1j\u00fa \u00fagy<br>kezeltem mintha szent gr\u00e1l lenne a l\u00e1ba k\u00f6z\u00f6tt<br>lassan csordult bel\u0151le a mag a feh\u00e9r combj\u00e1n nem akarok<br>dicsekedni de j\u00f3l csin\u00e1ltam egy baj volt hogy elaludtam<br>szarvashiba<br>mert a kis l\u00facia aki<br>a ruh\u00e1imat \u00f6sszehajtogatta<br>meglovas\u00edtotta a k\u00e9peim<br>(semmit nem \u00e9rtek)<br>elvitte a molyos kab\u00e1tom<br>molyos kab\u00e1tomb\u00f3l<br>tizenk\u00e9t versemet<br>megette az ubork\u00e1s szendvicset<br>de az els\u0151 k\u00f6nyveimhez nem ny\u00falt mind a sz\u00e1zat otthagyta<br>de a tizenk\u00e9t versem a tizenk\u00e9t k\u00e9pzavaros versem elvitte<br>mi\u00e9rt kellett neki asszon\u00e1ncok sem voltak benne<br>csak bukowski volt benne vagyis \u00e9n<br>intellektu\u00e1lis kurva a zsebemben l\u00e9v\u0151 ceruzacsonkot ellopta<br>ez m\u00e1r pof\u00e1tlans\u00e1g<br>j\u00f6tt l\u00facia a semmib\u0151l tegnap macskak\u00f6veken<br>a neve f\u00e9nyt jelent<br>a cip\u0151je sarka kopogott zsid\u00f3 volt fekete \u00e9s enyves a keze<br>\u00f3 \u00e9n marha<br>\u00edrtam r\u00f3la egy verset<br>t\u00edz perc alatt k\u00e9sz lett<br>a sz\u00f6sszenet<br>a c\u00edme az volt<br>a kurv\u00e1nak aki ellopta a verseimet<\/p>\n\n\n<div class=\"wp-block-image wp-image-435 size-medium\">\n<figure class=\"alignright\"><img loading=\"lazy\" decoding=\"async\" width=\"300\" height=\"300\" src=\"http:\/\/opus-folyoirat.sk\/wp-content\/uploads\/2018\/09\/M\u00f3rotz_Krisztina-300x300.jpg\" alt=\"\" class=\"wp-image-435\" srcset=\"https:\/\/opus-folyoirat.sk\/wp-content\/uploads\/2018\/09\/M\u00f3rotz_Krisztina-300x300.jpg 300w, https:\/\/opus-folyoirat.sk\/wp-content\/uploads\/2018\/09\/M\u00f3rotz_Krisztina-150x150.jpg 150w, https:\/\/opus-folyoirat.sk\/wp-content\/uploads\/2018\/09\/M\u00f3rotz_Krisztina-100x100.jpg 100w, https:\/\/opus-folyoirat.sk\/wp-content\/uploads\/2018\/09\/M\u00f3rotz_Krisztina.jpg 394w\" sizes=\"auto, (max-width: 300px) 100vw, 300px\" \/><figcaption class=\"wp-element-caption\">M\u00f3rotz Krisztina<\/figcaption><\/figure><\/div>\n\n\n<p><i>.<\/i><\/p>\n\n\n\n<p>.<\/p>\n\n\n\n<p>.<\/p>\n\n\n\n<p>.<\/p>\n\n\n\n<p>.<\/p>\n\n\n\n<p>.<\/p>\n\n\n\n<p>.<\/p>\n\n\n\n<p>.<\/p>\n\n\n\n<p>.<\/p>\n\n\n\n<p>.<\/p>\n\n\n\n<p><em>Varga Imre<\/em><\/p>\n\n\n\n<p><strong>\u00c1l(om)szonettek<\/strong><\/p>\n\n\n\n<p><em><strong>41.<\/strong><\/em><\/p>\n\n\n\n<p>Nemcsak perem\u00e9re,<br>m\u00e9ly\u00e9be is t\u00e1gul.<br>Minden leend\u0151nek<br>ered\u0151 magv\u00e1ul.<\/p>\n\n\n\n<p>\u00d6nmag\u00e1t \u00e9rintve,<br>az lesz, ki volt mindig.<br>Belsej\u00e9t megnyitva<br>elnyeli a kintit.<\/p>\n\n\n\n<p>*<\/p>\n\n\n\n<p>Cseng\u0151m kelyh\u00e9b\u0151l<br>egy r\u00e9zpille cikkan ki<br>a havaz\u00e1sba.<\/p>\n\n\n\n<p>*<\/p>\n\n\n\n<p>H\u00f3 lomb\u00fa \u00e1gak<br>Szavakba lejt\u0151 fasor<br><em>T\u00fal<\/em>ba ves(s)z\u0151 verspont<\/p>\n\n\n\n<p><em><strong>42.<\/strong><\/em><\/p>\n\n\n\n<p>Mesek\u00e9pek s\u00edkjukt\u00f3l<br>teret-id\u0151t kapnak.<br>M\u00e9lys\u00e9ge lesz az arcnak<br>\u00e9gboltja a napnak.<\/p>\n\n\n\n<p>K\u0151b\u00e1lv\u00e1nyb\u00f3l a lelkes.<br>A patak s t\u0171z: dallam.<br>\u00c1tl\u00fcktetnek szavaink<br>f\u00e1kban \u00e9s falakban.<\/p>\n\n\n\n<p>*<\/p>\n\n\n\n<p>Griffmad\u00e1r vitt fel.<br>Reggel a p\u00e1rn\u00e1mon, ni,<br>feh\u00e9r tollpih\u00e9k!<\/p>\n\n\n\n<p>*<\/p>\n\n\n\n<p>Aj\u00e1nd\u00e9k ez is.<br>Att\u00f3l, ki kapja \u2013 annak<br>aki sz\u00edvb\u0151l ad.<\/p>\n\n\n\n<p><em><strong>46.<\/strong><\/em><\/p>\n\n\n\n<p>Ami szemnek l\u00e1that\u00f3:<br>t\u00fck\u00f6rk\u00e9p, hasonm\u00e1s.<br>T\u00e1rgy megtermi h\u0171lt hely\u00e9t,<br>\u00fcress\u00e9g a form\u00e1t.<\/p>\n\n\n\n<p>Csak az elvont a val\u00f3:<br>minden k\u00e9p eszm\u00e9nye.<br>Mint a tr\u00f3jai fal\u00f3 \u2013<br>titka az es\u00e9lye.<\/p>\n\n\n\n<p>*<\/p>\n\n\n\n<p>Nem h\u00edvhatnak be,<br>mert nem vagy m\u00e1shol. Itthon<br>lett\u00e9l haz\u00e1tlan.<\/p>\n\n\n\n<p>*<\/p>\n\n\n\n<p>Feh\u00e9r hajsz\u00e1lak.<br>A kezdet velem marad.<br>Odakint h\u00f3 hull.<\/p>\n\n\n\n<p><em><strong>49.<\/strong><\/em><\/p>\n\n\n\n<p>Macska mell\u00e9n a napok,<br>id\u0151b\u0151l a bajsza.<br>Nem lehetsz m\u00e1s, aki vagy,<br>hasztalan a hajsza.<\/p>\n\n\n\n<p>\u00dclj csak, be\u00e9r a vil\u00e1g<br>(nyugalmat cselekszel).<br>A bens\u0151d mozdul-kiv\u00e1r,<br>ne alkudj a testtel!<\/p>\n\n\n\n<p>*<\/p>\n\n\n\n<p>A k\u00e9p sz\u00edvedbe<br>lesz\u00e1ll haz\u00e1tlanul is<br>otthonra lelt\u00e9l.<\/p>\n\n\n\n<p>*<\/p>\n\n\n\n<p>\u00dcres lebeg\u00e9s.<br>Aki ebb\u0151l s ebben \u00e9l,<br>nem tudja nev\u00e9t.<\/p>\n\n\n\n<p><em><strong>68.<\/strong><\/em><\/p>\n\n\n\n<p>A sz\u00e9lben imbolyg\u00f3 fa\u00e1g<br>elt\u00f6rli bennem sz\u00e9p nev\u00e9t,<br>s lehullva utols\u00f3kat r\u00e1ng<br>tudatlan-z\u00f6lden egy lev\u00e9l.<\/p>\n\n\n\n<p>Mozdulat\u00e1ra r\u00e1dermed,<br>m\u00edg b\u0151r\u00e9n percek percegnek,<br>benne a pontnyi sz\u00e9tterjed,<br>m\u00e9ly\u00e9be hullva a csendnek.<\/p>\n\n\n\n<p>Ny\u00e1ri es\u0151ben<br>a szikla is meg\u00e9led.<br>Egy\u00fctt l\u00e9legz\u00fcnk.<\/p>\n\n\n\n<p>F\u00f6venyhull\u00e1mok<br>csobognak egy k\u0151 k\u00f6r\u00fcl<br>mozdulatlanul.<\/p>\n\n\n\n<p><em><strong>69.<\/strong><\/em><\/p>\n\n\n\n<p>Tizen\u00e9ves sorsistenn\u0151.<br>\u00dcl a buszban. Sz\u0151ke v\u00e9gzet.<br>Ablakon \u00e1t Buda\u00f6rs\u00f6t,<br>bels\u0151 szemmel csak \u0151t n\u00e9zed.<\/p>\n\n\n\n<p>\u00c9rdes \u00c9rden a tekintet,<br>\u00e9n a bentet, te a kintet<br>sz\u00e1molgatjuk, n\u00e9zegetj\u00fck,<br>ett\u0151l f\u00e9nyesek a felh\u0151k.<\/p>\n\n\n\n<p>Ami most vagyok:<br>k\u00f6r\u00f6ttem erd\u0151. A vad<br>bel\u00fclr\u0151l t\u00e1mad.<\/p>\n\n\n\n<p>\u00c9jszaka s\u00e9t\u00e1lsz.<br>\u00dct\u0151dve folyton sz\u00e9knek,<br>szavaknak, k\u00e9pnek.<\/p>\n\n\n\n<figure class=\"wp-block-image alignnone wp-image-431 size-medium\"><img loading=\"lazy\" decoding=\"async\" width=\"300\" height=\"225\" src=\"http:\/\/opus-folyoirat.sk\/wp-content\/uploads\/2018\/09\/Varga_Imre-300x225.jpg\" alt=\"\" class=\"wp-image-431\" srcset=\"https:\/\/opus-folyoirat.sk\/wp-content\/uploads\/2018\/09\/Varga_Imre-300x225.jpg 300w, https:\/\/opus-folyoirat.sk\/wp-content\/uploads\/2018\/09\/Varga_Imre-768x576.jpg 768w, https:\/\/opus-folyoirat.sk\/wp-content\/uploads\/2018\/09\/Varga_Imre.jpg 1024w\" sizes=\"auto, (max-width: 300px) 100vw, 300px\" \/><figcaption class=\"wp-element-caption\">Varga Imre<\/figcaption><\/figure>\n\n\n\n<p><em>.<\/em><\/p>\n\n\n\n<p><em>.<\/em><\/p>\n\n\n\n<p><em>.<\/em><\/p>\n\n\n\n<p><em>Luke Nelson<\/em><\/p>\n\n\n\n<p><strong>M\u00e9lys\u00e9g<\/strong><br>\u2013 SF-monol\u00f3g \u2013<\/p>\n\n\n\n<p>Ha ez az apokalipszis, akkor igen<br>rendezetten \u00e9s kom\u00f3tosan zajlik.<br>Mikor a vel\u00fcnk sz\u00fcletett bizonyoss\u00e1gok<br>azonnal \u00e9s v\u00e9glegesen eleny\u00e9sznek.<br>Az utakat nem t\u00f6ltik meg elhagyott<br>aut\u00f3k k\u00edgy\u00f3z\u00f3 sorai.<\/p>\n\n\n\n<p><em>&nbsp; &nbsp; &nbsp; &nbsp; &nbsp; &nbsp; Csak valami borzalmas t\u00f6rt\u00e9nik.<\/em><\/p>\n\n\n\n<p>Hangy\u00e1k v\u00e1ndorolnak felfel\u00e9 egy<br>h\u0171t\u0151berendez\u00e9s repedt \u00fcveg\u00e9n.<br>Guam d\u00e9li cs\u00fccsk\u00e9ben az \u00f6regember<br>fej\u00e9t \u00f3ri\u00e1si s\u00e1sk\u00e1k bor\u00edtj\u00e1k.<br>Az egyik bog\u00e1r agressz\u00edvan megmarkolja<br>\u00e9s satuba fogja a m\u00e1sikat.<\/p>\n\n\n\n<p><em>&nbsp; &nbsp; &nbsp; &nbsp; &nbsp; &nbsp; Valami borzalmas t\u00f6rt\u00e9nik.<\/em><\/p>\n\n\n\n<p>A klasszikus v\u00e9g\u00edt\u00e9let-protokoll k\u00f6zben<br>ejthet\u00fcnk n\u00e9h\u00e1ny k\u00f6nnycseppet.<br>M\u00edg a v\u00e9r r\u00e1sz\u00e1rad a k\u00fcls\u0151 vonalakra,<br>ahogy a fest\u00e9k csurog le egy ker\u00edt\u00e9s oldal\u00e1n.<br>Nyers, adrenalinnal telt, \u00e9s oly<br>jellegzetesen \u201eemberi\u201d.<\/p>\n\n\n\n<p><em>&nbsp; &nbsp; &nbsp; &nbsp; &nbsp; &nbsp; Borzalmas dolog t\u00f6rt\u00e9nik.<\/em><\/p>\n\n\n\n<p>Meg\u00e1ll\u00e1s n\u00e9lk\u00fcl zuhognak a csipkesz\u00e9l\u0171,<br>h\u00fas-, csont- \u00e9s b\u00e9lcafatokb\u00f3l \u00e1ll\u00f3 pelyhek.<br>A s\u00f6t\u00e9ts\u00e9g k\u00f6rbez\u00e1r, l\u00e1gyan gy\u0171r\u0171zve<br>a lekerek\u00edtett sarkokn\u00e1l.<br>A gyerekek nem t\u0171nnek el csak \u00fagy a<br>f\u00f6ld sz\u00edn\u00e9r\u0151l, nem \u00fcres parkokban.<\/p>\n\n\n\n<p><em>&nbsp; &nbsp; &nbsp; &nbsp; &nbsp; &nbsp; Borzalmas, ami t\u00f6rt\u00e9nik.<\/em><\/p>\n\n\n\n<p>\u00c9des a rothad\u00e1s, mint egy t\u00f3csa multil\u00e9,<br>egy vid\u00e1mpark szemetes\u00e9nek m\u00e9ly\u00e9n.<br>A hang olyan, mint mikor egy csavarv\u00e1g\u00f3<br>lecsap egy r\u00e9z mesterlakatot.<br>L\u00e1tom, ahogy a figura akkur\u00e1tusan<br>lenyisszantja a tengerimalac fej\u00e9t.<\/p>\n\n\n\n<p class=\"has-text-align-left\"><em>&nbsp; &nbsp; &nbsp; &nbsp; &nbsp; &nbsp; Valami t\u00f6rt\u00e9nik.<\/em><\/p>\n\n\n\n<p>Itt lent nem b\u00f6lcs dolog az \u00e9rzelmeinket<br>szabadj\u00e1ra engedni.<br>Veszedelmes l\u00e9 csorog ki a sz\u00e1mb\u00f3l,<br>ahogy a r\u00e1g\u00f3im \u00f6sszeszorulnak.<br>Teljesen \u00e1tv\u00e1ltoztat a cs\u0151ben az<br>\u00e9sz n\u00e9lk\u00fcli p\u00e1nik.<\/p>\n\n\n\n<p><em>&nbsp; &nbsp; &nbsp; &nbsp; &nbsp; &nbsp; Megt\u00f6rt\u00e9nik.<\/em><\/p>\n\n\n\n<p>Az elme m\u00e1r nem tudja felfogni a<br>saj\u00e1t pusztul\u00e1s\u00e1nak nagys\u00e1g\u00e1t.<br>A f\u00fcgeb\u00e1bok csak a k\u00e9pzelett\u0151l<br><em>f\u00fcgg\u0151 b\u00e1bok<\/em>, ugye.<br>Az \u00e9g szerelm\u00e9re, nem \u00e9n vagyok<br>itt a sz\u00f6rny.<\/p>\n\n\n\n<p><em>&nbsp; &nbsp; &nbsp; &nbsp; &nbsp; &nbsp; M\u00e9gis valami borzalmas t\u00f6rt\u00e9nik.<\/em><\/p>\n\n\n\n<p class=\"has-text-align-right\"><strong>H. Nagy P\u00e9ter<\/strong> gy\u0171jt\u00e9se<\/p>\n\n\n<div class=\"wp-block-image size-medium wp-image-320\">\n<figure class=\"alignright\"><img loading=\"lazy\" decoding=\"async\" width=\"222\" height=\"300\" src=\"http:\/\/opus-folyoirat.sk\/wp-content\/uploads\/2018\/07\/H_Nagy_P\u00e9ter-222x300.png\" alt=\"\" class=\"wp-image-320\" srcset=\"https:\/\/opus-folyoirat.sk\/wp-content\/uploads\/2018\/07\/H_Nagy_P\u00e9ter-222x300.png 222w, https:\/\/opus-folyoirat.sk\/wp-content\/uploads\/2018\/07\/H_Nagy_P\u00e9ter.png 259w\" sizes=\"auto, (max-width: 222px) 100vw, 222px\" \/><figcaption class=\"wp-element-caption\">H. Nagy P\u00e9ter<\/figcaption><\/figure><\/div>\n\n\n<p><i>.<\/i><\/p>\n\n\n\n<p>.<\/p>\n\n\n\n<p>.<\/p>\n\n\n\n<p>.<\/p>\n\n\n\n<p>.<\/p>\n\n\n\n<p>.<\/p>\n\n\n\n<p>.<\/p>\n\n\n\n<p>.<\/p>\n\n\n\n<p>.<\/p>\n\n\n\n<p>.<\/p>\n\n\n\n<p><em>Sz\u00e1szi Zolt\u00e1n<\/em><br><strong>Kubista gy\u00e1sz klasszikus z\u00e1rsz\u00f3val<\/strong><\/p>\n\n\n\n<p>h\u00e1romsz\u00f6g arc\u00fa asszony<br>a csal\u00e1d egy csorba kocka<br>pap k\u00e9k torz k\u00fapmetszet<br>lila \u00e9s \u00e9rdes f\u00e9ny\u0171 dombreszel\u00e9k<br>har\u00e1kol\u00f3 k\u00e1rhozat a sz\u00f3<br>ell\u0151tt p\u00e1rhuzamosok ki\u00e1ltanak<br>nem tal\u00e1lkoz\u00e1s\u00e9rt<br>mert aki s\u00edkba \u00e9rt<br>m\u00e1r nem ki\u00e1lt<br>t\u00e9glatestbe z\u00e1rt alak<br>a halott apa a hideg gyermek<br>mind meg\u00e1llt mozg\u00e1s<br>s\u00falytalan esnek negat\u00edvv\u00e1<br>nem \u00e9rthet\u0151 m\u00e9rce al\u00e1<br>z\u00e1rja a f\u00f6ld a l\u00e9g el\u0151l el<br>Isten orig\u00f3<br>rendszerek gy\u00fajt\u00f3ja<br>aki nagy \u0150 bet\u0171<br>aki alt nulla kett\u0151 h\u00e1rom k\u00f3d<br>visszafel\u00e9 fut\u00f3 id\u0151 egy lyukban<br>aktu\u00e1lis koordin\u00e1t\u00e1k alatt<br>de sosem felel<br>(m\u00falt mez\u0151j\u00e9n kentaur robog<br>lovas katon\u00e1k m\u00fazs\u00e1t gy\u00farnak<br>zubbonyon keresztes karszalagok<br>a p\u00e1nok halotti dalt f\u00fajnak<br>az istenek hegye k\u00f6dben<br>elromlottak a l\u00e1t\u00e1si viszonyok)<\/p>\n\n\n<div class=\"wp-block-image wp-image-411 size-medium\">\n<figure class=\"alignleft\"><img loading=\"lazy\" decoding=\"async\" width=\"281\" height=\"300\" src=\"http:\/\/opus-folyoirat.sk\/wp-content\/uploads\/2018\/09\/Sz\u00e1szi_Zolt\u00e1n-281x300.jpg\" alt=\"\" class=\"wp-image-411\" srcset=\"https:\/\/opus-folyoirat.sk\/wp-content\/uploads\/2018\/09\/Sz\u00e1szi_Zolt\u00e1n-281x300.jpg 281w, https:\/\/opus-folyoirat.sk\/wp-content\/uploads\/2018\/09\/Sz\u00e1szi_Zolt\u00e1n.jpg 575w\" sizes=\"auto, (max-width: 281px) 100vw, 281px\" \/><figcaption class=\"wp-element-caption\">Sz\u00e1szi Zolt\u00e1n<\/figcaption><\/figure><\/div>\n\n\n<p><i>.<\/i><\/p>\n\n\n\n<p>.<\/p>\n\n\n\n<p>.<\/p>\n\n\n\n<p>.<\/p>\n\n\n\n<p>.<\/p>\n\n\n\n<p>.<\/p>\n\n\n\n<p>.<\/p>\n\n\n\n<p>.<\/p>\n\n\n\n<p>.<\/p>\n\n\n\n<p>.<\/p>\n\n\n\n<p>.<\/p>\n\n\n\n<p><em>Z. N\u00e9meth Istv\u00e1n<\/em><br><strong>A k\u00f6lt\u0151 \u00e1lma<\/strong><\/p>\n\n\n\n<p>Mert csikorog az \u00f3ram\u0171,<br>ak\u00e1r az alv\u00f3k foga,<br>s elt\u0171nik a rettenetes dar\u00e1l\u00f3ban<br>a v\u00e9kony \u00fcvegtest.<\/p>\n\n\n\n<p>Meg\u00edratlan versek,<br>mint elfoszlott plak\u00e1tok,<br>cseresznyef\u00e1n v\u00f6r\u00f6sl\u0151<br>macskaszem.<\/p>\n\n\n\n<p>T\u00f6rt aranyban \u00faszol,<br>milyen esetlen\u00fcl<br>markolod a semmit,<\/p>\n\n\n\n<p>amikor kipattan,<br>\u2013 ak\u00e1r egy botr\u00e1ny \u2013<br>a f\u00e9nyes \u00f6r\u00f6kl\u00e9t.<\/p>\n\n\n<div class=\"wp-block-image wp-image-405 size-full\">\n<figure class=\"alignright\"><img loading=\"lazy\" decoding=\"async\" width=\"150\" height=\"222\" src=\"http:\/\/opus-folyoirat.sk\/wp-content\/uploads\/2018\/09\/Z_N\u00e9meth_Istv\u00e1n.png\" alt=\"\" class=\"wp-image-405\"\/><figcaption class=\"wp-element-caption\">Z. N\u00e9meth Istv\u00e1n<\/figcaption><\/figure><\/div>\n\n\n<p><i>.<\/i><\/p>\n\n\n\n<p>.<\/p>\n\n\n\n<p>.<\/p>\n\n\n\n<p>.<\/p>\n\n\n\n<p>.<\/p>\n\n\n\n<p>.<\/p>\n\n\n\n<p>.<\/p>\n\n\n\n<p>.<\/p>\n\n\n\n<p>.<\/p>\n\n\n\n<p><em>Juh\u00e1sz Katalin<\/em><br><strong>Eml\u00e9kk\u00f6nyv<\/strong><\/p>\n\n\n\n<p>\u00fcltem a meredek l\u00e9pcs\u0151n<br>vir\u00e1gzott a bodzafa<br>orromat az \u00e9gbe m\u00e1rtva<br>mindegy volt<br>hogyan tov\u00e1bb<br>s\u0151t be kell vallanom<br>hogy ez id\u0151 t\u00e1jt<br>l\u00e9tfiloz\u00f3fia h\u00edj\u00e1n<br>az ide-oda pattog\u00f3<br>labd\u00e1t sz\u00edvesebben n\u00e9ztem<br>mint mag\u00e1t a meccset<br>a s\u00f6t\u00e9t pedig egyszerre<br>tasz\u00edtott s nem eresztett<br>\u00e9s kifejezetten<br>\u00fagy f\u00fcrk\u00e9sztem minden arcot<br>mint aki t\u00fckr\u00f6t keres<br>a felsz\u00e1ll\u00f3 k\u00e9m\u00e9nyf\u00fcstben<br>\u00e1br\u00e1kat v\u00e9ltem l\u00e1tni<br>\u00e1tj\u00e1rt \u00e9s vigasztalt<br>a szomsz\u00e9d kamasz<br>ha \u00e9pp egy erd\u0151<br>k\u00f6zep\u00e9n hittem magam<br>remeg\u0151 mad\u00e1rk\u00e1nak<br>\u00e9s fokozatosan<br>s\u0171r\u0171s\u00f6d\u0151 k\u00e9pzeletem<br>lett a mened\u00e9k<br>\u00e9s nem sejtettem<br>hogy \u00e9vek m\u00falva<br>nagy \u00fcres foltokat<br>tal\u00e1lok lelkemben<br>\u00e9s a gyorsan \u00fcget\u0151 id\u0151<br>mely az illatoknak sem kegyelmez<br>nem hagy sz\u00edvecsk\u00e9ket<br>eml\u00e9kk\u00f6nyvemben<\/p>\n\n\n<div class=\"wp-block-image wp-image-390 size-medium\">\n<figure class=\"alignright\"><img loading=\"lazy\" decoding=\"async\" width=\"233\" height=\"300\" src=\"http:\/\/opus-folyoirat.sk\/wp-content\/uploads\/2018\/08\/Juh\u00e1sz_Katalin-233x300.jpg\" alt=\"\" class=\"wp-image-390\" srcset=\"https:\/\/opus-folyoirat.sk\/wp-content\/uploads\/2018\/08\/Juh\u00e1sz_Katalin-233x300.jpg 233w, https:\/\/opus-folyoirat.sk\/wp-content\/uploads\/2018\/08\/Juh\u00e1sz_Katalin.jpg 290w\" sizes=\"auto, (max-width: 233px) 100vw, 233px\" \/><figcaption class=\"wp-element-caption\">Juh\u00e1sz Katalin<\/figcaption><\/figure><\/div>\n\n\n<p><i>.<\/i><\/p>\n\n\n\n<p>.<\/p>\n\n\n\n<p>.<\/p>\n\n\n\n<p>.<\/p>\n\n\n\n<p>.<\/p>\n\n\n\n<p>.<\/p>\n\n\n\n<p>.<\/p>\n\n\n\n<p>.<\/p>\n\n\n\n<p>.<\/p>\n\n\n\n<p>.<\/p>\n\n\n\n<p>.<\/p>\n\n\n\n<p><em>T\u00f3th L\u00e1szl\u00f3<\/em><br><strong>Kisded \u00e9rtekez\u00e9s a rossz versekr\u0151l<\/strong><\/p>\n\n\n\n<p>\u00cdrtam egy rossz verset. Hogy mit\u0151l lett rossz, nem tudom, mik\u00e9nt azt se, mit\u0151l lett volna j\u00f3, ha azt \u00edrtam volna. Valami nyilv\u00e1n nem volt benne a hely\u00e9n, b\u00e1r nem tudom, mi\u00e9rt kellene a versben mindennek a hely\u00e9n lennie, s f\u0151leg azt, hol a helye b\u00e1rminek is a versben, legfeljebb csak, hogy valami hova k\u00edv\u00e1nkozik benne. F\u0151k\u00e9ppen hogy att\u00f3l is lehet j\u00f3 egy vers, \u00e9pp att\u00f3l, hogy valami nincs benne a hely\u00e9n, hogy valami ne legyen a hely\u00e9n benne, amit\u0151l a sz\u00f3ban forg\u00f3 vers, s csakis att\u00f3l, j\u00f3 lesz. (Hogy az \u00e1rtatlans\u00e1g boldog napjai V\u00f6r\u00f6smarty elt\u00e9pett sz\u0171z\u00e9nek gy\u00f6nge \u00f6lt\u00f6ny\u00e9n \u00fcssenek ki legott.)<br>A legegyszer\u0171bb nyilv\u00e1n az volna, ha egyszer\u0171en nem \u00edrn\u00e1nk rossz verset. (De akkor hogyan \u00edrn\u00e1nk, hogyan \u00edrhatn\u00e1nk j\u00f3t, ha nem tudn\u00e1nk, az mihez k\u00e9pes j\u00f3. Megold\u00e1s lehet m\u00e9g, hogy ne mi \u00edrjuk a rossz verseket.)<br>S az is \u00fcd\u00edt\u0151 lehetne, ha nem is olvasn\u00e1nk rossz verseket.<br>Csakhogy a rossz vers mindig v\u00e1ratlanul, alattomban csap le r\u00e1d. P\u00e9ld\u00e1ul olvasni kezdesz valamit, hisz a szerz\u0151je szerint \u2013 vagy egyszer\u0171en csak puszta j\u00f3hiszem\u0171s\u00e9gb\u0151l \u2013 azt felt\u00e9telezn\u00e9d, hogy most biztosan j\u00f3 vers ker\u00fclt el\u00e9d, s mire \u00e9szbe kapn\u00e1l, m\u00e1r k\u00e9s\u0151\u2026 mintha h\u00e1tulr\u00f3l s\u00fajtan\u00e1nak le r\u00e1d (vagy g\u00e1ncsot vetve neked ny\u00falsz ki t\u0151le, mint a b\u00e9ka).<br>Lehet, puszta \u00f6nv\u00e9delemb\u0151l, nem is kellene verseket olvasnod, \u00edgy a rosszakt\u00f3l is bizonyosan megk\u00edm\u00e9lhetn\u00e9d magad. Ha meg egy\u00e1ltal\u00e1n nem is \u00edrn\u00e1l verset, bizonyos, hogy rossz se ker\u00fclne ki a kezed k\u00f6z\u00fcl. (Vagy m\u00e9gis?&#8230; sose tudhatod.) S akkor hely\u00e9n lenne minden a vil\u00e1gban? De mi van, ha akkor van minden a hely\u00e9n k\u00f6r\u00f6tted, ha valamir\u0151l \u00fagy gondolod \u2013 b\u00e1r sejt\u00e9sed sincs, mi \u2013, nincs a hely\u00e9n versedben. B\u00e1r \u00edgy lehet ezzel a t\u00f6bbi rosszvers-k\u00f6lt\u0151 is, k\u00f6zt\u00fck persze a j\u00f3k is. Amib\u0151l az is k\u00f6vetkezik, hogy a rossz versek \u00fagy t\u00f6rnek r\u00e1d, mint a v\u00e1ratlan katasztr\u00f3f\u00e1k. Kisz\u00e1m\u00edthatatlanul, azaz \u2013 elker\u00fclhetetlenek. Egyvalamiben rem\u00e9nykedhet\u00fcnk csak: hogy t\u00fal\u00e9lj\u00fck \u0151ket.<br>S abban is persze, hogy nem a rossz verseink \u00e9lnek t\u00fal benn\u00fcnket. Vagy ha m\u00e9gis, h\u00e1t abban, l\u00e9t\u00fck n\u00e9lk\u00fcl nem lehetne teljes a vil\u00e1g.<\/p>\n\n\n\n<p><strong>*<\/strong><\/p>\n\n\n\n<p>(Karvalycs\u0151r\u00fckb\u0151l pacsirtahang \u00e1rad \u2013<br>kiirtod-e \u0151ket,<br>ha kiv\u00e1god a f\u00e1kat?)<\/p>\n\n\n<div class=\"wp-block-image wp-image-343 size-medium\">\n<figure class=\"alignright\"><img loading=\"lazy\" decoding=\"async\" width=\"300\" height=\"202\" src=\"http:\/\/opus-folyoirat.sk\/wp-content\/uploads\/2018\/07\/T\u00f3th_L\u00e1szl\u00f3-300x202.jpg\" alt=\"\" class=\"wp-image-343\" srcset=\"https:\/\/opus-folyoirat.sk\/wp-content\/uploads\/2018\/07\/T\u00f3th_L\u00e1szl\u00f3-300x202.jpg 300w, https:\/\/opus-folyoirat.sk\/wp-content\/uploads\/2018\/07\/T\u00f3th_L\u00e1szl\u00f3.jpg 718w\" sizes=\"auto, (max-width: 300px) 100vw, 300px\" \/><figcaption class=\"wp-element-caption\">T\u00f3th L\u00e1szl\u00f3<\/figcaption><\/figure><\/div>\n\n\n<p><em>.<\/em><\/p>\n\n\n\n<p><em>.<\/em><\/p>\n\n\n\n<p><em>.<\/em><\/p>\n\n\n\n<p><em>.<\/em><\/p>\n\n\n\n<p><em>.<\/em><\/p>\n\n\n\n<p><em>.<\/em><\/p>\n\n\n\n<p><em>.<\/em><\/p>\n\n\n\n<p><em>.<\/em><\/p>\n\n\n\n<p><em>.<\/em><\/p>\n\n\n\n<p><em>Nagy Hajnal Csilla<\/em><\/p>\n\n\n\n<p><strong>Sorban\u00e1ll\u00e1s<\/strong><\/p>\n\n\n\n<p>Ez a pillanat most nem az a pillanat<br>Hanem valamelyik m\u00e1sik<br>Nem tudom melyik az amelyik lenne ha nem ez lenne<br>Vagy hogy melyik \u00edgy hogy nem az amelyik lenne ha az lenne<\/p>\n\n\n\n<p>Nem azok az emberek \u00e1llnak t\u00edz m\u00e9teres k\u00f6rzeten bel\u00fcl<br>Akik akkor \u00e1lln\u00e1nak ha \u0151k lenn\u00e9nek azok<br>Vagyis akik most \u00e1llnak itt<br>Azok \u00e1llnak most itt<\/p>\n\n\n\n<p>\u00c9s ezzel nekem nincs mit kezdenem<br>Nincs mit mondanom r\u00f3la<br>\u00c9s nem tudom mi lenne amit mondan\u00e9k<br>Ha azt mondan\u00e1m r\u00f3la amit mondanom lehet<\/p>\n\n\n\n<p>Nem tehetek bele n\u00e9vm\u00e1st<br>\u00c9s nem is tudom melyiket tehetn\u00e9m ha tehetn\u00e9m<br>Hogy ha a t\u00edz m\u00e9teres s\u00e1vnak lenn\u00e9nek \u00e9rtelmezhet\u0151 n\u00e9vm\u00e1sai<br>Melyek lehetn\u00e9nek azok<\/p>\n\n\n\n<p>Valahol ott vagyok benne<br>Igen ott kell lennem ha l\u00e1tom<br>Ha ennyi mindent l\u00e1tok az nem lehet<br>Hogy \u00e9n nem vagyok ott<\/p>\n\n\n\n<p>Benne ahol mindenki m\u00e1s is<br>Ebben a k\u00f6r\u00fclhat\u00e1rolatlan t\u00e9rben<br>Ugyanazzal a l\u00e9legzetv\u00e9tellel kommunik\u00e1l<br>Egyetlen \u00fcvegbura alatt az eg\u00e9sz vil\u00e1g<\/p>\n\n\n\n<p>\u00c9s v\u00e9ge lehetne igen lehetne v\u00e9ge is<br>Ha valahol kezd\u0151dnie is kellett<br>Ha valahol ez a mondat is elkezd\u0151d\u00f6tt<br>Akkor valahol m\u00e1shol v\u00e9gz\u0151dnie is kell<\/p>\n\n\n\n<p>De konkr\u00e9tumokat most nem jelenthet\u00fcnk ki<br>Mert nincsenek is most konkr\u00e9tumok<br>Az utc\u00e1n egym\u00e1sra kiab\u00e1l\u00f3 sof\u0151r\u00f6k most<br>M\u00e9gis k\u00f6zl\u00e9s n\u00e9lk\u00fcl haladnak tov\u00e1bb<\/p>\n\n\n\n<p>Eddig verssorokkal kommunik\u00e1ltunk<br>Mintha lett volna b\u00e1rmi amit el k\u00e9ne mondanunk<br>\u00c9s most mozdulatlan b\u00f3lint\u00e1ssal vessz\u00fck tudom\u00e1sul<br>Hogy a csend az \u00faj m\u00e9rt\u00e9kegys\u00e9g<\/p>\n\n\n\n<p>Nem m\u00e9r\u00fcnk vele semmit m\u00e9gsem<br>Pedig mindenek m\u00e9r\u00e9s\u00e9re alkalmas volna<br>Meg tudna hat\u00e1rozni kezdetet \u00e9s<br>Meg tudna hat\u00e1rozni v\u00e9get is<\/p>\n\n\n\n<p>Ez a pillanat most nem az a pillanat<br>Ez a pillanat most \u00e9ppen egy m\u00e1sik<br>Egy olyan m\u00e1sik amelyik semmilyen egyikhez k\u00e9pest sem<br>Hat\u00e1roz\u00f3dhat meg viszont<\/p>\n\n\n\n<p>Nem marad m\u00e1s h\u00e1tra csak a hallgat\u00e1s<br>A m\u00e9ly \u00e9s b\u00f6lcs \u00e9s egyed\u00fcli l\u00e9tez\u0151<br>Nem marad m\u00e1s h\u00e1tra csak a minden<br>Az egyetlen l\u00e9legzetv\u00e9tel k\u00f6z\u00f6s \u00fcvegbur\u00e1nk alatt.<\/p>\n\n\n<div class=\"wp-block-image wp-image-276 size-medium\">\n<figure class=\"alignright\"><img loading=\"lazy\" decoding=\"async\" width=\"300\" height=\"300\" src=\"http:\/\/opus-folyoirat.sk\/wp-content\/uploads\/2018\/07\/Nagy_Hajnal_Csilla_3-300x300.jpg\" alt=\"\" class=\"wp-image-276\" srcset=\"https:\/\/opus-folyoirat.sk\/wp-content\/uploads\/2018\/07\/Nagy_Hajnal_Csilla_3-300x300.jpg 300w, https:\/\/opus-folyoirat.sk\/wp-content\/uploads\/2018\/07\/Nagy_Hajnal_Csilla_3-150x150.jpg 150w, https:\/\/opus-folyoirat.sk\/wp-content\/uploads\/2018\/07\/Nagy_Hajnal_Csilla_3-768x768.jpg 768w, https:\/\/opus-folyoirat.sk\/wp-content\/uploads\/2018\/07\/Nagy_Hajnal_Csilla_3-1024x1024.jpg 1024w, https:\/\/opus-folyoirat.sk\/wp-content\/uploads\/2018\/07\/Nagy_Hajnal_Csilla_3-100x100.jpg 100w, https:\/\/opus-folyoirat.sk\/wp-content\/uploads\/2018\/07\/Nagy_Hajnal_Csilla_3.jpg 1380w\" sizes=\"auto, (max-width: 300px) 100vw, 300px\" \/><figcaption class=\"wp-element-caption\">Nagy Hajnal Csilla<\/figcaption><\/figure><\/div>\n\n\n<p>.<\/p>\n\n\n\n<p>.<\/p>\n\n\n\n<p>.<\/p>\n\n\n\n<p>.<\/p>\n\n\n\n<p>.<\/p>\n\n\n\n<p>.<\/p>\n\n\n\n<p>.<\/p>\n\n\n\n<p>.<\/p>\n\n\n\n<p>.<\/p>\n\n\n\n<p>.<\/p>\n\n\n\n<p><em>Szal\u00f3czi G\u00e9za<\/em><br><strong>[Mithazudott\u2026]<\/strong><\/p>\n\n\n\n<p>Mithazudott tegnapa feny\u0151<br>azthogy minden \u00e1g\u00e1n ujjan\u0151<br>megk\u00e9rt hajl\u00edtsama szederig<br>kivel egym\u00e1s k\u00f6rm\u00e9treszelik<br>mert minden bokornak ujjalesz<br>\u00e9smindenfa karcs\u00fa kart ereszt<br>a rejtett k\u00e9zs\u00e9g hopp kisarjad<br>k\u00e9pzeljekel karomra gallyat<br>\u00e9sha m\u00e9lt\u00f3s\u00e1gom engedi<br>tanuljak asz\u00e9lben lengeni<br>azak\u00e1cnak vegyek heged\u0171t<br>mahag\u00f3nifa erezet\u0171t<br>ar\u00f3zsa pedig k\u00f6t\u00f6getne<br>t\u00fcvekbevan beleszeretve<br>mi nemb\u00e1ntunk senkit majdmegl\u00e1sd<br>csak ellesz\u00fcnk babr\u00e1lva egym\u00e1st.<\/p>\n\n\n<div class=\"wp-block-image wp-image-561 size-medium\">\n<figure class=\"alignright\"><img loading=\"lazy\" decoding=\"async\" width=\"300\" height=\"200\" src=\"http:\/\/opus-folyoirat.sk\/wp-content\/uploads\/2018\/12\/Szal\u00f3czi_G\u00e9za-300x200.jpg\" alt=\"\" class=\"wp-image-561\" srcset=\"https:\/\/opus-folyoirat.sk\/wp-content\/uploads\/2018\/12\/Szal\u00f3czi_G\u00e9za-300x200.jpg 300w, https:\/\/opus-folyoirat.sk\/wp-content\/uploads\/2018\/12\/Szal\u00f3czi_G\u00e9za.jpg 600w\" sizes=\"auto, (max-width: 300px) 100vw, 300px\" \/><figcaption class=\"wp-element-caption\">Szal\u00f3czi G\u00e9za<\/figcaption><\/figure><\/div>\n\n\n<p>.<\/p>\n\n\n\n<p>.<\/p>\n\n\n\n<p>.<\/p>\n\n\n\n<p>.<\/p>\n\n\n\n<p>.<\/p>\n\n\n\n<p>.<\/p>\n\n\n\n<p>.<\/p>\n\n\n\n<p>.<\/p>\n\n\n\n<p><em>John Rodriguez<\/em><br><strong>Kontroll<\/strong><br><em>\u2013 SF-monol\u00f3g \u2013<\/em><\/p>\n\n\n\n<p>\u00c9rzek valami k\u00fcl\u00f6n\u00f6s \u00f6sszef\u00fcgg\u00e9st a spir\u00e1l<br>\u00c9s az \u00e9gen \u00e1tfut\u00f3 f\u00e9nyvillan\u00e1s k\u00f6z\u00f6tt:<br>A val\u00f3s\u00e1g \u00e9s a metafora \u00f6sszekapcsol\u00f3dik<br>Az id\u0151 \u00e9s a kontextus kiterjed\u00e9s\u00e9ben,<br>Olyan m\u00e9rhetetlen t\u00e1vol, hogy csak<br>A gondolat k\u00e9pes kit\u00f6lteni az \u0171rt.<\/p>\n\n\n\n<p>Ez a kedvenc helyem a D\u00e9li V\u00e9geken.<br>Mintha m\u00e1sk\u00e9pp m\u0171k\u00f6dne itt a gravit\u00e1ci\u00f3.<br>V\u00e9gtelen polcokon sorakoz\u00f3 mint\u00e1k,<br>\u00c9s a hat\u00e1st csak fokozza a sok t\u00fck\u00f6r.<\/p>\n\n\n\n<p>Milli\u00f3f\u00e9le n\u00f6v\u00e9ny<br>Fak\u00e9regmint\u00e1k<br>Szitak\u00f6t\u0151k<br>Prepar\u00e1lt r\u00f3ka<br>Patk\u00e1nytetemek<br>Pr\u00e9rifarkas-<br>\u00dcr\u00fcl\u00e9k<br>R\u00e9gi hord\u00f3<br>Darabk\u00e1ja<br>Moha<br>Zuzm\u00f3<br>Gomb\u00e1k<br>Ker\u00e9kk\u00fcll\u0151k<br>Levelib\u00e9k\u00e1k<br>Vakon<br>\u00dcveges szemmel.<\/p>\n\n\n\n<p>Frankenstein-laborat\u00f3riumot v\u00e1rtam.<br>Formaldehidben eltett k\u00e9tfej\u0171 borjakkal,<br>Kitinp\u00e1nc\u00e9los nagysz\u00e1j\u00fa nyulakkal,<br>Meg p\u00fapos, k\u00eds\u00e9rtetiesen cs\u00faf szolg\u00e1val,<br>Aki roppant zavaros, nyelvileg is zagyva<br>Magyar\u00e1zatokat hadar egy r\u00e1kbarakkon \u00e1t.<\/p>\n\n\n\n<p class=\"has-text-align-left\">De csak a biol\u00f3gus volt ott, meg \u00e9n,<br>S a sz\u00e9kesegyh\u00e1zi hangulatban<br>Egyik\u00fck sem \u00e9rzett k\u00e9sztet\u00e9st<br>A besz\u00e9dre.<\/p>\n\n\n\n<p class=\"has-text-align-right\"><em>H. Nagy P\u00e9ter gy\u0171jt\u00e9se<\/em><\/p>\n\n\n<div class=\"wp-block-image size-medium wp-image-320\">\n<figure class=\"alignright\"><img loading=\"lazy\" decoding=\"async\" width=\"222\" height=\"300\" src=\"http:\/\/opus-folyoirat.sk\/wp-content\/uploads\/2018\/07\/H_Nagy_P\u00e9ter-222x300.png\" alt=\"\" class=\"wp-image-320\" srcset=\"https:\/\/opus-folyoirat.sk\/wp-content\/uploads\/2018\/07\/H_Nagy_P\u00e9ter-222x300.png 222w, https:\/\/opus-folyoirat.sk\/wp-content\/uploads\/2018\/07\/H_Nagy_P\u00e9ter.png 259w\" sizes=\"auto, (max-width: 222px) 100vw, 222px\" \/><figcaption class=\"wp-element-caption\">H. Nagy P\u00e9ter<\/figcaption><\/figure><\/div>\n\n\n<p>.<\/p>\n\n\n\n<p>.<\/p>\n\n\n\n<p>.<\/p>\n\n\n\n<p>.<\/p>\n\n\n\n<p>.<\/p>\n\n\n\n<p>.<\/p>\n\n\n\n<p>.<\/p>\n\n\n\n<p>.<\/p>\n\n\n\n<p>.<\/p>\n\n\n\n<p>.<\/p>\n\n\n\n<p><em>M\u00f3rotz Krisztina<\/em><br><strong>Lila lovak<\/strong><\/p>\n\n\n\n<p>Sz\u00ednh\u00e1zban l\u00e1tja mag\u00e1t.<br>Egy f\u00e9rfi vesszej\u00e9t fogja.<br>K\u00f6r\u00fcl\u00f6tt\u00fck minden s\u00f6t\u00e9t.<br>S\u00f6t\u00e9tlila \u00e9s szilvak\u00e9k.<br>Hajlong a sz\u00e9lben, indig\u00f3sz\u00ednben, k\u00e9k erekkel hajlong a p\u00e9nisz.<br>Most el\u0151sz\u00f6r mozdul meg a v\u00e1gy \u00e1gy\u00e9komban.<br>Ki\u00fcr\u00fclt testemben. Villan\u00f3 k\u00f6rm\u00f6k.<br>Mint megannyi lampion, n\u0151i altestek vil\u00e1g\u00edtanak.<br>Nem ereszti, fogja a n\u0151 a h\u00edmtagot.<br>A kis teny\u00e9r \u00e9ppen olyan,<br>mintha asszony\u00f6l lenne.<br>Annak minden illat\u00e1val.<br>De most a sz\u00ednh\u00e1z egy dobban\u00e1sra eln\u00e9mul.<br>\u00dcstdobok sz\u00e1ll\u00edtj\u00e1k az aranyl\u00f3<br>v\u00e9rt a f\u00fclkagyl\u00f3kba.<br>Egyre t\u00f6bb h\u00edmtag mered az \u00e9g fel\u00e9.<br>Valah\u00e1nyat egy-egy asszony\u00f6l fogja \u00e1t.<br>L\u00e1gyan. Keny\u00e9rillat\u00faan.<br>Minden f\u00e9rfi l\u00fcktet.<br>N\u00e9melyiken m\u00e1r ott a csepp<br>\u00e9s m\u00e9g ink\u00e1bb lilul az eg\u00e9sz.<br>Par\u00e1d\u00e9s rendez\u00e9s!<br>Minden vessz\u0151 s\u00f6t\u00e9tlila<br>a hurokk\u00e9nt szor\u00edt\u00f3<br>kis teny\u00e9r\u00e9leken t\u00fal.<br>Emeli cs\u00edp\u0151j\u00e9t a f\u00e9rfi.<br>A v\u00f6r\u00f6s sz\u00e1j r\u00e1hajol. R\u00e1fesz\u00fcl.<br>\u00d3-bet\u0171t form\u00e1z a korall-ajak.<br>Satuba fogott gy\u00f6ny\u00f6r.<br>Lovak v\u00e1gt\u00e1i vad terepeken,<br>\u00e1t a calim\u00e1n,<br>mik\u00f6zben zar\u00e1ndokdal mes\u00e9l az \u00fatr\u00f3l.<br>A lil\u00e1s indig\u00f3-lovak sz\u00e1ja habot vet.<br>Megny\u00edlt utak. Lila lovak.<br>K\u00e9k-bord\u00f3 nyakuk duzzad, habzanak.<br>\u00c9letemben el\u0151sz\u00f6r<br>minden lehets\u00e9gesnek l\u00e1tszik.<\/p>\n\n\n<div class=\"wp-block-image wp-image-435 size-medium\">\n<figure class=\"alignright\"><img loading=\"lazy\" decoding=\"async\" width=\"300\" height=\"300\" src=\"http:\/\/opus-folyoirat.sk\/wp-content\/uploads\/2018\/09\/M\u00f3rotz_Krisztina-300x300.jpg\" alt=\"\" class=\"wp-image-435\" srcset=\"https:\/\/opus-folyoirat.sk\/wp-content\/uploads\/2018\/09\/M\u00f3rotz_Krisztina-300x300.jpg 300w, https:\/\/opus-folyoirat.sk\/wp-content\/uploads\/2018\/09\/M\u00f3rotz_Krisztina-150x150.jpg 150w, https:\/\/opus-folyoirat.sk\/wp-content\/uploads\/2018\/09\/M\u00f3rotz_Krisztina-100x100.jpg 100w, https:\/\/opus-folyoirat.sk\/wp-content\/uploads\/2018\/09\/M\u00f3rotz_Krisztina.jpg 394w\" sizes=\"auto, (max-width: 300px) 100vw, 300px\" \/><figcaption class=\"wp-element-caption\">M\u00f3rotz Krisztina<\/figcaption><\/figure><\/div>\n\n\n<p>.<\/p>\n\n\n\n<p>.<\/p>\n\n\n\n<p>.<\/p>\n\n\n\n<p>.<\/p>\n\n\n\n<p>.<\/p>\n\n\n\n<p>.<\/p>\n\n\n\n<p>.<\/p>\n\n\n\n<p>.<\/p>\n\n\n\n<p>.<\/p>\n\n\n\n<p>.<\/p>\n\n\n\n<p><em>Jung Istv\u00e1n<\/em><\/p>\n\n\n\n<p><strong>Nemversek ciklusa<\/strong><\/p>\n\n\n\n<p><em>(r\u00e9szletek)<\/em><\/p>\n\n\n\n<p><strong>nemvers24<\/strong><br>n\u00e9gyk\u00e9zl\u00e1b k\u00faszva<br>az \u00fcvegviz\u0171 szemgoly\u00f3k<br>medenc\u00e9j\u00e9nek<br>alj\u00e1n is egyre csak a<br>dioptri\u00e1kat keresed<\/p>\n\n\n\n<p><strong>nemvers25<\/strong><br>de sz\u00e1lk\u00e1k halmaza vagy<br>egy soha be nem<br>fejezett protot\u00edpus<br>sarokban \u00fcl\u0151<br>Pinokki\u00f3<\/p>\n\n\n\n<p><strong>nemvers26<\/strong><br>Nietzsche varj\u00fai<br>t\u00e9pik ami az<br>istenb\u0151l megmaradt<br>igazolva a<br>halott filoz\u00f3fi\u00e1t<\/p>\n\n\n\n<p><strong>nemvers28<\/strong><br>amikor a<br>kast\u00e9ly folyos\u00f3j\u00e1n<br>csoszog\u00f3<br>r\u00e9mmese elhagyja<br>cip\u0151sark\u00e1t a<br>te fejedben ver<br>visszhangot<\/p>\n\n\n\n<p><strong>nemvers31<\/strong><br>a balett-t\u00e1ncos<br>cs\u00edp\u0151je<br>felakasztva l\u00f3g<br>kiv\u00e9rzett cip\u0151je<br>mellett valaki<br>odaoson sz\u00e1razra<br>inni<\/p>\n\n\n\n<p><strong>nemvers34<\/strong><br>a k\u00f6ld\u00f6kzsin\u00f3rj\u00e1n\u00e1l<br>m\u00e9g visszar\u00e1nthatod<br>a barb\u00e1r isten el\u0151tt<br>verg\u0151d\u0151 magzatod<br>\u00fcvegfej\u00e9t<\/p>\n\n\n\n<p><strong>nemvers36<\/strong><br>a sziv\u00e1rv\u00e1ny<br>prizm\u00e1ja szil\u00e1nkokban<br>l\u00e1thatod<br>a saj\u00e1t<br>ny\u00e1l\u00e1ban f\u00fcrd\u0151<br>m\u00edtoszt<\/p>\n\n\n<div class=\"wp-block-image wp-image-494 size-medium\">\n<figure class=\"alignright\"><img loading=\"lazy\" decoding=\"async\" width=\"258\" height=\"300\" src=\"http:\/\/opus-folyoirat.sk\/wp-content\/uploads\/2018\/12\/Jung_Istv\u00e1n-258x300.jpg\" alt=\"\" class=\"wp-image-494\" srcset=\"https:\/\/opus-folyoirat.sk\/wp-content\/uploads\/2018\/12\/Jung_Istv\u00e1n-258x300.jpg 258w, https:\/\/opus-folyoirat.sk\/wp-content\/uploads\/2018\/12\/Jung_Istv\u00e1n.jpg 431w\" sizes=\"auto, (max-width: 258px) 100vw, 258px\" \/><figcaption class=\"wp-element-caption\">Jung Istv\u00e1n<\/figcaption><\/figure><\/div>\n\n\n<p>.<\/p>\n\n\n\n<p>.<\/p>\n\n\n\n<p>.<\/p>\n\n\n\n<p>.<\/p>\n\n\n\n<p>.<\/p>\n\n\n\n<p>.<\/p>\n\n\n\n<p>.<\/p>\n\n\n\n<p>.<\/p>\n\n\n\n<p>.<\/p>\n\n\n\n<p>.<\/p>\n\n\n\n<p><em>Bettes Istv\u00e1n<\/em><br><strong><em>Pihen\u0151hely?<\/em><\/strong><\/p>\n\n\n\n<p>Tiszt\u00e1son vagy nem is tudom<br>Lehet valami kertben<br>L\u00e1ttam meg azt a nyulat<br>Riadt hossz\u00fa f\u00fclei \u00e9gnek \u00e1lltak<br>S \u00fagy meredt r\u00e1m mint egy lyukas papucs<br>Vagy ak\u00e1r egy porladoz\u00f3 r\u00f6g<\/p>\n\n\n\n<p>Kora gyermekkorom \u00f3ta<br>L\u00e1togatom a t\u00e1jban<br>S j\u00f3szerint \u00e9ppen kiszikkadt<br>G\u00f6rcs\u00f6s far\u00f6nk is lehetne<br>Szakadt mad\u00e1rijeszt\u0151<br>Melyre \u00e9pphogy csak r\u00e1dobtak<br>Valami rongyot<br>Mintegy k\u00f6ltem\u00e9nyk\u00e9nt<\/p>\n\n\n\n<p>Hiszen kell hogy legyen<br>Valami \u00e1gboga \u2013 v\u00e1za<br>Melyen f\u00e9szket rak<br>\u00c9s toj\u00e1sokat k\u00f6lt<br>A po\u00e9zis f\u0151nixes vir\u00e1nya<br>B\u00e1r m\u00e9gsem teljesen a mi\u00e9nk<br>Hov\u00e1 b\u00e1rmikor nyugodtan visszasz\u00e1llhat<br>\u00c1m nem lehet<br>Egy v\u00e9gs\u0151<br>Pihen\u0151hely<\/p>\n\n\n<div class=\"wp-block-image wp-image-443 size-medium\">\n<figure class=\"alignright\"><img loading=\"lazy\" decoding=\"async\" width=\"225\" height=\"300\" src=\"http:\/\/opus-folyoirat.sk\/wp-content\/uploads\/2018\/10\/Bettes-225x300.jpg\" alt=\"\" class=\"wp-image-443\" srcset=\"https:\/\/opus-folyoirat.sk\/wp-content\/uploads\/2018\/10\/Bettes-225x300.jpg 225w, https:\/\/opus-folyoirat.sk\/wp-content\/uploads\/2018\/10\/Bettes.jpg 450w\" sizes=\"auto, (max-width: 225px) 100vw, 225px\" \/><figcaption class=\"wp-element-caption\">Bettes Istv\u00e1n<\/figcaption><\/figure><\/div>\n\n\n<p>.<\/p>\n\n\n\n<p>.<\/p>\n\n\n\n<p>.<\/p>\n\n\n\n<p>.<\/p>\n\n\n\n<p>.<\/p>\n\n\n\n<p>.<\/p>\n\n\n\n<p>.<\/p>\n\n\n\n<p>.<\/p>\n\n\n\n<p>.<\/p>\n\n\n\n<p>.<\/p>\n\n\n\n<p><em>Wawruch R\u00f3za<\/em><br><strong>te vagy a kedvenc \u00e1llatom<\/strong><\/p>\n\n\n\n<p>az \u00edzeltl\u00e1b\u00fa valamimocorog vagy<br>aki gyomort\u00e1j\u00e9kon laksz egy kicsit<br>a t\u00fcd\u0151mben is n\u00e9ha azt hiszem n\u00f6vekszel de nem tudom mit eszel odabenn<br>a pikkelyesh\u00e1t\u00fa hogymertedmegtenni vagy<br>aki k\u00f6z\u00e9nk fekszik sz\u00e1z\u00e9ves \u00e1lm\u00e1hoz<br>kiker\u00fclhetetlen\u00fcl id\u0151tlenn\u00e9 lesz<br>\u00e9s kicsorbulnak megk\u00f6v\u00fclt b\u0151r\u00e9n a k\u00e9sek<br>a b\u00e1rsonytalp\u00fa mileszholnap vagy<br>aki a hajnali magzatp\u00f3zhoz simulsz<br>\u00e9s k\u00f6z\u00f6s mellkasunk hull\u00e1maiban<br>felv\u00e1ltva d\u00fadoljuk ugyanazt<br>a m\u00e9szh\u00e9j\u00fa nem\u00e9rdekel vagy<br>aki visszah\u00faz oda hol test\u00fcnkkel v\u00e9dj\u00fck<br>egym\u00e1st \u00e9s a r\u00e1nk csap\u00f3d\u00f3 fed\u00e9l<br>\u00e9jszak\u00e1j\u00e1ban gy\u00f6ngy\u00f6t k\u00f6nnyez\u00fcnk<br>a tejfog\u00fa nemb\u00edrokaludni vagy<br>aki a szekr\u00e9nyek tetej\u00e9n laksz<br>\u00e9s ha nem n\u00e9zek oda a l\u00e1mpaf\u00e9nyben \u00fasz\u00f3 f\u00e9lh\u00e1rmakb\u00f3l lefetyelsz<br>a vill\u00e1snyelv\u0171 rosszv\u00e1lasz vagy<br>aki a torkunkra szor\u00edtva saj\u00e1t mag\u00e1t<br>k\u00e9t v\u00e9g\u00e9vel egyszerre tekeredik<br>k\u00f6r\u00e9nk \u00e9s sz\u00f3lni se elfutni se enged<br>a sz\u00e1zkar\u00fa musz\u00e1jp\u00e1rzani vagy<br>aki ezer helyen fonod k\u00f6r\u00fcl a testem<br>tudsz nekem \u00fajat mondani r\u00f3lam<br>\u00e9s \u00e9n pr\u00f3b\u00e1lok nem hallgatni r\u00e1d<br>a b\u0151rsz\u00e1rny\u00fa \u00e9nvagyokazer\u0151sebb vagy<br>aki eszetlen\u00fcl csapongva a hajunkba<br>akad \u00e9s g\u00f6rbe k\u00f6rm\u00f6kkel t\u00e9p a h\u00fasunkba<br>az vesz\u00edt aki hamarabb elfogy<\/p>\n\n\n<div class=\"wp-block-image wp-image-553 size-medium\">\n<figure class=\"alignright\"><img loading=\"lazy\" decoding=\"async\" width=\"168\" height=\"300\" src=\"http:\/\/opus-folyoirat.sk\/wp-content\/uploads\/2018\/12\/Wawruch_R\u00f3za-168x300.jpg\" alt=\"\" class=\"wp-image-553\" srcset=\"https:\/\/opus-folyoirat.sk\/wp-content\/uploads\/2018\/12\/Wawruch_R\u00f3za-168x300.jpg 168w, https:\/\/opus-folyoirat.sk\/wp-content\/uploads\/2018\/12\/Wawruch_R\u00f3za.jpg 537w\" sizes=\"auto, (max-width: 168px) 100vw, 168px\" \/><figcaption class=\"wp-element-caption\">Wawruch R\u00f3za<\/figcaption><\/figure><\/div>\n\n\n<p>.<\/p>\n\n\n\n<p>.<\/p>\n\n\n\n<p>.<\/p>\n\n\n\n<p>.<\/p>\n\n\n\n<p>.<\/p>\n\n\n\n<p>.<\/p>\n\n\n\n<p>.<\/p>\n\n\n\n<p>.<\/p>\n\n\n\n<p>.<\/p>\n\n\n\n<p>.<\/p>\n\n\n<div class=\"wp-block-image wp-image-665 size-medium\">\n<figure class=\"alignright\"><img loading=\"lazy\" decoding=\"async\" width=\"300\" height=\"300\" src=\"http:\/\/opus-folyoirat.sk\/wp-content\/uploads\/2019\/02\/Gyur\u00e1sz_Marianna-300x300.jpg\" alt=\"\" class=\"wp-image-665\" srcset=\"https:\/\/opus-folyoirat.sk\/wp-content\/uploads\/2019\/02\/Gyur\u00e1sz_Marianna-300x300.jpg 300w, https:\/\/opus-folyoirat.sk\/wp-content\/uploads\/2019\/02\/Gyur\u00e1sz_Marianna-150x150.jpg 150w, https:\/\/opus-folyoirat.sk\/wp-content\/uploads\/2019\/02\/Gyur\u00e1sz_Marianna-768x768.jpg 768w, https:\/\/opus-folyoirat.sk\/wp-content\/uploads\/2019\/02\/Gyur\u00e1sz_Marianna-100x100.jpg 100w, https:\/\/opus-folyoirat.sk\/wp-content\/uploads\/2019\/02\/Gyur\u00e1sz_Marianna.jpg 959w\" sizes=\"auto, (max-width: 300px) 100vw, 300px\" \/><figcaption class=\"wp-element-caption\">Gyur\u00e1sz Marianna<\/figcaption><\/figure><\/div>\n\n\n<p><em>Gyur\u00e1sz Marianna<\/em><\/p>\n\n\n\n<p><strong>Szort<\/strong><\/p>\n\n\n\n<p>D\u00edszvacsor\u00e1ra k\u00e9sz\u00fcl\u0151d\u00f6m<br>egy gyilkosul t\u00e9tlen kedd d\u00e9lel\u0151tt.<br>Megh\u00edv\u00f3 nincs,<br>de k\u00e9szen kell \u00e1llni:<br>pr\u00f3b\u00e1lom magam el\u00e9 a darabokat, sz\u00e1molom<br>a flittereket \u00e9s az \u00f6lt\u00e9seket,<br>mennyi a sz\u00e1nd\u00e9kos,<br>mennyi az \u00e1tgondolatlan \u00e9s v\u00e9letlenszer\u0171.<br>Az \u00e1tgondolatlanok k\u00f6z\u00fcl melyik siker\u00fclt szinte b\u00e1josra m\u00e9gis.<\/p>\n\n\n\n<p>A padl\u00f3ra r\u00e1molom<br>az \u00e9vek \u00f3ta el\u0151 sem ker\u00fclt rongyokat.<br>Igaz\u00e1b\u00f3l annyira nem borzalmasak, m\u00e1rmint<br>akad egy-egy teljesen korrekt\u00fcl felvarrt<br>gomb, vagy tisztess\u00e9gesen be\u00fcltetett<br>v\u00e1llt\u00f6m\u00e9s.<br>V\u00e1llalhat\u00f3, mondhatni, iparos munka.<\/p>\n\n\n\n<p>Tal\u00e1n fel is g\u0151z\u00f6l\u00f6m kicsit,<br>hely\u00e9re igaz\u00edtok p\u00e1r hajt\u00e1st,<br>puszt\u00e1n sajn\u00e1latb\u00f3l, \u00e9s hogy<br>m\u00e9gse legyen \u00e9rtelme pont most<br>kibaszni az ablakon.<\/p>\n\n\n\n<p>Egy percig sem gondolom, hogy meg\u00e9rdemel b\u00e1rmi<br>l\u00e9nyegi figyelmet.<br>\u00d6sszehajtogatva visszaker\u00fcl<br>ugyanarra az als\u00f3 polcra \u00e9s<br>azonnal elfelejtem.<\/p>\n\n\n\n<p>.<\/p>\n\n\n\n<p>.<\/p>\n\n\n\n<p>.<\/p>\n\n\n\n<p>.<\/p>\n\n\n\n<p>.<\/p>\n\n\n\n<p><em>Juh\u00e1sz Katalin<\/em><\/p>\n\n\n\n<p><strong>Porhint\u00e9s<\/strong><\/p>\n\n\n\n<p>A huzat v\u00e9gigs\u00f6p\u00f6r a szob\u00e1kon<br>felsz\u00edtva a port. Olyanfajta por ez<br>mint ped\u00e1ns ember lak\u00e1s\u00e1ban<br>k\u00e9t h\u00f3nappal a ped\u00e1ns ember<br>hal\u00e1la ut\u00e1n. Mindenen sz\u00e9p egyenletesen.<br>A h\u0171t\u0151 szerencs\u00e9re \u00f6nmag\u00e1t j\u00e9gtelen\u00edti,<br>nem is tudtam, hogy vannak ilyen h\u0171t\u0151k.<br>F\u00e9l doboz h\u00e1romsz\u00f6gsajt, k\u00e9t deci tej,<br>a t\u00e9liszal\u00e1mi tal\u00e1n ehet\u0151 m\u00e9g.<br>Az erk\u00e9ly a galambok birtoka<br>most \u00e9s mind\u00f6r\u00f6kk\u00e9,<br>azokat m\u00e1r el nem hessegetem,<br>hiszen el\u0151bb voltak itt, mint \u00e9n,<br>b\u00e1r m\u00e9g nincsenek elnevezve.<br>Ny\u00e1kos port k\u00f6h\u00f6g\u00f6k fel.<br>A f\u00e9lhom\u00e1ly kiharap egy darabot<br>a sarokb\u00f3l, ahol egykor h\u00e1roml\u00e1b\u00fa<br>kis asztal \u00e1llt b\u00fcszk\u00e9n, ter\u00edt\u0151vel.<\/p>\n\n\n\n<p>A huzat v\u00e9gigcsap az \u00e9l\u0151k\u00f6n<br>\u00e9s egy pillanat alatt kis\u00f6pri sz\u00edv\u00fcket.<br>Nem fakadnak s\u00edrva a l\u00e1tv\u00e1nyt\u00f3l,<br>nincs is l\u00e1tv\u00e1ny. Dolgok vannak csak,<br>egym\u00e1sra halmozva sz\u00e9pen.<br>Az elvermelt krumpli alszik a pinc\u00e9ben.<\/p>\n\n\n<div class=\"wp-block-image wp-image-390 size-medium\">\n<figure class=\"alignright\"><img loading=\"lazy\" decoding=\"async\" width=\"233\" height=\"300\" src=\"http:\/\/opus-folyoirat.sk\/wp-content\/uploads\/2018\/08\/Juh\u00e1sz_Katalin-233x300.jpg\" alt=\"\" class=\"wp-image-390\" srcset=\"https:\/\/opus-folyoirat.sk\/wp-content\/uploads\/2018\/08\/Juh\u00e1sz_Katalin-233x300.jpg 233w, https:\/\/opus-folyoirat.sk\/wp-content\/uploads\/2018\/08\/Juh\u00e1sz_Katalin.jpg 290w\" sizes=\"auto, (max-width: 233px) 100vw, 233px\" \/><figcaption class=\"wp-element-caption\">Juh\u00e1sz Katalin<\/figcaption><\/figure><\/div>\n\n\n<p>.<\/p>\n\n\n\n<p>.<\/p>\n\n\n\n<p>.<\/p>\n\n\n\n<p>.<\/p>\n\n\n\n<p>.<\/p>\n\n\n\n<p>.<\/p>\n\n\n\n<p>.<\/p>\n\n\n\n<p>.<\/p>\n\n\n\n<p>.<\/p>\n\n\n\n<p><em>Varga Imre<\/em><\/p>\n\n\n\n<p><strong>J\u00e1t\u00e9ksz\u00f6rnyeink<\/strong><\/p>\n\n\n\n<p>Amit foghatunk, csak virtu\u00e1lis.<br>Az amit tudunk \u00e9s nem tudhatunk.<br>Jelk\u00e9p a test\u00fcnk, jel lett a h\u00e1z is.<br>Jel, hogyha sz\u00e1llunk, vagy \u00e9pp zuhanunk.<\/p>\n\n\n\n<p>K\u00e9pzet a cs\u00edp\u0151d s <em>csalk\u00e9p<\/em> a v\u00e1ll is.<br>K\u00f6r vagy a n\u00e9gyzet, kocka, ov\u00e1lis.<br>Ter\u00fck: <em>lehets\u00e9g<\/em> (csak virtu\u00e1lis),<br>teljesek s egyben \u00fcres form\u00e1k is.<\/p>\n\n\n\n<p>K\u00e9pzet a fekv\u00e9s; k\u00e9pzet ki \u00e1ll is.<br>Minden k\u00e9p, mondat is virtu\u00e1lis.<br>Nincs k\u00fcl\u00f6n utas, nincs k\u00fcl\u00f6n utunk.<br>B\u00e1rki kergessen, magunkt\u00f3l futunk.<\/p>\n\n\n\n<p>Hogy is \u00e9rthetn\u00e9 galamb a sz\u00e1rny\u00e1t,<br>mikor az \u0171rb\u0151l m\u00e1s \u0171rbe sz\u00e1ll \u00e1t?<br>Ami \u00edgy terem, pusztul is nyomban.<br>B\u00e1r volt, van, lesz is. Az a t\u00e9r hol van?<\/p>\n\n\n<div class=\"wp-block-image wp-image-431 size-medium\">\n<figure class=\"alignright\"><img loading=\"lazy\" decoding=\"async\" width=\"300\" height=\"225\" src=\"http:\/\/opus-folyoirat.sk\/wp-content\/uploads\/2018\/09\/Varga_Imre-300x225.jpg\" alt=\"\" class=\"wp-image-431\" srcset=\"https:\/\/opus-folyoirat.sk\/wp-content\/uploads\/2018\/09\/Varga_Imre-300x225.jpg 300w, https:\/\/opus-folyoirat.sk\/wp-content\/uploads\/2018\/09\/Varga_Imre-768x576.jpg 768w, https:\/\/opus-folyoirat.sk\/wp-content\/uploads\/2018\/09\/Varga_Imre.jpg 1024w\" sizes=\"auto, (max-width: 300px) 100vw, 300px\" \/><figcaption class=\"wp-element-caption\">Varga Imre<\/figcaption><\/figure><\/div>\n\n\n<p>.<\/p>\n\n\n\n<p>.<\/p>\n\n\n\n<p>.<\/p>\n\n\n\n<p>.<\/p>\n\n\n\n<p>.<\/p>\n\n\n\n<p>.<\/p>\n\n\n\n<p>.<\/p>\n\n\n\n<p>.<\/p>\n\n\n\n<p><em>Nagy Zop\u00e1n<\/em><\/p>\n\n\n\n<p><strong>Fragmentumok, sz\u00f6vegroncsok, no. II.<\/strong><\/p>\n\n\n\n<p>\u2026<br>a t\u00fck\u00f6rben pedig volt, ami volt<br>\u2026<\/p>\n\n\n\n<p>\u00e1m, a szemh\u00e1rtya alatti, szemfolt<br>m\u00f6g\u00f6tti t\u00e1jban, a sivatagos,<br>holtv\u00e1rosi szikes:<br>sz\u00fcrke-leped\u00e9kes,<br>barn\u00e1s h\u00edn\u00e1r-h\u00e1rty\u00e1val belepett<br>tenger-r\u00e9szletre eml\u00e9kez(tet)ett\u2026<\/p>\n\n\n\n<p>elv\u00e9tve, \u0151si sz\u00e9lkerekek ma-<br>rad-v\u00e1-nya-i meredeztek eme<br>t\u00e1jak el\u0151tti t\u00e1jb\u00f3l: f\u00e9lig be-<br>temetett \u00f3ri\u00e1s fa-mut\u00e1nsok,<\/p>\n\n\n\n<p>heher\u00e9szve \u00e9s fityiszt mutatva<br>az \u00e9g (vagy \u201eManitu\u201d szellemarca)<br>fel\u00e9\u2026<\/p>\n\n\n\n<p>*<\/p>\n\n\n\n<p>ek\u00f6zben, egy ki\u00e1ll\u00edt\u00e1s-megnyit\u00f3n<br>autista kisl\u00e1ny az \u00fcvegpadl\u00f3n<br>fluoreszk\u00e1l\u00f3 labd\u00e1val vonagl\u00f3n<br>ny\u00f6sz\u00f6r\u00f6g-r\u00f6h\u00f6gcs\u00e9l a felolvas\u00f3n:<\/p>\n\n\n\n<p>\u2026elitta(m) a k\u00f6r(m)\u00f6m f\u00e9ny\u00e9t<br>elitta(m) a hajhagym\u00e1kat<\/p>\n\n\n\n<p>\u2013 nedvem sz\u00edvta(m) szembog\u00e1rb\u00f3l \u2013<\/p>\n\n\n\n<p>elitta(m) a szem feh\u00e9rj\u00e9t<br>elitta(m) a m\u00e1gi\u00e1kat\u2026<\/p>\n\n\n\n<p>*<\/p>\n\n\n\n<p>kisv\u00e1rtatva:<\/p>\n\n\n\n<p>egy id\u0151s\u00f6d\u0151 m\u0171v\u00e9szn\u0151<br>mint b\u00e1bos \u00e9s m\u0171lovarn\u0151:<br>elmondott egy aforizm\u00e1t<br>s megcs\u00f3kolta farom izm\u00e1t<\/p>\n\n\n\n<p>*<\/p>\n\n\n\n<p>amott:<\/p>\n\n\n\n<p>frekvent\u00e1ltan zaklatott<br>szimult\u00e1n-zord sz\u00f3lamok:<\/p>\n\n\n\n<p>fr\u00f6ccsentett gerbera<br>prepar\u00e1lt cimbalom<br>tejf\u00f6l\u00f6s gordonka<br>cs\u00fasztatott r\u00e1galom<\/p>\n\n\n\n<p>majd:<\/p>\n\n\n\n<p>herpesz g\u00f3lem mes\u00fcge<br>\u00e1rp\u00e1sz ny\u00e1lhal \u00edzibe<br>akile\u00fcl: fel\u00fcle<br>\u00f3ri\u00e1s-n\u00e1sz ki(s)csibe<\/p>\n\n\n\n<p>\u00f3:<\/p>\n\n\n\n<p>szerep csecse szerencse csan<br>nan-han hangzat alakzat-tan<br>man\u00edr fak\u00edr fak\u00edr man\u00edr<br>szemre szeszes szerecsen \u00edr<\/p>\n\n\n\n<p>*<\/p>\n\n\n\n<p>hajnal-borda<br>(bordal helyett)<br>alb\u00edn\u00f3ban<\/p>\n\n\n\n<p>\u00e1rok-\u00e1gy\u00e9k fetreng\u00e9se<br>(aznaposok kih\u0171lt kelyhe)<br>domb-negat\u00edv sz\u00e9lh\u0171d\u00e9se<\/p>\n\n\n\n<p>v\u00e9tek v\u00e9tek<br>a V\u00e9d\u00e1kat megett\u00e9tek<br>vedte-szedte \u00e1rok-verte<br>mocsar\u00e1ban genny-he-reg-ve<\/p>\n\n\n\n<p>tettleg tett reng<br>tettra-ferment mer merenghet<br>merenghet merr:<br>alfa-elfe elm-foly\u00e1sa hermet-permet<\/p>\n\n\n\n<p>hajnal-borda<br>r\u00e1ng a h\u00f3ban<\/p>\n\n\n\n<p>*<\/p>\n\n\n\n<p>egy vil\u00e1gv\u00e9gi lefoly\u00f3csatorn\u00e1b\u00f3l<br>most \u00ednyenc freak-jelenetek bukkannak f\u00f6l<\/p>\n\n\n\n<p>mocs\u00e1rl\u00e9ny \u00e9s z\u00f6ld-h\u00e1lyog<br>foszladoz\u00f3 folkl\u00f3r-l\u00e1pos<br>\u00f6lel\u00e9s\u00e9n \u00e1t l\u00e1tjuk:<\/p>\n\n\n\n<p>homokos hordal\u00e9k<br>k\u0151zett\u00f6rmel\u00e9kekkel<br>iszapos t\u00e1j-szelet<br>a lucskos foly\u00f3 nyaka a<br>hegyekb\u0151l kitekeredik<br>hogy a v\u00f6lgy \u00f6l\u00e9be ontsa<br>\u00e1sv\u00e1nyokkal teli<br>v\u00e9r\u00e9t<\/p>\n\n\n\n<p>po\u00e9tikus<br>felh\u0151k alatt<br>alluvi\u00e1lis<br>t\u00e1jk\u00e9p dagad\u2026<\/p>\n\n\n\n<p>*<\/p>\n\n\n\n<p>itt pedig:<\/p>\n\n\n\n<p>spir\u00e1lba tekert<br>\u00e1ttetsz\u0151 \u00f3lom a felh\u0151<br>felh\u0151 al-h\u0151iben<br>duzzad\u00f3 felh\u0151<\/p>\n\n\n\n<p>pulz\u00e1l\u00f3-porlad\u00f3<br>habszivacs-tekercs<br>m\u00e1konyos \u00f3lom<br>\u00e1lmod\u00f3 foncsor<\/p>\n\n\n\n<p>las-s\u00edt-va for-g\u00e1-cso-l\u00f3-d\u00f3<br>alakzat-trancs\u00edr<\/p>\n\n\n\n<p>t\u00f6m\u00f6rb\u0151l \u2013 a foszl\u00e1nyba<br>foszl\u00e1nyb\u00f3l \u2013 a r\u00e9tegbe<br>spir\u00e1lis elme-t\u00e1nc<br>majd vad vihar-k\u00f6pet\u2026<\/p>\n\n\n\n<p>nar-co-phon-y-a<\/p>\n\n\n\n<p>*<\/p>\n\n\n\n<p>intermezzo<\/p>\n\n\n\n<p>vers a felh\u0151r\u0151l:<\/p>\n\n\n\n<p>\u00f3, k\u00e9pl\u00e9keny-t\u00f6m\u00f6r, \u00e1tt\u0171n\u0151 szivacs!<br>t\u00fcrkiz habz\u00e1s, lyukacsos k\u00e9ksajt-\u00e1lom,<br>gomolyg\u00f3 foszl\u00e1s, h\u00e1rty\u00e1s \u00e9n-hal\u00e1lom;<br>\u00e9theri \u00e9melyg\u00e9s, rezg\u0151 l\u00e9g-ragacs\u2026<\/p>\n\n\n\n<p>felh\u0151 a versr\u0151l:<\/p>\n\n\n\n<p>\u00f3, \u00e9rz\u00e9keny s\u00f6m\u00f6r, v\u00e1gykelt\u0151 ripacs!<br>z\u00fcll\u00e9s, roml\u00e1s, h\u00e1ts\u00f3 r\u00edmedet h\u00e1god;<br>szorong\u00f3 k\u00e9pm\u00e1s, m\u00faltad \u201ein-hal\u00e1lod\u201d,<br>k\u00e9nyszeres k\u00e9tked\u00e9s, h\u00f6rg\u0151 maszk-ragacs\u2026<\/p>\n\n\n\n<p>*<\/p>\n\n\n\n<p>\u00f6r\u00fcljenek egek<br>\u00fcr\u00fcljenek (az) emberek\u2026<br>harsogjon a tenger<br>s minden benne-val\u00f3!<\/p>\n\n\n\n<p>jaj az alvil\u00e1g meztelen<br>s az \u00e9l\u0151-holt mind megremeg\u2026<\/p>\n\n\n\n<p>a rem\u00e9nytelens\u00e9g \u00f6sszez\u00faz<br>a bossz\u00fas\u00e1g elhom\u00e1lyosul\u2026<br>a bizonyoss\u00e1g az \u00e9l\u0151 h\u00fas<br>lenne \u00e1m beteg \u00e1rny\u00e9k vonul<\/p>\n\n\n\n<p>a mozdulatokban<br>\u00e9s az avas f\u00e9ny<br>megromlik obszc\u00e9n<br>f\u00e9l-gondolatokban\u2026<\/p>\n\n\n\n<p>\u00fcr\u00fcljenek (az) egek<br>\u0151r\u00fcljenek emberek\u2026<\/p>\n\n\n<div class=\"wp-block-image wp-image-645 size-medium\">\n<figure class=\"alignright\"><img loading=\"lazy\" decoding=\"async\" width=\"300\" height=\"225\" src=\"http:\/\/opus-folyoirat.sk\/wp-content\/uploads\/2019\/02\/Nagy-Zop\u00e1n-300x225.jpg\" alt=\"\" class=\"wp-image-645\" srcset=\"https:\/\/opus-folyoirat.sk\/wp-content\/uploads\/2019\/02\/Nagy-Zop\u00e1n-300x225.jpg 300w, https:\/\/opus-folyoirat.sk\/wp-content\/uploads\/2019\/02\/Nagy-Zop\u00e1n-768x576.jpg 768w, https:\/\/opus-folyoirat.sk\/wp-content\/uploads\/2019\/02\/Nagy-Zop\u00e1n.jpg 960w\" sizes=\"auto, (max-width: 300px) 100vw, 300px\" \/><figcaption class=\"wp-element-caption\">Nagy Zop\u00e1n<\/figcaption><\/figure><\/div>\n\n\n<p>.<\/p>\n\n\n\n<p>.<\/p>\n\n\n\n<p>.<\/p>\n\n\n\n<p>.<\/p>\n\n\n\n<p>.<\/p>\n\n\n\n<p>.<\/p>\n\n\n\n<p>.<\/p>\n\n\n\n<p>.<\/p>\n\n\n\n<p><em>Csik\u00f3s Attila<\/em><br><strong>***<\/strong><\/p>\n\n\n\n<p>1.<\/p>\n\n\n\n<p>K\u00f6t\u00e9ll\u00e9 sodort id\u0151<br>itt tart haj\u00f3t a l\u00e1nc<br>engem a hegy felett<br>nem l\u00e1ttam mad\u00e1rtetemet m\u00e9g soha<br>hova halnak<br>r\u00f6pt\u00f6mben<br>majd<br>\u00e9n is az \u00e9gbe temetkezem<\/p>\n\n\n\n<p>2.<\/p>\n\n\n\n<p>Ha majd a nyakkend\u0151<br>k\u00f6t \u00f6ssze csak veled<br>\u00e9s a fazon \u00e9s minden<br>vit\u00e1nk a csom\u00f3<br>helyes k\u00f6t\u00e9se k\u00f6r\u00fcl<br>forog akkor k\u00e9rlek<br>r\u00fagd ki al\u00f3lad a sz\u00e9ket<br>miel\u0151tt ingedre simulva<br>kivasalhatatlanul<br>meggy\u0171r\u0151dne<br>aki vagyok<\/p>\n\n\n<div class=\"wp-block-image wp-image-457 size-medium\">\n<figure class=\"alignright\"><img loading=\"lazy\" decoding=\"async\" width=\"269\" height=\"300\" src=\"http:\/\/opus-folyoirat.sk\/wp-content\/uploads\/2018\/11\/Csik\u00f3s_Attila-269x300.jpg\" alt=\"\" class=\"wp-image-457\" srcset=\"https:\/\/opus-folyoirat.sk\/wp-content\/uploads\/2018\/11\/Csik\u00f3s_Attila-269x300.jpg 269w, https:\/\/opus-folyoirat.sk\/wp-content\/uploads\/2018\/11\/Csik\u00f3s_Attila-768x857.jpg 768w, https:\/\/opus-folyoirat.sk\/wp-content\/uploads\/2018\/11\/Csik\u00f3s_Attila-917x1024.jpg 917w, https:\/\/opus-folyoirat.sk\/wp-content\/uploads\/2018\/11\/Csik\u00f3s_Attila.jpg 1790w\" sizes=\"auto, (max-width: 269px) 100vw, 269px\" \/><figcaption class=\"wp-element-caption\">Csik\u00f3s Attila<\/figcaption><\/figure><\/div>\n\n\n<p>.<\/p>\n\n\n\n<p>.<\/p>\n\n\n\n<p>.<\/p>\n\n\n\n<p>.<\/p>\n\n\n\n<p>.<\/p>\n\n\n\n<p>.<\/p>\n\n\n\n<p>.<\/p>\n\n\n\n<p>.<\/p>\n\n\n\n<p>.<\/p>\n\n\n\n<p>.<\/p>\n\n\n\n<p><em>Z. N\u00e9meth Istv\u00e1n<\/em><\/p>\n\n\n<div class=\"wp-block-image size-full wp-image-405\">\n<figure class=\"alignright\"><img loading=\"lazy\" decoding=\"async\" width=\"150\" height=\"222\" src=\"http:\/\/opus-folyoirat.sk\/wp-content\/uploads\/2018\/09\/Z_N\u00e9meth_Istv\u00e1n.png\" alt=\"\" class=\"wp-image-405\"\/><figcaption class=\"wp-element-caption\">Z. N\u00e9meth Istv\u00e1n<\/figcaption><\/figure><\/div>\n\n\n<p><strong>A vers<\/strong><\/p>\n\n\n\n<p>meg\u00edrja mag\u00e1t, te csak add a dallamot,<br>csak told a feneke al\u00e1 a p\u00e1rn\u00e1kkal kib\u00e9lelt<br>tr\u00f3nt, szolg\u00e1ld fel \u00f3nsz\u00edn\u0171 poh\u00e1rban<br>az olvas\u00f3 szem\u00e9nek csarnokviz\u00e9t,<\/p>\n\n\n\n<p>\u00e1llj k\u00e9szen, ha nassolna n\u00e9mi s\u00f3sat,<br>nyiss ablakot, ha lankadna figyelme,<br>dics\u00e9rd a sminkj\u00e9t, \u00e1m bele ne kotorj<br>zseb\u00e9be s \u00f6n\u00e9rzet\u00e9be, k\u00e9rdezd meg,<\/p>\n\n\n\n<p>hogy b\u00edrja-e a pipaf\u00fcst\u00f6t, sorai k\u00f6z\u00e9<br>ha \u00e9g\u0151 cs\u00edkot h\u00faz a ny\u00e1ri nap,<br>mit sz\u00f3l, ha n\u00e9ha nem jut l\u00e9tig\u00e9hez,<br>ha k\u00f6rme csorbul s\u00f6t\u00e9t billenty\u0171zet\u00e9n<\/p>\n\n\n\n<p>a g\u00e9pnek, r\u00edmei felt\u00e1mad\u00e1s\u00e1ban<br>hisz-e m\u00e9g, majd hagyd, hogy forrja ki<br>m\u00e9rg\u00e9t, ha m\u00e9la, hadd habozzon,<br>s vir\u00e1gszirmot t\u00e9pjen, ha szerelmes,<\/p>\n\n\n\n<p>\u00e1s\u00edt: puha pap\u00edrlapra fektesd, (\u00e1m<br>arra \u00fcgyelj: ne legyen reciklik\u00e1lt), ha<br>nyugtalan lenne m\u00e9gis, halmozd el<br>mes\u00e9kkel, b\u00e1rsony k\u00e9pekkel takard be,<\/p>\n\n\n\n<p>tudd: ha h\u0171tlen, engedd elmenni b\u00e1tran,<br>megl\u00e1sd, p\u00e1r fut\u00f3 kaland ut\u00e1n, kis\u00edrt<br>szemmel cs\u00f6nget, zsebedbe \u00f6sszegy\u0171rten<br>visszasimul, szerelm\u00e9t \u00fajra megtal\u00e1lod.<\/p>\n\n\n\n<p>.<\/p>\n\n\n\n<p>.<\/p>\n\n\n\n<p>.<\/p>\n\n\n\n<p><em>B\u00edr\u00f3 J\u00f3zsef<\/em><\/p>\n\n\n<div class=\"wp-block-image size-medium wp-image-674\">\n<figure class=\"alignright\"><img loading=\"lazy\" decoding=\"async\" width=\"249\" height=\"300\" src=\"http:\/\/opus-folyoirat.sk\/wp-content\/uploads\/2019\/02\/B\u00edr\u00f3_J\u00f3zsef-249x300.jpg\" alt=\"\" class=\"wp-image-674\" srcset=\"https:\/\/opus-folyoirat.sk\/wp-content\/uploads\/2019\/02\/B\u00edr\u00f3_J\u00f3zsef-249x300.jpg 249w, https:\/\/opus-folyoirat.sk\/wp-content\/uploads\/2019\/02\/B\u00edr\u00f3_J\u00f3zsef.jpg 638w\" sizes=\"auto, (max-width: 249px) 100vw, 249px\" \/><figcaption class=\"wp-element-caption\">B\u00edr\u00f3 J\u00f3zsef<\/figcaption><\/figure><\/div>\n\n\n<p><strong>Fernando Pessoa \u2026 \u2013 , hogy<\/strong><\/p>\n\n\n\n<p>meztelen csillag<br>vil\u00e1g\u00edt<br>m\u00e9g mindig<br><strong>:<\/strong><br>tiszta \u00e9gbolt<br>alatt<br>nyugalma angyali<br><strong>:<\/strong><br>\u00edgy<br>j\u00f6n<br><strong>:<\/strong><br>hossz\u00fatavasz<\/p>\n\n\n\n<p><strong>Marlene Dietrich \u2026 \u2013 , hogy<\/strong><\/p>\n\n\n\n<p>akkor ehhez<br>hasonl\u00f3<br>ink\u00e1bb<br><strong>:<\/strong><br>hidegsz\u00e9l f\u00faj<br>sik\u00e1tort<br>keres<br><strong>:<\/strong><br>szerinte<br>m\u00e9gis<br><strong>:<\/strong><br>z\u00f6ld\u00f6vezetben<\/p>\n\n\n\n<p><strong>Egon Schiele \u2026 \u2013 , hogy<\/strong><\/p>\n\n\n\n<p>holnap holnap holnap<br>reggel reggel<br>holnap<br><strong>:<\/strong><br>reggel reggel reggel<br>holnap holnap<br>reggel<br><strong>:<\/strong><br>holnap<br>reggel<br><strong>:<\/strong><br>utolj\u00e1ra<\/p>\n\n\n\n<p>.<\/p>\n\n\n\n<p>.<\/p>\n\n\n\n<p>.<\/p>\n\n\n\n<p><em>Hizsnyai Zolt\u00e1n<\/em><\/p>\n\n\n<div class=\"wp-block-image size-medium wp-image-261\">\n<figure class=\"alignright\"><img loading=\"lazy\" decoding=\"async\" width=\"297\" height=\"300\" src=\"http:\/\/opus-folyoirat.sk\/wp-content\/uploads\/2018\/07\/Hizsnyai_Zolt\u00e1n-297x300.jpg\" alt=\"\" class=\"wp-image-261\" srcset=\"https:\/\/opus-folyoirat.sk\/wp-content\/uploads\/2018\/07\/Hizsnyai_Zolt\u00e1n-297x300.jpg 297w, https:\/\/opus-folyoirat.sk\/wp-content\/uploads\/2018\/07\/Hizsnyai_Zolt\u00e1n-768x776.jpg 768w, https:\/\/opus-folyoirat.sk\/wp-content\/uploads\/2018\/07\/Hizsnyai_Zolt\u00e1n-1013x1024.jpg 1013w, https:\/\/opus-folyoirat.sk\/wp-content\/uploads\/2018\/07\/Hizsnyai_Zolt\u00e1n-100x100.jpg 100w, https:\/\/opus-folyoirat.sk\/wp-content\/uploads\/2018\/07\/Hizsnyai_Zolt\u00e1n.jpg 1390w\" sizes=\"auto, (max-width: 297px) 100vw, 297px\" \/><figcaption class=\"wp-element-caption\">Hizsnyai Zolt\u00e1n<\/figcaption><\/figure><\/div>\n\n\n<p><strong>T\u00e9rid\u0151mixer<\/strong><\/p>\n\n\n\n<p><strong>4.<\/strong><\/p>\n\n\n\n<p>Itt k\u00e9ne s \u00edgy maradni, veszteg,<br>k\u00f6v\u00fclj\u00f6n r\u00e1d az otromba jelen.<br>\u00datjaid j\u00f6v\u0151d m\u00faltj\u00e1ba vesztek,<br>de k\u00eds\u00e9rtenek minden \u00e9jjelen,<br>s te hosszan r\u00e1g\u00f3dsz minden kis jelen\u2026<br>Semmi se s\u00fcrget, azt vagy ezt tedd,<br>mafla \u00e1rnyaid napf\u00e9nyre ereszted.<br>A hemzseg\u00e9sben nem vagy m\u00e1r jelen.<\/p>\n\n\n\n<p>T\u00fal\u00e9rt\u00e9l l\u00e1that\u00e1rodon.<br>Se ki, se be. Se fel, se le.<br>Mint az utols\u00f3 masztodon,<br>ha \u00faj \u00e9letet kezdene.<\/p>\n\n\n\n<p><strong>*<\/strong><\/p>\n\n\n\n<p>Set\u00e9t a nap, korom a f\u00e9ny is,<br>az ember az\u00e9rt m\u00e9gis-m\u00e9gis<br>\u00f6nmag\u00e1ban messzire l\u00e1tcs\u0151z,<br>az \u00e9let, bizony, csak j\u00f6n-l\u00e1t-gy\u0151z,<br>m\u00e9g ha megy is m\u00e1r elfele.<\/p>\n\n\n\n<p>K\u00f6zeledik az \u00e9j fele,<br>k\u00eds\u00e9rtet j\u00e1rja a h\u00e1zad,<br>minden hal\u00e1llal van tele,<br>de a szellem m\u00e9giscsak l\u00e1zad \u2013<br>lepl\u00e9ben imbolyg\u00f3 ringl\u00f3k,<br>s \u00e1gy\u00e9kbokra alatt a csimb\u00f3k<br>nekt\u00e1ros lev\u00e9ben \u00e1ztat.<\/p>\n\n\n\n<p><strong>*<\/strong><\/p>\n\n\n\n<p>Kip\u00f6rsennek a bimb\u00f3k,<br>felrobbannak az \u00e1gak,<br>megadja mag\u00e1t,<br>h\u00f3feh\u00e9r z\u00e1szl\u00f3t bont a fa.<\/p>\n\n\n\n<p>\u00c9s spriccel, permetez,<br>z\u00e1poroz szerte a v\u00edz<br>a zuhanyr\u00f3zsa minden ir\u00e1ny\u00e1ba&#8230;<\/p>\n\n\n\n<p>.<\/p>\n\n\n\n<p>.<\/p>\n\n\n\n<p>.<\/p>\n\n\n\n<p><em>Hizsnyai Zolt\u00e1n<\/em><br><strong>\u00c1ll\u00f3hull\u00e1m I.<\/strong><\/p>\n\n\n\n<p>Lez\u00fad\u00edtja a l\u00e9t. Egyr\u00e9szt a tork\u00e1n,<br>m\u00e1sr\u00e9szt, hosszabb t\u00e1von,<br>a mondat rejtett alanyak\u00e9nt.<br>Nem tudja, mit\u00e9v\u0151.<br>Legyen-e egy\u00e1ltal\u00e1n.<\/p>\n\n\n\n<p>\u00dcl a sutba.<br>Azt\u00e1n m\u00e1r ott \u00fcl.<br>Telik, eltelik, mindk\u00e9t \u00e9rtelemben.<br>Gyomor, id\u0151 \u00e9s akit<br>most \u00f6nmag\u00e1nak k\u00e9pzel.<\/p>\n\n\n\n<p>Mindent ki\u00fcr\u00edt.<br>Csak azt nem tudja, ki \u00fcr\u00edt.<br>Orr\u00e1n r\u00e1ng egy ideg.<br>(Ez gondolkod\u00f3ba ejti&#8230;,<br>de azt\u00e1n elhessegetik.)<\/p>\n\n\n\n<p>Minden sz\u00f3ba j\u00f6het\u0151<br>\u00d6nmag\u00e1t\u00f3l azt k\u00e9rdezi,<br>hogy jutottak ide.<br>Nem v\u00e1laszol.<br>Egyike, m\u00e1sika se.<\/p>\n\n\n\n<p>V\u00e9g\u00fcl ki\u00fcr\u00fcl minden.<br>Egy kis nyomoronc<br>szell\u0151 bizergeti csak<br>a metaforabokrokat.<\/p>\n\n\n\n<p>Mi m\u00e1st tehet,<br>olyb\u00e1 veszik.<\/p>\n\n\n\n<p>.<\/p>\n\n\n\n<p>.<\/p>\n\n\n\n<p>.<\/p>\n\n\n\n<p>.<\/p>\n\n\n\n<p><\/p>\n","protected":false},"excerpt":{"rendered":"<p>Juh\u00e1sz Korn\u00e9lia H\u00e1rom a magyar igazs\u00e1g B\u00e1r j\u00f3magam m\u00e9g nem vizsg\u00e1ltam meg szem\u00e9lyesen ennek a n\u00e9pcsoportnak az\u00a0\u00e9letm\u00f3dj\u00e1t, de eljutott hozz\u00e1m a h\u00edr, hogy a Proxima Kentaurin\u00a0\u00e9lnek olyan l\u00e9nyek, a f\u00f6ldi Velociraptorokhoz hasonlatos fej\u0171, l\u00f3l\u00e1bakon j\u00e1r\u00f3\u00a0Raptaurok, akiknek nem l\u00e9tezik vil\u00e1gokon innen\u00a0\u00e9s &hellip; <a href=\"https:\/\/opus-folyoirat.sk\/?page_id=20\">Egy kattint\u00e1s ide a folytat\u00e1shoz&#8230;. <span class=\"meta-nav\">&rarr;<\/span><\/a><\/p>\n","protected":false},"author":4,"featured_media":0,"parent":0,"menu_order":3,"comment_status":"closed","ping_status":"closed","template":"","meta":{"footnotes":""},"class_list":["post-20","page","type-page","status-publish","hentry"],"_links":{"self":[{"href":"https:\/\/opus-folyoirat.sk\/index.php?rest_route=\/wp\/v2\/pages\/20","targetHints":{"allow":["GET"]}}],"collection":[{"href":"https:\/\/opus-folyoirat.sk\/index.php?rest_route=\/wp\/v2\/pages"}],"about":[{"href":"https:\/\/opus-folyoirat.sk\/index.php?rest_route=\/wp\/v2\/types\/page"}],"author":[{"embeddable":true,"href":"https:\/\/opus-folyoirat.sk\/index.php?rest_route=\/wp\/v2\/users\/4"}],"replies":[{"embeddable":true,"href":"https:\/\/opus-folyoirat.sk\/index.php?rest_route=%2Fwp%2Fv2%2Fcomments&post=20"}],"version-history":[{"count":355,"href":"https:\/\/opus-folyoirat.sk\/index.php?rest_route=\/wp\/v2\/pages\/20\/revisions"}],"predecessor-version":[{"id":5097,"href":"https:\/\/opus-folyoirat.sk\/index.php?rest_route=\/wp\/v2\/pages\/20\/revisions\/5097"}],"wp:attachment":[{"href":"https:\/\/opus-folyoirat.sk\/index.php?rest_route=%2Fwp%2Fv2%2Fmedia&parent=20"}],"curies":[{"name":"wp","href":"https:\/\/api.w.org\/{rel}","templated":true}]}}