{"id":2041,"date":"2025-02-11T18:06:39","date_gmt":"2025-02-11T16:06:39","guid":{"rendered":"https:\/\/opus-folyoirat.sk\/?page_id=2041"},"modified":"2025-02-11T18:14:04","modified_gmt":"2025-02-11T16:14:04","slug":"azert-a-nezo-az-ur-elmaradt-a-win-win","status":"publish","type":"page","link":"https:\/\/opus-folyoirat.sk\/?page_id=2041","title":{"rendered":"Az\u00e9rt a n\u00e9z\u0151 az \u00far \u2013 elmaradt a win-win"},"content":{"rendered":"\n<div class=\"wp-block-group is-vertical is-layout-flex wp-container-core-group-is-layout-8cf370e7 wp-block-group-is-layout-flex\">\n<p><br><em>M\u0171k\u00f6dhet-e p\u00e1tosz egy kalandfilmben?<\/em><\/p>\n\n\n\n<p><\/p>\n\n\n\n<p>Falu sz\u00e9l\u00e9n nagy a ricsaj, l\u00e1rma \u2013 bemutatt\u00e1k a <em>Most vagy soha<\/em> c\u00edm\u0171 \u201eoscaris\u201d d\u00edjas filmalkot\u00e1st. Az ironikus fel\u00fct\u00e9se eme \u00edr\u00e1snak okkal s joggal sz\u00e1nd\u00e9kos, hiszen a ricsaj tagadhatatlan, mik\u00e9nt az is, hogy annak sz\u00ednvonala messze alulm\u00falja az elv\u00e1rhat\u00f3 \u2013 minimum <em>treuga<\/em> <em>dei<\/em> \u2013 filmszakmai hozz\u00e1\u00e1ll\u00e1st; legink\u00e1bb egy b\u00e9k\u00e9s falusz\u00e9li kurta kocsma orsz\u00e1g\u00fati diszk\u00f3j\u00e1nak szombat esti l\u00e1zas \u00e1llapot\u00e1t id\u00e9zi azon id\u0151kb\u0151l, amikor egyetlen beteg \u00e9desanya sincs a k\u00f6zelben. S igen, engedtess\u00e9k meg nekem, hogy \u00e9ljek az ir\u00f3nia eszk\u00f6z\u00e9vel, hiszen \u2013 tulajdonk\u00e9ppen \u2013 maga a film is erre b\u00edztat, m\u00e9g ha az alkot\u00f3k ezzel ellent\u00e9tes nyilatkozataikkal alaposan belezavarnak a helyzet kommunik\u00e1l\u00e1s\u00e1ba. S ez a legf\u0151bb baj \u2013 minden probl\u00e9ma tal\u00e1n \u00e9pp ebb\u0151l fakad.<\/p>\n\n\n\n<figure class=\"wp-block-image size-large\"><img loading=\"lazy\" decoding=\"async\" width=\"1024\" height=\"383\" src=\"http:\/\/opus-folyoirat.sk\/wp-content\/uploads\/2024\/03\/Most_vagy_soha_12V_forum_weboldal_1070x400px-1024x383.jpeg\" alt=\"\" class=\"wp-image-1246\" srcset=\"https:\/\/opus-folyoirat.sk\/wp-content\/uploads\/2024\/03\/Most_vagy_soha_12V_forum_weboldal_1070x400px-1024x383.jpeg 1024w, https:\/\/opus-folyoirat.sk\/wp-content\/uploads\/2024\/03\/Most_vagy_soha_12V_forum_weboldal_1070x400px-300x112.jpeg 300w, https:\/\/opus-folyoirat.sk\/wp-content\/uploads\/2024\/03\/Most_vagy_soha_12V_forum_weboldal_1070x400px-768x287.jpeg 768w, https:\/\/opus-folyoirat.sk\/wp-content\/uploads\/2024\/03\/Most_vagy_soha_12V_forum_weboldal_1070x400px-500x187.jpeg 500w, https:\/\/opus-folyoirat.sk\/wp-content\/uploads\/2024\/03\/Most_vagy_soha_12V_forum_weboldal_1070x400px.jpeg 1070w\" sizes=\"auto, (max-width: 1024px) 100vw, 1024px\" \/><figcaption class=\"wp-element-caption\">A k\u00e9p forr\u00e1sa F\u00f3rum Hungary<\/figcaption><\/figure>\n\n\n\n<p>Mert h\u00e1t van itt k\u00e9t alapvet\u00e9s. Az egyik: m\u00e1r az alkot\u00f3munka folyamat\u00e1ban is egyszerre lett hangs\u00falyozva a nemzeti \u00e9rz\u00e9s tisztelg\u0151 f\u0151hajt\u00e1s\u00e1nak sz\u00e1nd\u00e9ka, \u00e9s a <em>Guy<\/em> <em>Ritchie<\/em> f\u00e9le sz\u00f3rakoztat\u00f3ipari alternat\u00edv t\u00f6rt\u00e9nelem-\u00e1br\u00e1zol\u00e1s. Ezt a film elej\u00e9re tett felh\u00edv\u00e1s is nyomat\u00e9kos\u00edtja: \u201e\u2026<em>ahogy t\u00f6rt\u00e9nhetett volna<\/em>.\u201d S azonnal mondjuk ki: ut\u00f3bbi sz\u00e1nd\u00e9kot a film mondhatni t\u00f6k\u00e9letesen val\u00f3s\u00edtotta meg. Ugyan bele-belekeveredett itt-ott n\u00e9mi <em>Monty<\/em> <em>Python<\/em> megold\u00e1s, de ki az, aki egy j\u00f3kedv\u0171 forgat\u00e1s sor\u00e1n ennek ellen tudna \u00e1llni? (Gondolok itt <em>von Ledere<\/em>r kalpagj\u00e1ra, s a m\u00e9g a kardn\u00e1l is f\u00e9nyesebb csizm\u00e1j\u00e1ra, amellyel \u00fagy halad \u00e1t a l\u00f3citromos utc\u00e1n, mintha Aladin l\u00e9gp\u00e1rn\u00e1s var\u00e1zssz\u0151nyege lenne alatta, <em>a\u2019la Guy Ritchie<\/em>. Vagy \u00e9pp az olasz hadfiak tan\u00e1cstalan arca, amikor \u00fagy t\u0171n\u0151dnek a ford\u00edtva tartott z\u00e1szl\u00f3 testv\u00e9ris\u00e9g-szimb\u00f3lum\u00e1n, mintha az lenne a k\u00e9rd\u00e9s, hogy mennyi a t\u00f6ketlen fecske rep\u00fcl\u00e9si sebess\u00e9ge.) De mondom, ez r\u00e9szemr\u0151l nem elutas\u00edt\u00e1s, \u00e9pp ellenkez\u0151leg: maxim\u00e1lis elfogad\u00e1sa ama ironikus j\u00e1t\u00e9knak, ami am\u00fagy meglehet\u0151sen kiverte a vizet ugyanezen \u2013 most \u00e9ljenz\u0151 \u2013 kritikus t\u00e1boron bel\u00fcl, amikor <em>Jancs\u00f3<\/em> \u201eKapa \u00e9s Pepe\u201d filmjeit, vagy a Magyar v\u00e1ndort kellett min\u0151s\u00edteni.&nbsp;<\/p>\n\n\n\n<figure class=\"wp-block-image size-large\"><img loading=\"lazy\" decoding=\"async\" width=\"1024\" height=\"683\" src=\"http:\/\/opus-folyoirat.sk\/wp-content\/uploads\/2024\/03\/0220527_GL8_3948-1024x683.jpeg\" alt=\"\" class=\"wp-image-1247\" srcset=\"https:\/\/opus-folyoirat.sk\/wp-content\/uploads\/2024\/03\/0220527_GL8_3948-1024x683.jpeg 1024w, https:\/\/opus-folyoirat.sk\/wp-content\/uploads\/2024\/03\/0220527_GL8_3948-300x200.jpeg 300w, https:\/\/opus-folyoirat.sk\/wp-content\/uploads\/2024\/03\/0220527_GL8_3948-768x512.jpeg 768w, https:\/\/opus-folyoirat.sk\/wp-content\/uploads\/2024\/03\/0220527_GL8_3948-1536x1024.jpeg 1536w, https:\/\/opus-folyoirat.sk\/wp-content\/uploads\/2024\/03\/0220527_GL8_3948-450x300.jpeg 450w, https:\/\/opus-folyoirat.sk\/wp-content\/uploads\/2024\/03\/0220527_GL8_3948.jpeg 1600w\" sizes=\"auto, (max-width: 1024px) 100vw, 1024px\" \/><figcaption class=\"wp-element-caption\">A k\u00e9p forr\u00e1sa F\u00f3rum Hungary<\/figcaption><\/figure>\n\n\n\n<p>De h\u00e1t \u2013 a k\u00f6r\u00edt\u00e9s. A nyilatkozatok. Hogyan \u00e9rtelmezz\u00fck eleve a dolgot mag\u00e1t? Amikor az \u201e\u2026ahogy lehetett volna\u201d szlogen ut\u00e1n meghatott, patetikus, m\u00e9ly nemzeti b\u00fcszkes\u00e9gt\u0151l elcsukl\u00f3 hang\u00fa felsz\u00f3l\u00edt\u00e1sok \u00e9rkeznek az alkot\u00f3kt\u00f3l: aki magyar, vel\u00fcnk tart, ezt a filmet hazafias k\u00f6teless\u00e9g megn\u00e9zni, \u00fcnnepelni, s h\u00e1t, igencsak komolyan venni. Mik\u00f6zben az van, hogy a t\u00f6rt\u00e9nelemben \u2013 ha m\u00e1r ez a m\u00e9rce \u2013 nincs \u201eha\u201d. Az a fikci\u00f3s reg\u00e9nyek m\u0171faja, a <em>fantasy<\/em> vil\u00e1ga, amit lehet nagyon j\u00f3l megcsin\u00e1lni, dr\u00e1mai vagy v\u00edgj\u00e1t\u00e9ki szitu\u00e1ci\u00f3kat teremtve; vannak erre remek p\u00e9ld\u00e1k, na de az nem lehet elv\u00e1r\u00e1s, hogy <em>h\u00e9tszents\u00e9gnek<\/em> fogadjuk el a l\u00e1tottakat. Azt p\u00e9ld\u00e1ul, hogy maga Pet\u0151fi \u00fagy bolyongja v\u00e9gig a filmet a sok-sok fordulat sor\u00e1n, mint aki egyed\u00fcl \u00e9rzi \u00e1t a nap s\u00faly\u00e1t, de mintha valami alternat\u00edv vil\u00e1gba cs\u00f6ppent volna. Vele egy\u00fctt Farkasch, a b\u00e9r(?)gyilkos(?), aki mindent megtesz az\u00e9rt, hogy meg\u00e1ll\u00edtsa a folyamatot, de nagyj\u00e1b\u00f3l akkora el\u00e1nnal \u00e9s es\u00e9llyel k\u00fczd a d\u00f6ntetlen\u00e9rt, mint a Fekete Lovag a f\u00f6ntebb eml\u00edtett filmben. Am\u00fagy szeg\u00e9ny <em>Horv\u00e1th Lajos Ott\u00f3<\/em>, azt gondolom, nem \u00f6r\u00fcl a szerep\u00e9\u00e9rt kapott szuperlat\u00edvusz-jelz\u0151knek. Mert ami val\u00f3ban vil\u00e1gsz\u00ednvonal\u00fa alak\u00edt\u00e1s volt t\u0151le, az \u2013 a sok sz\u00e1momra eml\u00e9kezetes k\u00f6z\u00fcl csak kett\u0151t emelek ki \u2013 a Morusban a <em>H\u00e9tk\u00f6znapi Ember<\/em> figur\u00e1ja, \u00e9s a Caligula helytart\u00f3j\u00e1ban <em>Baraki\u00e1s<\/em> alakja. Az egyikben Eperjes, a m\u00e1sikban Trill vel\u00fck azonos \u00e9rt\u00e9ken mozg\u00f3 t\u00e1rsa \u2013 azt gondolom, m\u00e1r kij\u00e1rt volna neki is ennek legmagasabb szakmai elismer\u00e9se. Na de nem igaz\u00e1n Farkasch megform\u00e1l\u00e1s\u00e1\u00e9rt\u2026<\/p>\n\n\n\n<figure class=\"wp-block-image size-large\"><img loading=\"lazy\" decoding=\"async\" width=\"1024\" height=\"683\" src=\"http:\/\/opus-folyoirat.sk\/wp-content\/uploads\/2024\/03\/0220809_GLZ_3146-1024x683.jpeg\" alt=\"\" class=\"wp-image-1248\" srcset=\"https:\/\/opus-folyoirat.sk\/wp-content\/uploads\/2024\/03\/0220809_GLZ_3146-1024x683.jpeg 1024w, https:\/\/opus-folyoirat.sk\/wp-content\/uploads\/2024\/03\/0220809_GLZ_3146-300x200.jpeg 300w, https:\/\/opus-folyoirat.sk\/wp-content\/uploads\/2024\/03\/0220809_GLZ_3146-768x512.jpeg 768w, https:\/\/opus-folyoirat.sk\/wp-content\/uploads\/2024\/03\/0220809_GLZ_3146-1536x1024.jpeg 1536w, https:\/\/opus-folyoirat.sk\/wp-content\/uploads\/2024\/03\/0220809_GLZ_3146-450x300.jpeg 450w, https:\/\/opus-folyoirat.sk\/wp-content\/uploads\/2024\/03\/0220809_GLZ_3146.jpeg 1600w\" sizes=\"auto, (max-width: 1024px) 100vw, 1024px\" \/><figcaption class=\"wp-element-caption\">A k\u00e9p forr\u00e1sa F\u00f3rum Hungary<\/figcaption><\/figure>\n\n\n\n<p>Summ\u00e1zva: ez a <em>Most vagy soha<\/em> egy remek fantasy, val\u00f3ban l\u00e1tv\u00e1nyos, sz\u00f3rakoztat\u00f3, szinte egyetlen kiv\u00e9tel akad benne: a t\u00f6rt\u00e9nelem t\u00e9nyeit\u0151l, azok s\u00faly\u00e1t\u00f3l szabadulni sehogy sem b\u00edr\u00f3 Pet\u0151fi. Aki, mondtam, \u00fagy bolyong az esem\u00e9nyek h\u0151sek\u00e9nt ebben a j\u00e1t\u00e9kban, mint egy k\u00edv\u00fcl\u00e1ll\u00f3; \u00fagy, mint akinek \u2013 egyed\u00fclik\u00e9nt \u2013 nem sz\u00f3ltak arr\u00f3l, hogy ez a forgat\u00e1s \u2013 ha m\u00e1r el\u0151zm\u00e9nyt keres\u00fcnk \u2013 ink\u00e1bb a <em>Pet\u0151fi \u201973<\/em>-hoz \u00e1ll k\u00f6zelebb, csak ann\u00e1l n\u00e9mik\u00e9pp vid\u00e1mabb \u00e9s sz\u00f3rakoztat\u00f3bb. De az \u00fczenet l\u00e9nyege: az ifj\u00fas\u00e1g, \u201emint suhog\u00f3, f\u00f3li\u00e1ba z\u00e1rt lobog\u00f3\u201d v\u00e9g\u00fcl az agyon\u00e1zott Nemzeti dal els\u0151 kiad\u00e1sa mell\u00e9 ker\u00fcl, a vitrinbe.&nbsp;<\/p>\n\n\n\n<p>R\u00f6gz\u00edts\u00fck teh\u00e1t: elk\u00e9sz\u00fclt egy l\u00e1tv\u00e1nyos, helyenk\u00e9nt nagyon magas szinten, kiv\u00e1l\u00f3an megval\u00f3s\u00edtott sz\u00f3rakoztat\u00f3ipari term\u00e9k, \u00e1m ezt a t\u00f6rt\u00e9nelmi tanuls\u00e1gok \u00e9s a hagyom\u00e1nyok el\u0151tti f\u0151hajt\u00e1sk\u00e9nt t\u00e1lalni \u00e9s \u00e9rt\u00e9kelni t\u00f6bb, mint b\u0171n lenne. Hiba. Ahogyan hiba megk\u00f6nnyezni azt is, hogy est\u00e9re gy\u0151zt\u00fcnk. Mert az \u00f6r\u00f6mk\u00f6nnyek p\u00e1tosza elf\u00f6di a k\u00f6vetkez\u0151 \u00e9vek k\u00fczdelmeit, f\u00e1jdalmait, elf\u00f6di Segesv\u00e1rt, el a v\u00e9rtan\u00fakat, s el mindazt, amit a t\u00f6rt\u00e9nelem\u00f3r\u00e1kon valahogy meg kell tan\u00edtani a di\u00e1koknak. S h\u00e1t ez nem az a film, amire \u00f3rav\u00e1zlatot lehet \u00e9p\u00edteni. &nbsp;<\/p>\n\n\n\n<figure class=\"wp-block-image size-large\"><img loading=\"lazy\" decoding=\"async\" width=\"1024\" height=\"683\" src=\"http:\/\/opus-folyoirat.sk\/wp-content\/uploads\/2024\/03\/0220621_GLZ_3545-1024x683.jpeg\" alt=\"\" class=\"wp-image-1249\" srcset=\"https:\/\/opus-folyoirat.sk\/wp-content\/uploads\/2024\/03\/0220621_GLZ_3545-1024x683.jpeg 1024w, https:\/\/opus-folyoirat.sk\/wp-content\/uploads\/2024\/03\/0220621_GLZ_3545-300x200.jpeg 300w, https:\/\/opus-folyoirat.sk\/wp-content\/uploads\/2024\/03\/0220621_GLZ_3545-768x512.jpeg 768w, https:\/\/opus-folyoirat.sk\/wp-content\/uploads\/2024\/03\/0220621_GLZ_3545-1536x1024.jpeg 1536w, https:\/\/opus-folyoirat.sk\/wp-content\/uploads\/2024\/03\/0220621_GLZ_3545-450x300.jpeg 450w, https:\/\/opus-folyoirat.sk\/wp-content\/uploads\/2024\/03\/0220621_GLZ_3545.jpeg 1600w\" sizes=\"auto, (max-width: 1024px) 100vw, 1024px\" \/><\/figure>\n\n\n\n<p>Persze, minden elk\u00e9pzelhet\u0151. S\u0151t, a k\u00e9pzelet vil\u00e1ga b\u00e1rmit f\u00f6l\u00e9p\u00edthet. Lehetne egy filmet forgatni arr\u00f3l, hogy <em>Ling<\/em> (a video b\u00edr\u00f3ra hallgatva) megadja Pusk\u00e1s egyenl\u00edt\u0151 g\u00f3lj\u00e1t, majd a hosszabb\u00edt\u00e1sban Hidegkuti mesterh\u00e1rmas\u00e1val hat-h\u00e1romra gy\u0151z\u00fcnk a vil\u00e1gbajnoki d\u00f6nt\u0151ben, 1954-ben. S err\u0151l mindenki tudna, kiv\u00e9ve Eperjes K\u00e1rolyt, aki <em>T\u00edm\u00e1r<\/em> filmj\u00e9ben \u2013 mondjuk \u2013 \u00fagy bolyongana, mint Pet\u0151fi a k\u00f6dben. \u201eDe csak \u00e1lmodozzatok, mert ez Hollywood, \u00e1lmodni j\u00f3, csak \u00e1lmodozzatok!\u201d \u2013 \u00e9rkezne, eme klasszikust rikkantva a st\u00e1blista v\u00e9g\u00e9re Emich, alias <em>Nagy<\/em> <em>S\u00e1ndor<\/em>, aki nekem a film igazi felfedezettje. Hamis\u00edtatlan buffoon \u2013 akire nem filmet, de ak\u00e1r egy meg\u00fajul\u00f3 sz\u00f3rakoztat\u00f3 v\u00edgj\u00e1t\u00e9kfilm-korszakot lehet(ne) \u00e9p\u00edteni.<\/p>\n\n\n\n<p>\u0150 az, aki \u2013 sz\u00e1momra \u2013 kiragyogott a <em>k\u00f3rus<\/em>b\u00f3l.<\/p>\n\n\n\n<p class=\"has-text-align-right\"><\/p>\n<\/div>\n\n\n\n<p class=\"has-text-align-right\"><em>Tam\u00e1si Orosz J\u00e1nos<\/em><\/p>\n","protected":false},"excerpt":{"rendered":"<p>M\u0171k\u00f6dhet-e p\u00e1tosz egy kalandfilmben? Falu sz\u00e9l\u00e9n nagy a ricsaj, l\u00e1rma \u2013 bemutatt\u00e1k a Most vagy soha c\u00edm\u0171 \u201eoscaris\u201d d\u00edjas filmalkot\u00e1st. Az ironikus fel\u00fct\u00e9se eme \u00edr\u00e1snak okkal s joggal sz\u00e1nd\u00e9kos, hiszen a ricsaj tagadhatatlan, mik\u00e9nt az is, hogy annak sz\u00ednvonala messze &hellip; <a href=\"https:\/\/opus-folyoirat.sk\/?page_id=2041\">Egy kattint\u00e1s ide a folytat\u00e1shoz&#8230;. <span class=\"meta-nav\">&rarr;<\/span><\/a><\/p>\n","protected":false},"author":4,"featured_media":0,"parent":1068,"menu_order":0,"comment_status":"closed","ping_status":"closed","template":"","meta":{"footnotes":""},"class_list":["post-2041","page","type-page","status-publish","hentry"],"_links":{"self":[{"href":"https:\/\/opus-folyoirat.sk\/index.php?rest_route=\/wp\/v2\/pages\/2041","targetHints":{"allow":["GET"]}}],"collection":[{"href":"https:\/\/opus-folyoirat.sk\/index.php?rest_route=\/wp\/v2\/pages"}],"about":[{"href":"https:\/\/opus-folyoirat.sk\/index.php?rest_route=\/wp\/v2\/types\/page"}],"author":[{"embeddable":true,"href":"https:\/\/opus-folyoirat.sk\/index.php?rest_route=\/wp\/v2\/users\/4"}],"replies":[{"embeddable":true,"href":"https:\/\/opus-folyoirat.sk\/index.php?rest_route=%2Fwp%2Fv2%2Fcomments&post=2041"}],"version-history":[{"count":2,"href":"https:\/\/opus-folyoirat.sk\/index.php?rest_route=\/wp\/v2\/pages\/2041\/revisions"}],"predecessor-version":[{"id":2044,"href":"https:\/\/opus-folyoirat.sk\/index.php?rest_route=\/wp\/v2\/pages\/2041\/revisions\/2044"}],"up":[{"embeddable":true,"href":"https:\/\/opus-folyoirat.sk\/index.php?rest_route=\/wp\/v2\/pages\/1068"}],"wp:attachment":[{"href":"https:\/\/opus-folyoirat.sk\/index.php?rest_route=%2Fwp%2Fv2%2Fmedia&parent=2041"}],"curies":[{"name":"wp","href":"https:\/\/api.w.org\/{rel}","templated":true}]}}