{"id":2203,"date":"2025-01-14T11:13:00","date_gmt":"2025-01-14T09:13:00","guid":{"rendered":"https:\/\/opus-folyoirat.sk\/?page_id=2203"},"modified":"2025-11-19T00:41:39","modified_gmt":"2025-11-18T22:41:39","slug":"kovacs-jolanka","status":"publish","type":"page","link":"https:\/\/opus-folyoirat.sk\/?page_id=2203","title":{"rendered":"Kov\u00e1cs Jol\u00e1nka"},"content":{"rendered":"\n<p class=\"has-medium-font-size\"><strong>A val\u00f3s\u00e1g falai<\/strong><\/p>\n\n\n<div class=\"has-text-align-right wp-block-post-date\"><time datetime=\"2025-01-14T11:13:00+02:00\">2025-01-14<\/time><\/div>\n\n\n<p><\/p>\n\n\n<div class=\"wp-block-image\">\n<figure class=\"alignright size-full is-resized\"><img loading=\"lazy\" decoding=\"async\" width=\"615\" height=\"900\" src=\"https:\/\/opus-folyoirat.sk\/wp-content\/uploads\/2025\/02\/Fellinger\u2013Hetpecsetes-szabadulas.jpeg\" alt=\"\" class=\"wp-image-2206\" style=\"width:299px;height:auto\" srcset=\"https:\/\/opus-folyoirat.sk\/wp-content\/uploads\/2025\/02\/Fellinger\u2013Hetpecsetes-szabadulas.jpeg 615w, https:\/\/opus-folyoirat.sk\/wp-content\/uploads\/2025\/02\/Fellinger\u2013Hetpecsetes-szabadulas-205x300.jpeg 205w\" sizes=\"auto, (max-width: 615px) 100vw, 615px\" \/><\/figure><\/div>\n\n\n<p>Ig\u00e9nyes, sz\u00e9p k\u00f6tet a Fellinger K\u00e1roly 60. sz\u00fclet\u00e9snapja alkalm\u00e1val a dunaszerdahelyi V\u00e1mb\u00e9ry Polg\u00e1ri T\u00e1rsul\u00e1s gondoz\u00e1s\u00e1ban 2023-ban megjelent <em>H\u00e9tpecs\u00e9tes szabadul\u00e1s<\/em>, mely \u00f6sszesen 291 verset tartalmaz, a szerkeszt\u0151, Tam\u00e1si Orosz J\u00e1nos \u00e1ltal tizenegy ciklusba rendezve. Ezek a kiv\u00e1l\u00f3an megszerkesztett ciklusok mindegyike a maga m\u00f3dj\u00e1n \u00e9rdekes \u00e9s figyelemfelkelt\u0151, ak\u00e1r a t\u00e9ma, a hangulat, a gondolati s\u00edk, vagy a pillanatk\u00e9pek, s az \u00e1ltaluk a k\u00f6lt\u0151ben kiv\u00e1ltott \u00e9rzelmek, megl\u00e1t\u00e1sok, asszoci\u00e1ci\u00f3k k\u00f6tik kisebb vagy nagyobb csokorba a verseket \u2013 az \u00e9rdekl\u0151d\u0151 olvas\u00f3 megk\u00f6nnyebb\u00fcl\u00e9s\u00e9re, hisz egy majdnem n\u00e9gysz\u00e1z oldalas versesk\u00f6tet elolvas\u00e1sa val\u00f3ban pr\u00f3b\u00e1ra teszi befogad\u00f3k\u00e9pess\u00e9g\u00e9t. Ha viszont ciklusonk\u00e9nt olvassa el a k\u00f6tetet, ak\u00e1r hosszabb sz\u00fcneteket iktatva is be egyik-m\u00e1sik k\u00f6z\u00f6tt, az olvas\u00f3i \u00e9lm\u00e9ny garant\u00e1lt.&nbsp;<\/p>\n\n\n\n<p>A versciklusokban igen frapp\u00e1nsan elegy\u00edtette a szerkeszt\u0151 Fellinger r\u00e9gebbi \u00e9s \u00fajabb verseit (nagyj\u00e1b\u00f3l negyven \u00e9v versterm\u00e9s\u00e9r\u0151l van itt sz\u00f3), olyannyira, hogy annak figyelme, aki ismeri a szerz\u0151 eddigi (tiszteletre m\u00e9lt\u00f3an gazdag!) k\u00f6lt\u0151i opus\u00e1t, nem arra fog f\u00f3kusz\u00e1lni, hogy a versek k\u00f6z\u00fcl melyek a r\u00e9giek \u00e9s melyek az \u00fajak, hanem belemer\u00fcl a mondanival\u00f3ba, a versek sokf\u00e9les\u00e9g\u00e9be, megragadja a szerz\u0151 k\u00fclvil\u00e1g ir\u00e1nti \u00e9rz\u00e9kenys\u00e9ge, meglep\u0151en \u0151szinte megnyilv\u00e1nul\u00e1sai, ahogyan \u00e9lete esem\u00e9nyeir\u0151l \u00edr, s a t\u00e9m\u00e1i \u2013 a sz\u00fclet\u00e9s, a hal\u00e1l, az id\u0151, a l\u00e9tez\u00e9s \u00e9rtelme-\u00e9rtelmetlens\u00e9ge, az alkot\u00e1s, az emberi viszonyok \u2013, melyek boncolgat\u00e1s\u00e1ba maga az olvas\u00f3 is belemer\u00fcl. A k\u00f6tet v\u00e1logat\u00e1s teh\u00e1t, a sz\u00f3 legig\u00e9nyesebb \u00e9rtelm\u00e9ben, s mivel Fellingernek 2016-ban, az AB ART kiad\u00f3 kiad\u00e1s\u00e1ban megjelentek m\u00e1r a <em>Legszebb versei<\/em>, tal\u00e1n ne is mondjuk \u00fagy, hogy a <em>H\u00e9tpecs\u00e9tes szabadul\u00e1s<\/em> a szerz\u0151 eddigi verseinek a legszebbjeit tartalmazza, de a legkiv\u00e1l\u00f3bbak nagy r\u00e9sz\u00e9t eg\u00e9szen bizonyosan.<\/p>\n\n\n\n<p>A fekete alapsz\u00edn\u0171 bor\u00edt\u00f3n Szkuk\u00e1lek Lajos felvid\u00e9ki fest\u0151m\u0171v\u00e9sz, illusztr\u00e1tor, grafikus <em>A nagy<\/em> <em>utaz\u00f3<\/em> c\u00edm\u0171 festm\u00e9nye l\u00e1that\u00f3: intenz\u00edv sz\u00ednei, sz\u00fcrrealista \u00e9s a val\u00f3s\u00e1gb\u00f3l kiragadott k\u00e9pekb\u0151l \u00f6ssze\u00e1ll\u00f3 kompoz\u00edci\u00f3ja, az ellentmond\u00e1sok, a humor, a groteszk egyes\u00edt\u00e9se p\u00e1rhuzamba vonhat\u00f3 Fellinger k\u00f6lt\u00e9szet\u00e9vel.<\/p>\n\n\n\n<p>A nyit\u00f3 vers (<em>Szerkeszt\u0151imnek<\/em>) mintegy megel\u0151legezi az \u00f6r\u00f6k k\u00e9rd\u00e9st, mennyire \u00e9s milyen \u00e9rtelemben j\u00e1rulnak hozz\u00e1 a szerkeszt\u0151k a szerz\u0151 k\u00f6lt\u0151i vagy \u00edr\u00f3i p\u00e1ly\u00e1j\u00e1nak felfel\u00e9 \u00edvel\u00e9s\u00e9hez, avagy alkot\u00f3kedve hanyatl\u00e1s\u00e1hoz, netal\u00e1n megtorpan\u00e1s\u00e1hoz. <em>\u201enem megk\u00f6veznek, megcsillagoznak, \/ a kavics mindig az \u00fctk\u00f6z\u0151ponton \/ v\u00e1r a sz\u00edv sor\u00e1ra\u2026\u201d<\/em> \u2013 \u00edrja Fellinger, aki maga is azon k\u00f6lt\u0151k sor\u00e1ba tartozik, kiknek p\u00e1ly\u00e1ja \u00e9ppen a kev\u00e9sb\u00e9 j\u00f3indulat\u00fa szerkeszt\u0151k \u00e9s irodalomkritikusok megjegyz\u00e9sei miatt volt r\u00f6g\u00f6s, \u00e9s annak kezdeti szakasz\u00e1ban a kritikusi v\u00e9lem\u00e9nyek miatt elbizonytalanodva hallgatott el id\u0151nk\u00e9nt.&nbsp;<\/p>\n\n\n\n<p>A nyit\u00f3vers ut\u00e1n Tam\u00e1si Orosz J\u00e1nos alapos \u00e9s szakavatott el\u0151szava el\u0151legezi meg a verseket, melyet elolvasva nemcsak a szerkeszt\u0151 egy\u00e9ni megl\u00e1t\u00e1sai \u00e9s megk\u00f6zel\u00edt\u00e9sei alapj\u00e1n \u00e9rthetj\u00fck meg jobban Fellinger k\u00f6lt\u00e9szet\u00e9t, de m\u00e1s, a szerz\u0151 eddigi k\u00f6teteivel foglalkoz\u00f3 irodalomkritikusok recenzi\u00f3inak kiemelt r\u00e9szletei alapj\u00e1n is.<\/p>\n\n\n\n<p>A k\u00f6tet <em>\u201e\u2026Csak falai vannak\u2026\u201d<\/em> c\u00edm\u0171, nyit\u00f3 ciklus\u00e1ban a k\u00f6lt\u0151 a l\u00e9tez\u00e9s, a jelen, a j\u00f6v\u0151 <em>(\u201emely, ak\u00e1r a b\u0151r\u00f6d, \/ levethetetlen.\u201d)<\/em>, a muland\u00f3s\u00e1g <em>(\u201ea h\u0171s\u00e9ges \/ elm\u00fal\u00e1s szele, maga k\u00f6r\u00e9 csavar\u201d)<\/em>, a val\u00f3s\u00e1g abszurdit\u00e1s\u00e1nak, de ugyanakkor \u00e9rtelmez\u00e9s\u00e9nek k\u00e9rd\u00e9seire is keresi a v\u00e1laszt, \u00e1m \u00fajra meg \u00fajra akad\u00e1lyba \u00fctk\u00f6zik. <em>\u201ea val\u00f3s\u00e1gnak csak falai vannak\u201d<\/em> \u2013 mondja ki a <em>Valamit a falakr\u00f3l<\/em> c. versben, s ugyanez a meg\u00e1llap\u00edt\u00e1s nemcsak a k\u00f6tet els\u0151 ciklus\u00e1t alkot\u00f3 versek konkr\u00e9t vagy rejtett mot\u00edvumak\u00e9nt vezeti gondolatait, de m\u00e1s filozofikus versei vez\u00e9rfonal\u00e1nak is tekinthet\u0151. A <em>Haszontalan vers<\/em> kedves naivit\u00e1sa, a feln\u0151tt l\u00e9lekben megmaradt gyermekis\u00e9g k\u00e9pez \u00e1thajl\u00e1st az <em>\u2026Aput se engedn\u00e9k\u2026<\/em> c\u00edm\u0171 sv\u00e9d gyermekverseket tartalmaz\u00f3 ciklusba (\u00e9ppen olyan tal\u00e1l\u00f3an, ahogyan majd a <em>Kagyl\u00f3<\/em> c. vers lesz a h\u00edd a k\u00f6vetkez\u0151 az <em>\u201e\u2026Amikor verset \u00edr\u2026\u201d<\/em> fejezetbe). Fellinger K\u00e1roly, a gyermekl\u00e9lek kiv\u00e1l\u00f3 ismer\u0151je ezekben a r\u00edm n\u00e9lk\u00fcli versmonol\u00f3gokban magas fok\u00fa emp\u00e1ti\u00e1val ad sz\u00f3t csavaros \u00e9szj\u00e1r\u00e1s\u00fa, a feln\u0151ttek vil\u00e1g\u00e1t \u00e9beren figyel\u0151, \u00e9s a maguk m\u00f3dj\u00e1n \u00e9rtelmezni pr\u00f3b\u00e1l\u00f3 gyerekeknek \u00e9s \u0151szinte megnyilv\u00e1nul\u00e1saiknak, mint ahogyan eddig megjelent sv\u00e9d t\u00edpus\u00fa gyerekverseket tartalmaz\u00f3 h\u00e9t k\u00f6tet\u00e9ben is. Ezek mindegyike a feln\u0151tteknek is sz\u00f3l, utalva arra, hogy rohan\u00f3 vil\u00e1gunkban val\u00f3ban gyakrabban kellene odafigyeln\u00fcnk gyermekeink megl\u00e1t\u00e1saira, \u00e9rzelmi megnyilv\u00e1nul\u00e1saikra, k\u00e9rd\u00e9seikre, \u00e9s nem hagyni \u0151ket magukra szem\u00e9lyis\u00e9g\u00fck alakul\u00e1s\u00e1nak bonyolult \u00e9s fontos folyamat\u00e1ban.<\/p>\n\n\n\n<p>Az \u00edr\u00e1s, Fellinger \u00e9let\u00e9nek l\u00e9teleme, meghat\u00e1roz\u00f3ja, <em>\u201e\u00edrni az \u00edr\u00e1sr\u00f3l\u201d<\/em>-verseket is igen gyakran pattant ki a szerz\u0151 toll\u00e1b\u00f3l. Az <em>\u201e\u2026Amikor verset \u00edr\u2026\u201d<\/em> ciklus t\u00e9m\u00e1ja a vers (ami <em>\u201eA nem l\u00e9tez\u0151 m\u00e9rleg hi\u00e1nyz\u00f3 nyel- \/ ve\u201d<\/em> \u2013 <em>Magnet\u00e1r<\/em>), a k\u00f6lt\u00e9szet <em>(\u201ea k\u00f6lt\u00e9szet maga \/ eleve \/ cenz\u00far\u00e1zza a verset, \/ nem enged \/ a sorok k\u00f6z\u00e9.\u201d \u2013 K\u00f6szv\u00e9ny)<\/em>, a szavak, hisz jelent\u00e9startalmuk elemz\u00e9se Fellinger k\u00f6lt\u00e9szet\u00e9nek egyik fontos alapk\u00f6ve, a pont, a jelent\u00e9s, a mondanival\u00f3 <em>(\u201eA p\u00e1r soros \/ verset \u00fagy \u00edrom, \/ mintha csak egy \/ v\u00e9gtelen hossz\u00fa \/ s\u00e1lat k\u00f6tn\u00e9k.\u201d<\/em> \u2013 <em>A mondanival\u00f3<\/em>), a nyelv. Ezek a versek szinte a k\u00f6lt\u0151 ars poetic\u00e1ja egy-egy darabj\u00e1nak is tekinthet\u0151k.<\/p>\n\n\n\n<p>Egy\u00e9ni megl\u00e1t\u00e1sokkal, r\u00e1\u00e9rz\u00e9ssel, brav\u00faros nyelvi megold\u00e1sokkal foglalja versbe Fellinger k\u00fcl\u00f6nb\u00f6z\u0151 korokban \u00e9lt \u00e9s m\u00e1s-m\u00e1s st\u00edlusjegyeket k\u00e9pvisel\u0151 fest\u0151k, filmrendez\u0151k alkot\u00e1sainak szeml\u00e9l\u00e9se \u00e1ltal a benne kiv\u00e1ltott asszoci\u00e1ci\u00f3kat, \u00e9rz\u00e9seket a <em>\u201e\u2026Leakasztom a k\u00e9pet\u2026\u201d<\/em> ciklus verseiben. Ezzel ugyanakkor az olvas\u00f3 is r\u00e9szes\u00e9v\u00e9 v\u00e1lik az irodalom m\u00e1s m\u0171v\u00e9szetekkel val\u00f3 p\u00e1rhuzamba \u00e1ll\u00edt\u00e1s\u00e1nak folyamat\u00e1val, hisz a versek elolvas\u00e1sa arra \u00f6szt\u00f6nzi, hogy a k\u00e9peknek is ut\u00e1nan\u00e9zzen, \u00e9s ne csak Fellinger asszoci\u00e1ci\u00f3inak versbe foglal\u00e1sa ny\u00fajtson neki irodalmi \u00e9lm\u00e9nyt, hanem a festm\u00e9nyt vagy a film pillanatk\u00e9peit szeml\u00e9lve saj\u00e1t k\u00e9pzett\u00e1rs\u00edt\u00e1sai alapj\u00e1n \u00e9lje meg, fogadja be a m\u0171alkot\u00e1s \u00e1ltal benne felid\u00e9zett \u00e9rz\u00e9seket, hangulatokat. Fellinger k\u00fcl\u00f6n alkot\u00f3i korszak\u00e1ban sz\u00fclettek a k\u00e9pz\u0151m\u0171v\u00e9szet, a film \u00e9s a k\u00f6lt\u00e9szet \u00f6sszefon\u00f3d\u00e1s\u00e1t t\u00fckr\u00f6z\u0151 versei (k\u00e9t k\u00f6tete is megjelent ilyen t\u00e9m\u00e1j\u00fa versekkel: <em>A teremt\u00e9s sz\u00e9ps\u00e9ghib\u00e1i<\/em> \u00e9s <em>A fert\u00e1lyos asszony<\/em>, mindkett\u0151 2023-ban), s hiszem, hogy ennek lesz m\u00e9g folytat\u00e1sa.<\/p>\n\n\n\n<p><em>\u201eablakomon m\u00e9g \/ be-beles a v\u00e9gtelen \/ otthon tart v\u00e9g\u00fcl\u201d <\/em>\u2013 \u00edrja Fellinger a <em>\u201e\u2026Vak napok<\/em> <em>k\u00f6r\u00f6znek\u2026\u201d<\/em> ciklusban, az <em>Allegro Barbaro<\/em> c\u00edm\u0171 vers m\u00e1sodik (<em>Psalmus Hungaricus<\/em> alc\u00edm\u0171) r\u00e9sz\u00e9ben, s ez a h\u00e1rom sor ak\u00e1r kiindul\u00f3pontja, ak\u00e1r jelz\u00e9se is lehetne a kisebbs\u00e9gi identit\u00e1s meg\u00e9l\u00e9s\u00e9nek, ami a ciklust \u00e1thatja \u00e9s egyes\u00edti. Nagyobb terjedelm\u0171, elbesz\u00e9l\u0151 jelleg\u0171 szabadverseiben magyars\u00e1g\u00e1val, csal\u00e1dj\u00e1val kapcsolatos m\u00faltbeli \u00e9s jelenkori, javar\u00e9szt keser\u0171 tapasztalatait \u00edrja le a szerz\u0151 (mes\u00e9li \u2013 s h\u00f6mp\u00f6ly\u00f6g a mondanival\u00f3, mag\u00e1val ragadva \u00e9s lek\u00f6tve az olvas\u00f3 figyelm\u00e9t) val\u00f3szer\u0171en, r\u00e9szletesen. Nem panasz\u00e1radatok ezek, \u00e9rzelmi t\u00falteng\u00e9s sehol, hiszen t\u00e9nyeket \u00edr le, cseppet sem vid\u00e1m \u00e9lm\u00e9nyeket, melyek azonban az adott helyen, az adott orsz\u00e1gban m\u00e1sk\u00e9pp nem is t\u00f6rt\u00e9nhettek. Fellinger v\u00e1llalja ezt a sorsszer\u0171s\u00e9get, s azt is, hogy mindezt ny\u00edltan az olvas\u00f3 el\u00e9 t\u00e1rja, hisz \u00edgy volt igaz, \u00e9s \u00edgy igaz; \u00e9let\u00fatj\u00e1hoz tartoznak ezek a t\u00f6rt\u00e9n\u00e9sek, fesz\u00fclt helyzetek, f\u00e1jdalmak. S k\u00f6zben <em>\u201eElfolyik az id\u0151, m\u00e9ly\u00fcl a g\u00e1zl\u00f3, \/ medr\u00e9ben aranymos\u00f3 l\u00e1ny a nap\u201d<\/em> (<em>Szeptember<\/em>).&nbsp;<\/p>\n\n\n\n<p>De meg\u00e9rtik-e vajon az olvas\u00f3k, a kort\u00e1rs magyar k\u00f6lt\u0151k a verseit, meg\u00e9rthetik-e egy felvid\u00e9ki faluban \u00e9l\u0151 k\u00f6lt\u0151 \u00e9lethelyzet\u00e9t, s vajon mennyire becs\u00fclik k\u00f6lt\u00e9szet\u00e9t? A <em>\u201e\u2026Belen\u00e9zt\u00fcnk egym\u00e1s<\/em> <em>szem\u00e9be\u2026\u201d<\/em> \u00e9s a <em>\u201e\u2026K\u00e9t p\u00e1rhuzamos tal\u00e1lkoz\u00e1s\u00e1b\u00f3l\u2026\u201d<\/em> ciklusok verseinek z\u00f6m\u00e9ben a szerz\u0151 nem is v\u00e1laszt keres erre tulajdonk\u00e9ppen \u2013 az ezzel kapcsolatos t\u00e9nyekre, hossz\u00fa \u00e9vek sor\u00e1n meg\u00e9lt tapasztalataira az \u0151szinte t\u00e9pel\u0151d\u00e9s maga a v\u00e1lasz (b\u00e1r t\u00e9ny \u00e9s val\u00f3, k\u00f6lt\u0151i opus\u00e1t, megjelent k\u00f6teteit tekintve \u0151 a felvid\u00e9ki magyar k\u00f6lt\u0151k legterm\u00e9kenyebbike, verseit rengeteg irodalmi foly\u00f3irat k\u00f6zli, folyamatosan). Sorait a mag\u00e1ny, a meg nem \u00e9rt\u00e9s, az alkot\u00f3i elszigetel\u0151d\u00e9s f\u00e1jdalma hatja \u00e1t: <em>\u201eBekapnak a nagysz\u00e1j\u00fa hat\u00e1rok \/ megem\u00e9szteni se tudnak rendben, \/ elveszek a titkos forgalomban, \/ kiok\u00e1dnak egy t\u00fck\u00f6rre engem.\u201d<\/em> (<em>Ragyog\u00e1s<\/em>). A <em>\u201e\u2026Belen\u00e9zt\u00fcnk egym\u00e1s<\/em> <em>szem\u00e9be\u2026\u201d<\/em> ciklus z\u00e1r\u00f3verse, a <em>Kis sz\u00edvem remeg\u00e9se<\/em> egyszer\u0171en, gyermekien tiszta hangon jelzi, hogy mi az, aminek hinni lehet, ami fontos, ami \u00e1lland\u00f3, ami mened\u00e9k, ami \u00e9rt\u00e9kes: maga a sz\u00fcl\u0151f\u00f6ld, a gyermekkori eml\u00e9kekkel, a jellegzetes t\u00e1jjal, a hagyom\u00e1nyokkal. Ugyanakkor n\u00e9h\u00e1ny vers m\u00e1r ebben a ciklusban a csal\u00e1d, a csal\u00e1di k\u00f6tel\u00e9k k\u00fcl\u00f6nleges \u00e9s maradand\u00f3 \u00e9rt\u00e9k\u00e9t vet\u00edti el\u0151re (<em>2020. J\u00fanius 4., Confessio, Csigah\u00e1z<\/em>).<\/p>\n\n\n\n<p><em>\u201e\u2026Az \u00f6r\u00f6kk\u00e9val\u00f3s\u00e1g jelk\u00e9pe\u2026\u201d<\/em> ciklus versei a k\u00f6lt\u0151 \u00e9vek \u00f3ta s\u00falyos beteg apj\u00e1t, s az apa elt\u00e1voz\u00e1sa ut\u00e1n maradt f\u00e1jdalmas hi\u00e1nyt id\u00e9zik (ezek a versek r\u00e9szei a <em>K\u00f6ti a s\u00f6t\u00e9ts\u00e9get<\/em> c\u00edm\u0171, megr\u00e1z\u00f3an sz\u00e9p Fellinger-k\u00f6tetnek, melyet apja elveszt\u00e9se ut\u00e1n, 2017-ben jelentetett meg a Media Nova M Kiad\u00f3). A szerz\u0151 ezekben a versekben nem feldolgozni akarja a gy\u00e1szt; apja alakj\u00e1t, hal\u00e1l\u00e1nak k\u00f6r\u00fclm\u00e9nyeit, a temet\u00e9st, a s\u00edrhely l\u00e1togat\u00e1s\u00e1t t\u00e9nyszer\u0171en le\u00edr\u00f3 sorait m\u00e9ly \u00e9s \u0151szinte f\u00e1jdalom hatja \u00e1t, \u00e1m sz\u00e1m\u00e1ra enn\u00e9l sokkal elviselhetetlenebb a hi\u00e1ny abszurdit\u00e1s\u00e1val tov\u00e1bb \u00e9lni.<\/p>\n\n\n\n<p>N\u00e9h\u00e1ny apasirat\u00f3 vers a <em>\u201e\u2026R\u00e1ncok tartj\u00e1k \u00f6ssze\u2026\u201d<\/em> ciklusba is beker\u00fclt, elhunyt nagysz\u00fcl\u0151k, rokonok t\u00f6rt\u00e9neteivel egyetemben. <em>\u201eMeg\u00f6regedni \/ b\u00f6lcsen \u00e9s boldogan \/ ak\u00e1r egy agyonlapozott biblia\u201d<\/em> \u2013 \u00edrja a szerz\u0151 a <em>Meg\u00f6regedni<\/em> c. versben, \u00e1m ez \u00f3haj csup\u00e1n, hisz az anya-versekben is az id\u0151skori, imm\u00e1r visszaford\u00edthatatlan fizikai \u00e9s szellemi le\u00e9p\u00fcl\u00e9sr\u0151l olvashatunk, \u00e9s a versekben a f\u00e1jdalom, a k\u00e9ts\u00e9gbees\u00e9s, a v\u00e1ltoztat\u00e1s lehetetlens\u00e9g\u00e9nek hangja domin\u00e1l.<\/p>\n\n\n\n<p><em>\u201eJ\u00f6v\u0151m egy \/ hossz\u00fa, s\u00f6t\u00e9t alag\u00fat, \/ de a v\u00e9g\u00e9n \/ m\u00e1r ott pisl\u00e1kol \/ a m\u00falt.\u201d<\/em> \u2013 \u00f6sszegzi \u00e9let\u00e9rz\u00e9s\u00e9t a k\u00f6lt\u0151 az <em>In memoriam Pilinszky J\u00e1nos<\/em> c\u00edm\u0171 versben, mely a <em>\u201e\u2026Valaki m\u00e1sr\u00f3l \u00edrunk\u2026\u201d<\/em> ciklus mott\u00f3ja is lehetne, hisz nyugtalans\u00e1ggal, f\u00e1jdalommal, az id\u0151, a hal\u00e1l fogalm\u00e1nak elemz\u00e9s\u00e9vel tal\u00e1lkozunk itt, de olyan versekkel is, melyeket elhunyt irodalm\u00e1rok \u00e9s m\u0171v\u00e9szek hal\u00e1l\u00e1ra aj\u00e1nlott \u0151szinte tisztelettel a szerz\u0151.&nbsp;<\/p>\n\n\n\n<p>N\u00e9h\u00e1ny, lelket meg\u00e9rint\u0151, l\u00fcktet\u0151, r\u00edmes k\u00f6ltem\u00e9ny enyh\u00edti csup\u00e1n <em>\u201e\u2026Az id\u0151 csak kitapos\u2026\u201d<\/em> ciklus istenes verseinek s\u00f6t\u00e9t pesszimizmus\u00e1t. Fellingert Isten sz\u00e1nd\u00e9kai, gondolatai, tettei, t\u00e9ved\u00e9sei \u00e9rdeklik, minderr\u0151l kifejti v\u00e9lem\u00e9ny\u00e9t, k\u00f6vetkeztet\u00e9seket von le. A <em>Kilenc csap\u00e1s<\/em> c\u00edm\u0171 vers d\u00f6bbenetes, apokaliptikus k\u00e9pei robbantj\u00e1k el\u00e9b\u00fcnk, hov\u00e1 is tart a glob\u00e1lis vil\u00e1g. A k\u00f6tetz\u00e1r\u00f3, <em>Bizalmasan<\/em> c. versben mag\u00e1nak a Teremt\u0151nek a vil\u00e1gba vetett hite is megd\u0151l: <em>\u201e\u2026fiaim, \/ a kereszt, a korb\u00e1cs, a v\u00e9res d\u00e1rda, \/ mint a b\u00e1rd is, term\u00e9szetesen, marad.\u201d<\/em><\/p>\n\n\n\n<p>A <em>H\u00e9tpecs\u00e9tes szabadul\u00e1s<\/em> tal\u00e1l\u00f3 \u00e9s sz\u00e9p \u00f6sszefoglal\u00f3ja Fellinger K\u00e1roly eddigi \u00e9letm\u0171v\u00e9nek, k\u00f6lt\u0151i vil\u00e1g\u00e1nak. Megjelen\u00e9s\u00e9t \u00f6r\u00f6mmel \u00fcdv\u00f6z\u00f6lhetj\u00fck, hisz e terjedelmes k\u00f6tet mint v\u00e1logat\u00e1s arra is felh\u00edvja a figyelmet, hogy ez az \u00e9letm\u0171 m\u00e9g sokkal gazdagabb, sokr\u00e9t\u0171bb, m\u00e9lyrehat\u00f3bb, \u00e9s szerz\u0151j\u00e9nek m\u00e9lt\u00f3 helye van az egyetemes magyar irodalomban.<\/p>\n\n\n\n<p>(Fellinger K\u00e1roly: <em>H\u00e9tpecs\u00e9tes szabadul\u00e1s<\/em>. V\u00e1mb\u00e9ry Polg\u00e1ri T\u00e1rsul\u00e1s, Dunaszerdahely, 2023)<\/p>\n","protected":false},"excerpt":{"rendered":"<p>A val\u00f3s\u00e1g falai Ig\u00e9nyes, sz\u00e9p k\u00f6tet a Fellinger K\u00e1roly 60. sz\u00fclet\u00e9snapja alkalm\u00e1val a dunaszerdahelyi V\u00e1mb\u00e9ry Polg\u00e1ri T\u00e1rsul\u00e1s gondoz\u00e1s\u00e1ban 2023-ban megjelent H\u00e9tpecs\u00e9tes szabadul\u00e1s, mely \u00f6sszesen 291 verset tartalmaz, a szerkeszt\u0151, Tam\u00e1si Orosz J\u00e1nos \u00e1ltal tizenegy ciklusba rendezve. Ezek a kiv\u00e1l\u00f3an megszerkesztett &hellip; <a href=\"https:\/\/opus-folyoirat.sk\/?page_id=2203\">Egy kattint\u00e1s ide a folytat\u00e1shoz&#8230;. <span class=\"meta-nav\">&rarr;<\/span><\/a><\/p>\n","protected":false},"author":4,"featured_media":0,"parent":121,"menu_order":0,"comment_status":"closed","ping_status":"closed","template":"","meta":{"footnotes":""},"class_list":["post-2203","page","type-page","status-publish","hentry"],"_links":{"self":[{"href":"https:\/\/opus-folyoirat.sk\/index.php?rest_route=\/wp\/v2\/pages\/2203","targetHints":{"allow":["GET"]}}],"collection":[{"href":"https:\/\/opus-folyoirat.sk\/index.php?rest_route=\/wp\/v2\/pages"}],"about":[{"href":"https:\/\/opus-folyoirat.sk\/index.php?rest_route=\/wp\/v2\/types\/page"}],"author":[{"embeddable":true,"href":"https:\/\/opus-folyoirat.sk\/index.php?rest_route=\/wp\/v2\/users\/4"}],"replies":[{"embeddable":true,"href":"https:\/\/opus-folyoirat.sk\/index.php?rest_route=%2Fwp%2Fv2%2Fcomments&post=2203"}],"version-history":[{"count":4,"href":"https:\/\/opus-folyoirat.sk\/index.php?rest_route=\/wp\/v2\/pages\/2203\/revisions"}],"predecessor-version":[{"id":3073,"href":"https:\/\/opus-folyoirat.sk\/index.php?rest_route=\/wp\/v2\/pages\/2203\/revisions\/3073"}],"up":[{"embeddable":true,"href":"https:\/\/opus-folyoirat.sk\/index.php?rest_route=\/wp\/v2\/pages\/121"}],"wp:attachment":[{"href":"https:\/\/opus-folyoirat.sk\/index.php?rest_route=%2Fwp%2Fv2%2Fmedia&parent=2203"}],"curies":[{"name":"wp","href":"https:\/\/api.w.org\/{rel}","templated":true}]}}