{"id":2222,"date":"2025-01-27T11:49:00","date_gmt":"2025-01-27T09:49:00","guid":{"rendered":"https:\/\/opus-folyoirat.sk\/?page_id=2222"},"modified":"2025-11-18T11:43:50","modified_gmt":"2025-11-18T09:43:50","slug":"lang-eszter","status":"publish","type":"page","link":"https:\/\/opus-folyoirat.sk\/?page_id=2222","title":{"rendered":"L\u00e1ng Eszter"},"content":{"rendered":"\n<div class=\"wp-block-group is-vertical is-layout-flex wp-container-core-group-is-layout-8cf370e7 wp-block-group-is-layout-flex\">\n<p class=\"has-medium-font-size\"><strong>\u201ea k\u00e9k f\u00e9ny fluid \u00e9kszerfoglalat\u00e1ban\u201d&nbsp;<\/strong><\/p>\n\n\n\n<p><em>(T\u00e1blak\u00e9p G\u00e9czi J\u00e1nos 70. sz\u00fclet\u00e9snapj\u00e1ra)<\/em><\/p>\n\n\n\n<p><\/p>\n\n\n\n<p><br><\/p>\n<\/div>\n\n\n<div class=\"has-text-align-right wp-block-post-date\"><time datetime=\"2025-01-27T11:49:00+02:00\">2025-01-27<\/time><\/div>\n\n\n<p><\/p>\n\n\n\n<div class=\"wp-block-group is-vertical is-layout-flex wp-container-core-group-is-layout-8cf370e7 wp-block-group-is-layout-flex\">\n<p>Azt az \u0151 Murter\u00e9t, \u00e9s azt a v\u00e1rost<\/p>\n\n\n\n<p>senki n\u00e1la l\u00e1tv\u00e1nyosabban le nem \u00edrhatn\u00e1.&nbsp;<\/p>\n\n\n\n<p>B\u00e1r azt \u00e1ll\u00edtja, nem a sziget val\u00f3s\u00e1g\u00e1r\u00f3l&nbsp;<\/p>\n\n\n\n<p>besz\u00e9l, hanem arr\u00f3l, amilyennek l\u00e1tta,&nbsp;<\/p>\n\n\n\n<p>bennem az emlegetett feny\u0151fajt\u00e1kr\u00f3l \u2013&nbsp;<\/p>\n\n\n\n<p>magvaik ehet\u0151k! \u2013 fel\u00f6tlenek azok a Korond \u00e9s<\/p>\n\n\n\n<p>Szereda k\u00f6rny\u00e9ki feny\u0151f\u00e1k, melyeknek tavaszi,<\/p>\n\n\n\n<p>friss, m\u00e9g halv\u00e1nys\u00e1rga hajt\u00e1sait &nbsp;valaha minden&nbsp;<\/p>\n\n\n\n<p>\u00e9vben v\u00e9gigk\u00f3stoltam, s nem az jut eszembe,&nbsp;<\/p>\n\n\n\n<p>hogyan szikr\u00e1znak a murteri erd\u0151k <em>a k\u00e9k f\u00e9ny&nbsp;<\/em><\/p>\n\n\n\n<p><em>fluid \u00e9kszerfoglalat\u00e1ban<\/em>, csak az otthoniak&nbsp;<\/p>\n\n\n\n<p>a naps\u00fct\u00e9s \u00e1prilisi arany\u00e1ban.&nbsp;<\/p>\n\n\n\n<p>\u00c9s mik\u00e9nt G\u00e9czi arra lenne k\u00edv\u00e1ncsi,&nbsp;<\/p>\n\n\n\n<p>milyen volna a tenger sz\u00edne,&nbsp;<\/p>\n\n\n\n<p>ha az \u00e9gk\u00e9k mell\u00e9 nem keveredne&nbsp;<\/p>\n\n\n\n<p>a sz\u00e1razf\u00f6ld n\u00f6v\u00e9nyzet\u00e9nek z\u00f6ldje,&nbsp;<\/p>\n\n\n\n<p>engem, messze az \u0151 sziget\u00e9t\u0151l \u00e9s<\/p>\n\n\n\n<p>tenger\u00e9t\u0151l az \u00e9rdekel,&nbsp; v\u00e1ltozna-e<\/p>\n\n\n\n<p>egy\u00e1ltal\u00e1n az \u00e9g k\u00e9kje n\u00e1lunk,&nbsp;<\/p>\n\n\n\n<p>ha nem takarn\u00e1 ny\u00e1ron m\u00e9regz\u00f6ld,&nbsp;<\/p>\n\n\n\n<p>t\u00e9len barn\u00e1ra sz\u00e1radt n\u00f6v\u00e9nyzet a talajt.&nbsp;<\/p>\n\n\n\n<p>\u00c9s m\u00edg \u0151 seg\u00edts\u00e9g\u00fcl a Cholnokyakat h\u00edvja&nbsp;<\/p>\n\n\n\n<p>mindehhez, nekem el\u00e9g csak \u0151t megid\u00e9zni,&nbsp;<\/p>\n\n\n\n<p>hogy a magam val\u00f3s\u00e1g\u00e1t le tudjam festeni,&nbsp;<\/p>\n\n\n\n<p>ami val\u00f3sz\u00edn\u0171leg m\u00e1r nem lehetne az \u00f6v\u00e9,&nbsp;<\/p>\n\n\n\n<p>mert \u0151 is a maga m\u00f3dj\u00e1n, a maga tud\u00e1s\u00e1nak<\/p>\n\n\n\n<p>\u00e9s \u00e9rz\u00e9kel\u00e9s\u00e9nek t\u00fckr\u00e9ben l\u00e1tja mindezt.&nbsp;<\/p>\n\n\n\n<p>Hogy milyen is az az <em>igazi<\/em> val\u00f3s\u00e1g,&nbsp;<\/p>\n\n\n\n<p>ha egy\u00e1ltal\u00e1n lenne olyan \u2013&nbsp;<\/p>\n\n\n\n<p>v\u00e9g\u00fcl is defin\u00edci\u00f3 k\u00e9rd\u00e9se, \u00e1m most<\/p>\n\n\n\n<p>vers k\u00e9sz\u00fcl, nem tudom\u00e1nyos \u00e9rtekez\u00e9s.<\/p>\n\n\n\n<p>A val\u00f3di val\u00f3s\u00e1got teh\u00e1t egyik\u00fcnk se tudn\u00e1&nbsp;<\/p>\n\n\n\n<p>pontosan elmes\u00e9lni, mert mindig csak&nbsp;<\/p>\n\n\n\n<p>magunkat \u00edrjuk, \u0151 term\u00e9szetesen jobban,&nbsp;<\/p>\n\n\n\n<p>mint \u00e9n, \u00e9s f\u0151leg sokkal szofisztik\u00e1ltabban,&nbsp;<\/p>\n\n\n\n<p>ha szabad ilyen kifejez\u00e9ssel z\u00e1rni&nbsp;<\/p>\n\n\n\n<p>ezt a valamif\u00e9le verset.<\/p>\n<\/div>\n","protected":false},"excerpt":{"rendered":"<p>\u201ea k\u00e9k f\u00e9ny fluid \u00e9kszerfoglalat\u00e1ban\u201d&nbsp; (T\u00e1blak\u00e9p G\u00e9czi J\u00e1nos 70. sz\u00fclet\u00e9snapj\u00e1ra) Azt az \u0151 Murter\u00e9t, \u00e9s azt a v\u00e1rost senki n\u00e1la l\u00e1tv\u00e1nyosabban le nem \u00edrhatn\u00e1.&nbsp; B\u00e1r azt \u00e1ll\u00edtja, nem a sziget val\u00f3s\u00e1g\u00e1r\u00f3l&nbsp; besz\u00e9l, hanem arr\u00f3l, amilyennek l\u00e1tta,&nbsp; bennem az emlegetett feny\u0151fajt\u00e1kr\u00f3l &hellip; <a href=\"https:\/\/opus-folyoirat.sk\/?page_id=2222\">Egy kattint\u00e1s ide a folytat\u00e1shoz&#8230;. <span class=\"meta-nav\">&rarr;<\/span><\/a><\/p>\n","protected":false},"author":4,"featured_media":0,"parent":20,"menu_order":0,"comment_status":"closed","ping_status":"closed","template":"","meta":{"footnotes":""},"class_list":["post-2222","page","type-page","status-publish","hentry"],"_links":{"self":[{"href":"https:\/\/opus-folyoirat.sk\/index.php?rest_route=\/wp\/v2\/pages\/2222","targetHints":{"allow":["GET"]}}],"collection":[{"href":"https:\/\/opus-folyoirat.sk\/index.php?rest_route=\/wp\/v2\/pages"}],"about":[{"href":"https:\/\/opus-folyoirat.sk\/index.php?rest_route=\/wp\/v2\/types\/page"}],"author":[{"embeddable":true,"href":"https:\/\/opus-folyoirat.sk\/index.php?rest_route=\/wp\/v2\/users\/4"}],"replies":[{"embeddable":true,"href":"https:\/\/opus-folyoirat.sk\/index.php?rest_route=%2Fwp%2Fv2%2Fcomments&post=2222"}],"version-history":[{"count":3,"href":"https:\/\/opus-folyoirat.sk\/index.php?rest_route=\/wp\/v2\/pages\/2222\/revisions"}],"predecessor-version":[{"id":2944,"href":"https:\/\/opus-folyoirat.sk\/index.php?rest_route=\/wp\/v2\/pages\/2222\/revisions\/2944"}],"up":[{"embeddable":true,"href":"https:\/\/opus-folyoirat.sk\/index.php?rest_route=\/wp\/v2\/pages\/20"}],"wp:attachment":[{"href":"https:\/\/opus-folyoirat.sk\/index.php?rest_route=%2Fwp%2Fv2%2Fmedia&parent=2222"}],"curies":[{"name":"wp","href":"https:\/\/api.w.org\/{rel}","templated":true}]}}