{"id":2445,"date":"2025-02-08T09:14:00","date_gmt":"2025-02-08T07:14:00","guid":{"rendered":"https:\/\/opus-folyoirat.sk\/?page_id=2445"},"modified":"2025-11-19T00:44:13","modified_gmt":"2025-11-18T22:44:13","slug":"tamasi-orosz-janos","status":"publish","type":"page","link":"https:\/\/opus-folyoirat.sk\/?page_id=2445","title":{"rendered":"Tam\u00e1si Orosz J\u00e1nos"},"content":{"rendered":"\n<div class=\"wp-block-group is-vertical is-layout-flex wp-container-core-group-is-layout-8cf370e7 wp-block-group-is-layout-flex\">\n<p class=\"has-medium-font-size\"><strong>\u201e\u2026az utols\u00f3 ki nem mondott mondat\u2026\u201d<\/strong><\/p>\n\n\n\n<p><em>B\u00f6r\u00f6ndi Lajos: Megfesz\u00edtve. \u00daj versek.<\/em><\/p>\n<\/div>\n\n\n\n<p><\/p>\n\n\n<div class=\"has-text-align-right wp-block-post-date\"><time datetime=\"2025-02-08T09:14:00+02:00\">2025-02-08<\/time><\/div>\n\n\n<p>A sz\u00e9p k\u00f6nyvek, avagy ink\u00e1bb a k\u00f6nyvk\u00e9sz\u00edt\u00e9s r\u00e9gebbi technik\u00e1inak vil\u00e1g\u00e1ban kev\u00e9sb\u00e9 j\u00e1ratosak el\u0151sz\u00f6r azt \u00e9rzik: eleg\u00e1ns, finom hangulat\u00fa, nyugalmat \u00e1raszt\u00f3 k\u00f6tet simul ujjaik k\u00f6z\u00e9. Aki viszont ritk\u00e1n l\u00e1tott ismer\u0151sk\u00e9nt fogadja a jap\u00e1n hajt\u00e1ssal k\u00e9sz\u00fclt (nagyon v\u00e1jtf\u00fcl\u0171eknek mondva: fukuro todzsi) k\u00e9zm\u0171ves munk\u00e1kat a k\u00f6nyvespolcokon, az r\u00f6gt\u00f6n a felv\u00e1gatlan lapok k\u00f6z\u00e9 kukucsk\u00e1l: rejtett-e oda valamit, rajzot, grafik\u00e1t, vagy m\u00e1sf\u00e9le \u00fczenetet a szerz\u0151, <em>B\u00f6r\u00f6ndi Lajos<\/em>? K\u00f6tete (<em>Megfesz\u00edtve, 2024<\/em>) ugyanis e technik\u00e1val k\u00e9sz\u00fclt, m\u00e9g a v\u00e1lasztott pap\u00edr is szinte megk\u00f6zel\u00edti ama r\u00e9gi mer\u00edtett famentes puhas\u00e1g\u00e1t \u2013 s a m\u00f3dszerre ugyan, eredetileg, nem jellemz\u0151 az oldalak nem l\u00e1that\u00f3 h\u00e1tlapj\u00e1nak kihaszn\u00e1l\u00e1sa, \u00e1m k\u00e9sz\u00fcltek m\u00e1r ilyen m\u00f3don is kiadv\u00e1nyok, legink\u00e1bb a bibliofil munk\u00e1k kedvel\u0151inek. Mindezt csak az\u00e9rt eml\u00edtem, ennyire apr\u00f3l\u00e9kosan, szinte fecsegve, hogy elandal\u00edtsam az olvas\u00f3t, vagy ak\u00e1r felk\u00e9sz\u00edtsem arra, hogy a k\u00f6nyv\u00e9szeti-tipogr\u00e1fiai megjelen\u00e9s eleganci\u00e1t, l\u00e1gys\u00e1got sug\u00e1rz\u00f3 nyugalma m\u00e9g a lapok \u00e1tp\u00f6rget\u00e9se el\u0151tt sz\u00e9tfoszlik benn\u00fcnk \u2013 el\u00e9g ehhez a c\u00edmlapgrafik\u00e1ra (<em>L\u00e9phaft P\u00e1l<\/em> munk\u00e1ja) pillantanunk.<\/p>\n\n\n\n<figure class=\"wp-block-image size-full\"><img loading=\"lazy\" decoding=\"async\" width=\"650\" height=\"950\" src=\"https:\/\/opus-folyoirat.sk\/wp-content\/uploads\/2025\/08\/K3001092752.jpeg\" alt=\"\" class=\"wp-image-2446\" srcset=\"https:\/\/opus-folyoirat.sk\/wp-content\/uploads\/2025\/08\/K3001092752.jpeg 650w, https:\/\/opus-folyoirat.sk\/wp-content\/uploads\/2025\/08\/K3001092752-205x300.jpeg 205w\" sizes=\"auto, (max-width: 650px) 100vw, 650px\" \/><\/figure>\n\n\n\n<p>Mert a k\u00f6tetc\u00edm (Megfesz\u00edtve) alatt, k\u00f6z\u00e9pen, egy megfesz\u00edtettet l\u00e1tunk; nem \u201eA\u201d, hanem az \u00f6r\u00f6k\u00f6s h\u00e1bor\u00fak kegyetlen megtorl\u00e1sainak, n\u00e9p\u00edrt\u00e1sainak, a b\u00e1rmi okb\u00f3l \u00fcld\u00f6z\u00f6ttek egyik\u00e9t, s hogy nem b\u00e1rmely korb\u00f3l, azt a keresztfa adja tudom\u00e1sunkra: a k\u00e9t g\u00e9ppisztolyb\u00f3l (az \u00edvt\u00e1r form\u00e1j\u00e1b\u00f3l m\u00e9g arra is k\u00f6vetkeztethet\u00fcnk, hogy a sz\u00e1munkra oly k\u00ednz\u00f3an ismer\u0151s davajgit\u00e1r nem dobt\u00e1ras verzi\u00f3j\u00e1t l\u00e1tjuk) \u00f6sszeillesztett keresztform\u00e1ra felsz\u00f6gezett test a t\u00f6rt\u00e9nelem Corpusa. S ez a felismer\u00e9s a v\u00e1lasztott k\u00f6t\u00e9st is tov\u00e1bb gondoltatja vel\u00fcnk: ki\u00e9lesedik a sz\u00e9ps\u00e9g \u00e9s a k\u00edn kontrasztja, az \u00e9let s az \u00e9let\u00fat \u00e1lland\u00f3 elpazarl\u00e1s\u00e1nak, m\u00e1r-m\u00e1r hi\u00e1baval\u00f3s\u00e1g\u00e1nak \u2013 hi\u00e1baval\u00f3s\u00e1gunknak \u2013 k\u00e1rhozata.<\/p>\n\n\n\n<p>Ami tal\u00e1n az els\u0151 t\u00f6rzsi h\u00e1bor\u00fak \u00f3ta tart. Ter\u00fclet\u00e9rt, asszonyok\u00e9rt, hatalom\u00e9rt. \u00c9s hi\u00e1ba j\u00f6tt a Jel, a meg\u00e1ll\u00edthatatlan harc, a gyilkol\u00e1s a krisztusi id\u0151k \u00f3ta tart. S\u00fajt benn\u00fcnket a megbocs\u00e1thatatlan. A lehet\u0151s\u00e9g b\u0171n\u00f6s elt\u00e9kozl\u00e1sa, \u00f6nmagunk megment\u00e9s\u00e9nek tal\u00e1n soha vissza nem t\u00e9r\u0151 pillanata \u00e9rkezett el akkor, amikor \u201e<em>Meg\u00e1llt az id\u0151 sz\u00edvver\u00e9se \/ a sz\u00e9trepedt d\u00e9lut\u00e1nban.<\/em>\u201d (Megfesz\u00edtve). Ezt a sort a k\u00f6tet kett\u0151s mott\u00f3j\u00e1nak egyik\u00e9b\u0151l &#8211; az els\u0151b\u0151l \u2013 emeltem ki, s a k\u00f6vetkez\u0151 teszi szem\u00e9lyesebb\u00e9, a magyar olvas\u00f3hoz k\u00f6zelebbiv\u00e9 a k\u00f6nyv \u00e9rtelmez\u00e9s\u00e9t: \u201e<em>Beleolvadok lassan a t\u00e9lbe, \/ ebbe a hal\u00e1los h\u00f3es\u00e9sbe.<\/em>\u201d (1943. janu\u00e1r 12.) A vers c\u00edme a Don-kanyari harcok kezdet\u00e9nek d\u00e1tuma, a nap, amikor a szovjet hader\u0151 m\u00e9sz\u00e1rl\u00e1snak is nevezhet\u0151 el\u0151re-nyomul\u00e1st hajtott v\u00e9gre. \u00c1m a verseket olvasva azt is felismerj\u00fck, hogy a szerz\u0151 e c\u00edmad\u00e1s-technik\u00e1val folyamatosan figyelmeztet benn\u00fcnket: k\u00f6tete kett\u0151s requiem, egyar\u00e1nt \u00e1ll\u00edt mement\u00f3t a t\u00f6rt\u00e9nelem f\u00e1jdalmas, k\u00ednz\u00f3 st\u00e1ci\u00f3inak, s a szem\u00e9lyes sors tragikum\u00e1nak \u2013 avagy a h\u00e9tk\u00f6znapok golgot\u00e1i soha nem vezetnek apote\u00f3zisig\u2026&nbsp;<\/p>\n\n\n\n<p>Ezt a k\u00f6tet harmadik verse hozza tudom\u00e1sunkra: \u201e<em>Ez nem olyan volt, sz\u00e9troppant minden, \/ hit, rem\u00e9ny, amiben hittem, \/ \u2026 Ez lett a vil\u00e1g, csupa v\u00e9r s sz\u00e9gyen, \/ hogy ilyen vil\u00e1gban \u00e9lt\u00e9l, \u00e9s \u00e9ltem<\/em>\u201d \u2013 \u00edrja B\u00f6r\u00f6ndi a 2022 c\u00edm\u0171 versben, s b\u00e1r dek\u00f3doljuk az \u00e9vsz\u00e1mot, az \u00fajabb h\u00e1bor\u00fa\u00e9t, \u00e1m t\u00f6bb jelenik meg a sorokban; a civiliz\u00e1lt, humanista ember \u00fajabb arcul csap\u00e1sa, a szellem f\u00e9nyfogyatkoz\u00e1sa j\u00f6tt el. M\u00e1r-m\u00e1r rideg, rezign\u00e1lt, tompa hangnemben reg\u00e9lik el ezt az \u00fajabb versek. \u201e<em>M\u00falt a r\u00e9gm\u00falttal lassan \u00f6sszen\u0151, \/ korhadt rem\u00e9ny, elm\u00fal\u00f3 j\u00f6v\u0151. \/\u2026\/ Fullad\u00e1sig tele temet\u0151, \/ t\u00f6rt keny\u00e9r, besz\u00e1ntott j\u00f6v\u0151.\u201d<\/em> (Summ\u00e1zat); \u201e<em>lel\u0151tt versek sz\u00edvedben \/ meg nem \u00edrt b\u00facs\u00falevelek \/\/..\/ k\u0151 al\u00e1 rajtett hal\u00e1lh\u00edr a patakban<\/em>\u201d (2024); \u201e<em>T\u00f6bb ezer \u00e9v rem\u00e9nye foszlik, tankok \/ taposs\u00e1k sz\u00e9t, \u00e9s nincs tov\u00e1bb<\/em>\u201d (Eml\u00e9kszel kedves?); \u201e<em>Rohadt vil\u00e1g, pen\u00e9szes id\u0151, \u00faj \/ sz\u00e1zad. Val\u00f3ban \u00faj a sz\u00e1zad?<\/em>\u201d (Arad, 2023); s erre a k\u00e9rd\u00e9sre is meg\u00e9rkezik a felelet, a sz\u00edvszor\u00edt\u00f3an egyszer\u0171, a t\u00f6rt\u00e9nelem szem\u00e9lyess\u00e9 v\u00e1lik, az \u00faj h\u00e1bor\u00fa sz\u00e1munkra egy f\u00e1j\u00f3 d\u00e9ja vu, \u201e<em>Mintha csak tegnap l\u0151tt\u00e9l volna le, \/ egy pillanatra l\u00e1ttam m\u00e9g a csillagot \/ sapk\u00e1don, \u00e9s a laktanya homlokzat\u00e1n, \/ amint f\u00f6lragyogott. \/\/\u2026\/ ami t\u00fal\u00e9lt benn\u00fcnket, az a hal\u00e1l.<\/em>\u201d (Hatvanhat \u00e9ve) olvassuk a c\u00edmbe rejtett \u00fajabb \u00fczenetet, a magyar forradalom \u00e9vsz\u00e1ma ez, s egyben az \u00faj h\u00e1bor\u00fa kezdete, az agresszor \u00e9s az agresszi\u00f3 egy\u00e9rtelm\u0171 megnevez\u00e9se, leleplez\u00e9se, a szinte rem\u00e9nytelennek hangz\u00f3, m\u00e9gis s\u00falyos figyelmeztet\u0151 intelem. \u201e<em>Foszlik sz\u00e9t \u00e9vezredek rem\u00e9nye, \/ 2022-ben leg\u00f6rd\u00fclt a f\u00fcgg\u00f6ny: v\u00e9ge<\/em>.\u201d (Pedig m\u00e1r k\u00e9sz a j\u00e1szol). (\u00c9s nem tudjuk v\u00e9letlennek gondolni az itt olvashat\u00f3 versc\u00edm <em>kisebb<\/em> <em>bet\u0171kkel<\/em> t\u00f6rt\u00e9nt szed\u00e9s\u00e9t,&nbsp; a \u201enyomda \u00f6rd\u00f6ge\u201d helyett itt a \u201enyomda angyala\u201d avatkozott k\u00f6zbe, apr\u00f3bet\u0171s r\u00e9sz ez, jelzi, amolyan z\u00e1rad\u00e9k, a j\u00e1szol imm\u00e1r \u00e9szrevehetetlen, senkit nem \u00e9rdekel, medd\u0151 foh\u00e1sz marad, mag\u00e1nyos v\u00e1rakoz\u00e1s \u2013 \u201e<em>a Megv\u00e1lt\u00e1s \/ nem j\u00f6n el, csak a sz\u00e9gyen ragyog s\u00f6t\u00e9ten<\/em>\u201d)<\/p>\n\n\n\n<p>Persze, ellenpontoz\u00e1sk\u00e9nt fel-felragyognak a sorokban a rem\u00e9ny, a b\u00e9ke, a megnyugv\u00e1s egyszer\u0171 sz\u00e9ps\u00e9gei, az igaz\u00e1n tartalmas \u00e9let ut\u00e1ni v\u00e1gy pillanatai. Az \u00e1lom, \u201e<em>Hogy f\u00f6lragyogjon az a csillag, \u00e9s \/ elvezessen a j\u00e1szolhoz, a szalma \/ \u00f6lel\u0151 meleg\u00e9ben mosolyg\u00f3 \/ kisded J\u00e9zushoz \u00fajra<\/em>\u201d (Hogy f\u00f6lragyogjon), de mellette \u2013 oldalp\u00e1rra helyezve \u2013 a val\u00f3s\u00e1g okozta f\u00e1jdalom elkesered\u00e9se, hogy jobb lenne minden \u201e<em>visszatiporva \/ a t\u0171z sz\u00fclet\u00e9se el\u0151tti korba \/\/ a vil\u00e1g keletkez\u00e9se el\u0151tti id\u0151be \/\/ hogy meg se sz\u00fclessen \/ gondolat se lehessen \/ isten terve se lehessen<\/em>\u201d (hogy gondolat se lehessen).&nbsp; Fels\u00edr benn\u00fcnk a j\u00f3l ismert f\u00e1jdalom, minden id\u0151 elhozza a t\u0171zbe vetett evang\u00e9lium indulat\u00e1t, de m\u00e9gis, m\u00e9gis \u201e<em>A vil\u00e1g romlott dolgai helyett \/ a hajnali rig\u00f3f\u00fctty. Ez nem szebb?<\/em>\u201d (M\u00e1r csak). Tudjuk, hogy igen, s a term\u00e9szet fegyelmezetten k\u00f3cos sz\u00e9ps\u00e9gei k\u00f6z\u00f6tt r\u00e1 is tal\u00e1lunk valamif\u00e9le rem\u00e9nyre, m\u00e9g ha k\u00f6teless\u00e9g\u00fcnknek is \u00e9rezz\u00fck azt, hogy reliefek, patin\u00e1val sz\u00e1nd\u00e9koltan futtatott eml\u00e9kt\u00e1bl\u00e1k, karcos versfotogr\u00e1fi\u00e1k r\u00e9v\u00e9n f\u00f6lmutassuk a b\u0171n, a barb\u00e1rs\u00e1g \u00f6r\u00f6k\u00f6s puszt\u00edt\u00e1sait, azt a sok-sok m\u00e1ig tart\u00f3 fiask\u00f3t, amikor \u201e<em>Sok dr\u00f3ton r\u00e1ngatott ostoba, \/ aki megmondja, hova \u00e1llj\u00e1l, s mi\u00e9rt oda. \/\/ Arra az oldalra, ahol felkel a Nap. \/\/ H\u00e1t vannak itt oldalak?<\/em>\u201d (Barb\u00e1rs\u00e1g kora), s a k\u00f6lt\u0151 v\u00e1lasza csak az lehet, hogy \u201e<em>Az ember mad\u00e1r \u00e9s vers n\u00e9lk\u00fcl semmi, \/ meg r\u00e9t n\u00e9lk\u00fcl, \u00e9s foly\u00f3 n\u00e9lk\u00fcl. \/ N\u00e9lk\u00fcled \u00e9n sem lenn\u00e9k, s te sem \/ n\u00e9lk\u00fclem v\u00e9g\u00fcl. \/\/ Halkul a vil\u00e1g, \u00e9s halkul a dal. \u00c9s \/ meghalunk lassan a dalban.<\/em>\u201d (Verss\u00e9 v\u00e1ltozunk). \u00c1m csak \u201e<em>Most keser\u0171, de ennek is v\u00e9ge lesz, egy-k\u00e9t \/ gener\u00e1ci\u00f3 v\u00e9gleg odalesz. \/ \u00c9s kezd\u0151dik el\u00f6lr\u0151l minden, reggel lesz \u00e9s \/ este lesz, sz\u00fcletnek majd \u00faj hitek. \/\/ A keser\u0171s\u00e9g mondatja ezt vagy a rem\u00e9ny? \/ Egyre megy.<\/em>\u201d (Most keser\u0171).<\/p>\n\n\n\n<p>\u00c9vezredek kora ez, beles\u0171r\u00edtve&nbsp; n\u00e9h\u00e1ny \u00e9vtized mement\u00f3inak kr\u00f3nik\u00e1s \u00e9nekeibe, verseml\u00e9km\u0171veibe; sz\u00e9pen szerkesztett \u00edvben hull\u00e1mzanak az id\u0151s\u00edkok, m\u00edves, klasszikus k\u00f6lt\u00e9szet sz\u00f3lal itt meg, b\u00f6lcs, s hol keser\u0171, hol sz\u00e9p \u00fczenetekkel. S ha van, aki t\u00f6bbet akar megtudni korunk jeles k\u00f6lt\u0151j\u00e9r\u0151l, az a k\u00f6tethez ut\u00f3sz\u00f3k\u00e9nt illesztett \u2013 s a k\u00f6lt\u0151 hetvenedik sz\u00fclet\u00e9snapj\u00e1t k\u00f6sz\u00f6nt\u0151 \u2013 p\u00e1lyak\u00e9pb\u0151l r\u00e9szletesen t\u00e1j\u00e9koz\u00f3dhat. Tuba L\u00e1szl\u00f3 munk\u00e1ja ez, s abb\u00f3l \u00e9n itt is kiragadn\u00e9k egy f\u00e9lmondatot: \u201eMag\u00e1nyos k\u00f6lt\u0151, nem tartozik irodalmi t\u00e1borokba, m\u0171helyekbe\u201d, olvasom, s valami\u00e9rt sz\u00fcks\u00e9g\u00e9t \u00e9rzem, hogy b\u0151vebben id\u0151zzek e szavak f\u00f6l\u00f6tt. Mag\u00e1nyos, de \u00fagy az, mint minden k\u00f6lt\u0151, teszem hozz\u00e1, hisz valami\u00e9rt \u00edgy kellene f\u00f6lfognunk a k\u00f6lt\u00e9szetet: a vers mag\u00e1nyos m\u0171, reflekt\u00e1l b\u00e1r, \u00e9rz\u00e9sre, vil\u00e1gra, hitre, identit\u00e1sra, s szinte b\u00e1rmire, de \u00fagy, ahogyan az a l\u00e9lek bels\u0151 mag\u00e1ny\u00e1ban s var\u00e1zs\u00e1ban megsz\u00fcletik. \u00c9n t\u00e9vhitnek gondolom azt, hogy a k\u00f6lt\u0151nek sz\u00fcks\u00e9gk\u00e9ppen pulpitusra kell \u00e1llnia, hiszen nem foglalhatja el a helyet ott a vers el\u0151l. M\u00e9g akkor sem, ha a versel\u0151k had\u00e1nak s\u00fcrg\u00e9s-forg\u00e1sa ott valami m\u00e1st \u00fczen. A vers maga a l\u00e9tez\u0151, val\u00f3s treuga Dei \u2013 lehet b\u00e1r p\u00f6r\u00f6s f\u00e9l, \u00e1g\u00e1lhat a j\u00f3k\u00e9rt s a j\u00f3\u00e9rt, de \u00fczenet az, himnikus hitvall\u00e1s az egyetemes humanizmus mellett. S hogy nem tartozik t\u00e1borokhoz? De mi\u00e9rt kellene? A vers v\u00e9g\u00fcl egyed\u00fcl sz\u00fcletik s egymaga marad, hi\u00e1ba venn\u00e9 k\u00f6r\u00fcl s\u00e1ros szekerek s \u00f6njel\u00f6lt sz\u00f3nokok zajos turb\u00e1ja\u2026&nbsp;<\/p>\n\n\n\n<p>B\u00f6r\u00f6ndi Lajos versei egy sorsk\u00f6z\u00f6ss\u00e9g t\u00f6rt\u00e9net\u00e9r\u0151l sz\u00f3lnak, de szem\u00e9lyes, \u00e1t\u00e9lt \u00e9s\/vagy \u00e1t\u00e9rzett hangon. Ett\u0151l nyerik el zsolt\u00e1ros hangjukat. \u201e<em>ez jutalomnak is el\u00e9g<\/em>\u201d.<\/p>\n\n\n\n<p><em>(B\u00f6r\u00f6ndi Lajos: Megfesz\u00edtve. Versek. Mosonv\u00e1rmegye K\u00f6nyvkiad\u00f3, 2025)<\/em><\/p>\n","protected":false},"excerpt":{"rendered":"<p>\u201e\u2026az utols\u00f3 ki nem mondott mondat\u2026\u201d B\u00f6r\u00f6ndi Lajos: Megfesz\u00edtve. \u00daj versek. A sz\u00e9p k\u00f6nyvek, avagy ink\u00e1bb a k\u00f6nyvk\u00e9sz\u00edt\u00e9s r\u00e9gebbi technik\u00e1inak vil\u00e1g\u00e1ban kev\u00e9sb\u00e9 j\u00e1ratosak el\u0151sz\u00f6r azt \u00e9rzik: eleg\u00e1ns, finom hangulat\u00fa, nyugalmat \u00e1raszt\u00f3 k\u00f6tet simul ujjaik k\u00f6z\u00e9. Aki viszont ritk\u00e1n l\u00e1tott ismer\u0151sk\u00e9nt &hellip; <a href=\"https:\/\/opus-folyoirat.sk\/?page_id=2445\">Egy kattint\u00e1s ide a folytat\u00e1shoz&#8230;. <span class=\"meta-nav\">&rarr;<\/span><\/a><\/p>\n","protected":false},"author":4,"featured_media":0,"parent":0,"menu_order":0,"comment_status":"closed","ping_status":"closed","template":"","meta":{"footnotes":""},"class_list":["post-2445","page","type-page","status-publish","hentry"],"_links":{"self":[{"href":"https:\/\/opus-folyoirat.sk\/index.php?rest_route=\/wp\/v2\/pages\/2445","targetHints":{"allow":["GET"]}}],"collection":[{"href":"https:\/\/opus-folyoirat.sk\/index.php?rest_route=\/wp\/v2\/pages"}],"about":[{"href":"https:\/\/opus-folyoirat.sk\/index.php?rest_route=\/wp\/v2\/types\/page"}],"author":[{"embeddable":true,"href":"https:\/\/opus-folyoirat.sk\/index.php?rest_route=\/wp\/v2\/users\/4"}],"replies":[{"embeddable":true,"href":"https:\/\/opus-folyoirat.sk\/index.php?rest_route=%2Fwp%2Fv2%2Fcomments&post=2445"}],"version-history":[{"count":3,"href":"https:\/\/opus-folyoirat.sk\/index.php?rest_route=\/wp\/v2\/pages\/2445\/revisions"}],"predecessor-version":[{"id":3076,"href":"https:\/\/opus-folyoirat.sk\/index.php?rest_route=\/wp\/v2\/pages\/2445\/revisions\/3076"}],"wp:attachment":[{"href":"https:\/\/opus-folyoirat.sk\/index.php?rest_route=%2Fwp%2Fv2%2Fmedia&parent=2445"}],"curies":[{"name":"wp","href":"https:\/\/api.w.org\/{rel}","templated":true}]}}