{"id":2483,"date":"2025-08-25T09:33:19","date_gmt":"2025-08-25T07:33:19","guid":{"rendered":"https:\/\/opus-folyoirat.sk\/?page_id=2483"},"modified":"2025-11-19T00:46:45","modified_gmt":"2025-11-18T22:46:45","slug":"az-elet-nehez-furcsa-jatek","status":"publish","type":"page","link":"https:\/\/opus-folyoirat.sk\/?page_id=2483","title":{"rendered":"Az \u00e9let neh\u00e9z, furcsa j\u00e1t\u00e9k"},"content":{"rendered":"<div class=\"has-text-align-right wp-block-post-date\"><time datetime=\"2025-08-25T09:33:19+02:00\">2025-08-25<\/time><\/div>\n\n\n<p><\/p>\n\n\n\n<p>Nagy Erika keresve sem tal\u00e1lhatott volna kifejez\u0151bb c\u00edmet besz\u00e9ltet\u0151\/besz\u00e9lget\u0151-k\u00f6tet\u00e9nek, hiszen a h\u00fasz kiv\u00e1lasztott besz\u00e9lget\u0151t\u00e1rsat az \u00edr\u00e1s ugyancsak szubtilis sz\u00e1la k\u00f6ti \u00f6ssze, mik\u00f6zben t\u00e1rsadalmi helyzet\u00fck, vil\u00e1gn\u00e9zet\u00fck s f\u0151leg az olvas\u00f3nak sz\u00f3l\u00f3 \u00fczenet\u00fck v\u00e1ltozatoss\u00e1ga meglehet\u0151sen sz\u00ednes \u00e9s sokr\u00e9t\u0171 befogad\u00f3 gondolatokat sz\u00fcl.<\/p>\n\n\n\n<figure class=\"wp-block-image size-full\"><img loading=\"lazy\" decoding=\"async\" width=\"658\" height=\"1024\" src=\"https:\/\/opus-folyoirat.sk\/wp-content\/uploads\/2025\/08\/az-elet-nehez-furcsa-jatek_500383_1.jpg\" alt=\"\" class=\"wp-image-2486\" srcset=\"https:\/\/opus-folyoirat.sk\/wp-content\/uploads\/2025\/08\/az-elet-nehez-furcsa-jatek_500383_1.jpg 658w, https:\/\/opus-folyoirat.sk\/wp-content\/uploads\/2025\/08\/az-elet-nehez-furcsa-jatek_500383_1-193x300.jpg 193w\" sizes=\"auto, (max-width: 658px) 100vw, 658px\" \/><\/figure>\n\n\n\n<p>Ha a m\u0171 f\u00f6l\u00f6tt szeml\u00e9t k\u00edv\u00e1nunk tartani (a latin recensere igen\u00e9v magyar megfelel\u0151je a szeml\u00e9t tartani), els\u0151sorban Nagy Erika nyitotts\u00e1g\u00e1t kell megeml\u00edteni. Elfogults\u00e1g n\u00e9lk\u00fcl sz\u00f3l\u00edtja meg irodalmunk kiv\u00e1l\u00f3 k\u00e9pvisel\u0151it, s k\u00e9rd\u00e9seivel lehet\u0151s\u00e9get ad a k\u00f6zvetlen, \u0151szinte megnyilv\u00e1nul\u00e1sra. Alapos felk\u00e9sz\u00fclts\u00e9g\u00e9nek k\u00f6sz\u00f6nhet\u0151en k\u00e9rd\u00e9sei a megsz\u00f3l\u00edtott alkot\u00f3k l\u00e9nyeges m\u0171veire \u00e9s sorsukat meghat\u00e1roz\u00f3 d\u00f6nt\u00e9seikre vonatkoznak, ugyanakkor teret adnak a hivatalos nyilatkozatokban nem szerepl\u0151 \u00e9letjelenetek felfed\u00e9s\u00e9re is.&nbsp;<\/p>\n\n\n\n<p>Az ilyesfajta (meglehet\u0151sen gy\u00e9ren megjelen\u0151) besz\u00e9lget\u0151-k\u00f6teteknek \u00e9pp az adja meg az izgalm\u00e1t, \u00e9rdekess\u00e9g\u00e9t, hogy a m\u00e1r ismert t\u00f6rt\u00e9netek mellett olyan \u2013 olykor vallom\u00e1ssal fel\u00e9r\u0151 \u2013 ismeretek \u201emegszell\u0151ztet\u00e9s\u00e9re\u201d is sor ker\u00fcl, amelyek csak itt \u00e9s ebben a form\u00e1ban jelennek meg.&nbsp;<\/p>\n\n\n\n<p>A szerz\u0151, j\u00f3l fel\u00e9p\u00edtett k\u00e9rd\u00e9skonstrukci\u00f3ival s az irodalom \u00f6nmag\u00e1ra val\u00f3 utal\u00e1saival seg\u00edti az olvas\u00f3t abban, hogy a besz\u00e9lget\u00e9sek t\u00e9m\u00e1iban m\u00e9lyebbre hatolhasson, s jobban meg\u00e9rtse, felfedezze a t\u00f6rt\u00e9nelmi \u00e9s t\u00e1rsadalmi \u00f6sszef\u00fcgg\u00e9seket, \u00e1tfed\u00e9seket, hiszen nemzeti \u00f6ntudatunk egyik alapja \u00e9pp az irodalom \u00e1ltal r\u00f6gz\u00edtett t\u00f6rt\u00e9nelmi eml\u00e9kezet.&nbsp;<\/p>\n\n\n\n<p>A besz\u00e9lget\u00e9sek sor\u00e1n \u00e9rt\u00e9kes szem\u00e9lyis\u00e9gek izgalmas gondolataival szembes\u00fcl\u00fcnk, s mivel r\u00f6vid recenzi\u00f3r\u00f3l, ismertet\u00e9sr\u0151l van sz\u00f3 csak p\u00e1r id\u00e9zet erej\u00e9ig mer\u00fclj\u00fcnk el a k\u00f6nyvben. Szeber\u00e9nyi Zolt\u00e1n meg\u00e1llapodott, megfontolt \u00fczenet\u00e9ben nem csak az irodalom c\u00e9lj\u00e1ra, avagy c\u00e9ltalans\u00e1g\u00e1ra utal, hanem hasznos, megker\u00fclhetetlen \u00fczenetet is megfogalmaz amikor azt \u00e1ll\u00edtja: \u201e\u00c9n nem hiszek a minden c\u00e9l n\u00e9lk\u00fcli irodalomban. Szil\u00e1rd meggy\u0151z\u0151d\u00e9sem (vagy r\u00f6geszm\u00e9m?), hogy az irodalom nem \u00f6nc\u00e9l\u00fa tev\u00e9kenys\u00e9g, nem puszt\u00e1n a \u201el\u00e9lek f\u00e9ny\u0171z\u00e9se\u201d a kisebbs\u00e9gi helyzetben k\u00fcl\u00f6n\u00f6sen nem az. Az alkot\u00f3 sz\u00e1nd\u00e9k\u00e1t\u00f3l f\u00fcgg\u0151en az eszt\u00e9tikai-m\u0171v\u00e9szeti hat\u00e1s mellett er\u0151s\u00edtheti a kisebbs\u00e9gi sorban \u00e9l\u0151k identit\u00e1s\u00e1t, helyzettudat\u00e1t, m\u00e9ly\u00edtheti \u00f6nismeret\u00fcket, fejlesztheti \u00f6ntudatukat, lass\u00edthatja asszimil\u00e1ci\u00f3jukat, a k\u00e9rlelhetetlen lemorzsol\u00f3d\u00e1st.\u201d &nbsp;<\/p>\n\n\n\n<p>Nemzeti eml\u00e9kezet\u00fcnk kieg\u00e9sz\u00edt\u0151jek\u00e9nt szolg\u00e1l Dunajszky G\u00e9za figyelmeztet\u00e9snek, felh\u00edv\u00e1snak is beill\u0151 gondolata: \u201eA mai napig h\u00e1bor\u00fasb\u0171n\u00f6snek tartott felvid\u00e9ki magyars\u00e1g pedig ezekb\u0151l szerezhet bizony\u00edt\u00e9kokat, dokumentumokat \u00e9s inform\u00e1ci\u00f3kat arr\u00f3l, hogy nem mi voltunk s vagyunk h\u00e1bor\u00fas b\u0171n\u00f6s\u00f6k, hanem a b\u0171n\u00f6kkel minket r\u00e1galmaz\u00f3k k\u00f6vettek el ellen\u00fcnk el\u00e9v\u00fclhetetlen h\u00e1bor\u00fas b\u0171n\u00f6ket, ami\u00e9rt a mai napig nem k\u00e9rtek bocs\u00e1natot.\u201d<\/p>\n\n\n\n<p>\u00c1m a k\u00edv\u00e1ncsi olvas\u00f3 eg\u00e9szen biztosan \u00f6r\u00f6mmel olvas a megsz\u00f3laltatott \u00edr\u00f3k \u00e9lett\u00f6rt\u00e9neteir\u0151l, terveir\u0151l, \u00e9s b\u00fcszkes\u00e9gre okot ad\u00f3, k\u00e9sz\u00fcl\u0151 m\u0171veikr\u0151l. Megtudhatjuk teh\u00e1t, hogy Lacza Tiham\u00e9r mely k\u00f6nyveire a legb\u00fcszk\u00e9bb, hogy Szarka Tam\u00e1s melyik zeneszerz\u0151 m\u0171veit \u201egy\u0171rte\u201d napi nyolc-tizenk\u00e9t \u00f3r\u00e1n \u00e1t, hogy Aich P\u00e9ternek h\u00e1rom k\u00e9zirata is kiad\u00e1sra v\u00e1r, hogy ki Bolemant L\u00e1szl\u00f3 \u00e9ppen \u00fcgyeletes kedvenc (ford\u00edt\u00e1sra v\u00e1r\u00f3) k\u00f6lt\u0151je \u00e9s a felsorol\u00e1sba tartozik m\u00e9g tizen\u00f6t irodalm\u00e1r: F.Kov\u00e1ts Piroska, Mila Haugov\u00e1, Zirig \u00c1rp\u00e1d, Cs\u00e1ky P\u00e1l, Horv\u00e1th G\u00e9za, Szarka Tam\u00e1s, Kirly Anik\u00f3, Jakubecz M\u00e1rta, P\u00f3da Erzs\u00e9bet, Szalay Zolt\u00e1n, Nagy P\u00e9ter, Lampl Zsuzsanna, Sz\u00e1raz P\u00e1l, Cs\u00f3ka Ferenc \u00e9s L. Simon L\u00e1szl\u00f3.&nbsp;<\/p>\n\n\n\n<p>A k\u00f6nyvet \u2013 mik\u00e9nt el\u0151dj\u00e9t, az \u201eElmes\u00e9led\u201d c\u00edm\u0171 k\u00f6tetet \u2013 Kop\u00f3cs Tibor eredeti \u00e9s tal\u00e1l\u00f3 grafik\u00e1i teljes\u00edtik ki.&nbsp; \u00c1m az \u00e9let neh\u00e9zs\u00e9ge Nagy Erik\u00e1t sem ker\u00fcli el: a k\u00f6tetnek csakis a jav\u00e1ra szolg\u00e1lt volna, ha a h\u00fasz alkot\u00f3 f\u00e9nyk\u00e9pe mell\u00e9 egys\u00e9gesen t\u00fcntette volna fel mondjuk, a sz\u00fclet\u00e9si adataikat. \u00c9rthet\u0151, hogy a k\u00fcl\u00f6n-k\u00fcl\u00f6n megjelen\u0151 cikkekben ez nem t\u0171nt fel, \u00e1m ha m\u00e1r k\u00f6tetbe csomagoljuk \u0151ket akkor disszon\u00e1ns \u00e9rz\u00e9seket kelt, hogy egyik helyen ott van, m\u00e1shol viszont hi\u00e1nyzik ez az alapvet\u0151 adat. Ennyi f\u00e1rads\u00e1got tal\u00e1n meg\u00e9rt volna\u2026&nbsp;<\/p>\n\n\n\n<p>Mindenesetre, k\u00f6sz\u00f6nettel tartozunk Nagy Erik\u00e1nak, ami\u00e9rt ennek a bens\u0151s\u00e9ges irodalmi m\u0171fajnak a seg\u00edts\u00e9g\u00e9vel beoltja, er\u0151s\u00edti az olvas\u00f3 \u201esz\u00edve iskol\u00e1j\u00e1t\u201d (ld. Szent \u00c1goston Vallom\u00e1sai), s mindazoknak, akiket \u00e1tj\u00e1r az irodalom szeretete, valamint nyitottak napjaink ismert alkot\u00f3inak Nagy Erika \u00e1ltal el\u0151csalogatott \u201etitkaira\u201d, felt\u00e9tlen\u00fcl csak aj\u00e1nlani tudjuk ezt a k\u00f6tetet.&nbsp;<\/p>\n\n\n\n<p class=\"has-text-align-right\"><em>Hogya Gy\u00f6rgy<\/em><\/p>\n","protected":false},"excerpt":{"rendered":"<p>Nagy Erika keresve sem tal\u00e1lhatott volna kifejez\u0151bb c\u00edmet besz\u00e9ltet\u0151\/besz\u00e9lget\u0151-k\u00f6tet\u00e9nek, hiszen a h\u00fasz kiv\u00e1lasztott besz\u00e9lget\u0151t\u00e1rsat az \u00edr\u00e1s ugyancsak szubtilis sz\u00e1la k\u00f6ti \u00f6ssze, mik\u00f6zben t\u00e1rsadalmi helyzet\u00fck, vil\u00e1gn\u00e9zet\u00fck s f\u0151leg az olvas\u00f3nak sz\u00f3l\u00f3 \u00fczenet\u00fck v\u00e1ltozatoss\u00e1ga meglehet\u0151sen sz\u00ednes \u00e9s sokr\u00e9t\u0171 befogad\u00f3 gondolatokat sz\u00fcl. Ha &hellip; <a href=\"https:\/\/opus-folyoirat.sk\/?page_id=2483\">Egy kattint\u00e1s ide a folytat\u00e1shoz&#8230;. <span class=\"meta-nav\">&rarr;<\/span><\/a><\/p>\n","protected":false},"author":4,"featured_media":0,"parent":0,"menu_order":0,"comment_status":"closed","ping_status":"closed","template":"","meta":{"footnotes":""},"class_list":["post-2483","page","type-page","status-publish","hentry"],"_links":{"self":[{"href":"https:\/\/opus-folyoirat.sk\/index.php?rest_route=\/wp\/v2\/pages\/2483","targetHints":{"allow":["GET"]}}],"collection":[{"href":"https:\/\/opus-folyoirat.sk\/index.php?rest_route=\/wp\/v2\/pages"}],"about":[{"href":"https:\/\/opus-folyoirat.sk\/index.php?rest_route=\/wp\/v2\/types\/page"}],"author":[{"embeddable":true,"href":"https:\/\/opus-folyoirat.sk\/index.php?rest_route=\/wp\/v2\/users\/4"}],"replies":[{"embeddable":true,"href":"https:\/\/opus-folyoirat.sk\/index.php?rest_route=%2Fwp%2Fv2%2Fcomments&post=2483"}],"version-history":[{"count":7,"href":"https:\/\/opus-folyoirat.sk\/index.php?rest_route=\/wp\/v2\/pages\/2483\/revisions"}],"predecessor-version":[{"id":3079,"href":"https:\/\/opus-folyoirat.sk\/index.php?rest_route=\/wp\/v2\/pages\/2483\/revisions\/3079"}],"wp:attachment":[{"href":"https:\/\/opus-folyoirat.sk\/index.php?rest_route=%2Fwp%2Fv2%2Fmedia&parent=2483"}],"curies":[{"name":"wp","href":"https:\/\/api.w.org\/{rel}","templated":true}]}}