{"id":2583,"date":"2025-09-08T15:31:14","date_gmt":"2025-09-08T13:31:14","guid":{"rendered":"https:\/\/opus-folyoirat.sk\/?page_id=2583"},"modified":"2025-11-19T00:47:35","modified_gmt":"2025-11-18T22:47:35","slug":"bakonyi-istvan","status":"publish","type":"page","link":"https:\/\/opus-folyoirat.sk\/?page_id=2583","title":{"rendered":"Bakonyi Istv\u00e1n"},"content":{"rendered":"\n<div class=\"wp-block-group is-vertical is-layout-flex wp-container-core-group-is-layout-8cad6afd wp-block-group-is-layout-flex\">\n<p><strong>Szoll\u00e1th Mih\u00e1ly: T\u0171zneh\u00e9z<\/strong><\/p>\n\n\n\n<p>(<em>Fekete Sas Kiad\u00f3, 2024<\/em>)<\/p>\n<\/div>\n\n\n<div class=\"has-text-align-right wp-block-post-date\"><time datetime=\"2025-09-08T15:31:14+02:00\">2025-09-08<\/time><\/div>\n\n\n<p><\/p>\n\n\n\n<p>M\u00e1r a bor\u00edt\u00f3 is szellemes. A szerz\u0151 neve k\u00edn\u00e1lja a j\u00e1t\u00e9koss\u00e1got, persze n\u00e9mi v\u00e1ltoztat\u00e1ssal. Sz\u00e9tt\u00f6rve kiss\u00e9, de <em>sz\u00f3l<\/em> \u00e9s <em>l\u00e1t<\/em> is a k\u00f6lt\u0151\u2026<\/p>\n\n\n\n<div class=\"wp-block-columns is-layout-flex wp-container-core-columns-is-layout-9d6595d7 wp-block-columns-is-layout-flex\">\n<div class=\"wp-block-column is-layout-flow wp-block-column-is-layout-flow\" style=\"flex-basis:33.33%\">\n<figure class=\"wp-block-image size-full is-resized\"><img loading=\"lazy\" decoding=\"async\" width=\"1655\" height=\"2334\" src=\"https:\/\/opus-folyoirat.sk\/wp-content\/uploads\/2025\/02\/Szollath-Mihaly-Tuznehez-1.jpg\" alt=\"\" class=\"wp-image-2109\" style=\"width:175px;height:auto\" srcset=\"https:\/\/opus-folyoirat.sk\/wp-content\/uploads\/2025\/02\/Szollath-Mihaly-Tuznehez-1.jpg 1655w, https:\/\/opus-folyoirat.sk\/wp-content\/uploads\/2025\/02\/Szollath-Mihaly-Tuznehez-1-213x300.jpg 213w, https:\/\/opus-folyoirat.sk\/wp-content\/uploads\/2025\/02\/Szollath-Mihaly-Tuznehez-1-726x1024.jpg 726w, https:\/\/opus-folyoirat.sk\/wp-content\/uploads\/2025\/02\/Szollath-Mihaly-Tuznehez-1-768x1083.jpg 768w, https:\/\/opus-folyoirat.sk\/wp-content\/uploads\/2025\/02\/Szollath-Mihaly-Tuznehez-1-1089x1536.jpg 1089w, https:\/\/opus-folyoirat.sk\/wp-content\/uploads\/2025\/02\/Szollath-Mihaly-Tuznehez-1-1452x2048.jpg 1452w\" sizes=\"auto, (max-width: 1655px) 100vw, 1655px\" \/><\/figure>\n<\/div>\n\n\n\n<div class=\"wp-block-column is-layout-flow wp-block-column-is-layout-flow\" style=\"flex-basis:66.66%\">\n<figure class=\"wp-block-image size-full\"><img loading=\"lazy\" decoding=\"async\" width=\"605\" height=\"378\" src=\"https:\/\/opus-folyoirat.sk\/wp-content\/uploads\/2025\/09\/szollath1-1.jpg\" alt=\"\" class=\"wp-image-2586\" srcset=\"https:\/\/opus-folyoirat.sk\/wp-content\/uploads\/2025\/09\/szollath1-1.jpg 605w, https:\/\/opus-folyoirat.sk\/wp-content\/uploads\/2025\/09\/szollath1-1-300x187.jpg 300w, https:\/\/opus-folyoirat.sk\/wp-content\/uploads\/2025\/09\/szollath1-1-480x300.jpg 480w\" sizes=\"auto, (max-width: 605px) 100vw, 605px\" \/><\/figure>\n<\/div>\n<\/div>\n\n\n\n<p>K\u00f6tete k\u00e9seinek is mondhat\u00f3, hiszen valljuk be, nem fiatalemberr\u0151l van sz\u00f3. Persze tulajdonk\u00e9ppen mell\u00e9kes, hogy valaki t\u00fal kor\u00e1n vagy t\u00fal k\u00e9s\u0151n jelentkezik els\u0151 k\u00f6tet\u00e9vel. Szoll\u00e1th Mih\u00e1ly r\u00e9g\u00f3ta \u00edr verset, s \u00fagy t\u0171nik, most j\u00f6tt el igaz\u00e1n az ideje. Azt is mondhatjuk, hogy j\u00f3kor. \u00c9retten, \u00e9lettapasztalattal, a mesters\u00e9g birtok\u00e1ban. Ahogy a mester\u00e9nek tekinthet\u0151 Pet\u0151cz Andr\u00e1s \u00edrja: \u201e\u2026k\u00f6lt\u00e9szete a k\u00e9s\u0151n indul\u00f3 alkot\u00f3k minden jellemz\u0151j\u00e9t megmutatja, ami ebben az esetben azt jelenti, hogy az els\u0151 k\u00f6tet nem tipikusan \u201eels\u0151\u201d, hanem nagyon \u00e9rett, nagyon tudatos alkot\u00f3 kiv\u00e1l\u00f3 munk\u00e1ja\u2026\u201d (Pet\u0151cz\u00f6n k\u00edv\u00fcl egy\u00e9bk\u00e9nt m\u00e9g Hajnal \u00c9va \u00e9s Tomaji Attila is \u00edrt el\u0151sz\u00f3t a k\u00f6tethez.)<\/p>\n\n\n\n<p>Formai gazdags\u00e1g, sz\u00f3kimond\u00e1s, szabads\u00e1g. Ezen \u00e9rt\u00e9kek jellemzik az anyagot. Mindem\u00f6g\u00f6tt m\u0171velts\u00e9g \u00e9s vil\u00e1girodalmi t\u00e1j\u00e9kozotts\u00e1g h\u00faz\u00f3dik meg, s ez ut\u00f3bbi a k\u00f6lt\u0151re gyakorolt hat\u00e1sokat is jelzi. Igy h\u00e1t nem v\u00e9letlen, hogy a k\u00f6tetnyit\u00f3 szonett, a <em>Musz\u00e1jban \u00e9ltem<\/em> alc\u00edme: <em>Hommage \u00e0 Oscar Wilde<\/em>. Frapp\u00e1ns nyit\u00e1ny, egy kisebbfajta sors\u00f6sszegz\u00e9ssel, \u00f6nbizalommal, lend\u00fclettel, tenniakar\u00e1ssal. A \u201emost magamnak f\u00farok g\u00e9meskutat\u201d tiszt\u00e1nl\u00e1t\u00e1s\u00e1val. S azt\u00e1n r\u00f6gt\u00f6n ott egy m\u0171faji meglepet\u00e9s: a haibunok ciklusa. A haikun k\u00edv\u00fcl ezt az \u0151si jap\u00e1n form\u00e1t is m\u0171veli k\u00f6lt\u0151nk. Itt a pr\u00f3zai r\u00e9sz ut\u00e1n egy haiku z\u00e1rja le a sz\u00f6veget. Persze a pr\u00f3z\u00e1ban is van l\u00edrais\u00e1g, mintegy el\u0151k\u00e9sz\u00edtend\u0151 a befejez\u00e9st. A <em>P\u00e1rn\u00e1k<\/em>ban p\u00e9ld\u00e1ul az \u201e\u0151szi avar sz\u00edneit\u201d l\u00e1thatjuk, majd a haiku: \u201erig\u00f3 nem dalol \/ karj\u00e1val nem \u00f6l meg \/ hideg lesz mindig\u201d. Logikusan, egym\u00e1st er\u0151s\u00edt\u0151 r\u00e9szletek. De foglalkoztatja az ugyancsak \u0151si id\u0151probl\u00e9ma is, saj\u00e1tos b\u00f6lcselked\u00e9ssel. Vagy \u00e9ppen a sors\u00f6sszegz\u00e9s, hasonl\u00f3 hiteless\u00e9ggel.<\/p>\n\n\n\n<p>M\u00e1sk\u00e9ppen meglep\u0151ek a <em>Tarot lapok<\/em> c\u00edm al\u00e1 besorolt m\u0171vek. J\u00f3sl\u00e1sok lenn\u00e9nek? B\u00e1r a <em>Leszek sas<\/em> ink\u00e1bb m\u00e1r-m\u00e1r archaikus \u00edzeivel emelkedik ki az \u00e1tlagb\u00f3l: \u201ef\u00f6ldedre l\u00e9ptem \/ s\u00f3lyommal m\u00f6g\u00f6ttem\u2026\u201d, vagy \u201e&#8230;sz\u00ednek \u00e9s \u00e1rnyak \/ el\u00e9bem \u00e1llnak\u2026\u201d M\u00e1sutt meg\u00e9nekli a m\u00falt eml\u00e9keit, st\u00edlusa m\u00edves \u00e9s \u00e9rz\u00e9kletes. A soksz\u00edn\u0171s\u00e9g jelek\u00e9nt a viharos \u00e9let\u0171, sokat vitatott zseni Oscar Wilde is \u00fajra el\u0151ker\u00fcl az <em>\u0150 volt itt<\/em> soraiban. Izgalmas ebben az, hogy mik\u00e9nt vonz\u00f3dik az extremit\u00e1shoz, a k\u00fcl\u00f6nlegess\u00e9ghez. Hasonl\u00f3 er\u0151vel k\u00fczd a visszatart\u00f3 er\u0151kkel, a l\u00e9tez\u00e9st vesz\u00e9lyeztet\u0151 \u00e9rt\u00e9ktelens\u00e9ggel. (<em>Az \u00f6rd\u00f6g t\u00fal\u00e9l\u0151i<\/em>) S ha kell, hitetlen\u00fcl is k\u00fczd a hit\u00e9rt\u2026<\/p>\n\n\n\n<p>Egyszerre k\u00f6z\u00f6ss\u00e9gi \u00e9s mag\u00e1nyos k\u00f6lt\u0151i alkat a <em>T\u0171zneh\u00e9z<\/em> szerz\u0151je. S ha m\u00e1r ism\u00e9t el\u0151ker\u00fclt a k\u00fcl\u00f6n\u00f6s c\u00edm, jegyezz\u00fck meg, amit az egyik el\u0151sz\u00f3 \u00edr\u00f3ja, Hajnal \u00c9va tesz k\u00f6zz\u00e9: \u201e\u2026<em>Az \u00fajsz\u00fcl\u00f6ttek lucskos \u00e9s a haldokl\u00f3k t\u0171zneh\u00e9z ing\u00e9t viseltem<\/em> \u2013 mondja Pilinszky, <em>Most <\/em>c\u00edm\u0171 vers\u00e9ben\u2026\u201d \u00d6sszetett, rejtett tartalm\u00fa sz\u00f3. Tulajdonk\u00e9ppen a sorsot \u00edrja le. Szoll\u00e1th issza kedvenc el\u0151deinek szavait, hatnak is r\u00e1, s mindezekb\u0151l mer\u00edtkezve \u00edrja saj\u00e1t m\u0171veit. Sokf\u00e9le hangon \u00e9s form\u00e1ban. K\u00f6zben kutatja a l\u00e9t alapk\u00e9rd\u00e9seit, \u00e9s megesik, hogy az esend\u0151 ember k\u00e9rd\u00e9seit teszi fel. Meg\u00e9rintik az \u00faj h\u00e1bor\u00fa borzalmai a <em>Bahmut \u00e9s Bucsa<\/em> ezt igazolja: \u201e\u2026\u00f6t\u00e9ves kisl\u00e1ny szem\u00fcregb\u0151l v\u00e9r hull \/ piros pipacsok \/\/ m\u00e1r nem sikolt a kisl\u00e1ny arc\u00e1n a v\u00e9r \/ perny\u00e9re sz\u00e1rad \/\/ m\u00e1r nem kel a nap a pipacsok felett \/ feket\u00e9re sz\u00e1rad\u201d. K\u00fcl\u00f6nb\u00f6z\u0151 s\u00edkok tal\u00e1lnak itt egym\u00e1sra, hiszen a pipacs az eml\u00e9kez\u00e9s napj\u00e1nak a jelk\u00e9pe az els\u0151 vil\u00e1gh\u00e1bor\u00fa \u00f3ta, a c\u00edmbe emelet k\u00e9t ukr\u00e1n telep\u00fcl\u00e9s pedig napjaink barbarizmus\u00e1nak val\u00f3s\u00e1gos sz\u00ednhelye.<\/p>\n\n\n\n<p>Az eml\u00e9kez\u00e9s r\u00e9szei azok a sz\u00f6vegek, amelyekben az apa alakja jelenik meg. (<em>R\u00e9gi k\u00e9p, Ap\u00e1m<\/em>) \u00d6ssze\u00e1llnak az eml\u00e9kk\u00e9pek, a gondolatfutam megkap\u00f3, \u00e9rzelmekben gazdag. \u00c9s sz\u00f3l az any\u00e1r\u00f3l is (<em>Vil\u00e1g\u00edt\u00f3torony<\/em>), s itt meg a m\u00falt elvarratlan sz\u00e1laival n\u00e9z szembe. Szemben\u00e9z a vil\u00e1g, korunk gondjaival is, el\u0151vet\u00edti a vesz\u00e9lyeket. (<em>Alzheimer<\/em>) A nyomaszt\u00f3 dolgokat azt\u00e1n nyelvi j\u00e1t\u00e9kkal oldja fel. Mint ahogy a felold\u00e1st szolg\u00e1lja az <em>\u00c9nekek \u00e9neke<\/em> parafr\u00e1zisa is, igazi nyelvi remekl\u00e9ssel. Mag\u00e1\u00e9v\u00e1 tudja tenni a szent sz\u00f6veget, azonosulv\u00e1n annak h\u0151s\u00e9vel. Sokf\u00e9le hangpr\u00f3b\u00e1j\u00e1nak egyik bizony\u00edt\u00e9k\u00e1val tal\u00e1lkozunk ebben az esetben, \u00e9s formai remekl\u00e9se is eml\u00e9kezetes.<\/p>\n\n\n\n<p>K\u00f6zben izgalmasak aj\u00e1nl\u00e1sai is, ezek k\u00f6z\u00e9 sorolhat\u00f3 a Pet\u0151cz Andr\u00e1snak aj\u00e1nlott <em>A foly\u00f3 felett<\/em>, id\u00e9zv\u00e9n a k\u00f6lt\u0151 v\u00e1logatott verseinek k\u00f6tet\u00e9t. Fontos benne az <em>\u00e9g<\/em> \u00e9s a <em>l\u00e9g<\/em> mot\u00edvuma, hogy azt\u00e1n \u00edgy teljesedjen ki a sz\u00f6veg: \u201e\u2026a foly\u00f3 felett a h\u00edd \/ onnan n\u00e9zem \u00e9n \/\/ hull\u00e1mot vet v\u00f6r\u00f6sen \/ \u00f6rv\u00e9nylik az \u00e9g \/\/ a foly\u00f3 felett az \u00e9g \/ angyallal tele\u201d. Ett\u0151l elt\u00e9r\u0151en tal\u00e1lunk m\u00e1sutt naturalisztikus elemeket is, pl. a Gregory Corso-nak tisztelg\u0151 <em>H\u00e1zass\u00e1g<\/em>ban, a megid\u00e9zett k\u00f6lt\u0151 modor\u00e1hoz igazodva. S azt\u00e1n el\u00e9rkez\u00fcnk a k\u00f6tetet lez\u00e1r\u00f3 vershez, a <em>Volt egy kert<\/em>hez. El\u00e9gikus hang\u00fa, sz\u00e9p befejez\u00e9s. K\u00f6z\u00e9ppontban a kert szimbolik\u00e1j\u00e1val, n\u00e9mi nosztalgi\u00e1val, az eml\u00e9kez\u00e9s f\u00f6lemel\u0151 pillanataival. A keser\u0171s\u00e9g \u00e9des-b\u00fas \u00edzeivel. Hiszen: \u201e&#8230;s a h\u00e1zb\u00f3l mindenki \/ felzuhant az \u00c9gbe \/ csak \u00e9n \u00e9lek m\u00e9g itt lenn \/ fuldokolva a v\u00edzben \/ a k\u00fatm\u00e9lyi v\u00edzt\u00fck\u00f6rben\u201d.&nbsp;<\/p>\n\n\n\n<p>M\u00e1r-m\u00e1r mitikus l\u00e9t\u00e9rtelmez\u00e9s, ami v\u00e9gigfut ezen az \u00e9rt\u00e9kes k\u00f6teten.<\/p>\n","protected":false},"excerpt":{"rendered":"<p>Szoll\u00e1th Mih\u00e1ly: T\u0171zneh\u00e9z (Fekete Sas Kiad\u00f3, 2024) M\u00e1r a bor\u00edt\u00f3 is szellemes. A szerz\u0151 neve k\u00edn\u00e1lja a j\u00e1t\u00e9koss\u00e1got, persze n\u00e9mi v\u00e1ltoztat\u00e1ssal. Sz\u00e9tt\u00f6rve kiss\u00e9, de sz\u00f3l \u00e9s l\u00e1t is a k\u00f6lt\u0151\u2026 K\u00f6tete k\u00e9seinek is mondhat\u00f3, hiszen valljuk be, nem fiatalemberr\u0151l van &hellip; <a href=\"https:\/\/opus-folyoirat.sk\/?page_id=2583\">Egy kattint\u00e1s ide a folytat\u00e1shoz&#8230;. <span class=\"meta-nav\">&rarr;<\/span><\/a><\/p>\n","protected":false},"author":4,"featured_media":0,"parent":0,"menu_order":0,"comment_status":"closed","ping_status":"closed","template":"","meta":{"footnotes":""},"class_list":["post-2583","page","type-page","status-publish","hentry"],"_links":{"self":[{"href":"https:\/\/opus-folyoirat.sk\/index.php?rest_route=\/wp\/v2\/pages\/2583","targetHints":{"allow":["GET"]}}],"collection":[{"href":"https:\/\/opus-folyoirat.sk\/index.php?rest_route=\/wp\/v2\/pages"}],"about":[{"href":"https:\/\/opus-folyoirat.sk\/index.php?rest_route=\/wp\/v2\/types\/page"}],"author":[{"embeddable":true,"href":"https:\/\/opus-folyoirat.sk\/index.php?rest_route=\/wp\/v2\/users\/4"}],"replies":[{"embeddable":true,"href":"https:\/\/opus-folyoirat.sk\/index.php?rest_route=%2Fwp%2Fv2%2Fcomments&post=2583"}],"version-history":[{"count":6,"href":"https:\/\/opus-folyoirat.sk\/index.php?rest_route=\/wp\/v2\/pages\/2583\/revisions"}],"predecessor-version":[{"id":3080,"href":"https:\/\/opus-folyoirat.sk\/index.php?rest_route=\/wp\/v2\/pages\/2583\/revisions\/3080"}],"wp:attachment":[{"href":"https:\/\/opus-folyoirat.sk\/index.php?rest_route=%2Fwp%2Fv2%2Fmedia&parent=2583"}],"curies":[{"name":"wp","href":"https:\/\/api.w.org\/{rel}","templated":true}]}}