{"id":2638,"date":"2025-02-27T08:19:00","date_gmt":"2025-02-27T06:19:00","guid":{"rendered":"https:\/\/opus-folyoirat.sk\/?page_id=2638"},"modified":"2025-11-18T11:50:48","modified_gmt":"2025-11-18T09:50:48","slug":"morva-matyas","status":"publish","type":"page","link":"https:\/\/opus-folyoirat.sk\/?page_id=2638","title":{"rendered":"Morva M\u00e1ty\u00e1s"},"content":{"rendered":"\n<p><strong>Nyolcvan pokr\u00f3c<\/strong><\/p>\n\n\n<div class=\"has-text-align-right wp-block-post-date\"><time datetime=\"2025-02-27T08:19:00+02:00\">2025-02-27<\/time><\/div>\n\n\n<p><\/p>\n\n\n\n<p>Tegnap b\u00facs\u00faztatt\u00e1k Ard\u00f3t. Most olvastam a Tiszti k\u00f6zl\u00f6nyben. Az intergalaktikus hadapr\u00f3d akad\u00e9mi\u00e1r\u00f3l. Eml\u00e9kszel? Mikor tejfelessz\u00e1j\u00fak\u00e9nt a seregnyi lecke mellett a csesztet\u00e9sb\u0151l sem szenvedt\u00fcnk hi\u00e1nyt. Akkor m\u00e9g nem csak a kik\u00e9pz\u0151k nyektettek szakm\u00e1nyba\u2019, de a fels\u0151s\u00f6k is. K\u00e9sz csoda, hogy nem lett valamelyik idi\u00f3ta tr\u00e9f\u00e1nak v\u00e9gzetes k\u00f6vetkezm\u00e9nye.<\/p>\n\n\n\n<p>Na \u00e9s tanrend els\u0151 \u00e9vbe\u2019? H\u00e9tv\u00e9genk\u00e9nt sem lehetett egy\u00e9b, csak a h\u00e1rom T: takar\u00edt\u00e1s, tornaj\u00e1t\u00e9k \u00e9s tanul\u00e1s. \u00c9pp nagytakar\u00edt\u00e1s zajlott, \u00edgy a tartal\u00e9kfelszerel\u00e9st is kezel\u00e9sbe kellett venni. Mell\u00e9m a csodabog\u00e1r h\u00edr\u00e9be\u2019 \u00e1ll\u00f3 K\u00f6rtv\u00e9li \u0171rregrut\u00e1t osztott\u00e1k, meg m\u00e9g nyolcvan pokr\u00f3cot. Itt a f\u00e9nyk\u00e9pe, a gy\u00e1szjelent\u00e9s\u2026 megvan a r\u00e9gi arca? \u2013 t\u00f6bbsz\u00f6r is elz\u00e1rt\u00e1k m\u00e1r addigra, mert rendre a tiltott z\u00f3n\u00e1kba\u2019 m\u00e1szk\u00e1lt.<\/p>\n\n\n\n<p>Miut\u00e1n jelentkezt\u00fcnk szolg\u00e1latra, a t\u0151l\u00fcnk alig id\u0151sebb, de ann\u00e1l besiker\u00fcltebb Bakny\u00faz\u00f3 hadnagy leemelte a legfels\u0151t a tornyokba halmozott katonaz\u00f6ld, durva l\u00f3pokr\u00f3cokb\u00f3l. Gyan\u00fas kedvess\u00e9ggel intett, l\u00e9pj\u00fcnk k\u00f6zelebb. Odadugta az orrunk al\u00e1, j\u00f3kor\u00e1t h\u00fazott a pokr\u00f3cra a keze \u00fcgy\u00e9be k\u00e9sz\u00edtett prakkerrel, mi meg k\u00e9tr\u00e9t g\u00f6rnyedt\u00fcnk. Olyan massz\u00edv por \u00f6ml\u00f6tt bel\u0151le, te! Ha nem h\u00e1tra h\u0151k\u00f6l\u00f6k, el\u0151re, de a fejem bet\u00f6ri. Bakny\u00faz\u00f3 tarthatta rezd\u00fcl\u00e9stelen\u2019 a fapof\u00e1t, l\u00e1ttam rajta, hogy kifejezetten \u00e9lvezi. Alapvet\u0151en a vezet\u00e9knev\u00e9n\u00e9l csak azt ut\u00e1lta jobban, ha \u00e9lcel\u0151dtek is vele. Neh\u00e9z helyzet, mert, ugye, ki nem r\u00f6h\u00f6gn\u00e9 romm\u00e1 mag\u00e1t egy ilyen megveszekedett csal\u00e1di n\u00e9v hallat\u00e1n?&nbsp; A szem\u00e9be k\u00f6z\u00fcl\u00fcnk persze senki nem vihogott bele, de neki el\u00e9g volt a gyan\u00fa leghalv\u00e1nyabb \u00e1rny\u00e9ka, f\u0151leg, hogy feljebb is el\u0151szeretettel cukkolt\u00e1k. Vajon megvan m\u00e9g? \u00dagy hallottam, nem sokkal ut\u00e1nunk nevet v\u00e1ltoztatott. &nbsp;<\/p>\n\n\n\n<p>Mire sikeresen berekesztett\u00fck a fuldokl\u00e1si rohamot, kaj\u00e1n vigyorral az arc\u00e1n tudtunkra adta, hogy hasonl\u00f3k\u00e9ppen fogja ellen\u0151rizni az \u00f6sszeset, mind a nyolcvanat, ha kell, \u00e9s ha csak egy porszem is kipattan b\u00e1rmelyikb\u0151l, h\u00e1t\u2026 Ne akarjuk olyan iskol\u00e1t.&nbsp;<\/p>\n\n\n\n<p>\u2013 No, pajt\u00e1s, azt hiszem, a nap v\u00e9g\u00e9re megk\u00f6t a t\u00fcd\u0151nk\u2026 Ami port ebb\u0151l kiver\u00fcnk, annak a fel\u00e9t be is nyelj\u00fck, annyi szent! \u2013 sand\u00edtottam egy s\u00f3haj keret\u00e9ben az addig sz\u00f3tlanul m\u00e9l\u00e1z\u00f3 Ard\u00f3 fel\u00e9, mik\u00f6zben egy k\u00e9zitargonc\u00e1ra pakolt b\u00f6h\u00f6mnagy t\u00e1rol\u00f3kos\u00e1rba\u2019 toltuk v\u00e9gig a rakom\u00e1nyt az akad\u00e9mia k\u00f6tel\u00e9k\u00e9be tartoz\u00f3 Tau-7-es \u0171r\u00e1llom\u00e1s folyos\u00f3in a teherlift fel\u00e9. Az als\u00f3bb szinteken l\u00e9v\u0151 elhagyatott hang\u00e1rokba vez\u00e9nyeltek a munkav\u00e9gz\u00e9shez, ahol nincs gond a porral, \u00fagyis rendszeresen szell\u0151ztetnek.&nbsp;<\/p>\n\n\n\n<p>\u2013 V\u00e1rd ki a v\u00e9g\u00e9t! \u2013 kacsintott sejtelmesen Ard\u00f3.&nbsp;<\/p>\n\n\n\n<p>\u2013 Nem tudom, cementeszs\u00e1kokat g\u00f6ngy\u00f6ltek-e ezekbe, vagy homokhord\u00e1shoz osztott\u00e1k ki \u0151ket a m\u00faltkori t\u0171zolt\u00e1skor, de csikorog majd a&#8230;&nbsp;<\/p>\n\n\n\n<p>\u2013 Csigav\u00e9r, \u00f6reg! Van egy \u00f6tletem, \u2013 kacsintott ism\u00e9t. \u2013 Majd kiviszi a huzat.&nbsp;<\/p>\n\n\n\n<p>Ugyan el\u0151sz\u00f6r hevesen tiltakoztam az <em>\u00f6tlet<\/em> ellen, meg Ard\u00f3val is \u00fagy voltam, magunk k\u00f6zt sz\u00f3lva, hogy f\u00e9lc\u00e9dul\u00e1s szeg\u00e9ny. Jobb, ha f\u00e9kezem az agyvize habz\u00e1s\u00e1t, mert mindkett\u0151nket elsodorja. Azt\u00e1n azzal is tiszt\u00e1ba\u2019 voltam, mennyire meg\u00fcthetj\u00fck a bok\u00e1nkat, de a porol\u00e1s sem kecsegtetett semmi j\u00f3val. V\u00e9g\u00fcl csak r\u00e1szedett, te!&nbsp;<\/p>\n\n\n\n<p>Az elhagyatott karbantart\u00f3hang\u00e1r helyett egy ugyancsak ritk\u00e1n haszn\u00e1lt, j\u00f3kora l\u00e9gzsiliphez vezetett. M\u00e9g ahogy odaker\u00fclt\u00fcnk, akkor besz\u00e9lt\u00e9k a fels\u0151s\u00f6k \u2013 a szkafandereiket pucoltatt\u00e1k velem, akkor hallottam, \u2013 hogy ez az \u0171r\u00e1llom\u00e1s valamikor ir\u00eddiumb\u00e1nyak\u00e9nt m\u0171k\u00f6d\u00f6tt. Az aszteroid\u00e1n, amire \u00e9p\u00fclt, id\u0151k\u0151vel m\u00e1r csak egy medd\u0151h\u00e1ny\u00f3 maradt, \u00edgy az \u00e9p\u00edtett terek nagyr\u00e9sze is \u00faj funkci\u00f3t kapott. Ezek a mozgalmasabb napokat is l\u00e1tott szintek m\u00e9g a kezdeti id\u0151kb\u0151l maradtak meg \u00e9rintetlen\u00fcl, a sz\u00e1ll\u00edt\u00f3flotta tudott itt dokkolni be- \u00e9s kirakod\u00e1skor.&nbsp;<\/p>\n\n\n\n<p>Sz\u00f3val a grandi\u00f3zus terv&#8230; Az \u00e9g tudja honnan, de Ard\u00f3 hozott mag\u00e1val feles elef\u00e1ntzsineget, amit a plafonon, a padl\u00f3n \u00e9s a falakon l\u00e9v\u0151 r\u00f6gz\u00edt\u00e9si f\u00fclek k\u00f6zt kifesz\u00edtett\u00fcnk, azt\u00e1n j\u00f6hettek a pokr\u00f3cok. Az\u00f3ta nem sajgott \u00fagy a csukl\u00f3m; nem volt egyszer\u0171 betonbiztos csom\u00f3kat k\u00f6tni a durva anyagon.&nbsp;<\/p>\n\n\n\n<p>Amikor Ard\u00f3 nekil\u00e1tott a k\u00e9zivez\u00e9rl\u00e9ses nyom\u00e1skiegyenl\u00edt\u00e9snek, oda sem mertem n\u00e9zni, de mire a folyamat v\u00e9g\u00e9re \u00e9rt, kiss\u00e9 megnyugodtam. A k\u00e9mlel\u0151ny\u00edl\u00e1sokon \u00e1t l\u00e1ttam a kinti k\u00f6r\u00fclm\u00e9nyek k\u00f6zt k\u00edm\u00e9letlen\u00fcl megt\u00e9p\u00e1zott, a t\u00e1voz\u00f3 porfelh\u0151ben tajt\u00e9kz\u00f3 pokr\u00f3cainkat. Megism\u00e9telt\u00fck m\u00e9g a folyamatot k\u00e9tszer vagy h\u00e1romszor, m\u00e1r nem eml\u00e9kszem. A v\u00e9g\u00e9re m\u00e1r nekem is f\u00fclig \u00e9rt a sz\u00e1m, mert a vil\u00e1g\u0171r moh\u00f3s\u00e1ga az utols\u00f3 mozd\u00edthat\u00f3 porszemet is mag\u00e1\u00e9nak akarta. Ugyan bevillant: most meg az lesz a baj, hogy t\u00fals\u00e1gosan tiszt\u00e1k, de h\u00e1tha ezen nem akad fenn Apr\u00f3dny\u00faz\u00f3\u2026<\/p>\n\n\n\n<p>\u2013 Hetven\u00f6t, hetvenhat\u2026<\/p>\n\n\n\n<p>\u2013 Itt a hetvenhetedik.<\/p>\n\n\n\n<p>\u2013 Akkor hetvenh\u00e9t, hetvennyolc, hetvenkilenc, nyolcv\u2026 \u2013 torpantam meg egy szemvillan\u00e1ssal el\u0151bb, mint kellett volna, amikor egy nagy adag semmibe markoltam bele.&nbsp;<\/p>\n\n\n\n<p>\u2013 Nincs t\u00f6bb \u2013 meredt r\u00e1m, aznap el\u0151sz\u00f6r megszeppenve Ard\u00f3 is. Pontosan tudta, hogy egy \u0171r\u00e1llom\u00e1son sok mindent lehet, de nyom n\u00e9lk\u00fcl elt\u00fcntetni valamit, azt aligha. Vagyis nagyj\u00e1b\u00f3l egyetlen m\u00f3dja van. Pont \u00fagy, ahogy feltehet\u0151en nek\u00fcnk is siker\u00fclt.&nbsp;<\/p>\n\n\n\n<p>\u2013 Az nem lehet, sz\u00e1moljuk \u00fajra! \u2013 harsogtam er\u0151ltetett magabiztoss\u00e1ggal.&nbsp;<\/p>\n\n\n\n<p>A pokr\u00f3cok azonban csak nem szaporodtak oszt\u00f3d\u00e1ssal, egy h\u00edj\u00e1n nyolcvan maradt. \u00dagy n\u00e9zt\u00fcnk egym\u00e1sra, mint akiket leforr\u00e1ztak, de nem volt mit tenni, m\u00e1r az id\u0151nk is majdnem lej\u00e1rt, vissza kellett vinni mind a hetvenkilencet, azt\u00e1n abba\u2019 bizakodni, hogy a val\u00f3di turpiss\u00e1gra nem j\u00f6nnek r\u00e1.&nbsp;<\/p>\n\n\n\n<p>A pokr\u00f3csz\u00e1mol\u00e1s egy \u00f6r\u00f6kk\u00e9val\u00f3s\u00e1gig tartott. Azt besz\u00e9lt\u00fck meg, \u00fagy tesz\u00fcnk, mintha nem is tudn\u00e1nk a hi\u00e1nyos darabsz\u00e1mr\u00f3l. Irdatlan er\u0151fesz\u00edt\u00e9sbe ker\u00fclt, hogy ne l\u00e1tsz\u00f3djon meg a sz\u00e1ml\u00e1l\u00e1s percei alatt a fejemen: nyakig \u00fcl\u00fcnk a g\u00f6d\u00f6rben. Ard\u00f3 \u00e9pp ellenkez\u0151leg, mintha megnyugodott volna. Persze hi\u00e1ba, a v\u00e9ge m\u00e9giscsak hetvenkilenc lett.&nbsp;<\/p>\n\n\n\n<p>\u2013 Bakny\u00faz\u00f3 hadnagy \u00farnak jelentem, hogy n\u00e1lam a hiba! \u00c9n hagytam el az egyik pokr\u00f3cot \u00fatk\u00f6zben, Cs\u00e9p\u00e1n \u0171rregrut\u00e1nak ehhez k\u00f6ze sincs.&nbsp;<\/p>\n\n\n\n<p>Megk\u00f6v\u00fclten meredtem Ard\u00f3ra, hiszen arr\u00f3l volt sz\u00f3, egy\u00fctt vissz\u00fck el a balh\u00e9t. A kik\u00e9pz\u0151 mag\u00e1b\u00f3l kikelve ord\u00edtotta le mindkett\u0151nk fej\u00e9t, azt\u00e1n fejenk\u00e9nt \u00f6tven fekvet\u00e1masz ut\u00e1n elzavarta Ard\u00f3t, hogy azonnal menjen a hi\u00e1nyz\u00f3 pokr\u00f3c\u00e9rt; mire elpakolja a t\u00f6bbit, itt legyen. Az, hogy makul\u00e1tlan tiszta volt a megl\u00e9v\u0151 hetvenkilenc, fel sem t\u0171nt neki. Cinkost\u00e1rsam h\u00e1traarc k\u00f6zbe\u2019 m\u00e9g r\u00e1m kacsintott, majd fut\u00f3l\u00e9p\u00e9sbe\u2019 elviharzott.&nbsp;<\/p>\n\n\n\n<p>K\u00e9nytelen voltam t\u0171k\u00f6n \u00fclve v\u00e1rakozni, csak azt tudtam, hogy ebb\u0151l nem m\u00e1szunk ki sz\u00e1razon. Gondoltam, elhoz egy haszn\u00e1latba\u2019 l\u00e9v\u0151 pokr\u00f3cot, de abb\u00f3l csak baj lehet, m\u00e9g arra is seperc alatt f\u00e9ny der\u00fcl, ha a saj\u00e1tj\u00e1t \u00e1ldozza be. K\u00f6zben telt m\u00falt az id\u0151, Bakny\u00faz\u00f3 egy-egy fel\u00e9m d\u00f6f\u00f6tt sz\u00far\u00f3s tekintet k\u00f6zt sz\u00e9pen kom\u00f3tosan behordta a pokr\u00f3cokat. Id\u0151vel kezdett t\u00fcrelmetlenn\u00e9 v\u00e1lni, Ard\u00f3 meg sehol. Tal\u00e1n azon vacill\u00e1lt, hogy merjen-e ut\u00e1na k\u00fcldeni, vagy a legjobb, ha legal\u00e1bb engem a mark\u00e1ban tart. L\u00e1ttam a tekintet\u00e9n, hogy \u00e9ppen elsz\u00e1nn\u00e1 mag\u00e1t valamilyen l\u00e9p\u00e9sre, amikor egy spont\u00e1n riad\u00f3gyakorlat zavarta meg az idillt: hirtelen s\u00f6t\u00e9ts\u00e9g, majd harsog\u00f3 szir\u00e9n\u00e1k \u00e9s mindent v\u00f6r\u00f6sbe bor\u00edt\u00f3 villog\u00f3k. Felocs\u00fadni sem volt id\u0151nk, alig indultunk el a kijel\u00f6lt evaku\u00e1ci\u00f3s pontra \u2013 egy saroknyit se haladtunk, \u2013 m\u00e1ris azt recsegte a r\u00e1di\u00f3s tiszt, hogy \u201et\u00e9ves, t\u00e9ves a kutya mindens\u00e9git neki!\u201d&nbsp;<\/p>\n\n\n\n<p>\u2013 Mindenki vissza a hely\u00e9re, ism\u00e9tlem, nincs riad\u00f3, mindenki vissza a hely\u00e9re!<\/p>\n\n\n\n<p>A v\u00e1ratlan epiz\u00f3d l\u00e1that\u00f3an m\u00e9g ink\u00e1bb felbosszantotta a hadnagyot, gondolhatod, hogy m\u00e1r kezdtem komolyan agg\u00f3dni. V\u00e9g\u00fcl csak el\u0151ker\u00fclt Ard\u00f3, kez\u00e9be\u2019 a nyolcvanadik pokr\u00f3ccal. Bakny\u00faz\u00f3 derekasan megpaskolta, de nem tal\u00e1lt benne kivetnival\u00f3t. Egy centivel sem volt hitv\u00e1nyabb a m\u00e1sik hetvenkilencn\u00e9l. Szemmel l\u00e1that\u00f3an csal\u00f3dott, hogy v\u00e9g\u00fcl mindent rendbe\u2019 tal\u00e1lt, de val\u00f3sz\u00edn\u0171leg a rejt\u00e9lyes riad\u00f3 oka jobban foglalkoztatta&#8230;&nbsp;<\/p>\n\n\n\n<p>\u2013 Ezt most egy f\u00e9l napra meg\u00fasztuk, de hi\u00e1ba fejtetted le a monogramot, este eg\u00e9szen biztos megindul a hi\u00e1nyz\u00f3 pokr\u00f3c miatt a haddelhadd. Apr\u00f3dny\u00faz\u00f3 pontosan eml\u00e9kszik majd, mi meg\u2026 \u2013 sz\u0171rtem ki a fogaim k\u00f6zt a szavakat, mik\u00f6zben Ard\u00f3val a tornaterem fel\u00e9 mas\u00edroztunk. Ez lett volna a h\u00e9tv\u00e9ge legszerethet\u0151bb r\u00e9sze, de most m\u00e9g a tornaj\u00e1t\u00e9kokt\u00f3l is elment a kedvem.&nbsp;<\/p>\n\n\n\n<p>\u2013 Ne l\u00e9gy m\u00e1r annyira begyulladva, Cs\u00e9p\u00e1n! Ha a h\u00e1l\u00f3k\u00f6rletb\u0151l oroztam volna el azt a tetves pokr\u00f3cot, minek kellett volna a riad\u00f3, he?<\/p>\n\n\n\n<p>\u2013 Riad\u00f3?! \u2013 meredtem r\u00e1 elh\u0171lve.&nbsp;<\/p>\n\n\n\n<p>\u2013 Ne ord\u00edts! \u2013 ragadta meg a v\u00e1llam, f\u00e9lre vonva az egyik panor\u00e1maerk\u00e9ly kisz\u00f6gel\u00e9s\u00e9be, m\u00f6g\u00f6ttem a Tej\u00fat teljes pomp\u00e1j\u00e1val, \u2013 ha a hetvenkilencb\u0151l \u00fagy veszel el egyet, hogy az hetvenkilenc marad, azt\u00e1n hozz\u00e1adod, mennyi j\u00f6n ki?&nbsp;<\/p>\n\n\n\n<p>\u2013 Hetvenkilencb\u0151l nem tudsz \u00fagy\u2026<\/p>\n\n\n\n<p>\u2013 Akkor Bakny\u00faz\u00f3 mi\u00e9rt engedett el, he?! \u2013 r\u00e1zott meg a v\u00e1llamn\u00e1l fogva.<\/p>\n\n\n\n<p>\u2013 Sz\u00f3val te&#8230;&nbsp;<\/p>\n\n\n\n<p>\u2013 Most m\u00e1r csak az\u00e9rt im\u00e1dkozz, hogy a k\u00f6vetkez\u0151 nagytakar\u00edt\u00e1skor ne r\u00e1d ossz\u00e1k ezt a <em>nyolcvan<\/em> pokr\u00f3cot \u2013 kacsintott r\u00e1m cinkos mosollyal, majd bok\u00e1it \u00f6sszecsapva ir\u00e1nyba fordult, \u00e9s nekiiramodott a tornaterem fel\u00e9.&nbsp;<\/p>\n\n\n\n<p>T\u00f6bbet nem volt dolgunk a pokr\u00f3cokkal. Ard\u00f3b\u00f3l meg valami kutat\u00f3tiszt lett. Te! N\u00e9zd csak meg ezt a fot\u00f3t a gy\u00e1szjelent\u00e9se mell\u00e9 t\u0171zve! Nem olyan, mintha \u00e9ppen kacsintani k\u00e9sz\u00fclne?<\/p>\n","protected":false},"excerpt":{"rendered":"<p>Nyolcvan pokr\u00f3c Tegnap b\u00facs\u00faztatt\u00e1k Ard\u00f3t. Most olvastam a Tiszti k\u00f6zl\u00f6nyben. Az intergalaktikus hadapr\u00f3d akad\u00e9mi\u00e1r\u00f3l. Eml\u00e9kszel? Mikor tejfelessz\u00e1j\u00fak\u00e9nt a seregnyi lecke mellett a csesztet\u00e9sb\u0151l sem szenvedt\u00fcnk hi\u00e1nyt. Akkor m\u00e9g nem csak a kik\u00e9pz\u0151k nyektettek szakm\u00e1nyba\u2019, de a fels\u0151s\u00f6k is. K\u00e9sz csoda, &hellip; <a href=\"https:\/\/opus-folyoirat.sk\/?page_id=2638\">Egy kattint\u00e1s ide a folytat\u00e1shoz&#8230;. <span class=\"meta-nav\">&rarr;<\/span><\/a><\/p>\n","protected":false},"author":4,"featured_media":0,"parent":0,"menu_order":0,"comment_status":"closed","ping_status":"closed","template":"","meta":{"footnotes":""},"class_list":["post-2638","page","type-page","status-publish","hentry"],"_links":{"self":[{"href":"https:\/\/opus-folyoirat.sk\/index.php?rest_route=\/wp\/v2\/pages\/2638","targetHints":{"allow":["GET"]}}],"collection":[{"href":"https:\/\/opus-folyoirat.sk\/index.php?rest_route=\/wp\/v2\/pages"}],"about":[{"href":"https:\/\/opus-folyoirat.sk\/index.php?rest_route=\/wp\/v2\/types\/page"}],"author":[{"embeddable":true,"href":"https:\/\/opus-folyoirat.sk\/index.php?rest_route=\/wp\/v2\/users\/4"}],"replies":[{"embeddable":true,"href":"https:\/\/opus-folyoirat.sk\/index.php?rest_route=%2Fwp%2Fv2%2Fcomments&post=2638"}],"version-history":[{"count":2,"href":"https:\/\/opus-folyoirat.sk\/index.php?rest_route=\/wp\/v2\/pages\/2638\/revisions"}],"predecessor-version":[{"id":2954,"href":"https:\/\/opus-folyoirat.sk\/index.php?rest_route=\/wp\/v2\/pages\/2638\/revisions\/2954"}],"wp:attachment":[{"href":"https:\/\/opus-folyoirat.sk\/index.php?rest_route=%2Fwp%2Fv2%2Fmedia&parent=2638"}],"curies":[{"name":"wp","href":"https:\/\/api.w.org\/{rel}","templated":true}]}}