{"id":2690,"date":"2025-10-03T12:24:24","date_gmt":"2025-10-03T10:24:24","guid":{"rendered":"https:\/\/opus-folyoirat.sk\/?page_id=2690"},"modified":"2025-10-03T15:19:56","modified_gmt":"2025-10-03T13:19:56","slug":"letallomas-takacs-eva-irodalmi-utja-es-alkotoi-vilaga","status":"publish","type":"page","link":"https:\/\/opus-folyoirat.sk\/?page_id=2690","title":{"rendered":"L\u00e9t\u00e1llom\u00e1s \u2013 Tak\u00e1cs \u00c9va irodalmi \u00fatja \u00e9s alkot\u00f3i vil\u00e1ga"},"content":{"rendered":"<div class=\"wp-block-post-date\"><time datetime=\"2025-10-03T12:24:24+02:00\">2025-10-03<\/time><\/div>\n\n<div class=\"wp-block-image\">\n<figure class=\"alignright size-large is-resized\"><img loading=\"lazy\" decoding=\"async\" width=\"768\" height=\"1024\" src=\"https:\/\/opus-folyoirat.sk\/wp-content\/uploads\/2025\/10\/544798410_1161958475979870_2546070226761822106_n-768x1024.jpg\" alt=\"\" class=\"wp-image-2691\" style=\"width:233px;height:auto\" srcset=\"https:\/\/opus-folyoirat.sk\/wp-content\/uploads\/2025\/10\/544798410_1161958475979870_2546070226761822106_n-768x1024.jpg 768w, https:\/\/opus-folyoirat.sk\/wp-content\/uploads\/2025\/10\/544798410_1161958475979870_2546070226761822106_n-225x300.jpg 225w, https:\/\/opus-folyoirat.sk\/wp-content\/uploads\/2025\/10\/544798410_1161958475979870_2546070226761822106_n-1152x1536.jpg 1152w, https:\/\/opus-folyoirat.sk\/wp-content\/uploads\/2025\/10\/544798410_1161958475979870_2546070226761822106_n.jpg 1536w\" sizes=\"auto, (max-width: 768px) 100vw, 768px\" \/><figcaption class=\"wp-element-caption\">Tak\u00e1cs \u00c9va<\/figcaption><\/figure><\/div>\n\n\n<p>Tak\u00e1cs \u00c9va Losoncon sz\u00fcletett, majd F\u00fcleken \u00e9lt eg\u00e9szen az egyetemi \u00e9vekig. B\u00e1r adatelemz\u0151k\u00e9nt dolgozik, val\u00f3di hivat\u00e1s\u00e1nak az \u00edr\u00e1st tartja. A Szlov\u00e1kiai Magyar \u00cdr\u00f3k T\u00e1rsas\u00e1ga \u00e1ltal szervezett t\u00e1borok jelentett\u00e9k sz\u00e1m\u00e1ra a kezd\u0151 l\u00f6k\u00e9st az \u00edr\u00f3i p\u00e1lya megtal\u00e1l\u00e1s\u00e1ban. Az \u00e9vek sor\u00e1n m\u0171vei fejl\u0151dtek \u00e9s m\u00e9ly\u00fcltek, \u00e9s hossz\u00fa hallgat\u00e1s ut\u00e1n&nbsp; az El\u0151retolt Hely\u0151rs\u00e9g irodalmi foly\u00f3iratn\u00e1l tal\u00e1lta meg az egyik k\u00f6zl\u00e9si lehet\u0151s\u00e9get, ahol pr\u00f3z\u00e1i sz\u00e9lesebb olvas\u00f3k\u00f6z\u00f6ns\u00e9ghez jutottak el. A Salg\u00f3tarj\u00e1ni Mad\u00e1ch Imre Gimn\u00e1ziumba j\u00e1rt, naponta ing\u00e1zott Szlov\u00e1ki\u00e1b\u00f3l Magyarorsz\u00e1gra. N\u00f3gr\u00e1d megye misztikus hangulata \u00e9s a pal\u00f3c hagyom\u00e1nyok a mai napig beiv\u00f3dtak az eml\u00e9kezet\u00e9be, \u00e9s meghat\u00e1rozz\u00e1k pr\u00f3z\u00e1j\u00e1t. Els\u0151 reg\u00e9nye, a L\u00e9t\u00e1llom\u00e1s megjelen\u00e9se ut\u00e1n hozta l\u00e9tre a L\u00e9t\u00e1llom\u00e1s Kiad\u00f3t, a mag\u00e1nkiad\u00e1sban megjelen\u0151 k\u00f6nyvei forgalmaz\u00e1s\u00e1ra. Jelenleg A l\u00e1ny a val\u00f3s\u00e1g perem\u00e9n sorozaton dolgozik, melynek els\u0151 r\u00e9sze, Az alag\u00fat, 2025. okt\u00f3ber 10-\u00e9n jelenik meg. Reg\u00e9nyei a val\u00f3s\u00e1g \u00e9s az ill\u00fazi\u00f3 hat\u00e1r\u00e1n t\u00e1ncolnak. Melankolikus hangulat, \u00e1rnyalt humor \u00e9s visszafogott romantika jellemzi&nbsp; a&nbsp;sorozat els\u0151 r\u00e9sz\u00e9t, melynek t\u00f6rt\u00e9nete egy fikt\u00edv magyar faluban j\u00e1tsz\u00f3dik, ahol a t\u00e1ltos mondavil\u00e1g \u00f6ssze\u00e9r \u00e9s tal\u00e1lkozik a&nbsp;val\u00f3s\u00e1ggal. Az alag\u00fat\u201d \u2013 egy rejt\u00e9lyes t\u00f6rt\u00e9net, ami v\u00e9gig tal\u00e1lgat\u00e1sra k\u00e9sztet.&nbsp; Az olvas\u00f3&nbsp; az elej\u00e9t\u0151l a v\u00e9g\u00e9ig izgul, a reg\u00e9ny nem ad k\u00f6nny\u0171 v\u00e1laszokat, helyette a szerepl\u0151k gondolataiba \u00e9s \u00e9rz\u00e9seibe vezet be, mik\u00f6zben a titok fokozatosan bontakozik ki. A sorozat m\u00e1sodik. r\u00e9sz\u00e9t A&nbsp;fenyves, a&nbsp;harmadik r\u00e9sze pedig A&nbsp;szakad\u00e9k c\u00edmmel tervezi megjelentetni 2026-2027 k\u00f6z\u00f6tt.&nbsp;<\/p>\n\n\n\n<figure class=\"wp-block-image size-large\"><img loading=\"lazy\" decoding=\"async\" width=\"1024\" height=\"475\" src=\"https:\/\/opus-folyoirat.sk\/wp-content\/uploads\/2025\/10\/Takacs_Eva_Az_Alagut_borito_130x190_kiteritve_5500-1024x475.jpg\" alt=\"\" class=\"wp-image-2692\" srcset=\"https:\/\/opus-folyoirat.sk\/wp-content\/uploads\/2025\/10\/Takacs_Eva_Az_Alagut_borito_130x190_kiteritve_5500-1024x475.jpg 1024w, https:\/\/opus-folyoirat.sk\/wp-content\/uploads\/2025\/10\/Takacs_Eva_Az_Alagut_borito_130x190_kiteritve_5500-300x139.jpg 300w, https:\/\/opus-folyoirat.sk\/wp-content\/uploads\/2025\/10\/Takacs_Eva_Az_Alagut_borito_130x190_kiteritve_5500-768x356.jpg 768w, https:\/\/opus-folyoirat.sk\/wp-content\/uploads\/2025\/10\/Takacs_Eva_Az_Alagut_borito_130x190_kiteritve_5500-1536x712.jpg 1536w, https:\/\/opus-folyoirat.sk\/wp-content\/uploads\/2025\/10\/Takacs_Eva_Az_Alagut_borito_130x190_kiteritve_5500-2048x949.jpg 2048w, https:\/\/opus-folyoirat.sk\/wp-content\/uploads\/2025\/10\/Takacs_Eva_Az_Alagut_borito_130x190_kiteritve_5500-500x232.jpg 500w\" sizes=\"auto, (max-width: 1024px) 100vw, 1024px\" \/><\/figure>\n\n\n\n<p>A reg\u00e9ny f\u0151h\u0151se No\u00e9mi, aki Szelesk\u0151r\u0151l k\u00f6lt\u00f6z\u00f6tt a f\u0151v\u00e1rosba, de sz\u00fcl\u0151f\u00f6ldje h\u00edvogatja. No\u00e9mit kezdetben egyetlen k\u00e9rd\u00e9s foglalkoztatja: ki a fekete ruh\u00e1s \u00f6regasszony, aki k\u00eds\u00e9rti \u0151t \u00e1lmaiban \u00e9s besziv\u00e1rog a mindennapjaiba; ez vezeti majd a rejt\u00e9ly megold\u00e1s\u00e1hoz., aki mindig mellette \u00e1ll, m\u00e9g akkor is, amikor No\u00e9mivel szak\u00edt a bar\u00e1tja, \u00e9s a l\u00e1ny hazal\u00e1togat \u00e9desanyj\u00e1hoz\u2026s hogy mi t\u00f6rt\u00e9nik tov\u00e1bb, az kider\u00fcl, ha elolvassa a k\u00f6nyvet a kedves olvas\u00f3.<\/p>\n\n\n\n<p class=\"has-text-align-right\"><em>Nagy Erika<\/em><\/p>\n","protected":false},"excerpt":{"rendered":"<p>Tak\u00e1cs \u00c9va Losoncon sz\u00fcletett, majd F\u00fcleken \u00e9lt eg\u00e9szen az egyetemi \u00e9vekig. B\u00e1r adatelemz\u0151k\u00e9nt dolgozik, val\u00f3di hivat\u00e1s\u00e1nak az \u00edr\u00e1st tartja. A Szlov\u00e1kiai Magyar \u00cdr\u00f3k T\u00e1rsas\u00e1ga \u00e1ltal szervezett t\u00e1borok jelentett\u00e9k sz\u00e1m\u00e1ra a kezd\u0151 l\u00f6k\u00e9st az \u00edr\u00f3i p\u00e1lya megtal\u00e1l\u00e1s\u00e1ban. Az \u00e9vek sor\u00e1n m\u0171vei &hellip; <a href=\"https:\/\/opus-folyoirat.sk\/?page_id=2690\">Egy kattint\u00e1s ide a folytat\u00e1shoz&#8230;. <span class=\"meta-nav\">&rarr;<\/span><\/a><\/p>\n","protected":false},"author":4,"featured_media":0,"parent":0,"menu_order":0,"comment_status":"closed","ping_status":"closed","template":"","meta":{"footnotes":""},"class_list":["post-2690","page","type-page","status-publish","hentry"],"_links":{"self":[{"href":"https:\/\/opus-folyoirat.sk\/index.php?rest_route=\/wp\/v2\/pages\/2690","targetHints":{"allow":["GET"]}}],"collection":[{"href":"https:\/\/opus-folyoirat.sk\/index.php?rest_route=\/wp\/v2\/pages"}],"about":[{"href":"https:\/\/opus-folyoirat.sk\/index.php?rest_route=\/wp\/v2\/types\/page"}],"author":[{"embeddable":true,"href":"https:\/\/opus-folyoirat.sk\/index.php?rest_route=\/wp\/v2\/users\/4"}],"replies":[{"embeddable":true,"href":"https:\/\/opus-folyoirat.sk\/index.php?rest_route=%2Fwp%2Fv2%2Fcomments&post=2690"}],"version-history":[{"count":4,"href":"https:\/\/opus-folyoirat.sk\/index.php?rest_route=\/wp\/v2\/pages\/2690\/revisions"}],"predecessor-version":[{"id":2700,"href":"https:\/\/opus-folyoirat.sk\/index.php?rest_route=\/wp\/v2\/pages\/2690\/revisions\/2700"}],"wp:attachment":[{"href":"https:\/\/opus-folyoirat.sk\/index.php?rest_route=%2Fwp%2Fv2%2Fmedia&parent=2690"}],"curies":[{"name":"wp","href":"https:\/\/api.w.org\/{rel}","templated":true}]}}