{"id":2763,"date":"2025-10-10T14:52:13","date_gmt":"2025-10-10T12:52:13","guid":{"rendered":"https:\/\/opus-folyoirat.sk\/?page_id=2763"},"modified":"2025-11-19T00:50:37","modified_gmt":"2025-11-18T22:50:37","slug":"tamasi-orosz-janos-2","status":"publish","type":"page","link":"https:\/\/opus-folyoirat.sk\/?page_id=2763","title":{"rendered":"Tam\u00e1si Orosz J\u00e1nos"},"content":{"rendered":"\n<p class=\"has-medium-font-size\"><strong>N\u00e9p kell. Mit tehet\u00fcnk, \u00edgy van ez.<\/strong><\/p>\n\n\n<div class=\"has-text-align-right wp-block-post-date\"><time datetime=\"2025-10-10T14:52:13+02:00\">2025-10-10<\/time><\/div>\n\n\n<p><\/p>\n\n\n<div class=\"wp-block-image\">\n<figure class=\"alignright size-full\"><img loading=\"lazy\" decoding=\"async\" width=\"279\" height=\"500\" src=\"https:\/\/opus-folyoirat.sk\/wp-content\/uploads\/2025\/10\/szaraz-m-gy.jpeg\" alt=\"\" class=\"wp-image-2764\" srcset=\"https:\/\/opus-folyoirat.sk\/wp-content\/uploads\/2025\/10\/szaraz-m-gy.jpeg 279w, https:\/\/opus-folyoirat.sk\/wp-content\/uploads\/2025\/10\/szaraz-m-gy-167x300.jpeg 167w\" sizes=\"auto, (max-width: 279px) 100vw, 279px\" \/><\/figure><\/div>\n\n\n<p>Szent Istv\u00e1nt \u00fcnnepli a nemzet, egy\u00fctt az orsz\u00e1g, lesz l\u00e9gi par\u00e1d\u00e9 \u00e9s t\u0171zij\u00e1t\u00e9k, viszik h\u00edr\u00fcl a szalagc\u00edmek a sp\u00e1rtaiaknak: v\u00e1ndor, l\u00e1sd, megcselekedt\u00fck, amit megk\u00f6vetelt a haza. T\u0171n\u0151dve n\u00e9zem a sorokat, \u00e9s <em>Sz\u00e1raz Mikl\u00f3s Gy\u00f6rgy<\/em> egyik t\u00e1rcanovell\u00e1j\u00e1nak r\u00e9szlet\u00e9vel eg\u00e9sz\u00edtem ki \u0151ket: <em>\u201eAugusztus m\u00e1sodik fele volt, Szent Istv\u00e1n \u00fcnnepe. Kibontotta a csillog\u00f3, z\u00f6rg\u0151s zacsk\u00f3t, elgondolkodva ropogtatta a s\u00f3s, f\u0171szeres krumpliszirmokat. \u00bbT\u00f6bb mint ezer \u00e9ve felszentelt hely.\u00ab Ez \u00e1llt a t\u00e1bl\u00e1n a templom romjain\u00e1l. Reg\u00e9nyt k\u00e9ne \u00edrni a kolor\u00e1d\u00f3bog\u00e1rr\u00f3l\u201d<\/em>.&nbsp;<\/p>\n\n\n\n<p>Mi\u00e9rt \u00e9pp arr\u00f3l, szak\u00edtom meg a sorokat, lesz r\u00f3la sz\u00f3, \u00e1m el\u0151tte vil\u00e1g\u00edtsuk meg a t\u00f6rt\u00e9netet, a kontextust: valaki visszaeml\u00e9kezik abban, megint m\u00e1s m\u00e1r lejegyezni is lusta, r\u00e9szleteiben elt\u00e9r, de alapjaiban ugyanaz a t\u00f6rt\u00e9net, \u00e9vsz\u00e1zadokra visszamen\u0151 meset\u00f6red\u00e9kek. Le\u00e9gett h\u00e1zr\u00f3l, fel\u00e9gett haz\u00e1r\u00f3l, egyre fogy\u00f3 csal\u00e1dr\u00f3l, nemzetr\u0151l, m\u00edg v\u00e9g\u00fcl itt \u00fcl, egyed\u00fcl, a l\u00e1ny\u00e1t\u00f3l kapott krumpliszirmot eszegeti; valahol \u00fcnnepelnek, biztosan okkal, de reg\u00e9nyt az\u00e9rt m\u00e1sr\u00f3l kellene \u00edrni, m\u00e9gis. \u201eKrumplibog\u00e1r. Im\u00e1dt\u00e1k a ty\u00fakok. B\u00f6l\u00e9nyek, r\u00e9gi kereszt\u00e9nyek, vakondt\u00far\u00e1sok. R\u00e9c\u00e9sk\u00fati bazilika, honfoglal\u00f3 magyarok, k\u00e1pr\u00e1zatos gyomok, kolor\u00e1d\u00f3bog\u00e1r. Az id\u0151 r\u00e9tegei.\u201d (<em>Istv\u00e1n, a sir\u00e1ly<\/em>).<\/p>\n\n\n\n<p>Mag\u00e1ny.<\/p>\n\n\n\n<p>Az \u00fcnnepek mindig a dics\u0151, \u00e1m k\u00fczdelmes m\u00faltat, \u00e9s az emelked\u0151 j\u00f6v\u0151t festik el\u00e9nk. S hogy t\u00fal kell l\u00e9pni a jelen visz\u00e1lyain. Mert csak egy\u00fctt. \u201e<em>\u00dagy kezd\u0151d\u00f6tt, hogy egy reggel arra \u00e9bredtem, b\u00e1rmire gondolok, nyomban teljes\u00fcl\u201d,<\/em> \u00edrja Sz\u00e1raz Mikl\u00f3s Gy\u00f6rgy, m\u00e1sutt (<em>Mindenhat\u00f3<\/em>). Ehhez azonban meg kell \u00e1llnia az id\u0151nek, hogy terelhet\u0151 legyen, m\u00e1s mederbe, jobbra, fens\u00e9gesebbre, embers\u00e9gesebbre, mint ahogy eddig vezette az id\u0151\u00f3ce\u00e1nt. \u201eEszembe jutott any\u00e1m, ap\u00e1m, a nagysz\u00fcleim, akiket felt\u00e1maszthatok, eszembe jutottak b\u00e1nt\u00e1sok, k\u00eds\u00e9rt\u0151 v\u00e9tkeim eg\u00e9sz sora: \u00f6rvendve gondoltam arra, hogy k\u00e9rek bocs\u00e1natot. Eszembe jutottak a bar\u00e1taim, betegek milli\u00f3i, \u00e9h\u00edns\u00e9gek \u00e9s h\u00e1bor\u00fak szenved\u0151i. \u2026 Eszembe jutottak katon\u00e1k: ujjuk a ravaszon, de m\u00e1r nem tudj\u00e1k megh\u00fazni\u201d. S az id\u0151 \u00e1llt, csup\u00e1n a gondolatok szaladtak. Hogyan is kellene, lehetne jobbat, embers\u00e9gesebbet, m\u00e1st? Lehet-e mindent \u00edgy, hogy ami rossz volt, meg se t\u00f6rt\u00e9njen, csak abb\u00f3l \u00e9p\u00fclj\u00fcnk, ami j\u00f3 volt, tetsz\u0151 a mindens\u00e9gnek? \u201eMost lesz\u00e1molhatok vel\u00fck, ujjongtam magamban, elt\u00f6rl\u00f6m a F\u00f6ld sz\u00edn\u00e9r\u0151l a rom\u00e1nokat! Erd\u00e9lyb\u0151l legal\u00e1bbis. Csak az\u00e9rt nem nyerem meg Moh\u00e1csot, mert nem lesz Moh\u00e1cs, hiszen Isztambult el\u0151bb elfoglalom. Zsid\u00f3k? Maradjanak otthon: \u00fajra\u00e9p\u00edtem nekik Salamon templom\u00e1t, megv\u00e9dem \u0151ket Babilon \u00e9s R\u00f3ma l\u00e1ndzs\u00e1it\u00f3l\u201d.&nbsp;<\/p>\n\n\n\n<p>\u00c1ll az id\u0151, a t\u00e1rcanovell\u00e1ban legal\u00e1bbis kih\u0171lt, megdermedt l\u00e1vafolyam; nem besz\u00e9l zsid\u00f3 nagymam\u00e1k miatt \u00e1t\u00e9rt\u00e9kelend\u0151 p\u00e1rtk\u00f6t\u0151d\u00e9sekr\u0151l, sem az id\u0151 m\u00fal\u00e1sa \u00e1ltal orvosolhat\u00f3 f\u00e1jdalmakr\u00f3l, de arr\u00f3l sem, hogy a t\u00f6r\u00f6k gyorsb\u00fcf\u00e9ben, mik\u00f6zben eszed az \u00e9telt, meg\u00fcti f\u00fcledet a szomsz\u00e9d asztalt\u00f3l \u00e1tsz\u0171r\u0151d\u0151 besz\u00e9lget\u00e9s: bizony, m\u00e9g hogy nem tudott a nagymama sz\u00e1rmaz\u00e1s\u00e1r\u00f3l, dehogynem. Ezek mindenhov\u00e1 \u00edgy furakodnak be, s nyelv\u00fck\u00f6n&nbsp; ott a \u201emosl\u00e9kba \u00e1ztatott spongya\u201d.<\/p>\n\n\n\n<p>Mint az \u00edr\u00f3\u00e9n, aki spongyak\u00e9nt sz\u00edvja fel a l\u00e9tez\u00e9st, de a nyelv\u00e9t eg\u00e9szen m\u00e1sba mer\u00edti\u2026 Pontosan tudva azt, amit&nbsp; majd t\u0171n\u0151d\u00e9se v\u00e9g\u00e9n, keserny\u00e9sen summ\u00e1z (ak\u00e1rha Ancsel \u00c9v\u00e1t is id\u00e9zhetn\u00e9 [Soha senki sem fog \u00faj \u00e9letet kezdeni, mert azt a spongy\u00e1t, amellyel \u00e9lt\u00fcnk t\u00e1bl\u00e1j\u00e1t let\u00f6r\u00f6lhetn\u00e9nk, soha nem fogj\u00e1k f\u00f6lfedezni]), de most m\u00e9g \u00edgy folytatja. \u201eAz\u00e1m, de ha nincsenek rom\u00e1nok, vill\u00e1mlott \u00e1t rajtam a f\u00e1jdalom, akkor nincs Hunyadi J\u00e1nos, nincs d\u00e9li harangsz\u00f3, nincs M\u00e1ty\u00e1s \u00e9s a fekete sereg, tal\u00e1n Bart\u00f3k sincsen. Ha nincsenek zsid\u00f3k, hov\u00e1 lesz F\u00fcst, Szerb, Radn\u00f3ti? Ki \u00edrja meg nekem az Utaz\u00e1s a kopony\u00e1m k\u00f6r\u00fclt? Ha mindig gy\u0151z\u00fcnk, nem lesz Eger \u00e9s \u201956 sem?\u201d \u00c9s nem lesz megb\u00e9k\u00e9l\u00e9si mozgalom sem, mert minden marad a r\u00e9giben: ha a F\u00f6ld isten kalapja, Magyarorsz\u00e1g a bokr\u00e9ta rajta.&nbsp;<\/p>\n\n\n\n<p>De \u00fcnnep van, ilyenkor f\u00e9lren\u00e9znek a besz\u00e9djeink, nem l\u00e1tj\u00e1k azokat, akik \u00fclnek a kocsm\u00e1ban, \u00e9s arr\u00f3l mes\u00e9lnek, hogy egyik\u00fck, a nagyobb hang\u00fa, k\u00e9t \u00e9v m\u00falva v\u00edzre teszi \u00fcvegsz\u00e1las tengeri haj\u00f3j\u00e1t, mert v\u00e1rja az Atlanti-\u00f3ce\u00e1n. K\u00e9s\u0151bb kider\u00fcl, m\u00e9g \u00e9let\u00e9ben nem vitorl\u00e1zott, a K\u00f6r\u00f6s\u00f6n sem ladik\u00e1zott, a Balatont meg m\u00e9g nem is l\u00e1tta. De tervei \u2013 vannak. \u00c9s v\u00e9lem\u00e9nye a \u201ebolg\u00e1r\u201d hossz\u00fat\u00e1v\u00fasz\u00f3nkr\u00f3l, a \u201eszerb\u201d kajakoz\u00f3r\u00f3l, aki, l\u00e1m, egy lak\u00e1s\u00e9rt visszamenne \u2013 de h\u00e1t nem is tartozott k\u00f6z\u00e9nk, mondja cing\u00e1r, beesett \u00e1lmait dar\u00e1lva, s m\u00e9g hogy annyi milli\u00f3t? Mire f\u00f6l, k\u00e9rdi harciasan, nem, m\u00e1r nem Sz\u00e1raz Mikl\u00f3s Gy\u00f6rgy \u00edrja ezt, csap\u00e1n tov\u00e1bb hallgatom figur\u00e1j\u00e1t, hiszen \u00e9n is ismerem, mindannyian ismerj\u00fck \u0151ket, akik ugyan\u00fagy v\u00e9gig dolgozt\u00e1k az \u00e9let\u00fcket, dar\u00e1lj\u00e1k naphosszat a kocsm\u00e1ban, de nem, hogy milli\u00f3kat, hanem \u00e9s nem folytatom. \u00dcnnep van, egy diadalmas \u00e1llamalap\u00edt\u00e1s eml\u00e9k\u00e9t melengetj\u00fck, ilyenkor illetlens\u00e9g arra gondolni, hogy milyen sokszor buktuk el ezt az \u00e1llamot kisszer\u0171 hintapolitik\u00e1k miatt, percemberk\u00e9k percnyi diadalainak keser\u0171 lev\u00e9ben \u00e1zva. S ilyenkor illetlens\u00e9g arr\u00f3l besz\u00e9lni, hogy Szent Istv\u00e1n nem rov\u00e1s\u00edr\u00e1ssal hagyta r\u00e1nk Intelmeit\u2026 Nincs baj a hagyom\u00e1nyok \u00e1pol\u00e1s\u00e1val, feleleven\u00edt\u00e9s\u00e9vel, persze, hogy nincs, hi\u00e1ba ugrik m\u00e1ris acsarogva e f\u00e9lmondatra a hivat\u00e1sos agyarg\u00f3hom. \u00c1poljuk, de a funkcion\u00e1lis analfabetizmus terjed\u00e9s\u00e9t, a mor\u00e1lis deficit-hi\u00e1ny sz\u00e1rnyal\u00e1s\u00e1t, a krisztusi felebar\u00e1ts\u00e1g infl\u00e1l\u00f3d\u00e1s\u00e1t, a k\u00f3ros nyelv- \u00e9s (t\u00e1rs)nemzetismeret-hi\u00e1nyt nem azzal tudjuk orvosolni, hogy hivatalos oktat\u00e1si programunkba illesztj\u00fck a rov\u00e1s\u00edr\u00e1st, mint ezt \u00edgy szorgalmazta a minap valaki a t\u00e9v\u00e9ben. Ehhez semmi k\u00f6ze, semmi \u00e9rvel\u00e9si \u00e9rt\u00e9ke nincs a cirill bet\u0171nek vagy az \u00e1zsiai \u00edr\u00e1sm\u00f3dnak, uraim, hiszen az \u00e9l\u0151, eleven kommunik\u00e1ci\u00f3s eszk\u00f6z volt \u00e9s maradt; de h\u00e1t mi mennyiben fogunk el\u0151r\u00e9bb l\u00e9pni Eur\u00f3pa kultur\u00e1lis \u00fatjain, ha rov\u00e1s\u00edr\u00e1ssal adjuk ki a J\u00f3kai-\u00f6sszest, vagy kort\u00e1rsaink sz\u00e9pirodalm\u00e1t?<\/p>\n\n\n\n<p>\u00c9s mennyire fogja korszer\u0171s\u00edteni hader\u0151nket a lovasezred, amelynek fel\u00e1ll\u00edt\u00e1s\u00e1ra, szint\u00e9n a t\u00e9v\u00e9b\u0151l tudom, j\u00f3 es\u00e9ly mutatkozik? Legy\u00fcnk b\u00fcszk\u00e9k lovasnemzet-m\u00faltunkra, tegy\u00fck ism\u00e9t naggy\u00e1 annak sportkult\u00far\u00e1j\u00e1t, jussunk el, mint a szerz\u0151, Andal\u00fazia t\u00e1jaira, vagy Ponte Sistoba, ahol olyan fah\u00e1ncsh\u00eddon kell \u00e1tkeln\u00fcnk, mint K\u00f6r\u00f6si Csom\u00e1nak a zanszk\u00e1ri hegyl\u00e1ncban. De k\u00f6vethetj\u00fck az \u00edr\u00f3t Afr\u00e1t\u00e1ba, ahol semmi l\u00e1tnival\u00f3 sincs, ha csak nem a helyb\u00e9liek \u00e9let- \u00e9s v\u00e1ndorszeretete; ahov\u00e1 mi v\u00e9letlen\u00fcl t\u00e9ved\u00fcnk be, k\u00f6vetv\u00e9n az \u00edr\u00f3t, de ott Alexandrosz b\u00e1csi \u00f6r\u00fcl nek\u00fcnk \u2013 mert magyarok vagyunk. Tud r\u00f3lunk, ha mi r\u00f3la nem is. H\u00e1t t\u00e9rj\u00fcnk haza, lovas-eml\u00e9keink k\u00f6z\u00e9, annyi elhanyagolt lovasiskola van, annyi gazzal ben\u0151tt fogatp\u00e1lya, \u00e9s annyi lehet\u0151s\u00e9g \u2013 egy lovasnemzet el\u0151bb \u00e9remes\u00e9lyes d\u00edjlovagl\u00f3kat \u00e1ll\u00edtson ki az olimpi\u00e1ra, s csak azut\u00e1n induljon eur\u00f3pai lovask\u00f6r\u00fatra, vagy \u00e9p\u00edtsen huszonegyedik sz\u00e1zadi \u00fct\u0151k\u00e9pes hader\u0151t \u2013 lovasezredre.<\/p>\n\n\n\n<p>De h\u00e1t nem \u00edgy van, nem \u00edgy k\u00f6zbesz\u00e9l\u00fcnk. \u201e<em>Bizony, a magyal t\u00e1lsadalom minden egyes p\u00e9ld\u00e1ny\u00e1t \u00e9vtizedek \u00f3ta nap mint nap sz\u00e1z \u00e9s ezel hat\u00e1s \u00e9li a nemzeti hovataltoz\u00e1ssal kapcsolatban. Nyomtatott sajt\u00f3, telev\u00edzi\u00f3, vil\u00e1gh\u00e1l\u00f3, sz\u00e9pilodalom \u00e9s egy\u00e9b m\u0171v\u00e9szetek, oltat\u00e1si int\u00e9zm\u00e9nyek. \u00c9s a lekl\u00e1mok! Milli\u00f3 plak\u00e1t, videoklip, hildet\u00e9s. Amit ezek \u00f6sszess\u00e9ge sugall, az tudattalanul l\u00f6gz\u00fcl az egyes magyalokban. Magyalul mondva: kultiv\u00e1l\u00f3dik. Sz\u00f3nokolhat b\u00e1lki b\u00e1lmit \u00e9vente egy-egy szent nemzeti \u00fcnnepen, a magyalok t\u00f6bbs\u00e9g\u00e9ben az l\u00f6gz\u00fcl, ami langyos es\u0151k\u00e9nt hull, b\u00fav\u00f3patakk\u00e9nt cs\u00f6lgedezik minden \u00e1ldott nap leggelt\u0151l estig<\/em>\u201d. A pal\u00f3dia \u2013 paldon: par\u00f3dia, avagy pardon, belegebegabalyodok m\u00e1n\u2019, no \u2013 sz\u00f3val a Borsszem Jank\u00f3 d\u00f6rgedelem oka \u00e9s c\u00e9lja \u00e9rthet\u0151, vil\u00e1gos; ism\u00e9tl\u00e9s a tud\u00e1s kezdete, tegy\u00fck hozz\u00e1, ahogyan biccents\u00fcnk a sz\u00e9p\u00edr\u00f3i lelem\u00e9ny \u00fcgyess\u00e9g\u00e9re. Azut\u00e1n vegy\u00fck komolyan az ott le\u00edrtakat. Hogy \u201ea fagyal sem magyal\u201d. De minden t\u00e9veszme, \u00e9s rosszul interpret\u00e1lt t\u00f6rt\u00e9nelemismeret el\u0151bb-ut\u00f3bb \u2013 visszanyal. \u00c9s \u00f6r\u00fclhet\u00fcnk, ha fagyi, \u00e9s nem sz\u00far\u00f3s, t\u00f6vises s\u00f6v\u00e9ny; olyan hat\u00e1r, amely nem l\u00e9gies\u00edthet\u0151. Mennyi ferd\u00edt\u00e9s van tudatunkban, rossz, hamis tud\u00e1s, \u00e9s mennyi m\u00e9g haszontalanabb id\u0151ker\u00e9k-visszaforgat\u00e1s. J\u00e1tszd \u00fajra, Istv\u00e1n, mondjuk magunknak, ha a j\u00f6v\u0151 \u00fatjai kusz\u00e1nak l\u00e1tszanak; oldjunk meg valamit a m\u00faltb\u00f3l mer\u00edtve, valamit, ami pedig a j\u00f6v\u0151 eg\u00e9szen m\u00e1s konstell\u00e1ci\u00f3kb\u00f3l \u00e1ll\u00f3 k\u00e9rd\u00e9se, kih\u00edv\u00e1sa. De meg tudjuk-e oldani, akkor, ha a m\u00faltr\u00f3l is eg\u00e9szen m\u00e1sk\u00e9nt v\u00e9leked\u00fcnk, megannyi alkalommal?<\/p>\n\n\n\n<p>Sz\u00e9p ez a k\u00f6tet, pontos helyzet\u00e9rt\u00e9kel\u00e9st ad Sz\u00e1raz Mikl\u00f3s Gy\u00f6rgy, tal\u00e1n az\u00e9rt, mert nem is erre t\u00f6rekedett. Csak valahogy k\u00e9pes volt mindig mindent \u201elereag\u00e1lni\u201d, egyk\u00e9nt v\u00e9lekedve, konzekvens vil\u00e1gk\u00e9ppel, \u00e9s l\u00e1m, alkalmi \u00edr\u00e1saib\u00f3l, t\u00e1rcanovell\u00e1ib\u00f3l \u00f6ssze\u00e1llt egy nagyon izgalmas kork\u00e9p. Nagyszer\u0171en. Amely, persze, nem csak \u00fcnnepre val\u00f3 olvasm\u00e1ny, de h\u00e9tk\u00f6znapjaink sor\u00e1n is \u00fcnnepi pillanatokat szerez. \u00c9s \u00fcnnephez m\u00e9lt\u00f3, okos gondolatokkal v\u00e9rtez. Az orsz\u00e1got l\u00e1tjuk \u00e1ltala, azt, amely ma ugyan\u00fagy vesz\u00edti v\u00e9geit, mint Ady idej\u00e9ben, de sz\u00f3lamokon k\u00edv\u00fcl nincs okos v\u00e1laszunk arra, amikor \u201eMegint elesik k\u00e9t v\u00e1r, \u00fajabb h\u00eddf\u0151\u00e1ll\u00e1st foglal a rom\u00e1n nacionalizmus ezen az istenverte sz\u00f3rv\u00e1nyvid\u00e9ken\u201d (Rokonokn\u00e1l). \u00c9s nincs igaz\u00e1n hiteles c\u00e1folatunk erre sem: \u201eErd\u00e9ly ma messzebb esik Budapestt\u0151l, mint Mak\u00f3 Jeruzs\u00e1lemt\u0151l\u201d. \u00c9s h\u00e1t \u201eNe gyere, fiam. Norm\u00e1lis ember t\u00e9len falura nem megy. \u2026 Majd a tavaszon hozod, amit hozol, k\u00fcl\u00f6nben se hozz semmit, nem kell m\u00e1r nek\u00fcnk semmi, magatokra k\u00f6lts, ne az ilyen v\u00e9n rom\u00e1nokra, akik ugyan magyarnak sz\u00fclett\u00fcnk, magyark\u00e9nt \u00e9lt\u00fcnk, csak a s\u00edr sz\u00e9l\u00e9n tettek minket rom\u00e1nn\u00e1\u201d (Babus n\u00e9n\u00e9m). De az\u00e9rt megy\u00fcnk, indulunk, b\u00e1r \u201e\u2026rettegve suhantunk a hat\u00e1r fel\u00e9. Mert menthetetlen\u00fcl bekapcsolt ez is. A f\u00e9lelem. A sok \u00e9vtizedes beidegz\u0151d\u00e9s, a dressz\u00fara eredm\u00e9nye. Hogy vajon most mi lesz? Most mit tal\u00e1ltatok ki nek\u00fcnk, rom\u00e1n testv\u00e9reink?\u201d (Utaz\u00e1s v\u00edz\u00f6z\u00f6nnel). No de ki\u00e9 legyen az igazs\u00e1g szents\u00e9ge? A lott\u00f3z\u00f3ban sorba \u00e1ll\u00f3, \u00e1lmokat kerget\u0151k\u00e9? A patik\u00e1ban egym\u00e1s tork\u00e1nak es\u0151, egy p\u00e1r perces sor miatt acsarg\u00f3an gy\u0171l\u00f6lk\u00f6d\u0151k\u00e9?&nbsp;<\/p>\n\n\n\n<p>Az aut\u00f3s\u00e9, aki a piros l\u00e1mp\u00e1n\u00e1l \u00e1llva ezer okot felsorol \u00f6nmag\u00e1nak arra, mi\u00e9rt nem ad a j\u00e1rdaszigeten k\u00f6zeled\u0151 koldusnak egy fill\u00e9rt sem? Minden rosszat tud r\u00f3la, s minden j\u00f3t \u00f6nmag\u00e1r\u00f3l \u2013 csup\u00e1n azt nem, hogy a h\u00e1ts\u00f3 \u00fcl\u00e9sen gubbaszt\u00f3 kuty\u00e1ja erd\u00e9lyi kop\u00f3 \u00e9s dalmata kever\u00e9k. Ezt m\u00e1r a hajl\u00e9ktalan mondja neki, nem k\u00e9reget, ennyit mond, s hogy \u201enagyon csip\u00e1s a szeme, be fog gyulladni, kamillate\u00e1s vatt\u00e1val kellene t\u00f6r\u00f6lgetni p\u00e1r napig, bi-\u00edzony, att\u00f3l sz\u00e9pen elm\u00falik, igaz, sz\u00e9p kutya, igaz, F\u00fclesmaci? Na, menjen, z\u00f6ld a l\u00e1mpa. Isten \u00e1ldja. Ne feledje a kamill\u00e1t!\u201d&nbsp;<\/p>\n\n\n\n<p>Bizony, \u00fcnnep van, \u00e1llamalap\u00edt\u00e1sunk, emberi k\u00f6z\u00f6ss\u00e9g\u00fcnk megszil\u00e1rd\u00edt\u00e1s\u00e1nak napja, az\u00e9rt reggel m\u00e9g j\u00f3 futni egy kicsit, \u00f6r\u00fclni a term\u00e9szetnek, a l\u00e1gy sz\u00e9ps\u00e9geknek, a cs\u00f6ndnek, de mit akar az ott, m\u00f6g\u00f6tt\u00fcnk? Fut, ut\u00e1nunk. Gyors\u00edtok, \u0151 is ezt teszi. Nem akarom, hogy utol\u00e9rjen, nem id\u00e9zem, egy tragikom\u00e9dia zajlik le el\u0151tt\u00fcnk arr\u00f3l, hogy valaki milyen sz\u00e9pen sz\u00e9peleg a nyugalomr\u00f3l, s mennyire nem figyel oda embert\u00e1rsaira. Ink\u00e1bb gyors\u00edt, gyors\u00edt, amennyire csak tud, a sz\u00edve, a t\u00fcdeje m\u00e1r majd kiugrik, a m\u00e1siknak is, artikul\u00e1latlanul \u00fcv\u00f6lt valamit, az\u00e9rt sem \u00e1llunk meg, m\u00e1r az oldalunkban s\u00edpol, zih\u00e1l, liheg, habzik a sz\u00e1ja, de mi futunk, egyre d\u00fch\u00f6dtebben, v\u00e9g\u00fcl valahogy ler\u00e1nt a f\u00f6ldre, s f\u00e9l\u00e1jultan h\u00f6rgi: \u201e\u00c1lljon meg v\u00e9gre, maga \u00e1mokfut\u00f3! A kulcsa \u2013 suttogja elhal\u00f3n, \u00e9s ny\u00fajtja fel\u00e9m a kez\u00e9t\u201d (Futok).<\/p>\n\n\n\n<p>Sz\u00e9p, igaz \u00fcnnepi besz\u00e9d ez, bar\u00e1taim. Ahogy a k\u00f6tet sz\u00e1mos t\u00e1rcanovell\u00e1ja. \u00c1m ez a nap k\u00f6z\u00f6ss\u00e9geink vezet\u0151i\u00e9, a politikusok\u00e9, a nemzet hivat\u00e1sos k\u00e9zen fog\u00f3i\u00e9. Akik majd ma is elmondj\u00e1k, amit kell. S akikre odafigyel\u00fcnk, hiszen \u201e\u2026a politika igenis mindenkit \u00e9rdekel. Mindenki \u00e9rt hozz\u00e1. Mindenki jobban csin\u00e1ln\u00e1, mint akire a szavazat\u00e1t adta\u201d. H\u00e1t ki nem b\u00f3lint erre a textusra is, ugye? Szerz\u0151nk, persze, szorgalmasan ezt is tov\u00e1bb \u00e1lmodja. Mert h\u00e1t a k\u00f6tet f\u00e9l\u00e1lmok sz\u00fcreml\u00e9se, folytonos l\u00e1tom\u00e1sok, a val\u00f3s\u00e1g pillanatk\u00e9pei, de a gondolati s\u00edk 3D kiterjed\u00e9s\u00e9ben; asszociat\u00edv inspir\u00e1ci\u00f3k \u2013 mondom, hogy az\u00e9rt a k\u00f6nyv primer \u00e9rt\u00e9keir\u0151l is sz\u00f3 ess\u00e9k. Most, itt, \u00e9ppen azt \u00e1lmodja az \u00edr\u00f3, hogy \u201epolitikus vagyok\u201d (T\u00f6r\u00f6k a hatalomra). S sz\u00e9pen megrajzolja a rossz \u00e9s a j\u00f3 vezet\u0151 jellemz\u0151it, figur\u00e1it, majd summ\u00e1zza a legfontosabbat: \u201e\u2026a n\u00e9p \u00edgy-\u00fagy elvan vezet\u0151 n\u00e9lk\u00fcl \u2013 a vezet\u0151nek viszont n\u00e9p kell. Minden hatalom alapja a f\u00f6ld, a v\u00edz, a leveg\u0151 \u2013 \u00e9s a dolgos n\u00e9p. J\u00f3, ha van templom, akad\u00e9mia, p\u00e9nz, paripa, fegyver, szoftver, de egyik sem n\u00e9lk\u00fcl\u00f6zhetetlen. \u00c1m a n\u00e9gy f\u0151 elem n\u00e9lk\u00fcl nem megy. N\u00e9p kell. Mit tehet\u00fcnk, \u00edgy van ez. Ez ad \u00e9rtelmet az eg\u00e9sznek\u201d.<\/p>\n\n\n\n<p>Bizony, ez adott \u00e9rtelmet \u00e9s ill\u00fazi\u00f3kat az eg\u00e9sznek \u2013 akkor is. Erre kell gondolni ma, amikor Szent Istv\u00e1nt \u00fcnnepli a nemzet, egy\u00fctt az orsz\u00e1g, lesz l\u00e9gi par\u00e1d\u00e9 \u00e9s t\u0171zij\u00e1t\u00e9k is, viszik h\u00edr\u00fcl a szalagc\u00edmek a sp\u00e1rtaiaknak, hogy v\u00e1ndor, l\u00e1sd, megcselekedt\u00fck, amit megk\u00f6vetelt a haza. Megcselekedt\u00fck, val\u00f3ban? Ki n\u00e9pei vattok h\u00e1t\u2026? (<em>Sz\u00e1raz Mikl\u00f3s Gy\u00f6rgy: Andal\u00faziai kuty\u00e1k. M-\u00e9rt\u00e9k Kiad\u00f3, 2012<\/em>).<\/p>\n\n\n\n<p>Megjelent 2012. augusztus\u00e1ban, a www.mkdsz.hu (magyar-hon-lap) oldalon. Eredeti hivatkoz\u00e1si link az oldal arch\u00edvum\u00e1nak el\u00e9rhetetlens\u00e9ge miatt nem \u00e1ll rendelkez\u00e9sre.<\/p>\n","protected":false},"excerpt":{"rendered":"<p>N\u00e9p kell. Mit tehet\u00fcnk, \u00edgy van ez. Szent Istv\u00e1nt \u00fcnnepli a nemzet, egy\u00fctt az orsz\u00e1g, lesz l\u00e9gi par\u00e1d\u00e9 \u00e9s t\u0171zij\u00e1t\u00e9k, viszik h\u00edr\u00fcl a szalagc\u00edmek a sp\u00e1rtaiaknak: v\u00e1ndor, l\u00e1sd, megcselekedt\u00fck, amit megk\u00f6vetelt a haza. T\u0171n\u0151dve n\u00e9zem a sorokat, \u00e9s Sz\u00e1raz Mikl\u00f3s &hellip; <a href=\"https:\/\/opus-folyoirat.sk\/?page_id=2763\">Egy kattint\u00e1s ide a folytat\u00e1shoz&#8230;. <span class=\"meta-nav\">&rarr;<\/span><\/a><\/p>\n","protected":false},"author":4,"featured_media":0,"parent":0,"menu_order":0,"comment_status":"closed","ping_status":"closed","template":"","meta":{"footnotes":""},"class_list":["post-2763","page","type-page","status-publish","hentry"],"_links":{"self":[{"href":"https:\/\/opus-folyoirat.sk\/index.php?rest_route=\/wp\/v2\/pages\/2763","targetHints":{"allow":["GET"]}}],"collection":[{"href":"https:\/\/opus-folyoirat.sk\/index.php?rest_route=\/wp\/v2\/pages"}],"about":[{"href":"https:\/\/opus-folyoirat.sk\/index.php?rest_route=\/wp\/v2\/types\/page"}],"author":[{"embeddable":true,"href":"https:\/\/opus-folyoirat.sk\/index.php?rest_route=\/wp\/v2\/users\/4"}],"replies":[{"embeddable":true,"href":"https:\/\/opus-folyoirat.sk\/index.php?rest_route=%2Fwp%2Fv2%2Fcomments&post=2763"}],"version-history":[{"count":3,"href":"https:\/\/opus-folyoirat.sk\/index.php?rest_route=\/wp\/v2\/pages\/2763\/revisions"}],"predecessor-version":[{"id":3083,"href":"https:\/\/opus-folyoirat.sk\/index.php?rest_route=\/wp\/v2\/pages\/2763\/revisions\/3083"}],"wp:attachment":[{"href":"https:\/\/opus-folyoirat.sk\/index.php?rest_route=%2Fwp%2Fv2%2Fmedia&parent=2763"}],"curies":[{"name":"wp","href":"https:\/\/api.w.org\/{rel}","templated":true}]}}