{"id":3091,"date":"2025-02-23T00:56:00","date_gmt":"2025-02-22T22:56:00","guid":{"rendered":"https:\/\/opus-folyoirat.sk\/?page_id=3091"},"modified":"2025-12-19T01:05:19","modified_gmt":"2025-12-18T23:05:19","slug":"rozsa-boglarka","status":"publish","type":"page","link":"https:\/\/opus-folyoirat.sk\/?page_id=3091","title":{"rendered":"R\u00f3zsa Bogl\u00e1rka"},"content":{"rendered":"\n<p><strong>elhagyott<\/strong><\/p>\n\n\n<div class=\"has-text-align-right wp-block-post-date\"><time datetime=\"2025-02-23T00:56:00+02:00\">2025-02-23<\/time><\/div>\n\n\n<div class=\"wp-block-group is-vertical is-layout-flex wp-container-core-group-is-layout-8cf370e7 wp-block-group-is-layout-flex\">\n<p>kinn gubbaszt<\/p>\n\n\n\n<p>tal\u00e1lt mag\u00e1nak egy meleg<\/p>\n\n\n\n<p>v\u00e9dett sarkot az erk\u00e9ly<\/p>\n\n\n\n<p>fels\u0151 r\u00e9sz\u00e9n<\/p>\n\n\n\n<p>\u0151 lakja az \u00f6v\u00e9<\/p>\n<\/div>\n\n\n\n<p><\/p>\n\n\n\n<div class=\"wp-block-group is-vertical is-layout-flex wp-container-core-group-is-layout-8cf370e7 wp-block-group-is-layout-flex\">\n<p>ism\u00e9t hullik a hajam<\/p>\n\n\n\n<p>kinyitom az \u00fcvegajt\u00f3t<\/p>\n\n\n\n<p>\u00e9s kisz\u00f3rom<\/p>\n\n\n\n<p>piszkos sz\u00fcrke tollakkal<\/p>\n\n\n\n<p>keverednek hajsz\u00e1laim<\/p>\n<\/div>\n\n\n\n<p><\/p>\n\n\n\n<div class=\"wp-block-group is-vertical is-layout-flex wp-container-core-group-is-layout-8cf370e7 wp-block-group-is-layout-flex\">\n<p>napok \u00f3ta nem megy&nbsp;<\/p>\n\n\n\n<p>az ev\u00e9s&nbsp;<\/p>\n\n\n\n<p>f\u00e1j a hasam \u00fcres a hasam<\/p>\n\n\n\n<p>ki kell n\u00e9zzek hozz\u00e1<\/p>\n\n\n\n<p><\/p>\n\n\n\n<p>m\u00e9g ott van<\/p>\n\n\n\n<p>figyelj\u00fck egym\u00e1st<\/p>\n\n\n\n<p>s\u00e1rga falevek vegy\u00fclnek<\/p>\n\n\n\n<p>elhagyott r\u00e9szecsk\u00e9ink k\u00f6z\u00e9<\/p>\n\n\n\n<p><\/p>\n<\/div>\n","protected":false},"excerpt":{"rendered":"<p>elhagyott kinn gubbaszt tal\u00e1lt mag\u00e1nak egy meleg v\u00e9dett sarkot az erk\u00e9ly fels\u0151 r\u00e9sz\u00e9n \u0151 lakja az \u00f6v\u00e9 ism\u00e9t hullik a hajam kinyitom az \u00fcvegajt\u00f3t \u00e9s kisz\u00f3rom piszkos sz\u00fcrke tollakkal keverednek hajsz\u00e1laim napok \u00f3ta nem megy&nbsp; az ev\u00e9s&nbsp; f\u00e1j a hasam &hellip; <a href=\"https:\/\/opus-folyoirat.sk\/?page_id=3091\">Egy kattint\u00e1s ide a folytat\u00e1shoz&#8230;. <span class=\"meta-nav\">&rarr;<\/span><\/a><\/p>\n","protected":false},"author":4,"featured_media":0,"parent":0,"menu_order":0,"comment_status":"closed","ping_status":"closed","template":"","meta":{"footnotes":""},"class_list":["post-3091","page","type-page","status-publish","hentry"],"_links":{"self":[{"href":"https:\/\/opus-folyoirat.sk\/index.php?rest_route=\/wp\/v2\/pages\/3091","targetHints":{"allow":["GET"]}}],"collection":[{"href":"https:\/\/opus-folyoirat.sk\/index.php?rest_route=\/wp\/v2\/pages"}],"about":[{"href":"https:\/\/opus-folyoirat.sk\/index.php?rest_route=\/wp\/v2\/types\/page"}],"author":[{"embeddable":true,"href":"https:\/\/opus-folyoirat.sk\/index.php?rest_route=\/wp\/v2\/users\/4"}],"replies":[{"embeddable":true,"href":"https:\/\/opus-folyoirat.sk\/index.php?rest_route=%2Fwp%2Fv2%2Fcomments&post=3091"}],"version-history":[{"count":2,"href":"https:\/\/opus-folyoirat.sk\/index.php?rest_route=\/wp\/v2\/pages\/3091\/revisions"}],"predecessor-version":[{"id":3094,"href":"https:\/\/opus-folyoirat.sk\/index.php?rest_route=\/wp\/v2\/pages\/3091\/revisions\/3094"}],"wp:attachment":[{"href":"https:\/\/opus-folyoirat.sk\/index.php?rest_route=%2Fwp%2Fv2%2Fmedia&parent=3091"}],"curies":[{"name":"wp","href":"https:\/\/api.w.org\/{rel}","templated":true}]}}