{"id":3155,"date":"2025-03-06T02:05:00","date_gmt":"2025-03-06T00:05:00","guid":{"rendered":"https:\/\/opus-folyoirat.sk\/?page_id=3155"},"modified":"2025-11-19T02:06:26","modified_gmt":"2025-11-19T00:06:26","slug":"nagy-dorottya","status":"publish","type":"page","link":"https:\/\/opus-folyoirat.sk\/?page_id=3155","title":{"rendered":"Nagy Dorottya"},"content":{"rendered":"\n<div class=\"wp-block-group is-vertical is-layout-flex wp-container-core-group-is-layout-8cf370e7 wp-block-group-is-layout-flex\">\n<p><strong>Visszat\u00e9r\u00e9s elfeledett \u00e1rtatlans\u00e1gunkhoz<\/strong><\/p>\n\n\n\n<p><em>Hajnal \u00c9va \u201caz a nap\u201d c\u00edm\u0171 versesk\u00f6tet\u00e9r\u0151l<\/em><\/p>\n<\/div>\n\n\n<div class=\"has-text-align-right wp-block-post-date\"><time datetime=\"2025-03-06T02:05:00+02:00\">2025-03-06<\/time><\/div>\n\n\n<p><\/p>\n\n\n\n<div class=\"wp-block-group is-vertical is-layout-flex wp-container-core-group-is-layout-8cf370e7 wp-block-group-is-layout-flex\">\n<p>Hajnal \u00c9va, a Litera-T\u00fara M\u0171v\u00e9szeti Magazin tulajdonos-f\u0151szerkeszt\u0151je, a p\u00e9csi irodalmi \u00e9let egyik f\u0151 z\u00e1szl\u00f3viv\u0151je, a f\u00e1radhatatlan tehets\u00e9ggondoz\u00f3 id\u00e9n \u0151sszel \u00faj versesk\u00f6tettel jelentkezett.&nbsp;<\/p>\n\n\n\n<p><em>\u201cmintha \/ szakadt koszos zoknit babr\u00e1l\u00f3 \/ mormol\u00f3 kisl\u00e1ny volna az a szerda \/ amikor meglopt\u00e1l\u201d -\u00edgy sz\u00f3l a c\u00edmad\u00f3 vers besz\u00e9l\u0151je. <\/em>Komoly jelent\u0151s\u00e9ge van, hogy ez a vers hordozza a c\u00edmet, hiszen a sebezhet\u0151, tiszta, na\u00edv kisl\u00e1ny finom hangja bej\u00e1rja az eg\u00e9sz k\u00f6nyvet. Hajnal \u00c9va \u00f6t\u00f6dik versesk\u00f6tete az \u201caz a nap\u201d egyfajta allegorikus visszat\u00e9r\u00e9s r\u00e9gi, elfeledett \u00e1rtatlans\u00e1gunkhoz. Pilinszkyvel ellent\u00e9tben (\u201c<em>Az a nap, az az \u00f3ra, mez\u00edtelens\u00e9g\u00fcnk<br>f\u00f6lmagasztal\u00e1sa lesz\u201d- Miel\u0151tt<\/em>) Hajnal \u00c9v\u00e1n\u00e1l nem a v\u00e9g\u00edt\u00e9let j\u00f6n el \u00f6nmagunk teljes felv\u00e1llal\u00e1s\u00e1nak pillanat\u00e1ban.&nbsp; Ink\u00e1bb k\u00e9sei megtisztul\u00e1s ez: v\u00e9gre sok mindenre r\u00e1d\u00f6bben\u00e9s, hogy azt\u00e1n elj\u00f6hessen a m\u00e1sodvir\u00e1gz\u00e1s \u00e9s feloldoz\u00f3d\u00e1s kora. A tisztas\u00e1g er\u0151s ig\u00e9ny\u00e9t m\u00e1r a k\u00f6tet bor\u00edt\u00f3ja, illetve ciklusonk\u00e9nt megjelen\u0151 illusztr\u00e1ci\u00f3i is hordozz\u00e1k (h\u00f3feh\u00e9r r\u00f3zs\u00e1t tart\u00f3 n\u0151i k\u00e9z, n\u0151alakok vir\u00e1ggal, h\u00f3feh\u00e9r ruh\u00e1ban), a k\u00e9pek Kiss Andrea, vizu\u00e1lis m\u0171v\u00e9sz munk\u00e1i, sz\u00e9p \u00e9s ig\u00e9nyes t\u00e1maszai a sz\u00f6vegeknek.<\/p>\n\n\n\n<p>A k\u00f6nyv szerkezetileg a klasszikus ir\u00e1nyt k\u00f6vetve ciklusokba rendez\u0151dik. Ez is r\u00edmel a Hajnal \u00c9v\u00e1t\u00f3l megszokott rendezetts\u00e9g \u00e9s tisztas\u00e1g szerz\u0151i magatart\u00e1s\u00e1ra.&nbsp;<\/p>\n\n\n\n<p>Az els\u0151 ciklus az \u201c<em>Itt vagy, Uram<\/em>?\u201d c\u00edmet kapta. A versek szinte mindegyik\u00e9ben megjelennek az angyalok. An\u00e9lk\u00fcl hordoznak p\u00e1toszt, \u00e9teri hangulatot, hogy az \u00f6sszhat\u00e1s giccses volna. Tal\u00e1n az\u00e9rt, mert eg\u00e9szen h\u00e9tk\u00f6znapi cselekv\u00e9seket v\u00e9geznek: <em>marad\u00e9kot vacsor\u00e1znak, elmosogatnak, bepakolnak egy utols\u00f3 adag mos\u00e1st, kitakar\u00edtj\u00e1k a mell\u00e9khelyis\u00e9geket, fels\u00f6p\u00f6rnek, felmosnak, sohasem alszanak, r\u00f3lunk besz\u00e9lgetnek, mentate\u00e1t isznak, vicces sorozatokat n\u00e9znek. <\/em>Prof\u00e1n tev\u00e9kenyked\u00e9s\u00fck egyfajta antropomorf gesztus, \u00edgy visznek var\u00e1zser\u0151t a mindennapokba, amire, valljuk be, nagy sz\u00fcks\u00e9g van, amikor egyszerre annyi teher nyomja a v\u00e1llunkat. Mindemellett saj\u00e1tosan n\u0151i min\u0151s\u00e9g\u0171, n\u0151i finoms\u00e1g\u00fa, visszafogott \u00e9s gondoskod\u00f3 l\u00e9nyek; nem s\u00f6r\u00f6znek a t\u00e9v\u00e9 el\u0151tt, nem k\u00e1romkodnak \u00e9s cigarett\u00e1znak, szennyes\u00fcket sem sz\u00f3rj\u00e1k sz\u00e9t a szob\u00e1ban. Hajnal \u00c9va isten\u00e1br\u00e1zol\u00e1sa viszont egy\u00e9rtelm\u0171en f\u00e9rfias&nbsp; \u201c<em>\u0151sz haj\u00fa, szak\u00e1llas f\u00e9rfi, aki mindent tud r\u00f3lam\u201d &#8211;<\/em>mondja gyermeki hittel, tiszta na\u00edvs\u00e1ggal, sz\u00edv\u00e9ben folyamatos v\u00e1rakoz\u00e1ssal a kegyelemre.<\/p>\n\n\n\n<p>A m\u00e1sodik ciklus, a \u201c<em>Hogy lehetn\u00e9k meg n\u00e9lk\u00fcled?\u201d <\/em>a gy\u00e1szmunk\u00e1r\u00f3l sz\u00f3l<em>. <\/em>Tov\u00e1bbra is a kor\u00e1n meglopott kisl\u00e1ny szemsz\u00f6g\u00e9b\u0151l l\u00e1tjuk \u00e9lett\u00f6rt\u00e9net\u00e9nek traum\u00e1it; \u201c<em>gondolataimmal el\u00fcld\u00f6g\u00e9l az id\u0151 \/ e gyerekkoromb\u00f3l ittfelejtett padon \/ s te k\u00f6zben \u00e9szrev\u00e9tlen \/ tenyerembe rakosgatod \/ hossz\u00fa haldokl\u00e1sod v\u00e9dtelen vir\u00e1gait\u201d<\/em>. A csal\u00e1dtagok elveszt\u00e9s\u00e9nek feldolgoz\u00e1sa v\u00e1llalt sorsfeladat, v\u00e1llalt k\u00f6lt\u0151i feladat: \u201c<em>engedn\u00e9m, hogy kiszakadjon bel\u0151lem a hi\u00e1ny<\/em>\u201d, \u201c<em>titkos b\u00e1nat volt \/ saj\u00e1t\u201d. <\/em>A gy\u00e1sz, mik\u00f6zben saj\u00e1t \u00e9lm\u00e9ny, egyetemes \u00e9lm\u00e9ny is, hiszen mindenkivel megt\u00f6rt\u00e9nik, sorsk\u00f6z\u00f6ss\u00e9g\u00fcnk alapfogalma. Kiker\u00fclhetetlen megeml\u00edteni a versek virtu\u00f3z zeneis\u00e9g\u00e9t, egy\u00e1ltal\u00e1n a zenei utal\u00e1sok t\u00f6mkeleg\u00e9t, a sorok dallamoss\u00e1g\u00e1t, az alliter\u00e1ci\u00f3k \u00e9s r\u00edmek megmunk\u00e1lts\u00e1g\u00e1t, amelyek tov\u00e1bb emelik, er\u0151s\u00edtik a sz\u00f6vegeket \u00e9s l\u00e9giess\u00e9get visznek m\u00e9g a vesztes\u00e9gr\u0151l sz\u00f3l\u00f3 versekbe is.<\/p>\n\n\n\n<p>A harmadik ciklus a \u201c<em>Ketten \u00e1llunk a f\u00fclkef\u00e9nyben<\/em>\u201d, a k\u00f6tet k\u00f6zep\u00e9n tulajdonk\u00e9ppen a k\u00f6lt\u0151i mesters\u00e9g szakmai \u00e9kk\u00f6ve. Minden verse parafr\u00e1zisk\u00e9nt funkcion\u00e1l a magyar k\u00f6lt\u00e9szet nagyjainak \u00e9s kedvelt kort\u00e1rs szerz\u0151inknek aj\u00e1nlva (a teljess\u00e9g ig\u00e9nye n\u00e9lk\u00fcl Pet\u0151fi, Ady, J\u00f3zsef Attila, We\u00f6res S\u00e1ndor, Pilinszky, Nagy L\u00e1szl\u00f3, Petri, Parti Nagy, a mester\u00e9nek tekintett Pet\u0151cz Andr\u00e1s \u00e9s sokan m\u00e1sok is felsorakoznak m\u00e9g). A szerz\u0151 magabiztosan, technikai tud\u00e1ssal felv\u00e9rtezve, kecses k\u00f6nnyeds\u00e9ggel v\u00e1ltogatja a versform\u00e1kat, st\u00edlusokat. A klasszikus versek sz\u00f3k\u00e9szlet\u00e9t gyakran vegy\u00edti a mai szleng kifejez\u00e9seivel ezzel is \u00faj, \u00e9rdekes \u00e1t\u00e9rtelmez\u00e9st, m\u00e1s milli\u0151t teremt sz\u00f6vegeinek. \u201c<em>Nyikkan a cringe-szer\u0171, feleselget a k\u00e9glimag\u00e1nnyal, \/ s cammog m\u00e1r, viszi h\u00edr\u00e9t, gengel a lellei b\u00e1rban. \/ V\u00e1god? Messzire, f\u00e9lre a cs\u00edra besz\u00e9ddel, flow-ra! \/ L\u00e1m,de be\u00e9get kocsmaszob\u00e1ban egy crush kicsi b\u00e1lv\u00e1ny\u2026\u201d<\/em><\/p>\n\n\n\n<p>A negyedik ciklus az \u201c<em>Ahol \u00edgy szeretnek<\/em>\u201d, igazi romantikus z\u00e1r\u00e1sa a k\u00f6tetnek. Szerelmes verseket tartalmaz. Van itt beteljes\u00fclni l\u00e1tsz\u00f3 \u201cemberi\u201d szerelem \u00e9s megjelenik a t\u00f6k\u00e9letes, szakr\u00e1lis, f\u00f6ld\u00f6n t\u00fali szerelem eszm\u00e9nyk\u00e9pe is. \u201c<em>Mindenem, \/ k\u00e9pm\u00e1sod t\u00f6k\u00e9letes, \/ semmi sem hasonl\u00edthat\u00f3 hozz\u00e1d. \/ Von\u00e1said \u00e9kk\u00f6vek. \/ Tested, szavamra ny\u00edl\u00f3 alab\u00e1strom szelence.\u201d <\/em>A szerelemre, szeret\u00e9sre val\u00f3 v\u00e1rakoz\u00e1s, a k\u00e9sz\u00fcl\u0151d\u00e9s a kedves \u00e9rkez\u00e9s\u00e9re, a hit a csoda megtestes\u00fcl\u00e9s\u00e9ben szint\u00e9n egyetemes alap\u00e9lm\u00e9ny\u00fcnk \u00e9s Hajnal \u00c9va verseiben ennek meg\u00e9l\u00e9s\u00e9ben is van egyfajta \u00e1rtatlan, tiszta, gyermeki \u00f6r\u00f6m \u00e9s m\u00e9lys\u00e9g, egy mindig \u00faj rem\u00e9nyked\u00e9ssel teli nyitotts\u00e1g, megingathatatlanul er\u0151s hit. Manaps\u00e1g sok esetben k\u00ednosnak \u00e9s man\u00edrosnak tartj\u00e1k a v\u00e1llaltan romantikus verseket, pedig Hajnal \u00c9va f\u00fclbem\u00e1sz\u00f3 dallamaival \u00e9s pomp\u00e1s sz\u00f3vir\u00e1gaival megsz\u00f3rva igenis van benn\u00fck eredetis\u00e9g \u00e9s \u00faj \u00e1rnyalatok, amelyek kellemes \u00e9lm\u00e9nny\u00e9 teszik az olvas\u00e1st. \u201c<em>nesztelen foszl\u00f3 fellegek \/ t\u00e1ncolnak gy\u00f6ngy\u00f6k \u00fatjain \/ besz\u00e9ded f\u00e9nyes v\u00edzt\u00fck\u00f6r \/ csordultig telnek k\u00fatjaim\u201d (nyolc)<\/em><\/p>\n\n\n\n<p>Advent van, k\u00f6zeleg a kar\u00e1csony, a f\u00e9ny \u00fcnnepe; \u201c<em>h\u00e1t \u00e9n nehezen tudom elk\u00e9pzelni \/ hogy egy k\u00f6nyvb\u0151l f\u00e9ny j\u00f6n\u201d \u2013<\/em> elm\u00e9lkedik a kisl\u00e1ny \u201ca f\u00e9ny\u201d c\u00edm\u0171 versben, pedig, aki elolvassa ezt a k\u00f6nyvet, an\u00e9lk\u00fcl melengeti meg a b\u00e9k\u00e9s, bels\u0151 f\u00e9ny, hogy gyerty\u00e1t gy\u00fajtana.<\/p>\n<\/div>\n","protected":false},"excerpt":{"rendered":"<p>Visszat\u00e9r\u00e9s elfeledett \u00e1rtatlans\u00e1gunkhoz Hajnal \u00c9va \u201caz a nap\u201d c\u00edm\u0171 versesk\u00f6tet\u00e9r\u0151l Hajnal \u00c9va, a Litera-T\u00fara M\u0171v\u00e9szeti Magazin tulajdonos-f\u0151szerkeszt\u0151je, a p\u00e9csi irodalmi \u00e9let egyik f\u0151 z\u00e1szl\u00f3viv\u0151je, a f\u00e1radhatatlan tehets\u00e9ggondoz\u00f3 id\u00e9n \u0151sszel \u00faj versesk\u00f6tettel jelentkezett.&nbsp; \u201cmintha \/ szakadt koszos zoknit babr\u00e1l\u00f3 \/ mormol\u00f3 &hellip; <a href=\"https:\/\/opus-folyoirat.sk\/?page_id=3155\">Egy kattint\u00e1s ide a folytat\u00e1shoz&#8230;. <span class=\"meta-nav\">&rarr;<\/span><\/a><\/p>\n","protected":false},"author":4,"featured_media":0,"parent":0,"menu_order":0,"comment_status":"closed","ping_status":"closed","template":"","meta":{"footnotes":""},"class_list":["post-3155","page","type-page","status-publish","hentry"],"_links":{"self":[{"href":"https:\/\/opus-folyoirat.sk\/index.php?rest_route=\/wp\/v2\/pages\/3155","targetHints":{"allow":["GET"]}}],"collection":[{"href":"https:\/\/opus-folyoirat.sk\/index.php?rest_route=\/wp\/v2\/pages"}],"about":[{"href":"https:\/\/opus-folyoirat.sk\/index.php?rest_route=\/wp\/v2\/types\/page"}],"author":[{"embeddable":true,"href":"https:\/\/opus-folyoirat.sk\/index.php?rest_route=\/wp\/v2\/users\/4"}],"replies":[{"embeddable":true,"href":"https:\/\/opus-folyoirat.sk\/index.php?rest_route=%2Fwp%2Fv2%2Fcomments&post=3155"}],"version-history":[{"count":1,"href":"https:\/\/opus-folyoirat.sk\/index.php?rest_route=\/wp\/v2\/pages\/3155\/revisions"}],"predecessor-version":[{"id":3156,"href":"https:\/\/opus-folyoirat.sk\/index.php?rest_route=\/wp\/v2\/pages\/3155\/revisions\/3156"}],"wp:attachment":[{"href":"https:\/\/opus-folyoirat.sk\/index.php?rest_route=%2Fwp%2Fv2%2Fmedia&parent=3155"}],"curies":[{"name":"wp","href":"https:\/\/api.w.org\/{rel}","templated":true}]}}