{"id":3167,"date":"2025-03-09T09:19:00","date_gmt":"2025-03-09T07:19:00","guid":{"rendered":"https:\/\/opus-folyoirat.sk\/?page_id=3167"},"modified":"2025-11-19T09:23:18","modified_gmt":"2025-11-19T07:23:18","slug":"toth-laszlo","status":"publish","type":"page","link":"https:\/\/opus-folyoirat.sk\/?page_id=3167","title":{"rendered":"T\u00f3th L\u00e1szl\u00f3"},"content":{"rendered":"\n<p class=\"has-medium-font-size\"><strong>Irodalom \u00e9s eml\u00e9kezet<\/strong><\/p>\n\n\n<div class=\"has-text-align-right wp-block-post-date\"><time datetime=\"2025-03-09T09:19:00+02:00\">2025-03-09<\/time><\/div>\n\n\n<p><\/p>\n\n\n\n<p><\/p>\n\n\n\n<div class=\"wp-block-group is-vertical is-layout-flex wp-container-core-group-is-layout-8cf370e7 wp-block-group-is-layout-flex\">\n<p>Ha j\u00f3l eml\u00e9kszem, a szlov\u00e1kiai magyar irodalomban els\u0151 \u00edzben \u2013 vagy els\u0151k k\u00f6z\u00f6tt \u2013 M\u00e9sz\u00e1ros K\u00e1roly vetette f\u00f6l az \u00edr\u00f3i-irodalmi hagyat\u00e9kok meg\u0151rz\u00e9s\u00e9nek, felt\u00e1r\u00e1s\u00e1nak-feldolgoz\u00e1s\u00e1nak-gondoz\u00e1s\u00e1nak k\u00e9rd\u00e9s\u00e9t a Szabad F\u00f6ldm\u0171vesben m\u00e9g 1989-ben megjelent, <em>Irodalmunk halottai<\/em> c\u00edm\u0171, \u00e1m a novemberi fordulat miatt torz\u00f3ban maradt sorozat\u00e1ban. \u0150t id\u00e9zn\u00e9m most: \u201eIrodalmunk nagykor\u00fas\u00e1g\u00e1t a halottai is jelzik. Az \u00e9l\u0151knek k\u00f6teless\u00e9geik vannak a halottakkal szemben. T\u0151l\u00fcnk \u00e9s adott lehet\u0151s\u00e9geinkt\u0151l f\u00fcgg, milyen helyet foglalnak el irodalmunkban. [\u2026] Tapasztalatom, hogy n\u00e1lunk nem alakultak ki azok a form\u00e1k, melyek az irodalmi hagyat\u00e9kok tudatos feldolgoz\u00e1s\u00e1ra voln\u00e1nak hivatottak, \u00edgy esetleges minden.\u201d Nos, el kell mondanunk, hogy az\u00f3ta t\u00f6rt\u00e9nt egy s m\u00e1s \u2013 \u00e9s lehet, nem is kev\u00e9s \u2013 ezen a t\u00e9ren, melyek r\u00e9szben ugyan ismertek, \u00edgy nem kell sorolnom \u0151ket, de, meg kell mondjam, az \u201eesetlegess\u00e9g\u201d tov\u00e1bbra is maradt. Mindenesetre t\u00e9ny, hogy hosszan besz\u00e9lhetn\u00e9nk arr\u00f3l, ami <em>m\u00e1r<\/em> van. Igaz, arr\u00f3l is, ami <em>m\u00e9g<\/em> nincs. Meg arr\u00f3l, hogy mi nincs mindabb\u00f3l, ami m\u00e1r <em>lehetne<\/em>. Meg p\u00e9ld\u00e1ul, hogy a somorjai F\u00f3rum Kisebbs\u00e9gkutat\u00f3 Int\u00e9zet \u2013 mindaz mellett, amit e t\u00e1rgyk\u00f6rben tesz \u00e9s tett, mit tehetne m\u00e9g ezen a t\u00e9ren is, hiszen bizonyos \u00e9rtelemben, ha nem is szorosan v\u00e9ve, az irodalomt\u00f6rt\u00e9net-\u00edr\u00e1s is, eset\u00fcnkben, kisebbs\u00e9gkutat\u00e1s \u00e9s t\u00f6rt\u00e9net\u00edr\u00e1s. N\u00e9h\u00e1ny \u00e9vvel ezel\u0151tt az erd\u00e9lyi Bal\u00e1zs Imre J\u00f3zsef vetette fel, hogy \u2013 j\u00f3llehet n\u00e1luk az irodalmihagyat\u00e9k-\u0151rz\u00e9sben <em>is<\/em> el\u0151bbre tartanak, mint mi \u2013 sz\u00fcks\u00e9g lenne egy erd\u00e9lyi magyar irodalmi m\u00fazeumra. Tegyem fel a k\u00e9rd\u00e9st: min\u00e1lunk nem? Vagy legal\u00e1bb egy olyan programra, mely nyilv\u00e1ntarthatn\u00e1 egyes \u00edr\u00f3ink irodalmi hagyat\u00e9k\u00e1nak (k\u00f6nyvt\u00e1r\u00e1nak, k\u00e9ziratainak, levelez\u00e9s\u00e9nek stb.) holl\u00e9t\u00e9t, l\u00e9p\u00e9seket tehetne azok digit\u00e1lis eml\u00e9kezet sz\u00e1m\u00e1ra t\u00f6rt\u00e9n\u0151 feldolgoz\u00e1s\u00e1nak \u00e9rdek\u00e9ben, \u00f6sszefoghatn\u00e1 az e t\u00e9ren m\u00e1r elv\u00e9gzetteket, \u00e9s koordin\u00e1lhatn\u00e1 a miel\u0151bb megteend\u0151 l\u00e9p\u00e9seket, \u00fatmutat\u00e1sokat adhatna a szlov\u00e1kiai magyar irodalom eml\u00e9khelyeir\u0151l, elhunyt \u00edr\u00f3ink s\u00edrj\u00e1r\u00f3l, eml\u00e9kszob\u00e1ir\u00f3l, eml\u00e9kt\u00e1bl\u00e1ir\u00f3l, eml\u00e9knapjair\u00f3l, a nev\u00fcket visel\u0151 int\u00e9zm\u00e9nyekr\u0151l stb., stb. \u2013 s hosszan sorolhatn\u00e1m m\u00e9g\u2026 &nbsp; &nbsp;<\/p>\n\n\n\n<p>Mindennek jegy\u00e9ben is \u00f6r\u00f6mmel v\u00e1llaltam most, hogy Dobos L\u00e1szl\u00f3 kir\u00e1lyhelmeci eml\u00e9kszob\u00e1j\u00e1nak megnyit\u00e1sa alkalm\u00e1b\u00f3l mondjak itt, a sz\u00fcl\u0151v\u00e1ros\u00e1ban, a sz\u00fcl\u0151t\u00e1j sz\u00edne el\u0151tt a fentiekr\u0151l n\u00e9h\u00e1ny s mag\u00e1r\u00f3l Kossuth-d\u00edjas \u00edr\u00f3nkr\u00f3l is p\u00e1r&nbsp; <em>keresett<\/em> sz\u00f3t. Mindenekel\u0151tt pedig arr\u00f3l, amit \u00edr\u00f3nk t\u00edz \u00e9vvel ezel\u0151tti hal\u00e1lakor is elmondtam m\u00e1r: a szlov\u00e1kiai magyars\u00e1g kult\u00far\u00e1j\u00e1ban, s ezen bel\u00fcl irodalm\u00e1ban v\u00e9lem\u00e9nyem szerint az 1989 ut\u00e1ni v\u00e1ltoz\u00e1sokkal \u00e9rt v\u00e9get az a korszak, amit az \u00fan. alapoz\u00e1s \u2013 az int\u00e9zm\u00e9nyteremt\u00e9s, a szervezeti \u00e9s infrastruktur\u00e1lis keretek ki\u00e9p\u00edt\u00e9se, valamint a szem\u00e9lyi felt\u00e9telek l\u00e9trej\u00f6tte \u2013 1948 ut\u00e1ni egy-m\u00e1sf\u00e9l \u00e9vtized\u00e9re, illetve az \u00e9rt\u00e9kalap\u00fa \u00e9p\u00edtkez\u00e9s, a mind tudatosabb \u00e9s differenci\u00e1ltabb \u00f6n\u00e9p\u00edt\u00e9s, a magyar kult\u00fara (irodalom) eg\u00e9sz\u00e9be val\u00f3 betagol\u00f3d\u00e1s \u00e9s annak f\u0151sodraihoz val\u00f3 felz\u00e1rk\u00f3z\u00e1s negyedsz\u00e1zad\u00e1ra osztan\u00e9k. Dobos L\u00e1szl\u00f3 ennek a k\u00e9t korszaknak volt meghat\u00e1roz\u00f3, int\u00e9zm\u00e9ny- \u00e9s min\u0151s\u00e9gteremt\u0151 \u2013 \u00e9s szem\u00e9ly\u00e9ben is int\u00e9zm\u00e9nynek sz\u00e1m\u00edt\u00f3 \u00e9s magas min\u0151s\u00e9get hordoz\u00f3 \u2013, egys\u00e9ges\u00edt\u0151 alakja (annak ellen\u00e9re, hogy 1968 ut\u00e1n, a sz\u00f3ban forg\u00f3 n\u00e9gy \u00e9vtized k\u00f6zel fel\u00e9t h\u00e1tt\u00e9rbe szor\u00edtva kellett t\u00f6ltenie). Szem\u00e9lyes trag\u00e9di\u00e1ja viszont, hogy 1989 ut\u00e1n l\u00e9nyeg\u00e9ben meg kellett \u00e9rnie a nev\u00e9hez is k\u00f6thet\u0151 kor\u00e1bbi \u00e9rt\u00e9kek devalv\u00e1l\u00f3d\u00e1s\u00e1t \u00e9s marginiz\u00e1l\u00f3d\u00e1s\u00e1t, melyek hely\u00e9be nem mindig l\u00e9ptek azokkal egyenrang\u00fa \u00fajak; meg kellett \u00e9rnie a kor\u00e1bbi \u00e9p\u00edtm\u00e9nyek r\u00e9szleges pusztul\u00e1s\u00e1t, illetve a kor\u00e1bbi \u00e9rt\u00e9krendeknek \u00e9s k\u00f6z\u00f6ss\u00e9gi \u00e9rt\u00e9keknek nem mindig kedvez\u0151 \u00e1talakul\u00e1s\u00e1t, s ez ellen \u0151 maga m\u00e1r keveset tudott tenni.&nbsp; &nbsp; &nbsp;<\/p>\n\n\n\n<p>Ha pedig szorosan az \u00edr\u00f3t n\u00e9zem, el kell r\u00f3la mondjam, hogy Dobos L\u00e1szl\u00f3 nem egyszer\u0171en \u2013 ahogy mondani szoktuk \u2013 a csehszlov\u00e1kiai magyar irodalom \u201ealapoz\u00f3 nemzed\u00e9k\u00e9nek\u201d, hanem eg\u00e9sz\u00e9ben az 1960-as \u00e9vek magyar sz\u00e9ppr\u00f3z\u00e1j\u00e1nak a szlov\u00e1kiai magyar \u201ealapoz\u00f3k nemzed\u00e9k\u00e9hez\u201d tartoz\u00f3 figyelemrem\u00e9lt\u00f3 alakja. Akinek els\u0151 k\u00e9t reg\u00e9nye, a <em>Messze voltak a csillagok<\/em> \u00e9s a <em>F\u00f6ld\u00f6nfut\u00f3k<\/em> az 1960-as \u00e9vek \u00f6sszmagyar sz\u00e9ppr\u00f3z\u00e1j\u00e1nak progressz\u00edv, annak meg\u00faj\u00edt\u00e1s\u00e1t, meg\u00fajul\u00e1s\u00e1t keres\u0151 vonulat\u00e1hoz tartozik, ak\u00e1r tartalmi (illetve vil\u00e1g-, t\u00f6rt\u00e9nelem- \u00e9s \u00f6nszeml\u00e9leti), ak\u00e1r formai oldalr\u00f3l \u2013 pr\u00f3zapo\u00e9tikai \u00e9s pr\u00f3zanyelvi n\u00f3vumai, reg\u00e9nytechnikai elj\u00e1r\u00e1sai fel\u0151l \u2013 n\u00e9zem azokat. (Harmadik fontos reg\u00e9nye, az <em>Egy sz\u00e1l ingben<\/em> az els\u0151 kett\u0151 tartalmi \u00e9s formai elemeinek sikeres \u00f6sszegez\u00e9se, szint\u00e9zise.) &nbsp;<\/p>\n\n\n\n<p>Legf\u0151bb \u00e9rdem\u00e9nek most m\u00e9gis ezt tekintem, hogy \u2013 ami napjainkban egyre nagyobb ritkas\u00e1gnak sz\u00e1m\u00edt \u2013 volt <em>v\u00edzi\u00f3ja<\/em> a&nbsp;vil\u00e1gr\u00f3l, s&nbsp;ezen bel\u00fcl sz\u0171kebb \u00e9s t\u00e1gabb k\u00f6rnyezete, k\u00f6z\u00f6ss\u00e9ge jelen\u00e9r\u0151l \u00e9s j\u00f6v\u0151j\u00e9r\u0151l, s hogy mert \u00e9s tudott strukt\u00far\u00e1kban, \u00e9p\u00edtm\u00e9nyekben gondolkodni, \u00e9s&nbsp;\u00f6sszef\u00fcgg\u00e9seiben merte \u00e9s tudta l\u00e1tni \u00e9s \u00e1tfogni az eg\u00e9szet (egy olyan korban \u00e9s olyan t\u00e1rsadalomban, amikor ez nem is mindig volt vesz\u00e9lytelen), \u00e9s&nbsp;ezek az \u00e9p\u00edtm\u00e9nyek \u00e9vtizedekre m\u0171k\u00f6d\u0151k\u00e9peseknek bizonyultak. Ma azonban m\u00e1r egyre nyilv\u00e1nval\u00f3bb, hogy 1989 nem csup\u00e1n, s\u0151t tal\u00e1n nem is els\u0151sorban a&nbsp;rendszerv\u00e1lt\u00e1s kezdete, hanem korfordul\u00f3 \u2013 kor- \u00e9s \u00e9rt\u00e9kv\u00e1lt\u00e1s (paradigmav\u00e1lt\u00e1s) \u2013 is volt, annak minden hozad\u00e9k\u00e1val \u00e9s \u00e1tl\u00e1thatatlans\u00e1g\u00e1val egy\u00fctt, ami nemcsak t\u00e9rs\u00e9g\u00fcnkben, hanem tal\u00e1n a&nbsp;vil\u00e1gon minden\u00fctt sok mindent z\u00e1r\u00f3jelbe tett az eg\u00e9szen a&nbsp;20. sz\u00e1zad v\u00e9g\u00e9ig ismert \u00e9s \u00e9rv\u00e9nyes vil\u00e1grendekb\u0151l.&nbsp;<\/p>\n\n\n\n<p>Ez\u00e9rt is van oly nagy sz\u00fcks\u00e9g irodalmi s \u00edr\u00f3i hagyat\u00e9k\u00e1nak \u2013 s a hozz\u00e1 hasonl\u00f3k\u00e9nak \u2013 a meg\u0151rz\u00e9s\u00e9re \u00e9s tov\u00e1bb\u00e9ltet\u00e9s\u00e9re, mert az nemcsak egy let\u0171nt vil\u00e1g \u00e9rtelmez\u00e9s\u00e9hez szolg\u00e1ltathat n\u00e9lk\u00fcl\u00f6zhetetlen adal\u00e9kokat, hanem az \u00e1ltaluk hordozott, megtestes\u00edtett \u00e9rt\u00e9kek tov\u00e1bb\u00e9ltet\u00e9s\u00e9nek sz\u00fcks\u00e9gess\u00e9g\u00e9hez is n\u00e9lk\u00fcl\u00f6zhetetlen \u00e9rveket. Annak meg\u00e9rt\u00e9s\u00e9hez \u00e9s meg\u00e9rtet\u00e9s\u00e9hez, hogy ha a m\u00faltr\u00f3l lemondunk, ha a m\u00faltat <em>v\u00e9gk\u00e9pp elt\u00f6r\u00f6lj\u00fck<\/em>, a j\u00f6v\u0151ben is s\u00e9r\u00fcl\u00e9kenyebbek \u00e9s kiszolg\u00e1ltatottabbak lesz\u00fcnk. Vagyis tulajdonk\u00e9ppen el\u0151retekint\u00fcnk azzal, ha visszan\u00e9z\u00fcnk\u2026 Mert azt, hogy hov\u00e1 tartunk, igaz\u00e1b\u00f3l csak abb\u00f3l \u00e9rthetj\u00fck meg, ha tudjuk, honnan j\u00f6tt\u00fcnk\u2026&nbsp;<\/p>\n\n\n\n<p>\u00c9s erre figyelmeztet benn\u00fcnket Dobos L\u00e1szl\u00f3 eg\u00e9sz \u00e9lete, \u00e9letm\u0171ve \u00e9s \u00edr\u00f3i-emberi (maga)tart\u00e1sa is\u2026 Akinek eml\u00e9kszob\u00e1j\u00e1t ezennel megnyitottnak tekintem. &nbsp;<\/p>\n<\/div>\n\n\n\n<p class=\"has-text-align-right\"><em>Megjelent az Opus 2025\/1-es sz\u00e1m\u00e1ban<\/em><\/p>\n","protected":false},"excerpt":{"rendered":"<p>Irodalom \u00e9s eml\u00e9kezet Ha j\u00f3l eml\u00e9kszem, a szlov\u00e1kiai magyar irodalomban els\u0151 \u00edzben \u2013 vagy els\u0151k k\u00f6z\u00f6tt \u2013 M\u00e9sz\u00e1ros K\u00e1roly vetette f\u00f6l az \u00edr\u00f3i-irodalmi hagyat\u00e9kok meg\u0151rz\u00e9s\u00e9nek, felt\u00e1r\u00e1s\u00e1nak-feldolgoz\u00e1s\u00e1nak-gondoz\u00e1s\u00e1nak k\u00e9rd\u00e9s\u00e9t a Szabad F\u00f6ldm\u0171vesben m\u00e9g 1989-ben megjelent, Irodalmunk halottai c\u00edm\u0171, \u00e1m a novemberi fordulat &hellip; <a href=\"https:\/\/opus-folyoirat.sk\/?page_id=3167\">Egy kattint\u00e1s ide a folytat\u00e1shoz&#8230;. <span class=\"meta-nav\">&rarr;<\/span><\/a><\/p>\n","protected":false},"author":4,"featured_media":0,"parent":0,"menu_order":0,"comment_status":"closed","ping_status":"closed","template":"","meta":{"footnotes":""},"class_list":["post-3167","page","type-page","status-publish","hentry"],"_links":{"self":[{"href":"https:\/\/opus-folyoirat.sk\/index.php?rest_route=\/wp\/v2\/pages\/3167","targetHints":{"allow":["GET"]}}],"collection":[{"href":"https:\/\/opus-folyoirat.sk\/index.php?rest_route=\/wp\/v2\/pages"}],"about":[{"href":"https:\/\/opus-folyoirat.sk\/index.php?rest_route=\/wp\/v2\/types\/page"}],"author":[{"embeddable":true,"href":"https:\/\/opus-folyoirat.sk\/index.php?rest_route=\/wp\/v2\/users\/4"}],"replies":[{"embeddable":true,"href":"https:\/\/opus-folyoirat.sk\/index.php?rest_route=%2Fwp%2Fv2%2Fcomments&post=3167"}],"version-history":[{"count":3,"href":"https:\/\/opus-folyoirat.sk\/index.php?rest_route=\/wp\/v2\/pages\/3167\/revisions"}],"predecessor-version":[{"id":3172,"href":"https:\/\/opus-folyoirat.sk\/index.php?rest_route=\/wp\/v2\/pages\/3167\/revisions\/3172"}],"wp:attachment":[{"href":"https:\/\/opus-folyoirat.sk\/index.php?rest_route=%2Fwp%2Fv2%2Fmedia&parent=3167"}],"curies":[{"name":"wp","href":"https:\/\/api.w.org\/{rel}","templated":true}]}}