{"id":3184,"date":"2025-04-02T09:32:00","date_gmt":"2025-04-02T07:32:00","guid":{"rendered":"https:\/\/opus-folyoirat.sk\/?page_id=3184"},"modified":"2025-11-19T09:33:23","modified_gmt":"2025-11-19T07:33:23","slug":"kovesdi-karoly","status":"publish","type":"page","link":"https:\/\/opus-folyoirat.sk\/?page_id=3184","title":{"rendered":"K\u00f6vesdi K\u00e1roly"},"content":{"rendered":"\n<div class=\"wp-block-group is-vertical is-layout-flex wp-container-core-group-is-layout-8cf370e7 wp-block-group-is-layout-flex\">\n<p><strong>A ballad\u00e1s ember<\/strong><\/p>\n\n\n\n<p><em>Dobos L\u00e1szl\u00f3r\u00f3l t\u00edz \u00e9v t\u00e1vlat\u00e1b\u00f3l<\/em><\/p>\n<\/div>\n\n\n<div class=\"has-text-align-right wp-block-post-date\"><time datetime=\"2025-04-02T09:32:00+02:00\">2025-04-02<\/time><\/div>\n\n\n<p><\/p>\n\n\n\n<div class=\"wp-block-group is-vertical is-layout-flex wp-container-core-group-is-layout-8cf370e7 wp-block-group-is-layout-flex\">\n<p>T\u00edz \u00e9vvel ezel\u0151tt j\u00f3kora t\u00f6meg b\u00facs\u00faztatta Dobos L\u00e1szl\u00f3t a pozsonyp\u00fcsp\u00f6ki temet\u0151ben. A nagyra duzzadt, tereb\u00e9lyesed\u00e9s\u00e9ben az eg\u00e9sz k\u00f6rny\u00e9ket, a Duna, a Kis-K\u00e1rp\u00e1tok \u00e9s a Csall\u00f3k\u00f6z h\u00e1romsz\u00f6g\u00e9ben moh\u00f3 lass\u00fas\u00e1ggal lassan mindent bekebelez\u0151 szlov\u00e1k f\u0151v\u00e1ros \u00e1rny\u00e9k\u00e1ban, a mez\u0151v\u00e1rosb\u00f3l peremv\u00e1rosi l\u00e9tbe zsugorodott, a nyugati v\u00e9gek egyik utols\u00f3 magyar sziget\u00e9nek \u00e1rnyas temet\u0151j\u00e9ben. Lehet, hogy akkor \u00e9s ott nem voltam egyed\u00fcl azzal a k\u00fcl\u00f6n\u00f6s \u00e9rz\u00e9ssel, hogy egy korszak \u00e9rt v\u00e9get a felvid\u00e9ki magyarok \u00e9let\u00e9ben. Pedig a korszakokat nem egy-egy \u2013 b\u00e1rmilyen jelent\u0151s \u2013 alkot\u00f3, ink\u00e1bb politikus f\u00f6ldi \u00e9let\u00e9nek lez\u00e1rt\u00e1val szoktuk m\u00e9rni. A huszadik sz\u00e1zad (r\u00e1ad\u00e1sul ez m\u00e1r j\u00f3csk\u00e1n az ezredfordul\u00f3t k\u00f6vet\u0151en, 2014-ben volt), am\u00fagy is b\u0151velkedett \u201ekorszakokban\u201d, sorolni \u0151ket tal\u00e1n f\u00f6l\u00f6sleges volna.<\/p>\n\n\n\n<p>Mit\u0151l lehetett ez az \u00e9rz\u00e9s? Hiszen az a fajta, a t\u00f6bbsz\u00f6r is elcsatolt \u00e9s meghurcolt magyars\u00e1g fennmarad\u00e1s\u00e1\u00e9rt folytatott \u201epr\u00f3f\u00e9tai attit\u0171d\u201d, amely a szlovenszk\u00f3i magyar irodalom legkiemelked\u0151bb alkot\u00f3inak portr\u00e9j\u00e1t rajzolta el\u00e9nk, m\u00e1r m\u00e1sf\u00e9l \u00e9vtizeddel kor\u00e1bban, a rendszerv\u00e1ltoz\u00e1s idej\u00e9n kivesz\u0151f\u00e9lben volt, legal\u00e1bbis az irodalom ter\u00e9n. Egy kalod\u00e1ba z\u00e1rt, palackpost\u00e1kkal, f\u00fcstjelekkel, jelk\u00e9pes utalgat\u00e1sokkal, de legink\u00e1bb a sorok k\u00f6zti \u00fczenetekkel oper\u00e1l\u00f3 \u00edr\u00f3nemzed\u00e9k ker\u00fclt akkor szembe \u00f6nmag\u00e1val: hogyan tov\u00e1bb? \u00c9rv\u00e9nyes lehet-e m\u00e9g a \u201ek\u00fcldet\u00e9ses\u201d, a politik\u00e1t is helyettes\u00edteni k\u00e9nyszer\u00fcl\u0151 irodalom, ha hirtelen szabad lett \u00edrni, besz\u00e9lni, s\u0151t cselekedni? Ha lehullottak az ideol\u00f3giai b\u00e9kly\u00f3k, \u00e9s az alkot\u00f3 embernek m\u00e1r nem kellett naponta megk\u00fczdenie az \u00f6ncenz\u00fara d\u00e9mon\u00e1val, amely beleiv\u00f3dott az agysejtjeibe, minden nyilv\u00e1nos \u00e9s rejtett gondolat\u00e1ba?&nbsp;<\/p>\n\n\n\n<p>Az alkot\u00f3 ember term\u00e9szetesen k\u00e9pes a folyamatos meg\u00fajul\u00e1sra. \u00c1m ha a legterm\u00e9kenyebb \u00e9vek k\u00f6zben, s\u0151t ezek ut\u00e1n kapja meg a szabads\u00e1got, az olyan \u00e9lm\u00e9ny, mint \u2013 prof\u00e1n hasonlattal \u00e9lve \u2013 amikor a gyerek akkor kap rollert, amikor m\u00e1r ker\u00e9kp\u00e1rra \u00e1h\u00edtozik. Mit tehet az alkot\u00f3 ember, ha addigi \u00e9lete sor\u00e1n egyfajta \u00f6nv\u00e9delmi harcra rendezkedett be, \u00e9s \u00edr\u00f3i fegyverzet\u00e9t is ehhez a f\u00f6ldalatti harchoz volt k\u00e9nytelen megv\u00e1lasztani?<\/p>\n\n\n\n<p>Akkor, 2014-ben (mint mondtuk, t\u00edz \u00e9vvel ezel\u0151tt) azonban m\u00e1r nyakig benne \u00fclt\u00fcnk a felvid\u00e9ki magyars\u00e1g \u2013 nem is annyira politikai, b\u00e1r tapasztalataink alapj\u00e1n az is v\u00e9gzetesnek t\u0171nik \u2013 kultur\u00e1lis, eszmei megosztotts\u00e1g\u00e1ban. S ez, b\u00e1r kevesebb sz\u00f3 esik r\u00f3la, sokkal drasztikusabb \u00e9s m\u00e9lyrehat\u00f3bb, hiszen tudjuk, hogy a politika \u201ecsak\u201d fel\u00e9p\u00edtm\u00e9ny, \u00e9s a kult\u00fara jelenti az alapokat. Az identit\u00e1szavar az\u00f3ta is tart, \u00e9s \u201eki a magyar\u201d-szer\u0171 mondvacsin\u00e1lt k\u00e9rd\u00e9sfelvet\u00e9seket gener\u00e1l.<\/p>\n\n\n\n<p>Eredetileg Dobos L\u00e1szl\u00f3 \u00edr\u00f3i munk\u00e1ss\u00e1g\u00e1r\u00f3l, m\u00f3dszereir\u0151l, st\u00edlus\u00e1r\u00f3l kellett volna sz\u00f3lnom, legal\u00e1bbis ezt tartalmazta a felk\u00e9r\u00e9s. De mivel nem vagyok kritikus, \u00e9s soha nem is \u00e1csing\u00f3ztam ilyen poz\u00edci\u00f3\u00e9rt, ink\u00e1bb osztan\u00e1m meg egyik korai \u00e9lm\u00e9nyemet a tisztelt hallgat\u00f3s\u00e1ggal. A m\u00falt sz\u00e1zad hetvenes \u00e9veiben, a hus\u00e1ki konszolid\u00e1ci\u00f3nak nevezett szellemi tisztogat\u00e1s kell\u0151s k\u00f6zep\u00e9n, ifj\u00fa emberk\u00e9nt Pozsonyba ker\u00fclve s\u0171r\u0171n tal\u00e1lkoztam g\u00f6m\u00f6ri f\u00f6ldimmel, Dusza Istv\u00e1nnal, aki akkoriban szint\u00e9n alb\u00e9rletben v\u00e1rta, hogy kiss\u00e9 t\u00e1guljanak a materi\u00e1lis \u00e9lete sz\u0171k dimenzi\u00f3i. A kis emeleti manz\u00e1rdszob\u00e1ban, ahol lakott, egyszer csak el\u0151h\u00fazott egy k\u00f6teg pap\u00edrt, mint kider\u00fclt (honnan szerezte, ma sem tudom), Dobos L\u00e1szl\u00f3 \u00faj reg\u00e9ny\u00e9nek a kefelenyomat\u00e1t. \u00c9s a r\u00e1 jellemz\u0151 lelkesed\u00e9ssel olvasott fel bel\u0151le r\u00e9szleteket. Nem \u00e1ll\u00edtom, hogy akkor tal\u00e1lkoztam el\u0151sz\u00f6r a szlovenszk\u00f3i magyar irodalommal, hiszen a vil\u00e1girodalom mellett el\u00e9g sokat olvastam hazai, kis-haz\u00e1nkb\u00e9li szerz\u0151k m\u0171veit is, de akkor leny\u0171g\u00f6z\u00f6tt Dobos L\u00e1szl\u00f3 \u00edr\u00e1sm\u0171v\u00e9szete. Az <em>Egy sz\u00e1l ingben<\/em> c\u00edm\u0171 reg\u00e9ny b\u00e1tornak t\u0171nt a korszak ker\u00edt\u00e9sei k\u00f6zt. Ezt k\u00f6vet\u0151en napokon kereszt\u00fcl olvastuk nem sz\u0171n\u0151 izgalommal a Dobos-reg\u00e9nyt.&nbsp;<\/p>\n\n\n\n<p>Mindez \u00edgy, ut\u00f3lag, k\u00f6zel \u00f6tven \u00e9v t\u00e1vlat\u00e1b\u00f3l, m\u00e1s f\u00e9nyt\u00f6r\u00e9sben, m\u00e1s \u00f6sszef\u00fcgg\u00e9srendszerben tal\u00e1n megmosolyogtat\u00f3nak t\u0171nhet. M\u00e9gis, akkor ez volt a felvid\u00e9ki magyars\u00e1gnak a konszolid\u00e1ci\u00f3s pr\u00e9sben, abban a sz\u00fcrkevaks\u00e1gra k\u00e9nyszer\u00edt\u0151 f\u00e9lhom\u00e1ly\u00e1ban az a kis l\u00e1mp\u00e1sa, amely rem\u00e9nyt sug\u00e1rzott: n\u00e9h\u00e1ny \u00edr\u00f3ban ott pisl\u00e1kolt a rem\u00e9ny \u00e9s az elsz\u00e1nts\u00e1g az igazs\u00e1g kimond\u00e1s\u00e1ra. Dobos akkor m\u00e1r f\u00f6l\u00fclemelkedett a Messze voltak a csillagok-f\u00e9le, a korszellemnek megfelelni akar\u00f3 szeml\u00e9leten. Nem v\u00e9letlen, hogy t\u00f6bb kritikus els\u0151sorban t\u0151le (\u00e9s Duba Gyul\u00e1t\u00f3l) v\u00e1rta a \u201ecsehszlov\u00e1kiai magyar nagyreg\u00e9ny\u201d meg\u00edr\u00e1s\u00e1t. Aminek, mai szemmel n\u00e9zve m\u00e1r a felvet\u00e9se is megmosolyogtat\u00f3 elv\u00e1r\u00e1s volt. Voltak kritikusok, akik Dobos \u00edr\u00e1sainak az \u00f6sszetett strukt\u00far\u00e1j\u00e1t, filmszer\u0171 mont\u00e1zstechnik\u00e1j\u00e1t hangs\u00falyozt\u00e1k, m\u00e1sok azt emelt\u00e9k ki, hogy \u201eolyan m\u0171form\u00e1kat alak\u00edtott \u00e1t epikus alkot\u00f3elemekk\u00e9, amelyekben a nemzeti k\u00f6z\u00f6ss\u00e9gi sors szinte \u00f6szt\u00f6n\u00f6sen fejez\u0151dik ki m\u00e1r sz\u00e1zadok \u00f3ta: a ballada, a himnusz \u00e9s a zsolt\u00e1r\u201d. De er\u0151ss\u00e9gek\u00e9nt emlegett\u00e9k a szimb\u00f3lumai erej\u00e9t \u00e9s plasztikuss\u00e1g\u00e1t. Ami, valljuk be, szinte alapeszk\u00f6ze volt minden, mag\u00e1ra valamit is ad\u00f3 pr\u00f3za\u00edr\u00f3nak. K\u00e9nyszer\u0171s\u00e9gb\u0151l, mert be kellett \u201ecsomagolni\u201d a mondanival\u00f3t.<\/p>\n\n\n\n<p>Dobos L\u00e1szl\u00f3t, az \u00edr\u00f3t nem lehet elv\u00e1lasztanunk a k\u00f6z\u00e9leti embert\u0151l. A gyakran elhangz\u00f3 meg\u00e1llap\u00edt\u00e1s, hogy az \u00f6tvenes \u00e9vekben az alapoz\u00f3 nemzed\u00e9knek szinte a semmib\u0151l kellett kult\u00far\u00e1t, annak az int\u00e9zm\u00e9nyes kereteit megalkotnia, Dobosra, mivel cselekv\u0151 ember volt, ez hatv\u00e1nyozottan \u00e9rv\u00e9nyes. Olyan \u00fatt\u00f6r\u0151 volt, aki eg\u00e9sz int\u00e9zm\u00e9nyrendszert hozott l\u00e9tre: r\u00e9sze volt a Csemadoknak, a (napjainkra sajn\u00e1latosan a liber\u00e1lbolsevik vonalat k\u00e9pvisel\u0151) magyar napilapnak, a magyar nyelv\u0171 tan\u00edt\u00f3k\u00e9pz\u00e9snek az elind\u00edt\u00e1s\u00e1ban; magyar \u00edr\u00f3sz\u00f6vets\u00e9get, k\u00f6nyvkiad\u00f3t, irodalmi lapot, k\u00f6nyvesbolt-h\u00e1l\u00f3zatot alap\u00edtott. Sajnos, az \u00fcgyesked\u0151k ezek nagy r\u00e9sz\u00e9t elk\u00f3tyavety\u00e9lt\u00e9k.&nbsp;<\/p>\n\n\n\n<p>&nbsp;A l\u00e9nyeg teh\u00e1t v\u00e9lem\u00e9nyem szerint nem az, hogy Dobos L\u00e1szl\u00f3 \u00e9s nemzed\u00e9ke \u00edr\u00f3k\u00e9nt sz\u00e1z \u00e9v m\u00falva is \u00e9lvezhet\u0151, korszer\u0171 irodalmat alkotott-e, b\u00e1r ez az \u00f3haj k\u00edv\u00e1natos lenne, hanem az, hogyan \u00e1lltak helyt a nemzetr\u00e9sz \u00e9rdek\u00e9ben. S ebben k\u00fcl\u00f6n\u00f6sen Dobos L\u00e1szl\u00f3 j\u00e1rt el\u00f6l. Mert a feladatok koronk\u00e9nt, rendszerenk\u00e9nt v\u00e1ltoznak, \u00e9s az \u00edr\u00f3, a k\u00f6lt\u0151 nem helyezheti mag\u00e1t k\u00edv\u00fcl a k\u00f6rnyezet\u00e9n. Kisebbs\u00e9gi sorsban, mivel az nem term\u00e9szetes \u00e1llapot, nem \u00e9lhet elef\u00e1ntcsonttoronyban, nem b\u00fajhat bubor\u00e9kba. \u0150ket, \u00e9letm\u0171v\u00fcket nem tudjuk steril m\u00f3don, a mindent maga al\u00e1 gy\u0171r\u0151 progresszi\u00f3 szemsz\u00f6g\u00e9b\u0151l \u00e9rt\u00e9kelni. De minden t\u00fcrelmetlens\u00e9g\u00fcnk dac\u00e1ra lassan el\u00e9rt\u00fcnk arra a pontra, ahol sz\u00fcks\u00e9ges \u00e9s fontos a m\u00e9rlegvon\u00e1s. Ha ugyanis \u00fagy tekint\u00fcnk a rendszerv\u00e1lt\u00e1s el\u0151tti kett\u0151s elnyom\u00e1sra, a kommunista \u00e9s a t\u00f6bbs\u00e9gi nemzet r\u00e9sz\u00e9r\u0151l meg\u00e9lt pr\u00e9sre, amelyben szabadon lehetett volna alkotni, \u00e9s az \u201eahogy lehet\u201d alap\u00e1ll\u00e1st figyelmen k\u00edv\u00fcl hagyva azt k\u00e9rni sz\u00e1mon, amit nem lehetett, csak sorok k\u00f6z\u00f6tt, ha az alkot\u00f3i attit\u00fcd\u00f6t mai sorvezet\u0151vel \u00e9s a k\u00e1non \u00e1ltal megk\u00f6vetelt \u00e9rt\u00e9krend alapj\u00e1n vizsg\u00e1ljuk, term\u00e9szetes, hogy el\u00e9gedetlenek lesz\u00fcnk, \u00e9s egyfajta megfelel\u00e9si k\u00e9nyszert\u0151l \u00f6szt\u00f6k\u00e9lve, a mindenhat\u00f3 progresszi\u00f3 nyom\u00e1s\u00e1nak minden \u00e1ron val\u00f3 megfelel\u00e9se ok\u00e1n ki\u00f6ntj\u00fck a gyereket a f\u00fcrd\u0151v\u00edzzel.<\/p>\n\n\n\n<p>Dobos L\u00e1szl\u00f3 szem\u00e9lye kapcs\u00e1n sok mindent \u00e9s sok szempontot kellene felsorolni. Egyike volt annak a nemzed\u00e9knek, amely az egyetemes magyars\u00e1g egyik legterm\u00e9kenyebb kertj\u00e9b\u0151l, a Bodrogk\u00f6z\u2013Ung-vid\u00e9kr\u0151l indult el szolg\u00e1lni nemzet\u00e9t. Ez a t\u00e1j adta a felvid\u00e9ki magyars\u00e1gnak a felel\u0151s, a nemzet\u00fck\u00e9rt agg\u00f3d\u00f3 \u2013 \u00e9s cselekv\u0151 \u2013 gondolkod\u00f3kat, mint Dobos L\u00e1szl\u00f3, Koncsol L\u00e1szl\u00f3, Tolvaj Bertalan, Erd\u00e9lyi G\u00e9za (de a napjainkban is meghat\u00e1roz\u00f3 reform\u00e1tus lelk\u00e9szeink egyik\u00e9t-m\u00e1sik\u00e1t), akik a kisebbs\u00e9gbe tasz\u00edtott, a nyelv\u00e9ben \u00e9s hit\u00e9ben megrend\u00fclt, m\u00e9gis megmaradni akar\u00f3 felvid\u00e9ki magyars\u00e1g l\u00e1mp\u00e1sai lettek-voltak. B\u00e1rhogyan \u00edt\u00e9lj\u00fck meg \u00e9letp\u00e1ly\u00e1jukat, megmaradnak alapoz\u00f3knak, akiknek kij\u00e1r a f\u0151hajt\u00e1s. Dobos L\u00e1szl\u00f3 is olyan p\u00e9ldak\u00e9p\u00fcnk lehet, aki n\u00e9lk\u00fcl nem tartan\u00e1nk ott, ahol vagyunk. Eg\u00e9szen bizonyos, hogy sz\u0171kebb \u00e9s szeg\u00e9nyebb lenne felvid\u00e9ki magyar vil\u00e1gunk.<\/p>\n<\/div>\n","protected":false},"excerpt":{"rendered":"<p>A ballad\u00e1s ember Dobos L\u00e1szl\u00f3r\u00f3l t\u00edz \u00e9v t\u00e1vlat\u00e1b\u00f3l T\u00edz \u00e9vvel ezel\u0151tt j\u00f3kora t\u00f6meg b\u00facs\u00faztatta Dobos L\u00e1szl\u00f3t a pozsonyp\u00fcsp\u00f6ki temet\u0151ben. A nagyra duzzadt, tereb\u00e9lyesed\u00e9s\u00e9ben az eg\u00e9sz k\u00f6rny\u00e9ket, a Duna, a Kis-K\u00e1rp\u00e1tok \u00e9s a Csall\u00f3k\u00f6z h\u00e1romsz\u00f6g\u00e9ben moh\u00f3 lass\u00fas\u00e1ggal lassan mindent bekebelez\u0151 szlov\u00e1k &hellip; <a href=\"https:\/\/opus-folyoirat.sk\/?page_id=3184\">Egy kattint\u00e1s ide a folytat\u00e1shoz&#8230;. <span class=\"meta-nav\">&rarr;<\/span><\/a><\/p>\n","protected":false},"author":4,"featured_media":0,"parent":0,"menu_order":0,"comment_status":"closed","ping_status":"closed","template":"","meta":{"footnotes":""},"class_list":["post-3184","page","type-page","status-publish","hentry"],"_links":{"self":[{"href":"https:\/\/opus-folyoirat.sk\/index.php?rest_route=\/wp\/v2\/pages\/3184","targetHints":{"allow":["GET"]}}],"collection":[{"href":"https:\/\/opus-folyoirat.sk\/index.php?rest_route=\/wp\/v2\/pages"}],"about":[{"href":"https:\/\/opus-folyoirat.sk\/index.php?rest_route=\/wp\/v2\/types\/page"}],"author":[{"embeddable":true,"href":"https:\/\/opus-folyoirat.sk\/index.php?rest_route=\/wp\/v2\/users\/4"}],"replies":[{"embeddable":true,"href":"https:\/\/opus-folyoirat.sk\/index.php?rest_route=%2Fwp%2Fv2%2Fcomments&post=3184"}],"version-history":[{"count":1,"href":"https:\/\/opus-folyoirat.sk\/index.php?rest_route=\/wp\/v2\/pages\/3184\/revisions"}],"predecessor-version":[{"id":3185,"href":"https:\/\/opus-folyoirat.sk\/index.php?rest_route=\/wp\/v2\/pages\/3184\/revisions\/3185"}],"wp:attachment":[{"href":"https:\/\/opus-folyoirat.sk\/index.php?rest_route=%2Fwp%2Fv2%2Fmedia&parent=3184"}],"curies":[{"name":"wp","href":"https:\/\/api.w.org\/{rel}","templated":true}]}}