{"id":3188,"date":"2025-04-08T09:35:00","date_gmt":"2025-04-08T07:35:00","guid":{"rendered":"https:\/\/opus-folyoirat.sk\/?page_id=3188"},"modified":"2025-11-19T09:35:58","modified_gmt":"2025-11-19T07:35:58","slug":"toth-laszlo-2","status":"publish","type":"page","link":"https:\/\/opus-folyoirat.sk\/?page_id=3188","title":{"rendered":"T\u00f3th L\u00e1szl\u00f3"},"content":{"rendered":"\n<div class=\"wp-block-group is-vertical is-layout-flex wp-container-core-group-is-layout-8cf370e7 wp-block-group-is-layout-flex\">\n<p class=\"has-medium-font-size\"><strong>(ki)\u00datkeres\u00e9s \u00e9s hitvall\u00e1s<\/strong><\/p>\n\n\n\n<p><em>Sorok Cs\u00e1ky P\u00e1l Talamon Alfonz-d\u00edj\u00e1hoz<\/em><\/p>\n<\/div>\n\n\n<div class=\"has-text-align-right wp-block-post-date\"><time datetime=\"2025-04-08T09:35:00+02:00\">2025-04-08<\/time><\/div>\n\n\n<div class=\"wp-block-group is-vertical is-layout-flex wp-container-core-group-is-layout-8cf370e7 wp-block-group-is-layout-flex\">\n<p>Hogy Cs\u00e1ky P\u00e1l milyen volt, illetve milyen lenne vegy\u00e9sznek \u2013 m\u00e1rpedig v\u00e9gzetts\u00e9ge szerint a szerves k\u00e9mia szakembere \u2013, nem tudom. Hogy milyen volt, illetve milyen politikusnak \u00e9s k\u00f6z\u00e9leti embernek: nem az \u00e9n tisztem meg\u00edt\u00e9lni. \u00c1m hogy milyen \u00edr\u00f3nak, arr\u00f3l val\u00f3ban ejthetek itt n\u00e9h\u00e1ny <em>keresett<\/em> sz\u00f3t, ann\u00e1l is ink\u00e1bb, mivel most sz\u00e9p\u00edr\u00f3k\u00e9nt: pr\u00f3za- \u00e9s dr\u00e1ma\u00edr\u00f3k\u00e9nt van itt k\u00f6z\u00f6tt\u00fcnk. S mi t\u00f6bb, e szerep\u00e9ben m\u00e1r csak az\u00e9rt is sz\u00f3lhatok r\u00f3la, mert \u00edr\u00f3k\u00e9nti indul\u00e1s\u00e1hoz\/ind\u00edt\u00e1s\u00e1hoz szem\u00e9ly szerint is van\/volt n\u00e9mi k\u00f6z\u00f6m: a t\u00f6rt\u00e9net (t\u00f6rt\u00e9net\u00fcnk) m\u00e9g a m\u00falt sz\u00e1zad 1980-as \u00e9vtized\u00e9nek els\u0151 fel\u00e9re, a hus\u00e1ki konszolid\u00e1ci\u00f3 bekem\u00e9ny\u00edt\u00e9s\u00e9nek idej\u00e9re ny\u00falik vissza, amikor is egy \u2013 annak szembefesz\u00fcl\u0151, \u00e1ltalam szervezett, p\u00e1lyakezd\u0151 \u00edr\u00f3k \u00e9s k\u00e9pz\u0151m\u0171v\u00e9szek sz\u00e1m\u00e1ra a N\u0151 hetilap \u00e1ltal ki\u00edrt, s jelentkez\u00e9s\u00fck k\u00f6zponti fel\u00fcgyelet al\u00e1 v\u00e9tel\u00e9t megel\u0151zni hivatott p\u00e1ly\u00e1zaton a <em>Hangok a puszt\u00e1b\u00f3l<\/em> c\u00edm\u0171 novell\u00e1j\u00e1val harmadik d\u00edjat nyert (az els\u0151 d\u00edjat nem adt\u00e1k ki). Itt azonban k\u00fcl\u00f6n fel kell figyeln\u00fcnk valamire: p\u00e1lyakezd\u0151 szerz\u0151nk, aki \u2013 nem sz\u00e1m\u00edtva j\u00f3\u00edz\u0171, \u00edr\u00f3j\u00e1nak messzire mutat\u00f3 st\u00edlus\u00e9rz\u00e9k\u00e9r\u0151l, p\u00e9ld\u00e1s nyelvhaszn\u00e1lat\u00e1r\u00f3l vall\u00f3, ugyancsak N\u0151-beli, humoros karcolat\u00e1t, <em>A recept<\/em>et meg m\u00e9g egy-k\u00e9t tov\u00e1bbi <em>\u00fcgyes<\/em> kis <em>morfond\u00edrj\u00e1t<\/em> \u2013 csup\u00e1n az el\u0151z\u0151 egy-k\u00e9t \u00e9vben kezdte k\u00fcld\u00f6zgetni apr\u00f3 tud\u00f3s\u00edt\u00e1sait, k\u00f6nyv-, hanglemez- \u00e9s filmismertet\u0151it a csehszlov\u00e1kiai magyar lapokba, huszon\u00f6t-huszonhat \u00e9ves ekkor \u2013 teh\u00e1t viszonylag k\u00e9s\u0151n indult a p\u00e1ly\u00e1j\u00e1n. De ha megn\u00e9zz\u00fck ezen legels\u0151, f\u0151leg H\u00e9t-beli recenzi\u00f3it, \u00edr\u00f3nk m\u00e1r fiatal kor\u00e1ban is p\u00e9ld\u00e1san sz\u00e9les k\u00f6r\u0171, s nem kis m\u00e9rt\u00e9kben a m\u00falt \u2013 m\u00faltunk \u2013 ir\u00e1nt is megnyilv\u00e1nul\u00f3 \u00e9rdekl\u0151d\u00e9s\u00e9t figyelhetj\u00fck meg. Figyelemrem\u00e9lt\u00f3 tudatoss\u00e1gra vall\u00f3 felk\u00e9sz\u00fclts\u00e9g\u00e9nek, elt\u00f6k\u00e9lts\u00e9g\u00e9nek a p\u00e9ld\u00e1z\u00e1s\u00e1ra pedig a <em>Hangok a puszt\u00e1b\u00f3l<\/em> c\u00edm\u0171 p\u00e1lyad\u00edjnyertes novell\u00e1j\u00e1nak \u2013 bibliai parabol\u00e1j\u00e1nak \u2013 egy r\u00f6vid r\u00e9szlet\u00e9t id\u00e9zn\u00e9m ide, melyben J\u00f3b a k\u00f6vetkez\u0151k\u00e9ppen k\u00f6ny\u00f6rg\u00f6tt az \u00darhoz: \u201eUram, add, hogy megtal\u00e1ljam azt a J\u00d3Bot, akiv\u00e9 lennem kell; add, hogy meg\u00e9rtsem utaimat\u2026\u201d, aki azonban akkor m\u00e9g \u2013 folytat\u00f3dik a t\u00f6rt\u00e9nete \u2013 \u201enem sejtette, hogy az utak hat\u00e1rtalanok\u201d, \u201ecsak b\u00edzott: a puszta dereng\u0151 illata rem\u00e9nys\u00e9ggel t\u00f6lt\u00f6tte el \u0151t\u201d.&nbsp;<\/p>\n\n\n\n<p>S ez a c\u00e9ltudatoss\u00e1g, c\u00e9lra tart\u00f3 magab\u00edz\u00e1s \u00e9s \u00e9p\u00edtkez\u00e9s jellemezte \u00e9s jellemzi \u0151t az\u00f3ta is, azt sugallva(-\u00fczenve), hogy valamilyen \u00e9rtelemben mindannyian J\u00f3bok vagyunk, akiknek szenved\u00e9seink \u00e1r\u00e1n is magunknak kell megv\u00edvnunk \u2013 egy\u00e9nenk\u00e9nt is \u00e9s k\u00f6z\u00f6ss\u00e9gk\u00e9nt is \u2013harcainkat er\u0151s hit\u00fcnk\u00e9rt \u00e9s \u00f6nmagunk\u00e9rt. S mindezt pedig, azaz Cs\u00e1ky P\u00e1l p\u00e1lyanyit\u00f3 kisnovell\u00e1j\u00e1t az\u00e9rt id\u00e9ztem ide, hogy kiemeljem: d\u00edjazottunkat \u2013 akinek, ha j\u00f3l n\u00e9zem, sz\u00e1mos eddigi kit\u00fcntet\u00e9se mellett e mostani Talamon Alfonz-d\u00edj lesz az els\u0151 kimondottan irodalmi elismer\u00e9se \u2013 ez a meggy\u0151z\u0151d\u00e9ss\u00e9 emelt er\u0151s hit \u00e9s c\u00e9lrat\u00f6r\u00e9s jellemezte eg\u00e9sz \u00e9let\u00e9ben, illetve eg\u00e9sz \u00edr\u00f3i \u2013 \u00e9s hadd tegyem hozz\u00e1 gyorsan: politikusi, k\u00f6zszolgai \u2013 p\u00e1ly\u00e1j\u00e1n is. S egyben elmondhat\u00f3: \u00edr\u00e1sainak, irodalmi munk\u00e1ss\u00e1g\u00e1nak, n\u00e9gy \u00e9vtizede l\u00e1that\u00f3v\u00e1 v\u00e1lt \u00edr\u00f3i \u00f6n\u00e9p\u00edtkez\u00e9s\u00e9nek is ez adta \u00e9s adja meg m\u00e1ig a hitel\u00e9t \u2013 legels\u0151, harminchat \u00e9vesen (!)\u2013 1993-ban megjelent reg\u00e9nyk\u00eds\u00e9rlet\u00e9t\u0151l, a csehszlov\u00e1kiai magyars\u00e1g \u00e9let\u00e9t, sors\u00e1t t\u00f6rt\u00e9nelmi perspekt\u00edv\u00e1ban vizsg\u00e1l\u00f3, a val\u00f3s\u00e1g \u00e9s a fikci\u00f3 egym\u00e1sba \u00f6lt\u00e9s\u00e9vel dolgoz\u00f3 <em>Eml\u00e9kek k\u00f6nyv\u00e9<\/em>t\u0151l m\u00e1ig. Melyet k\u00f6vet\u0151en azonban (mag\u00e1n)\u00e9let\u00e9ben a politikahivat\u00e1st, politikusp\u00e1ly\u00e1t v\u00e1laszt\u00f3 <em>k\u00f6z-<\/em>, azaz k\u00f6z\u00f6ss\u00e9gi ember nyomakszik az \u00edr\u00f3 el\u00e9, aki azonban \u2013 meg kell mondjam \u2013 s becs\u00fclet\u00e9re, nem hagyja mag\u00e1t, \u00e9s publicisztikai k\u00f6tetei, politikai elemz\u00e9sei \u00e9s parlamenti s egy\u00e9b felsz\u00f3lal\u00e1sai, besz\u00e9dei meg dokumentumk\u00f6tetei k\u00f6z\u00e9 ezut\u00e1n is csak-csak oda-odacsemp\u00e9sz egy-egy novell\u00e1t, kisreg\u00e9nyt, majd az id\u0151 m\u00falt\u00e1val \u2013 bevall\u00e1sa szerint 2014-t\u0151l, teh\u00e1t \u00e9pp egy \u00e9vtizede \u2013 el\u0151bb egy-egy, majd egyre t\u00f6bb sz\u00ednm\u0171vet \u00e9s dr\u00e1m\u00e1t is.&nbsp;<\/p>\n\n\n\n<p>Sz\u00ednm\u0171vet? Dr\u00e1m\u00e1t? Hiszen az egy id\u0151ben unalomig szajk\u00f3zott t\u00e9tel szerint szlov\u00e1kiai magyar dr\u00e1ma \u2013 az nincs. Vagy ha egy-egy felbukkant m\u00e9gis, az csak perif\u00e9rikus, s leggyakrabban \u00e1ltal\u00e1ban szint alatti k\u00eds\u00e9rlet lehetett. Erre pedig j\u00f6n Cs\u00e1ky P\u00e1l, \u00e9s t\u00edz \u00e9v alatt meg\u00edr \u2013 ha j\u00f3l sz\u00e1molom \u2013 vagy m\u00e1sf\u00e9ltucatnyit. Igaz, az ut\u00f3bbi egy-k\u00e9t \u00e9vtizedben m\u00e1r a szlov\u00e1kiai magyar szerz\u0151k dr\u00e1m\u00e1inak, sz\u00ednm\u0171k\u00eds\u00e9rleteinek sz\u00e1ma is megugrott, melyek egyike-m\u00e1sika m\u00e1r sz\u00ednh\u00e1zaink-sz\u00ednpadaink m\u0171sor\u00e1ra is fel-felker\u00fcl \u2013 k\u00f6z\u00fcl\u00fck csup\u00e1n So\u00f3ky L\u00e1szl\u00f3 szlov\u00e1kiai magyar abszurdjai k\u00f6r\u00fcl keletkezett \u2013 s hadd tegyem hozz\u00e1 r\u00f6gt\u00f6n: meg\u00e9rdemelten \u2013 nagyobb zaj. Mindek\u00f6zben, a v\u00e9lem\u00e9nyem szerint ez id\u00e1ig ugyancsak nem kell\u0151k\u00e9ppen \u00e9rt\u00e9kelt pr\u00f3za\u00edr\u00f3i ouevre-je mellett Cs\u00e1ky P\u00e1l ez \u00e9vtized alatt olyan p\u00e9ld\u00e1s \u2013 \u00e9s p\u00e9ld\u00e1zatos! \u2013 dr\u00e1ma\u00edr\u00f3i \u00e9letm\u0171vet \u00e9p\u00edtett fel cs\u00f6k\u00f6ny\u00f6s elsz\u00e1nts\u00e1ggal, mely bizonyos \u00e9rtelemben ak\u00e1r \u00f6sszmagyar viszonylatban is felfigyeltet\u0151 \u00e9s \u00e9rt\u00e9kelend\u0151 lenne, ha a szerz\u0151 politikusi-k\u00f6z\u00edr\u00f3i t\u00e9nyked\u00e9se, illetve az azt \u00f3hatatlanul k\u00eds\u00e9r\u0151 politikai-vil\u00e1gn\u00e9zeti szimp\u00e1ti\u00e1k \u2013 \u00edgy vagy \u00fagy \u2013 ne vetn\u00e9nek \u00e1rny\u00e9kot r\u00e1. Dr\u00e1ma\u00edr\u00f3i elsz\u00e1n\u00e1s\u00e1t azonban mindenk\u00e9ppen jelzi, hogy ez \u00e9vtized alatt a tavalyi, s a Talamon Alfonz-d\u00edjjal itt elismert <em>Hit \u00e9s ill\u00fazi\u00f3<\/em>val imm\u00e1r a harmadik dr\u00e1mak\u00f6tet\u00e9t tette le az asztalra, r\u00e1ad\u00e1sul m\u00e1r egy sor, tucatnyi \u2013 vagy lehet, m\u00e1r t\u00f6bb \u2013 sz\u00ednh\u00e1zi \u00e9s egy\u00e9b bemutat\u00f3t is maga m\u00f6g\u00f6tt tudhat.&nbsp; &nbsp; &nbsp; &nbsp; &nbsp; &nbsp; &nbsp;<\/p>\n\n\n\n<p>Dr\u00e1m\u00e1i&nbsp; mind m\u0171faji, mind tartalmi szempontb\u00f3l \u2013 ritka v\u00e1ltozatoss\u00e1got mutatnak, s olyan k\u00eds\u00e9rletez\u0151 alkatk\u00e9nt \u00e1ll\u00edtj\u00e1k \u0151t el\u00e9nk, aki \u2013 hogy c\u00e9lt \u00e9rjen \u2013 t\u00f6bbfel\u0151l, t\u00f6bb megk\u00f6zel\u00edt\u00e9sben, t\u00f6bbf\u00e9le \u00fctemben is nekiszalad mondand\u00f3j\u00e1nak. A schilleri \u201evil\u00e1got jelent\u0151 deszk\u00e1kra\u201d sz\u00e1nt opusai olyan, egym\u00e1ssal k\u00e9ts\u00e9gtelen rokons\u00e1got tart\u00f3, b\u00e1r minduntalan m\u00e1sk\u00e9pp \u00e9s m\u00e1sk\u00e9pp feltett, f\u0151k\u00e9ppen a mag\u00e1n- \u00e9s k\u00f6z-, illetve k\u00f6z\u00f6ss\u00e9gi erk\u00f6lcs\u00f6kre f\u00f3kusz\u00e1l\u00f3 k\u00e9rd\u00e9sekkel dolgoz\u00f3, s az ezekre adhat\u00f3 v\u00e1laszokat is m\u00e1sutt \u00e9s m\u00e1s perspekt\u00edv\u00e1kban keres\u0151, s megannyi m\u0171fajt \u00e9s sz\u00ednpadi form\u00e1t mozg\u00f3s\u00edt\u00f3 sz\u00edn<em>j\u00e1t\u00e9kok<\/em>, melyek k\u00fcl\u00f6nb\u00f6z\u0151s\u00e9g\u00fck, v\u00e1ltozatoss\u00e1guk ellen\u00e9re ak\u00e1r \u00fagymond <em>egybe is olvashat\u00f3k<\/em>, annyira ugyanazt mondj\u00e1k m\u00e1s-m\u00e1s sz\u00f3lamban, vagy m\u00e1s-m\u00e1s frekvenci\u00e1val. Bizonyos \u00e9rtelemben azonban, mondhatjuk, sokr\u00e9t\u0171s\u00e9g\u00fck \u00e9s soksz\u00edn\u0171s\u00e9g\u00fck ellen\u00e9re <em>p\u00e9ldabesz\u00e9dek<\/em> is Cs\u00e1ky sz\u00f6vegei, s ha \u00f3dzkodnak is n\u00e9h\u00e1nyan e p\u00e1rhuzam hallat\u00e1n, ugyan mi\u00e9rt kellene f\u00e9ln\u00fcnk t\u0151l\u00fck, ha azok b\u00e1r p\u00e9ld\u00e1zatosak, de r\u00e1mutatnak valamire, k\u00f6zelebb visznek valamihez \u2013 s hangs\u00falyozom: nem direkt m\u00f3don, hanem hagynak benn\u00fcnket r\u00e1\u00e9bredni arra, ami n\u00e9lk\u00fcl nehezebb lenne az utunk s szeg\u00e9nyebbek is lenn\u00e9nk bizonyosan? Mindent egybevetve: rendk\u00edv\u00fcl sokr\u00e9t\u0171 \u00e9s soksz\u00edn\u0171 \u00faj Talamon Alfonz-d\u00edjasunk dr\u00e1ma\u00edr\u00f3i oeuvre-je, \u00e9letm\u0171ve, mely tematikailag \u00e1tfogja a magyar, illetve az emberi t\u00f6rt\u00e9nelem p\u00e9ld\u00e1san nagy szelet\u00e9t a bibliai id\u0151kt\u0151l a k\u00f6z\u00e9pkori katedr\u00e1lis\u00e9p\u00edt\u0151k hitvall\u00f3 l\u00e1tom\u00e1sain, tov\u00e1bb\u00e1&nbsp; a magyar r\u00e9gm\u00falt \u2013 azaz az orsz\u00e1g t\u00f6r\u00f6kid\u0151k-beli sz\u00e9tszak\u00edtotts\u00e1g\u00e1nak \u2013 bizonyos st\u00e1ci\u00f3in, majd a trianoni katasztr\u00f3f\u00e1n \u00e1t, a kisebbs\u00e9gi l\u00e9t vaskos trag\u00e9di\u00e1it \u00e9s abszurdit\u00e1sait sem kihagyva, a m\u00e1sodik vil\u00e1gh\u00e1bor\u00fa ember s jellempr\u00f3b\u00e1l\u00f3 apokalipszis\u00e9nek az egyes embert s\u00fajt\u00f3 megpr\u00f3b\u00e1ltat\u00e1sait is \u00e9rintve \u2013 jellemz\u0151 ellenp\u00e9ld\u00e1i egym\u00e1snak ebben a k\u00f6tetben Esterh\u00e1zy J\u00e1nos \u00e9s Jozef Tiso alakja \u2013 eg\u00e9szen a f\u00e9lm\u00falt (az 1956-is trag\u00e9dia Nagy Imr\u00e9je \u00e9s K\u00e1d\u00e1r J\u00e1nosa) \u00e9s a k\u00f6zelm\u00falt \u00e9veinek: a rendszerv\u00e1lt\u00e1s k\u00f6r\u00fcli \u00e9s ut\u00e1ni id\u0151k keresztmetszet\u00e9ig. Melyekr\u0151l \u00f6sszess\u00e9g\u00e9ben&nbsp; elmondhat\u00f3, hogy azokban szerencs\u00e9s m\u00f3don egyes\u00fcl a <em>politikuss\u00e1g<\/em> \u00e9s az <em>\u00edr\u00f3s\u00e1g<\/em>, a politikusi habitus \u00e9s az \u00edr\u00f3i l\u00e1t\u00e1sm\u00f3d. Ami viszont a legfontosabb: az \u00edr\u00f3t a legkev\u00e9sb\u00e9 sem hiteltelen\u00edti benn\u00fck moralista \u00e9nje, mik\u00f6zben szintetiz\u00e1l\u00f3 hajlama megfelel\u0151 m\u00e9rt\u00e9kben \u00e9s m\u00f3don k\u00e9pes kord\u00e1ban tartani j\u00e1t\u00e9kos csapong\u00e1sokra is hajl\u00f3 k\u00e9pzelet\u00e9t. Amihez a kulcsot, ha j\u00f3l \u00e9rtem, Cs\u00e1ky egyik monol\u00f3gj\u00e1nak katedr\u00e1lis\u00e9p\u00edt\u0151 h\u0151se: J\u00e1nos mester adja kez\u00fcnkbe, aki a k\u00f6vetkez\u0151k\u00e9ppen \u00e9rvel a v\u00e1rosaty\u00e1k el\u0151tt, akikt\u0151l a leg\u00fajabb megb\u00edzat\u00e1s\u00e1t v\u00e1rja, \u00edgy most \u0151t id\u00e9zn\u00e9m laud\u00e1ci\u00f3m z\u00e1r\u00e1s\u00e1ul is: ha \u201ehisz\u00fcnk abban, hogy l\u00e9tezik egy magasabb, szellemi dimenzi\u00f3ja is l\u00e9t\u00fcnknek, az felemel benn\u00fcnket. Felszabad\u00edt a t\u00e1masz tudata, amely nem m\u00e1s, mint a szellem ereje, s amely csak nek\u00fcnk, embereknek adatott meg. Felfel\u00e9 h\u00faz a transzcendens t\u00e1vlat, amely kiragadhat benn\u00fcnket a r\u00f6gh\u00f6z tapaszt\u00f3 val\u00f3s\u00e1gb\u00f3l \u2013 ha hisz\u00fcnk az igaz\u00e1ban. Felemelhet, nemes\u00edthet benn\u00fcnket, \u00e9s k\u00f6lcs\u00f6n\u00f6zhet valamit az isteni er\u0151b\u0151l, amely l\u00e9trehoz\u00f3nk \u00e9s \u00e9ltet\u0151nk, s amely az igazi \u00e9rtelmet jelentheti sz\u00e1munkra, ha hisz\u00fcnk benne \u00e9s hagyjuk \u0151t m\u0171k\u00f6dni\u201d.<\/p>\n<\/div>\n","protected":false},"excerpt":{"rendered":"<p>(ki)\u00datkeres\u00e9s \u00e9s hitvall\u00e1s Sorok Cs\u00e1ky P\u00e1l Talamon Alfonz-d\u00edj\u00e1hoz Hogy Cs\u00e1ky P\u00e1l milyen volt, illetve milyen lenne vegy\u00e9sznek \u2013 m\u00e1rpedig v\u00e9gzetts\u00e9ge szerint a szerves k\u00e9mia szakembere \u2013, nem tudom. Hogy milyen volt, illetve milyen politikusnak \u00e9s k\u00f6z\u00e9leti embernek: nem az \u00e9n &hellip; <a href=\"https:\/\/opus-folyoirat.sk\/?page_id=3188\">Egy kattint\u00e1s ide a folytat\u00e1shoz&#8230;. <span class=\"meta-nav\">&rarr;<\/span><\/a><\/p>\n","protected":false},"author":4,"featured_media":0,"parent":0,"menu_order":0,"comment_status":"closed","ping_status":"closed","template":"","meta":{"footnotes":""},"class_list":["post-3188","page","type-page","status-publish","hentry"],"_links":{"self":[{"href":"https:\/\/opus-folyoirat.sk\/index.php?rest_route=\/wp\/v2\/pages\/3188","targetHints":{"allow":["GET"]}}],"collection":[{"href":"https:\/\/opus-folyoirat.sk\/index.php?rest_route=\/wp\/v2\/pages"}],"about":[{"href":"https:\/\/opus-folyoirat.sk\/index.php?rest_route=\/wp\/v2\/types\/page"}],"author":[{"embeddable":true,"href":"https:\/\/opus-folyoirat.sk\/index.php?rest_route=\/wp\/v2\/users\/4"}],"replies":[{"embeddable":true,"href":"https:\/\/opus-folyoirat.sk\/index.php?rest_route=%2Fwp%2Fv2%2Fcomments&post=3188"}],"version-history":[{"count":1,"href":"https:\/\/opus-folyoirat.sk\/index.php?rest_route=\/wp\/v2\/pages\/3188\/revisions"}],"predecessor-version":[{"id":3189,"href":"https:\/\/opus-folyoirat.sk\/index.php?rest_route=\/wp\/v2\/pages\/3188\/revisions\/3189"}],"wp:attachment":[{"href":"https:\/\/opus-folyoirat.sk\/index.php?rest_route=%2Fwp%2Fv2%2Fmedia&parent=3188"}],"curies":[{"name":"wp","href":"https:\/\/api.w.org\/{rel}","templated":true}]}}