{"id":3192,"date":"2025-04-11T09:38:00","date_gmt":"2025-04-11T07:38:00","guid":{"rendered":"https:\/\/opus-folyoirat.sk\/?page_id=3192"},"modified":"2025-11-19T09:39:22","modified_gmt":"2025-11-19T07:39:22","slug":"kovacs-balazs","status":"publish","type":"page","link":"https:\/\/opus-folyoirat.sk\/?page_id=3192","title":{"rendered":"Kov\u00e1cs Bal\u00e1zs"},"content":{"rendered":"\n<div class=\"wp-block-group is-vertical is-layout-flex wp-container-core-group-is-layout-8cf370e7 wp-block-group-is-layout-flex\">\n<p class=\"has-medium-font-size\"><strong>Visszakapott szavak, elveszett vil\u00e1gok<\/strong><\/p>\n\n\n\n<p><em>K\u00f6vesdi K\u00e1roly laud\u00e1ci\u00f3ja<\/em><\/p>\n<\/div>\n\n\n<div class=\"has-text-align-right wp-block-post-date\"><time datetime=\"2025-04-11T09:38:00+02:00\">2025-04-11<\/time><\/div>\n\n\n<div class=\"wp-block-group is-vertical is-layout-flex wp-container-core-group-is-layout-8cf370e7 wp-block-group-is-layout-flex\">\n<p>Az irodalom \u00e9l. \u00c9s mint minden, ami \u00e9l, folyamatosan v\u00e1ltozik. Van m\u00faltja, jelene \u00e9s j\u00f6v\u0151je. S\u0151t, v\u00e9rkering\u00e9se is van. Az, hogy az irodalom \u00e9l, nem evidens. De val\u00f3sz\u00edn\u0171leg nem fog meghalni sosem. Viszont nem mindegy, hogy milyen kond\u00edci\u00f3ban van. T\u00e1pl\u00e1lni kell, mozg\u00e1sban tartani, a&nbsp;v\u00e9rkering\u00e9shez elengedhetetlen az eg\u00e9szs\u00e9ges v\u00e9rnyom\u00e1s, a&nbsp;megfelel\u0151 pulzus, de sz\u00e1mos egy\u00e9b p\u00e9ld\u00e1t k\u00f6lcs\u00f6n\u00f6zhetn\u00e9k az orvostudom\u00e1ny idev\u00e1g\u00f3 kifejez\u00e9seinek t\u00e1rh\u00e1z\u00e1b\u00f3l.&nbsp;<\/p>\n\n\n\n<p>Fiatal, tehets\u00e9ges p\u00e1lyakezd\u0151kkel besz\u00e9lgetve, szerkeszt\u0151k\u00e9nt munk\u00e1lkodva gyakran azzal szembes\u00fcl\u00f6k, hogy ezeket a&nbsp;ban\u00e1lis t\u00e9nyeket sokan nem hajland\u00f3ak tudom\u00e1sul venni. Hogy aki r\u00e1 akar csatlakozni erre a&nbsp;v\u00e9rkering\u00e9sre, annak ismernie kell az irodalom, az irodalmunk&nbsp;m\u00faltj\u00e1t, a&nbsp;jelen\u00e9t, \u00e9s nem \u00e1rt, ha van valamilyen elk\u00e9pzel\u00e9se a&nbsp;j\u00f6v\u0151j\u00e9r\u0151l is. A&nbsp;tehets\u00e9g \u00e9s a szorgalom klasszikus k\u00e9plet\u00e9ben nem kis mennyis\u00e9gben ez teszi ki a&nbsp;szorgalomra es\u0151 r\u00e9szt. De tal\u00e1n a&nbsp;feladat, a&nbsp;munka, a&nbsp;k\u00f6teless\u00e9g a megfelel\u0151bb sz\u00f3. Persze, lehet en\u00e9lk\u00fcl is tollat ragadni, megker\u00fclve a&nbsp;felel\u0151ss\u00e9get \u00e9s a&nbsp;tiszteletet az olvas\u00f3k, az el\u0151d\u00f6k, az irodalom ir\u00e1nt. \u00cdrhat valaki csak mag\u00e1nak, mert j\u00f3lesik, viszont a&nbsp;k\u00f6zl\u00e9s sz\u00e1nd\u00e9ka n\u00e9lk\u00fcl. Ebben az esetben lehet giccses, nem sz\u00e1m\u00edt, amit m\u00e1r elmondtak, vagy ahogy elmondt\u00e1k. \u00c9s akkor m\u00e9g mindig csak ott tartunk, hogy mit\u0151l lesz valami j\u00f3 irodalom, nem pedig sz\u00e9pirodalom.<\/p>\n\n\n\n<p>Az, hogy K\u00f6vesdi K\u00e1roly tehets\u00e9ges, r\u00e9g\u00f3ta nem k\u00e9rd\u00e9s. Az al\u00e1zatos, kitart\u00f3&nbsp;munka r\u00e9v\u00e9n megszerzett&nbsp;sz\u00e9lesk\u00f6r\u0171 m\u0171velts\u00e9ge is \u00f6nmag\u00e1\u00e9rt besz\u00e9l, ahogy&nbsp;versei tartalmi m\u00e9lys\u00e9ge, azok alapos, gondos megszerkeszt\u00e9se fel\u0151l sincs k\u00e9ts\u00e9g. De tal\u00e1n ez m\u00e9g mindig nem volna el\u00e9g ahhoz, hogy k\u00f6lt\u00e9szete kiemelkedjen a&nbsp;tisztess\u00e9gesen meg\u00edrt opuszok sz\u00fcrke halmaz\u00e1b\u00f3l. A&nbsp;<em>Visszakapott szavak<\/em> c. k\u00f6tet\u00e9t olvasva hamar vil\u00e1goss\u00e1 v\u00e1lik, hogy K\u00f6vesdi l\u00edr\u00e1j\u00e1nak igazi k\u00fcl\u00f6nlegess\u00e9ge annak \u00e9rv\u00e9nyess\u00e9g\u00e9ben rejlik. S ezen \u00e9rv\u00e9nyess\u00e9gb\u0151l k\u00f6vetkezik, mondhatni term\u00e9szetes velej\u00e1r\u00f3ja, hogy k\u00f6lt\u00e9szete egyszerre id\u0151szer\u0171, a&nbsp;jelenre reflekt\u00e1l\u00f3, ugyanakkor egyetemes is (ami nem k\u00f6nny\u0171 feladat), valamint hogy \u00e9rdekes, eredeti, eleven \u00e9s mer\u00e9sz. T\u00f6bbek k\u00f6z\u00f6tt ett\u0151l is v\u00e1lik sz\u00e9pp\u00e9 a&nbsp;K\u00f6vesdi \u00e1ltal \u00edrt irodalom.<\/p>\n\n\n\n<p>&nbsp;&nbsp; \u201eMinden sz\u00e9p, ami van\u201c \u2013 hangzik el a&nbsp;<em>Visszakapott szavak<\/em> c. k\u00f6tet azonos c\u00edm\u0171 vers\u00e9ben a&nbsp;l\u00edrai \u00e9n \u00e9desanyja \u00e1ltal, mik\u00f6zben sok\u00e1ig n\u00e9z kifel\u00e9 az el\u0151szobaablakon, \u00e9n pedig szint\u00e9n hossz\u00fa ideig meg\u00e1llok a&nbsp;k\u00f6vetkez\u0151 sorok el\u0151tt. Hogy ez a&nbsp;n\u00e9gy sz\u00f3 mennyire igaz, mennyire egyszer\u0171 \u00e9s letisztult. Hogy h\u00e1nyszor tudunk \u00edgy tekinteni a&nbsp;vil\u00e1gra, \u00e9s h\u00e1nyszor nem. Hogy h\u00e1nyszor t\u00f6rekednek ezt kifejezni a&nbsp;k\u00f6lt\u0151k, h\u00e1ny vers sz\u00fcletik ebb\u0151l kiindulva, \u00e9s abb\u00f3l h\u00e1nynak siker\u00fcl. K\u00f6vesdi K\u00e1roly \u00fagy \u00e9p\u00edti be mindezt a&nbsp;vers\u00e9be, hogy egy pillanatig sem mer\u00fcl fel a&nbsp;k\u00f6zhelyess\u00e9g vagy a p\u00e1tosz gyan\u00faja. Mert rengeteg olyan verset el tudok k\u00e9pzelni, ahol ez a&nbsp;sor szerepel, de nem m\u0171k\u00f6dik: nem b\u00edrja el a&nbsp;vers ezt a \u2013&nbsp;po\u00e9tikai szempontb\u00f3l rizik\u00f3s \u2013 sort, K\u00f6vesdi viszont \u00fagy \u00e9p\u00edti fel, hogy nem csak elfogadjuk t\u0151le, vagy hogy nem veszti hitel\u00e9t, hanem egyfajta katarzisk\u00e9nt is szolg\u00e1l (pedig ez m\u00e9g csak a&nbsp;harmadik sor), s&nbsp;az ilyen teljes\u00edtm\u00e9nyt el kell ismerni.<\/p>\n\n\n\n<p>\u201ePedig odakint semmi sz\u00e9ps\u00e9g\u201c \u2013 folytatja a&nbsp;k\u00f6lt\u0151. \u201ecsak a&nbsp;megroggyant, \u00f6nmag\u00e1ba fordult id\u0151, \/ a&nbsp;megroppant pincelej\u00e1r\u00f3, a&nbsp;sal\u00e9tromos, \u00f3tvaros falak, \/ a&nbsp;s\u00fcppedt tet\u0151 mohos cserepei \/ \u00e9s a&nbsp;lepr\u00e1s almafa alatt egy rozsd\u00e1s traktor\u201c. Amikor K\u00f6vesdi kin\u00e9z az el\u0151szobaablakon, els\u0151sorban a&nbsp;sz\u0171kebb \u00e9s t\u00e1gabb \u00e9rtelemben vett sz\u00fcl\u0151f\u00f6ldj\u00e9t l\u00e1tja, a \u201eg\u00f6m\u00f6ri v\u00f6r\u00f6s agyagot\u201c, ahol csak kem\u00e9ny cs\u00e1k\u00e1nyoz\u00e1s \u00e1r\u00e1n lehet eljutni egy&nbsp;term\u0151fa \u00fcltet\u00e9s\u00e9hez, illetve a&nbsp;v\u00e9n Eur\u00f3p\u00e1t, s amiatt, ami ott t\u00f6rt\u00e9nik, d\u00fch \u00e9s csal\u00f3dotts\u00e1g olvashat\u00f3 ki tekintet\u00e9b\u0151l. Nem leplezi, hogy az aktu\u00e1lpolitikai helyzet keser\u00edti el, az uralkod\u00f3&nbsp;t\u00e1rsadalmi viszonyok, a&nbsp;vil\u00e1g, ahol \u201eelkapkodta mag\u00e1t a&nbsp;kapkod\u00e1s\u201c \u00e9s ahol \u201eoly r\u00e9g h\u00f6mp\u00f6ly\u00f6g a&nbsp;hazugs\u00e1g \/ a&nbsp;j\u00f6v\u0151 atlanti k\u00f6d\u00e9b\u0151l, \/ a&nbsp;padl\u00e1sr\u00f3l \u00e9s a&nbsp;padl\u00f3 al\u00f3l, \/ az \u00f3ce\u00e1n fenek\u00e9r\u0151l, \/ az anyahaj\u00f3k csavarjaib\u00f3l, \/ a&nbsp;g\u00e9pfegyverek torkolatt\u00fcz\u00e9b\u0151l.\u201c L\u00edr\u00e1hoz k\u00e9pest tal\u00e1n szokatlanul explicit m\u00f3don \u00edr a&nbsp;v\u00e1ltoz\u00f3 Eur\u00f3p\u00e1r\u00f3l, a&nbsp;multikulturalizmusr\u00f3l, politikai korrekts\u00e9gr\u0151l, szobord\u00f6nt\u00e9sekr\u0151l, ebben a&nbsp;viszonyrendszerben teh\u00e1t egy\u00e1ltal\u00e1n nem meglep\u0151, amikor <em>Az ember trag\u00e9di\u00e1j\u00e1nak<\/em> j\u00f3l ismert id\u00e9zete k\u00f6sz\u00f6n vissza a k\u00f6tetben, a&nbsp;Soros Gy\u00f6rgyr\u0151l \u00edrt g\u00fanyos vers viszont m\u00e9g \u00edgy is megh\u00f6kkent. Ezen a&nbsp;bizonyos el\u0151szobaablakon kereszt\u00fcl K\u00f6vesdi a t\u00e1voli&nbsp;Liberty Island-i Szabads\u00e1g-szobrot ribancnak l\u00e1tja, a&nbsp;skand\u00e1l\u00f3 t\u00f6meg&nbsp;<em>szabads\u00e1g, testv\u00e9ris\u00e9g, egyenl\u0151s\u00e9ge<\/em> is jelent\u00e9s\u00e9t veszti, vagy legal\u00e1bbis megv\u00e1ltozik: a&nbsp;szabads\u00e1g h\u00e1tat ford\u00edt, vagy mi ford\u00edtunk h\u00e1tat a&nbsp;szabads\u00e1gnak, nem is olyan t\u00e1vol pedig h\u00e1bor\u00fak d\u00falnak, ahonnan elborzadva olykor az \u00e9gre tekint fel, ahol a&nbsp;b\u00e1r\u00e1nyfelh\u0151k f\u00f6l\u00f6tt Istent f\u00fcrk\u00e9szi, id\u0151k\u00f6z\u00f6nk\u00e9nt pedig olyan alakok intenek be hozz\u00e1, vagy \u201ecsak mosolyognak t\u00fcrelmesen\u201c, mint Ady Endre, J\u00f3zsef Attila, S\u00fct\u0151 Andr\u00e1s, Nagy L\u00e1szl\u00f3, Villon, Vass Ign\u00e1c vagy \u00e9ppen&nbsp; Zs. Nagy Lajos.<\/p>\n\n\n\n<p>Sz\u00e9pet akkor l\u00e1t, nyugalmat akkor lel, amikor nem n\u00e9z ki az ablakon. Amikor befel\u00e9 fordulhat, a&nbsp;csal\u00e1di h\u00e1zban, \u201ebeh\u00faz\u00f3dva az \u00f6tezer k\u00f6nyv s\u00e1ncai m\u00f6g\u00e9\u201c. Ahol szavakat kereshet, szavakat k\u00e9rhet, amelyek szil\u00e1rd \u00e9rt\u00e9krendj\u00e9t hitelesen k\u00f6zvet\u00edtik, csak\u00fagy, mint legbens\u0151bb f\u00e9lelmeit, \u00e9s merenghet Eszterh\u00e1zy \u00f6r\u00f6ks\u00e9g\u00e9n, vagy eml\u00e9kezhet&nbsp; <em>azokra a csod\u00e1s hetvenes-nyolcvanas \u00e9vekre<\/em>, illetve amikor az unok\u00e1kkal j\u00e1tszik a&nbsp;h\u00e1za udvar\u00e1n, \u00e9s amikor <em>egy-egy felh\u0151 feln\u0151, leereszkedik a&nbsp;f\u00f6ldre, \u00e9s v\u00e9gigsim\u00edtja \u00e9desanyja szomjas vir\u00e1gait.<\/em><\/p>\n\n\n\n<p>Az irodalom \u00e9l. De az, hogy a&nbsp;felvid\u00e9ki magyar irodalom, vagy mondhatn\u00e1m \u00fagy is, hogy a&nbsp;felvid\u00e9ken \u00edrt magyar irodalom nem fog meghalni sosem, abban nem lehet\u00fcnk annyira biztosak. Ez\u00e9rt t\u00f6lthet el minket \u00f6r\u00f6mmel az idei Forb\u00e1th-d\u00edjasunk, ugyanis K\u00f6vesdi K\u00e1roly k\u00f6lt\u00e9szete bizakod\u00e1sra ad okot.<\/p>\n<\/div>\n\n\n\n<p class=\"has-text-align-right\"><em>Megjelent az Opus 2025\/1-es sz\u00e1m\u00e1ban<\/em><\/p>\n","protected":false},"excerpt":{"rendered":"<p>Visszakapott szavak, elveszett vil\u00e1gok K\u00f6vesdi K\u00e1roly laud\u00e1ci\u00f3ja Az irodalom \u00e9l. \u00c9s mint minden, ami \u00e9l, folyamatosan v\u00e1ltozik. Van m\u00faltja, jelene \u00e9s j\u00f6v\u0151je. S\u0151t, v\u00e9rkering\u00e9se is van. Az, hogy az irodalom \u00e9l, nem evidens. De val\u00f3sz\u00edn\u0171leg nem fog meghalni sosem. Viszont &hellip; <a href=\"https:\/\/opus-folyoirat.sk\/?page_id=3192\">Egy kattint\u00e1s ide a folytat\u00e1shoz&#8230;. <span class=\"meta-nav\">&rarr;<\/span><\/a><\/p>\n","protected":false},"author":4,"featured_media":0,"parent":0,"menu_order":0,"comment_status":"closed","ping_status":"closed","template":"","meta":{"footnotes":""},"class_list":["post-3192","page","type-page","status-publish","hentry"],"_links":{"self":[{"href":"https:\/\/opus-folyoirat.sk\/index.php?rest_route=\/wp\/v2\/pages\/3192","targetHints":{"allow":["GET"]}}],"collection":[{"href":"https:\/\/opus-folyoirat.sk\/index.php?rest_route=\/wp\/v2\/pages"}],"about":[{"href":"https:\/\/opus-folyoirat.sk\/index.php?rest_route=\/wp\/v2\/types\/page"}],"author":[{"embeddable":true,"href":"https:\/\/opus-folyoirat.sk\/index.php?rest_route=\/wp\/v2\/users\/4"}],"replies":[{"embeddable":true,"href":"https:\/\/opus-folyoirat.sk\/index.php?rest_route=%2Fwp%2Fv2%2Fcomments&post=3192"}],"version-history":[{"count":1,"href":"https:\/\/opus-folyoirat.sk\/index.php?rest_route=\/wp\/v2\/pages\/3192\/revisions"}],"predecessor-version":[{"id":3193,"href":"https:\/\/opus-folyoirat.sk\/index.php?rest_route=\/wp\/v2\/pages\/3192\/revisions\/3193"}],"wp:attachment":[{"href":"https:\/\/opus-folyoirat.sk\/index.php?rest_route=%2Fwp%2Fv2%2Fmedia&parent=3192"}],"curies":[{"name":"wp","href":"https:\/\/api.w.org\/{rel}","templated":true}]}}