{"id":3197,"date":"2025-04-14T09:59:00","date_gmt":"2025-04-14T07:59:00","guid":{"rendered":"https:\/\/opus-folyoirat.sk\/?page_id=3197"},"modified":"2025-11-19T10:01:06","modified_gmt":"2025-11-19T08:01:06","slug":"csapody-kinga","status":"publish","type":"page","link":"https:\/\/opus-folyoirat.sk\/?page_id=3197","title":{"rendered":"Csapody Kinga"},"content":{"rendered":"\n<div class=\"wp-block-group is-vertical is-layout-flex wp-container-core-group-is-layout-8cf370e7 wp-block-group-is-layout-flex\">\n<p class=\"has-medium-font-size\"><strong>\u00daristen, ki ez a l\u00e1ny?<\/strong><\/p>\n\n\n\n<p><em>(Kir\u00e1ly Anik\u00f3 Simk\u00f3-d\u00edja el\u00e9)<\/em><\/p>\n<\/div>\n\n\n<div class=\"has-text-align-right wp-block-post-date\"><time datetime=\"2025-04-14T09:59:00+02:00\">2025-04-14<\/time><\/div>\n\n\n<p><\/p>\n\n\n\n<div class=\"wp-block-group is-vertical is-layout-flex wp-container-core-group-is-layout-8cf370e7 wp-block-group-is-layout-flex\">\n<p><em>\u00daristen, ki ez a l\u00e1ny? <\/em>Nem, nem t\u00e9vesztettem el, tudom, hogy laud\u00e1ci\u00f3t kell \u00edrnom, \u00e9s nem ValMar koncerten cs\u00e1polunk, m\u00e9gis ez a mondat jut folyton eszembe, ha Kir\u00e1ly Anik\u00f3ra gondolok. Mert ugye, hol f\u00e9r el, hol b\u00fajik el ennyire sok karakter, \u00edz, sz\u00edn \u00e9s hangulat egy emberben, ki lehet ez a l\u00e1ny, aki ennyi t\u00f6rt\u00e9netet hordoz? Egy v\u00e9gtelen\u00fcl szer\u00e9ny \u00e9s kedves ember, aki mellette kiv\u00e1l\u00f3 \u00edr\u00f3 \u2013 remek komb\u00f3, k\u00edv\u00e1nom magunknak, hogy m\u00e9g nagyon sok\u00e1ig maradjon ilyen.<\/p>\n\n\n\n<p><em>\u00daristen, ki ez a l\u00e1ny?<\/em><\/p>\n\n\n\n<figure class=\"wp-block-image size-large\"><img loading=\"lazy\" decoding=\"async\" width=\"1024\" height=\"683\" src=\"https:\/\/opus-folyoirat.sk\/wp-content\/uploads\/2025\/11\/IMG_7091-1024x683.jpg\" alt=\"\" class=\"wp-image-3198\" srcset=\"https:\/\/opus-folyoirat.sk\/wp-content\/uploads\/2025\/11\/IMG_7091-1024x683.jpg 1024w, https:\/\/opus-folyoirat.sk\/wp-content\/uploads\/2025\/11\/IMG_7091-300x200.jpg 300w, https:\/\/opus-folyoirat.sk\/wp-content\/uploads\/2025\/11\/IMG_7091-768x512.jpg 768w, https:\/\/opus-folyoirat.sk\/wp-content\/uploads\/2025\/11\/IMG_7091-1536x1024.jpg 1536w, https:\/\/opus-folyoirat.sk\/wp-content\/uploads\/2025\/11\/IMG_7091-2048x1365.jpg 2048w, https:\/\/opus-folyoirat.sk\/wp-content\/uploads\/2025\/11\/IMG_7091-450x300.jpg 450w\" sizes=\"auto, (max-width: 1024px) 100vw, 1024px\" \/><\/figure>\n\n\n\n<p>Tal\u00e1n ez volt a legels\u0151 gondolatom is (k\u00e1r, hogy nem j\u00e1r jogd\u00edj \u00e9rte az eml\u00edtett zenekart\u00f3l), amikor 2017. j\u00fanius 26-\u00e1n belekukkantottam a nek\u00fcnk k\u00fcld\u00f6tt k\u00e9zirat\u00e1ba. Egyszerre volt nagyon vicces, kicsit pimasz, \u00e9s m\u00e9gis \u00e9rz\u00e9keny t\u00f6rt\u00e9net tele b\u00e1jjal, \u00e9s minden els\u0151k\u00f6nyves rutintalans\u00e1g\u00e1val egy\u00fctt a sz\u00edvembe lopta mag\u00e1t. A <em>Strand, papucs, szerelmet<\/em> (l\u00e1nykori nev\u00e9n Egy t\u00f6k\u00e9letesen t\u00f6k\u00e9letes ny\u00e1r) okt\u00f3berben fogadtam el, \u00e9s tervezt\u00fck be a k\u00f6vetkez\u0151 \u00e9v \u00dcnnepi K\u00f6nyvhet\u00e9re. \u00c9s akkor m\u00e9g nem is sejtettem, hogy a szerz\u0151 pont olyan, mint a sz\u00f6vege, tehets\u00e9ges, al\u00e1zatos, elsz\u00e1nt, humoros \u00e9s nagyon egyedi. Az\u00f3ta is csod\u00e1lom l\u00e1t\u00e1sm\u00f3dj\u00e1t, szem\u00e9t \u00e9s f\u00fcl\u00e9t az elcs\u00edpett mondatok megtal\u00e1l\u00e1s\u00e1hoz, amikb\u0151l k\u00f6nnyeden g\u00f6rd\u00fcltek el\u0151 \u00fajabb \u00e9s \u00fajabb t\u00f6rt\u00e9netek, mint pl. <em>Semmi p\u00e1nik!, J\u00f3 v\u00e9ge!, Ne n\u00e9zz vissza!. <\/em>Anik\u00f3t nem lehet sem Di\u00f3sv\u00e1mhat\u00e1r, sem Feketeny\u00e9k hat\u00e1rai m\u00f6g\u00e9 z\u00e1rni, mert a fant\u00e1zi\u00e1ja szabadon sz\u00e1rnyal <em>A balatoni sell\u0151<\/em>vel ugyan\u00fagy, mint Kukk\u00f3ni\u00e1ban Mangaluca mellett. A humor mellett benne van a j\u00e1t\u00e9koss\u00e1g, a k\u00edv\u00e1ncsis\u00e1g, \u00e9s el\u00e9g b\u00e1tor kipr\u00f3b\u00e1lni mag\u00e1t egy n\u00e9gykezes reg\u00e9nyben is, \u00edgy sz\u00fcletett meg Erd\u0151s Zsusz\u00e1val k\u00f6z\u00f6s k\u00f6nyve, <em>A palacsinta \u00e9jf\u00e9lkor. <\/em>Most jut eszembe a <em>Bejgli, mamusz, szerelem <\/em>is \u2013 lehet, hogy \u00e9rik egy igazi szak\u00e1csk\u00f6nyv?<\/p>\n\n\n\n<p>B\u00e1r eg\u00e9szen biztos vagyok abban, hogy az egy h\u00f3napja megjelent t\u00f6rt\u00e9nelmi fantasyja csak egy \u00e1llom\u00e1s a p\u00e1ly\u00e1j\u00e1n, de hiszem, hogy <em>A bazilika titka<\/em> nagyon is fontos k\u00f6nyv lesz, mert \u00fagy teremt vil\u00e1got \u00e9s \u00e9p\u00edt karaktereket, hogy az ember szeretne bemer\u00e9szkedni az altemplomba, h\u00e1tha ott leli Dant\u00e9t (\u00e9n \u00fcgyeln\u00e9k r\u00e1, hogy ne habos v\u00e9rt vigyek neki, mert azt ut\u00e1lja a sz\u00edvtipr\u00f3 v\u00e9rsz\u00edv\u00f3), vagy a Pilis erd\u0151ben csavarogn\u00e9k nor\u00e1k ut\u00e1n kutatva. S\u0151t, a vag\u00e1ny f\u0151h\u0151sn\u0151kkel sz\u00f6vetkezve \u00e9n m\u00e9g Ferenc J\u00f3zseffel is szembe mern\u00e9k sz\u00e1llni.&nbsp;<\/p>\n\n\n\n<p>Enn\u00e9l a k\u00f6nyvn\u00e9l \u00e9reztem, hogy m\u00e1r elhagyja az ifj\u00fas\u00e1gi irodalmat, menthetetlen\u00fcl YA (young adult) szerz\u0151 lett, azt\u00e1n r\u00e1pillantottam a dedik\u00e1l\u00f3 Anik\u00f3hoz k\u00edgy\u00f3z\u00f3 sorra a Budapesti K\u00f6nyvfesztiv\u00e1lon, \u00e9s r\u00e1j\u00f6ttem, hogy mindegy is, h\u00e1ny \u00e9veseknek \u00edrja a reg\u00e9nyeit, kamaszok \u00e9s feln\u0151ttek ugyan\u00fagy rajonganak \u00e9rte.<\/p>\n\n\n\n<p>\u00d6r\u00f6mmel l\u00e1ttam, hogy kreativit\u00e1sa a \u201egrafom\u00e1nia\u201d mellett (\u0151 nevezte \u00edgy, \u00e9n csak id\u00e9zem) a grafik\u00e1ban is megmutatkozik a tehets\u00e9ge, hiszen mint illusztr\u00e1tor t\u0171nt fel Fellinger K\u00e1roly <em>Keny\u00e9rb\u00e9lvir\u00e1g<\/em> c\u00edm\u0171 k\u00f6tet\u00e9n\u00e9l. <em>A bazilika titk\u00e1nak<\/em> k\u00fclsej\u00e9t sz\u00e1mtalan k\u00fclf\u00f6ldi \u00fcgyn\u00f6k dics\u00e9rte, a bor\u00edt\u00f3 val\u00f3ban m\u00e1gnesk\u00e9nt m\u0171k\u00f6dik; \u00e1tgondolt, trendi, de t\u00fckr\u00f6zi, hogy bel\u00fcl is min\u0151s\u00e9gi olvasnival\u00f3t nyer, aki k\u00e9zbe veszi. Ugye milyen j\u00f3, hogy az \u00edr\u00f3 megtervezte mag\u00e1nak?!<\/p>\n\n\n\n<p>Kir\u00e1ly Anik\u00f3 egyfajta h\u00edd. H\u00edd a gyerek-\u00e9s ifj\u00fas\u00e1gi irodalom \u00e9s a feln\u0151ttek k\u00f6zt. Szlov\u00e1ki\u00e1ban \u00e9l\u0151 magyar szerz\u0151k\u00e9nt ugyan\u00fagy, mint ahogy abban is, hogy hol alkot\u00f3 ember, hol pedig nagyon is a k\u00e9t l\u00e1bon \u00e1ll a f\u00f6ld\u00f6n, \u00e9s nem riad vissza a k\u00e9tkezi munk\u00e1t\u00f3l. L\u00e1tom magam el\u0151tt (sajnos most csak k\u00e9pzeletben, de k\u00e9rlek, fot\u00f3zz\u00e1tok le), amint \u00e9pp elk\u00e9pzeli mag\u00e1t H\u00eddemberk\u00e9nt, Kossuth szak\u00e1llal, \u00e9s megjelenik a g\u00f6dr\u00f6cske az arc\u00e1n, amint elmosolyodik.&nbsp;<\/p>\n\n\n\n<p>Kedves H\u00eddasszony, kedves kur\u00e1torok,&nbsp;<\/p>\n\n\n\n<p>eg\u00e9szen biztosan nem ker\u00fclhetett volna meg\u00e9rdemeltebb helyre ez a d\u00edj, hadd gratul\u00e1ljak els\u0151k\u00e9nt a d\u00edjazottnak, \u00e9s a d\u00edjaz\u00f3knak is a v\u00e1laszt\u00e1shoz.&nbsp;<\/p>\n\n\n\n<p>A kedves k\u00f6z\u00f6ns\u00e9get pedig biztatom, hogy olvassanak Kir\u00e1ly Anik\u00f3t, mert biztosan nem fognak csal\u00f3dni! Meg azt\u00e1n, ki tudja, h\u00e1tha k\u00f6zelebb ker\u00fcl\u00fcnk a megold\u00e1shoz, hogy <em>\u00daristen, ki ez a l\u00e1ny?<\/em><\/p>\n<\/div>\n\n\n\n<p class=\"has-text-align-right\"><em>Megjelent az Opus 2025\/1-es sz\u00e1m\u00e1ban<\/em><\/p>\n","protected":false},"excerpt":{"rendered":"<p>\u00daristen, ki ez a l\u00e1ny? (Kir\u00e1ly Anik\u00f3 Simk\u00f3-d\u00edja el\u00e9) \u00daristen, ki ez a l\u00e1ny? Nem, nem t\u00e9vesztettem el, tudom, hogy laud\u00e1ci\u00f3t kell \u00edrnom, \u00e9s nem ValMar koncerten cs\u00e1polunk, m\u00e9gis ez a mondat jut folyton eszembe, ha Kir\u00e1ly Anik\u00f3ra gondolok. Mert &hellip; <a href=\"https:\/\/opus-folyoirat.sk\/?page_id=3197\">Egy kattint\u00e1s ide a folytat\u00e1shoz&#8230;. <span class=\"meta-nav\">&rarr;<\/span><\/a><\/p>\n","protected":false},"author":4,"featured_media":0,"parent":0,"menu_order":0,"comment_status":"closed","ping_status":"closed","template":"","meta":{"footnotes":""},"class_list":["post-3197","page","type-page","status-publish","hentry"],"_links":{"self":[{"href":"https:\/\/opus-folyoirat.sk\/index.php?rest_route=\/wp\/v2\/pages\/3197","targetHints":{"allow":["GET"]}}],"collection":[{"href":"https:\/\/opus-folyoirat.sk\/index.php?rest_route=\/wp\/v2\/pages"}],"about":[{"href":"https:\/\/opus-folyoirat.sk\/index.php?rest_route=\/wp\/v2\/types\/page"}],"author":[{"embeddable":true,"href":"https:\/\/opus-folyoirat.sk\/index.php?rest_route=\/wp\/v2\/users\/4"}],"replies":[{"embeddable":true,"href":"https:\/\/opus-folyoirat.sk\/index.php?rest_route=%2Fwp%2Fv2%2Fcomments&post=3197"}],"version-history":[{"count":1,"href":"https:\/\/opus-folyoirat.sk\/index.php?rest_route=\/wp\/v2\/pages\/3197\/revisions"}],"predecessor-version":[{"id":3199,"href":"https:\/\/opus-folyoirat.sk\/index.php?rest_route=\/wp\/v2\/pages\/3197\/revisions\/3199"}],"wp:attachment":[{"href":"https:\/\/opus-folyoirat.sk\/index.php?rest_route=%2Fwp%2Fv2%2Fmedia&parent=3197"}],"curies":[{"name":"wp","href":"https:\/\/api.w.org\/{rel}","templated":true}]}}