{"id":3204,"date":"2025-04-21T10:03:00","date_gmt":"2025-04-21T08:03:00","guid":{"rendered":"https:\/\/opus-folyoirat.sk\/?page_id=3204"},"modified":"2025-11-19T10:05:57","modified_gmt":"2025-11-19T08:05:57","slug":"kolek-zsolt","status":"publish","type":"page","link":"https:\/\/opus-folyoirat.sk\/?page_id=3204","title":{"rendered":"Kolek Zsolt"},"content":{"rendered":"\n<div class=\"wp-block-group is-vertical is-layout-flex wp-container-core-group-is-layout-8cf370e7 wp-block-group-is-layout-flex\">\n<p class=\"has-medium-font-size\"><strong>Egykoron arr\u00f3l is \u00e1lmodozott, hogy tan\u00edtani fog\u2026<\/strong><\/p>\n\n\n\n<p><em>(Gondolatok Lacza Tiham\u00e9r Turczel-d\u00edj\u00e1hoz)<\/em><\/p>\n<\/div>\n\n\n<div class=\"has-text-align-right wp-block-post-date\"><time datetime=\"2025-04-21T10:03:00+02:00\">2025-04-21<\/time><\/div>\n\n\n<p><\/p>\n\n\n\n<div class=\"wp-block-group is-vertical is-layout-flex wp-container-core-group-is-layout-8cf370e7 wp-block-group-is-layout-flex\">\n<p>Lacza Tiham\u00e9r a ma m\u00e1r feh\u00e9r holl\u00f3nak sz\u00e1m\u00edt\u00f3 egyetemes ember mintak\u00e9pe. Val\u00f3di polihisztor, aki csillog\u00f3 intellektus\u00e1val, term\u00e9szettudom\u00e1nyi j\u00e1rtass\u00e1g\u00e1val a b\u00f6lcs\u00e9szek vil\u00e1g\u00e1ban is otthonosan mozog. B\u00fcszke vagyok r\u00e1, hogy koll\u00e9g\u00e1jak\u00e9nt \u00e1llhatok itt, \u00e9s k\u00f6sz\u00f6nthetem a j\u00f3l meg\u00e9rdemelt Turczel-d\u00edj \u00e1tv\u00e9telekor. Szeretettel gondolok a Magyar7 szerkeszt\u0151s\u00e9g\u00e9ben folytatott besz\u00e9lget\u00e9seinkre, biztat\u00f3 tan\u00e1csaira, \u00fatmutat\u00f3 \u00e9szrev\u00e9teleire.<\/p>\n\n\n\n<p>Tiham\u00e9r, vagyis ahogy a szerkeszt\u0151s\u00e9gben emlegetj\u00fck, Tihy b\u00e1, B\u00e1torkeszin sz\u00fcletett 1948. november 29-\u00e9n. 1952-ben a csal\u00e1dja K\u00f6b\u00f6lk\u00fatra k\u00f6lt\u00f6z\u00f6tt, az ottani magyar iskola tanul\u00f3ja volt 1955 \u00e9s 1964 k\u00f6z\u00f6tt. Tihy b\u00e1, elmond\u00e1sa szerint m\u00e1r akkoriban is szeretett olvasni, k\u00fcl\u00f6n\u00f6sen Verne Gyula k\u00f6nyveit falta, szinte valamennyi reg\u00e9ny\u00e9t megtal\u00e1lta a falusi k\u00f6nyvt\u00e1rban. Legink\u00e1bb az ragadta meg a k\u00e9pzelet\u00e9t, hogy Verne h\u0151sei, mik\u00f6zben bej\u00e1rj\u00e1k a vil\u00e1got, mindenf\u00e9le kalandokat \u00e9lnek \u00e1t, de emellett az \u00edr\u00f3 sok \u00e9rdekes ismeretet is k\u00edn\u00e1lt az olvas\u00f3nak, ak\u00e1r egy tudom\u00e1nyos ismeretterjeszt\u0151 szerz\u0151.&nbsp;<\/p>\n\n\n\n<figure class=\"wp-block-image size-large\"><img loading=\"lazy\" decoding=\"async\" width=\"1024\" height=\"683\" src=\"https:\/\/opus-folyoirat.sk\/wp-content\/uploads\/2025\/11\/IMG_7095-1024x683.jpg\" alt=\"\" class=\"wp-image-3205\" srcset=\"https:\/\/opus-folyoirat.sk\/wp-content\/uploads\/2025\/11\/IMG_7095-1024x683.jpg 1024w, https:\/\/opus-folyoirat.sk\/wp-content\/uploads\/2025\/11\/IMG_7095-300x200.jpg 300w, https:\/\/opus-folyoirat.sk\/wp-content\/uploads\/2025\/11\/IMG_7095-768x512.jpg 768w, https:\/\/opus-folyoirat.sk\/wp-content\/uploads\/2025\/11\/IMG_7095-1536x1024.jpg 1536w, https:\/\/opus-folyoirat.sk\/wp-content\/uploads\/2025\/11\/IMG_7095-2048x1365.jpg 2048w, https:\/\/opus-folyoirat.sk\/wp-content\/uploads\/2025\/11\/IMG_7095-450x300.jpg 450w\" sizes=\"auto, (max-width: 1024px) 100vw, 1024px\" \/><\/figure>\n\n\n\n<p>Ismerve Tiham\u00e9rt, nem meglep\u0151, hogy a f\u00f6ldrajz volt az egyik legkedvesebb tant\u00e1rgya. Igaz, amikor megk\u00e9rdezt\u00e9k: \u201eMi akarsz lenni, ha nagy leszel?\u201d \u2013 szinte kap\u00e1sb\u00f3l r\u00e1v\u00e1gta, hogy tenger\u00e9szkapit\u00e1ny. M\u00e9g egy cs\u00edkos matr\u00f3ztrik\u00f3t is \u201ebeszerzett\u201d, egy rend\u0151rsapk\u00e1b\u00f3l pedig \u2013 amelynek a sildj\u00e9t lev\u00e1gta \u2013 matr\u00f3zfejfed\u0151t kre\u00e1lt.<\/p>\n\n\n\n<p>Kedvelte a biol\u00f3gi\u00e1t \u00e9s a k\u00e9mi\u00e1t, \u00e9s mindazt, amit K\u00f6b\u00f6lk\u00faton megtanult, j\u00f3l hasznos\u00edtotta k\u00e9s\u0151bb az egykor szebb napokat l\u00e1tott \u00e9rsek\u00fajv\u00e1ri gimn\u00e1ziumban. Autodidaktak\u00e9nt saj\u00e1t\u00edtotta el ezeket a tant\u00e1rgyakat, sokszor m\u00e1r egyetemi tank\u00f6nyvekb\u0151l, \u00e9s k\u00e9tszer is a szlov\u00e1kiai k\u00e9miai olimpia gy\u0151ztese lett, ami legink\u00e1bb a gimn\u00e1zium tan\u00e1ri kar\u00e1t lepte meg.<\/p>\n\n\n\n<p>1967-ben sikeresen felv\u00e9telizett a pr\u00e1gai K\u00e1roly Egyetem Term\u00e9szettudom\u00e1nyi Kar\u00e1nak k\u00e9mia szak\u00e1ra \u00e9s az elk\u00f6vetkez\u0151 \u00f6t esztend\u0151 \u00e9lete egyik meghat\u00e1roz\u00f3 id\u0151szaka lett. Mivel szlov\u00e1kul el\u00e9g j\u00f3l tudott, viszonylag gyorsan megtanult cseh\u00fcl is, s\u0151t id\u0151nk\u00e9nt azt hitt\u00e9k r\u00f3la, hogy valahonnan D\u00e9l-Morvaorsz\u00e1gb\u00f3l sz\u00e1rmazik, mert a kiejt\u00e9se az ottaniak besz\u00e9d\u00e9re eml\u00e9keztetett.<\/p>\n\n\n\n<p>Tihy b\u00e1 felid\u00e9zi, a Vencel t\u00e9ri pr\u00e1gai Magyar Kultur\u00e1lis K\u00f6zpontba szinte naponta bej\u00e1rt, \u00e9s ott mindenf\u00e9le k\u00f6nyveket v\u00e1s\u00e1rolt az \u00f6szt\u00f6nd\u00edj\u00e1b\u00f3l. Ekkor szeretett bele a tudom\u00e1nyt\u00f6rt\u00e9netbe is, amely k\u00e9s\u0151bb m\u00e1r a szenved\u00e9ly\u00e9v\u00e9 \u00e9s egy \u00faj szakter\u00fclet\u00e9v\u00e9 v\u00e1lt.<\/p>\n\n\n\n<p>Pr\u00e1ga azonban, eml\u00e9kezik vissza Tiham\u00e9r, els\u0151sorban a magyar \u00f6ntudata meger\u0151s\u00edt\u00e9s\u00e9ben j\u00e1tszott szerepet. A cseh f\u0151v\u00e1rosban tanul\u00f3 magyar egyetemist\u00e1k 1957-ben megalak\u00edtott\u00e1k a k\u00e9s\u0151bb Ady Endr\u00e9r\u0151l elnevezett szervezet\u00fcket \u2013 ez lett az AED \u2013, \u00e9s itt nagyon sok kiv\u00e1l\u00f3 emberrel ismerkedett meg, akik k\u00e9s\u0151bb a felvid\u00e9ki magyar k\u00f6z\u00e9let ismert alakjai lettek. Pr\u00e1g\u00e1ban kezdett el komolyabban foglalkozni az \u00edr\u00e1ssal is \u00e9s a <em>Homok\u00f3ra<\/em> n\u00e9ven elh\u00edres\u00fclt kezdetlegesen sokszoros\u00edtott di\u00e1klap egyik alap\u00edt\u00f3ja lett.&nbsp;<\/p>\n\n\n\n<p>1972-ben Pr\u00e1g\u00e1b\u00f3l m\u00e1r nem K\u00f6b\u00f6lk\u00fatra, hanem Pozsonyba t\u00e9rt vissza, ahov\u00e1 sz\u00fclei id\u0151k\u00f6zben felk\u00f6lt\u00f6ztek. Tihy b\u00e1 felid\u00e9zi, a Szlov\u00e1k Tudom\u00e1nyos Akad\u00e9mia Polimer Int\u00e9zet\u00e9ben helyezkedett el, \u00e9s itt m\u0171k\u00f6d\u00f6tt mindaddig, am\u00edg meg nem kapta a katonai beh\u00edv\u00f3j\u00e1t. Ekkoriban ismerte meg k\u00e9s\u0151bbi feles\u00e9g\u00e9t, Dusik \u00c9v\u00e1t, a jeles k\u00f6lt\u0151, D\u00e9nes Gy\u00f6rgy l\u00e1ny\u00e1t, aki a Szlov\u00e1k R\u00e1di\u00f3 magyar ad\u00e1s\u00e1nak a szerkeszt\u0151riportere volt. Leend\u0151 ap\u00f3sa vitte be a Csemadok hetilapj\u00e1nak, A H\u00e9tnek a szerkeszt\u0151s\u00e9g\u00e9be, ahol Ozsvald \u00c1rp\u00e1d k\u00f6lt\u0151 \u00e9s \u00f6r\u00f6k\u00f6s \u201ef\u0151szerkeszt\u0151-helyettes\u201d l\u00e1tott fant\u00e1zi\u00e1t abban, hogy alkalmi riportok \u00e9s besz\u00e1mol\u00f3k szerz\u0151jek\u00e9nt foglalkoztassa. Leszerel\u00e9s\u00e9t k\u00f6vet\u0151en m\u00e1r nem is t\u00e9rt vissza a Polimer Int\u00e9zetbe, hanem a hetilap munkat\u00e1rsak\u00e9nt folytatta az \u00e9let\u00e9t. \u00cdgy lett \u201ep\u00e1lyaelhagy\u00f3\u201d.<\/p>\n\n\n\n<figure class=\"wp-block-image size-large\"><img loading=\"lazy\" decoding=\"async\" width=\"1024\" height=\"683\" src=\"https:\/\/opus-folyoirat.sk\/wp-content\/uploads\/2025\/11\/IMG_7114-1024x683.jpg\" alt=\"\" class=\"wp-image-3206\" srcset=\"https:\/\/opus-folyoirat.sk\/wp-content\/uploads\/2025\/11\/IMG_7114-1024x683.jpg 1024w, https:\/\/opus-folyoirat.sk\/wp-content\/uploads\/2025\/11\/IMG_7114-300x200.jpg 300w, https:\/\/opus-folyoirat.sk\/wp-content\/uploads\/2025\/11\/IMG_7114-768x512.jpg 768w, https:\/\/opus-folyoirat.sk\/wp-content\/uploads\/2025\/11\/IMG_7114-1536x1024.jpg 1536w, https:\/\/opus-folyoirat.sk\/wp-content\/uploads\/2025\/11\/IMG_7114-2048x1365.jpg 2048w, https:\/\/opus-folyoirat.sk\/wp-content\/uploads\/2025\/11\/IMG_7114-450x300.jpg 450w\" sizes=\"auto, (max-width: 1024px) 100vw, 1024px\" \/><\/figure>\n\n\n\n<p>1989 december\u00e9ben a szerkeszt\u0151s\u00e9g javaslat\u00e1ra a Csemadok vezet\u00e9se Lacza Tiham\u00e9rt nevezte ki A H\u00e9t f\u0151szerkeszt\u0151j\u00e9v\u00e9 \u00e9s ahogy felid\u00e9zi, neki jutott hat \u00e9vvel k\u00e9s\u0151bb a szomor\u00fa feladat, hogy 1995 \u00e1prilis\u00e1ban a lap megsz\u0171n\u00e9s\u00e9t egy vez\u00e9rcikkben k\u00f6z\u00f6lje az olvas\u00f3kkal. Ezt k\u00f6vet\u0151en a Szlov\u00e1k R\u00e1di\u00f3 magyar szerkeszt\u0151s\u00e9g\u00e9ben helyezkedett el, \u00e9s itt dolgozott eg\u00e9szen 2013-ig.<\/p>\n\n\n\n<p>Ez a k\u00f6zel h\u00fasz esztend\u0151 volt tal\u00e1n a \u201elegterm\u00e9kenyebb\u201d id\u0151szaka eddigi \u00e9let\u00e9nek. A Szlov\u00e1kiai Magyar Tudom\u00e1nyos T\u00e1rsas\u00e1g aleln\u00f6kek\u00e9nt r\u00e9szt vehetett a leend\u0151 magyar egyetem tervezet\u00e9nek a kimunk\u00e1l\u00e1s\u00e1ban. T\u00f6bbekkel k\u00f6z\u00f6sen sz\u00e1mos konferenci\u00e1t szervezett, \u00e9s b\u00fcszke arra is, hogy a sz\u00edm\u0151i \u00f6nkorm\u00e1nyzat Jedlik \u00c1nyos-d\u00edj\u00e1t oda\u00edt\u00e9l\u0151 kurat\u00f3riumnak a tagja lett \u00e9s maradt mindm\u00e1ig, \u00edgy sok jeles felvid\u00e9ki magyar term\u00e9szet- \u00e9s t\u00e1rsadalomtud\u00f3st, m\u0171szaki szakembert javasolhatott erre a fontos elismer\u00e9sre. Ahogy Tihy b\u00e1 megjegyzi, tr\u00e9f\u00e1san, egym\u00e1s k\u00f6z\u00f6tt csak kis felvid\u00e9ki Nobel-d\u00edjk\u00e9nt emlegetik az elismer\u00e9st.<\/p>\n\n\n\n<p>Egykoron arr\u00f3l is \u00e1lmodozott, hogy tan\u00edtani fog. V\u00e9g\u00fcl a maga m\u00f3dj\u00e1n ez is teljes\u00fclt. El\u0151sz\u00f6r a pozsonyi Duna utcai magyar alapiskola \u00e9s gimn\u00e1zium \u00f3raad\u00f3 tan\u00e1rak\u00e9nt biol\u00f3gi\u00e1t tan\u00edthatott, majd Kom\u00e1romban el\u0151bb a Corvinus Egyetem kihelyezett nappali tagozat\u00e1n \u00fajkori tudom\u00e1nyt\u00f6rt\u00e9netet, ezzel p\u00e1rhuzamosan a Selye J\u00e1nos Egyetemen magyar m\u0171vel\u0151d\u00e9st\u00f6rt\u00e9netet adott el\u0151, ugyancsak \u00f3raad\u00f3k\u00e9nt.&nbsp;<\/p>\n\n\n\n<p>Az 1970-es \u00e9vekt\u0151l rengeteg tank\u00f6nyvet ford\u00edtott szlov\u00e1kb\u00f3l magyarra, emellett n\u00e9h\u00e1ny cseh agr\u00e1rbotanikai \u00e9s n\u00f6v\u00e9nyv\u00e9delmi szakk\u00f6nyvet is \u0151 \u00fcltetett \u00e1t. 1990 ut\u00e1n lehet\u0151s\u00e9ge ny\u00edlt arra is, hogy olyan k\u00f6nyveket \u00edrjon, amelyek a felvid\u00e9ki szerz\u0151k sz\u00e1m\u00e1ra is lehet\u0151s\u00e9get teremtettek arra, hogy a sz\u00e9pirodalom mellett a term\u00e9szet- \u00e9s a m\u0171szaki tudom\u00e1nyokat is beemelj\u00e9k szellemi \u00e9let\u00fcnk k\u00f6rforg\u00e1s\u00e1ba.&nbsp;<\/p>\n\n\n\n<p>Tiham\u00e9r felid\u00e9zi, n\u00e9h\u00e1ny k\u00f6nyv\u00e9t di\u00e1kkori v\u00e1gyai h\u00edvt\u00e1k \u00e9letre. \u00cdrt a f\u00f6ldrajzi felfedez\u00e9sekr\u0151l, az \u00edr\u00e1s kialakul\u00e1s\u00e1r\u00f3l, t\u00e9rh\u00f3d\u00edt\u00e1s\u00e1r\u00f3l, \u00e9s hogy eredeti szakter\u00fclete se maradjon ki, meg\u00edrta a k\u00e9miai elemek kult\u00fart\u00f6rt\u00e9net\u00e9t is <em>B\u0171v\u00f6s t\u00e1bl\u00e1zat<\/em> c\u00edmmel, amit a Magyar Tudom\u00e1nyos Akad\u00e9mia 2019-ben egy \u00fajs\u00e1g\u00edr\u00f3i d\u00edjra m\u00e9ltatott. Azt viszont kiss\u00e9 sajn\u00e1lja, hogy ezekr\u0151l a k\u00f6nyvekr\u0151l \u2013 meg n\u00e9h\u00e1ny tov\u00e1bbi, szerinte hasznos munk\u00e1j\u00e1r\u00f3l \u2013 a felvid\u00e9ki magyar sajt\u00f3ban csak kiv\u00e9telesen jelent meg valamif\u00e9le recenzi\u00f3, t\u00f6bb k\u00f6nyve l\u00e9nyeg\u00e9ben visszhangtalan maradt. <em>A tudom\u00e1ny apostolai<\/em> c\u00edm\u0171 k\u00e9tk\u00f6tetes lexikon\u00e1nak szerepl\u0151i a Szlov\u00e1kiai Magyar M\u0171vel\u0151d\u00e9si Int\u00e9zet j\u00f3volt\u00e1b\u00f3l az interneten el\u00e9rhet\u0151ek. Ugyancsak olvashat\u00f3 a vil\u00e1gh\u00e1l\u00f3n is <em>Az \u00f3kor eml\u00e9kezete \u2013 a sziklarajzokt\u00f3l az \u00e1b\u00e9c\u00e9ig<\/em> c\u00edm\u0171 k\u00f6nyve. Tagja a Felvid\u00e9ki \u00c9rt\u00e9kt\u00e1r Bizotts\u00e1gnak is, b\u00e1r ennek munk\u00e1j\u00e1ban, ahogy hangs\u00falyozza, betegs\u00e9ge miatt csak korl\u00e1tozott m\u00e9rt\u00e9kben tud r\u00e9szt venni.<\/p>\n\n\n\n<p>T\u00f6bb mint 40 \u00e9v ut\u00e1n feles\u00e9g\u00e9vel h\u00e1tat ford\u00edtottak Pozsonynak, amelyet igaz\u00e1n sosem siker\u00fclt megkedvelni\u00fck, \u00e9s a Csall\u00f3k\u00f6zben, Ny\u00e1rasdon telepedtek le. A szomsz\u00e9d faluban, V\u00e1s\u00e1r\u00faton lakik Gergely fia a csal\u00e1dj\u00e1val. K\u00e9t kis unok\u00e1juk \u00edgy a k\u00f6zel\u00fckben \u00e9l, \u00e9s szinte naponta egy\u00fctt vannak vel\u00fck. Ez minden kincsn\u00e9l t\u00f6bbet \u00e9r sz\u00e1m\u00e1ra.<\/p>\n\n\n\n<p>Tihy b\u00e1, az elismer\u00e9shez fogadd \u0151szinte gratul\u00e1ci\u00f3mat, j\u00f3 eg\u00e9szs\u00e9get, tov\u00e1bbi hossz\u00fa alkot\u00f3 \u00e9veket k\u00edv\u00e1nok!<\/p>\n<\/div>\n\n\n\n<p class=\"has-text-align-right\"><em>Megjelent az Opus 2025\/1-es sz\u00e1m\u00e1ban<\/em><\/p>\n","protected":false},"excerpt":{"rendered":"<p>Egykoron arr\u00f3l is \u00e1lmodozott, hogy tan\u00edtani fog\u2026 (Gondolatok Lacza Tiham\u00e9r Turczel-d\u00edj\u00e1hoz) Lacza Tiham\u00e9r a ma m\u00e1r feh\u00e9r holl\u00f3nak sz\u00e1m\u00edt\u00f3 egyetemes ember mintak\u00e9pe. Val\u00f3di polihisztor, aki csillog\u00f3 intellektus\u00e1val, term\u00e9szettudom\u00e1nyi j\u00e1rtass\u00e1g\u00e1val a b\u00f6lcs\u00e9szek vil\u00e1g\u00e1ban is otthonosan mozog. B\u00fcszke vagyok r\u00e1, hogy koll\u00e9g\u00e1jak\u00e9nt &hellip; <a href=\"https:\/\/opus-folyoirat.sk\/?page_id=3204\">Egy kattint\u00e1s ide a folytat\u00e1shoz&#8230;. <span class=\"meta-nav\">&rarr;<\/span><\/a><\/p>\n","protected":false},"author":4,"featured_media":0,"parent":0,"menu_order":0,"comment_status":"closed","ping_status":"closed","template":"","meta":{"footnotes":""},"class_list":["post-3204","page","type-page","status-publish","hentry"],"_links":{"self":[{"href":"https:\/\/opus-folyoirat.sk\/index.php?rest_route=\/wp\/v2\/pages\/3204","targetHints":{"allow":["GET"]}}],"collection":[{"href":"https:\/\/opus-folyoirat.sk\/index.php?rest_route=\/wp\/v2\/pages"}],"about":[{"href":"https:\/\/opus-folyoirat.sk\/index.php?rest_route=\/wp\/v2\/types\/page"}],"author":[{"embeddable":true,"href":"https:\/\/opus-folyoirat.sk\/index.php?rest_route=\/wp\/v2\/users\/4"}],"replies":[{"embeddable":true,"href":"https:\/\/opus-folyoirat.sk\/index.php?rest_route=%2Fwp%2Fv2%2Fcomments&post=3204"}],"version-history":[{"count":1,"href":"https:\/\/opus-folyoirat.sk\/index.php?rest_route=\/wp\/v2\/pages\/3204\/revisions"}],"predecessor-version":[{"id":3207,"href":"https:\/\/opus-folyoirat.sk\/index.php?rest_route=\/wp\/v2\/pages\/3204\/revisions\/3207"}],"wp:attachment":[{"href":"https:\/\/opus-folyoirat.sk\/index.php?rest_route=%2Fwp%2Fv2%2Fmedia&parent=3204"}],"curies":[{"name":"wp","href":"https:\/\/api.w.org\/{rel}","templated":true}]}}