{"id":3233,"date":"2025-11-29T09:01:24","date_gmt":"2025-11-29T07:01:24","guid":{"rendered":"https:\/\/opus-folyoirat.sk\/?page_id=3233"},"modified":"2025-12-03T09:03:45","modified_gmt":"2025-12-03T07:03:45","slug":"halalomig-kibirom","status":"publish","type":"page","link":"https:\/\/opus-folyoirat.sk\/?page_id=3233","title":{"rendered":"\u201eHal\u00e1lomig kib\u00edrom\u201d"},"content":{"rendered":"<div class=\"has-text-align-right wp-block-post-date\"><time datetime=\"2025-11-29T09:01:24+02:00\">2025-11-29<\/time><\/div>\n\n\n<p>G\u00e1l S\u00e1ndor J\u00f3zsef Attila-d\u00edjas \u00edr\u00f3, k\u00f6lt\u0151, publicista, a Magyar M\u0171v\u00e9szeti Akad\u00e9mia tagja 2011-t\u0151l. Munk\u00e1ss\u00e1ga szerte\u00e1gaz\u00f3, tev\u00e9keny \u00e9s term\u00e9keny \u00e9letet, terjedelmes \u00e9letm\u0171vet mondhat mag\u00e1\u00e9nak. Sz\u00fcl\u0151faluj\u00e1hoz val\u00f3 ragaszkod\u00e1sa a\u00a0k\u00f6teteib\u0151l tekint vissza r\u00e1nk, Az egykori sz\u00fcl\u0151h\u00e1z hely\u00e9n egy faragott eml\u00e9kt\u00e1bla hirdeti: \u201eMert m\u00e1s sz\u00fcl\u0151f\u00f6ld nincs, csak ez az egyetlen. A bennem \u00e9l\u0151.\u201d Ma lenne 88 \u00e9ves. Meg nem \u00e9lt sz\u00fclet\u00e9snapj\u00e1n egy \u00f6t \u00e9vvel ezel\u0151tt k\u00e9sz\u00fclt interj\u00faval eml\u00e9kez\u00fcnk. <\/p>\n\n\n\n<figure class=\"wp-block-image size-full\"><img loading=\"lazy\" decoding=\"async\" width=\"683\" height=\"1024\" src=\"https:\/\/opus-folyoirat.sk\/wp-content\/uploads\/2025\/12\/gal-sandor-bucs-683x1024-1.png\" alt=\"\" class=\"wp-image-3236\" srcset=\"https:\/\/opus-folyoirat.sk\/wp-content\/uploads\/2025\/12\/gal-sandor-bucs-683x1024-1.png 683w, https:\/\/opus-folyoirat.sk\/wp-content\/uploads\/2025\/12\/gal-sandor-bucs-683x1024-1-200x300.png 200w\" sizes=\"auto, (max-width: 683px) 100vw, 683px\" \/><\/figure>\n\n\n\n<div class=\"wp-block-group is-vertical is-layout-flex wp-container-core-group-is-layout-8cf370e7 wp-block-group-is-layout-flex\">\n<p><strong>Nincs olyan m\u0171faj, amiben ne alkott\u00e1l volna jelent\u0151set. G\u00f6r\u00f6mbei Andr\u00e1s szerint k\u00f6lt\u0151, novellista, reg\u00e9ny\u00edr\u00f3, szociogr\u00e1fus, publicista vagy egy szem\u00e9lyben, valamint k\u00f6z\u00e9leti feladatokat sz\u00e1molatlanul v\u00e1llal\u00f3 kisebbs\u00e9gi mindenes. A m\u0171nemet \u00e9s m\u0171fajt szabadon v\u00e1ltogatod, mindig ahhoz folyamodsz, amelyiket el\u0151\u00edrja sz\u00e1modra az ihlet. Val\u00f3ban \u00edgy van?<\/strong><\/p>\n\n\n\n<p>Ilyen t\u00e1vols\u00e1gb\u00f3l visszalapozni el\u00e9gg\u00e9 bonyolult foglalatoss\u00e1gnak t\u0171nik. De nem az. A m\u0171fajok k\u00e9rd\u00e9se is csak l\u00e1tsz\u00f3lagosan \u00f6sszetett feladat. A h\u00e9tk\u00f6znapi megl\u00e9te is egyszer\u0171. \u00cdme: Kom\u00e1romban volt egy nagyszer\u0171 magyar-szakos oszt\u00e1lyf\u0151n\u00f6k\u00f6m, F\u00fcl\u00f6p Rezs\u0151 b\u00e1csi. Akkoriban m\u00e1r n\u00e9h\u00e1ny versem megjelent az \u00daj Ifj\u00fas\u00e1gban meg a Szabad F\u00f6ldm\u0171vesben is, de Rezs\u0151 b\u00e1csinak ezek a zseng\u00e9im nem igen tetszettek. \u0150 Arany J\u00e1nossal m\u00e9rt, maximalista volt, s \u0151 v\u00e9ste v\u00e9gleges \u00e9rv\u00e9nnyel eml\u00e9kezetembe hogy: \u201eTudd a dolgot, a szavak magukt\u00f3l j\u00f6nnek!&#8221;<\/p>\n\n\n\n<p>\u00c9s ez a p\u00e1r sz\u00f3 l\u00e9nyeg\u00e9t tekintve v\u00e9glegess\u00e9 \u00e9rv\u00e9nyes\u00edtette k\u00e9s\u0151bbi v\u00e1llal\u00e1saim hogyanj\u00e1t \u00e9s mik\u00e9ntj\u00e9t. Amikor az els\u0151 k\u00f6tetem az&nbsp;<em>Arc n\u00e9lk\u00fcli szobrok<\/em>&nbsp;megjelent, k\u00fcldtem neki egy p\u00e9ld\u00e1nyt olvas\u00e1sra. P\u00e1r napra r\u00e1 meg\u00e9rkezett a v\u00e1lasz. Ennyi:&nbsp;\u201eNeked volt igazad!\u201d Ha mindezek ut\u00e1n ma \u00fajragondolom az elm\u00falt t\u00f6bb, mint nyolc \u00e9vtizedet, a v\u00e9g\u00f6sszegz\u00e9s eredm\u00e9nye az, hogy Rezs\u0151 b\u00e1csinak volt igaza! Mert v\u00e9g\u00fcl is kimaradtam annak a t\u00f6rt\u00e9nelmi id\u0151z\u00f3n\u00e1nak minden \u201eirodalmi csoportosul\u00e1sb\u00f3l&#8221;, \u00edgy az Ozsvald\u00e9k, T\u0151zs\u00e9r\u00e9k, a kilencek, stb. felvonul\u00e1s\u00e1b\u00f3l is. Folytat\u00f3lagosan, ami az egy\u00e9b v\u00e1llal\u00e1saimat illeti a J\u00f3kai Napokt\u00f3l mondjuk a Tokaji \u00cdr\u00f3t\u00e1bor, vagy a J\u00e1sz\u00f3i Ny\u00e1ri Szabadegyetem, a Szenczi Moln\u00e1r Albert Napok vagy a Th\u00e1lia Sz\u00ednh\u00e1z (akkor m\u00e9g a Vox Humana sz\u00ednpad) l\u00e9trehoz\u00e1s\u00e1ig, ma is m\u0171k\u00f6d\u0151, vagyis jelen idej\u0171en hasznosul, bez\u00e1r\u00f3lag a Magyar Sz\u00e9ppr\u00f3za Napj\u00e1nak a vil\u00e1gra seg\u00edt\u00e9s\u00e9vel egyetemben.<\/p>\n<\/div>\n\n\n\n<p><br><\/p>\n\n\n\n<div class=\"wp-block-group is-vertical is-layout-flex wp-container-core-group-is-layout-8cf370e7 wp-block-group-is-layout-flex\">\n<p><strong>B\u00facson sz\u00fclett\u00e9l, de \u00e9leted jelent\u0151s r\u00e9sz\u00e9t m\u00e1r a keleti v\u00e9geken \u00e9led. Mit jelent sz\u00e1modra a sz\u00fcl\u0151falud?<\/strong><\/p>\n\n\n\n<p>Sz\u00fcl\u0151falumr\u00f3l B\u00facsr\u00f3l f\u00f6lt\u00e9telezik, hogy egykor Bulcs\u00fa vez\u00e9r egyik sz\u00e1ll\u00e1shelye volt. Az\u00a0\u201e\u00f6regtemet\u0151&#8221; mellett van egy forr\u00e1s, a Kisk\u00fat, amit szent k\u00fatnak tart a hagyom\u00e1ny. Lehet, hogy mindez egyszer &#8222;volt&#8221;, a temet\u0151 omlad\u00e9kai is magukon viselik le\u00edrhat\u00f3 jeleit, jegyeit, magam is \u00edrtam r\u00f3la n\u00e9h\u00e1ny verset, amikor l\u00e1ttam, hogy egy leoml\u00f3 s\u00edrb\u00f3l kig\u00f6r\u00f6g egy emberi koponya, k\u00e9t s\u00f6t\u00e9t hajfonattal egy\u00fctt. K\u00fcl\u00f6nben egyik unokatestv\u00e9remmel err\u0151l a dombr\u00f3l n\u00e9zt\u00fck az igazi h\u00e1bor\u00fat, amikor az oroszok Karva ir\u00e1ny\u00e1ba t\u00e1mad\u00e1st ind\u00edtottak a n\u00e9metek ellen. Klucska Fer\u00f3 b\u00e1csi\u00e9k tany\u00e1j\u00e1b\u00f3l a felsorakozott szovjet tankokat. Csupa T34-es\u00a0\u201ej\u00e1rg\u00e1ny&#8221; volt, a n\u00e9metek ronccs\u00e1 l\u0151tt\u00e9k mindet, ez\u00e9rt tavasszal nem lehetett sz\u00e1ntani t\u0151l\u00fck az \u00fat menti parcell\u00e1kon. Ezen k\u00edv\u00fcl j\u00f3 r\u00e9gen Katona Mih\u00e1ly esperes \u00far itt vetette meg a magyar f\u00f6ldrajztudom\u00e1ny alapjait, m\u00e9ghozz\u00e1 magyar nyelven, amit azt\u00e1n t\u00edz \u00e9vvel k\u00e9s\u0151bb a csurg\u00f3i gimn\u00e1ziumban haszn\u00e1ltak el\u0151sz\u00f6r. A\u00a0<em>Mes\u00e9t mondok, val\u00f3s\u00e1got<\/em>\u00a0c\u00edm\u0171 k\u00f6nyvemben nagy \u00f6r\u00f6mmel \u00edrtam err\u0151l a csod\u00e1r\u00f3l.<\/p>\n\n\n\n<p>Volt m\u00e9g egy nagyszer\u0171 esperes\u00fcnk, aki 1937-ben, kar\u00e1csony m\u00e1sodik \u00fcnnep\u00e9n megkeresztelt, a keresztel\u0151 m\u00e1rv\u00e1nykehely ma is ott \u00e1ll a templom k\u00f6zep\u00e9n. De nem ez\u00e9rt a nemes cselekedet\u00e9\u00e9rt eml\u00edtettem \u0151tisztelend\u0151s\u00e9g\u00e9t, hanem mert a trianoni barb\u00e1rs\u00e1g ut\u00e1n \u0151 szervezte meg a csehszlov\u00e1kiai magyar reform\u00e1tusok hit\u00e9let\u00e9t, l\u00e9trehozv\u00e1n a K\u00e1rp\u00e1taljai (Podkarpadsk\u00e1 rus) a G\u00f6m\u00f6ri \u00e9s a Duna-menti magyar egyh\u00e1zmegy\u00e9ket. Ugyancsak \u0151 jelenttette meg az els\u0151 magyar foly\u00f3iratot is&nbsp;<em>Reform\u00e1tus Sion<\/em>c\u00edmen. B\u00facson szerkesztette az esperes \u00far, a p\u00e1rk\u00e1nyi Gondos nyomd\u00e1ban k\u00e9sz\u00fclt a lap, s az els\u0151 sz\u00e1ma 1922-ben jelent meg. M\u00e1ig \u0151rz\u00f6m k\u00e9t p\u00e9ld\u00e1ny\u00e1t. Sok \u00e9ves szorgalm\u00e1nak k\u00f6sz\u00f6nhet\u0151, hogy 1936-ban megny\u00edlt a magyar tan\u00edt\u00f3k\u00e9pz\u0151 Kom\u00e1romban.<\/p>\n<\/div>\n\n\n\n<p><br><\/p>\n\n\n\n<div class=\"wp-block-group is-vertical is-layout-flex wp-container-core-group-is-layout-8cf370e7 wp-block-group-is-layout-flex\">\n<p><strong>Nagy jelent\u0151s\u00e9ge van munk\u00e1ss\u00e1godban a&nbsp;sz\u00e9ppr\u00f3z\u00e1nak is, de sz\u00f3lsz a legfiatalabb olvas\u00f3khoz is, vannak helyzetelemz\u00e9seket tartalmaz\u00f3 k\u00f6teteid, kritik\u00e1kat, irodalmi-kultur\u00e1lis essz\u00e9ket tartalmaz\u00f3 k\u00f6nyved, \u00edrt\u00e1l \u00f6n\u00e9letrajzot, \u00e9s napl\u00f3\u00edr\u00f3k\u00e9nt is megismerhetett az olvas\u00f3. Riportk\u00f6teteid, falumonogr\u00e1fi\u00e1id jelentek meg, \u00e9s akkor m\u00e9g nem besz\u00e9lt\u00fcnk a&nbsp;h\u00fasz k\u00f6r\u00fcli versesk\u00f6tetedr\u0151l. Hetven k\u00f6r\u00fcli k\u00f6teted jelent meg \u00f6sszesen, mondanival\u00f3d kimer\u00edthetetlen. Mit jelent neked az \u00edr\u00e1s?<\/strong><\/p>\n\n\n\n<p>L\u00e9nyeg\u00e9ben mindez az el\u0151bbiek t\u00f6rv\u00e9nyszer\u0171 k\u00f6vetkezm\u00e9nye. Soha nem volt sz\u00e1nd\u00e9komban felparcell\u00e1zni magamat. Bennem az \u00edr\u00e1s, az irodalom egy eg\u00e9sz. Ez a mi t\u00f6rt\u00e9nelm\u00fcnk, ez t\u00f6lti be az \u00fcnnepeinket \u00e9s a h\u00e9tk\u00f6znapjainkat is. A h\u00e1bor\u00fak, a kitelep\u00edt\u00e9sek, a marhavagonok \u00e9dene. L\u00e1ttam embereket pillanatok alatt meghalni, So\u00f3ky nagyap\u00e1m udvara mellett egy cs\u00e9pl\u0151g\u00e9p-garnit\u00far\u00e1n \u00fajs\u00e1gba csavart, csontt\u00e1 fagyott \u00fajsz\u00fcl\u00f6ttet tal\u00e1ltam. Csod\u00e1latos ibolyak\u00e9k szeme volt, hossz\u00fa szempill\u00e1in meg\u00fclt a hajnali d\u00e9r. Mindez kar\u00e1csony \u00e9s szilveszter t\u00e1j\u00e1n.<\/p>\n<\/div>\n\n\n\n<p><br><\/p>\n\n\n\n<div class=\"wp-block-group is-vertical is-layout-flex wp-container-core-group-is-layout-8cf370e7 wp-block-group-is-layout-flex\">\n<p><strong>A&nbsp;nyolcvanadik sz\u00fclet\u00e9snapod aprop\u00f3j\u00e1n elhat\u00e1roztad, hogy ennek minden napj\u00e1n \u00edrsz valamit arr\u00f3l, hogy mi j\u00e1tsz\u00f3dik le a fejedben \u00e9s a lelkedben. A&nbsp;napl\u00f3k\u00f6tet c\u00edm\u00e9nek a&nbsp;Bels\u0151 univerzumokat adtad, s&nbsp;ha j\u00f3l tudom, id\u00e9n meg is jelent. Ekkor a r\u00e1k ut\u00e1ni id\u0151szakod tizedik esztendej\u00e9t \u00e9lted. Egyszer azt nyilatkoztad, \u201eElhat\u00e1roztam, hogy hal\u00e1lomig kib\u00edrom\u201d. Hogy van most a nyolcvanh\u00e1rom \u00e9ves G\u00e1l S\u00e1ndor?<\/strong><\/p>\n\n\n\n<p>Ezt az elhat\u00e1roz\u00e1somat teljes\u00edtettem. A Bels\u0151 Univerzumot B\u00f6r\u00f6ndi Lajos szerkesztette, \u00e9s a Moson v\u00e1rmegye K\u00f6nyvkiad\u00f3 jelentette meg. A r\u00e1k az m\u00e1r abszurdabb. Az, hogy egy ilyen m\u0171t\u00e9t ut\u00e1n err\u0151l \u00edrhatok, annak egy a t\u00edzezerhez volt az es\u00e9lye. Amikor a\u00a0<em>R\u00e1k \u00e9vada<\/em>\u00a0c\u00edm\u0171 k\u00f6tetemet \u00edrtam, az anat\u00f3mia tud\u00e1s birtok\u00e1ban felk\u00e9sz\u00fcltem arra, hogy j\u00f3 esetben \u00f6t-hat \u00e9vre sz\u00f3l\u00f3ak az es\u00e9lyeim. Ami azt illeti, a k\u00e9rd\u00e9sre a v\u00e1laszom v\u00e1ltozatlan, vagyis, a hal\u00e1lomig kib\u00edrom!<\/p>\n<\/div>\n\n\n\n<p><br><\/p>\n\n\n\n<div class=\"wp-block-group is-vertical is-layout-flex wp-container-core-group-is-layout-8cf370e7 wp-block-group-is-layout-flex\">\n<p><strong>Megsz\u00e1ml\u00e1lhatatlan a&nbsp;d\u00edjaid, elismer\u00e9seid sz\u00e1ma, vagyis elmondhat\u00f3, hogy munk\u00e1ss\u00e1godat az \u00e9vtizedek alatt megbecs\u00fclt\u00e9k. Mi az a&nbsp;figyelmess\u00e9g, szakmai elismer\u00e9s, amire m\u00e9g v\u00e1gysz?<\/strong><\/p>\n\n\n\n<p>\u00c1lszer\u00e9nys\u00e9g volna valami k\u00f6zhelyet ide biggyeszteni, hogy h\u00e1t \u00edgy, meg \u00fagy, \u00e9n is csak h\u00fas-v\u00e9r ember vagyok, aki \u00f6r\u00fcl annak, ha r\u00e1k\u00f6sz\u00f6nnek az utca m\u00e1sik oldal\u00e1r\u00f3l is. S itt Buzit\u00e1n k\u00f6zel van hozz\u00e1nk az iskola, s ha j\u00f6nnek a gyerekek, \u00e1tkiab\u00e1lnak olykor, hogy\u00a0<em>&#8222;J\u00f3 napot, Sanyi b\u00e1csi.&#8221;<\/em>\u00a0S nem tagadom, ez nagyon j\u00f3les\u0151 \u00e9rz\u00e9s sz\u00e1momra.<\/p>\n<\/div>\n\n\n\n<p><br><\/p>\n\n\n\n<div class=\"wp-block-group is-vertical is-layout-flex wp-container-core-group-is-layout-8cf370e7 wp-block-group-is-layout-flex\">\n<p><strong>Az alkot\u00f3i kedved, lend\u00fcleted m\u00e9g ma is t\u00f6retlen? Mivel foglalkozol mostan\u00e1ban, milyen tervekkel n\u00e9zel el\u0151re?<\/strong><\/p>\n\n\n\n<p>K\u00fcl\u00f6n\u00f6sebb terveim nincsenek, de a r\u00e1k ut\u00e1ni t\u00f6bb, mint t\u00edz \u00e9vemr\u0151l \u00edrtam egy n\u00e9gy r\u00e9szes f\u00f6ljegyz\u00e9st <em>Az id\u0151tlens\u00e9g dialektik\u00e1ja<\/em>\u00a0c\u00edmmel. Ez a tetral\u00f3gia nyomdak\u00e9sz \u00e1llapotban v\u00e1rja a felt\u00e1mad\u00e1st, m\u00e9g ebben a hal\u00e1lra \u00edt\u00e9lt, szerencs\u00e9tlen mindens\u00e9g roncsban is, amely nemsok\u00e1ra \u0171ri szarkof\u00e1gg\u00e1 v\u00e1ltozhat. Tal\u00e1n k\u00e9t \u00e9vel ezel\u0151tt jelent meg egy kisded k\u00f6nyvem, aminek azt a c\u00edmet adtam, hogy\u00a0<em>Nincs harmadik lehet\u0151s\u00e9g!<\/em>Ha \u00e9lek, \u00edrok, ha \u00edrok, \u00e9lek. De ma m\u00e1r tudom, hogy m\u00e9gis van harmadik lehet\u0151s\u00e9g. Nemsok\u00e1ra elk\u00e9sz\u00fcl\u00f6k az\u00a0\u201eutols\u00f3 el\u0151tti&#8221; versesk\u00f6tetemmel, melynek c\u00edme\u00a0<em>N\u00e9h\u00e1ny l\u00e9p\u00e9s az udvar k\u00f6vein.<\/em><\/p>\n<\/div>\n\n\n\n<p class=\"has-text-align-right\">Nagy Erika<\/p>\n","protected":false},"excerpt":{"rendered":"<p>G\u00e1l S\u00e1ndor J\u00f3zsef Attila-d\u00edjas \u00edr\u00f3, k\u00f6lt\u0151, publicista, a Magyar M\u0171v\u00e9szeti Akad\u00e9mia tagja 2011-t\u0151l. Munk\u00e1ss\u00e1ga szerte\u00e1gaz\u00f3, tev\u00e9keny \u00e9s term\u00e9keny \u00e9letet, terjedelmes \u00e9letm\u0171vet mondhat mag\u00e1\u00e9nak. Sz\u00fcl\u0151faluj\u00e1hoz val\u00f3 ragaszkod\u00e1sa a\u00a0k\u00f6teteib\u0151l tekint vissza r\u00e1nk, Az egykori sz\u00fcl\u0151h\u00e1z hely\u00e9n egy faragott eml\u00e9kt\u00e1bla hirdeti: \u201eMert m\u00e1s &hellip; <a href=\"https:\/\/opus-folyoirat.sk\/?page_id=3233\">Egy kattint\u00e1s ide a folytat\u00e1shoz&#8230;. <span class=\"meta-nav\">&rarr;<\/span><\/a><\/p>\n","protected":false},"author":4,"featured_media":0,"parent":0,"menu_order":0,"comment_status":"closed","ping_status":"closed","template":"","meta":{"footnotes":""},"class_list":["post-3233","page","type-page","status-publish","hentry"],"_links":{"self":[{"href":"https:\/\/opus-folyoirat.sk\/index.php?rest_route=\/wp\/v2\/pages\/3233","targetHints":{"allow":["GET"]}}],"collection":[{"href":"https:\/\/opus-folyoirat.sk\/index.php?rest_route=\/wp\/v2\/pages"}],"about":[{"href":"https:\/\/opus-folyoirat.sk\/index.php?rest_route=\/wp\/v2\/types\/page"}],"author":[{"embeddable":true,"href":"https:\/\/opus-folyoirat.sk\/index.php?rest_route=\/wp\/v2\/users\/4"}],"replies":[{"embeddable":true,"href":"https:\/\/opus-folyoirat.sk\/index.php?rest_route=%2Fwp%2Fv2%2Fcomments&post=3233"}],"version-history":[{"count":4,"href":"https:\/\/opus-folyoirat.sk\/index.php?rest_route=\/wp\/v2\/pages\/3233\/revisions"}],"predecessor-version":[{"id":3241,"href":"https:\/\/opus-folyoirat.sk\/index.php?rest_route=\/wp\/v2\/pages\/3233\/revisions\/3241"}],"wp:attachment":[{"href":"https:\/\/opus-folyoirat.sk\/index.php?rest_route=%2Fwp%2Fv2%2Fmedia&parent=3233"}],"curies":[{"name":"wp","href":"https:\/\/api.w.org\/{rel}","templated":true}]}}