{"id":3532,"date":"2025-01-12T12:35:00","date_gmt":"2025-01-12T10:35:00","guid":{"rendered":"https:\/\/opus-folyoirat.sk\/?page_id=3532"},"modified":"2026-01-12T02:36:38","modified_gmt":"2026-01-12T00:36:38","slug":"balint-erika","status":"publish","type":"page","link":"https:\/\/opus-folyoirat.sk\/?page_id=3532","title":{"rendered":"B\u00e1lint Erika"},"content":{"rendered":"\n<p><strong>A koloni\u00e1l<\/strong><\/p>\n\n\n<div class=\"has-text-align-right wp-block-post-date\"><time datetime=\"2025-01-12T12:35:00+02:00\">2025-01-12<\/time><\/div>\n\n\n<p><strong>1.<\/strong><\/p>\n\n\n\n<div class=\"wp-block-group is-vertical is-layout-flex wp-container-core-group-is-layout-8cf370e7 wp-block-group-is-layout-flex\">\n<p>Hogy a hazafel\u00e9 vezet\u0151 utat ler\u00f6vid\u00edtse, Vasn\u00e9 Julajda Jol\u00e1n \u00e1tbaktat a hepehup\u00e1s t\u00e9ren.<\/p>\n\n\n\n<p>Rossz napja van megint, k\u00e9t t\u00f6m\u00f6tt cekkert cipel, majd megszakad bel\u00e9. A kar\u00e1csonyi \u00fcnnepekre v\u00e1s\u00e1rolt be, \u00f6tsz\u00e1z forintot k\u00e9rtek egy doboz toj\u00e1s\u00e9rt, a h\u00fasr\u00f3l, a keny\u00e9rr\u0151l nem is besz\u00e9lve.<\/p>\n\n\n\n<p>Ahogy \u00e1tmegy az \u00faton, nem b\u00edrja tov\u00e1bb a cipeked\u00e9st, a f\u00f6ldre z\u00f6ttyenti a k\u00e9t szatyrot, \u00f6sszed\u00f6rzs\u00f6li megg\u00e9mberedett ujjait. F\u00fajtat, mint egy t\u00falhajszolt l\u00f3, \u00e9s hogy leveg\u0151h\u00f6z jusson, kigombolja t\u00f6mzsi test\u00e9n megfesz\u00fcl\u0151 t\u00e9likab\u00e1tja legfels\u0151 gombj\u00e1t. Tekintete megakad a hengerform\u00e1j\u00fa hirdet\u0151oszlop megfakult, ny\u00e1rr\u00f3l ott maradt plak\u00e1tj\u00e1n. Egy karcs\u00fa, bikinis n\u0151 \u00e1ll a naps\u00fct\u00f6tte v\u00edzben, fej\u00e9n szalmakalap, kez\u00e9ben naptejes flakon.<\/p>\n\n\n\n<p>Micsoda dolog egy ilyen semmi kis ruhadarabban mutogatni mag\u00e1t!, kap \u00faj er\u0151re h\u00e1zs\u00e1rtos hangulata. \u00c9s nemcsak a szinte fedetlen mellek h\u00e1bor\u00edtj\u00e1k fel, de a napf\u00e9nyben f\u00fcrd\u0151 v\u00edzpart k\u00e9pe is. Mit ideges\u00edtik ilyenekkel az embert, el\u0151sz\u00f6r \u00e9s utolj\u00e1ra fiatal h\u00e1zask\u00e9nt voltak a Balatonon, szakszervezeti beutal\u00f3t kaptak, az\u00f3ta az a nyaral\u00e1s nekik, ha kimennek az \u00f6ccs\u00e9hez Soroks\u00e1rra, azt\u00e1n a kis h\u00eddon \u00e1ts\u00e9t\u00e1lnak a Moln\u00e1r-szigetre, a Berci pec\u00e1zik, \u0151k meg az \u00f6reggel b\u00e1mulj\u00e1k a kacs\u00e1kat.<\/p>\n\n\n\n<p>Naptej meg Balaton, ott eszi meg a rosseb ezt az eg\u00e9sz vil\u00e1got, emeli fel a f\u00f6ldr\u0151l a k\u00e9t cekkert, \u00e9s elindul a Pipacs utca huszonhat C jel\u0171 l\u00e9pcs\u0151h\u00e1za fel\u00e9.<\/p>\n\n\n\n<p>Felcihel\u0151dik az els\u0151 emeletre, megint le kell pakolni a szatyrokat, hogy el\u0151b\u00e1ny\u00e1ssza zseb\u00e9b\u0151l a lak\u00e1skulcsot. Nem b\u00edzhatja a f\u00e9rj\u00e9re, hogy z\u00e1rjon be ut\u00e1na, rossz a f\u00fcle annak a szerencs\u00e9tlennek, n\u00e9ha a cseng\u0151t se hallja meg, v\u00e1rhatna \u00edt\u00e9letnapig, hogy ajt\u00f3t nyisson neki, nyitva viszont nem hagyhatja, m\u00e9g illet\u00e9ktelen szem\u00e9lyek bes\u00e9t\u00e1lnak rajta, azt\u00e1n elvisznek valamit.<\/p>\n\n\n\n<p>Leh\u00fazza l\u00e1b\u00e1r\u00f3l m\u0171sz\u0151rrel b\u00e9lelt csizm\u00e1j\u00e1t, \u00fagy, mez\u00edtl\u00e1b viszi be a holmit a konyh\u00e1ba, azt\u00e1n visszal\u00e9p, gondosan bez\u00e1rja az ajt\u00f3t, a csizm\u00e1t \u00e9s a t\u00e9likab\u00e1tj\u00e1t pedig berakja az el\u0151szoba be\u00e9p\u00edtett szekr\u00e9ny\u00e9be.<\/p>\n\n\n\n<p>Miut\u00e1n elpakolja az \u00e9lelmiszert, bemegy a nappaliba, le\u00fcl a doh\u00e1nyz\u00f3asztal melletti fotelbe.<\/p>\n\n\n\n<p>A jobboldaliba, az az \u0151 helye.<\/p>\n\n\n\n<p>A szekr\u00e9nysort, \u00e9let\u00e9nek egyetlen vigasz\u00e1t b\u00e1mulja. Sz\u00edve lassan \u00e1tmelegszik.<\/p>\n\n\n\n<p>Annak idej\u00e9n a l\u00e9pcs\u0151h\u00e1zban csak a szomsz\u00e9d\u00e9kn\u00e1l volt telefon, nem v\u00e9letlen\u00fcl, hiszen Halmi fontos ember volt a gy\u00e1rban, p\u00e1rttitk\u00e1r, b\u00e1rmi t\u00f6rt\u00e9nhetett, \u00e9s akkor azonnal mennie kellett.<\/p>\n\n\n\n<p>\u00cdgy h\u00e1t, ha Jol\u00e1n telefon\u00e1lni akart (persze csak s\u00fcrg\u0151s esetekben), \u00e1tk\u00e9redzkedett hozz\u00e1juk. Ha v\u00e9gzett a telefon\u00e1l\u00e1ssal, Halmin\u00e9 n\u00e9ha beh\u00edvta \u0151t a nappaliba, igy\u00e1l egy k\u00e1v\u00e9t, Jol\u00e1nka. Ilyenkor \u00f3vatosan, f\u00e9lfen\u00e9kkel \u00fclt le a fotelbe, nehogy k\u00e1rt tegyen a v\u00f6r\u00f6s k\u00e1rpit b\u00e1rsonyos felsz\u00edn\u00e9n, \u00e9s \u00fajra meg \u00fajra megcsod\u00e1lta a szoba m\u00e9lt\u00f3s\u00e1gteljes, koloni\u00e1l szekr\u00e9nysor\u00e1t. Irigys\u00e9get azonban nem \u00e9rzett (\u00e9pp csak egy leheletnyit), egyr\u00e9szt, mert b\u00e1rmit papoltak a fene nagy egyenl\u0151s\u00e9gr\u0151l, meg hogy mindenkinek j\u00e1r a j\u00f3, \u0151 m\u00e1r r\u00e9gen tudta, mindig van, akinek t\u00f6bb jut bel\u0151le, m\u00e1sr\u00e9szt neki is volt szekr\u00e9nysora, igaz, berak\u00e1sok \u00e9s csavart oldall\u00e9cek n\u00e9lk\u00fcl.<\/p>\n\n\n\n<p>M\u00e9gsem hagyta nyugodni az a koloni\u00e1l szekr\u00e9nysor. Kuporgatni kezdett r\u00e1. Ha v\u00e9gzett a gy\u00e1rban, plusz munk\u00e1t v\u00e1llalt, \u00e9s b\u00e1r n\u00e9ha t\u00e1voli irodah\u00e1zakat takar\u00edtott ilyenkor, ha csak lehetett, nem sz\u00e1llt villamosra. F\u00e1radtan \u00e9rt haza, \u00e9s este, az \u00e1gyban, ha f\u00e9rje a h\u00e1l\u00f3inge al\u00e1 ny\u00falt, h\u00e1tat ford\u00edtott neki.<\/p>\n\n\n\n<p>De nemhi\u00e1ba g\u00fcrc\u00f6lt, v\u00e9gre megvehett\u00e9k a koloni\u00e1lt.<\/p>\n\n\n\n<p>Fel\u00e1ll, kimegy a f\u00fcrd\u0151szob\u00e1ba, egy flakon b\u00fator\u00e1pol\u00f3val \u00e9s egy puha ronggyal t\u00e9r vissza.<\/p>\n\n\n\n<p>Gy\u00f6ng\u00e9den, ak\u00e1r egy anya, aki let\u00f6rli gyermeke maszatos arc\u00e1t, tisztogatni kezdi a szekr\u00e9nysort.<\/p>\n<\/div>\n\n\n\n<p><\/p>\n\n\n\n<p><strong>2.<\/strong><\/p>\n\n\n\n<div class=\"wp-block-group is-vertical is-layout-flex wp-container-core-group-is-layout-8cf370e7 wp-block-group-is-layout-flex\">\n<p>Vas J\u00f3zsef nem volt t\u00e9tlen ember soha, harminc\u00f6t \u00e9vet h\u00fazott le a gy\u00e1rban, \u00e9s nem is ak\u00e1rhogy, a fi\u00f3kban \u0151rz\u00f6tt Kiv\u00e1l\u00f3 Dolgoz\u00f3 jelv\u00e9nyek b\u00e1rki el\u0151tt tan\u00fas\u00edthatj\u00e1k ezt. Hossz\u00fa \u00e9veken kereszt\u00fcl \u00f6tkor kelt, hatra bent volt a szerel\u0151csarnokban, azt\u00e1n (eg\u00e9szen addig, m\u00edg Jol\u00e1n ki nem jelentette, \u00faj szekr\u00e9nysort fognak venni) munka ut\u00e1n megivott egy s\u00f6rt a t\u00f6bbi szakival az Olimpia pressz\u00f3ban, mely a korszellemnek megfelel\u0151 c\u00e9gt\u00e1bla ellen\u00e9re maradt, ami volt. Egy kocsma.<\/p>\n\n\n\n<p>Azokban az id\u0151kben Tajti, a brig\u00e1dvezet\u0151je, ha valami fennakad\u00e1s volt a gy\u00e1rban, mindig azt mondogatta, ami el tud romlani, az el is romlik. H\u00e1t, elromlott.<\/p>\n\n\n\n<p>\u00d6tvenh\u00e1rom \u00e9ves volt, amikor bez\u00e1rt\u00e1k a gy\u00e1rat, \u00e9s \u0151 k\u00e9nyszernyugd\u00edjas lett. Akkoriban t\u00f6rt\u00e9nt, hogy egy d\u00e9lut\u00e1n, mik\u00f6zben c\u00e9ltalanul pakolgatott, az el\u0151szobaszekr\u00e9ny fels\u0151 polc\u00e1n (a dobozba h\u00e1nyt r\u00e9gi \u00fajs\u00e1gok k\u00f6z\u00f6tt) tal\u00e1lt egy nagyalak\u00fa ismeretterjeszt\u0151 f\u00fczetet a madarakr\u00f3l, \u00e9s elhat\u00e1rozta, h\u00e1tral\u00e9v\u0151 \u00e9let\u00e9t a vel\u00fck val\u00f3 foglalatoss\u00e1gnak szenteli. Etet\u0151ket eszk\u00e1b\u00e1lt hullad\u00e9kf\u00e1b\u00f3l, azt\u00e1n kirakta \u0151ket az erk\u00e9lyre \u00e9s n\u00e9h\u00e1nyat a terecske k\u00f6r\u00fcli f\u00e1kra is. Mi m\u00e1st tehetne, engedte el f\u00fcle mellett Jol\u00e1n g\u00fanyos megjegyz\u00e9seit a mad\u00e1retet\u00e9ssel kapcsolatban, ha megroggyant eg\u00e9szs\u00e9ge engedn\u00e9, akkor se tudna dolgozni, nem kell a nyugd\u00edjas sehol.<\/p>\n\n\n\n<p>Tulajdonk\u00e9ppen itthon sem.<\/p>\n\n\n\n<p>Vas most s\u00f6t\u00e9tk\u00e9k vattamell\u00e9nyben \u00e9s homlokba h\u00fazott, megviselt sv\u00e1jcisapk\u00e1ban az erk\u00e9lyen \u00e1ll. Neki sincs j\u00f3 napja, m\u00e9g a madarak etet\u00e9se sem jelent vigaszt sz\u00e1m\u00e1ra.<\/p>\n\n\n\n<p>Keser\u0171 gomb\u00f3c fesz\u00edti a tork\u00e1t. Tegnap volt a sz\u00fclet\u00e9snapja, a hetvenedik. Azt rem\u00e9lte, Jol\u00e1nnak majdcsak esz\u00e9be jut, meg\u00fcnneplik. De nem jutott esz\u00e9be.<\/p>\n\n\n\n<p>Se tegnap, se ma.<\/p>\n\n\n\n<p>Az ablakon \u00e1t l\u00e1tja a szob\u00e1ban \u00fcld\u00f6g\u00e9l\u0151 feles\u00e9g\u00e9t, de nem megy be hozz\u00e1, tov\u00e1bbra is a mad\u00e1retet\u0151k k\u00f6r\u00fcl b\u00edbel\u0151dik. Minek menne be, az asszony \u00fagyis csak azt a behem\u00f3t szekr\u00e9nysort b\u00e1mulja.<\/p>\n\n\n\n<p>\u00c9veken \u00e1t kuporgattak r\u00e1, mert Jol\u00e1n nem akart r\u00e9szletre v\u00e1s\u00e1rolni, b\u00e1rmi t\u00f6rt\u00e9nhet, nem tudnak fizetni, azt\u00e1n majd visszaveszik t\u0151l\u00fck.<\/p>\n\n\n\n<p>\u00cdgy h\u00e1t fizet\u00e9snapokon Vas J\u00f3zsef a teljes kereset\u00e9t \u00e1tadta feles\u00e9g\u00e9nek, n\u00e1la csak a <em>kitett <\/em>p\u00e9nz maradt, az a csek\u00e9lyke \u00f6sszeg, amit az asszony, miut\u00e1n akkur\u00e1tusan \u00e1tsz\u00e1molta a p\u00e9nzt, kis s\u00f3haj k\u00eds\u00e9ret\u00e9ben, na, ez akkor a ti\u00e9d, visszatett az asztalra. Futotta bel\u0151le a m\u0171szak ut\u00e1n egy s\u00f6rre, meg a kedvenc rejtv\u00e9ny\u00fajs\u00e1gj\u00e1ra.<\/p>\n\n\n\n<p>Azonban az \u00faj b\u00fatorra val\u00f3 gy\u0171jt\u00e9ssel \u00f6sszef\u00fcgg\u00e9sben ez a kitett p\u00e9nz egyre fogyatkozott, el\u0151sz\u00f6r csak a rejtv\u00e9ny\u00fajs\u00e1gr\u00f3l kellett lemondania, m\u00edgnem Jol\u00e1n m\u00e9g jobban megkurt\u00edtotta, \u00e9s (egy\u00fattal hat\u00e1rt szabva a pressz\u00f3ba val\u00f3 j\u00e1rogat\u00e1s gyakoris\u00e1g\u00e1nak) kijelentette, heti egy s\u00f6rre ennyi is el\u00e9g lesz.<\/p>\n\n\n\n<p>V\u00e9g\u00fcl \u00f6sszegy\u0171lt a p\u00e9nz. Megvett\u00e9k az \u00faj&nbsp; szekr\u00e9nysort, bezs\u00fafolt\u00e1k a nappaliba.<\/p>\n\n\n\n<p>Leveg\u0151t se kapni t\u0151le.<\/p>\n\n\n\n<p>Vas haragszik a szekr\u00e9nysorra, \u00e9s nemcsak a lemond\u00e1ssal j\u00e1r\u00f3 kuporgat\u00e1s miatt. B\u00e1r az orvos megmondta, Jol\u00e1nnak nem lehet gyereke, nincs el\u00e9g petesejtje, \u0151 m\u00e9gis a b\u00fatorra gy\u0171jt\u00f6get\u0151 id\u0151szak f\u00e1radt \u00e9jszak\u00e1it okolta medd\u0151 h\u00e1zass\u00e1guk\u00e9rt, amikor a feles\u00e9ge m\u00e9g le sem fek\u00fcdt, de m\u00e1r aludt. Haragszik, mintha csak a koloni\u00e1l miatt t\u00f6rt\u00e9nt volna, hogy a beteljes\u00fcletlen rem\u00e9nnyel egy\u00fctt lassan a szenved\u00e9ly is kihalt bel\u0151l\u00fck.<\/p>\n<\/div>\n\n\n\n<p><strong>3.<\/strong><\/p>\n\n\n\n<div class=\"wp-block-group is-vertical is-layout-flex wp-container-core-group-is-layout-8cf370e7 wp-block-group-is-layout-flex\">\n<p>Vas J\u00f3zsef f\u00e1zni kezd. Nem is vettem \u00e9szre, hogy megj\u00f6tt\u00e9l, anyus, f\u00fcllenti, ahogy bel\u00e9p az erk\u00e9lyr\u0151l.<\/p>\n\n\n\n<p>Pedig vak m\u00e9g nem vagy, csak s\u00fcket, veti oda neki a szekr\u00e9nysort tisztogat\u00f3 Julajda Jol\u00e1n, meg \u00e9rtetlen is, m\u00e1r sz\u00e1zszor megmondtam, hogy a maszatos kezeddel ne fogdosd a koloni\u00e1lt!<\/p>\n\n\n\n<p>Vas egy darabig \u00e1lldog\u00e1l, szeme feles\u00e9ge kez\u00e9re tapad, ahogy a r\u00f3zsasz\u00edn ronggyal a szekr\u00e9nyt t\u00f6r\u00f6lgeti. Ezerszer l\u00e1tta m\u00e1r ezt a mozdulatot. Megint a szekr\u00e9nyt suvickolja, nyelt egyet ilyenkor, de most egy m\u00e1sik sz\u00f3 jut esz\u00e9be. Simogatja.<\/p>\n\n\n\n<p>Megfordul, elindul a konyha fel\u00e9. Kinyitja a h\u0171t\u0151szekr\u00e9ny ajtaj\u00e1t, kiveszi a v\u00f6d\u00f6r form\u00e1j\u00fa zs\u00edrosdobozt. Belemarkol, k\u00e9t kez\u00e9t \u00f6sszed\u00f6rzs\u00f6lve eloszlatja tenyer\u00e9n a dermedt zsirad\u00e9kot.<\/p>\n\n\n\n<p>Jol\u00e1n m\u00e9g mindig a szekr\u00e9nysort f\u00e9nyes\u00edti, amikor Vas visszaj\u00f6n a nappaliba. K\u00f6ny\u00f6kkel eltolja az asszonyt, nem durv\u00e1n, csak egy olyan ember mozdulat\u00e1val, akinek hat\u00e1rozott c\u00e9lja van, \u00e9s nem fogja hagyni, hogy megakad\u00e1lyozz\u00e1k annak el\u00e9r\u00e9s\u00e9ben.<\/p>\n\n\n\n<p>M\u00f3dszeresen, ak\u00e1r a fest\u0151, aki v\u00e1sznat alapoz egy \u00faj k\u00e9p al\u00e1, zs\u00edros tenyer\u00e9vel v\u00e9gigm\u00e1zolja a k\u00e9t ruh\u00e1s szekr\u00e9nyt, azt\u00e1n a nippekkel teli polcosat, majd a TV \u00e1llv\u00e1nyt is.<\/p>\n\n\n\n<p>M\u00e1r a vitrin \u00fcveg\u00e9n\u00e9l j\u00e1r, amikor az addig b\u00e9nultan \u00e1lldog\u00e1l\u00f3 Julajda Jol\u00e1n felsikolt, hagyd abba! R\u00e1veti mag\u00e1t az elsz\u00e1ntan dolgoz\u00f3 Vas J\u00f3zsefre, t\u00e9pi \u00e9s karmolja, ahol \u00e9ri. Hi\u00e1ba.<\/p>\n\n\n\n<p>Kifogy bel\u0151le a szusz, a fotelba roskad. Szem\u00e9b\u0151l k\u00f6nny pereg.<\/p>\n\n\n\n<p>\u00c9s kifullad Vas J\u00f3zsef is. Zs\u00edros kez\u00e9t meleg\u00edt\u0151nadr\u00e1gj\u00e1ba t\u00f6rli, azt\u00e1n \u0151 is le\u00fcl.<\/p>\n\n\n\n<p>A baloldali fotelba, mert az az \u0151 helye.<\/p>\n\n\n\n<p>N\u00e9m\u00e1n b\u00e1mulj\u00e1k a szekr\u00e9nysort.<\/p>\n\n\n\n<p>A koloni\u00e1lt.<\/p>\n<\/div>\n","protected":false},"excerpt":{"rendered":"<p>A koloni\u00e1l 1. Hogy a hazafel\u00e9 vezet\u0151 utat ler\u00f6vid\u00edtse, Vasn\u00e9 Julajda Jol\u00e1n \u00e1tbaktat a hepehup\u00e1s t\u00e9ren. Rossz napja van megint, k\u00e9t t\u00f6m\u00f6tt cekkert cipel, majd megszakad bel\u00e9. A kar\u00e1csonyi \u00fcnnepekre v\u00e1s\u00e1rolt be, \u00f6tsz\u00e1z forintot k\u00e9rtek egy doboz toj\u00e1s\u00e9rt, a h\u00fasr\u00f3l, &hellip; <a href=\"https:\/\/opus-folyoirat.sk\/?page_id=3532\">Egy kattint\u00e1s ide a folytat\u00e1shoz&#8230;. <span class=\"meta-nav\">&rarr;<\/span><\/a><\/p>\n","protected":false},"author":4,"featured_media":0,"parent":0,"menu_order":0,"comment_status":"closed","ping_status":"closed","template":"","meta":{"footnotes":""},"class_list":["post-3532","page","type-page","status-publish","hentry"],"_links":{"self":[{"href":"https:\/\/opus-folyoirat.sk\/index.php?rest_route=\/wp\/v2\/pages\/3532","targetHints":{"allow":["GET"]}}],"collection":[{"href":"https:\/\/opus-folyoirat.sk\/index.php?rest_route=\/wp\/v2\/pages"}],"about":[{"href":"https:\/\/opus-folyoirat.sk\/index.php?rest_route=\/wp\/v2\/types\/page"}],"author":[{"embeddable":true,"href":"https:\/\/opus-folyoirat.sk\/index.php?rest_route=\/wp\/v2\/users\/4"}],"replies":[{"embeddable":true,"href":"https:\/\/opus-folyoirat.sk\/index.php?rest_route=%2Fwp%2Fv2%2Fcomments&post=3532"}],"version-history":[{"count":2,"href":"https:\/\/opus-folyoirat.sk\/index.php?rest_route=\/wp\/v2\/pages\/3532\/revisions"}],"predecessor-version":[{"id":3534,"href":"https:\/\/opus-folyoirat.sk\/index.php?rest_route=\/wp\/v2\/pages\/3532\/revisions\/3534"}],"wp:attachment":[{"href":"https:\/\/opus-folyoirat.sk\/index.php?rest_route=%2Fwp%2Fv2%2Fmedia&parent=3532"}],"curies":[{"name":"wp","href":"https:\/\/api.w.org\/{rel}","templated":true}]}}