{"id":3668,"date":"2025-06-01T11:43:00","date_gmt":"2025-06-01T09:43:00","guid":{"rendered":"https:\/\/opus-folyoirat.sk\/?page_id=3668"},"modified":"2026-01-14T11:45:36","modified_gmt":"2026-01-14T09:45:36","slug":"grecso-fele-szomoru-izgulas-avagy-menekules-a-lagerbol","status":"publish","type":"page","link":"https:\/\/opus-folyoirat.sk\/?page_id=3668","title":{"rendered":"Grecs\u00f3-f\u00e9le szomor\u00fa izgul\u00e1s, avagy menek\u00fcl\u00e9s a l\u00e1gerb\u0151l"},"content":{"rendered":"<div class=\"has-text-align-right wp-block-post-date\"><time datetime=\"2025-06-01T11:43:00+02:00\">2025-06-01<\/time><\/div>\n\n\n<p>Ha azt mondom V\u00edgsz\u00ednh\u00e1z \u00e9s <em>P\u00e1l utcai fi\u00fak,<\/em> akkor azt hiszem senki nem ig\u00e9nyel r\u00e9szletesebb magyar\u00e1zatot. E 2016-ban sz\u00ednpadra \u00e1ll\u00edtott \u00e9s bemutatott darabot nagy val\u00f3sz\u00edn\u0171s\u00e9ggel mindenki ismeri, ha nem is volt szerencs\u00e9je megtekinteni, bizony\u00e1ra m\u00e1r hallott r\u00f3la. Nos, ez a Moln\u00e1r Ferenc azonos c\u00edm\u0171 reg\u00e9ny\u00e9n alapul\u00f3 musical h\u00e1rom nagyszer\u0171 m\u0171v\u00e9sz keze munk\u00e1ja, akik k\u00f6z\u00fcl a sz\u00f6vegk\u00f6nyv\u00e9rt felel\u0151s illet\u00e9kes maga volt az elismert kort\u00e1rs \u00edr\u00f3 \u00e9s k\u00f6lt\u0151, Grecs\u00f3 Kriszti\u00e1n. Hatalmas sikert aratott ez az el\u0151ad\u00e1suk, \u00e9s az\u00f3ta is t\u00f6retlen\u00fcl sz\u00e1guld el\u0151re a sz\u00ednt\u00e1rsulat nagy \u00f6r\u00f6m\u00e9re, azonban ahogyan a k\u00f6z\u00f6ns\u00e9g sem tudja megunni \u00e9s elfelejteni, \u00fagy a szerz\u0151 sem tudott igaz\u00e1n elszakadni Nemecsek\u00e9k \u00e9s a h\u0171n szeretett Grundjuk hangulat\u00e1t\u00f3l. Sz\u00e1z sz\u00e1zal\u00e9kosan benne volt \u00e9s l\u00e1tsz\u00f3lag eg\u00e9szen 2019-ig benne is maradt ebben a munk\u00e1j\u00e1ban, ugyanis nemr\u00e9giben kiadott reg\u00e9nye, a <em>Vera <\/em>hasonl\u00f3an \u00e1br\u00e1zolja \u00e9s taglalja a gyermekkor legk\u00fcl\u00f6nf\u00e9l\u00e9bb sz\u00ednekben megfestett hangjait \u00e9s az azokhoz t\u00e1rsul\u00f3 feln\u0151tt, vagy legal\u00e1bb is feln\u0151ttszer\u0171 reakci\u00f3kat.<\/p>\n\n\n\n<p>A t\u00f6rt\u00e9net a f\u0151szerepl\u0151 kisl\u00e1ny legjobb bar\u00e1tn\u0151je \u00e9desapj\u00e1nak, B\u00e9la b\u00e1csinak a sz\u00fclet\u00e9snapi \u00fcnneps\u00e9g\u00e9n indul. A 10 \u00e9ves Vera a sz\u00fcleivel \u00e9rkezik a lak\u00e1sra, ahol tervei szerint azzal t\u00f6lti majd a d\u00e9lut\u00e1nt, hogy S\u00e1rival bab\u00e1zik a gyerekszob\u00e1ban. \u00c1m amint meg\u00e9rkeznek, \u00e9szlelhet\u0151 valami k\u00fcl\u00f6n\u00f6s v\u00e1ltoz\u00e1s, S\u00e1rinak aznap nincs kedve j\u00e1tszani, ink\u00e1bb idej\u00e9t a feln\u0151ttek t\u00e1rsas\u00e1g\u00e1ban szeretn\u00e9 t\u00f6lteni, m\u00e1r-m\u00e1r az \u00e1tlagosn\u00e1l is jobban produk\u00e1lja mag\u00e1t. Ekkor v\u00e1ratlanul k\u00e9t \u00faj vend\u00e9g \u00e9rkezik: Jakab b\u00e1csi \u00e9s fia, az \u00f6t\u00f6dikes J\u00f3zef, akivel Vera azon nyomban egy hull\u00e1mhosszra ker\u00fcl, szinte az eg\u00e9sz d\u00e9lut\u00e1nt egym\u00e1s t\u00e1rsas\u00e1g\u00e1ban t\u00f6ltik a teraszon. A fi\u00fa rengeteget mes\u00e9l Ver\u00e1nak az otthon\u00e1r\u00f3l, Lengyelorsz\u00e1gr\u00f3l, \u00e9s hogy majd egyszer mindenk\u00e9ppen elviszi oda a l\u00e1nyt egy romantikus barlangi cs\u00f3nak\u00e1z\u00e1sra. Vera b\u00e1mulattal hallgatja a t\u00f6rt\u00e9netet, mag\u00e1ban arra gondol, b\u00e1r m\u00e1r aznap elinduln\u00e1nak kettesben felfedezni ezeket a var\u00e1zslatosnak t\u0171n\u0151 helyeket. Ez a tal\u00e1lkoz\u00e1s fenekest\u00fcl felford\u00edtja a kisl\u00e1ny addig \u00e1tlagosnak v\u00e9lt \u00e9let\u00e9t: mintadi\u00e1k \u00e9s \u00e9lsportol\u00f3 st\u00e1tusza megv\u00e1ltozik, f\u00e9lt\u00e9kenys\u00e9ge miatt elt\u00e1volodik egyetlen bar\u00e1tn\u0151j\u00e9t\u0151l, aki mindaddig a vil\u00e1got jelentette sz\u00e1m\u00e1ra, ellenszeg\u00fcl sz\u00fclei \u00e9s edz\u0151je akarat\u00e1nak. Innent\u0151l kezdve folyamatosan csal\u00f3dik az \u0151t k\u00f6r\u00fclvev\u0151 vil\u00e1gban, \u00e9lethelyzete \u00e9s vil\u00e1gn\u00e9zete radik\u00e1lisan megv\u00e1ltozik, s mindezek kavalk\u00e1dj\u00e1ban az egyetlen \u0151szinte \u00e9s igaz jelens\u00e9gnek a kamaszfi\u00fat l\u00e1tja. Kiz\u00e1r\u00f3lag csak \u0151t \u00e9rzi biztos pontnak az \u00e9let\u00e9ben, akiben felt\u00e9tel n\u00e9lk\u00fcl megb\u00edzhat \u00e9s aki minden helyzetben mellette van \u00e9s megmenti \u0151t \u2013 h\u0151s lovagk\u00e9nt ak\u00e1r m\u00e9g egy s\u00e1ros g\u00f6d\u00f6r m\u00e9ly\u00e9r\u0151l is kiszabad\u00edtja.<\/p>\n\n\n\n<p>Eleinte igyekszik ugyan ker\u00fclni J\u00f3zefet, pr\u00f3b\u00e1l nem tudom\u00e1st venni a l\u00e9tez\u00e9s\u00e9r\u0151l \u00e9s a vele j\u00e1r\u00f3 \u00e1lland\u00f3 probl\u00e9m\u00e1kr\u00f3l, azonban nem sok\u00e1ig tud ellen\u00e1llni a megmagyar\u00e1zhatatlan, ugyanakkor felett\u00e9bb intenz\u00edv vonzalomnak, melyet ir\u00e1nta \u00e9rez az els\u0151 pillanatt\u00f3l kezdve.<\/p>\n\n\n\n<p>Emellett a m\u00e1sik jelent\u0151s sz\u00e1l a reg\u00e9nyben a csal\u00e1di titok, melyet a sz\u00fcl\u0151k a kezdetekt\u0151l fogva rejtegetnek Vera el\u0151l. Olvas\u00f3k\u00e9nt els\u0151 \u00edzben akkor kezd\u00fcnk gyanakodni, mikor a c\u00edmszerepl\u0151t egy es\u0151s napon egy ismeretlen id\u0151s h\u00e1zasp\u00e1r fogadja be mag\u00e1hoz. Felt\u0171n\u0151en nagy odafigyel\u00e9ssel viseltetnek Vera ir\u00e1ny\u00e1ba, simogatj\u00e1k d\u00e9delgetik, mintha csak a saj\u00e1t gyermek\u00fck vagy kisunok\u00e1juk lenne. Ennek hat\u00e1s\u00e1ra k\u00e9rd\u00e9sek milli\u00f3i fogalmaz\u00f3dnak meg a kisl\u00e1nyban, viszont eleinte nem mer tudakoz\u00f3dni a v\u00e1laszok fel\u0151l. Id\u0151vel azonban egyre t\u00f6bb inform\u00e1ci\u00f3 t\u00f6r felsz\u00ednre az akarata \u00e9s igyekezete ellen\u00e9re is, k\u00f6sz\u00f6nhet\u0151en t\u00f6bbek k\u00f6zt bar\u00e1tn\u0151j\u00e9nek, S\u00e1rinak is, aki egyik nap d\u00fcht\u0151l vez\u00e9relve d\u00f6nti le Ver\u00e1ban az annak lelk\u00e9t m\u00e9g \u00f3v\u00f3 falakat mind\u00f6ssze egyetlen mondattal:<\/p>\n\n\n\n<p><em>\u201eNeked a mam\u00e1d nem is a mam\u00e1d!\u201d<\/em><\/p>\n\n\n\n<p>\u00c9s ezzel egy igazi domin\u00f3-effektust ind\u00edt el Grecs\u00f3 a reg\u00e9nyben, innent\u0151l felgyorsulnak az esem\u00e9nyek, \u00f6sszekusz\u00e1l\u00f3dnak a sz\u00e1lak \u00e9s a jelenetek filmszer\u0171en p\u00f6r\u00f6gni kezdenek. Az \u00e9rdekess\u00e9g viszont az, hogy ezeket a sz\u00f6vev\u00e9nyes epiz\u00f3dokat az olvas\u00f3 nem is bogozhatja ki igaz\u00e1n m\u00e9g a z\u00e1r\u00f3 fejezetben sem, hiszen egyszer\u0171en elmos\u00f3dik a hat\u00e1r \u00e1lom \u00e9s val\u00f3s\u00e1g, az igaz t\u00f6rt\u00e9net \u00e9s a hazugs\u00e1g k\u00f6z\u00f6tt.<\/p>\n\n\n\n<p>A szakemberek t\u00f6bbs\u00e9ge ezt az alkot\u00e1st az ifj\u00fas\u00e1gi irodalom kateg\u00f3ri\u00e1j\u00e1ba sorolja els\u0151sorban t\u00e1rgya, k\u00f6nnyed st\u00edlusa \u00e9s nyelvezete miatt. Egy\u00e9rtelm\u0171en ezek az aspektusok teszik egy k\u00f6nnyed \u00e9s \u00e9lvezhet\u0151 olvasm\u00e1nny\u00e1 Grecs\u00f3 Kriszti\u00e1n leg\u00fajabb reg\u00e9ny\u00e9t, de ha k\u00f6zelebbr\u0151l vessz\u00fck szem\u00fcgyre a m\u0171vet, akkor gyorsan \u00e9szrevehetj\u00fck, hogy mindez ink\u00e1bb csak \u00e1lca, mely az 1980-as \u00e9vek K\u00e1d\u00e1r-korszak\u00e1t hivatott \u00e1br\u00e1zolni egy kisiskol\u00e1s szem\u00e9lyes sors\u00e1n kereszt\u00fcl. Korfest\u00e9se k\u00e9ts\u00e9gk\u00edv\u00fcl kifog\u00e1stalan, az esem\u00e9nyek helysz\u00edne Szeged v\u00e1rosa, ahogy az a k\u00f6nyv bor\u00edt\u00f3j\u00e1n is l\u00e1that\u00f3, azonban val\u00f3j\u00e1ban csak d\u00edszletk\u00e9nt szolg\u00e1l a t\u00f6rt\u00e9netben, jelenlegi lak\u00f3i is puszt\u00e1n a val\u00f3s terek \u00e9s utc\u00e1k elnevez\u00e9seit olvasva \u00e9rezhetik magukat n\u00e9mileg k\u00f6zelebb a szerepl\u0151k mindennapjaihoz.<\/p>\n\n\n\n<p>A szerz\u0151 olyan probl\u00e9m\u00e1kat elemez egy t\u00edz \u00e9ves kisl\u00e1ny szem\u00e9n kereszt\u00fcl, amik mindny\u00e1junkat \u00e9rintenek \u00e9let\u00fcnk valamely szakasz\u00e1ban. Egyszer ny\u00edltan, m\u00e1sszor abszol\u00fat rejtett m\u00f3don teszi mindezt, boncolgatott t\u00e9mak\u00f6rei k\u00f6zt szerepel az \u00f6r\u00f6kbefogad\u00e1s, csal\u00e1d, iskolai zaklat\u00e1s, kamaszkor, els\u0151 szerelem, a n\u0151v\u00e9 v\u00e1l\u00e1s folyamata, illetve elvont t\u00e1rsadalmi fogalmak, mint p\u00e9ld\u00e1ul a nemzeti identit\u00e1s vagy a sokszor tabuk\u00e9nt kezelt K\u00e1d\u00e1r-korszak.<\/p>\n\n\n\n<p>A cselekm\u00e9ny egyes sz\u00e1m harmadik szem\u00e9lyben fogalmaz\u00f3dik meg, \u00e1m a n\u00e9z\u0151pont szubjekt\u00edv, csak Vera gondolataiba kapunk betekint\u00e9st, az \u0151 szemsz\u00f6g\u00e9b\u0151l olvassuk a reg\u00e9nyt, ezzel azonban szinte teljesen lehetetlenn\u00e9 v\u00e1lik a f\u0151szerepl\u0151vel val\u00f3 azonosul\u00e1st.<\/p>\n\n\n\n<p>Vera jelleme nagyon komplex, r\u00e9szletesen kidolgozott, de id\u0151nk\u00e9nt ellentmond\u00e1sokba \u00fctk\u00f6z\u00fcnk szem\u00e9lyis\u00e9g\u00e9nek megfejt\u00e9s\u00e9vel kapcsolatban. Legf\u0151bb tev\u00e9kenys\u00e9ge az eg\u00e9sz t\u00f6rt\u00e9net lefoly\u00e1sa alatt, hogy alaposan megfigyeli a k\u00f6rnyezet\u00e9t, \u00e9s \u00e9rtelmezi az esem\u00e9nyek \u00e9s az emberek \u00e1ltal kiv\u00e1ltott m\u00f3dosul\u00e1sokat, a saj\u00e1t mag\u00e1ban lezajl\u00f3, sz\u00e1m\u00e1ra \u00faj \u00e9s ismeretlen folyamatokat. Tulajdonk\u00e9ppen ez a m\u0171 t\u00e1rgya: a kisl\u00e1ny \u00e9rtelmi, \u00e9rzelmi \u00e9s testi \u00e9r\u00e9se. Vera fokozatosan, l\u00e9p\u00e9sr\u0151l l\u00e9p\u00e9sre d\u00f6bben r\u00e1 a m\u00faltban lappang\u00f3 titokra, okos l\u00e1ny l\u00e9v\u00e9n rengeteg k\u00e9rd\u00e9s mer\u00fcl fel benne, \u00e1m k\u00fcl\u00f6n\u00f6s m\u00f3don ezeket m\u00e9gsem meri feltenni csal\u00e1dj\u00e1nak \u00e9s bar\u00e1tainak. \u00c9rdekess\u00e9g azonban, hogy nem ez a r\u00e9g \u0151rz\u00f6tt rejt\u00e9ly \u00e1ll a cselekm\u00e9ny k\u00f6z\u00e9ppontj\u00e1ban, ez a magyar\u00e1zata annak, hogy az olvas\u00f3 mi\u00e9rt d\u00f6bben r\u00e1 sokkal hamarabb a h\u00e1tt\u00e9rinform\u00e1ci\u00f3kra, mint Vera, hiszen nem az a reg\u00e9ny c\u00e9lja, hogy a kisl\u00e1nyt eljuttassa eddig a felismer\u00e9sig. Alakj\u00e1n kereszt\u00fcl r\u00e1eszm\u00e9lhet\u00fcnk arra is, hogy a zaklat\u00e1s tulajdonk\u00e9ppen mennyire k\u00e9pl\u00e9keny jelens\u00e9g, hiszen akarata ellen\u00e9re \u0151 is ker\u00fcl zaklat\u00f3i helyzetbe, egyszer\u0171en ezt v\u00e1ltja ki bel\u0151le az aktu\u00e1lis szitu\u00e1ci\u00f3 \u00e9s a viszonyok gyors \u00e9s er\u0151teljes v\u00e1ltoz\u00e1sa.<\/p>\n\n\n\n<p>Ahogy haladunk el\u0151re az id\u0151ben, Vera vil\u00e1gn\u00e9zete fordul\u00f3ponthoz \u00e9r, melyet a prec\u00edz strukt\u00far\u00e1j\u00fa szerelmi sz\u00e1l v\u00e1lt ki. Hirtelen, szinte egyik napr\u00f3l a m\u00e1sikra h\u00e1tra hagyja j\u00f3tanul\u00f3 mivolt\u00e1t, elt\u00e1volodik egyetlen \u0151szinte bar\u00e1tn\u0151j\u00e9t\u0151l, mindennel \u00e9s mindenkivel ellenszeg\u00fcl, akit addig tisztelt \u00e9s szeretett. Ez az \u00e9rzelmi viszony azonban helyenk\u00e9nt roppant zavarbaejt\u0151 lehet az olvas\u00f3k\u00f6z\u00f6ns\u00e9gnek, ugyanis a c\u00edmszerepl\u0151nk m\u00e9g csak negyedikes, teh\u00e1t egy\u00e9rtelm\u0171en t\u00falzottan fiatal az ilyen \u201etest\u00e9ben \u00e9rzett bizserg\u00e9st\u201d kiv\u00e1lt\u00f3, szexu\u00e1lis izgalommal f\u0171t\u00f6tt, gyomr\u00e1ban \u201eszomor\u00fa izgul\u00e1st\u201d el\u0151id\u00e9z\u0151 kapcsolatra. Feltehet\u0151en n\u00e9mi hiba cs\u00faszhatott Vera jellem\u00e1br\u00e1zol\u00e1s\u00e1ba \u00e9s em\u00f3ci\u00f3inak megform\u00e1l\u00e1s\u00e1ba, hiszen mindemellett pedig \u00f3vod\u00e1sokra jellemz\u0151 megnyilv\u00e1nul\u00e1sai vannak (karamell\u00e1s tej, rendszeres esti mese, pl\u00fcss\u00e1llatok), melyeket J\u00f3zef v\u00e1ratlan felbukkan\u00e1sa sem v\u00e1ltoztat vagy sz\u0171ntet meg igaz\u00e1n, ezzel elvetve az egyetlen lehets\u00e9ges logikus magyar\u00e1zatot a befogad\u00f3 r\u00e9sz\u00e9r\u0151l.<\/p>\n\n\n\n<p>A m\u00e1sik f\u0151szerepl\u0151nk, az \u00f6t\u00f6dikes serd\u00fcl\u0151 fi\u00fa kett\u0151s identit\u00e1sa \u2013 lengyel-magyar \u2013 nincs nagy jelent\u0151s\u00e9ggel a t\u00f6rt\u00e9net lefoly\u00e1s\u00e1ra, puszt\u00e1n egyetlen c\u00e9lt szolg\u00e1l: Grecs\u00f3 az \u0151 v\u00e9gleges elutaz\u00e1s\u00e1val tudta megteremteni a szerelmesek \u00f6r\u00f6kre sz\u00f3l\u00f3 elv\u00e1l\u00e1s\u00e1t. Ezen k\u00edv\u00fcl esetleges funkci\u00f3ja lehet m\u00e9g, hogy szl\u00e1v sz\u00e1rmaz\u00e1sa okot adhat az iskolai zaklat\u00e1sra, melyet elszenvedett, valamint er\u0151szakos viselked\u00e9s\u00e9re az \u0151t g\u00fanyol\u00f3kkal szemben.<\/p>\n\n\n\n<p>Ahogy fejezetr\u0151l fejezetre haladunk el\u0151re, egyre t\u00f6bb k\u00e9rd\u00e9s vet\u0151dhet fel benn\u00fcnk, amik a r\u00e9gi s\u00e9relmekb\u0151l \u00e9s hazugs\u00e1gokb\u00f3l erednek traum\u00e1kat gener\u00e1lva. Ki a reg\u00e9ny elej\u00e9n megjelen\u0151 id\u0151s h\u00e1zasp\u00e1r? Kik Vera v\u00e9rszerinti sz\u00fclei? Hogyan k\u00f6t\u0151dik egym\u00e1shoz a Gerdai \u00e9s a T\u00e1trai csal\u00e1d?<\/p>\n\n\n\n<p>Val\u00f3ban \u00e1lmodta csup\u00e1n Vera nagyapja hal\u00e1l\u00e1t, vagy csak az \u00e9desanyja hazudik neki, hogy v\u00e9dje \u0151t?<\/p>\n\n\n\n<p>Grecs\u00f3 Kriszti\u00e1n els\u0151dleges c\u00e9lja a k\u00f6nyv meg\u00edr\u00e1s\u00e1val a csal\u00e1dnak, mint fogalomnak a kifejt\u00e9se volt, melyet t\u00f6k\u00e9letesen \u00e9s f\u00e9lre\u00e9rthetetlen\u00fcl k\u00f6zvet\u00edt. Egyfajta sorsk\u00f6z\u00f6ss\u00e9gk\u00e9nt defini\u00e1lja, sz\u00e1m\u00e1ra nem v\u00e9r \u00e1ltali k\u00f6tel\u00e9k, hanem teljes eg\u00e9sz\u00e9ben m\u00e9ly \u00e9rzelmi alapokon nyugv\u00f3 csoport, ezzel t\u00e9ve szinte margin\u00e1liss\u00e1 a megv\u00e1laszolatlan tal\u00e1nyt, hogy kik is a kisl\u00e1ny val\u00f3s sz\u00fclei.<\/p>\n\n\n\n<p>Egy igaz\u00e1n brav\u00faros csavarral kelt az olvas\u00f3j\u00e1ban bizonytalans\u00e1got azzal kapcsolatban, hogy val\u00f3j\u00e1ban mi is hazugs\u00e1g \u00e9s mi nem az, hiszen a m\u0171 v\u00e9g\u00e9n a l\u00e1nyt egy borzalmas l\u00e1z\u00e1lomb\u00f3l \u00e9breszti fel, \u00edgy teh\u00e1t visszamen\u0151leg a megbeteged\u00e9se kezdet\u00e9ig az elbesz\u00e9l\u00e9s szavahihet\u0151s\u00e9ge megk\u00e9rd\u0151jelezhet\u0151v\u00e9 v\u00e1lik, \u00edgy b\u00edzva r\u00e1 mindenkire szem\u00e9ly szerint, hogy mit tart hazugs\u00e1gnak.<\/p>\n\n\n\n<p>V\u00e9gs\u0151soron l\u00e1thatjuk mekkora felel\u0151ss\u00e9get v\u00e1llalt ezzel mag\u00e1ra az \u00edr\u00f3, hiszen sz\u00f3 mi sz\u00f3, a <em>Vera<\/em> a fontoss\u00e1g\u00e1t \u00e9s n\u00e9pszer\u0171s\u00e9g\u00e9t nagy m\u00e9rt\u00e9kben k\u00f6sz\u00f6nheti Grecs\u00f3 Kriszti\u00e1n m\u00e1r megl\u00e9v\u0151 h\u00edrnev\u00e9nek. Egy borzaszt\u00f3 \u00e9rz\u00e9keny t\u00f6rt\u00e9net ez, mely t\u00f6k\u00e9letes bizony\u00edt\u00e9ka annak, hogy valaki nem akkor kezd igaz\u00e1n feln\u0151ni, mikor annak m\u00e1r l\u00e1that\u00f3 jelei vannak, hanem amikor v\u00e9gre \u00e9szreveszi \u00e9s befogadja a hom\u00e1lyos nyomait az \u00e9letnek, melyeket addig zsigerb\u0151l figyelmen k\u00edv\u00fcl hagyott. M\u00e1r a nyit\u00f3jelenetn\u00e9l is \u00e9rz\u00e9kelj\u00fck, hogy valami nagyon nincs rendben, de nem tudjuk igaz\u00e1n, hogy mi kelti benn\u00fck ezt az \u00e9rz\u00e9st, \u00e1m a m\u0171 v\u00e9g\u00e9re r\u00e1j\u00f6v\u00fcnk, hogy val\u00f3j\u00e1ban soha semmi sem volt rendj\u00e9n az eg\u00e9sz kialak\u00edtott k\u00e9pet illet\u0151en.<\/p>\n\n\n\n<p class=\"has-text-align-right\"><em>Fekete T\u00fcnde<\/em><\/p>\n","protected":false},"excerpt":{"rendered":"<p>Ha azt mondom V\u00edgsz\u00ednh\u00e1z \u00e9s P\u00e1l utcai fi\u00fak, akkor azt hiszem senki nem ig\u00e9nyel r\u00e9szletesebb magyar\u00e1zatot. E 2016-ban sz\u00ednpadra \u00e1ll\u00edtott \u00e9s bemutatott darabot nagy val\u00f3sz\u00edn\u0171s\u00e9ggel mindenki ismeri, ha nem is volt szerencs\u00e9je megtekinteni, bizony\u00e1ra m\u00e1r hallott r\u00f3la. Nos, ez a &hellip; <a href=\"https:\/\/opus-folyoirat.sk\/?page_id=3668\">Egy kattint\u00e1s ide a folytat\u00e1shoz&#8230;. <span class=\"meta-nav\">&rarr;<\/span><\/a><\/p>\n","protected":false},"author":4,"featured_media":0,"parent":0,"menu_order":0,"comment_status":"closed","ping_status":"closed","template":"","meta":{"footnotes":""},"class_list":["post-3668","page","type-page","status-publish","hentry"],"_links":{"self":[{"href":"https:\/\/opus-folyoirat.sk\/index.php?rest_route=\/wp\/v2\/pages\/3668","targetHints":{"allow":["GET"]}}],"collection":[{"href":"https:\/\/opus-folyoirat.sk\/index.php?rest_route=\/wp\/v2\/pages"}],"about":[{"href":"https:\/\/opus-folyoirat.sk\/index.php?rest_route=\/wp\/v2\/types\/page"}],"author":[{"embeddable":true,"href":"https:\/\/opus-folyoirat.sk\/index.php?rest_route=\/wp\/v2\/users\/4"}],"replies":[{"embeddable":true,"href":"https:\/\/opus-folyoirat.sk\/index.php?rest_route=%2Fwp%2Fv2%2Fcomments&post=3668"}],"version-history":[{"count":1,"href":"https:\/\/opus-folyoirat.sk\/index.php?rest_route=\/wp\/v2\/pages\/3668\/revisions"}],"predecessor-version":[{"id":3669,"href":"https:\/\/opus-folyoirat.sk\/index.php?rest_route=\/wp\/v2\/pages\/3668\/revisions\/3669"}],"wp:attachment":[{"href":"https:\/\/opus-folyoirat.sk\/index.php?rest_route=%2Fwp%2Fv2%2Fmedia&parent=3668"}],"curies":[{"name":"wp","href":"https:\/\/api.w.org\/{rel}","templated":true}]}}