{"id":3746,"date":"2025-05-26T17:59:00","date_gmt":"2025-05-26T15:59:00","guid":{"rendered":"https:\/\/opus-folyoirat.sk\/?page_id=3746"},"modified":"2026-01-14T14:02:34","modified_gmt":"2026-01-14T12:02:34","slug":"biro-szabolcs","status":"publish","type":"page","link":"https:\/\/opus-folyoirat.sk\/?page_id=3746","title":{"rendered":"B\u00edr\u00f3 Szabolcs:"},"content":{"rendered":"\n<div class=\"wp-block-group is-vertical is-layout-flex wp-container-core-group-is-layout-8cf370e7 wp-block-group-is-layout-flex\">\n<p><strong>A pusztul\u00e1s dala<\/strong><\/p>\n\n\n\n<p><em>(reg\u00e9nyr\u00e9szlet)<\/em><\/p>\n<\/div>\n\n\n<div class=\"has-text-align-right wp-block-post-date\"><time datetime=\"2025-05-26T17:59:00+02:00\">2025-05-26<\/time><\/div>\n\n\n<div class=\"wp-block-group is-vertical is-content-justification-right is-layout-flex wp-container-core-group-is-layout-b6c475e2 wp-block-group-is-layout-flex\">\n<p><em>Az \u00dar 1348. \u00e9v\u00e9nek tavasza<\/em><\/p>\n\n\n\n<p><em>N\u00e1polyi Kir\u00e1lys\u00e1g<\/em><\/p>\n<\/div>\n\n\n\n<p>Szil\u00e1rd ujjai a nyak\u00e1ban l\u00f3g\u00f3 med\u00e1llal, a kun holdsarl\u00f3val j\u00e1tszottak, mik\u00f6zben a f\u00e9rfi az \u00f6b\u00f6lben \u00e1llt, \u00e9s a tengert n\u00e9zte. Les\u00e9lt\u00e1lt eg\u00e9szen a partra kih\u00fazott hal\u00e1szcs\u00f3nakok k\u00f6z\u00e9, ahol egyszer r\u00e9gen olyan irdatlan macskajajjal \u00e9bredt, \u00e9s a gondolataiba r\u00e9vedve \u00e9lvezte, ahogy a parti f\u00f6venyt nyaldos\u00f3 hull\u00e1mok \u00fajra \u00e9s \u00fajra v\u00e9gigmosnak meztelen l\u00e1bfej\u00e9n.<\/p>\n\n\n\n<p>A v\u00e1ros a z\u00f6m\u00f6k er\u0151deivel, gy\u00f6ny\u00f6r\u0171 templomaival \u00e9s zs\u00fafolt lak\u00f3negyedeivel a h\u00e1ta m\u00f6g\u00f6tt h\u00faz\u00f3dott. M\u00e1r eg\u00e9szen kezdte megszokni az itteni h\u00e9tk\u00f6znapokat, \u00e9s elhinni, hogy ez a furcsa, az \u00f6v\u00e9t\u0151l oly t\u00e1volinak t\u0171n\u0151 vil\u00e1g hamarosan aff\u00e9le m\u00e1sodik otthona lehet.<\/p>\n\n\n\n<p>A kir\u00e1ly hetek \u00f3ta a vid\u00e9ket j\u00e1rta, a v\u00e1rost a megb\u00edzott el\u0151kel\u0151kre \u00e9s az \u00fajonnan kinevezett hely\u0151rs\u00e9re b\u00edzta. Napok teltek el a legut\u00f3bbi rendbont\u00e1s \u00f3ta, \u00e9s azt is csak h\u00e1rom r\u00e9szeg testv\u00e9r okozta, teh\u00e1t eddigre meglehet\u0151s rend uralkodott N\u00e1poly v\u00e1ros\u00e1ban. Szil\u00e1rd \u00e9s emberei aznapra kimen\u0151t kaptak, \u00edgy Zlatan \u00e9s Barab\u00e1s megc\u00e9lozt\u00e1k katon\u00e1ikkal a legk\u00f6zelebbi tavern\u00e1kat.<\/p>\n\n\n\n<p>Szil\u00e1rd \u00fagy d\u00f6nt\u00f6tt, felkeres egy partmenti kif\u0151zd\u00e9t, abb\u00f3l a fajt\u00e1b\u00f3l, amelyiket annyira megszerette, amikor m\u00e9g K\u00e1roly kir\u00e1ly k\u00eds\u00e9ret\u00e9ben legut\u00f3bb \u2013 m\u00e1sf\u00e9l \u00e9vtizeddel kor\u00e1bban \u2013 erre j\u00e1rt. Lorenzo, Richardus, B\u00f6ng\u00e9r \u00e9s Seb\u0151 t\u00e1rsas\u00e1g\u00e1ban teh\u00e1t m\u00e1r reggelire frissen s\u00fclt halat, fasz\u00e9nen pir\u00edtott r\u00e1kh\u00fast \u00e9s f\u0171szeres l\u00e9ben f\u0151tt kagyl\u00f3t falatozott, a hal\u00e1szok aznap hajnali fog\u00e1s\u00e1b\u00f3l.<\/p>\n\n\n\n<p>B\u00f6ng\u00e9r semmi sz\u00edn alatt nem volt hajland\u00f3 megk\u00f3stolni a kagyl\u00f3t, \u00e9s m\u00e9g azt is undorod\u00f3 k\u00e9ppel figyelte, ahogy Lorenzo \u00e9s Richardus szak\u00e9rt\u0151 m\u00f3don locsolj\u00e1k bele a f\u0171szeres vajat a sz\u00e9tny\u00edlt fekete kagyl\u00f3h\u00e9jakba, majd sz\u00fcrcs\u00f6lik ki \u00e9lvezettel azok tartalm\u00e1t. Seb\u0151, aki m\u00e9g sosem j\u00e1rt ezen a t\u00e1jon, ugyancsak j\u00f3\u00edz\u0171en t\u00f6mte a has\u00e1t. \u0150, aki k\u00f6ly\u00f6kkor\u00e1t\u00f3l kezdve ak\u00e1r a j\u00e9g h\u00e1t\u00e1n is meg\u00e9lt, otthon gyakorta fogott mag\u00e1nak folyami r\u00e1kot \u00e9s kagyl\u00f3t, de ez most eg\u00e9szen m\u00e1s volt.<\/p>\n\n\n\n<p>Ott \u00fcltek az egyszer\u0171 fapadokon, a hossz\u00fa deszkaasztal mellett a v\u00e9gtelen tenger partj\u00e1n, nem messze a szabad \u00e9g alatt s\u00fct\u0151-f\u0151z\u0151 pocakos calabriai szak\u00e1cst\u00f3l, a tenger gy\u00f6m\u00f6lcseit majszolva, \u00e9s egy r\u00f6vid id\u0151re csod\u00e1latos m\u00f3don megfeledkeztek minden gondjukr\u00f3l, bajukr\u00f3l. Az \u00e9let aznap d\u00e9lel\u0151tt igaz\u00e1n sz\u00e9p volt.<\/p>\n\n\n\n<p>\u2013 Qualiter o crucio! \u2013 ki\u00e1ltott fel egyszer csak Lorenzo, m\u00e1r j\u00f3 el\u0151re kuncogva a saj\u00e1t tr\u00e9f\u00e1j\u00e1n. \u2013 Certe modo cunnus adesset, possem ter quinas continuare vices!<\/p>\n\n\n\n<p>Seb\u0151 k\u00e9rd\u0151n n\u00e9zett egyik emberr\u0151l a m\u00e1sikra: nem \u00e9rtette, mit besz\u00e9lt az \u00e9letm\u0171v\u00e9sz po\u00e9ta.<\/p>\n\n\n\n<p>\u2013 Ne is akard tudni! \u2013 s\u00f3hajtott fel vigyorogva, megbotr\u00e1nkoz\u00e1st tettetve Richardus. \u2013 Csak a szok\u00e1sos Lorenzo-f\u00e9le viccel\u0151d\u00e9s.<\/p>\n\n\n\n<p>\u2013 M\u00e9ghogy viccel\u0151d\u00e9s, teljesen komolyan gondoltam! \u2013 \u00e1ll\u00edtotta hars\u00e1nyan a f\u00e9rfi. \u2013 \u00c9s igaz\u00e1n nem kell itt a szende sz\u00fczet j\u00e1tszanod, kirurgus uram: \u00fagy l\u00e1tom, te \u00e9rtetted meg legel\u00e9bb a szavaimat!<\/p>\n\n\n\n<p>\u2013 Mert mindenkin\u00e9l jobban besz\u00e9lem a latint, egyed\u00fcl tal\u00e1n t\u00e9ged kiv\u00e9ve \u2013 tromfolt r\u00e1 Richardus. \u2013 \u00c9s \u00e9n is \u00e9ltem azel\u0151tt eff\u00e9le cs\u00edp\u0151s szavakkal. Egy \u00edzben az\u00e9rt kellett Umag v\u00e1ros\u00e1b\u00f3l menek\u00fcln\u00f6m, mert \u00fagy f\u00f6rmedtem r\u00e1 a v\u00e1rosi milicist\u00e1k kapit\u00e1ny\u00e1ra, hogy ad \u00e1num matris tuae.<\/p>\n\n\n\n<p>Lorenzo \u00e9ppen a sz\u00e1j\u00e1hoz emelte a kup\u00e1j\u00e1t, de ezt hallva f\u00e9lre is nyelte a vizezett bor\u00e1t, hogy az az orr\u00e1n spriccelt ki.<\/p>\n\n\n\n<p>\u2013 Nem akarom elhinni, hogy annakel\u0151tte ilyesmit mert\u00e9l a sz\u00e1dra venni! \u2013 kacagott j\u00f3\u00edz\u0171en. \u2013 Atya\u00e9g, te azt\u00e1n j\u00f3l megj\u00e1mborodt\u00e1l a birtokon Bern\u00e1t atya mellett!<\/p>\n\n\n\n<p>\u2013 Ben\u0151tt a fejem l\u00e1gya\u2026<\/p>\n\n\n\n<p>\u2013 Na \u00e9s csak a nyelved volt ilyen \u00e9les, vagy\u2026?<\/p>\n\n\n\n<p>\u2013 Krisztus sebeire mondom, itt fejezd be! \u2013 sz\u00f3lt k\u00f6zbe Szil\u00e1rd. \u2013 M\u00e9g j\u00f3, hogy Szolnoki ma nem tartott vel\u00fcnk, \u0151 igaz\u00e1n \u00e9lvezn\u00e9 ezt a t\u00e1rsalg\u00e1st!<\/p>\n\n\n\n<p>\u2013 H\u00e1t m\u00e1r a szerelemr\u0151l sem szabad besz\u00e9lgetni? \u2013 gesztikul\u00e1lt hevesen Lorenzo, hogy majdnem felbor\u00edtotta a kagyl\u00f3s t\u00e1lat.<\/p>\n\n\n\n<p>\u2013 \u00d3, dehogynem! \u2013 nevetett fel a lovag. \u2013 Csakhogy n\u00e1lad a szerelem egyenl\u0151 a fajtalankod\u00e1ssal, a latin b\u00f6lcsess\u00e9gek pedig a v\u00e1logatott tr\u00e1g\u00e1rs\u00e1gokkal.<\/p>\n\n\n\n<p>\u2013 Ezt kik\u00e9rem magamnak! \u2013 csapott az asztalra a po\u00e9ta. \u2013 M\u00e9g ma bebizony\u00edtom neked az ellenkez\u0151j\u00e9t!<\/p>\n\n\n\n<p>Ott maradtak a parton eg\u00e9sz d\u00e9lel\u0151tt. Unt\u00e1k m\u00e1r a sz\u00e1mukra szokatlanul zs\u00fafolt v\u00e1ros zajait, j\u00f3lesett az emberek helyett a tenger s\u00fag\u00e1s\u00e1t hallgatni. Otthon ilyenkor m\u00e9g naponta begy\u00fajtottak a k\u00e1lyh\u00e1kban, \u00e9s a vastagabb ruh\u00e1ikat vett\u00e9k fel, ha odak\u00fcnn akadt dolguk. Az a n\u00e1polyi tavasz ellenben olyan langyos volt, hogy Richardus ingujjra vetk\u0151z\u00f6tt, \u00e9s t\u00e9rdig beleg\u00e1zolt a v\u00edzbe. Szil\u00e1rd is levette a k\u00f6p\u00f6nyeg\u00e9t, leh\u00fazta a cip\u0151j\u00e9t, a harisnyasz\u00e1rait, \u00e9s hagyta, hogy a hull\u00e1mok a mez\u00edtelen l\u00e1bfej\u00e9t nyaldoss\u00e1k, am\u00edg \u0151 elmerengve f\u00fcrk\u00e9szte a t\u00e1voli l\u00e1t\u00f3hat\u00e1rt. B\u00f6ng\u00e9r \u00e9s Seb\u0151, komolyabb fegyver \u00e9s v\u00e9rtezet h\u00edj\u00e1n hol t\u0151rrel, hol a puszta kez\u00fckkel gyakoroltak k\u00fcl\u00f6nf\u00e9le k\u00f6zelharci fog\u00e1sokat. Lorenzo pedig tal\u00e1lt mag\u00e1nak egy halom f\u00e9lig korhadt uszad\u00e9kf\u00e1t, arra a kupacra \u00fclt le alkotni.<\/p>\n\n\n\n<p>Nemr\u00e9giben szerzett mag\u00e1nak egy remek, t\u00f6bb traktusra osztott b\u0151r bugyell\u00e1rist, amiben k\u00fcl\u00f6n helye volt a kalam\u00e1risnak, a l\u00fadtollaknak, a hegyez\u0151k\u00e9snek \u00e9s egy\u00e9b k\u00e9szs\u00e9geknek. A tariszny\u00e1j\u00e1ban mindenf\u00e9le pap\u00edr- \u00e9s pergamentekercseket tartott, \u00edgy v\u00e9gre le tudta jegyezni k\u00fcl\u00f6nf\u00e9le, \u00e9vek \u00f3ta gy\u0171jt\u00f6getett po\u00e9m\u00e1it \u00e9s szellemesnek vagy b\u00f6lcsnek sz\u00e1nt gondolatait. Titkon arr\u00f3l \u00e1lmodozott, hogy Petrarca \u00e9s Boccaccio mester nyomdokaiba l\u00e9phet, hab\u00e1r erre val\u00f3j\u00e1ban nem sok es\u00e9lyt l\u00e1tott. \u00cdrt, mert szenved\u00e9lyes \u00f6r\u00f6m\u00f6t lelt az \u00edr\u00e1sban. Sz\u00e1m\u00e1ra egyel\u0151re az is el\u00e9g volt, ha szok\u00e1sos k\u00f6z\u00f6ns\u00e9g\u00e9nek, a dubicai birtok n\u00e9p\u00e9nek \u00e9s Szil\u00e1rd fegyvert\u00e1rsainak, cimbor\u00e1inak adhatja el\u0151 a m\u0171veit. Azt\u00e1n ki tudja \u2013 tal\u00e1n egyszer, a t\u00e1voli j\u00f6v\u0151ben, amikor m\u00e1r csak egy halom porlad\u00f3 csont lesz \u0151 \u00e9s mindenki m\u00e1s is, akit ismer, a j\u00f6v\u0151 nemzed\u00e9kek felfedezik \u00e9s szabadon \u00e9lvezhetik az \u00edr\u00e1sait. Akkor tal\u00e1n m\u00e1r t\u00f6bben tudnak majd bet\u0171t vetni \u00e9s olvasni, \u00e9s nem csak a m\u0171velt kevesek kiv\u00e1lts\u00e1ga lesz, hogy az \u00edrott sz\u00f3 \u00e1ltal t\u00f6bb\u00e9, esetleg jobb\u00e1 is v\u00e1lhassanak. \u00c9s akkor ott lesz kincses barlangk\u00e9nt \u0151rz\u00f6tt k\u00f6nyvt\u00e1rukban, a f\u00e9ltve \u00f3vott m\u0171vek k\u00f6z\u00f6tt Francesco Petrarca, Giovanni Boccaccio \u2013 \u00e9s Lorenzo il Toro valamennyi le\u00edrt gondolata!<\/p>\n\n\n\n<p>B\u00e1tor Szil\u00e1rd maga sem tudta, mennyi ideje \u00e1ll ott a parton mez\u00edtl\u00e1b, amikor a mell\u00e9 l\u00e9p\u0151 Lorenzo halk k\u00f6h\u00e9csel\u00e9se z\u00f6kkentette ki a gondolataib\u00f3l.<\/p>\n\n\n\n<p>\u2013 Mit szeretn\u00e9l? \u2013 k\u00e9rdezte a v\u00e1risp\u00e1n, m\u00e9g mindig a feles\u00e9ge amulettj\u00e9t szorongatva.<\/p>\n\n\n\n<p>\u2013 Bizony\u00edtani \u2013 lobogtatta meg a po\u00e9ta a kez\u00e9ben tartott pap\u00edrszeletet, majd r\u00f6gvest olvasni is kezdett:<\/p>\n\n\n\n<p>Egy nap, mikor, mint rendesen, \u00e9ppen<\/p>\n\n\n\n<p>keresztem cipeltem fel a Golgota hegy\u00e9re,<\/p>\n\n\n\n<p>r\u00e1j\u00f6ttem: \u00e9n a kunok s\u00edkjaira v\u00e1gyom,<\/p>\n\n\n\n<p>negyvenhatba ezerh\u00e1romsz\u00e1z ut\u00e1n.<\/p>\n\n\n\n<p>R\u00e9mlett: egy szabad le\u00e1ny v\u00e1r ott r\u00e1m;<\/p>\n\n\n\n<p>keleti \u0151seinek vad, gy\u00f6ny\u00f6r\u0171 magzatja\u2026<\/p>\n\n\n\n<p>Szeme hajnalcsillag, haja hull\u00e1mot vet a sz\u00e9lben,<\/p>\n\n\n\n<p>kit\u00e9pte a sz\u00edvem, pedig nem is akarta.<\/p>\n\n\n\n<p>M\u00e9g \u00e1t sem \u00f6lelt, m\u00e9g hozz\u00e1 sem \u00e9rtem,<\/p>\n\n\n\n<p>csak \u00f3vatos t\u00e1volb\u00f3l n\u00e9ztem az arc\u00e1t<\/p>\n\n\n\n<p>\u2013 \u00e9n, megbabon\u00e1zott, gy\u00e1va, gy\u00f6nge bolond!<\/p>\n\n\n\n<p>Kavarg\u00f3 lelkem \u0151t, csak \u0151t k\u00edv\u00e1nta\u2026<\/p>\n\n\n\n<p>De mentem el\u0151re, v\u00e1llamon az ismer\u0151s kereszttel:<\/p>\n\n\n\n<p>ott magaslott el\u0151ttem saj\u00e1t hegyem, a Golgota.<\/p>\n\n\n\n<p>Szil\u00e1rd egy ideig n\u00e9m\u00e1n \u00e1csorgott, Lorenzo pedig m\u00e9g a l\u00e9legzet\u00e9t is visszafojtotta, \u00fagy v\u00e1rta, mit sz\u00f3l majd a f\u00e9rfi az im\u00e9nt elhangzottakhoz.<\/p>\n\n\n\n<p>\u2013 Ha j\u00f3l sejtem \u2013 sz\u00f3lalt meg v\u00e9gre a lovag \u2013, ezt r\u00f3lam \u00edrtad.<\/p>\n\n\n\n<p>\u2013 \u00dagy van!<\/p>\n\n\n\n<p>\u2013 H\u00e1t, ez esetben akad benne j\u00f3 n\u00e9h\u00e1ny t\u00falz\u00e1s \u00e9s egy\u00e9b furcsas\u00e1g \u2013 vonta fel a szem\u00f6ld\u00f6k\u00e9t. \u2013 A Golgota hegye? Meg gy\u00e1va, gy\u00f6nge bolond?<\/p>\n\n\n\n<p>\u2013 A k\u00f6lt\u00e9szetnek nem f\u00f6lt\u00e9tlen\u00fcl az a dolga, hogy a val\u00f3s\u00e1got \u00edrja le \u2013 v\u00e9dekezett Lorenzo azonnal. \u2013 Sokkal ink\u00e1bb, hogy val\u00f3s \u00e9rz\u00e9seket korb\u00e1csoljon f\u00f6l!<\/p>\n\n\n\n<p>Nem folytathattak err\u0151l tov\u00e1bbi vit\u00e1t, a v\u00e1ros fel\u0151l ugyanis egy ismer\u0151s alak k\u00f6zeledett l\u00f3h\u00e1ton, \u00fcgetve. Szolnoki Pista gondterhelten n\u00e9zett le a nyeregb\u0151l Szil\u00e1rdra.<\/p>\n\n\n\n<p>\u2013 Hol van a t\u00f6bbi embered?<\/p>\n\n\n\n<p>\u2013 A tavern\u00e1kban vedelnek \u2013 felelte a v\u00e1risp\u00e1n. \u2013 Hajnalig ne is sz\u00e1m\u00edts r\u00e1juk!<\/p>\n\n\n\n<p>\u2013 Nem baj \u2013 nyugt\u00e1zta Szolnoki. \u2013 S\u00fcrg\u0151s megb\u00edz\u00e1st kaptam Lackfi vajd\u00e1t\u00f3l. Kellene hozz\u00e1 n\u00e9h\u00e1ny ember.<\/p>\n\n\n\n<p>\u2013 H\u00e1t a v\u00f6r\u00f6s vaddiszn\u00f3id?<\/p>\n\n\n\n<p>\u2013 Ez most nem olyan k\u00fcldet\u00e9s \u2013 mondta a f\u00e9rfi. \u2013 Ide kicsit\u2026 szigor\u00fabban v\u00e1logatott t\u00e1rsas\u00e1g kell. Palk\u00f3 m\u00e1r k\u00e9sz\u00fcl\u0151dik.<\/p>\n\n\n\n<p>\u2013 Gondolom, akkor \u00e9n sem maradhatok ki.<\/p>\n\n\n\n<p>\u2013 \u00d6r\u00fcln\u00e9k, ha vel\u00fcnk tartan\u00e1l. \u00c9s\u2026 hozhatod \u0151ket is.<\/p>\n\n\n\n<p>\u2013 Egy orvos, egy k\u00f6lt\u0151, egy kun ny\u00f6g\u00e9r meg egy n\u00e9ma vazallus \u2013 n\u00e9zett v\u00e9gig rajtuk Szil\u00e1rd saj\u00e1tos szeretettel. \u2013 Kell\u0151 szigorral v\u00e1logattam \u00f6ssze \u0151ket, nem gondolod?<\/p>\n\n\n\n<p>\u2013 Gyertek h\u00e1t mind! \u2013 mondta Szolnoki. \u2013 Egy \u00f3ra m\u00falva indulunk!<\/p>\n\n\n\n<p>***<\/p>\n\n\n\n<p>Egy falunak kellett ut\u00e1nan\u00e9zni, N\u00e1polyt\u00f3l d\u00e9lre, j\u00f3 negyednapi j\u00e1r\u00f3f\u00f6ldre. Szolnokit csup\u00e1n k\u00e9t saj\u00e1t fegyverese k\u00eds\u00e9rte, a menet \u00e9l\u00e9n egy\u00e9bir\u00e1nt Fra Moriale, a Durazz\u00f3i K\u00e1rolyt annak hal\u00e1la ut\u00e1n r\u00fatul el\u00e1rul\u00f3 kalandor johannita l\u00e9ptetett.<\/p>\n\n\n\n<p>\u2013 A falu el\u00f6lj\u00e1r\u00f3ja, aki az utat mutatta volna \u2013 sz\u00f3lt a johannita, amikor \u00fatra keltek \u2013, megfutamodott. \u00dagy fest, annyira retteg, hogy nincs mersze visszat\u00e9rni a saj\u00e1t faluj\u00e1ba.<\/p>\n\n\n\n<p>\u2013 Mi t\u00f6rt\u00e9nt? \u2013 tudakolta Szolnoki. \u2013 A vajda \u00far nem mondta el a r\u00e9szleteket, csak annyit, hogy bizonnyal boszork\u00e1nys\u00e1g s\u00fajtotta a falut.<\/p>\n\n\n\n<p>\u2013 Magam sem tudok enn\u00e9l t\u00f6bbet \u2013 felelte a h\u00f3rihorgas, sz\u00e9les v\u00e1ll\u00fa ispot\u00e1lyos. \u2013 De az alapj\u00e1n, hogy az el\u00f6lj\u00e1r\u00f3 elmenek\u00fclt, miel\u0151tt m\u00e9g odak\u00eds\u00e9rhetett volna minket, valami k\u00fcl\u00f6n\u00f6sen r\u00e9miszt\u0151 esem\u00e9nyre sz\u00e1m\u00edtok.<\/p>\n\n\n\n<p>\u2013 Lehet, hogy m\u00e9gsem \u00e1rtott volna p\u00e1r tucat l\u00e1ndzs\u00e1s \u2013 v\u00e9lekedett Palk\u00f3, de Szolnoki csak a fej\u00e9t cs\u00f3v\u00e1lta.<\/p>\n\n\n\n<p>\u2013 El\u0151sz\u00f6r meg kell bizonyosodnunk r\u00f3la, hogy mi t\u00f6rt\u00e9nt pontosan \u2013 v\u00e1laszolta. \u2013 Istv\u00e1n b\u00e1ty\u00e1d k\u00fcl\u00f6n k\u00e9rte, hogy olyan embereket vigy\u00fcnk, akik m\u00e1r l\u00e1ttak egy s m\u00e1st, \u00e9s akik azt\u00e1n nem kezdenek el pletyk\u00e1lni az utc\u00e1kon.<\/p>\n\n\n\n<p>Palk\u00f3 erre sokatmond\u00f3an n\u00e9zett Lorenz\u00f3ra, de nem mondott semmit. A po\u00e9ta persze r\u00f6gt\u00f6n el\u00e9rtette ezt a nagyon is besz\u00e9des tekintetet.<\/p>\n\n\n\n<p>\u2013 \u00c9n sosem pletyk\u00e1lkodom \u2013 \u00e1ll\u00edtotta der\u0171s \u00e1br\u00e1zattal. \u2013 \u00c9n a szerencs\u00e9s keveseket sz\u00f3rakoztatom. A boszork\u00e1nyokr\u00f3l jut eszembe: tudod-e, nagytisztelet\u0171 Fra Moriale, mik a k\u00f6z\u00f6ss\u00e9g f\u0151 \u00e9rt\u00e9kei, melyekre a boszork\u00e1nyok a leggyakrabban ront\u00e1st k\u00fcldenek?<\/p>\n\n\n\n<p>\u2013 Term\u00e9szetesen tudom \u2013 felelte a kalandor lovag a legnagyobb komolys\u00e1ggal. \u2013 A gyermekek, a term\u00e9s, valamint\u2026 a h\u00edmvessz\u0151k.<\/p>\n\n\n\n<p>\u2013 Ismertem egy embert, aki ismert egy m\u00e1sik embert \u2013 kezdte \u00e9nekl\u0151 hangon Lorenzo \u2013, aki egy reggel fel\u00e9bredt, \u00e9s b\u00e1r l\u00e1tta a p\u00e9nisz\u00e9t, m\u00e9gsem \u00e9rezte azt. Egyszer\u0171en nem volt benne \u00e9let. R\u00f6vid gondolkod\u00e1s ut\u00e1n arra jutott, hogy csakis az a rossz\u00e9let\u0171 n\u0151szem\u00e9ly lehet ebben a ludas, akivel legut\u00f3bb h\u00e1lt. Elment h\u00e1t a gonosz n\u00e9mberhez, r\u00e1rontott, istenesen felpofozta, majd fojtogatni kezdte, mondv\u00e1n, adja vissza, amit elvett t\u0151le. A fojtogat\u00e1s hatott: az ismer\u0151s\u00f6m ismer\u0151se azonnal kezdte \u00e9rezni, hogy az \u00e1gy\u00e9k\u00e1ba visszat\u00e9r az \u00e9let\u2026<\/p>\n\n\n\n<p>\u2013 Micsoda t\u00f6rt\u00e9net ez m\u00e1r megint? \u2013 d\u00f6rrent r\u00e1 Szil\u00e1rd a po\u00e9t\u00e1ra. \u2013 Megmondtam, hogy csak a komolytalan tr\u00e1g\u00e1rkod\u00e1shoz van eszed!<\/p>\n\n\n\n<p>\u2013 Kor\u00e1ntsem komolytalan tr\u00e1g\u00e1rs\u00e1g ez, uram \u2013 kelt Lorenzo v\u00e9delm\u00e9re Fra Moriale, aki m\u00e9g nem tudta, mif\u00e9le alakkal hozta \u0151t \u00f6ssze a sors. \u2013 A boszork\u00e1nyoknak k\u00fcl\u00f6n\u00f6sen er\u0151s hatalmuk van a h\u00edmtagok felett. A legt\u00f6bbsz\u00f6r csak megg\u00e1tolj\u00e1k a p\u00e9nisz m\u0171k\u00f6d\u00e9s\u00e9t, ritk\u00e1bb esetben l\u00e1thatatlann\u00e1 teszik azt. \u00c9s vannak olyan meg\u00e1talkodott, a s\u00f6t\u00e9t praktik\u00e1kat kiv\u00e9teles hozz\u00e1\u00e9rt\u00e9ssel gyakorl\u00f3 b\u0171b\u00e1josok, akik el is tudj\u00e1k lopni.<\/p>\n\n\n\n<p>Senki sem sz\u00f3lalt meg, a menet d\u00f6bbent cs\u00f6ndben poroszk\u00e1lt tov\u00e1bb. Fra Moriale b\u00e1tor\u00edt\u00e1snak vette ezt a cs\u00f6ndet, \u00e9s folytatta a r\u00e9miszt\u0151 elbesz\u00e9l\u00e9st:<\/p>\n\n\n\n<p>\u2013 Az ilyen bany\u00e1k az eltulajdon\u00edtott h\u00edmtagokat felakasztj\u00e1k sz\u00e1radni egy f\u00e1ra, esetenk\u00e9nt f\u00e9szekbe rakj\u00e1k, vagy felhalmozz\u00e1k egy l\u00e1dik\u00f3ban. Az eff\u00e9le tasz\u00edt\u00f3 rejtekhelyeken ak\u00e1r harminc h\u00edmvessz\u0151 is ott tekereghet s\u00f3v\u00e1ran, k\u00ednl\u00f3dva az \u00e9hs\u00e9gt\u0151l, m\u00edgnem a b\u0171b\u00e1jos meg nem eteti \u0151ket\u2026<\/p>\n\n\n\n<p>\u2013 Mivel? \u2013 k\u00e9rdezett k\u00f6zbe Richardus.<\/p>\n\n\n\n<p>\u2013 Zabbal! \u2013 v\u00e1gta r\u00e1 a johannita.<\/p>\n\n\n\n<p>Pillanatnyi csend t\u00e1madt. N\u00e9h\u00e1nyan mintha apr\u00f3kat k\u00f6h\u00e9cseltek volna.<\/p>\n\n\n\n<p>\u2013 Honnan tudhat\u00f3 mindez a tudom\u00e1nyos t\u00e9ny? \u2013 k\u00edv\u00e1ncsiskodott tov\u00e1bb a kirurgus.<\/p>\n\n\n\n<p>\u2013 Szemtan\u00fak megb\u00edzhat\u00f3 le\u00edr\u00e1saib\u00f3l \u2013 \u00e1ll\u00edtotta Fra Moriale. \u2013 Vannak, igaz, nem sokan, akiknek siker\u00fclt kiengesztelni\u00fck egy-egy ilyen boszork\u00e1nyt, vagy valamik\u00e9ppen a bizalm\u00e1ba f\u00e9rk\u0151zni\u00fck. \u0150k l\u00e1tt\u00e1k mindazt, amit tal\u00e1n sohasem kellett volna l\u00e1tniuk\u2026<\/p>\n\n\n\n<p>\u2013 Egy ilyen esetr\u0151l magam is hallottam! \u2013 ki\u00e1ltott fel izgatottan Lorenzo. \u2013 Egy szeg\u00e9ny j\u00f3mad\u00e1r hogy, hogy nem, nem tudom, de eljutott a boszork\u00e1ny l\u0151csrakt\u00e1r\u00e1ba, ahol a saj\u00e1t szem\u00e9vel l\u00e1thatta az egym\u00e1s hegy\u00e9n-h\u00e1t\u00e1n tekerg\u0151 mentul\u00e1kat. Akkor a boszork\u00e1ny azt mondta neki: \u201eMivel j\u00f3 volt\u00e1l hozz\u00e1m, v\u00e1laszthatsz magadnak egyet a saj\u00e1tod helyett!\u201d H\u00e1t a mi ember\u00fcnk se volt rest, odanyargal egyenest a legnagyobbhoz, \u00e9s azt mondja: \u201eEzt add nekem, ezt a h\u00fasd\u00e1rd\u00e1t akarom mostant\u00f3l hordozni!\u201d Sz\u00f3 se r\u00f3la, a szeg\u00e9ny \u00f6rd\u00f6g nem szer\u00e9nykedett: igazi s\u00falyos ivargerenda volt a v\u00e1lasztottja, \u00e9s a boszork\u00e1ny val\u00f3ban neki is adta. Csakhogy hamar elsz\u00e1llt az \u00f6r\u00f6m, amikor haza\u00e9rve kider\u00fclt, hogy amit v\u00e1lasztott, az nem m\u00e1s volt, mint a helyi pap h\u00edmtagja! Azt meg m\u00e1r, ugyeb\u00e1r, mindenki ismerte a faluban\u2026<\/p>\n\n\n\n<p>Ezen a tr\u00e9f\u00e1n m\u00e9g Szil\u00e1rd is hangosan nevetett. Nem \u00fagy Fra Moriale, aki kezdte megsejd\u00edteni, hogy Lorenzo az elej\u00e9t\u0151l fogva csak a bolondj\u00e1t j\u00e1ratta vele. Att\u00f3l kezdve nem is nagyon sz\u00f3lt hozz\u00e1 t\u00f6bbet.<\/p>\n\n\n\n<p>\u2013 Azt az\u00e9rt fontos megjegyezn\u00fcnk, hogy erre csakis a malefic\u00e1k k\u00e9pesek \u2013 jegyezte meg Richardus pukkadozva. \u2013 Strig\u00e1k ugyanis, mint azt m\u00e1r j\u00f3l tudjuk, nincsenek.<\/p>\n\n\n\n<p>***<\/p>\n\n\n\n<p>A falut annak el\u00f6lj\u00e1r\u00f3ja n\u00e9lk\u00fcl is megtal\u00e1lt\u00e1k, Fra Moriale ugyanis j\u00f3l ismerte N\u00e1poly k\u00f6rny\u00e9k\u00e9t \u00e9s a t\u00e1gabban elter\u00fcl\u0151 vid\u00e9ket. N\u00e9h\u00e1ny \u00f3ra lovagl\u00e1s ut\u00e1n m\u00e1r fel is t\u0171ntek az els\u0151 h\u00e1zak, az alacsony vessz\u0151ker\u00edt\u00e9sek, a falu mellett elny\u00fajt\u00f3z\u00f3 legel\u0151k \u00e9s term\u0151f\u00f6ldek. Csinos kis falu volt, a f\u0151t\u00e9ren takaros templommal, valamivel t\u00e1volabb k\u00f6z\u00f6s gazdas\u00e1gi \u00e9p\u00fcletekkel. K\u00f6zel volt a tengerhez, \u00edgy a partmenti r\u00e9sz\u00e9n k\u00fcl\u00f6nf\u00e9le eszk\u00f6z\u00f6k \u00e9s egyszer\u0171 deszkat\u00e1kolm\u00e1nyok \u00e1rulkodtak arr\u00f3l, hogy a falu lak\u00f3i hal\u00e1szattal is foglalkoznak. A cs\u00f3nakok \u00e9s a haj\u00f3k azonban elt\u0171ntek, ahogy az emberek, a baromfik \u00e9s a l\u00e1basj\u00f3sz\u00e1g is.<\/p>\n\n\n\n<p>\u2013 K\u00eds\u00e9rtetfalu \u2013 k\u00f6p\u00f6tt ki Lackfi Palk\u00f3 rosszkedv\u0171en. \u2013 Nincs itt egy teremtett l\u00e9lek se. Hov\u00e1 hozt\u00e1l minket, Szolnoki?<\/p>\n\n\n\n<p>\u2013 Azt m\u00e9g magam sem tudom \u2013 d\u00fcnny\u00f6gte Pista, ahogy lassan k\u00f6rbej\u00e1rt\u00e1k a val\u00f3ban teljesen \u00fcres telep\u00fcl\u00e9st. Olyan volt, mintha valaki gondos apr\u00f3l\u00e9koss\u00e1ggal fel\u00e9p\u00edtett volna egy ide\u00e1lis \u00e9l\u0151helyet p\u00e1r tucat csal\u00e1d sz\u00e1m\u00e1ra, azt\u00e1n elfelejtette volna ben\u00e9pes\u00edteni.<\/p>\n\n\n\n<p>Kik\u00f6t\u00f6tt\u00e9k a lovakat a f\u0151t\u00e9ren \u00e1ll\u00f3 p\u00f3zn\u00e1khoz, hogy gyalog j\u00e1rj\u00e1k k\u00f6rbe a falut. Kettes-h\u00e1rmas csoportokba t\u00f6m\u00f6r\u00fclve sz\u00e9ledtek sz\u00e9t, hogy alaposabban is megn\u00e9zz\u00e9k a h\u00e1zakat, az \u00e9p\u00fcleteket, a templomot. Tov\u00e1bbra sem tal\u00e1ltak senkit, de a falura telepedett csend olyan term\u00e9szetellenes \u00e9s annyira nyomaszt\u00f3 volt, hogy mindny\u00e1juk keze ott nyugodott a fegyver\u00fck markolat\u00e1n.<\/p>\n\n\n\n<p>\u2013 \u00dagy t\u0171nik, siet\u0151sen t\u00e1voztak \u2013 \u00f6sszegezte a l\u00e1tottakat Szolnoki, amikor b\u0151 fert\u00e1ly\u00f3ra m\u00falva ism\u00e9t mind ott \u00e1lltak a f\u0151t\u00e9ren. \u2013 Az egyik h\u00e1zban f\u00e9lig megevett k\u00e1sa b\u0171zlik az asztalon.<\/p>\n\n\n\n<p>\u2013 Egy\u00fattal vittek minden mozd\u00edthat\u00f3t \u2013 tette hozz\u00e1 Palk\u00f3. \u2013 A templomban \u00fcres az olt\u00e1r. A sekresty\u00e9t is kipucolt\u00e1k.<\/p>\n\n\n\n<p>\u2013 A l\u00e1d\u00e1kat is ki\u00fcr\u00edtett\u00e9k \u2013 mondta Szil\u00e1rd. \u2013 \u00c9n is tal\u00e1ltam f\u00e9lbehagyott \u00e9telt, az egyik sz\u00e9ken meg egy f\u00e9lig elk\u00e9sz\u00fclt h\u00edmz\u00e9st. De az \u00e9rt\u00e9kes holmi mindenhonnan hi\u00e1nyzik.<\/p>\n\n\n\n<p>\u2013 Mintha egyszerre t\u00e1voztak volna, ahogy voltak \u2013 biccentett Szolnoki \u2013, de fontosnak tartott\u00e1k, hogy mindent vigyenek. Az \u00e1llatokat is.<\/p>\n\n\n\n<p>\u2013 Mert m\u00e1r elhat\u00e1rozt\u00e1k \u2013 gondolkodott hangosan Szil\u00e1rd \u2013, hogy nem t\u00e9rnek vissza.<\/p>\n\n\n\n<p>\u2013 Mit mondott err\u0151l az el\u00f6lj\u00e1r\u00f3? \u2013 fordult Szolnoki a johannita fel\u00e9.<\/p>\n\n\n\n<p>\u2013 R\u00e9m\u00fclten habogott valami borzalomr\u00f3l, amihez foghat\u00f3t m\u00e9g soha nem l\u00e1tott \u2013 felelte Fra Moriale. \u2013 Arr\u00f3l egy sz\u00f3t sem sz\u00f3lt, hogy az emberek elmenek\u00fcltek volna.<\/p>\n\n\n\n<p>\u2013 Bizonnyal az\u00f3ta t\u00f6rt\u00e9nt, hogy a falunagy seg\u00edts\u00e9g\u00e9rt sietett \u2013 vakarta az \u00e1ll\u00e1t Palk\u00f3. \u2013 Akkor pedig valamit\u0151l t\u00e9nyleg nagyon megr\u00e9m\u00fclhettek, ha a seg\u00edts\u00e9get sem voltak hajland\u00f3k megv\u00e1rni.<\/p>\n\n\n\n<p>\u2013 A nap lassan al\u00e1sz\u00e1ll \u2013 sz\u00f3lt B\u00f6ng\u00e9r Szil\u00e1rdhoz. \u2013 Amond\u00f3 vagyok, ne v\u00e1rjuk meg itt az est\u00e9t! B\u00e1rmi volt is, ami \u00edgy elkergette a falusiakat, vissza fog t\u00e9rni\u2026<\/p>\n\n\n\n<p>\u2013 Micsoda? \u2013 n\u00e9zett r\u00e1 a v\u00e1risp\u00e1n homlokr\u00e1ncolva. \u2013 Valamif\u00e9le\u2026 sz\u00f6rnyetegre gyanakszol?<\/p>\n\n\n\n<p>\u2013 Ki tudja, mif\u00e9le v\u00e1logatott r\u00e9ms\u00e9gek kelnek \u00e9letre a vil\u00e1gnak ezen a fel\u00e9n? \u2013 k\u00e9rdezett vissza m\u00e9rgesen a kun ny\u00f6g\u00e9r. \u2013 Boszork\u00e1nys\u00e1gr\u00f3l volt sz\u00f3, nemde? A poly\u00e1kokn\u00e1l t\u00f6bben is reg\u00e9lik, hogy egyes vid\u00e9keken teliholdkor farkasembert l\u00e1tnak, \u00e9s m\u00e9g t\u00f6bben hallj\u00e1k a von\u00edt\u00e1s\u00e1t. Az ecs\u00e9di l\u00e1pban egykor s\u00e1rk\u00e1nnyal v\u00e9gzett a h\u0151s B\u00e1tor Opos. Hogy a talj\u00e1nokn\u00e1l milyen sz\u00f6rnyetegeket rejt az \u00e9jjeli k\u00f6d, azt nem tudom, de nincs is kedvem kider\u00edteni.<\/p>\n\n\n\n<p>Szil\u00e1rd benns\u0151je ugyancsak g\u00f6rcsben \u00e1llt, ami\u00f3ta a falut j\u00e1rt\u00e1k, de ez az \u00e9jjeli r\u00e9mekr\u0151l sz\u00f3l\u00f3 fecseg\u00e9s feld\u00fch\u00edtette.<\/p>\n\n\n\n<p>\u2013 Mi vagy te, valami pendelyes szaros, hogy ilyen d\u0151res\u00e9gekben hiszel?! \u2013 f\u00f6rmedt r\u00e1 a ny\u00f6g\u00e9rre.<\/p>\n\n\n\n<p>\u2013 Ostoba kereszt\u00e9ny barom! \u2013 morgott r\u00e1 vissza B\u00f6ng\u00e9r. \u2013 A papjaitok elhitett\u00e9k veletek, hogy az \u0151si vil\u00e1g nem l\u00e9tezik, tal\u00e1n soha nem is l\u00e9tezett, de a sz\u00f6rnyek att\u00f3l m\u00e9g ott lapulnak minden s\u00f6t\u00e9t erd\u0151ben \u00e9s minden k\u00f6d\u00f6s hegygerinc m\u00f6g\u00f6tt!<\/p>\n\n\n\n<p>\u2013 \u00c1llj! Abbahagyni! \u2013 csattant Szolnoki hangja, aki komorabbnak t\u0171nt a szok\u00e1sosn\u00e1l. \u2013 A poly\u00e1kok val\u00f3ban besz\u00e9lnek mindenf\u00e9l\u00e9t. Azt is, hogy az \u00e9szaki hegys\u00e9gekben egy titkos t\u00e1rsas\u00e1g mag\u00e1nyos harcosokat k\u00e9pez ki mindenf\u00e9le sz\u00f6rnyetegek levad\u00e1sz\u00e1s\u00e1ra. Ak\u00e1r igaz, ak\u00e1r nem, egykutya: mi most az\u00e9rt vagyunk itt, hogy kider\u00edts\u00fck, mi t\u00f6rt\u00e9nt ezzel a faluval. \u00c9s maradunk is, am\u00edg meg nem tudjuk!<\/p>\n\n\n\n<p>\u2013 Mi tal\u00e1ltunk valamit \u2013 hallatszott ekkor Lorenzo hangja. \u2013 De sem Richardus, sem \u00e9n nem mert\u00fck k\u00f6zelebbr\u0151l megn\u00e9zni.<\/p>\n\n\n\n<p>\u2013 Mi az?<\/p>\n\n\n\n<p>\u2013 Ink\u00e1bb\u2026 Ink\u00e1bb megmutatom.<\/p>\n\n\n\n<p>A falu sz\u00e9l\u00e9n j\u00f3kora cs\u0171r \u00e1llt: t\u00e1gas, er\u0151s \u00e9p\u00fclet, k\u00e9t nagy kapusz\u00e1rnnyal. Azok a sz\u00e1rnyak most be voltak z\u00e1rva, el is voltak reteszelve, s mindennek tetej\u00e9be rozsd\u00e1s l\u00e1nccal lelakatolva. A k\u00e9t kapusz\u00e1rnyra, szemmagass\u00e1gban, h\u00f3feh\u00e9r m\u00e9sszel, siet\u0151s, nagy bet\u0171kkel r\u00e9miszt\u0151 feliratot m\u00e1zolt fel valaki.<\/p>\n\n\n\n<p>\u2013 Ne aperito! Mortui insunt! \u2013 olvasta hangosan Lorenzo.<\/p>\n\n\n\n<p>\u2013 Ne l\u00e9pj be! \u2013 ford\u00edtotta Richardus s\u00edri hangon. \u2013 Holtak vannak bent!<\/p>\n\n\n\n<p>A t\u00e1rsas\u00e1g j\u00f3 n\u00e9h\u00e1ny sz\u00edvdobban\u00e1snyi ideig szoborr\u00e1 merevedve, hangtalanul \u00e1llt a cs\u0171r el\u0151tt.<\/p>\n\n\n\n<p>\u2013 H\u00e1t akkor \u2013 mondta Szolnoki \u2013 n\u00e9zz\u00fck meg, mi t\u00f6rt\u00e9nt itt!<\/p>\n\n\n\n<p>K\u00f6zelebb l\u00e9pett, k\u00e9t k\u00e9zzel megragadta a l\u00e1ncot, r\u00e1ntott rajta egyet-kett\u0151t. Val\u00f3ban j\u00f3l le volt lakatolva, de a lakatot is, a l\u00e1ncot is r\u00e9g\u00f3ta ette m\u00e1r a s\u00f3s p\u00e1r\u00e1j\u00fa tengeri leveg\u0151.<\/p>\n\n\n\n<p>\u2013 Z\u00e9t\u00e9ny, hozd a b\u00e1rdomat! \u2013 k\u00fcldte vissza a lov\u00e1hoz egyik ember\u00e9t, aki m\u00e1ris engedelmeskedett.<\/p>\n\n\n\n<p>\u2013 H\u00e9k\u00e1s! \u2013 sz\u00f3lt r\u00e1 Szil\u00e1rd. \u2013 Alkarnyi bet\u0171kkel fel\u00edrt\u00e1k, hogy ne nyisd ki!<\/p>\n\n\n\n<p>\u00c1m Szolnoki Pist\u00e1val akkor \u00e9s ott nem lehetett ilyen egyszer\u0171en sz\u00f3t \u00e9rteni. Szolnoki ugyanis ebben a helyzetben nem a bar\u00e1tjuk, nem r\u00e9gi fegyvert\u00e1rsuk, m\u00e9g csak nem is a v\u00f6r\u00f6s vaddiszn\u00f3k z\u00e1szlaj\u00e1nak kapit\u00e1nya volt \u2013 hanem a Lackfi Istv\u00e1n \u00e1ltal \u00fajb\u00f3l \u00e9letre h\u00edvott \u00e9s a legnagyobb titokban m\u0171k\u00f6d\u0151 Szent Gy\u00f6rgy Lovagrend tisztje, amir\u0151l m\u00e9g legk\u00f6zelebbi cimbor\u00e1i sem tudhattak. A feh\u00e9r s\u00e1rk\u00e1ny szolg\u00e1lat\u00e1ban \u00e1llt, \u00e9s szigor\u00fa megb\u00edz\u00e1st teljes\u00edtett. L\u00e1tnia kellett, mi az, ami eln\u00e9ptelen\u00edtette a falut.<\/p>\n\n\n\n<p>Z\u00e9t\u00e9ny nev\u0171 embere visszat\u00e9rt a j\u00f3kora, fejneh\u00e9z b\u00e1rddal, Szolnoki Pista pedig nekiesett a l\u00e1ncnak. Az \u00f6t\u00f6dik csap\u00e1s\u00e1ra elpattantak a szemek. Akkor Szolnoki f\u00e9l k\u00e9zzel fell\u00f6kte a reteszt, \u00e9s a k\u00e9tsz\u00e1rny\u00fa kapu lassan, lust\u00e1n kiny\u00edlt, ak\u00e1rha egy t\u00falvil\u00e1gi parancsnak engedelmeskedne. Mindenki h\u00e1tr\u00e1lt egy l\u00e9p\u00e9st: a cs\u0171r mintha \u00e1s\u00edtott volna. A lehelete b\u0171zl\u00f6tt.<\/p>\n\n\n\n<p>\u2013 \u00c9des Krisztusom! \u2013 ny\u00f6g\u00f6tt fel Palk\u00f3. \u2013 Mi a\u2026?<\/p>\n\n\n\n<p>\u00d6klendezni kezdett, ahogy a rothad\u00e1s \u00e9des szaga megcsapta az orr\u00e1t.<\/p>\n\n\n\n<p>Odabent eg\u00e9sz felh\u0151nyi d\u00f6gl\u00e9gy lepett el t\u00f6bb tucat, kupacba rakott temetetlen halottat. Asszonyok, f\u00e9rfiak, \u00f6regek, ifjak \u00e9s gyerekek hevertek egym\u00e1s hegy\u00e9n-h\u00e1t\u00e1n a cs\u0171rben. A l\u00e1tv\u00e1ny b\u00e9n\u00edt\u00f3 volt. Fra Moriale hangos im\u00e1ba fogott. Foh\u00e1szkodtak \u00e9s keresztet vetettek a t\u00f6bbiek is. A maga m\u00f3dj\u00e1n, kipcsak nyelv\u00e9n B\u00f6ng\u00e9r is im\u00e1t mormolt kun harcsabajsza alatt, mik\u00f6zben elkerekedett szeme m\u00e9lyr\u0151l fakad\u00f3 r\u00e9m\u00fcletet t\u00fckr\u00f6z\u00f6tt.<\/p>\n\n\n\n<p>\u2013 Meg kell n\u00e9zn\u00fcnk \u2013 jelentette ki tompa hangon Szolnoki. \u2013 Meg kell n\u00e9zn\u00fcnk k\u00f6zelebbr\u0151l is, hogy mi ez!<\/p>\n\n\n\n<p>\u2013 V\u00e1rjatok! \u2013 ki\u00e1ltotta Richardus, amikor n\u00e9h\u00e1nyan t\u00e9tova l\u00e9p\u00e9st tettek a holtak fel\u00e9. \u2013 V\u00e1rjatok, ez \u00edgy nem biztons\u00e1gos!<\/p>\n\n\n\n<p>A tanult f\u00e9rfi r\u00f6vid id\u0151re \u00e1tvette az ir\u00e1ny\u00edt\u00e1st. Akinek el\u00e9g hossz\u00fa volt a k\u00f6rgall\u00e9ros csukly\u00e1ja h\u00e1tuls\u00f3, lel\u00f3g\u00f3 r\u00e9sze, annak azt javasolta, hogy n\u00e9h\u00e1nyszor tekerje k\u00f6rbe vele az arc\u00e1t, elrejtve az orr\u00e1t \u00e9s a sz\u00e1j\u00e1t. A t\u00f6bbiek egy\u00e9b ruhadarabokb\u00f3l \u00fcgyeskedtek \u00f6ssze s\u00e1lat a sz\u00e1juk el\u00e9.<\/p>\n\n\n\n<p>\u2013 A rossz leveg\u0151 meg\u00e1rthat \u2013 magyar\u00e1zta Richardus. \u2013 \u00cdgy ideig-\u00f3r\u00e1ig meg\u00f3vhatjuk magunkat.<\/p>\n\n\n\n<p>Ezut\u00e1n keszty\u0171t kellett h\u00fazniuk, \u00e9s botokat, gallyakat keresni, hogy lehet\u0151leg ne \u00e9rjenek az elsz\u00ednez\u0151d\u00f6tt holttetemekhez. Fra Moriale t\u00falz\u00e1snak tartotta az ilyen fok\u00fa el\u0151vigy\u00e1zatoss\u00e1got, de az\u00e9rt k\u00f6vette a t\u00f6bbiek p\u00e9ld\u00e1j\u00e1t, miel\u0151tt bel\u00e9pett volna a cs\u0171rbe.<\/p>\n\n\n\n<p>\u2013 Credo in Deum Patrem omnipotentem, creatorem caeli et terrae \u2013 morzsolta az apostoli hitvall\u00e1st Richardus, pr\u00f3b\u00e1lva n\u00e9mi b\u00e1tors\u00e1got \u00f6nteni mindny\u00e1jukba. \u2013 Et in Iesum Christum, Filium eius unicum, Dominum nostrum, qui conceptus est de Spiritu Sancto, natus ex Maria Virgine, passus sub Pontio Pilato, crucifixus, mortuus et sepultus, descendit ad infernos, tertia die resurrexit a mortuis\u2026<\/p>\n\n\n\n<p>A temetetlen holtak karj\u00e1n, nyak\u00e1n \u00e9s egy\u00e9b testr\u00e9szein j\u00f3kora elsz\u00ednez\u0151d\u00f6tt foltok, ocsm\u00e1ny kr\u00e1terek l\u00e1tszottak: megannyi toj\u00e1sdad alak\u00fa, lil\u00e1sfekete, puffadt bub\u00f3, t\u00f6bbs\u00e9g\u00e9ben m\u00e1r kipukkadva, s\u00f6t\u00e9t, s\u0171r\u0171 levet eresztve.<\/p>\n\n\n\n<p>\u2013 J\u00f3s\u00e1gos atya\u00faristen! \u2013 h\u00f6r\u00f6gte Palk\u00f3. \u2013 Hov\u00e1 hozt\u00e1l minket, Szolnoki? Takarodjunk innen, de azonnal!<\/p>\n\n\n\n<p>\u2013 Egyet\u00e9rtek \u2013 ny\u00f6gte Pista. \u2013 Soha nem is kellett volna idej\u00f6nn\u00fcnk\u2026<\/p>\n\n\n\n<p>\u2013 Ne \u00e9rjetek hozz\u00e1juk! \u2013 ord\u00edtott Richardus, amikor n\u00e9h\u00e1nyan, valamif\u00e9le bizarr k\u00edv\u00e1ncsis\u00e1gnak engedve, m\u00e9g k\u00f6zelebb \u00f3vakodtak a tetemhalomhoz. \u2013 Az isten szerelm\u00e9re, megh\u0171lt az agyatok?! Nem tudjuk, mi ez, de a falusiak fejvesztett menek\u00fcl\u00e9se alapj\u00e1n \u00fagy gondolom, hogy k\u00f6nnyen terjed, \u00e9s gyorsan \u00f6l! Kifel\u00e9! Kifel\u00e9 innen mindenki! Azonnal!<\/p>\n\n\n\n<p>\u2013 Eml\u00e9kezzetek r\u00e1, mi\u00e9rt titeket hoztalak magammal! \u2013 hallott\u00e1k Szolnoki Pista szigor\u00fa hangj\u00e1t, miut\u00e1n visszaz\u00e1rt\u00e1k a cs\u0171r k\u00e9tsz\u00e1rny\u00fa kapuj\u00e1t, rajta a figyelmeztet\u0151 felirattal. \u2013 Egy sz\u00f3t se err\u0151l senkinek!<\/p>\n\n\n\n<p>\u2013 El\u00e9g ebb\u0151l a baroms\u00e1gb\u00f3l! \u2013 d\u00f6rrent r\u00e1 B\u00e1tor Szil\u00e1rd. \u2013 Ezt azonnal el kell mondani a vajd\u00e1nak, a kir\u00e1lynak \u00e9s valamennyi el\u0151kel\u0151nek.<\/p>\n\n\n\n<p>\u2013 De hiszen m\u00e9g azt sem tudjuk, mi ez!<\/p>\n\n\n\n<p>\u2013 Pontosan \u2013 n\u00e9zett r\u00e1 Szil\u00e1rd. \u2013 \u00c9ppen ez\u00e9rt kell miel\u0151bb kider\u00edteni. Azut\u00e1n \u00fatj\u00e1t \u00e1llni. H\u00e1tha m\u00e9g nem k\u00e9s\u0151: nehogy m\u00e1shol is megjelenjen!<\/p>\n\n\n\n<p><em>(B\u00edr\u00f3 Szabolcs: Anjouk \u2013 IX. r\u00e9sz: A pusztul\u00e1s dala. A reg\u00e9ny 2024 november\u00e9ben jelenik meg az Athenaeum Kiad\u00f3 gondoz\u00e1s\u00e1ban.)<\/em><\/p>\n","protected":false},"excerpt":{"rendered":"<p>A pusztul\u00e1s dala (reg\u00e9nyr\u00e9szlet) Az \u00dar 1348. \u00e9v\u00e9nek tavasza N\u00e1polyi Kir\u00e1lys\u00e1g Szil\u00e1rd ujjai a nyak\u00e1ban l\u00f3g\u00f3 med\u00e1llal, a kun holdsarl\u00f3val j\u00e1tszottak, mik\u00f6zben a f\u00e9rfi az \u00f6b\u00f6lben \u00e1llt, \u00e9s a tengert n\u00e9zte. Les\u00e9lt\u00e1lt eg\u00e9szen a partra kih\u00fazott hal\u00e1szcs\u00f3nakok k\u00f6z\u00e9, ahol egyszer &hellip; <a href=\"https:\/\/opus-folyoirat.sk\/?page_id=3746\">Egy kattint\u00e1s ide a folytat\u00e1shoz&#8230;. <span class=\"meta-nav\">&rarr;<\/span><\/a><\/p>\n","protected":false},"author":4,"featured_media":0,"parent":0,"menu_order":0,"comment_status":"closed","ping_status":"closed","template":"","meta":{"footnotes":""},"class_list":["post-3746","page","type-page","status-publish","hentry"],"_links":{"self":[{"href":"https:\/\/opus-folyoirat.sk\/index.php?rest_route=\/wp\/v2\/pages\/3746","targetHints":{"allow":["GET"]}}],"collection":[{"href":"https:\/\/opus-folyoirat.sk\/index.php?rest_route=\/wp\/v2\/pages"}],"about":[{"href":"https:\/\/opus-folyoirat.sk\/index.php?rest_route=\/wp\/v2\/types\/page"}],"author":[{"embeddable":true,"href":"https:\/\/opus-folyoirat.sk\/index.php?rest_route=\/wp\/v2\/users\/4"}],"replies":[{"embeddable":true,"href":"https:\/\/opus-folyoirat.sk\/index.php?rest_route=%2Fwp%2Fv2%2Fcomments&post=3746"}],"version-history":[{"count":2,"href":"https:\/\/opus-folyoirat.sk\/index.php?rest_route=\/wp\/v2\/pages\/3746\/revisions"}],"predecessor-version":[{"id":3749,"href":"https:\/\/opus-folyoirat.sk\/index.php?rest_route=\/wp\/v2\/pages\/3746\/revisions\/3749"}],"wp:attachment":[{"href":"https:\/\/opus-folyoirat.sk\/index.php?rest_route=%2Fwp%2Fv2%2Fmedia&parent=3746"}],"curies":[{"name":"wp","href":"https:\/\/api.w.org\/{rel}","templated":true}]}}