{"id":3758,"date":"2025-05-30T14:08:00","date_gmt":"2025-05-30T12:08:00","guid":{"rendered":"https:\/\/opus-folyoirat.sk\/?page_id=3758"},"modified":"2026-01-14T14:09:24","modified_gmt":"2026-01-14T12:09:24","slug":"david-dora-2","status":"publish","type":"page","link":"https:\/\/opus-folyoirat.sk\/?page_id=3758","title":{"rendered":"D\u00e1vid D\u00f3ra"},"content":{"rendered":"\n<p><strong>T\u00f6red\u00e9kek<\/strong><\/p>\n\n\n<div class=\"has-text-align-right wp-block-post-date\"><time datetime=\"2025-05-30T14:08:00+02:00\">2025-05-30<\/time><\/div>\n\n\n<p>Any\u00e1m temet\u00e9s\u00e9n l\u00e1ttalak el\u0151sz\u00f6r.<\/p>\n\n\n\n<p>Csontdermeszt\u0151 hideg volt, a v\u00e1roson k\u00f6d \u00fclt, \u00e9s a k\u00f6v\u00e9r es\u0151cseppek hangosan kopogtak a s\u00f6t\u00e9tsz\u00fcrke aszfalton. A leveg\u0151ben szinte \u00e9rezni lehetett a k\u00f6nnyek szag\u00e1t. A szertart\u00e1s a v\u00e9g\u00e9hez k\u00f6zeledett, a temet\u0151ben zajosak voltak a l\u00e9ptek, amelyek a pocsoly\u00e1kon gyalogoltak kereszt\u00fcl, \u00e9s amelyek min\u00e9l hamarabb szabadulni akartak a fojtogat\u00f3 k\u00f6zegb\u0151l.<\/p>\n\n\n\n<p>H\u00e1tul volt\u00e1l, egy fa lombkoron\u00e1ja takart. Eml\u00e9kszem s\u00f6t\u00e9t farmeredre, fekete pulcsidra, \u00e9s arra, hogy kezedet a zsebedbe dugva, lehajtott fejjel \u00e1llt\u00e1l. Nem figyelt\u00e9l oda a k\u00f6r\u00fcl\u00f6tted l\u00e9v\u0151kre, a l\u00e1bad alatt hever\u0151 avart rugdostad, a levelek zizeg\u00e9se megt\u00f6rte a pap szavai k\u00f6zti sz\u00fcnetek \u00fcres csendj\u00e9t.<\/p>\n\n\n\n<p>A fogad\u00e1son odaj\u00f6tt\u00e9l hozz\u00e1m, \u00e9s meg\u00e1llva el\u0151ttem, egy pillanatig csak n\u00e9zt\u00e9l. Nem tudtad, mit mondhatn\u00e1l, \u00e9n meg azt, hogy <em>mi\u00e9rt<\/em> nem. Eddig mindenkit\u0151l csupa k\u00f6zhelyt hallottam, erre te egy \u00e1rva sz\u00f3t sem sz\u00f3lt\u00e1l. Csup\u00e1n meg\u00f6lelt\u00e9l. \u00c1tkaroltad a v\u00e1llam, \u00e9s a mellkasodhoz vont\u00e1l. Annyira led\u00f6bbentett a mozdulat, hogy fogalmam sem volt, hogyan reag\u00e1ljak. R\u00e1d. Az \u00e9rint\u00e9sedre. \u00cdgy azt\u00e1n hagytam, hogy a karodban tarts, hagytam, hogy egy pillanatra levegy\u00e9l r\u00f3lam minden terhet, \u00e9s hagytam, hogy a val\u00f3s\u00e1got kiz\u00e1rva egy momentumra leveg\u0151h\u00f6z juttass. Hagytam, hogy visszahozz az \u00e9letbe.<\/p>\n\n\n\n<p>H\u00f3napok teltek el, mire ism\u00e9t tal\u00e1lkoztunk. Semmi kedvem nem volt r\u00e9szt venni ap\u00e1m c\u00e9ges bulij\u00e1n, m\u00e9gis meg\u00edg\u00e9rtem, hogy ott leszek. Ap\u00e1m, miut\u00e1n bemutatott a munkat\u00e1rsainak, hagyta, hadd \u00e9lvezzem az est\u00e9t. A b\u00e1rpultn\u00e1l k\u00e9rtem egy italt, amivel a sarokba kihelyezett kanap\u00e9hoz vonultam. El\u0151szedtem a t\u00e1sk\u00e1mb\u00f3l a f\u00fczetem \u00e9s egy tollat, majd feln\u00e9ztem, mert \u00fagy \u00e9reztem, valaki figyel.<\/p>\n\n\n\n<p><em>Te<\/em> volt\u00e1l az.<\/p>\n\n\n\n<p>Kezedben egy poh\u00e1r pezsg\u0151vel s\u00e9t\u00e1lt\u00e1l fel\u00e9m, tekinteted kifejez\u00e9stelen\u00fcl tartotta az eny\u00e9met. Oda\u00e9rve le\u00fclt\u00e9l mell\u00e9m, \u00e9s karodat a h\u00e1tt\u00e1ml\u00e1ra helyezted. M\u00f6g\u00e9m. Kiss\u00e9 arr\u00e9bb h\u00faz\u00f3dtam, mire felvontad a szem\u00f6ld\u00f6k\u00f6d, de sz\u00f3 n\u00e9lk\u00fcl hagytad a helyzetet.<\/p>\n\n\n\n<p>\u2013 Mit \u00edrsz? \u2013 \u00e9rdekl\u0151dt\u00e9l, fejeddel a f\u00fczetem fel\u00e9 biccentett\u00e9l.<\/p>\n\n\n\n<p>\u2013 Haikut \u2013 feleltem.<\/p>\n\n\n\n<p>Nem faggatt\u00e1l tov\u00e1bb, ami megk\u00f6nnyebb\u00fcl\u00e9ssel t\u00f6lt\u00f6tt el. Vagy ismerted a versfajt\u00e1t, vagy nem \u00e9rdekelt a dolog. Nekem csak az volt a&nbsp;fontos, hogy aznap este t\u00f6bbet m\u00e1r nem sz\u00f3lt\u00e1l hozz\u00e1m, csup\u00e1n ott \u00fclt\u00e9l mellettem, \u00e9s a telefonodba mer\u00fclt\u00e9l. N\u00e9ha felpillantott\u00e1l, engem figyelt\u00e9l egy darabig, majd hozt\u00e1l magadnak egy \u00fajabb poh\u00e1r italt, \u00e9s kezd\u0151d\u00f6tt az eg\u00e9sz el\u00f6lr\u0151l. Megnyugtatott mozdulataid folytonoss\u00e1ga.<\/p>\n\n\n\n<p>Zuhogott az es\u0151, m\u00e9gis felaj\u00e1nlottad, hogy hazak\u00eds\u00e9rsz, \u00e9s \u00e9n nem tiltakoztam. Azt k\u00edv\u00e1ntam, b\u00e1rcsak el tudn\u00e1m ny\u00fajtani a veled t\u00f6lt\u00f6tt perceket. Nem mondtam ki, milyen sokat jelentesz nekem. F\u00e9ltem a saj\u00e1t \u0151szintes\u00e9gemt\u0151l.<\/p>\n\n\n\n<p>Egy este sz\u00ednh\u00e1zba ment\u00fcnk. T\u00e9ged nem igaz\u00e1n \u00e9rdekelt a darab, viszont gy\u0151zk\u00f6dt\u00e9l, hogy n\u00e9zz\u00fck meg, mert tudtad, hogy engem meg igen. \u00d6r\u00fcltem neki, hogy ott vagy velem, m\u00e9gsem tudtam \u00e9lvezni a m\u0171sort, mert v\u00e9gig az j\u00e1rt a fejemben, hogy te mennyire unhatod. Nemcsak a szitu\u00e1ci\u00f3t, ak\u00e1r minket is. Rettegtem att\u00f3l, hogy egyszer elhagysz.<\/p>\n\n\n\n<p>\u00dczentem neked, de nem v\u00e1laszolt\u00e1l. H\u00edvtalak, de nem vetted fel a telefont. Nem tudtalak el\u00e9rni, att\u00f3l f\u00e9ltem, bajod esett. Hol vagy? Hol<em> volt\u00e1l?<\/em><\/p>\n\n\n\n<p>Valami megv\u00e1ltozott k\u00f6zt\u00fcnk. Nem besz\u00e9lt\u00fcnk r\u00f3la, igyekezt\u00fcnk \u00fagy tenni, mintha minden a r\u00e9gi lenne, m\u00e9gis tudtuk, hogy gond van. Vel\u00fcnk. Meg akartam volna besz\u00e9lni, de t\u00e9ged nem \u00e9rdekelt a dolog. Azt mondtad, ink\u00e1bb m\u00e1skor, mert f\u00e1radt vagy ma ehhez. A k\u00f6vetkez\u0151 nap is ezt v\u00e1laszoltad. \u00c9s azut\u00e1n is. \u00c9n pedig egyre ink\u00e1bb k\u00e9ts\u00e9gbeestem, \u00e9s nem tudtam, mit csin\u00e1ljak. Veled akartam lenni, melletted akartam maradni, m\u00e9gis \u00fagy \u00e9reztem, fokozatosan vesz\u00edtelek el. Kifordult\u00e1l \u00f6nmagadb\u00f3l, el\u00e9rhetetlenn\u00e9 v\u00e1lt\u00e1l, \u00e9s \u00e9n tehetetlen\u00fcl figyeltem, ahogyan sz\u00e9tesik k\u00f6r\u00fcl\u00f6ttem a vil\u00e1g, amelynek te is a r\u00e9szese volt\u00e1l.<\/p>\n\n\n\n<p>Elm\u00falt minden, amik voltunk. F\u00e1jdalmas id\u0151szak k\u00f6vette ezt, s nem hozott a lelkemre enyh\u00fcl\u00e9st. Nem mintha eddig m\u00e9g nem csal\u00f3dtam volna, csak ami veled volt, az m\u00e9lyebben \u00e9rintett, mint b\u00e1rmi m\u00e1s. Mert azt gondoltam, hogy te m\u00e1s vagy.<\/p>\n\n\n\n<p>Azt <em>akartam<\/em>, hogy te m\u00e1s legy\u00e9l\u2026<\/p>\n","protected":false},"excerpt":{"rendered":"<p>T\u00f6red\u00e9kek Any\u00e1m temet\u00e9s\u00e9n l\u00e1ttalak el\u0151sz\u00f6r. Csontdermeszt\u0151 hideg volt, a v\u00e1roson k\u00f6d \u00fclt, \u00e9s a k\u00f6v\u00e9r es\u0151cseppek hangosan kopogtak a s\u00f6t\u00e9tsz\u00fcrke aszfalton. A leveg\u0151ben szinte \u00e9rezni lehetett a k\u00f6nnyek szag\u00e1t. A szertart\u00e1s a v\u00e9g\u00e9hez k\u00f6zeledett, a temet\u0151ben zajosak voltak a l\u00e9ptek, &hellip; <a href=\"https:\/\/opus-folyoirat.sk\/?page_id=3758\">Egy kattint\u00e1s ide a folytat\u00e1shoz&#8230;. <span class=\"meta-nav\">&rarr;<\/span><\/a><\/p>\n","protected":false},"author":4,"featured_media":0,"parent":0,"menu_order":0,"comment_status":"closed","ping_status":"closed","template":"","meta":{"footnotes":""},"class_list":["post-3758","page","type-page","status-publish","hentry"],"_links":{"self":[{"href":"https:\/\/opus-folyoirat.sk\/index.php?rest_route=\/wp\/v2\/pages\/3758","targetHints":{"allow":["GET"]}}],"collection":[{"href":"https:\/\/opus-folyoirat.sk\/index.php?rest_route=\/wp\/v2\/pages"}],"about":[{"href":"https:\/\/opus-folyoirat.sk\/index.php?rest_route=\/wp\/v2\/types\/page"}],"author":[{"embeddable":true,"href":"https:\/\/opus-folyoirat.sk\/index.php?rest_route=\/wp\/v2\/users\/4"}],"replies":[{"embeddable":true,"href":"https:\/\/opus-folyoirat.sk\/index.php?rest_route=%2Fwp%2Fv2%2Fcomments&post=3758"}],"version-history":[{"count":1,"href":"https:\/\/opus-folyoirat.sk\/index.php?rest_route=\/wp\/v2\/pages\/3758\/revisions"}],"predecessor-version":[{"id":3759,"href":"https:\/\/opus-folyoirat.sk\/index.php?rest_route=\/wp\/v2\/pages\/3758\/revisions\/3759"}],"wp:attachment":[{"href":"https:\/\/opus-folyoirat.sk\/index.php?rest_route=%2Fwp%2Fv2%2Fmedia&parent=3758"}],"curies":[{"name":"wp","href":"https:\/\/api.w.org\/{rel}","templated":true}]}}