{"id":3770,"date":"2025-06-17T14:31:00","date_gmt":"2025-06-17T12:31:00","guid":{"rendered":"https:\/\/opus-folyoirat.sk\/?page_id=3770"},"modified":"2026-01-14T14:38:51","modified_gmt":"2026-01-14T12:38:51","slug":"kemal-ozer-3","status":"publish","type":"page","link":"https:\/\/opus-folyoirat.sk\/?page_id=3770","title":{"rendered":"Kemal \u00d6zer"},"content":{"rendered":"\n<p><strong>Augusztusban a balkonon<\/strong><\/p>\n\n\n<div class=\"has-text-align-right wp-block-post-date\"><time datetime=\"2025-06-17T14:31:00+02:00\">2025-06-17<\/time><\/div>\n\n\n<p>Augusztusban teliholdn\u00e1l<br>nem fuldokolt volna \u00edgy a s\u00f6t\u00e9tben<br>a balkonj\u00e1n \u00fcl\u0151 f\u00e9rfi<br>nem lett volna k\u00f6nny\u00edze<br>az ajk\u00e1hoz emelt rak\u0131nak.<\/p>\n\n\n\n<p>Augusztusban teliholdn\u00e1l&nbsp;<br>nem ilyen vers \u00edr\u00f3dott volna.<\/p>\n\n\n\n<p><br><br><strong>Mit\u0151l lesz eml\u00e9kezetes<\/strong><\/p>\n\n\n\n<p>Mit\u0151l lesz eml\u00e9kezetes majd ez az \u00e9v?<br>Azokt\u00f3l a fekete felh\u0151kt\u0151l&nbsp;<br>amelyek a Nap \u00e9s k\u00f6z\u00e9nk furakodtak<br>ny\u00e1rra k\u00e9sz\u00fcl\u0151d\u0151 napjainkban?&nbsp;<br>Vagy tal\u00e1n att\u00f3l, hogy a legforgalmasabb \u00f3r\u00e1kban&nbsp;<br>ak\u00e1rha egy \u00e1tvonul\u00f3 \u00f6lyv\u00e1rny\u00e9kt\u00f3l<br>cs\u00f6ndbe fulladtak az utc\u00e1k?<\/p>\n\n\n\n<p><br><br><strong>Tavalyt\u00f3l mostan\u00e1ig<\/strong><\/p>\n\n\n\n<p>Tudom nem hallgatt\u00e1l volna&nbsp;<br>megtal\u00e1ltad volna a m\u00f3dj\u00e1t a besz\u00e9dnek<br>tal\u00e1n a t\u00e9l utols\u00f3 napjaiban<br>amikor m\u00e1r alig f\u00fcst\u00f6l egy-egy k\u00e9m\u00e9ny<br>k\u00e9klik a m\u00e1rciusi \u00e9g&nbsp;<br>tal\u00e1n amikor felt\u0171nnek az els\u0151 fecsk\u00e9k<br>a m\u00f3dj\u00e1t megtal\u00e1ltad volna tudom&nbsp;<br>hogy elmondd mi minden t\u00f6rt\u00e9nt.<\/p>\n\n\n\n<p>Mi t\u00f6rt\u00e9nt tavalyt\u00f3l mostan\u00e1ig<br>nem tudj\u00e1k nem k\u00e9rdezni a fecsk\u00e9k&nbsp;<br>\u00e9s nem tudod nem elmondani te sem.<\/p>\n\n\n\n<p><\/p>\n\n\n\n<p><\/p>\n\n\n\n<p class=\"has-text-align-right\"><em>Tasn\u00e1di Edit ford\u00edt\u00e1sai<\/em><\/p>\n","protected":false},"excerpt":{"rendered":"<p>Augusztusban a balkonon Augusztusban teliholdn\u00e1lnem fuldokolt volna \u00edgy a s\u00f6t\u00e9tbena balkonj\u00e1n \u00fcl\u0151 f\u00e9rfinem lett volna k\u00f6nny\u00edzeaz ajk\u00e1hoz emelt rak\u0131nak. Augusztusban teliholdn\u00e1l&nbsp;nem ilyen vers \u00edr\u00f3dott volna. Mit\u0151l lesz eml\u00e9kezetes Mit\u0151l lesz eml\u00e9kezetes majd ez az \u00e9v?Azokt\u00f3l a fekete felh\u0151kt\u0151l&nbsp;amelyek a Nap &hellip; <a href=\"https:\/\/opus-folyoirat.sk\/?page_id=3770\">Egy kattint\u00e1s ide a folytat\u00e1shoz&#8230;. <span class=\"meta-nav\">&rarr;<\/span><\/a><\/p>\n","protected":false},"author":4,"featured_media":0,"parent":0,"menu_order":0,"comment_status":"closed","ping_status":"closed","template":"","meta":{"footnotes":""},"class_list":["post-3770","page","type-page","status-publish","hentry"],"_links":{"self":[{"href":"https:\/\/opus-folyoirat.sk\/index.php?rest_route=\/wp\/v2\/pages\/3770","targetHints":{"allow":["GET"]}}],"collection":[{"href":"https:\/\/opus-folyoirat.sk\/index.php?rest_route=\/wp\/v2\/pages"}],"about":[{"href":"https:\/\/opus-folyoirat.sk\/index.php?rest_route=\/wp\/v2\/types\/page"}],"author":[{"embeddable":true,"href":"https:\/\/opus-folyoirat.sk\/index.php?rest_route=\/wp\/v2\/users\/4"}],"replies":[{"embeddable":true,"href":"https:\/\/opus-folyoirat.sk\/index.php?rest_route=%2Fwp%2Fv2%2Fcomments&post=3770"}],"version-history":[{"count":1,"href":"https:\/\/opus-folyoirat.sk\/index.php?rest_route=\/wp\/v2\/pages\/3770\/revisions"}],"predecessor-version":[{"id":3779,"href":"https:\/\/opus-folyoirat.sk\/index.php?rest_route=\/wp\/v2\/pages\/3770\/revisions\/3779"}],"wp:attachment":[{"href":"https:\/\/opus-folyoirat.sk\/index.php?rest_route=%2Fwp%2Fv2%2Fmedia&parent=3770"}],"curies":[{"name":"wp","href":"https:\/\/api.w.org\/{rel}","templated":true}]}}