{"id":3821,"date":"2025-06-12T15:00:00","date_gmt":"2025-06-12T13:00:00","guid":{"rendered":"https:\/\/opus-folyoirat.sk\/?page_id=3821"},"modified":"2026-01-14T15:21:31","modified_gmt":"2026-01-14T13:21:31","slug":"hermann-judit","status":"publish","type":"page","link":"https:\/\/opus-folyoirat.sk\/?page_id=3821","title":{"rendered":"Hermann Judit"},"content":{"rendered":"\n<div class=\"wp-block-group is-vertical is-layout-flex wp-container-core-group-is-layout-8cf370e7 wp-block-group-is-layout-flex\">\n<p><strong>\u00cdzek \u00e9s eml\u00e9kek<\/strong><\/p>\n\n\n\n<p><em>(r\u00e9szlet)<\/em><\/p>\n<\/div>\n\n\n<div class=\"has-text-align-right wp-block-post-date\"><time datetime=\"2025-06-12T15:00:00+02:00\">2025-06-12<\/time><\/div>\n\n\n<div class=\"wp-block-group is-vertical is-content-justification-right is-layout-flex wp-container-core-group-is-layout-b6c475e2 wp-block-group-is-layout-flex\">\n<p class=\"has-text-align-right\"><em>Megk\u00e9rtek egy rabbit, akinek a nagyapja m\u00e9g a Baal S\u00e9m tan\u00edtv\u00e1nya volt, hogy mes\u00e9ljen el egy t\u00f6rt\u00e9netet. \u2013 A t\u00f6rt\u00e9netet \u00fagy kell elmes\u00e9lni \u2013 mondta \u2013, hogy seg\u00edtsenek vele az embereknek. \u2013 Majd hozz\u00e1tette: \u2013 A nagyap\u00e1m b\u00e9na volt. Egyszer megk\u00e9rt\u00e9k, besz\u00e9ljen a tan\u00edt\u00f3j\u00e1r\u00f3l. \u00c9s akkor elmondta, hogyan szokott a szent Baal S\u00e9m ima k\u00f6zben sz\u00f6kelleni \u00e9s t\u00e1ncolni. A nagyap\u00e1m ott \u00e1llt \u00e9s besz\u00e9lt, \u00e9s a t\u00f6rt\u00e9net annyira mag\u00e1val ragadta, hogy egyszer csak neki is sz\u00f6kd\u00e9cselnie \u00e9s t\u00e1ncolnia kellett, ahogy mestere is tette. \u00c9s e percben kigy\u00f3gyult b\u00e9nas\u00e1g\u00e1b\u00f3l. \u00cdgy kell a t\u00f6rt\u00e9neteket elmondani.<\/em><\/p>\n\n\n\n<p><em>(Martin Buber: Haszid t\u00f6rt\u00e9netek.&nbsp;<\/em><\/p>\n\n\n\n<p><em>Ford\u00edtott: R\u00e1cz P\u00e9ter, Atlantisz k\u00f6nyvkiad\u00f3, 1995.)&nbsp;<\/em><\/p>\n<\/div>\n\n\n\n<p>A r\u00f3mai hotel terasz\u00e1n, a nemzetk\u00f6zi t\u00e1rsas\u00e1g \u2019magyar asztal\u00e1n\u00e1l \u00e9n voltam egyed\u00fcl, aki nem panaszkodtam a vacsor\u00e1ra. A Nemzetk\u00f6zi Kereszt\u00e9ny Zsid\u00f3 Tan\u00e1csnak a vil\u00e1g k\u00fcl\u00f6nb\u00f6z\u0151 v\u00e1rosaiban rendezett konferenci\u00e1in, melyeken a zsid\u00f3-kereszt\u00e9ny kapcsolatrendszert val\u00f3j\u00e1ban m\u00e1r hetven \u00e9ve elemzik, az \u00e9tkez\u00e9sek \u00f6ssze\u00e1ll\u00edt\u00e1s\u00e1n\u00e1l mindig komolyan figyelnek a k\u00fcl\u00f6nb\u00f6z\u0151 felekezetek ig\u00e9nyeire. A magyar r\u00e9sztvev\u0151knek ez sokszor nincs \u00edny\u00e9re. Legt\u00f6bbsz\u00f6r hi\u00e1nyoznak ugyanis a h\u00fasok, vagy t\u00falz\u00f3an egyszer\u0171s\u00f6dik le a men\u00fc, hogy megfeleljen a k\u00fcl\u00f6nb\u00f6z\u0151 felekezeti el\u0151\u00edr\u00e1soknak. Sz\u00e1momra ayonban a meleg r\u00f3mai est\u00e9ben semmi nem lehetett rossz. Ha van az asztalon ak\u00e1r csak egy is a paradicsomban \u00fasz\u00f3 t\u00e9szt\u00e1kb\u00f3l, a f\u00e9nyesm\u00e1z\u00fa, van\u00edli\u00e1s, mandul\u00e1s pit\u00e9kb\u0151l, \u00e9s k\u00e9t asztalt bor\u00edtanak be a h\u00e1romsz\u00f6glet\u0171re szeletelt g\u00f6r\u00f6gdinny\u00e9k, m\u00e1r semmi nem lehet rossz.<\/p>\n\n\n\n<p>Ezen a konferenci\u00e1n \u00e9l\u00e9nken felfigyeltem pesti szervezet\u00fcnk f\u0151titk\u00e1r\u00e1nak javaslat\u00e1ra: \u201e\u00cdrjunk kereszt\u00e9ny-zsid\u00f3 szak\u00e1csk\u00f6nyvet!\u201d Arra gondoltam, nem olyan szak\u00e1csk\u00f6nyvet kellene \u00edrni, ami elbesz\u00e9li a zsid\u00f3 \u00e9s kereszt\u00e9ny konyh\u00e1k technik\u00e1j\u00e1t, receptjeit, a h\u00e1ztart\u00e1sok szok\u00e1sait, hanem olyat, ami r\u00e1mutat a kapcsolatukra. Nemcsak a k\u00f6lcs\u00f6nhat\u00e1sokra, hanem elbesz\u00e9li a val\u00f3s\u00e1gos t\u00f6rt\u00e9neteket, a b\u00e9k\u00e9sebb id\u0151kben m\u00e9g l\u00e9tez\u0151 szomsz\u00e9di kapcsolatok gazdag\u00edt\u00f3 tapasztalatait. Amikor az \u00edzek \u00f3hatatlanul \u00fczentek egym\u00e1snak. Tal\u00e1n szem\u00e9lyes sorsom, kereszt\u00e9ny any\u00e1m \u00e9s zsid\u00f3 ap\u00e1m nagyszer\u0171 \u00e9lett\u00f6rt\u00e9net\u00e9n kereszt\u00fcl felismerem ezeket a folyamatokat, \u00e9s eml\u00e9kezni tudok r\u00e1juk. Val\u00f3j\u00e1ban k\u00e9szen is \u00e1llok erre, hiszen amikor ihletet kapok, \u00e9s \u00fagy \u00e9rzem \u00edrnom kell, valamif\u00e9le h\u00e1l\u00e1val kell ad\u00f3znom a m\u00faltnak, szinte minden eml\u00e9kem \u00e9telekhez, f\u0151z\u00e9shez, egy\u00fctt-\u00e9tkez\u00e9sekhez kapcsol\u00f3dik. Ilyenkor, ha m\u00e1s nincs k\u00e9zn\u00e9l, a munka \u00fcres perceiben, itt Cambridge-ben, a Tesco p\u00e9nzt\u00e1r\u00e1ban megnyomom a p\u00e9nzt\u00e1rc\u00e9dula gombj\u00e1t, \u00e9s ezekre a pap\u00edrszeletekre ker\u00fclnek a gondolataim. A c\u00e9dul\u00e1k form\u00e1ja miatt Tesco-V\u00e9d\u00e1knak h\u00edvom \u0151ket. Jellemz\u0151 a mi id\u0151nkre! M\u00e1r az elm\u00e9lked\u00e9s, az \u00e9letr\u0151l mag\u00e1r\u00f3l sz\u00f3l\u00f3 gondolkod\u00e1s sz\u00edntere is a Tesco. Szupermarket vil\u00e1g.<\/p>\n\n\n\n<p>Mindazon\u00e1ltal a k\u00e9sztet\u00e9sekre hallgatva \u00e9n \u00f6r\u00f6mteli \u00e9tkez\u00e9seim eml\u00e9kezet\u00e9nek k\u00f6nyv\u00e9t szeretn\u00e9m meg\u00edrni. Valamif\u00e9le <em>Book of Indulgences<\/em>-t, ahogy angol bar\u00e1tom mondja. A \u201e<em>Sz\u00e9p \u00e9lvezetek k\u00f6nyv\u00e9t\u201d<\/em>. K\u00e9pzeletemet olyan sz\u00e9lesen \u00e9s olyan intenz\u00edven t\u00f6ltik be ezek az eml\u00e9kek, hogy rem\u00e9lni merem csak, felid\u00e9z\u00e9s\u00fckben nem puszt\u00e1n a torkoss\u00e1g tan\u00fai lesznek, hanem hordoznak majd az \u00e9let jobb megismer\u00e9s\u00e9t szolg\u00e1l\u00f3 \u00fczenetet is.&nbsp;<\/p>\n\n\n\n<p>**<\/p>\n\n\n\n<p>Amikor egyfajta szem\u00e9lyes szak\u00e1csk\u00f6nyvet, \u00f6r\u00f6mteli \u00e9tkez\u00e9seim eml\u00e9kezet\u00e9nek ilyen k\u00f6nyv\u00e9t szeretn\u00e9m meg\u00edrni, tal\u00e1n m\u00e9gsem saj\u00e1t eml\u00e9kemet besz\u00e9ln\u00e9m el els\u0151nek. Azzal a sokszor hallott elbesz\u00e9l\u00e9ssel kezden\u00e9m, melyet any\u00e1m mes\u00e9lt sokszor a legk\u00f6zvetlenebb \u00e1t\u00e9l\u00e9ssel. Azokkal a k\u00e9pekkel, melyeket ezek a mes\u00e9k l\u00e1ttattak velem. Az alkonyati vacsor\u00e1kkal, amikor a csal\u00e1d fiatal tagjai, a karcs\u00faderek\u00fa, hull\u00e1mz\u00f3 haj\u00fa, gy\u00f6ny\u00f6r\u0171 olasz l\u00e1nyok, a nyilasok el\u0151l a csal\u00e1dn\u00e1l bujk\u00e1l\u00f3, sov\u00e1ny, zsid\u00f3 ap\u00e1mmal egy\u00fctt alkonyatkor felkapaszkodtak a keskeny vid\u00e9ki utat szeg\u00e9lyz\u0151 eperf\u00e1kra. Vacsor\u00e1zni. Any\u00e1m olyan bels\u0151 meggy\u0151z\u0151d\u00e9ssel besz\u00e9lt a boldogs\u00e1gr\u00f3l, kacag\u00e1sr\u00f3l, cseveg\u00e9sr\u0151l, \u00e9s a gy\u00fcm\u00f6lcs j\u00f3 \u00edz\u00e9r\u0151l, hogy nemcsak l\u00e1ttatta velem az alkonyatban elter\u00fcl\u0151 utat, hanem egy igaz\u00e1n j\u00f3 vacsora k\u00e9p\u00e9t is ny\u00fajtotta vele. Mennyire nem a j\u00f3llak\u00e1s, vagyis mennyire nem a gazdags\u00e1g a j\u00f3 vacsora titka! Tal\u00e1n az egy\u00fcttl\u00e9t, tal\u00e1n maga az \u00e9letet ad\u00f3 t\u00e1pl\u00e1lkoz\u00e1s \u00f6r\u00f6me a titok.&nbsp;<\/p>\n\n\n\n<p>A magyarorsz\u00e1gi eperf\u00e1k k\u00fcl\u00f6nleges \u00fczenetet hordoznak. Valamilyen \u00e9rt\u00e9kes elegancia lengi \u0151ket k\u00f6r\u00fcl. Feh\u00e9res z\u00f6ld, pici fekete p\u00f6tty\u00f6kkel ell\u00e1tott gy\u00fcm\u00f6lcs\u00fck nem esik t\u00falz\u00e1sokba. Ink\u00e1bb sejttet valamilyen csod\u00e1s arom\u00e1t, illatot. Csak n\u00e9ha \u00e9des intenz\u00edven. Az \u00e9dess\u00e9get is ink\u00e1bb csak sejtteti. Delik\u00e1t \u2013 a sz\u00f3 igazi \u00e9rtelm\u00e9ben, ahogy azt m\u00e1s nyelveken mondj\u00e1k enn\u00e9l sokkal \u2019rangosabb\u2019 dolgokra. &nbsp; Ez a szederszer\u0171 gy\u00fcm\u00f6lcs sz\u00edvesebben marad \u2019vadon\u2019, a szeg\u00e9nyek vacsor\u00e1j\u00e1nak. Nem l\u00e9nyeges, hogy nemes\u00edthet\u0151-e, nemes\u00edtik-e, hiszen \u0151 m\u00e1r nemes. Hozz\u00e1 tartozik az utak menti gy\u00f6ny\u00f6r\u0171 fa, \u00e9s az alkonyat. Sz\u00e1momra pedig a p\u00e9csi S\u00e9tat\u00e9r \u00f3don falai is, melyeknek t\u00f6v\u00e9ben a p\u00e9csi ny\u00e1r odaad\u00f3n ter\u00fclt el minden \u00e9vben lehullott gy\u00fcm\u00f6lcs\u00fck sz\u0151nyeg\u00e9n. Igazi szak\u00e1csk\u00f6nyvben val\u00f3sz\u00edn\u0171 ehhez a bekezd\u00e9shez nem is lehetne receptet aj\u00e1nlani. Semmi nem p\u00f3tolja azt az \u00e9lm\u00e9nyt, amit az illatos zamat ny\u00fajtott, ha az ember iskol\u00e1b\u00f3l j\u00f6vet, \u00e9hesen, el\u00e9rt egy pici gy\u00fcm\u00f6lcs\u00f6t a f\u00e1n. Az illatnak \u00e9s \u00e9dess\u00e9gnek ez az eml\u00e9ke sz\u00e1momra a r\u00e9gi k\u0151ker\u00edt\u00e9s, a m\u00f6g\u00f6tte l\u00e9v\u0151 ny\u00e1ri sz\u00ednh\u00e1z elsz\u00e1llott hangjai, halv\u00e1nylil\u00e1s f\u00e9nyei, az \u00e9vsz\u00e1zados f\u00e1k, a p\u00e9csi d\u00e9lut\u00e1n \u00edze is. &nbsp;<\/p>\n\n\n\n<p>Any\u00e1m elbesz\u00e9l\u00e9se pedig maga a t\u00f6rt\u00e9nelem, b\u00e1rmilyen fellengz\u0151sen hangzik is ez.&nbsp; A ny\u00e1ralkonyati vid\u00e9ki \u00fat f\u00e1in vacsor\u00e1z\u00f3k k\u00e9p\u00e9ben ott volt a n\u00e9lk\u00fcl\u00f6z\u00e9s, a csal\u00e1di, emberi \u00f6sszetartoz\u00e1s, a vesz\u00e9ly, a h\u0151siess\u00e9g nyoma is. Az igazi t\u00f6rt\u00e9nelem. \u00c9s persze a saj\u00e1t \u201et\u00f6rt\u00e9nelmem\u201d, mert abban a szerelemben fogantam, ami any\u00e1m \u00e9s ap\u00e1m k\u00f6z\u00f6tt ap\u00e1m bujk\u00e1l\u00e1sa h\u00f3napjaiban, ott, az \u00fatmenti kis faluban bontakozott ki. Soha nem l\u00e1thattam, elbesz\u00e9l\u00e9seikb\u0151l m\u00e9gis el\u0151ttem \u00e1ll a kis f\u00f6ldes szoba, ahol a dupla \u00e1gy vastag dunyh\u00e1i alatt ap\u00e1mat rejtegett\u00e9k. Mellette a t\u00fcd\u0151betegnek \u00e1lc\u00e1zott any\u00e1m fek\u00fcdt, hogy az esetleg razzi\u00e1z\u00f3 nyilasoknak legyen mit mondani, mi\u00e9rt nem lehet a szob\u00e1ba bel\u00e9pni. Az ilyen razzi\u00e1k ellen nagyap\u00e1mat valamennyire olasz \u00e1llampolg\u00e1rs\u00e1ga is v\u00e9dte. Hozz\u00e1 nem j\u00f6ttek, vagy tal\u00e1n nem is j\u00f6hettek kutatni a nyilasok. Ahogy elbesz\u00e9lt\u00e9k azonban, m\u00e9gis sokszor kellett ap\u00e1mnak a h\u00edvatlan vend\u00e9gek el\u0151l a szoba kis ablak\u00e1n \u00e1t a havas udvarra ugrani, \u00e9s ott rejt\u0151zni egy ideig. Hogyan mer\u00e9szelte m\u00e9gis szerelmesen a h\u00f3ba \u00edrni ilyenkor any\u00e1m nev\u00e9t? Pedig ezt tette, \u00e9s sokszor mes\u00e9lte is el nekem: \u201eAz ablakon \u00e1t l\u00e1ttuk a solym\u00e1ri hegyeken feket\u00e9ll\u0151 n\u00e9met katon\u00e1k vonul\u00e1s\u00e1t.\u201d&nbsp;<\/p>\n\n\n\n<p>**<\/p>\n\n\n\n<p>Nem lehetne csak \u00fagy \u201emegrendel\u00e9sre\u201d \u00edrni. Akkor kellene le\u00edrni valamit, amikor az eml\u00e9k t\u00e9nyleg \u00e9rz\u00e9ssel telitetten, \u00e9s s\u00fcrget\u0151en j\u00f6n el\u0151. Most m\u00e9gis gazdag\u00edtani szeretn\u00e9m az \u00e9telekkel \u00e9s ev\u00e9ssel kapcsolatos \u00e9lm\u00e9nyeimr\u0151 \u00edrottakat, \u00e9s \u00e9szreveszem, hogy er\u0151lk\u00f6dn\u00f6m nem kell sokat. Most mes\u00e9ltem a munkat\u00e1rsaimnak a h\u0171v\u00f6s, sz\u00fcrke, nedves munkahelyi \u00e9tkez\u0151ben, a decemberi, n\u00e9gy \u00f3rakor m\u00e1r s\u00f6t\u00e9t angol \u00e9gboltra kitekintve, milyen meleget \u00e1rasztanak a forralt borok a t\u00e9li&nbsp; hideg pesti utc\u00e1kon. \u00c9s milyen f\u00e9nyesek az \u00c1dventek B\u00e9csben! Mennyire \u00e9lvezte dr\u00e1ga any\u00e1m az \u00fcnnepi teret a b\u00e9csi V\u00e1rosh\u00e1za el\u0151tt! Azokat a j\u00f3 zs\u00edroskenyereket! Persze ezek k\u00fcl\u00f6n \u201em\u0171fajt\u201d k\u00e9pviseltek B\u00e9csben, mert nagyon j\u00f3 volt az erre haszn\u00e1lt keny\u00e9r. T\u00f6m\u00f6r, friss, barna, de nem t\u00fals\u00e1gosan s\u00f6t\u00e9t kenyerek voltak ezek, a h\u00e9jukon a feh\u00e9r liszt-cs\u00edkokat m\u00e9g ott hordt\u00e1k, \u00e9s nagyon j\u00f3l illett hozz\u00e1juk a t\u00f6p\u00f6rty\u0171s zs\u00edr. A hozz\u00e1juk j\u00e1r\u00f3 grog sz\u00e1momra nem volt l\u00e9nyeges, b\u00e1r teljess\u00e9ggel \u00f6sszetartoztak.<\/p>\n\n\n\n<p>Szeg\u00e9ny any\u00e1m nincs. Val\u00f3sz\u00edn\u0171leg Kar\u00e1csony sincs \u00fagy m\u00e1r. Micsoda vakmer\u0151s\u00e9g ilyen mondatok mellett a hal\u00e1szl\u00e9r\u0151l \u00edrni, de most ezek eml\u00e9ke t\u00f6r el\u0151, ez besz\u00e9li el \u00e9s fedi az any\u00e1m hal\u00e1la felett \u00e9rzett f\u00e1jdalmat. Azok a kar\u00e1csonyi hal\u00e1szl\u00e9k ugyanis az \u201e\u00e9let\u201d kateg\u00f3ri\u00e1ba\u201d tartoztak. \u00d6r\u00fcl\u00f6k is, hogy az\u00f3ta tudom m\u00e1r, a hal ritu\u00e1lis jelent\u0151s\u00e9g\u0171 a kereszt\u00e9ny-zsid\u00f3 kult\u00fark\u00f6rben, \u00e9s val\u00f3sz\u00edn\u0171leg m\u00e1s vall\u00e1sokban is. Erre persze senki nem gondol, mert nem is kell r\u00e1 gondolni, de m\u00e9gis n\u00e1lunk a hal\u00e1szl\u00e9 mindenk\u00e9pp a kar\u00e1csony-est\u00e9k k\u00f6z\u00e9ppontja volt. Elk\u00e9sz\u00edt\u00e9se a leggy\u00f6ny\u00f6r\u0171bb munka volt annak ellen\u00e9re, hogy igaz\u00e1n nem sz\u00e9p \u00e9s nem kellemes m\u00e9g h\u00fasukban \u00e9l\u0151 halakat vagdalni. M\u00e9gis, kis megrend\u00fcl\u00e9ssel ugyan, de sz\u00e9p munk\u00e1nak \u00e9reztem. Ezekb\u0151l a friss halakb\u00f3l tisztas\u00e1g \u00e1radt. B\u00fcszk\u00e9n \u0151rizt\u00fck meg kincsk\u00e9nt a bels\u0151s\u00e9geket \u00e9s a v\u00e9rt is bel\u0151l\u00fck, hogy felhaszn\u00e1ljuk a levesben. Ez \u2019k\u00f3ser\u2019 v\u00e9r. Ez eszencia. A hal\u00e1szl\u00e9be bele kell ker\u00fclnie a friss, nagy gerinceken m\u00e9g ott maradt v\u00e9ren t\u00fal is minden megmaradt v\u00e9rnek. Ha a m\u00e1r forr\u00e1sban l\u00e9v\u0151 levesbe bele tudtam \u00f6nteni a t\u00e1l m\u00e9ly\u00e9n rekedt v\u00e9rt, az \u00e9tel s\u0171r\u0171s\u00e9g\u00e9nek \u00e9s zamat\u00e1nak egyik z\u00e1loga volt. Mint ahogy a nagy pontyok h\u00f3lyagjai is. Ezek ott \u00fasztak a gy\u00f6ny\u00f6r\u0171 sz\u00edn\u0171, j\u00f3 paprik\u00e1kt\u00f3l piros l\u00e9ben, a kivillan\u00f3 feh\u00e9r haldarabok k\u00f6z\u00f6tt, \u00e9s ahogy f\u0151tt a l\u00e9, lassan kipukkantak, \u00e9s \u00edz\u00fcket a levesnek adt\u00e1k. A hal\u00e1szl\u00e9 persze nem leves. Itt a s\u0171r\u0171s\u00e9gben nem lehet hajsz\u00e1lnyit sem t\u00e9vedni. Ez olyan kateg\u00f3ria, mint a Mahler szimf\u00f3ni\u00e1k. Gazdags\u00e1guk miatt ott sem lehet a m\u0171 m\u00e1sodpercet sem t\u00fal r\u00f6vid, sem t\u00fal hossz\u00fa.&nbsp; &nbsp; &nbsp; &nbsp; &nbsp; &nbsp; &nbsp; &nbsp; &nbsp; &nbsp; &nbsp; &nbsp; &nbsp; &nbsp; &nbsp; &nbsp; &nbsp; &nbsp; &nbsp; &nbsp; &nbsp; &nbsp; &nbsp; &nbsp; &nbsp; &nbsp; &nbsp; &nbsp; &nbsp; &nbsp; &nbsp; &nbsp; &nbsp; &nbsp; &nbsp; &nbsp; &nbsp;<\/p>\n\n\n\n<p>A hal\u00e1szl\u00e9 eset\u00e9ben \u00e9pp \u00fagy, mint&nbsp;minden&nbsp;igaz\u00e1n nagy \u00e9teln\u00e9l, a l\u00e1bos sem mindegy. Amikor any\u00e1m hal\u00e1la napj\u00e1t k\u00f6vet\u0151en a kamr\u00e1ba l\u00e9ptem, \u00e9s l\u00e1ttam a hurokra akasztott nagy piros hal\u00e1szl\u00e9s-l\u00e1bost, meggy\u0151z\u0151d\u00e9sem volt, hogy any\u00e1m egyik legnagyobb kincse f\u00fcgg\u00f6tt ott.&nbsp; Szeg\u00e9nys\u00e9ge jele, \u00e9s ugyanakkor a legnagyobb gazdags\u00e1g jelk\u00e9pe volt egyszerre ez a l\u00e1bos. Any\u00e1m tulajdona. Ereklye.<\/p>\n\n\n\n<p>**<\/p>\n\n\n\n<p>Egy m\u00e1sik konyhai eszk\u00f6zre is mint a csal\u00e1d egyik legnagyobb erekly\u00e9j\u00e9re tekintett\u00fcnk. A krumplinyom\u00f3ra, ami\u00e9rt ap\u00e1m az esztergomi feh\u00e9rszalagos, kikereztelkedett zsid\u00f3 munkaszolg\u00e1latosok t\u00e1bori konyh\u00e1j\u00e1r\u00f3l a t\u00e1bor mellett l\u00e9v\u0151 Domonkos z\u00e1rd\u00e1ba k\u00e9ret\u0151z\u00f6tt egy napon, hogy k\u00f6lcs\u00f6nk\u00e9rjen egy krumplinyom\u00f3t. Meg is kapta, de nem t\u00e9rt vissza a t\u00e1borba vele. Tudta, hogy&nbsp; m\u00e1snap a t\u00e1bor N\u00e9metorsz\u00e1gba indul, ami a hal\u00e1llal egyenl\u0151. Sokszor elmes\u00e9lt\u00e9k, hogyan \u00e1llt akkor a Dun\u00e1ra mutatva fiatal any\u00e1m a foly\u00f3 partj\u00e1n, hogyan mondta el, hogy nem akar ap\u00e1m n\u00e9lk\u00fcl \u00e9lni, \u00e9s hogyan \u00e1lltak ekkor nagyap\u00e1m el\u00e9. Ap\u00e1m azt mondta nagyap\u00e1mnak: \u201cTerm\u00e9szetesen nem kell befogadnia, visszautas\u00edthat, hiszen tudom mit jelent ez.\u201d Nagyap\u00e1m v\u00e1laszolt: \u201eCsak egy \u00e9let\u00fcnk van fiam, gyere be\u201d. \u00c9s rejtegett\u00e9k hossz\u00fa hetekig a be\u00e1gyazott \u00e1gy dunyh\u00e1i alatt.&nbsp;<\/p>\n\n\n\n<p>**<\/p>\n\n\n\n<p>Hogy lehet, hogy egy \u00e9leten \u00e1t \u0151rizt\u00e9k, \u00e9s term\u00e9szetes m\u00f3don haszn\u00e1lt\u00e1k ezt a krumplinyom\u00f3t? Mennyire m\u00e1s, \u00e9s egyed\u00fcli m\u00f3don volt j\u00f3 minden krumplip\u00fcr\u00e9, ami azzal k\u00e9sz\u00fclt. Mert nem el\u00e9g a vaj, a s\u00f3, az el\u0151re meleg\u00edtett tej? Az ezzel k\u00e9sz\u00fclt p\u00fcr\u00e9k nagyszer\u0171s\u00e9g\u00e9t \u00e1llaguk miatt, azt hiszem, a nyom\u00f3 adta meg. Teljes term\u00e9szetess\u00e9ggel haszn\u00e1ltuk ezt a krumplinyom\u00f3t. T\u00f6rt\u00e9nete jelent\u0151s\u00e9ge csak a legut\u00f3bbi \u00e9vekben v\u00e1lt fokozatosan tiszt\u00e1v\u00e1 el\u0151ttem. Ahogy k\u00e9sz\u00fclt a szilv\u00e1sgomb\u00f3c, a kis asztal mellett \u00fclve a t\u00f6rt\u00e9nete el\u0151ker\u00fclt, ahogy n\u00e9ha any\u00e1m \u201cmes\u00e9lt\u201d. Nagyon r\u00f6vid elbesz\u00e9l\u00e9sek voltak ezek. Egyszer\u0171nek hangz\u00f3 v\u00e1laszok j\u00f6ttek a k\u00e9rd\u00e9seimre is. \u201cHogy lehet, hogy \u00d3mami nem ker\u00fclt Auschwitzba?\u201d \u201cMegszakadt a sz\u00edve, infarktust kapott a n\u00e9metek bej\u00f6vetele napj\u00e1n\u201d &#8211; mondta any\u00e1m teljes egyszer\u0171s\u00e9ggel, minden \u201cp\u00e1tosz\u201d n\u00e9lk\u00fcl. Azt hiszem meghaladta\u00a0 vil\u00e1ga kereteit, \u00e9s feladat\u00e1t is, hogy elemezze a mondottakat. \u201cL\u00e1ttuk a t\u0171z\u0151 napra, a j\u00e1rd\u00e1ra kitett p\u00f3ly\u00e1s csecsem\u0151k sor\u00e1t\u201d &#8211; mondta egyik elbesz\u00e9l\u00e9s\u00e9ben, \u00e9s val\u00f3ban, nem is kellett tov\u00e1bb komment\u00e1lnia ezt.<\/p>\n","protected":false},"excerpt":{"rendered":"<p>\u00cdzek \u00e9s eml\u00e9kek (r\u00e9szlet) Megk\u00e9rtek egy rabbit, akinek a nagyapja m\u00e9g a Baal S\u00e9m tan\u00edtv\u00e1nya volt, hogy mes\u00e9ljen el egy t\u00f6rt\u00e9netet. \u2013 A t\u00f6rt\u00e9netet \u00fagy kell elmes\u00e9lni \u2013 mondta \u2013, hogy seg\u00edtsenek vele az embereknek. \u2013 Majd hozz\u00e1tette: \u2013 A &hellip; <a href=\"https:\/\/opus-folyoirat.sk\/?page_id=3821\">Egy kattint\u00e1s ide a folytat\u00e1shoz&#8230;. <span class=\"meta-nav\">&rarr;<\/span><\/a><\/p>\n","protected":false},"author":4,"featured_media":0,"parent":0,"menu_order":0,"comment_status":"closed","ping_status":"closed","template":"","meta":{"footnotes":""},"class_list":["post-3821","page","type-page","status-publish","hentry"],"_links":{"self":[{"href":"https:\/\/opus-folyoirat.sk\/index.php?rest_route=\/wp\/v2\/pages\/3821","targetHints":{"allow":["GET"]}}],"collection":[{"href":"https:\/\/opus-folyoirat.sk\/index.php?rest_route=\/wp\/v2\/pages"}],"about":[{"href":"https:\/\/opus-folyoirat.sk\/index.php?rest_route=\/wp\/v2\/types\/page"}],"author":[{"embeddable":true,"href":"https:\/\/opus-folyoirat.sk\/index.php?rest_route=\/wp\/v2\/users\/4"}],"replies":[{"embeddable":true,"href":"https:\/\/opus-folyoirat.sk\/index.php?rest_route=%2Fwp%2Fv2%2Fcomments&post=3821"}],"version-history":[{"count":1,"href":"https:\/\/opus-folyoirat.sk\/index.php?rest_route=\/wp\/v2\/pages\/3821\/revisions"}],"predecessor-version":[{"id":3822,"href":"https:\/\/opus-folyoirat.sk\/index.php?rest_route=\/wp\/v2\/pages\/3821\/revisions\/3822"}],"wp:attachment":[{"href":"https:\/\/opus-folyoirat.sk\/index.php?rest_route=%2Fwp%2Fv2%2Fmedia&parent=3821"}],"curies":[{"name":"wp","href":"https:\/\/api.w.org\/{rel}","templated":true}]}}