{"id":3847,"date":"2025-06-23T18:35:00","date_gmt":"2025-06-23T16:35:00","guid":{"rendered":"https:\/\/opus-folyoirat.sk\/?page_id=3847"},"modified":"2026-01-14T18:38:43","modified_gmt":"2026-01-14T16:38:43","slug":"toth-laszlo-3","status":"publish","type":"page","link":"https:\/\/opus-folyoirat.sk\/?page_id=3847","title":{"rendered":"T\u00f3th L\u00e1szl\u00f3"},"content":{"rendered":"\n<div class=\"wp-block-group is-vertical is-layout-flex wp-container-core-group-is-layout-8cf370e7 wp-block-group-is-layout-flex\">\n<p><strong>Feljegyz\u00e9sek, k\u00f6r\u00fclm\u00e9nyek, megfontol\u00e1sok<\/strong><\/p>\n\n\n\n<p><em>\u00d6n\u00e9let \u2013 k\u00fcln\u00e9zetb\u0151l (r\u00e9szlet)<\/em><\/p>\n<\/div>\n\n\n<div class=\"has-text-align-right wp-block-post-date\"><time datetime=\"2025-06-23T18:35:00+02:00\">2025-06-23<\/time><\/div>\n\n\n<div class=\"wp-block-group is-vertical is-layout-flex wp-container-core-group-is-layout-8cf370e7 wp-block-group-is-layout-flex\">\n<p class=\"has-text-align-right\"><em>\u201eAz \u00f6regs\u00e9gnek egy aj\u00e1nd\u00e9ka van. Vissza tudsz n\u00e9zni.\u201d&nbsp;<\/em><\/p>\n\n\n\n<p class=\"has-text-align-right\"><em>(Temesi Ferenc)<\/em><\/p>\n<\/div>\n\n\n\n<p><em>Hogyan lett \u00c9v\u00e1b\u00f3l Kati &nbsp;<\/em><\/p>\n\n\n\n<p>T. tizenh\u00e1rom \u00e9ves volt, illetve akkor m\u00e9g nem is T. volt, hanem V. (l. err\u0151l m\u00e1sutt), amikor \u2013 ki tudja, milyen ind\u00edt\u00e1sb\u00f3l-ihlet\u00e9sb\u0151l \u2013 1962. okt\u00f3ber 9-\u00e9n maga el\u00e9 tett egy fekete, kem\u00e9nyt\u00e1bl\u00e1s, nagy alak\u00fa (A\/4-es) vonalas f\u00fczetet, \u00e9s a legels\u0151 lapj\u00e1ra fel\u00edrta leges-legels\u0151 verse c\u00edm\u00e9t: <em>V\u00e9ge a sz\u00fcnid\u0151nek<\/em>, s b\u00e1r fogalma sem volt, hogy mit kellene (lehetne) err\u0151l \u2013 illetve e c\u00edm al\u00e1 \u2013 \u00edrnia, konok elhat\u00e1roz\u00e1ssal belekezdett m\u00e9gis. Ha pedig egyszer belekezdett, innent\u0151l kezdve \u2013 az \u201e\u00cdrok, \u00edrok, \u00edrogatok \/ de hi\u00e1ba \u00edrogatok, \/ \u00edr\u00e1somnak nincs hat\u00e1sa\u201d villanatnyi megvil\u00e1gosod\u00e1s\u00e1t, rem\u00e9nyt kelt\u0151 beismer\u00e9s\u00e9t k\u00f6vet\u0151 k\u00e9t-h\u00e1rom \u00e9ves megszak\u00edt\u00e1s ut\u00e1n \u2013 eg\u00e9szen \u00e9retts\u00e9giz\u0151 kor\u00e1ig ebbe r\u00f3tta a t\u0151le telhet\u0151 legszebb bet\u0171ivel az elej\u00e9n els\u0151sorban az iskol\u00e1ban bel\u00e9 (bel\u00e9j\u00fck) sulykoltakat visszhangz\u00f3 kezdetleges klapanci\u00e1it, b\u00e9keharcos, s Lenin elvt\u00e1rsunkat \u00e9s a \u201eh\u0151s kubai n\u00e9pet\u201d is meg\u00e9nekl\u0151 ny\u00f6gd\u00e9cseit. Igaz, k\u00e9s\u0151bb t\u00e9mav\u00e1laszt\u00e1s\u00e1nak b\u0151v\u00fcl\u00e9s\u00e9t m\u00e1r k\u00fcl\u00f6nb\u00f6z\u0151 l\u00e1nynevek, \u00e9ledez\u0151 nemis\u00e9ge pl\u00e1t\u00f3i s\u00f3v\u00e1rg\u00e1sai, szereppr\u00f3b\u00e1lgat\u00e1saival is form\u00e1l\u00f3d\u00f3 kialakulatlan szem\u00e9lyis\u00e9ge \u00e9des-keser\u0171 busong\u00e1sai, a vil\u00e1gban val\u00f3 jelenl\u00e9t\u00e9nek \u00f6n\u00e9rzetes ifjonci kinyilatkoztat\u00e1sai \u00e9s a legr\u00e9mesebb kamaszos filozof\u00e1lgat\u00e1sok \u00e1ri\u00e1i is jelzik.<\/p>\n\n\n\n<p>Arra persze T. m\u00e1r nem eml\u00e9kszik, s napl\u00f3ja \u00e9s \u00e9let\u00e9nek k\u00fcl\u00f6nb\u00f6z\u0151 \u00edr\u00e1sos dokumentumai, tov\u00e1bb\u00e1 egy\u00e9b lenyomatai egyberendez\u0151jek\u00e9nt magam sem tudtam ez id\u00e1ig kider\u00edteni, hogy a vers\u00edr\u00e1snak mer\u00e9szen nekiv\u00e1g\u00f3 leg\u00e9nyk\u00e9nk olvasott-e m\u00e1r verset kor\u00e1bban is, azon k\u00edv\u00fcl, hogy legfeljebb mint szigor\u00faan iskolai tananyagot, ha egy\u00e1ltal\u00e1n\u2026 B\u00e1r a <em>J\u00e1nos vit\u00e9z<\/em> \u00e9s <em>A diderg\u0151 kir\u00e1ly<\/em> meg az <em>\u00d6reg n\u00e9ne \u0151zik\u00e9je<\/em> az\u00e9rt fel-felr\u00e9mlik neki valahonnan a m\u00falt k\u00f6d\u00e9n \u00e1t, igaz, ezek nem igaz\u00e1n voltak igazi verseknek tekinthet\u0151k, l\u00e9v\u00e9n hogy az els\u0151 elbesz\u00e9l\u0151 k\u00f6ltem\u00e9ny ink\u00e1bb, a m\u00e1sik verses mese, a harmadik pedig b\u00e1rmelyik oldalr\u00f3l\u2026 \u2013 azaz se innen, se onnan, sem sehonnan \u2013 n\u00e9zv\u00e9st sem\u2026 Ugyanekkor viszont att\u00f3l, h\u00e1la az \u00e9gnek, megk\u00edm\u00e9lte a sors, l\u00e9v\u00e9n akkor m\u00e9g nem \u00e9rte el az iskol\u00e1s kort, hogy az olyan v\u00f6r\u00f6s z\u00f6ngem\u00e9nyek t\u00e1madj\u00e1k kifejl\u0151d\u0151ben lev\u0151 sz\u00e9p\u00e9rz\u00e9k\u00e9t, amilyennel, p\u00e9ld\u00e1ul, a n\u00e1la egy-k\u00e9t \u00e9vvel id\u0151sebb kisiskol\u00e1sokat trakt\u00e1lta az akkori csehszlov\u00e1kiai magyar gyermeklap, mely c\u00edmlapj\u00e1n ekk\u00e9pp b\u00facs\u00faztatta a Nagy Generalisszimuszt az emberis\u00e9g \u00fajabb nagy, m\u00falt sz\u00e1zadi dics\u0151s\u00e9g\u00e9re K\u00f6z\u00e9p-Eur\u00f3p\u00e1t lehengerl\u0151 \u00f6tvenes \u00e9vek derek\u00e1n: \u201eMeghalt Szt\u00e1lin, \/ sz\u00edv\u00fcnk vigy\u00e1zzban \u00e1ll\u2026\u201d De ha \u2013 nem tudva persze, m\u00e1sok t\u00fal\u00e9lt\u00e9k-e eme m\u00e9lys\u00e9ges gy\u00e1szukat \u2013&nbsp; szerencs\u00e9re maga m\u00e1r nem is tal\u00e1lkoz(hat)ott annak idej\u00e9n ezzel a gy\u00f6ngyszemmel, ut\u00f3lag teljes bizonys\u00e1ggal meg\u00e1llap\u00edthat\u00f3, hogy igaz\u00e1b\u00f3l T. els\u0151 K\u00f6ltem\u00e9nyei sem estek messze t\u0151le (\u00edgy, nagy <em>K<\/em>-val, mert a nagy <em>K<\/em> itt, szerintem, a legnagyobb m\u00e9rt\u00e9kben indokolt)\u2026&nbsp;<\/p>\n\n\n\n<p>S nan\u00e1, hogy m\u00e9g r\u00f6gt\u00f6n im\u00e9nti sz\u00fcnid\u0151-b\u00facs\u00faztat\u00f3ja napj\u00e1n beker\u00fclt eml\u00edtett f\u00fczet\u00e9be m\u00e1sodik verses \u2019csin\u00e1lm\u00e1nya\u2019, <em>A gy\u00e1rban<\/em> is! R\u00e1ad\u00e1sul e lend\u00fclete vagy k\u00e9t teljes h\u00f3napig, november 31-ig kitartott, amikor is a k\u00f6lt\u00e9szet \u00e9s a j\u00f3 \u00edzl\u00e9s ellen elk\u00f6vetett mer\u00e9nyeinek s mer\u00e9nyleteinek kezdeti sora az <em>Elm\u00falt az \u0151sz<\/em> c\u00edm\u0171 ak\u00e1rmij\u00e9vel h\u00e1l\u2019 istennek meg is akadt.&nbsp;<\/p>\n\n\n\n<p>Igen \u00e1m, csakhogy \u2013 mint k\u00e9s\u0151bb bebizonyosodott \u2013 Sorsa igaz\u00edt\u00f3j\u00e1nak egy\u00e9b sz\u00e1nd\u00e9ka is lehetett vele (b\u00e1r ennek ok\u00e1t m\u00e1ig hom\u00e1ly fedi), s id\u0151k\u00f6zben nevet is v\u00e1ltva, teh\u00e1t a V.-t a T.-vel cser\u00e9lve f\u00f6l, szinte napra pontosan h\u00e1rom \u00e9v m\u00falva, 1965. november 10-\u00e9n \u00fajra ereszteni kezdett a t\u00f6lt\u0151tolla, \u00e9s megint kics\u00f6ppent bel\u0151le egy, a versre csup\u00e1n a sort\u00f6rdel\u00e9s\u00e9vel eml\u00e9keztet\u0151 valami, az <em>\u00c9va<\/em>. \u00cdgy T. eml\u00edtett f\u00fczet\u00e9t is ezzel folytatta, melybe az elk\u00f6vetkez\u0151 k\u00e9t esztend\u0151ben, 1967 augusztus\u00e1ig t\u00f6bbtucatnyi, kezdetben a k\u00f6lt\u00e9szet \u00e9s a tehets\u00e9g legkisebb jel\u00e9t sem mutat\u00f3, minden eredeti gondolatot \u00e9s megl\u00e1t\u00e1st n\u00e9lk\u00fcl\u00f6z\u0151, k\u00f6zhelykatal\u00f3gusnak, klapanciaism\u00e9telget\u00e9snek min\u0151s\u00edthet\u0151 <em>akarts\u00e1g<\/em> ker\u00fclt, s a k\u00e9s\u0151bbiekb\u0151l is csak a hal\u00e1los elsz\u00e1nts\u00e1g \u00e9s a minden\u00e1ron <em>k\u00f6lteni<\/em> akar\u00e1s penetr\u00e1ns izzads\u00e1gszaga \u00fct ki legf\u0151k\u00e9ppen. Igen jellemz\u0151 elvakult hebehurgyas\u00e1g\u00e1ra m\u00e1r r\u00f6gt\u00f6n ez \u00faj folyamot ind\u00edt\u00f3, b\u00e1rgy\u00fas\u00e1g\u00e1ban is utol\u00e9rhetetlen\u00fcl komikus sz\u00f6sszenete, mely \u00edgy kezd\u0151dik: \u201eCsup\u00e1n n\u00e9gy bet\u0171\u2026\u201d R\u00e1ad\u00e1sul a c\u00edm \u00e9s az els\u0151 sor k\u00f6zti ellentmond\u00e1st is csak j\u00f3val k\u00e9s\u0151bb, tal\u00e1n n\u00e9h\u00e1ny h\u00f3nap m\u00falva vette \u00e9szre, de m\u00e9g ett\u0151l sem esett k\u00e9ts\u00e9gbe \u00e9s nem haj\u00edtotta az opust oda, ahova val\u00f3: a szem\u00e9tkos\u00e1rba, hanem h\u0151sies elsz\u00e1nts\u00e1ggal, sietve kijav\u00edtotta a c\u00edm\u00e9t a n\u00e9gybet\u0171s <em>Kati<\/em>ra. De hogy ki volt \u00c9va, aki a vers\u00edr\u00e1s m\u00fazs\u00e1j\u00e1t hossz\u00fa sz\u00fcnet ut\u00e1n \u00fajb\u00f3l el\u0151csalta T.-ben, akir\u0151l \u201ek\u00f6nyveket tudott volna \u00edrni\u201d, k\u00e9s\u0151bb pedig Vali, aki m\u00e1sodikos k\u00f6z\u00e9piskol\u00e1s kor\u00e1ban, beszkideki s\u00edt\u00e1borukban \u201eejtette rabul sz\u00e9p szem\u00e9vel\u201d, meg m\u00e9g n\u00e9h\u00e1nyan: az Ilon\u00e1k, a Zsuzsik \u00e9s a ki tudja m\u00e1r, milyen nev\u0171ek, fogalma sincs: alakjuk, szem\u00e9ly\u00fck, eml\u00e9k\u00fck r\u00e9g kiveszett bel\u0151le, b\u00e1r nem tagadja, val\u00f3sz\u00edn\u0171leg igen fontos szem\u00e9lyis\u00e9galak\u00edt\u00f3 szerep\u00fck lehetett, mik\u00e9nt az ir\u00e1ntuk rendre fell\u00e1ngol\u00f3 pl\u00e1t\u00f3i szerelm\u00e9nek \u2013 ak\u00e1r annak k\u00f6ny\u00f6rtelen elutas\u00edt\u00e1s\u00e1val \u2013 is \u00e9rzelmi \u00e9lete kialakul\u00e1s\u00e1ban, form\u00e1l\u00f3d\u00e1s\u00e1ban \u00e9s gazdagod\u00e1s\u00e1ban. Ilyk\u00e9ppen ma m\u00e1r egyed\u00fcl Katit gondolja csak \u00fagy-ahogy azonos\u00edthat\u00f3nak, aki viszont \u2013 ma m\u00e1r bizton tudhat\u00f3 \u2013 csup\u00e1n addig volt fontos a sz\u00e1m\u00e1ra, am\u00edg viszonzatlanul im\u00e1dhatta, \u00e1m amikor v\u00e1ratlanul, \u0151t mag\u00e1t lepve meg a legjobban, az eg\u00e9sz vil\u00e1g el\u0151tt te\u00e1tr\u00e1lisan demonstr\u00e1lt \u00e9rzelmei hirtelen viszonz\u00e1sra tal\u00e1ltak a l\u00e1ny r\u00e9sz\u00e9r\u0151l, n\u00e9h\u00e1ny k\u00ednos <em>esem\u00e9ny<\/em> ut\u00e1n fejvesztve pr\u00f3b\u00e1lt menek\u00fclni t\u0151le, s \u00e9vtizeddel k\u00e9s\u0151bb is, m\u00e1r \u00e9rett fejjel nemk\u00fcl\u00f6nben k\u00ednos bonyodalomk\u00e9nt \u00e9lt\u00e9k meg \u00fajb\u00f3li \u00f6sszegabalyod\u00e1sukat. De a versekr\u0151l \u2013 m\u00e1sodik, ez\u00fattal m\u00e1r vehemensebb \u00e9s az els\u0151n\u00e9l is tart\u00f3sabbnak bizonyul\u00f3, ellene ir\u00e1nyul\u00f3 t\u00e1mad\u00e1suk, pontosabban: a versek elleni m\u00e1sodik d\u00fch\u00f6dt rohama ut\u00e1n \u2013 m\u00e1r nem mondott le t\u00f6bb\u00e9, aminek egyetlen el\u00e9gg\u00e9 meggy\u00e1szolhatatlan \u00e1ldozata lett: a k\u00f6lt\u00e9szet maga.&nbsp;<\/p>\n\n\n\n<p><br><em>A j\u00f6v\u0151 zen\u00e9je?<\/em><\/p>\n\n\n\n<p>Pedig ekkor, 1966-ban, T. m\u00e1r k\u00fcld\u00f6zgetni is elkezdte f\u00f6rmedv\u00e9nyeit egy-egy lapnak, legkor\u00e1bban s mindenekel\u0151tt az egyik j\u00e1r\u00e1si \u00fajs\u00e1gnak, ahol, m\u00e1ig lemoshatatlan sz\u00e9gyen\u00e9re, hamarosan r\u00e9vbe is \u00e9rt k\u00f6z\u00fcl\u00fck az egyik, a \u201eT\u00e9ged kereslek\u201d monom\u00e1ni\u00e1j\u00e1t \u00f3cska sl\u00e1gerekbeli \u00e9s magyarn\u00f3ta-klis\u00e9kkel telepakol\u00f3 \u00e9rzelmi mag\u00f6ml\u00e9se. B\u00e1r nem ez volt T. els\u0151 megjelent \u00edr\u00e1sa, melyet kereken h\u00e1rom h\u00e9ttel megel\u0151z\u00f6tt ugyanott egy kis cikkecsk\u00e9je, melyben <em>Milyen lesz a j\u00f6v\u0151 zen\u00e9je?<\/em> c\u00edmmel azt pr\u00f3b\u00e1lta meg k\u00e9ts\u00e9gbeesetten k\u00f6rbej\u00e1rni, hogy mi lesz a vil\u00e1ggal, miut\u00e1n n\u00e9gy gombafej istene bejelentette: az 1966. <a href=\"http:\/\/hu.wikipedia.org\/wiki\/Augusztus_29.\">augusztus 29-i<\/a> San Francisc\u00f3-i koncertj\u00fck volt az utols\u00f3, s hogy lesz-e, lehet-e \u00e9let (zene) a F\u00f6ld\u00f6n, illetve milyen \u00e9let (zene) lesz (lehet) a vil\u00e1gon a Beatles ut\u00e1n? Egy\u00e9bk\u00e9nt mai \u00e9sszel is teljesen hihet\u0151 T. akkori k\u00e9ts\u00e9gbees\u00e9se, mellyel t\u00f6bbsz\u00f6r\u00f6sen \u2013 t\u00f6bb fel\u0151l \u2013 is z\u00e1rt vil\u00e1g\u00e1ba valamelyest a szabads\u00e1g fuvallat\u00e1t hoz\u00f3 Beatles felboml\u00e1s\u00e1nak h\u00edr\u00e9t fogadta, s melyet legal\u00e1bb akkora katasztr\u00f3f\u00e1nak tartott az emberis\u00e9ge n\u00e9zve, mint a bibliai \u00f6z\u00f6nvizet. \u00dagy tekint(het)ett ugyanis akkoriban Johnra, Paulra, Georgra, Ringora, mint a testv\u00e9reire, akikkel valamilyen rejtett v\u00e9rs\u00e9gi kapcsolat k\u00f6ti \u00f6ssze, vagy m\u00e9g ink\u00e1bb, mint n\u00e9gy k\u00fcl\u00f6nb\u00f6z\u0151, \u00e1m a zen\u00e9j\u00fckben m\u00e9giscsak egyes\u00fcl\u0151 \u00e9s egys\u00e9ges\u00fcl\u0151 megtestes\u00fcl\u00e9s\u00e9re. \u00c9rdekes viszont, T. a G\u00f6rd\u00fcl\u0151 K\u00f6vekre m\u00e1r nem volt annyira vev\u0151, s Mick Jagger\u00e9kkal nem siker\u00fclt oly m\u00e9rt\u00e9kben egy hull\u00e1mhosszra ker\u00fclnie, mint Lennon\u00e9kkal (Jagger\u00e9k t\u00fal kem\u00e9nyek, t\u00fal vadak voltak akkori finomka lelk\u00e9nek, \u00e9s a Rolling Stones-ben sokkal t\u00f6bb minden tasz\u00edtotta, mint vonzotta). Igaz\u00e1b\u00f3l Lennon\u00e9kkal csak a sidneyi Gibb fiv\u00e9rek \u2013 Berry, Maurice \u00e9s Robin \u2013 Bee Gees-e tudott versenyre kelni benne (tal\u00e1n az\u00e9rt is, mert akkori lemezeik tan\u00fas\u00e1ga szerint az id\u0151ben \u0151ket is meg\u00e9rintette a liverpooli gombafejek hat\u00e1sa). \u00c1m ha m\u00e1r itt tartunk, napl\u00f3inak, leveleinek, egyebeinek egyberendez\u0151jek\u00e9nt nem \u00e9rtem, a Mick Jagger\u00e9kn\u00e9l is agressz\u00edvabb, s koncertjeiken a git\u00e1rjaikat \u00f6sszet\u00f6r\u0151 Who egy\u00fcttes hogy vehette le T.-t \u2013 aki ekkor m\u00e9g, tudvalev\u0151en V. volt \u2013 a l\u00e1b\u00e1r\u00f3l. Bizony\u00e1ra ebbe \u2013 legal\u00e1bbis v\u00e9lte sok\u00e1ig \u2013 a ritka po\u00e9tikus, illetve metaforikus c\u00edm\u0171 beat-, ill. rockoper\u00e1juk, <em>A vak szeme vil\u00e1ga <\/em>is belej\u00e1tszhatott, melyet a beat ez id\u0151beni nagy korszak\u00e1nak ezer m\u00e1s zen\u00e9j\u00e9vel egy\u00fctt a Szabad Eur\u00f3pa R\u00e1di\u00f3 recseg\u0151-ropog\u00f3-s\u00edpol\u00f3, elhalkul\u00f3-f\u00f6ler\u0151s\u00f6d\u0151 k\u00f6zvet\u00edt\u00e9seib\u0151l t\u00f6lt\u00f6tt\u00e9k meg Cseke L\u00e1szl\u00f3 (Ekecs G\u00e9za) felkonfjaival kamasz\u00e9vei nagy r\u00e9sz\u00e9t. A gond csup\u00e1n az, hogy magam, mid\u0151n T. fentebbi iratainak egybeszerkeszt\u00e9s\u00e9vel bajl\u00f3dtam,&nbsp; sehogy sem tudtam \u2013 hi\u00e1ba Wikip., hi\u00e1ba <em>gugli<\/em> \u2013 a Who egy\u00fcttes eme rockoper\u00e1j\u00e1nak a nyom\u00e1ra bukkanni, s\u0151t, az is lehet, hogy Pete Townshend\u00e9k&nbsp;nem is \u00edrtak rockoper\u00e1t ezzel a c\u00edmmel (vagy a <em>Tommy<\/em> lenne az? \u2013 m\u00e9g ha az 1969-es is), s csak akkori ifjoncunk eml\u00e9kezete k\u00f6lt\u00f6tte bele ezt a fantasztikus zenei \u00e9s k\u00f6lt\u0151i \u00e9lm\u00e9ny\u00e9t kamasz- vagy tal\u00e1n posztkamaszkori <em>d\u00falt<\/em> napjaiba. Pedig e sorok k\u00f6zread\u00e1sakor szemernyi k\u00e9ts\u00e9gem sincs afel\u0151l, hogy T. anno b\u0151 r\u00e9szeket hallott e m\u0171b\u0151l, s bizonyos, hogy ez a c\u00edm is elhangzott annak idej\u00e9n Cseke L\u00e1szl\u00f3 hangj\u00e1n a Szabad Eur\u00f3p\u00e1ban, mi t\u00f6bb, az sem kev\u00e9sb\u00e9 az, hogy egy bizonyos \u00e9letkor elm\u00falt\u00e1val m\u00e1r nem tudhat\u00f3, hogy az ember \u2013 vagyis ez esetben T. \u2013 a benne \u00e9l\u0151 val\u00f3s\u00e1gnak mely r\u00e9sz\u00e9t k\u00f6lt\u00f6tte hozz\u00e1 a tulajdonk\u00e9ppeni, azaz a <em>kinti<\/em> val\u00f3s\u00e1ghoz. M\u00e1r ha van egy\u00e1ltal\u00e1n ilyesmi, azaz ha van egy\u00e1ltal\u00e1n \u2019tulajdonk\u00e9ppeni val\u00f3s\u00e1g\u2019. No de ak\u00e1rhogy is, azaz ak\u00e1r val\u00f3s\u00e1gos, ak\u00e1r k\u00e9pzeletbeli \u00e9lm\u00e9nye volt T.-nek <em>A vak szeme vil\u00e1ga<\/em>, az annyira megfogta \u0151t, hogy h\u00fasz\u00e9ves kor\u00e1ban m\u00e9g verset is \u00edrt ezzel a c\u00edmmel (\u201eA Who egy\u00fcttes beatoper\u00e1ja k\u00f6zben\u201d).&nbsp;<\/p>\n\n\n\n<p>De el\u0151re is szaladtam T. feljegyz\u00e9seinek mostani egyberendez\u00e9sekor kicsit az id\u0151ben, hom\u00e1lyban hagyva, hogy mindez \u2013 \u00e9s minden? \u2013 az Ill\u00e9s-zenekarral kezd\u0151d\u00f6tt, mely pont j\u00f3kor, \u00e9s id\u0151ben alakult meg ahhoz (lassan-lassan k\u00f6zel\u00edtve a k\u00e9s\u0151bbi v\u00e9gleges fel\u00e1ll\u00e1s\u00e1hoz), hogy hajdani ifjoncunk benn\u00fck tal\u00e1lja meg mag\u00e1t, illetve hogy akkor m\u00e1r szinte del\u00edriumosan keresgetett-\u00e9p\u00edtgetett szem\u00e9lyis\u00e9g\u00e9hez kivegye bel\u0151l\u00fck (is) mindazt, amit majdani mag\u00e1hoz felhaszn\u00e1lhat\u00f3nak v\u00e9lt. S val\u00f3sz\u00edn\u0171leg aligha lehetett groteszkebb l\u00e1tv\u00e1ny ann\u00e1l, amint a hatvanas \u00e9vek derek\u00e1n m\u00e1r fel-felhorgad\u00f3 \u00f6n\u00e9rzet\u0171 (nagy)kamaszk\u00e9nt, de d\u00e9lut\u00e1nonk\u00e9nt m\u00e9g az az\u00f3ta m\u00e1r r\u00e9g kissz\u00e1r\u00edtott \u00e9s betemetett izsai Homokos partj\u00e1r\u00f3l hajtva haza a lib\u00e1ikat, T. \u00f6nfeledten \u00fcv\u00f6lt\u00f6zte bele a maga mut\u00e1l\u00f3 hangj\u00e1n a Kiskertalja \u00e1lmos csendj\u00e9be, hogy \u201eL\u00e9gy j\u00f3 kicsit hozz\u00e1m, \/ Engedd, hogy menjek \u2013 Ne menj el!\u201d, meg hogy \u201eM\u00e9g f\u00e1j\u2026 f\u00e1j\u2026 f\u00e1j\u2026\u201d a falujukba az 1947-ben kitelep\u00edtettek hely\u00e9be B\u00e9k\u00e9scsab\u00e1r\u00f3l bek\u00f6lt\u00f6z\u00f6tt szomsz\u00e9daik, Stef\u00e1nik n\u00e9ni meg Boty\u00e1nszky n\u00e9ni nagy megr\u00f6k\u00f6ny\u00f6d\u00e9s\u00e9re\u2026&nbsp;<\/p>\n\n\n\n<p><br><em>Fekete b\u00e1r\u00e1nyk\u00e9nt<\/em><\/p>\n\n\n\n<p>Hol s mikor kezd\u0151dhetett T. \u00e9let\u00e9ben az irodalom vonz\u00e1sa, mikor s mit\u0151l alakult ki benne a k\u00e9sztet\u00e9s az \u00edr\u00e1sra, mely azt\u00e1n, jelek sora szerint k\u00f6z\u00e9piskol\u00e1s korba \u00e9rve olyan er\u0151snek bizonyult, hogy minden k\u00fcl\u00f6n\u00f6sebb \u00edr\u00e1sk\u00e9szs\u00e9g \u00e9s kifinomultabb \u00edzl\u00e9s, illetve nyilv\u00e1nval\u00f3 irodalmi m\u0171velts\u00e9g n\u00e9lk\u00fcl is er\u0151ltetett verses klapanci\u00e1i tucatjaival \u00edratta vele tele iskolai f\u00fczet\u00e9nek lapjait \u2013 nehezen der\u00edthet\u0151 ki m\u00e1r. Az \u00edr\u00e1snak val\u00f3 nekifesz\u00fcl\u00e9sei, a verssorokba er\u0151szakolt bet\u0171kkel val\u00f3 k\u00fczdelmei els\u0151 nyomait k\u00e9ts\u00e9gtelen\u00fcl a m\u00e1r emlegetett nagy fekete f\u00fczet\u00e9nek tizenh\u00e1rom \u00e9vesen pap\u00edrra ker\u00fclt sz\u00e9gyenfoltjai jelentik, s val\u00f3sz\u00edn\u0171leg ezzel magyar\u00e1zhat\u00f3 hetedikes-nyolcadikos \u00e1ltal\u00e1nos iskol\u00e1s kora magyar\u00f3rai mag\u00e1nsz\u00e1ma is 1962\u20131963-ban, amikor h\u00e1zi feladatk\u00e9nt Miksz\u00e1th K\u00e1lm\u00e1n <em>A fekete b\u00e1r\u00e1ny<\/em> c\u00edm\u0171 elbesz\u00e9l\u00e9s\u00e9t kellett, \u00fagymond, dramatiz\u00e1lniuk. Hogy ilyen feladatot kaptak annak idej\u00e9n, T. soha nem \u00e9rtette, s nem \u00e9rtem \u2013 napl\u00f3jegyzetei \u00e9s egy\u00e9b feljegyz\u00e9sei egyberendez\u0151jek\u00e9nt \u2013 \u00e9n sem, s\u0151t igaz\u00e1b\u00f3l azzal sem volt oszt\u00e1lyt\u00e1rsaival egy\u00fctt tiszt\u00e1ban, hogy mit is jelenthet maga a sz\u00f3:&nbsp; dramatiz\u00e1l\u00e1s, azt sem tudva: eszik-e vagy issz\u00e1k? \u0150sz lehetett vagy t\u00e9l, akkor m\u00e1r a kiskertaljai h\u00e1zukban laktak, ahol takar\u00e9koss\u00e1g miatt csak a <em>tisztakonyh\u00e1t<\/em> a sz\u00fclei h\u00e1l\u00f3szob\u00e1j\u00e1val \u00f6sszek\u00f6t\u0151 f\u00fcrd\u0151szoba kis p\u00e9terk\u00e1lyh\u00e1j\u00e1ban szoktak estefel\u00e9 bedurrantani (neki a konyh\u00e1ban jutott fekhely\u00fcl egy vas\u00e1gy, amely n\u00e9h\u00e1ny \u00e9vvel kor\u00e1bban az izsai \u00e1ltal\u00e1nos iskola igazgat\u00f3i szob\u00e1j\u00e1b\u00f3l \u00fajdons\u00fclt nevel\u0151apj\u00e1val ker\u00fclt oda), s az ontotta meleg\u00e9t a nyitott ajt\u00f3kon \u00e1t a konyha meg a szoba fel\u00e9 is. A k\u00e1lyh\u00e1n k\u00edv\u00fcl pedig m\u00e9g egy kis asztalka is volt sz\u0171k\u00f6ske mosd\u00f3jukban sz\u00e9kkel, olvas\u00f3l\u00e1mp\u00e1val, melyn\u00e9l tanulgatni, olvasgatni szokott est\u00e9nk\u00e9nt \u2013 akkor m\u00e9g nem voltak a telev\u00edzi\u00f3 foglyai, \u00e9s nem is kapcsolt\u00e1k be minden este, igaz, nem is volt m\u00e9g mindennap ad\u00e1s\u2026 \u00cdgy h\u00e1t T. akkor is ott b\u00fajta \u2013 hogy valamit is megtudjon a dramatiz\u00e1l\u00e1s rejt\u00e9lyeir\u0151l \u2013 a Benedek Marcell szerkesztette <em>Magyar Irodalmi Lexikon<\/em> valami <em>isteni dramaturgi\u00e1nak<\/em> k\u00f6sz\u00f6nhet\u0151en matematika\u2013fizika szakos nevel\u0151apja k\u00f6nyvei k\u00f6zt fellelt, megfelel\u0151 k\u00f6tet\u00e9t, miut\u00e1n az iskol\u00e1ban ezt a h\u00e1zi feladatot megkapt\u00e1k. Mindenesetre T. \u2013 feljegyz\u00e9sei szerint \u2013 kell\u0151 id\u0151ben el is k\u00e9sz\u00fclt a k\u00e9rd\u00e9ses h\u00e1zi feladattal. Igaz, sokat k\u00fcszk\u00f6d\u00f6tt azzal, hogyan rendezze \u00e9s n\u00e9pes\u00edtse be <em>A fekete b\u00e1r\u00e1ny<\/em> \u201esz\u00ednpad\u00e1t\u201d, milyen szerepl\u0151k sz\u00e1j\u00e1ba adja \u00e9s mik\u00e9nt szervezze meg a miksz\u00e1thi t\u00f6rt\u00e9netet kibont\u00f3 \u00e9s el\u0151reviv\u0151 sz\u00f6veget (narr\u00e1tork\u00e9nt p\u00e9ld\u00e1ul m\u00e9g egy, az eredeti <em>mes\u00e9ben<\/em> nem szerepl\u0151 falusi \u00f6regasszonyt is be kellett iktatnia e c\u00e9lb\u00f3l a jelenetbe) stb. Amikor azonban m\u00e1snap, magyar\u00f3r\u00e1n, fel kellett olvasniuk a dolgozatukat, megd\u00f6bben\u00e9s\u00e9re, mindenki az elbesz\u00e9l\u00e9s tartalm\u00e1t \u00edrta le, m\u00edg az \u0151 lelkiismeretesen \u00e9rtelmezett dramatiz\u00e1l\u00e1sa \u2013 egyszer\u0171en, \u00e1m a val\u00f3s\u00e1gnak megfelel\u0151en fogalmazva \u2013 k\u00f6zr\u00f6hej t\u00e1rgya lett. Amit m\u00e9g az is fokozott, hogy amikor annak felolvas\u00e1sa ut\u00e1n \u00fajb\u00f3l visszahuppant a sz\u00e9k\u00e9re, magyar szakos oszt\u00e1lyf\u0151n\u00f6k\u00fck k\u00e9rd\u00e9s\u00e9re, hogy \u201eMi volt ez?!\u201d, \u00fclve vetette oda, hogy: <em>dramatiz\u00e1l\u00e1s<\/em>, amit a tan\u00edt\u00f3 elvt\u00e1rsn\u0151 k\u00e9rt, mire az elv\u00f6r\u00f6s\u00f6d\u00f6tt arccal odarohant hozz\u00e1, \u00e9s a f\u00fcl\u00e9n\u00e9l fogva h\u00fazta ki \u0151t padj\u00e1b\u00f3l p\u00e9ld\u00e1tlan szemtelens\u00e9ge miatt. Mivel azonban T. kora ifj\u00fas\u00e1g\u00e1t\u00f3l az a fajta volt, hogy minden kellemetlens\u00e9get, rossz \u00e9lm\u00e9nyt, kudarcot, megal\u00e1ztat\u00e1st igyekezett a maga okul\u00e1s\u00e1ra \u00e9s haszn\u00e1ra ford\u00edtani, \u00edgy az im\u00e9nti eset is arra volt j\u00f3 a sz\u00e1m\u00e1ra, hogy egy \u00e9letre megtanulja: az, hogy feladatunkat a saj\u00e1t k\u00e9pess\u00e9geink \u00e9s tud\u00e1sunk legjobb szintj\u00e9n becs\u00fcletesen elv\u00e9gezz\u00fck, illetve az, hogy ezzel kapcsolatban nyugodtan t\u00fck\u00f6rbe n\u00e9zhess\u00fcnk \u00e9s a nagy(obb) elsz\u00e1mol\u00e1sokn\u00e1l is egyens\u00falyban tudjunk maradni magunkkal, sokkal fontosabb m\u00e1sok elismer\u00e9s\u00e9n\u00e9l. Igaz, ennek tudatos\u00edt\u00e1s\u00e1hoz kit\u0171n\u0151 tan\u00edt\u00f3mester\u00e9re tal\u00e1lt a nagyapj\u00e1ban is, aki a maga egyszer\u0171 \u00e9s keresetlen m\u00f3dj\u00e1n igyekezett fog\u00e9konny\u00e1 tenni \u0151t a term\u00e9szet farkast\u00f6rv\u00e9nyei \u00e9s az emberi tart\u00e1s mindenekf\u00f6l\u00f6tt-val\u00f3s\u00e1ga ir\u00e1nt. \u00cdgy akkor is, amikor T. t\u00edz- vagy h\u00e1ny \u00e9vesen egyszer r\u00edva rohant haza oltalmat keresve a val\u00f3 vil\u00e1g megpr\u00f3b\u00e1ltat\u00e1saival szemben, s a nagyapja megk\u00e9rdezte t\u0151le a maga egyszer\u0171 m\u00f3dj\u00e1n, hogy: \u201eMit ny\u00edsz, k\u00f6l\u00f6k?\u201d, mire \u0151, ha sajn\u00e1latot nem is, legal\u00e1bb s\u00f3hajt\u00e1snyi sz\u00e1nalmat rem\u00e9lve t\u0151le, panaszosan elszipogta, hogy megvert\u00e9k. Mikor pedig azt is k\u00f6z\u00f6lte, hogy ki, a r\u00e1k\u00f6vetkez\u0151 pillanatban akkora pofont kapott a nagyapj\u00e1t\u00f3l, hogy egyszeriben a f\u00f6ld\u00f6n tal\u00e1lta mag\u00e1t. Eleinte persze nem is \u00e9rtette, hogy mi\u00e9rt ilyen kegyetlen hozz\u00e1 nagyapja k\u00e9p\u00e9ben (kez\u00e9vel?) a sors, m\u00edgnem azt\u00e1n hirtelen, megvil\u00e1gosod\u00e1sszer\u0171en r\u00e1eszm\u00e9lt: de h\u00e1t az illet\u0151 pajt\u00e1sa egy \u00e9vvel fiatalabb, mint \u0151! R\u00e1ad\u00e1sul m\u00e9g \u0151 ment panaszkodni, ahelyett, hogy megv\u00e9dte volna mag\u00e1t, illetve megpr\u00f3b\u00e1lt volna m\u00e9lt\u00f3 m\u00f3don helyt\u00e1llni az adott helyzetben (k\u00fczdelemben), ahogyan az az \u0151 kor\u00e1ban m\u00e1r egy fi\u00fagyermekt\u0151l okkal-joggal elv\u00e1rhat\u00f3 (illetve elv\u00e1rhat\u00f3 lett volna). El\u00e9g az hozz\u00e1, hogy T. \u00e9let\u00e9ben a legjobb iskol\u00e1nak bizonyult nagyapja kiss\u00e9 tal\u00e1n kem\u00e9ny, de c\u00e9lravezet\u0151 pedag\u00f3giai m\u00f3dszere, melynek k\u00f6sz\u00f6nhet\u0151en k\u00e9s\u0151bb minden esetben mind strat\u00e9giailag, mind taktikailag igyekezett \u00fagy int\u00e9zni a dolgait \u00e9s rendezni a konfliktusait, hogy azok k\u00e9s\u0151bb m\u00e1r soha nem fenyegett\u00e9k \u0151t a tettlegess\u00e9g vesz\u00e9ly\u00e9vel\u2026 \u00c9s sir\u00e1nkozni sem sir\u00e1nkozott t\u00f6bb\u00e9 olyasmi miatt \u2013 egyszer\u0171en m\u00e9lt\u00f3s\u00e1g\u00e1n alulinak tartotta volna \u2013, ami csak \u00e9s kiz\u00e1r\u00f3lag rajta m\u00falott. (\u00c9s m\u00e1ig h\u00e1l\u00e1s a nagyapj\u00e1nak az\u00e9rt pofon\u00e9rt, mely el\u0151sz\u00f6r d\u00f6bbentette r\u00e1, hogy a \u201ejajgat\u00e1s\u201d, ha bizonyos \u00e9rtelemben \u201ec\u00e9lravezet\u0151\u201d is olykor, igaz\u00e1b\u00f3l a megal\u00e1zkod\u00e1s jele, s\u0151t mindegyik\u00e9rt csak h\u00e1l\u00e1s lehet, amit t\u0151le vagy az apj\u00e1t\u00f3l kapott \u2013 nem volt bel\u0151l\u00fck sok, de \u201edramaturgiailag\u201d, \u201erendez\u0151ileg\u201d mind a legjobbkor j\u00f6tt, \u00e9s mind a legjobb helyen <em>csattant<\/em>; az lett volna a baj, ha <em>megk\u00edm\u00e9lik<\/em> t\u0151l\u00fck, ha <em>elmaszatolt\u00e1k<\/em> volna azt, amit csak a gyerek k\u00e9s\u0151bbi, azaz a vil\u00e1gban val\u00f3 eligazod\u00e1s\u00e1nak a k\u00e1r\u00e1ra lehet elmaszatolni.) \u00cdgy h\u00e1t T. m\u00e9g az \u00e9letben \u0151t \u00e9rt s\u00e9relmek\u00e9rt, megal\u00e1ztat\u00e1sok\u00e9rt sem tudja \u00e1tkozni a sors\u00e1t, mert azokb\u00f3l is mindig tanult, azokat is mindig a maga \u00e9p\u00fcl\u00e9s\u00e9re igyekezett ford\u00edtani, s ma m\u00e1r tudja, ezek is mily nagy m\u00e9rt\u00e9kben igaz\u00edtott\u00e1k a l\u00e9pteit, kem\u00e9ny\u00edtett\u00e9k az arcvon\u00e1sait, fejlesztett\u00e9k az ellen\u00e1ll\u00f3k\u00e9pess\u00e9g\u00e9t. A megal\u00e1zkod\u00e1s (a <em>ny\u00edv\u00e1s<\/em>) viszont a szem\u00e9ben az\u00f3ta is a gyenges\u00e9g, a puh\u00e1nys\u00e1g jele, \u00e9s el\u0151fordulhat, v\u00e9li, hogy a becstelens\u00e9g\u00e9 is lehet. M\u00e9rc\u00e9je szerint teh\u00e1t ha az embert meg is al\u00e1zz\u00e1k (persze, el\u0151fordult vele is gyermekkor\u00e1ban, s f\u0151leg virtuskod\u00f3 gyerekt\u00e1rsai r\u00e9sz\u00e9r\u0151l, feln\u0151ttekt\u0151l \u2013 a j\u00f3t\u00e9kony, \u00e9s minden esetben \u00e1rtatlan viccel\u0151d\u00e9seken, nevel\u0151 sz\u00e1nd\u00e9k\u00fa ugrat\u00e1sokon, \u00e9lcel\u0151d\u00e9seken, gonoszkod\u00e1sokon k\u00edv\u00fcl \u2013 igaz\u00e1b\u00f3l nem is eml\u00e9kszik ilyesmire), \u0151 maga mindenkor t\u00f6rekedjen r\u00e1, hogy sose al\u00e1zkodjon meg (m\u00e9g ha porba verik is az orr\u00e1t), att\u00f3l pedig \u00f3va-\u00f3vakodjon, hogy m\u00e1sokat hozzon megal\u00e1z\u00f3 helyzetekbe (igaz, ezt is, azt is irt\u00f3, mondhatni, embertelen\u00fcl neh\u00e9z el\u00e9rni, ha egy\u00e1ltal\u00e1n ember sz\u00e1m\u00e1ra ez ut\u00f3bbi el\u00e9rhet\u0151). &nbsp;<\/p>\n\n\n\n<p>R\u00f6viden teh\u00e1t: mi ebb\u0151l az eg\u00e9szb\u0151l a tanuls\u00e1g?<\/p>\n\n\n\n<p>Nem kell r\u00f6gt\u00f6n els\u0151re felkapni a vizet, ha pedig be is szart\u00e1l, legal\u00e1bb ne rekl\u00e1mozd\u2026<\/p>\n\n\n\n<p>Sz\u00f3val, \u00edgy\u2026<\/p>\n\n\n\n<p><br><em>Korszakokon \u00e1t<\/em><\/p>\n\n\n\n<p>A kom\u00e1romi j\u00e1r\u00e1si lap s\u0171r\u0171n k\u00f6z\u00f6lt korszakos k\u00f6lt\u0151i \u2013 <em>korszakijai<\/em>? \u2013 anno, a m\u00falt sz\u00e1zad hatvanas \u00e9veiben mindenki m\u00e1s el\u0151tt K. L. \u00e9s G. \u00c1. voltak (legyen ennyi el\u00e9g a nev\u00fck helyett, hogy m\u00e9g csak v\u00e9letlen\u00fcl se cir\u00f3gassa meg \u0151ket T. feljegyz\u00e9sei r\u00e9v\u00e9n a halhatatlans\u00e1g szell\u0151je [szellent\u00e9se?]), akik mellett m\u00e9g eg\u00e9sz m\u0171kedvel\u0151had tolongott ez \u00fajs\u00e1g has\u00e1bjain rem\u00e9lt bab\u00e9rkoszor\u00fajuk\u00e9rt (melyb\u0151l legfeljebb csak egy sov\u00e1ny lev\u00e9lke jutott a \u2013 bableves\u00fckbe). S b\u00e1r ut\u00f3lag T. \u00fagy gondolja, hogy dilettanci\u00e1ik sorj\u00e1z\u00e1s\u00e1t\u00f3l az\u00e9rt megk\u00edm\u00e9lhette volna a sors\u2026 de azt\u00e1n r\u00f6gvest el is bizonytalanodik ezt illet\u0151en, hisz lehet, \u00e9ppen az volt a c\u00e9lja, hogy juszt sem k\u00edm\u00e9li \u0151t az \u00e1ltaluk okozott megr\u00e1zk\u00f3dtat\u00e1st\u00f3l, hogy ezzel is seg\u00edts\u00e9g\u00e9re siessen saj\u00e1t ny\u00f6gdelmei <em>\u00e9rt\u00e9k\u00e9nek<\/em> miel\u0151bbi felismer\u00e9s\u00e9ben. Egyvalakit azonban m\u00e9gis, s r\u00f6gt\u00f6n els\u0151 vagy m\u00e1sodik olvas\u00e1sra kiemelt k\u00f6z\u00fcl\u00fck mag\u00e1nak. Ez volt Farkas K\u00e1lm\u00e1n (amik\u00e9nt Arany J\u00e1nos h\u00e1ziorvos\u00e1t is h\u00edvt\u00e1k), akinek enyhe sz\u00fcrrealista be\u00fct\u00e9sek jellemezte versei szinte azonnal megragadtak benne, melyek k\u00f6z\u00fcl n\u00e9h\u00e1ny m\u00e1r a T\u0151zs\u00e9r \u00c1rp\u00e1d szerkesztette Irodalmi Szeml\u00e9ben is megjelent. Mindenesetre K\u00e1lm\u00e1nnak volt egy-k\u00e9t darabja, amelyet T. m\u00e1r els\u0151 olvas\u00e1s ut\u00e1n k\u00edv\u00fclr\u0151l is f\u00fajt; p\u00e9ld\u00e1ul a <em>Korszakokon mosolyogsz \u00e1t<\/em> c\u00edm\u0171t (s\u0151t \u00fagy tudom \u2013 feljegyz\u00e9sei, levelei egyberendez\u0151jek\u00e9nt \u2013, m\u00e9g ma is zakatol benne n\u00e9h\u00e1ny sora): \u201e<em>F\u00e9l t\u00edzkor j\u00f6nnek a s\u00e1rga pettyek \/ t\u00edzkor a rojtos s\u00e1vok, \/ s kubista s\u00edkokra bontj\u00e1k bennem \/<\/em> <em>a boldogs\u00e1got. \/ <\/em>Agyam hev\u00fcl, \/ mint l\u00e1ng f\u00f6l\u00f6tt hev\u00fcl\u0151 lombik, \/ s metafizikus nyugalmam \/ cik\u00e1z\u00f3 z\u0171rzavarr\u00e1 bomlik, \/ szinte <em>hallom, hogy zokog \/ fortyog\u00f3 k\u00ednj\u00e1ban a ny\u00faltagy, \/ az \u00e1lomk\u00e9pek sz\u00e9tfoly\u00f3 \/ ultramarin t\u00f3cs\u00e1ba f\u00falnak<\/em>, \/ titkos zajok z\u00fazz\u00e1k sz\u00e9t a csendet, \/torz alakzatok recsegnek, \/ az \u00f3ra tal\u00e1n m\u00e1r nem is ketyeg, \/ csak halkan sz\u00f3rja sz\u00e9t szob\u00e1mban \/ a hervadt szirom-perceket. \/ Azt\u00e1n <em>pattintott k\u0151balt\u00e1kon l\u00e1tom az arcod, \/ korszakokon mosolyogsz \u00e1t<\/em>, \/ t\u00fczet csiholva homlokomon.\u201d S mondani sem kell, hogy K\u00e1lm\u00e1nnak ezt a vers\u00e9t is a tekint\u00e9lyes pozsonyi foly\u00f3irat Vet\u00e9s rovat\u00e1b\u00f3l sz\u00farta ki mag\u00e1nak T. 1967 okt\u00f3ber\u00e9ben, s b\u00e1r akkor m\u00e9g nem ismerte a szerz\u0151j\u00e9t, istentelen\u00fcl irigy volt r\u00e1, ami\u00e9rt \u0151 m\u00e1r a Szeml\u00e9ben is szerepelhet, ami \u00fajabb elsz\u00e1nt k\u00eds\u00e9rletekre, pr\u00f3b\u00e1lkoz\u00e1sokra sarkallta \u0151t is. R\u00e1ad\u00e1sul K\u00e1lm\u00e1n k\u00e9t sz\u00e1mmal k\u00e9s\u0151bb, a lap ugyanazon \u00e9v decemberi sz\u00e1m\u00e1ban is szerepelt (b\u00e1r ezekben \u00e9pp nem tal\u00e1lt semmi ellesni val\u00f3t), s\u0151t a k\u00f6vetkez\u0151 oldalon azt a Varga Imr\u00e9t is ott l\u00e1thatta k\u00e9t sz\u00f6veg\u00e9vel, akit n\u00e9h\u00e1ny h\u00f3nappal kor\u00e1bban vele egy\u00fctt mutatott be az \u00daj Ifj\u00fas\u00e1g, s l\u00e1m, m\u00e1r a Szeml\u00e9ben is olvashatni \u0151t (k\u00fcl\u00f6n f\u00e1jlalva, hogy a <em>v\u00e1gyakat felcsipked\u0151 szajk\u00f3k<\/em> meg a sz\u00f3ban forg\u00f3 po\u00e9tajel\u00f6lt sorst\u00e1rsa szeret\u0151j\u00e9nek <em>haj\u00e1ban z\u00fcmm\u00f6g\u0151 megunt b\u00e1rsonyszalag<\/em> nem neki jutott esz\u00e9be), mik\u00f6zben \u0151 m\u00e9g rendre kapogatta \u2013 a m\u00e1b\u00f3l visszan\u00e9zve: h\u00e1l\u2019 istennek \u2013 T\u0151zs\u00e9r elutas\u00edt\u00f3 leveleit. Egy\u00e9bir\u00e1nt a <em>Korszakokon mosolyogsz \u00e1t<\/em>-ot T. ma is (majdnem) teljes m\u00e9rt\u00e9kben \u00e9rv\u00e9nyes, elfogadhat\u00f3 sz\u00f6vegnek tal\u00e1lja (mai esz\u00e9vel \u00e9s \u00edzl\u00e9s\u00e9vel egyed\u00fcl csup\u00e1n a \u201ehervadt szirom-perceket\u201d \u00e9rzi nem is kicsit disszon\u00e1nsnak), noha ma m\u00e1r felt\u0171nik neki \u2013 amit akkoriban val\u00f3sz\u00edn\u0171leg m\u00e9g nem vett \u00e9szre \u2013, hogy ennek vil\u00e1ga \u00e9s \u00e9let\u00e9rz\u00e9se, k\u00e9peinek forr\u00e1sa \u00e9s szerkezete, j\u00f3llehet&nbsp; \u00f6sszehasonl\u00edthatatlanul alacsonyabb fokon, mennyire rokon fogantat\u00e1s\u00fa T\u0151zs\u00e9r az \u00e9vben megjelent <em>Kett\u0151s \u0171rben<\/em> c\u00edm\u0171 versesk\u00f6tet\u00e9nek \u201ebiol\u00f3giai determinizmus\u00e1val\u201d (ez Turczel Lajos kifejez\u00e9se volt), \u00f6nelemz\u00e9s\u00e9nek k\u00f6ny\u00f6rtelens\u00e9g\u00e9vel. S noha K\u00e1lm\u00e1nnal ezut\u00e1n \u2013 f\u0151leg hogy T. 1970\u20131972 k\u00f6zt Kom\u00e1romban (is) \u00e9lt \u2013 szem\u00e9lyesen is \u00f6sszeismerkedtek, s\u0151t tal\u00e1n m\u00e9g valami bar\u00e1ts\u00e1gf\u00e9le is sz\u00f6v\u0151d\u00f6tt k\u00f6zt\u00fck, ennek ellen\u00e9re v\u00e9gig keveset tudott r\u00f3la, illetve az ut\u00f3bbi h\u00e1rom-n\u00e9gy \u00e9vtizedben egy\u00e1ltal\u00e1n semmit. Igaz, k\u00f6zben T. elker\u00fclt a v\u00e1rosb\u00f3l, majd az orsz\u00e1gb\u00f3l is, \u00e9s K\u00e1lm\u00e1n verseivel sem tal\u00e1lkozott m\u00e1r \u2013 elt\u0171nt a szeme el\u0151l az id\u0151 k\u00f6ny\u00f6rtelen s\u00fcllyeszt\u0151j\u00e9ben, mint annyian, akik k\u00e9ts\u00e9gtelen tehets\u00e9g\u00fck ellen\u00e9re sem tudtak soha a felsz\u00ednen marad\u00e1shoz el\u00e9gs\u00e9ges m\u00e9rt\u00e9kben megkapaszkodni. M\u00edgnem egyszer azt\u00e1n teljesen v\u00e1ratlanul r\u00e1bukkant K\u00e1lm\u00e1n nev\u00e9re a neten, <em>Sz\u0151nyegbomb\u00e1z a f\u00e9ny<\/em> c\u00edmmel kis versesk\u00f6tetet adott ki valamilyen T. sz\u00e1m\u00e1ra ismeretlen nev\u0171 kiad\u00f3 (Karuna Bistrita) gondoz\u00e1s\u00e1ban, melynek h\u00e1tlapj\u00e1n n\u00e9h\u00e1ny \u00e9letrajzi \u00e9s egy\u00e9b adatot is tal\u00e1lt r\u00f3la. E szerint kilenc \u00e9vvel volt id\u0151sebb n\u00e1la, 1940-ben sz\u00fcletett, teh\u00e1t m\u00e1r t\u00fal a nyolcvanon, \u00e9let\u00e9ben sok mindent v\u00e9gigcsin\u00e1lt, volt hegeszt\u0151, \u00e1llami tisztvisel\u0151, seg\u00e9dszerkeszt\u0151, szakmunk\u00e1s-koll\u00e9giumi nevel\u0151, rakt\u00e1ros, postai rovatol\u00f3, munkan\u00e9lk\u00fcli, kapcsolatuk idej\u00e9n tal\u00e1n \u00e9ppen nyomdai korrektor, 2000-t\u0151l pedig nyugd\u00edjas. 1985-ben, negyven\u00f6t \u00e9vesen megn\u0151s\u00fclt, \u00e9s felhagyott a vers\u00edr\u00e1ssal, de 1994-ben \u00fajrakezdte (rem\u00e9lve T. r\u00e9sz\u00e9r\u0151l, hogy ehhez nem kellett elv\u00e1lnia). Nem tudni azonban, hetven\u00e9ves kor\u00e1ra megjelent deb\u00fct\u00e1ns versesk\u00f6tet\u00e9be besorolta-e a kor\u00e1bbi, T. \u00e1ltal ismert \u00e9s kedvelt opusait is, a K\u00f6nyvbarlang nev\u0171, Felp\u00e9cen bejegyzett online antikv\u00e1rium \u00e9s k\u00f6nyves web\u00e1ruhoz honlapj\u00e1n k\u00f6zz\u00e9tett (\u00faj?) versei mindenesetre v\u00e1ltozatlanul hat\u00e1rozott versel\u00e9si k\u00e9szs\u00e9gr\u0151l \u00e9s technik\u00e1r\u00f3l, a m\u00edvess\u00e9g \u00e9s pall\u00e9rozotts\u00e1g ig\u00e9ny\u00e9r\u0151l tan\u00faskodnak, viszont mindegyik\u00fck megbillen, megd\u00f6ccen valahol, \u00e9s \u00e9szrevehet\u0151en hi\u00e1nyzik r\u00f3luk a k\u00fcls\u0151 szem ellen\u0151rz\u0151 tekintete, a megfelel\u0151 k\u00f6zeg form\u00e1l\u00f3 hat\u00e1sa s egy gyakorlott szerkeszt\u0151 vagy kritikus odafigyel\u00e9se, sz\u0171r\u00e9se.&nbsp; &nbsp; &nbsp; &nbsp;<\/p>\n\n\n\n<p>Persze verselm\u00e9nyei z\u00f6m\u00e9nek elrettent\u0151 \u00e9s T. eg\u00e9sz k\u00e9s\u0151bbi \u00e9let\u00e9re kihat\u00f3, figyelmeztet\u0151 p\u00e9ld\u00e1i mellett a sz\u00e1nd\u00e9kosan meg nem nevezett j\u00e1r\u00e1si lap az\u00e9rt a legegyszer\u0171bb publicisztikai m\u0171fajok els\u0151, \u00e1m \u201ekorszakokon \u00e1t\u201d <em>mosolyg\u00f3<\/em>, illetve \u00e1t\u00edvel\u0151 mint\u00e1it is jelentette a sz\u00e1m\u00e1ra. K\u00fcl\u00f6n\u00f6sen Andriskin J\u00f3zsef f\u0151leg sporttud\u00f3s\u00edt\u00e1sok, valamint Ratimorszky Gyula kultur\u00e1lis \u00e9s k\u00f6z\u00e9leti besz\u00e1mol\u00f3k alatti neve ragadt meg benne ebb\u0151l az id\u0151b\u0151l, akikt\u0151l biztons\u00e1ggal elleshette n\u00e9h\u00e1ny alapvet\u0151 \u00fajs\u00e1gm\u0171faj m\u0171vel\u00e9s\u00e9nek hogyanj\u00e1t \u00e9s legalapvet\u0151bb szab\u00e1lyait. S h\u00e1t mint T. napl\u00f3i egyberendez\u0151j\u00e9nek \u00e9s k\u00f6zread\u00f3j\u00e1nak meg kell eml\u00edtenem a falujukbeli Kurucz Lujza tan\u00edt\u00f3n\u0151 nev\u00e9t is, akinek akkor m\u00e1r orsz\u00e1gos lapok is k\u00f6z\u00f6lgett\u00e9k a tud\u00f3s\u00edt\u00e1sait, mivel tizen\u00f6t \u00e9ves kora t\u00e1jt T. els\u0151sorban \u0151t k\u00e9rdezgette sz\u00e9gyenl\u0151sen-dadog\u00f3san, \u00e1mde nem minden nagyrav\u00e1gy\u00e1s n\u00e9lk\u00fcl, hogyan is kell \u00fajs\u00e1got \u00edrni. Azt\u00e1n hamarosan maga is \u00e1tesett a t\u0171zkereszts\u00e9gen, azaz az el\u0151z\u0151 fejezetek egyik\u00e9ben m\u00e1r emlegetett els\u0151 cikkecsk\u00e9j\u00e9n, mi\u00e1ltal gyan\u00fatlanul \u2013 mint k\u00e9s\u0151bb kider\u00fclt \u2013 egy olyan m\u00f3kusker\u00e9kre l\u00e9pett f\u00f6l, melyen t\u00f6bb\u00e9 m\u00e1r nem volt, s id\u0151k\u00f6zben megv\u00e9n\u00fclv\u00e9n sincs sz\u00e1m\u00e1ra meg\u00e1ll\u00e1s\u2026&nbsp;<\/p>\n","protected":false},"excerpt":{"rendered":"<p>Feljegyz\u00e9sek, k\u00f6r\u00fclm\u00e9nyek, megfontol\u00e1sok \u00d6n\u00e9let \u2013 k\u00fcln\u00e9zetb\u0151l (r\u00e9szlet) \u201eAz \u00f6regs\u00e9gnek egy aj\u00e1nd\u00e9ka van. Vissza tudsz n\u00e9zni.\u201d&nbsp; (Temesi Ferenc) Hogyan lett \u00c9v\u00e1b\u00f3l Kati &nbsp; T. tizenh\u00e1rom \u00e9ves volt, illetve akkor m\u00e9g nem is T. volt, hanem V. (l. err\u0151l m\u00e1sutt), amikor \u2013 &hellip; <a href=\"https:\/\/opus-folyoirat.sk\/?page_id=3847\">Egy kattint\u00e1s ide a folytat\u00e1shoz&#8230;. <span class=\"meta-nav\">&rarr;<\/span><\/a><\/p>\n","protected":false},"author":4,"featured_media":0,"parent":0,"menu_order":0,"comment_status":"closed","ping_status":"closed","template":"","meta":{"footnotes":""},"class_list":["post-3847","page","type-page","status-publish","hentry"],"_links":{"self":[{"href":"https:\/\/opus-folyoirat.sk\/index.php?rest_route=\/wp\/v2\/pages\/3847","targetHints":{"allow":["GET"]}}],"collection":[{"href":"https:\/\/opus-folyoirat.sk\/index.php?rest_route=\/wp\/v2\/pages"}],"about":[{"href":"https:\/\/opus-folyoirat.sk\/index.php?rest_route=\/wp\/v2\/types\/page"}],"author":[{"embeddable":true,"href":"https:\/\/opus-folyoirat.sk\/index.php?rest_route=\/wp\/v2\/users\/4"}],"replies":[{"embeddable":true,"href":"https:\/\/opus-folyoirat.sk\/index.php?rest_route=%2Fwp%2Fv2%2Fcomments&post=3847"}],"version-history":[{"count":1,"href":"https:\/\/opus-folyoirat.sk\/index.php?rest_route=\/wp\/v2\/pages\/3847\/revisions"}],"predecessor-version":[{"id":3848,"href":"https:\/\/opus-folyoirat.sk\/index.php?rest_route=\/wp\/v2\/pages\/3847\/revisions\/3848"}],"wp:attachment":[{"href":"https:\/\/opus-folyoirat.sk\/index.php?rest_route=%2Fwp%2Fv2%2Fmedia&parent=3847"}],"curies":[{"name":"wp","href":"https:\/\/api.w.org\/{rel}","templated":true}]}}