{"id":3883,"date":"2025-09-29T08:21:00","date_gmt":"2025-09-29T06:21:00","guid":{"rendered":"https:\/\/opus-folyoirat.sk\/?page_id=3883"},"modified":"2026-01-14T20:22:42","modified_gmt":"2026-01-14T18:22:42","slug":"nagy-erika-9","status":"publish","type":"page","link":"https:\/\/opus-folyoirat.sk\/?page_id=3883","title":{"rendered":"Nagy Erika"},"content":{"rendered":"\n<p><strong>Akaromka<\/strong><\/p>\n\n\n<div class=\"has-text-align-right wp-block-post-date\"><time datetime=\"2025-09-29T08:21:00+02:00\">2025-09-29<\/time><\/div>\n\n\n<p>Hogy milyen egy gyerek, amelyik hisztizik az \u00fczletben, sokan tudjuk, mert \u00e1t\u00e9lt\u00fck. Nem volt k\u00f6nny\u0171 id\u0151szak, de szerencs\u00e9re magunk m\u00f6g\u00f6tt tudjuk. A gyerekeink feln\u0151ttek, az unok\u00e1k k\u00f6z\u00fcl a nagyobbik is t\u00falesett m\u00e1r rajta. A minap, az egyik \u00fczletl\u00e1ncban v\u00e1s\u00e1roltam, \u00e9s \u00e9rdekes jelenet \u00fct\u00f6tte meg a f\u00fclem. Egy kiss\u00e9 t\u00fals\u00falyos gyerek sik\u00edtva b\u00f6mb\u00f6lte, hogy \u201eanya, \u00e9n ezt akarom, vedd meg!&#8221;<\/p>\n\n\n\n<p>Az anya t\u00fcrelmesen magyar\u00e1zott, hogy mi\u00e9rt nem, de a gyereket ez nem hatotta meg, csak olaj volt a t\u0171zre minden sz\u00f3. Az \u00e9n t\u00fcrelmem m\u00e1r elfogyott volna, f\u0151leg az\u00e9rt, mert vagy t\u00edzen n\u00e9zt\u00e9k a mag\u00e1b\u00f3l kikelt sr\u00e1cot. K\u00ednos jelenet volt, de Kevink\u00e9t ez egy\u00e1ltal\u00e1n nem zavarta. Annyira nem, hogy egy j\u00f3 nagyot bele is r\u00fagott az \u00e9desanyja s\u00edpcsontj\u00e1ba. Szeg\u00e9ny asszony egy l\u00e1bon ugr\u00e1lt, mint a g\u00f3lya, majd lehajolt \u00e9s k\u00f6nnyeivel k\u00fcszk\u00f6dve simogatta sajg\u00f3 v\u00e9gtagj\u00e1t. A gyerek kitart\u00f3 volt, nem adta fel, elmarkolta az \u00e1h\u00edtott vonatot, \u00e9s \u00fagy szor\u00edtotta mag\u00e1hoz, mint aki soha t\u00f6bb\u00e9 nem szeretn\u00e9 elengedni. \u201eAz eny\u00e9m, az eny\u00e9m\u201c, csak hajtogatta maga el\u00e9 n\u00e9zve, de szem\u00e9b\u0151l egy csepp k\u00f6nny sem buggyant ki, pedig \u00fagy \u00fcv\u00f6lt\u00f6tt, hogy att\u00f3l tartottam, az \u00e1rut\u00f3l roskad\u00f3 polcok \u00f6sszeomlanak, mint a k\u00e1rtyav\u00e1r.&nbsp;<\/p>\n\n\n\n<p>Szeg\u00e9ny asszony, gondoltam, ezt valahol j\u00f3l elsz\u00fartad. Majd olyan t\u00f6rt\u00e9nt, amire egy\u00e1ltal\u00e1n nem sz\u00e1m\u00edtottam. A fiatal n\u0151 hirtelen f\u00fari\u00e1v\u00e1 v\u00e1ltozott, \u0151 is b\u00f6mb\u00f6lni kezdett, majd kez\u00e9be vett egy bab\u00e1t a polcr\u00f3l \u00e9s hangosan azt kiab\u00e1lta, hogy \u201e\u00e9n meg ezt akarom, vedd meg nekem Kevin!\u201c M\u00e1r att\u00f3l tartottam, hogy \u0151 is bok\u00e1n r\u00fagja a sr\u00e1cot. Szerencs\u00e9re ez kimaradt a reperto\u00e1rb\u00f3l, helyette s\u00edr\u00e1st imit\u00e1lva pr\u00fcssz\u00f6gte, hogy \u201eha nem veszed meg, akkor este nem k\u00e9sz\u00edtem el neked a sajtos puffancsot, amit k\u00e9rt\u00e9l, helyette eheted a sz\u00e1raz kenyeret!\u201c<\/p>\n\n\n\n<p>Kevinke hirtelen elhallgatott, a sz\u00e1ja azonban g\u00f6rbe maradt, s becsukni is elfelejtette. Szerintem legal\u00e1bb egy percig meg sem mozdult, \u00e9s a vonatot m\u00e9g mindig szorosan \u00f6lelte mag\u00e1hoz. Majd csoda t\u00f6rt\u00e9nt, odaballagott a polchoz, visszatette a j\u00e1t\u00e9kot. Az anyja el\u00e9 \u00e1ll, \u00e9s azt mondta neki, teljesen norm\u00e1lis hangnemben, hogy \u201eha nem k\u00e9rem a vonatot, csin\u00e1lsz nutell\u00e1s palacsint\u00e1t is?\u201c<\/p>\n\n\n\n<p>P\u00e1r perc jelenet ut\u00e1n helyre \u00e1llt a b\u00e9ke, a p\u00e9nzt\u00e1rhoz mentek, majd szem el\u0151l t\u00e9vesztettem \u0151ket. Hogy gyakori lehet k\u00f6z\u00f6tt\u00fck a hasonl\u00f3 jelenet, csak sejteni v\u00e9lem, s most m\u00e1r azt is tudom, hogy Kevinke plusz kil\u00f3i nem v\u00e9letlen\u00fcl l\u00f3gnak a has\u00e1n \u00fasz\u00f3guminak \u00e1lc\u00e1zva.&nbsp;<\/p>\n","protected":false},"excerpt":{"rendered":"<p>Akaromka Hogy milyen egy gyerek, amelyik hisztizik az \u00fczletben, sokan tudjuk, mert \u00e1t\u00e9lt\u00fck. Nem volt k\u00f6nny\u0171 id\u0151szak, de szerencs\u00e9re magunk m\u00f6g\u00f6tt tudjuk. A gyerekeink feln\u0151ttek, az unok\u00e1k k\u00f6z\u00fcl a nagyobbik is t\u00falesett m\u00e1r rajta. A minap, az egyik \u00fczletl\u00e1ncban v\u00e1s\u00e1roltam, &hellip; <a href=\"https:\/\/opus-folyoirat.sk\/?page_id=3883\">Egy kattint\u00e1s ide a folytat\u00e1shoz&#8230;. <span class=\"meta-nav\">&rarr;<\/span><\/a><\/p>\n","protected":false},"author":4,"featured_media":0,"parent":0,"menu_order":0,"comment_status":"closed","ping_status":"closed","template":"","meta":{"footnotes":""},"class_list":["post-3883","page","type-page","status-publish","hentry"],"_links":{"self":[{"href":"https:\/\/opus-folyoirat.sk\/index.php?rest_route=\/wp\/v2\/pages\/3883","targetHints":{"allow":["GET"]}}],"collection":[{"href":"https:\/\/opus-folyoirat.sk\/index.php?rest_route=\/wp\/v2\/pages"}],"about":[{"href":"https:\/\/opus-folyoirat.sk\/index.php?rest_route=\/wp\/v2\/types\/page"}],"author":[{"embeddable":true,"href":"https:\/\/opus-folyoirat.sk\/index.php?rest_route=\/wp\/v2\/users\/4"}],"replies":[{"embeddable":true,"href":"https:\/\/opus-folyoirat.sk\/index.php?rest_route=%2Fwp%2Fv2%2Fcomments&post=3883"}],"version-history":[{"count":1,"href":"https:\/\/opus-folyoirat.sk\/index.php?rest_route=\/wp\/v2\/pages\/3883\/revisions"}],"predecessor-version":[{"id":3884,"href":"https:\/\/opus-folyoirat.sk\/index.php?rest_route=\/wp\/v2\/pages\/3883\/revisions\/3884"}],"wp:attachment":[{"href":"https:\/\/opus-folyoirat.sk\/index.php?rest_route=%2Fwp%2Fv2%2Fmedia&parent=3883"}],"curies":[{"name":"wp","href":"https:\/\/api.w.org\/{rel}","templated":true}]}}