{"id":3885,"date":"2025-11-04T20:23:00","date_gmt":"2025-11-04T18:23:00","guid":{"rendered":"https:\/\/opus-folyoirat.sk\/?page_id=3885"},"modified":"2026-01-14T20:25:02","modified_gmt":"2026-01-14T18:25:02","slug":"nagy-erika-10","status":"publish","type":"page","link":"https:\/\/opus-folyoirat.sk\/?page_id=3885","title":{"rendered":"Nagy Erika"},"content":{"rendered":"\n<p><strong>Ez egy ilyen nap volt<\/strong><\/p>\n\n\n<div class=\"has-text-align-right wp-block-post-date\"><time datetime=\"2025-11-04T20:23:00+02:00\">2025-11-04<\/time><\/div>\n\n\n<p>A tavaszi felmeleged\u00e9s m\u00e1r napok \u00f3ta beindult, s ez a mai nap a sz\u00f3 szoros \u00e9rtelm\u00e9ben igaz\u00e1n forr\u00f3ra, esem\u00e9nyd\u00fasra sikeredett. Reggel, a g\u00e9pem el\u0151tt \u00fclve, egy hatalmas puffan\u00e1s r\u00e1zott fel b\u00e9k\u00e9s nyugalmamb\u00f3l, majd kirohantam megn\u00e9zni, hogy mi is t\u00f6rt\u00e9nt. Szomor\u00fa l\u00e1tv\u00e1ny fogadott. H\u00e1rom aut\u00f3 futott egym\u00e1sba, egy gy\u00f6ny\u00f6r\u0171, h\u00f3feh\u00e9r Mercedes j\u00f3volt\u00e1b\u00f3l. Vagyis m\u00e1r egy cseppet sem volt gy\u00f6ny\u00f6r\u0171, fogta is a fej\u00e9t a fiatal f\u00e9rfi, miut\u00e1n kisz\u00e1llt az aut\u00f3b\u00f3l. M\u00e9g j\u00f3, hogy fogta, mert a k\u00e9nyszerb\u0151l k\u00e9t aut\u00f3 k\u00f6z\u00f6tt dekkol\u00f3 Suzuki vezet\u0151je, egy \u00edzig v\u00e9rig harcias amazon kis h\u00edj\u00e1n leharapta a nyak\u00e1r\u00f3l teste leg\u00e9kesebb r\u00e9sz\u00e9t, miut\u00e1n a v\u00e1dakkal szemben, miszerint gyorsan hajtott, hevesen tiltakozott. A n\u0151 hiszt\u00e9ri\u00e1s rohamot kapott, \u00edzes, m\u00e1tyusf\u00f6ldi kiejt\u00e9ssel \u00fcv\u00f6lt\u00f6z\u00f6tt, ami nem is volt csoda, hiszen mint kider\u00fclt, sz\u00edvbeteg, \u00e9s egy kicsi, f\u00e9ltve \u00f3vott gyermek is volt az utasok k\u00f6z\u00f6tt. A kicsi vis\u00edtott, nyilv\u00e1n nem tudta mi t\u00f6rt\u00e9nt, csak \u00e9rezte, ez nem egy term\u00e9szetes folyamat, a n\u00e9ni pedig sokkos \u00e1llapotban csak hajtogatta: azt hittem, hogy felrobbantunk\u2026<\/p>\n\n\n\n<p>A mercis pasi pedig sz\u00f3lni sem b\u00edrt, s b\u00e1r egy\u00e9rtelm\u0171 volt, hogy \u0151 okozta a galib\u00e1t, kezdtem sajn\u00e1lni. Elbambult, na, van ilyen, nem? M\u00e9g szerencse, hogy az els\u0151 aut\u00f3 vezet\u0151je, amelyik a legkisebb k\u00e1rt szenvedte, k\u00e9pes volt arra, hogy higgadts\u00e1gra intse a baleset szenved\u0151 alanyait, miut\u00e1n ment\u0151t, rend\u0151rt h\u00edvtak. Bevallom, magam lep\u0151dtem meg a legjobban, hogy p\u00e1r perc eltelt\u00e9vel a t\u0171zolt\u00f3k m\u00e1r a helysz\u00ednen voltak, s nyomban ut\u00e1nuk a ment\u0151 is meg\u00e9rkezett. Mindenkit \u00e1tvizsg\u00e1ltak, m\u00e9g azt is, aki hat\u00e1rozottan azt hajtogatta: nem f\u00e1j semmim, nincs semmi gond. N\u00e9nit elvitt\u00e9k, a t\u00f6bbiek pedig egy hossz\u00fa tort\u00fara el\u00e9 n\u00e9ztek, miut\u00e1n a helysz\u00ednel\u0151k is meg\u00e9rkeztek. \u00d3r\u00e1k teltek el, mire letisztult a terep.&nbsp;<\/p>\n\n\n\n<p>Na, ennek v\u00e9ge, gondoltam, de sajnos t\u00e9vedtem. Hivatalos \u00fcgyet int\u00e9zni a v\u00e1rosba mentem, \u00e9s m\u00e1r a szememnek \u00e9s a f\u00fclemnek sem akartam hinni, amikor egy \u00e9rdekes esem\u00e9ny rajzol\u00f3dott ki el\u0151ttem. Egy lak\u00f3telepen azt l\u00e1tom, hogy a v\u00e1rosi rend\u0151r\u00f6k egy szem\u00e9lykocsi vezet\u0151j\u00e9t, egy tisztes \u0151szes hal\u00e1nt\u00e9k\u00fa f\u00e9rfit igazoltatnak. Vagyis csak szerettek volna igazoltatni, mert nem ment minden \u00fagy, ahogy szerett\u00e9k volna, vagy amihez hozz\u00e1szoktak. Hopp\u00e1, az aut\u00f3 f\u00e9lig a j\u00e1rd\u00e1n, f\u00e9lig az \u00fattesten parkolt, tilos helyen, pedig szemben volt a parkol\u00f3, nem is kicsi. Els\u0151 l\u00e1t\u00e1sra \u00fagy t\u0171nt, ott lakik. A m\u00e1sodikra is. Vagy tal\u00e1n csak azt akartam hinni. Hogy mi\u00e9rt foglalkoztam ezzel, magam sem tudom. Nem mindegy az nekem? Hogy makacs egy ember volt, az biztos, mert nem mutatott hajland\u00f3s\u00e1got arra, hogy igazi rend\u0151rnek n\u00e9zze a egyenruh\u00e1st, annak ellen\u00e9re, hogy \u0151k nyomat\u00e9kosan bizonygatt\u00e1k, \u0151k azok, \u00e9s igen, nekik joguk van arra, amit tesznek. Hogy mi\u00e9rt volt makacs a tilosban parkol\u00f3 szab\u00e1lys\u00e9rt\u0151? Az\u00e9rt mert nem adta \u00e1t a pap\u00edrjait, pedig k\u00e9rt\u00e9k, s\u0151t k\u00f6vetelt\u00e9k t\u0151le. \u00dagy gondolta, nem t\u00e1rgyal vel\u00fck, s\u0151t, m\u00e9g az ajt\u00f3t is becsukja. Na, ne, ezt az\u00e9rt m\u00e9gsem kellett volna! Nyilv\u00e1n az ajt\u00f3 s\u00farolta az egyik rend\u0151r mell\u00e9t, mert ezek a szavak kanyarodtak be a k\u00edv\u00e1ncsis\u00e1ggal k\u00fczd\u0151 hall\u00f3j\u00e1ratomba: Meg\u00fct\u00f6tt, engem, egy rend\u0151rt? Sz\u00e1lljon ki! Sz\u00e1lljon ki azonnal, mert megb\u00e1nja!<\/p>\n\n\n\n<p>Makacs ember, jaj de nagyon makacs! Nem sz\u00e1llt ki, az istennek se, \u00e9s igen, megb\u00e1nta. Vagy nem, a&nbsp;fene tudja mi j\u00e1rt az \u00f6reg fej\u00e9ben. Szinte egy mozdulattal kir\u00e1ntott\u00e1k a vol\u00e1n m\u00f6g\u00fcl, h\u0171, ezek voltak \u00e1m az er\u0151s cs\u00e1v\u00f3k! Az ember\u00fcnk \u00e1llta a&nbsp;sarat, ellenkezett, k\u00fczd\u00f6tt h\u0151siesen, pedig nem kellett volna, csak a t\u00fczet sz\u00edtotta.&nbsp; R\u00e1nyomt\u00e1k az aut\u00f3ja motorh\u00e1z\u00e1ra, nagyon \u00e9rtett\u00e9k a dolgukat, nyilv\u00e1n sok krimit n\u00e9ztek \u00e9let\u00fckben. Mindk\u00e9t kez\u00e9t h\u00e1tra csavart\u00e1k, \u00e9s m\u00e1r v\u00e1rtam, hogy kattanjon a bilincs. Na, most lebuktam, \u00e9n is a krimikre bukom. Nem j\u00f6tt be, ez most elmaradt, lehet az\u00e9rt, mert otthon felejtett\u00e9k, vagy, mert a f\u00e9rfi oldalbord\u00e1ja b\u0151sz fenevadk\u00e9nt kiszaladt a lak\u00f3h\u00e1zb\u00f3l \u00e9s sip\u00edtozni kezdett \u00e9les hangon: Mit csin\u00e1lnak? Jaj, mi ez? Egy fiatal f\u00e9rfi is szembe sz\u00e1llt vel\u00fck, b\u00e1tor fick\u00f3 volt az biztos, nem \u00e9rtette, mire ez az agressz\u00edv viselked\u00e9s, mikor a f\u00e9rfi nem tett semmi olyat, ami\u00e9rt ezt \u00e9rdemelte volna. Volt dulakod\u00e1s, kiab\u00e1l\u00e1s, de valahogy nem volt kedvem maradni, s megv\u00e1rni a v\u00e9gkifejletet. F\u0151leg azut\u00e1n nem, hogy egy csapat tagjak\u00e9nt b\u00e1m\u00e9szkod\u00f3 egy\u00e9n ekk\u00e9ppen v\u00e9lem\u00e9nyezte az omin\u00f3zus esetet: Ni m\u00e1, a g\u00e1dzs\u00f3k rosszabbak, mint mi vagyunk\u2026\u00f6lik egym\u00e1st\u2026s nagyokat kuncogott.<\/p>\n\n\n\n<p>A melegre fogtam, hogy van valami a leveg\u0151ben, mert az nem norm\u00e1lis, ami ma t\u00f6rt\u00e9nik. Meleg ide, meleg oda, a napnak m\u00e9g nem volt v\u00e9ge. H\u00e1rom \u00f3ra t\u00e1j\u00e9k\u00e1n ism\u00e9t f\u00e9kcsikorg\u00e1s hallatszott, \u00e9s m\u00e1r meg sem lep\u0151dtem, amikor azt l\u00e1tom, hogy a reggeli \u00fctk\u00f6z\u00e9s helysz\u00edn\u00e9vel \u00e1tellenben egy \u00fajabb luxus kocsi v\u00e1lt \u00e1ldozatt\u00e1, okoz\u00f3ja egy Fabia, hogy nem s\u00fcl ki a szeme, akarom mondani a sz\u00e9lv\u00e9d\u0151je a sz\u00e9gyent\u0151l. S nem fogj\u00e1k elhinni, ism\u00e9t egy merci volt. Ez nem az \u0151 napjuk. A forgalom nem \u00e1llt le, p\u00e1r perc m\u00falva a le\u00e1ll\u00f3 s\u00e1vba \u00e1llt a k\u00e9t j\u00e1rm\u0171, hogy elint\u00e9zz\u00e9k az elint\u00e9zni val\u00f3t. A merci vezet\u0151je, nyilv\u00e1n az\u00e9rt, mert ahhoz van szokva, hogy \u0151 egy fels\u0151bbrend\u0171 l\u00e9ny, le\u00e1llt oda, ahol az als\u00f3bb kaszthoz tartoz\u00f3 buszok s\u00e1rg\u00e1val kijel\u00f6lt meg\u00e1ll\u00f3ja van. Ha valaki azt hiszi, hogy a h\u00f6lgyet ez zavarta, t\u00e9ved. A busz j\u00f6tt, szeretett volna le\u00e1llni, utasokat felvenni, dud\u00e1lt, pr\u00f3b\u00e1lkozott, nem sok sikerrel. Egyszer csak valami csoda t\u00f6rt\u00e9nt, a h\u00f6lgy hajland\u00f3 volt arra, hogy \u00fagy egy m\u00e9tert tolasson, de se t\u00f6bbet, se kevesebbet. M\u00e9g mit nem. Az\u00e9rt egy busz, az m\u00e9gis csak busz. Nem?<\/p>\n\n\n\n<p>Ez a nap is \u00fagy indult, mint a legt\u00f6bb, lehetett volna sz\u00e9p, szebb, s m\u00e9g ann\u00e1l is szebb. De nem \u00edgy t\u00f6rt\u00e9nt, b\u00e1r egy pillanatra a napocska r\u00e1m pillantott, kacsintott egyet, s ezt \u00e9n \u00edg\u00e9retnek vettem, hogy ne agg\u00f3djak, lesz holnap is\u2026<\/p>\n","protected":false},"excerpt":{"rendered":"<p>Ez egy ilyen nap volt A tavaszi felmeleged\u00e9s m\u00e1r napok \u00f3ta beindult, s ez a mai nap a sz\u00f3 szoros \u00e9rtelm\u00e9ben igaz\u00e1n forr\u00f3ra, esem\u00e9nyd\u00fasra sikeredett. Reggel, a g\u00e9pem el\u0151tt \u00fclve, egy hatalmas puffan\u00e1s r\u00e1zott fel b\u00e9k\u00e9s nyugalmamb\u00f3l, majd kirohantam megn\u00e9zni, &hellip; <a href=\"https:\/\/opus-folyoirat.sk\/?page_id=3885\">Egy kattint\u00e1s ide a folytat\u00e1shoz&#8230;. <span class=\"meta-nav\">&rarr;<\/span><\/a><\/p>\n","protected":false},"author":4,"featured_media":0,"parent":0,"menu_order":0,"comment_status":"closed","ping_status":"closed","template":"","meta":{"footnotes":""},"class_list":["post-3885","page","type-page","status-publish","hentry"],"_links":{"self":[{"href":"https:\/\/opus-folyoirat.sk\/index.php?rest_route=\/wp\/v2\/pages\/3885","targetHints":{"allow":["GET"]}}],"collection":[{"href":"https:\/\/opus-folyoirat.sk\/index.php?rest_route=\/wp\/v2\/pages"}],"about":[{"href":"https:\/\/opus-folyoirat.sk\/index.php?rest_route=\/wp\/v2\/types\/page"}],"author":[{"embeddable":true,"href":"https:\/\/opus-folyoirat.sk\/index.php?rest_route=\/wp\/v2\/users\/4"}],"replies":[{"embeddable":true,"href":"https:\/\/opus-folyoirat.sk\/index.php?rest_route=%2Fwp%2Fv2%2Fcomments&post=3885"}],"version-history":[{"count":1,"href":"https:\/\/opus-folyoirat.sk\/index.php?rest_route=\/wp\/v2\/pages\/3885\/revisions"}],"predecessor-version":[{"id":3886,"href":"https:\/\/opus-folyoirat.sk\/index.php?rest_route=\/wp\/v2\/pages\/3885\/revisions\/3886"}],"wp:attachment":[{"href":"https:\/\/opus-folyoirat.sk\/index.php?rest_route=%2Fwp%2Fv2%2Fmedia&parent=3885"}],"curies":[{"name":"wp","href":"https:\/\/api.w.org\/{rel}","templated":true}]}}