{"id":3937,"date":"2025-08-20T21:17:00","date_gmt":"2025-08-20T19:17:00","guid":{"rendered":"https:\/\/opus-folyoirat.sk\/?page_id=3937"},"modified":"2026-01-14T21:25:32","modified_gmt":"2026-01-14T19:25:32","slug":"asylum","status":"publish","type":"page","link":"https:\/\/opus-folyoirat.sk\/?page_id=3937","title":{"rendered":"ASYLUM"},"content":{"rendered":"\n<div class=\"wp-block-group is-vertical is-content-justification-right is-layout-flex wp-container-core-group-is-layout-b6c475e2 wp-block-group-is-layout-flex\"><div class=\"has-text-align-left wp-block-post-date\"><time datetime=\"2025-08-20T21:17:00+02:00\">2025-08-20<\/time><\/div>\n\n\n<p><br><em>\u201eKeny\u00e9rszerz\u0151 k\u00fcszk\u00f6d\u00e9seink k\u00f6zt, ha r\u00e1\u00e9r\u00fcnk n\u00e9ha magunkra eszm\u00e9lni:\u00a0<\/em><\/p>\n\n\n\n<p><em>keress\u00fck a c\u00e9lt, amely (\u00fagy r\u00e9mlik) valaha szem\u00fcnk el\u0151tt \u00e1llott&nbsp;<\/em><\/p>\n\n\n\n<p><em>amely\u00e9rt \u00e9rdemes \u00e9lni, harcolni.<\/em><\/p>\n\n\n\n<p><em>Nem tal\u00e1ljuk sehol: olyan esztend\u0151ket \u00e9l\u00fcnk \u00e1t, amelyek ki\u00e1br\u00e1nd\u00edtottak mindenb\u0151l,<\/em><\/p>\n\n\n\n<p><em>feket\u00e9re m\u00e1zolt\u00e1k a jelent, a j\u00f6v\u0151t \u00e9s m\u00e9g a m\u00faltra is fekete foltokat fr\u00f6ccsentettek.<\/em><\/p>\n\n\n\n<p><em>Szeretn\u00e9nk legal\u00e1bb a c\u00e9lkeres\u0151k valamelyik csoportj\u00e1hoz tartozni \u2014<\/em><\/p>\n\n\n\n<p><em>nem tal\u00e1lunk ilyet, mert akik csapatba ver\u0151dtek,<\/em><\/p>\n\n\n\n<p><em>azok vagy olyan hazafiak, hogy mi ink\u00e1bb haza\u00e1rul\u00f3k lesz\u00fcnk, semhogy hozz\u00e1juk tartozunk,&nbsp;<\/em><\/p>\n\n\n\n<p><em>vagy olyan kereszt\u00e9nyek, hogy megk\u00edv\u00e1ntatj\u00e1k vel\u00fcnk a pog\u00e1nys\u00e1got.<\/em><\/p>\n\n\n\n<p><em>\u00c9s valamit m\u00e9gis akarunk kezdeni a lelk\u00fcnkkel.\u201d<\/em><\/p>\n\n\n\n<p>Benedek Marcell gondolata&nbsp;<\/p>\n\n\n\n<p>Mereskovszkij:T\u00e9li sziv\u00e1rv\u00e1ny&nbsp;<\/p>\n\n\n\n<p>c. \u00edr\u00e1sa el\u0151tt<\/p>\n\n\n\n<p>1919<\/p>\n<\/div>\n\n\n\n<p>Igen, kedves bar\u00e1tom, igazad lehet abban, hogy t\u00fal nagy feneket ker\u00edtek az \u00fcgynek, s r\u00e1ad\u00e1sul hosszasan \u00e9s k\u00f6r\u00fclm\u00e9nyesen mondom el azt, amit r\u00f6videbben, vel\u0151sebben, \u00e9s csattan\u00f3sabban is el lehetne mondani. Mindez igaz. De h\u00e1t ilyenek vagyunk mi, \u00edr\u00f3k, bar\u00e1tom! Sok besz\u00e9ddel pr\u00f3b\u00e1lunk valamif\u00e9le nagy t\u00e1rsadalmi igazs\u00e1gok nyom\u00e1ra bukkanni, s k\u00f6zben k\u00e9ptelenek vagyunk \u00e9szrevenni \u00e9s megoldani saj\u00e1t gondjainkat. Ugyanakkor az \u0151szintes\u00e9g is k\u00f6telez, \u00edgy ments\u00e9gemre m\u00e9g azt sem mondhatom, amit egy\u00e9bk\u00e9nt szoktam, tudniillik, hogy alapos embernek tartom magam, s ez a megm\u00e1s\u00edthatatlan saj\u00e1toss\u00e1gom k\u00edv\u00e1nja meg, hogy \u00f6nc\u00e9l\u00fa fejteget\u00e9seimbe figyelmedet tudom\u00e1nyos (vagy legal\u00e1bbis annak t\u0171n\u0151) elm\u00e9letekkel pr\u00f3b\u00e1ljam meg bevonni.&nbsp; \u00c9s m\u00e9g sok m\u00e1s ments\u00e9g is eszembe jut, amelyekkel megmagyar\u00e1zhatn\u00e1m ennek a t\u00f6rt\u00e9netnek a m\u00e9lyebb \u00e9s felsz\u00ednesebb s\u00edkjait, de (ebben viszont te fogsz igazat adni nekem) mind haszontalan, hiszen a felismerhetetlennek t\u0171n\u0151 \u00f6sszef\u00fcgg\u00e9sekre v\u00e9g\u00fcl is neked magadnak kell r\u00e1j\u00f6nn\u00f6d\u2026<\/p>\n\n\n\n<p>K\u00fcl\u00f6nben is egy \u00edr\u00f3 ne magyar\u00e1zkodj\u00e9k! (Amikor teh\u00e1t a most k\u00f6vetkez\u0151, az \u00edr\u00f3i \u00e1lnevemmel kapcsolatos eszmefuttat\u00e1somat olvasod, azt semmik\u00e9ppen sem magyar\u00e1zatk\u00e9nt fogd fel!)&nbsp;<\/p>\n\n\n\n<p>Kezdem teh\u00e1t, az \u00edr\u00f3i \u00e1lnevemmel.<\/p>\n\n\n\n<p>Mi\u00e9rt is van sz\u00fcks\u00e9g \u00e1ln\u00e9vre?&nbsp;<\/p>\n\n\n\n<p>Nos, a \u201enagy filmek\u201d n\u00e9melyike azzal a felirattal kezd\u0151dik, hogy a t\u00f6rt\u00e9net szerepl\u0151i kital\u00e1ltak. Ugyan mi\u00e9rt? \u00c1ltal\u00e1ban olyan esetekben k\u00e9nyszer\u00fclnek ilyesmire az alkot\u00f3k, amelyekben a m\u0171 bemutat\u00e1sa idej\u00e9n m\u00e9g \u00e9l\u0151 alakok szerepelnek, s a szerz\u0151k \u00edgy akarj\u00e1k elker\u00fclni a val\u00f3s\u00e1g \u201enyers\u201d \u00e1br\u00e1zol\u00e1sa miatt v\u00e1rhat\u00f3 ellenl\u00e9p\u00e9seket, bossz\u00fahadj\u00e1ratokat. Persze mindenki, akit illet, tiszt\u00e1ban van azzal, kir\u0151l, kikr\u0151l sz\u00f3l a m\u0171, de h\u00e1t fikt\u00edv szem\u00e9lyek (itt mutatkozik meg az \u00e1lnevek sz\u00fcks\u00e9gess\u00e9ge!) filmbeli tettei ellen nevets\u00e9ges lenne hadj\u00e1ratot ind\u00edtani, s \u00edgy, k\u00e9nyszeredetten, a t\u00f6rt\u00e9net \u201eigazi\u201d szerepl\u0151i is elfogadj\u00e1k, hogy a m\u0171 csak kital\u00e1lt szerepl\u0151kr\u0151l sz\u00f3l.&nbsp;<\/p>\n\n\n\n<p>Mindenesetre \u2014 b\u00e1r a t\u00f6rt\u00e9netem val\u00f3s, \u00e9s a szerepl\u0151k nev\u00e9t sem v\u00e1ltoztatom meg \u2014 sz\u00edvesen eleget teszek ennek az udvariass\u00e1gi (\u00e9s olykor \u00f6nv\u00e9delmi) gesztusnak, \u00e9s \u00edgy saj\u00e1t nevem megv\u00e1ltoztat\u00e1s\u00e1val fogom el\u00e9rni \u00e9s meg\u0151rizni a t\u00f6rt\u00e9net fikt\u00edv volt\u00e1t, s ez\u00e1ltal a jogi&nbsp; s\u00e9rthetetlens\u00e9g\u00e9t. (Megpr\u00f3b\u00e1lva tomp\u00edtani az \u00e9rintettek esetleges felh\u00e1borod\u00e1s\u00e1t.) &nbsp;<\/p>\n\n\n\n<p>Az \u00edr\u00f3i \u2014 \u00e9s a t\u00f6rt\u00e9netbeli \u2014 \u00e1lnevem teh\u00e1t Jurikk. Ezzel tulajdonk\u00e9ppen nincs is baj. A baj akkor kezd\u0151dik, amikor n\u00e9melyik sz\u00f3sz\u00e1ty\u00e1r \u00edr\u00f3 (mert vannak ilyenek!) meg-ma-gya-r\u00e1z-za, hogy mi\u00e9rt ezt, \u00e9s mi\u00e9rt nem m\u00e1s \u00e1lnevet v\u00e1lasztott. S\u0151t, teszi ezt oly vehemensen, hogy szeg\u00e9ny olvas\u00f3 m\u00e9g csak ott tart, hogy: \u2014 Jurikk, Jurikk\u2026 mi az \u00f6rd\u00f6g\u00f6t akarhat ezzel az \u00edr\u00f3 mondani? \u2014 \u00e9s az \u00edr\u00f3 m\u00e1ris r\u00e1v\u00e1gja: \u2014 Nan\u00e1, hogy a Jorikke a megfejt\u00e9s!&nbsp;<\/p>\n\n\n\n<p>Mert az (a bizonyos m\u00e1sik) \u00edr\u00f3 nem b\u00edrja ki, hogy meg ne csillogtassa tud\u00e1s\u00e1t, \u00e9s ezzel term\u00e9szetesen megfosztja az olvas\u00f3t a val\u00f3di felismer\u00e9s \u00f6r\u00f6m\u00e9t\u0151l. Most k\u00e9pzeld el, hogy ha nem velem hoz \u00f6ssze a sors, hanem valaki m\u00e1st\u00f3l hallan\u00e1d ezt a t\u00f6rt\u00e9netet (vagy hasonl\u00f3t, ez mindegy!), akkor bizony hosszas elemz\u00e9st kellene elolvasnod arr\u00f3l, hogy mi\u00e9rt \u00e9ppen Traven hal\u00e1lhaj\u00f3j\u00e1nak neve hivatott felh\u00edvni az olvas\u00f3 figyelm\u00e9t az \u00edr\u00e1sban v\u00e1rhat\u00f3 t\u00e1rsadalomkritik\u00e1ra, valamint, mi\u00e9rt \u00e9ppen ezzel a n\u00e9vvel k\u00edv\u00e1nja jelezni az \u00edr\u00f3 a t\u00e1rsadalmi igazs\u00e1gtalans\u00e1gokkal szembeni \u00e9rz\u00e9kenys\u00e9g\u00e9t. S\u0151t mi t\u00f6bb, \u00e9n m\u00e9g azt is el tudom k\u00e9pzelni, hogy ez a (nem) eml\u00edtett \u00edr\u00f3t\u00e1rs m\u00e9g azt is elkotyogn\u00e1, hogy a Jurikk n\u00e9v val\u00f3j\u00e1ban a t\u00f6rt\u00e9netben szerepl\u0151 Madagaszk\u00e1r T\u00f6rp\u00e9j\u00e9nek (\u0151 csak egy mell\u00e9kszerepl\u0151, mik\u00e9nt Traven m\u0171v\u00e9ben a Madagaszk\u00e1r Cs\u00e1sz\u00e1rn\u0151je is) a felvezet\u0151je, ami tulajdonk\u00e9ppen az olvas\u00f3 \u00f6n\u00e9rzet\u00e9nek megs\u00e9rt\u00e9se, hiszen az olvas\u00f3 maga is k\u00e9pes ezekre a l\u00e9lekemel\u0151 felismer\u00e9sekre. De h\u00e1t, mint mondtam, \u00e9n ilyesfajta elemz\u00e9sekbe, elsz\u00f3l\u00e1sokba \u00e9s \u00e1l-t\u00e1rsadalomb\u00edr\u00e1latokba nem bocs\u00e1tkozom, j\u00f3val fontosabbnak tartom kihangs\u00falyozni a m\u0171 tudom\u00e1nyos megalapozotts\u00e1g\u00e1t, az \u00e9ppen divatos misztikumokt\u00f3l val\u00f3 mentess\u00e9g\u00e9t, \u00e9s persze az \u00edr\u00f3 (ez \u00e9n vagyok!) lelki m\u00e9lys\u00e9geinek bemutat\u00e1s\u00e1t.<\/p>\n\n\n\n<p>\u00c9s ha m\u00e1r v\u00e9letlen\u00fcl idejutottuk, azt is tudnod kell, kedves bar\u00e1tom, hogy az \u00edr\u00f3 sokkal, de sokkal \u00e9rz\u00e9kenyebben \u00e9li meg azokat a lelki megr\u00e1zk\u00f3dtat\u00e1sokat, amelyek a mindennapi \u00e9let sor\u00e1n \u00e9rik. S \u00e9pp a legbonyolultabb, legv\u00e1ls\u00e1gosabb pillanatokban jelentkezik az \u00edr\u00f3i l\u00e9lek m\u00e1r eml\u00edtett, \u00e9l\u00e9nken m\u0171k\u00f6d\u0151, komplik\u00e1lt \u00e9rz\u00e9kenys\u00e9ge, amellyel ama bizonyos \u00f6sszef\u00fcgg\u00e9stelennek l\u00e1tsz\u00f3 jelens\u00e9gek m\u00f6g\u00f6tt is felfedezi az \u00e9let le\u00edrhatatlan egys\u00e9g\u00e9t.<\/p>\n\n\n\n<p>Az \u00edr\u00f3 az az egy\u00e9nis\u00e9g, aki b\u00e1r tiszt\u00e1ban van vele, hogy (b\u00e1rmely) adott k\u00e9rd\u00e9sk\u00f6r nem v\u00e1laszolhat\u00f3 meg egyetlen szempont (m\u00e1rmint a saj\u00e1tja) felhaszn\u00e1l\u00e1s\u00e1val, egy\u00e9ni probl\u00e9m\u00e1it igyekszik (t\u00f6bb-kevesebb sikerrel) \u00fagy kivet\u00edteni, el\u00e9d t\u00e1rni, hogy azok lehet\u0151leg min\u00e9l egyetemesebb t\u00e1rsadalmi \u00e9rt\u00e9kkel b\u00edrjanak. (B\u00e1r lehet, hogy ezt nem minden \u00edr\u00f3koll\u00e9ga fogja fel \u00edgy.)<\/p>\n\n\n\n<p>\u00c9s ez m\u00e9g nem minden! (Ha a k\u00f6vetkez\u0151 n\u00e9h\u00e1ny keresetlen gondolatot kib\u00edrod, nyert \u00fcgyed van, ak\u00e1r az eg\u00e9sz t\u00f6rt\u00e9netet v\u00e9gig tudod olvasni.)&nbsp;<\/p>\n\n\n\n<p>Az im\u00e9nt eml\u00edtett t\u00e1rsadalmi \u00e9rt\u00e9k rendszerint tudom\u00e1nyos vizsg\u00e1lat eredm\u00e9nyek\u00e9nt sz\u00fcletik. A sorrend \u00e1ltal\u00e1ban a k\u00f6vetkez\u0151: valamely arra \u00e9rdemesnek mutatkoz\u00f3 tudom\u00e1nyos fogalom el\u0151sz\u00f6r t\u00e1rsadalmi metaforak\u00e9nt jelentkezik, majd \u2014 miut\u00e1n az \u00e9lelmes \u00e9s figyelmes alkot\u00f3k lecsapnak r\u00e1 \u2014 m\u0171v\u00e9szi t\u00f6ltetet kap. Ebben a f\u00e1zisban viszont n\u00e9ha \u2014 a m\u0171v\u00e9szek tudom\u00e1nyos felk\u00e9sz\u00fclts\u00e9g\u00e9nek hi\u00e1ny\u00e1ban \u2014 megt\u00f6rt\u00e9nhet, hogy mik\u00f6zben m\u0171veikbe vehemensen igyekeznek belekompon\u00e1lni a m\u00e1r eml\u00edtett t\u00e1rsadalmi \u00e9rt\u00e9ket \u2014 \u00fagy, hogy ez az\u00e9rt er\u0151s\u00edtse a m\u0171 aktualit\u00e1s\u00e1t \u2014, az \u00e1t\u00e9rtelmezett elm\u00e9letbe akaratlanul is belecsemp\u00e9sznek valami \u2014 sz\u00e1mukra is \u2014 titokzatosat, valami \u00e9rthetetlent. \u00c9s ez nem is lenne baj, hiszen a titok \u00e9pp\u00fagy elv\u00e1laszthatatlan velej\u00e1r\u00f3ja a m\u0171v\u00e9szetnek, mint a vall\u00e1snak vagy a tudom\u00e1nynak. Igen, igen a tudom\u00e1nynak is, hiszen err\u0151l sz\u00f3l a l\u00e9t\u00fcnk megmagyar\u00e1zhatatlans\u00e1ga, a vil\u00e1g\u0171r, saj\u00e1t keletkez\u00e9se k\u00e9rd\u00e9seivel, \u00e9s a l\u00e9lek a felfedezhetetlen m\u00e9lys\u00e9geivel. (Javaslom, tanulm\u00e1nyozd alaposan Jung \u00e9s Pauli ezzel kapcsolatban folytatott eszmecser\u00e9j\u00e9t; szerint\u00fck a pszich\u00e9 tudatos vil\u00e1g\u00e1nak perem\u00e9n is felderengett egy m\u00e1sik, \u00faj \u00e9s \u00e9ppen ez\u00e9rt ismeretlen, az atomfizika t\u00f6rv\u00e9nyeivel nagy hasonl\u00f3s\u00e1got mutat\u00f3 szab\u00e1lyszer\u0171s\u00e9g uralta vil\u00e1g\u2026 Megjegyzem, err\u0151l a bizonyos vil\u00e1gr\u00f3l bevallottan \u0151k maguk sem sokat tudtak\u2026)<\/p>\n\n\n\n<p>A gondot a tudom\u00e1nyos \u00e9s titokzatos vil\u00e1g kapcsolat\u00e1nak magyar\u00e1zat\u00e1ban azok gener\u00e1lj\u00e1k, akik minden\u00e1ron egy kalap al\u00e1 k\u00edv\u00e1nj\u00e1k hozni a kett\u0151t. M\u00e1rmint a tudom\u00e1nyosban \u2014 a tud\u00f3sok \u00e1ltal \u2014 nehezen megmagyar\u00e1zhat\u00f3t, a tudom\u00e1nytalanban \u2014 a k\u00f3klerek \u00e1ltal \u2014 k\u00f6nnyen elfogadhat\u00f3val.&nbsp;<\/p>\n\n\n\n<p>\u00c9s ekkor j\u00f6nn\u00e9k \u00e9n (vigy\u00e1zz, itt a felt\u00e9teles m\u00f3d visszacsatol\u00e1st \u00edg\u00e9r!), aki k\u00edm\u00e9letlen t\u00e1rgyilagoss\u00e1g\u00e1val \u00e9s szakmai felk\u00e9sz\u00fclts\u00e9g\u00e9vel les\u00fajtana a tudom\u00e1nytalan tanok hirdet\u0151ire! Mert azt elfogadom, hogy bizonyos szem\u00e9lyek \u2014 val\u00f3ban csak a p\u00e9lda kedv\u00e9\u00e9rt, \u00e9s mert mostan\u00e1ban ez a t\u00e9ma izgat legink\u00e1bb&nbsp; \u2014&nbsp; mondjuk, morfegenetikus mez\u0151kben, morfikus rezonanci\u00e1ban hisznek, amely elm\u00e9let a morfikus mez\u0151k t\u00e9rt\u0151l \u00e9s id\u0151t\u0151l f\u00fcggetlen t\u00e1volrahat\u00e1s\u00e1r\u00f3l sz\u00f3l, de mindezt \u00f6sszehozni, s\u0151t mi t\u00f6bb, magyar\u00e1zni a sz\u00e1zadik majom elm\u00e9lettel (miut\u00e1n majmok egy csoportja megtanult egy bizonyos viselked\u00e9st, m\u00e1s szigeten \u00e9l\u0151 majmok a kommunik\u00e1ci\u00f3 \u201enorm\u00e1lis\u201d m\u00f3dj\u00e1nak lehet\u0151s\u00e9ge n\u00e9lk\u00fcl egyszer csak szint\u00e9n tudt\u00e1k ugyanazt a viselked\u00e9st) esetleg az Einstein-Podolsky-Rosen k\u00eds\u00e9rlettel (egy szubtilis kapcsolat r\u00e9v\u00e9n b\u00e1rmi, ami a t\u00e1voll\u00e9v\u0151 elemi r\u00e9szecsk\u00e9kkel t\u00f6rt\u00e9nik, m\u00e1s r\u00e9szecsk\u00e9k alaki mez\u0151j\u00e9re is hat\u00e1ssal lehet), ez az\u00e9rt sok! A term\u00e9szettudom\u00e1nyos ismeretek effajta \u00f6nc\u00e9l\u00fa \u00f6sszemixel\u00e9s\u00e9nek k\u00e1ros volt\u00e1ra egy hosszabb essz\u00e9ben szerettem volna r\u00e1mutatni, ha\u2026 (\u00e9s itt k\u00f6sz\u00f6n vissza a felt\u00e9teles m\u00f3d!)<\/p>\n\n\n\n<p>\u2026ha, t\u00f6rt\u00e9netesen nem foglaltak volna le komolyabb gondok\u2026<\/p>\n\n\n\n<p>Ugyanis, ha eddig nem eml\u00edtettem volna, most mondom: mik\u00f6zben az \u00e9let nagy k\u00e9rd\u00e9seivel k\u00fcszk\u00f6dik, az \u00edr\u00f3 is ker\u00fclhet kiszolg\u00e1ltatott helyzetbe. Ezt a magyar (\u00e9s \u00e1ltal\u00e1ban a jobb sorsa \u00e9rdemes) \u00edr\u00f3kra jellemz\u0151 m\u00f3don \u00e9n sem hagyhattam ki. Nem mintha kerestem vagy k\u00edv\u00e1ntam volna, egyszer\u0171en arr\u00f3l van sz\u00f3, hogy a sors csak adott k\u00e9plet szerint dolgozik. A k\u00e9pletben pedig megv\u00e1ltoztathatatlan t\u00e9nyez\u0151k\u00e9nt szerepel egy \u00e1lland\u00f3, amely mindig a legnagyobb ellen\u00e1ll\u00e1st fejezi ki. Mondanom sem kell, a k\u00e9pletben szerepl\u0151, alkot\u00e1ssal kapcsolatos mutat\u00f3 \u00e9rt\u00e9ke \u00e9s m\u00e9rt\u00e9ke ford\u00edtottan ar\u00e1nyos a munkakedvemmel \u00e9s lehet\u0151s\u00e9geimmel.&nbsp;<\/p>\n\n\n\n<p>A k\u00e9plet egy m\u00e1sik alkot\u00f3ja az a j\u00f3l megalapozott kierkegaardi archaikus f\u00e9lelem, amelynek jogosults\u00e1g\u00e1t saj\u00e1t \u00e9letem k\u00f6nnyelm\u0171s\u00e9ge \u00e9s kil\u00e1t\u00e1stalans\u00e1ga adja.&nbsp;<\/p>\n\n\n\n<p>Mi\u00e9rt is sz\u00e9p\u00edtsem a dolgot, eddig az \u00e9letet a mesebeli t\u00fccs\u00f6k g\u0151g\u00f6s fens\u0151bbs\u00e9g\u00e9vel szeml\u00e9ltem, mintha \u2014 \u00edr\u00f3k\u00e9nt \u2014 s\u00e9rthetetlen lenn\u00e9k, s mintha tulajdonk\u00e9ppen nem sok k\u00f6z\u00f6m lenne hozz\u00e1, csak \u00e9ppen \u2014 elvitathatatlan jogot form\u00e1lva r\u00e1 \u2014 meg\u00e1lltam megszeml\u00e9lni, hogy s mint m\u0171k\u00f6dik\u2026, &nbsp; \u2026 pedig csak saj\u00e1t magam \u00e9s az \u00e9lethez val\u00f3 viszonyom meg\u00edt\u00e9l\u00e9s\u00e9ben voltam fel\u00fcletes \u00e9s k\u00f6nnyelm\u0171, \u2026 &nbsp;<\/p>\n\n\n\n<p>A telet k\u00f6zeledni \u00e9rezv\u00e9n azonban l\u00e1tom, hogy mindez\u00e9rt nagy \u00e1rat kell majd fizetnem.<\/p>\n\n\n\n<p>A k\u00e9pletben szerepl\u0151 sz\u00e1m\u00edt\u00e1sok ut\u00e1n teh\u00e1t egyre felismerhet\u0151bb\u00e9 v\u00e1lik, hogy nekem is a nagy el\u0151d\u00f6k sorsa jut, s ha a h\u00edrn\u00e9vvel nem is, a sors kegyetlens\u00e9g\u00e9vel szembe kell n\u00e9znem, s \u2014 esetleg \u2014 a hal\u00e1llal is.&nbsp;<\/p>\n\n\n\n<p>Mind\u00f6ssze ennyit tenn\u00e9k hozz\u00e1 \u2014 r\u00f6viden, minden magyar\u00e1zat n\u00e9lk\u00fcl \u2014 az \u00e1lnevemhez, a Jurikkhoz\u2026<\/p>\n\n\n\n<p>A nevem ut\u00e1n v\u00e9gre k\u00f6vetkezzen a t\u00f6rt\u00e9netem:<\/p>\n\n\n\n<p>Miut\u00e1n k\u00f6z\u00f6s lak\u00e1sunkb\u00f3l a feles\u00e9gemt\u0151l \u2014 itt most nem r\u00e9szletezett okok miatt \u2014 viharos gyorsas\u00e1ggal elk\u00f6lt\u00f6ztem, jobb h\u00edj\u00e1n, alb\u00e9rletekbe k\u00e9nyszer\u00fcltem, s ott szagoltam az el\u0151z\u0151 b\u00e9rl\u0151k szag\u00e1t.<\/p>\n\n\n\n<p>Am\u00edg munk\u00e1m akadt, nem okozott gondot a lak\u00e1s keres\u00e9se, s a b\u00e9rleti d\u00edj fizet\u00e9se, \u00e1m a gazdas\u00e1gi v\u00e1ls\u00e1g sz\u00f3 szerint az utc\u00e1ra juttatott. Munkan\u00e9lk\u00fcli lettem, \u00e9letem sor\u00e1n m\u00e1r nem is tudom h\u00e1nyadszor, s ism\u00e9t a huszonkettes egyszer\u0171 csapd\u00e1j\u00e1ba ker\u00fcltem: ha nincs munk\u00e1m, nincs keresetem, ha nincs p\u00e9nzem, nem kapok alb\u00e9rletet, ha nincs hol alkotnom, akkor nincs mit k\u00f6z\u00f6lni\u00fck a foly\u00f3iratoknak, s ez\u00e1ltal t\u0151l\u00fck sem kapok p\u00e9nzt. R\u00e1ad\u00e1sul sehol, egyetlen szabad hely sem akadt, amelyre \u00edr\u00f3t kerestek volna (pedig nem mintha olyan sokan lenn\u00e9nk errefel\u00e9!). Ez volt teh\u00e1t az alap\u00e1ll\u00e1s, s innen pontosan \u00fagy n\u00e9zett ki, mintha csak az agyonhallgat\u00e1sra \u00edt\u00e9lt \u00edr\u00f3k sor\u00e1t lettem volna hivatott n\u00f6velni.&nbsp;<\/p>\n\n\n\n<p>L\u00e1m, \u00fajabb lehet\u0151s\u00e9g az \u00e1ltudom\u00e1nyok kedvel\u0151inek. A vil\u00e1got \u00e9rint\u0151 v\u00e1ls\u00e1g olyan, mint egy kozmikus \u00e1tok: megmagyar\u00e1zhatatlan, kiv\u00e9dhetetlen, \u00e9s sokan m\u00e9gis hisznek benne\u2026, egyszer\u0171en, mert m\u0171k\u00f6dik.&nbsp;<\/p>\n\n\n\n<p>Mindazon\u00e1ltal \u2014 mi m\u00e1sr\u00f3l sz\u00f3lhatna az \u00edr\u00f3i hivat\u00e1studat \u2014 felfedeztem a helyzet \u201eirodalmi el\u0151nyeit\u201d is. Miut\u00e1n meg kellett tapasztalnom \u00e9letem v\u00e1ltoz\u00e1sait, ebb\u0151l kifoly\u00f3lag meg kellett tapasztalnom ismer\u0151seim sz\u00ednv\u00e1ltoz\u00e1s\u00e1t is. M\u00edg az voltam, Akinek Lak\u00e1sa Van \u2014 fel sem t\u0171nt nekem, mennyire felfuvalkodottak, p\u00f6khendiek \u00e9s p\u00e9nzs\u00f3v\u00e1rak tudnak lenni ismer\u0151seim, ha olyasvalakivel tal\u00e1lkoznak, Akinek Lak\u00e1sa Nincs, s net\u00e1n \u00e9ppen alb\u00e9rlet ir\u00e1nt \u00e9rdekl\u0151dik. &nbsp;<\/p>\n\n\n\n<p>\u2014 Nincs lak\u00e1sod? \u2014 k\u00e9rdezt\u00e9k olyan hangon, amelyb\u0151l kicsend\u00fclt az \u00f6nmagukkal val\u00f3 megel\u00e9gedetts\u00e9g\u00fck (hisz \u0151k el\u00e9rt\u00e9k, hogy legyen lak\u00e1suk \u00e9s ez sz\u00e1mukra mindenk\u00e9ppen megnyugtat\u00f3), ugyanakkor benne lappangott egy nehezen megmagyar\u00e1zhat\u00f3, \u00e1m \u00e9rz\u00e9kelhet\u0151 kaj\u00e1ns\u00e1g, amely mondjuk a Titanicr\u00f3l menek\u00fcl\u0151, m\u00e1r ment\u0151cs\u00f3nakban helyet foglal\u00f3kat jellemezte, mikor elk\u00e9pedve kimondt\u00e1k: \u2014 Nah\u00e1t, a t\u00f6bbiek sz\u00e1m\u00e1ra nincs ment\u0151cs\u00f3nak? \u2014 \u00e9s sietve eleveztek a helysz\u00ednr\u0151l, hogy az \u00f6rv\u00e9ny mag\u00e1val ne ragadja \u0151ket. A kaj\u00e1ns\u00e1g persze, nyilv\u00e1nval\u00f3an nem annak sz\u00f3lt, hogy a t\u00f6bbiek ott maradtak, hanem annak, hogy \u0151k nem\u2026<\/p>\n\n\n\n<p>Meg se pr\u00f3b\u00e1ld elk\u00e9pzelni bar\u00e1tom, hogy most hirtelen elvesz\u00edted a lak\u00e1sodat, \u00e9s k\u00f6lt\u00f6zn\u00f6d kell, egyszer\u0171en az\u00e9rt, mert lehetetlen! Ez \u00fagy van, mint a szent emberekkel; meg lehet pr\u00f3b\u00e1lni \u00e1t\u00e9lni, milyen lehet az \u00e9let\u00fck, de meg\u00e9lni lenne az igazi, viszont erre k\u00e9ptelenek vagyunk, hiszen, ugye, akkor mi is szentek lenn\u00e9nk\u2026<\/p>\n\n\n\n<p>Els\u0151k\u00e9nt term\u00e9szetesen a h\u00fagomhoz fordultam (a csal\u00e1d az m\u00e9giscsak csal\u00e1d, gondoltam), engedje m\u00e1r meg, hogy bizonyos \u2014 hangs\u00falyozottan \u00e1tmeneti \u2014 id\u0151re megh\u00faz\u00f3djak az \u00fcresen \u00e1ll\u00f3 csal\u00e1di h\u00e1zunkban. Ezt a h\u00e1zat nem sokkal any\u00e1m hal\u00e1la el\u0151tt, tudtom n\u00e9lk\u00fcl \u00edratta mag\u00e1ra, s any\u00e1m (mindenki sz\u00e1m\u00e1ra \u00e9rthetetlen\u00fcl) beleegyezett, igaz, azzal a felt\u00e9tellel, hogy a h\u00fagom majd kifizet nekem egy bizonyos \u00f6sszeget (tal\u00e1n \u0151 is a csal\u00e1dra gondolhatott). Miut\u00e1n ennek a kifizet\u00e9snek a f\u00e9nye egyel\u0151re csak a t\u00e1voli j\u00f6v\u0151t ragyogja be (olyan igaz\u00e1n t\u00e1volira gondolj!), \u00edgy arra k\u00e9rtem, p\u00e1r h\u00f3napig engedjen be k\u00f6z\u00f6s gyermekkorunk helysz\u00edn\u00e9re, m\u00edg nem tal\u00e1lok valami munk\u00e1t, s ha p\u00e9nzem lesz, akkor egy m\u00e1sik alb\u00e9rletet is szerzek. A valaha szeret\u0151 h\u00fagom jellembeli tulajdons\u00e1gai azonban a h\u00e1z birtok\u00e1ban nagyon gyorsan megv\u00e1ltoztak, \u00e9s a radik\u00e1lis megold\u00e1sok h\u00edvek\u00e9nt, abb\u00e9li meggy\u0151z\u0151d\u00e9s\u00e9nek hangot adva, hogy teher alatt n\u0151 a p\u00e1lma, olyannyira megs\u00e9rt\u0151d\u00f6tt a k\u00e9r\u00e9semen, hogy ezek ut\u00e1n, ha elsuhan\u00f3 aut\u00f3j\u00e1b\u00f3l megl\u00e1tott az utc\u00e1n, m\u00e9g a fej\u00e9t is elford\u00edtotta.&nbsp;<\/p>\n\n\n\n<p>\u00cdgy azt\u00e1n meg sem lep\u0151dtem, mikor lakhat\u00e1s, illetve alb\u00e9rlet \u00fcgy\u00e9ben (a kereszt\u00e9nyi szeretetr\u0151l sz\u00f3l\u00f3 filoz\u00f3fiai olvasm\u00e1ny\u00e9lm\u00e9nyeim megt\u00e9veszt\u0151 hat\u00e1s\u00e1ra) egy-k\u00e9t ismer\u0151s k\u00f6rny\u00e9kbeli paphoz fordulva seg\u00edts\u00e9g\u00e9rt, azt kellett tapasztalnom, hogy bizony a papok gyakorlatiass\u00e1ga (is) sokkal fejlettebb, mint az eny\u00e9m. Akadt olyan pap, aki h\u00e1romszor annyit k\u00e9rt, mint az az illet\u0151, akit\u0151l \u00e9pp dr\u00e1gas\u00e1ga miatt elk\u00f6lt\u00f6ztem, s volt, aki fel nem ismerve saj\u00e1t kereszt\u00e9nyi k\u00fcldet\u00e9s\u00e9t, anyja \u00fcresen \u00e1ll\u00f3 lak\u00e1s\u00e1nak kiad\u00e1s\u00e1t azzal a kifog\u00e1ssal utas\u00edtotta el, hogy: jelenleg nem aktu\u00e1lis.&nbsp;<\/p>\n\n\n\n<p>Ezeknek a papoknak a (szeretetr\u0151l, k\u00f6ny\u00f6r\u00fcletess\u00e9gr\u0151l \u00e9s embers\u00e9gr\u0151l hirdetett) pr\u00e9dik\u00e1ci\u00f3it nem volt szerencs\u00e9m hallani, de bizonyos vagyok benne, hogy ha annak a v\u00e9gtelen gyakorlatiass\u00e1gnak, amellyel \u00e9let\u00fcket szervezt\u00e9k, csak egy kicsiny r\u00e9sze \u00e1tsug\u00e1rzott a besz\u00e9deikbe, egyh\u00e1zuknak m\u00e1r nyert \u00fcgye van; r\u00e1c\u00e1folnak ugyanis arra a t\u00e9vhitre, hogy az \u00e9let \u00e9rtelme teljess\u00e9ggel hi\u00e1nyzik a papok pr\u00e9dik\u00e1ci\u00f3ib\u00f3l\u2026<\/p>\n\n\n\n<p>Az pedig k\u00fcl\u00f6n kis t\u00f6rt\u00e9netet \u00e9rdemel majd (nem k\u00f6zlend\u0151) alkot\u00e1saim k\u00f6z\u00f6tt, amely arr\u00f3l sz\u00f3l, hogy egy hossz\u00fa t\u00e1v\u00fa b\u00e9rlet \u00edg\u00e9ret\u00e9nek rem\u00e9ny\u00e9ben mik\u00e9pp festettem ki utols\u00f3 fill\u00e9reimb\u0151l egy \u201ej\u00f3indulat\u00fa\u201d ismer\u0151s\u00f6m lak\u00e1s\u00e1t, hogy azt\u00e1n csal\u00e1di okokra hivatkozva hirtelen meggondolja mag\u00e1t, \u00e9s finoman kiebrudaljon a h\u00e1z\u00e1b\u00f3l\u2026 Neh\u00e9z az \u00edr\u00f3k \u00e9lete, pajt\u00e1s! (K\u00fcl\u00f6n\u00f6sen azok\u00e9, Akiknek Lak\u00e1suk Nincs.)&nbsp;<\/p>\n\n\n\n<p>De nem \u00e9rdemes folytatni a sort, m\u00e9g olyb\u00e1 t\u0171nhetne, mintha panaszkodn\u00e9k, holott mindez\u00e9rt csak h\u00e1l\u00e1val tartozom a sorsnak, hiszen, ha nem ker\u00fcl\u00f6k ilyen helyzetbe, tal\u00e1n sohasem siker\u00fcl kell\u0151 hiteless\u00e9ggel leleplezni, felt\u00e1rni \u00e9s meg\u00edrni azoknak a l\u00e9nyeknek a lelki mozgat\u00f3r\u00fag\u00f3it, Akiknek Lak\u00e1suk Van. (Kukacok \u0151k az \u00e9let r\u00f3zsasz\u00edn h\u00fas\u00e1ban \u2014 valahogy \u00edgy sz\u00f3l majd \u00e1ltalam az \u00dar, a szeretetet hirdet\u0151, templomj\u00e1r\u00f3 kereszt\u00e9nyekr\u0151l k\u00e9sz\u00fcl\u0151, m\u00e9lyebb l\u00e9legzet\u0171 essz\u00e9mben. H\u00e1t igen, lehet, hogy m\u00e9g messze vagyok az al\u00e1zatt\u00f3l, de h\u00e1l Istennek a k\u00e9pmutat\u00e1st\u00f3l is\u2026)<\/p>\n\n\n\n<p>Azonban \u00edr\u00f3i (\u00e9rtsd: \u00e1tlagon fel\u00fcli) olvasotts\u00e1gom \u00e9s nem kis m\u00e9rt\u00e9kben a k\u00e9nyszer hat\u00e1s\u00e1ra is, elgondolkodtam az okokon. S v\u00e9g\u00fcl igazat kellett adnom mindenkinek! A helyzet\u00e9rt, amelybe ker\u00fcltem, csak \u00e9n vagyok felel\u0151s, mert ha idej\u00e9ben eltanulom a t\u00f6bbiek, m\u00e1rmint a k\u00f6rnyezetem technik\u00e1j\u00e1t (s b\u00e1rmily szer\u00e9ny vagyok is, l\u00e1ssuk be, egy ilyen \u00edr\u00f3i k\u00e9pess\u00e9gekkel rendelkez\u0151 egy\u00e9nnek megvoltak r\u00e1 az es\u00e9lyei), mindennek elej\u00e9t vehettem volna. Csakhogy nem j\u00f3 \u00faton j\u00e1rtam. Eleve rosszul k\u00f6zel\u00edtettem az alapk\u00e9rd\u00e9shez: a m\u00e1r eml\u00edtett morfikus mez\u0151k f\u00e9lrevezet\u0151 eszm\u00e9j\u00e9t k\u00f6vetve mindig \u00e9s minden \u00e1ron a dolgok legm\u00e9ly\u00e9re akartam hatolni, \u00e9s \u00edr\u00e1saimban is a t\u00f6rt\u00e9nelmi \u00e9s lelki m\u00e9lys\u00e9gek vonzottak. Azt\u00e1n csal\u00f3dva kellett r\u00e1d\u00f6bbennem, hogy \u201eodalenn\u201d minden ugyanolyan! Mind az \u00e1ltalam el\u00e9rhet\u0151 \u00e9s \u00e9rtelmezhet\u0151 t\u00f6rt\u00e9nelem feneketlen k\u00fatj\u00e1ban, mind a l\u00e9lek legm\u00e9ly\u00e9n, m\u00e1r csak megk\u00f6vesedett archet\u00edpusokat \u00e9s ki\u00e1br\u00e1nd\u00edt\u00f3an k\u00f6z\u00f6s lelki strukt\u00far\u00e1kat tal\u00e1ltam; semmit, ami az eny\u00e9m (\u00e9rtsd: eredeti) lehetne. Odalenn \u2014 azon a bizonyos \u00e1ltalam is keresett hat\u00e1ron t\u00fal \u2014, elt\u0171nik minden, amit civiliz\u00e1ltan hi\u00fa \u00e9nem szerzem\u00e9nyek\u00e9nt t\u00e1rhatn\u00e9k el\u00e9d. A l\u00e9lek m\u00e9lye \u00e9ppoly egyhang\u00fa, mint az emberi test, amelyet, ha az atomok, elemi r\u00e9szecsk\u00e9k ir\u00e1ny\u00e1b\u00f3l n\u00e9zed, azt kell tapasztalnod, hogy minden molekul\u00e1nk, sejt\u00fcnk megk\u00fcl\u00f6nb\u00f6ztethetetlenn\u00e9 tesz benn\u00fcnket, s\u0151t ha egy-k\u00e9t sz\u00edvet, m\u00e1jat vagy t\u00fcd\u0151t rakn\u00e1nak el\u00e9d, m\u00e9g azt is k\u00e9ptelen lenn\u00e9l megk\u00fcl\u00f6nb\u00f6ztetni.&nbsp;<\/p>\n\n\n\n<p>Az alkat, a nemzetis\u00e9g, a vall\u00e1s \u00e9s a focicsapat. Ezek igen, ezek jellemz\u0151ek. Ezek alapj\u00e1n \u00edt\u00e9lhetnek az emberek, s ezek miatt \u00e9rdemes egym\u00e1st szidni \u00e9s (nagyon helyesen) agyoncsapni\u2026 ha alacsony, esetleg dagi vagy, ha fradista vagy, ha \u201edac\u201d-os vagy, ha szlov\u00e1k esetleg magyar vagy, mind kit\u0171n\u0151 ok arra, hogy len\u00e9zz\u00fck, szidjuk egym\u00e1st. Ja, \u00e9s el ne felejts\u00fck a vagyont!<\/p>\n\n\n\n<p>Milyen aut\u00f3d van? Nincs? H\u00e1t ez bizony sokat el\u00e1rul r\u00f3lad. Lak\u00e1sod, h\u00e1zad sincs? Nnna, ez azt\u00e1n v\u00e9gleg meghat\u00e1rozza a helyedet. K\u00e9sz, punktum, nem kell itt lelkizni k\u00e9rem sz\u00e9pen!&nbsp; H\u00e1t persze, hogy az a fontos: Mit nek\u00fcnk bels\u0151 \u00e9rt\u00e9kek! Nincsenek bels\u0151 \u00e9rt\u00e9kek! Csak \u00e9rdekek. \u00c9s az, hogy milyen kapcsolataid vannak. &nbsp;<\/p>\n\n\n\n<p>Felsz\u00edness\u00e9g, bar\u00e1tom, felsz\u00edness\u00e9g a mi ir\u00e1nyt\u0171nk\u2026<\/p>\n\n\n\n<p>\u00cdrom mindezt, b\u00e1rmif\u00e9le harag net\u00e1n bossz\u00fav\u00e1gy n\u00e9lk\u00fcl\u2026&nbsp;<\/p>\n\n\n\n<p>Tiszt\u00e1ban vagyok azzal, hogy az \u00e1ltalam annyira \u00e1h\u00edtott al\u00e1zathoz csak fokozatosan juthatok el, s a lelki megtisztul\u00e1somnak azzal kell kezd\u0151dnie, hogy mindenkinek megbocs\u00e1tok: a nemt\u00f6r\u0151d\u00f6m bar\u00e1toknak, a m\u00e9g k\u00f6z\u00f6mb\u00f6sebb papoknak, akiknek a kereszt\u00e9nyi szeretet\u00e9t \u00e1t\u00edrta Isten er\u0151sebb \u2014 szem\u00e9lyemet minden\u00e1ron pr\u00f3b\u00e1ra tev\u0151 \u2014 sz\u00e1nd\u00e9ka, az engem agyonhallgat\u00f3 kritikusoknak, s\u0151t mi t\u00f6bb, m\u00e9g a h\u00fagomnak is\u2026 \u00e9s persze els\u0151sorban \u00f6nmagamnak.&nbsp;<\/p>\n\n\n\n<p>(Ebben nagy vagyok: az \u00f6nmagammal szembeni eln\u00e9z\u00e9s els\u0151rend\u0171s\u00e9get \u00e9lvez\u2026)<\/p>\n\n\n\n<p>Megbocs\u00e1t\u00e1si rohamomban megbocs\u00e1tottam a saj\u00e1t v\u00e9d\u0151angyalomnak is, aki \u2014 mik\u00f6zben \u00e9n itt \u00fcl\u00f6k nyakig a kakiban \u2014 valahol Goa Freakban (hippiparadicsom volt Indi\u00e1ban) \u00fcd\u00fcl. (Vannak ismeretek, amelyekre m\u00e1r nem is tudom hol s mik\u00e9nt tettem szert, de szeretn\u00e9m veled megosztani\u2026, \u2026szinte m\u00e1r szerzetesi szer\u00e9nys\u00e9gem miatt ezeket majd csak z\u00e1r\u00f3jelben jegyzem meg, mert \u00fagy tartom, b\u0171n lenne elhallgatni \u0151ket\u2026 )<\/p>\n\n\n\n<p>\u00c9s itt meg kell \u00e1llnom egy pillanatra. Amikor ugyanis az \u00edrom, hogy \u00c9N akarom veled megosztani a tud\u00e1somat, egy nagyon bonyolult k\u00e9rd\u00e9sk\u00f6rt \u00e9rintek. \u00c9n magam sem \u00e9rtem ugyanis, hogy saj\u00e1t \u2014 a bel\u00e1t\u00e1som szerint l\u00e9t\u00e9rz\u00e9sei pontos meghat\u00e1roz\u00e1s\u00e1ra is k\u00e9ptelen \u2014szem\u00e9lyis\u00e9gem, aki sz\u00e1mos helyen bevallotta \u00f6nmaga megalkot\u00e1s\u00e1ra val\u00f3 t\u00f6rekv\u00e9s\u00e9nek sikertelens\u00e9g\u00e9t, honnan veszi a b\u00e1tors\u00e1got, hogy a k\u00f6nyvekb\u0151l \u00e9s egy\u00e9b forr\u00e1sokb\u00f3l \u2014 olykor egym\u00e1st\u00f3l teljesen f\u00fcggetlennek t\u0171n\u0151 \u00e9s t\u00e1vol \u00e1ll\u00f3 ismeretekb\u0151l, b\u00f6lcsess\u00e9gekb\u0151l, tudom\u00e1nyos \u00e9s \u00e1ltudom\u00e1nyos n\u00e9zetekb\u0151l \u2014 alkot\u00e1snak nevezett rendszert hozzon l\u00e9tre.&nbsp;<\/p>\n\n\n\n<p>\u2014 \u00d6nc\u00e9l\u00fas\u00e1g! \u2014 v\u00e1ghatn\u00e1d r\u00e1, \u00e9s teljes joggal, hiszen \u00e9n magam is c\u00e9loztam erre az \u00edr\u00e1som elej\u00e9n.&nbsp;<\/p>\n\n\n\n<p>Csakhogy: kinek az \u00f6nc\u00e9l\u00fas\u00e1ga? Ha a gondolkod\u00e1st \u2014 Le Bon-i szempontb\u00f3l (Le Bonr\u00f3l majd tal\u00e1n k\u00e9s\u0151bb) \u2014 \u00fagy fogom fel, mint k\u00fcls\u0151 hat\u00e1sra \u00e1lland\u00f3an jelenl\u00e9v\u0151, inspir\u00e1l\u00f3, ir\u00e1ny\u00edt\u00f3 \u00e9s befoly\u00e1sol\u00f3 jelens\u00e9get, s\u0151t mi t\u00f6bb, lelki infekci\u00f3t, akkor felmer\u00fcl a k\u00e9rd\u00e9s: ki vagy mi az, ami infik\u00e1l?&nbsp;<\/p>\n\n\n\n<p>A gondolkod\u00e1st elv\u00e1laszthatatlan tulajdons\u00e1gomnak fogom fel, pontosabban olyan kreat\u00edv folyamatnak tartom, mely \u00faj teljess\u00e9gre t\u00f6rekedve \u00faj gondolatokat sz\u00fcl, s amelyek seg\u00edtik az alkot\u00e1st.&nbsp;<\/p>\n\n\n\n<p>Ugyanakkor, ha alapos akarok lenni, azt is l\u00e1tnom \u00e9s tapasztalnom kell, hogy a gondolkod\u00e1s hajthatatlan, akaratos \u00e9s&#8230; nos, igen: \u00f6nc\u00e9l\u00fa. Nem tudok egyetlen sort le\u00edrni, hogy ennek az \u00e1lland\u00f3an \u2014 m\u00e9g \u00e1lmomban is zakatol\u00f3, cseperg\u0151, sisterg\u0151 \u2014 zuhatagnak ne legyek kit\u00e9ve.&nbsp;<\/p>\n\n\n\n<p>Ak\u00e1r \u00e9beren besz\u00e9lgetek valakivel \u2014 s ilyenkor vissza kell fognom magam, nehogy engedjek a r\u00e1m z\u00fadul\u00f3 k\u00e9ptelen gondolatoknak, \u00e9s k\u00f6zbevet\u00e9seimmel le ne j\u00e1rassam magam \u2014, ak\u00e1r f\u00e9l\u00e1lomban szendergek \u2014 amikor korl\u00e1tlan hatalm\u00e1t fitogtatva k\u00fcl\u00f6n\u00f6s k\u00e9pzeteket vet\u00edt el\u00e9m\u2014, \u00e1lland\u00f3an \u00e9rzem a hatalmas, v\u00e9gtelennek t\u0171n\u0151 h\u00e1l\u00f3t, amely k\u00fcl\u00f6n\u00f6s rezg\u00e9s\u00e9vel k\u00e9pzett\u00e1rs\u00edt\u00e1sokat gerjeszt, amelyek m\u00e1r-m\u00e1r valamif\u00e9le alkot\u00e1s ill\u00fazi\u00f3j\u00e1t keltik bennem\u2026 mindamellett fogalmam sincs, alkot\u00e1s-e a k\u00e9pzelg\u00e9s, illetve annak r\u00f6gz\u00edt\u00e9se\u2026<\/p>\n\n\n\n<p>Besz\u00e9lget\u00e9s k\u00f6zben is \u2014 m\u00edg m\u00e1sok elgondolkodottnak, net\u00e1n b\u00e1rgy\u00fanak tartanak \u2014 arra figyelek, hogy a besz\u00e9lget\u00e9s \u00e1ltal kiprovok\u00e1lt gondolatot elmentsem\u2026 mintha az eny\u00e9m lenne, pedig csak k\u00f6zvetve, valakinek a megjegyz\u00e9se \u00e1ltal sz\u00fcletett meg bennem. M\u00e9gis, valami\u00e9rt az eny\u00e9mnek tartom&#8230;&nbsp;<\/p>\n\n\n\n<p>Olykor m\u00e1r eg\u00e9szen olyan abszurd k\u00f6vetkeztet\u00e9sekig jutok el, hogy: Nem is \u00e9n gondolkodom, hanem a gondolkod\u00e1s, mint felfoghatatlan h\u00e1l\u00f3, rezon\u00e1l\u00f3 mez\u0151 felhaszn\u00e1l engem, alkot, s az alkot\u00e1snak csak apr\u00f3 felt\u00e9tele, eszk\u00f6ze vagyok\u2026csak arra vagyok j\u00f3, hogy \u00e1ltalam nyilv\u00e1nuljon meg\u2026&nbsp; felmer\u00fcl a k\u00e9rd\u00e9s, net\u00e1n csak nem valamif\u00e9le morfogenetikus legel\u0151n b\u00f3kl\u00e1szok???<\/p>\n\n\n\n<p>De visszat\u00e9rek a v\u00e9d\u0151angyalomhoz, mert ugye t\u0151le ragadtalak magammal erre a kis kit\u00e9r\u0151re.<\/p>\n\n\n\n<p>Teh\u00e1t, a mandeusok szerint, akik ugyan m\u00e1r igaz\u00e1n kis sz\u00e1mban l\u00e9teznek a F\u00f6ld\u00f6n, az emberek v\u00e9d\u0151angyalai \u00e9vente egyszer szabads\u00e1got kapnak, amikor is elmennek, hogy gy\u00f6ny\u00f6rk\u00f6djenek a felkel\u0151 napban (gondolhatod, hogy kinek a t\u00e1rsas\u00e1g\u00e1ban\u2026). Az engemet \u00e9rt sok szerencs\u00e9tlens\u00e9get csak azzal tudom magyar\u00e1zni, hogy a v\u00e9d\u0151angyalom \u00e9pp akkor ment el felkel\u0151 napot n\u00e9zni, mikor a pechsorozatom elkezd\u0151d\u00f6tt. (Ha egy angyal otthagyja a hozz\u00e1 legk\u00f6zelebb \u00e1ll\u00f3t, mit v\u00e1rhatok a testv\u00e9remt\u0151l, mint hozz\u00e1m legk\u00f6zelebb \u00e1ll\u00f3 csal\u00e1dtagt\u00f3l? )&nbsp;<\/p>\n\n\n\n<p>Tudat\u00e1ban vagyok annak, hogy sz\u00e1modra esetleg az angyal-fogalom, nem \u00e9ppen tudom\u00e1nyos volta miatt, kil\u00f3g az eddigi fejteget\u00e9sekb\u0151l, de hidd el nekem, semmivel sem fel\u00fcletesebb hasonlat ez, mint b\u00e1rmely m\u00e1s, amellyel eben az \u00edr\u00e1sban tal\u00e1lkozhatsz, s a m\u00e9lys\u00e9g\u00e9t, ha eddig nem is, id\u0151vel, \u00e9szre fogod venni\u2026<\/p>\n\n\n\n<p>K\u00fcl\u00f6nben is a l\u00e9nyeg az, hogy megbocs\u00e1tottam.<\/p>\n\n\n\n<p>S mondom mindezt annak a traveni id\u00e9zetnek a j\u00f3l \u00e9rtelmezett tudat\u00e1ban, hogy:\u201eAz ember nem zuhanhat olyan m\u00e9lyre, hogy ne zuhanhatna m\u00e9g m\u00e9lyebbre is, nem t\u0171rhet olyan elviselhetetlent, hogy ne tudna elviselni m\u00e9g s\u00falyosabbat is.\u201d<\/p>\n\n\n\n<p>Ez az \u00edr\u00f3i hangulatsorvad\u00e1s kiss\u00e9 f\u00e9lrevezet\u0151 lehet, s esetleg \u00fagy v\u00e9lheted, holmi tendenci\u00f3zuss\u00e1g \u00e1ldozata lettem, esetleg a szerkeszt\u00e9s depresszi\u00f3s alapelvei uralkodtak el rajtam, mi\u00e1ltal sorsom halmoz\u00f3d\u00f3 balszerencs\u00e9it fokoz\u00f3d\u00f3 temp\u00f3ban el\u0151adva valamif\u00e9le el\u0151re kisz\u00e1m\u00edthat\u00f3 trag\u00e9di\u00e1ba k\u00edv\u00e1nlak vezetni&#8230;&nbsp; T\u00e9ny, hogy ezen a ponton a t\u00f6rt\u00e9netem legval\u00f3sz\u00edn\u0171s\u00edthet\u0151bb kifejlet\u00e9nek az \u00f6ngyilkoss\u00e1g t\u0171nik, de h\u00e1t nem \u00e9n tervezek, \u00e9s nem \u00e9n v\u00e9gzek\u2026<\/p>\n\n\n\n<p>Mert soha nem \u00e9n tal\u00e1lok r\u00e1 az alkalomra, mindig az alkalom tal\u00e1l r\u00e1m!&nbsp;<\/p>\n\n\n\n<p>Val\u00f3sz\u00edn\u0171leg a v\u00e9d\u0151angyalom j\u00f6hetett vissza a szabads\u00e1g\u00e1r\u00f3l \u2014 a morfogenetikusok \u00e9rveivel val\u00f3 hadakoz\u00e1somban \u00e9s felk\u00e9sz\u00fcl\u00e9semben, valamint kil\u00e1t\u00e1stalannak t\u0171n\u0151 helyzetemen val\u00f3 medit\u00e1l\u00e1som k\u00f6vetkezt\u00e9ben m\u00e1r \u00e9pp a zavarodotts\u00e1g hat\u00e1r\u00e1n tartottam \u2014, amikor \u00e1tmenetileg munk\u00e1t \u00e9s lak\u00e1st tal\u00e1ltam.&nbsp;<\/p>\n\n\n\n<p>Ez \u00e9pp arra volt j\u00f3, hogy abbahagyjam Seneca \u00edr\u00e1sainak alaposabb tanulm\u00e1nyoz\u00e1s\u00e1t\u2026 (k\u00fcl\u00f6n\u00f6sen azokat, amelyek egy meleg v\u00edzzel teleengedett k\u00e1dban, borotv\u00e1val v\u00e9gezhet\u0151 tev\u00e9kenys\u00e9ggel kapcsolatosak\u2026)&nbsp;<\/p>\n\n\n\n<p>***<\/p>\n\n\n\n<p>A Stadion utcai azil-h\u00e1zat az idegen szem tal\u00e1n \u00e9szre sem veszi, annyira beolvad az apr\u00f3, egyszintes sorh\u00e1zak sz\u00fcrkes\u00e9g\u00e9be. A v\u00e1ros polg\u00e1rai k\u00f6z\u00fcl is ink\u00e1bb csak az utcabeliek tudj\u00e1k, kik a lak\u00f3i: hajl\u00e9ktalan, rokkant, kisemmizett, vakv\u00e1g\u00e1nyra jut(-at-)ott emberek mened\u00e9ke a megye \u00e1ltal fenntartott h\u00e1z.&nbsp;<\/p>\n\n\n\n<p>M\u00e1r nem tudni mi\u00e9rt \u00e9pp az azil n\u00e9v ragadt r\u00e1, \u00e9s maradt is meg a k\u00f6ztudatban.&nbsp;<\/p>\n\n\n\n<p>A valaha \u00f3vodak\u00e9nt szolg\u00e1l\u00f3 \u00e9p\u00fcletet a megye olyan hajl\u00e9ktalanok sz\u00e1m\u00e1ra vette meg, akik naponta, alkalmi munk\u00e1kb\u00f3l \u00f6ssze tudt\u00e1k szedni a sz\u00e1ll\u00e1sra val\u00f3 p\u00e9nzt. K\u00e9s\u0151bb, a sok veszeked\u00e9s \u00e9s vereked\u00e9s miatt, ezeket az elemeket kik\u00f6lt\u00f6ztett\u00e9k, \u00e9s olyan rokkantakat, mozg\u00e1ss\u00e9r\u00fclteket vagy egy\u00e9b nyugd\u00edjasokat hoztak ide, akik \u00e1llami nyugd\u00edjat kaptak, \u00e9s eg\u00e9sz napos t\u00f6r\u0151d\u00e9st ig\u00e9nyeltek.&nbsp; \u00cdgy, az \u00faj lak\u00f3k \u00e1llami t\u00e1mogat\u00e1sukb\u00f3l fizetik a sz\u00e1ll\u00e1s k\u00f6lts\u00e9geit, valamint a saj\u00e1t \u00e9tkeztet\u00e9s\u00fcket.<\/p>\n\n\n\n<p>A t\u00f6rt\u00e9netem idej\u00e9n n\u00e9gy lak\u00f3ja van az azilnak (mert a n\u00e9v, az rajta maradt) \u2026&nbsp;<\/p>\n\n\n\n<p>Ketten tol\u00f3sz\u00e9kben \u00fclnek, a harmadik k\u00e9t mank\u00f3val j\u00e1r, s a negyedik pszichi\u00e1triai kezel\u00e9sr\u0151l ker\u00fclt ide. A nev\u00fcket \u2014 pontosan meg nem hat\u00e1rozhat\u00f3 kifejez\u0151s\u00e9g\u00fck miatt \u2014 sz\u00e1nd\u00e9kosan nem v\u00e1ltoztatom meg.&nbsp;<\/p>\n\n\n\n<p>Mesz\u00edknek, az \u00e1csnak t\u00e9rdt\u0151l amput\u00e1lt\u00e1k az egyik l\u00e1b\u00e1t. Mikor az orvos elcsod\u00e1lkozott azon, hogy Mesz\u00edk a m\u0171t\u00e9t el\u0151tt vid\u00e1man sz\u00f3rakozik a n\u0151v\u00e9rk\u00e9vel, azt felelte, mi\u00e9rt szomorkodjak, elvesznek egy l\u00e1bat, de kapok helyette kett\u0151t. Ezzel a mank\u00f3kra c\u00e9lzott. Sz\u00edvesebben k\u00f6zlekedik a tol\u00f3sz\u00e9ken, mert egy\u00e9bk\u00e9nt lusta is. \u00dagy vettem \u00e9szre, Mesz\u00edk a megtestes\u00fclt \u00f6nz\u00e9s. Csak saj\u00e1t \u00e9rdek\u00e9t n\u00e9zi, visszafogotts\u00e1g\u00e1nak is egyetlen oka van a megmarad\u00e1s. Csak a bor \u00e9s a cigi \u00e9rdekli, no meg a t\u00e9v\u00e9 (ebben a sorrendben). Er\u0151szak miatt \u00fclt a b\u00f6rt\u00f6nben\u2026tal\u00e1n ez\u00e9rt is cinikus..<\/p>\n\n\n\n<p>Gics a m\u00e1sik \u201eralis\u201d, teh\u00e1t tol\u00f3sz\u00e9kes. A mag\u00e1t ruszinnak vall\u00f3 alacsony cig\u00e1ny, hossz\u00fa \u00e9veket t\u00f6lt\u00f6tt a b\u00f6rt\u00f6nben, hol az\u00e9rt, mert egy kirakatba bedobva egy \u00e9letre nyomor\u00e9kk\u00e1 tette az any\u00f3s\u00e1t, hol az\u00e9rt, mert kirabolt egy templomot, \u00e9s a megyesz\u00e9khelyen papi ruh\u00e1ban eladta az aranyozott kelyheket, hol meg az\u00e9rt, mert nem fizetett a fi\u00e1ra. V\u00e9g\u00fcl a sors agyv\u00e9rz\u00e9ssel pr\u00f3b\u00e1lta meg\u00e1ll\u00edtani \u0151t, de t\u00fal\u00e9lte. Csak az egyik l\u00e1ba sorvadt el, az is ink\u00e1bb az orvosok hanyags\u00e1ga miatt. Legal\u00e1bbis \u0151 erre esk\u00fcszik.&nbsp;<\/p>\n\n\n\n<p>\u0150k ketten a folyos\u00f3 h\u00e1ts\u00f3, nagyobbik szob\u00e1j\u00e1ban vannak.<\/p>\n\n\n\n<p>Drugda, a hegyi p\u00e1sztor a harmadik lak\u00f3, neki mindk\u00e9t l\u00e1bfej\u00e9t amput\u00e1lt\u00e1k, \u00edgy csak mank\u00f3kkal tud k\u00f6zlekedni. Tal\u00e1n az \u0151stulok a legtal\u00e1l\u00f3bb hasonlat r\u00e1. Eg\u00e9sz nap egykedv\u0171en \u00fcld\u00f6g\u00e9l, a bej\u00e1rati ajt\u00f3 mell\u00e9 kitett feket\u00e9re festett fasz\u00e9ken, csak n\u00e9ha \u00e1ll fel, \u00e9s engedve munkakedv\u00e9nek (mert az \u00e1lland\u00f3 tev\u00e9kenys\u00e9g ir\u00e1nti v\u00e1gy az benne van), \u00fcgyesen egyik mank\u00f3j\u00e1ra t\u00e1maszkodva \u00e9s egyens\u00falyozva, a m\u00e1sik mank\u00f3j\u00e1val addig piszk\u00e1lja a bej\u00e1rat el\u00e9 ki\u00fcltetett vir\u00e1gok k\u00f6z\u00f6tti dudv\u00e1t, m\u00edg az \u00e1gyas tiszta nem lesz. Ezzel szinte maxim\u00e1lisan ki is haszn\u00e1lja \u00e9rtelmi k\u00e9pess\u00e9geit. Ritk\u00e1n n\u00e9z a szemembe\u2026 pillant\u00e1sa \u00fcres, de sz\u00e1momra olyan \u0171rt jelent, amelyt\u0151l n\u00e9ha megsz\u00e9d\u00fcl\u00f6k\u2026 \u00fagy \u00e9rzem, k\u00e9pes elnyelni minden energi\u00e1mat. \u0150 a legh\u0171bb hajnalv\u00e1r\u00f3&#8230; arra panaszkodik, hogy lak\u00f3t\u00e1rsa, Kulifaj (a negyedik lak\u00f3) t\u00fal hangosan horkol, ilyenkor hangosan ord\u00edt, hogy Kulifajt ki kell tenni a kuty\u00e1hoz, mert oda val\u00f3, azt\u00e1n kimegy a bej\u00e1rati \u00fcvegajt\u00f3hoz, le\u00fcl \u00e9s sodor mag\u00e1nak egy cigit, hogy megnyugodjon\u2026&nbsp; &nbsp;<\/p>\n\n\n\n<p>Szerintem, ha Kulifaj nem horkolna, Drugda akkor is ott \u00fclne az ajt\u00f3ban: teszi, de nem tudja mi\u00e9rt, legfeljebb olykor-olykor megindokolja\u2026 jelen esetben Kulifajjal\u2026<\/p>\n\n\n\n<p>Kulifaj, a negyedik lak\u00f3nk \u2014 mint kital\u00e1lhattad, Drugd\u00e1val a kisebb szob\u00e1ban vannak \u2014, \u0151 k\u00f6lt\u00f6z\u00f6tt be az azilba utols\u00f3k\u00e9nt. Egy \u00e9szakon fekv\u0151 pszichi\u00e1tri\u00e1r\u00f3l ker\u00fclt ide (jobb keze az agyv\u00e9rz\u00e9s k\u00f6vetkezt\u00e9ben leb\u00e9nult, valamint az egyik l\u00e1b\u00e1t is nehezen h\u00fazza), \u00e9s a nap huszonn\u00e9gy \u00f3r\u00e1j\u00e1b\u00f3l cirka tizennyolcat sim\u00e1n \u00e1talszik. Lehet, hogy a gy\u00f3gyszerek miatt. Nincs vele baj, hacsak a m\u00e1r eml\u00edtett \u00e9jjeli horkol\u00e1sa nem, amely Drugd\u00e1t hajnalonk\u00e9nt rendszeresen hangos k\u00e1romkod\u00e1sra ingerli. De ezt is megszoktuk. Hajnali h\u00e1rom \u00e9s n\u00e9gy k\u00f6z\u00f6tt. Ilyenkor van az, hogy Drugda, miut\u00e1n lehordja mindennek, mank\u00f3ira t\u00e1maszkodva kibandukol a folyos\u00f3ra, eg\u00e9szen az \u00fcvegajt\u00f3hoz, le\u00fcl a fekete fasz\u00e9kre, sodor egy cigit,\u2026<\/p>\n\n\n\n<p>F\u00fcggetlen\u00fcl att\u00f3l, hogy baleset\u00fck id\u0151pontj\u00e1ig melyik\u00fck mennyit dolgozott az \u00e9letben, a sors \u00fagy hozta, hogy ezent\u00fal egyetlen k\u00fcldet\u00e9s\u00fck legyen az \u00e9letben: kihaszn\u00e1lni az \u00e1llam adta t\u00e1mogat\u00e1sokat \u00e9s ell\u00e9zengeni a napjaikat. Nem tudom pontosan, mennyibe ker\u00fclnek az \u00e1llamh\u00e1ztart\u00e1snak, nekem hasznom van bel\u0151l\u00fck: dolgozhatok. Az Azil nekem is mened\u00e9k\u2026<\/p>\n\n\n\n<p>A szem\u00e9lyzetet n\u00e9gy, egym\u00e1st tizenk\u00e9t \u00f3r\u00e1nk\u00e9nt \u00e1lland\u00f3an v\u00e1lt\u00f3 port\u00e1s alkotja, valamint egy fiatal f\u0151n\u00f6k, akit ritk\u00e1n l\u00e1tunk. Elint\u00e9zi a pap\u00edrmunk\u00e1t, \u00e9s jelenl\u00e9t\u00e9vel nem terheli az \u00e9ppen szolg\u00e1latban l\u00e9v\u0151t.&nbsp;<\/p>\n\n\n\n<p>Az egyik port\u00e1s lettem \u00e9n. Feladatom a lak\u00f3k fel\u00fcgyelete. Miut\u00e1n n\u00e9melyik\u00fck b\u00f6rt\u00f6nviselt \u00e9s alkoholista, vigy\u00e1zni kell, be ne r\u00fagjanak, el ne verj\u00e9k a p\u00e1r sz\u00e1z eur\u00f3s nyugd\u00edjukat, valamint, hogy rendszeresen szedj\u00e9k az orvos \u00e1ltal el\u0151\u00edrt gy\u00f3gyszereket. (Ezek \u00e1ltal\u00e1ban nyugtat\u00f3k, vagy az amput\u00e1lt csonkok v\u00e9rell\u00e1t\u00e1s\u00e1t, v\u00e9rkering\u00e9s\u00e9t seg\u00edt\u0151 \u00e9rt\u00e1g\u00edt\u00f3k.)<\/p>\n\n\n\n<p>A tizenk\u00e9t \u00f3r\u00e1s munkaid\u0151 alatt, amit egy k\u00fcl\u00f6n berendezett, t\u00e9v\u00e9vel, \u00e1ggyal, mikrohull\u00e1m\u00fa s\u00fct\u0151vel \u00e9s v\u00edzforral\u00f3val ell\u00e1tott helyis\u00e9gben t\u00f6lt\u00f6k, azt tehetek, amit akarok, legt\u00f6bbsz\u00f6r t\u00e9v\u00e9zek vagy \u00edrok. Ez a j\u00f3 oldala a dolognak\u2026 meg az, hogy ezzel a tev\u00e9kenys\u00e9ggel, ha nem is sokat, de keresek\u2026 (a lakb\u00e9rt ki tudom fizetni!)<\/p>\n\n\n\n<p>A koll\u00e9g\u00e1kkal ritk\u00e1n tal\u00e1lkozom, csup\u00e1n a szolg\u00e1lat \u00e1tad\u00e1sakor v\u00e1ltunk p\u00e1r sz\u00f3t arr\u00f3l, hogy melyik lak\u00f3nak volt l\u00e1za, mennyit ittak aznap (m\u00e1rmint a megengedett boradagb\u00f3l) \u00e9s van-e el\u00e9g cigij\u00fck. Meg persze, hogy h\u00e9tv\u00e9g\u00e9re meglegyen a kaj\u00e1juk. Ez \u00e1ltal\u00e1ban a p\u00e9nteki szolg\u00e1latos dolga. Nem messze az azilt\u00f3l tal\u00e1lhat\u00f3 egy kis\u00fczlet, abban szinte mindent megkaptunk, kiv\u00e9ve h\u00fas\u00e1rut. Ezeket a f\u0151n\u00f6k vagy a helyettese v\u00e1s\u00e1rolja meg, valamelyik nagy\u00e1ruh\u00e1zban.&nbsp;<\/p>\n\n\n\n<p>A munka \u2014 a l\u00e1tszatra nyugalmas kin\u00e9zete ellen\u00e9re \u2014 \u00e1lland\u00f3 k\u00fczdelem. Az igazi gondot az alkoholf\u00fcgg\u0151k jelentik, mert b\u00e1r a vezet\u00e9s hallgat\u00f3lagos beleegyez\u00e9s\u00e9vel naponta megihatnak egy \u00fcveg Jol\u00e1nk\u00e1t (az olcs\u00f3 almabort bec\u00e9zik \u00edgy), nekik azonban mindig t\u00f6bbre van sz\u00fcks\u00e9g\u00fck, \u00e9s ilyenkor vagy t\u00f6bb adag\u00e9rt alkudoznak, vagy feket\u00e9n megpr\u00f3b\u00e1lnak becsemp\u00e9szni egy-egy \u00fcveget.&nbsp;<\/p>\n\n\n\n<p>A napi boradag\u00e9rt val\u00f3 \u00e1lland\u00f3 k\u00f6ny\u00f6rg\u00e9s, rosszabb esetben fenyeget\u0151z\u00e9s, jobban kif\u00e1rasztja az embert, mint gondoltam volna. Akkor sem lehetn\u00e9nek hat\u00e1sosabbak, ha \u00f6sszebesz\u00e9ln\u00e9nek (az \u00f6sszebesz\u00e9l\u00e9s egy kicsit t\u00falz\u00e1s, ezalatt nem is azt \u00e9rtem, hogy haditan\u00e1csot tartanak, hanem a k\u00f6z\u00f6s \u00e9rdek, az alkohol \u2014 pontosabban annak hi\u00e1nya \u2014, r\u00f6gt\u00f6nz\u00e9sre k\u00e9szteti \u0151ket, \u00e9s ett\u0151l n\u00e9ha \u00fagy n\u00e9z ki, mintha koordin\u00e1lt lenne a tev\u00e9kenys\u00e9g\u00fck). Ilyenkor t\u00edzpercenk\u00e9nt kopogtatnak az ajt\u00f3n holmi semmis\u00e9gek\u00e9rt \u2014 p\u00e9ld\u00e1ul egyenk\u00e9nt jelentkeztek cigi\u00e9rt (ezt is beosztjuk nekik, k\u00fcl\u00f6nben p\u00e1r nap alatt elsz\u00edvn\u00e1k a havi adagjukat, \u00e9s akkor igaz\u00e1n neh\u00e9z lenne kib\u00edrni vel\u00fck), majd a t\u00e9v\u00e9t kell \u00e1tkapcsolni m\u00e1s-m\u00e1s csatorn\u00e1ra (a kis eb\u00e9dl\u0151ben saj\u00e1t t\u00e9v\u00e9t n\u00e9zhetnek), majd persze az\u00e9rt, hogy t\u00f6ltsek m\u00e1r v\u00e9gre, mert ebben a rohadt nagy sz\u00e1razs\u00e1gban meg lehet \u0151r\u00fclni.<\/p>\n\n\n\n<p>Ez nekem se j\u00f3, mert \u00edgy nem tudok nyugodtan, megfontoltan az essz\u00e9mmel foglalkozni.&nbsp;<\/p>\n\n\n\n<p>A koll\u00e9g\u00e1im \u00fagy pr\u00f3b\u00e1lj\u00e1k megoldani a probl\u00e9m\u00e1t, hogy vizezik a bort, mert \u00edgy t\u00f6bbsz\u00f6r tudnak nekik t\u00f6lteni, \u00e9s lak\u00f3kban azt az ill\u00fazi\u00f3t keltik, hogy t\u00f6bbet isznak a megengedettn\u00e9l. \u00c9n viszont \u00fagy d\u00f6nt\u00f6ttem, hogy nem fosztom meg \u0151ket a bor \u00edz\u00e9t\u0151l. Ak\u00e1rmilyen olcs\u00f3, pancsolt bort vesz\u00fcnk is nekik, legal\u00e1bb bor \u00edze legyen! Nem visz r\u00e1 a l\u00e9lek, hogy vizezzem, \u00e9s a fi\u00fak \u00e9rt\u00e9kelik is ezt. Ha \u00e9n t\u00f6lt\u00f6k, j\u00f3\u00edz\u0171en csettintenek a nyelv\u00fckkel, ez igen \u2014 ez van az arcukra \u00edrva \u2014, \u00e9s a pillant\u00e1sukban is benne van az elismer\u00e9s\u2026 a szar borokb\u00f3l ilyen zamatosat ritk\u00e1n iszunk! (Nem mondom, r\u00e9szemr\u0151l van benne egy kis \u00f6nz\u00e9s, hiszen ha er\u0151sebb a bor, hamarabb elsz\u00e9d\u00fclnek, \u00e9s eb\u00e9d ut\u00e1n led\u0151lnek egy kicsit aludni\u2026&nbsp; \u00edgy \u00e9n legal\u00e1bb m\u00e1r d\u00e9lut\u00e1n nyugodtan tudok \u00edrni.)&nbsp;<\/p>\n\n\n\n<p>Az \u00e9jszak\u00e1k nyugodtabbak, nincs iv\u00e1szat, \u00edgy \u00e9jjel nem is k\u00f6vetel\u0151znek, \u00e1m ilyenkor viszont j\u00e1rnak, mint a bes\u00f3zottak. Nappal ugyanis, ha valamelyik \u00fcgyeletes nem b\u00edrja c\u00e9rn\u00e1val \u00e9s t\u00f6bbet ad nekik inni (\u00fagy l\u00e1tszik, van ilyen!), ki\u00fctik magukat, \u00e9s lefekszenek, hogy kialudj\u00e1k magukat. Igen \u00e1m, de emiatt eg\u00e9sz \u00e9jjel nem tudnak aludni, \u00e9s ilyenkor slajferoznak.&nbsp; Az azil hossz\u00e1ban halad\u00f3 L alak\u00fa folyos\u00f3nak az L r\u00f6videbb sz\u00e1ra v\u00e9g\u00e9n \u00e1ll\u00f3, egyenesen keletre n\u00e9z\u0151, \u00fcveg bej\u00e1rati ajtaj\u00e1hoz h\u00faznak \u2014 ott szabad cigizni, a szob\u00e1n nem \u2014, \u00e9s \u00e9jjelente t\u00f6bbsz\u00f6r, valamint kora hajnalban m\u00e1r ott \u00fclnek a tol\u00f3sz\u00e9k\u00fckben, kez\u00fckben a ny\u00e1las cigi \u00e9s v\u00e1rj\u00e1k a felkel\u0151 napot.&nbsp;<\/p>\n\n\n\n<p>Tal\u00e1n Jungt\u00f3l olvastam valahol, hogy az Elgon cs\u00facs\u00e1n \u00e9l\u0151 bennsz\u00fcl\u00f6ttek minden reggel\u00fcket azzal kezdik, hogy a tenyer\u00fckbe lehelnek vagy k\u00f6pnek, \u00e9s a nap fel\u00e9 tartj\u00e1k, v\u00e1rva, hogy az felsz\u00edvja, felsz\u00e1r\u00edtsa azt. A ny\u00e1lat a l\u00e9lek megtestes\u00fcl\u00e9s\u00e9nek tartj\u00e1k, s ilyform\u00e1n a lelk\u00fcket aj\u00e1nlj\u00e1k Mungunak, a felkel\u0151 napnak. \u00c1ll\u00edt\u00f3lag nem \u00e9rtik mi\u00e9rt teszik ezt, a szok\u00e1s eredete r\u00e9g feled\u00e9sbe mer\u00fclt, ha egy\u00e1ltal\u00e1n b\u00e1rki is tudat\u00e1ban volt e szok\u00e1s \u00e9rtelm\u00e9nek \u00e9s jelent\u0151s\u00e9g\u00e9nek. &nbsp;<\/p>\n\n\n\n<p>\u00c9rdekes! Teszik, de nem tudj\u00e1k mi\u00e9rt&#8230; olyanok, mint Drugda\u2026 vagy mint a morfogenetikus rezonancia elm\u00e9let\u00e9nek k\u00e9pvisel\u0151i\u2026<\/p>\n\n\n\n<p>Persze a dolog nem ilyen egyszer\u0171, mert amikor megk\u00e9rdezt\u00e9k t\u0151l\u00fck, hogy ezek szerint a nap Mungu-e, kinevett\u00e9k az ostoba feh\u00e9r embereket, hiszen hogyan is lehetne a nap Mungu? Nem! A nap csak a felkel\u00e9s pillanat\u00e1ban Mungu! K\u00e9pzeld el! Nekik, akinek mit sem sz\u00e1m\u00edt az id\u0151, felfedezik \u00e9s isten\u00edtik a pillanatot! S\u0151t a pillanatnyi v\u00e1ltoz\u00e1st!<\/p>\n\n\n\n<p>Ezzel kapcsolatban eszembe jut egy k\u00e9ptelennek t\u0171n\u0151 hasonlat: Mintha \u0151k fedezt\u00e9k volna fel \u2014 vagy legal\u00e1bbis r\u00e1\u00e9reztek volna \u2014 az elektron egyik p\u00e1ly\u00e1r\u00f3l a m\u00e1sikra t\u00f6rt\u00e9n\u0151 \u201e\u00e1tugr\u00e1s\u00e1nak\u201d gondolat\u00e1t. Van valami, amir\u0151l tudj\u00e1k, hogy van, m\u00e9g ha nem is l\u00e1tj\u00e1k, majd felt\u0171nik a l\u00e1that\u00e1ron, ekkor ugye \u0151 a Mungu, majd egy szempillant\u00e1s alatt Napp\u00e1 v\u00e1ltozik, teh\u00e1t a \u201ep\u00e1ly\u00e1j\u00e1n marad\u201d, de m\u00e1r nem Mungu, hanem valami m\u00e1s\u2026<\/p>\n\n\n\n<p>Az\u00e9rt Heisenbergnek megs\u00faghatt\u00e1k volna, hogy ez a mungu&#8230; (szerinte ugyanis az elektron \u00fagy ugr\u00e1l az atommag k\u00f6r\u00fcli egyik p\u00e1ly\u00e1j\u00e1r\u00f3l a m\u00e1sikra, hogy az egyik pillanatban m\u00e9g az egyiken van, majd hirtelen, teljesen megmagyar\u00e1zhatatlanul, a m\u00e1sikon, de k\u00f6zben \u2014 legal\u00e1bbis a fizikusok szerint \u2014 sehol???)&nbsp;<\/p>\n\n\n\n<p>L\u00e1m, bizonyos n\u00e9gerek m\u00e1r \u0151sid\u0151kt\u0151l fogva tudj\u00e1k, hogy ez a mungu jelens\u00e9g.&nbsp;<\/p>\n\n\n\n<p>\u0150k legal\u00e1bb tudnak valamit. \u00c9n m\u00e9g a lak\u00f3imat sem ismerem igaz\u00e1n. Persze igyekszem&#8230; fokozatosan\u2026&nbsp;<\/p>\n\n\n\n<p>Alaposs\u00e1gnak \u00e1lc\u00e1zott lass\u00fas\u00e1gom abb\u00f3l ered, hogy meglehet\u0151sen rossz emberismer\u0151 vagyok \u2014 ez ritka tulajdons\u00e1g egy \u00edr\u00f3n\u00e1l! \u2014, \u00edgy nagyon \u00f3vatosan fogadok el \u00e9s kezelek minden inform\u00e1ci\u00f3t. B\u00e1r tiszt\u00e1ban vagyok vele, hogy ebben a k\u00f6zegben is meg kell fizetnem minden tapasztalat\u00e9rt.&nbsp;<\/p>\n\n\n\n<p>A bevezet\u0151, azil-h\u00e1zi tapasztalatom p\u00e9ld\u00e1ul a farkast\u00f6rv\u00e9nyt id\u00e9zte sz\u00e1momra; csak saj\u00e1t \u00e9rdek l\u00e9tezik! &nbsp;<\/p>\n\n\n\n<p>A bel\u00e9p\u00e9sem ut\u00e1ni els\u0151 napok valamelyik\u00e9n t\u00f6rt\u00e9nt, hogy Gicset \u00e9s Drugd\u00e1t j\u00f3indulat\u00faan kiengedtem a h\u00e1ts\u00f3 udvar \u00e1rnyas f\u00e1i al\u00e1. T\u00f6lt\u00f6ttem is nekik \u2014 a megengedett mennyis\u00e9get \u2014 \u00e9s \u00f6r\u00fcltem, hogy nincs vel\u00fck bajom. Majd indultam, hogy \u00e1ttanulm\u00e1nyozzam a leg\u00fajabban beszerzett inf\u00f3kat Sheldrake elm\u00e9let\u00e9r\u0151l (mindenf\u00e9le zavaros gondolatok egy l\u00e1thatatlan m\u00e1trixr\u00f3l, amely \u00e9rtelm\u00e9ben a morfogenetikus mez\u0151k k\u00e9pesek id\u0151n \u00e9s t\u00e9ren \u00e1tterjedve hatni m\u00e1s esem\u00e9nyekre).<\/p>\n\n\n\n<p>Est\u00e9re k\u00e9t tekintetben is okosabb lettem. Sokkal t\u00f6bbet tudtam a sz\u00e1zadik majom elm\u00e9letr\u0151l, valamint megtapasztalhattam, mik\u00e9nt n\u00e9z ki Drugda \u00e9s Gics, ha ber\u00fagnak. A k\u00e9t l\u00f3k\u00f6t\u0151, kihaszn\u00e1lva j\u00f3indulatomat \u00e9s figyelmetlens\u00e9gemet, k\u00e9t \u00fcveg (nem vizezett) bort dobatott \u00e1t a szomsz\u00e9db\u00f3l, \u00e9s est\u00e9re j\u00f3l ber\u00fagott. A v\u00e1lt\u00e1s persze kiakadt \u2014 Most mit csin\u00e1ljak vel\u00fck? \u2014 k\u00e9rdezte, l\u00e1that\u00f3an idegesen. Bizony, kellemetlen volt magyar\u00e1zkodnom. Be is \u00edrta szolg\u00e1lati k\u00f6nyv\u00fcnkbe, csupa nagybet\u0171vel, hogy Drugda \u00e9s Gics az \u00e9n szolg\u00e1latomban ber\u00fagott. Ennek nem \u00f6r\u00fcltem, pontosabban ennek sem. Meg annak sem, hogy \u00e9n is elvesz\u00edtettem a fejem \u00e9s kiab\u00e1lni kezdtem Drugd\u00e1ra. Gics ugyanis, maga is lehordta Drugd\u00e1t, mintha csak az tehetne arr\u00f3l, hogy mindketten ber\u00fagtak, majd hirtelen elt\u0171nt. \u00cdgy Drugda maradt ott egyed\u00fcl, s jobb h\u00edj\u00e1n vele veszekedtem, de h\u00e1t mit lehet mondani egy r\u00e9szegnek? Pontosabban mondani lehet, de mit v\u00e1rhat az ember egy r\u00e9szegt\u0151l? Semmit. \u00c9s mit kezdjek egy csonkolt l\u00e1b\u00fa szerencs\u00e9tlen\u00fcl j\u00e1rt emberrel? Ett\u0151l a felismer\u00e9st\u0151l hamar magamhoz t\u00e9rtem, s\u0151t mi t\u00f6bb, valami h\u00e1laf\u00e9l\u00e9t is \u00e9reztem, hogy \u00e9pp itt, ebben a helyzetben \u00e9lhettem \u00e1t valamit, aminek \u2014 ha csak \u00e9rint\u0151legesen is, de \u2014 katartikus hat\u00e1sa volt. Ekkor fogadtam meg, hogy soha t\u00f6bbet nem fogok vel\u00fck kiab\u00e1lni. Az er\u0151szakkal hal\u00e1lra \u00edt\u00e9ln\u00e9m a kapcsolatunkat. Ha meg tudtam bocs\u00e1tani olyanoknak, akik sokkal t\u00f6bbet, nagyobbat v\u00e9tettek ellenem, s\u0151t, ha az \u00edr\u00e1saimban is els\u0151dlegesnek tartom, hogy t\u00fall\u00e9pjek mindenf\u00e9le s\u00e9rtetts\u00e9gen, akkor \u0151ket is el kell fogadnom olyannak, amilyenek, s vel\u00fck szemben is meg kell tennem ezt a gesztust.&nbsp;<\/p>\n\n\n\n<p>A koll\u00e9g\u00e1mat ugyan elneveztem Madagaszk\u00e1r T\u00f6rp\u00e9j\u00e9nek, de ez sem bossz\u00fab\u00f3l tettem, puszt\u00e1n a szerkeszt\u00e9si elveim k\u00f6vetkezetes betart\u00e1s\u00e1nak igyekeztem eleget tenni. (Eml\u00e9kszel? A Jorikke \u00e9s Madagaszk\u00e1r Cs\u00e1sz\u00e1rn\u0151je! \u00c9rtelmet kell adni a Jurikk n\u00e9vnek!)&nbsp;<\/p>\n\n\n\n<p>Az\u00f3ta teh\u00e1t udvarias vagyok vel\u00fck. V\u00e9gtelen\u00fcl udvariasan \u201el\u00e9ptem r\u00e1\u201d a fi\u00fak boradagj\u00e1ra, \u00e9s \u0151k veszik a lapot, mert tudj\u00e1k, hogy \u2014 ak\u00e1r b\u00f6rt\u00f6n, ak\u00e1r azil \u2014 minden \u00e1tver\u00e9snek \u00e1ra van. Minden\u00e9rt fizetni kell. Paradox, de valamif\u00e9le igazs\u00e1g\u00e9rzet m\u00e9giscsak munk\u00e1lkodik benn\u00fck. Ez term\u00e9szetes velej\u00e1r\u00f3ja az \u00e9let\u00fcknek. Mint amikor Gicset a b\u00f6rt\u00f6nben egy rabt\u00e1rs\u00e1val egy\u00fctt kihallgat\u00e1sra vitt\u00e9k, \u00e9s a t\u00e1rs besz\u00f3lt neki, hogy sz\u00f6k\u00e9s! \u0150 nem gondolkozott, elg\u00e1ncsolta a k\u00eds\u00e9r\u0151t, a m\u00e1sik fejbe verte, \u00e9s fut\u00e1s! A p\u00e1r napos orsz\u00e1gos hajsza ut\u00e1n az \u0151r\u00f6k \u00fagy megvert\u00e9k, hogy majdnem minden fog\u00e1t ki\u00fct\u00f6tt\u00e9k, de azt is az \u00e9let term\u00e9szetes velej\u00e1r\u00f3j\u00e1nak tartotta\u2026&nbsp; Neki az a sorsa hogy rosszat tegyen, \u00e9s itt-ott sz\u00f6kj\u00f6n, a smasszereknek meg, hogy mindez\u00e9rt \u2014&nbsp; szint\u00e9n itt-ott \u2014 megverj\u00e9k \u0151t\u2026 (Diogen\u00e9sz Laertiosz Z\u00e9n\u00f3n adom\u00e1j\u00e1nak parafr\u00e1zisak\u00e9nt.)<\/p>\n\n\n\n<p>Val\u00f3j\u00e1ban ekkor j\u00f6ttem r\u00e1, hogy sokkal er\u0151sebb poz\u00edci\u00f3ban vagyok, mint eleinte hittem, hiszen kezemben a bor \u00e9s a cigi, amiket akkor, \u00e9s olyan mennyis\u00e9gben adok oda nekik, amikor j\u00f3nak l\u00e1tom. \u00c9s semmit sem tehetnek ellenem; legfeljebb szidnak, morognak, de teljess\u00e9ggel tehetetlenek.<\/p>\n\n\n\n<p>Miut\u00e1n ezzel a lehet\u0151s\u00e9ggel nem sz\u00e1nd\u00e9koztam vissza\u00e9lni, besz\u00e9lget\u00e9seket kezdem\u00e9nyeztem vel\u00fck \u2014 persze k\u00fcl\u00f6n-k\u00fcl\u00f6n, \u00e9s csak felsz\u00ednesen! \u2014, melyek igazi c\u00e9lja az lett volna, hogy \u00e9rt\u00e9s\u00fckre adjam, mik\u00e9nt \u00e9rtelmezem \u00e9n az er\u0151viszonyokat. Ezek a besz\u00e9lget\u00e9sek \u2014 b\u00e1rmennyire felsz\u00ednesnek sz\u00e1ntam \u0151ket \u2014 k\u00edv\u00e1natlanul is azt eredm\u00e9nyezt\u00e9k, hogy ezt-azt \u00e9n is el\u00e1rultam magamr\u00f3l, \u00e1m sz\u00e1momra fontosabbnak t\u0171nt az, amit r\u00f3luk tudtam meg.&nbsp;<\/p>\n\n\n\n<p>\u00c9s \u00e9rdekes hasonl\u00f3s\u00e1gokra figyeltem fel.&nbsp;<\/p>\n\n\n\n<p>Gicsr\u0151l els\u0151 perct\u0151l fogva ler\u00edtt, hogy csak szond\u00e1z engem, csak az\u00e9rt besz\u00e9lget, hogy besz\u00e9ltessen, s a megtudottak ismeret\u00e9ben kidolgozza a velem szembeni strat\u00e9gi\u00e1j\u00e1t.&nbsp; Mindazt, amit elmondott nekem, sz\u00e1mtalanszor elmondta m\u00e1r, a rutinos mes\u00e9l\u00e9st ink\u00e1bb arra haszn\u00e1lta ki, hogy k\u00f6zben a hangomat, a reakci\u00f3imat, a gyeng\u00e9imet figyelje meg. Ekkor mes\u00e9lte el, mik\u00e9nt dobta any\u00f3s\u00e1t a kirakatba, amit\u0151l az egy \u00e9letre nyomor\u00e9k lett, \u00e9s hogy mik\u00e9nt gy\u00fajtotta fel a csal\u00e1di h\u00e1zat, mert kitagadt\u00e1k az \u00f6r\u00f6ks\u00e9gb\u0151l. \u2014 Teljesen le\u00e9gett? \u2014 k\u00e9rdem. \u2014 Porig! \u2014 mondja csillog\u00f3 szemekkel. Mik\u00f6zben \u00e9let\u00e9r\u0151l mes\u00e9lt \u2014 kirabolta az egyik kisv\u00e1ros templom\u00e1t, majd mag\u00e1ra \u00f6ltve a papi ruh\u00e1t a megyesz\u00e9khelyen eladta az aranyozott kelyheket \u2014 \u00fagy \u00e9reztem, lehet valami a morfogenetika elm\u00e9let\u00e9ben. Ha l\u00e9tezik id\u0151n t\u00fall\u00e9p\u0151 tud\u00e1s, akkor l\u00e9teznie kell valami m\u00e1snak is, ami esetleg a tud\u00e1s ellent\u00e9te! Ennek a felfoghatatlan (jobb h\u00edj\u00e1n nevezem) rossznak a megtestes\u00edt\u0151je Gics.&nbsp; \u0150 nem a v\u00e1ls\u00e1g, nem a jelen kor sz\u00fcl\u00f6tte. Gics az \u00f6r\u00f6kt\u0151l fogva m\u0171k\u00f6d\u0151 negat\u00edvum\u2026 John Donne alm\u00e1j\u00e1nak v\u00e9gtelen lelke, az alm\u00e1b\u00f3l fakad\u00f3 b\u0171n \u00e1lland\u00f3an jelen l\u00e9v\u0151 k\u00e9pvisel\u0151je \u00e9s \u00e1ldozata egyben. (Seg\u00edts\u00e9g\u00fcl: John Donne: The progress of the Soul) Nem \u00e1tgondolva rossz, \u00e9s nem is k\u00e9telkedik a tetteiben; \u0151 ilyesmikr\u0151l egy\u00e1ltal\u00e1n nem gondolkodik\u2026 Csak cselekszik.<\/p>\n\n\n\n<p>Mesz\u00edk nagyv\u00e1rosi fi\u00fanak tartja mag\u00e1t, m\u00e1r az els\u0151 napok \u00f3ta magabiztosan tegezni kezdett, \u00e9s ez\u00e9rt \u00e9n is \u00f3vatosabban kezeltem. Nem akartam, hogy azt higgye, ez\u00e1ltal m\u00e1r k\u00f6zel ker\u00fclt hozz\u00e1m. A tegez\u00e9st \u2014 nyilv\u00e1n \u2014 kedvesked\u00e9snek sz\u00e1nta, de vil\u00e1gos, hogy csak az\u00e9rt, mert k\u00f6nnyebben akar (t\u00f6bb) borhoz jutni. (Ki\u00e1br\u00e1nd\u00edt\u00f3 volt a felismer\u00e9s, hogy csak az\u00e9rt lehet vel\u00fck besz\u00e9lgetni, hogy borhoz jussanak. Minden tett\u00fcket csak az alkohol motiv\u00e1lja.) Tov\u00e1bbra is k\u00f6vetkezetesen mag\u00e1zom, \u00e9s a r\u00f3la sz\u00f3l\u00f3 inf\u00f3kat ink\u00e1bb m\u00e1s forr\u00e1sokb\u00f3l mer\u00edtem. \u0150 az\u00e9rt ker\u00fclt b\u00f6rt\u00f6nbe, mert beh\u00fazott a f\u0151n\u00f6k\u00e9nek. Term\u00e9szetesen jogosan, mert nem kapta meg a fizet\u00e9s\u00e9\u00e9t vagy valami hasonl\u00f3, de az\u00e9rt m\u00e9giscsak \u0151 ker\u00fclt a b\u00f6rt\u00f6nbe.&nbsp;<\/p>\n\n\n\n<p>Drugd\u00e1val legfeljebb az id\u0151r\u0151l tudunk kimer\u00edt\u0151, p\u00e1r perces besz\u00e9lget\u00e9st folytatni, mikor is meg\u00e1llap\u00edtjuk, hogy esik, illetve s\u00fct a nap, mib\u0151l kifoly\u00f3lag h\u0171v\u00f6s, esetleg meleg van. \u00c9s ezt k\u00e9pesek vagyunk napj\u00e1ban t\u00f6bbsz\u00f6r is megtenni\u2026 valah\u00e1nyszor szok\u00e1sos k\u00f6rutamon elmegyek mellette.&nbsp;<\/p>\n\n\n\n<p>Kulifaj szem\u00e9lyi akt\u00e1iba bepillantva pedig azt l\u00e1ttam, hogy ideg\u00f6sszeroppan\u00e1s\u00e1nak egyik oka sz\u00fclei elveszt\u00e9se volt.&nbsp;<\/p>\n\n\n\n<p>K\u00fcl\u00f6n-k\u00fcl\u00f6n kiragadva azokat az elemeket, amelyek \u00f6sszek\u00f6thetnek benn\u00fcnket, \u00e9rdekes m\u00e1trix rajzol\u00f3dik ki el\u0151ttem. Gics sors\u00e1val a csal\u00e1di h\u00e1zb\u00f3l val\u00f3 kitagad\u00e1sunk k\u00f6t \u00f6ssze, csakhogy \u00e9n nem jutottam el a tettig, \u00e9s nem gy\u00fajtottam fel a h\u00e1zunkat. Mesz\u00edk igazs\u00e1g\u00e9rzete, amely abban nyilv\u00e1nult meg, hogy a jogtalans\u00e1g miatt beh\u00fazott a f\u0151n\u00f6k\u00e9nek, szint\u00e9n csak a jogtalans\u00e1g t\u00e9ny\u00e9ig k\u00f6z\u00f6s, sohasem tudtam volna r\u00e1sz\u00e1nni magam, hogy er\u0151szakkal toroljam meg a rajtam esett igazs\u00e1gtalans\u00e1gokat. (Pedig \u2014 mik\u00e9nt m\u00e1ssal \u2014, velem is t\u00f6rt\u00e9nt egy p\u00e1r, de h\u00e1t: \u201eHa egy \u00fari l\u00f3csisz\u00e1rral \/Tal\u00e1lkoztam s bevert s\u00e1rral: \/ Nem p\u00f6r\u00f6ltem\u2014 \/ F\u00e9lre\u00e1lltam, let\u00f6r\u00f6ltem.\u201d) Sz\u00fcleim elveszt\u00e9s\u00e9n sem idegszanat\u00f3riumban tettem t\u00fal magam, mint Kulifaj, sz\u00f3val mindaz, ami m\u00faltunkban k\u00f6z\u00f6s, kev\u00e9sb\u00e9 impon\u00e1l\u00f3 m\u00f3don oldottam meg. \u00c9s mivel a megold\u00e1sok \u201elehets\u00e9ges soksz\u00edn\u0171s\u00e9ge\u201d meglehet\u0151sen korl\u00e1toltnak t\u0171nik, keser\u0171en \u00e1llap\u00edtom meg: az \u00e9let megmosolyogni val\u00f3an egyszer\u0171! (Csoda, ha olyan szimb\u00f3lumokkal pr\u00f3b\u00e1llak sz\u00f3rakoztatni, amelyek t\u00faln\u0151nek saj\u00e1t magukon, \u00e9s t\u00f6bbletjelent\u00e9s\u00fckkel egy kis szellemi kalandra cs\u00e1b\u00edtanak?)&nbsp;<\/p>\n\n\n\n<p>M\u00e1s.<\/p>\n\n\n\n<p>Mi sem bizony\u00edtja jobban sz\u00e1momra a t\u00e1rsadalom \u00e9retts\u00e9g\u00e9t, mint az, hogy b\u00e1rmilyen munkahelyre ker\u00fcl\u00f6k, els\u0151 dolgom iskol\u00e1z\u00e1son r\u00e9szt venni. Lett l\u00e9gyen sz\u00f3 biztos\u00edt\u00e1sr\u00f3l vagy gy\u00e1ri munk\u00e1r\u00f3l, bizonyos volt, hogy a szakma fort\u00e9lyait el kellett saj\u00e1t\u00edtanom.&nbsp;<\/p>\n\n\n\n<p>Az azilb\u00f3l is nagyon gyorsan elk\u00fcldtek egy gyorstalpal\u00f3ra, mondv\u00e1n, fogyat\u00e9kos emberekr\u0151l l\u00e9v\u00e9n sz\u00f3, az alapokat el kell saj\u00e1t\u00edtani. Az alapok alatt a szoci\u00e1lis munk\u00e1r\u00f3l szerzett ismereteim tov\u00e1bbi b\u0151v\u00edt\u00e9s\u00e9t kell \u00e9rteni. Ennek kimondottan \u00f6r\u00fcltem, mivel eddigi tanulm\u00e1nyaimb\u00f3l a szoci\u00e1lis munka volt az, ami val\u00f3ban hi\u00e1nyzott. Az iskol\u00e1z\u00e1s gondolat\u00e1nak (\u00e9s k\u00f6telez\u0151 volt\u00e1nak) felvet\u00e9se ut\u00e1n val\u00f3ban fel kellett tennem \u00f6nmagamnak a k\u00e9rd\u00e9st: \u2014 Vajon \u00e9let ez, Jurikk? \u00c9s r\u00e1 kellett d\u00f6bbennem, hogy: nem. Nem lehet teljes az \u00e9letem mimik\u00e1r\u00f3l, haptik\u00e1r\u00f3l, proxemik\u00e1r\u00f3l \u00e9s paralingvisztik\u00e1r\u00f3l szerzett tud\u00e1s n\u00e9lk\u00fcl!&nbsp;<\/p>\n\n\n\n<p>\u00cdgy azt\u00e1n nem is akad\u00e9koskodtam. Ha tanulni kell (\u00e9s ha ez a felt\u00e9tele az itt marad\u00e1somnak!), \u00e9n \u00e1llok el\u00e9je, sz\u00edvesen b\u0151v\u00edtem az anyagot; egyetlen \u00edr\u00f3nak sem \u00e1rt, ha valami \u00fajat tanul.<\/p>\n\n\n\n<p>A k\u00f6z\u00e9pkor\u00fa, a szoci\u00e1lis munka ir\u00e1nt szinte m\u00e1r \u00e1h\u00edtattal hat\u00e1ros elhivatotts\u00e1g\u00fa h\u00f6lgy nagyon kedvesen vezetett be minket (tizenketted magammal \u00fcltem a teremben) az \u201ealapokba\u201d, \u00e9s csak mellesleg jegyezte meg, hogy az oktat\u00e1s\u00e9rt term\u00e9szetesen fizetni kell, \u00e9s nem is kis \u00f6sszeget. Cser\u00e9be persze hivatalos okm\u00e1nyt kapunk arr\u00f3l, hogy a kurzust elv\u00e9gezt\u00fck. M\u00e9g egy iciri-piciri apr\u00f3s\u00e1gr\u00f3l is sz\u00f3t kell ejtenie, a k\u00e9t h\u00f3nap v\u00e9g\u00e9n vizsgamunk\u00e1t kell leadnunk, amelynek t\u00e9m\u00e1ja: mik\u00e9nt vonjuk be valamilyen hasznos tev\u00e9kenys\u00e9gbe agy adott lak\u00f3nkat. (A c\u00edm persze sokkal hivatalosabban hangzik majd, X.Y. szoci\u00e1lis rehabilit\u00e1ci\u00f3ja vagy valami hasonl\u00f3.) Aki nem dolgozza ki, az nem kap \u201epap\u00edrt\u201d. Sz\u00f3val, van itt mit tanulni! J\u00f3l ki van ez tal\u00e1lva.&nbsp;<\/p>\n\n\n\n<p>Nem ken\u0151p\u00e9nzt vesznek el t\u0151led, m\u00e1rmint az \u00faj alkalmazottakt\u00f3l, hanem megfizettetik veled az \u201eoktat\u00e1s k\u00f6lts\u00e9geit\u201d. Ami persze nem ugyanaz\u2026&nbsp; L\u00e1m, l\u00e1m,\u2026<\/p>\n\n\n\n<p>J\u00f3l tudod, nem volt m\u00e1s v\u00e1laszt\u00e1som, a munk\u00e1ra sz\u00fcks\u00e9gem van, \u00edgy nekil\u00e1ttam, hogy min\u00e9l t\u00f6bbet megtudjak a szoci\u00e1lis munk\u00e1r\u00f3l, \u00e1llami \u00e9s mag\u00e1nint\u00e9zm\u00e9nyek jogk\u00f6r\u00e9r\u0151l, csoportokr\u00f3l, ter\u00e1pi\u00e1r\u00f3l. Az itt szerzett ismeretek hat\u00e1s\u00e1ra nyilv\u00e1n m\u00e1s szemmel tekintek majd a szem\u00e9lyis\u00e9g \u00e9s a kor olyan jellemz\u0151 t\u00fcneteire, mint az elmag\u00e1nyosod\u00e1s, \u00f6regs\u00e9g, csal\u00e1don bel\u00fcli er\u0151szak, hajl\u00e9ktalanok, valamint az \u00f6ngyilkoss\u00e1g, \u00e9s hasonl\u00f3k; csupa olyasmi, ami a avatatlanokat szemmel l\u00e1that\u00f3an hidegen hagyja.&nbsp;<\/p>\n\n\n\n<p>\u00c9n egy\u00e9bk\u00e9nt alapb\u00f3l hajland\u00f3 vagyok mindent megtanulni, mert soha nem tudom, az alkot\u00e1s folyam\u00e1n mire lesz majd sz\u00fcks\u00e9gem. Amikor a Mungur\u00f3l olvastam, fogalmam sem volt m\u00e9g az azilr\u00f3l, \u00e9s Gicsr\u0151l meg Drugd\u00e1r\u00f3l, de l\u00e1m elj\u00f6tt az id\u0151, amikor valami sz\u00e1momra felfoghatatlan, k\u00e9nyszer\u00edt\u0151 er\u0151 hat\u00e1s\u00e1ra az \u00e1ltalam \u00f6sszegy\u0171jt\u00f6tt, l\u00e1tsz\u00f3lag teljesen k\u00fcl\u00f6n\u00e1ll\u00f3 fogalmakat \u00e9s szimb\u00f3lumokat \u00fajszer\u0171 eg\u00e9sz\u00e9 pr\u00f3b\u00e1lom form\u00e1lni. Lehet, hogy az oktat\u00e1son tanultakat egyszer, egy m\u00e1sik \u00edr\u00e1somban haszn\u00e1lom majd fel\u2026<\/p>\n\n\n\n<p>Az els\u0151 dolog, amir\u0151l az iskol\u00e1z\u00e1son meggy\u0151z\u0151dhettem, hogy a szoci\u00e1lis munk\u00e1t a teljes rem\u00e9nytelens\u00e9g \u00e9s kil\u00e1t\u00e1stalans\u00e1g jellemzi. Mindenki \u2014 az el\u0151ad\u00f3t\u00f3l kezdve a hallgat\u00f3kig, s\u0151t meg nem k\u00e9rdez\u00e9s\u00fck n\u00e9lk\u00fcl az \u00e9rintettek, teh\u00e1t a lak\u00f3k is \u2014, tiszt\u00e1ban van vele, hogy az erre a c\u00e9lra sz\u00e1nt p\u00e9nz, ablakon kidobott p\u00e9nz, s a r\u00e1juk sz\u00e1nt munk\u00e1nak \u2014 valamif\u00e9le foglalkoztatotts\u00e1got kital\u00e1lni, esetleg dolgoztatni, \u00f6n\u00e1ll\u00f3 keny\u00e9rkereseti lehet\u0151s\u00e9g \u00fcgy\u00e9ben l\u00e9p\u00e9sekre k\u00e9nyszer\u00edteni \u0151ket \u2014 , m\u00e9rhetetlen\u00fcl&nbsp; kicsi a hat\u00e1sfoka.&nbsp;<\/p>\n\n\n\n<p>Ha csak a mi azilunkban lak\u00f3 alkoholist\u00e1kat veszem alapul, akkor is be kell l\u00e1tni, hogy ezek a gyorstalpal\u00f3k sem emberileg (mondjuk \u00f6nk\u00e9ntes alapon), sem szakmailag nem k\u00e9sz\u00edtenek fel arra, hogy egy alkoholist\u00e1t leszoktassak az iv\u00e1sr\u00f3l\u2026 hiszen \u00e9n csak egy port\u00e1s vagyok!&nbsp;<\/p>\n\n\n\n<p>Mindazon\u00e1ltal mindenki \u00fagy tesz, mintha \u00e9rtelmet lehetne adni ennek a l\u00e1tszatra \u00e9rtelmetlen munk\u00e1nak, s\u0151t mi t\u00f6bb, mintha hinni lehetne abban, amiben senki (m\u00e9g az \u00e9rintett c\u00e9lszem\u00e9ly) sem hisz. Az oktat\u00f3nk volt az \u00e9l\u0151 p\u00e9ld\u00e1ja annak, hogy mik\u00e9nt lehet a hitr\u0151l \u00fagy besz\u00e9lni \u00e9s azt defini\u00e1lni, hogy egy l\u00e9p\u00e9ssel sem ker\u00fclj\u00fcnk k\u00f6zelebb a hit mibenl\u00e9t\u00e9hez! (Hi\u00e1ba, ez az \u00e1tkozott m\u0171velts\u00e9gem! A hitr\u0151l sz\u00f3l\u00f3 meg\u00e1llap\u00edt\u00e1sommal m\u00e1r megint becsemp\u00e9sztem egy tudom\u00e1nyos, pontosabban matematikai fogalmat, amelynek a filoz\u00f3fi\u00e1ja, \u2014 ha szabad ilyet mondani egy matematikai t\u00e9telr\u0151l \u2014, ugyanaz, mint a G\u00f6del t\u00e9tel\u00e9. Gondolom, ezzel csak tov\u00e1bb fokoztam fejedben az \u00edr\u00e1som okozta k\u00e1oszt\u2026)<\/p>\n\n\n\n<p>T\u00e9ny, hogy akadnak kiv\u00e9telek, s\u0151t az oktat\u00f3nk (saj\u00e1t k\u00f6lts\u00e9g\u00fcnk\u00f6n) el is vitt benn\u00fcnket egy olyan int\u00e9zetbe, ahol mindez m\u0171k\u00f6dik, ami azt jelenti, hogy reszket\u0151 fej\u0171, r\u00e1ngat\u00f3z\u00f3 kez\u0171 emberek, arcukon f\u00f6ld\u00f6nt\u00fali mosollyal, pr\u00e9selt falemezekre t\u00e1jk\u00e9peket festegetnek, m\u0171anyag kupakokb\u00f3l Mona Lisa-k\u00e9peket raknak ki \u00e9s hasonl\u00f3k, de be kell vallanom, nem \u00e9reztem a siker felszabad\u00edt\u00f3, kacag\u00e1sra ingerl\u0151 \u00e9rz\u00e9s\u00e9t.&nbsp;<\/p>\n\n\n\n<p>Arra gondoltam, mit mondana erre otthon Mesz\u00edk vagy Gics.&nbsp;<\/p>\n\n\n\n<p>De nem sz\u00f3ltam egy sz\u00f3t sem.&nbsp;<\/p>\n\n\n\n<p>Els\u0151 elk\u00e9pzel\u00e9sem az volt, hogy a vizsgamunka alany\u00e1ul \u00e9s t\u00e1rgy\u00e1ul Kulifajt v\u00e1lasztom. A t\u00f6bbiek alkoholist\u00e1k, \u00e9s ezen a p\u00e1ly\u00e1n gyakorlatilag mozd\u00edthatatlanok. \u0150 ker\u00fclt ide legk\u00e9s\u0151bb, tal\u00e1n m\u00e9g lehet vele valamit kezdeni. Igaz, hogy \u00e1llad\u00f3an alszik, \u00e9s ha \u00e9bren van, akkor meg csak enne, de mi van, ha \u00fagy tekint\u00fcnk erre az \u00e9hs\u00e9gre, mint valami szimb\u00f3lumra? Hiszen tudjuk, hogy minden szimb\u00f3lum t\u00f6bbet takar, mint a fogalom \u00f6nmaga! Mi van, ha \u0151 val\u00f3j\u00e1ban m\u0171vel\u0151d\u00e9sre, valami \u00e9rtelmes tev\u00e9kenys\u00e9gre \u00e9hes, csak \u00edgy kompenz\u00e1lja? Mi van, ha emberundor\u00e1t, visszafogotts\u00e1g\u00e1t \u00e9s visszavonults\u00e1g\u00e1t \u00e9pp a t\u00f6bbiek f\u00f6ldh\u00f6zragadts\u00e1ga \u00e9s k\u00f6z\u00f6ns\u00e9gess\u00e9ge v\u00e1ltja ki?&nbsp;<\/p>\n\n\n\n<p>Lehet, hogy valamilyen csendes tev\u00e9kenys\u00e9gre r\u00e1 is tudn\u00e1m venni? Mi lenne, ha meg\u00edratn\u00e1m vele az itt szerzett \u00e9lm\u00e9nyeit? Tal\u00e1n k\u00f6zelebb ker\u00fcln\u00e9k a lelk\u00e9hez, felfedezn\u00e9k valami \u00e9rdekeset, \u00e9s ezzel feloldan\u00e1m benne a mag\u00e1ra maradt ember keser\u0171s\u00e9g\u00e9t!&nbsp;<\/p>\n\n\n\n<p>J\u00f3, j\u00f3, hogy lez\u00e1rta a m\u00faltat, maga m\u00f6g\u00f6tt hagyott mindent, \u00e9s nem akar eml\u00e9kezni, de lehets\u00e9ges, hogy bizonyos sz\u00f6vegfoszl\u00e1nyok r\u00f6gz\u00edt\u00e9se neki is haszn\u00e1ra v\u00e1lna! &nbsp;<\/p>\n\n\n\n<p>\u2014 Tekintse ezt egy intellektu\u00e1lis kalandnak, Kulifaj \u00far! \u2014 mondom majd neki, d\u00f6nt\u00f6ttem el magamban.<\/p>\n\n\n\n<p>Aznap este \u2014 miut\u00e1n az essz\u00e9\u00edr\u00e1st tov\u00e1bbra sem k\u00edv\u00e1ntam hanyagolni \u2014 a lovak \u00e9s a sz\u00f6gesdr\u00f3t viszony\u00e1val k\u00e9sz\u00fcltem foglalkozni. \u00c1ll\u00edt\u00f3lag (bizonyos Sheldrake \u00e1ll\u00edtja), a lovak kifut\u00f3j\u00e1t \u00f6tven \u00e9vvel ezel\u0151tt senki sem gondolta volna sz\u00f6gesdr\u00f3ttal k\u00f6rbeker\u00edteni. A lovak ugyanis nekifutottak volna. Sheldrake szerint azonban a lovak megtanult\u00e1k, hogy a sz\u00f6gesdr\u00f3thoz nem szabad k\u00f6zel menni, mert a sebekb\u0151l l\u00e9gyl\u00e1rv\u00e1k fejl\u0151dhetnek ki, s ez ak\u00e1r v\u00e9gzetes k\u00f6vetkezm\u00e9nnyel j\u00e1rhatnak. Az eltelt id\u0151ben viszont \u2014 legal\u00e1bbis Sheldrake elm\u00e9lete szerint \u2014, a lovak kollekt\u00edven tanult\u00e1k meg, hogy ne menjenek a sz\u00f6gesdr\u00f3thoz. Ezt ma m\u00e1r a kiscsik\u00f3k is tudj\u00e1k, \u00edgy csak elv\u00e9tve fordul el\u0151 ebb\u0151l baleset, hiszen az eg\u00e9sz fajban kialakult a sz\u00f6gesdr\u00f3ttal kapcsolatos szorong\u00e1s.&nbsp;<\/p>\n\n\n\n<p>A koll\u00e9g\u00e1m (Madagaszk\u00e1r T\u00f6rp\u00e9je szolg\u00e1lt) sietve adta \u00e1t a szolg\u00e1latot, csak annyit vetett oda, hogy Drugda a nagy ny\u00e1ri forr\u00f3s\u00e1g miatt, vagy tal\u00e1n a koll\u00e9g\u00e1m unszol\u00e1s\u00e1nak engedve v\u00e9gre lezuhanyozott. \u00c1m \u0151, m\u00e1rmint a koll\u00e9ga \u00fagy vette \u00e9szre, mintha v\u00e9rzett volna a Drugda bek\u00f6t\u00f6z\u00f6tt l\u00e1ba. Ezzel elsietett.&nbsp;<\/p>\n\n\n\n<p>Besz\u00f3ltam Drugd\u00e1nak, hogy szedje le a k\u00f6t\u00e9st, mert meg akarom n\u00e9zni a l\u00e1b\u00e1t, majd k\u00f6rbej\u00e1rtam a port\u00e1t, a szob\u00e1kat \u00e9s hogy a lelkiismeretemet is nyugtassam, bementem hozz\u00e1, hogy leellen\u0151rizzem azt a bizonyos v\u00e9res l\u00e1bat. Nagy lend\u00fclettel nyitottam a szob\u00e1ba, mert nemsok\u00e1ra kezd\u0151d\u00f6tt volna a kedvenc sorozatom a t\u00e9v\u00e9ben, \u00e9s lehajoltam a keresztbetett, f\u00e1slib\u00f3l kiszabad\u00edtott l\u00e1bhoz, hogy megn\u00e9zzem mi a helyzet a v\u00e9rz\u00e9ssel. Szab\u00e1lyszer\u0171en h\u00e1trah\u0151k\u00f6ltem! A csonkolt l\u00e1bfejen az addig \u00f6sszen\u0151tt b\u0151r teljesen sz\u00e9trepedt, \u00e9s a l\u00e1b teljes keresztmetszet\u00e9ben apr\u00f3 kukacok, pondr\u00f3k lakm\u00e1roztak a h\u00fas\u00e1b\u00f3l, s\u0151t a h\u00fas\u00e1t nem is l\u00e1ttam a vastagon hull\u00e1mz\u00f3 kukact\u00f6megt\u0151l. M\u00e9g a varratok apr\u00f3 lyukain is kukacok m\u00e1sztak el\u0151. A mindig egykedv\u0171 Drugda megszeppenve n\u00e9zett maga el\u00e9 \u2014 nem n\u00e9zett a szemembe, csak k\u00e9s\u0151bb \u00e9rtettem meg mi\u00e9rt \u2014 \u00e9s v\u00e1rta az \u00edt\u00e9letemet.&nbsp;<\/p>\n\n\n\n<p>\u2014 Ezzel azonnal orvoshoz kell menni \u2014mondtam hat\u00e1rozottan.&nbsp;<\/p>\n\n\n\n<p>\u2014 J\u00f3 \u2014 mondta engedelmesen.&nbsp;<\/p>\n\n\n\n<p>Abban a pillanatban \u00e9reztem, hogy a k\u00e9p, Drugda megszeppenve szeml\u00e9li keresztbe vetett, kukacokt\u00f3l hemzseg\u0151 l\u00e1b\u00e1t, \u00f6r\u00f6kre megmarad bennem. Val\u00f3sz\u00edn\u0171leg Drugda sem felejti el. \u00d6rd\u00f6gi l\u00e1tv\u00e1ny volt l\u00e1tni, mi v\u00e1r r\u00e1nk a hal\u00e1lunk ut\u00e1n\u2026<\/p>\n\n\n\n<p>Ment\u0151t h\u00edvtam, \u00e9s felvitettem a k\u00f3rh\u00e1zba. \u00c9n lent maradtam, mert az azilt ugye, nem lehet \u0151rizetlen\u00fcl hagyni.<\/p>\n\n\n\n<p>Eredetileg ezt az id\u0151t akartam kihaszn\u00e1lni, hogy tervem szerint elbesz\u00e9lgessek Kulifajjal arr\u00f3l, mik\u00e9nt kapcsol\u00f3dhatna be valamif\u00e9le a \u201ef\u0151n\u00f6ks\u00e9g fel\u00e9 kimutathat\u00f3\u201d tev\u00e9kenys\u00e9gbe. Le\u00fcltem h\u00e1t hozz\u00e1, \u00e9s megpr\u00f3b\u00e1ltam a lehet\u0151 legegyszer\u0171bben el\u0151adni a javaslatomat. Nem csak az \u00edr\u00e1s pszichikai megnyugtat\u00f3 hat\u00e1sait ecseteltem lelkesen, hanem annak lehet\u0151s\u00e9g\u00e9t is, hogy az \u00edr\u00e1s esetleg megk\u00f6nny\u00edtheti a kollekt\u00edv\u00e1ba val\u00f3 beilleszked\u00e9s\u00e9t\u2026 (eddig ez nem igaz\u00e1n siker\u00fclt).<\/p>\n\n\n\n<p>Kulifaj elgondolkozott, \u00e9s ahogy szokott, nem a szemembe, hanem mellettem valahova a v\u00e9gtelenbe eln\u00e9zve, csendesen sz\u00f3lalt meg: \u2014 Tudja f\u0151n\u00f6k, nagyon sz\u00edvesen bekapcsol\u00f3dn\u00e9k valamibe, de \u00e9n j\u00e9gkorongoz\u00f3 voltam, s itt nem igen tal\u00e1lok nekem val\u00f3 elfoglalts\u00e1got, \u00edgy ezt felejts\u00fck el.&nbsp;<\/p>\n\n\n\n<p>Csak ketten voltunk a szob\u00e1ban \u00e9s ennyire \u00f6sszef\u00fcgg\u0151en, \u00e9rtelmesen m\u00e9g nem hallottam besz\u00e9lni. Hirtelen nem is tudtam mit mondani.<\/p>\n\n\n\n<p>\u2014 Azt mondja, \u00edrjak \u2014&nbsp; folytatta csendesen, r\u00e1\u00e9r\u0151sen.<\/p>\n\n\n\n<p>\u2014 Mir\u0151l \u00edrhatn\u00e9k? Ezekr\u0151l? Ennek a kis k\u00f6z\u00f6ss\u00e9gnek egy negyede cig\u00e1ny, \u00e9s nem ak\u00e1rmilyen cig\u00e1ny \u2014 int a fej\u00e9vel Gics szob\u00e1ja fel\u00e9 \u2014, b\u00f6rt\u00f6nj\u00e1rt, jav\u00edthatatlan, romlott cig\u00e1ny. A lak\u00f3k nagy r\u00e9sze csak tehetetlen\u00fcl \u00faszik az \u00e1rral, \u00e9s k\u00e9nytelen elt\u0171rni azt, ahogy azok ketten (tudom, hogy Gics \u00e9s Mesz\u00edk kapcsolat\u00e1ra utal) \u00e1lland\u00f3an veszekednek. Kib\u00e9k\u00edthetetlen ellens\u00e9gek, s ett\u0151l olyan \u00e9rz\u00e9sem van, mintha ugyanazt l\u00e1tn\u00e1m \u00e9s tapasztaln\u00e1m, amit\u0151l \u201eodakinn\u201d \u2014 mutat a falakon t\u00falra \u2014 annyira megundorodtam. Azokat a pondr\u00f3kat, amik ott kint r\u00e1gj\u00e1k az \u00e9letet, \u00e9pp\u00fagy \u00fat\u00e1lom, mint az ittenieket.&nbsp; Nem akarok \u00edrni\u2026nem akarok vel\u00fck foglalkozni \u2014 mondta f\u00e1radtan\u2026 mi \u00e9rtelme is lenne? Nekem jobb \u00edgy \u2026 \u2014 \u00e9s sz\u00e1j\u00e1val cs\u00fccs\u00f6r\u00edtve, szeme elhom\u00e1lyosodott\u2026, lassan visszaesett a r\u00e9gi szerep\u00e9be.&nbsp;<\/p>\n\n\n\n<p>\u2014 Nincs valami kaja, f\u0151n\u00f6k? &nbsp;<\/p>\n\n\n\n<p>Be kellett l\u00e1tnom, hogy Kulifajt\u00f3l ezen a meglep\u0151en hiteles, szinte az eg\u00e9sz t\u00e1rsadalomra is r\u00e1illeszthet\u0151 korrajzon k\u00edv\u00fcl m\u00e1st nem v\u00e1rhatok. Vissza kellett vonulnom\u2026<\/p>\n\n\n\n<p>Nemsok\u00e1ra ugyanaz a ment\u0151aut\u00f3, amely elvitte, visszahozta Drugd\u00e1t, aki \u2014 m\u00e9g csak kisz\u00e1llt, de \u00e9n m\u00e1r l\u00e1ttam rajta \u2014 somolygott az orra alatt. Megk\u00f6nnyebb\u00fcltem.&nbsp;<\/p>\n\n\n\n<p>Az orvos kitiszt\u00edtotta a val\u00f3sz\u00edn\u0171leg valamilyen \u00fct\u00e9st\u0151l megny\u00edlt \u00e9s elkukacosodott r\u00e9szt, s \u00e1ll\u00edt\u00f3lag azt mondta, m\u00e9g j\u00f3, hogy a kukacok ott voltak, mert legal\u00e1bb megett\u00e9k a gennyes r\u00e9szeket is, \u00e9s gyakorlatilag fert\u0151tlen\u00edtett\u00e9k a sebet.&nbsp;<\/p>\n\n\n\n<p>K\u00e9s\u0151bb, mikor led\u0151ltem egy kicsit, hogy kipihenjem az izgalmakat, \u00e9s \u00e1tgondoljam a t\u00f6rt\u00e9nteket, m\u00e9g mindig nem hagyott nyugodni a l\u00e1tv\u00e1ny, szemem el\u0151tt lebegtek a ny\u00fczsg\u0151 pondr\u00f3k, mintha a hal\u00e1lut\u00e1ni \u00e1llapottal val\u00f3 elk\u00e9pzelhetetlen tal\u00e1lkoz\u00f3 r\u00e9szes\u00e9v\u00e9 v\u00e1ltam volna, s azt l\u00e1ttam volna, amit ember nem l\u00e1that: saj\u00e1t sors\u00e1t, a hal\u00e1l ut\u00e1n, a kopors\u00f3ban&#8230;&nbsp;<\/p>\n\n\n\n<p>Vajon hogy alakulhatott ki a lovakban a kukacokkal szembeni szorong\u00e1s?<\/p>\n\n\n\n<p>Kulifaj elutas\u00edt\u00e1sa ut\u00e1n m\u00e1s \u201et\u00e9ma\u201d ut\u00e1n kellett n\u00e9znem; az el\u0151ad\u00f3nk t\u00f6bbsz\u00f6r is kategorikusan hangs\u00falyozta, hogy ebb\u0151l a felt\u00e9tel\u00e9b\u0151l nem enged&#8230; &nbsp;<\/p>\n\n\n\n<p>Els\u0151 pillant\u00e1sra Gics t\u0171nt a legmegfelel\u0151bbnek, m\u00e1r csak az\u00e9rt is, mert r\u00f6vid ismerets\u00e9g\u00fcnk alatt is \u00e9szre kellett vennem, hogy \u0151 az, aki valamilyen pontosan k\u00f6r\u00fcl\u00edrhatatlan poz\u00edci\u00f3j\u00e1n\u00e1l fogva k\u00f6zponti \u00e9s v\u00e9lem\u00e9nyform\u00e1l\u00f3 figur\u00e1ja lett a k\u00f6z\u00f6ss\u00e9gnek.&nbsp;<\/p>\n\n\n\n<p>Ez az alacsony, sov\u00e1ny, l\u00e1tsz\u00f3lag \u00e1rtalmatlan, mag\u00e1t ruszinnak vall\u00f3 cig\u00e1ny a sok \u00e9ves b\u00f6rt\u00f6nm\u00faltj\u00e1nak minden cs\u00ednj\u00e1t felhaszn\u00e1lta arra, hogy saj\u00e1t akarat\u00e1t \u00e9rv\u00e9nyes\u00edtve egyfajta bels\u0151 rendet \u00e9p\u00edtsen ki az azilban.&nbsp; Ennek a rendnek, h\u00e1l istennek, nem v\u00e1lt felt\u00e9tel\u00e9v\u00e9 a mindenr\u0151l val\u00f3 v\u00e9lem\u00e9nynyilv\u00e1n\u00edt\u00e1s (n\u00e9melyek ugyanis a mindenr\u0151l minden\u00e1ron val\u00f3 megfellebbezhetetlen v\u00e9lem\u00e9nynyilv\u00e1n\u00edt\u00e1ssal akarj\u00e1k bizony\u00edtani t\u00e1rsadalmi jelenl\u00e9t\u00fcket \u00e9s l\u00e9tjogosults\u00e1gukat), a kis k\u00f6z\u00f6ss\u00e9g csendes, no commenttel fogadott minden inform\u00e1ci\u00f3t.&nbsp; K\u00fcl\u00f6n\u00f6sen, ha Gics m\u00e1r min\u0151s\u00edtette azt. T\u00e9ny \u00e9s val\u00f3, hogy b\u00e1r velem ellent\u00e9tben, nem ismert semmif\u00e9le tudom\u00e1nyos elm\u00e9letet, m\u00e9gis sokkal jobb emberismer\u0151nek mutatkozott, mint \u00e9n. Tudott h\u00edzelkedni, tudott veszekedni, s\u0151t, ha a helyzet \u00fagy hozta, az er\u0151szakt\u00f3l sem riadt vissza. A minap p\u00e9ld\u00e1ul k\u00e9st r\u00e1ntott Mesz\u00edkre, miut\u00e1n ism\u00e9t \u00f6sszevesztek valamin. Mesz\u00edk volt ugyanis az \u0151 kiszemelt, szimbolikus, val\u00f3s \u00e9s elv\u00e1laszthatatlan ellent\u00e9te. Az \u00e1ltala ki\u00e9p\u00edtett hierarchi\u00e1ban ugyanis felt\u00e9tlen\u00fcl sz\u00fcks\u00e9ge volt ellens\u00e9gk\u00e9pre, valakire, akin megmutathatja a hatalm\u00e1t, f\u00e9lelemn\u00e9lk\u00fclis\u00e9g\u00e9t, \u00e9s azt hogy a \u201erend\u201d mik\u00e9nt m\u0171k\u00f6dik. Ha Mesz\u00edk jobbra mozdult, Gics automatikusa balra, s b\u00e1rmilyen d\u00f6nt\u00e9sben kollekt\u00edvan kellett fell\u00e9pni\u00fck, bizonyos lehettem abban, hogy \u0151k ketten sohasem fognak egys\u00e9gesen fell\u00e9pni.&nbsp;<\/p>\n\n\n\n<p>Kiv\u00e9ve, term\u00e9szetesen, ha a meg\u00edt\u00e9lt boradag kiharcol\u00e1s\u00e1r\u00f3l volt sz\u00f3. Mert ekkor mi, a szolg\u00e1latosok l\u00e9pt\u00fcnk el\u0151 ellens\u00e9gg\u00e9, akit ki kell haszn\u00e1lni, akinek meg kell mutatni, esetleg, akit meg kell sz\u00edvatni. (Mint engemet, r\u00f6gt\u00f6n bel\u00e9p\u00e9sem ut\u00e1n, akkor, amikor Drugd\u00e1val olyan sz\u00e9pen ber\u00fagtak.) Gics volt az, aki valamilyen sug\u00e1rz\u00f3 energi\u00e1j\u00e1val el\u00e9rte, hogy val\u00f3s\u00e1ggal polariz\u00e1l\u00f3dott a szolg\u00e1latosok \u00e9s a lak\u00f3k k\u00f6z\u00f6tti helyzet, s ezzel ugyancsak pr\u00f3b\u00e1ra tette a t\u00fcrelm\u00fcnket.<\/p>\n\n\n\n<p>A k\u00e9tf\u00e9le ellens\u00e9g k\u00f6z\u00f6tt term\u00e9szetesen volt k\u00fcl\u00f6nbs\u00e9g. Kevesebbet engedett meg vel\u00fcnk, szolg\u00e1latosokkal szemben, mint mondjuk Mesz\u00edkkel szemben. \u0150r\u00e1 \u2014 mint eml\u00edtettem \u2014 m\u00e9g k\u00e9st is r\u00e1ntott, s b\u00e1rmilyen meglep\u0151 \u2014 s\u0151t, \u00edgy ut\u00f3lag kiss\u00e9 komikus is elk\u00e9pzelni a k\u00e9t tol\u00f3sz\u00e9kest \u2014 de a kis Gics, kez\u00e9ben k\u00e9ssel, megkergette a nagydarab Mesz\u00edket. Vil\u00e1gos, hogy Mesz\u00edk el\u00e9g okos volt ahhoz, hogy ne menjen bele semmif\u00e9le er\u0151szakos cselekedetbe. Egyszer\u0171en tudta, hogy sehol ilyen j\u00f3 dolga nem lesz, s nem akart visszaker\u00fclni a b\u00f6rt\u00f6nbe. F\u0151leg nem Gics miatt\u2026<\/p>\n\n\n\n<p>Az eset ut\u00e1n, b\u00e1r nem hitt\u00fck, hogy val\u00f3s vesz\u00e9lyt jelentene, el\u0151vigy\u00e1zatoss\u00e1gb\u00f3l m\u00e9gis elt\u00fcntett\u00fck a konyh\u00e1b\u00f3l a k\u00e9seket \u2014 nehogy Gics \u00e9jjel meglepje Mesz\u00edket \u2014 \u00e9s \u00e1tmenetileg hallgat\u00f3lagosan tudom\u00e1sul vett\u00fck, hogy Gics \u00f6nk\u00e9nyesen \u00e1tk\u00f6lt\u00f6z\u00f6tt a harmadik, \u00fcresen \u00e1ll\u00f3 szob\u00e1ba.&nbsp;<\/p>\n\n\n\n<p>Sz\u00e1momra nyilv\u00e1nval\u00f3v\u00e1 v\u00e1lt, hogy az eset ut\u00e1n Gics sz\u00f6vets\u00e9gest keres majd. Ez annyira egy\u00e9rtelm\u0171en k\u00f6vetkezett az egy\u00e9nis\u00e9g\u00e9b\u0151l, hogy \u00fagy v\u00e9ltem, k\u00e1r, s\u0151t hiba lenne, ha ezt nem pr\u00f3b\u00e1ln\u00e1m meg hasznos\u00edtani. Ez\u00e9rt olyasmire vetemedtem, amit eddig senki nem tett az azilban, t\u00f6rt\u00e9netesen, hogy kimentem a h\u00e1ts\u00f3 f\u00fcves udvarra, magammal vittem a k\u00e9t l\u00f3k\u00f6t\u0151t, Drugd\u00e1t \u00e9s Gicset, \u00e9s nekil\u00e1ttam \u00e1s\u00f3zni.&nbsp;<\/p>\n\n\n\n<p>Mesziket teljesen hidegen hagyta az eff\u00e9le cirkusz, meg h\u00e1t egy\u00e9bk\u00e9nt sem besz\u00e9lt Giccsel.&nbsp;<\/p>\n\n\n\n<p>De most nem is Mesz\u00edk \u00e9rdekelt. Arra sz\u00e1m\u00edtottam, hogy szorult helyzet\u00e9ben Gics \u00edg\u00e9retekre ragadtatja mag\u00e1t, valamint, hogy az iskol\u00e1z\u00e1s miatti foglalkoztat\u00e1si programommal valamif\u00e9le egys\u00e9get tudok kialak\u00edtani a t\u00f6bbiek k\u00f6z\u00f6tt.&nbsp;<\/p>\n\n\n\n<p>Nyilv\u00e1n voltak h\u00e1ts\u00f3 sz\u00e1nd\u00e9kaik, de ezekkel nem t\u00f6r\u0151dtem \u2014 mert nekem is voltak. K\u00e9t \u00e1gy\u00e1snak val\u00f3t fel\u00e1s\u00f3ztam, s ekkor k\u00f6vetkezett Drugda. M\u00e1r alig v\u00e1rta, hogy dolgozzon, hi\u00e1nyzott neki a mozg\u00e1s, mint a v\u00edzhord\u00f3 szam\u00e1rnak a cipel\u00e9s, munka n\u00e9lk\u00fcl el sem tudta k\u00e9pzelni a napot, hiszen sz\u00e1m\u00e1ra term\u00e9szetes velej\u00e1r\u00f3ja az \u00e9letnek&#8230;&nbsp; miut\u00e1n \u00e1llni k\u00e9ptelen, eldobta a mank\u00f3it, t\u00e9rden \u00e1llva fogta k\u00e9t k\u00e9zre a kap\u00e1t, \u00e9s mintha balt\u00e1val dolgozna,&nbsp; izzadtra hajtotta mag\u00e1t\u2026 szinte \u00e9rezni lehetett a megk\u00f6nnyebb\u00fcl\u00e9s\u00e9t a leveg\u0151ben\u2026<\/p>\n\n\n\n<p>Gics csak a tol\u00f3sz\u00e9k\u00e9ben \u00fclve kibicelt, de jelenl\u00e9te \u2014 ezzel tiszt\u00e1ban voltam \u2014 sokat jelentett. Hangosan besz\u00e9lgett\u00fcnk \u00e9s viccel\u0151dt\u00fcnk, jobb h\u00edj\u00e1n, saj\u00e1t magunkon\u2026<\/p>\n\n\n\n<p>Nemsok\u00e1ra Kulifaj is megjelent a konyhaajt\u00f3ban, megremegett, mint a vad\u00e1szkutya, ha szagot fog, \u00e9s bejelentette, hogy \u0151 is dolgozni akar. \u00c9s m\u00e1r indult is \u2014 egyik kez\u00e9ben m\u0171anyag flakonnal, a m\u00e1sik ugye leb\u00e9nult&nbsp; \u2014 hordani a vizet a zuhanyoz\u00f3b\u00f3l, v\u00e9gig a hossz\u00fa folyos\u00f3n, kereszt\u00fcl az eb\u00e9dl\u0151n \u00e9s a konyh\u00e1n, lebicegve a l\u00e9pcs\u0151n (az egyik l\u00e1b\u00e1t csak h\u00fazza), ki a h\u00e1ts\u00f3 udvarra.&nbsp; \u0150 is megizzadt a szokatlan, meger\u0151ltet\u0151 munk\u00e1ban\u2026&nbsp;<\/p>\n\n\n\n<p>Mivel m\u00e1r j\u00f3csk\u00e1n benne voltunk a ny\u00e1rban \u2014 ilyenkor m\u00e1r ugyancsak korl\u00e1tozottak a k\u00fcl\u00f6nb\u00f6z\u0151 vet\u0151magok kikel\u00e9si lehet\u0151s\u00e9gei \u2014 , az egyik \u00e1gyasba retket \u00e9s c\u00e9kl\u00e1t vetettem, a m\u00e1sikba meg paprikapal\u00e1nt\u00e1t \u00fcltettem. Mikor nagyon j\u00f3 hangulatban v\u00e9gezt\u00fcnk, \u00e9s a d\u00e9lut\u00e1ni hangulatos naps\u00fct\u00e9sben le\u00fclt\u00fcnk megpihenni, m\u00e9g egy p\u00e1r f\u00e9nyk\u00e9pet is k\u00e9sz\u00edtettem magunkr\u00f3l \u2014 Gicsnek f\u00fclig \u00e9rt a sz\u00e1ja, mikor r\u00e1b\u00edztam a digit\u00e1lis f\u00e9nyk\u00e9pez\u0151g\u00e9pemet. Valami\u00e9rt, tal\u00e1n a \u201emunka \u00f6r\u00f6me\u201d miatt vagy csak a v\u00e1ltozatoss\u00e1g okozta lelkesed\u00e9s hev\u00e9ben lelkesen \u00edg\u00e9rgett\u00e9k, hogy ha \u00e9n nem leszek szolg\u00e1latban, az \u00e1gyasokat akkor is rendszeresen gyoml\u00e1lni \u00e9s locsolni fogj\u00e1k&#8230;&nbsp;<\/p>\n\n\n\n<p>Meszik csak a konyhaablakb\u00f3l r\u00f6h\u00f6g\u00f6tt rajtunk\u2026 \u00e9s sunyi szemeivel figyelt engem, amint ki-bej\u00e1rtam a konyh\u00e1ban, mint aki tudja, hogy itt valami m\u00e1sra megy ki a j\u00e1t\u00e9k\u2026 m\u00e9g nem tudja mire, de r\u00e1 fog j\u00f6nni\u2026 ugyanakkor, mintha egy csipetnyi f\u00e9lt\u00e9kenys\u00e9get is \u00e9szrevettem volna a fejcs\u00f3v\u00e1l\u00e1s\u00e1ban\u2026<\/p>\n\n\n\n<p>Tudom, hogyne tudn\u00e1m, hogy jobb k\u00f6r\u00f6kben az effajta \u201e\u00faj\u00edt\u00e1s\u201d seggnyal\u00e1snak sz\u00e1m\u00edt, \u00e9s sz\u00e1m\u00edthattam is az ellenl\u00e9p\u00e9sre. Madagaszk\u00e1r T\u00f6rp\u00e9je azonnal ellenakci\u00f3ba l\u00e9pett. Eddig ugyanis a r\u00e9gebben itt dolgoz\u00f3k nem nagyon t\u00f6r\u0151dtek a lak\u00f3kkal, l\u00e9zengeni, \u201eveget\u00e1lni\u201d hagyt\u00e1k \u0151ket, \u00e9s \u00e1lland\u00f3an azt hangoztatt\u00e1k, hogy nem lehet, \u00e9s nincs is \u00e9rtelme vel\u00fck foglalkozni\u2026 hagyni kell \u0151ket \u00fclni a t\u00e9v\u00e9 el\u0151tt, \u00fagy, ahogy vannak. A kiskert elk\u00e9sz\u00edt\u00e9s\u00e9t kem\u00e9ny \u00fct\u00e9sk\u00e9nt \u00e9s szem\u00e9ly\u00fck, v\u00e9lem\u00e9ny\u00fck, sok\u00e9ves tapasztalatuk elleni t\u00e1mad\u00e1sk\u00e9nt \u00e9lt\u00e9k meg.&nbsp;<\/p>\n\n\n\n<p>Nem sokkal az \u00e1s\u00f3z\u00e1sunk ut\u00e1n Kulifajnak valamit\u0151l elromlott a gyomra, \u00e9s felugrott a l\u00e1za. (Nem lep\u0151dtem meg: a k\u00e9ptelenn\u00e9l k\u00e9ptelenebb \u00faj\u00edt\u00e1sai miatt \u2014 p\u00e9ld\u00e1ul az \u00fagynevezett bolti, \u201ezacsk\u00f3s\u201d leves\u00e9t k\u00e9t nyers toj\u00e1ssal \u00e9s k\u00e9t h\u00e1romsz\u00f6glet\u0171 sajttal \u00edzes\u00edtette \u2014, v\u00e1rtam valami hasonl\u00f3t.) Reggeli m\u0171szakra l\u00e9ptem be, \u00e9s&nbsp; 38 valamennyi volt a l\u00e1za. Adtam neki l\u00e1zcsillap\u00edt\u00f3t \u00e9s hagytam d\u00e9lig aludni. Rendbe is j\u00f6tt. Este \u00fagy adtam \u00e1t Madagaszk\u00e1r T\u00f6rp\u00e9j\u00e9nek, mintha csak aznap \u00e9rkezett volna hozz\u00e1nk. Igen \u00e1m, csakhogy k\u00e9s\u0151bb, megint felment a l\u00e1za, s erre r\u00f6gt\u00f6n \u00fajabb be\u00edr\u00e1st tudhattam magamnak, mert Madagaszk\u00e1r T\u00f6rp\u00e9je alapos ember. (Tal\u00e1n m\u00e9g alaposabb port\u00e1sk\u00e9nt, mint \u00e9n \u00edr\u00f3k\u00e9nt&#8230;) Be\u00edrta, hogy elmulasztottam a k\u00f6teless\u00e9gemet, \u00e9s a magas l\u00e1za ellen\u00e9re nem vittem k\u00e9sz\u00fclts\u00e9gre Kulifaj urat. Punktum! Ez van, hi\u00e1ba \u00e1ll\u00edtottam, hogy az \u00e9n szolg\u00e1latom alatt semmi baja nem volt, a be\u00edr\u00e1s megt\u00f6rt\u00e9nt, \u00e9s izgulhattam, hogy lesz-e k\u00f6vetkezm\u00e9nye.&nbsp;<\/p>\n\n\n\n<p>\u2014 Nincs ebben semmi szem\u00e9lyes \u2014 felelte k\u00e9rd\u00e9semre\u2026<\/p>\n\n\n\n<p>\u2014 Ok\u00e9! \u2014 feleltem, \u00e9s ennyiben maradtunk. Csak azt sajn\u00e1ltam, hogy amikor itt hagyta nekem Drugd\u00e1t, v\u00e9rz\u0151 l\u00e1bbal, kukacokkal, azt nem \u00edrtam be\u2026 de h\u00e1t, k\u00e9s\u0151 b\u00e1nat, str\u00e9berk\u00e9m!<\/p>\n\n\n\n<p>Nem tagadom, hogy \u00e1ll\u00edt\u00f3lagos str\u00e9bers\u00e9gemnek \u2014 Madagaszk\u00e1r T\u00f6rp\u00e9je \u00edgy min\u0151s\u00edtette a lak\u00f3kkal val\u00f3 foglalatoss\u00e1gaimat \u2014 egyetlen oka volt: a j\u00f3 eredm\u00e9nynek k\u00f6sz\u00f6nhet\u0151en n\u00f6velni v\u00e9ltem az es\u00e9ly\u00e9t annak, hogy v\u00e9gleges\u00edtsenek a munkahelyemen.&nbsp;<\/p>\n\n\n\n<p>Fontos \u2014 mit fontos, l\u00e9tk\u00e9rd\u00e9s \u2014 volt, hogy megmaradjak a munkahelyemen, \u00edgy nem zavart a koll\u00e9g\u00e1k v\u00e9lem\u00e9nye. Sikerk\u00e9nt k\u00f6nyveltem el, hogy k\u00f6vetkezetess\u00e9gemmel egyre komolyabb \u00edg\u00e9reteket csikartam ki Gicsb\u0151l \u2014 m\u00e1r ott tartottunk, hogy az iskolai sakk-k\u00f6r tagjaival is megszervez\u00fcnk egy rangad\u00f3t \u2014, s egyre nyilv\u00e1nval\u00f3bb\u00e1 tettem a sz\u00e1m\u00e1ra hogy mindezt be is akarom v\u00e1ltani. A kiskert kialak\u00edt\u00e1s\u00e1val l\u00e1thatta, hogy val\u00f3ban komolyan besz\u00e9lek.<\/p>\n\n\n\n<p>Amikor egyszer csak\u2026&nbsp;<\/p>\n\n\n\n<p>Az az igazs\u00e1g, hogy nem vettem \u00e9szre, mikor t\u00f6rt\u00e9nt a t\u00f6r\u00e9s, csak azt tapasztaltam, hogy Gics radik\u00e1lisan megv\u00e1ltozott. Tal\u00e1n azt hitte, hogy felel\u0151tlen\u00fcl \u00edg\u00e9rgethet, s l\u00e1tva, hogy komolyra fordul a dolog, egyszerre megtorpant? Tal\u00e1n \u00fagy \u00e9rezte, hogy a rend, amit az azilban kialak\u00edtott, vesz\u00e9lybe ker\u00fcl az\u00e1ltal, hogy velem szerz\u0151dik? Nem tudok pontos, kimer\u00edt\u0151, s\u0151t, m\u00e9g csak elfogadhat\u00f3 magyar\u00e1zatot sem adni. &nbsp;<\/p>\n\n\n\n<p>Csak azt tudom, hogy egyszerre v\u00e1ratlanul k\u00e9s\u0151 lett\u2026<\/p>\n\n\n\n<p>Ekkor m\u00e1r mindenki \u00e9szrevette, hogy baj van. Gics idegesebb lett, egyre t\u00f6bbet veszekedett \u2014 \u00e9s m\u00e1r nem csak Mesz\u00edkkel \u2014, t\u00f6bb bort k\u00f6vetelt, kevesellte a kiosztott cigarett\u00e1t (mi az, hogy egy\u00e1ltal\u00e1n ki van osztva? \u2014 k\u00e9rdezte l\u00e1z\u00edt\u00f3an), \u00e9s \u00e1ltal\u00e1ban ingerl\u00e9kenyen reag\u00e1lt minden bejelent\u00e9sre\u2026<\/p>\n\n\n\n<p>A besz\u00e9lget\u00e9seinket is egyre terhesebbnek \u00e9rezte, majd bevallotta, hogy tulajdonk\u00e9ppen a n\u0151i t\u00e1rsas\u00e1g hi\u00e1ny\u00e1t\u00f3l szenved\u2026 elmes\u00e9lte, hogy valamelyik nap, amikor nem \u00e9n szolg\u00e1ltam, arra j\u00e1rt egy kis cig\u00e1nyl\u00e1ny, akivel \u2014 a z\u00e1rt kapun kereszt\u00fcl \u2014 m\u00e1r meg is egyezett, hogy bemenne vele a szob\u00e1ra, de a szolg\u00e1latos nem egyezett bele<\/p>\n\n\n\n<p>\u2014 Pedig isten bizony, egy f\u00e9l \u00e9vig nyugtuk lett volna t\u0151lem! \u2014 mondta elkeseredetten.<\/p>\n\n\n\n<p>\u2014 Mi\u00f3ta nem volt n\u0151vel? \u2014 k\u00e9rdeztem, mert kapcsolatunkat m\u00e1r el\u00e9gg\u00e9 er\u0151snek \u00e9reztem egy ilyesfajta k\u00e9rd\u00e9shez.<\/p>\n\n\n\n<p>\u2014 Tizen\u00f6t h\u00f3napja \u2014felelte csendesen, leszegett fejjel.&nbsp;<\/p>\n\n\n\n<p>\u00c9s \u00e9n tudtam, hogy nem mond igazat. Nem ez az igazi ok, ami\u00e9rt el akar, el fog menni.&nbsp;<\/p>\n\n\n\n<p>P\u00e1r napig nem tal\u00e1lkoztunk, a koll\u00e9g\u00e1k a ny\u00e1ri szabads\u00e1gaikat mer\u00edtett\u00e9k \u00edgy cser\u00e9lgett\u00fck a m\u0171szakokat, s mire \u00fajra tal\u00e1lkoztunk, h\u00e1rom \u00faj h\u00edr is v\u00e1rt: a m\u00e9g \u00fcresen \u00e1ll\u00f3 egy szob\u00e1nkba hamarosan k\u00e9t \u00faj tagot kapunk, Gics hivatalosan is beadta a k\u00e9rv\u00e9ny\u00e9t, hogy felbontja a szerz\u0151d\u00e9s\u00e9t, \u00e9s a port\u00e1sok k\u00f6z\u00fcl pedig egyet takar\u00e9koss\u00e1gi okokb\u00f3l el kell engedni\u2026&nbsp; &nbsp;<\/p>\n\n\n\n<p>Madagaszk\u00e1r T\u00f6rp\u00e9j\u00e9nek b\u00e1natos k\u00e9pe, mikor k\u00f6z\u00f6lte velem a h\u00edrt, nem tudott meggy\u0151zni arr\u00f3l, hogy nincs benne a keze\u2026 de h\u00e1t tudtam: nincs ebben semmi szem\u00e9lyes\u2026 csak az \u00e9rdekeiket v\u00e9dik. Minek ide valaki, aki ny\u00fczs\u00f6g, mint a sajtkukac?<\/p>\n\n\n\n<p>A c\u00e9g ezent\u00fal havonta megtakar\u00edt egy fizet\u00e9st. Ez is csak nyeres\u00e9g\u2026<\/p>\n\n\n\n<p>Aznap \u00e9jszaka szolg\u00e1ltam. Megittam egy k\u00e1v\u00e9t, \u00e9s izgatottan v\u00e1rtam a hajnalt. Nem volt k\u00e9ts\u00e9gem afel\u0151l, hogy kit fognak elengedni, hiszen \u00e9n j\u00f6ttem legutolj\u00e1ra, \u00e9s csak helyettes\u00edt\u00e9sre vettek fel\u2026<\/p>\n\n\n\n<p>H\u00e1t ez van, az azil, ami nekem \u00e9pp\u00fagy mened\u00e9ket jelentett (volna), mint az itt lak\u00f3knak, mind\u00f6ssze h\u00e1rom h\u00f3napi halad\u00e9kot jelentett utam utols\u00f3 szakasza el\u0151tt\u2026 &nbsp;<\/p>\n\n\n\n<p>Ez a h\u00fclye Gics ugyan maradhatna, csak h\u00e1t neki \u00e9n rontottam el az es\u00e9lyeit azzal, hogy r\u00e1sz\u00e1lltam \u00e9s nem hagytam neki b\u00e9k\u00e9t! Legal\u00e1bb \u0151t meg kellene menteni\u2026 r\u00e1 kell b\u00edrni, hogy vonja vissza a felmond\u00e1s\u00e1t!&nbsp;<\/p>\n\n\n\n<p>G\u00f6rnyedten, el\u0151rehajolva n\u00e9zel\u0151d\u00f6tt a kiskapu mellett. Kimentem hozz\u00e1, hogy zavartalanul besz\u00e9lgethess\u00fcnk, de \u00e9reztem, hogy nem fogok sikerrel j\u00e1rni. Az \u00e9n meggy\u0151z\u00e9si m\u00f3dszereim kevesek ahhoz a hatalmas er\u0151h\u00f6z, ami \u0151t hajtja. L\u00e1m, minden tud\u00e1som kev\u00e9s ahhoz, hogy eredm\u00e9nyesen l\u00e9pjek fel az \u0151 \u00fcgy\u00e9ben, vele szemben! Arra kellett gondolnom, bizonyos emberekben mi\u00e9rt ne lehetne valami \u0151si, logik\u00e1t \u00e9s mindenf\u00e9le megalapozotts\u00e1got n\u00e9lk\u00fcl\u00f6z\u0151 f\u00e9lelemn\u00e9lk\u00fclis\u00e9g, amelynek k\u00f6vetkezt\u00e9ben nem kell bizony\u00edtaniuk d\u00f6nt\u00e9s\u00fck \u00e9s cselekedet\u00fck helyess\u00e9g\u00e9t, jogoss\u00e1g\u00e1t. A d\u00f6nt\u00e9s folyamat\u00e1nak kiismerhetetlens\u00e9ge egy\u00e1ltal\u00e1n nem \u00e1rny\u00e9kolja be j\u00f6v\u0151k\u00e9p\u00fcket, hiszen nem t\u00f6r\u0151dnek azzal, mi lesz vel\u00fck. Hi\u00e1ba \u00e9rveltem, hogy p\u00e1r nap m\u00falva vissza fog majd akarni j\u00f6nni, de akkor m\u00e1r k\u00e9s\u0151 lesz, mert az el\u0151\u00edr\u00e1sok szerint, aki egyszer visszautas\u00edtja az \u00e1llam ilyesfajta seg\u00edts\u00e9g\u00e9t, az t\u00f6bbet nem folyamodhat hasonl\u00f3\u00e9rt\u2026 Gics hajthatatlannak mutatkozott. \u00c9reztem a p\u00e1nc\u00e9lt a lelk\u00e9n, amely nem fogadja el a test t\u00f6r\u00e9kenys\u00e9g\u00e9t, csak a felfoghatatlan, kozmikus er\u0151knek engedelmeskedik, amelyek sz\u00e1munkra ismeretlen er\u0151vonalak ment\u00e9n milli\u00e1rdnyi porszemk\u00e9nt hajtanak maguk el\u0151tt benn\u00fcnket, embereket\u2026<\/p>\n\n\n\n<p>&nbsp;Be kellett l\u00e1tnom, el kellett hinnem, hogy Gics k\u00e9pes egy sz\u00e1l tol\u00f3sz\u00e9kben, k\u00e9tt\u00e1sk\u00e1nyi cucc\u00e1val vil\u00e1gg\u00e1 menni, nem f\u00e9l att\u00f3l, mi v\u00e1r r\u00e1, csak fejet hajt annak a hajt\u00f3er\u0151nek, amely nem engedi, hogy huzamosabb ideig egy helyben maradjon\u2026<\/p>\n\n\n\n<p>A szolg\u00e1lati helyis\u00e9gbe vonultam, \u00e9s a kint \u00e9jszak\u00e1ztatott lovak belet\u00f6r\u0151d\u00e9s\u00e9vel szeml\u00e9ltem a megv\u00e1ltoztathatatlant\u2026&nbsp;<\/p>\n\n\n\n<p>\u00c9s m\u00e1r itt is a t\u00f6rt\u00e9net v\u00e9ge\u2026&nbsp;<\/p>\n\n\n\n<p>Lehet, val\u00f3ban lehets\u00e9gesnek tartom, hogy t\u00fal nagy feneket ker\u00edtek az \u00fcgynek, s r\u00e1ad\u00e1sul hosszasan \u00e9s k\u00f6r\u00fclm\u00e9nyesen mondom el azt, amit r\u00f6videbben, vel\u0151sebben, \u00e9s csattan\u00f3sabban is el lehetne mondani. Ezen el kell gondolkodnom\u2026<\/p>\n\n\n\n<p>Gyerty\u00e1t gy\u00fajtok. (A gyertyagy\u00fajt\u00e1s aktusa sok\u00e1ig mesterk\u00e9ltnek t\u0171nt, s mostan\u00e1ig f\u00e9lig eln\u00e9z\u0151, f\u00e9lig len\u00e9z\u0151 szomork\u00e1s mosollyal tekintettem r\u00e1, most term\u00e9szetesnek veszem.)<\/p>\n\n\n\n<p>Mikor pirkadni kezd, elf\u00fajom a gyerty\u00e1t, kinyitom az ablakot. Hallom, ahogy Drugda a folyos\u00f3n morog \u00e9s k\u00e9sz\u00fcl\u0151dik. Majd, mikor vil\u00e1gosodni is kezd, a tenyerembe lehellek, \u00e9s el\u0151retartott karokkal v\u00e1rom a felkel\u0151 napot\u2026 \u2014 az utca t\u00faloldal\u00e1n fekv\u0151 k\u00e9t csal\u00e1di h\u00e1z k\u00f6z\u00f6tt \u00e9pp az ablakomba s\u00fct majd be. A szolg\u00e1lati helyis\u00e9g nyitott ablak\u00e1n \u00e1t be\u00e1raml\u00f3, friss, hajnali leveg\u0151ben v\u00e9gre szabadnak \u00e9rzem magam.&nbsp;<\/p>\n\n\n\n<p>Tiszt\u00e1n l\u00e1tok, s \u00e9rzem a gy\u00f6k\u00e9rtelen lebeg\u00e9s m\u00e1mor\u00e1t. Sz\u00f3 szerint gy\u00f6k\u00e9rtelen: Nincs saj\u00e1t lak\u00e1som, s mostant\u00f3l m\u00e9g az alb\u00e9rletemet sem fogom tudni kifizetni\u2026 de nem \u00e9rdekel\u2026 nem \u00e9rdekelnek a k\u00f6nyveim, a szekr\u00e9nyeim, \u00e9s az \u00e1gyam\u2026 semmi, amit eddig \u00e1lland\u00f3an magammal cipeltem\u2026 a csodav\u00e1r\u00e1s \u00e1tszellem\u00fclt pillant\u00e1s\u00e1val b\u00e1mulok a narancss\u00e1rg\u00e1s napkorongba, s arcomra merevedett f\u00e1j\u00f3 mosollyal gondolok vissza az utols\u00f3 kik\u00f6lt\u00f6z(-tet-) \u00e9sem el\u0151tti \u00e1lmatlan \u00e9jszak\u00e1kra. Ugyan mi\u00e9rt izgultam ennyire? Mi\u00e9rt is f\u00e9ltem a \u201emindenr\u0151l\u201d val\u00f3 lemond\u00e1st\u00f3l, a nincstelens\u00e9gt\u0151l?&nbsp; Olyan egyszer\u0171 megszabadulni a mindent\u0151l! Itt van Gics! \u00d6l\u00e9be veszi a k\u00e9t t\u00e1sk\u00e1j\u00e1t \u00e9s megy\u2026 Soha nem \u00e9reztem magam ennyire term\u00e9szetesnek. A term\u00e9szetb\u0151l j\u00f6v\u0151 \u00e9s visszat\u00e9r\u0151 \u00e1llom\u00e1nynak, a t\u00f6bbmilli\u00e1rdnyi alternat\u00edv, potenci\u00e1lis \u00e9s \u00e1lland\u00f3an visszat\u00e9r\u0151 csoda egyik\u00e9nek.<\/p>\n\n\n\n<p>Ebben a lebeg\u0151 \u00e1llapotban az al\u00e1zattal \u00e9s a hal\u00e1llal is k\u00f6nnyebb megb\u00e9k\u00e9lni; mindent, amit eddig kaptam, aj\u00e1nd\u00e9knak kell tekinteni\u2026<\/p>\n\n\n\n<p>M\u00e1r azt sem sajn\u00e1lom, hogy nem siker\u00fclt befejeznem a morfogenetikus mez\u0151kr\u0151l sz\u00f3l\u00f3 essz\u00e9met\u2026 de h\u00e1t \u00edgy van ez, mindig k\u00f6zbej\u00f6n valami\u2026, holmi kis hal\u00e1leset, ez-az\u2026<\/p>\n\n\n\n<p>Mesz\u00edk kopog. Nincs cigije. Adok neki. Morog, hogy kedvenc d\u00e9l-amerikai sorozat\u00e1t kor\u00e1bbra tett\u00e9k\u2026&nbsp;<\/p>\n\n\n\n<p>V\u00e9ge a m\u0171szakomnak\u2026 reggel van\u2026<\/p>\n\n\n\n<p>Gicst\u0151l \u00fagy b\u00facs\u00fazok el, ahogy szoktam. Mintha legk\u00f6zelebb m\u00e9g tal\u00e1lkozn\u00e1nk, pedig tudom, hogy soha t\u00f6bb\u00e9 nem l\u00e1tom. Mire legk\u00f6zelebb j\u00f6v\u00f6k, \u0151 m\u00e1r nem lesz itt. Ma m\u00e9g megkapja a nyugd\u00edj\u00e1t, \u00e9s azonnal utazik fel a megyesz\u00e9khelyre. Val\u00f3sz\u00edn\u0171leg r\u00e1mulat, est\u00e9re fog egy n\u0151t,\u2026 majd azt veszi \u00e9szre, hogy kifosztott\u00e1k\u2026 de nem zavarja. Azt\u00e1n az egyik hajnalon, a Mungu k\u00f6zeledt\u00e9vel, kis tol\u00f3sz\u00e9k\u00e9vel hirtelen ott terem valamelyik vas\u00fati \u00e1tj\u00e1r\u00f3n, \u00f6l\u00e9ben egy \u00fcveg Jol\u00e1nk\u00e1val, \u00e9s teljesen nyugodtan, minden f\u00e9lelem n\u00e9lk\u00fcl, a lesz\u00e1mol\u00e1s elsz\u00e1nts\u00e1g\u00e1val v\u00e1rja a k\u00f6zelg\u0151 mozdonyt\u2026 nagyon j\u00f3l tudja, hogy ha visszaker\u00fcl a b\u00f6rt\u00f6nbe, ism\u00e9t csak valamelyik er\u0151sebb rab csicsk\u00e1sa lesz. \u00c9s ezt m\u00e1r nem fogadja el\u2026&nbsp;<\/p>\n\n\n\n<p>Majd hirtelen egy \u00faj, matematikailag le\u00edrhatatlan dimenzi\u00f3ba megy \u00e1t, egy \u00faj p\u00e1ly\u00e1ra ker\u00fcl, olyasmire, mint a Jorikke p\u00e1ly\u00e1ja, \u00e9s csendesen d\u00fadolja a hal\u00e1lhaj\u00f3 dal\u00e1t\u2026:<\/p>\n\n\n\n<div class=\"wp-block-group is-vertical is-layout-flex wp-container-core-group-is-layout-8cf370e7 wp-block-group-is-layout-flex\">\n<p>Ha rongyos foszlott a ruh\u00e1m,<\/p>\n\n\n\n<p>Nem tartozik csak \u00e9nre\u00e1m<\/p>\n\n\n\n<p>R\u00e1m tartozik, ha elz\u00fcll\u00f6k,<\/p>\n\n\n\n<p>A r\u00e9szv\u00e9tekre f\u00fcty\u00fcl\u00f6k.<\/p>\n\n\n\n<p>Az \u00e9n dolgom, hogy min nevetek,<\/p>\n\n\n\n<p>Magamnak \u00e9lem az \u00e9letet.<\/p>\n\n\n\n<p>Ink\u00e1bb az \u00e9n poklom fenek\u00e9n,<\/p>\n\n\n\n<p>Mint a ti menyetek mezej\u00e9n.<\/p>\n\n\n\n<p>Nem kell r\u00e9szv\u00e9t s nem kell bar\u00e1t<\/p>\n\n\n\n<p>Hordom h\u00e1tamon a holtak had\u00e1t.<\/p>\n\n\n\n<p>J\u00e1rhat napestig a sz\u00e1tok,<\/p>\n\n\n\n<p>Az \u00e9n gondom; f\u00fcty\u00fcl\u00f6k r\u00e1tok.<\/p>\n\n\n\n<p>F\u00fcty\u00fcl\u00f6k s j\u00e1rom a vizet.<\/p>\n\n\n\n<p>A felt\u00e1mad\u00e1sban nem hiszek.<\/p>\n\n\n\n<p>Nem tudom vannak-e istenek,<\/p>\n\n\n\n<p>S a pokolt\u00f3l nem reszketek.<\/p>\n<\/div>\n\n\n\n<p>Szomor\u00fa, de sz\u00e1m\u00e1ra m\u00e1sfajta j\u00f6v\u0151t el sem tudok k\u00e9pzelni. Nem hiszek abban, hogy itt a f\u00f6ld\u00f6n megv\u00e1ltozhat, \u00e9s val\u00f3s\u00e1ggal szenvedek att\u00f3l a tudatt\u00f3l, hogy a Gics sors\u00e1nak megv\u00e1ltoztat\u00e1sra t\u00f6rekv\u0151 minden emberi igyekezetem holmi archaikus kil\u00e1t\u00e1stalans\u00e1gon fut z\u00e1tonyra,\u2026 \u00fagy l\u00e1tszik, bizonyos kozmikus igazs\u00e1gok sz\u0171r\u0151j\u00e9n val\u00f3 vizsg\u00e1l\u00f3d\u00e1s \u00f6sszeegyeztethetetlen a h\u00e9tk\u00f6znapi dolgok elemz\u00e9s\u00e9vel \u00e9s megold\u00e1s\u00e1val\u2026&nbsp;<\/p>\n\n\n\n<p>Az azil csak annyit tudott neki seg\u00edteni, hogy napi boradagj\u00e1t elfogyasztva t\u00fal\u00e9ljen, de halv\u00e1ny rem\u00e9nye sincs, hogy innen kiker\u00fclve olyan haj\u00f3ra ker\u00fclj\u00f6n, amely megilletn\u00e9, azaz \u00fagy \u00e9ljen, ahogy \u00e9lnie lehetne\u2026<\/p>\n\n\n\n<p>Gics t\u00e1voz\u00e1sa ut\u00e1n m\u00e9g bej\u00e1rok egy ideig, s a fi\u00fak el\u00fajs\u00e1golj\u00e1k, hogy Gics szerepelt a t\u00e9v\u00e9h\u00edrad\u00f3ban. \u2014 \u00d6sszevert\u00e9k \u00e9s kifosztott\u00e1k\u2026 \u2014 d\u00fcnny\u00f6gi Mesz\u00edk, a f\u0151t\u00e9v\u00e9s. \u2014 Mutatt\u00e1k a t\u00e9v\u00e9ben\u2026<\/p>\n\n\n\n<p>\u2014 H\u00e1t nem volt neki itt j\u00f3? \u2014 k\u00e9rdem kinn, a fekete fasz\u00e9ken \u00fcl\u0151 Drugd\u00e1t\u00f3l\u2026 de \u0151 csak egykedv\u0171en v\u00e1llat von.&nbsp;<\/p>\n\n\n\n<p>B\u00e1rmennyire egyszer\u0171 ember (vagy tal\u00e1n \u00e9ppen az\u00e9rt?), t\u00f6k\u00e9letesen \u00f6sszhangba ker\u00fclt Giccsel, \u00e9rti a lelk\u00e9t, \u00e9s \u201etudja\u201d \u0151 is, ak\u00e1rcsak \u00e9n, hogy Gicsnek nem volt m\u00e1s \u00fatja\u2026<\/p>\n\n\n\n<p>Elk\u00e9pzelem (az \u00edr\u00f3i k\u00e9pzelet megzabol\u00e1zhatatlan!), milyen lesz az \u00e9let, ha m\u00e1r \u00e9n sem leszek az azilban. (Gondolom, m\u00e9g megengedik, hogy a vizsg\u00e1t letegyem, k\u00e1r lenne veszni hagyni a p\u00e9nzt! \u00c9s egy\u00e9bk\u00e9nt olyan sz\u00e9pen mutathatna majd a bizony\u00edtv\u00e1ny a falon\u2026 de ugyan melyiken?) &nbsp;<\/p>\n\n\n\n<p>H\u00e1t igen, elk\u00e9pzelni val\u00f3ban nem neh\u00e9z.&nbsp;<\/p>\n\n\n\n<p>Ennek a megv\u00e1ltoztathatatlans\u00e1gra \u00edt\u00e9lt rendszernek az elemeib\u0151l j\u00e1tszva kik\u00f6vetkeztethet\u0151, mi v\u00e1rhat\u00f3: Meg\u00e9rkezik a k\u00e9t \u00faj lak\u00f3, \u00e9s Kulifaj felvont szem\u00f6ld\u00f6kkel, \u00e9rdekl\u0151dve hallgatja majd a v\u00e1ltoz\u00e1sokr\u00f3l sz\u00f3l\u00f3 h\u00edreket (val\u00f3sz\u00edn\u0171leg t\u00f6bbsz\u00f6r is az \u00fajdons\u00e1g erej\u00e9vel hatnak majd r\u00e1), \u00e9s enni k\u00e9r az \u00faj szolg\u00e1latost\u00f3l. Mesz\u00edk egy sz\u00f3t sem fog sz\u00f3lni, csak belem\u00e9lyed a m\u0171sor\u00fajs\u00e1gba, \u00e9s igyekszik el\u00e9rni, hogy tov\u00e1bbra is az \u0151 kedvenc sorozatait n\u00e9zz\u00e9k. Drugda pedig \u2014 miut\u00e1n est\u00e9nk\u00e9nt meglocsolja a paprikapal\u00e1nt\u00e1kat \u2014 folytatja egy\u00e9ni bossz\u00faj\u00e1t a t\u00e1rsadalom, vagy ki tudja mi ellen, s \u2014 az \u00fajonnan jelentkez\u0151 k\u00f6h\u00f6g\u0151rohamokt\u00f3l k\u00e9nyszer\u00edtve \u2014 a lesz\u00e1ll\u00f3 \u00e9jszaka mag\u00e1ny\u00e1ban egyre intenz\u00edvebben k\u00f6h\u00f6gi-k\u00f6pk\u00f6di tele a folyos\u00f3t. Ny\u00e1l\u00e1val, testnedveivel tel\u00edti a csemp\u00e9ket, a falakat, \u00e9s a kilincseket\u2026<\/p>\n\n\n\n<p>Azt\u00e1n szertart\u00e1sszer\u0171en helyet foglal a z\u00e1rt \u00fcvegajt\u00f3 mellett, sodor egy cigarett\u00e1t, \u00e9s leszegett fejjel, an\u00e9lk\u00fcl, hogy odan\u00e9zne, az azil v\u00e9d\u0151 falai k\u00f6z\u00f6tt v\u00e1rja a napfelkelt\u00e9t\u2026<\/p>\n\n\n\n<p><\/p>\n\n\n\n<p class=\"has-text-align-right\"><em>Hogya Gy\u00f6rgy<\/em><\/p>\n","protected":false},"excerpt":{"rendered":"<p>\u201eKeny\u00e9rszerz\u0151 k\u00fcszk\u00f6d\u00e9seink k\u00f6zt, ha r\u00e1\u00e9r\u00fcnk n\u00e9ha magunkra eszm\u00e9lni:\u00a0 keress\u00fck a c\u00e9lt, amely (\u00fagy r\u00e9mlik) valaha szem\u00fcnk el\u0151tt \u00e1llott&nbsp; amely\u00e9rt \u00e9rdemes \u00e9lni, harcolni. Nem tal\u00e1ljuk sehol: olyan esztend\u0151ket \u00e9l\u00fcnk \u00e1t, amelyek ki\u00e1br\u00e1nd\u00edtottak mindenb\u0151l, feket\u00e9re m\u00e1zolt\u00e1k a jelent, a j\u00f6v\u0151t \u00e9s m\u00e9g &hellip; <a href=\"https:\/\/opus-folyoirat.sk\/?page_id=3937\">Egy kattint\u00e1s ide a folytat\u00e1shoz&#8230;. <span class=\"meta-nav\">&rarr;<\/span><\/a><\/p>\n","protected":false},"author":4,"featured_media":0,"parent":0,"menu_order":0,"comment_status":"closed","ping_status":"closed","template":"","meta":{"footnotes":""},"class_list":["post-3937","page","type-page","status-publish","hentry"],"_links":{"self":[{"href":"https:\/\/opus-folyoirat.sk\/index.php?rest_route=\/wp\/v2\/pages\/3937","targetHints":{"allow":["GET"]}}],"collection":[{"href":"https:\/\/opus-folyoirat.sk\/index.php?rest_route=\/wp\/v2\/pages"}],"about":[{"href":"https:\/\/opus-folyoirat.sk\/index.php?rest_route=\/wp\/v2\/types\/page"}],"author":[{"embeddable":true,"href":"https:\/\/opus-folyoirat.sk\/index.php?rest_route=\/wp\/v2\/users\/4"}],"replies":[{"embeddable":true,"href":"https:\/\/opus-folyoirat.sk\/index.php?rest_route=%2Fwp%2Fv2%2Fcomments&post=3937"}],"version-history":[{"count":2,"href":"https:\/\/opus-folyoirat.sk\/index.php?rest_route=\/wp\/v2\/pages\/3937\/revisions"}],"predecessor-version":[{"id":3946,"href":"https:\/\/opus-folyoirat.sk\/index.php?rest_route=\/wp\/v2\/pages\/3937\/revisions\/3946"}],"wp:attachment":[{"href":"https:\/\/opus-folyoirat.sk\/index.php?rest_route=%2Fwp%2Fv2%2Fmedia&parent=3937"}],"curies":[{"name":"wp","href":"https:\/\/api.w.org\/{rel}","templated":true}]}}