{"id":3998,"date":"2025-08-11T11:09:00","date_gmt":"2025-08-11T09:09:00","guid":{"rendered":"https:\/\/opus-folyoirat.sk\/?page_id=3998"},"modified":"2026-01-15T01:10:00","modified_gmt":"2026-01-14T23:10:00","slug":"hajdu-laszlo-3","status":"publish","type":"page","link":"https:\/\/opus-folyoirat.sk\/?page_id=3998","title":{"rendered":"Hajd\u00fa L\u00e1szl\u00f3"},"content":{"rendered":"\n<p><strong>Maszlag<\/strong><\/p>\n\n\n<div class=\"has-text-align-right wp-block-post-date\"><time datetime=\"2025-08-11T11:09:00+02:00\">2025-08-11<\/time><\/div>\n\n\n<p>Sz\u00ednleltem, mintha er\u0151sen gy\u00e1szoln\u00e9k. F\u00e1sultan hallgattam v\u00e9gig a pap besz\u00e9d\u00e9t, csak akkor \u00e9rz\u00e9keny\u00fcltem el, amikor a sorban k\u00f6vetkez\u0151r\u0151l tett eml\u00edt\u00e9st. Azt a \u201emiaty\u00e1nkot\u201d v\u00e9gig motyogtam.<\/p>\n\n\n\n<p>A k\u00fclvil\u00e1g szeme \u00e9s sz\u00e1ja el\u0151l fekete ruh\u00e1ba, fekete f\u00e1tyolba rejteztem. Csak olyan prof\u00e1n gondolat fogalmaz\u00f3dott meg bennem, megs\u00fcl\u00f6k a nyavaly\u00e1s fekete harisny\u00e1ban.<\/p>\n\n\n\n<p>\u2013 Szeg\u00e9ny asszony! Milyen fiatal m\u00e9g \u2013 hallottam ki a fals hangokat, amivel az asszonyok a f\u00e9rj\u00fcket \u00f3vt\u00e1k t\u0151lem, a f\u00e9rfiak meg k\u00e9pzeletben m\u00e1r a l\u00e1bam k\u00f6zt j\u00e1rtak.<\/p>\n\n\n\n<p>\u2013 Zsuzsika! Ha sz\u00fcks\u00e9ged van seg\u00edts\u00e9gre, csak sz\u00f3lj! \u2013 tolakodott intimszf\u00e9r\u00e1mba a szembe szomsz\u00e9d, akit az sem zavart, a feles\u00e9ge \u00e1rgus szemmel leskel\u0151dik.&nbsp; A fark\u00e1t tolta volna, de \u00fatban volt hord\u00f3hasa.<\/p>\n\n\n\n<p>Hallottam m\u00e1s asszonyokt\u00f3l, \u0151k is hasonl\u00f3an j\u00e1rtak amikor meg\u00f6zvegy\u00fcltek, hogy azonnal akadt jelentkez\u0151, bet\u00f6lteni a keletkezett \u0171rt. Hogyne, minden v\u00e1gyunk egy m\u00e1sik alkalmatlan ember lenne.<\/p>\n\n\n\n<p>Meglep\u0151en gyorsan megvolt a temet\u00e9s, harmadnapra azut\u00e1n, hogy kih\u00edvtam a ment\u0151ket. Itt, egy alf\u00f6ldi kisv\u00e1rosban nem k\u00e9rdez\u0151sk\u00f6dnek.<\/p>\n\n\n\n<p>A ment\u0151orvos meg\u00e1llap\u00edtotta a hal\u00e1l be\u00e1llt\u00e1t \u00e9s m\u00e1ris \u00e9rtes\u00edtette a temetkez\u00e9si v\u00e1llalkoz\u00f3t. Alig egy \u00f3ra leforg\u00e1sa alatt el is vitt\u00e9k n\u00e9hai f\u00e9rjem porh\u00fcvely\u00e9t. Senkit nem \u00e9rdekelt, mi\u00e9rt halt meg egy \u00f6tven\u00f6t \u00e9ves f\u00e9rfi, ahogy \u00edrni szokt\u00e1k, tragikus hirtelens\u00e9ggel. Aki ivott.&nbsp;<\/p>\n\n\n\n<p>Az a bizonyos tragikus hirtelens\u00e9g \u00f6t \u00e9ve \u00e9rlel\u0151d\u00f6tt.&nbsp;<\/p>\n\n\n\n<p>\u2013 Kir\u00fagtak \u2013 k\u00f6z\u00f6lte Zoli a f\u00e9rjem lakonikusan azon a napon.&nbsp;<\/p>\n\n\n\n<p>Csod\u00e1lkoztam is, milyen kor\u00e1n hazaj\u00f6tt. T\u00f6bbet nem tudtam bel\u0151le kiszedni. Akkort\u00f3l kezdett intenz\u00edven inni. Kor\u00e1bban is lecs\u00faszott, de mindig csak h\u00e9tv\u00e9g\u00e9n. Onnant\u00f3l viszont a k\u00e1v\u00e9 mell\u00e9 letolt k\u00e9t felest. T\u00f6bbsz\u00f6r is k\u00e1v\u00e9zott \u00e9s vodk\u00e1zott egy nap, \u00edgy akarta a j\u00f3zans\u00e1g l\u00e1tszat\u00e1t fenntartani, hogy nem csak alkoholt fogyasztott.<\/p>\n\n\n\n<p>Nem lett munkan\u00e9lk\u00fcli, mert mindig volt mit tennie, voltak eseti megb\u00edz\u00e1sai. El\u0151ad\u00e1sok, oktat\u00e1sok. Csak a rendszeress\u00e9g m\u00falt el az \u00e9let\u00e9b\u0151l. Soha nem volt agressz\u00edv, aki nem ker\u00fclt l\u00e9legzetv\u00e9telnyire k\u00f6zel hozz\u00e1, azt sem vette volna \u00e9szre, hogy r\u00e9szeg.<\/p>\n\n\n\n<p>A temet\u00e9s m\u00e1snapj\u00e1n becs\u00f6ngettem a szembe szomsz\u00e9dokhoz, Ibolya a h\u00e1ziasszony nyitott ajt\u00f3t. A gy\u00e1szruh\u00e1t levetettem, csak egy short \u00e9s egy trik\u00f3 volt rajtam a nagy h\u0151s\u00e9gben. Takar\u00edt\u00e1sban voltam, a volt f\u00e9rjem nyomait takar\u00edtottam.<\/p>\n\n\n\n<p>\u2013 Itthon van Pista?<\/p>\n\n\n\n<p>\u2013 Mit akarsz t\u0151le? \u2013 k\u00e9rdezett vissza sz\u00far\u00f3s szemmel.&nbsp;<\/p>\n\n\n\n<p>Na mondom, gyorsan elm\u00falt az egy\u00fctt\u00e9rz\u00e9s. Meg azt\u00e1n melltart\u00f3t is viselhetn\u00e9l, gondoltam, kil\u00f3g az otthonka karkiv\u00e1g\u00e1s\u00e1n.<\/p>\n\n\n\n<p>\u2013 Na, mi van? \u2013 j\u00f6tt el\u0151 Istv\u00e1n, egy sz\u00e1l gaty\u00e1ban, amit csak h\u00e1tulr\u00f3l lehetett l\u00e1tni, el\u0151l nem, takarta a pocakja.<\/p>\n\n\n\n<p>L\u00e1ttam rajta, zavarban van, szerintem nem arra a seg\u00edts\u00e9gre gondolt, amire megk\u00e9rtem.<\/p>\n\n\n\n<p>\u2013 Neked vannak j\u00f3 ismer\u0151seid, akinek el lehetne adni n\u00e9h\u00e1ny dolgot Zoli cuccaib\u00f3l.<\/p>\n\n\n\n<p>\u2013 P\u00e1r perc \u00e9s oda\u00e1t vagyok \u2013 kapott az alkalmon Istv\u00e1n.<\/p>\n\n\n\n<p>Tele volt a h\u00e1z mindenf\u00e9le r\u00e9gis\u00e9ggel, antik dologgal, m\u0171szaki eszk\u00f6zzel. Zoli mindig m\u00e1s hobbiba vetette bele mag\u00e1t. Egyszer a n\u00e9pm\u0171v\u00e9szet b\u0171v\u00f6lte el. Annak ered\u0151je a sok k\u00f6cs\u00f6g, cser\u00e9ped\u00e9ny, semmire nem j\u00f3 mez\u0151gazdas\u00e1gi eszk\u00f6z\u00f6k.<\/p>\n\n\n\n<p>K\u00e9s\u0151bb a fest\u00e9szet lett a sz\u00edve szerelme. Ibolya gyakran \u00e1llt neki modellt, pontosabban fek\u00fcdt. Egyszer a h\u00e1l\u00f3szob\u00e1ban tal\u00e1ltam \u0151ket. F\u00e9rjem \u00e9ppen az ecsetet pr\u00f3b\u00e1lgatta a hitvesi \u00e1gyunkban hever\u0151 csupasz n\u0151n.<\/p>\n\n\n\n<p>B\u00e1rmerre j\u00e1rtam a lak\u00e1sban a falakr\u00f3l s\u00fct\u00f6tt a sz\u00e9gyen a sz\u00e9tt\u00e1rt \u00f6l\u0171 aktokr\u00f3l. Els\u0151 dolgom volt leszedni a falr\u00f3l a k\u00e9peket, m\u00e1r csak a poros lenyomat eml\u00e9keztetett rendszeres megcsal\u00e1somra.<\/p>\n\n\n\n<p>\u2013 Ez m\u0171v\u00e9szet, te ezt nem \u00e9rted \u2013 p\u00f6r\u00f6lt velem Zoli, amikor sokadszorra kaptam rajta \u0151ket.<\/p>\n\n\n\n<p>\u2013 Dugd meg, ha akarod, csak a falakat ne cs\u00faf\u00edtsd el!<\/p>\n\n\n\n<p>N\u00e9ztem a szomsz\u00e9dot, aki mit sem tudott a feles\u00e9ge viselt dolgair\u00f3l \u00e9s arra gondoltam, tal\u00e1n nagyon r\u00e9gen alkalmas lett volna bossz\u00fa\u00e1ll\u00e1sra.<\/p>\n\n\n\n<p>\u2013 Szerinted van valaki, akit \u00e9rdekelnek hanglemezek? \u2013 mutattam a t\u00f6bb ezer darabos gy\u0171jtem\u00e9nyre, aminek k\u00fcl\u00f6n polcot fabrik\u00e1lt az uram.&nbsp; Meg kell mondani, az asztalos munk\u00e1hoz \u00e9rtett, mindenki csod\u00e1j\u00e1ra j\u00e1rt a b\u00fatoroknak, amelyeket \u0151 k\u00e9sz\u00edtett.<\/p>\n\n\n\n<p>\u2013 Ezt megveszem \u00e9n \u2013 csapott r\u00e1 a kollekci\u00f3ra Istv\u00e1n.<\/p>\n\n\n\n<p>Gyorsan megegyezt\u00fcnk \u00e9s r\u00f6vid id\u0151 m\u00falt\u00e1n m\u00e1r a szomsz\u00e9dasszonyt boldog\u00edtotta a n\u00e1lunk soha nem hallgatott zenet\u00e1r.<\/p>\n\n\n\n<p>Egy h\u00e9t lomtalan\u00edt\u00e1s ut\u00e1n \u00e9reztem, megtelik leveg\u0151vel a h\u00e1z. Minden f\u00f6l\u00f6s holmit eladtunk, elaj\u00e1nd\u00e9koztunk, vagy kivitt\u00fcnk a hullad\u00e9kudvarba. \u00dagy t\u0171nt,&nbsp; rajtam k\u00edv\u00fcl soha nem \u00e9lt itt m\u00e1s.<\/p>\n\n\n\n<p>M\u00e1r csak az \u00edr\u00e1sok maradtak. A fest\u00e9szet ut\u00e1n azt gondolta \u00edr\u00f3 lesz. Majd d\u00fchb\u0151l meg\u00edrja az igazs\u00e1gtalans\u00e1got, ami a szeg\u00e9ny magyar dolgoz\u00f3kkal megt\u00f6rt\u00e9nik. A politik\u00e1val, haraggal, antiszemitizmussal \u00e1titatott \u00edr\u00e1sait megmutatta. Csak rem\u00e9ltem soha nem ker\u00fclnek nyilv\u00e1noss\u00e1gra.<\/p>\n\n\n\n<p>Hogy ut\u00e1ltam, amikor d\u00fch\u00f6dten verte \u00e9jszak\u00e1kba ny\u00fal\u00f3an az \u00edr\u00f3g\u00e9pet. Vettem neki sz\u00e1m\u00edt\u00f3g\u00e9pet, de azt mondta, helyette ne \u00edrjon semmilyen g\u00e9p.&nbsp;<\/p>\n\n\n\n<p>\u2013 Temesi is egy Consul \u00edr\u00f3g\u00e9pen \u00edrta a Port \u2013 mondta a csehszlov\u00e1k m\u0171remekre c\u00e9lozva. Rajongott a szegedi \u00edr\u00f3\u00e9rt. &nbsp;<\/p>\n\n\n\n<p>\u2013 Ahogy a nagysz\u00fcleim besz\u00e9ltek. Azok a z\u00e1rt \u00eb-k.<\/p>\n\n\n\n<p>Egyszer, amikor \u00e1lomba \u00edrta-itta mag\u00e1t, bementem a dolgoz\u00f3j\u00e1ba, hogy \u00e1gyba seg\u00edtsem. A f\u00f6ld\u00f6n sz\u00e9tsz\u00f3rt lapok hevertek, rajtuk gy\u00f6ngybet\u0171s k\u00e9z\u00edr\u00e1s\u00e1val versek.<\/p>\n\n\n\n<p>Mintha teljesen m\u00e1s ember \u00edrta volna \u0151ket. A sorokb\u00f3l egy \u00e9rz\u00e9ki ember gondolatai vil\u00e1glottak ki. Teljesen megfeledkeztem magamr\u00f3l, csak faltam a bet\u0171ket \u00e9s v\u00e9gtelen szeretet \u00f6nt\u00f6tt el az ember ir\u00e1nt, aki erre k\u00e9pes volt.<\/p>\n\n\n\n<p>M\u00e1snap reggel mikor fel\u00e9bredt, az irattart\u00f3ba rendezett pap\u00edrokkal \u00fcltem az \u00e1gya sz\u00e9l\u00e9n.&nbsp;<\/p>\n\n\n\n<p>\u2013 Azt, hogy \u201eZergel\u00e9pte rebben\u00e9se\u201d, azt r\u00f3lam \u00edrtad? \u2013 k\u00e9rdeztem.<\/p>\n\n\n\n<p>\u2013 Hogy \u00edrn\u00e9k \u00e9n ilyet a te vaskos bok\u00e1dr\u00f3l?<\/p>\n\n\n\n<p>A dosszi\u00e9t az \u00e1gyra dobtam \u00e9s a kertbe mentem. A kor\u00e1bbi b\u00fcszkes\u00e9g\u00fcnk elhanyagoltan veget\u00e1lt, amit most felvert a gaz. Valaha csod\u00e1j\u00e1ra j\u00e1rtak a sokf\u00e9le n\u00f6v\u00e9nynek. A csattan\u00f3 maszlag vir\u00e1g\u00e1b\u00f3l kipattintottam n\u00e9h\u00e1ny magot. Porr\u00e1 z\u00faztam \u00e9s reggelente a vodk\u00e1j\u00e1ba kevertem.&nbsp;<\/p>\n\n\n\n<p>F\u00e9l \u00e9v sem kellett az er\u0151s m\u00e9regnek. Mindenki azt gondolta, az ital vitte el.<\/p>\n","protected":false},"excerpt":{"rendered":"<p>Maszlag Sz\u00ednleltem, mintha er\u0151sen gy\u00e1szoln\u00e9k. F\u00e1sultan hallgattam v\u00e9gig a pap besz\u00e9d\u00e9t, csak akkor \u00e9rz\u00e9keny\u00fcltem el, amikor a sorban k\u00f6vetkez\u0151r\u0151l tett eml\u00edt\u00e9st. Azt a \u201emiaty\u00e1nkot\u201d v\u00e9gig motyogtam. A k\u00fclvil\u00e1g szeme \u00e9s sz\u00e1ja el\u0151l fekete ruh\u00e1ba, fekete f\u00e1tyolba rejteztem. Csak olyan prof\u00e1n &hellip; <a href=\"https:\/\/opus-folyoirat.sk\/?page_id=3998\">Egy kattint\u00e1s ide a folytat\u00e1shoz&#8230;. <span class=\"meta-nav\">&rarr;<\/span><\/a><\/p>\n","protected":false},"author":4,"featured_media":0,"parent":0,"menu_order":0,"comment_status":"closed","ping_status":"closed","template":"","meta":{"footnotes":""},"class_list":["post-3998","page","type-page","status-publish","hentry"],"_links":{"self":[{"href":"https:\/\/opus-folyoirat.sk\/index.php?rest_route=\/wp\/v2\/pages\/3998","targetHints":{"allow":["GET"]}}],"collection":[{"href":"https:\/\/opus-folyoirat.sk\/index.php?rest_route=\/wp\/v2\/pages"}],"about":[{"href":"https:\/\/opus-folyoirat.sk\/index.php?rest_route=\/wp\/v2\/types\/page"}],"author":[{"embeddable":true,"href":"https:\/\/opus-folyoirat.sk\/index.php?rest_route=\/wp\/v2\/users\/4"}],"replies":[{"embeddable":true,"href":"https:\/\/opus-folyoirat.sk\/index.php?rest_route=%2Fwp%2Fv2%2Fcomments&post=3998"}],"version-history":[{"count":1,"href":"https:\/\/opus-folyoirat.sk\/index.php?rest_route=\/wp\/v2\/pages\/3998\/revisions"}],"predecessor-version":[{"id":4000,"href":"https:\/\/opus-folyoirat.sk\/index.php?rest_route=\/wp\/v2\/pages\/3998\/revisions\/4000"}],"wp:attachment":[{"href":"https:\/\/opus-folyoirat.sk\/index.php?rest_route=%2Fwp%2Fv2%2Fmedia&parent=3998"}],"curies":[{"name":"wp","href":"https:\/\/api.w.org\/{rel}","templated":true}]}}