{"id":4123,"date":"2025-11-26T03:30:00","date_gmt":"2025-11-26T01:30:00","guid":{"rendered":"https:\/\/opus-folyoirat.sk\/?page_id=4123"},"modified":"2026-01-15T03:31:40","modified_gmt":"2026-01-15T01:31:40","slug":"farkas-arnold-levente-2","status":"publish","type":"page","link":"https:\/\/opus-folyoirat.sk\/?page_id=4123","title":{"rendered":"Farkas Arnold Levente"},"content":{"rendered":"\n<p><strong>rajzol a p\u00e1r\u00e1s<\/strong><\/p>\n\n\n<div class=\"has-text-align-right wp-block-post-date\"><time datetime=\"2025-11-26T03:30:00+02:00\">2025-11-26<\/time><\/div>\n\n\n<div class=\"wp-block-group is-vertical is-layout-flex wp-container-core-group-is-layout-8cf370e7 wp-block-group-is-layout-flex\">\n<p><em>a n\u00e9vhez tartoz\u00f3<\/em><\/p>\n\n\n\n<p>a h\u00f3h\u00e9r hasonm\u00e1sa<\/p>\n\n\n\n<p>sok\u00e1ig nem tudta,<\/p>\n\n\n\n<p>hogy kire is hasonl\u00edt,<\/p>\n\n\n\n<p>t\u00f6rt\u00e9nt azt\u00e1n egyszer,<\/p>\n\n\n\n<p>hogy egy eur\u00f3pai nagy-<\/p>\n\n\n\n<p>v\u00e1rosban valaki r\u00e1-<\/p>\n\n\n\n<p>k\u00f6sz\u00f6nt, szabads\u00e1gon,<\/p>\n\n\n\n<p>k\u00e9rdezte az illet\u0151<\/p>\n\n\n\n<p>a hasonm\u00e1st\u00f3l, akkor<\/p>\n\n\n\n<p>az illet\u0151 megmondta<\/p>\n\n\n\n<p>a h\u00f3h\u00e9r nev\u00e9t, de<\/p>\n\n\n\n<p>a n\u00e9vhez tartoz\u00f3 foglalkoz\u00e1st<\/p>\n\n\n\n<p>nem hozta sz\u00f3ba, nem<\/p>\n\n\n\n<p>\u00e9n vagyok, mondta<\/p>\n\n\n\n<p>a h\u00f3h\u00e9r hasonm\u00e1sa, persze<\/p>\n\n\n\n<p>\u00e9n is titkoln\u00e1m, ha<\/p>\n\n\n\n<p>emberek kiv\u00e9gz\u00e9se volna<\/p>\n\n\n\n<p>a munk\u00e1m<\/p>\n<\/div>\n\n\n\n<p>*<\/p>\n\n\n\n<div class=\"wp-block-group is-vertical is-layout-flex wp-container-core-group-is-layout-8cf370e7 wp-block-group-is-layout-flex\">\n<p>bar\u00e1tai sok\u00e1ig nem<\/p>\n\n\n\n<p>tudt\u00e1k, hogy a h\u00f3h\u00e9r<\/p>\n\n\n\n<p>hasonm\u00e1sa a h\u00f3h\u00e9r hason-<\/p>\n\n\n\n<p>m\u00e1sa, mert a h\u00f3h\u00e9r a h\u00f3-<\/p>\n\n\n\n<p>h\u00e9r hasonm\u00e1s\u00e1ra hasonl\u00edtott,<\/p>\n\n\n\n<p>persze mindenki<\/p>\n\n\n\n<p>hasonl\u00edt valakire,<\/p>\n\n\n\n<p>akkor is \u00edgy van ez, ha<\/p>\n\n\n\n<p>csak egyetlen ember \u00e9l<\/p>\n\n\n\n<p>a f\u00f6ld\u00f6n, \u00fcresnek \u00e9rzem<\/p>\n\n\n\n<p>magam, \u00edrta fel napl\u00f3j\u00e1ba<\/p>\n\n\n\n<p>a h\u00f3h\u00e9r vas\u00e1rnap d\u00e9lut\u00e1n<\/p>\n<\/div>\n\n\n\n<p>*<\/p>\n\n\n\n<div class=\"wp-block-group is-vertical is-layout-flex wp-container-core-group-is-layout-8cf370e7 wp-block-group-is-layout-flex\">\n<p>cetlire \u00edrja a h\u00f3h\u00e9r<\/p>\n\n\n\n<p>hasonm\u00e1sa<\/p>\n\n\n\n<p>a h\u00f3h\u00e9r telefonsz\u00e1m\u00e1t,<\/p>\n\n\n\n<p>sosem lehet tudni,<\/p>\n\n\n\n<p>b\u00e1rmikor j\u00f3l j\u00f6het<\/p>\n\n\n\n<p>egy ismer\u0151s arc<\/p>\n\n\n\n<p>a kiv\u00e9gz\u00e9s ut\u00e1ni<\/p>\n\n\n\n<p>forgatagban,<\/p>\n\n\n\n<p>k\u00e9t pont meghat\u00e1roz<\/p>\n\n\n\n<p>egy egyenest,<\/p>\n\n\n\n<p>h\u00e1rom pont,<\/p>\n\n\n\n<p>ami nem \u00edrhat\u00f3 fel<\/p>\n\n\n\n<p>egyetlen egyenesre, meg-<\/p>\n\n\n\n<p>hat\u00e1roz egy k\u00f6rt,<\/p>\n\n\n\n<p>nincs unalmasabb<\/p>\n\n\n\n<p>az egyenes vonaln\u00e1l,<\/p>\n\n\n\n<p>a h\u00f3h\u00e9r egyed\u00fcl eb\u00e9del<\/p>\n<\/div>\n\n\n\n<p>*<\/p>\n\n\n\n<div class=\"wp-block-group is-vertical is-layout-flex wp-container-core-group-is-layout-8cf370e7 wp-block-group-is-layout-flex\">\n<p>d\u00e9lben a h\u00f3h\u00e9r<\/p>\n\n\n\n<p>egyed\u00fcl eb\u00e9del,<\/p>\n\n\n\n<p>m\u00edg a h\u00f3h\u00e9r hasonm\u00e1sa,<\/p>\n\n\n\n<p>az egyik, mert a l\u00e1nyom<\/p>\n\n\n\n<p>szerint mindenkinek<\/p>\n\n\n\n<p>\u00e1tlagosan hat hasonm\u00e1sa van,<\/p>\n\n\n\n<p>\u00e9rdekes dolog<\/p>\n\n\n\n<p>ez a hasonl\u00f3s\u00e1g,<\/p>\n\n\n\n<p>mit jelent hasonl\u00edtani,<\/p>\n\n\n\n<p>az egyik arc olyan, mint<\/p>\n\n\n\n<p>a m\u00e1sik, m\u00e9gsem t\u00f6rt\u00e9nik<\/p>\n\n\n\n<p>meg az azonoss\u00e1g, p\u00e9ld\u00e1ul<\/p>\n\n\n\n<p>ikrek, olyan az arc,<\/p>\n\n\n\n<p>mint a sz\u00f3, jelent\u00e9st<\/p>\n\n\n\n<p>kapcsol hozz\u00e1 az \u00e9rtelem<\/p>\n<\/div>\n\n\n\n<p>*<\/p>\n\n\n\n<div class=\"wp-block-group is-vertical is-layout-flex wp-container-core-group-is-layout-8cf370e7 wp-block-group-is-layout-flex\">\n<p>finom volt az eb\u00e9d,<\/p>\n\n\n\n<p>m\u00e9gis mag\u00e1ra hagytuk,<\/p>\n\n\n\n<p>a j\u00f3 h\u00f3h\u00e9r egyed\u00fcl eb\u00e9del,<\/p>\n\n\n\n<p>\u00e9rdekes dolog ez a hasonl\u00f3-<\/p>\n\n\n\n<p>s\u00e1g, hajnalban a h\u00f3h\u00e9r<\/p>\n\n\n\n<p>kiv\u00e9gzi a h\u00f3h\u00e9r hasonm\u00e1s\u00e1t,<\/p>\n\n\n\n<p>egy idegen orsz\u00e1g ismeretlen<\/p>\n\n\n\n<p>f\u0151v\u00e1ros\u00e1ban s\u00e9t\u00e1lunk<\/p>\n\n\n\n<p>a sz\u00ednes utc\u00e1n, egy feh\u00e9r<\/p>\n\n\n\n<p>templomban hasonl\u00f3 b\u0171n\u00f6k\u00e9rt<\/p>\n\n\n\n<p>im\u00e1dkozunk, elm\u00falik<\/p>\n\n\n\n<p>a hasonl\u00f3s\u00e1g, mint<\/p>\n\n\n\n<p>az angyalok t\u00e9ved\u00e9se<\/p>\n\n\n\n<p>tavasszal<\/p>\n<\/div>\n\n\n\n<p>*<\/p>\n\n\n\n<div class=\"wp-block-group is-vertical is-layout-flex wp-container-core-group-is-layout-8cf370e7 wp-block-group-is-layout-flex\">\n<p>g\u00f6r\u00f6g\u00fcl olvassa a h\u00e9bereket,<\/p>\n\n\n\n<p>azt mondja, a val\u00f3s\u00e1g<\/p>\n\n\n\n<p>id\u0151nk\u00e9nt kedvez a l\u00e1tszatoknak,<\/p>\n\n\n\n<p>a h\u00f3h\u00e9r kiv\u00e9gz\u00e9s\u00e9t v\u00e1rja<\/p>\n\n\n\n<p>a h\u00f3h\u00e9r hasonm\u00e1sa, k\u00f6penye<\/p>\n\n\n\n<p>\u00e1rny\u00e9k\u00e1t f\u00fcgef\u00e1ra akasztja,<\/p>\n\n\n\n<p>azt\u00e1n elindul k\u00e9t \u00fat k\u00f6z\u00fcl<\/p>\n\n\n\n<p>a harmadikon,<\/p>\n\n\n\n<p>t\u00e9ved \u00e9s meginog<\/p>\n<\/div>\n\n\n\n<p>*<\/p>\n\n\n\n<div class=\"wp-block-group is-vertical is-layout-flex wp-container-core-group-is-layout-8cf370e7 wp-block-group-is-layout-flex\">\n<p>h\u00f3h\u00e9r vagyok, munkak\u00f6ri<\/p>\n\n\n\n<p>le\u00edr\u00e1som szerint<\/p>\n\n\n\n<p>a dolgom amberek<\/p>\n\n\n\n<p>kiv\u00e9gz\u00e9se szakszer\u0171 m\u00f3don,<\/p>\n\n\n\n<p>ezeket a szavakat<\/p>\n\n\n\n<p>ism\u00e9telgeti a t\u00fck\u00f6r el\u0151tt<\/p>\n\n\n\n<p>\u00e1llva a h\u00f3h\u00e9r<\/p>\n\n\n\n<p>hasonm\u00e1sa, mert el akarja<\/p>\n\n\n\n<p>j\u00e1tszani a hal\u00e1lra\u00edt\u00e9lt<\/p>\n\n\n\n<p>hasonm\u00e1s\u00e1nak a kiv\u00e9gz\u00e9s\u00e9t<\/p>\n<\/div>\n\n\n\n<p>*<\/p>\n\n\n\n<div class=\"wp-block-group is-vertical is-layout-flex wp-container-core-group-is-layout-8cf370e7 wp-block-group-is-layout-flex\">\n<p>ismeretlenek irgalm\u00e1ban<\/p>\n\n\n\n<p>b\u00edzva kiv\u00e9gezte a h\u00f3h\u00e9r<\/p>\n\n\n\n<p>hasonm\u00e1sa hajnalban<\/p>\n\n\n\n<p>a h\u00f3h\u00e9rt, a hely\u00e9re \u00e1llt,<\/p>\n\n\n\n<p>sz\u00edv\u00e9t kez\u00e9be vette, \u00fagy<\/p>\n\n\n\n<p>kiab\u00e1lt, nem \u00e9n vagyok<\/p>\n\n\n\n<p>a h\u00f3h\u00e9r, ki\u00e1ltotta, a l\u00e1tszat<\/p>\n\n\n\n<p>a val\u00f3s\u00e1got cs\u00fafolta, s\u00e1rga<\/p>\n\n\n\n<p>madarak rep\u00fcltek az \u00e9gen,<\/p>\n\n\n\n<p>a h\u00f3h\u00e9r \u00f6zvegye ott<\/p>\n\n\n\n<p>\u00e1llt k\u00f6z\u00e9pen, nem k\u00f6vettem el<\/p>\n\n\n\n<p>semmif\u00e9le dolgot, morgott<\/p>\n\n\n\n<p>a hasonm\u00e1s, azt\u00e1n lemondott<\/p>\n<\/div>\n\n\n\n<p>*<\/p>\n\n\n\n<div class=\"wp-block-group is-vertical is-layout-flex wp-container-core-group-is-layout-8cf370e7 wp-block-group-is-layout-flex\">\n<p>j\u00f3slatot k\u00e9r a h\u00f3h\u00e9r<\/p>\n\n\n\n<p>hasonm\u00e1sa a t\u00fck\u00f6rt\u0151l,<\/p>\n\n\n\n<p>el fog t\u0171nni az arcod,<\/p>\n\n\n\n<p>a hal\u00e1lra\u00edt\u00e9lt teste<\/p>\n\n\n\n<p>belemered az estbe,<\/p>\n\n\n\n<p>mint a t\u00e9ved\u00e9s neve,<\/p>\n\n\n\n<p>forr\u00e1sok k\u00f6r\u00fcl apr\u00f3<\/p>\n\n\n\n<p>\u00e1llatok szaladg\u00e1lnak,<\/p>\n\n\n\n<p>nekiv\u00e1g a szent haj\u00f3<\/p>\n\n\n\n<p>a ny\u00e1ri \u00e9jszak\u00e1nak<\/p>\n<\/div>\n\n\n\n<p>*<\/p>\n\n\n\n<div class=\"wp-block-group is-vertical is-layout-flex wp-container-core-group-is-layout-8cf370e7 wp-block-group-is-layout-flex\">\n<p>k\u00e9pzeld, h\u00f3h\u00e9r vagyok,<\/p>\n\n\n\n<p>egy vasgoly\u00f3hoz hasonl\u00edtok,<\/p>\n\n\n\n<p>ha pedig l\u00e9tezik h\u00f3h\u00e9r,<\/p>\n\n\n\n<p>l\u00e9tezhet a h\u00f3h\u00e9r hasonm\u00e1sa is,<\/p>\n\n\n\n<p>nincs unalmasabb az unalom-<\/p>\n\n\n\n<p>n\u00e1l, mert olyan az ism\u00e9tl\u00e9s,<\/p>\n\n\n\n<p>mint az egyenes vonal,<\/p>\n\n\n\n<p>akaszt\u00f3f\u00e1r\u00f3l l\u00f3g\u00f3 k\u00f6t\u00e9l,<\/p>\n\n\n\n<p>akaszt\u00f3f\u00e1zunk, k\u00e9rdezi a hal\u00e1l-<\/p>\n\n\n\n<p>ra\u00edt\u00e9lt hasonm\u00e1sa a h\u00f3h\u00e9r ha-<\/p>\n\n\n\n<p>sonm\u00e1s\u00e1t\u00f3l a kiv\u00e9gz\u00e9s hajnal\u00e1n,<\/p>\n\n\n\n<p>akaszt\u00f3fahumor, de<\/p>\n\n\n\n<p>ilyet egy h\u00f3h\u00e9rr\u00f3l sz\u00f3l\u00f3<\/p>\n\n\n\n<p>versbe nem \u00edrn\u00e9k<\/p>\n<\/div>\n\n\n\n<p>*<\/p>\n\n\n\n<div class=\"wp-block-group is-vertical is-layout-flex wp-container-core-group-is-layout-8cf370e7 wp-block-group-is-layout-flex\">\n<p>lovakra k\u00f6t\u00f6zik a testet,<\/p>\n\n\n\n<p>n\u00e9gy l\u00f3 a n\u00e9gy \u00e9gt\u00e1j fel\u00e9,<\/p>\n\n\n\n<p>a h\u00f3h\u00e9r hasonm\u00e1sa<\/p>\n\n\n\n<p>nem gondol az arcra,<\/p>\n\n\n\n<p>pedig az arc \u00e1larc is lehet,<\/p>\n\n\n\n<p>t\u00e9pi a k\u00f6rm\u00e9t, v\u00e9res az ujja,<\/p>\n\n\n\n<p>a hasonl\u00f3s\u00e1g k\u00fcl\u00f6nbs\u00e9g<\/p>\n\n\n\n<p>is lehet, egy darabka<\/p>\n\n\n\n<p>sz\u00e9nnel lerajzolja,<\/p>\n\n\n\n<p>nem lehet \u00f6sszerakni<\/p>\n<\/div>\n","protected":false},"excerpt":{"rendered":"<p>rajzol a p\u00e1r\u00e1s a n\u00e9vhez tartoz\u00f3 a h\u00f3h\u00e9r hasonm\u00e1sa sok\u00e1ig nem tudta, hogy kire is hasonl\u00edt, t\u00f6rt\u00e9nt azt\u00e1n egyszer, hogy egy eur\u00f3pai nagy- v\u00e1rosban valaki r\u00e1- k\u00f6sz\u00f6nt, szabads\u00e1gon, k\u00e9rdezte az illet\u0151 a hasonm\u00e1st\u00f3l, akkor az illet\u0151 megmondta a h\u00f3h\u00e9r nev\u00e9t, &hellip; <a href=\"https:\/\/opus-folyoirat.sk\/?page_id=4123\">Egy kattint\u00e1s ide a folytat\u00e1shoz&#8230;. <span class=\"meta-nav\">&rarr;<\/span><\/a><\/p>\n","protected":false},"author":4,"featured_media":0,"parent":0,"menu_order":0,"comment_status":"closed","ping_status":"closed","template":"","meta":{"footnotes":""},"class_list":["post-4123","page","type-page","status-publish","hentry"],"_links":{"self":[{"href":"https:\/\/opus-folyoirat.sk\/index.php?rest_route=\/wp\/v2\/pages\/4123","targetHints":{"allow":["GET"]}}],"collection":[{"href":"https:\/\/opus-folyoirat.sk\/index.php?rest_route=\/wp\/v2\/pages"}],"about":[{"href":"https:\/\/opus-folyoirat.sk\/index.php?rest_route=\/wp\/v2\/types\/page"}],"author":[{"embeddable":true,"href":"https:\/\/opus-folyoirat.sk\/index.php?rest_route=\/wp\/v2\/users\/4"}],"replies":[{"embeddable":true,"href":"https:\/\/opus-folyoirat.sk\/index.php?rest_route=%2Fwp%2Fv2%2Fcomments&post=4123"}],"version-history":[{"count":1,"href":"https:\/\/opus-folyoirat.sk\/index.php?rest_route=\/wp\/v2\/pages\/4123\/revisions"}],"predecessor-version":[{"id":4124,"href":"https:\/\/opus-folyoirat.sk\/index.php?rest_route=\/wp\/v2\/pages\/4123\/revisions\/4124"}],"wp:attachment":[{"href":"https:\/\/opus-folyoirat.sk\/index.php?rest_route=%2Fwp%2Fv2%2Fmedia&parent=4123"}],"curies":[{"name":"wp","href":"https:\/\/api.w.org\/{rel}","templated":true}]}}