{"id":4146,"date":"2025-08-05T10:04:00","date_gmt":"2025-08-05T08:04:00","guid":{"rendered":"https:\/\/opus-folyoirat.sk\/?page_id=4146"},"modified":"2026-01-20T10:09:08","modified_gmt":"2026-01-20T08:09:08","slug":"kiegeszitesek-az-emlekezet-apologiajahoz","status":"publish","type":"page","link":"https:\/\/opus-folyoirat.sk\/?page_id=4146","title":{"rendered":"Kieg\u00e9sz\u00edt\u00e9sek az eml\u00e9kezet apol\u00f3gi\u00e1j\u00e1hoz"},"content":{"rendered":"<div class=\"has-text-align-right wp-block-post-date\"><time datetime=\"2025-08-05T10:04:00+02:00\">2025-08-05<\/time><\/div>\n\n\n<p><strong>\u2014\u2014 \u2026elmer\u00fcl\u00f6k a testmeleg folyad\u00e9kkal teliengedett k\u00e1dban, lebegek a fenenagy-s\u00f6t\u00e9ts\u00e9gben, s k\u00f6r\u00f6ttem ott sejlenek, sustorognak megsz\u00f3l\u00edt\u00e1sra k\u00e9sz eml\u00e9keim.&nbsp;<\/strong><\/p>\n\n\n\n<p><strong>Ezt az ingermegvon\u00e1sos k\u00eds\u00e9rletet m\u00e1r sokan elv\u00e9gezt\u00e9k, de a legelsz\u00e1ntabbak is csak p\u00e1r napig b\u00edrt\u00e1k. A cs\u00facs hat nap. Ez ut\u00f3bbi cs\u00facstart\u00f3kb\u00f3l egyesekn\u00e9l maradand\u00f3 agyi k\u00e1rosod\u00e1st okozott a teljes ingermegvon\u00e1s. Kezel\u00e9s c\u00e9lj\u00e1b\u00f3l \u00e1ltal\u00e1ban egy \u00f3r\u00e1ra fektetik be az alanyokat, \u00e1m \u00e9n enn\u00e9l j\u00f3val tov\u00e1bb szeretn\u00e9k maradni&#8230;&nbsp; Ugyanis nem kezel\u00e9s miatt vagyok itt.&nbsp;<\/strong><\/p>\n\n\n\n<p><strong>Az \u00e9n k\u00e9rd\u00e9sem a k\u00f6vetkez\u0151: A teljes csendben, a t\u00f6k\u00e9letes s\u00f6t\u00e9tben, szag \u00e9s minden m\u00e1s k\u00fcls\u0151 inger n\u00e9lk\u00fcl megismerhetem-e, meg\u00e9rthetem-e, k\u00f6zelebb ker\u00fclhetek-e az \u00e1lmaimhoz, eml\u00e9keimhez? Van-e es\u00e9ly arra, hogy a maguk kend\u0151zetlen, agyam \u00e1ltal k\u00f6zvet\u00edtett form\u00e1j\u00e1ban \u201el\u00e1ssam\u201d ok\u00e9t, vagy mindez torzul a saj\u00e1t szeml\u00e9l\u0151d\u00e9sem f\u00e1tyl\u00e1n kereszt\u00fcl? M\u00e9g pontosabban: torzul-e ez a tapasztalat az interpret\u00e1ci\u00f3 \u00e1ltal, \u00e9s ha interpret\u00e1ci\u00f3r\u00f3l van sz\u00f3, ki vagy mi interpret\u00e1l?&nbsp;<\/strong><\/p>\n\n\n\n<p><strong>A ny\u00edl\u00e1sz\u00e1r\u00f3k t\u00f6k\u00e9letesen z\u00e1rnak, a meleg v\u00edz adagol\u00e1sa illetve cser\u00e9je folyamatos.<\/strong><\/p>\n\n\n\n<p><strong>Testemet m\u00e1r ki\u00fcr\u00edtettem, k\u00e9szen \u00e1llok a k\u00eds\u00e9rletre.<\/strong><\/p>\n\n\n\n<p><strong>Az elk\u00f6vetkez\u0151 \u00f3r\u00e1kban, napban (?) csak az agyam m\u0171k\u00f6dik, csak \u00f6nmagammal kommunik\u00e1lok, s \u00e9rtelemszer\u0171en csak az eml\u00e9keimb\u0151l mer\u00edtek.<\/strong><\/p>\n\n\n\n<p><strong>Neh\u00e9z pontosan meghat\u00e1rozni, mit is v\u00e1rhatok ett\u0151l a k\u00eds\u00e9rlett\u0151l, milyen hat\u00e1ssal lesz r\u00e1m, csak azt tudom eg\u00e9szen biztosan, hogy v\u00e9g\u00fcl (ha nem szenvedek komolyabb agyi k\u00e1rosod\u00e1st) szeretn\u00e9m le\u00edrni, mit tapasztaltam. Mivel ebben a t\u00f6k\u00e9letesen szigetelt helyis\u00e9gben sem f\u00e9ny, sem hang, sem semmif\u00e9le m\u00e1s behat\u00e1s nem \u00e9rhet, ez\u00e9rt sz\u00e1molok csak az agyammal, mint \u201et\u00e1rsszenved\u0151vel\u201d. Az agy, amely hamarabb hozza meg d\u00f6nt\u00e9s\u00e9t, mint miel\u0151tt az \u201e\u00e9n\u201d ezt a \u201ek\u00f6z\u00f6s\u201d d\u00f6nt\u00e9st tudatos\u00edtan\u00e1, most teljes szabadkezet kap. Ne lesz lek\u00f6tve sem felesleges k\u00fcls\u0151 k\u00f6zbevet\u00e9sekkel, sem zavar\u00f3 k\u00f6r\u00fclm\u00e9nyekkel.&nbsp;<\/strong><\/p>\n\n\n\n<p><strong>Nagy k\u00e9rd\u00e9s sz\u00e1momra, vajon megfigyelhet\u0151 lesz-e? Tetten \u00e9rhetem-e a sz\u00e9tsz\u00f3rts\u00e1g\u00e1ban, t\u00f6bbsz\u00f3lam\u00fas\u00e1g\u00e1ban azt, ami meghat\u00e1roz\u00f3, ami l\u00e9nyeg? \u00c9s v\u00e9g\u00fcl is ki fog stimul\u00e1lni kit? \u201eKi\u201d lesz az, aki majd eml\u00e9kezik, \u00e9s \u201eki\u201d lesz, aki \u00e9rtelmez? De addig is mif\u00e9le gondolati, \u00e9rzelmi szurrog\u00e1tumokkal l\u00e1tja majd el mag\u00e1t ez a rejt\u0151zk\u00f6d\u0151 tudat? Vajon lesz-e logik\u00e1ja a felt\u00f6r\u0151 eml\u00e9keknek, felfedezhet\u0151-e b\u00e1rmif\u00e9le rejtett kapcsolat a gondolatok sorj\u00e1z\u00e1s\u00e1ban?&nbsp;<\/strong><\/p>\n\n\n\n<p><strong>De nem sorolom a k\u00e9rd\u00e9seket, hagyjunk az esem\u00e9nyeknek \u2014ahogy odakint mondtam volna \u2014 szabad foly\u00e1st\u2026<\/strong><\/p>\n\n\n\n<p><strong>Testem az Epson s\u00f3val tel\u00edtett v\u00edz miatti lebeg\u00e9sben semmit sem \u00e9rez, a v\u00edz h\u0151m\u00e9rs\u00e9klet\u00e9t a testem\u00e9hez \u201eigaz\u00edtj\u00e1k\u201d, \u00edgy csak az el\u0151re beharangozott v\u00e9gtagokban jelentkez\u0151 esetleges viszket\u00e9st\u0151l tartok\u2026<\/strong><\/p>\n\n\n\n<p><strong>Ez \u2014 \u00e1ll\u00edt\u00f3lag \u2014 k\u00e9s\u0151bb elm\u00falik, majd bizonyos id\u0151 ut\u00e1n az agy alfa vagy b\u00e9ta hull\u00e1mai \u00e1tmennek th\u00e9ta hull\u00e1mokba, melyre \u2014 egy\u00e9bk\u00e9nt \u2014 tipikusan alv\u00e1s \u00e9s \u00e9bred\u00e9s el\u0151tt ker\u00fcl sor. A th\u00e9ta-\u00e1llapot j\u00f3 n\u00e9h\u00e1ny percig eltarthat an\u00e9lk\u00fcl, hogy az alany elvesz\u00edten\u00e9 az \u00f6ntudat\u00e1t&#8230;<\/strong> <strong>\u00e9ppen ez\u00e9rt vannak \u2014 mint most \u00e9n is \u2014, akik arra haszn\u00e1lj\u00e1k a meghosszabb\u00edtott th\u00e9ta-\u00e1llapotot, hogy er\u0151s\u00edts\u00e9k a kreativit\u00e1sukat \u00e9s a probl\u00e9mamegold\u00f3-k\u00e9pess\u00e9g\u00fcket\u2026<\/strong><\/p>\n\n\n\n<p><strong>Az \u00e1lmokban nincs m\u00falt\u2026 nem lehet \u201evisszamenni\u201d, a m\u00faltba&#8230;&nbsp; az agyban az \u00e1lom mindig jelen idej\u0171\u2026 a visszaeml\u00e9kez\u00e9s, a m\u00falt csak abban a form\u00e1ban jelenik meg, ha azt \u00e1lmodom, hogy \u00e1lmodom\u2026 ez minden engedm\u00e9ny, az \u00e1lomban ez az \u00e1lombeli \u00e1lom jelk\u00e9pezheti a m\u00falt id\u0151t\u2026 egy\u00e9bk\u00e9nt minden jelen idej\u0171&#8230; minden \u201emost\u201d&nbsp; t\u00f6rt\u00e9nik\u2026 abban a pillanatban, amikor \u00e1lmodom&#8230; \u2014\u2014<\/strong><\/p>\n\n\n\n<p>Valamif\u00e9le t\u00fcntet\u00e9s el\u0151tt vagyok p\u00e1r nappal \u2014 ez \u201ebenne van a leveg\u0151ben\u201d \u2014, s a fiatalember&nbsp;<\/p>\n\n\n\n<p><strong>\u2014\u2014 aki hat\u00e1rozottan nem \u00e9n vagyok \u2014\u2014<\/strong><\/p>\n\n\n\n<p>\u00e9les szemmel figyeli a pesti egyetem bej\u00e1rat\u00e1t. A m\u00e1jus v\u00e9gi er\u0151s naps\u00fct\u00e9s el\u0151l egy antikv\u00e1riumba h\u00faz\u00f3dott be, s mik\u00f6zben a kirakat \u00fcveg\u00e9n kereszt\u00fcl szemmel tartja az eml\u00edtett int\u00e9zm\u00e9ny bej\u00e1rat\u00e1t, a k\u00f6nyvek k\u00f6z\u00f6tt v\u00e1logat.&nbsp;<\/p>\n\n\n\n<p>A kirakat melletti \u00e1llv\u00e1nyok polcai filoz\u00f3fiai jelleg\u0171 k\u00f6nyvek alatt hajladoznak, \u00edgy bal kez\u00e9t Kant egyik k\u00f6nyv\u00e9n nyugtatva&nbsp;<\/p>\n\n\n\n<p><strong>\u2014\u2014 igen, az antin\u00f3mi\u00e1k felfedez\u00e9se nagy hat\u00e1ssal volt r\u00e1m, ez \u00e9rthet\u0151 megjelen\u00edt\u00e9s ebben az \u00e1lomban \u2014\u2014&nbsp;<\/strong><\/p>\n\n\n\n<p>szeme az eg\u00e9sz filoz\u00f3fiat\u00f6rt\u00e9netet p\u00e1szt\u00e1zza.&nbsp;<\/p>\n\n\n\n<p>Az egyik arra s\u00e9t\u00e1l\u00f3 elad\u00f3 megk\u00e9rdezi seg\u00edthet-e, de \u0151 csak r\u00e1mosolyog, s a fej\u00e9t megr\u00e1zva jelzi, hogy egyed\u00fcl is boldogul.&nbsp;<\/p>\n\n\n\n<p>T\u00edz perc sem telik el \u2014 ez alatt kinyitja az eml\u00edtett k\u00f6nyvet \u00e9s a n\u00e9gy antin\u00f3mi\u00e1r\u00f3l sz\u00f3l\u00f3 r\u00e9szbe m\u00e9lyed (a vil\u00e1gnak van kezdete illetve a vil\u00e1gnak nincs kezdete c\u00edm\u0171t) \u2014 , s Szofi jelenik meg&nbsp; az egyetem bej\u00e1rat\u00e1ban. A fiatalember csak addig tartja szemmel, m\u00edg meg nem gy\u0151z\u0151dik r\u00f3la, hogy a l\u00e1ny \u00e1tfutva az \u00fattesten, ugyanabba az antikv\u00e1riumba igyekszik, amelyet \u0151 is kiv\u00e1lasztott mag\u00e1nak, majd a k\u00f6nyvet a hely\u00e9re visszat\u00e9ve, ell\u00e9p a kirakatt\u00f3l, tov\u00e1bbhalad a filoz\u00f3fia felirat\u00fa \u00e1llv\u00e1nyok mellett, s h\u00e1ttal fordul a bej\u00e1ratnak, azonban \u00fagy, hogy a bel\u00e9p\u0151 l\u00e1ny felt\u00e9tlen\u00fcl \u00e9szrevegye.&nbsp;<\/p>\n\n\n\n<p>\u00cdgy is t\u00f6rt\u00e9nik.&nbsp;<\/p>\n\n\n\n<p>Szofi b\u00f3lintva nyugt\u00e1zza a p\u00e9nzt\u00e1rg\u00e9p m\u00f6g\u00f6tt \u00fcl\u0151 id\u0151s \u00far udvarias pillant\u00e1s\u00e1t, majd egyenesen hozz\u00e1 siet.&nbsp;<\/p>\n\n\n\n<p>Szia!<\/p>\n\n\n\n<p>Micsoda v\u00e9letlen! \u2014a fiatalember \u00fagy tesz, mint akit meglep a l\u00e1ny l\u00e1tv\u00e1nya. \u2014 Hogy ker\u00fclsz te ide?&nbsp;<\/p>\n\n\n\n<p>Nagyon gyakran j\u00e1rok ide \u2014 feleli a l\u00e1ny f\u00e9lrehajtott fejjel, sz\u00e1ja sark\u00e1ban provokat\u00edv mosollyal, amely k\u00e9sz v\u00e1lasszal v\u00e1rja a \u201e\u2014 Nem sok l\u00e1ny j\u00e1r ide.\u201d&nbsp; \u2014 t\u00edpus\u00fa megjegyz\u00e9st:<\/p>\n\n\n\n<p>Nem sok l\u00e1ny j\u00e1r ide.<\/p>\n\n\n\n<p>Nem mondoood \u2014 feleli cs\u00fafond\u00e1rosan, szab\u00e1lyos perlok\u00faci\u00f3s hangs\u00fallyal, s m\u00e9gis kedvesen.<\/p>\n\n\n\n<p>A fiatalember csak mosolyog: \u2014 Mikor \u00e9rsz r\u00e1m? \u2014 k\u00e9rdi.<\/p>\n\n\n\n<p>A l\u00e1ny m\u00e9lyen a szem\u00e9be n\u00e9z \u00e9s hallgat. A fiatalember felvonja jobb szem\u00f6ld\u00f6k\u00e9t \u00e9s v\u00e1r.&nbsp;<\/p>\n\n\n\n<p>Haza kell utaznom.&nbsp;<\/p>\n\n\n\n<p>Mikor?&nbsp;<\/p>\n\n\n\n<p>Min\u00e9l hamarabb. Tal\u00e1n m\u00e9g ma.&nbsp;<\/p>\n\n\n\n<p>Elviszlek.&nbsp;<\/p>\n\n\n\n<p>Ne bolondozz. T\u00f6bb mint h\u00e1romsz\u00e1z kilom\u00e9ter.&nbsp;<\/p>\n\n\n\n<p>Na \u00e9s? Itt a kocsim.&nbsp;<\/p>\n\n\n\n<p>Te bolond vagy. &nbsp;<\/p>\n\n\n\n<p>Akkor megegyezt\u00fcnk. \u2014 jelenti ki a fiatalember azon a hat\u00e1rozott hangon, amellyel \u00e1ltal\u00e1ban egy hossz\u00fa \u00e9rtekezletet szoktak lez\u00e1rni. Az \u00e9rtekezletet \u00e9rtelemszer\u0171en a f\u0151n\u00f6k z\u00e1rja le, s a f\u00e9rfi rendelkezik a f\u0151n\u00f6k\u00f6k vit\u00e1t lez\u00e1r\u00f3 hat\u00e1rozotts\u00e1g\u00e1val.<\/p>\n\n\n\n<p>V\u00e1rj! M\u00e9g k\u00f6r\u00fcl akarok n\u00e9zni.<\/p>\n\n\n\n<p>Mit keresel?&nbsp;<\/p>\n\n\n\n<p>Trianonr\u00f3l keresek k\u00f6nyveket.&nbsp;<\/p>\n\n\n\n<p>Mi k\u00f6z\u00f6d neked Trianonhoz? \u2014 igyekszik a lehet\u0151 leg\u00e1rtatlanabbul fogalmazni.&nbsp;<\/p>\n\n\n\n<p>Tudod, hogy t\u00f6rt\u00e9nelem szakos vagyok, nem?&nbsp;<\/p>\n\n\n\n<p>A f\u00e9rfi b\u00f3lint.<\/p>\n\n\n\n<p>Akkor mit csod\u00e1lkozol? Nemsok\u00e1ra \u00e9vfordul\u00f3 lesz \u00e9s&#8230; \u2014 hirtelen fejezi be. B\u00e1r j\u00f3 p\u00e1r hete ismeri a fi\u00fat, s kapcsolatukat komoly bar\u00e1ts\u00e1gnak tekinti, eddig nem tartotta fontosnak elmondani, hogy a j\u00fanius negyediki t\u00fcntet\u00e9sen \u0151 maga is r\u00e9szt vesz, s mint hat\u00e1ron t\u00fali fiatal besz\u00e9det is mond. Ehhez keres anyagot.&nbsp;<\/p>\n\n\n\n<p>A fi\u00fa meg azt nem mondhatja el, hogy m\u00e1r r\u00e9gen tud a t\u00fcntet\u00e9sr\u0151l, s a l\u00e1nnyal is csak az\u00e9rt ismerkedett meg, mert f\u0151n\u00f6keit\u0151l ezt az utas\u00edt\u00e1st kapta.&nbsp;<\/p>\n\n\n\n<p>Tudod, nemsok\u00e1ra t\u00fcntet\u00e9st szervez\u00fcnk \u2014 \u00fagy d\u00f6nt kapcsolatuk el\u00e9g er\u0151s, hogy beavassa a&nbsp;fi\u00fat az esem\u00e9nyekbe \u2014 \u00e9pp Trianon alkalm\u00e1b\u00f3l &#8230; s&nbsp;felk\u00e9rtek, hogy \u00e9n is mondjak besz\u00e9det&#8230; mint hat\u00e1ron t\u00fali&#8230; ehhez keresek irodalmat\u2026<\/p>\n\n\n\n<p>\u00c9rtem \u2014 b\u00f3lint csendesen. \u2014 Ormos, Raffay?&nbsp;<\/p>\n\n\n\n<p>\u00c1, \u00fagy l\u00e1tom az \u00far j\u00e1rtas a t\u00f6rt\u00e9nelemben \u2014 nevet a l\u00e1ny, majd folytatja \u2014 nem, nekem most valami szem\u00e9lyesre van sz\u00fcks\u00e9gem&#8230; olyasvalakit\u0151l, aki \u00e9rintett, aki esetleg szem\u00e9lyes \u00e9lm\u00e9nyekkel rendelkezik&#8230; s az eml\u00e9kez\u00e9se r\u00e1ad\u00e1sul megtal\u00e1lhat\u00f3 itt is\u2026 \u2014 mutat k\u00f6rbe. &nbsp;<\/p>\n\n\n\n<p>Mi ez a szarkasztikus mosoly?&nbsp;<\/p>\n\n\n\n<p>Csak azon t\u00f6r\u00f6m a fejem, te szem\u00e9ly szerint mit v\u00e1rsz ett\u0151l?<\/p>\n\n\n\n<p>El\u00e9g szomor\u00fa, hogy ezt nem tudod \u2014 feleli megrov\u00f3an a l\u00e1ny, majd hogy enyh\u00edtsen a szigor\u00e1n, a f\u00e9rfi nyak\u00e1ra mutatva megk\u00e9rdi: \u2014 Mi ez nyakadban?<\/p>\n\n\n\n<p>&nbsp;&nbsp; &nbsp; &nbsp; \u2014 &nbsp; Ez az Ankh. Egy egyiptomi kereszt. Ez a kis kerek valami a napot jelk\u00e9pezi, alatta a vonal a horizontot, a kereszt als\u00f3 hossz\u00fa sz\u00e1ra pedig a nap \u00fatj\u00e1t&#8230; nagyon \u0151si jelk\u00e9p, \u00e9n mindent\u0151l elvonatkoztatva \u0151sis\u00e9ge miatt hordom. Valami, ami nagyon r\u00e9gi&#8230;\u00e9s emberi&#8230;&nbsp; Az id\u0151k sor\u00e1n az ankh az \u00e9let \u00e9s a halhatatlans\u00e1g, a vil\u00e1gegyetem, a hatalom, valamint az \u00e9letad\u00f3 v\u00edz \u00e9s leveg\u0151 szimb\u00f3luma lett.<\/p>\n\n\n\n<p>&nbsp; &nbsp; &nbsp; &nbsp; \u2014&nbsp; Biztos, hogy nem valami szekt\u00e1ban vagy benne, \u00e9s ez nem annak a&nbsp;jele? \u2014 k\u00e9rdezi a&nbsp;l\u00e1ny.&nbsp;<\/p>\n\n\n\n<p>A&nbsp;f\u00e9rfi odamegy a&nbsp;\u201eT\u00f6rt\u00e9nelem\u201d felirat\u00fa polchoz \u00e9s egy kis keresg\u00e9l\u00e9s ut\u00e1n leemel egy k\u00f6nyvet: <em>Jelek \u00e9s szimb\u00f3lumok<\/em>. Fellapozza \u00e9s p\u00e1r pillanat m\u00falva odatartja a l\u00e1ny el\u00e9. M\u00e9g a k\u00e9p is ott szerepel. A le\u00edr\u00e1s szinte sz\u00f3r\u00f3l sz\u00f3ra egyezik azzal, amit a f\u00e9rfi \u00e1ll\u00edtott.<\/p>\n\n\n\n<p>&nbsp; &nbsp; &nbsp; &nbsp; \u2014 &nbsp; Nem tudtam \u2014 vallja be pironkodva a l\u00e1ny.<\/p>\n\n\n\n<p>&nbsp; &nbsp; &nbsp; &nbsp; \u2014 &nbsp; Nem baj\u2026, egy\u00e1ltal\u00e1n nem baj \u2014 feleli csendesen \u00e9s megbocs\u00e1t\u00f3an a&nbsp;f\u00e9rfi. Olyan szeretettel n\u00e9z a l\u00e1nyra, mintha az apja vagy a szerelmese \u00e9s nem a&nbsp;k\u00f6zponti nyomoz\u00f3 hivatal megb\u00edzhat\u00f3 tisztje lenne.<\/p>\n\n\n\n<p><strong>\u2014\u2014 Az agy valamelyik r\u00e9teg\u00e9ben \u2014 katatim vagy imaginat\u00edv k\u00e9ps\u00edknak nevezik \u2014 \u00e1lland\u00f3an p\u00f6r\u00f6gnek, folyamatosan \u00e1ramlanak&nbsp; bizonyos k\u00e9pek \u2014 nyilv\u00e1n csak olyanok, amiket az ember \u00e9lete sor\u00e1n tapasztalt \u2014, s most \u00e9rdekes megtapasztalnom, amint egy ismer\u0151s kisl\u00e1ny t\u00f6rt\u00e9net\u00e9nek \u201evet\u00edt\u00e9se\u201d k\u00f6zben olyan \u00e9rz\u00e9s ker\u00edt hatalm\u00e1ba \u201emintha ott lettem volna\u201d\u2026Plat\u00f3n jut eszembe, aki a \u201ePhaidonban\u201d azt bizonygatja: <\/strong><em>\u201ePlat\u00f3n azonban, azt hiszem beteg volt\u201d. <\/em><strong>Megt\u00f6rt\u00e9ntk\u00e9nt \u00e1ll\u00edt \u2014pontosabban sejtet \u2014 valamit (tudniillik, hogy Platon beteg volt), amir\u0151l nyilv\u00e1nval\u00f3, hogy nem igaz, illetve azt \u00e1ll\u00edtja, nem vett r\u00e9szt azon az esem\u00e9nyen, amelyr\u0151l szemmel l\u00e1that\u00f3an mindenkin\u00e9l hitelesebben tud\u00f3s\u00edt. Nem tudom, k\u00e9pes leszek-e mindazt meg\u00edrni \u00edgy, ahogyan most jelent meg szemem el\u0151tt\u2026egy\u00e1ltal\u00e1n azt sem tudom ez a k\u00e9pzelg\u00e9s most bizonyos eml\u00e9k interpret\u00e1ci\u00f3j\u00e1nak, hallucin\u00e1ci\u00f3nak vagy valami m\u00e1snak sz\u00e1m\u00edt-e, egysz\u00f3val: <em>\u201ebeteg vagyok-e\u201d<\/em>?&nbsp;<\/strong><\/p>\n\n\n\n<p><strong>A tudat az eml\u00e9keimbe \u00f6lt\u00f6zik, s nincs is m\u00e1s lehet\u0151s\u00e9ge. Valamibe kapaszkodnia kell.&nbsp;<\/strong><\/p>\n\n\n\n<p><strong>Val\u00f3sz\u00edn\u0171leg Isten sem b\u00edrta sok\u00e1ig az ingerelvon\u00e1st, ez\u00e9rt alkotta meg a vil\u00e1got. Valami val\u00f3s\u00e1gosra volt sz\u00fcks\u00e9ge, hiszen a tudat \u2014 mint a k\u00eds\u00e9rletek mutatj\u00e1k \u2014 k\u00e9ptelen elviselni az esem\u00e9nytelens\u00e9get, az eml\u00e9kezetn\u00e9lk\u00fclis\u00e9get, a t\u00f6rt\u00e9netis\u00e9gn\u00e9lk\u00fclis\u00e9get&#8230; valamit mag\u00e1ra kellett kapnia\u2026(az, hogy a kozmosz \u2014 vagy egy r\u00e9sze \u2014<\/strong>&nbsp;<strong> tudattal rendelkezik&nbsp; \u00e9ppoly kev\u00e9ss\u00e9 \u00e9rtelmetlen felt\u00e9telez\u00e9s, mint az hogy a kozmosz matematikailag alig kimutathat\u00f3 porszeme, az ember is \u201etudatosult\u201d)&nbsp;<\/strong><\/p>\n\n\n\n<p><strong>Ebben az \u00f6lt\u00f6zk\u00f6d\u00e9sben nyilv\u00e1n nehezen fedezhet\u0151 fel logika \u2014 egy\u00e9bk\u00e9nt<\/strong> <strong>nem is c\u00e9lja logikusnak lenni \u2014 , mindegy, hogy az eml\u00e9k-ruhat\u00e1rb\u00f3l milyen sorrendben veszem fel a zokni-eml\u00e9ket, az als\u00f3nadr\u00e1g-eml\u00e9ket, a nadr\u00e1g-eml\u00e9ket, az ing-eml\u00e9ket \u00e9s \u00edgy tov\u00e1bb. Persze elk\u00e9pzelhet\u0151 elk\u00e9pzelhetetlen alternat\u00edva is, mondjuk a nadr\u00e1gra veszem az als\u00f3nadr\u00e1got, de ezzel nyilv\u00e1n maga Isten is tiszt\u00e1ban van&#8230;&nbsp; Mi emberek nem csak v\u00e1laszt\u00e1saink vagyunk, de v\u00e9letlenjeink is\u2026 ez\u00e9rt tudjuk elviselni m\u00e9lt\u00f3s\u00e1ggal az esetlegess\u00e9get\u2026<\/strong><\/p>\n\n\n\n<p><strong>A jelenet \u201ebe\u00e1ll\u00edt\u00e1sai\u201d \u2014 \u00fagy n\u00e9z ki\u2014 valahol bennem vannak (tal\u00e1n rendez\u0151nek kellett volna mennem?), \u00e9s teljesen \u00e9letszer\u0171en t\u00f6lt\u00f6tt\u00e9k ki a k\u00e9pzeletemet. Ezzel a r\u00f6vid jelenettel kezd\u0151d\u00f6tt teh\u00e1t mer\u00fcl\u00e9ses k\u00eds\u00e9rletem, \u00e9s k\u00f6zben az agyam tov\u00e1bbra is k\u00f6vethetetlen-szertelen\u00fcl kalandozik\u2026 most teljesen tiszt\u00e1n l\u00e1tom kinyitott k\u00f6nyvemet \u00e9s a mondanival\u00f3 nem gondolatk\u00e9nt jelenik meg szemem el\u0151tt, hanem vizu\u00e1lisan, Calibri bet\u0171kkel szedett sz\u00f6vegk\u00e9nt: <\/strong><em>\u2026az a r\u00e9gi perzsa szok\u00e1s, amely a perzs\u00e1k legnagyobb \u00fcnnep\u00e9hez a N\u00f3ruzhoz k\u00f6t\u0151dik, m\u00e9gpedig a \u201ehaft sz\u00edn\u201d szok\u00e1sa, ami mondjuk a kereszt\u00e9nyek kar\u00e1csonyf\u00e1j\u00e1hoz hasonl\u00edthat\u00f3. A l\u00e9nyeg pedig, hogy valamikor r\u00e9gen (mindenesetre az iszlamiz\u00e1ci\u00f3 el\u0151tti id\u0151kre gondoljunk) az \u00faj \u00e9vet \u00fcnneplend\u0151, h\u00e9t olyan t\u00e1rgyat tettek az asztalra ami \u201es\u201d bet\u0171vel kezd\u0151d\u00f6tt (akkor m\u00e9g ugye \u201ehaft s\u00edn\u201d-nek nevezt\u00e9k). Ilyenek p\u00e9ld\u00e1ul a sarab (bor) az \u00fcnnepl\u00e9shez, sir (tej) a t\u00e1pl\u00e1l\u00e9knak, sarbat (s\u00f6rbet) az \u00e9lvezetnek, samsir (kard) a&nbsp;biztons\u00e1g\u00e9rt \u00e9s \u00edgy tov\u00e1bb. Az iszl\u00e1m er\u0151s\u00f6d\u00e9se \u00e9s elterjed\u00e9se ut\u00e1n a&nbsp;szok\u00e1s nem sz\u0171nt meg(!) \u00e1m v\u00e1ltozott, s&nbsp;az\u00f3ta h\u00e9t olyan t\u00e1rgy ker\u00fcl az asztalra ami \u201esz\u201c-el kezd\u0151dik(sz\u00edb mint alma, szekku mint p\u00e9nz\u00e9rm\u00e9k, szomb\u00fal mint b\u00fazaszemek stb.) , mondv\u00e1n az \u201esz\u201d bet\u0171vel kezd\u0151d\u0151 szavak kem\u00e9ny, keser\u0171, hideg hangok. Az \u201es\u201d bet\u0171r\u0151l az\u00e9rt v\u00e1ltoztattak a zoroaszti\u00e1nusok \u201esz\u201c bet\u0171vel kezd\u0151d\u0151 szavakra, hogy minden \u00e9vben eml\u00e9kezzenek arra, mennyire kem\u00e9ny, keser\u0171 \u00e9s hideg a vesztes\u00e9g. Sokan nem is tudj\u00e1k mi\u00e9rt ez a&nbsp;v\u00e1ltoz\u00e1s, s\u0151t sokan nem is tudnak az \u201es\u201c bet\u0171s v\u00e1ltozatr\u00f3l&#8230; de az\u00e9rt mint szok\u00e1s megmaradt, \u00e9s az\u00f3ta is minden \u00e9vben tizenh\u00e1rom napon kereszt\u00fcl lelkesen \u00fcnneplik N\u00f3ruzt&#8230;&nbsp;<\/em><\/p>\n\n\n\n<p><strong>\u2014\u2014<\/strong><strong>mennyire kem\u00e9ny, keser\u0171 \u00e9s hideg a vesztes\u00e9g\u2026 mennyire kem\u00e9ny, keser\u0171 \u00e9s hideg a vesztes\u00e9g ism\u00e9tlem k\u00e9tszer is. Ezt mindenk\u00e9pp meg kell jegyeznem!&nbsp;<\/strong><\/p>\n\n\n\n<p><strong>K\u00e9pzelg\u00e9sem, eml\u00e9khalmoz\u00e1som (?) k\u00f6vetkez\u0151 szerepl\u0151je is ismer\u0151s, \u00e9letszer\u0171en jelenik meg el\u0151ttem \u2014\u2014&nbsp;<\/strong><\/p>\n\n\n\n<p><strong>\u2026<\/strong>az id\u0151s f\u00e9rfi h\u00e1l\u00e1val tekint ki negyedik emeleti szob\u00e1j\u00e1nak ablak\u00e1n. H\u00e1l\u00e1ja saj\u00e1t sorsa alakul\u00e1s\u00e1nak sz\u00f3l; sok viszontags\u00e1g ut\u00e1n meg\u00e9lte a nyugd\u00edjkorhat\u00e1rt, s most, hogy k\u00e9pess\u00e9 v\u00e1lt lakb\u00e9r\u00e9t kifizetni (az ut\u00f3bbi h\u00f3napok munkan\u00e9lk\u00fclis\u00e9ge \u00e9s n\u00e9lk\u00fcl\u00f6z\u00e9se erre k\u00e9ptelennek tette), alig tudott betelni az \u00faj alb\u00e9rlet k\u00edn\u00e1lta lehet\u0151s\u00e9ggel. Igaz, hogy a b\u00e9rlet kifizet\u00e9se ut\u00e1n alig marad keny\u00e9rre \u00e9s v\u00edzre, de v\u00e9gre a t\u00f6rt\u00e9nelemnek szentelheti minden idej\u00e9t. B\u00e1r els\u0151sorban sz\u00fcl\u0151-, s lak\u00f3v\u00e1rosa, Kelmec t\u00f6rt\u00e9nelme \u00e9rdekli, nyitott a t\u00f6rt\u00e9nelem minden szelete ir\u00e1nt. A k\u0151korszak \u201ev\u00edvm\u00e1nyai\u201d s H\u00e9rodotosz le\u00edr\u00e1sai \u00e9pp\u00fagy \u00e9rdekelik, mint az egyiptomi, g\u00f6r\u00f6g, r\u00f3mai t\u00f6rt\u00e9netek, Gund\u00e9sapur iskol\u00e1ja legal\u00e1bb annyira lek\u00f6ti, mint Babar 1526-os Ibrahim Lodi felett aratott gy\u0151zelme a panipati fenns\u00edkon, s Zarathusztra sorsa \u00e9pp\u00fagy megkapja k\u00e9pzelet\u00e9t, mint a maja birodalom t\u00f6rt\u00e9nelme. S mindez belef\u00e9rni l\u00e1tszik Kelmec egyik negyedik emeleti panellak\u00e1s\u00e1ba. Ami viszont aggasztja lok\u00e1lpatri\u00f3ta lelk\u00e9t, az saj\u00e1t v\u00e1ros\u00e1nak hi\u00e1nyos t\u00f6rt\u00e9nelme. A v\u00e1ros feletti ak\u00e1cerd\u0151vel bor\u00edtott kis domb oldal\u00e1ban ott emelkedik ugyan egy Csonkav\u00e1rnak nevezett romhalmaz, \u00e1m err\u0151l semmif\u00e9le \u00e1br\u00e1zol\u00e1s meg nem maradt. A Csonkav\u00e1r egy olyan \u0151si \u00e9p\u00fcletet jelk\u00e9pez, amelyet az \u00fajabb sz\u00e1zadok gyermekei k\u00f6z\u00fcl senki sem l\u00e1thatott a maga teljes val\u00f3s\u00e1g\u00e1ban, teh\u00e1t a t\u00f6rt\u00e9nelem olyask\u00e9pp jelenik meg az emberek tudat\u00e1ban, mint a jelen plotinoszi r\u00e9sze\u2026 amely egyr\u00e9szt a tudatos\u00edt\u00e1s pillanat\u00e1t\u00f3l m\u00faltnak sz\u00e1m\u00edt, s amelyet szint\u00e9n k\u00e9ptelens\u00e9g a maga teljess\u00e9g\u00e9ben \u00e9szleln\u00fcnk\u2026 \u2014 gondolja keserny\u00e9sen Kr\u00f3nik\u00e1s. (Valami\u00e9rt ez a n\u00e9v t\u0171nik megfelel\u0151nek.)<\/p>\n\n\n\n<p>A Csonkav\u00e1r k\u00e9t megmaradt falt\u00f6red\u00e9k\u00e9nek jellegzetes k\u00e9p\u00e9t rengetegen megfestett\u00e9k \u00e9s f\u00e9nyk\u00e9pezt\u00e9k, \u00e1m amennyire hi\u00e1nyosnak t\u0171nik maga a v\u00e1r, Kr\u00f3nik\u00e1s annyira fogh\u00edjasnak tal\u00e1lja a v\u00e1ros kr\u00f3nik\u00e1j\u00e1t is. A XX.-ik \u00e9s XIX.-ik sz\u00e1zadig visszak\u00f6vethet\u0151 egy-egy k\u00f6zint\u00e9zm\u00e9ny \u00e9p\u00edt\u00e9s\u00e9nek el\u0151zm\u00e9nye \u00e9s \u00e9p\u00edt\u00e9se, de az azt megel\u0151z\u0151 sz\u00e1zadokb\u00f3l sajnos csak ad\u00f3bevall\u00e1sok \u00e9s \u0151si csal\u00e1dnevek maradtak fenn.&nbsp;<\/p>\n\n\n\n<p>\u00c9s ennek az \u00e1ltala t\u00f6rt\u00e9nelemn\u00e9lk\u00fcli v\u00e1rosnak nevezett nem l\u00e9tez\u0151 t\u00f6rt\u00e9nelm\u00e9hez \u00e9s vitatott \u00e9rt\u00e9k\u0171 \u00e9let\u00e9hez n\u0151tt oda Kr\u00f3nik\u00e1s is a maga hatvank\u00e9t \u00e9v\u00e9vel. A vitatott \u00e9rt\u00e9ket a vid\u00e9k egykori j\u00f3tev\u0151je,&nbsp; M. gr\u00f3f defini\u00e1lta, aki m\u00e1r 1900-ban \u2014 l\u00e1that\u00f3an j\u00f3 sz\u00e1z \u00e9vre el\u0151re \u2014 a k\u00f6vetkez\u0151k\u00e9pp diagnosztiz\u00e1lta a v\u00e1rost: \u201e<em>megl\u00e1tszik rajta&nbsp; hogy fejl\u0151d\u00e9s\u00e9t kiz\u00e1r\u00f3lag k\u00fcls\u0151 t\u00e9nyez\u0151k id\u00e9zt\u00e9k el\u0151; kereskedelme nem szolid, iparosaiban nincs amb\u00edci\u00f3, polg\u00e1rs\u00e1g\u00e1ban nincs f\u00fcggetlens\u00e9g tudat\u00e1b\u00f3l fakad\u00f3 \u00f6n\u00e9rzet; n\u00e9p\u00e9nek erk\u00f6lcse sokkal&nbsp; h\u00e1tr\u00e1bb \u00e1ll mint a falusi n\u00e9p\u00e9, s m\u00e9g nem szerezte meg ez\u00e9rt cser\u00e9ben az \u00e9rtelemnek azt a fok\u00e1t, az \u00edzl\u00e9snek azt a fejletts\u00e9g\u00e9t, s azt a magasabb fok\u00fa j\u00f3l\u00e9tet, mely a v\u00e1rosi embert laz\u00e1bb erk\u00f6lcs\u00e9rt n\u00e9mileg k\u00e1rp\u00f3tolja. Sz\u00f3val m\u00e1r nem falu de m\u00e9g nem v\u00e1ros; n\u00e9pe m\u00e1r nem naiv, de m\u00e9g nem felvil\u00e1gosult. \u00c1tmeneti id\u0151szakot \u00e9l, annak minden \u00e1rnyoldal\u00e1val.\u201d&nbsp; &nbsp;<\/em><\/p>\n\n\n\n<p>Olykor fiatalok keresik fel, \u00e1ltal\u00e1ban f\u0151iskol\u00e1sok, akik szakdog\u00e1jukhoz keresnek \u00f6tleteket, seg\u00edts\u00e9get. Kr\u00f3nik\u00e1s igyekszik t\u00e9mak\u00e9nt helyi t\u00f6rt\u00e9nelmi szem\u00e9lyis\u00e9geket javasolni, s kor\u00e1bbi lev\u00e9lt\u00e1rakban gy\u0171jt\u00f6tt anyag\u00e1val seg\u00edts\u00e9g\u00fckre lenni.&nbsp;<\/p>\n\n\n\n<p>Amikor Leoninak ajt\u00f3t nyit, meglep\u0151dik, milyen sz\u00e9p, fiatal l\u00e1ny jelentkezett be hozz\u00e1 aznapra. A l\u00e1ny csal\u00e1dj\u00e1t t\u00e1volr\u00f3l ismeri \u2014 apja isz\u00e1kos, anyja tal\u00e1n szlov\u00e1k, de magyarul besz\u00e9l \u2014 a l\u00e1nyr\u00f3l meg annyit tud, hogy munkan\u00e9lk\u00fcli, a helyi \u00fajs\u00e1gba \u00edr cikkeket. Hellyel \u00e9s te\u00e1val k\u00edn\u00e1lja, k\u00f6zben nem gy\u0151z csod\u00e1lkozni, mennyire megragadja a l\u00e1ny kisug\u00e1rz\u00e1sa. A csinos, kedves arc\u00fa l\u00e1nyb\u00f3l egyfajta megmagyar\u00e1zhatatlan szomor\u00fas\u00e1g \u00e1rad, amelyet a mosolya sem leplez. A m\u00e1jusi melegben felvett inge \u00e9s a sz\u0171k farmernadr\u00e1gja kiadja \u00e9rett n\u0151re vall\u00f3 alakj\u00e1t, holott csak huszon\u00e9ves lehet. Tal\u00e1n ha egy gombbal t\u00f6bbet gombolt volna be az ing\u00e9n nem keltette volna fel Kr\u00f3nik\u00e1s figyelm\u00e9t a te\u00e1\u00e9rt el\u0151rehajl\u00f3 fiatal test mell\u00e9nek l\u00e1tv\u00e1nya, \u00e1m \u00edgy \u2014 a f\u00e9rfiagy m\u00e1r csak ilyen, Genus irritabile vatum (genusz \u2026) a l\u00e1tnokok ingerl\u00e9keny fajt\u00e1ja, azaz: az \u00edr\u00f3k \u00e9s a k\u00f6lt\u0151k fokozottan \u00e9rz\u00e9kenyek \u2014 felsejlik benne egy eml\u00e9k:&nbsp;<\/p>\n\n\n\n<p><strong>\u2014\u2014 Kimondhatatlan \u00e9s elmagyar\u00e1zhatatlan \u00e9rz\u00e9s azt \u201etapasztalni\u201d, hogy egy m\u00e1sik ember eml\u00e9keibe hatolok, Eltart egy ideig, am\u00edg tudatos\u00edtom: olyan ter\u00fcleten j\u00e1rok, amelyre nincsenek kifejez\u00e9seim&#8230; \u2014\u2014<\/strong><\/p>\n\n\n\n<p>Gyermekkor\u00e1ban \u2014 m\u00e9g abban a bizonyos r\u00f6vidnadr\u00e1gos korban \u2014 , elcsatangolva a sz\u00e1m\u00e1ra unalmas feln\u0151ttvil\u00e1g vas\u00e1rnapi piknik-esem\u00e9nyeit\u0151l, egy k\u00f6k\u00e9nybokor \u00e1rny\u00e9kos v\u00e9delm\u00e9ben \u00fcl\u0151, szoptat\u00f3 n\u0151re lett figyelmes. A n\u0151 a t\u00e1rsas\u00e1gukhoz tartozott, csak \u00e9pp a szoptat\u00e1s idej\u00e9re vonult f\u00e9lre. A meztelen kebel v\u00e1ratlan l\u00e1tv\u00e1nya felk\u00e9sz\u00fcletlen\u00fcl \u00e9rte \u00e9s megd\u00f6bbentette, s\u0151t mi t\u00f6bb, egy bels\u0151, megmagyar\u00e1zhatatlan k\u00e9sztet\u00e9s hat\u00e1s\u00e1ra szinte erk\u00f6lcstelennek, el\u00edt\u00e9lend\u0151nek tal\u00e1lta, \u00e9s \u201ef\u00e9rfi\u00fai\u201d mivolt\u00e1ban \u00e9rezte s\u00e9rtve mag\u00e1t az\u00e1ltal, hogy a n\u0151 meg sem pr\u00f3b\u00e1lta eltakarni kibuggyan\u00f3 h\u00f3feh\u00e9r mell\u00e9t. Mindazon\u00e1ltal igyekezett betelni a l\u00e1tv\u00e1nnyal, s csak j\u00f3val k\u00e9s\u0151bb tudatos\u00edtotta, hogy ez a jelenet egy eg\u00e9sz \u00e9letre nyomot hagyott benne. (Feln\u0151tt fejjel, a galgenbergi V\u00e9nuszr\u00f3l olvasott tanulm\u00e1ny olvas\u00e1sa k\u00f6zben is annak a kelmeci n\u0151nek a melle jutott esz\u00e9be.) A lelk\u00e9ben kavarg\u00f3 \u00e9rz\u00e9seket akkor k\u00e9ptelens\u00e9gnek t\u0171nt szavakba, gondolatokba \u00f6nteni, s bizony meg kell vallani, a lelk\u00e9ben kavarg\u00f3 \u00e9rz\u00e9sekben val\u00f3 rendteremt\u00e9s k\u00e9pess\u00e9ge feln\u0151tt kor\u00e1ban is nemegyszer cserbenhagyta. Eml\u00e9kezett viszont a n\u0151 eln\u00e9z\u0151-meg\u00e9rt\u0151 kedves mosoly\u00e1ra, amellyel a kisfi\u00fa, m\u00e1rmint az \u0151 \u00e9rdekl\u0151d\u00e9s\u00e9re v\u00e1laszolt. Szinte bizonyosnak vehet\u0151, hogy a Kr\u00f3nik\u00e1sban a n\u0151k ir\u00e1nt \u00e9rzett tisztelet kialakul\u00e1sa ehhez az esem\u00e9nyhez, ehhez a kebelhez \u00e9s ehhez a mosolyhoz k\u00f6thet\u0151.<\/p>\n\n\n\n<p>A n\u0151 m\u00e1r minden bizonnyal meghalt, de a mosolya \u00e9s a melle l\u00e1tv\u00e1nya minden f\u00e9nyk\u00e9pn\u00e9l \u00e9lesebben \u00e9l benne\u2026&nbsp;<\/p>\n\n\n\n<p><strong>\u2014\u2014 \u2026ez a mell \u2014 tudatos\u00edtom hirtelen \u2014 nem csak a kr\u00f3nik\u00e1s szem\u00e9ben \u00e9s eml\u00e9k\u00e9ben \u00e9l, hanem kit\u00f6r\u00f6lhetetlen\u00fcl ott van az \u00e9n szememben \u00e9s eml\u00e9kemben, valamint minden egyes f\u00e9rfi szem\u00e9ben \u00e9s eml\u00e9k\u00e9ben\u2026 \u2014\u2014<\/strong><\/p>\n\n\n\n<p>A te\u00e1scs\u00e9sz\u00e9\u00e9rt el\u0151rehajl\u00f3 Leonira pillantva Kr\u00f3nik\u00e1sban ez az eml\u00e9k bukkan fel, \u00e1m gyorsan t\u00falteszi mag\u00e1t az eff\u00e9le \u201eh\u00edvs\u00e1gon\u201d\u00e9s megpr\u00f3b\u00e1l a l\u00e1ny j\u00f6vetel\u00e9nek c\u00e9lj\u00e1ra t\u00e9rni.&nbsp;<\/p>\n\n\n\n<p>Hozz\u00e1szokott, hogy f\u0151iskol\u00e1sok, egyetemist\u00e1k felkeresik k\u00fcl\u00f6nb\u00f6z\u0151 k\u00e9r\u00e9sekkel, anyagot gy\u0171jtenek szakdolgozatukhoz, de amivel most Leona el\u0151\u00e1llt az m\u00e9g \u0151t is meglepi:&nbsp;<\/p>\n\n\n\n<p>Kelmec \u00e9let\u00e9t ugyanis egy nevets\u00e9gesnek t\u0171n\u0151 intermezzo tette v\u00e1ltozatosabb\u00e1 1969-ben, amikor is a Dub\u010dek korszak lez\u00e1rt\u00e1val \u00fagymond konszolid\u00e1l\u00f3dott a helyzet.&nbsp;<\/p>\n\n\n\n<p><strong>\u2014\u2014 Mindezt, r\u00e9gi kelmecik\u00e9nt j\u00f3magam is \u201etudom\u201d, ott t\u00e1rol\u00f3dik az agyam valamelyik sz\u00f6glet\u00e9ben, teh\u00e1t nincs sz\u00fcks\u00e9gem v\u00e9giggondolni \u2014 ez a \u201etud\u00e1s\u201d, ez az ismeret egyetlen felvillan\u00f3 szikrak\u00e9nt ugrik be, nem szorul semmif\u00e9le magyar\u00e1zatra&#8230; \u2014\u2014<\/strong><\/p>\n\n\n\n<p>A konszolid\u00e1ci\u00f3hoz ugye nagyban hozz\u00e1j\u00e1rult, hogy el\u0151tte bej\u00f6ttek a Vars\u00f3i Szerz\u0151d\u00e9s hadseregei.&nbsp; A keleti hat\u00e1r ment\u00e9n ink\u00e1bb orosz tankok mutatkoztak, de komolyabb konfliktusra ott (keleten) nem ker\u00fclt sor. A \u201erendez\u0151d\u00e9s\u201d ut\u00e1n a r\u00e9gi-\u00faj, teh\u00e1t a megmaradt, h\u0171s\u00e9ges k\u00e1derek kihaszn\u00e1lni akarva az \u00faj helyzetet, v\u00e1rosk\u00e1juk, Kelmec \u00fcnnepl\u00e9s\u00e9re k\u00e9sz\u00fcltek. (Ehhez m\u00e9g oly sok demizson borra sem volt sz\u00fcks\u00e9g, ami egy\u00e9bk\u00e9nt kihagyhatatlan \u201epecs\u00e9tk\u00e9nt\u201d szolg\u00e1lt egyes politikai, gazdas\u00e1gi alkuk megk\u00f6t\u00e9s\u00e9n\u00e9l.)<\/p>\n\n\n\n<p>Az akkori vezet\u0151k saj\u00e1tos logik\u00e1val arra a k\u00f6vetkeztet\u00e9sre jutottak, hogy b\u00e1r a v\u00e1rossal kapcsolatos els\u0151 \u00edr\u00e1sos eml\u00e9k 1214-b\u0151l val\u00f3, ez megengedi azt a felt\u00e9telez\u00e9st, hogy 1169-ben m\u00e1r l\u00e9tezett a v\u00e1ros, \u00edgy az 1969-es \u00e9vet a v\u00e1ros megalakul\u00e1s\u00e1nak 800 \u00e9ves \u00e9vfordul\u00f3j\u00e1ra akart\u00e1k felhaszn\u00e1lni. Itt m\u00e1r nyilv\u00e1n nem az els\u0151 \u00edr\u00e1sos eml\u00e9kre hivatkoztak\u2026<\/p>\n\n\n\n<p>A k\u00f6zeli, hiteles helyk\u00e9nt is m\u0171k\u00f6d\u0151 pr\u00e9posts\u00e1g lev\u00e9lt\u00e1r\u00e1ban \u0151rz\u00f6tt 1214-es alap\u00edt\u00f3levele egy\u00e9bk\u00e9nt is elveszett, \u00edgy csak egy 1334-es m\u00e1solatra lehet hivatkozni, amelyben egy\u00e9bk\u00e9nt val\u00f3ban az \u00e1ll, hogy Kelmec 1214-ben, az \u00f6ssze\u00edr\u00e1s \u00e9v\u00e9ben praedium&#8230; ami akkor m\u00e9g nem elhagyatott telep\u00fcl\u00e9st jelentett, hanem \u2014 felt\u00e9telezhet\u0151en \u2014 udvart vagy egyh\u00e1zi gazdas\u00e1got.<\/p>\n\n\n\n<p>&nbsp;Val\u00f3ban nevets\u00e9ges \u00e9s tragikomikus t\u00f6rt\u00e9net, mert a j\u00e1r\u00e1si \u2014 m\u00e1s nemzetis\u00e9g\u0171 \u2014 kommunist\u00e1k ugyan \u00f6r\u00fcltek, hogy a magyar v\u00e9geken meg\u0151rizt\u00e9k \u00e9s meger\u0151s\u00edthetik hatalmukat, de az\u00e9rt azt sem akart\u00e1k, hogy a magyarok a fej\u00fckre n\u0151jenek. Amikor teh\u00e1t arr\u00f3l volt sz\u00f3, hogy Kelmec vagy a j\u00e1r\u00e1si sz\u00e9khely legyen-e id\u0151sebb, azonnal d\u00f6nt\u00f6ttek: J\u00f3, j\u00f3, hogy Kelmec l\u00e9tezhetett 1169-ben, az is rendben van, hogy ebb\u0151l az alkalomb\u00f3l elk\u00e9sz\u00fclt egy form\u00e1s kis kiadv\u00e1ny, s\u0151t mi t\u00f6bb, elk\u00e9sz\u00fcltek a 800 \u00e9ves Kelmec felirat\u00fa jelv\u00e9nyek, de mindezt azonnal le kell \u00e1ll\u00edtani \u00e9s maximum 700 \u00e9ves lehet a v\u00e1ros! Punktum! Ez ellen a megfellebbezhetetlen verdikt ellen \u2014 mert ahhoz k\u00e9ts\u00e9g nem f\u00e9rt, hogy a szocializmus fels\u0151bb, j\u00e1r\u00e1si utas\u00edt\u00e1sai megfellebbezhetetlenek \u2014 nem lehetett tenni semmit. (M\u00e9g demizsonnal sem!) Ezt a v\u00e1ros vezet\u0151inek keser\u0171 sz\u00e1j\u00edzzel tudom\u00e1sul kellett venni\u00fck, \u00e9s \u2014 a term\u00e9szetszer\u0171 apr\u00f3bb korrekci\u00f3k elv\u00e9gz\u00e9se ut\u00e1n \u2014 \u00faj bor\u00edt\u00f3t nyomattak a \u201e800 \u00e9ves Kelmec\u201d k\u00f6nyvre, \u201e700 \u00e9ves Kelmec\u201d c\u00edmmel. A jelv\u00e9nyekkel m\u00e1r nem lehetett mit tenni, mint elrejteni \u00e9s nem kiadni\u2026 p\u00e1r az\u00e9rt megmaradt\u2026 Kr\u00f3nik\u00e1s tulajdon\u00e1ban is akadt egy-kett\u0151.&nbsp;<\/p>\n\n\n\n<p>Ez A T\u00f6rt\u00e9nelem!<\/p>\n\n\n\n<p>&nbsp;\u00cdgy \u201ecsin\u00e1l\u00f3dott\u201d a t\u00f6rt\u00e9nelem&#8230; ezut\u00e1n \u00e9vekig nem \u00fcnnepeltek kerek \u00e9vfordul\u00f3t\u2026<\/p>\n\n\n\n<p>Sajnos, \u0151k m\u00e1r akkor sem tudatos\u00edtott\u00e1k<strong> mennyire kem\u00e9ny, keser\u0171 \u00e9s hideg a vesztes\u00e9g.<\/strong><\/p>\n\n\n\n<p>A V\u00e1ros, a t\u00f6meg elfogadta a 800 \u00e9vet \u00e9s elfogadta a 700 \u00e9vet is. \u00dcres, semmitmond\u00f3 sz\u00e1zadr\u00f3l d\u00f6nt\u00f6ttek, a fej\u00fck felett \u00e9s \u0151k nem sz\u00f3lhattak bele&#8230;&nbsp;<\/p>\n\n\n\n<p>Nem haft s\u00edn ker\u00fclt az asztalra hanem haft sz\u00edn&#8230;&nbsp;<\/p>\n\n\n\n<p>(2014-ben azt\u00e1n, j\u00f3val az \u00e1ll\u00edt\u00f3lagos rendszerv\u00e1lt\u00e1s ut\u00e1n, siker\u00fclt rendbe rakni a dolgokat \u00e9s l\u00e1tv\u00e1nyos \u00fcnneps\u00e9gek k\u00f6zepette \u00fajra meg\u00fcnnepelt\u00e9k a v\u00e1ros els\u0151 \u00edr\u00e1sos eml\u00e9k\u00e9nek nyolcsz\u00e1zadik \u00e9vfordul\u00f3j\u00e1t&#8230; )<\/p>\n\n\n\n<p>Err\u0151l szeretne Leoni cikket \u00edrni&#8230;&nbsp;<\/p>\n\n\n\n<p><strong>\u2014\u2014 Nem tartom kiz\u00e1rtnak \u2014 ez alatt a mer\u00fcl\u00e9ses k\u00eds\u00e9rlet alatt \u2014, hogy az agyam olyasmivel is el\u0151rukkol, amir\u0151l \u201enekem\u201d l\u00e1tsz\u00f3lag tudom\u00e1som sincs \u2014 v\u00e9g\u00fcl is ezt a&nbsp;kezel\u00e9st olykor-olykor probl\u00e9mamegold\u00e1s-fejleszt\u00e9sre is haszn\u00e1lj\u00e1k \u2014 s \u00e9ppen ett\u0151l izgalmas: miket lehet itt tetten \u00e9rni? Feltehet\u0151en \u00f6sszef\u00fcgg\u00e9stelennek t\u0171nnek majd a dolgok, \u00e9s a v\u00e9g\u00e9n kell majd nagy nehezen \u00f6sszeilleszteni \u0151ket.&nbsp;<\/strong><\/p>\n\n\n\n<p><strong>Gyermekkorunkban idegen\u00fcl tekint\u00fcnk a feln\u0151ttek vil\u00e1g\u00e1ra, k\u00e9s\u0151bb, feln\u0151ttk\u00e9nt \u00e1lland\u00f3an \u201em\u00e1s\u201d vil\u00e1gok ut\u00e1n \u00e1h\u00edtozunk, lett l\u00e9gyen az \u201enyugati\u201d vagy \u201em\u00e1svil\u00e1g\u201d, s mindezen v\u00e1ltoz\u00e1sok k\u00f6zben a m\u00e1ss\u00e1g ut\u00e1ni k\u00edv\u00e1ncsis\u00e1g az, ami \u00e1lland\u00f3an megmarad.&nbsp;<\/strong><\/p>\n\n\n\n<p><strong>A galgenbergi V\u00e1nuszr\u00f3l p\u00e9ld\u00e1ul nagyon r\u00e9gen olvastam egy tanulm\u00e1nyt, amely ugyan tartalmazta a szobrocska (mind\u00f6ssze 72 mm magas) f\u00e9nyk\u00e9p\u00e9t, de akkor semmif\u00e9le komolyabb benyom\u00e1st nem tett r\u00e1m.&nbsp;<\/strong><\/p>\n\n\n\n<p><strong>Azzal vigasztalom magam, hogy \u00e9rtem a saj\u00e1t agyam logik\u00e1j\u00e1t, \u00e9s \u00e9rteni v\u00e9lem mi\u00e9rt emelkedett ki a m\u00falt valamelyik ismeretlen r\u00e9teg\u00e9b\u0151l \u00e9ppen a galgenbergi v\u00e9nusz: az a tanulm\u00e1ny a Gimbutas-f\u00e9le elm\u00e9lettel foglalkozott, az \u0151skori eur\u00f3pai kult\u00far\u00e1kkal, \u00e9s a legfontosabb, az anyaistenn\u0151 kultusz\u00e1val. Ginocentrikus t\u00e1rsadalmakr\u00f3l sz\u00f3l a t\u00f6rt\u00e9net, \u00e9l\u00fck\u00f6n a N\u0151vel. Mindegy, hogy hatalmas test\u0171, term\u00e9keny \u00e9s j\u00f3l\u00e9tben \u00e9l\u0151-e vagy sem: a l\u00e9nyeg, hogy nem csak a hatalmat k\u00e9pviselte\u2026<\/strong><\/p>\n\n\n\n<p><strong>Ez a t\u00f6rt\u00e9nelmi t\u00e1vols\u00e1g \u2014 \u00e9s nem csak t\u00f6rt\u00e9net\u00fcnk szempontj\u00e1b\u00f3l \u2014 csak l\u00e1tsz\u00f3lag lek\u00fczdhetetlen, \u00e9s csak l\u00e1tsz\u00f3lag idej\u00e9tm\u00falt: a Nagy Istenn\u0151 ide\u00e1ja \u2013 \u00e9pp\u00fagy, mint a \u201ehaft s\u00edn\u201d egyesek sz\u00e1m\u00e1ra \u00e9rtelmezhetetlennek t\u0171n\u0151, \u00e1m t\u00fal\u00e9l\u0151 szok\u00e1sa, vagy a Mithr\u00e1sz\u2013kultuszb\u00f3l eredeztetett kar\u00e1csonyunk, esetleg a Csonkav\u00e1r megfoghatatlan, el\u00e9rhetetlen t\u00f6rt\u00e9nete vagy ak\u00e1r \u0151si babon\u00e1ink mind-mind tetten \u00e9rhet\u0151ek \u2014\u2014<\/strong><\/p>\n\n\n\n<p><strong>&nbsp;<\/strong>Szofi\u00e9k egy k\u00fclv\u00e1rosi negyedbe hajtanak, ahol egy m\u00e1ll\u00f3 vakolat\u00fa, nem \u00e9ppen bizalomgerjeszt\u0151, t\u00f6bbemeletes \u00e9p\u00fclet el\u0151tt \u00e1llnak meg. A z\u00e1rt l\u00e9pcs\u0151h\u00e1z kov\u00e1csoltvas korl\u00e1ttal szeg\u00e9lyezett sz\u00e9les l\u00e9pcs\u0151in az els\u0151 emeletre \u00e9rve egy hatalmas, m\u0171teremhez hasonl\u00f3 m\u00e9ret\u0171 lak\u00e1s ajtaja el\u0151tt \u00e1llnak meg. Kopog\u00e1s n\u00e9lk\u00fcl l\u00e9pnek be \u00e9s Szofinak el\u00e1ll a l\u00e9legzete: a teremben, jupiterl\u00e1mp\u00e1k k\u00f6z\u00f6tt egy \u00fct\u00f6tt-kopott fotelban egy k\u00f6v\u00e9r, Szofinak a willendorfi V\u00e9nuszt esz\u00e9be juttat\u00f3, els\u0151 l\u00e1t\u00e1sra visszatasz\u00edt\u00f3 n\u0151 \u00fcl, k\u00f6r\u00f6tte meztelen vagy \u00e9ppen \u00f6lt\u00f6zk\u00f6d\u0151 f\u00e9rfiak l\u00e9zengenek. A fotel el\u0151tti \u00e1llv\u00e1nyon teleobjekt\u00edvvel felszerelt f\u00e9nyk\u00e9pez\u0151g\u00e9p \u00e1ll, s\u0151t a terem k\u00fcl\u00f6nb\u00f6z\u0151 helyein t\u00f6bb \u00e1llv\u00e1ny is l\u00e1that\u00f3 f\u00e9nyk\u00e9pez\u0151g\u00e9pekkel. A teremben k\u00fcl\u00f6nb\u00f6z\u0151 sportszerek is l\u00e1that\u00f3k, t\u00f6bb bak \u00e1ll sz\u00e9tsz\u00f3rva, rendezetlen\u00fcl, a falakra bord\u00e1sfalakat szereltek, el\u0151tt\u00fck alacsony l\u00f3c\u00e1k sorakoznak. Csendes, meditat\u00edv zene \u00f6lel k\u00f6r\u00fcl mindent. A f\u00e9rfiak \u2014 m\u00e1r aki m\u00e9g nem \u00f6lt\u00f6z\u00f6tt fel \u2014 hat\u00e1rozottan tiszteletteljesen viselkednek a&nbsp;n\u0151vel szemben, \u00e9s ami meglepi, mert a l\u00e1tv\u00e1ny elker\u00fclhetetlen: mindegyik\u00fcknek leborotv\u00e1lt\u00e1k a&nbsp;fansz\u0151rzet\u00e9t. K\u00eds\u00e9r\u0151je k\u00f6zben odament a n\u0151h\u00f6z \u00e9s n\u00e9ha mindketten fel\u00e9je pillantva besz\u00e9lgetni kezdtek. Az egyik meztelen pasas is odal\u00e9p, de csak valami r\u00f6vid k\u00f6z\u00f6lnival\u00f3ja akadhat, mert a n\u0151 meghallgatja ugyan, de r\u00e1 se pillant csak lassan, helyesl\u0151en b\u00f3lint a fej\u00e9vel\u2026<\/p>\n\n\n\n<p>Intenek neki, menjen oda&#8230;&nbsp; lassan elindul, \u00e9s fej\u00e9ben elindulnak a gondolatok is&nbsp;<\/p>\n\n\n\n<p><strong>\u2014\u2014<\/strong> <strong>ugyanakkor \u00e9n, mint \u00e1lmod\u00f3, s aki eddig hat\u00e1rozottan k\u00edv\u00fcl\u00e1ll\u00f3k\u00e9nt csak a t\u00f6rt\u00e9n\u00e9sek n\u00e9z\u0151j\u00e9nek \u201e\u00e9reztem\u201d magam, most, amint Szofi k\u00f6zeledik az \u201e\u0151sany\u00e1hoz\u201d val\u00f3s\u00e1ggal beleolvadok ebbe a nehezen kifejezhet\u0151, \u00e1m minden k\u00e9ts\u00e9get kiz\u00e1r\u00f3an \u00e9rezhet\u0151 kapcsolatba, amely k\u00f6z\u00f6tt\u00fck kialakul. Ekkor, mintha engem is \u00e1tj\u00e1rna ugyanaz az \u00e9rz\u00e9s, s m\u00e1r nem tudom, milyen m\u00e9rt\u00e9kben vagyok \u00e9n, \u00e9s milyen m\u00e9rt\u00e9kben Szofi. \u00c1lmomban, k\u00e9pzel\u0151d\u00e9sem sor\u00e1n, \u00e1t\u00e9rzem, amit \u0151, mik\u00f6zben persze k\u00fczd\u00f6k azzal a valamivel, ami be akar szippantani \u00e9s azt er\u0151lteti r\u00e1m: \u0151 is \u00e9n vagyok. \u00c9n azonban \u00e9n akarok maradni, mindazok ellen\u00e9re, hogy arr\u00f3l a bizonyos valakir\u0151l, akiben \u00f6nmagamat tisztelhetem m\u00e9g k\u00e9pzelg\u00e9sem k\u00f6zben is k\u00e9ts\u00e9geim vannak. Mihez-kihez&nbsp; is ragaszkodom teh\u00e1t? \u2014\u2014<\/strong> &nbsp;<\/p>\n\n\n\n<p>\u2014 Szofi nem \u00e9rti \u00f6nmaga viselked\u00e9s\u00e9t: min\u00e9l k\u00f6zelebb \u00e9r a k\u00f6v\u00e9r V\u00e9nuszhoz, ann\u00e1l kedvesebbnek, szimpatikusabbnak tal\u00e1lja.&nbsp; A puffadt arcb\u00f3l a neh\u00e9zkes szemh\u00e9jak al\u00f3l sug\u00e1rz\u00f3 (b\u00e1r t\u00e1sk\u00e1s) k\u00e9k szemek b\u00e1tor\u00edt\u00f3an pillantanak r\u00e1, s esz\u00e9be jut, hogy valami fontosat felt\u00e9tlen\u00fcl el kell mondania ennek a n\u0151nek, miel\u0151tt a kebl\u00e9re borul \u00e9s csendesen megb\u00fajik, mint egy mad\u00e1rfi\u00f3ka. De mi is az? Eml\u00e9kek sorj\u00e1znak, egyik\u00fck \u2014 mint azokon a&nbsp;f\u00e9nyk\u00e9peken ahol egyetlen pontra f\u00f3kusz\u00e1l a&nbsp;fot\u00f3s, s a k\u00f6rnyezet csak elmos\u00f3dva l\u00e1tszik&nbsp; \u2014 \u00e9lesen emelkedik ki a t\u00f6bbi k\u00f6z\u00fcl: pici gyerekk\u00e9nt bemegy sz\u00fclei h\u00e1l\u00f3szob\u00e1j\u00e1ba \u00e9s az \u00e1gyon ott l\u00e1tja a k\u00e9t alv\u00f3 testet meztelen\u00fcl. Id\u0151k sor\u00e1n pr\u00f3b\u00e1lta elfelejteni a l\u00e1tv\u00e1nyt igyekezet nem gondolni r\u00e1, s most teljesen \u00e9rtelmetlen\u00fcl \u2014 tal\u00e1n a&nbsp;meztelen f\u00e9rfiak l\u00e1tv\u00e1nya v\u00e1ltotta ki? \u2014 el\u0151tolul apja meztelen hanyattfekv\u0151 teste. Nem, nem! Eg\u00e9szen biztos nem ezt akarja megosztani a willendorfi V\u00e9nusszal.&nbsp; M\u00e1r k\u00f6zvetlen k\u00f6zel\u00e9ben van. Nem is kell megosztania, l\u00e1tja, \u00e9rzi, hogy a n\u0151 tudja, mire gondol\u2026 \u00e9rdekes m\u00f3don nem sz\u00e9gyelli mag\u00e1t\u2026 sem az \u00e9lm\u00e9ny miatt, sem a nyitotts\u00e1ga miatt. Ez a lelki meztelens\u00e9g egy\u00e1ltal\u00e1n nem zavarja.&nbsp; A besz\u00e9lget\u00e9s\u00fck hom\u00e1lyosan marad meg benne, \u00fcdv\u00f6zl\u00e9s ut\u00e1n a f\u00e9nyk\u00e9pez\u00e9sr\u0151l k\u00e9rdezi \u0151t. <em>\u201e\u2014 Minden m\u0171alkot\u00e1som m\u00f6g\u00f6tt ott van a k\u00f6rnyezetemmel val\u00f3 kapcsolatom alapmint\u00e1ja\u2026 \u00e9s meggy\u0151z\u0151d\u00e9sem, hogy minden igaz\u00e1n nagy m\u0171h\u00f6z sz\u00fcks\u00e9g van a term\u00e9szet legt\u00e1gabb \u00e9rtelm\u00e9ben vett naturalizmus\u00e1ra&#8230;&nbsp; Egyet\u00e9rtesz velem, picim?\u201d<\/em> , \u00e9s Szofi csak b\u00f3lintani tud \u2026 azt is meglehet\u0151sen bizonytalanul\u2026 <em>\u201e\u2014Nem izgat, hogy a befogad\u00f3 \u00e9rti-e mir\u0151l sz\u00f3l az eg\u00e9sz, amit itt csin\u00e1lok\u2026 az izgat, milyen emocion\u00e1lis jelent\u0151s\u00e9ggel b\u00edr sz\u00e1modra az eg\u00e9sz\u2026 megmozgatja-e a lelked, foglalkoztatja-e a sz\u00edved? K\u00f6zelebb hoz-e t\u00e9ged hozz\u00e1m?\u201d&nbsp;<\/em><\/p>\n\n\n\n<p>V\u00e9gre egy f\u00e9rfi l\u00e9p hozz\u00e1juk, csendesen k\u00e9rdez valamit a n\u0151t\u0151l, az b\u00f3lint, mire a f\u00e9rfi tapsol egy p\u00e1rat \u00e9s mag\u00e1hoz inti a t\u00f6bbieket. Erre azok, akik eddig \u00e9pp \u00f6lt\u00f6zk\u00f6dtek, ism\u00e9t levetik ruh\u00e1jukat, kider\u00fcl, k\u00f6z\u00f6s f\u00e9nyk\u00e9pez\u00e9shez k\u00e9sz\u00fcl\u0151dnek. Szofi fej\u00e9ben enged a nyom\u00e1s, szell\u0151sebbnek \u00e9rzi e leveg\u0151t maga k\u00f6r\u00fcl \u2014 b\u00e1r a tornatermek jellegzetes testszaga tov\u00e1bbra is ott terjeng \u2014, tiszt\u00e1bbnak \u00e9rzi a fej\u00e9t. Most veszi \u00e9szre, hogy k\u00eds\u00e9r\u0151je eg\u00e9sz id\u0151 alatt mereven, ajk\u00e1n halv\u00e1ny mosollyal n\u00e9zte k\u00e1bults\u00e1g\u00e1t.&nbsp;<\/p>\n\n\n\n<p>\u2014 Majdnem egy beavat\u00e1si szertart\u00e1son vett\u00e9l r\u00e9szt. Sajnos elk\u00e9st\u00fcnk.&nbsp;<\/p>\n\n\n\n<p>\u2014 Mif\u00e9le beavat\u00e1s? Mif\u00e9le szertart\u00e1s, ez valami szekta?&nbsp;<\/p>\n\n\n\n<p>\u2014 Nem, nem.&nbsp;<\/p>\n\n\n\n<p>A meztelen f\u00e9rfiak felsorakoznak a n\u0151 fotelja el\u0151tti \u00e1llv\u00e1nyon magasod\u00f3 f\u00e9nyk\u00e9pez\u0151g\u00e9ppel szemben. A n\u0151 fel\u00e1ll, kez\u00e9vel szel\u00edden int a sz\u00e9len \u00e1ll\u00f3knak \u2014 finoman, mint amikor a f\u00fcgg\u00f6nyt h\u00fazzuk el \u00f3vatosan, ha nem akarjuk, hogy a kintiek megl\u00e1ssanak\u2014, hogy igazodjanak, \u00e9s kattint\u2026 egyszer, k\u00e9tszer, h\u00e1romszor.<\/p>\n\n\n\n<p>\u2014 Azt hiszem, mehet\u00fcnk \u2014 karol bel\u00e9 a f\u00e9rfi.&nbsp;<\/p>\n\n\n\n<p>A kopott l\u00e9pcs\u0151h\u00e1zban \u00fagy megy le a l\u00e9pcs\u0151k\u00f6n, hogy kez\u00e9t kecses n\u0151i mozdulattal k\u00f6zel tartja, de nem \u00e9r hozz\u00e1 a kov\u00e1csoltvas korl\u00e1thoz.&nbsp;<\/p>\n\n\n\n<p>Csak az aut\u00f3ban k\u00e9rdezi meg:&nbsp;<\/p>\n\n\n\n<p>\u2014 Ism\u00e9t megk\u00e9rdem: Te valami szekta tag vagy?<\/p>\n\n\n\n<p>A&nbsp;f\u00e9rfi elmosolyodik. \u2014 Nem, semmi esetre sem. Mib\u0151l gondolod?<\/p>\n\n\n\n<p>\u2014 Nos, beavat\u00e1si szertart\u00e1s, k\u00f6z\u00f6s f\u00e9nyk\u00e9p, meztelen f\u00e9rfiak k\u00f6z\u00f6ss\u00e9ge&#8230; mire gondolhatok m\u00e1sra?&nbsp;<\/p>\n\n\n\n<p>\u2014 De hogyan ker\u00fcl\u00f6k bele a&nbsp;k\u00e9pbe \u00e9n? \u00c9n nem vettem r\u00e9szt a&nbsp;szertart\u00e1son&#8230;<\/p>\n\n\n\n<p>\u2014 Lehet, hogy m\u00e1r t\u00fal vagy rajta&#8230; Mit tudom \u00e9n? Egy\u00e1ltal\u00e1n, mi\u00e9rt vitt\u00e9l oda?&nbsp;<\/p>\n\n\n\n<p>R\u00f6vid csend, a f\u00e9rfi besz\u00e9dre k\u00e9sz\u00fcl. Leengedi az ablakot, friss leveg\u0151 \u00e1ramlik be.&nbsp;<\/p>\n\n\n\n<p>\u2014 Volt r\u00e9gen egy filoz\u00f3fus, aki azt mondta, nincs semmi. Ha van, nem megismerhet\u0151, ha megismerhet\u0151, nem fejezhet\u0151 ki szavakkal&#8230;&nbsp;<\/p>\n\n\n\n<p>\u2014 Ki volt az?&nbsp;<\/p>\n\n\n\n<p>\u2014 Mell\u00e9kes, nem a neve a fontos, de ha \u00e9rdekel Gorgiasznak h\u00edvt\u00e1k. Nem annyira ismert, mint Arisztotel\u00e9sz vagy Plat\u00f3n \u00e9s a gondolat\u00e1t nevets\u00e9gesnek tal\u00e1lt\u00e1k. M\u00e1r hogy ne lenne mindaz, ami k\u00f6r\u00fclvesz benn\u00fcnket? Mindannyian a k\u00f6r\u00f6tt\u00fcnk l\u00e9v\u0151 vil\u00e1gb\u00f3l indultak ki, senki sem vette a f\u00e1rads\u00e1got, hogy elm\u00e9lyedjen e gondolatban. Gorgiasz ugyanis szubsztanci\u00e1lisan \u00e9rtelmezte a vil\u00e1got, azaz, szerinte nem l\u00e9tezik semmif\u00e9le \u00f6r\u00f6k l\u00e9nyeg. J\u00f3val meghaladta kor\u00e1t, olyasmir\u0151l besz\u00e9lt gondolkodott, aminek a magyar\u00e1zat\u00e1val csak a mai fizikusok \u201ebirk\u00f3znak\u201d. Mai nyelvre leford\u00edtva ez a mai esem\u00e9ny is err\u0151l sz\u00f3l. Ha p\u00e9ld\u00e1ul megk\u00e9rdezem: \u2014 Hol j\u00e1rt\u00e1l ma? Mit felelsz?&nbsp;<\/p>\n\n\n\n<p>\u2014 Nem tudom.&nbsp;<\/p>\n\n\n\n<p>\u2014 Kik voltak ott?&nbsp;<\/p>\n\n\n\n<p>\u2014 Nem ismerem \u0151ket. \u2014 A v\u00e1ll\u00e1t megvonja.<\/p>\n\n\n\n<p>\u2014 El tudod mondani mit l\u00e1tt\u00e1l?&nbsp;<\/p>\n\n\n\n<p>\u2014 \u00c1ll\u00edt\u00f3lag, legal\u00e1bbis te azt mondtad, hogy valami szertart\u00e1s volt\u2026<\/p>\n\n\n\n<p>\u2014 Nem \u00e1ll\u00edt\u00f3lag. Mit l\u00e1tt\u00e1l?<\/p>\n\n\n\n<p>\u2014 Meztelen f\u00e9rfiak csoportj\u00e1t.<\/p>\n\n\n\n<p>\u2014 Mit csin\u00e1ltak?<\/p>\n\n\n\n<p>\u2014 Nem tudom.<\/p>\n\n\n\n<p>\u2014 Na, \u00e9s ezt \u00edgy folytathatn\u00e1nk, m\u00edg be nem l\u00e1tn\u00e1d, hogy semmit nem l\u00e1tt\u00e1l, senkit nem ismersz, nem is tudod hol volt\u00e1l, el sem tudod mondani az esem\u00e9nyt\u2026 \u2014 \u00e9rdekes nem?&nbsp;<\/p>\n\n\n\n<p>R\u00f6vid csend.<\/p>\n\n\n\n<p>\u2014 De mi\u00e9rt? \u2014 \u00e9rtetlenkedik tov\u00e1bb Szofi.<\/p>\n\n\n\n<p>\u2014 Mert eml\u00edtetted Trianont.<\/p>\n\n\n\n<p>\u2014 Mi k\u00f6ze annak ehhez?<\/p>\n\n\n\n<p>\u2014 \u00c9rthet\u0151, hogy a magyars\u00e1g megeml\u00e9kezik err\u0151l a t\u00f6rt\u00e9nelmi igazs\u00e1gtalans\u00e1gr\u00f3l. El\u00e9gg\u00e9 kem\u00e9ny, keser\u0171 \u00e9s hideg vesztes\u00e9g ez egy nemzetnek ahhoz, hogy t\u00f6retlen\u00fcl eml\u00e9kezz\u00e9k r\u00e1\u2026 s\u0151t, hogy tenni is k\u00edv\u00e1njon ellene..<\/p>\n\n\n\n<p>\u2014 Teh\u00e1t?<\/p>\n\n\n\n<p>\u2014 A k\u00e9plet azonban nem ennyire tiszta \u00e9s nem ilyen egyszer\u0171en \u00e9rtelmezhet\u0151. Ha majd v\u00e9ge lesz a t\u00fcntet\u00e9snek, amir\u0151l besz\u00e9lt\u00e9l, \u00e9s kihallgatnak, mint szerepl\u0151t, ugyan\u00edgy nem fogod tudni kik \u00e1llnak m\u00f6g\u00f6tte. Kik szervezt\u00e9k, s\u0151t m\u00e9g Trianonr\u00f3l sem tudsz semmit. K\u00f6nyvt\u00e1rb\u00f3l szerzett tud\u00e1ssal m\u00e9gy besz\u00e9det mondani, s k\u00f6zben nem tudod: volt-e egy\u00e1ltal\u00e1n Trianon\u2026 \u2014 a f\u00e9rfi hangj\u00e1ban nincs sem s\u00e9rt\u0151 \u00e9l, sem elfogults\u00e1g\u2026 hidegen, f\u00e9lelmetesen hidegen mondja a sz\u00f6veg\u00e9t&#8230; \u2014 Ha fel is szedsz apr\u00f3 ismeretmorzs\u00e1kat, nem tudod \u0151ket \u00f6sszef\u00fcgg\u0151en elmondani, s v\u00e9gk\u00e9pp nem ismered azokat, aki mostan\u00e1ban Trianonnal manipul\u00e1lnak\u2026 Ha v\u00e9ge lesz, csak azt fogod k\u00e9rdezni: Mi\u00e9rt?&nbsp;<\/p>\n\n\n\n<p>\u2014 Ez\u2026 ez ostoba hasonlat, ne is haragudj \u2014 t\u00f6r ki Szofib\u00f3l.&nbsp;<\/p>\n\n\n\n<p>\u2014 Nem mondood \u2014 feleli a f\u00e9rfi hasonl\u00f3 perlok\u00faci\u00f3s hangs\u00fallyal, mint a l\u00e1ny az antikv\u00e1riumban, \u00e9s sz\u00e9lesen mosolyog. A fesz\u00fclts\u00e9g egy pillanat alatt elt\u0171nik, mindketten nevetnek.&nbsp;<\/p>\n\n\n\n<p>\u2014 Egy\u00e9bk\u00e9nt val\u00f3ban volt ebben a tal\u00e1lkoz\u00f3ban valami az \u0151si beavat\u00e1si szertart\u00e1sokb\u00f3l. Ezek a f\u00e9rfiak egy kicsit meghaltak \u00e9s ism\u00e9t megsz\u00fclettek&#8230;&nbsp; Az\u00e1ltal hogy \u00f6sszej\u00f6ttek \u00e9s elfogadt\u00e1k a k\u00f6z\u00f6ss\u00e9g szab\u00e1lyait&#8230; Marija, aki egy\u00e9bk\u00e9nt nagyon h\u00edres f\u00e9nyk\u00e9p\u00e9szn\u0151, j\u00e1tszatta el vel\u00fck egy \u0151si avat\u00e1si szertart\u00e1s jeleneteit\u2026 \u2014 mondja csendesen a f\u00e9rfi. \u2014 K\u00e1r, hogy nem l\u00e1ttad.&nbsp;<\/p>\n\n\n\n<p>Nem sokkal k\u00e9s\u0151bb a&nbsp;f\u00e9rfi piros szem\u00e9lyg\u00e9pkocsij\u00e1val m\u00e1r Kelmec, egy hat\u00e1ron t\u00fali poros kisv\u00e1ros fel\u00e9 tartanak.&nbsp;<\/p>\n\n\n\n<p><strong>\u2014\u2014 Ha nem egy s\u00f3s v\u00edzzel teli k\u00e1dban lebegn\u00e9k, bek\u00f6t\u00f6tt szemekkel, akkor nagy val\u00f3sz\u00edn\u0171s\u00e9ggel b\u00e1m\u00e9szkodn\u00e9k, s a legsim\u00e1bbra csiszolt plafonon is megl\u00e1tn\u00e9k horpad\u00e1sokat, \u00e1rny\u00e9kokat vagy foltokat. Az eddigi tapasztalatom azt mutatja, hogy b\u00e1rmilyen t\u00e1rgyon, legyen az f\u00fcgg\u00f6ny, tap\u00e9ta vagy egyszer\u0171 fal, k\u00e9pes vagyok \u00fajszer\u0171, val\u00f3j\u00e1ban nem ott l\u00e9v\u0151 \u00e1br\u00e1kat felfedezni. Mint mondjuk az \u00e1lland\u00f3an v\u00e1ltoz\u00f3 felh\u0151kben. Az agy egyszer\u0171en \u00fagy van beprogramozva, hogy legbels\u0151, \u00f6szt\u00f6n\u00f6s szintj\u00e9nek engedve igyekszik azonos\u00edtani a vesz\u00e9lyforr\u00e1sokat. Ilyenkor alakulnak ki az \u00e1ltalam l\u00e1tott \u00faj k\u00e9pek, amelyek val\u00f3j\u00e1ban nem \u00fajak, csak \u2013 felt\u00e9telezem \u2013 az agy megtal\u00e1lja a m\u00e1r l\u00e1tott megfelel\u0151j\u00fcket\u2026 a jelens\u00e9g neve pareidolia. Mert ugye, az agy is csak eml\u00e9kekkel dolgozik. Igaz, hogy neki ott van a gyrus cinguli ama csod\u00e1latos k\u00e9pess\u00e9ge, amellyel megk\u00fcl\u00f6nb\u00f6zteti a val\u00f3dit a nem val\u00f3dit\u00f3l, teh\u00e1t k\u00fcl\u00f6nbs\u00e9get tesz az agy \u00e1ltal gener\u00e1lt bels\u0151 ingerek \u00e9s a k\u00fcls\u0151 ingerek k\u00f6z\u00f6tt\u2026<\/strong><\/p>\n\n\n\n<p><strong>Igaz, az \u00e1lnoks\u00e1got nem mindig k\u00e9pes felismerni\u2026<\/strong><\/p>\n\n\n\n<p><strong>Id\u0151nk\u00e9nt kimaradoznak az \u201e\u00e1lmok\u201d, \u00e9s n\u00e9ha \u201emagamhoz t\u00e9rek\u201d, de ez mit sem jelent. Testem nem \u00e9rez semmit, nem l\u00e1tok semmit, nem szagolok semmit, nem hallok semmit, nem viszket semmim \u00e9s lassan a szervezetem kezdi \u201eunni\u201d a k\u00eds\u00e9rletet. Vagy csak f\u00e1rad?&nbsp; \u00c1m az agyam tov\u00e1bb produk\u00e1l valamit, mintha be lenn\u00e9k gy\u00f3gyszerezve. A k\u00e9pek \u00fajra \u00e9s \u00fajra megjelennek, mintha r\u00e9szese lenn\u00e9k a k\u00e9pzelg\u00e9semnek, holott nyilv\u00e1nval\u00f3, hogy csak azok k\u00f6z\u00f6tt az eml\u00e9kek k\u00f6z\u00f6tt mezger\u00e9l, amelyek, ha nem is tudatosultak bennem, ott vannak elrejtve valahol a szalv\u00e9ta vastags\u00e1g\u00fa sz\u00fcrke\u00e1llom\u00e1nyban.&nbsp;<\/strong><\/p>\n\n\n\n<p><strong>Tov\u00e1bb er\u0151s\u00f6dik bennem a meggy\u0151z\u0151d\u00e9s, hogy semmilyen alkalom \u00e9s m\u00f3dszer nem megfelel\u0151bb arra, mint ez a mer\u00fcl\u00e9s, hogy a l\u00e1tsz\u00f3lag t\u00e1vol\u00e1ll\u00f3, egym\u00e1st\u00f3l f\u00fcggetlennek t\u0171n\u0151 esem\u00e9nye k\u00f6z\u00f6tt megtal\u00e1ljam az \u00f6sszef\u00fcgg\u00e9seket\u2026<\/strong><\/p>\n\n\n\n<p><strong>K\u00e9pzeletemben Leoni jegyzetf\u00fczete jelenik meg. N\u0151ies \u00edr\u00e1ssal, sz\u00e9p kerek bet\u0171kkel \u2014 n\u00e9melyik \u201ea\u201d \u201eo\u201d \u201eb\u201d \u201ed\u201dolyan, mint egy kiss\u00e9 n\u00e9gysz\u00f6gletes\u00edtett labda\/k\u00f6r \u2014 mindig a&nbsp;lap k\u00f6zep\u00e9hez igaz\u00edtva a&nbsp;sorokat. \u00d6sszef\u00fcgg\u00e9stelen bejegyz\u00e9sek halmaza, itt-ott csak egy d\u00e1tum, amely tal\u00e1lkoz\u00f3t jel\u00f6l, valahol id\u00e9zet, esetleg egy-egy r\u00f6vid\u00edt\u00e9s\u2026 \u2014\u2014<\/strong><\/p>\n\n\n\n<p>Aki az \u00edr\u00e1ssal szemben a min\u0151s\u00e9gen t\u00fal egy\u00e9b elv\u00e1r\u00e1sokat fogalmaz meg, k\u00fcl\u00f6n\u00f6sen a cselekm\u00e9ny egys\u00e9g\u00e9t v\u00e1rja, fogalma sincs a gondolat villan\u00e1sainak gy\u00f6ny\u00f6r\u0171s\u00e9g\u00e9r\u0151l. Ezek a pillanatok \u00e9pp\u00fagy megfoghatatlanok az irodalom eszk\u00f6zeivel, mik\u00e9nt a zene vagy k\u00e9pz\u0151m\u0171v\u00e9szet eszk\u00f6zeivel is. A val\u00f3 \u00e9let k\u00f6zvet\u00edt\u00e9sekor mindenk\u00e9pp csak imit\u00e1ci\u00f3kra szor\u00edtkozhatunk.&nbsp; Mik\u00e9pp az eml\u00e9kez\u00e9s villan\u00e1sai&#8230;<\/p>\n\n\n\n<p>\u201eVarius multiplex\u201d?&nbsp;<\/p>\n\n\n\n<p><em>\u201eAhogy a Golf-\u00e1ram \u00f6leli k\u00f6r\u00fcl a Sargasso-tengert, ahol az \u00d3ce\u00e1n b\u00e9k\u00e9j\u00e9ben megpihennek a tenger\u00e1r-t\u00e9pte t\u00f6rmel\u00e9kek: a mi l\u00e9g\u00e1ramunknak is van egy v\u00e9dett z\u00f3n\u00e1ja, ahol a leveg\u0151 nyugodt. \u00dagy h\u00edvj\u00e1k: a B\u00e9ke Szigete.\u201c<\/em><\/p>\n\n\n\n<p><em>Tal\u00e1lkoz\u00f3 K-val, 700 \u00e9v vagy 800 \u00e9v?&nbsp;<\/em><\/p>\n\n\n\n<p><em>Tal\u00e1lkoz\u00f3 Szofival.<\/em><\/p>\n\n\n\n<p><em>Sem a gondolat villan\u00e1sainak, sem az \u00e9let pillanatainak r\u00f6gz\u00edt\u00e9s\u00e9re nincsenek szavaim, kifejez\u00e9seim. Mindezek m\u00e9lyen bennem r\u00f6gz\u00fclnek, olyannyira m\u00e9lyen, hogy n\u00e9ha nem is f\u00e1rasztom magam azzal, hogy k\u00eds\u00e9rletezzek a megfogalmaz\u00e1sukkal, csup\u00e1n mag\u00e1t a jelens\u00e9get pr\u00f3b\u00e1lhatom meg k\u00f6r\u00fcl\u00edrni.&nbsp;<\/em><\/p>\n\n\n\n<p>Lassan Leoni is beker\u00fcl a k\u00e9pbe, a k\u00e9pzeletbeli zoom-om \u00e9lesre \u00e1ll\u00edtja szomork\u00e1s arc\u00e1t. A csal\u00e1dseg\u00edt\u0151 mozgalom irod\u00e1j\u00e1ban \u00fcl, \u00e9s most, hogy a mozgalom egyik szlov\u00e1k tagja meg\u00e9rkezett, lassan bez\u00e1rja notesz\u00e9t, vigy\u00e1zva hogy meg ne s\u00e9rtse vele a n\u0151t. Idegen sz\u00e1m\u00e1ra megmagyar\u00e1zhatatlan \u00e9s \u00e9rtelmezhetetlen ez az \u00f3vatoss\u00e1g \u00e9s ez a szem\u00e9rem, csak aki vegyes nemzetis\u00e9g\u0171 k\u00f6rnyezetben \u00e9lt az tudja, hogy ez az \u00e9rz\u00e9s, ez a lelki jelens\u00e9g (torzul\u00e1s\/deform\u00e1ci\u00f3) \u00e9vtizedek egy\u00fctt\u00e9l\u00e9s\u00e9nek az eredm\u00e9nye. A t\u00f6bbs\u00e9g\u00e9ben magyar anyanyelv\u0171 polg\u00e1rok alkotta Kelmec elfogadja a betelepedett szlov\u00e1kok jog\u00e1t arra, hogy anyanyelv\u00fck\u00f6n besz\u00e9ljenek \u2014 hiszen Felvid\u00e9k szlov\u00e1kiai lett \u2014 olyannyira, hogy ha t\u00e1rsas\u00e1gban egyetlen idegen van, akkor is ink\u00e1bb szlov\u00e1kra v\u00e1ltanak, hogy meg ne s\u00e9rts\u00e9k\u2026 \u00e9s sok ilyen engedm\u00e9nyt tesz a l\u00e9lek, csak meg ne s\u00e9rtse azokat, akik harminc-negyven \u00e9v eltelt\u00e9vel sem hajland\u00f3k megtanulni a befogad\u00f3k nyelv\u00e9t. Mondv\u00e1n \u201eNa Slovensku po slovensky!\u201d (Szlov\u00e1ki\u00e1ban szlov\u00e1kul! M\u00e1rmint szlov\u00e1kul kell besz\u00e9lni! ) \u2014 \u00e9s ezt \u00edgy, felki\u00e1lt\u00f3jellel. Szofi \u00e9rti \u00e9s elfogadja, hogy az anyanyelv\u00fck szlov\u00e1k, \u00e9s \u0151 maga is hasonl\u00f3an ragaszkodna saj\u00e1t anyanyelv\u00e9hez, de szinte kiz\u00e1rtnak tartja, hogy \u0151 maga m\u00e1s \u2014 angol, n\u00e9met, spanyol vagy ak\u00e1r szlov\u00e1k \u2014 k\u00f6rnyezetben nem tanuln\u00e1 meg az adott t\u00f6bbs\u00e9g nyelv\u00e9t.&nbsp; B\u00e1r tal\u00e1n \u00e9pp ennek a&nbsp;t\u00f6bbs\u00e9gnek a&nbsp;fogalm\u00e1val volt baj. Az itteni kisebbs\u00e9gben \u00e9l\u0151 szlov\u00e1kok \u00fagy tekintettek a&nbsp;dologra, hogy ha orsz\u00e1gosan t\u00f6bbs\u00e9gben vannak, akkor ez a&nbsp;kisebb r\u00e9gi\u00f3k magyarlakta vid\u00e9keire is vonatkozik. A kelmeci fiatalokkal \u00e1ltal\u00e1ban nem volt gond, \u0151k \u201esportosabban\u201d vett\u00e9k a magyar gyerekekkel val\u00f3 j\u00e1tsz\u00e1s, sz\u00f3rakoz\u00e1s sor\u00e1n, hogy megtanuljanak magyarul, de a betelep\u00fclt, idek\u00f6lt\u00f6z\u00f6tt id\u0151sebbek a nyelv\u00fckh\u00f6z val\u00f3 k\u00f6vetkezetes ragaszkod\u00e1sban l\u00e1tt\u00e1k nemzeti erej\u00fcket, f\u00f6l\u00e9ny\u00fcket. (Egyesek tal\u00e1n fels\u0151bbrend\u0171s\u00e9g\u00fcket is.) Ezzel is \u00e9reztetni k\u00edv\u00e1nt\u00e1k \u201ehatalmukat\u201d, holott \u2014 jobb h\u00edj\u00e1n \u2014 tal\u00e1n ink\u00e1bb csak r\u00e1tartiaknak lehet \u0151ket nevezni.&nbsp;<\/p>\n\n\n\n<p>A h\u00f6lgy, aki els\u0151k\u00e9nt \u00e9rkezik, ink\u00e1bb csak a t\u00f6bbi kelmeci szlov\u00e1k \u00e1ltal \u00e1tvett megszok\u00e1sb\u00f3l haszn\u00e1lja a szlov\u00e1kot, amint (szlov\u00e1kk\u00e9nt)egyed\u00fcl marad egy nagyobb t\u00e1rsas\u00e1gban eltekint att\u00f3l, hogy neki mondjuk k\u00fcl\u00f6n ford\u00edtsanak. \u2014 Rozumiem, rozumiem \u2014 hajtogatja ilyenkor j\u00f3indulat\u00faan mosolyogva, ami azt jelenti: \u00e9rtem, \u00e9rtem, besz\u00e9ljetek csak nyugodtan magyarul\u2026<\/p>\n\n\n\n<p>Miut\u00e1n Leone egyed\u00fcl \u00fcl a helyis\u00e9gben, szlov\u00e1kul sz\u00f3l\u00edtja meg.&nbsp;<\/p>\n\n\n\n<p>&nbsp;\u2014 Vid\u00edte Lenka, tak\u00fd je svet, tak\u00ed s\u00fa \u013eudia&#8230; (L\u00e1tja Lenka, ilyen a&nbsp;vil\u00e1g, ilyenek ezek az emberek) Sz\u00e1nd\u00e9kosan szlov\u00e1kosan Lenk\u00e1nak nevezi, mert tudja, hogy Leoni anyja f\u00e9lig szlov\u00e1k sz\u00e1rmaz\u00e1s\u00fa. \u00c9s Leoni ebben az \u00fcgyben nem tud k\u00f6vetkezetes lenni. Hagyja, ne hagyja? Elv\u00e9gre Szlov\u00e1ki\u00e1ban \u00e9l, de magyar&#8230;&nbsp; joga van ennek a n\u0151nek \u0151t szlov\u00e1kul megnevezni? Vagy k\u00e9rje ki mag\u00e1nak \u00e9s legyen harag? Ezek az \u00e1tkozott kompromisszumok \u00f6lik meg a lelket \u00e9s az \u00f6ntudatot&#8230;&nbsp;<\/p>\n\n\n\n<p>\u2014 Mi t\u00f6rt\u00e9nt Libu\u0161e n\u00e9ni? \u2014 Magyarul besz\u00e9l vele, mert b\u00e1r egy\u00e9bk\u00e9nt szlov\u00e1kra v\u00e1lt, most nincs kedve udvariaskodni, \u00e9s k\u00fcl\u00f6nben is tudja, nemsok\u00e1ra megj\u00f6nnek a&nbsp;t\u00f6bbiek \u00e9s akkor (Libu\u0161e nagylelk\u0171 beleegyez\u00e9s\u00e9t\u0151l f\u00fcggetlen\u00fcl) \u00fagyis mindenki magyarul fog besz\u00e9lni.<\/p>\n\n\n\n<p>\u2014 No \u010do t\u00fdm chc\u00fa dosiahnu\u0165? No \u010do? Na star\u00e9 veci treba pozab\u00fada\u0165&#8230; veru tak. A&nbsp;necha\u0165 ich&#8230; (Mit akarnak el\u00e9rni? No mit? A&nbsp;r\u00e9gi dolgokat el kell m\u00e1r felejteni.)<\/p>\n\n\n\n<p>\u2014 Mir\u0151l van sz\u00f3? \u2014 k\u00e9rdi t\u00fcrelmesen, mert sejti, hogy Libu\u0161e megint hallott valamit a&nbsp;r\u00e1di\u00f3ban. &nbsp;<\/p>\n\n\n\n<p>\u2014 Tak t\u00ed tam v&nbsp;Budapesti. (H\u00e1t azok ott Budapesten) U\u017e zasa ten Trianon&#8230; \u017ee im to nedojde&#8230; (m\u00e1r megint az a&nbsp;Trianon&#8230; hogy mikor \u00e9rtik meg v\u00e9gre) Pre\u010do demon\u0161truj\u00fa? Pre\u010do? (Mi\u00e9rt t\u00fcntetnek? Mi\u00e9rt?)<\/p>\n\n\n\n<p>\u2014 Nem t\u00fcntetnek, csak megeml\u00e9keznek, Libu\u0161e n\u00e9ni. Ez csak nem zavarja?&nbsp;<\/p>\n\n\n\n<p>Libu\u0161e csak legyint, \u00e9s s\u00f3hajt. Mindig kif\u00e1rasztj\u00e1k ezek a&nbsp;magyarok, m\u00e9g ha csak besz\u00e9l is r\u00f3luk. Leoni is hallgat.<\/p>\n\n\n\n<p>A t\u00f6bbek majdnem egyszerre \u00e9rkeznek. Tele az iroda, amely egy\u00e9bk\u00e9nt kisebb tan\u00e1csteremnek is beillene. Kiss\u00e9 fesz\u00fclt a hangulat, a mozgalom nem kap t\u00e1mogat\u00e1st, s ez\u00e9rt az eln\u00f6kn\u0151 bossz\u00fas. Term\u00e9szetes reakci\u00f3ja, hogy kikiab\u00e1lja, amit tud (n\u00e9ha, s\u0151t gyakran meg is b\u00e1nja, de m\u00e1r nem tud v\u00e1ltoztatni a term\u00e9szet\u00e9n, el\u0151bb cselekszik, azt\u00e1n gondolkodik). Elmondja h\u00e1t, hogy a polg\u00e1rmester a szeret\u0151j\u00e9nek bezzeg tud p\u00e9nzt int\u00e9zni, aki helyett m\u00e9g a kr\u00f3nik\u00e1t is m\u00e1s \u00edrja, holott \u0151 szedi ez\u00e9rt a p\u00e9nzt. Mindek\u00f6zben a kis kurva a megyei lap bes\u00fag\u00f3 szerkeszt\u0151j\u00e9vel is hempereg (hogy mit \u00e9rt hemperg\u00e9s alatt, az nem szorul magyar\u00e1zatra).&nbsp; Leoni felkapja a fej\u00e9t&#8230; micsoda? A szerkeszt\u0151 bes\u00fag\u00f3? De hiszen \u0151 annak a lapnak dolgozik! J\u00f3l hallotta?&nbsp;<\/p>\n\n\n\n<p>\u0150k persze rend\u00fcletlen\u00fcl dolgoznak \u2014 d\u00f6rgi az eln\u00f6kasszony \u2014,&nbsp; ha ez a mozgalom nem lenne, akkor szinte semmi nincs, teh\u00e1t semmi nem t\u00f6rt\u00e9nik Kelmecen, de \u0151k nem kapnak p\u00e9nzt arra, hogy Pestre menjenek a nagy csal\u00e1dseg\u00edt\u0151 konferenci\u00e1ra&#8230; \u201emert nincs p\u00e9nz, sp\u00f3rolni kell\u201d\u2014 a polg\u00e1rmestert ut\u00e1nozza \u2014 \u2026dehogy nincs! Csak akarni kell! \u2014 kiab\u00e1lja&#8230;&nbsp;<\/p>\n\n\n\n<p>Leoni n\u00e9zi ezeket a megf\u00e1radt, megkeseredett, k\u0151kem\u00e9ny sz\u00edv\u0171 n\u0151ket \u00e9s a meztelen lelk\u00fck jelenl\u00e9te fojtogatja \u0151t. Igen, meztelen\u00fcl \u00e1llnak el\u0151tte, s l\u00e1tja rajtuk azt a vastag k\u00e9rget is, amit \u00e9vtizedek csal\u00f3d\u00e1sai, megpr\u00f3b\u00e1ltat\u00e1sai telep\u00edtettek r\u00e1juk&#8230;&nbsp;<\/p>\n\n\n\n<p>Ez a meztelens\u00e9g elkeser\u00edt\u0151nek \u00e9s sz\u00e9gyenletesnek is t\u0171nik egyben.<\/p>\n\n\n\n<p>A j\u00f3t\u00e9konys\u00e1g m\u00e1z\u00e1nak az asszonyokr\u00f3l t\u00f6rt\u00e9nt k\u00edm\u00e9letlen elt\u00e1vol\u00edt\u00e1sa ut\u00e1n, maga is megkeseredett emberk\u00e9nt \u00fcl ott k\u00f6z\u00f6tt\u00fck, mert ekkor, ebben a pillanatban \u00e9rzi \u00e1t, hogy mif\u00e9le v\u00e9lem\u00e9nnyel lehetnek r\u00f3la mindazok, akik ugyan nincsenek ebben a mozgalomban, \u00e1m egy\u00e9b csatorn\u00e1kon m\u00e1r hamarabb megismert\u00e9k, kiismert\u00e9k ezeket a l\u00e9nyeket&#8230; hiszen \u0151 is ide tartozik, \u00e9s k\u00f6z\u00f6ss\u00e9get v\u00e1llalt vel\u00fck!<\/p>\n\n\n\n<p>Otthonukb\u00f3l menek\u00fclnie kellett a saj\u00e1t apj\u00e1t\u00f3l, aki felel\u0151s ember \u00e9s alkoholista l\u00e9v\u00e9n, nem sok boldogs\u00e1ggal \u201eaj\u00e1nd\u00e9kozta\u201d meg csal\u00e1dj\u00e1t\u2026 a tehetetlens\u00e9g tudata d\u00fch\u00edtette \u00e9s sz\u00e9gyennel t\u00f6lt\u00f6tte el, apja r\u00e9szegs\u00e9g\u00e9nek kalandjai pedig val\u00f3s\u00e1ggal fizikai f\u00e1jdalmat okoztak neki, valah\u00e1nyszor ut\u00f3lag tudom\u00e1st szerzett r\u00f3luk\u2026 a riportalanyokkal val\u00f3 tal\u00e1lkoz\u00e1s enyh\u00fcl\u00e9st okozott, elvonta figyelm\u00e9t, s ha lehetett csak aludni j\u00e1rt haza\u2026<\/p>\n\n\n\n<p>P\u00e9nz\u00fck nem l\u00e9v\u00e9n, tov\u00e1bbtanul\u00e1sr\u00f3l sz\u00f3 sem lehetett, helyi apr\u00f3-csepr\u0151 munk\u00e1kkal k\u00f6t\u00f6tte le mag\u00e1t\u2026 mag\u00e1ra hagyva anyj\u00e1t, aki tan\u00e1csa ellen\u00e9re sem hajland\u00f3 elv\u00e1lni a f\u00e9rj\u00e9t\u0151l\u2026<\/p>\n\n\n\n<p>\u00c1m az \u00fagynevezett menek\u00fcl\u00e9s csak tov\u00e1bb m\u00e9ly\u00edtette elkeseredetts\u00e9g\u00e9t, csal\u00f3dotts\u00e1g\u00e1t\u2026 m\u00e1r elk\u00e9pzelni sem tudja, hogy az \u00e9let b\u00e1rmely ter\u00fclet\u00e9n tiszta jelens\u00e9gre lelhet&#8230; minden\u00fctt \u00e1lnok, megalkuv\u00f3 \u00e1rul\u00f3kkal tal\u00e1lkozott\u2026 most l\u00e1m, a region\u00e1lis lap szerkeszt\u0151j\u00e9r\u0151l der\u00fcl ki, hogy \u00e9vek \u00f3ta a nemzetbiztons\u00e1g bes\u00fag\u00f3ja\u2026 \u00e9s a k\u00f6rnyezete csendes meg\u00e9rt\u00e9ssel \u00e9s belenyugv\u00e1ssal fogadja mindezt\u2026 mintha term\u00e9szetes lenne, hogy bes\u00fag\u00f3knak lenni\u00fck kell, t\u00fal\u00e9lhetnek rendszerv\u00e1lt\u00e1sokat, \u00e9s tov\u00e1bbra is s\u00e9rthetetlenek, t\u00e1madhatatlanok\u2026<\/p>\n\n\n\n<p>K\u00e9s\u0151bb, m\u00e1r egyed\u00fcl \u00fcl az irod\u00e1ban, az asszonyok hazamentek, s a k\u00f6vetkez\u0151ket \u00edrja a notesz\u00e1ba:<\/p>\n\n\n\n<p><em>\u201eSok mindent csin\u00e1ltam an\u00e9lk\u00fcl, hogy tudtam volna, mit csin\u00e1lok. \u00dagy \u00e9ltem, hogy nem tudtam r\u00f3la. Gondolatok n\u00e9lk\u00fcl, akarat, c\u00e9l \u00e9s \u00f6nbizalom n\u00e9lk\u00fcl.&nbsp;<\/em><\/p>\n\n\n\n<p><em>K\u00e9pes voltam mindezt n\u00e9lk\u00fcl\u00f6zni!&nbsp;<\/em><\/p>\n\n\n\n<p><em>\u00d6nmagam test\u00e9be z\u00e1rt tehetetlens\u00e9g lettem\u2026s a legbiztosabb z\u00e1rt oszt\u00e1ly lett az otthonom: k\u00e9nyszerk\u00e9pzeteim \u00e9s f\u00e9lelmeim fekete \u00f6rv\u00e9nye fogadott be&#8230; \u201d<\/em>&nbsp;<\/p>\n\n\n\n<p>\u00dagy d\u00f6nt, hogy ism\u00e9t felkeresi Kr\u00f3nik\u00e1st\u2026<\/p>\n\n\n\n<p>&nbsp;<strong>\u2014\u2014\u201eAz \u00e1lmok kulcsa az agy leg\u0151sibb r\u00e9sz\u00e9ben az agyt\u00f6rzsben tal\u00e1lhat\u00f3 idegd\u00facok kis\u00fcl\u00e9s\u00e9ben kereshet\u0151. Alv\u00e1s k\u00f6zben az agyt\u00f6rzs kolinerg idegsejtjei kis\u00fcl\u00e9seket produk\u00e1lnak, amelyek szesz\u00e9lyes elektromos&nbsp; (PGO)impulzusokat ind\u00edtanak el. E hull\u00e1mok az agyt\u00f6rzs\u00f6n kereszt\u00fcl a l\u00e1t\u00f3k\u00e9regbe jutnak, \u00e9s \u00e1lmok l\u00e9trehoz\u00e1s\u00e1ra k\u00e9sztetik azt. A l\u00e1t\u00f3k\u00e9reg idegsejtjei m\u00e1sodpercenk\u00e9nti t\u00f6bb sz\u00e1zas frekvenci\u00e1val rezon\u00e1lni kezdenek, s tal\u00e1n ez az oka, hogy az \u00e1lmok olykor \u00f6sszef\u00fcgg\u00e9stelenek.\u201d \u2014 Szinte sz\u00f3r\u00f3l sz\u00f3ra ez a sz\u00f6veg tal\u00e1lhat\u00f3 egy tudom\u00e1nyos \u00e9rtekez\u00e9sben, amelyet nem sokkal e k\u00eds\u00e9rlet el\u0151tt olvastam. Nem annyira alaposan, hogy felid\u00e9zhet\u0151en eml\u00e9kezzem r\u00e1, most m\u00e9gis tiszt\u00e1n \u201eitt \u00e1ll el\u0151ttem\u201d \u00e9s provok\u00e1l!<\/strong><\/p>\n\n\n\n<p><strong>Igen, hiszen az \u00e9n \u201e\u00e1lmom\u201d kegyetlen\u00fcl \u00e1tgondoltnak \u00e9s \u00f6sszef\u00fcgg\u0151nek tetszik!&nbsp; \u00dagy l\u00e1tszik, min\u00e9l modernebb a vil\u00e1g, ann\u00e1l n\u00e9lk\u00fcl\u00f6zhetetlenebb\u00e9 v\u00e1lik a t\u00f6rt\u00e9neteimben, a mes\u00e9imben, az eml\u00e9kez\u00e9seim \u00e9rtelmez\u00e9se k\u00f6zben a tudom\u00e1nyoss\u00e1g\u2026 Ezzel egy\u00fctt tov\u00e1bbra is ugyanabban a k\u00f6rben keringek, ugyanannak a semminek az \u00e1g\u00e1ba kapaszkodom. \u2014\u2014<\/strong><\/p>\n\n\n\n<p>Kr\u00f3nik\u00e1sn\u00e1l vagyok, a negyedik emeleti lak\u00e1sban, \u00e9s most mindk\u00e9t l\u00e1ny \u2014 akikr\u0151l megtudja, hogy r\u00e9gen ismerik egym\u00e1st, s\u0151t mi t\u00f6bb, bar\u00e1tn\u0151k \u2014 tan\u00e1csra v\u00e1r az id\u0151s embert\u0151l, aki, sejtem, szorult helyzet\u00e9ben \u2014 mivel az \u00e9n eml\u00e9keimr\u0151l l\u00e9v\u00e9n sz\u00f3, nyilv\u00e1nval\u00f3an csak az \u00e9n eddig szerzett tapasztalataimmal rendelkezik \u2014 valahogy hasonl\u00f3an fog reag\u00e1lni mintha \u00e9n magam lenn\u00e9k.&nbsp;<\/p>\n\n\n\n<p>B\u00e1r \u00e9rt m\u00e1r meglepet\u00e9s \u00e1lmomban, s most sem z\u00e1rom ki ennek a lehet\u0151s\u00e9g\u00e9t. &nbsp;<\/p>\n\n\n\n<p>Szofi \u2014 mint szok\u00e1sos, bejelentkez\u0151 di\u00e1kja \u2014 Trianonnal kapcsolatban kereste fel, Leoni pedig az\u00e9rt j\u00f6tt ilyen v\u00e1ratlanul \u00e9s bejelentkez\u00e9s n\u00e9lk\u00fcl ism\u00e9t, mert a bes\u00fag\u00f3kkal kapcsolatban szeretne inform\u00e1ci\u00f3kat. Kr\u00f3nik\u00e1s j\u00f3l sejti, hogy Szofi a k\u00f6zelg\u0151 pesti esem\u00e9nyekre k\u00e9sz\u00fcl, ahol a trianoni megeml\u00e9kez\u00e9sekt\u0151l hangos a m\u00e9dia, Leoni pedig a helyi, \u00fagynevezett est\u00e9b\u00e9sekr\u0151l (\u0160tb \u2014 \u0161t\u00e1tna bezpe\u010dnos\u0165 = \u00e1llambiztons\u00e1g) akar valamit megtudni, akikr\u0151l m\u00e9g r\u00f6gt\u00f6n a kilencvenes \u00e9vek elej\u00e9n az \u00fagynevezett b\u00e1rsonyos forradalom ut\u00e1n k\u00f6z\u00f6lt list\u00e1t a csehorsz\u00e1gi Rude Kr\u00e1vo \u2014 azaz a V\u00f6r\u00f6s Teh\u00e9n \u2014 c\u00edm\u0171 lap. A k\u00f6rny\u00e9k t\u00f6bb ismert szem\u00e9lyis\u00e9ge is szerepelt a list\u00e1n, de az esem\u00e9ny \u2014 ezeken a v\u00e9geken \u2014 semmi jelent\u0151s\u00e9ggel nem b\u00edrt. Mik\u00e9nt az sem, hogy egyesek id\u0151vel \u201ekikoptak\u201d err\u0151l a list\u00e1r\u00f3l.&nbsp;<\/p>\n\n\n\n<p>Kr\u00f3nik\u00e1s sz\u00edve szerint egyik t\u00e9m\u00e1val sem k\u00edv\u00e1n foglalkozni, els\u0151sorban az\u00e9rt, mert r\u00e9g kihalt bel\u0151le az emberi l\u00e9pt\u00e9kkel tetten \u00e9rhet\u0151 t\u00f6rt\u00e9nelmi igazs\u00e1gszolg\u00e1ltat\u00e1sba vetett hit, m\u00e1sodszor mert tiszt\u00e1n l\u00e1tja a fiatal l\u00e1nyok lelkesed\u00e9s\u00e9nek szalmal\u00e1ng jelleg\u00e9t. \u2014Id\u0151vel majd megnyugszanak, belet\u00f6r\u0151dnek, \u00edgy jelenleg felesleges is lenne \u0151ket jobban hergelni. Ink\u00e1bb megnyugtatni kell \u0151ket \u2014 \u00e1llap\u00edtja meg mag\u00e1ban.&nbsp;<\/p>\n\n\n\n<p>\u201e\u2014 Valaki nekem tegnap Pesten azt mondta, hogy minden igaz\u00e1n nagy m\u0171h\u00f6z sz\u00fcks\u00e9g van a term\u00e9szet legt\u00e1gabb \u00e9rtelm\u00e9ben vett naturalizmus\u00e1ra&#8230; mi lenne, ha ezt a meztelens\u00e9get a t\u00f6rt\u00e9nelmi tiszt\u00e1nl\u00e1t\u00e1s \u0151szintes\u00e9g\u00e9re alkalmazn\u00e1nk? Ha mindezt meg\u00edrn\u00e1nk, nyilv\u00e1noss\u00e1gra hozn\u00e1nk \u00e9s ism\u00e9t az illet\u00e9kesekhez forduln\u00e1nk? Mi\u00e9rt ne indulhatna egy kezdem\u00e9nyez\u00e9s \u00e9pp innen keletr\u0151l? Al\u00e1\u00edr\u00e1sgy\u0171jt\u00e9s form\u00e1j\u00e1ban! Pesten is el lehetne kezdeni, s ha sok helyr\u0151l indulna kezdem\u00e9nyez\u00e9s, csak \u00f6ssze kellene fogni az eg\u00e9szet \u00e9s megnyerni komoly politikusokat, menne a dolog&#8230; hisz most az EU-ban m\u00e1r meg lehet csin\u00e1lni, igazs\u00e1got lehet szolg\u00e1ltatni\u2026\u201d \u2014 hadarja Szofi, kez\u00e9vel lelkesen gesztikul\u00e1l, s Kr\u00f3nik\u00e1s csendes mosollyal n\u00e9zi. Tudat alatt sejti, hogy neh\u00e9z lesz ezt az \u00e9rvel\u00e9st meg\u00e1ll\u00edtani, most arra j\u00e1tszik, hogy kif\u00e1rassza a l\u00e1nyt \u00e9s valahogy id\u0151 nyerjen\u2026<\/p>\n\n\n\n<p>\u201e\u2014 Nem el\u00e9g az al\u00e1\u00edr\u00e1sgy\u0171jt\u00e9s! Felvil\u00e1gos\u00edt\u00f3 propagand\u00e1t kell csin\u00e1lni!\u201d \u2014 nyilatkozik Leoni is, akit mag\u00e1val ragad Szofi lend\u00fclete.&nbsp;<\/p>\n\n\n\n<p>\u201e\u2014 Egy \u0151szinte lapot kell ind\u00edtani Kelmecen! Ami mindent \u0151szint\u00e9n kimond! Nyilv\u00e1noss\u00e1got!\u201d \u2014 A l\u00e1nyok szinte kiab\u00e1lnak, annyira magukkal ragadja \u0151ket a gondolat.&nbsp;<\/p>\n\n\n\n<p>\u201e\u2014 Legyenek benne felvil\u00e1gos\u00edt\u00f3 \u00edr\u00e1sok! \u00c9s t\u00f6rt\u00e9nelmi \u00e9rt\u00e9kekkel foglalkoz\u00f3k! \u00c9s mai \u00e9rdekes szem\u00e9lyis\u00e9gek! \u00c9s vitaind\u00edt\u00f3 cikkek! \u00c9s legyen benne v\u00e9gre sz\u00ednvonalas vez\u00e9rcikk! Ez a mostani szerkeszt\u0151 m\u00e9g arra se k\u00e9pes, hogy b\u00e1rmir\u0151l v\u00e9lem\u00e9nyt mondjon!\u201d<\/p>\n\n\n\n<p>\u201e \u2013 De mi legyen a c\u00edme?\u201d \u2013 jut esz\u00fckbe.<\/p>\n\n\n\n<p>Kr\u00f3nik\u00e1s tiszt\u00e1n l\u00e1tja, mennyire el\u0151reszaladtak a&nbsp;l\u00e1nyok, \u00e9s a&nbsp;fej\u00e9t csendesen cs\u00f3v\u00e1lja. &nbsp;<\/p>\n\n\n\n<p>\u00dajs\u00e1g\u2026 most mutassa meg nekik a jegyzetei k\u00f6z\u00f6tt lapul\u00f3, Boruth Elem\u00e9r XIX. sz\u00e1zad v\u00e9g\u00e9r\u0151l sz\u00e1rmaz\u00f3 level\u00e9t , amely az\u00f3ta sem vesztett aktualit\u00e1s\u00e1b\u00f3l?&nbsp;<\/p>\n\n\n\n<p><em>\u201eTekintetes Megyei Bizotts\u00e1g!<\/em><\/p>\n\n\n\n<p><em>Harmadik \u00e9ve m\u00e1r, hogy Zempl\u00e9n megy\u00e9ben \u00bbZempl\u00e9n\u00ab cz\u00edm alatt egy k\u00f6zgazdas\u00e1gi \u00e9s t\u00e1rsadalmi \u00e9rdekeket k\u00e9pvisel\u0151 heti lapot, mint szerkeszt\u0151-kiad\u00f3 megind\u00edtottam, s b\u00e1r ezen id\u0151 alatt folytonos \u00e1ldozattal kellett annak kiad\u00e1s\u00e1t fedeznem, m\u00e9gis fenntartan\u00e1m azt, rem\u00e9lv\u00e9n: miszerint egy ily \u00e9rtelmes nagy megye k\u00f6z\u00f6ns\u00e9ge v\u00e9gre is t\u00e1mogatni fogja v\u00e1llalkoz\u00e1somat, s bel\u00e1tandja sz\u00fcks\u00e9gess\u00e9g\u00e9t annak: miszerint sokoldal\u00fa \u00e9rdekeinek meg\u00f3v\u00e1s\u00e1ra \u00e9s fejleszt\u00e9s\u00e9re m\u00falhatatlanul nagy org\u00e1nummal kell b\u00edrnia.<\/em><\/p>\n\n\n\n<p><em>Ebbeli rem\u00e9nyem teljes\u00fcl\u00e9se azonban f\u00e1jdalom, mindekkor\u00e1ig be nem k\u00f6vetkezett. Sz\u00edv\u00f3s kitart\u00e1som, \u00e1ldozatk\u00e9szs\u00e9gem, munk\u00e1ss\u00e1gom erk\u00f6lcsi jutal\u00e9kban r\u00e9szes\u00fclt ugyan, de a v\u00e1llalatnak anyagra t\u00e1maszkod\u00f3 oldala n\u00e9lk\u00fcl\u00f6z\u00e9 azon er\u0151t, mely fenn\u00e1ll\u00e1s\u00e1t biztos\u00edtva, egyszersmind rug\u00f3j\u00e1t k\u00e9pezte volna az e t\u00e9ren kifejtend\u0151 nagyobb szellemi tev\u00e9kenys\u00e9gnek.&nbsp;<\/em><\/p>\n\n\n\n<p><em>Kutattam e r\u00e9szv\u00e9tlens\u00e9g okait, s azokat er\u0151m csek\u00e9lys\u00e9ge mellett, legink\u00e1bb azon k\u00f6r\u00fclm\u00e9nyekben v\u00e9ltem feltal\u00e1lni: miszerint a folytonos politikai izgalmak \u00e1rj\u00e1ba sodort k\u00f6z\u00f6ns\u00e9g \u00e9rdekeinek neutr\u00e1lis buv\u00e1rlat\u00e1ra f\u00f6lemelkedni nem b\u00edrv\u00e1n, a politik\u00e1t has\u00e1bjair\u00f3l kiz\u00e1r\u00f3 t\u00e1pban (!) nem tal\u00e1lt sz\u00e1m\u00e1ra t\u00e1pot; s nemzetgazd\u00e1szati tartalm\u00e1n\u00e1l fogva nem l\u00e1tta benne a gy\u00fat\u00fck\u00f6rt (!), mely k\u00f6zpontj\u00e1ban, a megyei \u00e9let k\u00f6r\u00e9ben kifejlett k\u00f6z\u00e9rdek\u0171 cselekv\u00e9s sugarait egyes\u00edtve \u2013 e t\u00e9ren val\u00f3di sz\u00fcks\u00e9g\u00e9t p\u00f3tolhatta volna.\u201d<\/em><\/p>\n\n\n\n<p>Sajnos \u00edgy van: Am\u00edg egy lap figyelmen k\u00edv\u00fcl hagyja \u201e<em>a folytonos politikai izgalmak \u00e1rj\u00e1ba sodort k\u00f6z\u00f6ns\u00e9g \u00e9rdekeit\u201d, addig a <\/em>vid\u00e9k lakoss\u00e1ga nem l\u00e1tandja be egy ilyen lap sz\u00fcks\u00e9gess\u00e9g\u00e9t, itt egy lap nem tal\u00e1l t\u00e1pot, s nem leend gy\u00fat\u00fckre az ilyesfajta kezdem\u00e9nyez\u00e9snek. Ann\u00e1l is ink\u00e1bb, mert akkor m\u00e1r politikai lap lenne, s a p\u00e1rt vagy p\u00e1rtok&nbsp; feladata lenne annak finansz\u00edroz\u00e1sa, s \u201e<em>a megyei \u00e9let k\u00f6r\u00e9ben kifejlett k\u00f6z\u00e9rdek\u0171 cselekv\u00e9s sugarainak egyes\u00edt\u00e9se\u201d.<\/em>&nbsp;<\/p>\n\n\n\n<p>Lassan, \u00e9rthet\u0151en pr\u00f3b\u00e1lja elmagyar\u00e1zni egy \u00fajs\u00e1g bejegyz\u00e9s\u00e9nek, l\u00e9trehoz\u00e1s\u00e1nak, szellemis\u00e9ge kialak\u00edt\u00e1s\u00e1nak megpr\u00f3b\u00e1ltat\u00f3 neh\u00e9zs\u00e9geit, ami a l\u00e1nyok \u00e1lland\u00f3, s ez\u00e1ltal rendk\u00edv\u00fcl id\u0151ig\u00e9nyes jelenl\u00e9t\u00e9t k\u00edv\u00e1nn\u00e1 meg\u2026 s k\u00f6zben csendes , megmagyar\u00e1zhatatlan sz\u00e9gyen\u00e9rzet lopakodik a sz\u00edv\u00e9be&#8230; nem mond semmi olyat, ami nem felelne meg a val\u00f3s\u00e1gnak m\u00e9gis lelkiismeret furdal\u00e1s gy\u00f6tri. &nbsp;<\/p>\n\n\n\n<p><strong>\u2014\u2014 S magam is \u00e9rzem a k\u00ednz\u00f3 fojtogat\u00f3 szor\u00edt\u00e1st a torkomban, s \u00e9ppoly tan\u00e1cstalan vagyok, mint \u00e1lmom szerepl\u0151je&#8230; \u2014 Mi\u00e9rt nem tudok azonosulni a l\u00e1nyokkal, \u00e9s azt \u00e1lmodni, hogy l\u00e9trehozz\u00e1k a szerkeszt\u0151s\u00e9get, t\u00e9m\u00e1kat \u00e1ll\u00edtanak \u00f6ssze, terjeszt\u00e9si tervet k\u00e9sz\u00edtenek, nyomdai lehet\u0151s\u00e9geket vesznek sorra? Pr\u00f3b\u00e1lok erre a lehet\u0151s\u00e9gre gondolni, de mintha \u00e1tt\u00f6rhetetlen falakba \u00fctk\u00f6zn\u00e9k. Nem megy. Azt tapasztalom, hogy az \u00e1lmomban is k\u00f6t\u00f6tts\u00e9ggel kell sz\u00e1molnom. Nem csak a kifejez\u00e9sek szeg\u00e9nyess\u00e9g\u00e9vel kell megk\u00fczdenem, de az \u00e1lom tartalmi akad\u00e1lyokba is \u00fctk\u00f6zik&#8230; ez az eg\u00e9sz tudatos \u00e1lmodoz\u00e1s, amely arr\u00f3l sz\u00f3l, hogy a REM alv\u00e1s idej\u00e9n az agy prefront\u00e1lis k\u00e9rg\u00e9nek dorzolater\u00e1lis r\u00e9sze is akt\u00edv, most cs\u0151d\u00f6t mond\u2026 \u2014\u2014<\/strong><\/p>\n\n\n\n<p>Kr\u00f3nik\u00e1s nem mondhatja a l\u00e1nyoknak \u00e9s nem is mondja, hogy ennek a v\u00e1rosnak nincs m\u00faltja\u2026 nincsenek t\u00f6rt\u00e9nelmi szem\u00e9lyis\u00e9gei, nincsenek h\u0151sei. Nyugodtan hagytak ellopni t\u00f6rt\u00e9nelm\u00fckb\u0151l, m\u00faltjukb\u00f3l sz\u00e1z \u00e9vet, Trianont pedig \u00e9pp\u00fagy el lehet lopni fel\u0151l\u00fck, mint saj\u00e1t jelen\u00fcket\u2026 nem, ezt semmik\u00e9pp! A Trianon rehabilit\u00e1ci\u00f3j\u00e1\u00e9rt ind\u00edtott akci\u00f3 m\u00e9gsem innen, Kelmecr\u0151l fog elindulni. Teljesen \u00e9rthetetlen\u00fcl az az \u00e9rz\u00e9se t\u00e1mad, hogy ebben a tudatosult pillanatban Trianon, \u00e9s a Boruth-lev\u00e9l sorsa valami\u00e9rt \u00f6sszekapcsol\u00f3dik, m\u00e9gha \u0151 maga nem is k\u00e9pes felismerni az \u00f6sszef\u00fcgg\u00e9st a maga teljess\u00e9g\u00e9ben. Viszont tal\u00e1n ez az a pillanat, amelyben tetten \u00e9rhet\u0151 az inform\u00e1ci\u00f3, az eml\u00e9k elt\u0171n\u00e9se!Nem az ilyen pillanatok \u201eeredm\u00e9nye\u201d az, hogy ha valaki idegen a helyiekn\u00e9l r\u00e1k\u00e9rdez Kelmec t\u00f6rt\u00e9net\u00e9re a zavart v\u00e1laszok t\u00f6bbnyire a: <em>\u201evalamikor nagyon r\u00e9gen\u2026\u201d<\/em> formul\u00e1val kezd\u0151dnek, \u00e9s hozz\u00e1 hasonl\u00f3 hat\u00e1rozotts\u00e1g\u00fa <em>\u201e\u2026valahogy \u00edgy t\u00f6rt\u00e9nt.\u201d-<\/em>el v\u00e9gz\u0151dnek?Vajon hova t\u0171nhettek a r\u00e9gi kelmeciek eml\u00e9kei? \u0150k legal\u00e1bb annyira t\u00f6rt\u00e9netfal\u00f3k, t\u00f6rt\u00e9netkedvel\u0151k \u2014 mythophilek \u2014 mint m\u00e1sok, mik\u00e9pp lehetett, hogy semmif\u00e9le monda nem maradt meg, amelyet sz\u00edvesen adtak volna tov\u00e1bb? Az \u00f6regek hal\u00e1l\u00e1val teh\u00e1t fokozatosan v\u00e9gelegesen elt\u0171nnek Kelmec m\u00faltj\u00e1nak eml\u00e9kei?&nbsp;<\/p>\n\n\n\n<p>Hirtelen felpillantva az egyik l\u00e1ny homlok\u00e1ra tolt napszem\u00fcveg t\u00fck\u00f6rf\u00e9nyes lencs\u00e9j\u00e9ben ott l\u00e1tja saj\u00e1t torz\u00edtott k\u00e9p\u00e9t, saj\u00e1t fotelj\u00e1ban \u00fclve, el\u0151rehajolva, \u00e1rulkod\u00f3, mozg\u00f3 kezei tan\u00e1cstalanul keresik hely\u00fcket, s \u0151 pontosan l\u00e1tja, mit gondolnak r\u00f3la a l\u00e1nyok, amiben csak az a bosszant\u00f3, hogy ez nagym\u00e9rt\u00e9kben egyezik azzal, amit \u0151 maga is \u00e9rez\u2026 ugyanakkor nagyon sajn\u00e1lja is \u00f6nmag\u00e1t.&nbsp;<\/p>\n\n\n\n<p>Soha nem \u00e9rezte ennyire tiszt\u00e1n azt, hogy ebben a v\u00e1rosban \u0151 tulajdonk\u00e9ppen sz\u00e1m\u0171z\u00f6ttk\u00e9nt \u00e9l\u2026 nem a v\u00e1ros \u0171zte el, \u0151 saj\u00e1t mag\u00e1t z\u00e1rta el. Neh\u00e9z is megfogalmazni mi k\u00f6ti ehhez a v\u00e1roshoz, ezeknek a l\u00e1nyoknak a sz\u00fcleihez, magukhoz a l\u00e1nyokhoz. Ha t\u00e1rsas\u00e1gban s\u00f6r vagy bor mellett sz\u00f3ba ker\u00fcl, a t\u00f6bbi, r\u00e9gi kelmecihez hasonl\u00f3an eg\u00e9szs\u00e9ges lok\u00e1lpatriotizmussal magyar\u00e1zza v\u00e1rosa ir\u00e1nt \u00e9rzett szeretet\u00e9t, vonzalm\u00e1t, de mindig is \u00e9rezte \u00e9s sejtette, hogy itt az\u00e9rt m\u00e1sr\u00f3l \u00e9s t\u00f6bbr\u0151l van sz\u00f3. A poros kisv\u00e1ros unalmas civ\u00f3d\u00e1saival, t\u00f6rt\u00e9nelemn\u00e9lk\u00fclis\u00e9g\u00e9vel, \u00e9s les\u00fajt\u00f3 elmaradotts\u00e1g\u00e1val, r\u00e1tartis\u00e1g\u00e1val hatvan \u00e9ve megfogta, mag\u00e1hoz ragadta, \u00e9s az\u00f3ta sem engedte el. Hogyan, mik\u00e9pp lehet szeretni egy v\u00e1rost, ez egyel\u0151re megv\u00e1laszolatlanul lebeg benne, \u00e9s meggy\u0151z\u0151d\u00e9se, hogy teljess\u00e9g\u00e9ben ez az \u00e9rz\u00e9s tetten\u00e9rhetetlen.&nbsp;<\/p>\n\n\n\n<p>\u2014 Igen, igazatok van \u2014 sz\u00f3lal meg v\u00e9g\u00fcl. \u2014 Kelmec \u00e9s vonz\u00e1sk\u00f6rzet\u00e9nek mag\u00e1rahagyatotts\u00e1g\u00e1t tal\u00e1n egy \u00fajs\u00e1g mutatn\u00e1 meg a leghat\u00e9konyabban&#8230;&nbsp; A l\u00e1nyok vid\u00e1m pillant\u00e1sait elkapva nagyon rongy alaknak \u00e9rzi mag\u00e1t: mert tudja, k\u00e9ts\u00e9gbevonhatatlanul \u00e9rzi, hogy ebb\u0151l az \u00fajs\u00e1gb\u00f3l soha egyetlen sor sem jelenik majd meg, \u00e9s a Trianon elleni kezdem\u00e9nyez\u00e9s sem innen Kelmecr\u0151l fog elindulni\u2026 A kelmec k\u00f6rny\u00e9ki negyvenezer magyar asszimil\u00e1ci\u00f3ra \u00edt\u00e9ltetett sors\u00e1ba m\u00e1r senki sem fog beavatkozni\u2026<\/p>\n\n\n\n<p><strong>\u2014\u2014 Az agyam \u00fagy pr\u00f3b\u00e1lgatja ezeket a t\u00f6rt\u00e9neteket, mint a ruh\u00e1kat\u2026 t\u00f6rt\u00e9netek n\u00e9lk\u00fcl ugyanis az ember meztelen\u2026 a kelmeci t\u00f6rt\u00e9netek is k\u00fcl\u00f6n-k\u00fcl\u00f6n tal\u00e1n \u00e9rtelmezhetetlenek \u00e9s \u00e9rtelmetlenek, \u00e1m ez a term\u00e9szetes emberi ig\u00e9nynek eleget t\u00e9v\u0151&nbsp; sokt\u00f6rt\u00e9netis\u00e9g sok\u00e9rtelm\u0171s\u00e9get is jelent, s ebben a sok\u00e9rtelm\u0171s\u00e9gben ott rejlik a mag\u00e1ra tal\u00e1l\u00e1s lehet\u0151s\u00e9ge is\u2026 s\u0151t mi t\u00f6bb, a t\u00f6rt\u00e9nelemcsin\u00e1l\u00e1s felel\u0151ss\u00e9ge is. Az agyam dikt\u00e1lta \u2014 t\u00f6rt\u00e9netek k\u00f6z\u00f6tt val\u00f3 \u2014 v\u00e1logat\u00e1s nyilv\u00e1n azokra a t\u00f6rt\u00e9netekre vonatkozik, amelyek valamif\u00e9le \u00fajszer\u0171s\u00e9get hordoznak magukban, vagy legal\u00e1bbis egy \u00fajabb magasabb szint el\u00e9r\u00e9s\u00e9nek lehet\u0151s\u00e9g\u00e9t.&nbsp;<\/strong><\/p>\n\n\n\n<p><strong>Mindazok alapj\u00e1n, amit eddig tapasztaltam, egy\u00e9rtelm\u0171, hogy egy\u00e1ltal\u00e1n nem azt csin\u00e1lom, amit akarok, hanem azt, amit bennem (auton) egy idegen impulzus (heteron) akar, m\u00e9gis teljes sz\u00edvvel engedek neki \u00e9s azonosulok vele. \u2014\u2014<\/strong><\/p>\n\n\n\n<p><strong><em>\u201eAmikor alszunk, a hippokampusz is akt\u00edv, ami azt jelenti, hogy az \u00e1lmok az eml\u00e9keinkb\u0151l mer\u00edtenek. Akt\u00edv az amygdala \u00e9s a gyrus cinguli els\u0151 r\u00e9sze is, jelezve hogy az \u00e1lmoknak igen nagy lehet az \u00e9rzelmi t\u00f6ltet\u00fck \u2014 ez az \u00e9rzelem t\u00f6bbnyire a f\u00e9lelem.\u201d\u2014\u2014<\/em><\/strong><\/p>\n\n\n\n<p>\u2014 Micsoda asszonyok, micsoda asszonyok! \u2014 kiab\u00e1lja a&nbsp;region\u00e1lis \u00fajs\u00e1g szerkeszt\u0151je hangosan. Kez\u00e9ben f\u00e9nyk\u00e9pez\u0151g\u00e9ppel arra k\u00e9ri a&nbsp;csal\u00e1dseg\u00edt\u0151 mozgalom megjelentjeit, hogy \u00e1lljanak f\u00e9lk\u00f6rbe \u00e9s k\u00e9sz\u00fcljenek a&nbsp;fot\u00f3z\u00e1shoz.&nbsp;<\/p>\n\n\n\n<p>\u2014 Benne lesz\u00fcnk az \u00fajs\u00e1gban \u2014 kiab\u00e1lj\u00e1k a&nbsp;k\u00e9s\u0151n j\u00f6v\u0151 Leoninak.&nbsp;<\/p>\n\n\n\n<p>A szerkeszt\u0151 tov\u00e1bb rendezkedik: \u2014 Az eln\u00f6kn\u0151t k\u00e9rem k\u00f6z\u00e9pre, B\u00f6zsike maga ne f\u00e9s\u00fclk\u00f6dj\u00f6n annyit, maga \u00edgy is sz\u00e9p! Katika, maga meg egy kicsit h\u00faz\u00f3djon a t\u00f6bbiekhez, mert kil\u00f3g!<\/p>\n\n\n\n<p>Libu\u0161e integet Leoninak, hogy \u00e1lljon mell\u00e9.&nbsp;<\/p>\n\n\n\n<p>Leoni tan\u00e1cstalan. M\u00e1r nem tudja, kihez \u00e1lljon.&nbsp;<\/p>\n\n\n\n<p>A Kr\u00f3nik\u00e1ssal folytatott besz\u00e9lget\u00e9s v\u00e9g\u00e9n keser\u0171 sz\u00e1j\u00edzzel j\u00f6tt el. Nem tudta mi\u00e9rt, de a pasas hiteltelennek t\u0171nt, \u00e9s \u00e9pp akkor lett hiteltelen, mikor a l\u00e9trehozand\u00f3 region\u00e1lis lap l\u00e9trehoz\u00e1s\u00e1r\u00f3l besz\u00e9lt. Nem hitt neki, mert olyan \u00e9rz\u00e9st keltett benne, hogy maga a f\u00e9rfi sem hisz abban, amit mond.&nbsp;<\/p>\n\n\n\n<p>A csoportk\u00e9p gyorsan elk\u00e9sz\u00fclt, \u00e9s az asszonyokr\u00f3l sz\u00e9p lassan, fokozatosan lekopott a m\u00e1z, amit a k\u00f6vetkez\u0151 \u00e9vekre tart\u00f3s\u00edtott k\u00f6telez\u0151 f\u00e9nyk\u00e9p-mosolyhoz kentek magukra.&nbsp;<\/p>\n\n\n\n<p>A szerkeszt\u0151 oda\u00fcl Leonihoz.<\/p>\n\n\n\n<p>\u2014 Figyelj! Besz\u00e9ltem az eln\u00f6kn\u0151vel. Egy j\u00f3 riport kellene vele.<\/p>\n\n\n\n<p>\u2014 De mi lesz Trianonnal?<\/p>\n\n\n\n<p>\u2014 Tudod mit?&nbsp; Hagyj\u00e1l te Trianonnak b\u00e9k\u00e9t! Ki a faszt \u00e9rdekel m\u00e1r Trianon? El kell felejteni!&nbsp;<\/p>\n\n\n\n<p>Az asszonyok vihog\u00e1sa igazol\u00e1sk\u00e9nt vette k\u00f6r\u00fcl\u2026<\/p>\n\n\n\n<p>\u2014 N\u00e9zd \u0151ket! Seg\u00edtenek az embereknek, ez a jelen, err\u0151l kell \u00edrni\u2026gy\u0171jt\u00e9seket szerveznek, csal\u00e1doknak seg\u00edtenek. Ezzel foglalkozz, ne m\u00e1ssal! Van-e helyis\u00e9g\u00fck, kapnak-e polg\u00e1rmesteri t\u00e1mogat\u00e1st..van itt t\u00e9ma, csak gy\u0151zd meg\u00edrni! Pestre akarnak menni, azt is megeml\u00edtheted\u2026<\/p>\n\n\n\n<p>Az asszonyok k\u00f6zben el\u0151vett\u00e9k a szok\u00e1sos p\u00e1link\u00e1s\u00fcveget, \u00e9s megk\u00edn\u00e1lj\u00e1k a szerkeszt\u0151t is\u2026 n\u00e9vnapot \u00fcnnepl\u00fcnk, mondj\u00e1k nevetve, de \u0151 kedvesen elutas\u00edtja. Nem ihat, vezet.&nbsp;<\/p>\n\n\n\n<p>\u2014 Majd akkor iszunk mi! \u2014 sz\u00f3lal meg az eln\u00f6kn\u0151.<\/p>\n\n\n\n<p>Leoni \u00fagy d\u00f6nt, nem k\u00e9rdezi meg a szerkeszt\u0151t\u0151l, igaz-e, hogy bes\u00fag\u00f3 volt\u2026 leellen\u0151rizte az interneten, a sz\u00fclet\u00e9si d\u00e1tum \u00fcl, a v\u00e9lem\u00e9nyek egy\u00e9rtelm\u0171ek: jelentett. Most m\u00e1r mindegy, hogy kir\u0151l \u00e9s mit, senkit sem zavar, senki sem haragszik r\u00e1, senki sem k\u00e9ri sz\u00e1mon, \u00e9s most \u0151 mondja meg, mir\u0151l lehet \u00edrni \u00e9s mir\u0151l nem\u2026 a legnagyobb sz\u00e9gyen\u00e9rzetet az okozza neki, hogy err\u0151l mindenki, mint ny\u00edlt titokr\u00f3l besz\u00e9l, \u0151 viszont fiatal l\u00e9t\u00e9re m\u00e9g csak nem is sejtett semmit<\/p>\n\n\n\n<p>Ahogy az asszonyokr\u00f3l sem\u2026 persze nem mindenki \u201eolyan\u201d, de mit keres \u0151 itt \u201eezek\u201d k\u00f6z\u00f6tt? Hogy lehetett ilyen ostoba, hogy nem \u00e9rdekl\u0151d\u00f6tt? De h\u00e1t ki is figyelmeztette volna? Ezek az itteni sorsok eleve bele\u00e9gtek a t\u00f6rt\u00e9nelembe\u2026 az idesz\u00fcletettnek szinte megv\u00e1ltoztathatatlanul zajlik az \u00e9lete\u2026<\/p>\n\n\n\n<p>A tal\u00e1lkoz\u00f3 v\u00e9gezt\u00e9vel \u00fagy d\u00f6nt, s\u00e9t\u00e1lni megy&#8230; el\u0151sz\u00f6r a Csonkav\u00e1rhoz, amihez kedves \u00e9lm\u00e9nyek k\u00f6tik\u2026 itt cs\u00f3kol\u00f3zott el\u0151sz\u00f6r\u2026 tal\u00e1n ha tizen\u00f6t \u00e9vesek&nbsp; lehetettek. Azt\u00e1n egy m\u00e1sik\u2026 aki m\u00e1r komolyan gondolta.&nbsp; Amikor a h\u00e1rsfa vir\u00e1gzott, rendszeresen szedte a vir\u00e1gj\u00e1t, am\u00edg a cig\u00e1nyok v\u00e9g\u00fcl szab\u00e1lyosan ki nem v\u00e9gezt\u00e9k a f\u00e1t azzal, hogy let\u00f6rdelt\u00e9k az \u00e1gakat, hogy ne kelljen felm\u00e1szni r\u00e1\u2026 a fa nem \u00e9lte t\u00fal&#8230; lassan m\u00e1sznak el\u0151 az eml\u00e9kek, \u00e9s \u0151 hagyja \u2026igyekszik sz\u00e1nd\u00e9kosan semmire nem gondolni, csak megv\u00e1rja, mi j\u00f6n el\u0151\u2026 sorra veszi mi az, amire \u00e9rdemes eml\u00e9kezni\u2026miel\u0151tt\u2026<\/p>\n\n\n\n<p>Leoni k\u00e9s\u0151 este t\u00e9r vissza a csal\u00e1dseg\u00edt\u0151 mozgalom irod\u00e1j\u00e1ba.&nbsp; Esz\u00e9be sincs hazamenni, s a r\u00e9szeg apj\u00e1t hallgatni\u2026 meg az anyja nyavalyg\u00e1s\u00e1t \u00e9s kifog\u00e1sait \u00e9s szenvelg\u00e9seit\u2026 Az irod\u00e1ban kellemes meleg veszi k\u00f6r\u00fcl\u2026 \u00e9s csend\u2026 ide m\u00e1r nem j\u00f6n senki. A takar\u00edt\u00f3n\u0151 csak reggel szalad be kivinni a szemetet\u2026<\/p>\n\n\n\n<p>Milyen abszurd lenne, ha le tudn\u00e1 mag\u00e1t f\u00e9nyk\u00e9pezni\u00ad\u00ad\u2026 \u00e9pp akkor\u2026 a megsz\u0171n\u00e9s \u00e9s \u00fajj\u00e1sz\u00fclet\u00e9s pillanat\u00e1ban\u2026<\/p>\n\n\n\n<p>Igen az asszonyokkal k\u00e9sz\u00edtett k\u00f6z\u00f6s csoportk\u00e9pen megsz\u00fcletett valami, s\u0151t a saj\u00e1t hely\u00e9nek, helyre\u00e1ll\u00edtott tudat\u00e1nak pillanat\u00e1ban is&nbsp; \u2014 a felismer\u00e9s \u00e1ltal \u2014 megsz\u00fcletett valami\u2026 ugyanakkor meg is sz\u0171nt\u2026<\/p>\n\n\n\n<p>Tal\u00e1n sorsszer\u0171, hogy ilyen pillanatokban katartikus irodalmi hat\u00e1s \u00e9rjen valakit\u2026 Leoninak p\u00e1r napja Kavafisz k\u00f6nyve ker\u00fclt a kez\u00e9be\u2026 most ezt veszi el\u0151 a t\u00e1sk\u00e1j\u00e1b\u00f3l:<\/p>\n\n\n\n<p><em>\u201e\u2026erre a pornogr\u00e1f f\u00e9nyk\u00e9pre&nbsp;<\/em><\/p>\n\n\n\n<p><em>hogyan ker\u00fclhetett egy ilyen \u00e1lom-<\/em><\/p>\n\n\n\n<p><em>arc; hogy ker\u00fclt\u00e9l ide?\u201d<\/em><\/p>\n\n\n\n<p><em>\u201eki tudja milyen lealacsonyult, k\u00f6z\u00f6ns\u00e9ges \u00e9letet \u00e9lsz?<\/em><\/p>\n\n\n\n<p><em>Milyen f\u00f6rtelmes lehetett a k\u00f6rnyezeted,&nbsp;<\/em><\/p>\n\n\n\n<p><em>Mikor oda\u00e1llt\u00e1l, hogy lef\u00e9nyk\u00e9pezzenek?<\/em><\/p>\n\n\n\n<p><em>Milyen alantas l\u00e9lek lehet a ti\u00e9d?\u201d<\/em><\/p>\n\n\n\n<p>A vers minden egyes szava telibe tal\u00e1l\u2026 Leoni m\u00e9g sohasem \u00e9rezte mag\u00e1t ennyire kuty\u00e1ul\u2026\u201d milyen alantas l\u00e9lek lehet a ti\u00e9d?\u201d Olvassa f\u00e9lhangosan\u2026 \u00fajra \u00e9s \u00fajra&#8230;&nbsp;<\/p>\n\n\n\n<p><strong>\u2014\u2014 Nem tudom \u00e9s nem is tudhatom, hogy mennyi ideje lebegek ebben a s\u00f3s oldatban. Lehet, hogy \u00f3r\u00e1k \u00f3ta lehet, hogy csak p\u00e1r perce. Az \u00e9rz\u00e9kekkel egy\u00fctt id\u0151\u00e9rz\u00e9kem is elt\u0171nt. Amihez eljutottam, az a bizonytalans\u00e1g, pontosabban a tudom\u00e1ny, m\u00e9g pontosabban a tudom\u00e1ny k\u00e9pvisel\u0151i Heisenberg, Schr\u00f6dinger, G\u00f6del \u00e9s a t\u00f6bbiek \u00e1ltal sugallt, s\u0151t mi t\u00f6bb, bizony\u00edtott hat\u00e1rozatlans\u00e1g \u00e9s val\u00f3sz\u00edn\u0171s\u00e9g. Heisenberg hat\u00e1rozatlans\u00e1gi, G\u00f6del nemteljess\u00e9gi t\u00e9telei megfosztj\u00e1k az embert a bizonyoss\u00e1gt\u00f3l, a val\u00f3sz\u00edn\u0171s\u00e9g sz\u00e1m\u00edt\u00e1s pedig cs\u0151ddel fenyeget. B\u00e1rmennyire hangs\u00falyozz\u00e1k egyesek, hogy ezek a szuperpoz\u00edci\u00f3k csak az elemi r\u00e9szecsk\u00e9kre jellemz\u0151k, a dobozba z\u00e1rt \u00e9s a r\u00e1dium leboml\u00e1si idej\u00e9t\u0151l f\u00fcgg\u0151en elg\u00e1zos\u00edthat\u00f3 macsek matematikai defin\u00edci\u00f3ja (\u00e9l is meg nem is) nem csak a r\u00e1diummal \u00e9s annak leboml\u00e1s\u00e1val, hanem a macsk\u00e1val is foglalkozik. A kvantummechanika pedig sz\u00e9p lassan bes\u00e9t\u00e1lt az agyunkba. \u201e<em>Az agy idegsejtjeiben l\u00e9v\u0151 mikrotubulusokban bizony kvantumfolyamatok domin\u00e1lnak\u201d<\/em>. Nincs mese, az a bizonyos macska mi vagyunk.\u2014\u2014<\/strong><\/p>\n\n\n\n<p>A f\u00e9rfi, akit eddig Kr\u00f3nik\u00e1snak neveztem, egyed\u00fcl \u00fcl negyedik emeleti lak\u00e1s\u00e1nak szob\u00e1j\u00e1ban \u00e9s kifel\u00e9 b\u00e1mul. A K\u00e1rp\u00e1tok \u00e9szak-keleti ny\u00falv\u00e1ny\u00e1t n\u00e9zi, de szemei m\u00e1st l\u00e1tnak. A frissen hallott h\u00edrek \u2014 amelyek vill\u00e1mgyorsan \u00e9rtek Kelmecre \u2014&nbsp; t\u00f6ltik ki gondolatait.&nbsp;<\/p>\n\n\n\n<p>Pest k\u00f6nnyed\u00e9n t\u00fal\u00e9lte a trianoni megeml\u00e9kez\u00e9sek idej\u00e9re \u2014 a&nbsp; h\u00edrolvas\u00f3 szerint \u2014 \u201em\u00e9ltatlanul id\u0151z\u00edtett\u201d t\u00fcntet\u00e9seket, b\u00e1r akadtak sebes\u00fcltek. Kelmec nem j\u00e1rt ilyen j\u00f3l, b\u00e1r itt sem t\u00fcntet\u00e9s sem megeml\u00e9kez\u00e9s nem t\u00f6rt\u00e9nt, neki hal\u00e1los \u00e1ldozata akadt. Leonit felakasztva tal\u00e1lt\u00e1k a csal\u00e1dseg\u00edt\u0151 mozgalom irod\u00e1j\u00e1ban. \u00d6ngyilkos lett. De a pesti sebes\u00fclt sem j\u00e1rt sokkal jobban: egy fiatal, hat\u00e1ron t\u00fali l\u00e1nyt a t\u00fcntet\u00e9st k\u00f6vet\u0151 menek\u00fcl\u00e9s k\u00f6zben \u2014 v\u00e9letlen\u00fcl \u2014 \u00fagy r\u00fagtak fejbe, hogy k\u00f3m\u00e1ba esett. Ez a l\u00e1ny Szofi volt.&nbsp;<\/p>\n\n\n\n<p>Sz\u00f3val, Kr\u00f3nik\u00e1s h\u00edreket hallott, \u00e9s most nem tudja, mihez kezdjen vel\u00fck. P\u00e1r napja m\u00e9g itt \u00fclt n\u00e1la mindk\u00e9t l\u00e1ny, tele sz\u00e9ps\u00e9ggel, \u00e9leter\u0151vel, lelkesed\u00e9ssel, k\u00e9tellyel, izgalommal, b\u00e1jjal, elsz\u00e1nts\u00e1ggal\u2026&nbsp; \u00e9s most\u2026<\/p>\n\n\n\n<p>\u2014 Non sum dignus \u2014 mormolja lassan \u2014 nem vagyok m\u00e9lt\u00f3. A&nbsp;sz\u00e1zados \u00fczente ezt J\u00e9zusnak, amikor seg\u00edts\u00e9g\u00fcl h\u00edvta: Nem vagyok m\u00e9lt\u00f3, hogy el\u00e9d menjek.(Luk\u00e1cs)&nbsp; \u2014 \u00c9s er\u0151s sem vagyok \u2014 gondolja a&nbsp;Kr\u00f3nik\u00e1s.&nbsp; Ehhez nem kell tudat \u00e9s nem kell \u00e9sz. Am\u00fagy is k\u00e9ptelen lenne felfogni, \u00e9rtelmezni logik\u00e1t tal\u00e1lni a&nbsp;t\u00f6rt\u00e9ntekben&#8230; egy\u00e9bk\u00e9nt ki mondta nekem, hol van az le\u00edrva,&nbsp; hogy az emberi l\u00e9tben&nbsp; logik\u00e1nak kell lennie \u2014 akad el egy pillanatra&#8230;<\/p>\n\n\n\n<p>Ismeri az embereket, tudni v\u00e9li, k\u00e9pzelet\u00e9ben l\u00e1tni v\u00e9li a mozgalom eln\u00f6kn\u0151j\u00e9t, aki hivatalosan, emberileg egy\u00fctt \u00e9rez Leoni sz\u00fcleivel, de mag\u00e1ban d\u00fal-f\u00fal a kis kurva miatt, aki ekkora cs\u00fafs\u00e1got okozott a mozgalomnak.&nbsp; \u2014 Pont itt kellett meg\u00f6lni mag\u00e1t!? \u2014 kiab\u00e1lja elkeseredetten. \u2014 Pont itt? A&nbsp;csal\u00e1dseg\u00edt\u0151 mozgalomban? Hogyan n\u00e9znek r\u00e1nk ezut\u00e1n az emberek? \u00cdgy seg\u00edt\u00fcnk? A kis kurv\u00e1ja.&nbsp;<\/p>\n\n\n\n<p>Kr\u00f3nik\u00e1s visszaeml\u00e9kezik arra, hogy Leoni mikor n\u00e1la j\u00e1rt, Kavafiszt emlegette\u2026 mostan\u00e1ban \u0151t olvassa\u2026 most kez\u00e9ben a k\u00f6tet \u2014 Kr\u00f3nik\u00e1snak rengeteg k\u00f6nyve van \u2014 \u00e9s kinyitja\u2026 mit olvasgathatott, mit kereshetett, mire akadhatott benne Leoni?&nbsp; Leoni, aki a B\u00e9ke-sziget\u00e9t kereste, mit tal\u00e1lhatott ebben a k\u00f6tetben?&nbsp;<\/p>\n\n\n\n<p>&nbsp;Kr\u00f3nik\u00e1s v\u00e1laszt keres. A kinyitott k\u00f6nyv h\u00f3feh\u00e9r lapj\u00e1r\u00f3l hirtelen szem\u00e9be v\u00e1g a sz\u00f6veg. Kinagy\u00edtva, elnyomva minden m\u00e1st, m\u00e9g a vers c\u00edm\u00e9t is:&nbsp;<\/p>\n\n\n\n<p><em>\u201e\u2026erre a pornogr\u00e1f f\u00e9nyk\u00e9pre&nbsp;<\/em><\/p>\n\n\n\n<p><em>hogyan ker\u00fclhetett egy ilyen \u00e1lom-<\/em><\/p>\n\n\n\n<p><em>arc; hogy ker\u00fclt\u00e9l ide?\u201d<\/em><\/p>\n\n\n\n<p><em>\u201eki tudja milyen lealacsonyult, k\u00f6z\u00f6ns\u00e9ges \u00e9letet \u00e9lsz?<\/em><\/p>\n\n\n\n<p><em>Milyen f\u00f6rtelmes lehetett a k\u00f6rnyezeted,&nbsp;<\/em><\/p>\n\n\n\n<p><em>Mikor oda\u00e1llt\u00e1l, hogy lef\u00e9nyk\u00e9pezzenek?<\/em><\/p>\n\n\n\n<p><em>Milyen alantas l\u00e9lek lehet a ti\u00e9d?\u201d<\/em><\/p>\n\n\n\n<p>Kr\u00f3nik\u00e1s Kavafisz \u00e1lomarc\u00fa le\u00e1nyz\u00f3j\u00e1nak f\u00e9nyk\u00e9p\u00e9re gondol, s k\u00f6zben Leoni kil\u00e1tsz\u00f3 mell\u00e9t l\u00e1tja amint a te\u00e1\u00e9rt ny\u00fal\u2026 de a k\u00e9pbe bele\u00faszik az utca sz\u00e9l\u00e9n \u00e1jultan fekv\u0151 Szofi is, akinek fedetlen kebl\u00e9re bet\u00f6rt fej\u00e9b\u0151l \u00f6mlik a v\u00e9r\u2026 a j\u00e1rdaszeg\u00e9ly kegyetlen \u00e9le v\u00e1laszolt a vasalt bakancs r\u00fag\u00e1s\u00e1nak\u2026 jobb&nbsp; oldalon a r\u00fag\u00e1st\u00f3l t\u00f6rt koponya, bal oldalon a&nbsp; j\u00e1rdasz\u00e9l okozta egyenes seb\u2026 fiatal f\u00e9rfi rohan oda hozz\u00e1, fel\u00e9je hajol, \u00f3vatosan, nyak\u00e1b\u00f3l egy aranyl\u00e1nc l\u00f3g, rajta egy Ankh, azaz egyiptomi kereszt, amelyen megcsillan a rend\u0151raut\u00f3 l\u00e1mp\u00e1j\u00e1nak f\u00e9nye\u2026 hidegen, mint a hal\u00e1l\u2026<\/p>\n\n\n\n<p>\u2014 Mi\u00e9rt? \u2014 suttogja utols\u00f3 erej\u00e9vel Szofi.&nbsp;<\/p>\n\n\n\n<p>Az asszonyok \u2014 az asszonyok, akik \u201emindent\u201d tudnak \u2014 a mozgalomb\u00f3l tudni v\u00e9lik \u2014 s Kelemcen ez a verzi\u00f3 terjed el \u00e9s tartja mag\u00e1t \u2014 hogy Szofi lelkesen r\u00e9szt vett a t\u00fcntet\u00e9sen, de a csoportot sz\u00e9tvert\u00e9k, s menek\u00fclni\u00fck kellett\u2026 az egyik kis k\u00f6zben, h\u00faz\u00f3dtak meg egy nyitva felejtett kapualjban, de a rend\u0151r\u00f6k elkapt\u00e1k \u0151ket\u2026 r\u00e1ngatt\u00e1k, elrepedt az inge\u2026 szerencs\u00e9tlen\u00fcl esett&#8230;&nbsp; neki egy vasalt orr\u00fa bakancsnak\u2026 lehet, hogy nem is rend\u0151rbakancs volt\u2026 megrepedt a kopony\u00e1ja\u2026 azonnal bev\u00e9rzett\u2026 a leszakadt&nbsp; gombok miatt a feh\u00e9r inge sz\u00e9tny\u00edlt \u00e9s kil\u00e1tszott a melle\u2026 nem halt meg r\u00f6gt\u00f6n\u2026<\/p>\n\n\n\n<p>Kr\u00f3nik\u00e1s eml\u00e9kezet\u00e9ben a gyermekkori szoptat\u00f3 asszony k\u00e9pe mell\u00e9 elrakt\u00e1roz\u00f3dik Leoni te\u00e1\u00e9rt el\u0151rehajl\u00f3 form\u00e1s, fels\u0151teste, valamint Szofi repedt ing\u00e9b\u0151l kil\u00e1tsz\u00f3 keble, amelyre a bakancst\u00f3l \u00e9s j\u00e1rdaszeg\u00e9lyt\u0151l sz\u00e9troncsolt fej\u00e9b\u0151l \u00f6mlik a v\u00e9r&#8230;&nbsp;<\/p>\n\n\n\n<p>Az eml\u00e9kez\u00e9s megfejthetetlen k\u00f3d szerint oszt\u00e1lyoz, nem ironiz\u00e1l, nem karik\u00edroz, egyszer\u0171en besorol\u2026 Kr\u00f3nik\u00e1s eml\u00e9keihez \u201egondolkod\u00e1s n\u00e9lk\u00fcl\u201d t\u00e1rs\u00edtja a pesti avat\u00e1si szertart\u00e1son r\u00e9szt vett meztelen test\u0171 f\u00e9rfiak csoportj\u00e1t \u00e9pp\u00fagy, mint a kelmeci j\u00f3sz\u00edv\u0171 asszonyok adakoz\u00e1ssal megfestett meztelen lelk\u00e9t\u2026<\/p>\n\n\n\n<p><em>\u201eDe mindezzel egy\u00fctt, s ann\u00e1l ink\u00e1bb megmaradsz nekem\u201d \u2014 <\/em>fejezi be az olvas\u00e1st Kr\u00f3nik\u00e1s \u00e9s csendesen bez\u00e1rja a k\u00f6nyvet\u2026<\/p>\n\n\n\n<p>Kelmec a szokott, csendes nyugalm\u00e1val veszi tudom\u00e1sul az esetet: mostan\u00e1ban valahogy sokan halnak meg\u2026 szinte hetente megy el valaki\u2026 van \u00fagy,&nbsp; hogy egy h\u00e9ten ketten is\u2026 \u00e9s ilyenkor m\u00e1r nem olyan kem\u00e9ny, keser\u0171 \u00e9s hideg a vesztes\u00e9g\u2026 hozz\u00e1szoknak\u2026<\/p>\n\n\n\n<p><em>&nbsp;<\/em><strong>\u2014\u2014 M\u00e1r fogalmam sincs, milyen \u00e1llapotomban (\u00e1lmod\u00f3 vagy \u00e9ber) vagyok\u2026 mindenesetre k\u00e9t lehet\u0151s\u00e9ggel sz\u00e1molhatok: Els\u0151 vari\u00e1ci\u00f3, hogy az \u00e1lmaim nem csak az alv\u00f3 agyam \u00f6sszef\u00e9rcelte ostoba, v\u00e9letlenszer\u0171 esem\u00e9nyek, hanem olyan jelens\u00e9gek, amelyek logik\u00e1j\u00e1b\u00f3l sok mindent megtudhatok \u00f6nmagam tudatalattij\u00e1r\u00f3l, a m\u00e1sodik pedig, hogy ezek val\u00f3ban \u00e9rtelmetlen \u00e1lmok, s amit eddig \u00e1t\u00e9ltem az nem m\u00e1s, mint az agyam pr\u00f3b\u00e1lkoz\u00e1sa, hogy \u00e9rtelmet tal\u00e1ljon az agyt\u00f6rzsb\u0151l sz\u00e1rmaz\u00f3 nagyr\u00e9szt v\u00e9letlenszer\u0171 jelz\u00e9sekben.&nbsp;<\/strong><\/p>\n\n\n\n<p><strong>Mindezek alapj\u00e1n nem adhatok v\u00e1laszt az \u00f6nmagam \u00e1ltal feltett k\u00e9rd\u00e9sre. Mert az egyetlen v\u00e1lasz az \u00f6n\u00e1ltat\u00e1ssal fenyeget. A dogm\u00e1val. \u00dagy v\u00e9lekedem teh\u00e1t \u2014 miut\u00e1n a szkepszis sem \u00fagy k\u00e9sz\u00fcl, hogy az ember nem vall semmif\u00e9le t\u00e9telt, hanem hogy \u00f6r\u00f6kk\u00e9 t\u00fal sok t\u00e9telt vall \u2014 az a legjobb, ha leg\u00fajabb ismereteimre alapozva t\u00f6bb v\u00e1lasznak is lehet\u0151s\u00e9get adok egyszerre. Igaz, ezzel l\u00e1tsz\u00f3lag csak konzerv\u00e1lom a probl\u00e9m\u00e1t, \u00e1m a pillanatnyi, megold\u00e1sra val\u00f3 k\u00e9ptelens\u00e9gem ellen\u00e9re \u00e9rv\u00e9nyes\u00fclni hagyom az: \u201eoszd meg \u00e9s gondolkodj\u201d lehet\u0151s\u00e9g\u00e9t. &nbsp;<\/strong><\/p>\n\n\n\n<p><strong>Mindenestre, ak\u00e1r van logika az eml\u00e9keimben, ak\u00e1r nincs, fel kell v\u00e1llalnom, mint egyetlen lehets\u00e9ges identit\u00e1somat. Magamra kell vennem \u0151ket, mert bel\u00e9j\u00fck tudok csak kapaszkodni, bel\u0151l\u00fck tudok kiindulni s \u0151k tan\u00edthatnak meg arra, hogy m\u00e1sokban is megl\u00e1ssam ezeket az eml\u00e9keket.&nbsp;<\/strong><\/p>\n\n\n\n<p><strong>\u00c9s most m\u00e1r csak egy k\u00e9rd\u00e9sem, marad: K\u00e9pes leszek-e az \u00e9letbe visszat\u00e9rni? R\u00e1ad\u00e1sul \u201ek\u00e9pess\u00e9geim h\u00e1bor\u00edtatlan birtok\u00e1ban\u201d? \u2014\u2014<\/strong><\/p>\n\n\n\n<p class=\"has-text-align-right\"><br><em>Hogya Gy\u00f6rgy<\/em><\/p>\n","protected":false},"excerpt":{"rendered":"<p>\u2014\u2014 \u2026elmer\u00fcl\u00f6k a testmeleg folyad\u00e9kkal teliengedett k\u00e1dban, lebegek a fenenagy-s\u00f6t\u00e9ts\u00e9gben, s k\u00f6r\u00f6ttem ott sejlenek, sustorognak megsz\u00f3l\u00edt\u00e1sra k\u00e9sz eml\u00e9keim.&nbsp; Ezt az ingermegvon\u00e1sos k\u00eds\u00e9rletet m\u00e1r sokan elv\u00e9gezt\u00e9k, de a legelsz\u00e1ntabbak is csak p\u00e1r napig b\u00edrt\u00e1k. A cs\u00facs hat nap. Ez ut\u00f3bbi cs\u00facstart\u00f3kb\u00f3l &hellip; <a href=\"https:\/\/opus-folyoirat.sk\/?page_id=4146\">Egy kattint\u00e1s ide a folytat\u00e1shoz&#8230;. <span class=\"meta-nav\">&rarr;<\/span><\/a><\/p>\n","protected":false},"author":4,"featured_media":0,"parent":0,"menu_order":0,"comment_status":"closed","ping_status":"closed","template":"","meta":{"footnotes":""},"class_list":["post-4146","page","type-page","status-publish","hentry"],"_links":{"self":[{"href":"https:\/\/opus-folyoirat.sk\/index.php?rest_route=\/wp\/v2\/pages\/4146","targetHints":{"allow":["GET"]}}],"collection":[{"href":"https:\/\/opus-folyoirat.sk\/index.php?rest_route=\/wp\/v2\/pages"}],"about":[{"href":"https:\/\/opus-folyoirat.sk\/index.php?rest_route=\/wp\/v2\/types\/page"}],"author":[{"embeddable":true,"href":"https:\/\/opus-folyoirat.sk\/index.php?rest_route=\/wp\/v2\/users\/4"}],"replies":[{"embeddable":true,"href":"https:\/\/opus-folyoirat.sk\/index.php?rest_route=%2Fwp%2Fv2%2Fcomments&post=4146"}],"version-history":[{"count":1,"href":"https:\/\/opus-folyoirat.sk\/index.php?rest_route=\/wp\/v2\/pages\/4146\/revisions"}],"predecessor-version":[{"id":4148,"href":"https:\/\/opus-folyoirat.sk\/index.php?rest_route=\/wp\/v2\/pages\/4146\/revisions\/4148"}],"wp:attachment":[{"href":"https:\/\/opus-folyoirat.sk\/index.php?rest_route=%2Fwp%2Fv2%2Fmedia&parent=4146"}],"curies":[{"name":"wp","href":"https:\/\/api.w.org\/{rel}","templated":true}]}}