{"id":4151,"date":"2025-08-13T10:00:00","date_gmt":"2025-08-13T08:00:00","guid":{"rendered":"https:\/\/opus-folyoirat.sk\/?page_id=4151"},"modified":"2026-01-20T10:12:42","modified_gmt":"2026-01-20T08:12:42","slug":"a-bizonyitek","status":"publish","type":"page","link":"https:\/\/opus-folyoirat.sk\/?page_id=4151","title":{"rendered":"A bizony\u00edt\u00e9k"},"content":{"rendered":"<div class=\"has-text-align-right wp-block-post-date\"><time datetime=\"2025-08-13T10:00:00+02:00\">2025-08-13<\/time><\/div>\n\n\n<p>Akkor azt hitt\u00fck, pontosan tudjuk, mit akarunk.&nbsp;<\/p>\n\n\n\n<p>Egy olyan f\u00e9nyk\u00e9palbumot szerett\u00fcnk volna elk\u00e9sz\u00edteni, amelyben benne lesz az orsz\u00e1g valamennyi v\u00e1ra, kast\u00e9lya, k\u00fari\u00e1ja \u00e9s v\u00e1rromja, a hozz\u00e1juk tartoz\u00f3 legjelent\u0151sebb mond\u00e1kkal, legend\u00e1kkal egy\u00fctt.<\/p>\n\n\n\n<p>Meg voltunk r\u00f3la gy\u0151z\u0151dve, hogy most m\u00e1r tiszt\u00e1n l\u00e1tjuk a vil\u00e1got, el\u0151tt\u00fcnk \u00e1llnak a nagy lehet\u0151s\u00e9gek, \u00e9s \u00faj, nagy dolgokat vihet\u00fcnk v\u00e9ghez. A b\u00e1rsonyos forradalom ut\u00e1ni lelkesed\u00e9sben mi r\u00f6gt\u00f6n jelent\u0151s t\u00e1mogat\u00e1st p\u00e1ly\u00e1ztunk \u00e9s kaptunk meg erre a c\u00e9lra, \u00edgy nagyon komoly munk\u00e1ba kezdt\u00fcnk.<\/p>\n\n\n\n<p>Felosztottuk az orsz\u00e1got, s folyamatosan tartva a kapcsolatot a lev\u00e9lt\u00e1rakkal, \u00e1lland\u00f3an a lexikonokat b\u00fajva, r\u00e9szletekben dolgoztuk fel az anyagot. Ugyanakkor az orsz\u00e1got is j\u00e1rtuk, rengeteget utaztunk, f\u00e9nyk\u00e9pezt\u00fcnk, \u00e9s persze sokat kocsm\u00e1ztunk. Az ismertebb \u00e9p\u00fcletekkel nem volt gond, hiszen ak\u00e1r m\u00fazeum, iskola, szanat\u00f3rium vagy k\u00f6nyvt\u00e1r c\u00e9ljaira szolg\u00e1ltak, az alapvet\u0151 inform\u00e1ci\u00f3kat k\u00f6nnyen be lehetett szerezni \u00e9s k\u00f6nnyen ki lehetett eg\u00e9sz\u00edteni. Nehezebbnek \u00edg\u00e9rkezett a \u201ek\u00f6zs\u00e9gi tulajdonban elhanyagolt\u201d \u00e9p\u00fcletek tulajdonosainak, t\u00f6rt\u00e9nelm\u00e9nek, illetve a k\u00f6zelm\u00faltban lerombolt, sz\u00e9tlopkodott \u00e9p\u00fcletek sors\u00e1nak a kinyomoz\u00e1sa, \u00e9s hiteles f\u00e9nyk\u00e9peinek beszerz\u00e9se. Sokan \u00e9ltek m\u00e9g azok k\u00f6z\u00fcl, akik egy-egy kast\u00e9ly b\u00fatorait, k\u00f6veit sz\u00e9tlopkodt\u00e1k \u00e9s \u00e9rthet\u0151 okokb\u00f3l nem voltak hajland\u00f3ak nyilatkozni.<\/p>\n\n\n\n<p>Eg\u00e9szen keleten j\u00e1rva t\u00f6rt\u00e9nt meg vel\u00fcnk a k\u00f6vetkez\u0151 eset.<\/p>\n\n\n\n<p>Egy kisebb falu mellett \u2014 kocsmai h\u00edr alapj\u00e1n \u2014 egy eg\u00e9szen sz\u00e9p, j\u00f3 karban l\u00e9v\u0151, elker\u00edtett, eklektikus kast\u00e9lyra lelt\u00fcnk, amelyr\u0151l viszont semmilyen m\u00e1s hivatalos adatot nem tal\u00e1ltunk. Ha a kocsmai h\u00edr igaz, akkor nem is tal\u00e1lhatunk mivel a kast\u00e9lyt a szociban, a p\u00e1rteln\u00f6ki \u00e9s sz\u00f6vetkezeti j\u00f3 kapcsolatok eredm\u00e9nyek\u00e9nt \u00e9p\u00edtett\u00e9k. A bej\u00e1rat feletti timpanonban egy \u00f6sszetett c\u00edmer d\u00edszelgett, a f\u00e9lholdak \u00e9s foly\u00f3k ez\u00fcstje m\u00e9g mindig frissen csillogott a be sem porosodott mez\u0151k k\u00e9kj\u00e9ben.<\/p>\n\n\n\n<p>El\u0151bb kinti felv\u00e9teleket k\u00e9sz\u00edtett\u00fcnk, s k\u00f6zben szemrev\u00e9telezt\u00fck az \u00e9p\u00fcletet. Els\u0151 pillant\u00e1sra lakatlannak t\u0171nt, \u00e1m amikor szemtelen\u00fcl k\u00f6zelebb mer\u00e9szkedt\u00fcnk, s az ablakokon leskel\u0151dt\u00fcnk, egy \u00f6reg, magas, szik\u00e1r f\u00e9rfi jelent meg kez\u00e9ben k\u00e9tcs\u00f6v\u0171 vad\u00e1szpusk\u00e1val, amelyet laz\u00e1n maga mellett l\u00f3gatott. Illedelmesen k\u00f6sz\u00f6nt\u00fcnk \u00e9s hadarva pr\u00f3b\u00e1ltuk elmagyar\u00e1zni a helyzetet, \u00e1m \u0151 csak legyintett, hogy hagyjuk abba. Szinte egyszerre hallgattunk el. K\u00f6zelebb j\u00f6tt \u00e9s miut\u00e1n szem\u00fcgyre vett minket, a fej\u00e9vel intve beljebb invit\u00e1lt.&nbsp; A berendez\u00e9sen l\u00e1tszott a j\u00f3 \u00edzl\u00e9s \u00e9s v\u00e1laszt\u00e9koss\u00e1g. A gazd\u00e1juk odafigyelt minden r\u00e9szletre \u00e9s p\u00e9ld\u00e1s rendben tartott mindent. A hatalmas el\u0151t\u00e9rben sejtelmesen csillog\u00f3 vitrinek sorakoztak, mint egy m\u00fazeumban, megrakva porcel\u00e1nokkal , szobrocsk\u00e1kkal \u00e9s k\u00fcl\u00f6nb\u00f6z\u0151 d\u00edszt\u00e1rgyakkal. Az \u00e9rt\u00e9kes kandall\u00f3k \u00e9s cser\u00e9pk\u00e1lyh\u00e1k mellett a j\u00f3l \u00e1lc\u00e1zott k\u00f6zponti f\u0171t\u00e9st is felfedeztem.<\/p>\n\n\n\n<p>K\u00f6zben az \u00f6reg bar\u00e1ts\u00e1gosan hellyel k\u00edn\u00e1lt, a pusk\u00e1t is eltette, \u00e9s lassan meg\u00e9rtette vel\u00fcnk, hogy b\u00e1r besz\u00e9lni nem tud, kit\u0171n\u0151en hall \u00e9s \u0151 a kast\u00e9ly gondnoka. Pap\u00edrt, ceruz\u00e1t vett el\u0151, amelyek seg\u00edts\u00e9g\u00e9vel k\u00f6nnyebben meg\u00e9rtett\u00fck egym\u00e1st. Kellemes, megnyer\u0151 st\u00edlusban magyar\u00e1zott. Valamikor a biztons\u00e1gi er\u0151kn\u00e9l szolg\u00e1lt, speci\u00e1lis kik\u00e9pz\u00e9st kapott. Egy k\u00fclf\u00f6ldi bevet\u00e9se alkalm\u00e1b\u00f3l \u2014 nem \u00e1rulta el mi\u00e9rt \u00e9s mi m\u00f3don \u2014 kiv\u00e1gt\u00e1k a nyelv\u00e9t \u00e9s \u00edgy leszerelt\u00e9k. Egy j\u00e1r\u00e1si p\u00e1rttitk\u00e1r \u2014 gyermekkori bar\u00e1tja \u2014 vette mag\u00e1hoz. Akkoriban, a szociban, a napi teend\u0151ket l\u00e1tta el, ami sof\u0151rk\u00f6d\u00e9sb\u0151l, kert\u00e9szked\u00e9sb\u0151l \u00e9s h\u00e1z\u0151rz\u00e9sb\u0151l \u00e1llt. A titk\u00e1r elvt\u00e1rs meglehet\u0151s vagyonnal rendelkezett, mint a vitrinekben ki\u00e1ll\u00edtott t\u00e1rgyak is bizony\u00edtott\u00e1k, \u00e1m m\u00e9g nagyobb volt az ismerets\u00e9gi k\u00f6re, amit mi sem bizony\u00edt jobban, mint hogy mindezt a vagyont a nyolcvankilences v\u00e1ltoz\u00e1s ut\u00e1n is meg tudta tartani. A szik\u00e1r, mark\u00e1ns arc\u00fa f\u00e9rfi gyorsan, sz\u00e9p bet\u0171kkel \u00edrta v\u00e1laszait, s meglep\u0151en nyugodtan viselkedett. Egyetlen rezzen\u00e9st sem \u00e9szleltem az arc\u00e1n, egyetlen villan\u00e1st sem fedeztem fel a szem\u00e9ben. Mintha csak a szombati bev\u00e1s\u00e1rl\u00e1s list\u00e1j\u00e1t \u00e1ll\u00edtan\u00e1 \u00f6ssze, \u00e9s a legnagyobb gondot az jelenten\u00e9, hogy mennyi toj\u00e1st vegyen. Gazd\u00e1j\u00e1r\u00f3l is elmondott mindent, ami elmondhat\u00f3. T\u00f6bbek k\u00f6z\u00f6tt azt is, hogy most valahonnan a t\u00e1volb\u00f3l ir\u00e1ny\u00edtja itteni \u00fcgyeit. \u00c9ppen ez\u00e9rt eln\u00e9z\u00e9st k\u00e9r \u2014 \u00edrta \u2014, de a filmet a g\u00e9pb\u0151l el kell koboznia.<\/p>\n\n\n\n<p>Tan\u00e1cstalan \u00f6sszen\u00e9z\u00e9s\u00fcnkre csak halv\u00e1nyan elmosolyodott, \u00e1m ez a mosoly is meggy\u0151z\u00f6tt, hogy nincs m\u00e1s v\u00e1laszt\u00e1sunk. A filmet az asztalra tett\u00fck.<\/p>\n\n\n\n<p>Miut\u00e1n ilyen sz\u00e9pen megegyezt\u00fcnk, megk\u00e9rdeztem, megengedi-e, hogy legal\u00e1bb megszeml\u00e9lj\u00fck a gy\u0171jtem\u00e9nyt. Beleegyez\u0151en b\u00f3lintott. Minden jel arra utalt, hogy \u201ea t\u00e1rgyal\u00e1sok a k\u00f6z\u00f6s megegyez\u00e9s szellem\u00e9ben zajlanak\u201d.<\/p>\n\n\n\n<p>Az egyik \u00fcvegszekr\u00e9nyben egy \u00e9rdekes l\u00e1dik\u00e1t vettem \u00e9szre, amely k\u00fcls\u0151 meg\u00edt\u00e9l\u00e9s szerint fekete f\u00e1b\u00f3l k\u00e9sz\u00fclt, \u00e9s nagyon sejtelmesen n\u00e9zett ki, ann\u00e1l is ink\u00e1bb, mivel teljesen egyed\u00fcl \u00e1rv\u00e1lkodott ott, m\u00edg a t\u00f6bbi szekr\u00e9nyben val\u00f3s\u00e1ggal hemzsegtek a k\u00fcl\u00f6nb\u00f6z\u0151 \u00e9rt\u00e9kes t\u00e1rgyak. Megk\u00e9rdeztem, tudja-e honnan sz\u00e1rmazik, s mikor b\u00f3lintott, akkor l\u00e1ttam el\u0151sz\u00f6r elkomorulni az arc\u00e1t. Tov\u00e1bbi k\u00e9rd\u00e9seimre azonban m\u00e1r v\u00e1laszolni sem akart. Megpr\u00f3b\u00e1ltam k\u00fcl\u00f6nb\u00f6z\u0151 csalafinta k\u00e9rd\u00e9sekkel k\u00f6zelebb ker\u00fclni a t\u00e9m\u00e1hoz, m\u00edg v\u00e9g\u00fcl k\u00f6t\u00e9lnek \u00e1llt \u00e9s elmondott annyit, amennyib\u0151l \u00f6ssze\u00e1ll\u00edthattam egy elk\u00e9peszt\u0151, \u00e9s m\u00e9gis tipikus t\u00f6rt\u00e9netet.<\/p>\n\n\n\n<p>A l\u00e1dik\u00e1t az Elvt\u00e1rs feles\u00e9ge vette egyik k\u00fclf\u00f6ldi kir\u00e1ndul\u00e1suk sor\u00e1n. A n\u0151 nagyon sz\u00e9p volt, nem csoda, hogy a f\u00e9rje mindenben a kedv\u00e9ben j\u00e1rt. Magamban csak helyeselni tudtam, hogy \u00fagy verte p\u00e1rttitk\u00e1r f\u00e9rje p\u00e9nz\u00e9t, ahogyan csak tudta. B\u00e1r t\u00e1rsam m\u00e1r noszogatott, hogy induljunk, hiszen itt m\u00e1r \u00fagysem f\u00e9nyk\u00e9pez\u00fcnk, az \u00e9rdekesnek \u00edg\u00e9rkez\u0151 t\u00f6rt\u00e9net nem engedett.<\/p>\n\n\n\n<p>Az \u00f6regben jelentkez\u0151 indulat, valamint a m\u00f6g\u00f6tte esetlegesen jelenl\u00e9v\u0151 rejt\u00e9ly marad\u00e1sra b\u00edrt.<\/p>\n\n\n\n<p>A l\u00e1dik\u00e1t teh\u00e1t egy k\u00fclf\u00f6ldi m\u00fazeumban vett\u00e9k, s nem m\u00e1st, mint Pandora kors\u00f3j\u00e1t tartalmazza. Azt egy percig sem hittem, hogy aki ilyen \u00e9rt\u00e9kes&nbsp; gy\u0171jtem\u00e9nyt k\u00e9pes \u00f6sszev\u00e1s\u00e1rolni, az komolyan veszi Pandora legend\u00e1j\u00e1t, legfeljebb \u00e9rdekess\u00e9g kedv\u00e9\u00e9rt, a t\u00e1rgy m\u0171v\u00e9szi kidolgoz\u00e1s\u00e1\u00e9rt vagy egyszer\u0171en csak a gy\u0171jtem\u00e9ny b\u0151v\u00edt\u00e9s\u00e9\u00e9rt teszi, valami azonban azt s\u00fagta, hogy itt valami t\u00f6bbr\u0151l van sz\u00f3. Mindenesetre belementem a j\u00e1t\u00e9kba, \u00e9s megpr\u00f3b\u00e1ltam provok\u00e1lni a f\u00e9rfit. Csak nem hiszi, hogy ez val\u00f3ban Prom\u00e9theusz kors\u00f3ja, amelybe az emberis\u00e9g bajait z\u00e1rta s Epim\u00e9theuszra, Pandora f\u00e9rj\u00e9re b\u00edzta?<\/p>\n\n\n\n<p>S\u00falyosan b\u00f3logatva bizonygatta, hogy \u0151 maga is ott volt a v\u00e1s\u00e1rn\u00e1l, amikor rengeteg p\u00e9nzt fizettek ki a l\u00e1dik\u00e1\u00e9rt, s\u0151t, \u0151 volt az, aki a v\u00e1s\u00e1r ut\u00e1n levitte a l\u00e1dik\u00e1t az aut\u00f3ba, \u00e9s a fej\u00e9vel felelt \u00e9rte! Miut\u00e1n le\u00edrta e ki\u00e1br\u00e1nd\u00edt\u00f3 sorokat, s\u00f6t\u00e9t pillant\u00e1st vetett a vitrin fel\u00e9, melyben a l\u00e1dika egyre titokzatosabban s\u00f6t\u00e9tlett.<\/p>\n\n\n\n<p>Felsorolta \u201e\u00e9rveit\u201d is, amelyek a l\u00e1dika ereje mellett sz\u00f3ltak. Augusztus v\u00e9g\u00e9n \u00e9rtek haza a nyaral\u00e1sb\u00f3l, s eltartott egy ideig, m\u00edg a h\u00e1z asszonya, k\u00fcl\u00f6nb\u00f6z\u0151 tal\u00e1lkoz\u00f3k alkalm\u00e1val bemutathatta k\u00fcl\u00f6nb\u00f6z\u0151 szerzem\u00e9nyeit. Bar\u00e1toknak, koll\u00e9g\u00e1knak, elvt\u00e1rsaknak.<\/p>\n\n\n\n<p>Term\u00e9szetesen f\u00f6l\u00e9nyes mosollyal \u00e9s kikezdhetetlen magabiztoss\u00e1ggal fogadta a k\u00e9telked\u0151k megjegyz\u00e9seit \u00e9s k\u00e9rd\u00e9seit a kors\u00f3 eredetis\u00e9g\u00e9vel kapcsolatosan. \u00c1m b\u00e1rmennyire is volt magabiztos, b\u00e1rmennyire volt fontos szem\u00e9lyis\u00e9g feles\u00e9ge, el\u0151bb ut\u00f3bb szembe kellett n\u00e9znie a szakma k\u00e9rd\u00e9seivel is.<\/p>\n\n\n\n<p>Egyik este \u2014 pontosan eml\u00e9kezett r\u00e1, mert fontos d\u00e1tum lett \u2014, egy nagyobb t\u00e1rsas\u00e1g gy\u0171lt \u00f6ssze a kast\u00e9lyban, s egy neves prognoszta tartott el\u0151ad\u00e1st a t\u00e1rsadalom lehet\u0151s\u00e9geir\u0151l. Mikor megmondta a nev\u00e9t \u2014 ismert szaktekint\u00e9lyr\u0151l l\u00e9v\u00e9n sz\u00f3 \u2014, sejteni engedte, mi lehetett az el\u0151ad\u00e1s igazi t\u00e9m\u00e1ja.&nbsp; Nos, ebben a t\u00e1rsas\u00e1gban is sz\u00f3ba ker\u00fclt a l\u00e1dika \u00e9s a hozz\u00e1 tartoz\u00f3 legenda k\u00e9rd\u00e9se. A csupa materialista, ateista elvt\u00e1rs k\u00f6z\u00f6tt nem lehetett k\u00e9rd\u00e9ses a vita kimenetele. Valamennyien holmi b\u0171v\u00e9szkell\u00e9knek tartott\u00e1k a dr\u00e1ga valut\u00e1\u00e9rt megv\u00e1s\u00e1rolt l\u00e1dik\u00e1t, s ha nem is mondt\u00e1k, mit gondolnak a h\u00e1z asszony\u00e1r\u00f3l, nem tartott sok\u00e1ig hogy \u0151 maga j\u00f6jj\u00f6n r\u00e1.&nbsp; Mindez annyira felh\u00e1bor\u00edtotta a n\u0151t, hogy ezek ut\u00e1n nem l\u00e1tott m\u00e1s lehet\u0151s\u00e9get igaza bizony\u00edt\u00e1s\u00e1ra, mint kinyitni a l\u00e1dik\u00e1t.<\/p>\n\n\n\n<p>\u2014 K\u00e9pzelheti a r\u00e9m\u00fcletemet, mikor megl\u00e1ttam, hogy kinyitni k\u00e9sz\u00fcl a l\u00e1dik\u00e1t! \u2014 \u00edrta a f\u00e9rfi.<\/p>\n\n\n\n<p>\u2014 \u00c9s mi t\u00f6rt\u00e9nt? \u2014 k\u00e9rdeztem.<\/p>\n\n\n\n<p>A dobozb\u00f3l sz\u00fcrk\u00e9s-lila g\u00e1z t\u00f6rt el\u0151, amely kiv\u00e9tel n\u00e9lk\u00fcl mindenkit elb\u00f3d\u00edtott. Mikor k\u00e9s\u0151bb magukhoz t\u00e9rtek, mindannyian egybehangz\u00f3an \u00e1ll\u00edtott\u00e1k, hogy sz\u00e1rnycsattog\u00e1st hallottak, s a f\u00e9rfi legnagyobb d\u00f6bbenet\u00e9re megegyeztek abban, hogy egy nagyon \u00fcgyes b\u0171v\u00e9sztr\u00fckk\u00f6t l\u00e1ttak.<\/p>\n\n\n\n<p>\u2014 Mi\u00e9rt? Nem az volt? Maga nem hisz benne? \u2014 k\u00e9rdeztem.<\/p>\n\n\n\n<p>\u2014 \u00c9rtse m\u00e1r meg! \u2014 n\u00e9zett r\u00e1m k\u00e9ts\u00e9gbeesetten.&nbsp; \u2014 Ez november tizenhatodik\u00e1n t\u00f6rt\u00e9nt!<\/p>\n\n\n\n<p>\u2014 Mi\u00e9rt, mi volt akkor? \u2014 n\u00e9ztem r\u00e1 \u00e9rtetlen\u00fcl.&nbsp;<\/p>\n\n\n\n<p>\u2014 M\u00e1snap t\u00f6rt ki a forradalom. \u2014 \u00edrta \u00f6sszeszor\u00edtott ajkakkal, s l\u00e1ttam, hogy hal\u00e1losan komolyan gondolja, amit \u00edr.<\/p>\n\n\n\n<p>Nem tudtam, hogy s\u00edrjak vagy nevessek. R\u00e1 kellett d\u00f6bbennem, hogy \u201eezek\u201d m\u00e9g mindig itt vannak \u00e9s soha, de soha nem fognak megv\u00e1ltozni. Nem tal\u00e1ltam jelz\u0151t, amely kifejezhetn\u00e9 csod\u00e1lkoz\u00e1somat az \u201eitt maradt\u201d h\u0171s\u00e9gesek elk\u00f6telezetts\u00e9ge \u00e9s megv\u00e1ltoztathatatlans\u00e1ga felett. Ugyanakkor tiszt\u00e1ban voltam azzal is, hogy \u201eezek\u201d nem egyszer\u0171en a m\u00falt rendszer maradv\u00e1nyai, hanem sokkal r\u00e9gebbi id\u0151k\u00e9. Itt voltak az igazi kast\u00e9lyok idej\u00e9ben, pakt\u00e1ltak t\u00f6r\u00f6kkel, olasszal, Habsburggal, fasiszt\u00e1kkal, kommunist\u00e1kkal.<\/p>\n\n\n\n<p>M\u00e9gis \u00fagy \u00e9reztem, meg kell pr\u00f3b\u00e1lni harcolni ez ellen a butas\u00e1g ellen, s az els\u0151 felh\u00e1borod\u00e1s&nbsp; lend\u00fclet\u00e9ben megcsapott&nbsp; a \u201ele kell sz\u00e1molni a m\u00falttal\u201c szelleme. Harcolni akartam, csak nem l\u00e1ttam az ellenfelet. A gondolkod\u00e1s\u00e1hoz, a szolgalelk\u0171s\u00e9g\u00e9hez akartam sz\u00f3lni, b\u00e1r tudtam mennyire neh\u00e9z helyzetben vagyok. Ennek az embernek fogalma sem volt g\u00f6r\u00f6g mitol\u00f3gi\u00e1r\u00f3l, holmi Pandora szelenc\u00e9r\u0151l, pontosabban kors\u00f3r\u00f3l, m\u00edg p\u00e1rttitk\u00e1r bar\u00e1tja fel nem vil\u00e1gos\u00edtotta. S hogy mennyire f\u00fcgg\u0151v\u00e9 v\u00e1lhat att\u00f3l, akit\u0151l a \u201etud\u00e1st\u201d kapta, azt akkor tapasztaltam, amikor szer\u00e9ny eszk\u00f6zeimmel el akartam magyar\u00e1zni milyen helyzetben van.<\/p>\n\n\n\n<p>M\u00e9g csak hajland\u00f3s\u00e1got sem mutatott \u00e9rveim meghallgat\u00e1s\u00e1ra. A leghalv\u00e1nyabb jel\u00e9t sem tapasztaltam k\u00e9tked\u00e9snek, s k\u00e9ts\u00e9gbeesetten pr\u00f3b\u00e1ltam \u2014 fittyet h\u00e1nyva bar\u00e1tom unszol\u00e1s\u00e1ra \u2014 valamilyen logikai sorrendbe rakni \u00e9s c\u00e1folni a hallottakat. Valami nagyon m\u00e9ly, z\u00e1rt magabiztoss\u00e1got tal\u00e1ltam, amelyet \u2014 \u00fagy t\u0171nt \u2014 k\u00e9ptelens\u00e9g felt\u00f6rni.<\/p>\n\n\n\n<p>B\u00e1rmi l\u00e9gyen is az igazs\u00e1g a vitrinben l\u00e9v\u0151 Pandora kors\u00f3r\u00f3l, az igazi vesz\u00e9lyt m\u00e9giscsak abban l\u00e1ttam, hogy nem tudtam meggy\u0151zni sem a forradalom, a v\u00e1ltoz\u00e1s sz\u00fcks\u00e9gess\u00e9g\u00e9r\u0151l, sem pedig a Pandora legenda hiteltelens\u00e9g\u00e9r\u0151l.&nbsp;<\/p>\n\n\n\n<p>Nem csoda, ha v\u00e9gs\u0151 k\u00e9ts\u00e9gbees\u00e9semben \u2014 t\u00fall\u00e9pve az \u00e9rvel\u00e9s keretein \u00e9s lehet\u0151s\u00e9gein \u2014 gazd\u00e1ja feles\u00e9g\u00e9nek m\u00f3dszer\u00e9t k\u00f6vetve, a tettekkel val\u00f3 bizony\u00edt\u00e1s m\u00f3dszer\u00e9hez k\u00edv\u00e1ntam folyamodni. Fel kell nyitni a l\u00e1dik\u00e1t, \u00e9s meg kell c\u00e1folni ezt az ostoba hitet, ezt az \u0151r\u00fclt, m\u00e1r-m\u00e1r fanatikus odaad\u00e1st! Saj\u00e1t szem\u00e9vel gy\u0151z\u0151dj\u00f6n meg r\u00f3la, hogy egy egyszer\u0171 tr\u00fckk \u00e1ldozata volt, s csalfa legend\u00e1kban hisz!<\/p>\n\n\n\n<p>Sejtettem, hogy ha el\u00e1rulom sz\u00e1nd\u00e9komat, nem enged a szekr\u00e9nyhez, \u00edgy olyan k\u00e9rd\u00e9st tetem fel neki, melynek megv\u00e1laszol\u00e1sa, illetve a v\u00e1lasz le\u00edr\u00e1sa elvonja annyira a figyelm\u00e9t, hogy azalatt kinyissam az \u00fcvegszekr\u00e9nyt \u00e9s a l\u00e1dik\u00e1t&#8230;.<\/p>\n\n\n\n<p>Intettem koll\u00e9g\u00e1mnak, hogy j\u00f6jj\u00f6n k\u00f6zelebb, \u00e9s seg\u00edtsen feltartani az \u00f6reget, m\u00edg kinyitom a l\u00e1dik\u00e1t, majd egy r\u00f6vid sprinttel az \u00fcvegszekr\u00e9nyhez futottam \u00e9s r\u00e1ngatni kezdtem az ajtaj\u00e1t, amely azonban z\u00e1rva volt. Az \u00f6reg egyetlen legyint\u00e9ssel f\u00e9lredobta koll\u00e9g\u00e1mat \u00e9s futva indult fel\u00e9m. K\u00f6ny\u00f6k\u00f6mmel bet\u00f6rtem az \u00fcveget \u00e9s felkaptam a kors\u00f3t melynek tetej\u00e9t egy kem\u00e9ny b\u0151rdarab takarta. Az \u00f6reg megmerevedett \u00e9s sz\u00e9tt\u00e1rt karokkal intett, hogy ne tegyek semmit.&nbsp;<\/p>\n\n\n\n<p>Persze m\u00e1r k\u00e9s\u0151 volt. Leemeltem a fedelet \u00e9s legnagyobb meglepet\u00e9semre sz\u00fcrk\u00e9s-lil\u00e1s g\u00e1z \u00e1radt el\u0151, amely pillanatokon bel\u00fcl elb\u00f3d\u00edtott s csak arra eml\u00e9keztem, hogy az \u00f6reg r\u00e1m vetette mag\u00e1t, kiragadta kezemb\u0151l a kors\u00f3t s mind a ketten elest\u00fcnk\u2026<\/p>\n\n\n\n<p>Mikor magamhoz t\u00e9rtem, a f\u00f6ld\u00f6n fek\u00fcdtem \u2014 m\u00e9g csak annyi f\u00e1radts\u00e1got sem vettek, hogy felemeljenek \u2014, \u00e9s legnagyobb meglepet\u00e9semre nem f\u00e1jt a fejem. Az \u00f6reg az asztaln\u00e1l \u00fclt, kezei az asztalon nyugodtak, feje kiss\u00e9 el\u0151rebillent \u00e9s eg\u00e9sz l\u00e9ny\u00e9b\u0151l rem\u00e9nytelens\u00e9g \u00e1radt. T\u00e1rsam vele szemben, szint\u00e9n kiss\u00e9 b\u00e1gyadtam n\u00e9zett maga el\u00e9.&nbsp; A vitrin fel\u00e9 pillantva meg\u00e1llap\u00edthattam, hogy a kors\u00f3 a hely\u00e9re ker\u00fclt, b\u00e1r az \u00fcvegcserepek m\u00e9g mindig sz\u00e9tsz\u00f3rva hevertek a f\u00f6ld\u00f6n \u00e9s a szekr\u00e9ny perem\u00e9n.<\/p>\n\n\n\n<p>Lassan fel\u00e1lltam, hozz\u00e1juk mentem \u00e9s arra gondoltam, vajon mi fog t\u00f6rt\u00e9nni ezut\u00e1n?<\/p>\n","protected":false},"excerpt":{"rendered":"<p>Akkor azt hitt\u00fck, pontosan tudjuk, mit akarunk.&nbsp; Egy olyan f\u00e9nyk\u00e9palbumot szerett\u00fcnk volna elk\u00e9sz\u00edteni, amelyben benne lesz az orsz\u00e1g valamennyi v\u00e1ra, kast\u00e9lya, k\u00fari\u00e1ja \u00e9s v\u00e1rromja, a hozz\u00e1juk tartoz\u00f3 legjelent\u0151sebb mond\u00e1kkal, legend\u00e1kkal egy\u00fctt. Meg voltunk r\u00f3la gy\u0151z\u0151dve, hogy most m\u00e1r tiszt\u00e1n l\u00e1tjuk &hellip; <a href=\"https:\/\/opus-folyoirat.sk\/?page_id=4151\">Egy kattint\u00e1s ide a folytat\u00e1shoz&#8230;. <span class=\"meta-nav\">&rarr;<\/span><\/a><\/p>\n","protected":false},"author":4,"featured_media":0,"parent":0,"menu_order":0,"comment_status":"closed","ping_status":"closed","template":"","meta":{"footnotes":""},"class_list":["post-4151","page","type-page","status-publish","hentry"],"_links":{"self":[{"href":"https:\/\/opus-folyoirat.sk\/index.php?rest_route=\/wp\/v2\/pages\/4151","targetHints":{"allow":["GET"]}}],"collection":[{"href":"https:\/\/opus-folyoirat.sk\/index.php?rest_route=\/wp\/v2\/pages"}],"about":[{"href":"https:\/\/opus-folyoirat.sk\/index.php?rest_route=\/wp\/v2\/types\/page"}],"author":[{"embeddable":true,"href":"https:\/\/opus-folyoirat.sk\/index.php?rest_route=\/wp\/v2\/users\/4"}],"replies":[{"embeddable":true,"href":"https:\/\/opus-folyoirat.sk\/index.php?rest_route=%2Fwp%2Fv2%2Fcomments&post=4151"}],"version-history":[{"count":1,"href":"https:\/\/opus-folyoirat.sk\/index.php?rest_route=\/wp\/v2\/pages\/4151\/revisions"}],"predecessor-version":[{"id":4152,"href":"https:\/\/opus-folyoirat.sk\/index.php?rest_route=\/wp\/v2\/pages\/4151\/revisions\/4152"}],"wp:attachment":[{"href":"https:\/\/opus-folyoirat.sk\/index.php?rest_route=%2Fwp%2Fv2%2Fmedia&parent=4151"}],"curies":[{"name":"wp","href":"https:\/\/api.w.org\/{rel}","templated":true}]}}