{"id":4335,"date":"2025-11-28T11:22:00","date_gmt":"2025-11-28T09:22:00","guid":{"rendered":"https:\/\/opus-folyoirat.sk\/?page_id=4335"},"modified":"2026-01-22T11:26:22","modified_gmt":"2026-01-22T09:26:22","slug":"a-siras","status":"publish","type":"page","link":"https:\/\/opus-folyoirat.sk\/?page_id=4335","title":{"rendered":"A s\u00edr\u00e1s"},"content":{"rendered":"\n<p><em>\u201eHallgass mag\u00e1noss\u00e1godban, \u00edrj \u00e9s s\u00edrj!\u201d<\/em><\/p>\n\n\n<div class=\"has-text-align-right wp-block-post-date\"><time datetime=\"2025-11-28T11:22:00+02:00\">2025-11-28<\/time><\/div>\n\n\n<p>A f\u00e9rfit csak l\u00e1t\u00e1sb\u00f3l ismertem.<\/p>\n\n\n\n<p>A b\u00e9rh\u00e1z harmadik emelet\u00e9n, nem messze egym\u00e1st\u00f3l voltak a szob\u00e1ink, \u00edgy n\u00e9ha-n\u00e9ha tal\u00e1lkoztunk. Persze nem gyakran, csak ha a v\u00e9letlen \u00fagy hozta. Nem tudom, hogy h\u00edvt\u00e1k, voltak-e bar\u00e1tai, rokonai, \u00e9s besz\u00e9lgetett-e nagy ritk\u00e1n valakivel. Tal\u00e1n igen. Velem nem.<\/p>\n\n\n\n<p>Egy nap munk\u00e1ba menet, \u00e9szrevettem, hogy nyitva van az ajtaja. A r\u00e9snyire nyitott ajt\u00f3 azt juttatta eszembe, hogy valamit otthon felejtett, \u00e9s \u00e9ppen visszament \u00e9rte. Velem is meg szokott t\u00f6rt\u00e9nni.<\/p>\n\n\n\n<p>Mikor d\u00e9lut\u00e1n ism\u00e9t nyitva tal\u00e1ltam az ajt\u00f3t, furcsa v\u00e9letlennek tal\u00e1ltam.<\/p>\n\n\n\n<p>Csak m\u00e1snap reggel jutott el az agyamig, hogy sok gondom-bajom mellett, egy meglep\u0151 jelens\u00e9g tan\u00faja lettem. De m\u00e9g mindig nem volt sem kedvem, sem b\u00e1tors\u00e1gom ben\u00e9zni. Elhat\u00e1roztam, hogy ha d\u00e9lut\u00e1n is nyitva tal\u00e1lom a lak\u00e1st, akkor bemegyek sz\u00e9jjeln\u00e9zni.<\/p>\n\n\n\n<p>\u00cdgy is t\u00f6rt\u00e9nt.<\/p>\n\n\n\n<p>A lak\u00e1sban furcsa neh\u00e9z szag \u00fclt meg, \u00e9s a f\u00e9rfi az \u00edr\u00f3asztal m\u00f6g\u00f6tti fotelban \u00fclt l\u00f3g\u00f3 kezekkel, mintha csak borg\u0151z\u00f6s \u00e1llapotban pihenne.<\/p>\n\n\n\n<p>De nem borg\u0151z\u00f6s volt. Sokkal ink\u00e1bb halott, s r\u00e1j\u00f6ttem, hogy a hal\u00e1l szag\u00e1t \u00e9rzem.<\/p>\n\n\n\n<p>Az asztalon egy levelet tal\u00e1ltam. B\u00e1r tudtam, hogy felesleges, megfogtam a csukl\u00f3j\u00e1t, hogy leellen\u0151rizzem a pulzus\u00e1t, s k\u00f6zben alaposan megn\u00e9ztem az arc\u00e1t. M\u00e1ig sem tudom megmagyar\u00e1zni mik\u00e9nt lehets\u00e9ges, de a halott szemeib\u0151l v\u00e9kony kis k\u00f6nnyerecske h\u00faz\u00f3dott.<\/p>\n\n\n\n<p>\u2014 Vajon mikor halhatott meg? \u2014 k\u00e9rdeztem magamt\u00f3l, de persze nem tudtam v\u00e1laszolni. Helyette a levelet olvastam el, amelyet most kisebb kihagy\u00e1sokkal k\u00f6zz\u00e9teszek.<\/p>\n\n\n\n<p>Ezek ut\u00e1n \u00e9rtes\u00edtettem a rend\u0151rs\u00e9get.<\/p>\n\n\n\n<p>A lev\u00e9l;<\/p>\n\n\n\n<p>Eleinte magam sem tal\u00e1ltam benne semmif\u00e9le logik\u00e1t, \u00edgy val\u00f3sz\u00edn\u0171, hogy Te \u2014 b\u00e1rki l\u00e9gy is \u2014, aki megtal\u00e1lod ezt a levelet \u00e9s elolvasod, szint\u00e9n nehezen megmagyar\u00e1zhat\u00f3nak tal\u00e1lod mindazt, amit itt elmondok neked&#8230;<\/p>\n\n\n\n<p>&#8230;Els\u0151sorban saj\u00e1t \u00e9rdekedben lebesz\u00e9llek arr\u00f3l, hogy tov\u00e1bb olvasd ezt a levelet. F\u00e9lek, hogy sokkal t\u00f6bb emberre n\u00e9zve vesz\u00e9lyes, mint ahogyan az felt\u00e9telezhet\u0151. Nem, nem v\u00edrus, \u00e9s m\u00e9gis! \u00c9letvesz\u00e9lyes!<\/p>\n\n\n\n<p>\u00c9ppen ez\u00e9rt megism\u00e9tlem; hagyd abba az olvas\u00e1st, ellenkez\u0151 esetben sz\u00e1molj a k\u00f6vetkezm\u00e9nyekkel!<\/p>\n\n\n\n<p>M\u00e1sodsorban meg k\u00edv\u00e1nlak nyugtatni, hogy semmif\u00e9le misztifik\u00e1l\u00e1snak nem vagyok a h\u00edve, \u00edgy az itt le\u00edrtakat a t\u00e9nyszer\u0171s\u00e9g jellemzi \u00e9s magyar\u00e1zataimmal is igyekszem megmaradni a realit\u00e1s keretein bel\u00fcl. Ha bizonyos momentumok m\u00e9gis ilyesmire utaln\u00e1nak, akkor az csak az elker\u00fclhetetlen \u0151szintes\u00e9g jele.<\/p>\n\n\n\n<p>Mindaz, amit most elmondok, egyr\u00e9szt a megk\u00f6nnyebb\u00fcl\u00e9s miatt teszem, m\u00e1sr\u00e9szt mindazok ellen\u00e9re, ami t\u00f6rt\u00e9nt, b\u00edzom benne, hogy id\u0151vel elfogadhat\u00f3 magyar\u00e1zattal szolg\u00e1l majd valaki.<\/p>\n\n\n\n<p>Egyel\u0151re, ha elsz\u00e1ntad magad az olvas\u00e1sra, felk\u00e9sz\u00fclhetsz arra, hogy hamarosan valamilyen kellemetlens\u00e9g \u00e9r, puszt\u00e1n az\u00e9rt, mert ezeket a sorokat olvasva egy olyan m\u0171k\u00f6d\u0151 rendszer r\u00e9szese lett\u00e9l, amely saj\u00e1t, kegyetlen szab\u00e1ly\u00e1nak engedelmeskedve felr\u00fagja a gyeng\u00e9bbek szab\u00e1lyait, r\u00e1juk er\u0151szakolja mag\u00e1t, s a sz\u00e1m\u00e1ra jellemz\u0151 m\u00f3don \u201eoldja meg\u201d a m\u00e1sok \u00fcgyeit.<\/p>\n\n\n\n<p>Persze j\u00f3l teszed, ha minderre legyintesz, azt mondod, hogy ez lehetetlen, \u00e9s nem hiszed el ezt a gyerekesen babon\u00e1s felt\u00e9telez\u00e9st. Ebben a lelket sanyargat\u00f3 vil\u00e1gban annyira megszoktad m\u00e1r a bajt, hogy b\u00e1tran tov\u00e1bb olvasol, elnyomod a lelked legm\u00e9ly\u00e9n szunnyad\u00f3 k\u00e9ts\u00e9get is, b\u00edzva benne, hogy Te majd megmutatod, Te majd megmagyar\u00e1zod, hiszen Te ugyancsak \u00e9rted a k\u00f6r\u00f6tted l\u00e9v\u0151 vil\u00e1got&#8230;<\/p>\n\n\n\n<p>Nem is sejted, hogy mennyi az es\u00e9lyed&#8230;<\/p>\n\n\n\n<p>&#8230;Eleinte sz\u00e1momra is nehezen \u00e1llt \u00f6ssze a k\u00e9p, mintha apr\u00f3 mozaikdarabk\u00e1kb\u00f3l kellene kik\u00f6vetkeztetnem az eg\u00e9szet, vagy mintha a v\u00edz alatt tapogat\u00f3zva kellene megkeresnem egy olyan eldobott t\u00e1rgyat, amelyr\u0151l azt sem tudom milyen nagy \u00e9s milyen alak\u00fa&#8230;<\/p>\n\n\n\n<p>Tizen\u00e9ves koromban tal\u00e1lkoztam el\u0151sz\u00f6r a jelens\u00e9ggel, \u00e9s term\u00e9szetesen nem tudtam vele mit kezdeni, mint ahogyan akkori fejletts\u00e9gemmel nem is lehetett vele mit kezdeni.<\/p>\n\n\n\n<p>Egy bar\u00e1tommal az utc\u00e1n s\u00e9t\u00e1lva, egy \u00e1ltala ellenem elk\u00f6vetett jogtalans\u00e1gr\u00f3l vitatkoztunk, amikor hirtelen elindultak a k\u00f6nnyeim, \u00e9s teljesen megmagyar\u00e1zhatatlanul s\u00edrni kezdtem. Addig sohasem tapasztaltam hasonl\u00f3t, \u00edgy \u2014 mivel r\u00e1ad\u00e1sul meglehet\u0151sen \u00e9rz\u00e9keny voltam \u2014 nagyon kellemetlen\u00fcl \u00e9rintett, hogy nem tudtam visszatartani a felt\u00f6r\u0151 k\u00f6nnyeket. Bar\u00e1tom csod\u00e1lkozva n\u00e9zett r\u00e1m, \u00e9s nevetve, k\u00e9nyszeredett udvariass\u00e1ggal k\u00e9rdezte mi t\u00f6rt\u00e9nt velem. Mivel nem tudtam magyar\u00e1zatot adni, csak a fejemet r\u00e1ztam, \u00e9s nem feleltem.<\/p>\n\n\n\n<p>Egy nappal k\u00e9s\u0151bb ez a bar\u00e1tom belefulladt a k\u00f6zeli foly\u00f3ba.<\/p>\n\n\n\n<p>A k\u00e9t dolog, m\u00e1rmint a s\u00edr\u00e1s \u00e9s a v\u00edzbef\u00fal\u00e1s k\u00f6z\u00f6tt term\u00e9szetesen semmif\u00e9le \u00f6sszef\u00fcgg\u00e9st nem l\u00e1ttam, \u00e9s nem is kerestem.<\/p>\n\n\n\n<p>\u00c9vekkel ez eset ut\u00e1n, egy k\u00e9s\u0151 est\u00e9n akkori bar\u00e1tn\u0151mmel s\u00e9t\u00e1lgattunk a v\u00e1ros rejtett, zegzugos utc\u00e1in, hol semleges dolgokr\u00f3l, hol pedig a legm\u00e9lyebbekr\u0151l besz\u00e9lgetve, amikor egyik oszt\u00e1lyt\u00e1rsam h\u00e1za el\u0151tt elhaladva ism\u00e9t elkapott a s\u00edr\u00e1s. Teljesen v\u00e1ratlanul, el\u0151zm\u00e9nyek n\u00e9lk\u00fcl \u00e9s megmagyar\u00e1zhatatlanul. Szerencs\u00e9re, este l\u00e9v\u00e9n k\u00f6nnyebben tudtam pal\u00e1stolni k\u00f6nnyeimet \u00e9s csal\u00f3d\u00e1somat, \u00edgy nem keltettem felt\u0171n\u00e9st. A tal\u00e1lkoz\u00f3 persze nem \u00fagy fejez\u0151d\u00f6tt be, ahogyan eredetileg terveztem.<\/p>\n\n\n\n<p>Csak k\u00e9t nap m\u00falva jutott f\u00fclembe a h\u00edr, hogy az a bizonyos oszt\u00e1lyt\u00e1rsam \u2014 akinek a h\u00e1za el\u0151tt elkapott a s\u00edr\u00e1s \u2014 azon az \u00e9jszak\u00e1n, a padl\u00e1son felakasztotta mag\u00e1t. Teljesen \u00e9rthetetlen volt.<\/p>\n\n\n\n<p>Med\u00e1rd napj\u00e1n temett\u00fck, \u00e9s term\u00e9szetesen m\u00e9g mindig nem kerestem \u2014 mi\u00e9rt is tettem volna? \u2014 \u00f6sszef\u00fcgg\u00e9seket a s\u00edr\u00e1som \u00e9s az esem\u00e9nyek k\u00f6z\u00f6tt. Ateista nevel\u00e9st kaptam, \u00e9s b\u00e1r nem \u00e1ll\u00edthatom, hogy bizonyos fokig nem hatottak r\u00e1m a vil\u00e1gegyetem rejt\u00e9lyes dolgai, \u00e9s nagyritk\u00e1n nem \u00e9ledt fel bennem a babon\u00e1k ir\u00e1nti illuz\u00f3rikus v\u00e1gyakoz\u00e1s, alapj\u00e1ban v\u00e9ve nem voltam sem vall\u00e1sos, sem babon\u00e1s \u00e9s v\u00e9gk\u00e9pp nem k\u00f6teleztem el magam az uf\u00f3k, misztikumok \u00e9s egy\u00e9b megmagyar\u00e1zhatatlan \u201edolgok\u201d mellett.<\/p>\n\n\n\n<p>Nos, nem akarom felsorolni milyen gyakran, \u00e9s milyen konkr\u00e9t esetekben jelentkezett n\u00e1lam ez a bizonyos s\u00edr\u00e1si roham, el\u0151bb-ut\u00f3bb be kellett l\u00e1tnom, hogy igenis van \u00f6sszef\u00fcgg\u00e9s egy a bens\u0151mb\u0151l fakad\u00f3 l\u00e1tv\u00e1nyos megnyilv\u00e1nul\u00e1s \u00e9s a k\u00f6rnyezetemben t\u00f6rt\u00e9n\u0151 esem\u00e9nyek k\u00f6z\u00f6tt!<\/p>\n\n\n\n<p>\u00dajabb \u00f6ngyilkoss\u00e1gokat, t\u00f6nkretett \u00e9leteket eredm\u00e9nyez\u0151 rossz d\u00f6nt\u00e9seket \u201e\u00e9reztem\u201d meg k\u00f6zvetlen k\u00f6rnyezetemb\u0151l, teh\u00e1t olyan emberekkel kapcsolatban, akikkel k\u00f6zvetlen\u00fcl is \u00e9rintkeztem! Engem elhagyni k\u00e9sz\u00fcl\u0151 szeret\u0151, k\u00f6zeli rokon hal\u00e1l\u00e1t jelezte teljesen \u00e9rthetetlen\u00fcl a s\u00edr\u00e1s, b\u00e1r sohasem tudtam pontosan kit fog el\u00e9rni a v\u00e9gzet.<\/p>\n\n\n\n<p>Amikor v\u00e9gre le\u00fcltem, hogy komolyan \u00e1tgondoljam, sorra vegyem a dolgokat, \u00fagy \u00e9reztem, kezd \u00f6ssze\u00e1llni a mozaik, s legal\u00e1bb egy marokra val\u00f3 apr\u00f3 sz\u00ednes k\u0151 van m\u00e1r a birtokomban. Igyekeztem valamilyen \u201eelfogadhat\u00f3\u201d magyar\u00e1zatot keresni, mert a legk\u00e9zenfekv\u0151bb magyar\u00e1zat egy\u00e1ltal\u00e1n nem volt \u00ednyemre val\u00f3, hiszen ellentmondott addigi meggy\u0151z\u0151d\u00e9semnek.<\/p>\n\n\n\n<p>Persze n\u00e1lam is jelentkezett az asszenzi\u00f3, teh\u00e1t a l\u00e9leknek ama tulajdons\u00e1ga, mellyel \u00f6nmag\u00e1t saj\u00e1t tett\u00e9nek helyess\u00e9g\u00e9r\u0151l igyekszik meggy\u0151zni, beidegz\u0151d\u00e9sem szerint ezt is mint a \u201ej\u00f3t\u201d \u00e9s \u201erosszat\u201d, valamint legf\u0151bb j\u00f3t \u00e9s legf\u0151bb rosszat teljesen emberinek \u00e9s ilyenk\u00e9ppen haszontalannak tartottam. \u00c9pp\u00fagy, ahogyan az evol\u00faci\u00f3t t\u00f6rv\u00e9nyszer\u0171, b\u00e1r nem sz\u00fcks\u00e9gszer\u0171 vari\u00e1ci\u00f3k sor\u00e1nak fogtam fel, \u00fagy saj\u00e1t esetemben is meg kellett b\u00e9k\u00e9lnem a t\u00e1rsadalmi helyzetek sorozat\u00e1val. Ebb\u0151l kifoly\u00f3lag m\u00e1r nem v\u00e9letlenk\u00e9nt kezeltem az esem\u00e9nyek logik\u00e1j\u00e1t, hanem sorsszer\u0171k\u00e9nt, s ez\u00e1ltal mintegy magasabb rend\u0171k\u00e9nt, b\u00e1r a misztikumot jelent\u0151 sallangokat nehezen tudtam leh\u00e1mozni a te\u00f3ri\u00e1mr\u00f3l.<\/p>\n\n\n\n<p>B\u00e1natomban azt\u00e1n egy id\u0151 ut\u00e1n olyan b\u00faskomor szerencs\u00e9tlen benyom\u00e1s\u00e1t keltettem, aki valamif\u00e9le kisug\u00e1rz\u00e1sa folyt\u00e1n val\u00f3s\u00e1ggal tasz\u00edtja mag\u00e1t\u00f3l az embereket! F\u00e9ltem valakire r\u00e1n\u00e9zni, kapcsolatba ker\u00fclni vele, mert nem tudhattam, mikor kezdek el s\u00edrni, \u00e9s ez mit jelenthet a szem\u00e9ly vagy k\u00f6rnyezetem r\u00e9sz\u00e9re.<\/p>\n\n\n\n<p>\u00c9letemnek ez a korszak szerelemtelen\u00fcl telt el.<\/p>\n\n\n\n<p>Szere-lem-tele-n\u00fcl.<\/p>\n\n\n\n<p>Valamikor bosszantott a t\u00e9ny, hogy az emberek hitetlens\u00e9g\u00e9t kellett szembe\u00e1ll\u00edtanom saj\u00e1t esetemmel, \u00e9s \u00e9n tehetetlen\u00fcl \u00e1lltam, mert nem tudtam egy\u00e9b bizony\u00edt\u00e9kot szolg\u00e1ltatni, mint hogy lassan elhulltak k\u00f6r\u00f6ttem a bar\u00e1taim, csal\u00e1dtagjaim \u00e9s eg\u00e9sz rokons\u00e1gom.<\/p>\n\n\n\n<p>Az \u00e9let mindannyiunk sz\u00e1m\u00e1ra annyi, amennyit felfogunk bel\u0151le \u2014 mondj\u00e1k \u2014 \u00e9s nem az \u00e9n hib\u00e1m, hogy a nyilv\u00e1nval\u00f3 t\u00e9nyek ellen\u00e9re senki sem fogott gyan\u00fat, senki sem \u00e9rtette meg annyira a velem t\u00f6rt\u00e9nteket, hogy ebb\u0151l k\u00f6vetkezm\u00e9nyeket vonjon le.<\/p>\n\n\n\n<p>V\u00e9g\u00fcl is el kellett gondolkoznom a lehet\u0151s\u00e9geimen.<\/p>\n\n\n\n<p>Egyel\u0151re gyanakodva figyeltem magam.<\/p>\n\n\n\n<p>Kiv\u00e1rtam.<\/p>\n\n\n\n<p>Nem hittem, \u00e9s nem is hihettem, hogy miattam t\u00f6rt\u00e9nnek \u00edgy a dolgok, teh\u00e1t arra v\u00e1rtam, majd csak tiszt\u00e1z\u00f3dnak a r\u00e9szletek, \u00e9s megl\u00e1thatom, ha nem is az Eg\u00e9szet, de legal\u00e1bb valamit, amib\u0151l k\u00f6vetkeztethetek r\u00e1! Valamit, ami sz\u00e1momra \u00e9rthet\u0151 lesz, \u00e9s megvil\u00e1g\u00edtja a szerepemet is.<\/p>\n\n\n\n<p>Nem k\u00eds\u00e9rtett meg a szolipszizmus, ink\u00e1bb azon gondolkodtam, hogy mit kell tennem, hogy hasznos legyen, amit teszek?<\/p>\n\n\n\n<p>Kinek \u00e9s mit haszn\u00e1lhat, hogy el\u0151re meg\u00e9rzek bizonyos baleseteket, hal\u00e1leseteket vagy egy\u00e9b szerencs\u00e9tlens\u00e9geket? Egy\u00e1ltal\u00e1n: Hasznosnak kell lennie? Vagy teljesen elhanyagolhat\u00f3 ebben a kaotikus, hatmilli\u00e1rd ismeretlen\u0171 egyenletben?<\/p>\n\n\n\n<p>Be kellett l\u00e1tnom \u2014 mert meggy\u0151ztem magam \u2014, hogy v\u00e9lem\u00e9nyt kell alkotnom az esem\u00e9nyekr\u0151l, hiszen velem is t\u00f6rt\u00e9nnek! R\u00e1k\u00e9nyszer\u00fcltem, hogy komolyan vegyem mindazt, ami ker\u00fclget, ugyanakkor azt is meg kellett \u00e1llap\u00edtanom, hogy felk\u00e9sz\u00fcletlen vagyok erre a feladatra. Puszt\u00e1n a v\u00e1laszt\u00e1s, cselekv\u00e9s \u00e9s d\u00f6nt\u00e9s k\u00e9nyszere ragad mag\u00e1val, nem enged f\u00fcggetlenedni, holott k\u00e9pess\u00e9geim szerint k\u00e9ptelen vagyok magyar\u00e1zattal szolg\u00e1lni!<\/p>\n\n\n\n<p>Tal\u00e1n valaki meg tudja magyar\u00e1zni, \u00e9s meg tudja bocs\u00e1tani gyenges\u00e9gemet, amikor azon kezdtem tanakodni, mik\u00e9ppen lehetne hasznos\u00edtani, kihaszn\u00e1lni ezt a k\u00e9pess\u00e9get.<\/p>\n\n\n\n<p>Keser\u0171en kellett csal\u00f3dnom!<\/p>\n\n\n\n<p>B\u00e1rmennyire igyekeztem megfigyelni az esem\u00e9nyeket \u2014 k\u00f6zben kapcsolatok hideg\u00fcltek el, \u00e1ltalam l\u00e1togatott \u00e9p\u00fcletek \u00e9gtek le pontos el\u0151rejelz\u00e9seim szerint \u2014, az \u00e9let kem\u00e9nyen vissza\u00fct\u00f6tt. Nagy sajn\u00e1lattal kellett meg\u00e1llap\u00edtanom, hogy sem fant\u00e1zi\u00e1l\u00e1sban, sem progn\u00f3zisban \u2014 teh\u00e1t az \u00fcgyben, hogy megpr\u00f3b\u00e1ljam el\u0151re kital\u00e1lni egy-egy s\u00edr\u00e1s k\u00f6vetkezm\u00e9nyeit \u2014 nem vagyok jobb a k\u00f6z\u00e9pszer\u0171n\u00e9l. \u201eTudtam\u201d, hogy valami rossz fog t\u00f6rt\u00e9nni, de nem adatott meg, hogy azt is tudjam mi lesz az.<\/p>\n\n\n\n<p>Gyakorlatilag a s\u00edr\u00e1somat semmire sem lehetett felhaszn\u00e1lni!<\/p>\n\n\n\n<p>Ezek ut\u00e1n leszoktam r\u00f3la, hogy \u00f6sszef\u00fcgg\u00e9seket keressek a t\u00f6rt\u00e9ntek \u00e9s saj\u00e1t szem\u00e9lyem k\u00f6z\u00f6tt. \u201eHa b\u00e1rmi is \u00f6sszek\u00f6theti az elm\u00falt \u00e9vek esem\u00e9nyeit, akkor az csak elviselhetetlen\u00fcl \u00e9s lealacsony\u00edt\u00f3an primit\u00edv lehet\u201d \u2014 \u00e1llap\u00edtottam meg. \u2014 \u201eNem m\u00e1s, mint eml\u00e9kek er\u0151szakos ut\u00f3magyar\u00e1z\u00e1sa\u201d.<\/p>\n\n\n\n<p>Lassan kezdtem meg\u00e9rteni a k\u00f6ny\u00f6rtelens\u00e9g logik\u00e1j\u00e1t, s b\u00e1rgy\u00fa k\u00e1bulatban \u00e9ltem meg ennek az \u00e9rz\u00e9snek a kiteljesed\u00e9s\u00e9t. Ezzel p\u00e1rhuzamosan feladtam mindennem\u0171 kezdem\u00e9nyez\u00e9st, s\u0151t saj\u00e1t egy\u00e9nis\u00e9gemet is.<\/p>\n\n\n\n<p>M\u00e1r nem volt v\u00e9lem\u00e9nyem, \u00e9s nem is akartam v\u00e9lem\u00e9nyt form\u00e1lni semmir\u0151l, hiszen tudtam, hogy csak ugyanoda lyukadok ki minden esetben; szerencs\u00e9tlen esem\u00e9nyek csendest\u00e1rsa lettem, \u00e9s ford\u00edtva is \u00fclt a meg\u00e1llap\u00edt\u00e1s, b\u00e1rmilyen \u00f6n\u00e1ll\u00f3 kezdem\u00e9nyez\u00e9sre sz\u00e1ntam el magam, dr\u00e1mai esem\u00e9nyek \u00e9s trag\u00e9di\u00e1k \u00e1rnya k\u00eds\u00e9rt. Mik\u00e9nt vannak emberek, akiket \u00e1lland\u00f3an a szerencse k\u00eds\u00e9r \u00e9s vannak, akik pechesek, engem egyetlen dolog jellemzett eg\u00e9sz \u00e9letemben a s\u00edr\u00e1somon k\u00edv\u00fcl, hogy csak bajt hoztam azokra, akikkel kapcsolatba ker\u00fcltem.<\/p>\n\n\n\n<p>Mindezekkel egy\u00fctt lassan fogalmaz\u00f3dott meg sebezhetetlens\u00e9gem \u00e9s s\u00e9rthetetlens\u00e9gem elm\u00e9lete is! Mert mik\u00e9ppen lehet az, hogy \u00e9n magam \u00e1lland\u00f3an \u00e9p b\u0151rrel \u00faszom meg a balszerencs\u00e9s eseteket, meg\u00e9rz\u00e9seim \u2014 melyek, mint eml\u00edtettem teljesen kisz\u00e1m\u00edthatatlanok \u00e9s l\u00e1tsz\u00f3lag c\u00e9ltalanok \u2014 nem vonatkoznak r\u00e1m? Orvoshoz p\u00e9ld\u00e1ul soha \u00e9letemben nem mentem?<\/p>\n\n\n\n<p>Aznap este a s\u00edr\u00e1som l\u00e1zrohammal jelentkezett, mintha azt jelezn\u00e9, hogy mostant\u00f3l m\u00e1r az \u00e9n b\u0151r\u00f6mre megy a j\u00e1t\u00e9k.<\/p>\n\n\n\n<p>\u00c9s val\u00f3ban \u00edgy t\u00f6rt\u00e9nt.<\/p>\n\n\n\n<p>Ett\u0151l kezdve \u2014 magamra maradva, mint a kisujjam \u2014 egyre gyakrabban, majd \u00e1lland\u00f3 rendszeress\u00e9ggel jelentkeztek l\u00e1zrohamaim, rosszull\u00e9tem, depresszi\u00f3m, s \u00e9reztem, min\u00e9l k\u00f6zelebb ker\u00fcl\u00f6k a v\u00e1laszhoz, teh\u00e1t a meg\u00e9rt\u00e9shez, ann\u00e1l kevesebb id\u0151m marad!<\/p>\n\n\n\n<p>Olyann\u00e1 v\u00e1lt ez, mint valami versenyfut\u00e1s, melynek t\u00e9tj\u00e9t sajnos m\u00e9g mindig nem l\u00e1ttam tiszt\u00e1n.<\/p>\n\n\n\n<p>M\u00e1r minden\u00e9rt s\u00edrtam.<\/p>\n\n\n\n<p>\u00c9s nem az\u00e9rt s\u00edrtam imm\u00e1r, hogy valakinek baja lehet, hiszem meg kellett szoknom \u00e9s bele kellett t\u00f6r\u0151dn\u00f6m, hogy ezen v\u00e1ltoztatni \u00fagysem tudok, hanem az emberi tudatlans\u00e1ggal p\u00e1rosul\u00f3 megv\u00e1ltoztathatatlan kiszolg\u00e1ltatotts\u00e1g volt az, ami legink\u00e1bb zavart, s ezen bel\u00fcl persze saj\u00e1t tehetetlens\u00e9gem \u00e9s par\u00e1nyis\u00e1gom.<\/p>\n\n\n\n<p>Maga a mechanizmus egy\u00e9bk\u00e9nt tov\u00e1bbra is m\u0171k\u00f6d\u00f6tt, azzal a k\u00fcl\u00f6nbs\u00e9ggel, hogy szomork\u00e1s, balj\u00f3s kisug\u00e1rz\u00e1som, viselked\u00e9sem folyt\u00e1n m\u00e1r m\u00e1sk\u00e9pp alakultak emberk\u00f6zi kapcsolataim s \u00faj min\u0151s\u00e9geket fedeztem fel magukban a meg\u00e9rz\u00e9sekben is.<\/p>\n\n\n\n<p>A s\u00edr\u00e1s, zokog\u00e1s, g\u00f6rcs\u00f6s r\u00e1ng\u00e1sok k\u00e9ts\u00e9gbevonhatatlanul jelezt\u00e9k, hogy egyszeri hal\u00e1leset vagy komolyabb k\u00f6z\u00f6ss\u00e9gi v\u00e1ls\u00e1g dag\u00e1ly\u00e1r\u00f3l van-e sz\u00f3. \u00cdgy t\u00f6rt\u00e9nhetett, hogy p\u00e9ld\u00e1ul a \u201eforradalmat\u201d \u2014 b\u00e1r semmif\u00e9le szervez\u0151je nem voltam \u2014 rettenetes depresszi\u00f3s rohammal \u201e\u00e9reztem meg\u201d!<\/p>\n\n\n\n<p>Persze sz\u00e1momra ez sem jelentett t\u00f6bbet, mint b\u00e1rki m\u00e1snak a hal\u00e1la, vagy b\u00e1rmi m\u00e1snak a megsz\u0171n\u00e9se a r\u00e9gi rendszerben.<\/p>\n\n\n\n<p>A sok hal\u00e1l \u00e9s szerencs\u00e9tlens\u00e9g azonban v\u00e9g\u00fcl is valamif\u00e9le k\u00fcldet\u00e9studatot form\u00e1lt, alak\u00edtott ki, amely \u2014 teljesen \u00e9rthetetlen\u00fcl \u2014 a hitn\u00e9lk\u00fclis\u00e9g erej\u00e9t adta!<\/p>\n\n\n\n<p>Teljesen ellent\u00e9tben mindazzal, amit addigi k\u00f6rnyezetem sugallt, kider\u00fclt, hogy maga az ir\u00e1ny is rossz! Nem a hitet kell keresnem, nem az seg\u00edt \u00e1t a v\u00e1ls\u00e1gon \u00e9s m\u00e9g csak nem is a hitetlens\u00e9g! A l\u00e9t maga csepegtette bel\u00e9m az \u00f6r\u00f6kk\u00e9val\u00f3s\u00e1g k\u00f6z\u00f6mb\u00f6ss\u00e9g\u00e9nek kozmikus lehelet\u00e9t s ac\u00e9lozta meg legbens\u0151bb \u00e9nemet.<\/p>\n\n\n\n<p>Csak az\u00e9rt nem \u00f6r\u00fcltem ennek a felfedez\u00e9snek, mert ezek ut\u00e1n m\u00e1r teljesen mindegy volt mi t\u00f6rt\u00e9nik a vil\u00e1ggal, \u00e9s mi t\u00f6rt\u00e9nik velem&#8230;<\/p>\n\n\n\n<p>Egy \u00faj, minden eddigin\u00e9l nagyobb roham k\u00f6zeledt\u00e9t \u00e9rzem\u2026<\/p>\n\n\n\n<p>\u00cdgy \u00e9rt v\u00e9get a lev\u00e9l \u00e9s m\u00e9g mindig nem tudom, hogy egy sorozatgyilkos v\u00e9d\u0151besz\u00e9d\u00e9t olvastam-e vagy valami fantaszta \u00e1lmodoz\u00e1sait.<\/p>\n\n\n\n<p>A f\u00e9rfit mindenesetre eltemett\u00e9k \u2014 egy\u00e9b hozz\u00e1tartoz\u00f3ja nem l\u00e9v\u00e9n v\u00e1rosi k\u00f6lts\u00e9gen \u2014, \u00e9s \u00e9n egyed\u00fcl k\u00eds\u00e9rtem utols\u00f3 \u00fatj\u00e1ra.<\/p>\n\n\n\n<p>Nem, nem s\u00edrtam, b\u00e1r igaz, hogy az\u00f3ta elvesztettem a munk\u00e1mat \u00e9s emiatt a bar\u00e1tn\u0151m is elhagyott, de term\u00e9szetesen eszembe sincs \u00f6sszef\u00fcgg\u00e9seket keresni az esem\u00e9nyek \u00e9s a lev\u00e9l k\u00f6z\u00f6tt&#8230;<\/p>\n\n\n\n<p><\/p>\n\n\n\n<p><em>Hogya Gy\u00f6rgy<\/em><\/p>\n","protected":false},"excerpt":{"rendered":"<p>\u201eHallgass mag\u00e1noss\u00e1godban, \u00edrj \u00e9s s\u00edrj!\u201d A f\u00e9rfit csak l\u00e1t\u00e1sb\u00f3l ismertem. A b\u00e9rh\u00e1z harmadik emelet\u00e9n, nem messze egym\u00e1st\u00f3l voltak a szob\u00e1ink, \u00edgy n\u00e9ha-n\u00e9ha tal\u00e1lkoztunk. Persze nem gyakran, csak ha a v\u00e9letlen \u00fagy hozta. Nem tudom, hogy h\u00edvt\u00e1k, voltak-e bar\u00e1tai, rokonai, \u00e9s &hellip; <a href=\"https:\/\/opus-folyoirat.sk\/?page_id=4335\">Egy kattint\u00e1s ide a folytat\u00e1shoz&#8230;. <span class=\"meta-nav\">&rarr;<\/span><\/a><\/p>\n","protected":false},"author":4,"featured_media":0,"parent":0,"menu_order":0,"comment_status":"closed","ping_status":"closed","template":"","meta":{"footnotes":""},"class_list":["post-4335","page","type-page","status-publish","hentry"],"_links":{"self":[{"href":"https:\/\/opus-folyoirat.sk\/index.php?rest_route=\/wp\/v2\/pages\/4335","targetHints":{"allow":["GET"]}}],"collection":[{"href":"https:\/\/opus-folyoirat.sk\/index.php?rest_route=\/wp\/v2\/pages"}],"about":[{"href":"https:\/\/opus-folyoirat.sk\/index.php?rest_route=\/wp\/v2\/types\/page"}],"author":[{"embeddable":true,"href":"https:\/\/opus-folyoirat.sk\/index.php?rest_route=\/wp\/v2\/users\/4"}],"replies":[{"embeddable":true,"href":"https:\/\/opus-folyoirat.sk\/index.php?rest_route=%2Fwp%2Fv2%2Fcomments&post=4335"}],"version-history":[{"count":1,"href":"https:\/\/opus-folyoirat.sk\/index.php?rest_route=\/wp\/v2\/pages\/4335\/revisions"}],"predecessor-version":[{"id":4337,"href":"https:\/\/opus-folyoirat.sk\/index.php?rest_route=\/wp\/v2\/pages\/4335\/revisions\/4337"}],"wp:attachment":[{"href":"https:\/\/opus-folyoirat.sk\/index.php?rest_route=%2Fwp%2Fv2%2Fmedia&parent=4335"}],"curies":[{"name":"wp","href":"https:\/\/api.w.org\/{rel}","templated":true}]}}