{"id":4338,"date":"2025-12-03T11:00:00","date_gmt":"2025-12-03T09:00:00","guid":{"rendered":"https:\/\/opus-folyoirat.sk\/?page_id=4338"},"modified":"2026-01-22T11:28:51","modified_gmt":"2026-01-22T09:28:51","slug":"a-vagy","status":"publish","type":"page","link":"https:\/\/opus-folyoirat.sk\/?page_id=4338","title":{"rendered":"A v\u00e1gy"},"content":{"rendered":"<div class=\"wp-block-post-date\"><time datetime=\"2025-12-03T11:00:00+02:00\">2025-12-03<\/time><\/div>\n\n\n<div class=\"wp-block-group is-vertical is-layout-flex wp-container-core-group-is-layout-8cf370e7 wp-block-group-is-layout-flex\">\n<p>Reggel furcsa \u00e9rz\u00e9ssel \u00e9bredt, \u00e9s eltartott egy ideig, m\u00edg rendezte a gondolatatait.&nbsp; Egyed\u00fcl van a lak\u00e1sban, feles\u00e9ge elutazott, fia az egyetemen, \u00e9s \u0151 ma \u00fcnnepli az \u00f6tvenedik sz\u00fclet\u00e9snapj\u00e1t.&nbsp; K\u00e9nyelmesen k\u00e9sz\u00fcl\u0151d\u00f6tt, legsz\u00edvesebben k\u00e9sve ment volna a munk\u00e1ba, s\u0151t mi t\u00f6bb, tal\u00e1n legjobb lett volna be sem menni, de a koll\u00e9g\u00e1ival megbesz\u00e9ltek egy kis \u00fcnneps\u00e9get, v\u00e1rhat\u00f3an aj\u00e1nd\u00e9kot is kap, \u00edgy m\u00e1r csak az illem is megk\u00edv\u00e1nta, hogy ott legyen. Borotv\u00e1lkoz\u00e1s k\u00f6zben a h\u00edreket hallgatta, de a m\u00e1r napok \u00f3ta k\u00f6r\u00f6z\u00f6tt sorozatgyilkos emleget\u00e9sekor kikapcsolta a r\u00e1di\u00f3t. M\u00e9g az id\u0151j\u00e1r\u00e1s-jelent\u00e9st sem v\u00e1rta meg. Az esti h\u00edrekb\u0151l tudta, hogy sz\u00e9p id\u0151 lesz.&nbsp;<\/p>\n\n\n\n<p>Gyalogosan ment munk\u00e1ba, mivel \u00fagy tervezte, hogy inni fog, \u00e9s azon gondolkodott mif\u00e9le aj\u00e1nd\u00e9kkal lepik meg.&nbsp; Az elm\u00falt id\u0151szak aj\u00e1nd\u00e9kait szinte kiv\u00e9tel n\u00e9lk\u00fcl az egyik \u00e9lelmes koll\u00e9gan\u0151 f\u00e9rj\u00e9nek z\u00e1logh\u00e1z\u00e1b\u00f3l szerezt\u00e9k be. \u00c1ltal\u00e1ban kar\u00f3ra, krist\u00e1lyv\u00e1za vagy festm\u00e9ny volt a \u201emen\u00fc\u201d, csak \u00e9ppen soha sem lehetett tudni, mi az esed\u00e9kes. Legsz\u00edvesebben egy kar\u00f3r\u00e1nak \u00f6r\u00fclt volna \u2014 vallotta be \u2014, de sz\u00edvesebben vette volna, ha egyenesen az \u00f6sszeszedett k\u00e9szp\u00e9nzt adj\u00e1k oda, hogy maga vegyen rajta valamit.<\/p>\n\n\n\n<p>A sz\u00fclet\u00e9snapra val\u00f3 tekintettel \u2014 a f\u0151n\u00f6k tudt\u00e1val \u00e9s beleegyez\u00e9s\u00e9vel \u2014 egy \u00f3r\u00e1val kor\u00e1bban fejezt\u00e9k be a munk\u00e1t, \u00e9s csendes \u00fcnnepl\u00e9sbe kezdtek. A j\u00f3k\u00edv\u00e1ns\u00e1gok ut\u00e1n \u00e1tadt\u00e1k az aj\u00e1nd\u00e9kot is\u2026<\/p>\n\n\n\n<p>\u201e \u00daristen egy k\u00e9p!\u201d<\/p>\n\n\n\n<p>Maga sem tudta, hogy csal\u00f3dotts\u00e1g-e amit \u00e9rez, mindenesetre igyekezett megnyer\u0151en mosolyogni mik\u00f6zben kicsomagolta a festm\u00e9nyt, hogy nyilv\u00e1nosan is megcsod\u00e1lhass\u00e1k.<\/p>\n\n\n\n<p>\u2014 Judit, Holofernes fej\u00e9vel! \u2014 ki\u00e1ltott\u00e1k fel\u00e9je t\u00f6bben.&nbsp;<\/p>\n\n\n\n<p>\u2014 Ez az igazi befektet\u00e9s! \u2014 veregett\u00e9k meg a v\u00e1ll\u00e1t. \u2014 P\u00e1r \u00e9v m\u00falva vagyont \u00e9r ez a k\u00e9p!<\/p>\n\n\n\n<p>\u2014 Valami sz\u00e9p helyre tedd! \u2014 aj\u00e1nlotta koll\u00e9g\u00e1ja.<\/p>\n\n\n\n<p>\u2014 Ugye eltal\u00e1ltam az \u00edzl\u00e9sedet? \u2014 k\u00e9rdezte koll\u00e9gan\u0151je, akinek a \u201emeglepet\u00e9st\u201d k\u00f6sz\u00f6nhette.<\/p>\n\n\n\n<p>\u2014 \u00d3, hogyne! \u2014 udvariaskodott. \u2014 K\u00f6zben azon t\u00f6rte a fej\u00e9t, vajon&nbsp; mi\u00e9rt is v\u00e1gta le ez a Judit annak a pasasnak a fej\u00e9t. Vajon \u0151 volt az, aki \u00e9jjel belopakodott a s\u00e1torba, vagy ez az a t\u00e1ncos csaj, aki viszonz\u00e1sk\u00e9nt lev\u00e1gatta a faszi fej\u00e9t? Zavaros volt a dolog. Az m\u00e9g rendben van, hogy nem kar\u00f3r\u00e1t kapott, de hogy ilyen v\u00e9rszomjas k\u00e9ppel \u00e1ll\u00edtson be a h\u00e1z\u00e1ba\u2026<\/p>\n\n\n\n<p>Az egy \u00f3ra hamar eltelt, mindent elfogyasztottak, \u00e9s mindenki \u201enagyon j\u00f3l \u00e9rezte mag\u00e1t\u201d.&nbsp; A munkaid\u0151 letelt\u00e9vel azonban, b\u00e1rmennyire is kedvelt\u00e9k, mindenki hazament, hiszen mindannyian csal\u00e1dos emberek voltak, akiket \u00fagymond v\u00e1rtak a h\u00e1zast\u00e1rsi k\u00f6teless\u00e9geik.&nbsp;<\/p>\n\n\n\n<p>Egyed\u00fcl maradt, rendezni egy kicsit a dolgokat \u00e9s az irod\u00e1t. R\u00e1j\u00f6tt, hogy nem is az aj\u00e1nd\u00e9k zavarja, hanem a m\u00f3d, amellyel beszerezt\u00e9k. Z\u00e1logh\u00e1zb\u00f3l!<\/p>\n\n\n\n<p>\u201eTal\u00e1n az \u00e9n hib\u00e1m volt azt hinni, hogy az \u00f6tven\u00e9ves sz\u00fclet\u00e9snap b\u00e1rmiben is k\u00fcl\u00f6nb\u00f6zik a t\u00f6bbit\u0151l!\u201d<\/p>\n\n\n\n<p>Takar\u00edt\u00e1s ut\u00e1n becsomagolta a k\u00e9pet, \u00e9s h\u00f3na al\u00e1 csapva hazafel\u00e9 indult.<\/p>\n\n\n\n<p>\u00dagy d\u00f6nt\u00f6tt, hogy ez a nap nem \u00e9rhet v\u00e9get \u201ecsak \u00edgy\u201d, \u00e9s megiszik valahol m\u00e9g egy poh\u00e1rk\u00e1val. Az \u00fcres lak\u00e1s nem cs\u00e1b\u00edtotta.<\/p>\n\n\n\n<p>A b\u00e1rban m\u00e1r t\u00f6bbsz\u00f6r is megfordult, \u00edgy nem \u00e9rezte mag\u00e1t idegennek, \u00e9s az sem zavarta, hogy a nem \u00e9ppen mintaszer\u0171en becsomagolt k\u00e9p l\u00e1tt\u00e1n t\u00f6bben is ut\u00e1na fordultak. Juditot egy \u00fcres asztalhoz tette az aktat\u00e1sk\u00e1j\u00e1val egy\u00fctt, majd a b\u00e1rpulthoz ment. Mik\u00f6zben a pinc\u00e9r elk\u00e9sz\u00edtette az italt, a sarokban n\u00e9m\u00e1n villog\u00f3 t\u00e9v\u00e9t n\u00e9zte, \u00e9s a polcon \u00e1ll\u00f3 r\u00e1di\u00f3 \u00f6t\u00f3rai h\u00edreit hallgatta. \u201eM\u00e1r megint az a gyilkos!\u201d<\/p>\n\n\n\n<p>\u2014 K\u00edv\u00e1ncsi vagyok, mikor kapj\u00e1k m\u00e1r el \u2014 pr\u00f3b\u00e1lkozott vele besz\u00e9dbe elegyedni a mixer, de \u0151t hat\u00e1rozottan nem \u00e9rdekelte a t\u00e9ma, \u00edgy ink\u00e1bb hallgatott. Az illend\u0151s\u00e9g kedv\u00e9\u00e9rt b\u00f3lintott, \u00e9s az asztala fel\u00e9 pillantott, mert a k\u00e9pet csal\u00f3dotts\u00e1ga ellen\u00e9re sem szerette volna elvesz\u00edteni.<\/p>\n\n\n\n<p>Az asztal mellett egy csinos, fiatal n\u0151 \u00e1llt, \u00e9s tan\u00e1cstalanul n\u00e9zte a m\u0171b\u0151rrel bevont l\u00f3c\u00e1ra rakott holmikat. Felkapta a pohar\u00e1t, \u00e9s vigy\u00e1zva, hogy j\u00f3zannak l\u00e1tsszon az asztalhoz ment.&nbsp;<\/p>\n\n\n\n<p>\u2014 Nyugodtan le\u00fclhet \u2014 sz\u00f3l\u00edtotta meg a n\u0151t.&nbsp;<\/p>\n\n\n\n<p>\u2014 K\u00f6sz\u00f6n\u00f6m \u2014 felelte az kedvesen, \u00e9s a kez\u00e9ben tartott k\u00f6nyvet az asztalra tette, majd a n\u0151kre jellemz\u0151 ut\u00e1nozhatatlan cs\u00edp\u0151mozdulattal helyet foglalt.&nbsp;<\/p>\n\n\n\n<p>\u2014 \u00c9s maga? \u2014 k\u00e9rdezte a t\u00e9tov\u00e1z\u00f3 f\u00e9rfit, \u00e9s csillog\u00f3 szemeivel r\u00e1n\u00e9zett.<\/p>\n\n\n\n<p>\u2014 Nem akarom zavarni \u2014 felelte zavartan, maga sem tudta mi\u00e9rt, hiszen igenis szeretett volna a n\u0151 mell\u00e9 \u00fclni, de valami azt s\u00fagta, hogy ennyivel tartozik az illemnek.&nbsp;<\/p>\n\n\n\n<p>\u2014 Nem zavar.&nbsp;<\/p>\n\n\n\n<p>\u2014 Akkor j\u00f3. Azt hittem tal\u00e1lkoz\u00f3ja van valakivel.<\/p>\n\n\n\n<p>\u2014 Csak egy k\u00e1v\u00e9ra ugrottam be.<\/p>\n\n\n\n<p>\u2014 Val\u00f3ban? \u2014 intett fej\u00e9vel a k\u00f6nyv fel\u00e9.<\/p>\n\n\n\n<p>\u2014 \u00d3, ezt az antikv\u00e1riumban tal\u00e1ltam. Sz\u00e9p aj\u00e1nl\u00e1s van benne, a miatt vettem meg.<\/p>\n\n\n\n<p>\u2014 Megn\u00e9zhetem?<\/p>\n\n\n\n<p>\u2014 Persze \u2014 felelte, \u00e9s odany\u00fajtotta neki a r\u00e9gi, haszn\u00e1lt fedel\u0171 Babits-k\u00f6tetet.<\/p>\n\n\n\n<p>A <em>Babits Mih\u00e1ly \u00f6sszes versei<\/em> alatt egy aj\u00e1nl\u00e1st olvasott:<\/p>\n\n\n\n<p><em>\u201eAdrinak \u2014&nbsp;<\/em><\/p>\n\n\n\n<p><em>szeresse ezt a k\u00f6lt\u0151t, akin\u00e9l alig volt k\u00fcl\u00f6nb a vil\u00e1gon \u2014 embernek se \u2014, s aki n\u00e9lk\u00fcl c\u00e9ltalanul bolyongunk az egyre c\u00e9ltalanabb \u00e9s egyre barb\u00e1rabb \u00e9letben.<\/em><\/p>\n\n\n\n<p><em>Egy cs\u00faf k\u00f6nyvnapon, mikor a k\u00f6nyvet a k\u00f6nny, a m\u0171v\u00e9szt a m\u0171\u2014v\u00e9sz helyettes\u00edtette.<\/em><\/p>\n\n\n\n<p><em>k\u00e9zcs\u00f3kkal<\/em><\/p>\n\n\n\n<p><em>Gabi<\/em><\/p>\n\n\n\n<p><em>1942. V\/2.&nbsp; \u201c<\/em><\/p>\n\n\n\n<p>\u2014 Nagyon sz\u00e9p \u2014 n\u00e9zett a l\u00e1nyra, de a k\u00f6nyvet m\u00e9g nem tette vissza. Az olvasott sz\u00f6veget forgatta a fej\u00e9ben. \u201e\u00c9rdekes, nemr\u00e9g tal\u00e1lkoztam Babits nev\u00e9vel. \u00c9s erre ma ism\u00e9t&#8230;\u201d<\/p>\n\n\n\n<p>\u2014 Az\u00e9rt vettem meg, mert \u00e9n m\u00e1jus m\u00e1sodik\u00e1n sz\u00fclettem \u2014 nevetett a n\u0151.&nbsp;<\/p>\n\n\n\n<p>\u2014 \u00c9rdekes lenne tudni ki is volt Adri \u00e9s Gabi.<\/p>\n\n\n\n<p>\u2014 Tal\u00e1n \u00fajs\u00e1gba lehetne tenni. H\u00e1tha magukra ismernek.<\/p>\n\n\n\n<p>\u2014 Vajon, hogy ker\u00fclt antikv\u00e1riumba? Lehet, hogy m\u00e1r meg is halt ez az Adri \u00e9s az unok\u00e1k adt\u00e1k el.&nbsp;<\/p>\n\n\n\n<p>\u2014 Lehet. Ennek m\u00e1r hatvan \u00e9ve.<\/p>\n\n\n\n<p>\u2014 Ismeri az <em>Egy szomor\u00fa verset<\/em>? \u2014 k\u00e9rdezte a l\u00e1nyt\u00f3l, a sz\u00fclet\u00e9snapj\u00e1ra gondolva.<\/p>\n\n\n\n<p>\u2014 Nem \u2014 felelte a n\u0151 \u00e9s fej\u00e9t bocs\u00e1natk\u00e9r\u0151n oldalra hajtotta.<\/p>\n\n\n\n<p>\u2014 Majd olvassa el \u2014 mondta mintegy biztat\u00e1sk\u00e9nt, \u00e9s megh\u00f6kkenve vette \u00e9szre viselked\u00e9s\u00e9ben az \u00f6reges p\u00e1tosz megjelen\u00e9s\u00e9t.<\/p>\n\n\n\n<p>\u2014 Maga most szomor\u00fa?&nbsp;<\/p>\n\n\n\n<p>\u2014 Nem, nem \u2014 tiltakozott a kellet\u00e9n\u00e9l is gyorsabban.<\/p>\n\n\n\n<p>A pillanatnyi csendben a l\u00e1nyt n\u00e9zte, aki der\u0171sen, csillog\u00f3 szemekkel figyelte \u0151t. Ez valami aj\u00e1nd\u00e9k? \u2014 k\u00e9rdezte v\u00e9g\u00fcl a csomagra mutatva.<\/p>\n\n\n\n<p>\u2014 Igen. Nekem ugyanis ma van a sz\u00fclet\u00e9snapom, \u00e9s ezt kaptam a koll\u00e9g\u00e1kt\u00f3l.&nbsp;<\/p>\n\n\n\n<p>\u2014 Megn\u00e9zhetem?<\/p>\n\n\n\n<p>\u2014 Persze. \u00c1ll\u00edt\u00f3lag j\u00f3 befektet\u00e9s \u2014 mondta, mik\u00f6zben leszedte a csomagol\u00f3pap\u00edrt Juditr\u00f3l.&nbsp;<\/p>\n\n\n\n<p>\u2014 Hiszen ez egy Gentileschi ut\u00e1nzat!&nbsp;<\/p>\n\n\n\n<p>\u2014 Igaz\u00e1n? \u2014 k\u00e9rdezte.<\/p>\n\n\n\n<p>\u2014 Igen, az eredetit Orazio Gentileschi l\u00e1nya festette.<\/p>\n\n\n\n<p>\u201c Sz\u00f3val csak ut\u00e1nzat\u201d.<\/p>\n\n\n\n<p>\u2014 Meglehet\u0151sen v\u00e9rszomjas l\u00e1ny lehetett.<\/p>\n\n\n\n<p>\u2014 Szerette a kegyetlen t\u00e9m\u00e1kat. Nem is csoda, hiszen az \u00e9let maga is kegyetlen.<\/p>\n\n\n\n<p>\u2014 \u00dagy v\u00e9li?<\/p>\n\n\n\n<p>\u2014 Hat\u00e1rozottan. \u2014 felelte a n\u0151 \u00e9s egy pillanatra megkem\u00e9nyedtek a von\u00e1sai. Mintha nem is ugyanaz a kedves l\u00e1ny lett volna, aki p\u00e1r perce mosolyogva le\u00fclt hozz\u00e1.&nbsp; De csak egy pillanatra. A fesz\u00fclts\u00e9g enyh\u00fclt, de komoly maradt. \u2014 \u00c9s nem v\u00e9letlen, hogy Juditot festette meg.<\/p>\n\n\n\n<p>\u2014 Csak nem l\u00e1t valami \u00f6sszef\u00fcgg\u00e9st?<\/p>\n\n\n\n<p>\u2014 De igen. Mind a ketten saj\u00e1t kez\u00fckbe vett\u00e9k a dolgok int\u00e9z\u00e9s\u00e9t.&nbsp;<\/p>\n\n\n\n<p>\u2014 Azt hiszem ez enyhe kifejez\u00e9s erre a terrorista l\u00e1nyra. Lev\u00e1gta Holofernes fej\u00e9t vagy nem?<\/p>\n\n\n\n<p>\u2014 De igen. \u00c9s el\u00e9rte, amit akart. Amit a t\u00f6meg k\u00e9ptelen lett volna.&nbsp; A hal\u00e1l katartikus \u00e9lm\u00e9ny.<\/p>\n\n\n\n<p>\u2014 \u00c9rdekelne, hogy most mire gondol.<\/p>\n\n\n\n<p>\u2014 Arra, hogy a hal\u00e1lnak funkci\u00f3ja van.<\/p>\n\n\n\n<p>\u2014 Valahogy sokat besz\u00e9l\u00fcnk a hal\u00e1lr\u00f3l&#8230;<\/p>\n\n\n\n<p>\u2014 Mi\u00e9rt mir\u0151l besz\u00e9lj\u00fcnk?<\/p>\n\n\n\n<p>Sokatmond\u00f3an a szem\u00e9be n\u00e9zett \u00e9s elmosolyodott.&nbsp;<\/p>\n\n\n\n<p>\u2014 Azt hiszem, tudom mire gondol \u2014 mondta a l\u00e1ny, de a hangj\u00e1ban nem volt elutas\u00edt\u00e1s.<\/p>\n\n\n\n<p>\u2014 Tetszik az \u0151szintes\u00e9ge.<\/p>\n\n\n\n<p>\u2014 Ugyan mire megyek vele? \u2014 k\u00e9rdezte incselkedve.<\/p>\n\n\n\n<p>\u2014 Sohasem lehet tudni \u2014 felelte zavartan.<\/p>\n\n\n\n<p>Csend k\u00f6vetkezett.<\/p>\n\n\n\n<p>\u2014 Nem tudom hova k\u00e9sz\u00fcl, de sz\u00edvesen elk\u00eds\u00e9rn\u00e9m \u2014 k\u00edn\u00e1lkozott fel, \u00e9s csak rem\u00e9lte, hogy a hangja \u00e9ppolyan hat\u00e1rozott, mint szeretn\u00e9.<\/p>\n\n\n\n<p>\u2014 \u00c9ppen haza k\u00e9sz\u00fcltem \u2014 mosolygott a n\u0151. \u2014 Azt hiszem, mehet\u00fcnk \u2014 mondta \u00e9s fel\u00e1llt. Bens\u0151s\u00e9ges, meleg, odaad\u00f3 mozdulattal, az \u00f6sszetartoz\u00e1s kifejez\u00e9s\u00e9vel.<\/p>\n\n\n\n<p>A f\u00e9rfi nem tudta elhinni a szerencs\u00e9j\u00e9t, olyannyira hihetetlennek t\u0171nt, hogy ott bandukolnak a belv\u00e1ros csendes utc\u00e1in, kez\u00e9ben Judit a szerencs\u00e9tlen Holofernesszel, oldal\u00e1n pedig egy sz\u00e9p, k\u00edv\u00e1natos, odaad\u00f3 n\u0151 Babits \u00f6sszes m\u0171veivel. A boldogs\u00e1g m\u00e1mora \u00e9s az elfogyasztott alkohol hat\u00e1s\u00e1ra csak itt-ott jegyzett meg egy jellegzetes utcasarkot, egy-egy rekl\u00e1mt\u00e1bl\u00e1t, s\u0151t a piros l\u00e1mp\u00e1kn\u00e1l is nagyon \u00f6ssze kellett szednie mag\u00e1t, hogy ne siessen. K\u00f6zben \u00f6ssze-vissza karattyolt sz\u00fclet\u00e9snapr\u00f3l, boldogtalans\u00e1gr\u00f3l, mag\u00e1nyr\u00f3l \u00e9s meg nem \u00e9rt\u00e9sr\u0151l.&nbsp;<\/p>\n\n\n\n<p>Csak a n\u0151 lak\u00e1s\u00e1n er\u0151s\u00f6d\u00f6tt benne valamif\u00e9le megfigyel\u00e9si k\u00e9szs\u00e9g. Elemezni pr\u00f3b\u00e1lta a l\u00e1tottakat, a lak\u00e1s apr\u00f3 t\u00e1rgyait, h\u00e1tha el\u00e1rulnak valamit a tulajdonosukr\u00f3l. A f\u00fcrd\u0151szob\u00e1ban bekukkantott a fonott kos\u00e1rba, de csak n\u0151i holmit tal\u00e1lt. Kivett egy fekete bugyit \u00e9s megszagolta. A fogmos\u00f3 poh\u00e1rban ugyan k\u00e9t fogkef\u00e9t tal\u00e1lt, de ezen k\u00edv\u00fcl semmi sem utalt f\u00e9rfi jelenl\u00e9t\u00e9re. Sem borotvahab, sem dezodor, sem arcv\u00edz.<\/p>\n\n\n\n<p>A szob\u00e1ban \u00fajabb \u00fcveg ital v\u00e1rta.<\/p>\n\n\n\n<p>A n\u0151 k\u00f6zben parf\u00fcm\u00f6t cseppentett mag\u00e1ra, ami kimondottan vad\u00edt\u00f3an hatott r\u00e1. Szeretett volna k\u00f6zvetlenebb lenni, a fenek\u00e9re csapni, vagy legal\u00e1bb meg\u00f6lelni de biztat\u00e1sra v\u00e1rt. Nem szeretett lerohanni. Tapasztalatai szerint a n\u0151k t\u00f6bbre \u00e9rt\u00e9kelt\u00e9k a lass\u00fa becserk\u00e9sz\u00e9st.&nbsp;<\/p>\n\n\n\n<p>A n\u0151 kit\u00f6lt\u00f6tt k\u00e9t konyakot, odament hozz\u00e1 \u00e9s v\u00e9gre azt mondta: \u2014Szia!<\/p>\n\n\n\n<p>Nem tudta eld\u00f6nteni, hogy a n\u0151 pillant\u00e1s\u00e1t\u00f3l-e vagy maga a gesztus, a mozdulat hat\u00e1s\u00e1ra, teljesen \u00e9rthetetlen bizalmatlans\u00e1g vett rajta er\u0151t.&nbsp; V\u00e1ratlanul \u00e1thas\u00edtott az agy\u00e1n a felismer\u00e9s, hogy b\u00e1rmennyire is szimpatikusnak tartja mag\u00e1t, az ismerked\u00e9s az\u00e9rt m\u00e9gsem megy ilyen gyorsan. Hiszen csak egy \u00f3r\u00e1ja ismerkedtek meg, \u00e9s a n\u0151 semmik\u00e9ppen sem n\u00e9z ki utcai kurv\u00e1nak, aki csak \u00fagy leakaszt egy f\u00e9rfit a b\u00e1rban. Valahogy \u00fagy \u00e9rezte, mintha a n\u0151nek valami c\u00e9lja lenne vele, csak \u00e9ppen azt nem tudta, hogy mi lehet az.<\/p>\n\n\n\n<p>Ennek ellen\u00e9re hosszan cs\u00f3kol\u00f3ztak, majd vissza\u00fcltek a kisasztalhoz.<\/p>\n\n\n\n<p>\u2014 Mit szeretn\u00e9l? \u2014 k\u00e9rdezte a n\u0151, \u00e9s kez\u00e9t a f\u00e9rfi combj\u00e1ra tette.<\/p>\n\n\n\n<p>\u2014 Mit lehet? \u2014 k\u00e9rdezett vissza.<\/p>\n\n\n\n<p>\u2014 Miut\u00e1n ma van a sz\u00fclet\u00e9snapod, k\u00edv\u00e1nhatsz t\u0151lem valamit \u2014 aj\u00e1nlotta fel a n\u0151, \u00e9s a hangj\u00e1n \u00e9rezni lehetett, hogy komolyan gondolja, amit mond.<\/p>\n\n\n\n<p>\u201eUgyan mit k\u00e9rhetn\u00e9k?\u201d \u2014 villant \u00e1t az agy\u00e1n. \u201eMost, legink\u00e1bb lefek\u00fcdn\u00e9k veled, ami egy\u00e9bk\u00e9nt el\u0151rev\u00e1rhat\u00f3an meg is t\u00f6rt\u00e9nik, ezen k\u00edv\u00fcl semmi okos nem jut az eszembe. B\u00e1r lehet, hogy igazad van, \u00e9s \u00f6tven\u00e9vesen m\u00e1r illene v\u00e1laszolni erre a k\u00e9rd\u00e9sre.\u201d&nbsp;<\/p>\n\n\n\n<p>\u2014 Mindig is szerettem volna lefesteni vagy lef\u00e9nyk\u00e9pezni egy n\u0151t meztelen\u00fcl.&nbsp;<\/p>\n\n\n\n<p>\u2014 M\u00e1rmint ki lenne meztelen? \u2014 incselkedett a n\u0151.&nbsp;<\/p>\n\n\n\n<p>\u2014 Ak\u00e1r mindketten.&nbsp;<\/p>\n\n\n\n<p>Amikor kimondta, hogy szeretn\u00e9 a n\u0151t meztelen\u00fcl lef\u00e9nyk\u00e9pezni, zavarba j\u00f6tt. Egyr\u00e9szt zavarta \u2014 \u00e9s erre az ittass\u00e1ga sem szolg\u00e1lt ments\u00e9gk\u00e9nt \u2014, hogy ilyen egyszer\u0171 k\u00e9rd\u00e9ssel is zavarba lehet hozni, hiszen eddig volt ideje megfogalmazni mi mindent szeretne, vagy szerethetne, \u00e9s k\u00fcl\u00f6nb\u00f6z\u0151 \u201efontosabb\u201d int\u00e9znival\u00f3k lassan a s\u00edr sz\u00e9l\u00e9re jutatt\u00e1k an\u00e9lk\u00fcl, hogy legal\u00e1bb valami szellemes v\u00e1laszt adhatott volna. M\u00e1sr\u00e9szt zavarta az az egy\u00e1ltal\u00e1n nem&nbsp; term\u00e9szetes viselked\u00e9s, amellyel igyekezett mindkett\u0151j\u00fckkel elhitetni, hogy amit k\u00e9r csak tr\u00e9f\u00e1b\u00f3l k\u00e9ri, holott v\u00e9resen komolyan gondolta amit mondott. Az idegen test, idegen l\u00e9lek ir\u00e1nti bizalmatlans\u00e1g, \u00e9s az \u0151szintes\u00e9ghez elengedhetetlen\u00fcl sz\u00fcks\u00e9ges bizalmas egy\u00fcttl\u00e9t hi\u00e1ny\u00e1val pr\u00f3b\u00e1lta magyar\u00e1zni felelet\u00e9t. Ugyanakkor valahogy megal\u00e1z\u00f3nak \u00e9rezte a helyzetet.<\/p>\n\n\n\n<p>A n\u0151, r\u00f6vid hallgat\u00e1s ut\u00e1n, mely alatt csendes el\u00e9gedetts\u00e9ggel n\u00e9zett a f\u00e9rfi szem\u00e9be, beleegyez\u0151en b\u00f3lintott.<\/p>\n\n\n\n<p>\u2014 Rendben van \u2014 felelte, \u00e9s \u00fajra t\u00f6lt\u00f6tt. \u2014 Fest\u00e9kem, az sajnos nincs, de f\u00e9nyk\u00e9pez\u0151g\u00e9pem az van. \u2014 felelte hat\u00e1rozottan.<\/p>\n\n\n\n<p>A f\u00e9rfi nem tudott szabadulni az \u00e9rz\u00e9st\u0151l, hogy b\u00e1rmit l\u00e9p is, b\u00e1rmilyen ir\u00e1nyba, mindig csak a n\u0151 \u00e1ltal el\u0151re meghat\u00e1rozott \u00faton halad.<\/p>\n\n\n\n<p>\u2014 De \u00e9n is k\u00e9rek valamit \u2014 k\u00f6t\u00f6tte ki a n\u0151.&nbsp;<\/p>\n\n\n\n<p>\u2014 Mi legyen az?<\/p>\n\n\n\n<p>\u2014 \u00c9n is le akarlak f\u00e9nyk\u00e9pezni t\u00e9ged!<\/p>\n\n\n\n<p>\u2014 Meztelen\u00fcl? \u2014 h\u00fcledezett.<\/p>\n\n\n\n<p>\u2014 Igen! Mi\u00e9rt ne? S\u0151t!<\/p>\n\n\n\n<p>\u2014 S\u0151t?<\/p>\n\n\n\n<p>\u2014 Azt akarom, hogy \u00e1lljon a farkad! \u2014 \u00e9s hangosan nevetett, amikor megh\u00f6kkent arc\u00e1t l\u00e1tta.&nbsp; \u2014 Ne f\u00e9lj, az arcod nem lesz l\u00e1that\u00f3! Csak a farkadat akarom!<\/p>\n\n\n\n<p>Nem tudta, \u00f6r\u00fclj\u00f6n vagy sz\u00e9gyellje mag\u00e1t. V\u00e9gre k\u00f6rvonalaz\u00f3dni l\u00e1tszott a n\u0151 c\u00e9lja, ugyanakkor teljesen v\u00e1ratlanul \u00e9rte a k\u00e9r\u00e9s.<\/p>\n\n\n\n<p>\u2014 Hiszen csak azt k\u00e9rem,&nbsp; amit te k\u00e9rsz t\u0151lem \u2014 mondta a n\u0151, \u00e9s b\u00e1r hangj\u00e1ban nyoma sem volt r\u00e1besz\u00e9l\u00e9snek, a f\u00e9rfi \u00e9rezte, hogy most d\u0151l el valami&#8230;.<\/p>\n\n\n\n<p>\u2014 Igen, igen \u00e9rtem, &#8230;.\u2014 felelte. Id\u0151re volt sz\u00fcks\u00e9ge, hogy feldolgozza a t\u00f6rt\u00e9nteket.<\/p>\n\n\n\n<p>Most \u0151 t\u00f6lt\u00f6tt, \u00e9s egy hajt\u00e1sra meg is itta a konyakot.<\/p>\n\n\n\n<p>\u2014 Ok\u00e9! \u2014 felelte megj\u00e1tszott magabiztoss\u00e1ggal, \u00e9s vetk\u0151zni kezdett.<\/p>\n\n\n\n<p>A n\u0151 egy polaroid f\u00e9nyk\u00e9pez\u0151g\u00e9pet vett el\u0151, \u00e9s m\u00e9g vetk\u0151z\u00e9s k\u00f6zben lekapta. Mindketten nevettek, \u00e9s ezzel old\u00f3dott a fesz\u00fclts\u00e9g.<\/p>\n\n\n\n<p>Mikor meztelen\u00fcl \u00e1lltak egym\u00e1s mellett, \u00e9s a n\u0151 \u00e1tadta neki a f\u00e9nyk\u00e9pez\u0151g\u00e9pet, akkor \u00e9rezte, mennyire m\u00e1sk\u00e9nt k\u00e9pzelte el az eg\u00e9szet. Mennyivel magabiztosabb volt \u00e1lm\u00e1ban, \u00e9s mennyivel gy\u00e1moltalanabb most, amikor megteheti azt, amire oly r\u00e9g\u00f3ta v\u00e1gyott!<\/p>\n\n\n\n<p>Karjaiba vette a n\u0151t, mert nagyon k\u00edv\u00e1nta, de az gyeng\u00e9den eltolta.<\/p>\n\n\n\n<p>\u2014 Ne feledd, nekem a f\u00fctyk\u00f6s\u00f6d \u00e1llva kell! \u2014 mondta \u00e9s finoman megmarkolta a her\u00e9it. \u2014 El\u0151bb te f\u00e9nyk\u00e9pezz le engem, j\u00f3?&nbsp; Hol akarod?<\/p>\n\n\n\n<p>\u2014 Az \u00e1gyon \u2014 mondta, \u00e9s megpr\u00f3b\u00e1lta felid\u00e9zni az \u00e1lmaiban r\u00e9gen elk\u00e9pzelt poz\u00edci\u00f3kat.<\/p>\n\n\n\n<p>A n\u0151 k\u00e9szs\u00e9gesen p\u00f3zolt, \u00e9s pajz\u00e1n megjegyz\u00e9seket tett a f\u00e9rfiass\u00e1g\u00e1ra, \u00edgy \u0151 maga volt az, aki siettette a f\u00e9nyk\u00e9pez\u00e9st, mivel szerette volna min\u00e9l hamarabb mag\u00e1\u00e9v\u00e1 tenni a n\u0151t.<\/p>\n\n\n\n<p>\u2014 Most \u00e9n j\u00f6v\u00f6k \u2014 mondta ekkor a n\u0151. \u2014 Vedd a kezedbe a k\u00e9pedet, \u00e9s tartsd a fejed el\u00e9&#8230;\u00fagy&#8230;.ne f\u00e9lj, nem fogsz l\u00e1tszani&#8230;.most pedig mutasd a gy\u00f6ny\u00f6r\u0171t&#8230;.m\u00e9g egyszer,&#8230;m\u00e9g v\u00e1rj!<\/p>\n\n\n\n<p>A f\u00e9rfi merev izgalommal tartotta arca el\u0151tt Juditot \u00e9s l\u00e9lekben hitetlen\u00fcl cs\u00f3v\u00e1lta fej\u00e9t a gondolatra, vajon mit sz\u00f3lna b\u00e1rmely ismer\u0151se, ha \u00edgy l\u00e1tn\u00e1, amikor a hegyes t\u0151r a mellkas\u00e1ba hatolt. Ugyanakkor, h\u00edmvessz\u0151je valami meleg k\u00f6zegbe ker\u00fclt, de hogy mi lehetett az, arr\u00f3l fogalma sem volt \u00e9s nem is \u00e9rdekelte. Es\u00e9s k\u00f6zben \u00e9rezte, hogy pillanatokon bel\u00fcl meghal, \u00e9s agy\u00e1ban vill\u00e1mgyorsan v\u00e1ltakoztak a gondolatok. A v\u00e1gyaira gondolt, amiket eg\u00e9sz \u00e9let\u00e9ben nem siker\u00fclt pontosan megfogalmaznia, mik\u00f6zben valami, tal\u00e1n a n\u0151 sz\u00e1ja, sz\u00edv\u00f3 mozg\u00e1ssal ingerelte \u00e1gaskod\u00f3 p\u00e9nisz\u00e9t. Tal\u00e1n tizedm\u00e1sodpercei voltak h\u00e1tra, amikor hatalmas, gejz\u00edrszer\u0171 mag\u00f6ml\u00e9st \u00e9rzett \u00e9s v\u00e9gre tiszt\u00e1n, pontosan l\u00e1tta, mit is akart el\u00e9rni \u00e9let\u00e9ben&#8230;..<\/p>\n\n\n\n<p>K\u00f6zben valahonnan nagyon t\u00e1volr\u00f3l a n\u0151 hangj\u00e1t hallotta, amint azt mondja: \u2014A hal\u00e1l nem csak katartikus \u00e9lm\u00e9ny, a hal\u00e1lnak&nbsp; funkci\u00f3ja&nbsp; van!<\/p>\n\n\n\n<p>Gy\u00f6ny\u00f6r\u0171, vil\u00e1gos k\u00e9p volt, \u00e9s m\u00e9g annyi ideje maradt, hogy sajn\u00e1lja, ami\u00e9rt csak egyszer lehet meghalni.<\/p>\n\n\n\n<p>A n\u0151 els\u0151 dolga az volt, hogy ki\u00f6bl\u00edtse a sz\u00e1j\u00e1t, \u00e9s felszedje a f\u00e9nyk\u00e9peket.&nbsp;<\/p>\n\n\n\n<p>Azt\u00e1n lezuhanyozott.&nbsp;<\/p>\n\n\n\n<p>Mikor kij\u00f6tt a f\u00fcrd\u0151szob\u00e1b\u00f3l, bekapcsolta a t\u00e9v\u00e9t \u00e9s szinte csod\u00e1lkozva n\u00e9zett a f\u00e9rfi test\u00e9re, mintegy szemreh\u00e1ny\u00f3an, hogy m\u00e9g mindig ott van. Zavarta a f\u00e9rfi kimeredt szeme ez\u00e9rt a fej\u00e9re dobta a bugyij\u00e1t. Ezut\u00e1n m\u00e1r csak a f\u00fcle l\u00e1tszott ki, a frissen lev\u00e1gott sz\u0151rsz\u00e1lak hegyes csonkjaival. A sz\u00e9tsz\u00f3rt f\u00e9nyk\u00e9pek k\u00f6z\u00fcl kiv\u00e1lasztott egyet, amelyet a fi\u00f3kban \u0151rz\u00f6tt katal\u00f3gus\u00e1ba tett. A katal\u00f3gus minden egyes f\u00e9nyk\u00e9p\u00e9n egy-egy p\u00e9nisz meredezett&#8230;.<\/p>\n<\/div>\n\n\n\n<p><br><em>Hogya Gy\u00f6rgy<\/em><\/p>\n","protected":false},"excerpt":{"rendered":"<p>Reggel furcsa \u00e9rz\u00e9ssel \u00e9bredt, \u00e9s eltartott egy ideig, m\u00edg rendezte a gondolatatait.&nbsp; Egyed\u00fcl van a lak\u00e1sban, feles\u00e9ge elutazott, fia az egyetemen, \u00e9s \u0151 ma \u00fcnnepli az \u00f6tvenedik sz\u00fclet\u00e9snapj\u00e1t.&nbsp; K\u00e9nyelmesen k\u00e9sz\u00fcl\u0151d\u00f6tt, legsz\u00edvesebben k\u00e9sve ment volna a munk\u00e1ba, s\u0151t mi t\u00f6bb, tal\u00e1n &hellip; <a href=\"https:\/\/opus-folyoirat.sk\/?page_id=4338\">Egy kattint\u00e1s ide a folytat\u00e1shoz&#8230;. <span class=\"meta-nav\">&rarr;<\/span><\/a><\/p>\n","protected":false},"author":4,"featured_media":0,"parent":0,"menu_order":0,"comment_status":"closed","ping_status":"closed","template":"","meta":{"footnotes":""},"class_list":["post-4338","page","type-page","status-publish","hentry"],"_links":{"self":[{"href":"https:\/\/opus-folyoirat.sk\/index.php?rest_route=\/wp\/v2\/pages\/4338","targetHints":{"allow":["GET"]}}],"collection":[{"href":"https:\/\/opus-folyoirat.sk\/index.php?rest_route=\/wp\/v2\/pages"}],"about":[{"href":"https:\/\/opus-folyoirat.sk\/index.php?rest_route=\/wp\/v2\/types\/page"}],"author":[{"embeddable":true,"href":"https:\/\/opus-folyoirat.sk\/index.php?rest_route=\/wp\/v2\/users\/4"}],"replies":[{"embeddable":true,"href":"https:\/\/opus-folyoirat.sk\/index.php?rest_route=%2Fwp%2Fv2%2Fcomments&post=4338"}],"version-history":[{"count":1,"href":"https:\/\/opus-folyoirat.sk\/index.php?rest_route=\/wp\/v2\/pages\/4338\/revisions"}],"predecessor-version":[{"id":4339,"href":"https:\/\/opus-folyoirat.sk\/index.php?rest_route=\/wp\/v2\/pages\/4338\/revisions\/4339"}],"wp:attachment":[{"href":"https:\/\/opus-folyoirat.sk\/index.php?rest_route=%2Fwp%2Fv2%2Fmedia&parent=4338"}],"curies":[{"name":"wp","href":"https:\/\/api.w.org\/{rel}","templated":true}]}}