{"id":4340,"date":"2025-11-30T11:39:00","date_gmt":"2025-11-30T09:39:00","guid":{"rendered":"https:\/\/opus-folyoirat.sk\/?page_id=4340"},"modified":"2026-01-22T11:40:13","modified_gmt":"2026-01-22T09:40:13","slug":"az-ut","status":"publish","type":"page","link":"https:\/\/opus-folyoirat.sk\/?page_id=4340","title":{"rendered":"AZ \u00daT"},"content":{"rendered":"<div class=\"has-text-align-right wp-block-post-date\"><time datetime=\"2025-11-30T11:39:00+02:00\">2025-11-30<\/time><\/div>\n\n\n<div class=\"wp-block-group is-vertical is-layout-flex wp-container-core-group-is-layout-8cf370e7 wp-block-group-is-layout-flex\">\n<p><\/p>\n\n\n\n<p><strong>I. r\u00e9sz. \u2014 A K\u00e9ts\u00e9g.<\/strong><\/p>\n\n\n\n<p>Miel\u0151tt \u00edr\u00e1sra adtam a fejemet, elhat\u00e1roztam, hogy mindaz, amit le\u00edrok, k\u00f6rnyezetemr\u0151l sz\u00f3l majd, amelyet \u2014 \u00fagy v\u00e9lem \u2014 meglehet\u0151en ismerek. Mindamellett, hogy tiszt\u00e1ban vagyok emberi gyarl\u00f3s\u00e1gommal, az egyh\u00e1z dics\u0151s\u00e9g\u00e9re elv\u00e9gzett munk\u00e1m \u00e9s hitem er\u0151t ad, hogy azokhoz sz\u00f3ljak, akik a bizonyoss\u00e1gr\u00f3l szeretn\u00e9nek hallani.<\/p>\n\n\n\n<p>Bemutatkoz\u00e1sk\u00e9nt el kell \u00e1rulnom, hogy sokak \u00e1ltal megvetett, meg\u00e1tkozott \u00e9s rettenetesen f\u00e9lt ember vagyok.&nbsp;<\/p>\n\n\n\n<p>Senki sem ismerheti jobban az emberi hit \u00e9s tagad\u00e1s t\u00f6retlen erej\u00e9t,&nbsp; a megalkuv\u00e1s \u00e9letreval\u00f3s\u00e1g\u00e1t, a k\u00ednz\u00e1sok f\u00e9lelemgerjeszt\u0151, embert \u00e9s lelket pr\u00f3b\u00e1l\u00f3 hat\u00e1s\u00e1t, mint \u00e9n. L\u00e1ttam hatalmas akaraterej\u0171 embereket, akik mosolyogva t\u0171rt\u00e9k a legkem\u00e9nyebb k\u00ednz\u00e1sokat, l\u00e1ttam embereket megt\u00f6rni \u00e9s s\u00edrva al\u00e1zkodni, \u00e9s l\u00e1ttam embereket, akikben a t\u00fal\u00e9l\u00e9si v\u00e1gy, az \u00e9lethez val\u00f3 ragaszkod\u00e1s mindenhez er\u0151t adott. B\u00e1r n\u00e9h\u00e1nyan n\u00e9ha megmenek\u00fcltek, l\u00e9nyeg\u00e9ben megvetettem \u00e9s sajn\u00e1ltam \u0151ket. Minden erej\u00fckkel, k\u00e9pess\u00e9g\u00fckkel, alakoskod\u00e1sukkal, hit\u00fckkel, szervezetts\u00e9g\u00fckkel \u00e9s h\u00e9tk\u00f6znapi filoz\u00f3fi\u00e1jukkal sem ker\u00fcltek k\u00f6zelebb a t\u00e1rsadalom, a k\u00f6r\u00f6tt\u00fck \u00e9s felett\u00fck zajl\u00f3 \u00e9let mozgat\u00f3 er\u0151ihez. Oly sok energi\u00e1t pazaroltak \u201ehit\u00fck\u201d, \u201eigazuk\u201d megv\u00e9d\u00e9s\u00e9re, s oly mesze maradtak az \u00e9let igazi k\u00fcldet\u00e9s\u00e9t\u0151l, hogy \u0151szinte meggy\u0151z\u0151d\u00e9ssel, minden megb\u00e1n\u00e1s n\u00e9lk\u00fcl k\u00fcldhettem \u0151ket a m\u00e1svil\u00e1gra. \u00c1lomvil\u00e1gban \u00e9ltek, amely egyszer\u0171 istenhit\u00fckben vagy istentagad\u00e1sukban mer\u00fclt ki, s mikor meg kellett halniuk, m\u00e9g azt sem \u00e9rtett\u00e9k, mi\u00e9rt hagytam \u0151ket meghalni! N\u00e9ha, a vallat\u00e1sok sor\u00e1n elbesz\u00e9lgettem egy-k\u00e9t \u2014 az \u00e9rtelem cs\u00edr\u00e1j\u00e1t felvillant\u00f3 \u2014 maleficium vagy veneficium v\u00e1dj\u00e1val el\u00e9m ker\u00fclt szerencs\u00e9tlennel, \u00e1m soha, ism\u00e9tlem egyetlen egyszer sem tal\u00e1lkoztam olyan szem\u00e9llyel, akinek ak\u00e1rcsak a legcsek\u00e9lyebb elk\u00e9pzel\u00e9se lett volna arr\u00f3l, amir\u0151l az im\u00e9nt sz\u00f3ltam.<\/p>\n\n\n\n<p>Mindez csak meger\u0151s\u00edtette meggy\u0151z\u0151d\u00e9semet, \u00e9s a vil\u00e1g rendj\u00e9be, cselekedeteim helyess\u00e9g\u00e9be \u00e9s a gondvisel\u00e9sbe vetett hitemet.<\/p>\n\n\n\n<p>Hitemet, amely kikezdhetetlen t\u00e1maszomk\u00e9nt szolg\u00e1lt, hogy m\u00e9g v\u00e9letlen\u00fcl sem ker\u00fcljek a szomsz\u00e9dos \u201eh\u00e1l\u00e1tlan Firenze\u201d ostoba szolg\u00e1l\u00f3inak sors\u00e1ra. Dant\u00e9t sz\u00e1m\u0171zhett\u00e9k, Savonarol\u00e1t felakaszthatt\u00e1k \u00e9s el\u00e9gethett\u00e9k, Machiavellit megk\u00ednozhatt\u00e1k \u00e9s sz\u00e1m\u0171zhett\u00e9k, Guiccardini vagyon\u00e1t elkobozhatt\u00e1k, de velem ezt nem tehetik meg. \u00c9n fels\u0151bb t\u00f6rv\u00e9nyek szerint \u00e9lek,&nbsp;<\/p>\n\n\n\n<p>amelyeket maga a Mindenhat\u00f3 k\u00f6z\u00f6lt velem, s amelyet \u00e1lmunkban, t\u00f6bbedmagunkkal l\u00e1ttunk. Maga a Szentatya biztos\u00edtott r\u00f3la, hogy k\u00f6z\u00f6s \u00e1lmunk kiv\u00e1lts\u00e1gos, megk\u00e9rd\u0151jelezhetetlen \u00e9s egy\u00e9rtelm\u0171! A gyakorlatban ez persze a \u201eBenedicte omnia opera domini domino\u201d-t&nbsp; \u2014 minden alkotm\u00e1nyok az Urat \u00e1ldj\u00e1tok-at \u2014 jelentette.&nbsp;<\/p>\n\n\n\n<p>Ezzel a bizonyoss\u00e1ggal a h\u00e1tam m\u00f6g\u00f6tt, term\u00e9szetes, hogy eleinte m\u00e9g szinte gyerekesen szesz\u00e9lyesen viselkedtem. Nem az igazs\u00e1g keres\u00e9se \u2014 hol voltam m\u00e9g akkor!&nbsp; \u2014, hanem igazam bizony\u00edt\u00e1sa volt a fontos! Meg persze a gy\u0151zelem. \u00dagy v\u00e9ltem, m\u00e9g a hal\u00e1lt v\u00e1laszt\u00f3k is az \u00e9n gy\u0151zelmemet igazolj\u00e1k, hiszen \u00e9letk\u00e9ptelens\u00e9g\u00fck is hitem erej\u00e9t, legy\u0151zhetetlens\u00e9g\u00e9t hirdeti, miut\u00e1n fondorlattal meggy\u0151zni nem tudtak, er\u0151szakkal helyemre nem ker\u00fcltek, \u00e9s \u00e9rvel\u00e9ssel hitemet ki nem kezdt\u00e9k.&nbsp;<\/p>\n\n\n\n<p>Tudom\u00e1sul kellett vennem, hogy nincs ellenfelem! A kort\u00e1rsaim k\u00f6z\u00f6tt nem akadt, aki a vil\u00e1gi \u00e9s egyh\u00e1zi hatalom birtok\u00e1ba juthatott volna ak\u00e1r hite, ak\u00e1r p\u00e9nze vagy kapcsolatai r\u00e9v\u00e9n. A visszah\u00faz\u00f3d\u00f3 elm\u00e9leti emberek, \u00edr\u00f3k, filoz\u00f3fusok csak tanok, t\u00e9telek kiforgat\u00e1s\u00e1ban jeleskedhettek, \u00e9s nem \u00e9rtett\u00e9k, vagy nem akart\u00e1k tudom\u00e1sul venni, hogy doktr\u00edn\u00e1kkal a gyakorlati politikust nem gy\u0151zhetik le!<\/p>\n\n\n\n<p>Ehhez rendk\u00edv\u00fcli m\u0171velts\u00e9gre \u00e9s sziklaszil\u00e1rd hitre van sz\u00fcks\u00e9g, amely ki\u00e1llja a mindennapi \u00e9let megpr\u00f3b\u00e1ltat\u00e1sainak, kompromisszumainak pr\u00f3b\u00e1j\u00e1t is.&nbsp;<\/p>\n\n\n\n<p>Sok-sok haldokl\u00f3t kellett megn\u00e9znem, m\u00edg az intelleto del sacrifizio-t, az \u00e1ldozat \u00e9rz\u00e9ket meg\u00e9rtettem. Ama emberi tulajdons\u00e1got, hogy valami mellett mindv\u00e9gig kitartson an\u00e9lk\u00fcl, hogy tiszt\u00e1ban lenne vele, l\u00e9tezik-e valami, ami miatt \u00e9rdemes meghalni?<\/p>\n\n\n\n<p>Ez persze nem vonatkozott az eretnekek, b\u0171b\u00e1josok, var\u00e1zsl\u00f3k \u00e9s kuruzsl\u00f3k, egysz\u00f3val az emberek megm\u00e9rgez\u0151inek \u2014 intoxicatrices homini \u2014 had\u00e1ra, amelyekkel nap mint nap kapcsolatba ker\u00fcltem.&nbsp;<\/p>\n\n\n\n<p>Amikor ama bizonyos eset t\u00f6rt\u00e9nt, \u00e9ppen egy incantatrix \u2014 var\u00e1zsl\u00f3n\u0151 \u2014 per\u00e9t fejeztem be, \u00e9s nem sokkal J\u00e9zus Krisztus f\u00f6ldi sz\u00fclet\u00e9s\u00e9nek napja el\u0151tt voltunk. A prist\u00e1ldus level\u00e9t megkaptam, \u00e9s a szok\u00e1s szerinti h\u00e1romnapos mag\u00e1basz\u00e1ll\u00e1si id\u0151 ut\u00e1n t\u00fczesvaspr\u00f3b\u00e1t rendeltem el, ann\u00e1l is ink\u00e1bb, mivel a v\u00e1dlottat megtekintettem, \u00e9s saj\u00e1t szememmel gy\u0151z\u0151dhettem meg b\u0171n\u00f6ss\u00e9g\u00e9r\u0151l.&nbsp; Hossz\u00fa \u00e9vek alatt megtanultam, hogy a l\u00e9lek t\u00e1mad\u00e1si fel\u00fclete a szem, s el\u00e9g volt egy pillant\u00e1st vetnem a szem\u00e9be, hogy eld\u00f6ntsem b\u0171n\u00f6ss\u00e9g\u00e9t.&nbsp;<\/p>\n\n\n\n<p>Az isten\u00edt\u00e9letre k\u00e9sz\u00fclt \u00faj vas p\u00fcsp\u00f6k \u00e1ltali meg\u00e1ld\u00e1s\u00e1t k\u00e9sz\u00edtettem el\u0151, mikor egy bar\u00e1t \u00fcgy\u00e9t hozt\u00e1k el\u00e9m, aki teherbe ejtett egy ap\u00e1c\u00e1t.&nbsp;<\/p>\n\n\n\n<p>J\u00f3magam \u2014 akkor m\u00e9g nem \u00e9rtettem mi \u00e1ltal vez\u00e9relve \u2014, egyre izgatottabban v\u00e1rtam az isteni jelre, amely tal\u00e1n v\u00e1laszt adhat a k\u00e9rd\u00e9seimre, s nem nagyon foglalkoztatott egy \u00fajabb cs\u00e9lcsap bar\u00e1t f\u00e9lrel\u00e9p\u00e9se. Mindazon\u00e1ltal tudtam, mit kell tennem, mire v\u00e1r a n\u00e9p, amelynek \u00e1lland\u00f3 \u00e9tv\u00e1gy\u00e1t neh\u00e9z volt kiel\u00e9g\u00edteni. Az ap\u00e1t \u00e9s az ap\u00e1ca vallom\u00e1sa minden k\u00e9ts\u00e9get kiz\u00e1rt, \u00edgy a bar\u00e1tot l\u00e1tatlanban hal\u00e1lra \u00edt\u00e9ltem, az \u00edt\u00e9letet pedig december huszonnegyedik\u00e9n, az \u0151ssz\u00fcl\u0151k n\u00e9vnapj\u00e1n, \u00e9s a halott term\u00e9szet meg\u00fajul\u00e1s\u00e1nak \u00fcnnep\u00e9n v\u00e9gre is hajtott\u00e1k.&nbsp;<\/p>\n\n\n\n<p>Az esettel t\u00f6bbet nem t\u00f6r\u0151dtem.&nbsp;<\/p>\n\n\n\n<p>Az \u00edt\u00e9let milyens\u00e9ge m\u00e1r r\u00e9ges-r\u00e9g nincs \u00f6sszhangban a b\u0171nnel, sokkal ink\u00e1bb a d\u00f6nt\u00e9shoz\u00f3k pillanatnyi \u00e9rdekeivel, s az egyh\u00e1z \u00e9rdeke most a szigor\u00fa p\u00e9ldamutat\u00e1st k\u00edv\u00e1nta meg. Ha t\u00faloztam is n\u00e9ha, az egy\u00e9ni t\u00falz\u00e1s \u00e9pp\u00fagy hozz\u00e1tartozik a t\u00f6rt\u00e9nelem form\u00e1l\u00e1s\u00e1hoz, mint a t\u00f6meg t\u00falz\u00e1sai.&nbsp;<\/p>\n\n\n\n<p>Elsz\u00e1mol\u00e1ssal pedig csak Istennek tartozom.<\/p>\n\n\n\n<p>Micsoda paradox!<\/p>\n\n\n\n<p>Mik\u00f6zben a nagy f\u00f6ldi ellenfelet kerestem, mag\u00e1t Istent h\u00edvtam ki magam ellen!<\/p>\n\n\n\n<p>Eleinte csak sz\u00f3besz\u00e9d form\u00e1j\u00e1ban, majd egyre hangosabban terjedt a h\u00edr, hogy az a bizonyos bar\u00e1t, aki \u00e1ll\u00edt\u00f3lag teherbe ejtett egy ap\u00e1c\u00e1t, n\u0151 volt!<\/p>\n\n\n\n<p>K\u00e9ts\u00e9gbeesett, titkos nyomoz\u00e1sba kezdtem \u00e9s a vallat\u00e1sokn\u00e1l soha nem tapasztalt \u201ealaposs\u00e1ggal\u201d j\u00e1rtam el, m\u00edg eljutottam a k\u00e9t s\u00edr\u00e1s\u00f3hoz, akik eltemett\u00e9k a hal\u00e1lra\u00edt\u00e9ltet.&nbsp; Vallom\u00e1suk egy\u00e9rtelm\u0171v\u00e9 \u00e9s k\u00e9ts\u00e9gbevonhatatlann\u00e1 tette, hogy a kiv\u00e9gzett \u00e9s eltemetett bar\u00e1t tulajdonk\u00e9ppen egy Marian nev\u0171 n\u0151 volt. Az ellene tett vallom\u00e1sok pedig hamisak.<\/p>\n\n\n\n<p>Nem tudtam elhinni ezt a kegyetlen j\u00e1t\u00e9kot. Aggodalmam, hogy maga Isten tesz pr\u00f3b\u00e1ra egyre n\u0151tt. Hogy nem vehettem \u00e9szre! December huszonnegyedike az ortodoxok szerint Szent Eug\u00e9nia napja, aki maga is bar\u00e1t ruh\u00e1ban szolg\u00e1lt! \u00c9s \u00e9n \u00e9pp aznap v\u00e9geztettem ki egy n\u0151t, akit ap\u00e1ca teherbeejt\u00e9s\u00e9vel v\u00e1doltak!&nbsp; Tal\u00e1n a hitetlens\u00e9g szele, mely lelkemet t\u00e9pdesi nem is Istent\u0151l, de mag\u00e1b\u00f3l a poklok m\u00e9ly\u00e9r\u0151l t\u00f6r el\u0151? Mindig is megvetettem a hitetlenked\u0151 embereket, akiknek v\u00e9lem\u00e9nyem szerint sem igazi k\u00e9rd\u00e9seik, sem v\u00e1laszaik nincsenek, \u00e1m a hirtelen r\u00e1m t\u00f6r\u0151 sok k\u00e9rd\u00e9s elviselhetetlennek t\u0171nt a sz\u00e1momra, hiszen mi lehet rosszabb \u00e9s elviselhetetlenebb, mint a t\u00e9nyek s\u00falya alatt t\u00e9ved\u00e9semet bel\u00e1tni? Mi lehet sz\u00f6rny\u0171bb, mint elkezdeni k\u00e9telkedni&#8230;.?<\/p>\n\n\n\n<p><strong>II. r\u00e9sz \u2014 A Bizonyoss\u00e1g.<\/strong><\/p>\n\n\n\n<p>Nincs sz\u00e1momra d\u00fch\u00edt\u0151bb, mint amikor az ostob\u00e1knak igazuk van! Egy\u00e9bk\u00e9nt is sok minden bosszant ezen a vil\u00e1gon.&nbsp; Azt sem szeretem, ha mint \u00fajs\u00e1g\u00edr\u00f3t azzal untatnak, hogy micsoda fantasztikus t\u00f6rt\u00e9netet kell nekem meg\u00edrnom. P\u00e9ld\u00e1ul ennek is a c\u00edme Bizonyoss\u00e1g, holott ink\u00e1bb a k\u00e9telyr\u0151l sz\u00f3l.<\/p>\n\n\n\n<p>J\u00f3 ismer\u0151s\u00f6m keresett meg azzal, hogy szeretn\u00e9, ha meghallgatn\u00e1m. Egy s\u00f6r\u00f6z\u0151ben tal\u00e1lkoztunk, \u00e9s miel\u0151tt belev\u00e1gott volna, s\u00f6rt rendeltem. Mik\u00f6zben felvont szem\u00f6ld\u00f6k\u00f6mmel biztos\u00edtottam a fel\u0151l, hogy figyelek, a t\u00e1voz\u00f3 pinc\u00e9rn\u0151 fenek\u00e9t b\u00e1multam. A sz\u0171k szoknya alatt \u00e1t\u00fct\u00f6tt a kem\u00e9nyen bev\u00e1g\u00f3d\u00f3 keskeny bugyi V-vonala.&nbsp;<\/p>\n\n\n\n<p>\u2014 Egy k\u00e9r\u00e9sem van \u2014 kezdte, \u00e9s valami azt s\u00fagta nekem, hogy olyan \u00fcgyben kell majd \u00e1ldozatot hoznom, ami egy\u00e1ltal\u00e1n nem nevezhet\u0151 kellemesnek.&nbsp;<\/p>\n\n\n\n<p>Miut\u00e1n nem csak hitetlen, de lusta is vagyok, megpr\u00f3b\u00e1ltam h\u00fazni az id\u0151t, hogy \u00e1tgondolhassam a kifog\u00e1saim gazdag lehet\u0151s\u00e9geit.<\/p>\n\n\n\n<p>\u2014 Mir\u0151l van sz\u00f3?<\/p>\n\n\n\n<p>\u2014 Egy nagyon \u00e9rdekes dologr\u00f3l van sz\u00f3 \u2014 fokozta a dolgot.&nbsp;<\/p>\n\n\n\n<p>\u00c1ltal\u00e1ban \u00e9rdekl\u0151d\u00e9ssel figyelem annak a m\u00e9hrajnak az \u00e9let\u00e9t, amelyben ilyen m\u00e9hek d\u00f6ngics\u00e9lnek, mint ez a figura, aki m\u00e9g mindig k\u00e9pes \u201esztorikon\u201d lelkesedni, megkeresni engem, s\u0151t mi t\u00f6bb, minden bizonnyal valami elv\u00e1r\u00e1sa is lesz. Els\u0151sorban, val\u00f3sz\u00edn\u0171leg azt fogja v\u00e1rni, hogy magam is lelkesedjek az\u00e9rt a t\u00f6rt\u00e9net\u00e9rt, amely ugye fantasztikus, m\u00e1sodsorban pedig meg kellene \u00edrnom. Nem tudja \u2014 \u00e9s honnan is tudhatn\u00e1 \u2014, hogy nekem m\u00e1r nem tud \u00fajat mondani, \u00e9s v\u00e9gk\u00e9pp nem olyat, ami\u00e9rt lelkesedni lehet. Az \u00e9n kedvenc t\u00f6rt\u00e9netem ugyanis Szent Marian legend\u00e1ja. Egy kolostorban megv\u00e1doltak egy bar\u00e1tot azzal, hogy teherbe ejtett egy ap\u00e1c\u00e1t. Annak rendje \u00e9s m\u00f3dja szerint ki is v\u00e9gezt\u00e9k, mikor kider\u00fclt, hogy&nbsp; a bar\u00e1t n\u0151 volt! Ennyit err\u0151l. Mi k\u00f6z\u00f6m lehet nekem egy olyan vil\u00e1ghoz, amelyben az \u00f3ta is \u00edgy zajlik a t\u00f6rv\u00e9nykez\u00e9s?&nbsp;<\/p>\n\n\n\n<p>Teh\u00e1t sem az \u00fcrge (b\u00e1r \u0151 tal\u00e1n sejtett valamit), sem Te, olvas\u00f3, nem tudhatj\u00e1tok, hogy nem csak a legend\u00e1val, de mai v\u00e1ltozat\u00e1val is tal\u00e1lkoztam, s ez olyannyira meghat\u00e1rozta az \u00e9letemet, hogy a k\u00e9telked\u00e9s lett a l\u00e9telemem.&nbsp;<\/p>\n\n\n\n<p>\u2014 Mi h\u00e1t az az \u00e9rdekes dolog? \u2014 k\u00e9rdeztem el\u0151z\u00e9kenyen.<\/p>\n\n\n\n<p>\u2014 Nem is tudom, hogy kezdjek hozz\u00e1&#8230;<\/p>\n\n\n\n<p>Ez m\u00e1r szimpatikusabbnak t\u0171nt.&nbsp;<\/p>\n\n\n\n<p>Ha nem tudja, hogy kell elkezdeni, akkor f\u00e9lig m\u00e1r nyert \u00fcgyem van, \u00e9s hamarabb megegyez\u00fcnk abban, hogy ne nyaggasson. De az\u00e9rt adtam neki m\u00e9g egy es\u00e9lyt.&nbsp;<\/p>\n\n\n\n<p>\u2014 Csak b\u00e1tran.&nbsp;<\/p>\n\n\n\n<p>\u2014 Szeretn\u00e9m, ha elmenn\u00e9l egy b\u00e9rh\u00e1zba, \u00e9s ott aludn\u00e1l. &nbsp;<\/p>\n\n\n\n<p>A mondat gyors \u00e9s alattomos volt, mint egy t\u0151rsz\u00far\u00e1s.&nbsp; Szinte v\u00e9dhetetlen. R\u00e1ad\u00e1sul valami s\u00f6t\u00e9t titokzatoss\u00e1g lengte k\u00f6r\u00fcl, amely egyszerre tasz\u00edtott \u00e9s kecsegtetett. Belek\u00f3stoltam a s\u00f6rbe, de nem \u00edzlett igaz\u00e1n.&nbsp;<\/p>\n\n\n\n<p>\u2014 Ugyan mi a francnak? \u2014 j\u00e1tszottam a t\u00e1ntor\u00edthatatlan \u00f3lomkaton\u00e1t.&nbsp;<\/p>\n\n\n\n<p>\u2014 Nem mondhatom el a l\u00e9nyeget&nbsp; \u2014 mondta, mintha valami id\u0151rabl\u00f3, de elker\u00fclhetetlen probl\u00e9m\u00e1t kellene megoldania \u2014, mert \u00e9ppen azt szeretn\u00e9m, ha te magad gy\u0151z\u0151dn\u00e9l meg arr\u00f3l, amit mondani szeretn\u00e9k.<\/p>\n\n\n\n<p>\u2014 \u00c9s ezt csak akkor \u00e9rtem meg, ha abban a bizonyos h\u00e1zban alszom \u2014 tettem hozz\u00e1.&nbsp;<\/p>\n\n\n\n<p>\u2014 \u00cdgy van! \u2014 csillant fel a szeme.&nbsp;<\/p>\n\n\n\n<p>\u2014 Teh\u00e1t meg kell tennem, hogy ezt a besz\u00e9lget\u00e9st folytathassuk \u2014 eg\u00e9sz\u00edtettem ki.&nbsp;<\/p>\n\n\n\n<p>Buzg\u00f3 b\u00f3logatott, ami minden k\u00e9ts\u00e9get kiz\u00e1r\u00f3an azt jelentette, hogy komolyan gondolja, amit mond.&nbsp;<\/p>\n\n\n\n<p>A szoba nem volt olcs\u00f3. Az \u00e9tteremben vacsor\u00e1ztam, majd az est\u00e9t a szob\u00e1n t\u00f6lt\u00f6ttem.<\/p>\n\n\n\n<p>Reggel hajsz\u00e1lpontosan eml\u00e9keztem az \u00e1lmomra \u00e9s nyomaszt\u00f3 \u00e9rz\u00e9ssel mentem a tal\u00e1lkoz\u00f3ra.&nbsp;<\/p>\n\n\n\n<p>\u2014 Ha el\u0151re megmondom, mit fogsz \u00e1lmodni, nem hitted volna el \u2014 fogadott.&nbsp;<\/p>\n\n\n\n<p>M\u00e9g mindig k\u00e9telkedtem.<\/p>\n\n\n\n<p>\u2014 Te tudod, mit \u00e1lmodtam?<\/p>\n\n\n\n<p>\u2014 Igen. Rem\u00e9lem igen \u2014 tette hozz\u00e1.&nbsp; \u2014 Ha akarod, elmes\u00e9lem.&nbsp;<\/p>\n\n\n\n<p>\u2014 V\u00e1gjunk bele.&nbsp;<\/p>\n\n\n\n<p>\u2014 \u00c1lmodban egy f\u00e9rfi \u00e9s egy n\u0151 volt a szob\u00e1ban. Igaz?<\/p>\n\n\n\n<p>\u2014 Igen.<\/p>\n\n\n\n<p>\u2014 Besz\u00e9lgettek, enyelegtek, iszogattak, majd egym\u00e1st f\u00e9nyk\u00e9pezt\u00e9k. Igaz?<\/p>\n\n\n\n<p>\u2014 Igen, de ne k\u00e9rdezd mindig, hogy igaz-e!<\/p>\n\n\n\n<p>\u2014 Azt\u00e1n szeretkeztek.&nbsp;<\/p>\n\n\n\n<p>Meg\u00e1llt \u00e9s ez rosszabb volt mintha megk\u00e9rdezte volna igaz-e.&nbsp;<\/p>\n\n\n\n<p>\u2014 V\u00e9g\u00fcl a n\u0151 lesz\u00farta a f\u00e9rfit!<\/p>\n\n\n\n<p>Halkan felny\u00f6gtem. Nem tal\u00e1ltam szavakat. Ez k\u00e9ptelens\u00e9g!<\/p>\n\n\n\n<p>\u2014 Ugye hihetetlen!? \u2014 lelkendezett. Kezeivel izgatottan gesztikul\u00e1lt, amit\u0151l \u00fagy n\u00e9zett ki, mint aki nekem szor\u00edt, m\u00e9gis olyan \u00e9rz\u00e9sem lett, hogy legy\u0151ztek.&nbsp;<\/p>\n\n\n\n<p>\u2013 Veled is megt\u00f6rt\u00e9nt? \u2014 k\u00e9rdeztem gy\u00e1moltalanul. Hideg cinizmusom\u00a0<\/p>\n\n\n\n<p>elhagyott.&nbsp;<\/p>\n\n\n\n<p>\u2014 Igen \u2014 felelte. \u2014 Ugyanez.<\/p>\n\n\n\n<p>\u2014 V\u00e1rjunk, v\u00e1rjunk! \u2014 hadon\u00e1sztam a kezemmel.<\/p>\n\n\n\n<p>\u201eTudtam\u201d, hogy van magyar\u00e1zat, m\u00e9g ha \u00e9n nem is ismerem. Mindenben k\u00e9telkedni kell! Els\u0151sorban megt\u00f6rt\u00e9nt-e ami megt\u00f6rt\u00e9nt? Megt\u00f6rt\u00e9nhet-e, hogy \u2014 egyel\u0151re ismeretlen hat\u00e1s \u00e1ltal \u2014 k\u00fcl\u00f6nb\u00f6z\u0151 emberek ugyanazt \u00e1lmodj\u00e1k? Mi lehet az a hat\u00e1s? Bizony\u00edthat\u00f3-e? C\u00e1folhat\u00f3-e? El\u0151j\u00f6ttek az \u00e1lombeli n\u0151 meztelen test\u00e9nek tiszt\u00e1n l\u00e1that\u00f3 r\u00e9szletei, sz\u00e9tdob\u00e1lt ruh\u00e1i, s\u0151t m\u00e9g a t\u00e9v\u00e9ben sug\u00e1rzott m\u0171sor k\u00e9pei is. Mindez tagadhatatlan.<\/p>\n\n\n\n<p>B\u00e1r, am\u00edg lehetett elutas\u00edtottam a m\u00e9telyezett korszellem kiszolg\u00e1l\u00e1s\u00e1t cinizmusomban, kompromisszumk\u00e9szs\u00e9gemben \u00e9s a vil\u00e1g b\u0171nei ir\u00e1nti megbocs\u00e1t\u00e1somban m\u00e9giscsak a kor gyermeke maradtam. Hitetlens\u00e9gemet is a k\u00e9nyszer\u0171s\u00e9g dikt\u00e1lta. Miut\u00e1n azonban sok dolgot sem bizony\u00edtani, sem c\u00e1folni nem tudtam, csendes belet\u00f6r\u0151d\u00e9ssel \u00e9s distanci\u00e1val szeml\u00e9ltem a vil\u00e1g dolgait. Passz\u00edv hitetlens\u00e9gemmel azonban \u2014 amely n\u00e9ha ebben a tapintatos t\u00e1volmarad\u00e1sban nyilv\u00e1nult meg \u2014, ebben az esetben semmire sem mentem. A meg\u00e1lmodott \u00e1lom magyar\u00e1zatot k\u00edv\u00e1nt, mi t\u00f6bb, h\u00e1borogva k\u00f6vetelte, hogy foglakozzam vele!<\/p>\n\n\n\n<p>Az \u00e1lombeli f\u00e9rfi el\u00e9gedetten fordult a h\u00e1t\u00e1ra \u00e9s \u00e9rdekes m\u00f3don, abban a pillanatban mintha \u00e9n lettem volna az a f\u00e9rfi, aki ott fekszik, \u00e9s ugyanazt \u00e1lmodja, amit \u00e9n, \u00e9s meg\u00e9rezve a bajt, kinyitotta a szem\u00e9t, csakhogy m\u00e1r k\u00e9s\u0151 volt&#8230; a n\u0151 el\u0151kapta a k\u00e9st \u00e9s sz\u00edven sz\u00farta. A csod\u00e1lkoz\u00e1s, ami a f\u00e9rfi szem\u00e9b\u0151l \u00e1radt, k\u00e9s\u0151bb el\u00e9gedett, megbocs\u00e1t\u00f3 mosollyal merevedett az arc\u00e1ra. A n\u0151 sz\u00e1m\u00e1ra ez elviselhetetlennek t\u0171nt \u00e9s lebiggyesztett als\u00f3 ajakkal a bugyij\u00e1t dobta az arc\u00e1ra, amely csak a f\u00fcl\u00e9b\u0151l ki\u00e1ll\u00f3 \u0151sz\u00fcl\u0151 sz\u0151rsz\u00e1lakat hagyta szabadon.<\/p>\n\n\n\n<p>\u00c9rtetlens\u00e9gembe ugyanakkor s\u00e9rtett bossz\u00fas\u00e1g is vegy\u00fclt, hiszen azt kellett tapasztalnom, hogy \u00e1lmom valaki m\u00e1s sz\u00e1m\u00e1ra is nyitott!&nbsp;<\/p>\n\n\n\n<p>Becsapottnak \u00e9reztem magam. \u00dagy \u00e9reztem, kell\u0151 \u00e9lettechnik\u00e1val rendelkezem ahhoz, hogy kett\u0151s tudatot \u00e9p\u00edtsek ki, amely seg\u00edts\u00e9g\u00e9vel csendesen megh\u00faz\u00f3dhatok a dilett\u00e1ns hatalom szesz\u00e9lyei el\u0151l. A politikailag gyenge korszakok ember\u00e9nek kett\u0151s tudata kompromisszumokat k\u00f6t, ugyanakkor nem adja fel l\u00e9nyegis\u00e9g\u00e9t, bels\u0151 tart\u00e1s\u00e1t, \u00e9s f\u0151leg j\u00f3zan \u00edt\u00e9l\u0151k\u00e9pess\u00e9g\u00e9t! A kett\u0151s tudattal szemben a hatalom teljess\u00e9ggel tehetetlen, hiszen mindig a neki tetsz\u0151t mutatom, ugyanakkor igazi \u00e9nemet \u00e1lland\u00f3an k\u00e9pezem.<\/p>\n\n\n\n<p>Az \u00faj k\u00f6zeg azonban megzavart. Kiszolg\u00e1ltatottnak, felk\u00e9sz\u00fcletlennek t\u0171ntem \u00f6nmagam el\u0151tt, hiszen mi lehet rosszabb, mint ha az embert egy \u00e1lomszer\u0171 dolog fosztja meg a k\u00e9tely f\u00f6l\u00e9nyes biztons\u00e1g\u00e1t\u00f3l&#8230;?<\/p>\n\n\n\n<p><br><em>Hogya Gy\u00f6rgy<\/em><\/p>\n<\/div>\n","protected":false},"excerpt":{"rendered":"<p>I. r\u00e9sz. \u2014 A K\u00e9ts\u00e9g. Miel\u0151tt \u00edr\u00e1sra adtam a fejemet, elhat\u00e1roztam, hogy mindaz, amit le\u00edrok, k\u00f6rnyezetemr\u0151l sz\u00f3l majd, amelyet \u2014 \u00fagy v\u00e9lem \u2014 meglehet\u0151en ismerek. Mindamellett, hogy tiszt\u00e1ban vagyok emberi gyarl\u00f3s\u00e1gommal, az egyh\u00e1z dics\u0151s\u00e9g\u00e9re elv\u00e9gzett munk\u00e1m \u00e9s hitem er\u0151t ad, &hellip; <a href=\"https:\/\/opus-folyoirat.sk\/?page_id=4340\">Egy kattint\u00e1s ide a folytat\u00e1shoz&#8230;. <span class=\"meta-nav\">&rarr;<\/span><\/a><\/p>\n","protected":false},"author":4,"featured_media":0,"parent":0,"menu_order":0,"comment_status":"closed","ping_status":"closed","template":"","meta":{"footnotes":""},"class_list":["post-4340","page","type-page","status-publish","hentry"],"_links":{"self":[{"href":"https:\/\/opus-folyoirat.sk\/index.php?rest_route=\/wp\/v2\/pages\/4340","targetHints":{"allow":["GET"]}}],"collection":[{"href":"https:\/\/opus-folyoirat.sk\/index.php?rest_route=\/wp\/v2\/pages"}],"about":[{"href":"https:\/\/opus-folyoirat.sk\/index.php?rest_route=\/wp\/v2\/types\/page"}],"author":[{"embeddable":true,"href":"https:\/\/opus-folyoirat.sk\/index.php?rest_route=\/wp\/v2\/users\/4"}],"replies":[{"embeddable":true,"href":"https:\/\/opus-folyoirat.sk\/index.php?rest_route=%2Fwp%2Fv2%2Fcomments&post=4340"}],"version-history":[{"count":1,"href":"https:\/\/opus-folyoirat.sk\/index.php?rest_route=\/wp\/v2\/pages\/4340\/revisions"}],"predecessor-version":[{"id":4341,"href":"https:\/\/opus-folyoirat.sk\/index.php?rest_route=\/wp\/v2\/pages\/4340\/revisions\/4341"}],"wp:attachment":[{"href":"https:\/\/opus-folyoirat.sk\/index.php?rest_route=%2Fwp%2Fv2%2Fmedia&parent=4340"}],"curies":[{"name":"wp","href":"https:\/\/api.w.org\/{rel}","templated":true}]}}