{"id":4364,"date":"2025-12-11T12:02:00","date_gmt":"2025-12-11T10:02:00","guid":{"rendered":"https:\/\/opus-folyoirat.sk\/?page_id=4364"},"modified":"2026-01-22T12:04:45","modified_gmt":"2026-01-22T10:04:45","slug":"hitetlen-es-hiteltelen","status":"publish","type":"page","link":"https:\/\/opus-folyoirat.sk\/?page_id=4364","title":{"rendered":"Hitetlen \u00e9s hiteltelen"},"content":{"rendered":"<div class=\"wp-block-post-date\"><time datetime=\"2025-12-11T12:02:00+02:00\">2025-12-11<\/time><\/div>\n\n\n<div class=\"wp-block-group is-vertical is-layout-flex wp-container-core-group-is-layout-8cf370e7 wp-block-group-is-layout-flex\">\n<p class=\"has-text-align-left\">\u201cA hal\u00e1lt, amivel<br>ad\u00f3som maradt\u00e1l,<br>kihordom<br>\u00e9n.\u201d<br>(Celan)<\/p>\n<\/div>\n\n\n\n<div class=\"wp-block-group is-vertical is-layout-flex wp-container-core-group-is-layout-8cf370e7 wp-block-group-is-layout-flex\">\n<p><em>A citrommag<\/em><\/p>\n\n\n\n<p>A k\u00e9s halk pukkan\u00e1ssal k\u00eds\u00e9rve szelte \u00e1t a citrom h\u00e9j\u00e1t, v\u00e9gighaladt a rostok k\u00f6z\u00f6tt, k\u00f6zben savany\u00fa l\u00e9 fr\u00f6csk\u00f6lt el\u0151 a v\u00e1g\u00e1sb\u00f3l, majd koppan\u00e1s jelezte a v\u00e1g\u00f3deszk\u00e1n, hogy csukl\u00f3ban lefel\u00e9 kell mozd\u00edtani az imm\u00e1r csepeg\u0151 peng\u00e9t. A gy\u00fcm\u00f6lcs\u00f6t m\u00e9gsem siker\u00fcl t\u00f6k\u00e9letesen kett\u00e9szelni, a t\u00e9p\u00e9st\u0151l rec\u00e9s maradt az als\u00f3 szeg\u00e9lye.<\/p>\n\n\n\n<p>K\u00f6z\u00e9pen viszont k\u00e9t egyenl\u0151 r\u00e9szre v\u00e1gott citrommag t\u0171nt el\u0151.<\/p>\n\n\n\n<p>Egyetlen, kett\u00e9szelt citrommag.<\/p>\n\n\n\n<p>Esz\u00e9be jutott a pillanat, \u00e9s arra gondolt, tal\u00e1n \u00e9ppen par\u00e1nyis\u00e1ga tudata v\u00e1ltja ki benne a megvil\u00e1gosod\u00e1s ig\u00e9ny\u00e9t. Mennyivel tehetetlenebbnek \u00e9rzi mag\u00e1t a rengeteggel, a sokkal, a felfoghatatlannal szemben! \u00dagy t\u0171nik, hamarabb \u00f6sszhangba ker\u00fcl a villan\u00e1ssal, az elemivel, minthogy kib\u00e9k\u00fclj\u00f6n az \u00e9rthetetlen vil\u00e1g el\u0151tti f\u0151hajt\u00e1ssal. S\u0151t mi t\u00f6bb, b\u00e1r k\u00e9pzelet\u00e9ben a citrommag term\u00e9szetesen eg\u00e9sz maradt s k\u00f6rnyezete sem v\u00e1ltozott, az eg\u00e9sz jelenet teljesen hiteltelennek t\u0171nt el\u0151tte.<\/p>\n\n\n\n<p>Mint az \u00e9lete.<\/p>\n\n\n\n<p>A V\u00e1ltoz\u00e1st \u00edgy sem tudta utol\u00e9rni, s a L\u00e9nyeg el\u00e9rhetetlens\u00e9g\u00e9t is igyekezett \u00fagy kezelni, mik\u00e9nt az \u00f6sszes hazugs\u00e1got, amely k\u00f6r\u00fclvette; puszt\u00e1n j\u00f6v\u0151beni kivet\u00edt\u00e9sei \u00e9rdekelt\u00e9k \u00e9s izgatt\u00e1k.<\/p>\n\n\n\n<p>N\u00e9ha \u00e9ppen ezt a f\u00e1jdalmat szerette a legjobban, amely k\u00e9ptelen volt lesz\u00e1molni a Hittel.<\/p>\n<\/div>\n\n\n\n<div class=\"wp-block-group is-vertical is-layout-flex wp-container-core-group-is-layout-8cf370e7 wp-block-group-is-layout-flex\">\n<p><br><em>A t\u00e1bl\u00e1k<\/em><\/p>\n\n\n\n<p>Arra gondolt, tal\u00e1n jelz\u0151t\u00e1bl\u00e1kat kellene kiraknia, hogy tudj\u00e1k, merre is halad \u00edr\u00e1s k\u00f6zben. Azt\u00e1n m\u00e1sk\u00e9nt d\u00f6nt\u00f6tt. Az \u00edr\u00e1st saj\u00e1t b\u00f3d\u00edt\u00f3 hangulatait\u00f3l kell \u00f3vnia&#8230;<\/p>\n\n\n\n<p>\u00c1lland\u00f3an abban a t\u00e9vhitben \u00e9lt, hogy megszabadulhat \u00f6nmag\u00e1t\u00f3l.<\/p>\n<\/div>\n\n\n\n<div class=\"wp-block-group is-vertical is-layout-flex wp-container-core-group-is-layout-8cf370e7 wp-block-group-is-layout-flex\">\n<p><br><em>A spekulat\u00edv<\/em><\/p>\n\n\n\n<p>\u201cFelejtsd el a szinapszisokat&#8230; a hippocampust \u00e9s az idegeket&#8230; \u00e9s k\u00e9sz\u00fclj fel a V\u00e1ltoz\u00e1sra. T\u00e9vedsz, ha azt hiszed, hogy l\u00e1tod a c\u00e9lt, \u00e9s ez el\u00e9g neked a bizonyoss\u00e1ghoz. Elismerem, a mi vil\u00e1gunkban te vagy az \u00e9let hordoz\u00f3ja, te adsz \u00e9rtelmet a mozg\u00e1snak, te vagy a Lehet\u0151s\u00e9g, s amikor az istenn\u0151 finom ujjaival megmozgatja herezacsk\u00f3nyi vil\u00e1gunkat, s te milli\u00f3 t\u00e1rsaddal egy\u00fctt szinte parancssz\u00f3ra kelsz \u00fatra, farkcs\u00f3v\u00e1lva, vadul sz\u00e1guldva, az h\u00edv\u00e9n, feltart\u00f3ztathatatlanul c\u00e9lhoz jutsz, s zavaros fut\u00e1sod k\u00f6zben nem veszed \u00e9szre a meleg s\u00f6t\u00e9t kis\u00fcl\u00e9seinek halv\u00e1nylila f\u00e9nyeit sem, az egyre er\u0151s\u00f6d\u0151 \u00e9s gyorsul\u00f3 dobban\u00e1sok \u00fctem\u00e9t, egyszer csak v\u00e1ratlanul ott \u00e1llsz az \u00e9let v\u00e1laszt\u00e1s\u00e1nak lehet\u0151s\u00e9ge el\u0151tt, s r\u00e1j\u00f6ssz, hogy mindenek alapja, az all\u00e9l g\u00e9nek \u0151si kett\u0151ss\u00e9ge el\u0151tt tehetetlenkedsz&#8230;<\/p>\n\n\n\n<p>A helyzet, a V\u00e1gy, amely \u00f6szt\u00f6k\u00e9l, tal\u00e1n majd megsejttet veled valamit a multiplex all\u00e9li\u00e1s \u00e1llapotokr\u00f3l, de az \u00fatr\u00f3l \u2014 melyr\u0151l azt hiszed, vezet valahov\u00e1 \u2014 semmit sem tudsz meg&#8230; hidd el nekem&#8230; az \u00fat sokkal hosszabb, s neked csak arra j\u00f3, hogy elindulj rajta&#8230;\u201d<\/p>\n<\/div>\n\n\n\n<div class=\"wp-block-group is-vertical is-layout-flex wp-container-core-group-is-layout-8cf370e7 wp-block-group-is-layout-flex\">\n<p><br><em>A harmadik szem<\/em><\/p>\n\n\n\n<p>D\u00e9lut\u00e1n \u00e9rkezett a szeg\u00e9nynegyedhez. Alacsony, f\u00f6ldszintes v\u00e1lyogh\u00e1zak sorakoztak az alacsony ker\u00edt\u00e9sekkel szeg\u00e9lyezett udvarokon. A falgyommal ben\u0151tt h\u00e1zfalak mellett fut\u00f3r\u00f3zs\u00e1k h\u00faz\u00f3dtak, alattuk szem\u00e9tdomb b\u00fcd\u00f6s\u00f6d\u00f6tt. Egy talicsk\u00e1ban, a magasra rakott szem\u00e9ten patk\u00e1ny szagl\u00e1szott.<\/p>\n\n\n\n<p>Az els\u0151 h\u00e1zban, a konyh\u00e1ban unatkoz\u00f3 k\u00e9t n\u0151 lelkesen fogadta a kis j\u00f6vev\u00e9nyt, aki az iskolai pap\u00edrgy\u0171jt\u0151 versenyhez keresett r\u00e9gi \u00fajs\u00e1gokat.<\/p>\n\n\n\n<p>Megr\u00e1zt\u00e1k s\u0171r\u0171 fekete hajukat, r\u00e1villantott\u00e1k villog\u00f3 fogsorukat, \u00e9s el\u00e9libbentek. Zavartan, szemles\u00fctve v\u00e1laszolt a k\u00e9rd\u00e9sekre.<\/p>\n\n\n\n<p>\u2014 \u00c9s hogy h\u00edvnak? \u2014 k\u00e9rdezt\u00e9k mosolyogva.<\/p>\n\n\n\n<p>\u2014 Tam\u00e1snak.<\/p>\n\n\n\n<p>\u2014 De milyen Tam\u00e1snak? \u2014 k\u00e9rdezt\u00e9k egyszerre.<\/p>\n\n\n\n<p>\u2014 God\u00f3nak.<\/p>\n\n\n\n<p>Ezen nevettek.<\/p>\n\n\n\n<p>\u2014 Nah\u00e1t! Micsoda fura n\u00e9v. God\u00f3! \u2014 \u00e9s nekil\u00e1ttak r\u00e9gi \u00fajs\u00e1gokat el\u0151szedni a kr\u00e9msz\u00edn\u0171 konyhakredenc als\u00f3 fi\u00f3kjaib\u00f3l. A hajlong\u00e1st\u00f3l felszabadult n\u0151i illatokba dohos pap\u00edrszag keveredett, az ajt\u00f3k nyitogat\u00e1s\u00e1t\u00f3l megcs\u00f6rrentek a polcokon a mindenf\u00e9l\u00e9kkel megrakott krist\u00e1lypoharak, \u00e9s a hever\u0151 feletti kakukkos \u00f3ra is megsz\u00f3lalt, jelezve, hogy m\u00e1r f\u00e9l h\u00e1rom van.<\/p>\n\n\n\n<p>\u2014 Istenem, m\u00e1r f\u00e9l h\u00e1rom van! \u2014 s\u00f3hajtottak fel, mintha valami az esz\u00fckbe jutott volna, \u00e9s izgatottan tov\u00e1bb keresg\u00e9ltek. Az \u00f6sszegy\u0171lt csomagot, melynek tetej\u00e9re egy Tolnai Vil\u00e1glapja ker\u00fclt, v\u00e9kony sp\u00e1rg\u00e1val k\u00f6t\u00f6tt\u00e9k \u00f6ssze, hogy k\u00f6nnyebben vihesse, \u00e1m az ajt\u00f3n\u00e1l el\u00e1llt\u00e1k az \u00fatj\u00e1t. Egyik\u00fck a bels\u0151 \u00fcvegezett ajt\u00f3 kilincs\u00e9re tette a kez\u00e9t, \u00e9s lehajolt hozz\u00e1 \u00fagy, hogy a ruha kiv\u00e1g\u00e1s\u00e1ban dagadoz\u00f3 mellei a kisfi\u00fa fejmagass\u00e1g\u00e1ba ker\u00fcltek.<\/p>\n\n\n\n<p>\u2014 Figyelj csak, Tomi! Akarsz egy kis p\u00e9nzt?<\/p>\n\n\n\n<p>A h\u00edzelked\u0151 hanghoz a v\u00e9kony, lakkozott k\u00f6rm\u00f6k k\u00f6z\u00f6tt zizeg\u0151 k\u00e9k pap\u00edrp\u00e9nz z\u00f6rg\u00e9se j\u00e1rult. Tomi les\u00fct\u00f6tte a szem\u00e9t, a kez\u00e9ben szorongatott csomag zsinege v\u00e1gta a tenyer\u00e9t. V\u00e1ltoztatott a fog\u00e1son, de feln\u00e9zni nem mert. A m\u00e1sik n\u0151 is lehajolt hozz\u00e1, j\u00f3l \u00e9rezte a h\u00f3na al\u00f3l kip\u00e1rolg\u00f3 izzadts\u00e1got.<\/p>\n\n\n\n<p>\u2014 Nem mutatod meg nek\u00fcnk? \u2014 k\u00e9rdezte mosolyogva.<\/p>\n\n\n\n<p>D\u00f6bbenten n\u00e9zett r\u00e1juk. Szem\u00fckben v\u00e1gy par\u00e1zslott.<\/p>\n\n\n\n<p>\u2014 H\u00e1t a f\u00fctyidet! Nevettek egyszerre, \u00e9s persze a kilincset nem engedt\u00e9k el.<\/p>\n\n\n\n<p>\u2014 M\u00e1r biztosan sz\u00e9p nagy van neki \u2014 mondta az els\u0151, \u00e9s megsimogatta az arc\u00e1t.<\/p>\n\n\n\n<p>\u2014 Tal\u00e1n m\u00e1r sz\u0151r\u00f6s is \u2014 n\u00e9ztek \u00f6ssze, \u00e9s megint nevettek.<\/p>\n\n\n\n<p>Elv\u00f6r\u00f6s\u00f6dve szor\u00edtotta \u00f6ssze fogait, \u00e9s belekapaszkodott a kilincsbe, m\u00e9g azon az \u00e1ron is, hogy keze hozz\u00e1\u00e9rt a n\u0151 kez\u00e9hez. Izzadni kezdett, \u00e9s a homloka k\u00f6zep\u00e9n enyhe bizserg\u00e9s gerjedt. Legy\u0151zhetetlen akad\u00e1lyt \u00e9rzett maga el\u0151tt.<\/p>\n\n\n\n<p>H\u00e1t nem kell a p\u00e9nz? \u2014 k\u00e9rdezt\u00e9k, \u00e9s \u0151 nemet intett. Homloka el\u0151tt v\u00e9kony, hegyes ac\u00e9lt\u0171 lebegett, egy pillanatra \u00e1thatolt a b\u0151r\u00f6n \u00e9s homlokcsonton, majd f\u00e1jdalmas \u00e9rz\u00e9st hagyva maga m\u00f6g\u00f6tt elt\u0171nt. A sajg\u00e1s \u00e1tterjedt a szem\u00f6ld\u00f6kre \u00e9s befel\u00e9 a csont m\u00f6g\u00e9, l\u00e1t\u00e1sa eltompult, \u00e1m egy m\u00e1sik, tiszt\u00e1bb k\u00e9p jelent meg a \u201charmadik szem\u201d el\u0151tt, \u00e9lesen, mindent \u00e1tfog\u00f3an vil\u00e1g\u00edtva&nbsp; meg minden egyes r\u00e9szletet, \u00e9rz\u00e9keltetve a jelenet perverzit\u00e1s\u00e1t, amint leh\u00fazza r\u00f6vid t\u00e9rdnadr\u00e1gj\u00e1t, \u00e9s a k\u00e9t kuncog\u00f3 n\u0151 el\u00e9 t\u00e1rja satnya kis \u201cf\u00e9rfiass\u00e1g\u00e1t\u201d, majd a k\u00e9k pap\u00edrp\u00e9nz, amelyet olyan j\u00f3l el lehet k\u00f6lteni&#8230; tal\u00e1n oda sem adn\u00e1k neki&#8230; Meg\u00e9rteni a k\u00e9pet egyetlen pillanatig tartott.<\/p>\n\n\n\n<p>Er\u0151sen a n\u0151 szem\u00e9be n\u00e9zett.<\/p>\n\n\n\n<p>\u2014 Majd m\u00e1skor \u2014 felelte, \u00e9s megr\u00e1ntotta a kilincset.<\/p>\n\n\n\n<p>\u2014 Na j\u00f3l van, te kis buta \u2014 simogatt\u00e1k meg a fej\u00e9t, \u00e9s \u00f6sszeborzolt\u00e1k a haj\u00e1t. V\u00e9gre elengedt\u00e9k a kilincset.<\/p>\n\n\n\n<p>\u2014 \u00c9s ne felejtsd el, hogy v\u00e1runk! \u2014 ki\u00e1ltott\u00e1k ut\u00e1na, \u00e9s nevet\u00e9s\u00fck mintha egy s\u00f6t\u00e9t barlangb\u00f3l t\u00f6rt volna ut\u00e1na.<\/p>\n\n\n\n<p>Az udvarra \u00e9rve hirtelen \u00e9les csattan\u00e1st \u00e9s sik\u00edt\u00e1st hallott.<\/p>\n\n\n\n<p>A szem\u00e9thalom tetej\u00e9n szagl\u00e1sz\u00f3 patk\u00e1ny hatalmasat ugrott a leveg\u0151be, \u00e9s d\u00f6gl\u00f6tten ter\u00fclt el a f\u00f6ld\u00f6n. Valahonnan a bokrok k\u00f6z\u00fcl egy lesipusk\u00e1s vad\u00e1szott r\u00e1.<\/p>\n\n\n\n<p>A nagy forr\u00f3s\u00e1gban semmi sem mozdult.<\/p>\n<\/div>\n\n\n\n<div class=\"wp-block-group is-vertical is-layout-flex wp-container-core-group-is-layout-8cf370e7 wp-block-group-is-layout-flex\">\n<p><br><em>A sz\u00fcl\u0151kr\u0151l<\/em><\/p>\n\n\n\n<p>Kint csavargott a mez\u0151n, nyulakat \u00e9s f\u00fcrjcsal\u00e1dot riasztva maga el\u0151tt, majd lepisilte a poros utat szeg\u00e9lyez\u0151 ny\u00e1rf\u00e1k egyik\u00e9t. Jobbra az egyik dombon embereket vett \u00e9szre \u00e9s egy piros szem\u00e9lyg\u00e9pkocsit, amelynek ajt\u00f3it t\u00e1rva-nyitva hagyt\u00e1k, val\u00f3sz\u00edn\u0171leg a nagy meleg miatt. K\u00edv\u00e1ncsian ment k\u00f6zelebb, s lepillantva a domb tetej\u00e9n \u00e1sott m\u00e9ly g\u00f6d\u00f6rbe izzad\u00f3 f\u00e9rfiakat vett \u00e9szre, amint k\u00fcl\u00f6nb\u00f6z\u0151 szintekr\u0151l lap\u00e1tolt\u00e1k a f\u00f6ldet. A g\u00f6d\u00f6r sz\u00e9l\u00e9n egy szalmakalapos \u00f6regember \u00fcld\u00f6g\u00e9lt, l\u00e1bain\u00e1l sz\u00fcrke csontok hevertek gondosan sorba rakva. A hivatalos nyelven besz\u00e9lgettek, de az\u00e9rt meg\u00e9rtett bel\u0151le valamit. T\u00f6bbek k\u00f6z\u00f6tt a sz\u00fcleir\u0151l k\u00e9rdezgett\u00e9k. Kedvesek voltak hozz\u00e1, b\u00e1r furcsa volt, hogy nincs k\u00f6z\u00f6tt\u00fck n\u0151.<\/p>\n\n\n\n<p>Mik\u00f6zben a g\u00f6d\u00f6r fal\u00e1n a r\u00e9gi korokat jelz\u0151 r\u00e9tegeket szeml\u00e9lte, arra gondolt, milyen rettenetes elv\u00e1r\u00e1s megosztania szeretet\u00e9t apja \u00e9s anyja k\u00f6z\u00f6tt.<\/p>\n\n\n\n<p>\u00c9s megborzongott a gondolatra&#8230;<\/p>\n<\/div>\n\n\n\n<div class=\"wp-block-group is-vertical is-layout-flex wp-container-core-group-is-layout-8cf370e7 wp-block-group-is-layout-flex\">\n<p><br><em>Kantot olvasva<\/em><\/p>\n\n\n\n<p>Az \u00e9let\u00e9t egy hossz\u00fa, kivil\u00e1g\u00edtott folyos\u00f3ban t\u00f6lt\u00f6tte el, melynek k\u00e9t oldal\u00e1n mindig akadt elint\u00e9znival\u00f3ja, \u0151 sietve ugr\u00e1lt egyik oldalr\u00f3l a m\u00e1sikra, hogy min\u00e9l r\u00f6videbb id\u0151 alatt min\u00e9l t\u00f6bbet int\u00e9zhessen el, s k\u00f6zben elk\u00e9peszt\u0151en lassan haladt el\u0151re. \u00cdgy azt\u00e1n bizonyos ajt\u00f3kat ki sem nyitott.<\/p>\n\n\n\n<p>De az\u00e9rt mindig k\u00e9t szeret\u0151je volt. \u00dagy magyar\u00e1zta, hogy \u201et\u00f6k\u00e9letesebb kiteljesed\u00e9se\u201d \u00e9rdek\u00e9ben, \u00e1m amikor v\u00e9gre egyszerre fek\u00fcdt le vel\u00fck, r\u00e1j\u00f6tt, hogy fogalmuk sincs, mit v\u00e1r t\u0151l\u00fck, s t\u00f6bb\u00e9 nem is k\u00edv\u00e1nta, hogy h\u00e1rmasban szerelmeskedjenek. Egyik nap, ha \u00e9ppen Kantot, Montaigne-t vagy \u00e9ppen Spinoz\u00e1t olvasott, \u00e9jjel a cig\u00e1nyl\u00e1nnyal ment el, \u00e9s jellegzetesen er\u0151s l\u00e1bk\u00f6zi illatt\u00f3l k\u00f6r\u00fclv\u00e9ve magyar\u00e1zta a szubjekt\u00edv \u00f6sszetev\u0151kt\u0151l f\u00fcgg\u0151 k\u00fcl\u00f6nbs\u00e9get v\u00e9leked\u00e9s, hiv\u00e9s \u00e9s tud\u00e1s k\u00f6z\u00f6tt, m\u00e1skor meg a sz\u0151k\u00e9vel ment moziba, s mik\u00f6zben g\u00e1tl\u00e1stalanul cs\u00f3kol\u00f3dztak \u00e9s szerelmeskedtek az utols\u00f3 sorban, s kor\u00e1bbi szeret\u0151ikr\u0151l besz\u00e9lgettek, \u0151 a hiteltelen \u00e9letr\u0151l tartott el\u0151ad\u00e1st. A hit sz\u00e1m\u00e1ra csak szubjekt\u00edv lehetett, s amint k\u00f6z\u00f6ss\u00e9gi lett, egyb\u0151l gyan\u00fass\u00e1 v\u00e1lt. A hitetlen viszont a k\u00f6z\u00f6ss\u00e9gi hit nem-v\u00e1llal\u00e1s\u00e1t jelenti, s mint ilyen, azonos a szubjektivit\u00e1ssal.<\/p>\n\n\n\n<p>\u00c9rdekes m\u00f3don volt perverz \u00e9let\u00e9nek ez a korszaka. Mint amikor idegen t\u00e1rsas\u00e1gba cs\u00f6ppenve hirtelen nyelvet kell v\u00e1ltania.<\/p>\n<\/div>\n\n\n\n<div class=\"wp-block-group is-vertical is-layout-flex wp-container-core-group-is-layout-8cf370e7 wp-block-group-is-layout-flex\">\n<p><br><em>A Fal el\u0151tt<\/em><\/p>\n\n\n\n<p>Hirtelen magasodott el\u0151tte. M\u00e9g nem tudta, hogy a V\u00e1gy Zsenialit\u00e1sa lappang m\u00f6g\u00f6tte, csak \u00e9rzett valamit, ami ellentmond\u00e1st nem t\u0171r\u0151en arra \u00f6szt\u00f6n\u00f6zte, hogy tov\u00e1bbl\u00e9pjen&#8230;<\/p>\n\n\n\n<p>M\u00e1r harmadik \u00e9jszaka \u00fclt mozdulatlanul, r\u00f3zs\u00e1kkal k\u00f6r\u00fclv\u00e9ve a fal el\u0151tt, s amit eleinte vezekl\u00e9snek sz\u00e1nt, k\u00f6zben k\u00f6z\u00f6mb\u00f6ss\u00e9gg\u00e9 v\u00e1ltozott. V\u00e9g\u00fcl f\u00e1radts\u00e1gg\u00e1. Harmadik \u00e9jjel eld\u0151lt az \u00f6sszerakott furn\u00e9rlemezeken. Keze lel\u00f3gott a betonra, de nem t\u00f6r\u0151d\u00f6tt vele, \u00e9s \u00e1lomtalan alv\u00e1sba mer\u00fclt. \u00c9les f\u00e1jdalom t\u00e9r\u00edtette mag\u00e1hoz, \u00e9s az els\u0151 pillanatban nem is \u00e9rtette, mi t\u00f6rt\u00e9nik vele.&nbsp; Morbus sacer? \u2014 villant \u00e1t az agy\u00e1n, hiszen r\u00e9gen \u00e9rezte mag\u00e1ban, \u00e1m f\u00f6ld\u00f6n hever\u0151 kez\u00e9nek kisujj\u00e1ba egy patk\u00e1ny akaszkodott valahol a m\u00e1sodik ujjperec t\u00e1j\u00e9k\u00e1n, apr\u00f3 gonosz szemeivel szemtelen\u00fcl b\u00e1multa \u0151t, mik\u00f6zben hegyes fogai elsz\u00e1ntan eg\u00e9szen a csontig hatoltak.<\/p>\n\n\n\n<p>Rettenetesen f\u00e9lt, arra gondolt, valami betegs\u00e9get kaphat, tal\u00e1n veszetts\u00e9get. Egy fadarabbal csapta agyon az \u00e1llatot, \u00e9s elsz\u00e9gyellte mag\u00e1t.<\/p>\n\n\n\n<p>A kopott v\u00f6r\u00f6skeresztes l\u00e1d\u00e1ban g\u00e9z, hidrog\u00e9n \u00e9s sz\u00e9ntabletta volt. Az izgalomt\u00f3l remeg\u0151 fejjel n\u00e9zte csonka ujj\u00e1t, \u00e9s mik\u00f6zben bek\u00f6t\u00f6zte kez\u00e9t, magyar\u00e1zatra v\u00e1rt.<\/p>\n\n\n\n<p>Ide vezet h\u00e1t a mag\u00e1ny?<\/p>\n\n\n\n<p>Ilyen k\u00f6nny\u0171 becsapni a vil\u00e1got?<\/p>\n\n\n\n<p>Mundus vult decipi ergo decipiatur?<\/p>\n\n\n\n<p>Az \u00e9nekes utols\u00f3 ejt\u0151erny\u0151s ugr\u00e1sa jutott esz\u00e9be \u00e9s az, hogy a hi\u00e1ny valaminek a kezdet\u00e9t jelenti.<\/p>\n\n\n\n<p>R\u00e1 kellett j\u00f6nnie, hogy ez az abuli\u00e1s \u00e1llapot megal\u00e1z\u00f3 sz\u00e1m\u00e1ra; s legy\u0151zet\u00e9se a Helyzet Kiismerhetetlens\u00e9g\u00e9t\u0151l szint\u00e9n. Ez rettenetes volt.<\/p>\n\n\n\n<p>A Hit kors\u00f3ja hitetlens\u00e9ggel telt meg, s a Fal m\u00f6g\u00f6tt tov\u00e1bb lihegett a V\u00e1gy.<\/p>\n\n\n\n<p>\u2014 Azt mondj\u00e1k \u2014 jutott esz\u00e9be a f\u00e9rfi \u2014, volt id\u0151, amikor istenek m\u00e1r nem voltak, s Isten m\u00e9g nem volt. Most, hogy Isten s az \u00faj eszm\u00e9k hiteltelenn\u00e9 v\u00e1lva \u0171rt hagytak az emberek lelk\u00e9ben, \u00fagy \u00e9rezte, saj\u00e1t k\u00e9pess\u00e9ge, amellyel \u00e9let\u00e9nek helyrehozhatatlan \u00e9s megv\u00e1ltoztathatatlannak t\u0171n\u0151 jelens\u00e9geit magyar\u00e1zta, kev\u00e9s lesz, hogy felfedezze, meg\u00e9rezze az \u00faj hitet.<\/p>\n\n\n\n<p>\u00c9rtelem-\u00e9rzelem harc\u00e1nak k\u00f6zepette egyetlen rem\u00e9nye el\u0151l z\u00e1rk\u00f3zott el: a v\u00e1gyt\u00f3l. A v\u00e1gynak att\u00f3l a zseni\u00e1lis k\u00e9pess\u00e9g\u00e9t\u0151l, amely saj\u00e1tosan \u00f6nt\u00f6rv\u00e9nyszer\u0171 \u00e9s v\u00e1ratlan fordulataival megkeresi a legmassz\u00edvabb bels\u0151 vil\u00e1gok falainak reped\u00e9seit, \u00e9s j\u00e1tszva hajtja a lelket k\u00ednz\u00f3 boldogs\u00e1gba. S l\u00e1m, a l\u00e9lek \u00e9hs\u00e9ge sz\u00e9tter\u00edtette el\u0151tte az \u00faj lehet\u0151s\u00e9get! Nem a l\u00e9nyt \u2014 ens quo nihil majus cogitari potest \u2014 kereste, hanem a legnagyobb megismerhet\u0151t, \u00f6nmaga legnagyobb szellemi kiteljesed\u00e9s\u00e9t, melynek hat\u00e1rait \u00e1lland\u00f3an bel\u00e1thatja!<\/p>\n\n\n\n<p>Mindez harmadik nap, a fal el\u0151tt jutott az esz\u00e9be.<\/p>\n<\/div>\n\n\n\n<div class=\"wp-block-group is-vertical is-layout-flex wp-container-core-group-is-layout-8cf370e7 wp-block-group-is-layout-flex\">\n<p><br><em>A Hal\u00e1l<\/em><\/p>\n\n\n\n<p>Halk, nesztelen l\u00e9ptekkel indult el a 800 \u00e9ves ciprusokkal szeg\u00e9lyezett, ezernyi, harminc centim\u00e9teres k\u0151lappal kirakott \u00faton, mik\u00f6zben olyan \u00e9rz\u00e9se t\u00e1madt, mintha vesz\u00e9ly fenyegetn\u00e9. A kir\u00e1ndul\u00f3csoport vezet\u0151j\u00e9nek d\u00fch\u00f6s arc\u00e1t k\u00e9pzelte maga el\u00e9.<\/p>\n\n\n\n<p>El\u0151sz\u00f6r k\u00e9t egyszer\u0171, faragott k\u0151oszlop t\u0171nt fel a f\u0171vel szeg\u00e9lyezett \u00fat ment\u00e9n. A hold halv\u00e1nylila f\u00e9nnyel rajzolta k\u00f6r\u00fcl \u0151ket, majd k\u00e9t sz\u00e1rnyas lovat l\u00e1tott, k\u00e9t k\u0151oroszl\u00e1nt, s v\u00e9g\u00fcl k\u00e9t hatalmas k\u0151t\u00e1bl\u00e1t megfejthetetlen vagy legal\u00e1bbis sz\u00e1m\u00e1ra \u00e9rthetetlen, m\u00e9gis k\u00f6zeli, bar\u00e1ts\u00e1gos jelekkel.<\/p>\n\n\n\n<p>Az \u00c9gi Tisztas\u00e1g Temploma el\u0151tt meg\u00e1llt egy pillanatra, s a m\u00e9rtani pontoss\u00e1ggal rendezett t\u00e9ren kellemes illatot \u00e9rzett a leveg\u0151ben.<\/p>\n\n\n\n<p>Balra fordulva a 10 000 Nemzed\u00e9k Mester\u00e9nek s\u00edrja fel\u00e9 haladt tov\u00e1bb. A Hal\u00e1l pomp\u00e1s gazdags\u00e1ga csod\u00e1lattal t\u00f6lt\u00f6tte el, s a holdf\u00e9nnyel el\u00e1rasztott s\u00edrv\u00e1ros utc\u00e1in a kiegyens\u00falyozotts\u00e1g \u00e9rz\u00e9se k\u00eds\u00e9rte.<\/p>\n\n\n\n<p>J\u00f3 k\u00e9t \u00f3r\u00e1ig tartott, m\u00edg a szinte nappali f\u00e9nyt ad\u00f3 telihold alatt el\u00e9rkezett a hidegk\u00e9k szikl\u00e1khoz. Lent a szakad\u00e9kban, a higanyt\u00f3 k\u00f6zep\u00e9n ott lebegett a Mester fekete kopors\u00f3ja. A szikl\u00e1kon szertesz\u00e9jjel emberi \u00e9s \u00e1llati csontok hevertek. Egy kiugr\u00f3 sziklaszirten meg\u00e1llt egy pillanatra, \u00e9s szippantott a t\u00f3 gyilkos, m\u00e9rgez\u0151 leveg\u0151j\u00e9b\u0151l. Innen m\u00e1r v\u00e9gk\u00e9pp nyom\u00e1t vesztik, ha net\u00e1n eddig k\u00f6vett\u00e9k volna. Csak egy pillant\u00e1st vetett az ez\u00fcst\u00f6sen csillog\u00f3 t\u00f3 hull\u00e1mtalan t\u00fckr\u00e9re \u00e9s a kopors\u00f3ra, majd visszal\u00e9pett.<\/p>\n\n\n\n<p>A szakad\u00e9k t\u00fals\u00f3 oldal\u00e1n, szemben a teliholddal, egy karcs\u00fa, magas f\u00e9rfi alakja t\u0171nt fel. Elgondolkozva n\u00e9zett maga el\u00e9, mintha v\u00e1rt volna valakire.<\/p>\n\n\n\n<p>Akinek nincs v\u00e1gya, t\u00e9nyleg nem vesz\u00edthet semmit?<\/p>\n<\/div>\n\n\n\n<div class=\"wp-block-group is-vertical is-layout-flex wp-container-core-group-is-layout-8cf370e7 wp-block-group-is-layout-flex\">\n<p><br><em>F\u00e9l h\u00e1rom<\/em><\/p>\n\n\n\n<p>Visszafordult, \u00e9s ledikt\u00e1lta a titk\u00e1rn\u0151nek a megh\u00edv\u00f3 sz\u00f6veg\u00e9t.<\/p>\n\n\n\n<p>\u2014 M\u00e9g nem mondta az id\u0151pontot \u2014 jegyezte meg egykedv\u0171en a titk\u00e1rn\u0151, \u00e9s g\u00e9piesen maga el\u00e9 n\u00e9zett, mint valami viaszb\u00e1bu.<\/p>\n\n\n\n<p>\u2014 Legyen k\u00e9t \u00f3ra \u2014 felelte, \u00e9s \u00e9rdekes m\u00f3don f\u00e9l h\u00e1romra gondolt.<\/p>\n\n\n\n<p>Eur\u00f3pais\u00e1gunk \u00e9s hitetlens\u00e9g\u00fcnk. Kavafisz meg a t\u00f6bbiek.<\/p>\n\n\n\n<p>F\u00e9l h\u00e1romkor sz\u00f3lalt meg a kakukkos \u00f3ra. \u201eIstenem, m\u00e1r f\u00e9l h\u00e1rom\u201d, mondt\u00e1k a n\u0151k, \u00e9s tov\u00e1bb keresg\u00e9ltek. F\u00e9l h\u00e1rom; saj\u00e1t maga. S most a n\u0151k helyett a gy\u0171l\u00e9s. F\u00e9l h\u00e1rom, a v\u00e9gtelen id\u0151 g\u00f6rb\u00e9j\u00e9nek egyetlen hiteles pontja.<\/p>\n\n\n\n<p>V\u00e9gighaladt a vir\u00e1gokkal d\u00edsz\u00edtett folyos\u00f3n, \u00e9s balra fordulva bel\u00e9pett a kis tan\u00e1csterembe. Az \u00e1llott leveg\u0151j\u0171 helyis\u00e9gben a hossz\u00fa \u00edr\u00f3asztal k\u00e9t oldal\u00e1n fut\u00f3sz\u0151nyeg h\u00faz\u00f3dott, al\u00f3la harminc centim\u00e9teres kock\u00e1k mint\u00e1i l\u00e1tszottak a m\u0171anyag bor\u00edt\u00e1son. A mosatlan ablak\u00fcvegen kereszt\u00fcl a park let\u00f6rt koron\u00e1j\u00fa f\u00e1j\u00e1t l\u00e1tta, s el\u0151lopakodott szok\u00e1sos szomor\u00fas\u00e1ga. \u00dagy vette fel, mint megszokott kerti szalmakalapj\u00e1t. M\u00e1r megint kett\u00e9szelt citrommagnak k\u00e9pzelte mag\u00e1t, amely nem leli a m\u00e1sik fel\u00e9t.<\/p>\n\n\n\n<p>Mit sz\u00f3l ehhez Feuerbach?<\/p>\n\n\n\n<p>Csonka kisujj\u00e1t d\u00f6rzs\u00f6lgette, s \u00fajragondolta az utat, amelyet bej\u00e1rt.<\/p>\n\n\n\n<p>\u201eA gyakorlatban kell az embernek gondolkod\u00e1sa igaz volt\u00e1t&#8230; bizony\u00edtania.\u201d<\/p>\n\n\n\n<p>A gyakorlatban az \u00faj m\u00e9rt\u00e9ket tanulta meg. A k\u00f6z\u00f6ss\u00e9g\u00e9t, amelyet csak k\u00f6vethetetlens\u00e9gben tudott \u00e9rtelmezni.<\/p>\n\n\n\n<p>A bizonytalans\u00e1g, a hiteltelens\u00e9g sz\u00fcks\u00e9gszer\u0171s\u00e9g\u00e9nek gondolata \u00e9pp\u00fagy lehangolta, mint k\u00f6rnyezet\u00e9nek poros, t\u00f6r\u00f6tt kell\u00e9kei.<\/p>\n\n\n\n<p>Fel\u00e1llt, \u00e9s az ablakon \u00e1t a v\u00e1rost n\u00e9zte, melyet elhagyni sz\u00e1nd\u00e9kozott.<\/p>\n\n\n\n<p>\u2014 Tulajdonk\u00e9ppen mindegy, mikor kezdj\u00fck el a gy\u0171l\u00e9st.<\/p>\n\n\n\n<p>Az \u00e9p\u00fclet el\u0151tt egy p\u00fapos l\u00e1ny haladt \u00e1t az \u00fattesten.<\/p>\n<\/div>\n\n\n\n<div class=\"wp-block-group is-vertical is-layout-flex wp-container-core-group-is-layout-8cf370e7 wp-block-group-is-layout-flex\">\n<p><br><em>A r\u00f3zsa<\/em><\/p>\n\n\n\n<p>A higanyt\u00f3t\u00f3l sz\u00e9llel szemben haladt tov\u00e1bb, s m\u00e1r hajnalodott, mire a hull\u00e1mz\u00f3 z\u00f6ld s\u00edks\u00e1gra \u00e9rt.<\/p>\n\n\n\n<p>Egy tal\u00e1lomra kiv\u00e1lasztott domb fel\u00e9 indult el, s l\u00e1m, a v\u00e9gtelen g\u00f6rbe egyik pontj\u00e1n egy borosty\u00e1nba \u00e1gyazott, \u00e1tn\u0151tt mohar\u00f3zs\u00e1t tal\u00e1lt. Goethe jutott az esz\u00e9be, \u00e9s lelk\u00e9n \u00e9rezte a fesz\u00fcl\u0151 sz\u00e1lakat.<\/p>\n\n\n\n<p>Homloka k\u00f6zep\u00e9n jelentkezett a sajg\u00e1s, \u00e9s m\u00e1r \u00e9rezte az ac\u00e9lt\u0171 sz\u00far\u00e1s\u00e1t. Az \u00e1raml\u00e1s, mely sz\u00e1mtalan pontb\u00f3l indult el, v\u00e9g\u00fcl egyetlen pontban tal\u00e1lkozott, s e pontban szikr\u00e1z\u00f3an jelent meg el\u0151tte a k\u00e9p.<\/p>\n\n\n\n<p>Tiszt\u00e1n, \u00e9lesen l\u00e1tta minden r\u00e9szlet\u00e9t, s\u0151t egyenesen hitelesnek t\u0171nt, ahogy ott \u00fcl a hossz\u00fa asztal mellett, arra k\u00e1rhozatva, hogy \u00f6r\u00f6kk\u00e9 \u00f6nmag\u00e1t v\u00e1rja.<\/p>\n<\/div>\n","protected":false},"excerpt":{"rendered":"<p>\u201cA hal\u00e1lt, amivelad\u00f3som maradt\u00e1l,kihordom\u00e9n.\u201d(Celan) A citrommag A k\u00e9s halk pukkan\u00e1ssal k\u00eds\u00e9rve szelte \u00e1t a citrom h\u00e9j\u00e1t, v\u00e9gighaladt a rostok k\u00f6z\u00f6tt, k\u00f6zben savany\u00fa l\u00e9 fr\u00f6csk\u00f6lt el\u0151 a v\u00e1g\u00e1sb\u00f3l, majd koppan\u00e1s jelezte a v\u00e1g\u00f3deszk\u00e1n, hogy csukl\u00f3ban lefel\u00e9 kell mozd\u00edtani az imm\u00e1r csepeg\u0151 &hellip; <a href=\"https:\/\/opus-folyoirat.sk\/?page_id=4364\">Egy kattint\u00e1s ide a folytat\u00e1shoz&#8230;. <span class=\"meta-nav\">&rarr;<\/span><\/a><\/p>\n","protected":false},"author":4,"featured_media":0,"parent":0,"menu_order":0,"comment_status":"closed","ping_status":"closed","template":"","meta":{"footnotes":""},"class_list":["post-4364","page","type-page","status-publish","hentry"],"_links":{"self":[{"href":"https:\/\/opus-folyoirat.sk\/index.php?rest_route=\/wp\/v2\/pages\/4364","targetHints":{"allow":["GET"]}}],"collection":[{"href":"https:\/\/opus-folyoirat.sk\/index.php?rest_route=\/wp\/v2\/pages"}],"about":[{"href":"https:\/\/opus-folyoirat.sk\/index.php?rest_route=\/wp\/v2\/types\/page"}],"author":[{"embeddable":true,"href":"https:\/\/opus-folyoirat.sk\/index.php?rest_route=\/wp\/v2\/users\/4"}],"replies":[{"embeddable":true,"href":"https:\/\/opus-folyoirat.sk\/index.php?rest_route=%2Fwp%2Fv2%2Fcomments&post=4364"}],"version-history":[{"count":1,"href":"https:\/\/opus-folyoirat.sk\/index.php?rest_route=\/wp\/v2\/pages\/4364\/revisions"}],"predecessor-version":[{"id":4365,"href":"https:\/\/opus-folyoirat.sk\/index.php?rest_route=\/wp\/v2\/pages\/4364\/revisions\/4365"}],"wp:attachment":[{"href":"https:\/\/opus-folyoirat.sk\/index.php?rest_route=%2Fwp%2Fv2%2Fmedia&parent=4364"}],"curies":[{"name":"wp","href":"https:\/\/api.w.org\/{rel}","templated":true}]}}