{"id":4413,"date":"2026-01-26T19:16:48","date_gmt":"2026-01-26T17:16:48","guid":{"rendered":"https:\/\/opus-folyoirat.sk\/?page_id=4413"},"modified":"2026-01-26T19:16:48","modified_gmt":"2026-01-26T17:16:48","slug":"fulop-antal-mar-odaatrol-szemleli-a-vilagot","status":"publish","type":"page","link":"https:\/\/opus-folyoirat.sk\/?page_id=4413","title":{"rendered":"F\u00fcl\u00f6p Antal m\u00e1r oda\u00e1tr\u00f3l szeml\u00e9li a vil\u00e1got"},"content":{"rendered":"<div class=\"wp-block-post-date\"><time datetime=\"2026-01-26T19:16:48+02:00\">2026-01-26<\/time><\/div>\n\n\n<p><br>Tegnap d\u00e9lben m\u00e9g megrendelte az Opus foly\u00f3iratot a postal\u00e1d\u00e1j\u00e1ba, ma reggel viszont m\u00e1r nem \u00e9bredt fel \u2013 elhunyt F\u00fcl\u00f6p Antal, T\u00f3ni b\u00e1, lapunk \u00e1lland\u00f3 szerz\u0151je, kedves bar\u00e1tunk.\u00a0<\/p>\n\n\n\n<p>\u00c9let\u00e9nek 82. \u00e9v\u00e9ben elhunyt <strong>F\u00fcl\u00f6p Antal<\/strong>, a kiv\u00e1l\u00f3 <strong>\u00edr\u00f3, sz\u00ednm\u0171\u00edr\u00f3, k\u00f6lt\u0151, publicista \u00e9s m\u00e9diamunk\u00e1s<\/strong>, akinek gazdag \u00e9s soksz\u00edn\u0171 \u00fatja nemcsak irodalmi \u00e9s k\u00f6z\u00e9leti munk\u00e1ss\u00e1g\u00e1ban, hanem k\u00f6z\u00f6ss\u00e9gi hat\u00e1s\u00e1ban is maradand\u00f3 nyomot hagyott mindazokban, akik ismert\u00e9k vagy olvast\u00e1k m\u0171veit. Legut\u00f3bb m\u00e9g \u00edgy \u00edrt \u00f6nmag\u00e1r\u00f3l: \u201eMa nyugd\u00edjask\u00e9nt Kom\u00e1romb\u00f3l szeml\u00e9li, id\u0151nk\u00e9nt m\u00e1r-m\u00e1r riadtan, hogy mi-minden t\u00f6rt\u00e9nik (t\u00f6rt\u00e9nhetik!) az \u00f6nmag\u00e1t civiliz\u00e1ltnak hirdet\u0151 Eur\u00f3p\u00e1ban.\u201d Ma m\u00e1r mindezt oda\u00e1tr\u00f3l szeml\u00e9li\u2026<\/p>\n\n\n<div class=\"wp-block-image\">\n<figure class=\"alignright size-full is-resized\"><img loading=\"lazy\" decoding=\"async\" width=\"150\" height=\"222\" src=\"https:\/\/opus-folyoirat.sk\/wp-content\/uploads\/2026\/01\/0033.png\" alt=\"\" class=\"wp-image-4414\" style=\"width:230px;height:auto\"\/><\/figure><\/div>\n\n\n<p><strong>F\u00fcl\u00f6p Antal<\/strong> 1943. december 13-\u00e1n sz\u00fcletett Budapesten. Tanulm\u00e1nyait Kom\u00e1romban v\u00e9gezte, majd \u00e9retts\u00e9gi ut\u00e1n k\u00fcl\u00f6nf\u00e9le szakm\u00e1kban dolgozott \u2013 lakatosk\u00e9nt, munk\u00e1sk\u00e9nt, b\u00e1ny\u00e1szk\u00e9nt, diszp\u00e9cserk\u00e9nt, labor\u00e1nsk\u00e9nt \u00e9s k\u00e9s\u0151bb gumivulkaniz\u00e1l\u00f3k\u00e9nt \u2013, miel\u0151tt \u00edr\u00f3i p\u00e1ly\u00e1ra l\u00e9pett. Kritikus gondolkod\u00e1sa, \u00edr\u00e1sai \u00e9s k\u00f6z\u00e9leti szerepv\u00e1llal\u00e1sa r\u00e9v\u00e9n hamar ismertt\u00e9 v\u00e1lt a szlov\u00e1kiai magyar k\u00f6z\u00e9letben.&nbsp;<\/p>\n\n\n\n<p>Irodalmi tev\u00e9kenys\u00e9ge az Irodalmi Szeml\u00e9ben <strong>1970-ben megjelent els\u0151 \u00edr\u00e1s\u00e1t\u00f3l<\/strong> kezdve folyamatos volt, s t\u00f6bb jelent\u0151s m\u0171vet jegyzett. Sz\u00e9lesebb k\u00f6rben a Fekete sz\u00e9l c\u00edm\u0171 antol\u00f3gia \u00e1ltal v\u00e1lt ismertt\u00e9. Els\u0151 k\u00f6tet\u00e9re azonban csaknem egy \u00e9vtizedet kellett v\u00e1rni. A Kedvez\u0151 pillanat c\u00edm\u0171 elbesz\u00e9l\u00e9s-k\u00f6tete saj\u00e1tos sz\u00ednfoltja a szlov\u00e1kiai magyar kispr\u00f3z\u00e1nak. \u00cdr\u00e1saiban a kisv\u00e1rosi k\u00f6rnyezet tipikus alakjai elevenedtek meg, t\u00f6bbnyire a t\u00e1rsadalom, az \u00e9rzelmi-etikai \u00e9let perif\u00e9ri\u00e1j\u00e1ra sodr\u00f3dottak. Vad indulatok, zabol\u00e1tlan \u00f6szt\u00f6n\u00f6k sodort\u00e1k h\u0151seit \u00f6npuszt\u00edt\u00f3 helyzetekbe. Majd 1992.ben megjelent, a <em>Piszkos ember<\/em> c\u00edm\u0171 reg\u00e9ny\u00e9\u00e9rt <strong>Mad\u00e1ch-d\u00edjat<\/strong> kapott, m\u0171vei pedig a kisv\u00e1rosi ember mindennapi \u00e9let\u00e9nek metafor\u00e1it, t\u00e1rsadalmi kih\u00edv\u00e1sait \u00e9s emberi t\u00f6rt\u00e9neteit rajzolt\u00e1k meg \u00e9rz\u00e9keny, \u00e1m kritikus hangon. Sz\u00ednm\u0171vei, hangj\u00e1t\u00e9kei \u00e9s pr\u00f3zai \u00edr\u00e1sai a t\u00e1rsadalom perem\u00e9n \u00e9l\u0151k vil\u00e1g\u00e1ba engedtek betekint\u00e9st, \u00e9s olvas\u00f3it gondolkod\u00e1sra, p\u00e1rbesz\u00e9dre \u00f6szt\u00f6n\u00f6zt\u00e9k.&nbsp;<\/p>\n\n\n\n<p>F\u00fcl\u00f6p Antal sz\u00e1m\u00e1ra az irodalom mellett a <strong>zene \u00e9s a m\u0171v\u00e9szet<\/strong> is mindig fontos volt: alap\u00edt\u00f3 tagja volt a <strong>Kom\u00e1romi Dixieland Bandnek<\/strong>, mely 1986-ban egy zsolnai fesztiv\u00e1lon els\u0151 d\u00edjat nyert. Emellett k\u00e9pz\u0151m\u0171v\u00e9szeti alkot\u00e1sai \u2013 t\u00f6bbek k\u00f6z\u00f6tt koll\u00e1zsai \u2013 is megjelentek neves kiadv\u00e1nyokban.&nbsp;<\/p>\n\n\n\n<p>1990 ut\u00e1n akt\u00edvan r\u00e9szt vett k\u00f6z\u00e9leti kezdem\u00e9nyez\u00e9sekben is, t\u00f6bbek k\u00f6z\u00f6tt egy \u201erendszerv\u00e1lt\u00f3\u201d region\u00e1lis hetilap, a <em>Reflex<\/em> l\u00e9trehoz\u00e1s\u00e1ban, valamint felsz\u00f3lalt a t\u00e1rsadalmi igazs\u00e1goss\u00e1g \u00e9s a k\u00f6z\u00f6ss\u00e9gi \u00e9rt\u00e9kek mellett.&nbsp;<\/p>\n\n\n\n<p>F\u00fcl\u00f6p Antal nemcsak m\u0171veivel, hanem k\u00f6zvetlen emberi kapcsolatain kereszt\u00fcl is sokakat inspir\u00e1lt. Olvas\u00f3i, bar\u00e1tai \u00e9s koll\u00e9g\u00e1i eml\u00e9keznek r\u00e1, mint egy m\u00e9lyen gondolkod\u00f3, \u00e9rt\u00e9keket k\u00e9pvisel\u0151 \u00e9s mindig nyitott szellem\u0171 alkot\u00f3ra. Szeretett f\u00e9rj, \u00e9desapa \u00e9s nagyapa volt \u2013 szem\u00e9lyes eml\u00e9kei, tan\u00edt\u00e1sai csal\u00e1dj\u00e1ban \u00e9s k\u00f6z\u00f6ss\u00e9g\u00e9ben tov\u00e1bb \u00e9lnek.&nbsp;<\/p>\n\n\n\n<figure class=\"wp-block-image size-full\"><img loading=\"lazy\" decoding=\"async\" width=\"1000\" height=\"692\" src=\"https:\/\/opus-folyoirat.sk\/wp-content\/uploads\/2026\/01\/623230022_1388138376661416_8701303595709058680_n.jpeg\" alt=\"\" class=\"wp-image-4415\" srcset=\"https:\/\/opus-folyoirat.sk\/wp-content\/uploads\/2026\/01\/623230022_1388138376661416_8701303595709058680_n.jpeg 1000w, https:\/\/opus-folyoirat.sk\/wp-content\/uploads\/2026\/01\/623230022_1388138376661416_8701303595709058680_n-300x208.jpeg 300w, https:\/\/opus-folyoirat.sk\/wp-content\/uploads\/2026\/01\/623230022_1388138376661416_8701303595709058680_n-768x531.jpeg 768w, https:\/\/opus-folyoirat.sk\/wp-content\/uploads\/2026\/01\/623230022_1388138376661416_8701303595709058680_n-434x300.jpeg 434w\" sizes=\"auto, (max-width: 1000px) 100vw, 1000px\" \/><\/figure>\n\n\n\n<p>A b\u00facs\u00faztat\u00e1st <strong>2026. janu\u00e1r 29-\u00e9n, cs\u00fct\u00f6rt\u00f6k\u00f6n 14:00 \u00f3rakor<\/strong> a kom\u00e1romi Brigetio temetkez\u00e9si v\u00e1llalat b\u00facs\u00faztat\u00f3term\u00e9ben tartj\u00e1k. Hozz\u00e1tartoz\u00f3i k\u00e9rik, hogy koszor\u00fa helyett egyetlen sz\u00e1l vir\u00e1ggal eml\u00e9kezz\u00fcnk r\u00e1 \u2013 \u00edgy tisztelegve emberi nagys\u00e1ga \u00e9s alkot\u00f3i \u00f6r\u00f6ks\u00e9ge<\/p>\n\n\n\n<p><br>(opus)<\/p>\n","protected":false},"excerpt":{"rendered":"<p>Tegnap d\u00e9lben m\u00e9g megrendelte az Opus foly\u00f3iratot a postal\u00e1d\u00e1j\u00e1ba, ma reggel viszont m\u00e1r nem \u00e9bredt fel \u2013 elhunyt F\u00fcl\u00f6p Antal, T\u00f3ni b\u00e1, lapunk \u00e1lland\u00f3 szerz\u0151je, kedves bar\u00e1tunk.\u00a0 \u00c9let\u00e9nek 82. \u00e9v\u00e9ben elhunyt F\u00fcl\u00f6p Antal, a kiv\u00e1l\u00f3 \u00edr\u00f3, sz\u00ednm\u0171\u00edr\u00f3, k\u00f6lt\u0151, publicista \u00e9s &hellip; <a href=\"https:\/\/opus-folyoirat.sk\/?page_id=4413\">Egy kattint\u00e1s ide a folytat\u00e1shoz&#8230;. <span class=\"meta-nav\">&rarr;<\/span><\/a><\/p>\n","protected":false},"author":4,"featured_media":0,"parent":0,"menu_order":0,"comment_status":"closed","ping_status":"closed","template":"","meta":{"footnotes":""},"class_list":["post-4413","page","type-page","status-publish","hentry"],"_links":{"self":[{"href":"https:\/\/opus-folyoirat.sk\/index.php?rest_route=\/wp\/v2\/pages\/4413","targetHints":{"allow":["GET"]}}],"collection":[{"href":"https:\/\/opus-folyoirat.sk\/index.php?rest_route=\/wp\/v2\/pages"}],"about":[{"href":"https:\/\/opus-folyoirat.sk\/index.php?rest_route=\/wp\/v2\/types\/page"}],"author":[{"embeddable":true,"href":"https:\/\/opus-folyoirat.sk\/index.php?rest_route=\/wp\/v2\/users\/4"}],"replies":[{"embeddable":true,"href":"https:\/\/opus-folyoirat.sk\/index.php?rest_route=%2Fwp%2Fv2%2Fcomments&post=4413"}],"version-history":[{"count":2,"href":"https:\/\/opus-folyoirat.sk\/index.php?rest_route=\/wp\/v2\/pages\/4413\/revisions"}],"predecessor-version":[{"id":4417,"href":"https:\/\/opus-folyoirat.sk\/index.php?rest_route=\/wp\/v2\/pages\/4413\/revisions\/4417"}],"wp:attachment":[{"href":"https:\/\/opus-folyoirat.sk\/index.php?rest_route=%2Fwp%2Fv2%2Fmedia&parent=4413"}],"curies":[{"name":"wp","href":"https:\/\/api.w.org\/{rel}","templated":true}]}}