{"id":4429,"date":"2025-12-26T17:25:00","date_gmt":"2025-12-26T15:25:00","guid":{"rendered":"https:\/\/opus-folyoirat.sk\/?page_id=4429"},"modified":"2026-01-28T17:28:51","modified_gmt":"2026-01-28T15:28:51","slug":"olah-andras-versei","status":"publish","type":"page","link":"https:\/\/opus-folyoirat.sk\/?page_id=4429","title":{"rendered":"Ol\u00e1h Andr\u00e1s versei"},"content":{"rendered":"<div class=\"wp-block-post-date\"><time datetime=\"2025-12-26T17:25:00+02:00\">2025-12-26<\/time><\/div>\n\n\n<p><\/p>\n\n\n\n<p><strong>m<\/strong><strong>\u0171<\/strong><strong>t\u00e9t ut\u00e1n<\/strong><\/p>\n\n\n\n<p>k\u00f6r\u00fcl csupasz hangulattalan falak <br>vibr\u00e1l\u00f3 neonba s\u0171r\u00edtett m\u00e9rgek <br>gy\u00f3gyszer-\u00e1ztatta \u00e9jf\u00e9li lid\u00e9rcek <br>sz\u00edtj\u00e1k m\u00e9lyr\u0151l j\u00f6tt rossz \u00edz\u0171 \u00e1lmomat<\/p>\n\n\n\n<p>\u00e1gyban reked a sz\u00f3 \u2013 a v\u00e1gy szendereg <br>r\u00f3lam tudom\u00e1st se v\u00e9ve \u2013 mint a vak \u2013 <br>l\u00e1bam k\u00f6zt f\u00e1sult arc\u00fa n\u0151v\u00e9r matat<br>\u2013 f\u00fcrge ujjai k\u00f6zt kat\u00e9ter remeg<\/p>\n\n\n\n<p>zsiborog tomp\u00e1n a szem a sz\u00edv az agy <br>v\u00e9res k\u00f6t\u00e9s sz\u00e9deleg a t\u00e9rd alatt<br>az id\u0151 \u2013 e semmi \u2013 k\u00e9tfel\u00e9 szakad<\/p>\n\n\n\n<p>s m\u00edg t\u00fal az ablakon birk\u00f3zik a fagy <br>az elfoly\u00f3 gy\u00f6ny\u00f6r s\u00e1padt h\u00fagyszaga <br>\u00fagy \u00e1rad sz\u00e9t mint az \u00e9let illata<br><br><\/p>\n\n\n\n<p><strong>szemtan\u00fa<\/strong><\/p>\n\n\n\n<p>folyond\u00e1rk\u00e9nt<br>kapaszkodik bel\u00e9d a m\u00falt<br>mint amikor sark\u00e1ig kitaposott <br>cip\u0151dben futott\u00e1l<br>s azt\u00e1n egy elhagyott utcav\u00e9gen<br>a v\u00e9res z\u00e1szl\u00f3selyembe<br>burkolt halottak l\u00e1tt\u00e1n<br>dermedten f\u00e9lre\u00e1llt\u00e1l<br>s engedelmesen f\u00e9lre\u00e1llsz az\u00f3ta is&#8230; <br>eln\u00e9multak a templomi orgon\u00e1k <br>mindennek v\u00e9ge<br>Isten piros lapot kapott<br>\u00e9s mag\u00e1nyosan gubbaszt a cserepadon<\/p>\n","protected":false},"excerpt":{"rendered":"<p>m\u0171t\u00e9t ut\u00e1n k\u00f6r\u00fcl csupasz hangulattalan falak vibr\u00e1l\u00f3 neonba s\u0171r\u00edtett m\u00e9rgek gy\u00f3gyszer-\u00e1ztatta \u00e9jf\u00e9li lid\u00e9rcek sz\u00edtj\u00e1k m\u00e9lyr\u0151l j\u00f6tt rossz \u00edz\u0171 \u00e1lmomat \u00e1gyban reked a sz\u00f3 \u2013 a v\u00e1gy szendereg r\u00f3lam tudom\u00e1st se v\u00e9ve \u2013 mint a vak \u2013 l\u00e1bam k\u00f6zt f\u00e1sult arc\u00fa &hellip; <a href=\"https:\/\/opus-folyoirat.sk\/?page_id=4429\">Egy kattint\u00e1s ide a folytat\u00e1shoz&#8230;. <span class=\"meta-nav\">&rarr;<\/span><\/a><\/p>\n","protected":false},"author":4,"featured_media":0,"parent":0,"menu_order":0,"comment_status":"closed","ping_status":"closed","template":"","meta":{"footnotes":""},"class_list":["post-4429","page","type-page","status-publish","hentry"],"_links":{"self":[{"href":"https:\/\/opus-folyoirat.sk\/index.php?rest_route=\/wp\/v2\/pages\/4429","targetHints":{"allow":["GET"]}}],"collection":[{"href":"https:\/\/opus-folyoirat.sk\/index.php?rest_route=\/wp\/v2\/pages"}],"about":[{"href":"https:\/\/opus-folyoirat.sk\/index.php?rest_route=\/wp\/v2\/types\/page"}],"author":[{"embeddable":true,"href":"https:\/\/opus-folyoirat.sk\/index.php?rest_route=\/wp\/v2\/users\/4"}],"replies":[{"embeddable":true,"href":"https:\/\/opus-folyoirat.sk\/index.php?rest_route=%2Fwp%2Fv2%2Fcomments&post=4429"}],"version-history":[{"count":1,"href":"https:\/\/opus-folyoirat.sk\/index.php?rest_route=\/wp\/v2\/pages\/4429\/revisions"}],"predecessor-version":[{"id":4431,"href":"https:\/\/opus-folyoirat.sk\/index.php?rest_route=\/wp\/v2\/pages\/4429\/revisions\/4431"}],"wp:attachment":[{"href":"https:\/\/opus-folyoirat.sk\/index.php?rest_route=%2Fwp%2Fv2%2Fmedia&parent=4429"}],"curies":[{"name":"wp","href":"https:\/\/api.w.org\/{rel}","templated":true}]}}