{"id":4438,"date":"2025-12-31T17:40:00","date_gmt":"2025-12-31T15:40:00","guid":{"rendered":"https:\/\/opus-folyoirat.sk\/?page_id=4438"},"modified":"2026-01-28T17:43:24","modified_gmt":"2026-01-28T15:43:24","slug":"szeder-reka-2","status":"publish","type":"page","link":"https:\/\/opus-folyoirat.sk\/?page_id=4438","title":{"rendered":"Szeder R\u00e9ka"},"content":{"rendered":"<div class=\"wp-block-post-date\"><time datetime=\"2025-12-31T17:40:00+02:00\">2025-12-31<\/time><\/div>\n\n\n<p><strong>Ezek a fr\u00e1nya hat\u00e1rok<\/strong><\/p>\n\n\n\n<p>Term\u00e9szetes \u00e9s norm\u00e1lis, ha traum\u00e1k hat\u00e1s\u00e1ra m\u00e1sk\u00e9nt kezd\u00fcnk viselkedni, mint ami eddig megszokott, elv\u00e1rt volt t\u0151l\u00fcnk t\u00e1rsadalmilag, mor\u00e1lisan. Aktu\u00e1lis k\u00f6zegeinkben mindig lesznek meg\u00e9rt\u0151 \u00e9s kev\u00e9sb\u00e9 meg\u00e9rt\u0151 szem\u00e9lyek is. Szerintem pedig mindent meg lehet \u00e9rteni, l\u00e1sd a m\u00e1s \u00e9let\u00e9ben t\u00f6rt\u00e9nt t\u00f6r\u00e9seket, traum\u00e1kat elfogadni, a f\u00e1jdalomra emp\u00e1ti\u00e1val tekinteni, de j\u00f3 magyar emberhez h\u0171en, ha fogalmazhatok \u00edgy \u2013 m\u00e1rpedig igen \u2013, az\u00e9rt a l\u00f3fasznak is van v\u00e9ge.<\/p>\n\n\n\n<p>Mert att\u00f3l, hogy ver minket a j\u00f3isten mindk\u00e9t kez\u00e9vel, \u00fagy, hogy az egyikben egy csokor csal\u00e1n, a m\u00e1sikban pedig egy hatalmas \u00e1s\u00f3 van, m\u00e9g nem jogos\u00edt fel minket arra, hogy rosszindulat\u00fa, gonosz f\u00e9rgek legy\u00fcnk m\u00e1sokkal szemben, hogy finoman \u00edrjam le ezt a jelens\u00e9get. Persze, verhetj\u00fck a f\u00e1jdalom-trauma farkunkat az asztalon, ord\u00edtozva, a mi\u00e9nk nagyobb, s\u00falyosabb, feket\u00e9bb. Komikus k\u00e9p, nem igaz? Lekicsinyelhetj\u00fck m\u00e1sok probl\u00e9m\u00e1it a mi\u00e9nkhez k\u00e9pest, de hangosan kimondva ez \u00e1ltal\u00e1ban olyb\u00e1 t\u0171nik, mintha lev\u00e1gt\u00e1k volna valakinek mind a k\u00e9t karj\u00e1t, majd mi megtal\u00e1ljuk \u0151ket az utc\u00e1n, \u00e9s egy savval \u00e1titatott vill\u00e1t sz\u00farn\u00e1nk az egyik szem\u00e9be. Egyr\u00e9szt, \u00edgy m\u00e1r nem hiszem, hogy a mi f\u00e1jdalmunkat is k\u00e9pes lenne befogadni, m\u00e1sr\u00e9szt meg lehet, hogy csak fel\u00fcletesen osztotta meg veled az \u00e9let\u00e9t, te balfasz, azt\u00e1n csod\u00e1lkozol, mi\u00e9rt \u00e1ll ki a saj\u00e1t vill\u00e1d a nyaki \u00fct\u0151eredb\u0151l, miut\u00e1n a rossz embereket b\u00f6kd\u00f6sted \u2013 puszt\u00e1n sz\u00f3rakoz\u00e1s (?) v\u00e9gett.<\/p>\n\n\n\n<p>Teh\u00e1t, meg lehet \u00e9rteni a gy\u00e1szb\u00f3l, istenver\u00e9sekb\u0151l t\u00e1pl\u00e1lkoz\u00f3 haragot is, csak nem felt\u00e9tlen emberi dolog ezt m\u00e1sokra z\u00fad\u00edtani, mint tr\u00e1gy\u00e1t a f\u00f6ldre \u2013 igen, hossz\u00fat\u00e1von ez is hozhat term\u00e9st, ez igaz \u2013 felel\u0151tlen\u00fcl, meggondolatlanul \u00e9s \u00e9sz n\u00e9lk\u00fcl. \u00c9s hab\u00e1r sajnos a mai oktat\u00e1si rendszer\u00fcnk (sem) nem seg\u00edt az \u00e9rtelmes, komplex gondolkod\u00e1sm\u00f3d elsaj\u00e1t\u00edt\u00e1s\u00e1ban \u2013 csak megs\u00fagom: az osztr\u00e1k sem, nem el\u0151ny\u00f6s mindig m\u00e1sokra mutogatni szaros ujjal, mert a v\u00e9g\u00e9n m\u00e9g netal\u00e1nt\u00e1n valaki \u00e9szreveszi, \u00e9s reag\u00e1l r\u00e1, ahogyan j\u00f3nak l\u00e1tja. Teh\u00e1t ugyanolyan sajn\u00e1latos, ha k\u00e9ptelenek vagyunk a bele\u00e9rz\u00e9sre, vagy elszalad el\u0151l\u00fcnk jellem\u00fcnk, \u00e9s gy\u00fajtogatni, gyilkolni kezd, mint egy \u00e9rzelem n\u00e9lk\u00fcli pszichopata, akinek valamilyen okn\u00e1l fogva a prefront\u00e1lis k\u00e9rge hib\u00e1san, az amigdal\u00e1ja pedig alulm\u0171k\u00f6dik. M\u00e9g sincsen mindenre ments\u00e9g, nem igaz?<\/p>\n\n\n\n<p>Vannak hat\u00e1rok, hat\u00e1raink, amiket szabtunk magunknak, szabtak nek\u00fcnk, a be- tolakod\u00f3kat pedig nem t\u0171rj\u00fck meg. A tetteknek konzekvenci\u00e1i vannak, \u00edgy h\u00e1t ne csod\u00e1lkozzunk r\u00e1 egy-egy szarlavin\u00e1ra, mert n\u00e9ha, ha eljutunk a vizsg\u00e1l\u00e1s\u00e1ig, r\u00e1j\u00f6v\u00fcnk, mindennek \u00e9rtelme volt. Csak sajnos nem minden szervezet tud megem\u00e9szteni ennyi szart, azt\u00e1n mikor elkezden\u00e9, m\u00e1r k\u00e9s\u0151, mert megfulladt benne, innen pedig elk\u00f6sz\u00f6nt.<\/p>\n","protected":false},"excerpt":{"rendered":"<p>Ezek a fr\u00e1nya hat\u00e1rok Term\u00e9szetes \u00e9s norm\u00e1lis, ha traum\u00e1k hat\u00e1s\u00e1ra m\u00e1sk\u00e9nt kezd\u00fcnk viselkedni, mint ami eddig megszokott, elv\u00e1rt volt t\u0151l\u00fcnk t\u00e1rsadalmilag, mor\u00e1lisan. Aktu\u00e1lis k\u00f6zegeinkben mindig lesznek meg\u00e9rt\u0151 \u00e9s kev\u00e9sb\u00e9 meg\u00e9rt\u0151 szem\u00e9lyek is. Szerintem pedig mindent meg lehet \u00e9rteni, l\u00e1sd a &hellip; <a href=\"https:\/\/opus-folyoirat.sk\/?page_id=4438\">Egy kattint\u00e1s ide a folytat\u00e1shoz&#8230;. <span class=\"meta-nav\">&rarr;<\/span><\/a><\/p>\n","protected":false},"author":4,"featured_media":0,"parent":0,"menu_order":0,"comment_status":"closed","ping_status":"closed","template":"","meta":{"footnotes":""},"class_list":["post-4438","page","type-page","status-publish","hentry"],"_links":{"self":[{"href":"https:\/\/opus-folyoirat.sk\/index.php?rest_route=\/wp\/v2\/pages\/4438","targetHints":{"allow":["GET"]}}],"collection":[{"href":"https:\/\/opus-folyoirat.sk\/index.php?rest_route=\/wp\/v2\/pages"}],"about":[{"href":"https:\/\/opus-folyoirat.sk\/index.php?rest_route=\/wp\/v2\/types\/page"}],"author":[{"embeddable":true,"href":"https:\/\/opus-folyoirat.sk\/index.php?rest_route=\/wp\/v2\/users\/4"}],"replies":[{"embeddable":true,"href":"https:\/\/opus-folyoirat.sk\/index.php?rest_route=%2Fwp%2Fv2%2Fcomments&post=4438"}],"version-history":[{"count":1,"href":"https:\/\/opus-folyoirat.sk\/index.php?rest_route=\/wp\/v2\/pages\/4438\/revisions"}],"predecessor-version":[{"id":4440,"href":"https:\/\/opus-folyoirat.sk\/index.php?rest_route=\/wp\/v2\/pages\/4438\/revisions\/4440"}],"wp:attachment":[{"href":"https:\/\/opus-folyoirat.sk\/index.php?rest_route=%2Fwp%2Fv2%2Fmedia&parent=4438"}],"curies":[{"name":"wp","href":"https:\/\/api.w.org\/{rel}","templated":true}]}}