{"id":4520,"date":"2026-02-01T10:49:48","date_gmt":"2026-02-01T08:49:48","guid":{"rendered":"https:\/\/opus-folyoirat.sk\/?page_id=4520"},"modified":"2026-02-01T10:49:49","modified_gmt":"2026-02-01T08:49:49","slug":"sokszinuseg-es-kitartas-nagy-erika-munkassaganak-elismerese","status":"publish","type":"page","link":"https:\/\/opus-folyoirat.sk\/?page_id=4520","title":{"rendered":"Soksz\u00edn\u0171s\u00e9g \u00e9s kitart\u00e1s &#8211; Nagy Erika munk\u00e1ss\u00e1g\u00e1nak elismer\u00e9se"},"content":{"rendered":"<div class=\"wp-block-post-date\"><time datetime=\"2026-02-01T10:49:48+02:00\">2026-02-01<\/time><\/div>\n\n\n<p><\/p>\n\n\n\n<p>\u00dagy hiszem, Nagy Erik\u00e1nak k\u00e9t igen jellemz\u0151 tulajdons\u00e1ga van, amely \u2013 v\u00e9lem\u00e9nyem szerint \u2013 meghat\u00e1rozta eddigi \u00e9let\u00fatj\u00e1t: a sokr\u00e9t\u0171s\u00e9g \u00e9s a kitart\u00e1s. Az ut\u00f3bbi szinte mindenre vonatkoztathat\u00f3, a sokr\u00e9t\u0171s\u00e9g pedig els\u0151sorban kult\u00faraszervez\u0151 munk\u00e1j\u00e1ra \u00e9s irodalmi tev\u00e9kenys\u00e9g\u00e9re, amely az \u00edr\u00e1son k\u00edv\u00fcl az irodalmi \u00e9let szervez\u00e9s\u00e9re is vonatkozik. Nem k\u00f6nny\u0171 minden elv\u00e1r\u00e1snak \u00e9s kih\u00edv\u00e1snak egy szem\u00e9lyben megfelelni, de Erika, mint fentebb \u00edrtam, kitart\u00f3. Eleddig t\u00f6bb k\u00f6nyvet meg\u00edrt \u00e9s megjelentetett, szervezte, szervezi \u00edr\u00f3szervezet\u00fcnk, a dunaszerdahelyi k\u00f6zpont\u00fa SZM\u00cdT \u00f6sszej\u00f6veteleit, mindennem\u0171 tal\u00e1lkoz\u00f3it, int\u00e9zi \u00fcgyes-bajos dolgait. Erik\u00e1nak azonban m\u00e1s elk\u00f6telez\u0151d\u00e9se is van. Lak\u00f3hely\u00e9n, Ny\u00e1rasdon a Csemadok-alapszervezet eln\u00f6ke. Munk\u00e1j\u00e1t a k\u00f6zelm\u00faltban egy kit\u00fcntet\u00e9ssel, a Csemadok K\u00f6zm\u0171vel\u0151d\u00e9si D\u00edjjal ismert\u00e9k el\u2026<\/p>\n\n\n\n<p><\/p>\n\n\n\n<figure class=\"wp-block-image size-large\"><img loading=\"lazy\" decoding=\"async\" width=\"1024\" height=\"682\" src=\"http:\/\/opus-folyoirat.sk\/wp-content\/uploads\/2023\/11\/01_NagyErika-1024x682.jpg\" alt=\"\" class=\"wp-image-988\" srcset=\"https:\/\/opus-folyoirat.sk\/wp-content\/uploads\/2023\/11\/01_NagyErika-1024x682.jpg 1024w, https:\/\/opus-folyoirat.sk\/wp-content\/uploads\/2023\/11\/01_NagyErika-300x200.jpg 300w, https:\/\/opus-folyoirat.sk\/wp-content\/uploads\/2023\/11\/01_NagyErika-768x512.jpg 768w, https:\/\/opus-folyoirat.sk\/wp-content\/uploads\/2023\/11\/01_NagyErika-1536x1024.jpg 1536w, https:\/\/opus-folyoirat.sk\/wp-content\/uploads\/2023\/11\/01_NagyErika-2048x1365.jpg 2048w, https:\/\/opus-folyoirat.sk\/wp-content\/uploads\/2023\/11\/01_NagyErika-450x300.jpg 450w\" sizes=\"auto, (max-width: 1024px) 100vw, 1024px\" \/><\/figure>\n\n\n\n<p><strong>Kedves Erika, sz\u00edvb\u0151l gratul\u00e1lok a sz\u00e9p d\u00edjhoz! T\u00e9ged sok oldaladr\u00f3l ismerhet\u00fcnk, de most els\u0151sorban nem \u00edr\u00f3k\u00e9nt \u00e9s nem is az SZM\u00cdT titk\u00e1rak\u00e9nt k\u00e9rdezlek, b\u00e1r biztos vagyok benne, hogy az \u00edr\u00e1sr\u00f3l is sz\u00f3 esik majd. Mikor ker\u00fclt\u00e9l k\u00f6zelebbi kapcsolatba a Csemadokkal? Felt\u00e9telezem, hogy m\u00e1r gyermekkorodban.<\/strong><br>El\u0151sz\u00f6r is nagyon sz\u00e9pen k\u00f6sz\u00f6n\u00f6m a gratul\u00e1ci\u00f3t. Eltal\u00e1ltad, igen, a Csemadokkal m\u00e1r gyerekkoromban kapcsolatba ker\u00fcltem, m\u00e9gpedig \u00fagy, mint az oszt\u00e1lyt\u00e1rsaim k\u00f6z\u00fcl m\u00e1sok is Ekecsen, tanul\u00f3 di\u00e1kokk\u00e9nt szavaltunk, \u00e9nekelt\u00fcnk, t\u00e1ncoltunk, \u00e9s szinte minden helyi Csemadok-rendezv\u00e9nyen fell\u00e9pt\u00fcnk. Akkor f\u0151leg a t\u00e9li id\u0151szakban rendszeresen voltak programok, de a helyi szervezetnek ny\u00e1ron is megvoltak a maga kis rendezv\u00e9nyei. Abban az id\u0151ben, amikor \u00e9n gyerek voltam \u2013 ugye Ekecsen \u00e9lt\u00fcnk akkor \u2013 \u00e9n csak arra eml\u00e9kszem, hogy a kult\u00farh\u00e1zban folyamatosak voltak a sz\u00ednj\u00e1tsz\u00f3-, vagy t\u00e1ncel\u0151ad\u00e1sok, a szaval\u00f3estek. Voltak arat\u00f3\u00fcnneps\u00e9gek, s ugyan\u00fagy akkor is meg\u00fcnnepelt\u00fck az any\u00e1k napj\u00e1t. Most a &#8217;70-es \u00e9vek elej\u00e9r\u0151l besz\u00e9l\u00fcnk, amikor m\u00e9g nagyon \u201ement\u201d a falusi sz\u00ednj\u00e1tsz\u00e1s, \u00e9s mindezekb\u0151l a Csemadok is akt\u00edvan kivette a r\u00e9sz\u00e9t. Ott ismertem meg jobban p\u00e9ld\u00e1ul Ravasz J\u00f3zsefet, akit m\u00e9g a mai napig is l\u00e1tom a sz\u00ednpadon, nagyon sz\u00e9pen szavalt mindig.<\/p>\n\n\n\n<p><br><strong>Te is rendszeresen mondt\u00e1l verset?<\/strong><br>Akkor, \u00fagy 8-9 \u00e9vesen m\u00e9g rendszeresen, azt\u00e1n \u00e9n \u00fagy d\u00f6nt\u00f6ttem, hogy a szavalatot azt ink\u00e1bb m\u00e1snak hagyom. Ber\u00e9nyi J\u00f3zsinak az anyuk\u00e1ja, dr\u00e1ga Cilike volt az oszt\u00e1lyf\u0151n\u00f6k\u00f6m, \u00e9s nagyon \u00f6szt\u00f6nz\u00f6tt minket, l\u00e1nyokat, hogy t\u00e1ncoljunk, \u00e9s folyamatosan \u00e9rdekes t\u00e1ncokat tan\u00edtott vel\u00fcnk. Cig\u00e1nyt\u00e1ncot, n\u00e9pt\u00e1ncot, de modern t\u00e1ncot is n\u00e9pi elemekkel. Eml\u00e9kszem, olyan is volt, hogy eserny\u0151t\u00e1nc, amikor pap\u00edrokb\u00f3l k\u00e9sz\u00fclt eserny\u0151kkel t\u00e1ncoltunk. Arra nagyon eml\u00e9kszem, hogy a cig\u00e1nyt\u00e1nccal meg az eserny\u0151t\u00e1nccal Nagymegyeren is fell\u00e9pt\u00fcnk, \u00e9s nagyon kellemes eml\u00e9kk\u00e9nt \u00e9ltem meg. Cilike nagyon b\u00fcszke volt r\u00e1nk mindig, mert kitart\u00f3ak voltunk. Azt\u00e1n ugye ott volt a f\u00e9rje, a J\u00f3ska b\u00e1csi, az iskola igazgat\u00f3ja, aki az \u00e9nekkart vezette, \u00fagyhogy az iskola n\u00f6vend\u00e9keib\u0151l \u00f6ssze\u00e1llt egy \u00e9nekkar is, sok j\u00f3l \u00e9nekl\u0151 gyerekkel, mert nagy iskola voltunk. Rendszeresen pr\u00f3b\u00e1ltunk, sok f\u00f6ll\u00e9p\u00e9s\u00fcnk volt, \u00edgy hamar a helyi kultur\u00e1lis \u00e9let k\u00f6zep\u00e9be cs\u00f6ppentem t\u00e1rsaimmal egy\u00fctt.<br>Nagyon sz\u00ednes volt a mi \u00e9let\u00fcnk az ekecsi alapiskol\u00e1ban, k\u00f6sz\u00f6nhet\u0151 ez a pedag\u00f3gusoknak, az igazgat\u00f3nak, mert \u0151k t\u00e9nyleg mindent megtettek az\u00e9rt, hogy a tehets\u00e9ges gyerekek ne kall\u00f3djanak el.<br>Fels\u0151 tagozatos iskol\u00e1s koromb\u00f3l arra m\u00e9g nagyon eml\u00e9kszem, hogy egyszer csak r\u00e1kaptam a k\u00f6nyvek \u00edz\u00e9re. \u00c9n v\u00e1ltig \u00e1ll\u00edtom, hogy nagyon kevesen olvastak annyit, mint akkoriban \u00e9n. A legend\u00e1s Vojtek M\u00e1rtika volt a k\u00f6nyvt\u00e1ros, aki m\u00e9g a mai napig is eml\u00e9kszik arra, hogy \u00e9n mennyit j\u00e1rtam a k\u00f6nyvt\u00e1rba. Nagyon szerettem a nagy emberek \u00e9letrajz\u00e1t olvasni, m\u00e1r 11-12 \u00e9vesen olvastam az \u201e\u00cdgy \u00e9lt&#8230;\u201d sorozat k\u00f6teteit. Sok hasznom sz\u00e1rmazott ebb\u0151l, mert iskol\u00e1ban az irodalom\u00f3r\u00e1kon mindig feltettem a kezem, hogy \u00e9n elolvastam egy k\u00f6nyvet. \u201eMit olvast\u00e1l?\u201d, k\u00e9rdezte a tan\u00edt\u00f3 b\u00e1csi, \u00e9s akkor r\u00f6viden elmondtam a tartalm\u00e1t, majd kaptam az egyeseket&#8230; De ha olvastam, akkor az iskol\u00e1ban is olvastam, s az iskolapadban mindig ott volt a k\u00f6nyv, persze tan\u00edt\u00e1s alatt, f\u0151leg k\u00e9mia\u00f3r\u00e1n. Valahogy mindig rajtakaptak&#8230; De voltak tan\u00edt\u00f3im, aki hagyt\u00e1k&#8230; Nagyon szerettem fogalmaz\u00e1sokat \u00edrni. Volt, hogy amikor meg\u00edrtam egy fogalmaz\u00e1st \u00e9s leadtam, akkor az\u00e9rt nem kaptam vissza, mert nem akarta elhinni a tan\u00edt\u00f3 n\u00e9ni, hogy az \u00e9n munk\u00e1m eredm\u00e9nye volt a pap\u00edron. Persze err\u0151l sz\u00f3 sem volt, \u00e9s azt sem tudtam akkor m\u00e9g, hogy mi az a plagiz\u00e1l\u00e1s. De ez nekem akkor f\u00e1jdalmas \u00e9rz\u00e9s volt&#8230; P\u00e1r h\u00e9t ut\u00e1n ugyan visszakaptam egy nagy egyessel, mert kider\u00fclt az igazs\u00e1g, de akkor m\u00e1r k\u00f6z\u00f6mb\u00f6sen fogadtam, hiszen megk\u00e9rd\u0151jelezte a kreativit\u00e1somat.<\/p>\n\n\n\n<figure class=\"wp-block-image size-large\"><img loading=\"lazy\" decoding=\"async\" width=\"1024\" height=\"914\" src=\"https:\/\/opus-folyoirat.sk\/wp-content\/uploads\/2026\/02\/615917908_26783176791282146_3966791938660517002_n-1024x914.jpeg\" alt=\"\" class=\"wp-image-4523\" srcset=\"https:\/\/opus-folyoirat.sk\/wp-content\/uploads\/2026\/02\/615917908_26783176791282146_3966791938660517002_n-1024x914.jpeg 1024w, https:\/\/opus-folyoirat.sk\/wp-content\/uploads\/2026\/02\/615917908_26783176791282146_3966791938660517002_n-300x268.jpeg 300w, https:\/\/opus-folyoirat.sk\/wp-content\/uploads\/2026\/02\/615917908_26783176791282146_3966791938660517002_n-768x686.jpeg 768w, https:\/\/opus-folyoirat.sk\/wp-content\/uploads\/2026\/02\/615917908_26783176791282146_3966791938660517002_n-1536x1371.jpeg 1536w, https:\/\/opus-folyoirat.sk\/wp-content\/uploads\/2026\/02\/615917908_26783176791282146_3966791938660517002_n-336x300.jpeg 336w, https:\/\/opus-folyoirat.sk\/wp-content\/uploads\/2026\/02\/615917908_26783176791282146_3966791938660517002_n.jpeg 2048w\" sizes=\"auto, (max-width: 1024px) 100vw, 1024px\" \/><\/figure>\n\n\n\n<p><br><strong>A re\u00e1l tant\u00e1rgyak nem igaz\u00e1n voltak a kedvenceid?<\/strong><br>A matematika, a fizika \u00e9s k\u00e9mia nem igaz\u00e1n, viszont minden m\u00e1st im\u00e1dtam. A t\u00f6rt\u00e9nelmet \u00e9s a f\u00f6ldrajzot nagyon is. Amikor befejeztem az alapiskol\u00e1t, 15-16 \u00e9ves koromban \u00fagy gondoltam, hogy \u00e9n m\u00e1r nagyl\u00e1ny vagyok, s h\u00e1tat ford\u00edtottam a szerepl\u00e9snek. Viszont nagyon szerettem a k\u00f6nyveket, \u201emindenev\u0151\u201d voltam. J\u00f3kait nagyon im\u00e1dtam, \u0151 volt nekem a \u201ef\u0151 emberem\u201d. Azt\u00e1n lassacsk\u00e1n \u00e9n is elkezdtem \u00edrogatni, de eleinte m\u00e9g csak a fi\u00f3knak. Azt\u00e1n ugye az ember f\u00e9rjhez ment, csal\u00e1dot alap\u00edtott, de egy id\u0151 ut\u00e1n rettenetesen hi\u00e1nyzott valami&#8230; \u00c9s akkor \u00fajra elkezdtem \u00edrni, m\u00e1r kicsit komolyabban, \u00e9s elkezdtem k\u00fcld\u00f6zgetni az \u00edr\u00e1saimat a szerkeszt\u0151s\u00e9gekbe. Bomb\u00e1ztam \u0151ket, persze csak m\u00e9rt\u00e9kkel \u00e9s p\u00e9ld\u00e1ul a Csall\u00f3k\u00f6zben, vagy az \u00daj Sz\u00f3ban megjelentek meg \u00edr\u00e1saim.<\/p>\n\n\n\n<p><br><strong>R\u00f6vid t\u00f6rt\u00e9neteket \u00edrt\u00e1l?<\/strong><br>Ink\u00e1bb ilyen kis t\u00e1rc\u00e1kat, sz\u00f6sszeneteket, az \u00e9letb\u0151l vett t\u00e9m\u00e1kkal, szoci\u00e1lisan \u00e9rz\u00e9keny t\u00e9m\u00e1kat dolgoztam fel.<\/p>\n\n\n\n<p><br><strong>Reflekt\u00e1lt\u00e1l bizonyos t\u00f6rt\u00e9netekre?<\/strong><br>Igen. Meg\u00edrtam egy-egy kis t\u00f6rt\u00e9netet, amikor valami megind\u00edtott. \u00c9s olyan \u00e9rdekes volt, mert nem eml\u00e9kszem olyanra, hogy elutas\u00edtottak volna. Fiatal voltam, lelkes, de nevem nem volt, csak akarat. Szeg\u00e9ny Bereck J\u00f3sk\u00e1nak, aki betette az \u00edr\u00e1saimat a Csall\u00f3k\u00f6zbe, \u00e9vtizedek m\u00falt\u00e1n mondtam is, soha nem gondoltam volna, hogy egyszer neked dedik\u00e1lom a k\u00f6nyvemet. Az \u00daj Sz\u00f3n\u00e1l Liszka Gy\u00f6rgyi k\u00f6z\u00f6lte az \u00edr\u00e1saimat, de Gal\u00e1n G\u00e9za \u00fajs\u00e1gj\u00e1ban, a r\u00f6vid \u00e9let\u0171 Lehet\u0151s\u00e9gben is megjelentem p\u00e1rszor.<\/p>\n\n\n\n<p><br><strong>Mikor lett\u00e9l hivatalosan csemadokos?<\/strong><br>Nekem igaz\u00e1b\u00f3l akkor kezd\u0151d\u00f6tt el a csemadokos \u00e9letem, amikor az el\u0151d\u00f6m lemondott. Majd egy \u00e9vig vezet\u0151 n\u00e9lk\u00fcl lenni nem tesz j\u00f3t egyetlen szervezetnek sem, \u00edgy a polg\u00e1rmester\u00fcnk megkeresett, hogy v\u00e1llaljam el, hiszen kult\u00far\u00e1ban \u00e9lek, dolgozom. Ny\u00e1rasdon egy\u00e9bk\u00e9nt mindig pezsg\u0151 volt a kultur\u00e1lis \u00e9let. Lassan hat \u00e9vtizede sz\u00e1rnyalnak citer\u00e1sok, n\u00e9pdalk\u00f6r\u00f6k, t\u00e1ncosok, sz\u00ednj\u00e1tsz\u00f3k.<br>2012-ben lettem eln\u00f6k, \u00e9s szerencse, hogy olyan vezet\u0151s\u00e9g volt, illetve van k\u00f6r\u00fcl\u00f6ttem, akik szint\u00e9n egy\u00fctt \u00e9lnek a kult\u00far\u00e1val. Azt a bizonyos szekeret egyfel\u00e9 h\u00fazzuk, teh\u00e1t nagyon j\u00f3l egy\u00fctt tudtunk m\u0171k\u00f6dni.<br>A tagl\u00e9tsz\u00e1m ekkor nagyj\u00e1b\u00f3l 160-170 volt, de k\u00f6z\u00fcl\u00fck kevesen voltak akt\u00edvak, \u00edgy egy id\u0151 ut\u00e1n rost\u00e1ltunk. Lehet, hangzatos, hogy egy telep\u00fcl\u00e9sen ennyi meg ennyi tag van, de inakt\u00edv tagokra \u2013 \u0151szint\u00e9n \u2013 mi sz\u00fcks\u00e9g van? Semmi. Ink\u00e1bb legyen 40-50 tag, de azok legyenek akt\u00edvak. Fiatal tehets\u00e9gek nagy sz\u00e1mban vannak k\u00f6zs\u00e9g\u00fcnkben, a Tompa Mih\u00e1ly Orsz\u00e1gos Versenyre t\u0151l\u00fcnk mennek legt\u00f6bben, \u00e9s sikert sikerre halmoznak, vannak a Tekerg\u0151k, Tekerg\u0151c\u00f6k, a sz\u00ednj\u00e1tsz\u00f3 csoport sz\u00e1mtalan elismer\u00e9ssel h\u00edvta fel a figyelmet Ny\u00e1rasd k\u00f6zs\u00e9gre. Az eredm\u00e9ny Magyar Ga\u00e1l L\u00edvia \u00e9s Nagy Ir\u00e9n nev\u00e9hez k\u00f6thet\u0151. Ezeket a fiatalokat be tudjuk vonzani az el\u0151ad\u00e1sokra, nagyon \u201eodateszik\u201d magukat ilyenkor. L\u00e1tszik a boldogs\u00e1g a gyerekek arc\u00e1n, ami\u00e9rt hazai k\u00f6rnyezetben is megmutathatj\u00e1k azt, amire k\u00e9pesek. H\u00e1zi Lali, nyugodj\u00e9k b\u00e9k\u00e9ben, az iskol\u00e1skor\u00fa gyerekeket tan\u00edtotta citer\u00e1zni, \u00e9s \u00edgy nagyon sok koroszt\u00e1lynak lett zenekara. Az asszonyk\u00f3rus P\u00f3da Laura vezet\u00e9s\u00e9vel m\u0171k\u00f6dik, mindig \u00f6r\u00f6mmel l\u00e9pnek fel a nemzeti \u00fcnnepeinken \u00e9s eml\u00e9knapjainkon. A Te\u00e1tRum sz\u00ednj\u00e1tsz\u00f3 csoport sz\u00e1mtalan telt h\u00e1zas, fergeteges premierrel \u00f6rvendezteti meg az \u00e9rdekl\u0151d\u0151ket, fell\u00e9p\u00e9sekre j\u00e1rnak \u00e9s d\u00edjakkal is gazdagodtak. A kult\u00farcsoportok nagy r\u00e9sze a p\u00e1ly\u00e1z\u00e1si lehet\u0151s\u00e9gek kiakn\u00e1z\u00e1sa miatt ugyan \u00f6n\u00e1ll\u00f3 polg\u00e1ri t\u00e1rsul\u00e1sk\u00e9nt m\u0171k\u00f6dik, de mindegyik szorosan k\u00f6t\u0151dik a Csemadokhoz. \u00c9vente 2-3 k\u00f6nyvbemutat\u00f3t is szervez\u00fcnk, ugyanis fontosnak tartjuk, hogy besz\u00e9lj\u00fcnk a k\u00f6nyvekr\u0151l, de nem csak a sz\u00e9pirodalomr\u00f3l. \u00c9rdekl\u0151d\u00e9sb\u0151l nincs hi\u00e1ny. Az egykori h\u00fasv\u00e9tv\u00e1r\u00f3 \u00e9s diszn\u00f3toros \u00fcnneps\u00e9gen a Csemadok vezet\u0151s\u00e9ge, a kult\u00farcsoportok kivett\u00e9k a r\u00e9sz\u00fcket az ottani munk\u00e1b\u00f3l, mert ahhoz, hogy j\u00f6jjenek a vend\u00e9gek, valakinek f\u0151zni-s\u00fctni is kellett. Szervezt\u00fcnk m\u00e1r a helyi kult\u00farcsoportok r\u00e9sz\u00e9re jubileumi fesztiv\u00e1lt is, \u00e9s az \u00e9rz\u00e9s, ami el\u00f6nt\u00f6tt benn\u00fcnket le\u00edrhatatlan volt, hiszen kev\u00e9s telep\u00fcl\u00e9s mondhatta, mondhatja el, hogy t\u00edz kult\u00farcsoport dolgozott azon, hogy a kult\u00fara vir\u00e1gozzon, \u201eillatozzon\u201d.<\/p>\n\n\n\n<figure class=\"wp-block-image size-large\"><img loading=\"lazy\" decoding=\"async\" width=\"1024\" height=\"768\" src=\"https:\/\/opus-folyoirat.sk\/wp-content\/uploads\/2026\/02\/619007558_26170788105878394_5024356304261023657_n-1024x768.jpeg\" alt=\"\" class=\"wp-image-4524\" srcset=\"https:\/\/opus-folyoirat.sk\/wp-content\/uploads\/2026\/02\/619007558_26170788105878394_5024356304261023657_n-1024x768.jpeg 1024w, https:\/\/opus-folyoirat.sk\/wp-content\/uploads\/2026\/02\/619007558_26170788105878394_5024356304261023657_n-300x225.jpeg 300w, https:\/\/opus-folyoirat.sk\/wp-content\/uploads\/2026\/02\/619007558_26170788105878394_5024356304261023657_n-768x576.jpeg 768w, https:\/\/opus-folyoirat.sk\/wp-content\/uploads\/2026\/02\/619007558_26170788105878394_5024356304261023657_n-1536x1152.jpeg 1536w, https:\/\/opus-folyoirat.sk\/wp-content\/uploads\/2026\/02\/619007558_26170788105878394_5024356304261023657_n-400x300.jpeg 400w, https:\/\/opus-folyoirat.sk\/wp-content\/uploads\/2026\/02\/619007558_26170788105878394_5024356304261023657_n.jpeg 2048w\" sizes=\"auto, (max-width: 1024px) 100vw, 1024px\" \/><\/figure>\n\n\n\n<p><br><strong>L\u00e9nyeg\u00e9ben a Ny\u00e1rasdi \u00dajs\u00e1g is hozz\u00e1d k\u00f6t\u0151dik.<\/strong><br>M\u00e1r nagyon r\u00e9gi terv volt annak idej\u00e9n a k\u00f6zs\u00e9gben, hogy j\u00f3 lenne a falunak egy saj\u00e1t \u00fajs\u00e1g. S amikor a k\u00f6zs\u00e9g\u00fcnk polg\u00e1rmestere r\u00e1m gondolt, \u00e9n is \u00fagy \u00e9reztem, hogy ez egy testhez\u00e1ll\u00f3 feladat sz\u00e1momra. F\u0151szerkeszt\u0151 lettem, akkor m\u00e9g n\u00e9gyszer jelent meg a lap \u00e9vente. Az ut\u00f3bbi \u00e9vekben egy dupla sz\u00e1mot jelentet\u00fcnk meg \u00e9v v\u00e9g\u00e9n, de egy eg\u00e9sz \u00e9vet \u00f6sszefoglalunk benne. Az emberek v\u00e1rj\u00e1k, szeretik is a tavaly 10 \u00e9ve ind\u00edtott \u00fajs\u00e1got.<\/p>\n\n\n\n<p><br><strong>Milyen \u00faj\u00edt\u00e1st \u201ek\u00f6vett\u00e9l, k\u00f6vettetek\u201d m\u00e9g el?<\/strong><br>Szerint\u00fcnk az is nagyon fontos, hogy k\u00f6z\u00f6ss\u00e9g\u00e9 kov\u00e1csoljuk az embereket a k\u00f6zs\u00e9gben. Erre nagyon j\u00f3 p\u00e9lda a szilveszteri utcab\u00e1lunk, ahol az emberek tal\u00e1lkoznak, besz\u00e9lgetnek, sz\u00f3rakoznak. Arra gondoltuk els\u0151 alkalommal, hogy lesz egy kis eszem-iszom, zs\u00edros keny\u00e9r meg egy kis t\u0171zij\u00e1t\u00e9k. Nagyon j\u00f3l siker\u00fclt, a falubeliek folyamatosan \u00e9rkeztek \u00e9s hajnalig kint maradtak. Azt\u00e1n elkezd\u00fcnk nagyban gondolkodni, b\u0151v\u00edteni, tombol\u00e1t \u00e1rulni. A falu szinte \u00f6sszes v\u00e1llalkoz\u00f3ja megmozdult, mindenki preszt\u00edzsnek, megtiszteltet\u00e9snek tartotta, hogy t\u00e1mogassa a kult\u00far\u00e1t. Els\u0151 alkalommal a v\u00e1llalkoz\u00f3k nem csak \u00e9rt\u00e9kes d\u00edjakat aj\u00e1nlottak fel, de egy m\u0171anyag malack\u00e1t is \u201eetettek\u201d p\u00e9nzzel, \u00edgy els\u0151 alkalommal 1450 eur\u00f3 ker\u00fclt bele, a nyertes nagy \u00f6r\u00f6m\u00e9re. S ha valaki azt hinn\u00e9, hogy ezt m\u00e1r nem lehetet fel\u00fclm\u00falni, akkor el\u00e1rulom, hogy 2025 szilveszter\u00e9n m\u00e1r 2026 eur\u00f3 volt a malacka gyomr\u00e1ban. A Csemadok \u00e9s a Te\u00e1tRum sz\u00ednj\u00e1tsz\u00f3 csoport tagjai a m\u00e1sodik \u00e9s a harmadik \u00e9vben m\u00e1r a v\u00e1llalkoz\u00f3k nagylelk\u0171s\u00e9g\u00e9nek k\u00f6sz\u00f6nhet\u0151en k\u00f6z\u00f6sen szervezt\u00e9k meg a szilveszteri \u00f6sszej\u00f6vetelt, vagyis k\u00f6z\u00f6sen osztoztunk a kiad\u00e1sban \u00e9s bev\u00e9telben egyar\u00e1nt, a munk\u00e1r\u00f3l m\u00e1r nem is besz\u00e9lve.<\/p>\n\n\n\n<p><br><strong>J\u00f6jj\u00f6n most egy kicsit \u201eprovokat\u00edvabb\u201d k\u00e9rd\u00e9s. Ami a Csemadokot illeti, ugye nyitva \u00e1ll az ajt\u00f3 a fiatalok el\u0151tt is. Amennyiben l\u00e1tn\u00e1l k\u00f6z\u00f6tt\u00fck egy olyan er\u0151s egy\u00e9nis\u00e9get, akir\u0151l azt gondolod, hogy \u0151 t\u00e9nyleg az ut\u00f3dod lehetne, akkor ak\u00e1r most is sz\u00f3 n\u00e9lk\u00fcl \u00e1t tudn\u00e1d neki adni a staf\u00e9tabotot?<\/strong><br>Igen, \u00e1t tudn\u00e1m adni egy fiatalnak, mert a fiatalok\u00e9 a j\u00f6v\u0151, csak sajnos nem lobog a fiatalokban \u00fagy a t\u0171z, mint benn\u00fcnk. A gener\u00e1ci\u00f3v\u00e1lt\u00e1sra meg m\u00e1r am\u00fagy is nagy sz\u00fcks\u00e9g lesz, nemcsak a helyi szinteken. Sajnos ez nem megy egyik napr\u00f3l a m\u00e1sikra. Nagyon nyitott szemmel kell j\u00e1rni.<\/p>\n\n\n\n<figure class=\"wp-block-gallery has-nested-images columns-default is-cropped wp-block-gallery-1 is-layout-flex wp-block-gallery-is-layout-flex\">\n<figure class=\"wp-block-image size-large\"><img loading=\"lazy\" decoding=\"async\" width=\"771\" height=\"1024\" data-id=\"4526\" src=\"https:\/\/opus-folyoirat.sk\/wp-content\/uploads\/2026\/02\/616330877_26783450037921488_1803729613160653289_n-771x1024.jpeg\" alt=\"\" class=\"wp-image-4526\" srcset=\"https:\/\/opus-folyoirat.sk\/wp-content\/uploads\/2026\/02\/616330877_26783450037921488_1803729613160653289_n-771x1024.jpeg 771w, https:\/\/opus-folyoirat.sk\/wp-content\/uploads\/2026\/02\/616330877_26783450037921488_1803729613160653289_n-226x300.jpeg 226w, https:\/\/opus-folyoirat.sk\/wp-content\/uploads\/2026\/02\/616330877_26783450037921488_1803729613160653289_n-768x1020.jpeg 768w, https:\/\/opus-folyoirat.sk\/wp-content\/uploads\/2026\/02\/616330877_26783450037921488_1803729613160653289_n-1157x1536.jpeg 1157w, https:\/\/opus-folyoirat.sk\/wp-content\/uploads\/2026\/02\/616330877_26783450037921488_1803729613160653289_n.jpeg 1542w\" sizes=\"auto, (max-width: 771px) 100vw, 771px\" \/><\/figure>\n\n\n\n<figure class=\"wp-block-image size-large\"><img loading=\"lazy\" decoding=\"async\" width=\"771\" height=\"1024\" data-id=\"4525\" src=\"https:\/\/opus-folyoirat.sk\/wp-content\/uploads\/2026\/02\/616509935_26783450594588099_3774734848827371989_n-771x1024.jpeg\" alt=\"\" class=\"wp-image-4525\" srcset=\"https:\/\/opus-folyoirat.sk\/wp-content\/uploads\/2026\/02\/616509935_26783450594588099_3774734848827371989_n-771x1024.jpeg 771w, https:\/\/opus-folyoirat.sk\/wp-content\/uploads\/2026\/02\/616509935_26783450594588099_3774734848827371989_n-226x300.jpeg 226w, https:\/\/opus-folyoirat.sk\/wp-content\/uploads\/2026\/02\/616509935_26783450594588099_3774734848827371989_n-768x1020.jpeg 768w, https:\/\/opus-folyoirat.sk\/wp-content\/uploads\/2026\/02\/616509935_26783450594588099_3774734848827371989_n-1157x1536.jpeg 1157w, https:\/\/opus-folyoirat.sk\/wp-content\/uploads\/2026\/02\/616509935_26783450594588099_3774734848827371989_n.jpeg 1542w\" sizes=\"auto, (max-width: 771px) 100vw, 771px\" \/><\/figure>\n<\/figure>\n\n\n\n<p><br><strong>Nem kell att\u00f3l tartani, hogy ez arculatv\u00e1lt\u00e1ssal is j\u00e1r?<\/strong><br>Nem kell f\u00e9lni, mert ak\u00e1r egy olyan \u00faj \u00f6tlet is kipattanhat a fej\u00fckb\u0151l, ami szenz\u00e1ci\u00f3s lehet a k\u00e9s\u0151bbiekben. Teh\u00e1t mi\u00e9rt ne? Lehet, hogy egyesek tartanak ilyesmit\u0151l, \u00e9n is \u00e9rzem ezt a f\u00e9lelmet, meg \u00e9rtem is, mert ha \u00faj szeleket, \u00faj \u00f6tleteket is beenged\u00fcnk, akkor akarva-akaratlanul a r\u00e9gi strukt\u00far\u00e1k, beidegz\u0151d\u00e9sek felbomolhatnak. De az\u00e9rt csak \u00e9szrevessz\u00fck saj\u00e1t magunkon, hogy hol van az a pont, amikor esetleg a kisikl\u00e1s fel\u00e9 menn\u00e9nk.<br>Musz\u00e1j \u00faj dolgokat behozni, mert rendben van, hogy szeretj\u00fck a n\u00e9pzen\u00e9t, a citerasz\u00f3t, a n\u00e9pt\u00e1ncot, mindent szeret\u00fcnk, ami kult\u00fara, csak amikor m\u00e1r egym\u00e1s ut\u00e1n harminckettedszer ugyanazok szerepelnek, ugyanazt halljuk, l\u00e1tjuk, ott m\u00e1r \u00e9rzed azt, hogy sz\u00fcks\u00e9g van az \u00faj\u00edt\u00e1sra.<br>Csak legyen kitart\u00e1suk, elk\u00f6telezetts\u00e9g\u00fck a fiataloknak, ne adj\u00e1k fel terveiket, elk\u00e9pzel\u00e9seiket az els\u0151 neh\u00e9zs\u00e9g ut\u00e1n. A fiatal tehets\u00e9gekre mindig is gondolunk, gondoltunk, t\u00f6bbsz\u00f6r szervezt\u00fcnk m\u00e1r k\u00e9pz\u0151m\u0171v\u00e9szeti ki\u00e1ll\u00edt\u00e1sokat alkot\u00e1saikb\u00f3l a kult\u00farh\u00e1z el\u0151ter\u00e9ben.<\/p>\n\n\n\n<p><br><strong>Sz\u00f3ba ker\u00fclt a Tompa Mih\u00e1ly Orsz\u00e1gos Verseny is. J\u00f3 ideje zs\u0171rized a r\u00e9sztvev\u0151ket. Mik a tapasztalataid?<\/strong><br>Igen, nagyj\u00e1b\u00f3l 10-12 \u00e9ve. Az a tapasztalatom, hogy nagyon sok tehets\u00e9ges gyerek van, viszont m\u00e9g mindig van egy olyan ber\u00f6gz\u0151d\u00e9s, hogy legt\u00f6bbsz\u00f6r nem a gyerek v\u00e1laszt mag\u00e1nak verset vagy sz\u00f6veget, hanem a pedag\u00f3gus, vagy a sz\u00fcl\u0151. Nem azzal van a baj, ha adnak nekik t\u00f6bb m\u0171vet, \u00e9s akkor ezek k\u00f6z\u00fcl v\u00e1lasztj\u00e1k ki azt, amivel a legjobban tudnak azonosulni, hanem amikor azt l\u00e1tom, hogy nem testhez\u00e1ll\u00f3 nekik a sz\u00f6veg, mert a gyerek csak elmondja, de nem \u00e9rti, nem \u00e9rzi a sz\u00f6veget. A rutinos szaval\u00f3kkal, vagy pr\u00f3zamond\u00f3kkal nincs gond, fantasztikus el\u0151ad\u00e1sokat hallok t\u0151l\u00fck. Tavalyel\u0151tt volt egy nagyon \u00e9rdekes eset. Ki\u00e1ll egy v\u00e1s\u00e1r\u00fati sr\u00e1c, Pet\u0151cz Andr\u00e1st\u00f3l el\u0151adja A kis G\u00f6drit. Mindj\u00e1rt f\u00f6lkaptam a fejemet, hallgattam, h\u00e1t valami fantasztikus el\u0151ad\u00e1s volt. De k\u00f6zben m\u00e1r egy kicsit vide\u00f3ztam is, mint zs\u0171ritag, mert arra gondoltam, hogy elk\u00fcld\u00f6m a szerz\u0151nek, \u00f6r\u00fclj\u00f6n, hogy itt Felvid\u00e9ken is Pet\u0151cz\u00f6t mond valaki (nyilv\u00e1n megbesz\u00e9ltem a sz\u00fcl\u0151kkel is \u00e9s term\u00e9szetesen a felk\u00e9sz\u00edt\u0151 pedag\u00f3gusnak, M\u00f3zes Hajninak is besz\u00e1moltam err\u0151l). Nos, ez a G\u00f6dri, akir\u0151l valamikor r\u00e9gen \u00edrt, \u0151 egy l\u00e9tez\u0151 szem\u00e9ly. Gyerekkor\u00e1ban rettent\u0151 sokat horg\u00e1szott \u00e9s a mai napig hal\u00fczeme van, teh\u00e1t megmaradt a halakn\u00e1l. Pet\u0151cz Andris sz\u00e1rnyalt a boldogs\u00e1gt\u00f3l, \u00e9s est\u00e9re m\u00e1r \u00f6sszek\u00f6t\u00f6tt a h\u00fas-v\u00e9r G\u00f6drivel, akinek tov\u00e1bb\u00edtotta a vide\u00f3t. Abban maradtunk, hogy a sz\u00fcl\u0151kt\u0151l elk\u00e9rem az el\u00e9rhet\u0151s\u00e9g\u00fcket. F\u00f6lvett\u00e9k egym\u00e1ssal a kapcsolatot, a v\u00e1llalkoz\u00f3 megh\u00edvta \u0151ket t\u00f6bbek k\u00f6z\u00f6tt nyaralni a panzi\u00f3j\u00e1ba, de a hal\u00fczembe is. Ilyen \u00e9rdekes \u00e9s boldog folytat\u00e1sa is lehet egy j\u00f3 sz\u00f6vegv\u00e1laszt\u00e1snak \u00e9s el\u0151ad\u00e1snak. Az m\u00e1r csak hab a tort\u00e1n, hogy Dani a d\u00f6nt\u0151ig jutott&#8230;<\/p>\n\n\n\n<p class=\"has-text-align-right\"><br>\u00cdrta: Lacza Gergely<br>Forr\u00e1s: <a href=\"https:\/\/ma7.sk\/kultura\/sokszinuseg-es-kitartas-nagy-erika-munkassaganak-elismerese?utm_source=Facebook&amp;utm_medium=ma7&amp;fbclid=IwY2xjawPpTMxleHRuA2FlbQIxMQBzcnRjBmFwcF9pZBAyMjIwMzkxNzg4MjAwODkyAAEemSB85Z_D8mIOKz01pgwuhrGdWJRnqjc7RnoPLCD4efCWS3pz_p-_hKPbHJg_aem_Fueq3Rwurr4MX-dD8JQBoQ#lg=1&amp;slide=3\" data-type=\"link\" data-id=\"https:\/\/ma7.sk\/kultura\/sokszinuseg-es-kitartas-nagy-erika-munkassaganak-elismerese?utm_source=Facebook&amp;utm_medium=ma7&amp;fbclid=IwY2xjawPpTMxleHRuA2FlbQIxMQBzcnRjBmFwcF9pZBAyMjIwMzkxNzg4MjAwODkyAAEemSB85Z_D8mIOKz01pgwuhrGdWJRnqjc7RnoPLCD4efCWS3pz_p-_hKPbHJg_aem_Fueq3Rwurr4MX-dD8JQBoQ#lg=1&amp;slide=3\">ma7.sk<\/a><\/p>\n","protected":false},"excerpt":{"rendered":"<p>\u00dagy hiszem, Nagy Erik\u00e1nak k\u00e9t igen jellemz\u0151 tulajdons\u00e1ga van, amely \u2013 v\u00e9lem\u00e9nyem szerint \u2013 meghat\u00e1rozta eddigi \u00e9let\u00fatj\u00e1t: a sokr\u00e9t\u0171s\u00e9g \u00e9s a kitart\u00e1s. Az ut\u00f3bbi szinte mindenre vonatkoztathat\u00f3, a sokr\u00e9t\u0171s\u00e9g pedig els\u0151sorban kult\u00faraszervez\u0151 munk\u00e1j\u00e1ra \u00e9s irodalmi tev\u00e9kenys\u00e9g\u00e9re, amely az \u00edr\u00e1son k\u00edv\u00fcl &hellip; <a href=\"https:\/\/opus-folyoirat.sk\/?page_id=4520\">Egy kattint\u00e1s ide a folytat\u00e1shoz&#8230;. <span class=\"meta-nav\">&rarr;<\/span><\/a><\/p>\n","protected":false},"author":4,"featured_media":0,"parent":0,"menu_order":0,"comment_status":"closed","ping_status":"closed","template":"","meta":{"footnotes":""},"class_list":["post-4520","page","type-page","status-publish","hentry"],"_links":{"self":[{"href":"https:\/\/opus-folyoirat.sk\/index.php?rest_route=\/wp\/v2\/pages\/4520","targetHints":{"allow":["GET"]}}],"collection":[{"href":"https:\/\/opus-folyoirat.sk\/index.php?rest_route=\/wp\/v2\/pages"}],"about":[{"href":"https:\/\/opus-folyoirat.sk\/index.php?rest_route=\/wp\/v2\/types\/page"}],"author":[{"embeddable":true,"href":"https:\/\/opus-folyoirat.sk\/index.php?rest_route=\/wp\/v2\/users\/4"}],"replies":[{"embeddable":true,"href":"https:\/\/opus-folyoirat.sk\/index.php?rest_route=%2Fwp%2Fv2%2Fcomments&post=4520"}],"version-history":[{"count":4,"href":"https:\/\/opus-folyoirat.sk\/index.php?rest_route=\/wp\/v2\/pages\/4520\/revisions"}],"predecessor-version":[{"id":4528,"href":"https:\/\/opus-folyoirat.sk\/index.php?rest_route=\/wp\/v2\/pages\/4520\/revisions\/4528"}],"wp:attachment":[{"href":"https:\/\/opus-folyoirat.sk\/index.php?rest_route=%2Fwp%2Fv2%2Fmedia&parent=4520"}],"curies":[{"name":"wp","href":"https:\/\/api.w.org\/{rel}","templated":true}]}}