{"id":4572,"date":"2025-11-21T12:03:00","date_gmt":"2025-11-21T10:03:00","guid":{"rendered":"https:\/\/opus-folyoirat.sk\/?page_id=4572"},"modified":"2026-02-01T12:04:36","modified_gmt":"2026-02-01T10:04:36","slug":"fiala-ilona-3","status":"publish","type":"page","link":"https:\/\/opus-folyoirat.sk\/?page_id=4572","title":{"rendered":"Fiala Ilona"},"content":{"rendered":"<div class=\"has-text-align-right wp-block-post-date\"><time datetime=\"2025-11-21T12:03:00+02:00\">2025-11-21<\/time><\/div>\n\n\n<p><strong>Legy\u0151zni a lehetetlent<\/strong><\/p>\n\n\n\n<p>\u00c1gi szinte az utols\u00f3 pillanatban sz\u00e1llt fel a vonatra. Nem tudott hamarabb szabadulni a munkahely\u00e9r\u0151l, pedig d\u00e9lut\u00e1nra szabads\u00e1got vett ki, hogy ne n\u00e9zzenek r\u00e1 g\u00f6rbe szemmel, hogyha csak kik\u00e9redzkedne. A vonat k\u00e9t \u00f3ra \u00f6t perckor indul Budapestre. \u00dagy tervezte, hogy tizenkett\u0151 ut\u00e1n nyugodtan megeb\u00e9del, megissza az eb\u00e9d ut\u00e1ni k\u00e1v\u00e9j\u00e1t, \u00e9s lassan, sz\u00e9p kom\u00f3tosan elindul a f\u0151p\u00e1lyaudvarra. Igaz, t\u00f6bb mint f\u00e9l \u00f3r\u00e1ig tart az \u00fat a v\u00e1rosi aut\u00f3busszal, majdnem f\u00e9l Pozsonyt kell \u00e1tutaznia, de ez mind belef\u00e9r, b\u0151ven lesz m\u00e9g ideje n\u00e9zel\u0151dni is a p\u00e1lyaudvaron. Amit nagyon szeret. Mindig leny\u0171g\u00f6zi az embert\u00f6meg, az ide-oda l\u00e9pked\u0151, b\u0151r\u00f6nd\u00f6ket g\u00f6rget\u0151, t\u00e9bl\u00e1bol\u00f3 utasok sokas\u00e1ga. Most erre nem ker\u00fclhetett sor, mert az eb\u00e9dr\u0151l visszat\u00e9rve meglepet\u00e9s v\u00e1rta az asztal\u00e1n: a d\u00e9lel\u0151tt elk\u00e9sz\u00edtett kimutat\u00e1sban valamilyen hib\u00e1t tal\u00e1lt a gazdas\u00e1gi oszt\u00e1ly vezet\u0151je. Ezt azonnal ki kellett jav\u00edtania. Nem nagy feladat, de amikor m\u00e1r indulna, el\u00e9gg\u00e9 ideges\u00edt\u0151. Gyorsan nekifogott, p\u00f3tolta a hi\u00e1nyoss\u00e1got, bedobta az \u00faj adatokat az excel t\u00e1bl\u00e1zatba. J\u00f3 t\u00edz perc alatt elk\u00e9sz\u00fclt. De jaj, lefagyott a nyomtat\u00f3! Most mit tegyen? Pr\u00f3b\u00e1lta \u00fajraind\u00edtani, nem reag\u00e1lt. Kikapcsolta a sz\u00e1m\u00edt\u00f3g\u00e9p\u00e9t is, majd \u00fajra bekapcsolta, de ez sem seg\u00edtett. K\u00e9ts\u00e9gbeesve indult f\u0151n\u00f6ke irod\u00e1j\u00e1ba.<\/p>\n\n\n\n<p>\u00d3, h\u00e1t ez m\u00e9g nem a vil\u00e1gv\u00e9ge!, nyugtatta meg \u00c1git a meg\u00e9rt\u0151 f\u0151n\u00f6k.&nbsp; K\u00fcldd \u00e1t az \u00e9n g\u00e9pembe, majd itt kinyomtatom. \u00c9s fuss, mert l\u00e1tom, hogy f\u00e9l l\u00e1bbal m\u00e1r az utc\u00e1n vagy.<\/p>\n\n\n\n<p>Persze ilyenkor minden rosszul s\u00fcl el: a v\u00e1rosi aut\u00f3busz \u00e9ppen elh\u00fazott, amikor ki\u00e9rt a meg\u00e1ll\u00f3ba. Csak a k\u00f6vetkez\u0151vel mehetett. Nagyj\u00e1b\u00f3l f\u00e9l \u00f3r\u00e1val k\u00e9s\u0151bb indulhatott, mint ahogy tervezte. De most m\u00e1r a vonat l\u00e9pcs\u0151j\u00e9n a l\u00e1ba, felhangzik a s\u00edpsz\u00f3, m\u00e9g egy sz\u00f6kell\u00e9s, \u00e9s megnyerte a futamot! Mint mindig, most is online vette meg a vonatjegyet \u00e9s a helyjegy\u00e9t. Legsz\u00edvesebben \u2013 hacsak van r\u00e1 lehet\u0151s\u00e9g \u2013 a kocsi elej\u00e9re vagy v\u00e9g\u00e9re v\u00e1laszt \u00fcl\u0151helyet, a l\u00e9pcs\u0151 melletti els\u0151 f\u00fclk\u00e9be. \u00cdgy a sz\u0171k folyos\u00f3n nem kell \u00e1tverekednie mag\u00e1t m\u00e1s utasokon, mint ha k\u00f6z\u00e9pt\u00e1jra sz\u00f3lna a jegye. Most sejti, hogy az \u00fcl\u0151hely\u00e9re m\u00e1r le\u00fclt valaki, hiszen el\u00e9g sok az utas. Az \u00fcl\u00e9sek mind foglaltak. \u00c1gi k\u00e9nytelen megsz\u00f3l\u00edtani a fiatal sr\u00e1cot, aki lezseren \u00fccs\u00f6r\u00f6g az \u0151 hely\u00e9n, k\u00f6zvetlen\u00fcl a vonatablak mellett. De nincs semmi gond, azonnal felpattan, \u00e9s m\u00e1r l\u00e9pked is kifel\u00e9 a f\u00fclk\u00e9b\u0151l.&nbsp;<\/p>\n\n\n\n<p>A szemben \u00fcl\u0151 id\u0151s\u00f6d\u0151, de d\u00e9lceg, j\u00f3 tart\u00e1s\u00fa f\u00e9rfi emeli fel b\u0151r\u00f6ndj\u00e9t a fels\u0151 polcra. K\u00f6nnyed mozdulattal, mintha csak egy pillang\u00f3t r\u00f6p\u00edtene a magasba. Micsoda izmok, milyen akrobata testalkat!<\/p>\n\n\n\n<p>K\u00f6sz\u00f6n\u00f6m sz\u00e9pen, mondja \u00c1gi, nagyon kedves.<\/p>\n\n\n\n<p>\u00d3, ez semmis\u00e9g, nagyon sz\u00edvesen. Budapestre utazik? \u00c9s ezzel beindul az utaz\u00e1s alkalm\u00e1val gyakran meges\u0151 besz\u00e9lget\u00e9s. \u00c1gi egy pillanatra elgondolkozik: \u00c9rdekes, hogy velem mindig besz\u00e9lget valaki, mik\u00f6zben a t\u00f6bbi utas csak olvas, a mobilj\u00e1t vagy a sz\u00e1m\u00edt\u00f3g\u00e9p\u00e9t k\u00e9mleli, esetleg szuny\u00f3k\u00e1l. Vagy pedig minket hallgat, a t\u00e1rsalg\u00f3kat.&nbsp;<\/p>\n\n\n\n<p>Igen, a bar\u00e1tn\u0151mh\u00f6z megyek, kicsit kiruccanunk a h\u00e9tv\u00e9g\u00e9n, a Sziget Fesztiv\u00e1l lesz a f\u0151 programunk.<\/p>\n\n\n\n<p>\u00c9n is egy bar\u00e1tomhoz megyek. R\u00e9gi koll\u00e9ga \u00c9rsek\u00fajv\u00e1rb\u00f3l. Egy\u00fctt edz\u0151sk\u00f6dt\u00fcnk annak idej\u00e9n abban a kedves v\u00e1rosban. \u00c9n Martinb\u00f3l sz\u00e1rmazom, fiatal koromban profi \u00f6k\u00f6lv\u00edv\u00f3 voltam, azt\u00e1n gyerekeket edzettem. \u00c9s ahogy mondtam, k\u00e9s\u0151bb \u00dajv\u00e1rba ker\u00fcltem \u00f6k\u00f6lv\u00edv\u00f3 edz\u0151k\u00e9nt. Nagyon szerettem ott \u00e9lni \u00e9s dolgozni.<\/p>\n\n\n\n<p>Azt mondja, gyerekekkel foglalkozott? Nem t\u00fals\u00e1gosan durva sport a boksz a gyerekek sz\u00e1m\u00e1ra?<\/p>\n\n\n\n<p>Nem, nem. Sokan azt gondolj\u00e1k, hogy \u00e1ltal\u00e1ban a k\u00fczd\u0151sportok agresszivit\u00e1st v\u00e1ltanak ki a sportol\u00f3kb\u00f3l, \u00e9s f\u0151leg a gyerekekb\u0151l. De nem \u00edgy van. S\u0151t \u00e9ppen az ellenkez\u0151je az igazs\u00e1g. A gyerekek els\u0151sorban er\u0151nl\u00e9tet, fegyelmet tanulnak, \u00e9s azt is, hogy k\u00fczdeni\u00fck csak az edz\u00e9seken szabad, a kinti gyakorlatban soha! Ezt a fontos szab\u00e1lyt be is tartj\u00e1k.&nbsp;<\/p>\n\n\n\n<p>De a boksz vesz\u00e9lyes lehet a gyerekekre.<\/p>\n\n\n\n<p>Ne f\u00e9ljen, j\u00f3l \u00e1tgondolt \u00e9s fel\u00e9p\u00edtett edz\u00e9sekkel kezd\u00fcnk. A gyerekek nem k\u00fczdenek egym\u00e1ssal, csak a bokszzs\u00e1kon gyakorolnak. De nagyon fontos, hogy m\u00e1r gyerekkorban megkapj\u00e1k, megtanulj\u00e1k az alapokat: a megfelel\u0151 \u00e1ll\u00e1s- \u00e9s \u00fct\u00e9sm\u00f3dokat, a mozg\u00e1st. Elengedhetetlen r\u00e9sze az edz\u00e9snek p\u00e9ld\u00e1ul az ugr\u00e1l\u00f3k\u00f6telez\u00e9s. Biztosan l\u00e1tott m\u00e1r bokszm\u00e9rk\u0151z\u00e9st, l\u00e1thatta, hogyan sz\u00f6kd\u00e9cselnek a v\u00edv\u00f3k a ringben, amikor szemben \u00e1llnak egym\u00e1ssal. Ezt a mozg\u00e1sfajt\u00e1t min\u00e9l kor\u00e1bban el kell saj\u00e1t\u00edtaniuk. Ifj\u00fas\u00e1gi csapatokat is edzettem, ezek 14-18 \u00e9vesek voltak. Azt szerettem a legjobban, ha az \u00e1ltalam edzett gyerekekkel folytathattam tov\u00e1bb a k\u00e9pz\u00e9st a fels\u0151bb csoportban. De nem akarom ezzel untatni.<\/p>\n\n\n\n<p>Egy\u00e1ltal\u00e1n nem untat, de az\u00e9rt arra is k\u00edv\u00e1ncsi lenn\u00e9k, hogyan ker\u00fclt Martinb\u00f3l \u00dajv\u00e1rba.<\/p>\n\n\n\n<p>Kider\u00fclt, hogy ez egy bonyolult t\u00f6rt\u00e9net. Mondhatn\u00e1nk: b\u00fcntet\u00e9sb\u0151l kapta ezt a \u201ekik\u00fcldet\u00e9st\u201d. Egyes sz\u00fcl\u0151k ugyanis nem voltak el\u00e9gedettek a m\u00f3dszereivel, mert ugye, a k\u00edv\u00fcl\u00e1ll\u00f3k mindig jobban tudj\u00e1k, mi a leghelyesebb. L\u00e9nyeg, hogy a f\u00e9rfi \u00c9rsek\u00fajv\u00e1rba, magyar vid\u00e9kre, szavai szerint egy teljesen m\u00e1s vil\u00e1gba cs\u00f6ppent.<\/p>\n\n\n\n<p>Addig nem is tal\u00e1lkoztam magyarokkal, lesz\u00e1m\u00edtva a magyarorsz\u00e1giakat, ha nemzetk\u00f6zi m\u00e9rk\u0151z\u00e9seken vett\u00fcnk r\u00e9szt. Ebben az orsz\u00e1gban viszont sok magyar \u00e9l. \u00dajv\u00e1rban a legkisebb gyerekek k\u00f6z\u00f6tt olyanok is voltak, akik nem tudtak szlov\u00e1kul. Nekik a nagyobbak tolm\u00e1csoltak. De az\u00e9rt j\u00f3l megvoltunk. Eleinte mindny\u00e1junknak voltak fenntart\u00e1saink. \u0150k amiatt agg\u00f3dtak, hogy nem fogj\u00e1k \u00e9rteni az utas\u00edt\u00e1saimat, \u00e9n meg amiatt, hogy nem fogadnak be. V\u00e9g\u00fcl is \u00e9n voltam a betolakod\u00f3. A v\u00e9ge az lett, hogy egym\u00e1shoz idomultunk. A gyerekek egyre jobban \u00e9rtett\u00e9k a szavaimat, \u00e9n meg sz\u00e9p lassan megtanultam magyarul. Nemcsak a \u201egrundon\u201d, ahogy mondani szok\u00e1s, hanem rendszeresen j\u00e1rtam egy nyugd\u00edjas magyartan\u00e1rhoz is.&nbsp;<\/p>\n\n\n\n<p>Akkor mi is besz\u00e9lgethet\u00fcnk magyarul, mert \u00e9n meg pozsonyi magyar vagyok.<\/p>\n\n\n\n<p>Nah\u00e1t! L\u00e9pten-nyomon magyarokkal tal\u00e1lkozom. Ha nem ker\u00fcltem volna el Martinb\u00f3l, nem is tudtam volna semmit a magyarokr\u00f3l. Az az igazs\u00e1g, hogy az ex nejem csal\u00e1dja is magyar sz\u00e1rmaz\u00e1s\u00fa volt, de amikor Martinba k\u00f6lt\u00f6ztek, elhagyt\u00e1k a magyars\u00e1gukat. A feles\u00e9gem ott sz\u00fcletett, \u0151 m\u00e1r v\u00e9gk\u00e9pp nem besz\u00e9lt magyarul. Amikor \u00e1thelyeztek \u00c9rsek\u00fajv\u00e1rba, ez 1995-ben t\u00f6rt\u00e9nt, nem akart velem j\u00f6nni. Te j\u00f3 \u00e9g! Elfelejtettem felh\u00edvni Ferik\u00e9t, egykori n\u00f6vend\u00e9kemet, p\u00e1lyafut\u00e1som legeslegkedvesebb \u00f6k\u00f6lv\u00edv\u00f3j\u00e1t! Megbesz\u00e9lt\u00fck, hogy tudatom vele, melyik vonattal utazom Pestre, s hogy kij\u00f6n a vonatomhoz \u2013 k\u00f6zben remeg\u0151 k\u00e9zzel t\u00e1rcs\u00e1z. Hall\u00f3, Ferike! Ne haragudj, elfelejtettelek felh\u00edvni, pedig folyton arra gondolok, hogy most v\u00e9gre megl\u00e1thatlak annyi id\u0151 ut\u00e1n. M\u00e1r a vonatban \u00fcl\u00f6k, lassan k\u00f6zeled\u00fcnk \u00dajv\u00e1rhoz. \u2026 Az edz\u0151teremben? Nem tudsz fogni egy taxit? Pr\u00f3b\u00e1ld meg, fiam\u2026 Futva jobban el\u00e9red? De nemsok\u00e1ra begurulunk. \u2026 Igen, m\u00e1r a p\u00e1lyaudvaron kellene lenn\u00fcnk, de \u00fatk\u00f6zben tizenk\u00e9t perces k\u00e9s\u00e9s alakult ki \u2026 Nagyon sajn\u00e1lom, hogy ilyen feled\u00e9keny vagyok. Szor\u00edtok, hogy ide\u00e9rj.<\/p>\n\n\n\n<p>\u00d3, \u00e9n v\u00e9n h\u00fclye!, t\u00f6r ki a f\u00e9rfib\u00f3l. H\u00e1t m\u00e1r ennyire szenilis vagyok? Csak ide\u00e9rjen! B\u00e1r ez szinte lehetetlen \u2013 az edz\u0151teremb\u0151l&#8230; Bizony\u00e1ra \u00fagy gondolta, hogy ha nem tudattam vele, hogy m\u00e1r felsz\u00e1lltam, akkor valamelyik k\u00e9s\u0151bbi vonattal utazom. Nem bocs\u00e1tan\u00e1m meg magamnak, ha nem l\u00e1thatn\u00e1m. Ki tudja, mikor j\u00f6v\u00f6k \u00fajra Eur\u00f3p\u00e1ba\u2026 Ja, igen. Nem mondtam, hogy m\u00e1r j\u00f3 p\u00e1r \u00e9ve \u2013 pontosan tizen\u00f6t \u2013 Amerik\u00e1ban \u00e9lek, New Jerseyben. Ott most szobafest\u0151k\u00e9nt dolgozom. De visszat\u00e9rve Ferik\u00e9hez: kilenc\u00e9ves volt, amikor hozz\u00e1m ker\u00fclt. Roma sz\u00e1rmaz\u00e1s\u00fa. T\u00f6bb roma gyerek volt a csoportomban. Nagyon sz\u00edv\u00f3san edzettek, de Ferike a legjobbak k\u00f6z\u00fcl is kiv\u00e1lt. Nagyon kitett mag\u00e1\u00e9rt. Feltorn\u00e1szta mag\u00e1t a profi csapatba. V\u00e9gig \u00e9n edzettem, mik\u00f6zben tov\u00e1bbra is a serd\u00fcl\u0151kkel foglalkoztam, neki a szem\u00e9lyi edz\u0151je voltam. De megyek az ajt\u00f3hoz, hogy els\u0151nek sz\u00e1llhassak le.<\/p>\n\n\n\n<p>Lassan szedel\u0151zk\u00f6dni kezdenek az \u00dajv\u00e1rban lesz\u00e1ll\u00f3k. A vonat k\u00f6zeledik a p\u00e1lyaudvarhoz. \u00c1gi is drukkol. Nagyon sajn\u00e1ln\u00e1, ha a k\u00e9t ember nem tal\u00e1lkozna. B\u0171ntudata is van, tal\u00e1n a besz\u00e9lget\u00e9s\u00fck miatt ment ki a f\u00e9rfi fej\u00e9b\u0151l a telefonh\u00edv\u00e1s. Rem\u00e9nykedik, hogy m\u00e9giscsak siker\u00fcl. A vonat lass\u00edt, a v\u00e1lt\u00f3kon \u00e1thaladva tov\u00e1bb cs\u00f6kkenti a sebess\u00e9get. Az ablakb\u00f3l m\u00e1r l\u00e1tszik a p\u00e1lyaudvar, \u00e9s egyre k\u00f6zelebb \u00e9r a peron. Izgatottan p\u00e1szt\u00e1zza a p\u00e1lyael\u0151teret, h\u00e1tha \u00e9szrevesz egy hasonl\u00f3k\u00e9ppen kigy\u00fart alakot, mint az \u00fatit\u00e1rsa, csak \u2013 \u00fagy tippel \u2013 k\u00f6r\u00fclbel\u00fcl harminc \u00e9vvel fiatalabbat. De csak poggy\u00e1szt szorongat\u00f3 embereket l\u00e1t. Ferike, ahogy a f\u00e9rfi nevezi, aligha volt k\u00f6z\u00f6tt\u00fck. M\u00e1r csak n\u00e9h\u00e1ny m\u00e9ter\u2026<\/p>\n\n\n\n<p>Az ajt\u00f3 kiny\u00edlik, az edz\u0151 sz\u00e1ll le els\u0151nek. Mosolyogva, egyben k\u00e9rd\u0151 tekintettel j\u00e1rja \u00e1t a terepet. N\u00f6vend\u00e9k\u00e9nek nyoma sincs. \u00c1gi l\u00e1tja k\u00e9ts\u00e9gbees\u00e9s\u00e9t. De m\u00e9g csak lefel\u00e9 sz\u00e1llnak az emberek, m\u00e9g van es\u00e9ly. Azt\u00e1n elkezd\u0151dik a felsz\u00e1ll\u00e1s. A f\u00e9rfi minden ir\u00e1nyba forgol\u00f3dik, de legink\u00e1bb a vonatkocsi ajtaj\u00e1val szembeni l\u00e9pcs\u0151felj\u00e1r\u00f3t k\u00e9mleli. H\u00e1tha \u00e9ppen most bukkan fel benne egykori tan\u00edtv\u00e1nya. Az emberek felsz\u00e1lltak, a forgalmista felsz\u00f3l\u00edtja az utast, sz\u00e1lljon fel. \u0150 megmarkolja a kapaszkod\u00f3t, \u00e9s m\u00e9g egyszer len\u00e9z a felj\u00e1r\u00f3ra.<\/p>\n\n\n\n<p>Itt vagyok!, hangzik egy er\u0151teljes ki\u00e1lt\u00e1s. A l\u00e9pcs\u0151ket h\u00e1rmas\u00e1val szedi, pillanatok alatt a peronon terem egy csapzott haj\u00fa, ver\u00edt\u00e9kt\u0151l \u00e1tnedvesedett feh\u00e9r inget, farmernadr\u00e1got visel\u0151, kifulladt fiatal f\u00e9rfi. A forgalmista a sz\u00e1j\u00e1hoz emeli a s\u00edpot, de m\u00e9g nem f\u00faj bele. El\u00e1mul, ahogy a k\u00e9t ember, bizony\u00e1ra \u00fagy gondolja, hogy apa \u00e9s fia \u2013 meg\u00f6lelik egym\u00e1st. Mindkett\u0151nek k\u00f6nnyek jelennek meg a szem\u00e9ben, \u00e9s sz\u00f3tlanul mosolyognak egym\u00e1s v\u00e1lla f\u00f6l\u00f6tt. \u00c9rzi, hogy kell m\u00e9g adnia nekik egy-k\u00e9t percet.<\/p>\n\n\n\n<p>Most m\u00e1r sz\u00e1lljanak fel!, hangzik mellett\u00fck nemsok\u00e1ra a halk figyelmeztet\u00e9s. Az edz\u0151 engedelmeskedik, a tan\u00edtv\u00e1ny h\u00e1tr\u00e1l egy l\u00e9p\u00e9st, a vonat elindul. Az id\u0151s\u00f6d\u0151 f\u00e9rfi az ajt\u00f3b\u00f3l integet, a fiatalabb el\u0151h\u00fazza a mobiltelefont a farzseb\u00e9b\u0151l, jelezve, hogy azonnal h\u00edvni fogja.&nbsp;<\/p>\n\n\n\n<p>A f\u00e9rfi le\u00fcl \u00c1gival szemben. Mindj\u00e1rt meg is sz\u00f3lal a telefonja. Hosszasan besz\u00e9lget r\u00e9g nem l\u00e1tott n\u00f6vend\u00e9k\u00e9vel. Majd amikor befejezi, mag\u00e1ba m\u00e9lyed. Most nincs kedve megsz\u00f3lalni. Nagy sok\u00e1ra ny\u00edlik meg \u00fajra.<\/p>\n\n\n\n<p>Amit ez a fi\u00fa v\u00e9ghezvitt! Kev\u00e9s ilyen van a vil\u00e1gon. Amikor l\u00e1tom amerikai otthonomban az utc\u00e1n zen\u00e9l\u0151, t\u00e1ncol\u00f3, de jobb\u00e1ra csak t\u00e9nferg\u0151 fiatalokat, akiknek nem is \u00e1ll sz\u00e1nd\u00e9kukban m\u00e1st tenni, mindig Ferike jut eszembe: a kitart\u00e1sa, a hite. \u00c9s most m\u00e1r csal\u00e1dja van, nagyon kedves feles\u00e9ge \u00e9s k\u00e9t csodasz\u00e9p, okos gyermeke. Nem voltam benne biztos, hogy el\u00e9ri a vonatot. Hi\u00e1ba, \u00e9n m\u00e1r nem vagyok bokszol\u00f3, \u0151 \u00edzig-v\u00e9rig az. A bokszol\u00f3k egy\u00fctt \u00e9lnek Muhammad Ali mond\u00e1s\u00e1val, aki kijelentette, \u00e9s be is bizony\u00edtotta, hogy a lehetetlen nem l\u00e9tezik. Ezt Ferike is bebizony\u00edtotta. Ma is.<\/p>\n\n\n\n<p><\/p>\n\n\n\n<p><em>Megjelent az Opus 2025\/5-\u00f6s sz\u00e1m\u00e1ban<\/em><\/p>\n","protected":false},"excerpt":{"rendered":"<p>Legy\u0151zni a lehetetlent \u00c1gi szinte az utols\u00f3 pillanatban sz\u00e1llt fel a vonatra. Nem tudott hamarabb szabadulni a munkahely\u00e9r\u0151l, pedig d\u00e9lut\u00e1nra szabads\u00e1got vett ki, hogy ne n\u00e9zzenek r\u00e1 g\u00f6rbe szemmel, hogyha csak kik\u00e9redzkedne. A vonat k\u00e9t \u00f3ra \u00f6t perckor indul Budapestre. &hellip; <a href=\"https:\/\/opus-folyoirat.sk\/?page_id=4572\">Egy kattint\u00e1s ide a folytat\u00e1shoz&#8230;. <span class=\"meta-nav\">&rarr;<\/span><\/a><\/p>\n","protected":false},"author":4,"featured_media":0,"parent":0,"menu_order":0,"comment_status":"closed","ping_status":"closed","template":"","meta":{"footnotes":""},"class_list":["post-4572","page","type-page","status-publish","hentry"],"_links":{"self":[{"href":"https:\/\/opus-folyoirat.sk\/index.php?rest_route=\/wp\/v2\/pages\/4572","targetHints":{"allow":["GET"]}}],"collection":[{"href":"https:\/\/opus-folyoirat.sk\/index.php?rest_route=\/wp\/v2\/pages"}],"about":[{"href":"https:\/\/opus-folyoirat.sk\/index.php?rest_route=\/wp\/v2\/types\/page"}],"author":[{"embeddable":true,"href":"https:\/\/opus-folyoirat.sk\/index.php?rest_route=\/wp\/v2\/users\/4"}],"replies":[{"embeddable":true,"href":"https:\/\/opus-folyoirat.sk\/index.php?rest_route=%2Fwp%2Fv2%2Fcomments&post=4572"}],"version-history":[{"count":1,"href":"https:\/\/opus-folyoirat.sk\/index.php?rest_route=\/wp\/v2\/pages\/4572\/revisions"}],"predecessor-version":[{"id":4573,"href":"https:\/\/opus-folyoirat.sk\/index.php?rest_route=\/wp\/v2\/pages\/4572\/revisions\/4573"}],"wp:attachment":[{"href":"https:\/\/opus-folyoirat.sk\/index.php?rest_route=%2Fwp%2Fv2%2Fmedia&parent=4572"}],"curies":[{"name":"wp","href":"https:\/\/api.w.org\/{rel}","templated":true}]}}