{"id":4966,"date":"2026-01-02T14:15:07","date_gmt":"2026-01-02T12:15:07","guid":{"rendered":"https:\/\/opus-folyoirat.sk\/?page_id=4966"},"modified":"2026-03-31T09:26:46","modified_gmt":"2026-03-31T07:26:46","slug":"morva-matyas-5","status":"publish","type":"page","link":"https:\/\/opus-folyoirat.sk\/?page_id=4966","title":{"rendered":"Morva M\u00e1ty\u00e1s"},"content":{"rendered":"<div class=\"has-text-align-right wp-block-post-date\"><time datetime=\"2026-01-02T14:15:07+02:00\">2026-01-02<\/time><\/div>\n\n\n<div class=\"wp-block-group is-vertical is-layout-flex wp-container-core-group-is-layout-8cf370e7 wp-block-group-is-layout-flex\">\n<p><\/p>\n\n\n\n<p><strong>Lesi-lesi az \u00fcveg alj\u00e1t<\/strong><\/p>\n<\/div>\n\n\n\n<p>Ha apa ellen kellett,&nbsp;\u00f6ssze tudtunk fogni. Hi\u00e1ba mutatta meg, mit csin\u00e1ljunk a kertben, amint nem figyelt, elszaladtunk&nbsp;\u00e9s elb\u00fajtunk h\u00e1tul a farak\u00e1s m\u00f6g\u00f6tt. Azt\u00e1n amikor sok\u00e1ig nem j\u00f6tt, elindultunk kider\u00edteni hol marad. \u0150 sem a kertben dolgozott, a di\u00f3fa m\u00f6g\u00fcl l\u00e1ttuk a konyha ablak\u00e1n \u00e1t, hogy bent \u00fcl az asztaln\u00e1l. Visszafojtott l\u00e9legzettel lop\u00f3dztunk eg\u00e9szen az ajt\u00f3ig, plafonig tekert hanger\u0151n b\u00f6mb\u00f6lt a r\u00e1di\u00f3, \u00edgy nem volt neh\u00e9z dolgunk. Addigra ap\u00e1nak m\u00e1r se h\u00edre se hamva, k\u00f6zben a szivatty\u00fa is hangosan z\u00fagni kezdett. Sejtett\u00fck, hogy a sp\u00e1jzban lehet. Hirtelen&nbsp;\u00e9s durv\u00e1n csaptunk le a kilincsre, bel\u00f6kve az ajt\u00f3t, l\u00e9legzetvisszafojtva v\u00e1rva, reag\u00e1l-e. Semmi. \u00dagy tett, mintha nem ott volna. Akkor torkunk szakadt\u00e1b\u00f3l ord\u00edtani kezdt\u00fcnk, hogy \u201elesi- lesi az \u00fcveg alj\u00e1t\u201d. Anya szokta mondani, amikor apa kimegy a kertbe, azt\u00e1n m\u00e9g sincs ott, hogy \u201evalahol megint az \u00fcveg alj\u00e1t lesi\u201d, mi meg eltanultuk.&nbsp;<\/p>\n\n\n\n<p>\u201eLesi-lesi az \u00fcveg alj\u00e1t!\u201d \u2013 harmadszorra mozdult valami a sp\u00e1jzban a halomra aggatott itthoni kab\u00e1tok k\u00f6z\u00f6tt, azon nyomban nyer\u00edtve kirohantunk. \u0150, meg ut\u00e1nunk, m\u00e9g kiab\u00e1lt is mell\u00e9.<\/p>\n\n\n\n<p>Sz\u00f3val eg\u00e9sz d\u00e9lut\u00e1n, am\u00edg v\u00e1rtuk, hogy anya hazaj\u00f6jj\u00f6n&nbsp;\u00e9s vacsor\u00e1zhassunk, lesi-lesit j\u00e1tszottunk. Olyan is volt m\u00e1r, hogy apa megunta, hogy r\u00e1nk vigy\u00e1zzon&nbsp;\u00e9s nap k\u00f6zben lefek\u00fcdt. Ilyenkor az els\u0151 n\u00e9h\u00e1ny alkalommal m\u00e9g \u00fagy tett, mintha nem hallan\u00e1, ahogy berontunk a h\u00e1l\u00f3szob\u00e1ba, azt\u00e1n egyszeriben \u00fagy ugrott ki az \u00e1gyb\u00f3l, mint a vill\u00e1m\u2026<\/p>\n\n\n\n<p>Egy id\u0151 ut\u00e1n most is unalmass\u00e1 v\u00e1lt a megszokott forgat\u00f3k\u00f6nyv, ez\u00e9rt kital\u00e1ltam, hogy csak Anna fog bemenni, kicsalogatja ap\u00e1t,&nbsp;\u00e9n meg csapd\u00e1t \u00e1ll\u00edtok neki&nbsp;\u00e9s k\u00f6z\u00f6sen elkapjuk. Megk\u00f6t\u00f6zve adjuk \u00e1t any\u00e1nak, aki \u00edgy j\u00f3l elverheti \u2013 egy ideje \u00edg\u00e9rgeti m\u00e1r neki. Anna lesz a csali, \u0151t \u00fagysem b\u00e1ntan\u00e1. Nem volt m\u00e1s dolga, mint addig kiab\u00e1lni, hogy \u201elesi-lesi az \u00fcveg alj\u00e1t\u201d, am\u00edg t\u00e9nyleg ki nem rohan a h\u00e1zb\u00f3l. Akkor&nbsp;\u00e9n a satupadhoz er\u0151s\u00edtett vontat\u00f3k\u00f6telet, amit a rossz aut\u00f3nk h\u00e1tulj\u00e1b\u00f3l szedtem ki, hirtelen megh\u00fazom&nbsp;\u00e9s Anna megmenek\u00fcl, apa meg belegabalyodik. Mindig volt egy rossz&nbsp;\u00e9s egy j\u00f3&nbsp;aut\u00f3nk is, a rosszban \u00e1ltal\u00e1ban a kuty\u00e1k laktak, de ez most nem fontos.&nbsp;<\/p>\n\n\n\n<p>Hossz\u00fa percekig v\u00e1rtam a di\u00f3fa t\u00f6v\u00e9ben, k\u00f6t\u00e9llel a kezemben, de nem t\u00f6rt\u00e9nt semmi. Azt\u00e1n kirohant Anna, apa meg ut\u00e1na, \u2013 soha nem l\u00e1ttam m\u00e9g \u00fagy futni, pedig nem els\u0151 eset. Amint a h\u00fagom t\u00faljutott a csapd\u00e1n, nekigy\u00fcrk\u0151ztem a k\u00f6t\u00e9lnek. Megfesz\u00fclt a satupad l\u00e1ba&nbsp;\u00e9s a di\u00f3fa t\u00f6rzse k\u00f6zt, apa l\u00e1ba meg rendesen beleakadt, olyan lend\u00fclettel g\u00e1zolt bele, hogy engem is elr\u00e1ntott, ha el nem engedem, fejjel ugrok neki a fa t\u00f6v\u00e9ben levert vir\u00e1gtart\u00f3nak. \u0150 meglepet\u00e9s\u00e9ben egyenesen el\u0151re v\u00e1g\u00f3dott. A kez\u00e9t az arca el\u00e9&nbsp;kapta, de t\u00e9rddel r\u00e1esett a padl\u00e1sra vezet\u0151 l\u00e9pcs\u0151 sark\u00e1ra. Pedig&nbsp;\u00e9n tudtam, tiszt\u00e1n eml\u00e9kszem, hogy biztos voltam benne: apa&nbsp;\u00e9szre fogja venni a k\u00f6telet&nbsp;\u00e9s \u00fagyis \u00e1tugorja majd. M\u00e1r arra is felk\u00e9sz\u00fcltem, hogy azt\u00e1n engem fog kergetni, megint v\u00e9gig az utc\u00e1n, de nem. Elesett&nbsp;\u00e9s \u00fagy beverte a t\u00e9rd\u00e9t meg a k\u00f6ny\u00f6k\u00e9t, hogy&nbsp;\u00f6sszeg\u00f6rnyedve jajgatni, azt\u00e1n s\u00edrni kezdett. Anna k\u0151v\u00e9&nbsp;v\u00e1ltan meredt r\u00e1, \u00fagy, ahogy meg\u00e1llt a k\u00fat t\u00f6v\u00e9ben, azt\u00e1n r\u00e1m f\u00fcggesztette megriadt tekintet\u00e9t, hogy most akkor siker\u00fclt-e csapd\u00e1ba ejteni, megk\u00f6t\u00f6zz\u00fck-e? \u2013 de m\u00e1r potyogtak a k\u00f6nnyek a szem\u00e9b\u0151l. Engem meg m\u00e1r az sem&nbsp;\u00e9rdekelt, ha apa elver mindj\u00e1rt ut\u00e1na. Odaszaladtam&nbsp;\u00e9s r\u00e1borultam a h\u00e1t\u00e1ra, ut\u00e1nam Anna;&nbsp;\u00e1t\u00f6lelt\u00fck a nyak\u00e1t, hogy ne f\u00e1jjon neki annyira a t\u00e9rde&nbsp;\u00e9s a k\u00f6ny\u00f6ke. M\u00e9g n\u00e1la is keservesebben s\u00edrtunk, mintha azzal j\u00f3v\u00e1 tehetn\u00e9nk.&nbsp;Anna elalv\u00e1s el\u0151tt&nbsp;\u00e1rulta csak el, hogy apa nem a lesi-lesi miatt szaladt ki, hanem az\u00e9rt, mert azt mondta neki, hogy fel akartam m\u00e1szni h\u00e1tul a farak\u00e1sra, de r\u00e1m borult az eg\u00e9sz&nbsp;\u00e9s egyed\u00fcl nem tud kih\u00fazni al\u00f3la. \u201eNagyon j\u00f3 \u00f6tlet&nbsp;\u2026\u201d \u2013 v\u00e1gtam r\u00e1 hirtelen. Akartam m\u00e9g folytatni, hogy\u2026 de&nbsp;\u00f6sszeszorult a torkom, nem j\u00f6tt ki rajta t\u00f6bb hang&nbsp;\u00e9s aznap este m\u00e1r Anna is csendben maradt.<\/p>\n","protected":false},"excerpt":{"rendered":"<p>Lesi-lesi az \u00fcveg alj\u00e1t Ha apa ellen kellett,&nbsp;\u00f6ssze tudtunk fogni. Hi\u00e1ba mutatta meg, mit csin\u00e1ljunk a kertben, amint nem figyelt, elszaladtunk&nbsp;\u00e9s elb\u00fajtunk h\u00e1tul a farak\u00e1s m\u00f6g\u00f6tt. Azt\u00e1n amikor sok\u00e1ig nem j\u00f6tt, elindultunk kider\u00edteni hol marad. \u0150 sem a kertben dolgozott, &hellip; <a href=\"https:\/\/opus-folyoirat.sk\/?page_id=4966\">Egy kattint\u00e1s ide a folytat\u00e1shoz&#8230;. <span class=\"meta-nav\">&rarr;<\/span><\/a><\/p>\n","protected":false},"author":5,"featured_media":0,"parent":0,"menu_order":0,"comment_status":"closed","ping_status":"closed","template":"","meta":{"footnotes":""},"class_list":["post-4966","page","type-page","status-publish","hentry"],"_links":{"self":[{"href":"https:\/\/opus-folyoirat.sk\/index.php?rest_route=\/wp\/v2\/pages\/4966","targetHints":{"allow":["GET"]}}],"collection":[{"href":"https:\/\/opus-folyoirat.sk\/index.php?rest_route=\/wp\/v2\/pages"}],"about":[{"href":"https:\/\/opus-folyoirat.sk\/index.php?rest_route=\/wp\/v2\/types\/page"}],"author":[{"embeddable":true,"href":"https:\/\/opus-folyoirat.sk\/index.php?rest_route=\/wp\/v2\/users\/5"}],"replies":[{"embeddable":true,"href":"https:\/\/opus-folyoirat.sk\/index.php?rest_route=%2Fwp%2Fv2%2Fcomments&post=4966"}],"version-history":[{"count":2,"href":"https:\/\/opus-folyoirat.sk\/index.php?rest_route=\/wp\/v2\/pages\/4966\/revisions"}],"predecessor-version":[{"id":4982,"href":"https:\/\/opus-folyoirat.sk\/index.php?rest_route=\/wp\/v2\/pages\/4966\/revisions\/4982"}],"wp:attachment":[{"href":"https:\/\/opus-folyoirat.sk\/index.php?rest_route=%2Fwp%2Fv2%2Fmedia&parent=4966"}],"curies":[{"name":"wp","href":"https:\/\/api.w.org\/{rel}","templated":true}]}}